{"id":50845,"date":"2025-10-20T11:13:42","date_gmt":"2025-10-20T09:13:42","guid":{"rendered":"https:\/\/harlander-partner.eu\/ceza-hukuku\/sonradan-mahkumiyet-durumunda-iptal\/"},"modified":"2025-11-25T15:21:26","modified_gmt":"2025-11-25T14:21:26","slug":"sonradan-mahkumiyet-durumunda-iptal","status":"publish","type":"page","link":"https:\/\/harlander-partner.eu\/tr\/ceza-hukuku\/sonradan-mahkumiyet-durumunda-iptal\/","title":{"rendered":"Sonradan Mahkumiyet Durumunda \u0130ptal"},"content":{"rendered":"\n<div class=\"wp-block-yoast-seo-table-of-contents yoast-table-of-contents\"><h2>Sonradan Mahkumiyet Durumunda \u0130ptal<\/h2><ul><li><a href=\"#h-widerruf-bei-nachtraglicher-verurteilung\" data-level=\"2\">Sonradan Mahkumiyet Durumunda \u0130ptal<\/a><\/li><li><a href=\"#h-hintergrund-und-zweck\" data-level=\"2\">Arka Plan ve Ama\u00e7<\/a><\/li><li><a href=\"#h-voraussetzungen-des-widerrufs\" data-level=\"2\">\u0130ptal ko\u015fullar\u0131<\/a><\/li><li><a href=\"#h-nachtragliche-strafnachsicht\" data-level=\"2\">Sonradan Ceza Ertelemesi<\/a><\/li><li><a href=\"#h-zusammenrechnung-der-probezeiten\" data-level=\"2\">Deneme S\u00fcrelerinin Birle\u015ftirilmesi<\/a><\/li><li><a href=\"#h-gerichtliche-entscheidungspraxis\" data-level=\"2\">Mahkeme Karar Uygulamalar\u0131<\/a><\/li><li><a href=\"#h-praktische-relevanz-und-einordnung\" data-level=\"2\">Pratik \u00d6nemi ve S\u0131n\u0131fland\u0131rma<\/a><\/li><li><a href=\"#h-ihre-vorteile-mit-anwaltlicher-unterstutzung\" data-level=\"2\">Avukatl\u0131k Deste\u011fiyle Avantajlar\u0131n\u0131z<\/a><\/li><li><a href=\"#h-haufig-gestellte-fragen-faq\" data-level=\"2\">S\u0131k\u00e7a Sorulan Sorular \u2013 SSS<\/a><\/li><\/ul><\/div>\n\n<h2 class=\"wp-block-heading\" id=\"h-widerruf-bei-nachtraglicher-verurteilung\">Sonradan Mahkumiyet Durumunda \u0130ptal<\/h2>\n\n<p class=\"wp-block-paragraph\">Sonradan mahkumiyet durumunda iptal, mahkemenin bir ki\u015fiye verilen cezay\u0131, cezan\u0131n bir k\u0131sm\u0131n\u0131 veya ba\u011f\u0131ml\u0131 su\u00e7lular i\u00e7in rehabilitasyon merkezine yerle\u015ftirmeyi \u015fartl\u0131 olarak erteledi\u011fi ve daha sonra bu karardan \u00f6nce i\u015flenmi\u015f ba\u015fka bir su\u00e7un ortaya \u00e7\u0131kmas\u0131 durumunda uygulan\u0131r.<br\/>Bu durumda mahkeme, t\u00fcm su\u00e7lar ayn\u0131 anda bilinmi\u015f olsayd\u0131 erteleme karar\u0131n\u0131 verip vermeyece\u011fini inceler.<br\/>\u00d6nceki karar\u0131n \u00e7ok hafif oldu\u011fu anla\u015f\u0131l\u0131rsa, mahkeme ertelemeyi iptal eder ve ceza veya tedbiri uygular.<br\/>B\u00f6ylece kanun, olumlu bir \u00f6ng\u00f6r\u00fcn\u00fcn yaln\u0131zca eksiksiz ve do\u011fru temellere dayand\u0131\u011f\u0131nda ge\u00e7erli kalmas\u0131n\u0131 sa\u011flar.<\/p>\n\n<div class=\"wp-block-uagb-container uagb-block-3019fe8e alignfull uagb-is-root-container\">\n<div class=\"wp-block-uagb-container uagb-block-32585033\">\n<p class=\"wp-block-paragraph\">Mahkeme, sonradan verilen mahkumiyetin, t\u00fcm su\u00e7lar birlikte yarg\u0131lanm\u0131\u015f olsayd\u0131 erteleme karar\u0131 vermeyece\u011fini g\u00f6stermesi durumunda \u015fartl\u0131 ertelemeyi iptal eder.<\/p>\n<\/div>\n\n\n\n<div class=\"wp-block-uagb-container uagb-block-45819ab6\"><picture>\r\n\t\t<source srcset=\"https:\/\/harlander-partner.eu\/wp-content\/uploads\/Widerruf-bei-nachtraeglicher-Verurteilung-352x198.webp\" >\r\n\t\t<img decoding=\"async\" class=\"mr-picture-small\" src=\"https:\/\/harlander-partner.eu\/wp-content\/uploads\/Widerruf-bei-nachtraeglicher-Verurteilung.webp\" alt=\"Ceza Kanunu'nun 55. maddesine g\u00f6re sonradan mahkumiyet durumunda \u015fartl\u0131 ertelemenin ne zaman iptal edilece\u011fi ve bunun sonu\u00e7lar\u0131.\" >\r\n\t<\/picture>\n<\/div>\n<\/div>\n\n<h2 class=\"wp-block-heading\" id=\"h-hintergrund-und-zweck\">Arka Plan ve Ama\u00e7<\/h2>\n\n<p class=\"wp-block-paragraph\"><a href=\"https:\/\/www.ris.bka.gv.at\/NormDokument.wxe?Abfrage=Bundesnormen&amp;Gesetzesnummer=10002296&amp;Artikel=&amp;Paragraf=55&amp;Anlage=&amp;Uebergangsrecht=\" target=\"_blank\" rel=\"noreferrer noopener\">Ceza Kanunu&#8217;nun 55. maddesi<\/a>, h\u00fck\u00fcml\u00fclerin birden fazla davan\u0131n zamansal s\u0131ralamas\u0131ndan fayda sa\u011flamas\u0131n\u0131 \u00f6nlemeyi ama\u00e7lar.<br\/>Bir ki\u015fi ilk \u015fartl\u0131 mahkumiyetten sonra, daha \u00f6nce i\u015flenmi\u015f ba\u015fka bir su\u00e7tan dolay\u0131 mahkum edilirse, mahkeme her iki su\u00e7u birlikte de\u011ferlendirmi\u015f olsayd\u0131 yine de erteleme karar\u0131 verip vermeyece\u011fini inceler.<br\/>B\u00f6ylece tek tip bir ceza \u00f6l\u00e7\u00fcm\u00fc sa\u011flan\u0131r ve istenmeyen \u00e7ifte faydalanma \u00f6nlenir.<\/p>\n\n<h2 class=\"wp-block-heading\" id=\"h-voraussetzungen-des-widerrufs\">\u0130ptal ko\u015fullar\u0131<\/h2>\n\n<p class=\"wp-block-paragraph\">Ceza Kanunu&#8217;nun 55. maddesinin 1. f\u0131kras\u0131na g\u00f6re iptal, <a href=\"https:\/\/www.ris.bka.gv.at\/NormDokument.wxe?Abfrage=Bundesnormen&amp;Gesetzesnummer=10002296&amp;Artikel=&amp;Paragraf=55&amp;Anlage=&amp;Uebergangsrecht=\" target=\"_blank\" rel=\"noreferrer noopener\">Ceza Kanunu&#8217;nun 55. maddesinin 1. f\u0131kras\u0131na <\/a> a\u015fa\u011f\u0131daki ko\u015fullar yerine getirildi\u011finde ger\u00e7ekle\u015fir:<\/p>\n\n<ol class=\"wp-block-list\">\n<li><strong><a href=\"https:\/\/www.ris.bka.gv.at\/NormDokument.wxe?Abfrage=Bundesnormen&amp;Gesetzesnummer=10002296&amp;Artikel=&amp;Paragraf=31&amp;Anlage=&amp;Uebergangsrecht=\" target=\"_blank\" rel=\"noreferrer noopener\">Ceza Kanunu&#8217;nun 31. maddesine<\/a> g\u00f6re sonradan mahkumiyet<\/strong><br\/>Daha \u00f6nce i\u015flenmi\u015f bir su\u00e7la ilgili ba\u015fka bir mahkeme karar\u0131 mevcuttur.<\/li>\n\n\n\n<li><strong>Varsay\u0131msal Genel De\u011ferlendirme<\/strong><br\/>Mahkeme, her iki su\u00e7un birlikte yarg\u0131lanmas\u0131 durumunda \u015fartl\u0131 erteleme karar\u0131 verilip verilmeyece\u011fini tespit etmelidir.<\/li>\n\n\n\n<li><strong>\u0130ptalin Gereklili\u011fi<\/strong><br\/>Yeni mahkumiyet, \u00f6nceki olumlu \u00f6ng\u00f6r\u00fcn\u00fcn yanl\u0131\u015f oldu\u011funu ve daha fazla ertelemenin savunulamaz oldu\u011funu g\u00f6sterir.<\/li>\n<\/ol>\n\n<p class=\"wp-block-paragraph\">De\u011ferlendirme \u00f6zellikle a\u015fa\u011f\u0131daki kriterlere dayan\u0131r:<\/p>\n\n<ul class=\"wp-block-list\">\n<li>Yeni su\u00e7un a\u011f\u0131rl\u0131\u011f\u0131 ve t\u00fcr\u00fc<\/li>\n\n\n\n<li>\u0130lk mahkumiyetten sonra ge\u00e7en s\u00fcre<\/li>\n\n\n\n<li>\u0130lgilinin genel davran\u0131\u015flar\u0131<\/li>\n\n\n\n<li>Yeni bilgiler \u0131\u015f\u0131\u011f\u0131nda denetimli serbestli\u011fe uygunluk<\/li>\n<\/ul>\n    <div class=\"mr-quote mrbg clearfix\">\n        <a class=\"mr-quote-person\" href=\"\/ueber-uns\/rechtsanwalt-sebastian-riedlmair\/\" title=\"Rechtsanwalt Sebastian Riedlmair\">\n            <img decoding=\"async\" class=\"mr-quote-person-img\" src=\"https:\/\/harlander-partner.eu\/wp-content\/themes\/harlander\/design\/sr100.webp\" width=\"100\"\n                 height=\"100\" loading=\"lazy\" alt=\"Rechtsanwalt Sebastian Riedlmair\">\n            <span class=\"mr-quote-person-text\">\n            Sebastian Riedlmair<br>\n            <span class=\"mr-quote-person-function\">Harlander &amp; Partner Rechtsanw\u00e4lte<\/span>\n        <\/span>\n        <\/a>\n        <span class=\"mr-quote-content\">\u201eEine nachtr\u00e4gliche Verurteilung zwingt das Gericht, die fr\u00fchere Milde neu zu bewerten. Strafnachsicht darf nur bestehen bleiben, wenn sie auch bei vollst\u00e4ndiger Tatsachenkenntnis gerechtfertigt w\u00e4re.\u201c<\/span>\n    <\/div>\n<a class=\"mr-cta-link mr-cta-button-cal\" href=\"#h2-booking\" title=\"\u00dccretsiz ilk g\u00f6r\u00fc\u015fme\"><span class=\"mr-cta-link-normal\">\u015eimdi istedi\u011finiz tarihi se\u00e7in:<\/span><span class=\"mr-cta-link-bold\">\u00dccretsiz ilk g\u00f6r\u00fc\u015fme<\/span><\/a>\n\n<h2 class=\"wp-block-heading\" id=\"h-nachtragliche-strafnachsicht\">Sonradan Ceza Ertelemesi<\/h2>\n\n<p class=\"wp-block-paragraph\"><a href=\"https:\/\/www.ris.bka.gv.at\/NormDokument.wxe?Abfrage=Bundesnormen&amp;Gesetzesnummer=10002296&amp;Artikel=&amp;Paragraf=55&amp;Anlage=&amp;Uebergangsrecht=\" target=\"_blank\" rel=\"noreferrer noopener\">Ceza Kanunu&#8217;nun 55. maddesinin 2. f\u0131kras\u0131 <\/a> tersi durumu da d\u00fczenler.<br\/>Mahkeme yeni bir mahkumiyette cezay\u0131 \u015fartl\u0131 olarak ertelerse, bu ertelemenin devam edip edemeyece\u011fini inceler.<br\/>De\u011ferlendirme sonucunda t\u00fcm su\u00e7lar birlikte yarg\u0131lanm\u0131\u015f olsayd\u0131 erteleme karar\u0131 verilmeyece\u011fi anla\u015f\u0131l\u0131rsa, mahkeme karar\u0131 iptal eder.<br\/>\u00d6nceki mahkumiyetten haberdar de\u011filse, bu de\u011ferlendirmeyi sonradan yapar ve kimsenin davalar\u0131n ayr\u0131 ayr\u0131 g\u00f6r\u00fclmesi nedeniyle hafifletici sebeplerden iki kez yararlanmamas\u0131n\u0131 sa\u011flar.<\/p>\n\n<h2 class=\"wp-block-heading\" id=\"h-zusammenrechnung-der-probezeiten\">Deneme S\u00fcrelerinin Birle\u015ftirilmesi<\/h2>\n\n<p class=\"wp-block-paragraph\">Ayn\u0131 anda birden fazla \u015fartl\u0131 erteleme varsa, deneme s\u00fcreleri <a href=\"https:\/\/www.ris.bka.gv.at\/NormDokument.wxe?Abfrage=Bundesnormen&amp;Gesetzesnummer=10002296&amp;Artikel=&amp;Paragraf=55&amp;Anlage=&amp;Uebergangsrecht=\" target=\"_blank\" rel=\"noreferrer noopener\">Ceza Kanunu&#8217;nun 55. maddesinin 3. f\u0131kras\u0131na  <\/a>g\u00f6re birle\u015ftirilir.<\/p>\n\n<p class=\"wp-block-paragraph\">T\u00fcm deneme s\u00fcreleri en son sona erecek s\u00fcreyle birlikte sona erer, ancak toplamda en fazla be\u015f y\u0131l s\u00fcrebilir. B\u00f6ylece kontrol s\u00fcresi s\u0131n\u0131rl\u0131 kal\u0131rken, davran\u0131\u015flar\u0131n uygun \u015fekilde g\u00f6zlemlenmesi sa\u011flan\u0131r. <\/p>\n\n<h2 class=\"wp-block-heading\" id=\"h-gerichtliche-entscheidungspraxis\">Mahkeme Karar Uygulamalar\u0131<\/h2>\n\n<p class=\"wp-block-paragraph\">Uygulamada <a href=\"https:\/\/www.ris.bka.gv.at\/NormDokument.wxe?Abfrage=Bundesnormen&amp;Gesetzesnummer=10002296&amp;Artikel=&amp;Paragraf=55&amp;Anlage=&amp;Uebergangsrecht=\" target=\"_blank\" rel=\"noreferrer noopener\">Ceza Kanunu&#8217;nun 55. maddesi<\/a> genellikle ilk mahkumiyetten \u00f6nce i\u015flenmi\u015f ancak daha sonra ortaya \u00e7\u0131kan su\u00e7larla ilgili durumlar\u0131 kapsar.<\/p>\n\n<h2 class=\"wp-block-heading\" id=\"h-praktische-relevanz-und-einordnung\">Pratik \u00d6nemi ve S\u0131n\u0131fland\u0131rma<\/h2>\n\n<p class=\"wp-block-paragraph\"><a href=\"https:\/\/www.ris.bka.gv.at\/NormDokument.wxe?Abfrage=Bundesnormen&amp;Gesetzesnummer=10002296&amp;Artikel=&amp;Paragraf=55&amp;Anlage=&amp;Uebergangsrecht=\" target=\"_blank\" rel=\"noreferrer noopener\">Ceza Kanunu&#8217;nun 55. maddesi<\/a>, su\u00e7lar\u0131n ne zaman ve hangi s\u0131rayla ortaya \u00e7\u0131kt\u0131\u011f\u0131na bak\u0131lmaks\u0131z\u0131n t\u00fcm h\u00fck\u00fcml\u00fclere e\u015fit muamele yap\u0131lmas\u0131n\u0131 sa\u011flar.<br\/>Yanl\u0131\u015f de\u011ferlendirmeleri d\u00fczeltir ve \u015fartl\u0131 ertelemenin yaln\u0131zca eksiksiz bir ger\u00e7ek temeline dayanarak devam etmesini sa\u011flar.<\/p>\n\n<p class=\"wp-block-paragraph\">\u0130ptal ek bir ceza de\u011fil, ba\u015flang\u0131\u00e7taki \u00f6ng\u00f6r\u00fcn\u00fcn yanl\u0131\u015f oldu\u011fu anla\u015f\u0131ld\u0131\u011f\u0131nda yasal olarak gerekli bir d\u00fczeltmedir.<br\/>\u0130lgililer i\u00e7in bu, sonraki bir mahkumiyetin, genel de\u011ferlendirmede bir de\u011fi\u015fiklik ortaya \u00e7\u0131kmas\u0131 durumunda \u00f6nceki ceza ertelemelerini de etkileyebilece\u011fi anlam\u0131na gelir.<\/p>\n\n<h2 class=\"wp-block-heading\" id=\"h-ihre-vorteile-mit-anwaltlicher-unterstutzung\">Avukatl\u0131k Deste\u011fiyle Avantajlar\u0131n\u0131z<\/h2>\n\n<p class=\"wp-block-paragraph\">Bir ceza davas\u0131, ilgili ki\u015filer i\u00e7in \u00f6nemli bir y\u00fckt\u00fcr. Ba\u015flang\u0131\u00e7tan itibaren ciddi sonu\u00e7lar tehdit eder \u2013 ev aramas\u0131 veya tutuklama gibi zorlay\u0131c\u0131 \u00f6nlemlerden, adli sicil kay\u0131tlar\u0131na ve hapis veya para cezalar\u0131na kadar. \u0130lk a\u015famadaki hatalar, \u00f6rne\u011fin d\u00fc\u015f\u00fcncesizce yap\u0131lan ifadeler veya eksik kan\u0131t toplama, daha sonra genellikle d\u00fczeltilemez. Tazminat talepleri veya dava masraflar\u0131 gibi ekonomik riskler de b\u00fcy\u00fck \u00f6nem ta\u015f\u0131yabilir.   <\/p>\n\n<p class=\"wp-block-paragraph\">Uzmanla\u015fm\u0131\u015f bir ceza savunmas\u0131, haklar\u0131n\u0131z\u0131n en ba\u015f\u0131ndan itibaren korunmas\u0131n\u0131 sa\u011flar. Polis ve savc\u0131l\u0131kla ili\u015fkilerde g\u00fcvenlik sa\u011flar, kendi kendini su\u00e7lamaya kar\u015f\u0131 korur ve net bir savunma stratejisi i\u00e7in temel olu\u015fturur. <\/p>\n\n<p class=\"wp-block-paragraph\">Hukuk b\u00fcromuz:<\/p>\n\n<ul class=\"wp-block-list\">\n<li>su\u00e7 iddias\u0131n\u0131n hukuken ne \u00f6l\u00e7\u00fcde ge\u00e7erli oldu\u011funu inceler,<\/li>\n\n\n\n<li>soru\u015fturma ve duru\u015fma s\u00fcre\u00e7lerinde size e\u015flik eder,<\/li>\n\n\n\n<li>hukuki a\u00e7\u0131dan g\u00fcvenli ba\u015fvurular, beyanlar ve usul ad\u0131mlar\u0131 sa\u011flar,<\/li>\n\n\n\n<li>medeni hukuk taleplerinin reddedilmesi veya d\u00fczenlenmesinde destek olur,<\/li>\n\n\n\n<li>Mahkeme, savc\u0131l\u0131k ve ma\u011fdurlar kar\u015f\u0131s\u0131nda haklar\u0131n\u0131z\u0131 ve \u00e7\u0131karlar\u0131n\u0131z\u0131 korur<\/li>\n<\/ul>\n    <div class=\"mr-quote mrbg clearfix\">\n        <a class=\"mr-quote-person\" href=\"\/ueber-uns\/rechtsanwalt-peter-harlander\/\" title=\"Rechtsanwalt Peter Harlander\">\n            <img decoding=\"async\" class=\"mr-quote-person-img\" src=\"https:\/\/harlander-partner.eu\/wp-content\/themes\/harlander\/design\/ph100.webp\" width=\"100\"\n                 height=\"100\" loading=\"lazy\" alt=\"Rechtsanwalt Peter Harlander\">\n            <span class=\"mr-quote-person-text\">\n            Peter Harlander<br>\n            <span class=\"mr-quote-person-function\">Harlander &amp; Partner Rechtsanw\u00e4lte<\/span>\n        <\/span>\n        <\/a>\n        <span class=\"mr-quote-content\">\u201eMachen Sie <strong>keine inhaltlichen Aussagen ohne vorherige R\u00fccksprache mit Ihrer Verteidigung<\/strong>. Sie haben jederzeit das Recht zu schweigen und eine Anw\u00e4ltin oder einen Anwalt beizuziehen. Dieses Recht gilt bereits bei der ersten polizeilichen Kontaktaufnahme. Erst nach <strong>Akteneinsicht<\/strong> l\u00e4sst sich kl\u00e4ren, ob und welche Einlassung sinnvoll ist.\u201c<\/span>\n    <\/div>\n<a class=\"mr-cta-link mr-cta-button-cal\" href=\"#h2-booking\" title=\"\u00dccretsiz ilk g\u00f6r\u00fc\u015fme\"><span class=\"mr-cta-link-normal\">\u015eimdi istedi\u011finiz tarihi se\u00e7in:<\/span><span class=\"mr-cta-link-bold\">\u00dccretsiz ilk g\u00f6r\u00fc\u015fme<\/span><\/a>\n\n<h2 class=\"wp-block-heading\" id=\"h-haufig-gestellte-fragen-faq\">S\u0131k\u00e7a Sorulan Sorular \u2013 SSS<\/h2>\n<div class=\"wp-block-uagb-faq uagb-faq__outer-wrap uagb-block-FAQ-Widerruf-nachtr\u00e4gliche-Verurteilung uagb-faq-icon-row uagb-faq-layout-accordion uagb-faq-expand-first-true uagb-faq-inactive-other-true uagb-faq__wrap uagb-buttons-layout-wrap uagb-faq-equal-height     \" data-faqtoggle=\"true\" role=\"tablist\"><script type=\"application\/ld+json\">{\"@context\":\"https:\\\/\\\/schema.org\",\"@type\":\"FAQPage\",\"@id\":\"https:\\\/\\\/harlander-partner.eu\\\/tr\\\/ceza-hukuku\\\/sonradan-mahkumiyet-durumunda-iptal\\\/\",\"mainEntity\":[{\"@type\":\"Question\",\"name\":\"Sonradan mahkumiyet durumunda iptal ne zaman s\\u00f6z konusu olur?\",\"acceptedAnswer\":{\"@type\":\"Answer\",\"text\":\"Mahkeme, ilk karardan \\u00f6nce i\\u015flenmi\\u015f ancak sonradan ortaya \\u00e7\\u0131kan ba\\u015fka bir su\\u00e7 oldu\\u011funda \\u015fartl\\u0131 ertelemeyi iptal eder. T\\u00fcm su\\u00e7lar ayn\\u0131 anda bilinmi\\u015f olsayd\\u0131 erteleme karar\\u0131 verip vermeyece\\u011fini inceler. Bu inceleme olumsuz sonu\\u00e7lan\\u0131rsa, erteleme iptal edilir ve ceza uygulan\\u0131r.  \"}},{\"@type\":\"Question\",\"name\":\"Ceza Kanunu'nun 55. maddesinin amac\\u0131 nedir?\",\"acceptedAnswer\":{\"@type\":\"Answer\",\"text\":\"Ceza Kanunu'nun 55. maddesi, kimsenin ayr\\u0131 davalar nedeniyle \\u00e7ifte fayda sa\\u011flamamas\\u0131n\\u0131 ama\\u00e7lar. Bu madde tek tip bir ceza \\u00f6l\\u00e7\\u00fcm\\u00fc sa\\u011flar ve sonradan yeni ger\\u00e7ekler ortaya \\u00e7\\u0131kt\\u0131\\u011f\\u0131nda \\u00e7ok hafif bir karar\\u0131n devam etmesini \\u00f6nler. \"}},{\"@type\":\"Question\",\"name\":\"\\u0130ptal i\\u00e7in hangi ko\\u015fullar yerine getirilmelidir?\",\"acceptedAnswer\":{\"@type\":\"Answer\",\"text\":\"Ceza Kanunu'nun 31. maddesine g\\u00f6re daha \\u00f6nce i\\u015flenmi\\u015f bir su\\u00e7la ilgili sonradan mahkumiyet gereklidir. Mahkeme, t\\u00fcm su\\u00e7lar birlikte yarg\\u0131lanm\\u0131\\u015f olsayd\\u0131 erteleme karar\\u0131 vermeyece\\u011fini tespit etmelidir. Ayr\\u0131ca, yasal e\\u015fit muameleyi sa\\u011flamak i\\u00e7in iptal gerekli olmal\\u0131d\\u0131r.  \"}},{\"@type\":\"Question\",\"name\":\"Mahkeme birden fazla deneme s\\u00fcresini nas\\u0131l ele al\\u0131r?\",\"acceptedAnswer\":{\"@type\":\"Answer\",\"text\":\"Birden fazla \\u015fartl\\u0131 erteleme varsa, mahkeme deneme s\\u00fcrelerini birle\\u015ftirir. Bu s\\u00fcreler en son sona erecek s\\u00fcreyle birlikte sona erer ancak toplamda en fazla be\\u015f y\\u0131l s\\u00fcrebilir. B\\u00f6ylece denetimli serbestlik g\\u00f6zetimi zaman a\\u00e7\\u0131s\\u0131ndan s\\u0131n\\u0131rl\\u0131 ve anla\\u015f\\u0131l\\u0131r \\u015fekilde d\\u00fczenlenmi\\u015f olur.  \"}},{\"@type\":\"Question\",\"name\":\"\\u0130ptal durumunda avukat deste\\u011fi neden \\u00f6nemlidir?\",\"acceptedAnswer\":{\"@type\":\"Answer\",\"text\":\"Deneyimli bir ceza avukat\\u0131, iptal i\\u00e7in yasal ko\\u015fullar\\u0131n ger\\u00e7ekten mevcut olup olmad\\u0131\\u011f\\u0131n\\u0131 ve \\u00f6nceki \\u00f6ng\\u00f6r\\u00fcn\\u00fcn hala ge\\u00e7erli olup olamayaca\\u011f\\u0131n\\u0131 inceleyebilir. Hedefli ba\\u015fvurular ve hukuki arg\\u00fcmanlarla genellikle ertelemenin devam etmesi veya iptalin sonu\\u00e7lar\\u0131n\\u0131n hafifletilmesi sa\\u011flanabilir. \"}}]}<\/script><div class=\"wp-block-uagb-faq-child uagb-faq-child__outer-wrap uagb-faq-item uagb-block-Widerruf55-Q1 \" role=\"tab\" tabindex=\"0\"><div class=\"uagb-faq-questions-button uagb-faq-questions\">\t\t\t<span class=\"uagb-icon uagb-faq-icon-wrap\">\n\t\t\t\t\t\t\t\t<svg xmlns=\"https:\/\/www.w3.org\/2000\/svg\" viewBox= \"0 0 448 512\"><path d=\"M432 256c0 17.69-14.33 32.01-32 32.01H256v144c0 17.69-14.33 31.99-32 31.99s-32-14.3-32-31.99v-144H48c-17.67 0-32-14.32-32-32.01s14.33-31.99 32-31.99H192v-144c0-17.69 14.33-32.01 32-32.01s32 14.32 32 32.01v144h144C417.7 224 432 238.3 432 256z\"><\/path><\/svg>\n\t\t\t\t\t\t\t<\/span>\n\t\t\t\t\t\t<span class=\"uagb-icon-active uagb-faq-icon-wrap\">\n\t\t\t\t\t\t\t\t<svg xmlns=\"https:\/\/www.w3.org\/2000\/svg\" viewBox= \"0 0 448 512\"><path d=\"M400 288h-352c-17.69 0-32-14.32-32-32.01s14.31-31.99 32-31.99h352c17.69 0 32 14.3 32 31.99S417.7 288 400 288z\"><\/path><\/svg>\n\t\t\t\t\t\t\t<\/span>\n\t\t\t<span class=\"uagb-question\">Sonradan mahkumiyet durumunda iptal ne zaman s\u00f6z konusu olur?<\/span><\/div><div class=\"uagb-faq-content\"><p>Mahkeme, ilk karardan \u00f6nce i\u015flenmi\u015f ancak sonradan ortaya \u00e7\u0131kan ba\u015fka bir su\u00e7 oldu\u011funda \u015fartl\u0131 ertelemeyi iptal eder. T\u00fcm su\u00e7lar ayn\u0131 anda bilinmi\u015f olsayd\u0131 erteleme karar\u0131 verip vermeyece\u011fini inceler. Bu inceleme olumsuz sonu\u00e7lan\u0131rsa, erteleme iptal edilir ve ceza uygulan\u0131r.  <\/p><\/div><\/div><div class=\"wp-block-uagb-faq-child uagb-faq-child__outer-wrap uagb-faq-item uagb-block-Widerruf55-Q2 \" role=\"tab\" tabindex=\"0\"><div class=\"uagb-faq-questions-button uagb-faq-questions\">\t\t\t<span class=\"uagb-icon uagb-faq-icon-wrap\">\n\t\t\t\t\t\t\t\t<svg xmlns=\"https:\/\/www.w3.org\/2000\/svg\" viewBox= \"0 0 448 512\"><path d=\"M432 256c0 17.69-14.33 32.01-32 32.01H256v144c0 17.69-14.33 31.99-32 31.99s-32-14.3-32-31.99v-144H48c-17.67 0-32-14.32-32-32.01s14.33-31.99 32-31.99H192v-144c0-17.69 14.33-32.01 32-32.01s32 14.32 32 32.01v144h144C417.7 224 432 238.3 432 256z\"><\/path><\/svg>\n\t\t\t\t\t\t\t<\/span>\n\t\t\t\t\t\t<span class=\"uagb-icon-active uagb-faq-icon-wrap\">\n\t\t\t\t\t\t\t\t<svg xmlns=\"https:\/\/www.w3.org\/2000\/svg\" viewBox= \"0 0 448 512\"><path d=\"M400 288h-352c-17.69 0-32-14.32-32-32.01s14.31-31.99 32-31.99h352c17.69 0 32 14.3 32 31.99S417.7 288 400 288z\"><\/path><\/svg>\n\t\t\t\t\t\t\t<\/span>\n\t\t\t<span class=\"uagb-question\">Ceza Kanunu&#8217;nun 55. maddesinin amac\u0131 nedir?<\/span><\/div><div class=\"uagb-faq-content\"><p>Ceza Kanunu&#8217;nun 55. maddesi, kimsenin ayr\u0131 davalar nedeniyle \u00e7ifte fayda sa\u011flamamas\u0131n\u0131 ama\u00e7lar. Bu madde tek tip bir ceza \u00f6l\u00e7\u00fcm\u00fc sa\u011flar ve sonradan yeni ger\u00e7ekler ortaya \u00e7\u0131kt\u0131\u011f\u0131nda \u00e7ok hafif bir karar\u0131n devam etmesini \u00f6nler. <\/p><\/div><\/div><div class=\"wp-block-uagb-faq-child uagb-faq-child__outer-wrap uagb-faq-item uagb-block-Widerruf55-Q3 \" role=\"tab\" tabindex=\"0\"><div class=\"uagb-faq-questions-button uagb-faq-questions\">\t\t\t<span class=\"uagb-icon uagb-faq-icon-wrap\">\n\t\t\t\t\t\t\t\t<svg xmlns=\"https:\/\/www.w3.org\/2000\/svg\" viewBox= \"0 0 448 512\"><path d=\"M432 256c0 17.69-14.33 32.01-32 32.01H256v144c0 17.69-14.33 31.99-32 31.99s-32-14.3-32-31.99v-144H48c-17.67 0-32-14.32-32-32.01s14.33-31.99 32-31.99H192v-144c0-17.69 14.33-32.01 32-32.01s32 14.32 32 32.01v144h144C417.7 224 432 238.3 432 256z\"><\/path><\/svg>\n\t\t\t\t\t\t\t<\/span>\n\t\t\t\t\t\t<span class=\"uagb-icon-active uagb-faq-icon-wrap\">\n\t\t\t\t\t\t\t\t<svg xmlns=\"https:\/\/www.w3.org\/2000\/svg\" viewBox= \"0 0 448 512\"><path d=\"M400 288h-352c-17.69 0-32-14.32-32-32.01s14.31-31.99 32-31.99h352c17.69 0 32 14.3 32 31.99S417.7 288 400 288z\"><\/path><\/svg>\n\t\t\t\t\t\t\t<\/span>\n\t\t\t<span class=\"uagb-question\">\u0130ptal i\u00e7in hangi ko\u015fullar yerine getirilmelidir?<\/span><\/div><div class=\"uagb-faq-content\"><p>Ceza Kanunu&#8217;nun 31. maddesine g\u00f6re daha \u00f6nce i\u015flenmi\u015f bir su\u00e7la ilgili sonradan mahkumiyet gereklidir. Mahkeme, t\u00fcm su\u00e7lar birlikte yarg\u0131lanm\u0131\u015f olsayd\u0131 erteleme karar\u0131 vermeyece\u011fini tespit etmelidir. Ayr\u0131ca, yasal e\u015fit muameleyi sa\u011flamak i\u00e7in iptal gerekli olmal\u0131d\u0131r.  <\/p><\/div><\/div><div class=\"wp-block-uagb-faq-child uagb-faq-child__outer-wrap uagb-faq-item uagb-block-Widerruf55-Q4 \" role=\"tab\" tabindex=\"0\"><div class=\"uagb-faq-questions-button uagb-faq-questions\">\t\t\t<span class=\"uagb-icon uagb-faq-icon-wrap\">\n\t\t\t\t\t\t\t\t<svg xmlns=\"https:\/\/www.w3.org\/2000\/svg\" viewBox= \"0 0 448 512\"><path d=\"M432 256c0 17.69-14.33 32.01-32 32.01H256v144c0 17.69-14.33 31.99-32 31.99s-32-14.3-32-31.99v-144H48c-17.67 0-32-14.32-32-32.01s14.33-31.99 32-31.99H192v-144c0-17.69 14.33-32.01 32-32.01s32 14.32 32 32.01v144h144C417.7 224 432 238.3 432 256z\"><\/path><\/svg>\n\t\t\t\t\t\t\t<\/span>\n\t\t\t\t\t\t<span class=\"uagb-icon-active uagb-faq-icon-wrap\">\n\t\t\t\t\t\t\t\t<svg xmlns=\"https:\/\/www.w3.org\/2000\/svg\" viewBox= \"0 0 448 512\"><path d=\"M400 288h-352c-17.69 0-32-14.32-32-32.01s14.31-31.99 32-31.99h352c17.69 0 32 14.3 32 31.99S417.7 288 400 288z\"><\/path><\/svg>\n\t\t\t\t\t\t\t<\/span>\n\t\t\t<span class=\"uagb-question\">Mahkeme birden fazla deneme s\u00fcresini nas\u0131l ele al\u0131r?<\/span><\/div><div class=\"uagb-faq-content\"><p>Birden fazla \u015fartl\u0131 erteleme varsa, mahkeme deneme s\u00fcrelerini birle\u015ftirir. Bu s\u00fcreler en son sona erecek s\u00fcreyle birlikte sona erer ancak toplamda en fazla be\u015f y\u0131l s\u00fcrebilir. B\u00f6ylece denetimli serbestlik g\u00f6zetimi zaman a\u00e7\u0131s\u0131ndan s\u0131n\u0131rl\u0131 ve anla\u015f\u0131l\u0131r \u015fekilde d\u00fczenlenmi\u015f olur.  <\/p><\/div><\/div><div class=\"wp-block-uagb-faq-child uagb-faq-child__outer-wrap uagb-faq-item uagb-block-Widerruf55-Q5 \" role=\"tab\" tabindex=\"0\"><div class=\"uagb-faq-questions-button uagb-faq-questions\">\t\t\t<span class=\"uagb-icon uagb-faq-icon-wrap\">\n\t\t\t\t\t\t\t\t<svg xmlns=\"https:\/\/www.w3.org\/2000\/svg\" viewBox= \"0 0 448 512\"><path d=\"M432 256c0 17.69-14.33 32.01-32 32.01H256v144c0 17.69-14.33 31.99-32 31.99s-32-14.3-32-31.99v-144H48c-17.67 0-32-14.32-32-32.01s14.33-31.99 32-31.99H192v-144c0-17.69 14.33-32.01 32-32.01s32 14.32 32 32.01v144h144C417.7 224 432 238.3 432 256z\"><\/path><\/svg>\n\t\t\t\t\t\t\t<\/span>\n\t\t\t\t\t\t<span class=\"uagb-icon-active uagb-faq-icon-wrap\">\n\t\t\t\t\t\t\t\t<svg xmlns=\"https:\/\/www.w3.org\/2000\/svg\" viewBox= \"0 0 448 512\"><path d=\"M400 288h-352c-17.69 0-32-14.32-32-32.01s14.31-31.99 32-31.99h352c17.69 0 32 14.3 32 31.99S417.7 288 400 288z\"><\/path><\/svg>\n\t\t\t\t\t\t\t<\/span>\n\t\t\t<span class=\"uagb-question\">\u0130ptal durumunda avukat deste\u011fi neden \u00f6nemlidir?<\/span><\/div><div class=\"uagb-faq-content\"><p>Deneyimli bir ceza avukat\u0131, iptal i\u00e7in yasal ko\u015fullar\u0131n ger\u00e7ekten mevcut olup olmad\u0131\u011f\u0131n\u0131 ve \u00f6nceki \u00f6ng\u00f6r\u00fcn\u00fcn hala ge\u00e7erli olup olamayaca\u011f\u0131n\u0131 inceleyebilir. Hedefli ba\u015fvurular ve hukuki arg\u00fcmanlarla genellikle ertelemenin devam etmesi veya iptalin sonu\u00e7lar\u0131n\u0131n hafifletilmesi sa\u011flanabilir. <\/p><\/div><\/div><\/div><a class=\"mr-cta-link mr-cta-button-cal\" href=\"#h2-booking\" title=\"\u00dccretsiz ilk g\u00f6r\u00fc\u015fme\"><span class=\"mr-cta-link-normal\">\u015eimdi istedi\u011finiz tarihi se\u00e7in:<\/span><span class=\"mr-cta-link-bold\">\u00dccretsiz ilk g\u00f6r\u00fc\u015fme<\/span><\/a>\n","protected":false},"excerpt":{"rendered":"Sonradan Mahkumiyet Durumunda \u0130ptal Sonradan mahkumiyet durumunda iptal, mahkemenin bir ki\u015fiye verilen cezay\u0131, cezan\u0131n bir k\u0131sm\u0131n\u0131 veya ba\u011f\u0131ml\u0131 su\u00e7lular i\u00e7in rehabilitasyon merkezine yerle\u015ftirmeyi \u015fartl\u0131 olarak erteledi\u011fi ve daha sonra bu &#8230;","protected":false},"author":25,"featured_media":50847,"parent":41194,"menu_order":5,"comment_status":"closed","ping_status":"closed","template":"","meta":{"_acf_changed":false,"_uag_custom_page_level_css":"","footnotes":""},"categories":[821],"tags":[],"class_list":["post-50845","page","type-page","status-publish","has-post-thumbnail","hentry","category-ceza-hukuku"],"acf":[],"uagb_featured_image_src":{"full":["https:\/\/harlander-partner.eu\/wp-content\/uploads\/Widerruf-bei-nachtraeglicher-Verurteilung.webp",1920,1080,false],"thumbnail":["https:\/\/harlander-partner.eu\/wp-content\/uploads\/Widerruf-bei-nachtraeglicher-Verurteilung-100x100.webp",100,100,true],"medium":["https:\/\/harlander-partner.eu\/wp-content\/uploads\/Widerruf-bei-nachtraeglicher-Verurteilung-800x450.webp",800,450,true],"medium_large":["https:\/\/harlander-partner.eu\/wp-content\/uploads\/Widerruf-bei-nachtraeglicher-Verurteilung.webp",1920,1080,false],"large":["https:\/\/harlander-partner.eu\/wp-content\/uploads\/Widerruf-bei-nachtraeglicher-Verurteilung.webp",1920,1080,false],"1536x1536":["https:\/\/harlander-partner.eu\/wp-content\/uploads\/Widerruf-bei-nachtraeglicher-Verurteilung.webp",1536,864,false],"2048x2048":["https:\/\/harlander-partner.eu\/wp-content\/uploads\/Widerruf-bei-nachtraeglicher-Verurteilung.webp",1920,1080,false],"336x":["https:\/\/harlander-partner.eu\/wp-content\/uploads\/Widerruf-bei-nachtraeglicher-Verurteilung-336x189.webp",336,189,true],"352x":["https:\/\/harlander-partner.eu\/wp-content\/uploads\/Widerruf-bei-nachtraeglicher-Verurteilung-352x198.webp",352,198,true],"woocommerce_thumbnail":["https:\/\/harlander-partner.eu\/wp-content\/uploads\/Widerruf-bei-nachtraeglicher-Verurteilung-300x300.webp",300,300,true],"woocommerce_single":["https:\/\/harlander-partner.eu\/wp-content\/uploads\/Widerruf-bei-nachtraeglicher-Verurteilung-600x338.webp",600,338,true],"woocommerce_gallery_thumbnail":["https:\/\/harlander-partner.eu\/wp-content\/uploads\/Widerruf-bei-nachtraeglicher-Verurteilung-100x100.webp",100,100,true],"yarpp-thumbnail":["https:\/\/harlander-partner.eu\/wp-content\/uploads\/Widerruf-bei-nachtraeglicher-Verurteilung-120x120.webp",120,120,true]},"uagb_author_info":{"display_name":"Simon Prem","author_link":"https:\/\/harlander-partner.eu\/tr\/author\/simon-prem\/"},"uagb_comment_info":0,"uagb_excerpt":"Sonradan Mahkumiyet Durumunda \u0130ptal Sonradan mahkumiyet durumunda iptal, mahkemenin bir ki\u015fiye verilen cezay\u0131, cezan\u0131n bir k\u0131sm\u0131n\u0131 veya ba\u011f\u0131ml\u0131 su\u00e7lular i\u00e7in rehabilitasyon merkezine yerle\u015ftirmeyi \u015fartl\u0131 olarak erteledi\u011fi ve daha sonra bu ...","_links":{"self":[{"href":"https:\/\/harlander-partner.eu\/tr\/wp-json\/wp\/v2\/pages\/50845","targetHints":{"allow":["GET"]}}],"collection":[{"href":"https:\/\/harlander-partner.eu\/tr\/wp-json\/wp\/v2\/pages"}],"about":[{"href":"https:\/\/harlander-partner.eu\/tr\/wp-json\/wp\/v2\/types\/page"}],"author":[{"embeddable":true,"href":"https:\/\/harlander-partner.eu\/tr\/wp-json\/wp\/v2\/users\/25"}],"replies":[{"embeddable":true,"href":"https:\/\/harlander-partner.eu\/tr\/wp-json\/wp\/v2\/comments?post=50845"}],"version-history":[{"count":0,"href":"https:\/\/harlander-partner.eu\/tr\/wp-json\/wp\/v2\/pages\/50845\/revisions"}],"up":[{"embeddable":true,"href":"https:\/\/harlander-partner.eu\/tr\/wp-json\/wp\/v2\/pages\/41194"}],"wp:featuredmedia":[{"embeddable":true,"href":"https:\/\/harlander-partner.eu\/tr\/wp-json\/wp\/v2\/media\/50847"}],"wp:attachment":[{"href":"https:\/\/harlander-partner.eu\/tr\/wp-json\/wp\/v2\/media?parent=50845"}],"wp:term":[{"taxonomy":"category","embeddable":true,"href":"https:\/\/harlander-partner.eu\/tr\/wp-json\/wp\/v2\/categories?post=50845"},{"taxonomy":"post_tag","embeddable":true,"href":"https:\/\/harlander-partner.eu\/tr\/wp-json\/wp\/v2\/tags?post=50845"}],"curies":[{"name":"wp","href":"https:\/\/api.w.org\/{rel}","templated":true}]}}