{"id":50759,"date":"2025-10-13T08:28:47","date_gmt":"2025-10-13T06:28:47","guid":{"rendered":"https:\/\/harlander-partner.eu\/ceza-hukuku\/ceza-tayininde-ozel-hafifletici-sebepler\/"},"modified":"2025-11-25T15:19:47","modified_gmt":"2025-11-25T14:19:47","slug":"ceza-tayininde-ozel-hafifletici-sebepler","status":"publish","type":"page","link":"https:\/\/harlander-partner.eu\/tr\/ceza-hukuku\/ceza-tayininde-ozel-hafifletici-sebepler\/","title":{"rendered":"Ceza Tayininde \u00d6zel Hafifletici Sebepler"},"content":{"rendered":"\n<div class=\"wp-block-yoast-seo-table-of-contents yoast-table-of-contents\"><h2>Ceza Tayininde \u00d6zel Hafifletici Sebepler<\/h2><ul><li><a href=\"#h-besondere-milderungsgrunde-der-strafbemessung\" data-level=\"2\">Ceza Tayininde \u00d6zel Hafifletici Sebepler<\/a><\/li><li><a href=\"#h-grundsatz\" data-level=\"2\">Temel \u0130lke<\/a><\/li><li><a href=\"#h-bedeutung\" data-level=\"2\">\u00d6nemi<\/a><\/li><li><a href=\"#h-berucksichtigung-in-der-praxis\" data-level=\"2\">Uygulamada Dikkate Al\u0131nmas\u0131<\/a><\/li><li><a href=\"#h-zentrale-milderungsgrunde\" data-level=\"2\">Temel Hafifletici Sebepler<\/a><\/li><li><a href=\"#h-verhaltnis-zu-erschwerungsgrunden\" data-level=\"2\">A\u011f\u0131rla\u015ft\u0131r\u0131c\u0131 Sebeplerle \u0130li\u015fkisi<\/a><\/li><li><a href=\"#h-ihre-vorteile-mit-anwaltlicher-unterstutzung\" data-level=\"2\">Avukatl\u0131k Deste\u011fiyle Avantajlar\u0131n\u0131z<\/a><\/li><li><a href=\"#h-haufig-gestellte-fragen-faq\" data-level=\"2\">S\u0131k\u00e7a Sorulan Sorular \u2013 SSS<\/a><\/li><\/ul><\/div>\n\n<h2 class=\"wp-block-heading\" id=\"h-besondere-milderungsgrunde-der-strafbemessung\">Ceza Tayininde \u00d6zel Hafifletici Sebepler<\/h2>\n\n<p class=\"wp-block-paragraph\">\u00d6zel hafifletici sebepler, cezaland\u0131r\u0131labilir bir davran\u0131\u015f mevcut olmas\u0131na ra\u011fmen bireysel su\u00e7un daha az a\u011f\u0131r bast\u0131\u011f\u0131n\u0131 g\u00f6steren durumlard\u0131r. Bunlar ki\u015fiyi, g\u00fcd\u00fcleri, i\u015fleni\u015f \u015feklini ve sonu\u00e7lar\u0131 ilgilendirir ve ceza miktar\u0131n\u0131 \u00f6nemli \u00f6l\u00e7\u00fcde d\u00fc\u015f\u00fcrebilir. Mahkeme bu durumlar\u0131 ceza tayini \u00e7er\u00e7evesinde dikkate al\u0131r ve bunlar\u0131n sonucu nas\u0131l \u015fekillendirdi\u011fini gerek\u00e7elendirir. <a href=\"https:\/\/www.ris.bka.gv.at\/NormDokument.wxe?Abfrage=Bundesnormen&amp;Gesetzesnummer=10002296&amp;Artikel=&amp;Paragraf=34&amp;Anlage=&amp;Uebergangsrecht=\" target=\"_blank\" rel=\"noreferrer noopener\">StGB \u00a7 34<\/a> tipik durumlar\u0131 belirtir ve b\u00f6ylece adil, su\u00e7a uygun bir ceza i\u00e7in y\u00f6nlendirme sa\u011flar.  <\/p>\n\n<div class=\"wp-block-uagb-container uagb-block-3019fe8e alignfull uagb-is-root-container\">\n<div class=\"wp-block-uagb-container uagb-block-32585033\">\n<p class=\"wp-block-paragraph\"><a href=\"https:\/\/www.ris.bka.gv.at\/NormDokument.wxe?Abfrage=Bundesnormen&amp;Gesetzesnummer=10002296&amp;Artikel=&amp;Paragraf=34&amp;Anlage=&amp;Uebergangsrecht=\" target=\"_blank\" rel=\"noreferrer noopener\">StGB \u00a7 34<\/a>&#8216;e g\u00f6re hafifletici sebepler, bireysel vakada ki\u015fisel su\u00e7u azaltt\u0131klar\u0131 i\u00e7in ceza miktar\u0131n\u0131 d\u00fc\u015f\u00fcren kabul edilmi\u015f durumlard\u0131r.<\/p>\n<\/div>\n\n\n\n<div class=\"wp-block-uagb-container uagb-block-45819ab6\"><picture>\r\n\t\t<source srcset=\"https:\/\/harlander-partner.eu\/wp-content\/uploads\/Besondere-Milderungsgruende-der-Strafbemessung-352x198.webp\" >\r\n\t\t<img decoding=\"async\" class=\"mr-picture-small\" src=\"https:\/\/harlander-partner.eu\/wp-content\/uploads\/Besondere-Milderungsgruende-der-Strafbemessung.webp\" alt=\"StGB \u00a7 34'e g\u00f6re \u00f6zel hafifletici sebepler nelerdir? \u0130lgililer i\u00e7in anlay\u0131\u015f: Gen\u00e7lik, pi\u015fmanl\u0131k, zor durum - bireysel vakada ceza hafifletilmesi.\" >\r\n\t<\/picture>\n<\/div>\n<\/div>\n\n<h2 class=\"wp-block-heading\" id=\"h-grundsatz\">Temel \u0130lke<\/h2>\n\n<p class=\"wp-block-paragraph\">\u00d6l\u00e7\u00fct su\u00e7a uygunluktur. Mahkeme fiili izole olarak de\u011fil, ki\u015finin ve durumun genel tablosu i\u00e7inde de\u011ferlendirir. Hafifletici sebepler mevcut oldu\u011funda, ceza hissedilir \u015fekilde azalt\u0131labilir. Bu de\u011ferlendirme \u015feffaf ve anla\u015f\u0131l\u0131r \u015fekilde yap\u0131l\u0131r, b\u00f6ylece cezan\u0131n neden \u00e7er\u00e7evenin alt b\u00f6l\u00fcm\u00fcnde kald\u0131\u011f\u0131 anla\u015f\u0131labilir kal\u0131r. Sonu\u00e7ta yapt\u0131r\u0131m ne a\u015f\u0131r\u0131 olmal\u0131 ne de hafife al\u0131nmal\u0131d\u0131r.    <\/p>\n\n<h2 class=\"wp-block-heading\" id=\"h-bedeutung\">\u00d6nemi<\/h2>\n\n<p class=\"wp-block-paragraph\"><a href=\"https:\/\/www.ris.bka.gv.at\/NormDokument.wxe?Abfrage=Bundesnormen&amp;Gesetzesnummer=10002296&amp;Artikel=&amp;Paragraf=34&amp;Anlage=&amp;Uebergangsrecht=\" target=\"_blank\" rel=\"noreferrer noopener\">StGB \u00a7 34<\/a> cezay\u0131 failin ger\u00e7ek su\u00e7una uyarlamaya hizmet eder. Mahkemenin yasal ceza \u00e7er\u00e7evesine g\u00f6re \u015fematik karar vermemesini, bireysel vakan\u0131n ki\u015fisel durumlar\u0131n\u0131 dikkate almas\u0131n\u0131 sa\u011flar. B\u00f6ylece benzer iki fiilin farkl\u0131 de\u011ferlendirilmesi m\u00fcmk\u00fcn olabilir, \u00e7\u00fcnk\u00fc kusur farkl\u0131 a\u011f\u0131rl\u0131kta olabilir. Hafifletici durumlar serbest ge\u00e7i\u015f belgesi de\u011fildir, ancak daha d\u00fc\u015f\u00fck ceza i\u00e7in g\u00fc\u00e7l\u00fc bir arg\u00fcmand\u0131r.   <\/p>\n\n<p class=\"wp-block-paragraph\">Uygulamada bu, hapis cezas\u0131n\u0131n \u015fartl\u0131 ertelenmesi veya para cezas\u0131na \u00e7evrilmesi konusunda karar verebilir. Ceza tayininin genel ilkelerini belirleyen StGB \u00a7 32 ile birlikte, <a href=\"https:\/\/www.ris.bka.gv.at\/NormDokument.wxe?Abfrage=Bundesnormen&amp;Gesetzesnummer=10002296&amp;Artikel=&amp;Paragraf=34&amp;Anlage=&amp;Uebergangsrecht=\" target=\"_blank\" rel=\"noreferrer noopener\">\u00a7 34<\/a> adil ve anla\u015f\u0131l\u0131r bir karar i\u00e7in temel olu\u015fturur. <\/p>\n\n<h2 class=\"wp-block-heading\" id=\"h-berucksichtigung-in-der-praxis\">Uygulamada Dikkate Al\u0131nmas\u0131<\/h2>\n\n<p class=\"wp-block-paragraph\">Belirleyici olan bireysel vakada a\u011f\u0131rl\u0131kland\u0131rmad\u0131r. Birden fazla hafifletici sebep birbirini g\u00fc\u00e7lendirebilir ve ceza miktar\u0131n\u0131 \u00f6nemli \u00f6l\u00e7\u00fcde a\u015fa\u011f\u0131 kayd\u0131rabilir. Pi\u015fmanl\u0131k, tazmin ve ger\u00e7e\u011fin ortaya \u00e7\u0131kar\u0131lmas\u0131nda aktif i\u015fbirli\u011fi tecr\u00fcbeye g\u00f6re \u00f6zellikle etkilidir, \u00e7\u00fcnk\u00fc hem kavray\u0131\u015f\u0131 hem de sorumlulu\u011fu belgelendirir. Ayn\u0131 \u015fekilde gen\u00e7li\u011fe yak\u0131n olgunluk dereceleri, varolu\u015fsal zor durumlar ve fiilden bu yana s\u00fcrd\u00fcr\u00fclebilir pozitif geli\u015fim de \u00f6nemlidir. Belirleyici olan durumlar\u0131n inand\u0131r\u0131c\u0131l\u0131\u011f\u0131 ve olay \u00f6rg\u00fcs\u00fcyle ba\u011flant\u0131lar\u0131 kal\u0131r. Bir durum zaten su\u00e7 unsuru olarak t\u00fcketilmi\u015fse \u00e7ifte de\u011ferlendirme yap\u0131lmas\u0131 hukuka ayk\u0131r\u0131d\u0131r.     <\/p>\n    <div class=\"mr-quote mrbg clearfix\">\n        <a class=\"mr-quote-person\" href=\"\/ueber-uns\/rechtsanwalt-sebastian-riedlmair\/\" title=\"Rechtsanwalt Sebastian Riedlmair\">\n            <img decoding=\"async\" class=\"mr-quote-person-img\" src=\"https:\/\/harlander-partner.eu\/wp-content\/themes\/harlander\/design\/sr100.webp\" width=\"100\"\n                 height=\"100\" loading=\"lazy\" alt=\"Rechtsanwalt Sebastian Riedlmair\">\n            <span class=\"mr-quote-person-text\">\n            Sebastian Riedlmair<br>\n            <span class=\"mr-quote-person-function\">Harlander &amp; Partner Rechtsanw\u00e4lte<\/span>\n        <\/span>\n        <\/a>\n        <span class=\"mr-quote-content\">\u201eEine Strafmilderung setzt nachvollziehbare Tatsachen voraus. Entscheidend ist, dass der mildernde Umstand belegt und in seiner Bedeutung f\u00fcr die Tat klar dargelegt wird.\u201c<\/span>\n    <\/div>\n<a class=\"mr-cta-link mr-cta-button-cal\" href=\"#h2-booking\" title=\"\u00dccretsiz ilk g\u00f6r\u00fc\u015fme\"><span class=\"mr-cta-link-normal\">\u015eimdi istedi\u011finiz tarihi se\u00e7in:<\/span><span class=\"mr-cta-link-bold\">\u00dccretsiz ilk g\u00f6r\u00fc\u015fme<\/span><\/a>\n\n<h2 class=\"wp-block-heading\" id=\"h-zentrale-milderungsgrunde\">Temel Hafifletici Sebepler<\/h2>\n\n<p class=\"wp-block-paragraph\">Kanunda belirtilen hafifletici sebeplerin her biri uygulamada ayn\u0131 rol\u00fc oynamaz. D\u00fczenli olarak ceza miktar\u0131n\u0131n azalt\u0131lmas\u0131na yol a\u00e7an a\u015fa\u011f\u0131daki durumlar \u00f6zellikle \u00f6nemlidir: <\/p>\n\n<p class=\"wp-block-paragraph\"><strong>Gen\u00e7li\u011fe yak\u0131n ya\u015f veya s\u0131n\u0131rl\u0131 geli\u015fim<\/strong><br\/>D\u00fc\u015f\u00fck ya\u015f veya olgunluk eksikli\u011fi g\u00fc\u00e7l\u00fc \u015fekilde hafifletici etki yapar, \u00e7\u00fcnk\u00fc kavrama yetisi ve yarg\u0131 g\u00fcc\u00fc hen\u00fcz yerle\u015fmemi\u015ftir.<br\/><em>\u00d6rnekler:<\/em> 18-21 ya\u015f aras\u0131 davran\u0131\u015f, ruhsal a\u015f\u0131r\u0131 y\u00fcklenme, geli\u015fim gecikmesi.<\/p>\n\n<p class=\"wp-block-paragraph\"><strong>\u015eimdiye kadar d\u00fczenli ya\u015fam tarz\u0131 ve tek seferlik hata<\/strong><br\/>\u015eimdiye kadar temiz ya\u015fam\u0131\u015f ve tek seferlik kanuna ayk\u0131r\u0131 davranm\u0131\u015f ki\u015fi s\u00fcrekli su\u00e7lu davran\u0131\u015f g\u00f6stermez.<br\/><em>\u00d6rnekler:<\/em> Kusursuz meslek, aile sorumlulu\u011fu, istikrarl\u0131 sosyal ba\u011flar.<\/p>\n\n<p class=\"wp-block-paragraph\"><strong>\u015eiddetli ve anla\u015f\u0131labilir duygu hareketi<\/strong><br\/>Duygusal istisna durumu, durum insani olarak anla\u015f\u0131labilir oldu\u011funda su\u00e7 a\u011f\u0131rl\u0131\u011f\u0131n\u0131 azaltabilir.<br\/><em>\u00d6rnekler:<\/em> Ani \u00f6fke, incinme veya duygusal a\u015f\u0131r\u0131 y\u00fcklenme halinde davran\u0131\u015f.<\/p>\n\n<p class=\"wp-block-paragraph\"><strong>\u00c7al\u0131\u015fma ka\u00e7\u0131nmas\u0131 olmaks\u0131z\u0131n s\u0131k\u0131\u015ft\u0131r\u0131c\u0131 zor durum<\/strong><br\/>Birisi varolu\u015fsal s\u0131k\u0131nt\u0131dan dolay\u0131 davrand\u0131\u011f\u0131nda, ceza miktar\u0131 s\u0131kl\u0131kla \u00f6nemli \u00f6l\u00e7\u00fcde d\u00fc\u015f\u00fcr\u00fcl\u00fcr.<br\/><em>\u00d6rnekler:<\/em> Bor\u00e7lar, konut kayb\u0131 tehdidi, ailevi y\u00fckler.<\/p>\n\n<p class=\"wp-block-paragraph\"><strong>Pi\u015fmanl\u0131k, itiraf ve ger\u00e7e\u011fin ortaya \u00e7\u0131kar\u0131lmas\u0131nda aktif i\u015fbirli\u011fi<\/strong><br\/>Erken itiraf ve d\u00fcr\u00fcst kavray\u0131\u015f sorumluluk bilincini belgeler ve yarg\u0131lamay\u0131 hafifletir.<br\/><em>\u00d6rnekler:<\/em> Kendini ihbar, soru\u015fturma makamlar\u0131yla i\u015fbirli\u011fi, anla\u015f\u0131labilir pi\u015fmanl\u0131k.<\/p>\n\n<p class=\"wp-block-paragraph\"><strong>Zarar\u0131n tazmini veya bunun i\u00e7in ciddi \u00e7aba<\/strong><br\/>Verilen zarar\u0131 gideren veya bunun i\u00e7in ciddi \u00e7aba g\u00f6steren ki\u015fi sorumluluk \u00fcstlenmeyi g\u00f6sterir.<br\/><em>\u00d6rnekler:<\/em> Geri \u00f6demeler, \u00f6z\u00fcrler, \u00e7al\u0131\u015fma veya destek yoluyla tazmin.<\/p>\n\n<p class=\"wp-block-paragraph\"><strong>\u0130kincil fiil kat\u0131l\u0131m\u0131<\/strong><br\/>Bir grupta sadece k\u00fc\u00e7\u00fck rol oynayan ki\u015fi buna uygun d\u00fc\u015f\u00fck su\u00e7 pay\u0131 ta\u015f\u0131r.<br\/><em>\u00d6rnekler:<\/em> Takip\u00e7i rol\u00fc, ba\u015fkalar\u0131n\u0131n bask\u0131s\u0131yla davranma, giri\u015fim eksikli\u011fi.<\/p>\n\n<p class=\"wp-block-paragraph\"><strong>Planl\u0131 niyet yerine cazip f\u0131rsat<\/strong><br\/>Uygun bir f\u0131rsattan spontan do\u011fan fiil, planl\u0131 davran\u0131\u015ftan daha az a\u011f\u0131r basar.<br\/><em>\u00d6rnekler:<\/em> Bir \u015feyi spontan alma, d\u00fc\u015f\u00fcnmeden kat\u0131l\u0131m.<\/p>\n\n<p class=\"wp-block-paragraph\"><strong>Tamamlanma yerine te\u015febb\u00fcs veya zarar eksikli\u011fi<\/strong><br\/>Ger\u00e7ekle\u015fmeyen sonu\u00e7 veya tamamlamadan g\u00f6n\u00fcll\u00fc vazge\u00e7me su\u00e7u azalt\u0131r.<br\/><em>\u00d6rnekler:<\/em> Fiilin yar\u0131da b\u0131rak\u0131lmas\u0131, ger\u00e7ekle\u015fen zarar olmamas\u0131.<\/p>\n\n<p class=\"wp-block-paragraph\"><strong>Kendi kusuru olmaks\u0131z\u0131n orant\u0131s\u0131z uzun yarg\u0131lama s\u00fcresi<\/strong><br\/>San\u0131\u011f\u0131n sorumlu olmad\u0131\u011f\u0131 bir yarg\u0131lama y\u0131llarca geciktirilirse, bu ceza hafifletici etki yapar.<br\/><em>\u00d6rnekler:<\/em> A\u015f\u0131r\u0131 uzun soru\u015fturma s\u00fcresi, a\u011f\u0131r mahkeme i\u015flemi.<\/p>\n\n<h3 class=\"wp-block-heading\">Dikkate Al\u0131nabilir Di\u011fer Durumlar<\/h3>\n\n<p class=\"wp-block-paragraph\">Kanunda belirtilen \u00f6rneklerin yan\u0131 s\u0131ra mahkeme zor \u00e7ocukluk, psikolojik y\u00fckler, d\u00fc\u015f\u00fck fiil g\u00fcd\u00fcs\u00fc veya kendi fiilinin sonu\u00e7lar\u0131ndan \u00f6zel etkilenme gibi di\u011fer fakt\u00f6rleri de hafifletici olarak de\u011ferlendirebilir. <a href=\"https:\/\/www.ris.bka.gv.at\/NormDokument.wxe?Abfrage=Bundesnormen&amp;Gesetzesnummer=10002296&amp;Artikel=&amp;Paragraf=34&amp;Anlage=&amp;Uebergangsrecht=\" target=\"_blank\" rel=\"noreferrer noopener\">StGB \u00a7 34<\/a>&#8216;teki say\u0131m s\u0131n\u0131rlay\u0131c\u0131 de\u011fildir. Belirleyici olan ilgili durumun ki\u015fisel su\u00e7u anla\u015f\u0131labilir \u015fekilde azalt\u0131p azaltmamas\u0131d\u0131r.  <\/p>\n<a class=\"mr-cta-link mr-cta-button-cal\" href=\"#h2-booking\" title=\"\u00dccretsiz ilk g\u00f6r\u00fc\u015fme\"><span class=\"mr-cta-link-normal\">\u015eimdi istedi\u011finiz tarihi se\u00e7in:<\/span><span class=\"mr-cta-link-bold\">\u00dccretsiz ilk g\u00f6r\u00fc\u015fme<\/span><\/a>\n\n<h2 class=\"wp-block-heading\" id=\"h-verhaltnis-zu-erschwerungsgrunden\">A\u011f\u0131rla\u015ft\u0131r\u0131c\u0131 Sebeplerle \u0130li\u015fkisi<\/h2>\n\n<p class=\"wp-block-paragraph\">Hafifletici sebepler ve a\u011f\u0131rla\u015ft\u0131r\u0131c\u0131 sebepler kar\u015f\u0131 kar\u015f\u0131ya gelir ve birbirine kar\u015f\u0131 tart\u0131l\u0131r. Ceza bu genel g\u00f6r\u00fc\u015ften \u00e7\u0131kar. A\u011f\u0131rla\u015ft\u0131r\u0131c\u0131 fakt\u00f6rler ceza miktar\u0131n\u0131 art\u0131r\u0131rken, hafifletici fakt\u00f6rler a\u015fa\u011f\u0131 do\u011fru d\u00fczeltir. Ama\u00e7 su\u00e7, \u00f6nleme ve yeniden sosyalle\u015fmeyi uyumlu hale getiren dengeli bir sonu\u00e7tur. Mahkeme hangi durumlar\u0131 dikkate ald\u0131\u011f\u0131n\u0131 ve neden belirli bir ceza miktar\u0131n\u0131n se\u00e7ildi\u011fini a\u00e7\u0131k \u015fekilde ortaya koyar.    <\/p>\n\n<h2 class=\"wp-block-heading\" id=\"h-ihre-vorteile-mit-anwaltlicher-unterstutzung\">Avukatl\u0131k Deste\u011fiyle Avantajlar\u0131n\u0131z<\/h2>\n\n<p class=\"wp-block-paragraph\">Bir ceza davas\u0131, ilgili ki\u015filer i\u00e7in \u00f6nemli bir y\u00fckt\u00fcr. Ba\u015flang\u0131\u00e7tan itibaren ciddi sonu\u00e7lar tehdit eder \u2013 ev aramas\u0131 veya tutuklama gibi zorlay\u0131c\u0131 \u00f6nlemlerden, adli sicil kay\u0131tlar\u0131na ve hapis veya para cezalar\u0131na kadar. \u0130lk a\u015famadaki hatalar, \u00f6rne\u011fin d\u00fc\u015f\u00fcncesizce yap\u0131lan ifadeler veya eksik kan\u0131t toplama, daha sonra genellikle d\u00fczeltilemez. Tazminat talepleri veya dava masraflar\u0131 gibi ekonomik riskler de b\u00fcy\u00fck \u00f6nem ta\u015f\u0131yabilir.   <\/p>\n\n<p class=\"wp-block-paragraph\">Uzmanla\u015fm\u0131\u015f bir ceza savunmas\u0131, haklar\u0131n\u0131z\u0131n en ba\u015f\u0131ndan itibaren korunmas\u0131n\u0131 sa\u011flar. Polis ve savc\u0131l\u0131kla ili\u015fkilerde g\u00fcvenlik sa\u011flar, kendi kendini su\u00e7lamaya kar\u015f\u0131 korur ve net bir savunma stratejisi i\u00e7in temel olu\u015fturur. <\/p>\n\n<p class=\"wp-block-paragraph\">Hukuk b\u00fcromuz:<\/p>\n\n<ul class=\"wp-block-list\">\n<li>su\u00e7 iddias\u0131n\u0131n hukuken ne \u00f6l\u00e7\u00fcde ge\u00e7erli oldu\u011funu inceler,<\/li>\n\n\n\n<li>soru\u015fturma ve duru\u015fma s\u00fcre\u00e7lerinde size e\u015flik eder,<\/li>\n\n\n\n<li>hukuki a\u00e7\u0131dan g\u00fcvenli ba\u015fvurular, beyanlar ve usul ad\u0131mlar\u0131 sa\u011flar,<\/li>\n\n\n\n<li>medeni hukuk taleplerinin reddedilmesi veya d\u00fczenlenmesinde destek olur,<\/li>\n\n\n\n<li>mahkeme, savc\u0131l\u0131k ve ma\u011fdurlar kar\u015f\u0131s\u0131nda haklar\u0131n\u0131z\u0131 ve \u00e7\u0131karlar\u0131n\u0131z\u0131 korur.<\/li>\n<\/ul>\n    <div class=\"mr-quote mrbg clearfix\">\n        <a class=\"mr-quote-person\" href=\"\/ueber-uns\/rechtsanwalt-peter-harlander\/\" title=\"Rechtsanwalt Peter Harlander\">\n            <img decoding=\"async\" class=\"mr-quote-person-img\" src=\"https:\/\/harlander-partner.eu\/wp-content\/themes\/harlander\/design\/ph100.webp\" width=\"100\"\n                 height=\"100\" loading=\"lazy\" alt=\"Rechtsanwalt Peter Harlander\">\n            <span class=\"mr-quote-person-text\">\n            Peter Harlander<br>\n            <span class=\"mr-quote-person-function\">Harlander &amp; Partner Rechtsanw\u00e4lte<\/span>\n        <\/span>\n        <\/a>\n        <span class=\"mr-quote-content\">\u201eMachen Sie <strong>keine inhaltlichen Aussagen ohne vorherige R\u00fccksprache mit Ihrer Verteidigung<\/strong>. Sie haben jederzeit das Recht zu schweigen und eine Anw\u00e4ltin oder einen Anwalt beizuziehen. Dieses Recht gilt bereits bei der ersten polizeilichen Kontaktaufnahme. Erst nach <strong>Akteneinsicht<\/strong> l\u00e4sst sich kl\u00e4ren, ob und welche Einlassung sinnvoll ist.\u201c<\/span>\n    <\/div>\n<a class=\"mr-cta-link mr-cta-button-cal\" href=\"#h2-booking\" title=\"\u00dccretsiz ilk g\u00f6r\u00fc\u015fme\"><span class=\"mr-cta-link-normal\">\u015eimdi istedi\u011finiz tarihi se\u00e7in:<\/span><span class=\"mr-cta-link-bold\">\u00dccretsiz ilk g\u00f6r\u00fc\u015fme<\/span><\/a>\n\n<h2 class=\"wp-block-heading\" id=\"h-haufig-gestellte-fragen-faq\">S\u0131k\u00e7a Sorulan Sorular \u2013 SSS<\/h2>\n<div class=\"wp-block-uagb-faq uagb-faq__outer-wrap uagb-block-63d9d2fb uagb-faq-icon-row uagb-faq-layout-accordion uagb-faq-expand-first-true uagb-faq-inactive-other-true uagb-faq__wrap uagb-buttons-layout-wrap uagb-faq-equal-height     \" data-faqtoggle=\"true\" role=\"tablist\"><script type=\"application\/ld+json\">{\"@context\":\"https:\\\/\\\/schema.org\",\"@type\":\"FAQPage\",\"@id\":\"https:\\\/\\\/harlander-partner.eu\\\/tr\\\/ceza-hukuku\\\/ceza-tayininde-ozel-hafifletici-sebepler\\\/\",\"mainEntity\":[{\"@type\":\"Question\",\"name\":\"StGB \\u00a7 34'e g\\u00f6re \\u00f6zel hafifletici sebep olarak ne say\\u0131l\\u0131r?\",\"acceptedAnswer\":{\"@type\":\"Answer\",\"text\":\"\\u00d6zel hafifletici sebepler ki\\u015fisel su\\u00e7unuzu azaltan ve b\\u00f6ylece ceza miktar\\u0131n\\u0131 d\\u00fc\\u015f\\u00fcrebilen durumlard\\u0131r. Bunlara gen\\u00e7li\\u011fe yak\\u0131n ya\\u015f, s\\u0131k\\u0131\\u015ft\\u0131r\\u0131c\\u0131 zor durum, ikincil fiil kat\\u0131l\\u0131m\\u0131, pi\\u015fmanl\\u0131k veya tazmin say\\u0131labilir. Mahkeme her zaman bireysel vakay\\u0131 de\\u011ferlendirir ve a\\u011f\\u0131rl\\u0131kland\\u0131rmay\\u0131 gerek\\u00e7elendirir. Belirleyici olan su\\u00e7a uygun ceza kal\\u0131r.   \"}},{\"@type\":\"Question\",\"name\":\"Kanundaki say\\u0131m s\\u0131n\\u0131rlay\\u0131c\\u0131 m\\u0131d\\u0131r?\",\"acceptedAnswer\":{\"@type\":\"Answer\",\"text\":\"Hay\\u0131r. StGB \\u00a7 34'teki liste \\u00f6rnekleyicidir. Tipik \\u00f6rnekleri belirtir, ancak di\\u011fer kar\\u015f\\u0131la\\u015ft\\u0131r\\u0131labilir durumlar\\u0131 d\\u0131\\u015flamaz. Mahkeme su\\u00e7unuzu benzer \\u015fekilde azaltan her durumu dikkate alabilir. \\u00d6nemli olan olay \\u00f6rg\\u00fcs\\u00fcyle anla\\u015f\\u0131labilir ba\\u011flant\\u0131d\\u0131r.    \"}},{\"@type\":\"Question\",\"name\":\"Hangi hafifletici sebepler uygulamada \\u00f6zellikle g\\u00fc\\u00e7l\\u00fc etki yapar?\",\"acceptedAnswer\":{\"@type\":\"Answer\",\"text\":\"D\\u00fczenli olarak g\\u00fc\\u00e7l\\u00fc etki yapanlar erken pi\\u015fmanl\\u0131kla itiraf, ciddi zarar tazmini, gen\\u00e7li\\u011fe yak\\u0131n ya\\u015f veya s\\u0131n\\u0131rl\\u0131 olgunluk ile ikincil fiil kat\\u0131l\\u0131m\\u0131d\\u0131r. Ayn\\u0131 \\u015fekilde anla\\u015f\\u0131labilir \\u015fiddetli duygu hareketi ve kendi kusuru olmayan uzun yarg\\u0131lama s\\u00fcresi de \\u00f6nemlidir. Birden fazla sebep birbirini g\\u00fc\\u00e7lendirebilir. Genel tablo karar verir.   \"}},{\"@type\":\"Question\",\"name\":\"Hafifletici sebepleri nas\\u0131l ikna edici \\u015fekilde ispatlayabilirim?\",\"acceptedAnswer\":{\"@type\":\"Answer\",\"text\":\"Somut kan\\u0131tlar sununuz. Bunlara \\u00e7al\\u0131\\u015fma onaylar\\u0131, e\\u011fitim ve referanslar, tazmin i\\u00e7in \\u00f6deme belgeleri, terapi veya dan\\u0131\\u015fmanl\\u0131k kan\\u0131tlar\\u0131 ile tan\\u0131k ifadeleri ve eksiksiz yarg\\u0131lama kronolojileri say\\u0131l\\u0131r. Kan\\u0131tlar ne kadar net olursa, ceza tayinindeki etki o kadar g\\u00fc\\u00e7l\\u00fc olur. Sunum olay ak\\u0131\\u015f\\u0131na uymal\\u0131d\\u0131r.   \"}},{\"@type\":\"Question\",\"name\":\"A\\u011f\\u0131rla\\u015ft\\u0131r\\u0131c\\u0131 sebeplerle tart\\u0131\\u015fma nas\\u0131l yap\\u0131l\\u0131r?\",\"acceptedAnswer\":{\"@type\":\"Answer\",\"text\":\"Mahkeme hafifletici sebepleri a\\u011f\\u0131rla\\u015ft\\u0131r\\u0131c\\u0131 sebeplerle kar\\u015f\\u0131 kar\\u015f\\u0131ya getirir ve her \\u015feyi ceza tayini ilkelerine g\\u00f6re de\\u011ferlendirir. \\u00c7ifte de\\u011ferlendirme hukuka ayk\\u0131r\\u0131d\\u0131r. Belirleyici olan hangi fakt\\u00f6rlerin su\\u00e7u ger\\u00e7ekten art\\u0131rd\\u0131\\u011f\\u0131 veya azaltt\\u0131\\u011f\\u0131d\\u0131r. Sonu\\u00e7 h\\u00fck\\u00fcmde \\u015feffaf \\u015fekilde gerek\\u00e7elendirilmelidir.   \"}},{\"@type\":\"Question\",\"name\":\"Kabul edilen hafifletici sebebin hangi sonu\\u00e7lar\\u0131 olabilir?\",\"acceptedAnswer\":{\"@type\":\"Answer\",\"text\":\"Kabul edilen hafifletici sebepler ceza miktar\\u0131n\\u0131 d\\u00fc\\u015f\\u00fcr\\u00fcr. S\\u0131kl\\u0131kla bu \\u00e7er\\u00e7evenin alt b\\u00f6l\\u00fcm\\u00fcnde daha hafif yapt\\u0131r\\u0131ma veya \\u015fartl\\u0131 ertelemeye yol a\\u00e7ar. Uygun vakalarda hapis cezas\\u0131 yerine para cezas\\u0131 s\\u00f6z konusu olabilir. Kan\\u0131tlar\\u0131n zaman\\u0131nda g\\u00fcvence alt\\u0131na al\\u0131nmas\\u0131 i\\u00e7in savunman\\u0131zla erken konu\\u015funuz.   \"}}]}<\/script><div class=\"wp-block-uagb-faq-child uagb-faq-child__outer-wrap uagb-faq-item uagb-block-faq34-q1 \" role=\"tab\" tabindex=\"0\"><div class=\"uagb-faq-questions-button uagb-faq-questions\">\t\t\t<span class=\"uagb-icon uagb-faq-icon-wrap\">\n\t\t\t\t\t\t\t\t<svg xmlns=\"https:\/\/www.w3.org\/2000\/svg\" viewBox= \"0 0 448 512\"><path d=\"M432 256c0 17.69-14.33 32.01-32 32.01H256v144c0 17.69-14.33 31.99-32 31.99s-32-14.3-32-31.99v-144H48c-17.67 0-32-14.32-32-32.01s14.33-31.99 32-31.99H192v-144c0-17.69 14.33-32.01 32-32.01s32 14.32 32 32.01v144h144C417.7 224 432 238.3 432 256z\"><\/path><\/svg>\n\t\t\t\t\t\t\t<\/span>\n\t\t\t\t\t\t<span class=\"uagb-icon-active uagb-faq-icon-wrap\">\n\t\t\t\t\t\t\t\t<svg xmlns=\"https:\/\/www.w3.org\/2000\/svg\" viewBox= \"0 0 448 512\"><path d=\"M400 288h-352c-17.69 0-32-14.32-32-32.01s14.31-31.99 32-31.99h352c17.69 0 32 14.3 32 31.99S417.7 288 400 288z\"><\/path><\/svg>\n\t\t\t\t\t\t\t<\/span>\n\t\t\t<span class=\"uagb-question\">StGB \u00a7 34&#8217;e g\u00f6re \u00f6zel hafifletici sebep olarak ne say\u0131l\u0131r?<\/span><\/div><div class=\"uagb-faq-content\"><p>\u00d6zel hafifletici sebepler ki\u015fisel su\u00e7unuzu azaltan ve b\u00f6ylece ceza miktar\u0131n\u0131 d\u00fc\u015f\u00fcrebilen durumlard\u0131r. Bunlara gen\u00e7li\u011fe yak\u0131n ya\u015f, s\u0131k\u0131\u015ft\u0131r\u0131c\u0131 zor durum, ikincil fiil kat\u0131l\u0131m\u0131, pi\u015fmanl\u0131k veya tazmin say\u0131labilir. Mahkeme her zaman bireysel vakay\u0131 de\u011ferlendirir ve a\u011f\u0131rl\u0131kland\u0131rmay\u0131 gerek\u00e7elendirir. Belirleyici olan su\u00e7a uygun ceza kal\u0131r.   <\/p><\/div><\/div><div class=\"wp-block-uagb-faq-child uagb-faq-child__outer-wrap uagb-faq-item uagb-block-faq34-q2 \" role=\"tab\" tabindex=\"0\"><div class=\"uagb-faq-questions-button uagb-faq-questions\">\t\t\t<span class=\"uagb-icon uagb-faq-icon-wrap\">\n\t\t\t\t\t\t\t\t<svg xmlns=\"https:\/\/www.w3.org\/2000\/svg\" viewBox= \"0 0 448 512\"><path d=\"M432 256c0 17.69-14.33 32.01-32 32.01H256v144c0 17.69-14.33 31.99-32 31.99s-32-14.3-32-31.99v-144H48c-17.67 0-32-14.32-32-32.01s14.33-31.99 32-31.99H192v-144c0-17.69 14.33-32.01 32-32.01s32 14.32 32 32.01v144h144C417.7 224 432 238.3 432 256z\"><\/path><\/svg>\n\t\t\t\t\t\t\t<\/span>\n\t\t\t\t\t\t<span class=\"uagb-icon-active uagb-faq-icon-wrap\">\n\t\t\t\t\t\t\t\t<svg xmlns=\"https:\/\/www.w3.org\/2000\/svg\" viewBox= \"0 0 448 512\"><path d=\"M400 288h-352c-17.69 0-32-14.32-32-32.01s14.31-31.99 32-31.99h352c17.69 0 32 14.3 32 31.99S417.7 288 400 288z\"><\/path><\/svg>\n\t\t\t\t\t\t\t<\/span>\n\t\t\t<span class=\"uagb-question\">Kanundaki say\u0131m s\u0131n\u0131rlay\u0131c\u0131 m\u0131d\u0131r?<\/span><\/div><div class=\"uagb-faq-content\"><p>Hay\u0131r. StGB \u00a7 34&#8217;teki liste \u00f6rnekleyicidir. Tipik \u00f6rnekleri belirtir, ancak di\u011fer kar\u015f\u0131la\u015ft\u0131r\u0131labilir durumlar\u0131 d\u0131\u015flamaz. Mahkeme su\u00e7unuzu benzer \u015fekilde azaltan her durumu dikkate alabilir. \u00d6nemli olan olay \u00f6rg\u00fcs\u00fcyle anla\u015f\u0131labilir ba\u011flant\u0131d\u0131r.    <\/p><\/div><\/div><div class=\"wp-block-uagb-faq-child uagb-faq-child__outer-wrap uagb-faq-item uagb-block-faq34-q3 \" role=\"tab\" tabindex=\"0\"><div class=\"uagb-faq-questions-button uagb-faq-questions\">\t\t\t<span class=\"uagb-icon uagb-faq-icon-wrap\">\n\t\t\t\t\t\t\t\t<svg xmlns=\"https:\/\/www.w3.org\/2000\/svg\" viewBox= \"0 0 448 512\"><path d=\"M432 256c0 17.69-14.33 32.01-32 32.01H256v144c0 17.69-14.33 31.99-32 31.99s-32-14.3-32-31.99v-144H48c-17.67 0-32-14.32-32-32.01s14.33-31.99 32-31.99H192v-144c0-17.69 14.33-32.01 32-32.01s32 14.32 32 32.01v144h144C417.7 224 432 238.3 432 256z\"><\/path><\/svg>\n\t\t\t\t\t\t\t<\/span>\n\t\t\t\t\t\t<span class=\"uagb-icon-active uagb-faq-icon-wrap\">\n\t\t\t\t\t\t\t\t<svg xmlns=\"https:\/\/www.w3.org\/2000\/svg\" viewBox= \"0 0 448 512\"><path d=\"M400 288h-352c-17.69 0-32-14.32-32-32.01s14.31-31.99 32-31.99h352c17.69 0 32 14.3 32 31.99S417.7 288 400 288z\"><\/path><\/svg>\n\t\t\t\t\t\t\t<\/span>\n\t\t\t<span class=\"uagb-question\">Hangi hafifletici sebepler uygulamada \u00f6zellikle g\u00fc\u00e7l\u00fc etki yapar?<\/span><\/div><div class=\"uagb-faq-content\"><p>D\u00fczenli olarak g\u00fc\u00e7l\u00fc etki yapanlar erken pi\u015fmanl\u0131kla itiraf, ciddi zarar tazmini, gen\u00e7li\u011fe yak\u0131n ya\u015f veya s\u0131n\u0131rl\u0131 olgunluk ile ikincil fiil kat\u0131l\u0131m\u0131d\u0131r. Ayn\u0131 \u015fekilde anla\u015f\u0131labilir \u015fiddetli duygu hareketi ve kendi kusuru olmayan uzun yarg\u0131lama s\u00fcresi de \u00f6nemlidir. Birden fazla sebep birbirini g\u00fc\u00e7lendirebilir. Genel tablo karar verir.   <\/p><\/div><\/div><div class=\"wp-block-uagb-faq-child uagb-faq-child__outer-wrap uagb-faq-item uagb-block-faq34-q4 \" role=\"tab\" tabindex=\"0\"><div class=\"uagb-faq-questions-button uagb-faq-questions\">\t\t\t<span class=\"uagb-icon uagb-faq-icon-wrap\">\n\t\t\t\t\t\t\t\t<svg xmlns=\"https:\/\/www.w3.org\/2000\/svg\" viewBox= \"0 0 448 512\"><path d=\"M432 256c0 17.69-14.33 32.01-32 32.01H256v144c0 17.69-14.33 31.99-32 31.99s-32-14.3-32-31.99v-144H48c-17.67 0-32-14.32-32-32.01s14.33-31.99 32-31.99H192v-144c0-17.69 14.33-32.01 32-32.01s32 14.32 32 32.01v144h144C417.7 224 432 238.3 432 256z\"><\/path><\/svg>\n\t\t\t\t\t\t\t<\/span>\n\t\t\t\t\t\t<span class=\"uagb-icon-active uagb-faq-icon-wrap\">\n\t\t\t\t\t\t\t\t<svg xmlns=\"https:\/\/www.w3.org\/2000\/svg\" viewBox= \"0 0 448 512\"><path d=\"M400 288h-352c-17.69 0-32-14.32-32-32.01s14.31-31.99 32-31.99h352c17.69 0 32 14.3 32 31.99S417.7 288 400 288z\"><\/path><\/svg>\n\t\t\t\t\t\t\t<\/span>\n\t\t\t<span class=\"uagb-question\">Hafifletici sebepleri nas\u0131l ikna edici \u015fekilde ispatlayabilirim?<\/span><\/div><div class=\"uagb-faq-content\"><p>Somut kan\u0131tlar sununuz. Bunlara \u00e7al\u0131\u015fma onaylar\u0131, e\u011fitim ve referanslar, tazmin i\u00e7in \u00f6deme belgeleri, terapi veya dan\u0131\u015fmanl\u0131k kan\u0131tlar\u0131 ile tan\u0131k ifadeleri ve eksiksiz yarg\u0131lama kronolojileri say\u0131l\u0131r. Kan\u0131tlar ne kadar net olursa, ceza tayinindeki etki o kadar g\u00fc\u00e7l\u00fc olur. Sunum olay ak\u0131\u015f\u0131na uymal\u0131d\u0131r.   <\/p><\/div><\/div><div class=\"wp-block-uagb-faq-child uagb-faq-child__outer-wrap uagb-faq-item uagb-block-faq34-q5 \" role=\"tab\" tabindex=\"0\"><div class=\"uagb-faq-questions-button uagb-faq-questions\">\t\t\t<span class=\"uagb-icon uagb-faq-icon-wrap\">\n\t\t\t\t\t\t\t\t<svg xmlns=\"https:\/\/www.w3.org\/2000\/svg\" viewBox= \"0 0 448 512\"><path d=\"M432 256c0 17.69-14.33 32.01-32 32.01H256v144c0 17.69-14.33 31.99-32 31.99s-32-14.3-32-31.99v-144H48c-17.67 0-32-14.32-32-32.01s14.33-31.99 32-31.99H192v-144c0-17.69 14.33-32.01 32-32.01s32 14.32 32 32.01v144h144C417.7 224 432 238.3 432 256z\"><\/path><\/svg>\n\t\t\t\t\t\t\t<\/span>\n\t\t\t\t\t\t<span class=\"uagb-icon-active uagb-faq-icon-wrap\">\n\t\t\t\t\t\t\t\t<svg xmlns=\"https:\/\/www.w3.org\/2000\/svg\" viewBox= \"0 0 448 512\"><path d=\"M400 288h-352c-17.69 0-32-14.32-32-32.01s14.31-31.99 32-31.99h352c17.69 0 32 14.3 32 31.99S417.7 288 400 288z\"><\/path><\/svg>\n\t\t\t\t\t\t\t<\/span>\n\t\t\t<span class=\"uagb-question\">A\u011f\u0131rla\u015ft\u0131r\u0131c\u0131 sebeplerle tart\u0131\u015fma nas\u0131l yap\u0131l\u0131r?<\/span><\/div><div class=\"uagb-faq-content\"><p>Mahkeme hafifletici sebepleri a\u011f\u0131rla\u015ft\u0131r\u0131c\u0131 sebeplerle kar\u015f\u0131 kar\u015f\u0131ya getirir ve her \u015feyi ceza tayini ilkelerine g\u00f6re de\u011ferlendirir. \u00c7ifte de\u011ferlendirme hukuka ayk\u0131r\u0131d\u0131r. Belirleyici olan hangi fakt\u00f6rlerin su\u00e7u ger\u00e7ekten art\u0131rd\u0131\u011f\u0131 veya azaltt\u0131\u011f\u0131d\u0131r. Sonu\u00e7 h\u00fck\u00fcmde \u015feffaf \u015fekilde gerek\u00e7elendirilmelidir.   <\/p><\/div><\/div><div class=\"wp-block-uagb-faq-child uagb-faq-child__outer-wrap uagb-faq-item uagb-block-faq34-q6 \" role=\"tab\" tabindex=\"0\"><div class=\"uagb-faq-questions-button uagb-faq-questions\">\t\t\t<span class=\"uagb-icon uagb-faq-icon-wrap\">\n\t\t\t\t\t\t\t\t<svg xmlns=\"https:\/\/www.w3.org\/2000\/svg\" viewBox= \"0 0 448 512\"><path d=\"M432 256c0 17.69-14.33 32.01-32 32.01H256v144c0 17.69-14.33 31.99-32 31.99s-32-14.3-32-31.99v-144H48c-17.67 0-32-14.32-32-32.01s14.33-31.99 32-31.99H192v-144c0-17.69 14.33-32.01 32-32.01s32 14.32 32 32.01v144h144C417.7 224 432 238.3 432 256z\"><\/path><\/svg>\n\t\t\t\t\t\t\t<\/span>\n\t\t\t\t\t\t<span class=\"uagb-icon-active uagb-faq-icon-wrap\">\n\t\t\t\t\t\t\t\t<svg xmlns=\"https:\/\/www.w3.org\/2000\/svg\" viewBox= \"0 0 448 512\"><path d=\"M400 288h-352c-17.69 0-32-14.32-32-32.01s14.31-31.99 32-31.99h352c17.69 0 32 14.3 32 31.99S417.7 288 400 288z\"><\/path><\/svg>\n\t\t\t\t\t\t\t<\/span>\n\t\t\t<span class=\"uagb-question\">Kabul edilen hafifletici sebebin hangi sonu\u00e7lar\u0131 olabilir?<\/span><\/div><div class=\"uagb-faq-content\"><p>Kabul edilen hafifletici sebepler ceza miktar\u0131n\u0131 d\u00fc\u015f\u00fcr\u00fcr. S\u0131kl\u0131kla bu \u00e7er\u00e7evenin alt b\u00f6l\u00fcm\u00fcnde daha hafif yapt\u0131r\u0131ma veya \u015fartl\u0131 ertelemeye yol a\u00e7ar. Uygun vakalarda hapis cezas\u0131 yerine para cezas\u0131 s\u00f6z konusu olabilir. Kan\u0131tlar\u0131n zaman\u0131nda g\u00fcvence alt\u0131na al\u0131nmas\u0131 i\u00e7in savunman\u0131zla erken konu\u015funuz.   <\/p><\/div><\/div><a class=\"mr-cta-link mr-cta-button-cal\" href=\"#h2-booking\" title=\"\u00dccretsiz ilk g\u00f6r\u00fc\u015fme\"><span class=\"mr-cta-link-normal\">\u015eimdi istedi\u011finiz tarihi se\u00e7in:<\/span><span class=\"mr-cta-link-bold\">\u00dccretsiz ilk g\u00f6r\u00fc\u015fme<\/span><\/a>\n<\/div>\n<p class=\"wp-block-paragraph\"><\/p>\n","protected":false},"excerpt":{"rendered":"Ceza Tayininde \u00d6zel Hafifletici Sebepler \u00d6zel hafifletici sebepler, cezaland\u0131r\u0131labilir bir davran\u0131\u015f mevcut olmas\u0131na ra\u011fmen bireysel su\u00e7un daha az a\u011f\u0131r bast\u0131\u011f\u0131n\u0131 g\u00f6steren durumlard\u0131r. Bunlar ki\u015fiyi, g\u00fcd\u00fcleri, i\u015fleni\u015f \u015feklini ve sonu\u00e7lar\u0131 ilgilendirir &#8230;","protected":false},"author":25,"featured_media":50761,"parent":41194,"menu_order":5,"comment_status":"closed","ping_status":"closed","template":"","meta":{"_acf_changed":false,"_uag_custom_page_level_css":"","footnotes":""},"categories":[821],"tags":[],"class_list":["post-50759","page","type-page","status-publish","has-post-thumbnail","hentry","category-ceza-hukuku"],"acf":[],"uagb_featured_image_src":{"full":["https:\/\/harlander-partner.eu\/wp-content\/uploads\/Besondere-Milderungsgruende-der-Strafbemessung.webp",1920,1080,false],"thumbnail":["https:\/\/harlander-partner.eu\/wp-content\/uploads\/Besondere-Milderungsgruende-der-Strafbemessung-100x100.webp",100,100,true],"medium":["https:\/\/harlander-partner.eu\/wp-content\/uploads\/Besondere-Milderungsgruende-der-Strafbemessung-800x450.webp",800,450,true],"medium_large":["https:\/\/harlander-partner.eu\/wp-content\/uploads\/Besondere-Milderungsgruende-der-Strafbemessung.webp",1920,1080,false],"large":["https:\/\/harlander-partner.eu\/wp-content\/uploads\/Besondere-Milderungsgruende-der-Strafbemessung.webp",1920,1080,false],"1536x1536":["https:\/\/harlander-partner.eu\/wp-content\/uploads\/Besondere-Milderungsgruende-der-Strafbemessung.webp",1536,864,false],"2048x2048":["https:\/\/harlander-partner.eu\/wp-content\/uploads\/Besondere-Milderungsgruende-der-Strafbemessung.webp",1920,1080,false],"336x":["https:\/\/harlander-partner.eu\/wp-content\/uploads\/Besondere-Milderungsgruende-der-Strafbemessung-336x189.webp",336,189,true],"352x":["https:\/\/harlander-partner.eu\/wp-content\/uploads\/Besondere-Milderungsgruende-der-Strafbemessung-352x198.webp",352,198,true],"woocommerce_thumbnail":["https:\/\/harlander-partner.eu\/wp-content\/uploads\/Besondere-Milderungsgruende-der-Strafbemessung-300x300.webp",300,300,true],"woocommerce_single":["https:\/\/harlander-partner.eu\/wp-content\/uploads\/Besondere-Milderungsgruende-der-Strafbemessung-600x338.webp",600,338,true],"woocommerce_gallery_thumbnail":["https:\/\/harlander-partner.eu\/wp-content\/uploads\/Besondere-Milderungsgruende-der-Strafbemessung-100x100.webp",100,100,true],"yarpp-thumbnail":["https:\/\/harlander-partner.eu\/wp-content\/uploads\/Besondere-Milderungsgruende-der-Strafbemessung-120x120.webp",120,120,true]},"uagb_author_info":{"display_name":"Simon Prem","author_link":"https:\/\/harlander-partner.eu\/tr\/author\/simon-prem\/"},"uagb_comment_info":0,"uagb_excerpt":"Ceza Tayininde \u00d6zel Hafifletici Sebepler \u00d6zel hafifletici sebepler, cezaland\u0131r\u0131labilir bir davran\u0131\u015f mevcut olmas\u0131na ra\u011fmen bireysel su\u00e7un daha az a\u011f\u0131r bast\u0131\u011f\u0131n\u0131 g\u00f6steren durumlard\u0131r. Bunlar ki\u015fiyi, g\u00fcd\u00fcleri, i\u015fleni\u015f \u015feklini ve sonu\u00e7lar\u0131 ilgilendirir ...","_links":{"self":[{"href":"https:\/\/harlander-partner.eu\/tr\/wp-json\/wp\/v2\/pages\/50759","targetHints":{"allow":["GET"]}}],"collection":[{"href":"https:\/\/harlander-partner.eu\/tr\/wp-json\/wp\/v2\/pages"}],"about":[{"href":"https:\/\/harlander-partner.eu\/tr\/wp-json\/wp\/v2\/types\/page"}],"author":[{"embeddable":true,"href":"https:\/\/harlander-partner.eu\/tr\/wp-json\/wp\/v2\/users\/25"}],"replies":[{"embeddable":true,"href":"https:\/\/harlander-partner.eu\/tr\/wp-json\/wp\/v2\/comments?post=50759"}],"version-history":[{"count":0,"href":"https:\/\/harlander-partner.eu\/tr\/wp-json\/wp\/v2\/pages\/50759\/revisions"}],"up":[{"embeddable":true,"href":"https:\/\/harlander-partner.eu\/tr\/wp-json\/wp\/v2\/pages\/41194"}],"wp:featuredmedia":[{"embeddable":true,"href":"https:\/\/harlander-partner.eu\/tr\/wp-json\/wp\/v2\/media\/50761"}],"wp:attachment":[{"href":"https:\/\/harlander-partner.eu\/tr\/wp-json\/wp\/v2\/media?parent=50759"}],"wp:term":[{"taxonomy":"category","embeddable":true,"href":"https:\/\/harlander-partner.eu\/tr\/wp-json\/wp\/v2\/categories?post=50759"},{"taxonomy":"post_tag","embeddable":true,"href":"https:\/\/harlander-partner.eu\/tr\/wp-json\/wp\/v2\/tags?post=50759"}],"curies":[{"name":"wp","href":"https:\/\/api.w.org\/{rel}","templated":true}]}}