{"id":45147,"date":"2024-07-17T09:39:51","date_gmt":"2024-07-17T07:39:51","guid":{"rendered":"https:\/\/harlander-partner.eu\/ikame-gecis-ucreti-ve-ceza-karari\/"},"modified":"2025-11-25T13:48:24","modified_gmt":"2025-11-25T12:48:24","slug":"ikame-gecis-ucreti-ve-ceza-karari","status":"publish","type":"page","link":"https:\/\/harlander-partner.eu\/tr\/trafik-hukuku\/ikame-gecis-ucreti-ve-ceza-karari\/","title":{"rendered":"\u0130kame Ge\u00e7i\u015f \u00dccreti ve Ceza Karar\u0131"},"content":{"rendered":"\n<div class=\"wp-block-yoast-seo-table-of-contents yoast-table-of-contents\"><h2>Avusturya&#8217;da Ge\u00e7i\u015f \u00dccreti Cezalar\u0131<\/h2><ul><li><a href=\"#h-mautpflicht-in-osterreich\" data-level=\"2\">Avusturya&#8217;da Ge\u00e7i\u015f \u00dccreti Zorunlulu\u011fu<\/a><ul><li><a href=\"#h-vignette-und-go-box\" data-level=\"3\">Vinyet ve Go-Box<\/a><\/li><li><a href=\"#h-vignette-fur-fahrzeuge-bis-3-5-tonnen\" data-level=\"3\">3,5 Tona Kadar Olan Ara\u00e7lar \u0130\u00e7in Vinyet<\/a><\/li><li><a href=\"#h-kosten-der-vignette-in-osterreich-2024\" data-level=\"3\">2024 Avusturya Vinyet \u00dccretleri<\/a><\/li><li><a href=\"#h-vignette-auto-2024\" data-level=\"3\">2024 Otomobil Vinyeti<\/a><\/li><li><a href=\"#h-vignette-motorrad-2024\" data-level=\"3\">2024 Motosiklet Vinyeti<\/a><\/li><li><a href=\"#h-go-box-fur-fahrzeuge-uber-3-5-tonnen\" data-level=\"3\">3,5 Ton \u00dczeri Ara\u00e7lar \u0130\u00e7in Go-Box<\/a><\/li><li><a href=\"#h-mautfreie-streckenabschnitte-in-osterreich\" data-level=\"3\">Avusturya&#8217;da Ge\u00e7i\u015f \u00dccreti Olmayan Yol Kesimleri<\/a><\/li><li><a href=\"#h-fahrzeuge-uber-3-5-tonnen-auf-den-mautfreien-streckenabschnitten\" data-level=\"3\">Ge\u00e7i\u015f \u00dccreti Olmayan Yol Kesimlerinde 3,5 Ton \u00dczeri Ara\u00e7lar<\/a><\/li><li><a href=\"#h-besondere-streckenmaut\" data-level=\"3\">\u00d6zel Ge\u00e7i\u015f \u00dccreti<\/a><\/li><li><a href=\"#h-andere-mautpflichtige-strassenabschnitte\" data-level=\"3\">Di\u011fer \u00dccretli Yol Kesimleri<\/a><\/li><\/ul><\/li><li><a href=\"#h-kontrolle-der-maut\" data-level=\"2\">Ge\u00e7i\u015f \u00dccreti Kontrol\u00fc<\/a><\/li><li><a href=\"#h-strafbarkeit-des-mautprellens\" data-level=\"2\">Ge\u00e7i\u015f \u00dccreti Ka\u00e7ak\u00e7\u0131l\u0131\u011f\u0131n\u0131n Cezai Sorumlulu\u011fu<\/a><\/li><li><a href=\"#h-ersatzmaut\" data-level=\"2\">\u0130kame Ge\u00e7i\u015f \u00dccreti<\/a><ul><li><a href=\"#h-haufige-grunde-fur-die-verhangung-der-ersatzmaut\" data-level=\"3\">\u0130kame Ge\u00e7i\u015f \u00dccreti Uygulamas\u0131n\u0131n Yayg\u0131n Nedenleri<\/a><\/li><li><a href=\"#h-hohe-der-ersatzmaut-2024\" data-level=\"3\">2024 \u0130kame Ge\u00e7i\u015f \u00dccreti Tutar\u0131<\/a><\/li><li><a href=\"#h-ersatzmaut-auto-2024\" data-level=\"3\">2024 Otomobil \u0130kame Ge\u00e7i\u015f \u00dccreti<\/a><\/li><li><a href=\"#h-ersatzmaut-motorrad-2024\" data-level=\"3\">2024 Motosiklet \u0130kame Ge\u00e7i\u015f \u00dccreti<\/a><\/li><li><a href=\"#h-ersatzmaut-fur-fahrzeuge-uber-3-5-tonnen-2024\" data-level=\"3\">2024 3,5 Ton \u00dczeri Ara\u00e7lar \u0130\u00e7in \u0130kame Ge\u00e7i\u015f \u00dccreti<\/a><\/li><li><a href=\"#h-aufforderung-durch-mautaufsichtsorgane\" data-level=\"3\">Ge\u00e7i\u015f \u00dccreti Denetim G\u00f6revlileri Taraf\u0131ndan Uyar\u0131<\/a><\/li><li><a href=\"#h-dienstliche-wahrnehmung-bei-abwesenheit-des-lenkers\" data-level=\"3\">S\u00fcr\u00fcc\u00fcn\u00fcn Yoklu\u011funda Resmi Tespit<\/a><\/li><li><a href=\"#h-aufforderungsverfahren-im-nachhinein\" data-level=\"3\">Sonradan Uyar\u0131 Prosed\u00fcr\u00fc<\/a><\/li><li><a href=\"#h-verlust-der-aufforderung-zur-bezahlung-der-ersatzmaut\" data-level=\"3\">\u0130kame Ge\u00e7i\u015f \u00dccreti \u00d6deme Talebinin Kayb\u0131<\/a><\/li><li><a href=\"#h-art-der-bezahlung\" data-level=\"3\">\u00d6deme \u015eekli<\/a><\/li><li><a href=\"#h-unterbleiben-der-bestrafung\" data-level=\"3\">Cezaland\u0131rman\u0131n Durdurulmas\u0131<\/a><\/li><\/ul><\/li><li><a href=\"#h-strafverfugung\" data-level=\"2\">Ceza Karar\u0131<\/a><\/li><li><a href=\"#h-rechtsmittel\" data-level=\"2\">Kanun Yollar\u0131<\/a><\/li><\/ul><\/div>\n\n<h2 class=\"wp-block-heading\" id=\"h-mautpflicht-in-osterreich\">Avusturya&#8217;da Ge\u00e7i\u015f \u00dccreti Zorunlulu\u011fu<\/h2>\n\n<p class=\"wp-block-paragraph\">1997&#8217;den beri Avusturya&#8217;daki otoyollar\u0131 ve ekspres yollar\u0131 kullanmak i\u00e7in <strong>ASFINAG<\/strong> Otoyollar ve Ekspres Yollar Finansman Anonim \u015eirketi&#8217;ne yol ge\u00e7i\u015f \u00fccreti \u00f6denmesi gerekmektedir.<\/p>\n<div itemprop=\"dateline\" class=\"dateline\">Yay\u0131nlanma tarihi:  25.11.2025 von <a href=\"https:\/\/harlander-partner.eu\/rechtsanwalt-sebastian-riedlmair\/\" rel=\"author\" title=\"Avukat Mag. Peter Harlander\">Avukat Mag. Peter Harlander<\/a><\/div>\r\n\t<picture>\r\n\t\t<source srcset=\"https:\/\/harlander-partner.eu\/wp-content\/uploads\/ersatzmaut-strafverfuegung-352x198.webp\" media=\"(max-width: 360px)\" >\r\n\t\t<source srcset=\"https:\/\/harlander-partner.eu\/wp-content\/uploads\/ersatzmaut-strafverfuegung-800x450.webp\" media=\"(min-width: 361px)\" >\r\n\t\t<img decoding=\"async\" class=\"mr-picture-large\" src=\"https:\/\/harlander-partner.eu\/wp-content\/uploads\/ersatzmaut-strafverfuegung.webp\" alt=\"Avusturya'da vinyet veya Go-Box nedeniyle ikame ge\u00e7i\u015f \u00fccreti veya ceza karar\u0131 m\u0131 ald\u0131n\u0131z? Trafik hukuku avukatlar\u0131m\u0131z \u00e7\u00f6z\u00fcm sunuyor.\" >\r\n\t<\/picture>\n\n<p class=\"wp-block-paragraph\">Yol ge\u00e7i\u015f \u00fccreti \u00f6denmemesi durumunda ikame ge\u00e7i\u015f \u00fccreti talep edilir veya ceza karar\u0131 d\u00fczenlenir. <a href=\"https:\/\/harlander-partner.eu\/tr\/trafik-hukuku\/\">Trafik hukuku<\/a> avukatlar\u0131m\u0131z size t\u00fcm detaylar\u0131 a\u00e7\u0131klayacakt\u0131r. <\/p>\n    <div class=\"mr-quote mrbg clearfix\">\n        <a class=\"mr-quote-person\" href=\"\/ueber-uns\/rechtsanwalt-sebastian-riedlmair\/\" title=\"Rechtsanwalt Sebastian Riedlmair\">\n            <img decoding=\"async\" class=\"mr-quote-person-img\" src=\"https:\/\/harlander-partner.eu\/wp-content\/themes\/harlander\/design\/sr100.webp\" width=\"100\"\n                 height=\"100\" loading=\"lazy\" alt=\"Rechtsanwalt Sebastian Riedlmair\">\n            <span class=\"mr-quote-person-text\">\n            Sebastian Riedlmair<br>\n            <span class=\"mr-quote-person-function\">Harlander &amp; Partner Rechtsanw\u00e4lte<\/span>\n        <\/span>\n        <\/a>\n        <span class=\"mr-quote-content\">\u201eEin Rechtsmittel gegen die Ersatzmaut oder die Strafverf\u00fcgung macht nur bei eindeutig nachweisbaren Fehlern der ASFINAG oder bei Vorliegen einer Rechtsschutzversicherung Sinn. Ansonsten raten wir aus Kostengr\u00fcnden zur Zahlung der Ersatzmaut bzw. der Verwaltungsstrafe.\u201c<\/span>\n    <\/div>\n<a class=\"mr-cta-link mr-cta-button-cal\" href=\"#h2-booking\" title=\"\u00dccretsiz ilk g\u00f6r\u00fc\u015fme\"><span class=\"mr-cta-link-normal\">\u015eimdi istedi\u011finiz tarihi se\u00e7in:<\/span><span class=\"mr-cta-link-bold\">\u00dccretsiz ilk g\u00f6r\u00fc\u015fme<\/span><\/a>\n\n<h3 class=\"wp-block-heading\" id=\"h-vignette-und-go-box\">Vinyet ve Go-Box<\/h3>\n\n<p class=\"wp-block-paragraph\">Ge\u00e7i\u015f \u00fccreti tahsilat\u0131 <strong>ASFINAG<\/strong> Otoyollar ve Ekspres Yollar Finansman Anonim \u015eirketi taraf\u0131ndan yap\u0131lmaktad\u0131r. Bunun i\u00e7in farkl\u0131 sistemler mevcuttur: <\/p>\n\n<h3 class=\"wp-block-heading\" id=\"h-vignette-fur-fahrzeuge-bis-3-5-tonnen\">3,5 Tona Kadar Olan Ara\u00e7lar \u0130\u00e7in Vinyet<\/h3>\n\n<p class=\"wp-block-paragraph\">\u00dccretli yola girmeden <strong>\u00f6nce<\/strong> ya \u00f6n cama yap\u0131\u015ft\u0131rmal\u0131 vinyet yap\u0131\u015ft\u0131r\u0131lmal\u0131 ya da zaman\u0131nda dijital vinyet sat\u0131n al\u0131nmal\u0131d\u0131r.<\/p>\n\n<p class=\"wp-block-paragraph\"><strong>Yap\u0131\u015ft\u0131rmal\u0131 vinyet<\/strong> i\u00e7in ge\u00e7erlilik s\u00fcresinin <strong>do\u011fru delinmesi<\/strong> ve \u00f6n cama <strong>kurallara uygun \u015fekilde yap\u0131\u015ft\u0131r\u0131lmas\u0131<\/strong> gerekmektedir. Hata durumunda vinyet ge\u00e7ersizdir. <\/p>\n\n<p class=\"wp-block-paragraph\"><strong>Dijital vinyet<\/strong> sat\u0131n al\u0131rken <strong>resmi plaka numaras\u0131n\u0131n do\u011fru girilmesine<\/strong> ve <strong>\u00fclke kodunun do\u011fru se\u00e7ilmesine<\/strong> dikkat edilmelidir. Ayr\u0131ca t\u00fcketiciler <strong>18 g\u00fcnl\u00fck cayma s\u00fcresini<\/strong> beklemek zorundad\u0131r (veya tek alternatif olarak hemen ge\u00e7erli olan yap\u0131\u015ft\u0131rmal\u0131 vinyet sat\u0131n alabilirler). Son olarak, <strong>ikamet de\u011fi\u015fikli\u011fi nedeniyle plaka de\u011fi\u015fikli\u011fi<\/strong> durumunda de\u011fi\u015fiklik ASFINAG&#8217;a bildirilmelidir.  <\/p>\n\n<h3 class=\"wp-block-heading\" id=\"h-kosten-der-vignette-in-osterreich-2024\">2024 Avusturya Vinyet \u00dccretleri<\/h3>\n\n<p class=\"wp-block-paragraph\"><strong>D\u00f6rt vinyet tipi<\/strong> mevcuttur ve otomobiller i\u00e7in \u00fccretler motosikletlere g\u00f6re daha y\u00fcksektir:<\/p>\n\n<div class=\"wp-block-columns\">\n<div class=\"wp-block-column mr-column-lightgrey\">\n<h3 class=\"wp-block-heading\" id=\"h-vignette-auto-2024\">2024 Otomobil Vinyeti<\/h3>\n\n\n\n<ul class=\"wp-block-list icon\">\n<li>1 g\u00fcnl\u00fck vinyet: <strong>8,60 \u20ac<\/strong><\/li>\n\n\n\n<li>10 g\u00fcnl\u00fck vinyet: <strong>11,50 \u20ac<\/strong><\/li>\n\n\n\n<li>2 ayl\u0131k vinyet: <strong>28,90 \u20ac<\/strong><\/li>\n\n\n\n<li>Y\u0131ll\u0131k vinyet: <strong>96,40 \u20ac<\/strong><\/li>\n<\/ul>\n<\/div>\n\n\n\n<div class=\"wp-block-column mr-column-lightgrey\">\n<h3 class=\"wp-block-heading\" id=\"h-vignette-motorrad-2024\">2024 Motosiklet Vinyeti<\/h3>\n\n\n\n<ul id=\"block-ccedcdec-40f6-4dd4-9064-5f2f97a1ed2e\" class=\"wp-block-list icon\">\n<li>1 g\u00fcnl\u00fck vinyet: <strong>3,40 \u20ac<\/strong><\/li>\n\n\n\n<li>10 g\u00fcnl\u00fck vinyet: <strong>4,60 \u20ac<\/strong><\/li>\n\n\n\n<li>2 ayl\u0131k vinyet: <strong>11,50 \u20ac<\/strong><\/li>\n\n\n\n<li>Y\u0131ll\u0131k vinyet: <strong>38,50 \u20ac<\/strong><\/li>\n<\/ul>\n<\/div>\n<\/div>\n\n<h3 class=\"wp-block-heading\" id=\"h-go-box-fur-fahrzeuge-uber-3-5-tonnen\">3,5 Ton \u00dczeri Ara\u00e7lar \u0130\u00e7in Go-Box<\/h3>\n\n<p class=\"wp-block-paragraph\"><strong>Teknik olarak izin verilen toplam k\u00fctlesi (tizin)<\/strong> 3,5 tonun \u00fczerindeki motorlu ta\u015f\u0131tlar i\u00e7in \u2013 t\u00fcm kamyonlar, otob\u00fcsler ve a\u011f\u0131r karavanlar dahil \u2013 Avusturya otoyollar\u0131 ve ekspres yollar\u0131nda kilometre bazl\u0131 bir \u00fccret ge\u00e7erlidir: <strong>GO-\u00dccreti<\/strong>.<\/p>\n\n<h4 class=\"wp-block-heading\" id=\"h-go-box\">Go-Box<\/h4>\n\n<p class=\"wp-block-paragraph\">3,5 ton \u00fczeri (tizin) arac\u0131n\u0131z i\u00e7in bir Avusturya otoyolu veya ekspres yolunu kullanmadan \u00f6nce bir <strong>GO-Box<\/strong> veya di\u011fer sa\u011flay\u0131c\u0131lar\u0131n onayl\u0131 ara\u00e7 cihazlar\u0131ndan birini (\u00f6rn. emotach, Toll Collect) etkinle\u015ftirmeniz gerekmektedir.<\/p>\n\n<p class=\"wp-block-paragraph\">GO-Box, <a href=\"https:\/\/www.asfinag.at\/maut-vignette\/vertriebsstellen\/\"><strong>GO-Sat\u0131\u015f noktalar\u0131ndan<\/strong><\/a> temin edilebilir. GO-Box ile zorunlu Go-\u00dccretini \u00f6deyebilirsiniz. <\/p>\n\n<h4 class=\"wp-block-heading\" id=\"h-mauthohe\">Ge\u00e7i\u015f \u00dccreti Tutar\u0131<\/h4>\n\n<p class=\"wp-block-paragraph\"><strong>Tarife<\/strong>, gidilen mesafeye, aks say\u0131s\u0131na, hava kirlili\u011fine, g\u00fcr\u00fclt\u00fc kirlili\u011fine ve arac\u0131n emisyon de\u011ferlerine ba\u011fl\u0131d\u0131r. Bunun i\u00e7in tarife ile ilgili \u00f6zellikler, yani <strong>CO\u2082 emisyon s\u0131n\u0131f\u0131<\/strong> ve <strong>EURO emisyon s\u0131n\u0131f\u0131<\/strong>, <strong>uygun belgelendirme dok\u00fcmanlar\u0131<\/strong> ile kan\u0131tlanmal\u0131d\u0131r. <strong>CO\u2082 emisyon s\u0131n\u0131f\u0131 1<\/strong> ve <strong>EURO emisyon s\u0131n\u0131flar\u0131 III, II<\/strong> ve <strong>I<\/strong> i\u00e7in kan\u0131t zorunlulu\u011fu yoktur. Bunlar zaten en y\u00fcksek tarife grubuna dahil edilmektedir.   <\/p>\n\n<p class=\"wp-block-paragraph\">Kan\u0131tlar <strong>\u00f6nceden<\/strong> veya kan\u0131t gerektiren bir tarife \u00f6zelli\u011finin bildirilmesinden itibaren <strong>30 g\u00fcn i\u00e7inde<\/strong> bir GO-Sat\u0131\u015f noktas\u0131ndan <strong>ASFINAG<\/strong>&#8216;a iletilmelidir. Tarife ile ilgili \u00f6zellikler ancak <strong>ASFINAG taraf\u0131ndan kan\u0131t incelemesi ve onay\u0131 yap\u0131ld\u0131ktan sonra<\/strong> ba\u015far\u0131yla kan\u0131tlanm\u0131\u015f say\u0131l\u0131r. GO-Sat\u0131\u015f noktas\u0131 kan\u0131t belgelerini incelemez.   <\/p>\n\n<p class=\"wp-block-paragraph\">Kan\u0131t i\u00e7in kesinlikle gerekli olan:<\/p>\n\n<ul class=\"wp-block-list\">\n<li>Motorlu ta\u015f\u0131t\u0131n <strong>ruhsat\u0131<\/strong><\/li>\n<\/ul>\n\n<p class=\"wp-block-paragraph\">Tarife ile ilgili \u00f6zellikler ruhsattan a\u00e7\u0131k\u00e7a anla\u015f\u0131lam\u0131yorsa, ek kan\u0131t belgeleri gereklidir. Bunlar \u00f6zellikle: <\/p>\n\n<ul class=\"wp-block-list\">\n<li>M\u00fc\u015fteri Bilgi Dosyas\u0131 (CIF)<\/li>\n\n\n\n<li>Uygunluk Belgesi (CoC)<\/li>\n\n\n\n<li>Bir motorlu ta\u015f\u0131t\u0131n teknik ve g\u00fcvenlik gereksinimlerine uygunlu\u011funa dair CEMT belgesi<\/li>\n\n\n\n<li>\u00dcretim Uygunlu\u011fu (CoP) <\/li>\n<\/ul>\n\n<p class=\"wp-block-paragraph\"><strong>Deneme plakas\u0131<\/strong>, <strong>ge\u00e7ici plaka<\/strong> ve <strong>de\u011fi\u015fken plaka<\/strong> ta\u015f\u0131yan ara\u00e7lar i\u00e7in \u00f6zel d\u00fczenlemeler mevcuttur.<\/p>\n\n<h4 class=\"wp-block-heading\" id=\"h-bezahlung\">\u00d6deme<\/h4>\n\n<p class=\"wp-block-paragraph\"><strong>\u00d6deme<\/strong> ya pe\u015fin (Pre-Pay) ya da sonradan (Post-Pay) yap\u0131l\u0131r.<\/p>\n\n<p class=\"wp-block-paragraph\"><strong>\u00d6deme yap\u0131lmamas\u0131<\/strong> (\u00f6rn. yetersiz ge\u00e7i\u015f \u00fccreti bakiyesi veya bloke edilmi\u015f GO-Box) <strong>veya k\u0131smi \u00f6deme<\/strong> (yanl\u0131\u015f aks say\u0131s\u0131 ayar\u0131 veya yanl\u0131\u015f tarife \u00f6zellikleri) durumunda, ge\u00e7i\u015f \u00fccreti <strong>5 saat ve 100 km i\u00e7inde bir GO-Sat\u0131\u015f noktas\u0131nda<\/strong> \u00f6denebilir.<\/p>\n\n<p class=\"wp-block-paragraph\"><strong>K\u0131smi \u00f6deme durumunda<\/strong> (yanl\u0131\u015f aks say\u0131s\u0131 ayar\u0131 veya yanl\u0131\u015f tarife \u00f6zellikleri) ge\u00e7i\u015f \u00fccreti 96 saat i\u00e7inde ASFINAG Servis Merkezi&#8217;ni 0800 400 12 400 (Avusturya ve Almanya&#8217;dan \u00fccretsiz) veya +43 1 955 1266 numaralar\u0131ndan arayarak ya da SelfCare-Portal \u00fczerinden \u00f6denebilir.<\/p>\n\n<p class=\"wp-block-paragraph\"><strong>\u00d6deme yap\u0131lmamas\u0131 veya ge\u00e7 \u00f6deme<\/strong> durumunda bir <strong>ikame ge\u00e7i\u015f \u00fccreti<\/strong> veya bir <strong>idari para cezas\u0131<\/strong> \u00f6denmelidir.<\/p>\n\n<h3 class=\"wp-block-heading\" id=\"h-mautfreie-streckenabschnitte-in-osterreich\">Avusturya&#8217;da Ge\u00e7i\u015f \u00dccreti Olmayan Yol Kesimleri<\/h3>\n\n<p class=\"wp-block-paragraph\">Avusturya otoyollar\u0131n\u0131n ge\u00e7i\u015f \u00fccreti olmayan kesimleri <strong>3,5 tona kadar olan ara\u00e7lar i\u00e7in \u00fccretsizdir<\/strong>. 3,5 tona kadar olan ara\u00e7lar ge\u00e7i\u015f \u00fccreti olmayan yol kesimlerinde <strong>vinyet gerektirmez<\/strong>. <\/p>\n\n<ul class=\"wp-block-list\">\n<li><strong>A1<\/strong> Bat\u0131 Otoyolu (Walserberg s\u0131n\u0131r ge\u00e7i\u015finden Salzburg-Kuzey&#8217;e), Salzburg Eyaleti<\/li>\n\n\n\n<li><strong>A12<\/strong> Inn Vadisi Otoyolu (Kiefersfelden s\u0131n\u0131r ge\u00e7i\u015finden Kufstein-G\u00fcney&#8217;e), Tirol<\/li>\n\n\n\n<li><strong>A14<\/strong> (H\u00f6rbranz s\u0131n\u0131r ge\u00e7i\u015finden Hohenems&#8217;e), Vorarlberg<\/li>\n\n\n\n<li><strong>A26<\/strong> (Linz Bat\u0131 \u00c7evre Yolu \u2013 halen yap\u0131m a\u015famas\u0131nda), Yukar\u0131 Avusturya<\/li>\n<\/ul>\n\n<p class=\"wp-block-paragraph\">Ge\u00e7i\u015f \u00fccreti olmayan yol kesimlerinin sonunda \u00e7\u0131k\u0131\u015f yapmay\u0131p vinyetsiz olarak 3,5 tona kadar olan bir ara\u00e7la devam edenler, <strong>ikame ge\u00e7i\u015f \u00fccreti<\/strong> veya <strong>ceza karar\u0131<\/strong> ile kar\u015f\u0131 kar\u015f\u0131ya kalabilir.<\/p>\n\n<h3 class=\"wp-block-heading\" id=\"h-fahrzeuge-uber-3-5-tonnen-auf-den-mautfreien-streckenabschnitten\">Ge\u00e7i\u015f \u00dccreti Olmayan Yol Kesimlerinde 3,5 Ton \u00dczeri Ara\u00e7lar<\/h3>\n\n<p class=\"wp-block-paragraph\"><strong>D\u0130KKAT:<\/strong> Ge\u00e7i\u015f \u00fccreti muafiyeti <strong>3,5 ton \u00fczeri ara\u00e7lar i\u00e7in ge\u00e7erli de\u011fildir<\/strong>. Bu ara\u00e7lar\u0131n bu yol kesimlerinde de Go-Box bulundurmas\u0131 ve etkinle\u015ftirmesi zorunludur. <\/p>\n\n<p class=\"wp-block-paragraph\">Ge\u00e7i\u015f \u00fccreti olmayan yol kesimlerini 3,5 ton \u00fczeri bir ara\u00e7la Go-Box etkinle\u015ftirmeden kullananlar da <strong>ikame ge\u00e7i\u015f \u00fccreti<\/strong> veya <strong>ceza karar\u0131<\/strong> ile kar\u015f\u0131 kar\u015f\u0131ya kalabilir.<\/p>\n\n<h3 class=\"wp-block-heading\" id=\"h-besondere-streckenmaut\">\u00d6zel Ge\u00e7i\u015f \u00dccreti<\/h3>\n\n<p class=\"wp-block-paragraph\">\u00d6zel ge\u00e7i\u015f \u00fccreti, Avusturya otoyolunun alt\u0131 kesiminde normal otoyol ge\u00e7i\u015f \u00fccreti yerine \u00f6denmesi gereken \u00fccrettir. \u00d6zel ge\u00e7i\u015f \u00fccretinin nedeni, bu kesimlerdeki b\u00fcy\u00fck otoyol t\u00fcnelleri ve otoyol k\u00f6pr\u00fclerinin \u00f6zellikle y\u00fcksek yap\u0131m maliyetleridir: <\/p>\n\n<ul class=\"wp-block-list\">\n<li>A 13 Brenner Otoyolu<\/li>\n\n\n\n<li>A 10 Tauern Otoyolu (Tauern T\u00fcneli \u2013 Katschberg T\u00fcneli)<\/li>\n\n\n\n<li>S 16 Arlberg Ekspres Yolu<\/li>\n\n\n\n<li>A 11 Karawanken Otoyolu G\u00fcney Y\u00f6n\u00fc<\/li>\n\n\n\n<li>A 9 Pyhrn Otoyolu Bosruck<\/li>\n\n\n\n<li>A 9 Pyhrn Otoyolu Gleinalm<\/li>\n<\/ul>\n\n<p class=\"wp-block-paragraph\">\u00d6zel ge\u00e7i\u015f \u00fccretli yol kesimleri istisnas\u0131z olarak <strong>bariyerli ge\u00e7i\u015f istasyonlar\u0131na<\/strong> sahiptir. \u00dccretler yol kesimine g\u00f6re de\u011fi\u015fmektedir. Her biri i\u00e7in \u00fc\u00e7 se\u00e7enek vard\u0131r: <g id=\"gid_1\">1 ge\u00e7i\u015f, 2 ge\u00e7i\u015f, 365 g\u00fcn<\/g>. Ayr\u0131ca <strong>Go-Box<\/strong> ile de \u00f6deme yap\u0131labilir.   <\/p>\n\n<p class=\"wp-block-paragraph\">Normal otoyolun yanl\u0131\u015fl\u0131kla ge\u00e7i\u015f \u00fccreti \u00f6denmeden kullan\u0131labilmesinin aksine, \u00f6zel ge\u00e7i\u015f \u00fccretli yollarda <strong>hukuki sorunlar<\/strong> ya\u015fanmaz.<\/p>\n\n<h3 class=\"wp-block-heading\" id=\"h-andere-mautpflichtige-strassenabschnitte\">Di\u011fer \u00dccretli Yol Kesimleri<\/h3>\n\n<p class=\"wp-block-paragraph\">\u00dccretli otoyol ve ekspres yollara ek olarak Avusturya&#8217;da ba\u015fka \u00fccretli yollar da vard\u0131r. Bunlar \u00e7o\u011funlukla <strong>alpin gezi noktalar\u0131d\u0131r<\/strong>. Buralarda da genellikle bariyerli ge\u00e7i\u015f istasyonlar\u0131 bulunur ve bu nedenle hukuki sorunlar ya\u015fanmaz.  <\/p>\n<a class=\"mr-cta-link mr-cta-button-cal\" href=\"#h2-booking\" title=\"\u00dccretsiz ilk g\u00f6r\u00fc\u015fme\"><span class=\"mr-cta-link-normal\">\u015eimdi istedi\u011finiz tarihi se\u00e7in:<\/span><span class=\"mr-cta-link-bold\">\u00dccretsiz ilk g\u00f6r\u00fc\u015fme<\/span><\/a>\n\n<h2 class=\"wp-block-heading\" id=\"h-kontrolle-der-maut\">Ge\u00e7i\u015f \u00dccreti Kontrol\u00fc<\/h2>\n\n<p class=\"wp-block-paragraph\">Vinyet zorunlulu\u011funun kontrol\u00fc hem elektronik olarak hem de ara\u00e7lar\u0131 durdurma yetkisine sahip ge\u00e7i\u015f \u00fccreti denetim g\u00f6revlileri taraf\u0131ndan yap\u0131l\u0131r.<\/p>\n\n<h2 class=\"wp-block-heading\" id=\"h-strafbarkeit-des-mautprellens\">Ge\u00e7i\u015f \u00dccreti Ka\u00e7ak\u00e7\u0131l\u0131\u011f\u0131n\u0131n Cezai Sorumlulu\u011fu<\/h2>\n\n<p class=\"wp-block-paragraph\">\u00dccretli yol a\u011f\u0131n\u0131n ge\u00e7erli bir vinyet olmadan \u00fccrete tabi ara\u00e7larla kullan\u0131lmas\u0131 yasakt\u0131r. Bu yasa\u011f\u0131 ihlal eden ara\u00e7 s\u00fcr\u00fcc\u00fcleri, BStMG \u00a7 20 F\u0131kra 1 uyar\u0131nca idari su\u00e7 i\u015flemi\u015f olur ve il\u00e7e idare makam\u0131 taraf\u0131ndan <strong>para cezas\u0131na<\/strong> \u00e7arpt\u0131r\u0131l\u0131r. Ceza tutar\u0131 <strong>300,00 \u20ac<\/strong> ile <strong>3.000,00 \u20ac<\/strong> aras\u0131ndad\u0131r. <\/p>\n\n<p class=\"wp-block-paragraph\">Ancak zaman\u0131nda ikame ge\u00e7i\u015f \u00fccreti \u00f6denirse cezaland\u0131rma yap\u0131lmaz.<\/p>\n\n<h2 class=\"wp-block-heading\" id=\"h-ersatzmaut\">\u0130kame Ge\u00e7i\u015f \u00dccreti<\/h2>\n\n<p class=\"wp-block-paragraph\">\u0130kame ge\u00e7i\u015f \u00fccreti \u00f6deme talebi, bir ge\u00e7i\u015f \u00fccreti denetim g\u00f6revlisi taraf\u0131ndan \u015fahsen, araca yaz\u0131l\u0131 talep b\u0131rak\u0131larak veya posta yoluyla g\u00f6nderilebilir.<\/p>\n\n<h3 class=\"wp-block-heading\" id=\"h-haufige-grunde-fur-die-verhangung-der-ersatzmaut\">\u0130kame Ge\u00e7i\u015f \u00dccreti Uygulamas\u0131n\u0131n Yayg\u0131n Nedenleri<\/h3>\n\n<p class=\"wp-block-paragraph\">\u0130kame ge\u00e7i\u015f \u00fccreti talebi veya idari para cezas\u0131 uygulanmas\u0131n\u0131n bir\u00e7ok nedeni vard\u0131r.<\/p>\n\n<h4 class=\"wp-block-heading\" id=\"h-digitale-vignette\">Dijital Vinyet<\/h4>\n\n<ul class=\"wp-block-list\">\n<li>Dijital vinyette resmi plaka numaras\u0131n\u0131n girilmesinde yaz\u0131m hatas\u0131<\/li>\n\n\n\n<li>Dijital vinyet giri\u015finde yanl\u0131\u015f \u00fclke kodu<\/li>\n\n\n\n<li>18 g\u00fcnl\u00fck cayma s\u00fcresinin beklenmemesi<\/li>\n\n\n\n<li>\u0130kamet de\u011fi\u015fikli\u011finde dijital vinyet plaka de\u011fi\u015fikli\u011finin bildirilmemesi<\/li>\n<\/ul>\n\n<h4 class=\"wp-block-heading\" id=\"h-klebe-vignette\">Yap\u0131\u015ft\u0131rmal\u0131 Vinyet<\/h4>\n\n<ul class=\"wp-block-list\">\n<li>Yeni y\u0131ll\u0131k vinyetin ge\u00e7 sat\u0131n al\u0131nmas\u0131<\/li>\n\n\n\n<li>Vinyetin sonradan sat\u0131n al\u0131nmas\u0131<\/li>\n\n\n\n<li>Yanl\u0131\u015f kullan\u0131m s\u00fcresi veya yanl\u0131\u015f delme<\/li>\n\n\n\n<li>Yap\u0131\u015ft\u0131rmal\u0131 vinyetin hatal\u0131 yap\u0131\u015ft\u0131r\u0131lmas\u0131<\/li>\n<\/ul>\n\n<h4 class=\"wp-block-heading\" id=\"h-go-box-0\">Go-Box<\/h4>\n\n<ul class=\"wp-block-list\">\n<li>Hatal\u0131 veri giri\u015fi<\/li>\n\n\n\n<li>Tarife emisyon s\u0131n\u0131f\u0131n\u0131n 28 takvim g\u00fcn\u00fc i\u00e7inde ruhsat\u0131n yeniden ibraz\u0131 ile kan\u0131tlanmamas\u0131 (acil bildirim s\u00fcresi)<\/li>\n\n\n\n<li>Ge\u00e7i\u015f \u00fccreti olmayan yol kesimlerinin 3,5 ton \u00fczeri bir ara\u00e7la Go-Box etkinle\u015ftirilmeden kullan\u0131lmas\u0131<\/li>\n<\/ul>\n\n<h4 class=\"wp-block-heading\" id=\"h-sonstige-grunde\">Di\u011fer Nedenler<\/h4>\n\n<ul class=\"wp-block-list\">\n<li>A14, A12, A14, A26&#8217;daki ge\u00e7i\u015f \u00fccreti olmayan yol kesimlerinden 3,5 tona kadar olan bir ara\u00e7la ge\u00e7 \u00e7\u0131k\u0131\u015f yap\u0131lmas\u0131 <\/li>\n\n\n\n<li>Ge\u00e7i\u015f \u00fccreti zorunlulu\u011funun g\u00f6zden ka\u00e7\u0131r\u0131lmas\u0131<\/li>\n\n\n\n<li>ASFINAG&#8217;dan ikame ge\u00e7i\u015f \u00fccreti talebi al\u0131nmamas\u0131<\/li>\n\n\n\n<li>\u0130kame ge\u00e7i\u015f \u00fccreti \u00f6deme talimat\u0131nda yaz\u0131m hatas\u0131<\/li>\n<\/ul>\n\n<h3 class=\"wp-block-heading\" id=\"h-hohe-der-ersatzmaut-2024\">2024 \u0130kame Ge\u00e7i\u015f \u00dccreti Tutar\u0131<\/h3>\n\n<p class=\"wp-block-paragraph\">\u0130kame ge\u00e7i\u015f \u00fccreti tutar\u0131 otomobiller ve motosikletler i\u00e7in farkl\u0131d\u0131r.<\/p>\n\n<div class=\"wp-block-columns\">\n<div class=\"wp-block-column mr-column-lightgrey\">\n<h3 class=\"wp-block-heading\" id=\"h-ersatzmaut-auto-2024\">2024 Otomobil \u0130kame Ge\u00e7i\u015f \u00dccreti<\/h3>\n\n\n\n<ul class=\"wp-block-list icon\">\n<li>\u0130kame ge\u00e7i\u015f \u00fccreti: <strong>120,00 \u20ac<\/strong><\/li>\n<\/ul>\n<\/div>\n\n\n\n<div class=\"wp-block-column mr-column-lightgrey\">\n<h3 class=\"wp-block-heading\" id=\"h-ersatzmaut-motorrad-2024\">2024 Motosiklet \u0130kame Ge\u00e7i\u015f \u00dccreti<\/h3>\n\n\n\n<ul id=\"block-ccedcdec-40f6-4dd4-9064-5f2f97a1ed2e\" class=\"wp-block-list icon\">\n<li>\u0130kame ge\u00e7i\u015f \u00fccreti: <strong>65,00 \u20ac<\/strong><\/li>\n<\/ul>\n<\/div>\n<\/div>\n\n<p class=\"wp-block-paragraph\">Yap\u0131\u015ft\u0131rmal\u0131 bir vinyet kimyasal veya teknik y\u00f6ntemlerle kendili\u011finden tahrip olmadan \u00e7\u0131kar\u0131labilecek ve birden fazla kullan\u0131m\u0131 engellenemeyecek \u015fekilde manip\u00fcle edilmi\u015fse, ikame ge\u00e7i\u015f \u00fccreti iki kat\u0131na \u00e7\u0131kar.<\/p>\n\n<h3 class=\"wp-block-heading\" id=\"h-ersatzmaut-fur-fahrzeuge-uber-3-5-tonnen-2024\">2024 3,5 Ton \u00dczeri Ara\u00e7lar \u0130\u00e7in \u0130kame Ge\u00e7i\u015f \u00dccreti<\/h3>\n\n<p class=\"wp-block-paragraph\">\u0130kame ge\u00e7i\u015f \u00fccreti tutar\u0131 tespit nedenine ba\u011fl\u0131d\u0131r ve \u00f6rne\u011fin \u015fu \u015fekildedir:<\/p>\n\n<ul class=\"wp-block-list\">\n<li>Kan\u0131t gerektiren tarife \u00f6zellikleri s\u00fcresinde ve usul\u00fcne uygun kan\u0131tlanmad\u0131\u011f\u0131nda 240 Euro;<\/li>\n\n\n\n<li>Ge\u00e7i\u015f \u00fccreti \u00f6denmedi\u011finde (\u00f6rn. yetersiz \u00f6n \u00f6deme bakiyesi, yanl\u0131\u015f tak\u0131lm\u0131\u015f GO-Box nedeniyle tahsilat yap\u0131lamamas\u0131) 240 Euro;<\/li>\n\n\n\n<li>Ge\u00e7i\u015f \u00fccreti k\u0131smen \u00f6dendi\u011finde (\u00f6rn. d\u00fc\u015f\u00fck aks say\u0131s\u0131 ayar\u0131) 120 Euro;<\/li>\n\n\n\n<li>Ara\u00e7 plakas\u0131 veya kullan\u0131lan GO-Box sistemde kay\u0131tl\u0131 verilerle uyu\u015fmad\u0131\u011f\u0131nda (ara\u00e7 beyan\u0131) 120 Euro.<\/li>\n<\/ul>\n\n<h3 class=\"wp-block-heading\" id=\"h-aufforderung-durch-mautaufsichtsorgane\">Ge\u00e7i\u015f \u00dccreti Denetim G\u00f6revlileri Taraf\u0131ndan Uyar\u0131<\/h3>\n\n<p class=\"wp-block-paragraph\">Ge\u00e7i\u015f \u00fccreti denetim organlar\u0131, motorlu ara\u00e7 s\u00fcr\u00fcc\u00fcs\u00fcn\u00fc s\u00f6zl\u00fc olarak ikame ge\u00e7i\u015f \u00fccreti \u00f6demeye davet etme yetkisine sahiptir. \u0130kame ge\u00e7i\u015f \u00fccreti, ge\u00e7i\u015f \u00fccreti denetim organ\u0131n\u0131n talebi \u00fczerine derhal nakit veya di\u011fer ge\u00e7erli \u00f6deme t\u00fcrleri ya da \u00f6deme ara\u00e7lar\u0131 ile \u00f6denmelidir. Motorlu ara\u00e7 s\u00fcr\u00fcc\u00fcs\u00fcne bu konuda bir onay belgesi verilir.  <\/p>\n\n<h3 class=\"wp-block-heading\" id=\"h-dienstliche-wahrnehmung-bei-abwesenheit-des-lenkers\">S\u00fcr\u00fcc\u00fcn\u00fcn yoklu\u011funda resmi tespit<\/h3>\n\n<p class=\"wp-block-paragraph\">Ge\u00e7i\u015f \u00fccreti denetim organlar\u0131 taraf\u0131ndan bir ihlal tespit edildi\u011finde s\u00fcr\u00fcc\u00fc arac\u0131n\u0131n yan\u0131nda de\u011filse, \u00f6rne\u011fin dinlenme tesisinde olup motorlu arac\u0131n\u0131n yan\u0131nda bulunmuyorsa, motorlu araca ikame ge\u00e7i\u015f \u00fccreti \u00f6denmesi i\u00e7in yaz\u0131l\u0131 bir talep b\u0131rak\u0131labilir.<\/p>\n\n<p class=\"wp-block-paragraph\">Yaz\u0131l\u0131 talep, \u00f6denecek ikame ge\u00e7i\u015f \u00fccretinin miktar\u0131n\u0131n yan\u0131 s\u0131ra kullan\u0131m amac\u0131 olarak belirtilen bir kimlik numaras\u0131 ve banka ba\u011flant\u0131 bilgilerini i\u00e7erir. \u0130kame ge\u00e7i\u015f \u00fccreti, \u00f6deme talebinde belirtilen hesaba, talepte belirtilen ve kullan\u0131m amac\u0131 olarak g\u00f6sterilen kimlik numaras\u0131 belirtilerek havale edilmelidir. <\/p>\n\n<p class=\"wp-block-paragraph\">\u0130kame ge\u00e7i\u015f \u00fccreti \u00f6deme talebine, b\u0131rak\u0131lmas\u0131ndan itibaren iki hafta i\u00e7inde belirtilen hesaba yat\u0131r\u0131lmas\u0131 ve havale emrinin otomasyon destekli okunabilir, tam ve do\u011fru kimlik numaras\u0131n\u0131 (kullan\u0131m amac\u0131 olarak belirtilen) i\u00e7ermesi halinde uyulmu\u015f say\u0131l\u0131r.<\/p>\n\n<h3 class=\"wp-block-heading\" id=\"h-aufforderungsverfahren-im-nachhinein\">Sonradan talep prosed\u00fcr\u00fc<\/h3>\n\n<p class=\"wp-block-paragraph\">Ge\u00e7i\u015f \u00fccretinin usul\u00fcne uygun \u00f6denmemesi otomatik vinjeta kontrol\u00fc ile tespit edildi\u011finde, motorlu ara\u00e7 s\u00fcr\u00fcc\u00fcs\u00fcn\u00fcn yakalanmas\u0131 olmaks\u0131z\u0131n, ruhsat sahibine ikame ge\u00e7i\u015f \u00fccreti \u00f6denmesi i\u00e7in yaz\u0131l\u0131 bir talep g\u00f6nderilebilir. <\/p>\n\n<p class=\"wp-block-paragraph\">S\u0131n\u0131r \u00f6tesi prosed\u00fcrde ikame ge\u00e7i\u015f \u00fccreti \u00f6deme talebi ASFINAG antetli ka\u011f\u0131d\u0131nda bilgilendirme yaz\u0131s\u0131 \u015feklinde yap\u0131l\u0131r. Yaz\u0131l\u0131 talep, \u00f6denecek ikame ge\u00e7i\u015f \u00fccretinin miktar\u0131n\u0131n yan\u0131 s\u0131ra kullan\u0131m amac\u0131 olarak belirtilen bir kimlik numaras\u0131 ve banka ba\u011flant\u0131 bilgilerini i\u00e7erir. \u0130kame ge\u00e7i\u015f \u00fccreti, \u00f6deme talebinde veya bilgilendirme yaz\u0131s\u0131nda belirtilen hesaba, talepte belirtilen ve kullan\u0131m amac\u0131 olarak g\u00f6sterilen kimlik numaras\u0131 belirtilerek havale edilmelidir.  <\/p>\n\n<p class=\"wp-block-paragraph\">\u0130kame ge\u00e7i\u015f \u00fccreti \u00f6deme talebine, talebin veya bilgilendirme yaz\u0131s\u0131n\u0131n d\u00fczenlenmesinden itibaren d\u00f6rt hafta i\u00e7inde belirtilen hesaba yat\u0131r\u0131lmas\u0131 ve havale emrinin otomasyon destekli okunabilir, tam ve do\u011fru kimlik numaras\u0131n\u0131 (kullan\u0131m amac\u0131 olarak belirtilen) i\u00e7ermesi halinde uyulmu\u015f say\u0131l\u0131r.<\/p>\n\n<h3 class=\"wp-block-heading\" id=\"h-verlust-der-aufforderung-zur-bezahlung-der-ersatzmaut\">\u0130kame ge\u00e7i\u015f \u00fccreti \u00f6deme talebinin kayb\u0131<\/h3>\n\n<p class=\"wp-block-paragraph\">Ara\u00e7ta b\u0131rak\u0131lmas\u0131 veya posta ile g\u00f6nderilmesi durumunda ikame ge\u00e7i\u015f \u00fccreti \u00f6deme talep yaz\u0131s\u0131 kaybolursa, bundan dolay\u0131 ara\u00e7 s\u00fcr\u00fcc\u00fcs\u00fc veya ruhsat sahibinin herhangi bir hakk\u0131 do\u011fmaz.<\/p>\n\n<p class=\"wp-block-paragraph\">\u0130kame ge\u00e7i\u015f \u00fccreti herhangi bir nedenle zaman\u0131nda \u00f6denmezse, ceza soru\u015fturmas\u0131 ba\u015flat\u0131l\u0131r.<\/p>\n\n<h3 class=\"wp-block-heading\" id=\"h-art-der-bezahlung\">\u00d6deme t\u00fcr\u00fc<\/h3>\n\n<p class=\"wp-block-paragraph\">\u0130kame ge\u00e7i\u015f \u00fccreti <strong>taksitli olarak \u00f6denemez<\/strong>. Taksitli \u00f6demeler gelirse, 15,00 EUR i\u015flem \u00fccreti (%20 KDV dahil) d\u00fc\u015f\u00fclerek iade edilir. <\/p>\n\n<p class=\"wp-block-paragraph\">Bu durum, yetkili il\u00e7e idare makam\u0131na \u015fikayet edilmesinden sonraki <strong>gecikmi\u015f \u00f6demeler<\/strong>, kullan\u0131m amac\u0131 olarak belirtilen <strong>do\u011fru kimlik numaras\u0131 belirtilmeden yap\u0131lan \u00f6demeler<\/strong> ve ikame ge\u00e7i\u015f \u00fccreti \u00f6deme talebi veya bilgilendirme yaz\u0131s\u0131nda bildirilen hesaptan <strong>ba\u015fka bir hesaba yap\u0131lan \u00f6demeler<\/strong> i\u00e7in de ge\u00e7erlidir. <\/p>\n\n<p class=\"wp-block-paragraph\">5,00 EUR dahil <strong>fazla \u00f6demelerde<\/strong> iade yap\u0131lmaz (aksi takdirde tamamen).<\/p>\n\n<p class=\"wp-block-paragraph\">Usul\u00fcne uygun \u00f6denmi\u015f bir ikame ge\u00e7i\u015f \u00fccreti geri talep edilemez.<\/p>\n\n<h3 class=\"wp-block-heading\" id=\"h-unterbleiben-der-bestrafung\">Cezaland\u0131rman\u0131n yap\u0131lmamas\u0131<\/h3>\n\n<p class=\"wp-block-paragraph\">Cezaland\u0131rma yaln\u0131zca ikame ge\u00e7i\u015f \u00fccretinin zaman\u0131nda \u00f6denmi\u015f olmas\u0131 ve ara\u00e7 s\u00fcr\u00fcc\u00fcs\u00fcn\u00fcn yanl\u0131\u015f \u00f6deme konusunda ger\u00e7ekten hi\u00e7bir kusuru bulunmad\u0131\u011f\u0131 nadir durumlarda yap\u0131lmaz.<\/p>\n<a class=\"mr-cta-link mr-cta-button-cal\" href=\"#h2-booking\" title=\"\u00dccretsiz ilk g\u00f6r\u00fc\u015fme\"><span class=\"mr-cta-link-normal\">\u015eimdi istedi\u011finiz tarihi se\u00e7in:<\/span><span class=\"mr-cta-link-bold\">\u00dccretsiz ilk g\u00f6r\u00fc\u015fme<\/span><\/a>\n\n<h2 class=\"wp-block-heading\" id=\"h-strafverfugung\">Ceza karar\u0131<\/h2>\n\n<p class=\"wp-block-paragraph\">\u00d6denmeme veya zaman\u0131nda \u00f6denmeme durumunda ceza karar\u0131 verilir.<\/p>\n\n<p class=\"wp-block-paragraph\">Cezan\u0131n miktar\u0131 kanun gere\u011fi 300,00 \u20ac ile 3000,00 \u20ac aras\u0131nda olabilir. Uygulamada cezan\u0131n miktar\u0131 \u00e7o\u011funlukla <strong>300,00 EUR<\/strong> ile <strong>350,00<\/strong> \u20ac aras\u0131ndad\u0131r. <\/p>\n<a class=\"mr-cta-link mr-cta-button-cal\" href=\"#h2-booking\" title=\"\u00dccretsiz ilk g\u00f6r\u00fc\u015fme\"><span class=\"mr-cta-link-normal\">\u015eimdi istedi\u011finiz tarihi se\u00e7in:<\/span><span class=\"mr-cta-link-bold\">\u00dccretsiz ilk g\u00f6r\u00fc\u015fme<\/span><\/a>\n\n<h2 class=\"wp-block-heading\" id=\"h-rechtsmittel\">Kanun Yollar\u0131<\/h2>\n\n<p class=\"wp-block-paragraph\">\u0130kame ge\u00e7i\u015f \u00fccreti talebi ve ceza karar\u0131na kar\u015f\u0131 hukuki ba\u015fvuru m\u00fcmk\u00fcnd\u00fcr. <\/p>\n\n<p class=\"wp-block-paragraph\">Ancak ikame ge\u00e7i\u015f \u00fccreti veya ceza karar\u0131na kar\u015f\u0131 hukuki ba\u015fvuru yaln\u0131zca ASFINAG&#8217;\u0131n a\u00e7\u0131k\u00e7a kan\u0131tlanabilir hatalar\u0131 durumunda, yani her \u015feyi do\u011fru yap\u0131p zaman\u0131nda \u00f6demi\u015f olman\u0131z veya hukuki koruma sigortan\u0131z\u0131n bulunmas\u0131 halinde mant\u0131kl\u0131d\u0131r.<\/p>\n\n<p class=\"wp-block-paragraph\">Aksi takdirde maliyet nedenleriyle ikame ge\u00e7i\u015f \u00fccreti veya idari cezan\u0131n \u00f6denmesini tavsiye ederiz, \u00e7\u00fcnk\u00fc avukatl\u0131k masraflar\u0131 ikame ge\u00e7i\u015f \u00fccreti veya cezadan daha y\u00fcksektir. Hukuki koruma sigortas\u0131 olmadan konunun daha da pahal\u0131ya mal olma riski \u00e7ok b\u00fcy\u00fckt\u00fcr. <\/p>\n    <div class=\"mr-quote mrbg clearfix\">\n        <a class=\"mr-quote-person\" href=\"\/ueber-uns\/rechtsanwalt-sebastian-riedlmair\/\" title=\"Rechtsanwalt Sebastian Riedlmair\">\n            <img decoding=\"async\" class=\"mr-quote-person-img\" src=\"https:\/\/harlander-partner.eu\/wp-content\/themes\/harlander\/design\/sr100.webp\" width=\"100\"\n                 height=\"100\" loading=\"lazy\" alt=\"Rechtsanwalt Sebastian Riedlmair\">\n            <span class=\"mr-quote-person-text\">\n            Sebastian Riedlmair<br>\n            <span class=\"mr-quote-person-function\">Harlander &amp; Partner Rechtsanw\u00e4lte<\/span>\n        <\/span>\n        <\/a>\n        <span class=\"mr-quote-content\">\u201eBei Vorliegen einer Rechtsschutzversicherung kann ein Rechtsmittel in vielen F\u00e4llen ratsame sein. Wir beraten Sie gerne.\u201c<\/span>\n    <\/div>\n<a class=\"mr-cta-link mr-cta-button-cal\" href=\"#h2-booking\" title=\"\u00dccretsiz ilk g\u00f6r\u00fc\u015fme\"><span class=\"mr-cta-link-normal\">\u015eimdi istedi\u011finiz tarihi se\u00e7in:<\/span><span class=\"mr-cta-link-bold\">\u00dccretsiz ilk g\u00f6r\u00fc\u015fme<\/span><\/a>\n","protected":false},"excerpt":{"rendered":"Avusturya&#8217;da Ge\u00e7i\u015f \u00dccreti Zorunlulu\u011fu 1997&#8217;den beri Avusturya&#8217;daki otoyollar\u0131 ve ekspres yollar\u0131 kullanmak i\u00e7in ASFINAG Otoyollar ve Ekspres Yollar Finansman Anonim \u015eirketi&#8217;ne yol ge\u00e7i\u015f \u00fccreti \u00f6denmesi gerekmektedir. Yol ge\u00e7i\u015f \u00fccreti \u00f6denmemesi &#8230;","protected":false},"author":1,"featured_media":45149,"parent":45596,"menu_order":11,"comment_status":"closed","ping_status":"closed","template":"","meta":{"_acf_changed":false,"_uag_custom_page_level_css":"","footnotes":""},"categories":[1003],"tags":[],"class_list":["post-45147","page","type-page","status-publish","has-post-thumbnail","hentry","category-trafik-hukuku"],"acf":[],"uagb_featured_image_src":{"full":["https:\/\/harlander-partner.eu\/wp-content\/uploads\/ersatzmaut-strafverfuegung.webp",1920,1080,false],"thumbnail":["https:\/\/harlander-partner.eu\/wp-content\/uploads\/ersatzmaut-strafverfuegung-100x100.webp",100,100,true],"medium":["https:\/\/harlander-partner.eu\/wp-content\/uploads\/ersatzmaut-strafverfuegung-800x450.webp",800,450,true],"medium_large":["https:\/\/harlander-partner.eu\/wp-content\/uploads\/ersatzmaut-strafverfuegung.webp",1920,1080,false],"large":["https:\/\/harlander-partner.eu\/wp-content\/uploads\/ersatzmaut-strafverfuegung.webp",1920,1080,false],"1536x1536":["https:\/\/harlander-partner.eu\/wp-content\/uploads\/ersatzmaut-strafverfuegung.webp",1536,864,false],"2048x2048":["https:\/\/harlander-partner.eu\/wp-content\/uploads\/ersatzmaut-strafverfuegung.webp",1920,1080,false],"336x":["https:\/\/harlander-partner.eu\/wp-content\/uploads\/ersatzmaut-strafverfuegung-336x189.webp",336,189,true],"352x":["https:\/\/harlander-partner.eu\/wp-content\/uploads\/ersatzmaut-strafverfuegung-352x198.webp",352,198,true],"woocommerce_thumbnail":["https:\/\/harlander-partner.eu\/wp-content\/uploads\/ersatzmaut-strafverfuegung-300x300.webp",300,300,true],"woocommerce_single":["https:\/\/harlander-partner.eu\/wp-content\/uploads\/ersatzmaut-strafverfuegung-600x338.webp",600,338,true],"woocommerce_gallery_thumbnail":["https:\/\/harlander-partner.eu\/wp-content\/uploads\/ersatzmaut-strafverfuegung-100x100.webp",100,100,true],"yarpp-thumbnail":["https:\/\/harlander-partner.eu\/wp-content\/uploads\/ersatzmaut-strafverfuegung-120x120.webp",120,120,true]},"uagb_author_info":{"display_name":"Peter Harlander","author_link":"https:\/\/harlander-partner.eu\/tr\/author\/secondpromotion\/"},"uagb_comment_info":0,"uagb_excerpt":"Avusturya&#8217;da Ge\u00e7i\u015f \u00dccreti Zorunlulu\u011fu 1997&#8217;den beri Avusturya&#8217;daki otoyollar\u0131 ve ekspres yollar\u0131 kullanmak i\u00e7in ASFINAG Otoyollar ve Ekspres Yollar Finansman Anonim \u015eirketi&#8217;ne yol ge\u00e7i\u015f \u00fccreti \u00f6denmesi gerekmektedir. Yol ge\u00e7i\u015f \u00fccreti \u00f6denmemesi ...","_links":{"self":[{"href":"https:\/\/harlander-partner.eu\/tr\/wp-json\/wp\/v2\/pages\/45147","targetHints":{"allow":["GET"]}}],"collection":[{"href":"https:\/\/harlander-partner.eu\/tr\/wp-json\/wp\/v2\/pages"}],"about":[{"href":"https:\/\/harlander-partner.eu\/tr\/wp-json\/wp\/v2\/types\/page"}],"author":[{"embeddable":true,"href":"https:\/\/harlander-partner.eu\/tr\/wp-json\/wp\/v2\/users\/1"}],"replies":[{"embeddable":true,"href":"https:\/\/harlander-partner.eu\/tr\/wp-json\/wp\/v2\/comments?post=45147"}],"version-history":[{"count":0,"href":"https:\/\/harlander-partner.eu\/tr\/wp-json\/wp\/v2\/pages\/45147\/revisions"}],"up":[{"embeddable":true,"href":"https:\/\/harlander-partner.eu\/tr\/wp-json\/wp\/v2\/pages\/45596"}],"wp:featuredmedia":[{"embeddable":true,"href":"https:\/\/harlander-partner.eu\/tr\/wp-json\/wp\/v2\/media\/45149"}],"wp:attachment":[{"href":"https:\/\/harlander-partner.eu\/tr\/wp-json\/wp\/v2\/media?parent=45147"}],"wp:term":[{"taxonomy":"category","embeddable":true,"href":"https:\/\/harlander-partner.eu\/tr\/wp-json\/wp\/v2\/categories?post=45147"},{"taxonomy":"post_tag","embeddable":true,"href":"https:\/\/harlander-partner.eu\/tr\/wp-json\/wp\/v2\/tags?post=45147"}],"curies":[{"name":"wp","href":"https:\/\/api.w.org\/{rel}","templated":true}]}}