{"id":42131,"date":"2023-06-20T13:41:42","date_gmt":"2023-06-20T11:41:42","guid":{"rendered":"https:\/\/harlander-partner.eu\/guvenli-kariyer\/avukat-stajyeri\/"},"modified":"2026-04-09T16:37:26","modified_gmt":"2026-04-09T14:37:26","slug":"avukat-stajyeri","status":"publish","type":"page","link":"https:\/\/harlander-partner.eu\/tr\/guvenli-kariyer\/avukat-stajyeri\/","title":{"rendered":"Avukat aday\u0131"},"content":{"rendered":"\n<h2 class=\"wp-block-heading\" id=\"h-raa-mit-grosser-lu-gerne-auch-rap\">B\u00fcy\u00fck LU&#8217;lu RAA \/ tercihen RAP<\/h2>\n\n<p class=\"wp-block-paragraph\"><strong>Innsbruck<\/strong> veya <strong>Salzburg \u015eehrinde<\/strong> daha sonra RA olarak devral\u0131nmak \u00fczere, LU&#8217;su y\u00fcksek veya RAP&#8217;si olan bir avukat aday\u0131 ar\u0131yoruz.<\/p>\n\n<h2 class=\"wp-block-heading\" id=\"h-interesse-aber-unsicher\">\u0130lgileniyor musunuz? Peki ya emin de\u011filseniz?<\/h2>\n\n<p class=\"wp-block-paragraph\">Mevcut hukuk b\u00fcrosunu terk etme ve ba\u015fka bir hukuk b\u00fcrosuna ba\u015fvurma karar\u0131 b\u00fcy\u00fck bir ad\u0131md\u0131r \u2013 \u00f6zellikle yeni hukuk b\u00fcrosunu genellikle hi\u00e7 tan\u0131mad\u0131\u011f\u0131n\u0131z i\u00e7in. Bunu de\u011fi\u015ftirmek kolayd\u0131r:<\/p>\n    <div class=\"mr-quote mrbg clearfix\">\n        <a class=\"mr-quote-person\" href=\"\/ueber-uns\/rechtsanwalt-peter-harlander\/\" title=\"Rechtsanwalt Peter Harlander\">\n            <img decoding=\"async\" class=\"mr-quote-person-img\" src=\"https:\/\/harlander-partner.eu\/wp-content\/themes\/harlander\/design\/ph100.webp\" width=\"100\"\n                 height=\"100\" loading=\"lazy\" alt=\"Rechtsanwalt Peter Harlander\">\n            <span class=\"mr-quote-person-text\">\n            Peter Harlander<br>\n            <span class=\"mr-quote-person-function\">Harlander &amp; Partner Rechtsanw\u00e4lte<\/span>\n        <\/span>\n        <\/a>\n        <span class=\"mr-quote-content\">\u201eKar\u015f\u0131l\u0131kl\u0131 tan\u0131\u015fmak i\u00e7in sizi memnuniyetle ortak bir \u00f6\u011fle yeme\u011fine ve ard\u0131ndan ofis gezisine davet ediyorum. B\u00f6ylece ba\u015fvuru yapmadan \u00f6nce ekibimizin ve hukuk b\u00fcromuzun size uygun olup olmad\u0131\u011f\u0131na karar verebilirsiniz. En kat\u0131 gizlilik garanti edilir.\u201c<\/span>\n    <\/div>\n\n<h2 class=\"wp-block-heading\" id=\"h-uber-uns\">Hakk\u0131m\u0131zda<\/h2>\n\n<p class=\"wp-block-paragraph\">Hukuk b\u00fcromuz be\u015f ku\u015fakt\u0131r (1953) faaliyet g\u00f6stermektedir. Ge\u00e7mi\u015fimizle yetinmiyoruz, bunun yerine en modern i\u015f yerlerini ve b\u00fcro ortakl\u0131\u011f\u0131na kadar kariyer f\u0131rsatlar\u0131 sunuyoruz.<\/p>\n\n<p class=\"wp-block-paragraph\">Y\u0131llar i\u00e7inde b\u00fcromuz b\u00fcy\u00fcd\u00fc. Merkez ofisimiz hala Salzburg&#8217;dad\u0131r. Buna ek olarak, Linz, Graz, Klagenfurt, Viyana ve -Avusturya ve Almanya&#8217;da \u00e7ifte ruhsat sayesinde- hatta M\u00fcnih&#8217;te \u015fubelerimiz bulunmaktad\u0131r. Yine de b\u00fcy\u00fck bir hukuk b\u00fcrosu de\u011filiz, net odak noktalar\u0131 ve uzmanla\u015fma i\u00e7in ideal f\u0131rsatlar sunan bir butik hukuk b\u00fcrosuyuz.<\/p>\n\n<p class=\"wp-block-paragraph\">M\u00fckemmel \u00e7al\u0131\u015fma ko\u015fullar\u0131, fazla mesai bask\u0131s\u0131 olmamas\u0131, her hal\u00fckarda \u00fccretsiz fazla mesai olmamas\u0131, son derece dijitalle\u015fmi\u015f bir hukuk b\u00fcrosu ve en modern BT ekipman\u0131na ve video konferans odalar\u0131na sahip i\u015f yerleri sunuyoruz.<\/p>\n\n<p class=\"wp-block-paragraph\"><strong>Bizim i\u00e7in \u00f6zellikle \u00f6nemli olan:<\/strong> avukat veya kad\u0131n avukat e\u011fitimi, bizde kendini s\u00f6m\u00fcrme ve \u00f6zel ve aile hayat\u0131ndan vazge\u00e7me ile ba\u011flant\u0131l\u0131 de\u011fildir.<\/p>\n\n<h2 class=\"wp-block-heading\" id=\"h-key-facts\">Temel Bilgiler<\/h2>\n\n<div class=\"wp-block-columns\">\n<div class=\"wp-block-column mr-column-lightgrey\">\n<h3 class=\"wp-block-heading\" id=\"h-work-life-balance\">\u0130\u015f \/ Ya\u015fam Dengesi<\/h3>\n\n\n\n<ul class=\"wp-block-list icon\">\n<li>Haftada 40 saat<\/li>\n\n\n\n<li>fazla mesai gerekli de\u011fil<\/li>\n\n\n\n<li>yakla\u015f\u0131k 16:30&#8217;da ofis kapan\u0131\u015f\u0131<\/li>\n<\/ul>\n<\/div>\n\n\n\n<div class=\"wp-block-column mr-column-lightgrey\">\n<h3 class=\"wp-block-heading\" id=\"h-office\">Ofis<\/h3>\n\n\n\n<ul id=\"block-ccedcdec-40f6-4dd4-9064-5f2f97a1ed2e\" class=\"wp-block-list icon\">\n<li>Temsili, modern hukuk b\u00fcrosu<\/li>\n\n\n\n<li>Ki\u015fiye \u00f6zel, klimal\u0131 ofis<\/li>\n\n\n\n<li>\u00dcst D\u00fczey BT Ekipman\u0131<\/li>\n\n\n\n<li>t\u00fcm ekip birbirine senli benli ve e\u015fit d\u00fczeyde<\/li>\n<\/ul>\n<\/div>\n<\/div>\n\n<div class=\"wp-block-columns\">\n<div class=\"wp-block-column mr-column-lightgrey\">\n<h3 class=\"wp-block-heading\" id=\"h-arbeitsbereiche\">\u00c7al\u0131\u015fma Alanlar\u0131<\/h3>\n\n\n\n<ul class=\"wp-block-list icon\">\n<li>Genel Medeni Hukuk<\/li>\n\n\n\n<li>Ticaret Hukuku<\/li>\n\n\n\n<li>\u00d6zel Konular<\/li>\n\n\n\n<li>Ceza Hukuku<\/li>\n<\/ul>\n<\/div>\n\n\n\n<div class=\"wp-block-column mr-column-lightgrey\">\n<h3 class=\"wp-block-heading\" id=\"h-karriere\">Kariyer<\/h3>\n\n\n\n<ul id=\"block-ccedcdec-40f6-4dd4-9064-5f2f97a1ed2e\" class=\"wp-block-list icon\">\n<li>Ortalaman\u0131n \u00dczerinde Maa\u015f<\/li>\n\n\n\n<li>Uzmanla\u015fman\u0131n Te\u015fviki<\/li>\n\n\n\n<li>RA olarak devralma hedefleniyor<\/li>\n<\/ul>\n<\/div>\n<\/div>\n\n<h2 class=\"wp-block-heading\">Ekipman<\/h2>\n\n<p class=\"wp-block-paragraph\">Hukuk\u00e7ular\u0131m\u0131z kendi ofislerine, hareketlili\u011fi seven 13\u2033 in\u00e7lik bir diz\u00fcst\u00fc bilgisayara ve iki ultra b\u00fcy\u00fck 32\u2033 in\u00e7lik ekrana sahip bir ba\u011flant\u0131 istasyonuna, Advokat&#8217;a, veritaban\u0131 eri\u015fimine ve dijital konu\u015fma tan\u0131maya sahiptir.<\/p>\n\n<p class=\"wp-block-paragraph\">Hukuk b\u00fcromuz \u00e7ok kapsaml\u0131, g\u00fcncel bir k\u00fct\u00fcphaneye, Lexis360 + KI, RDB ve iki TV st\u00fcdyosu tarz\u0131 video konferans odas\u0131na sahiptir.<\/p>\n\n<h2 class=\"wp-block-heading\">Maa\u015f<\/h2>\n\n<p class=\"wp-block-paragraph\">Y\u0131lda br\u00fct 50.000,00 \u20ac \u2013 70.000,00 \u20ac tutar\u0131nda cazip bir maa\u015f sunuyoruz. <\/p>\n\n<p class=\"wp-block-paragraph\">RA olarak devralma hedeflenmektedir. RAP&#8217;yi tamamlad\u0131ktan sonra, RA olarak kay\u0131ttan itibaren ko\u015fullar\u0131 sabitlemekten memnuniyet duyar\u0131z.<\/p>\n\n<h2 class=\"wp-block-heading\">Ba\u015fvuru<\/h2>\n\n<p class=\"wp-block-paragraph\"><a href=\"mailto:peter.harlander@harlander-partner.eu\">peter.harlander@harlander-partner.eu<\/a> adresine a\u015fa\u011f\u0131daki belgelerle yap\u0131lan ba\u015fvurular\u0131 memnuniyetle kar\u015f\u0131l\u0131yoruz:<\/p>\n\n<ul class=\"wp-block-list\">\n<li>\u00d6zge\u00e7mi\u015f<\/li>\n\n\n\n<li>Lise Diplomas\u0131<\/li>\n\n\n\n<li>\u00dcniversite Diplomalar\u0131<\/li>\n\n\n\n<li>etkinlik. RAP sertifikas\u0131<\/li>\n\n\n\n<li>Hizmet Sertifikalar\u0131<\/li>\n<\/ul>\n\n<p class=\"wp-block-paragraph\">Mevcut i\u015f ili\u015fkilerini tehlikeye atmamak i\u00e7in t\u00fcm ba\u015fvurular elbette kesinlikle gizli tutulacakt\u0131r.<\/p>\n\n<p class=\"wp-block-paragraph\">Av. Peter Harlander, Av. Sebastian Riedlmair<\/p>\n","protected":false},"excerpt":{"rendered":"B\u00fcy\u00fck LU&#8217;lu RAA \/ tercihen RAP Innsbruck veya Salzburg \u015eehrinde daha sonra RA olarak devral\u0131nmak \u00fczere, LU&#8217;su y\u00fcksek veya RAP&#8217;si olan bir avukat aday\u0131 ar\u0131yoruz. \u0130lgileniyor musunuz? Peki ya emin &#8230;","protected":false},"author":1,"featured_media":0,"parent":41891,"menu_order":23,"comment_status":"closed","ping_status":"closed","template":"","meta":{"_acf_changed":false,"_uag_custom_page_level_css":"","footnotes":""},"categories":[],"tags":[],"class_list":["post-42131","page","type-page","status-publish","hentry"],"acf":[],"uagb_featured_image_src":{"full":false,"thumbnail":false,"medium":false,"medium_large":false,"large":false,"1536x1536":false,"2048x2048":false,"336x":false,"352x":false,"woocommerce_thumbnail":false,"woocommerce_single":false,"woocommerce_gallery_thumbnail":false,"yarpp-thumbnail":false},"uagb_author_info":{"display_name":"Peter Harlander","author_link":"https:\/\/harlander-partner.eu\/tr\/author\/secondpromotion\/"},"uagb_comment_info":0,"uagb_excerpt":"B\u00fcy\u00fck LU&#8217;lu RAA \/ tercihen RAP Innsbruck veya Salzburg \u015eehrinde daha sonra RA olarak devral\u0131nmak \u00fczere, LU&#8217;su y\u00fcksek veya RAP&#8217;si olan bir avukat aday\u0131 ar\u0131yoruz. \u0130lgileniyor musunuz? Peki ya emin ...","_links":{"self":[{"href":"https:\/\/harlander-partner.eu\/tr\/wp-json\/wp\/v2\/pages\/42131","targetHints":{"allow":["GET"]}}],"collection":[{"href":"https:\/\/harlander-partner.eu\/tr\/wp-json\/wp\/v2\/pages"}],"about":[{"href":"https:\/\/harlander-partner.eu\/tr\/wp-json\/wp\/v2\/types\/page"}],"author":[{"embeddable":true,"href":"https:\/\/harlander-partner.eu\/tr\/wp-json\/wp\/v2\/users\/1"}],"replies":[{"embeddable":true,"href":"https:\/\/harlander-partner.eu\/tr\/wp-json\/wp\/v2\/comments?post=42131"}],"version-history":[{"count":0,"href":"https:\/\/harlander-partner.eu\/tr\/wp-json\/wp\/v2\/pages\/42131\/revisions"}],"up":[{"embeddable":true,"href":"https:\/\/harlander-partner.eu\/tr\/wp-json\/wp\/v2\/pages\/41891"}],"wp:attachment":[{"href":"https:\/\/harlander-partner.eu\/tr\/wp-json\/wp\/v2\/media?parent=42131"}],"wp:term":[{"taxonomy":"category","embeddable":true,"href":"https:\/\/harlander-partner.eu\/tr\/wp-json\/wp\/v2\/categories?post=42131"},{"taxonomy":"post_tag","embeddable":true,"href":"https:\/\/harlander-partner.eu\/tr\/wp-json\/wp\/v2\/tags?post=42131"}],"curies":[{"name":"wp","href":"https:\/\/api.w.org\/{rel}","templated":true}]}}