{"id":40856,"date":"2022-08-22T11:22:00","date_gmt":"2022-08-22T09:22:00","guid":{"rendered":"https:\/\/harlander-partner.eu\/olumden-sonraki-tasarruf\/"},"modified":"2025-11-25T13:08:49","modified_gmt":"2025-11-25T12:08:49","slug":"olumden-sonraki-tasarruf","status":"publish","type":"page","link":"https:\/\/harlander-partner.eu\/tr\/miras-hukuku-ve-onlemler\/olumden-sonraki-tasarruf\/","title":{"rendered":"\u00d6l\u00fcmden Sonraki Tasarruf"},"content":{"rendered":"\n<div class=\"wp-block-yoast-seo-table-of-contents yoast-table-of-contents\"><h2>\u00d6l\u00fcmden Sonraki Tasarruf<\/h2><ul><li><a href=\"#h-letztwillige-verfugung\" data-level=\"2\">\u00d6l\u00fcmden Sonraki Tasarruf<\/a><\/li><li><a href=\"#h-testament\" data-level=\"2\">Vasiyetname<\/a><\/li><li><a href=\"#h-ein-vermachtnis-kodizil\" data-level=\"2\">Bir vasiyet \u2013 Kodisil<\/a><\/li><li><a href=\"#h-das-vermachtnis-legat\" data-level=\"2\">Vasiyet \u2013 Legat<\/a><\/li><li><a href=\"#h-errichtung-der-letztwilligen-verfugung\" data-level=\"2\">\u00d6l\u00fcmden Sonraki Tasarrufun D\u00fczenlenmesi<\/a><\/li><li><a href=\"#h-formen-letztwilliger-verfugungen\" data-level=\"2\">\u00d6l\u00fcmden Sonraki Tasarruf Bi\u00e7imleri<\/a><\/li><li><a href=\"#h-widerruf-eines-testaments\" data-level=\"2\">Vasiyetnamenin \u0130ptali<\/a><\/li><li><a href=\"#h-anfechtung-einer-letztwilligen-verfugung\" data-level=\"2\">\u00d6l\u00fcmden Sonraki Tasarrufun \u0130ptali<\/a><\/li><li><a href=\"#h-testamentsregister\" data-level=\"2\">Vasiyetname Sicili<\/a><\/li><li><a href=\"#h-ihre-vorteile-mit-rechtsanwaltlicher-unterstutzung\" data-level=\"2\">Avukat Deste\u011fiyle Elde Edece\u011finiz Avantajlar<\/a><\/li><li><a href=\"#h-haufig-gestellte-fragen-faq\" data-level=\"2\">S\u0131k\u00e7a Sorulan Sorular \u2013 SSS<\/a><\/li><\/ul><\/div>\n\n<h2 class=\"wp-block-heading\" id=\"h-letztwillige-verfugung\">\u00d6l\u00fcmden Sonraki Tasarruf<\/h2>\n\n<p class=\"wp-block-paragraph\">\u00d6l\u00fcmden sonraki tasarruf, bir ki\u015finin son arzusu hakk\u0131nda yasal olarak ba\u011flay\u0131c\u0131 bir beyand\u0131r. Miras\u0131n bireysel olarak d\u00fczenlenmesini sa\u011flar ve <a href=\"https:\/\/harlander-partner.eu\/tr\/miras-hukuku-ve-onlemler\/yasal-miras\/\">yasal miras\u0131n<\/a> yerini alabilir veya onu tamamlayabilir. <\/p>\n\n<div class=\"wp-block-uagb-container uagb-block-3019fe8e alignfull uagb-is-root-container\">\n<div class=\"wp-block-uagb-container uagb-block-32585033\">\n<p class=\"wp-block-paragraph\">\u00d6l\u00fcmden sonraki tasarruf, bir ki\u015finin \u00f6l\u00fcm\u00fcnden sonra mal varl\u0131\u011f\u0131na ne olaca\u011f\u0131na dair yaz\u0131l\u0131 beyan\u0131d\u0131r. Buna \u00f6rne\u011fin bir vasiyetname veya bir vasiyet dahildir. Yasal miras\u0131n yerini al\u0131r veya onu tamamlar.<\/p>\n<\/div>\n\n\n\n<div class=\"wp-block-uagb-container uagb-block-45819ab6\"><picture>\r\n\t\t<source srcset=\"https:\/\/harlander-partner.eu\/wp-content\/uploads\/letztwillige_verfuegung-352x198.webp\" >\r\n\t\t<img decoding=\"async\" class=\"mr-picture-small\" src=\"https:\/\/harlander-partner.eu\/wp-content\/uploads\/letztwillige_verfuegung.webp\" alt=\"Vasiyetname: Herkes duymu\u015ftur, ancak \u00e7o\u011fu ki\u015fi \u00e7ok uzun s\u00fcre erteler. Bu tats\u0131z konuyu ele alman\u0131zda size yard\u0131mc\u0131 oluyoruz.\" >\r\n\t<\/picture>\n<\/div>\n<\/div>\n\n<p class=\"wp-block-paragraph\">Esasen, miras b\u0131rakan\u0131n miras\u0131n\u0131 d\u00fczenlemek i\u00e7in \u00fc\u00e7 yolu vard\u0131r:<\/p>\n\n<ul class=\"wp-block-list\">\n<li>Vasiyetname<\/li>\n\n\n\n<li>Kodisil<\/li>\n\n\n\n<li>Legat<\/li>\n<\/ul>\n<a class=\"mr-cta-link mr-cta-button-cal\" href=\"#h2-booking\" title=\"\u00dccretsiz ilk g\u00f6r\u00fc\u015fme\"><span class=\"mr-cta-link-normal\">\u015eimdi istedi\u011finiz tarihi se\u00e7in:<\/span><span class=\"mr-cta-link-bold\">\u00dccretsiz ilk g\u00f6r\u00fc\u015fme<\/span><\/a>\n\n<h2 class=\"wp-block-heading\" id=\"h-testament\">Vasiyetname<\/h2>\n\n<p class=\"wp-block-paragraph\">Vasiyetname, bir ki\u015finin miras\u00e7\u0131 olarak atad\u0131\u011f\u0131 tek tarafl\u0131, her zaman geri al\u0131nabilir bir tasarruftur. \u00d6len ki\u015finin, \u00f6l\u00fcm an\u0131nda mevcut olan mal varl\u0131\u011f\u0131n\u0131n tamam\u0131n\u0131n veya orant\u0131l\u0131 olarak kime ge\u00e7ece\u011fine dair ya\u015fam\u0131 boyunca yapt\u0131\u011f\u0131 a\u00e7\u0131klamad\u0131r.  <\/p>\n\n<h2 class=\"wp-block-heading\" id=\"h-ein-vermachtnis-kodizil\">Bir vasiyet \u2013 Kodisil<\/h2>\n\n<p class=\"wp-block-paragraph\">Kodisil, miras\u00e7\u0131 atanmayan, ancak \u00f6rne\u011fin vasiyetler, y\u00fck\u00fcml\u00fcl\u00fckler veya bir vasi atanmas\u0131 gibi di\u011fer \u00f6l\u00fcmden sonraki tasarruflard\u0131r. Ayn\u0131 zamanda tek tarafl\u0131 ve her zaman geri al\u0131nabilir. <\/p>\n\n<h2 class=\"wp-block-heading\" id=\"h-das-vermachtnis-legat\">Vasiyet \u2013 Legat<\/h2>\n\n<p class=\"wp-block-paragraph\">Legat, birinin miras\u0131n sadece belirli \u015feylerini, \u00f6rne\u011fin pul koleksiyonunu almas\u0131 gerekti\u011fi iradesini i\u00e7erir. Bu \u015fekilde faydalanan ki\u015fiye legatar denir. Bu nedenle vasiyet, bir miras pay\u0131 b\u0131rakmadan yap\u0131lan \u00f6l\u00fcmden sonraki bir ba\u011f\u0131\u015ft\u0131r.  <\/p>\n\n<p class=\"wp-block-paragraph\">Bu nedenle, legatar vasiyetname yoluyla oldu\u011fu gibi k\u00fclli halef de\u011fil, sadece c\u00fczi halef olur. Bir vasiyet, bir vasiyetnamede, miras\u00e7\u0131 atanmayan bir tasarrufta veya bir miras s\u00f6zle\u015fmesinde d\u00fczenlenebilir. <\/p>\n\n<p class=\"wp-block-paragraph\"><strong>Dikkat<\/strong>: Yasada aksi belirtilmedik\u00e7e, vasiyetler i\u00e7in ayn\u0131 h\u00fck\u00fcmler ge\u00e7erlidir.<\/p>\n    <div class=\"mr-quote mrbg clearfix\">\n        <a class=\"mr-quote-person\" href=\"\/ueber-uns\/rechtsanwalt-peter-harlander\/\" title=\"Rechtsanwalt Peter Harlander\">\n            <img decoding=\"async\" class=\"mr-quote-person-img\" src=\"https:\/\/harlander-partner.eu\/wp-content\/themes\/harlander\/design\/ph100.webp\" width=\"100\"\n                 height=\"100\" loading=\"lazy\" alt=\"Rechtsanwalt Peter Harlander\">\n            <span class=\"mr-quote-person-text\">\n            Peter Harlander<br>\n            <span class=\"mr-quote-person-function\">Harlander &amp; Partner Rechtsanw\u00e4lte<\/span>\n        <\/span>\n        <\/a>\n        <span class=\"mr-quote-content\">\u201eJeder hat davon geh\u00f6rt, nur wenige wollen sich damit auseinandersetzen: das Testament. Wir helfen Ihnen, dieses unliebsame Thema in Angriff zu nehmen.\u201c<\/span>\n    <\/div>\n<a class=\"mr-cta-link mr-cta-button-cal\" href=\"#h2-booking\" title=\"\u00dccretsiz ilk g\u00f6r\u00fc\u015fme\"><span class=\"mr-cta-link-normal\">\u015eimdi istedi\u011finiz tarihi se\u00e7in:<\/span><span class=\"mr-cta-link-bold\">\u00dccretsiz ilk g\u00f6r\u00fc\u015fme<\/span><\/a>\n\n<h2 class=\"wp-block-heading\" id=\"h-errichtung-der-letztwilligen-verfugung\">\u00d6l\u00fcmden Sonraki Tasarrufun D\u00fczenlenmesi<\/h2>\n\n<p class=\"wp-block-paragraph\">\u00d6l\u00fcmden sonraki bir tasarrufu, prensip olarak 18 ya\u015f\u0131n\u0131 doldurmu\u015f ve zihinsel g\u00fc\u00e7lerinin tam kontrol\u00fcne sahip olan herkes d\u00fczenleyebilir.<\/p>\n\n<p class=\"wp-block-paragraph\">14 ila 18 ya\u015f aras\u0131ndaki ki\u015filer sadece mahkeme \u00f6n\u00fcnde s\u00f6zl\u00fc olarak veya noter huzurunda vasiyetname yapabilirler, bu durumda mahkeme veya noter vasiyetname yapma ehliyetinin mevcut oldu\u011funa ikna olmal\u0131d\u0131r.<\/p>\n\n<p class=\"wp-block-paragraph\">14 ya\u015f\u0131n alt\u0131ndaki ki\u015filer, zihinsel engelliler, ak\u0131l hastalar\u0131 ve ayr\u0131ca sarho\u015fluk gibi ba\u015fka bir nedenle serbest irade olu\u015fumunun engellendi\u011fi ki\u015filer \u00f6l\u00fcmden sonraki bir tasarruf d\u00fczenleyemezler.<\/p>\n\n<h2 class=\"wp-block-heading\" id=\"h-formen-letztwilliger-verfugungen\">\u00d6l\u00fcmden Sonraki Tasarruf Bi\u00e7imleri<\/h2>\n\n<p class=\"wp-block-paragraph\">\u00d6l\u00fcmden sonraki tasarruflar, el yaz\u0131s\u0131yla veya ba\u015fkas\u0131 taraf\u0131ndan yaz\u0131labilir. Ayr\u0131ca s\u00f6zl\u00fc ve resmi \u00f6l\u00fcmden sonraki tasarruflar da vard\u0131r. <\/p>\n\n<p class=\"wp-block-paragraph\"><strong>El Yaz\u0131s\u0131yla Tasarruflar<\/strong><\/p>\n\n<p class=\"wp-block-paragraph\">El yaz\u0131s\u0131yla yap\u0131lan bir tasarrufta, metnin tamam\u0131 vasiyetnameyi yazan ki\u015fi taraf\u0131ndan el yaz\u0131s\u0131yla yaz\u0131lmal\u0131 ve imzalanmal\u0131d\u0131r, imza metnin sonunda yer almal\u0131d\u0131r.<\/p>\n\n<p class=\"wp-block-paragraph\"><strong>Ba\u015fkas\u0131 Taraf\u0131ndan Yaz\u0131lan Tasarruf<\/strong><\/p>\n\n<p class=\"wp-block-paragraph\">\u00d6l\u00fcmden sonraki ba\u015fkas\u0131 taraf\u0131ndan yaz\u0131lan tasarruf, bir daktilo, bir PC veya ba\u015fka bir ki\u015fi taraf\u0131ndan el yaz\u0131s\u0131yla yaz\u0131labilir. Ancak, miras b\u0131rakan\u0131n el yaz\u0131s\u0131yla imzas\u0131 gereklidir. Ayr\u0131ca, miras b\u0131rakan taraf\u0131ndan belgenin son arzusunu i\u00e7erdi\u011fine dair el yaz\u0131s\u0131yla bir ek yaz\u0131lmal\u0131d\u0131r. Vasiyetname, kimlikleri belgeden anla\u015f\u0131lmas\u0131 gereken ayn\u0131 anda haz\u0131r bulunan \u00fc\u00e7 tan\u0131k \u00f6n\u00fcnde imzalanmal\u0131d\u0131r. Tan\u0131klar\u0131n tasarrufun i\u00e7eri\u011fini bilmeleri gerekmez, ancak bunun tasarruf sahibinin son arzusu oldu\u011funu bilmeleri gerekir. Vasiyetnamenin sonunda, bu tan\u0131klar\u0131n imzas\u0131, tan\u0131kl\u0131k niteli\u011fini g\u00f6steren el yaz\u0131s\u0131yla bir ek ile birlikte yer almal\u0131d\u0131r.     <\/p>\n\n<p class=\"wp-block-paragraph\"><strong>Dikkat<\/strong>: Herkes tan\u0131k olamaz. 18 ya\u015f\u0131n alt\u0131ndaki ki\u015filer, k\u00f6rler, sa\u011f\u0131rlar, dilsizler, tarafl\u0131 tan\u0131klar ve \u00f6l\u00fcmden sonraki tasarrufun yaz\u0131ld\u0131\u011f\u0131 dili anlamayan ki\u015filer tan\u0131k olarak kabul edilmez. <\/p>\n\n<p class=\"wp-block-paragraph\"><strong>S\u00f6zl\u00fc \u00d6l\u00fcmden Sonraki Tasarruf<\/strong><\/p>\n\n<p class=\"wp-block-paragraph\">Miras b\u0131rakan\u0131n \u00f6lme veya vasiyetname yapma yetene\u011fini kaybetme tehlikesi do\u011frudan s\u00f6z konusuysa, son arzu iki re\u015fit tan\u0131k \u00f6n\u00fcnde s\u00f6zl\u00fc veya ba\u015fkas\u0131 taraf\u0131ndan yaz\u0131l\u0131 olarak beyan edilebilir.<\/p>\n\n<p class=\"wp-block-paragraph\"><strong>Dikkat<\/strong>: Bu \u015fekilde beyan edilen son arzu, tehlikenin ortadan kalkmas\u0131ndan itibaren sadece \u00fc\u00e7 ay s\u00fcreyle ge\u00e7erlidir.<\/p>\n\n<p class=\"wp-block-paragraph\"><strong>Resmi \u00d6l\u00fcmden Sonraki Tasarruf<\/strong><\/p>\n\n<p class=\"wp-block-paragraph\">14 ila 18 ya\u015f aras\u0131ndaki ki\u015filer sadece mahkeme \u00f6n\u00fcnde s\u00f6zl\u00fc olarak veya noter huzurunda vasiyetname yapabilirler, bu durumda mahkeme veya noter vasiyetname yapma ehliyetinin mevcut oldu\u011funa ikna olmal\u0131d\u0131r.<\/p>\n<a class=\"mr-cta-link mr-cta-button-cal\" href=\"#h2-booking\" title=\"\u00dccretsiz ilk g\u00f6r\u00fc\u015fme\"><span class=\"mr-cta-link-normal\">\u015eimdi istedi\u011finiz tarihi se\u00e7in:<\/span><span class=\"mr-cta-link-bold\">\u00dccretsiz ilk g\u00f6r\u00fc\u015fme<\/span><\/a>\n\n<h2 class=\"wp-block-heading\" id=\"h-widerruf-eines-testaments\">Vasiyetnamenin \u0130ptali<\/h2>\n\n<p class=\"wp-block-paragraph\">\u0130ptal, vasiyetname \u015feklinde a\u00e7\u0131k\u00e7a yap\u0131labilir veya daha sonra yap\u0131lan ve \u00f6ncekiyle \u00e7eli\u015fen bir vasiyetname ile yap\u0131labilir. Belgenin imha edilmesi veya metin b\u00f6l\u00fcmlerinin \u00e7izilmesi gibi z\u0131mni eylemlerle de bir iptal yap\u0131labilir, ancak sadece bunlar\u0131n a\u00e7\u0131k\u00e7a bir iptal olarak tan\u0131nmas\u0131 durumunda. <\/p>\n\n<p class=\"wp-block-paragraph\">\u00d6len ki\u015fi daha sonraki \u00f6l\u00fcmden sonraki tasarrufta aksi belirtmedik\u00e7e, \u00f6nceki bir vasiyetname daha sonraki ge\u00e7erli bir vasiyetname ile di\u011fer d\u00fczenlemelerde de y\u00fcr\u00fcrl\u00fckten kald\u0131r\u0131l\u0131r.<\/p>\n\n<p class=\"wp-block-paragraph\"><strong>Dikkat<\/strong>: En g\u00fcvenli yol, vasiyetname \u015feklinde iptaldir!<\/p>\n\n<h2 class=\"wp-block-heading\" id=\"h-anfechtung-einer-letztwilligen-verfugung\">\u00d6l\u00fcmden Sonraki Tasarrufun \u0130ptali<\/h2>\n\n<p class=\"wp-block-paragraph\">\u00d6l\u00fcmden sonraki bir tasarruf, miras b\u0131rakan\u0131n bir hatas\u0131 nedeniyle iptal edilebilir veya itiraz edilebilir.<\/p>\n\n<p class=\"wp-block-paragraph\">\u0130ptal etme hakk\u0131, hem yasal miras\u00e7\u0131 olan akrabalara hem de miras b\u0131rakan\u0131n kan\u0131tlanabilir bir hata yapmas\u0131 durumunda \u00f6nceki bir vasiyetname ile miras\u00e7\u0131 olarak kabul edilebilecek akrabalara veya hayatta kalanlara aittir.<\/p>\n<a class=\"mr-cta-link mr-cta-button-cal\" href=\"#h2-booking\" title=\"\u00dccretsiz ilk g\u00f6r\u00fc\u015fme\"><span class=\"mr-cta-link-normal\">\u015eimdi istedi\u011finiz tarihi se\u00e7in:<\/span><span class=\"mr-cta-link-bold\">\u00dccretsiz ilk g\u00f6r\u00fc\u015fme<\/span><\/a>\n\n<h2 class=\"wp-block-heading\" id=\"h-testamentsregister\">Vasiyetname Sicili<\/h2>\n\n<p class=\"wp-block-paragraph\">Vasiyetnamenin d\u00fczenlenmesinden sonra, bunu Avusturyal\u0131 avukatlar\u0131n vasiyetname siciline kaydettiriyoruz. Bu, \u00f6l\u00fcm durumunda mahkeme komiserinin vasiyetnameyi \u00f6\u011frenmesini ve bunun yerine getirilmesini sa\u011flar. <\/p>\n\n<p class=\"wp-block-paragraph\"><strong>\u00d6nemli:<\/strong> Sadece vasiyetnamenin d\u00fczenlenmesi kaydedilir. Vasiyetname taranmaz ve \u00e7evrimi\u00e7i olarak g\u00f6r\u00fcnt\u00fclenemez, bunun yerine avukatta gizli kal\u0131r. <\/p>\n\n<h2 class=\"wp-block-heading\" id=\"h-ihre-vorteile-mit-rechtsanwaltlicher-unterstutzung\">Avukat Deste\u011fiyle Elde Edece\u011finiz Avantajlar<\/h2>\n\n<p class=\"wp-block-paragraph\">\u00d6l\u00fcmden sonraki bir tasarrufa ili\u015fkin yasal gereklilikler kat\u0131d\u0131r. K\u00fc\u00e7\u00fck \u015fekil hatalar\u0131, belirsiz ifadeler veya dikkatsizce yap\u0131lm\u0131\u015f h\u00fck\u00fcmler bile son arzunun tamamen veya k\u0131smen ge\u00e7ersiz olmas\u0131na neden olabilir. Genellikle bu, hayatta kalanlar aras\u0131nda anla\u015fmazl\u0131klara veya mahkemede uzun s\u00fcren davalara yol a\u00e7ar.  <\/p>\n\n<p class=\"wp-block-paragraph\">Deneyimli bir avukat, tasarrufunuzun \u015funlar\u0131 sa\u011flamas\u0131na yard\u0131mc\u0131 olur:<\/p>\n\n<ul class=\"wp-block-list\">\n<li>yasal olarak ge\u00e7erli ve \u015fekilsel olarak etkili bir \u015fekilde d\u00fczenlenir,<\/li>\n\n\n\n<li>ger\u00e7ek iradenizi a\u00e7\u0131k ve net bir \u015fekilde yans\u0131t\u0131r,<\/li>\n\n\n\n<li>ve ciddi bir durumda da uygulanabilir kal\u0131r.<\/li>\n<\/ul>\n\n<p class=\"wp-block-paragraph\">Bu \u015fekilde kendiniz ve akrabalar\u0131n\u0131z i\u00e7in hukuki kesinlik yarat\u0131rs\u0131n\u0131z.<\/p>\n\n<h2 class=\"wp-block-heading\" id=\"h-haufig-gestellte-fragen-faq\">S\u0131k\u00e7a Sorulan Sorular \u2013 SSS<\/h2>\n<div class=\"wp-block-uagb-faq uagb-faq__outer-wrap uagb-block-607b43fa uagb-faq-icon-row uagb-faq-layout-accordion uagb-faq-expand-first-true uagb-faq-inactive-other-true uagb-faq__wrap uagb-buttons-layout-wrap uagb-faq-equal-height     \" data-faqtoggle=\"true\" role=\"tablist\"><div class=\"wp-block-uagb-faq-child uagb-faq-child__outer-wrap uagb-faq-item uagb-block-8c25cdbb \" role=\"tab\" tabindex=\"0\"><div class=\"uagb-faq-questions-button uagb-faq-questions\">\t\t\t<span class=\"uagb-icon uagb-faq-icon-wrap\">\n\t\t\t\t\t\t\t\t<svg xmlns=\"https:\/\/www.w3.org\/2000\/svg\" viewBox= \"0 0 448 512\"><path d=\"M432 256c0 17.69-14.33 32.01-32 32.01H256v144c0 17.69-14.33 31.99-32 31.99s-32-14.3-32-31.99v-144H48c-17.67 0-32-14.32-32-32.01s14.33-31.99 32-31.99H192v-144c0-17.69 14.33-32.01 32-32.01s32 14.32 32 32.01v144h144C417.7 224 432 238.3 432 256z\"><\/path><\/svg>\n\t\t\t\t\t\t\t<\/span>\n\t\t\t\t\t\t<span class=\"uagb-icon-active uagb-faq-icon-wrap\">\n\t\t\t\t\t\t\t\t<svg xmlns=\"https:\/\/www.w3.org\/2000\/svg\" viewBox= \"0 0 448 512\"><path d=\"M400 288h-352c-17.69 0-32-14.32-32-32.01s14.31-31.99 32-31.99h352c17.69 0 32 14.3 32 31.99S417.7 288 400 288z\"><\/path><\/svg>\n\t\t\t\t\t\t\t<\/span>\n\t\t\t<span class=\"uagb-question\">\u00d6l\u00fcmden sonraki tasarruf nedir?<\/span><\/div><div class=\"uagb-faq-content\"><p>\u00d6l\u00fcmden sonraki tasarruf, bir ki\u015finin \u00f6l\u00fcm\u00fcnden sonra mal varl\u0131\u011f\u0131n\u0131 kimin alaca\u011f\u0131n\u0131 belirledi\u011fi yasal olarak ba\u011flay\u0131c\u0131 bir beyand\u0131r. Yasal mirasa bir alternatiftir ve \u00f6zellikle vasiyetname, kodisil veya vasiyeti i\u00e7erir. <\/p><\/div><\/div><div class=\"wp-block-uagb-faq-child uagb-faq-child__outer-wrap uagb-faq-item uagb-block-186e0973 \" role=\"tab\" tabindex=\"0\"><div class=\"uagb-faq-questions-button uagb-faq-questions\">\t\t\t<span class=\"uagb-icon uagb-faq-icon-wrap\">\n\t\t\t\t\t\t\t\t<svg xmlns=\"https:\/\/www.w3.org\/2000\/svg\" viewBox= \"0 0 448 512\"><path d=\"M432 256c0 17.69-14.33 32.01-32 32.01H256v144c0 17.69-14.33 31.99-32 31.99s-32-14.3-32-31.99v-144H48c-17.67 0-32-14.32-32-32.01s14.33-31.99 32-31.99H192v-144c0-17.69 14.33-32.01 32-32.01s32 14.32 32 32.01v144h144C417.7 224 432 238.3 432 256z\"><\/path><\/svg>\n\t\t\t\t\t\t\t<\/span>\n\t\t\t\t\t\t<span class=\"uagb-icon-active uagb-faq-icon-wrap\">\n\t\t\t\t\t\t\t\t<svg xmlns=\"https:\/\/www.w3.org\/2000\/svg\" viewBox= \"0 0 448 512\"><path d=\"M400 288h-352c-17.69 0-32-14.32-32-32.01s14.31-31.99 32-31.99h352c17.69 0 32 14.3 32 31.99S417.7 288 400 288z\"><\/path><\/svg>\n\t\t\t\t\t\t\t<\/span>\n\t\t\t<span class=\"uagb-question\">Vasiyetname, kodisil ve vasiyet aras\u0131ndaki farklar nelerdir?<\/span><\/div><div class=\"uagb-faq-content\"><p><strong>Vasiyetname<\/strong>: Bir veya daha fazla ki\u015fiyi miras\u00e7\u0131 olarak atar ve t\u00fcm miras\u0131n da\u011f\u0131t\u0131m\u0131n\u0131 d\u00fczenler.<br><strong>Kodisil<\/strong>: Mevcut bir vasiyetnameyi tamamlar veya de\u011fi\u015ftirir, ancak miras\u00e7\u0131 atamas\u0131 i\u00e7ermez.<br><strong>Vasiyet (Legat)<\/strong>: Belirli ki\u015filere tek tek nesnelerin veya varl\u0131klar\u0131n miras b\u0131rak\u0131lmas\u0131, miras\u00e7\u0131 atamas\u0131 yap\u0131lmaz.<\/p><\/div><\/div><div class=\"wp-block-uagb-faq-child uagb-faq-child__outer-wrap uagb-faq-item uagb-block-3802640a \" role=\"tab\" tabindex=\"0\"><div class=\"uagb-faq-questions-button uagb-faq-questions\">\t\t\t<span class=\"uagb-icon uagb-faq-icon-wrap\">\n\t\t\t\t\t\t\t\t<svg xmlns=\"https:\/\/www.w3.org\/2000\/svg\" viewBox= \"0 0 448 512\"><path d=\"M432 256c0 17.69-14.33 32.01-32 32.01H256v144c0 17.69-14.33 31.99-32 31.99s-32-14.3-32-31.99v-144H48c-17.67 0-32-14.32-32-32.01s14.33-31.99 32-31.99H192v-144c0-17.69 14.33-32.01 32-32.01s32 14.32 32 32.01v144h144C417.7 224 432 238.3 432 256z\"><\/path><\/svg>\n\t\t\t\t\t\t\t<\/span>\n\t\t\t\t\t\t<span class=\"uagb-icon-active uagb-faq-icon-wrap\">\n\t\t\t\t\t\t\t\t<svg xmlns=\"https:\/\/www.w3.org\/2000\/svg\" viewBox= \"0 0 448 512\"><path d=\"M400 288h-352c-17.69 0-32-14.32-32-32.01s14.31-31.99 32-31.99h352c17.69 0 32 14.3 32 31.99S417.7 288 400 288z\"><\/path><\/svg>\n\t\t\t\t\t\t\t<\/span>\n\t\t\t<span class=\"uagb-question\">Kim \u00f6l\u00fcmden sonraki bir tasarruf d\u00fczenleyebilir?<\/span><\/div><div class=\"uagb-faq-content\"><p>Prensip olarak, 18 ya\u015f\u0131n\u0131 doldurmu\u015f ve vasiyetname yapma ehliyetine sahip olan herkes. 14 ile 18 ya\u015f aras\u0131nda bu sadece mahkeme veya noter huzurunda m\u00fcmk\u00fcnd\u00fcr. 14 ya\u015f\u0131n alt\u0131ndaki veya serbest irade olu\u015fumu olmayan ki\u015filer hari\u00e7 tutulur.  <\/p><\/div><\/div><div class=\"wp-block-uagb-faq-child uagb-faq-child__outer-wrap uagb-faq-item uagb-block-3e70980a \" role=\"tab\" tabindex=\"0\"><div class=\"uagb-faq-questions-button uagb-faq-questions\">\t\t\t<span class=\"uagb-icon uagb-faq-icon-wrap\">\n\t\t\t\t\t\t\t\t<svg xmlns=\"https:\/\/www.w3.org\/2000\/svg\" viewBox= \"0 0 448 512\"><path d=\"M432 256c0 17.69-14.33 32.01-32 32.01H256v144c0 17.69-14.33 31.99-32 31.99s-32-14.3-32-31.99v-144H48c-17.67 0-32-14.32-32-32.01s14.33-31.99 32-31.99H192v-144c0-17.69 14.33-32.01 32-32.01s32 14.32 32 32.01v144h144C417.7 224 432 238.3 432 256z\"><\/path><\/svg>\n\t\t\t\t\t\t\t<\/span>\n\t\t\t\t\t\t<span class=\"uagb-icon-active uagb-faq-icon-wrap\">\n\t\t\t\t\t\t\t\t<svg xmlns=\"https:\/\/www.w3.org\/2000\/svg\" viewBox= \"0 0 448 512\"><path d=\"M400 288h-352c-17.69 0-32-14.32-32-32.01s14.31-31.99 32-31.99h352c17.69 0 32 14.3 32 31.99S417.7 288 400 288z\"><\/path><\/svg>\n\t\t\t\t\t\t\t<\/span>\n\t\t\t<span class=\"uagb-question\">\u00d6l\u00fcmden sonraki tasarruf bi\u00e7imleri nelerdir?<\/span><\/div><div class=\"uagb-faq-content\"><p><strong>El yaz\u0131s\u0131yla tasarruf<\/strong>: Tamamen el yaz\u0131s\u0131yla yaz\u0131lm\u0131\u015f ve imzalanm\u0131\u015ft\u0131r.<br><strong>Ba\u015fkas\u0131 taraf\u0131ndan yaz\u0131lan tasarruf<\/strong>: Makineyle veya \u00fc\u00e7\u00fcnc\u00fc \u015fah\u0131slar taraf\u0131ndan yaz\u0131lm\u0131\u015f, el yaz\u0131s\u0131yla imza, kendi irade eki ve \u00fc\u00e7 tan\u0131k.<br><strong>S\u00f6zl\u00fc tasarruf (acil durum vasiyetnamesi)<\/strong>: Tehlikeli durumlarda, iki re\u015fit tan\u0131k \u00f6n\u00fcnde s\u00f6zl\u00fc olarak.<br><strong>Resmi tasarruf<\/strong>: Noter veya mahkeme taraf\u0131ndan d\u00fczenlenir, \u00f6rne\u011fin 14 ya\u015f\u0131ndan itibaren re\u015fit olmayan vasiyetname yapanlar i\u00e7in.<\/p><\/div><\/div><div class=\"wp-block-uagb-faq-child uagb-faq-child__outer-wrap uagb-faq-item uagb-block-f1cabb57 \" role=\"tab\" tabindex=\"0\"><div class=\"uagb-faq-questions-button uagb-faq-questions\">\t\t\t<span class=\"uagb-icon uagb-faq-icon-wrap\">\n\t\t\t\t\t\t\t\t<svg xmlns=\"https:\/\/www.w3.org\/2000\/svg\" viewBox= \"0 0 448 512\"><path d=\"M432 256c0 17.69-14.33 32.01-32 32.01H256v144c0 17.69-14.33 31.99-32 31.99s-32-14.3-32-31.99v-144H48c-17.67 0-32-14.32-32-32.01s14.33-31.99 32-31.99H192v-144c0-17.69 14.33-32.01 32-32.01s32 14.32 32 32.01v144h144C417.7 224 432 238.3 432 256z\"><\/path><\/svg>\n\t\t\t\t\t\t\t<\/span>\n\t\t\t\t\t\t<span class=\"uagb-icon-active uagb-faq-icon-wrap\">\n\t\t\t\t\t\t\t\t<svg xmlns=\"https:\/\/www.w3.org\/2000\/svg\" viewBox= \"0 0 448 512\"><path d=\"M400 288h-352c-17.69 0-32-14.32-32-32.01s14.31-31.99 32-31.99h352c17.69 0 32 14.3 32 31.99S417.7 288 400 288z\"><\/path><\/svg>\n\t\t\t\t\t\t\t<\/span>\n\t\t\t<span class=\"uagb-question\">\u00d6l\u00fcmden sonraki tasarruflar iptal edilebilir mi?<\/span><\/div><div class=\"uagb-faq-content\"><p>Evet. \u0130ptal her zaman m\u00fcmk\u00fcnd\u00fcr. Hem a\u00e7\u0131k\u00e7a (vasiyetname \u015feklinde) hem de z\u0131mnen (yeni vasiyetname ile) veya fiilen (\u00f6rn. imha yoluyla). En g\u00fcvenli yol, usul\u00fcne uygun bir iptaldir.   <\/p><\/div><\/div><div class=\"wp-block-uagb-faq-child uagb-faq-child__outer-wrap uagb-faq-item uagb-block-ba4a8cda \" role=\"tab\" tabindex=\"0\"><div class=\"uagb-faq-questions-button uagb-faq-questions\">\t\t\t<span class=\"uagb-icon uagb-faq-icon-wrap\">\n\t\t\t\t\t\t\t\t<svg xmlns=\"https:\/\/www.w3.org\/2000\/svg\" viewBox= \"0 0 448 512\"><path d=\"M432 256c0 17.69-14.33 32.01-32 32.01H256v144c0 17.69-14.33 31.99-32 31.99s-32-14.3-32-31.99v-144H48c-17.67 0-32-14.32-32-32.01s14.33-31.99 32-31.99H192v-144c0-17.69 14.33-32.01 32-32.01s32 14.32 32 32.01v144h144C417.7 224 432 238.3 432 256z\"><\/path><\/svg>\n\t\t\t\t\t\t\t<\/span>\n\t\t\t\t\t\t<span class=\"uagb-icon-active uagb-faq-icon-wrap\">\n\t\t\t\t\t\t\t\t<svg xmlns=\"https:\/\/www.w3.org\/2000\/svg\" viewBox= \"0 0 448 512\"><path d=\"M400 288h-352c-17.69 0-32-14.32-32-32.01s14.31-31.99 32-31.99h352c17.69 0 32 14.3 32 31.99S417.7 288 400 288z\"><\/path><\/svg>\n\t\t\t\t\t\t\t<\/span>\n\t\t\t<span class=\"uagb-question\">\u00d6l\u00fcmden sonraki bir tasarruf ne zaman iptal edilebilir?<\/span><\/div><div class=\"uagb-faq-content\"><p>Miras b\u0131rakan\u0131n bir hata yapmas\u0131 durumunda iptal m\u00fcmk\u00fcnd\u00fcr. Yasal miras\u00e7\u0131lar ve ayr\u0131ca \u00f6nceki bir vasiyetname ile atanm\u0131\u015f olabilecek ki\u015filer iptal etme hakk\u0131na sahiptir. <\/p><\/div><\/div><div class=\"wp-block-uagb-faq-child uagb-faq-child__outer-wrap uagb-faq-item uagb-block-f61c444d \" role=\"tab\" tabindex=\"0\"><div class=\"uagb-faq-questions-button uagb-faq-questions\">\t\t\t<span class=\"uagb-icon uagb-faq-icon-wrap\">\n\t\t\t\t\t\t\t\t<svg xmlns=\"https:\/\/www.w3.org\/2000\/svg\" viewBox= \"0 0 448 512\"><path d=\"M432 256c0 17.69-14.33 32.01-32 32.01H256v144c0 17.69-14.33 31.99-32 31.99s-32-14.3-32-31.99v-144H48c-17.67 0-32-14.32-32-32.01s14.33-31.99 32-31.99H192v-144c0-17.69 14.33-32.01 32-32.01s32 14.32 32 32.01v144h144C417.7 224 432 238.3 432 256z\"><\/path><\/svg>\n\t\t\t\t\t\t\t<\/span>\n\t\t\t\t\t\t<span class=\"uagb-icon-active uagb-faq-icon-wrap\">\n\t\t\t\t\t\t\t\t<svg xmlns=\"https:\/\/www.w3.org\/2000\/svg\" viewBox= \"0 0 448 512\"><path d=\"M400 288h-352c-17.69 0-32-14.32-32-32.01s14.31-31.99 32-31.99h352c17.69 0 32 14.3 32 31.99S417.7 288 400 288z\"><\/path><\/svg>\n\t\t\t\t\t\t\t<\/span>\n\t\t\t<span class=\"uagb-question\">Vasiyetname nerede kaydedilir?<\/span><\/div><div class=\"uagb-faq-content\"><p>Vasiyetname bir avukat taraf\u0131ndan d\u00fczenlenirse, kay\u0131t <strong>Avusturyal\u0131 avukatlar\u0131n vasiyetname siciline<\/strong> yap\u0131l\u0131r. Bu, belgenin \u00f6l\u00fcm durumunda miras dairesi taraf\u0131ndan bulunmas\u0131n\u0131 sa\u011flar. \u0130\u00e7erik gizli kal\u0131r ve kamuya a\u00e7\u0131k olarak saklanmaz.  <\/p><\/div><\/div><\/div>","protected":false},"excerpt":{"rendered":"\u00d6l\u00fcmden Sonraki Tasarruf \u00d6l\u00fcmden sonraki tasarruf, bir ki\u015finin son arzusu hakk\u0131nda yasal olarak ba\u011flay\u0131c\u0131 bir beyand\u0131r. Miras\u0131n bireysel olarak d\u00fczenlenmesini sa\u011flar ve yasal miras\u0131n yerini alabilir veya onu tamamlayabilir. \u00d6l\u00fcmden &#8230;","protected":false},"author":25,"featured_media":40858,"parent":43406,"menu_order":54,"comment_status":"closed","ping_status":"closed","template":"","meta":{"_acf_changed":false,"_uag_custom_page_level_css":"","footnotes":""},"categories":[753,752],"tags":[],"class_list":["post-40856","page","type-page","status-publish","has-post-thumbnail","hentry","category-hukuk","category-miras-hukuku-ihtiyat"],"acf":[],"uagb_featured_image_src":{"full":["https:\/\/harlander-partner.eu\/wp-content\/uploads\/letztwillige_verfuegung.webp",1920,1080,false],"thumbnail":["https:\/\/harlander-partner.eu\/wp-content\/uploads\/letztwillige_verfuegung-100x100.webp",100,100,true],"medium":["https:\/\/harlander-partner.eu\/wp-content\/uploads\/letztwillige_verfuegung-800x450.webp",800,450,true],"medium_large":["https:\/\/harlander-partner.eu\/wp-content\/uploads\/letztwillige_verfuegung.webp",1920,1080,false],"large":["https:\/\/harlander-partner.eu\/wp-content\/uploads\/letztwillige_verfuegung.webp",1920,1080,false],"1536x1536":["https:\/\/harlander-partner.eu\/wp-content\/uploads\/letztwillige_verfuegung.webp",1536,864,false],"2048x2048":["https:\/\/harlander-partner.eu\/wp-content\/uploads\/letztwillige_verfuegung.webp",1920,1080,false],"336x":["https:\/\/harlander-partner.eu\/wp-content\/uploads\/letztwillige_verfuegung-336x189.webp",336,189,true],"352x":["https:\/\/harlander-partner.eu\/wp-content\/uploads\/letztwillige_verfuegung-352x198.webp",352,198,true],"woocommerce_thumbnail":["https:\/\/harlander-partner.eu\/wp-content\/uploads\/letztwillige_verfuegung-300x300.webp",300,300,true],"woocommerce_single":["https:\/\/harlander-partner.eu\/wp-content\/uploads\/letztwillige_verfuegung-600x338.webp",600,338,true],"woocommerce_gallery_thumbnail":["https:\/\/harlander-partner.eu\/wp-content\/uploads\/letztwillige_verfuegung-100x100.webp",100,100,true],"yarpp-thumbnail":["https:\/\/harlander-partner.eu\/wp-content\/uploads\/letztwillige_verfuegung-120x120.webp",120,120,true]},"uagb_author_info":{"display_name":"Simon Prem","author_link":"https:\/\/harlander-partner.eu\/tr\/author\/simon-prem\/"},"uagb_comment_info":0,"uagb_excerpt":"\u00d6l\u00fcmden Sonraki Tasarruf \u00d6l\u00fcmden sonraki tasarruf, bir ki\u015finin son arzusu hakk\u0131nda yasal olarak ba\u011flay\u0131c\u0131 bir beyand\u0131r. Miras\u0131n bireysel olarak d\u00fczenlenmesini sa\u011flar ve yasal miras\u0131n yerini alabilir veya onu tamamlayabilir. \u00d6l\u00fcmden ...","_links":{"self":[{"href":"https:\/\/harlander-partner.eu\/tr\/wp-json\/wp\/v2\/pages\/40856","targetHints":{"allow":["GET"]}}],"collection":[{"href":"https:\/\/harlander-partner.eu\/tr\/wp-json\/wp\/v2\/pages"}],"about":[{"href":"https:\/\/harlander-partner.eu\/tr\/wp-json\/wp\/v2\/types\/page"}],"author":[{"embeddable":true,"href":"https:\/\/harlander-partner.eu\/tr\/wp-json\/wp\/v2\/users\/25"}],"replies":[{"embeddable":true,"href":"https:\/\/harlander-partner.eu\/tr\/wp-json\/wp\/v2\/comments?post=40856"}],"version-history":[{"count":0,"href":"https:\/\/harlander-partner.eu\/tr\/wp-json\/wp\/v2\/pages\/40856\/revisions"}],"up":[{"embeddable":true,"href":"https:\/\/harlander-partner.eu\/tr\/wp-json\/wp\/v2\/pages\/43406"}],"wp:featuredmedia":[{"embeddable":true,"href":"https:\/\/harlander-partner.eu\/tr\/wp-json\/wp\/v2\/media\/40858"}],"wp:attachment":[{"href":"https:\/\/harlander-partner.eu\/tr\/wp-json\/wp\/v2\/media?parent=40856"}],"wp:term":[{"taxonomy":"category","embeddable":true,"href":"https:\/\/harlander-partner.eu\/tr\/wp-json\/wp\/v2\/categories?post=40856"},{"taxonomy":"post_tag","embeddable":true,"href":"https:\/\/harlander-partner.eu\/tr\/wp-json\/wp\/v2\/tags?post=40856"}],"curies":[{"name":"wp","href":"https:\/\/api.w.org\/{rel}","templated":true}]}}