{"id":149163,"date":"2026-04-30T12:00:00","date_gmt":"2026-04-30T10:00:00","guid":{"rendered":"https:\/\/harlander-partner.eu\/ceza-hukuku\/veri-tasiyicilarinin-ve-verilerin-muhafazasi\/"},"modified":"2026-04-30T12:09:07","modified_gmt":"2026-04-30T10:09:07","slug":"veri-tasiyicilarinin-ve-verilerin-muhafazasi","status":"publish","type":"page","link":"https:\/\/harlander-partner.eu\/tr\/ceza-hukuku\/veri-tasiyicilarinin-ve-verilerin-muhafazasi\/","title":{"rendered":"Veri ta\u015f\u0131y\u0131c\u0131lar\u0131n\u0131n ve verilerin muhafazas\u0131"},"content":{"rendered":"\n<div class=\"wp-block-yoast-seo-table-of-contents yoast-table-of-contents\"><h2>Veri ta\u015f\u0131y\u0131c\u0131lar\u0131n\u0131n ve verilerin muhafazas\u0131<\/h2><ul><li><a href=\"#h-sicherung-von-originalsicherung-und-arbeitskopie\" data-level=\"2\">Orijinal yedek ve \u00e7al\u0131\u015fma kopyas\u0131n\u0131n g\u00fcvence alt\u0131na al\u0131nmas\u0131<\/a><\/li><li><a href=\"#h-zugriffsverbot-und-unzulassigkeit-der-einsichtnahme\" data-level=\"2\">Eri\u015fim yasa\u011f\u0131 ve incelemenin hukuka ayk\u0131r\u0131l\u0131\u011f\u0131<\/a><\/li><li><a href=\"#h-verwahrung-von-datentragern-und-ergebnissen-der-datenaufbereitung\" data-level=\"2\">Veri ta\u015f\u0131y\u0131c\u0131lar\u0131n\u0131n ve veri i\u015fleme sonu\u00e7lar\u0131n\u0131n muhafazas\u0131<\/a><\/li><li><a href=\"#h-zustandigkeit-der-kriminalpolizei-bis-zur-berichterstattung-0\" data-level=\"2\">Raporlamaya kadar Kriminal Polisin yetkisi<\/a><\/li><li><a href=\"#h-ubergang-der-verwahrung-an-die-staatsanwaltschaft-0\" data-level=\"2\">Muhafazan\u0131n Savc\u0131l\u0131\u011fa devri<\/a><\/li><li><a href=\"#h-verwahrungsdauer-bis-zur-rechtskraftigen-beendigung-des-strafverfahrens-0\" data-level=\"2\">Ceza yarg\u0131lamas\u0131n\u0131n kesin olarak sona ermesine kadar muhafaza s\u00fcresi<\/a><\/li><li><a href=\"#h-ihre-vorteile-mit-anwaltlicher-unterstutzung\" data-level=\"2\">Avukatl\u0131k Deste\u011fiyle Avantajlar\u0131n\u0131z<\/a><\/li><li><a href=\"#h-faq-haufig-gestellte-fragen\" data-level=\"2\">SSS \u2013 S\u0131k\u00e7a Sorulan Sorular<\/a><\/li><\/ul><\/div>\n\n<p class=\"wp-block-paragraph\"><a href=\"https:\/\/ris.bka.gv.at\/eli\/bgbl\/1975\/631\/P115k\/NOR40267216\" target=\"_blank\" rel=\"noreferrer noopener\"><strong>StPO \u00a7 115k<\/strong><\/a> <strong>uyar\u0131nca veri ta\u015f\u0131y\u0131c\u0131lar\u0131n\u0131n ve verilerin muhafazas\u0131<\/strong>, <strong>ceza yarg\u0131lamas\u0131nda dijital delillerin<\/strong> nas\u0131l g\u00fcvence alt\u0131na al\u0131nmas\u0131 ve saklanmas\u0131 gerekti\u011fini d\u00fczenler. \u00d6zellikle <strong>orijinal yedekler<\/strong>, <strong>\u00e7al\u0131\u015fma kopyalar\u0131<\/strong>, <strong>iade edilemeyen veri ta\u015f\u0131y\u0131c\u0131lar\u0131<\/strong> ile <strong>veri i\u015fleme sonu\u00e7lar\u0131<\/strong> kapsam dahiline girer. Ama\u00e7, <strong>yetkisiz incelemeye ve de\u011fi\u015fikli\u011fe kar\u015f\u0131 kesintisiz koruma<\/strong> sa\u011flamak olup bu nedenle <strong>eri\u015fimler kural olarak hukuken kabul edilemez<\/strong>. Sorumluluk ba\u015flang\u0131\u00e7ta <strong>Kriminal Poliste<\/strong> olup, yarg\u0131lama s\u00fcrecinin devam\u0131nda <strong>Savc\u0131l\u0131\u011fa<\/strong> ge\u00e7er. Muhafaza, kural olarak <strong>yarg\u0131laman\u0131n kesin olarak sona ermesine kadar<\/strong> s\u00fcrer.    <\/p>\n\n<div class=\"wp-block-uagb-container uagb-block-3019fe8e alignfull uagb-is-root-container\">\n<div class=\"wp-block-uagb-container uagb-block-32585033\">\n<p class=\"wp-block-paragraph\"><a href=\"https:\/\/ris.bka.gv.at\/eli\/bgbl\/1975\/631\/P115k\/NOR40267216\" target=\"_blank\" rel=\"noreferrer noopener\">StPO \u00a7 115k<\/a>, ceza yarg\u0131lamas\u0131nda veri ta\u015f\u0131y\u0131c\u0131lar\u0131n\u0131n ve verilerin manip\u00fclasyonlar\u0131 ve yetkisiz eri\u015fimleri d\u0131\u015flayacak \u015fekilde g\u00fcvenli bi\u00e7imde saklanmas\u0131n\u0131 d\u00fczenler.<\/p>\n<\/div>\n\n\n\n<div class=\"wp-block-uagb-container uagb-block-45819ab6\"><picture>\r\n\t\t<source srcset=\"https:\/\/harlander-partner.eu\/wp-content\/uploads\/Verwahrung-von-Datentraegern-und-Daten-352x198.webp\" >\r\n\t\t<img decoding=\"async\" class=\"mr-picture-small\" src=\"https:\/\/harlander-partner.eu\/wp-content\/uploads\/Verwahrung-von-Datentraegern-und-Daten.webp\" alt=\"StPO \u00a7 115k a\u00e7\u0131kland\u0131. Ceza yarg\u0131lamas\u0131nda veri ta\u015f\u0131y\u0131c\u0131lar\u0131n\u0131n ve verilerin muhafazas\u0131, sade ve anla\u015f\u0131l\u0131r \u015fekilde anlat\u0131lm\u0131\u015ft\u0131r.\" >\r\n\t<\/picture>\n<\/div>\n<\/div>\n<a class=\"mr-cta-link mr-cta-button-cal\" href=\"#h2-booking\" title=\"\u00dccretsiz ilk g\u00f6r\u00fc\u015fme\"><span class=\"mr-cta-link-normal\">\u015eimdi istedi\u011finiz tarihi se\u00e7in:<\/span><span class=\"mr-cta-link-bold\">\u00dccretsiz ilk g\u00f6r\u00fc\u015fme<\/span><\/a>\n\n<h2 class=\"wp-block-heading\" id=\"h-sicherung-von-originalsicherung-und-arbeitskopie\">Orijinal yedek ve \u00e7al\u0131\u015fma kopyas\u0131n\u0131n g\u00fcvence alt\u0131na al\u0131nmas\u0131<\/h2>\n\n<p class=\"wp-block-paragraph\"><strong>Orijinal yedek ve \u00e7al\u0131\u015fma kopyas\u0131n\u0131n g\u00fcvence alt\u0131na al\u0131nmas\u0131<\/strong>, dijital delillerin muhafazas\u0131n\u0131n ba\u015flang\u0131\u00e7 noktas\u0131n\u0131 olu\u015fturur. El koyma kapsam\u0131nda veriler g\u00fcvence alt\u0131na al\u0131n\u0131r al\u0131nmaz iki d\u00fczey ortaya \u00e7\u0131kar: de\u011fi\u015ftirilmeyen delil nesnesi olarak <strong>orijinal yedek<\/strong> ve inceleme i\u00e7in <strong>\u00e7al\u0131\u015fma kopyas\u0131<\/strong>. Her ikisi de, ne <strong>yetkisiz inceleme<\/strong> ne de <strong>verilerde de\u011fi\u015fiklik<\/strong> m\u00fcmk\u00fcn olacak \u015fekilde, kesin bi\u00e7imde ayr\u0131lmal\u0131 ve teknik olarak korunmal\u0131d\u0131r.  <\/p>\n\n<p class=\"wp-block-paragraph\">G\u00fcvence alt\u0131na alma y\u00fck\u00fcml\u00fcl\u00fc\u011f\u00fc, veri ta\u015f\u0131y\u0131c\u0131lar\u0131na ve verilere el konulmas\u0131na do\u011frudan ba\u011fl\u0131d\u0131r. Daha fazlas\u0131n\u0131 <a href=\"https:\/\/harlander-partner.eu\/tr\/ceza-hukuku\/veri-tasiyicilarina-ve-verilere-el-konulmasi\/\" target=\"_blank\" rel=\"noreferrer noopener\">Veri ta\u015f\u0131y\u0131c\u0131lar\u0131na ve verilere el konulmas\u0131<\/a> sayfam\u0131zda okuyabilirsiniz. <\/p>\n\n<p class=\"wp-block-paragraph\">Uygulamada bu \u015fu anlama gelir:<\/p>\n\n<ul class=\"wp-block-list\">\n<li><strong>Orijinal veriler de\u011fi\u015fmeden kal\u0131r<\/strong> ve yaln\u0131zca delil g\u00fcvence alt\u0131na alma amac\u0131yla muhafaza edilir<\/li>\n\n\n\n<li><strong>\u00c7al\u0131\u015fma kopyalar\u0131 inceleme i\u00e7in kullan\u0131l\u0131r<\/strong>, orijinali riske atmadan<\/li>\n\n\n\n<li><strong>Eri\u015fimler teknik olarak s\u0131n\u0131rland\u0131r\u0131l\u0131r ve kay\u0131t alt\u0131na al\u0131n\u0131r<\/strong><\/li>\n\n\n\n<li><strong>her t\u00fcrl\u00fc de\u011fi\u015fiklik ya tamamen engellenmeli ya da izlenebilir olmal\u0131d\u0131r<\/strong><\/li>\n<\/ul>\n\n<p class=\"wp-block-paragraph\">Bu yap\u0131, dijital delillerin <strong>t\u00fcm yarg\u0131lama boyunca delil de\u011ferini<\/strong> korumas\u0131n\u0131 sa\u011flar. G\u00fcvence alt\u0131na almada k\u00fc\u00e7\u00fck belirsizlikler dahi sonradan delilin kullan\u0131lamamas\u0131na yol a\u00e7abilir. <\/p>\n    <div class=\"mr-quote mrbg clearfix\">\n        <a class=\"mr-quote-person\" href=\"\/ueber-uns\/rechtsanwalt-peter-harlander\/\" title=\"Rechtsanwalt Peter Harlander\">\n            <img decoding=\"async\" class=\"mr-quote-person-img\" src=\"https:\/\/harlander-partner.eu\/wp-content\/themes\/harlander\/design\/ph100.webp\" width=\"100\"\n                 height=\"100\" loading=\"lazy\" alt=\"Rechtsanwalt Peter Harlander\">\n            <span class=\"mr-quote-person-text\">\n            Peter Harlander<br>\n            <span class=\"mr-quote-person-function\">Harlander &amp; Partner Rechtsanw\u00e4lte<\/span>\n        <\/span>\n        <\/a>\n        <span class=\"mr-quote-content\">\u201eOrijinal yedek ile \u00e7al\u0131\u015fma kopyas\u0131n\u0131n g\u00fcvenilir bi\u00e7imde ayr\u0131lmas\u0131 bir formalite de\u011fil, dijital delillerin yarg\u0131lamada ger\u00e7ekten sa\u011flam kalmas\u0131n\u0131n temelidir.\u201c<\/span>\n    <\/div>\n\n<h2 class=\"wp-block-heading\" id=\"h-zugriffsverbot-und-unzulassigkeit-der-einsichtnahme\">Eri\u015fim yasa\u011f\u0131 ve incelemenin hukuka ayk\u0131r\u0131l\u0131\u011f\u0131<\/h2>\n\n<p class=\"wp-block-paragraph\"><strong>Eri\u015fim yasa\u011f\u0131 ve incelemenin hukuka ayk\u0131r\u0131l\u0131\u011f\u0131<\/strong>, muhafazaya ili\u015fkin en s\u0131k\u0131 kurallar aras\u0131ndad\u0131r. Kural olarak g\u00fcvence alt\u0131na al\u0131nan verilere eri\u015filemez. \u0130nceleme, el koyman\u0131n sistemati\u011finden kaynaklanan, a\u00e7\u0131k\u00e7a d\u00fczenlenmi\u015f istisnai h\u00e2llerde m\u00fcmk\u00fcnd\u00fcr.  <\/p>\n\n<p class=\"wp-block-paragraph\">Hukuken izin verilen bir eri\u015fimin \u015fartlar\u0131, el koymaya ili\u015fkin d\u00fczenlemelerden do\u011far. Daha fazlas\u0131n\u0131 <a href=\"https:\/\/harlander-partner.eu\/tr\/ceza-hukuku\/veri-tasiyicilarina-ve-verilere-el-konulmasi\/\">Veri ta\u015f\u0131y\u0131c\u0131lar\u0131na ve verilere el konulmas\u0131<\/a> sayfam\u0131zda okuyabilirsiniz. <\/p>\n\n<p class=\"wp-block-paragraph\">Bu a\u00e7\u0131k k\u0131s\u0131tlama birden fazla i\u015flevi yerine getirir:<\/p>\n\n<ul class=\"wp-block-list\">\n<li><strong>Hassas verilerin korunmas\u0131<\/strong>, \u00f6zellikle b\u00fcy\u00fck ve karma veri setlerinde<\/li>\n\n\n\n<li><strong>\u0130lgisiz i\u00e7eriklerin kontrols\u00fcz incelenmesinin \u00f6nlenmesi<\/strong><\/li>\n\n\n\n<li><strong>Adil bir yarg\u0131laman\u0131n g\u00fcvence alt\u0131na al\u0131nmas\u0131<\/strong>, \u00e7\u00fcnk\u00fc yaln\u0131zca hukuka uygun elde edilen veriler kullan\u0131labilir<\/li>\n\n\n\n<li><strong>Soru\u015fturma makamlar\u0131 i\u00e7in net s\u0131n\u0131rlar<\/strong>; bu da sonradan mahkemede kullan\u0131labilirli\u011fi g\u00fcvence alt\u0131na al\u0131r<\/li>\n<\/ul>\n\n<p class=\"wp-block-paragraph\">\u00d6zellikle dijital veri ta\u015f\u0131y\u0131c\u0131lar\u0131nda, yarg\u0131lama i\u00e7in gerekli olandan \u00e7ok daha fazla verinin kapsama al\u0131nmas\u0131 riski y\u00fcksektir. Eri\u015fim yasa\u011f\u0131, soru\u015fturman\u0131n kontrols\u00fcz bi\u00e7imde geni\u015flemesini \u00f6nler. <\/p>\n    <div class=\"mr-quote mrbg clearfix\">\n        <a class=\"mr-quote-person\" href=\"\/ueber-uns\/rechtsanwalt-sebastian-riedlmair\/\" title=\"Rechtsanwalt Sebastian Riedlmair\">\n            <img decoding=\"async\" class=\"mr-quote-person-img\" src=\"https:\/\/harlander-partner.eu\/wp-content\/themes\/harlander\/design\/sr100.webp\" width=\"100\"\n                 height=\"100\" loading=\"lazy\" alt=\"Rechtsanwalt Sebastian Riedlmair\">\n            <span class=\"mr-quote-person-text\">\n            Sebastian Riedlmair<br>\n            <span class=\"mr-quote-person-function\">Harlander &amp; Partner Rechtsanw\u00e4lte<\/span>\n        <\/span>\n        <\/a>\n        <span class=\"mr-quote-content\">\u201e\u00d6zellikle kapsaml\u0131 veri setlerinde, a\u00e7\u0131k\u00e7a s\u0131n\u0131rland\u0131r\u0131lm\u0131\u015f eri\u015fim belirleyicidir; \u00e7\u00fcnk\u00fc ancak bu \u015fekilde ilgisiz ve \u00f6zellikle hassas i\u00e7eriklerin korunmas\u0131 sa\u011flan\u0131r.\u201c<\/span>\n    <\/div>\n<a class=\"mr-cta-link mr-cta-button-cal\" href=\"#h2-booking\" title=\"\u00dccretsiz ilk g\u00f6r\u00fc\u015fme\"><span class=\"mr-cta-link-normal\">\u015eimdi istedi\u011finiz tarihi se\u00e7in:<\/span><span class=\"mr-cta-link-bold\">\u00dccretsiz ilk g\u00f6r\u00fc\u015fme<\/span><\/a>\n\n<h2 class=\"wp-block-heading\" id=\"h-verwahrung-von-datentragern-und-ergebnissen-der-datenaufbereitung\">Veri ta\u015f\u0131y\u0131c\u0131lar\u0131n\u0131n ve veri i\u015fleme sonu\u00e7lar\u0131n\u0131n muhafazas\u0131<\/h2>\n\n<p class=\"wp-block-paragraph\"><strong>Veri ta\u015f\u0131y\u0131c\u0131lar\u0131n\u0131n ve veri i\u015fleme sonu\u00e7lar\u0131n\u0131n muhafazas\u0131<\/strong>, yaln\u0131zca fiziksel depolama ortamlar\u0131n\u0131 de\u011fil, bunlardan elde edilen yap\u0131land\u0131r\u0131lm\u0131\u015f verileri de kapsar. B\u00f6ylece, yarg\u0131lamada rol oynayan t\u00fcm veri varl\u0131\u011f\u0131 tek tip bir koruma rejimine tabi tutulur. <\/p>\n\n<p class=\"wp-block-paragraph\">Veri i\u015fleme, b\u00fcy\u00fck veri miktarlar\u0131ndan ilgili i\u00e7eriklerin ay\u0131kland\u0131\u011f\u0131 ayr\u0131 bir usul ad\u0131m\u0131n\u0131 olu\u015fturur. Daha fazlas\u0131n\u0131 <a href=\"https:\/\/harlander-partner.eu\/tr\/ceza-hukuku\/verilerin-islenmesi\/\">Veri i\u015fleme<\/a> sayfam\u0131zda okuyabilirsiniz. <\/p>\n\n<p class=\"wp-block-paragraph\">Muhafaza bak\u0131m\u0131ndan a\u00e7\u0131k bir ayr\u0131m yap\u0131l\u0131r:<\/p>\n\n<ul class=\"wp-block-list\">\n<li><strong>Veri ta\u015f\u0131y\u0131c\u0131lar\u0131 muhafaza edilir<\/strong>, iade m\u00fcmk\u00fcn de\u011filse<\/li>\n\n\n\n<li><strong>\u0130\u015flenmi\u015f veriler g\u00fcvence alt\u0131nda tutulur<\/strong>, delillendirmenin par\u00e7as\u0131 olduklar\u0131 i\u00e7in<\/li>\n\n\n\n<li><strong>Her ikisi de ayn\u0131 koruma standartlar\u0131na tabidir<\/strong>, orijinal yedek ve \u00e7al\u0131\u015fma kopyas\u0131yla<\/li>\n<\/ul>\n\n<p class=\"wp-block-paragraph\">B\u00f6ylece <strong>kapal\u0131 bir delil g\u00fcvence sistemi<\/strong> olu\u015fur. \u0130lk g\u00fcvence alt\u0131na almadan mahkemede kullan\u0131lmas\u0131na kadar t\u00fcm veri varl\u0131\u011f\u0131 kontrol alt\u0131nda ve korunmu\u015f kal\u0131r. Ancak bu \u015fekilde dijital deliller ceza yarg\u0131lamas\u0131nda <strong>g\u00fcvenilir ve kullan\u0131labilir<\/strong> bi\u00e7imde de\u011ferlendirilebilir.  <\/p>\n    <div class=\"mr-quote mrbg clearfix\">\n        <a class=\"mr-quote-person\" href=\"\/ueber-uns\/rechtsanwalt-peter-harlander\/\" title=\"Rechtsanwalt Peter Harlander\">\n            <img decoding=\"async\" class=\"mr-quote-person-img\" src=\"https:\/\/harlander-partner.eu\/wp-content\/themes\/harlander\/design\/ph100.webp\" width=\"100\"\n                 height=\"100\" loading=\"lazy\" alt=\"Rechtsanwalt Peter Harlander\">\n            <span class=\"mr-quote-person-text\">\n            Peter Harlander<br>\n            <span class=\"mr-quote-person-function\">Harlander &amp; Partner Rechtsanw\u00e4lte<\/span>\n        <\/span>\n        <\/a>\n        <span class=\"mr-quote-content\">\u201eVeri ta\u015f\u0131y\u0131c\u0131lar\u0131n\u0131 ve i\u015flenmi\u015f verileri muhafaza eden ki\u015fi, yaln\u0131zca dosyalar\u0131 de\u011fil, yarg\u0131laman\u0131n bundan sonraki t\u00fcm s\u00fcrecinin izlenebilirli\u011fini de g\u00fcvence alt\u0131na al\u0131r.\u201c<\/span>\n    <\/div>\n<a class=\"mr-cta-link mr-cta-button-cal\" href=\"#h2-booking\" title=\"\u00dccretsiz ilk g\u00f6r\u00fc\u015fme\"><span class=\"mr-cta-link-normal\">\u015eimdi istedi\u011finiz tarihi se\u00e7in:<\/span><span class=\"mr-cta-link-bold\">\u00dccretsiz ilk g\u00f6r\u00fc\u015fme<\/span><\/a>\n\n<h2 class=\"wp-block-heading\" id=\"h-zustandigkeit-der-kriminalpolizei-bis-zur-berichterstattung-0\">Raporlamaya kadar Kriminal Polisin yetkisi<\/h2>\n\n<p class=\"wp-block-paragraph\"><strong>Kriminal Polisin yetkisi<\/strong>, veri ta\u015f\u0131y\u0131c\u0131lar\u0131n\u0131n g\u00fcvence alt\u0131na al\u0131nmas\u0131yla sona ermez. Verilerin incelemesi hen\u00fcz tamamlanmad\u0131\u011f\u0131 s\u00fcrece muhafaza, onun sorumluluk alan\u0131nda kal\u0131r. Bu, hem <strong>orijinal yede\u011fi<\/strong> hem de <strong>\u00e7al\u0131\u015fma kopyalar\u0131n\u0131<\/strong> ve di\u011fer t\u00fcm veri varl\u0131klar\u0131n\u0131 kapsar.  <\/p>\n\n<p class=\"wp-block-paragraph\">H\u00fck\u00fcm, muhafazan\u0131n <strong>nihai incelemeye ili\u015fkin raporlamaya<\/strong> kadar Kriminal Poliste oldu\u011funu a\u00e7\u0131k\u00e7a belirtir. Bu a\u015famada verilerle operasyonel \u00e7al\u0131\u015fma y\u00fcr\u00fct\u00fcld\u00fc\u011f\u00fcnden, <strong>g\u00fcvenlik, eri\u015fim kontrol\u00fc ve belgelendirme<\/strong> bak\u0131m\u0131ndan \u00f6zellikle s\u0131k\u0131 \u015fartlar ge\u00e7erlidir. <\/p>\n\n<p class=\"wp-block-paragraph\">Uygulama a\u00e7\u0131s\u0131ndan bunun anlam\u0131 \u015fudur:<\/p>\n\n<ul class=\"wp-block-list\">\n<li><strong>Kriminal Polis muhafazadan tamamen sorumludur<\/strong><\/li>\n\n\n\n<li><strong>t\u00fcm koruma \u00f6nlemlerine kesintisiz uyulmal\u0131d\u0131r<\/strong><\/li>\n\n\n\n<li><strong>eri\u015fimler s\u0131k\u0131 bi\u00e7imde s\u0131n\u0131rland\u0131r\u0131lm\u0131\u015f ve izlenebilir kal\u0131r<\/strong><\/li>\n\n\n\n<li><strong>veriler ne de\u011fi\u015ftirilebilir ne de kontrols\u00fcz bi\u00e7imde incelenebilir<\/strong><\/li>\n<\/ul>\n\n<p class=\"wp-block-paragraph\">\u00d6zellikle bu a\u015famada, dijital delillerin sonradan <strong>mahkemede kullan\u0131labilir<\/strong> kal\u0131p kalmayaca\u011f\u0131 belirlenir. Muhafazadaki hatalar, delil de\u011ferini do\u011frudan etkiler. <\/p>\n\n<h2 class=\"wp-block-heading\" id=\"h-ubergang-der-verwahrung-an-die-staatsanwaltschaft-0\">Muhafazan\u0131n Savc\u0131l\u0131\u011fa devri<\/h2>\n\n<p class=\"wp-block-paragraph\"><strong>Nihai raporlamayla<\/strong> birlikte muhafaza sorumlulu\u011fu <strong>Savc\u0131l\u0131\u011fa<\/strong> ge\u00e7er. Bu devir, teknik incelemeden hukuki de\u011ferlendirmeye ve yarg\u0131laman\u0131n sevk ve idaresine ge\u00e7i\u015fi ifade eder. <\/p>\n\n<p class=\"wp-block-paragraph\">Yetki de\u011fi\u015fir; ancak gereklilikler ayn\u0131 derecede s\u0131k\u0131 kal\u0131r. Devirden sonra da veriler <strong>g\u00fcvence alt\u0131nda, de\u011fi\u015fmeden ve yetkisiz eri\u015fime kar\u015f\u0131 korunmu\u015f<\/strong> olmal\u0131d\u0131r. <\/p>\n\n<p class=\"wp-block-paragraph\">\u00d6z\u00fcnde bu \u015fu anlama gelir:<\/p>\n\n<ul class=\"wp-block-list\">\n<li><strong>Savc\u0131l\u0131k muhafazay\u0131 tamamen devral\u0131r<\/strong><\/li>\n\n\n\n<li><strong>mevcut g\u00fcvence \u00f6nlemleri aynen ge\u00e7erlili\u011fini s\u00fcrd\u00fcr\u00fcr<\/strong><\/li>\n\n\n\n<li><strong>eri\u015fimler kanunen a\u00e7\u0131k\u00e7a s\u0131n\u0131rland\u0131r\u0131lm\u0131\u015ft\u0131r<\/strong><\/li>\n\n\n\n<li><strong>veriler, sonraki usul kararlar\u0131n\u0131n temelini olu\u015fturur<\/strong><\/li>\n<\/ul>\n\n<p class=\"wp-block-paragraph\">Devir, g\u00fcvenceyi gev\u015fetmek i\u00e7in de\u011fil, bir sonraki usul a\u015famas\u0131nda <strong>delil g\u00fcvence alt\u0131na alman\u0131n kesintisiz s\u00fcrd\u00fcr\u00fclmesi<\/strong> i\u00e7indir.<\/p>\n    <div class=\"mr-quote mrbg clearfix\">\n        <a class=\"mr-quote-person\" href=\"\/ueber-uns\/rechtsanwalt-sebastian-riedlmair\/\" title=\"Rechtsanwalt Sebastian Riedlmair\">\n            <img decoding=\"async\" class=\"mr-quote-person-img\" src=\"https:\/\/harlander-partner.eu\/wp-content\/themes\/harlander\/design\/sr100.webp\" width=\"100\"\n                 height=\"100\" loading=\"lazy\" alt=\"Rechtsanwalt Sebastian Riedlmair\">\n            <span class=\"mr-quote-person-text\">\n            Sebastian Riedlmair<br>\n            <span class=\"mr-quote-person-function\">Harlander &amp; Partner Rechtsanw\u00e4lte<\/span>\n        <\/span>\n        <\/a>\n        <span class=\"mr-quote-content\">\u201eMuhafazan\u0131n Savc\u0131l\u0131\u011fa devri s\u0131ras\u0131nda, \u00f6nceki g\u00fcvence \u00f6nlemlerinin temiz bi\u00e7imde belgelendirilip belgelendirilmedi\u011fi ve hukuken sa\u011flam \u015fekilde uygulan\u0131p uygulanmad\u0131\u011f\u0131 \u00e7o\u011fu kez ortaya \u00e7\u0131kar.\u201c<\/span>\n    <\/div>\n<a class=\"mr-cta-link mr-cta-button-cal\" href=\"#h2-booking\" title=\"\u00dccretsiz ilk g\u00f6r\u00fc\u015fme\"><span class=\"mr-cta-link-normal\">\u015eimdi istedi\u011finiz tarihi se\u00e7in:<\/span><span class=\"mr-cta-link-bold\">\u00dccretsiz ilk g\u00f6r\u00fc\u015fme<\/span><\/a>\n\n<h2 class=\"wp-block-heading\" id=\"h-verwahrungsdauer-bis-zur-rechtskraftigen-beendigung-des-strafverfahrens-0\">Ceza yarg\u0131lamas\u0131n\u0131n kesin olarak sona ermesine kadar muhafaza s\u00fcresi<\/h2>\n\n<p class=\"wp-block-paragraph\"><strong>Muhafaza s\u00fcresi<\/strong> a\u00e7\u0131k\u00e7a d\u00fczenlenmi\u015ftir: Veri ta\u015f\u0131y\u0131c\u0131lar\u0131, orijinal yedekler ve \u00e7al\u0131\u015fma kopyalar\u0131 <strong>ceza yarg\u0131lamas\u0131n\u0131n kesin olarak sona ermesine<\/strong> kadar saklanmal\u0131d\u0131r. B\u00f6ylece kanun, delillerin t\u00fcm yarg\u0131lama boyunca eri\u015filebilir kalmas\u0131n\u0131 sa\u011flar. <\/p>\n\n<p class=\"wp-block-paragraph\">Bu s\u00fcre bilin\u00e7li olarak geni\u015f tutulmu\u015ftur. Dijital deliller, \u00f6rne\u011fin mahkeme kararlar\u0131nda veya kanun yollar\u0131 kapsam\u0131nda, yarg\u0131laman\u0131n farkl\u0131 a\u015famalar\u0131nda yeniden \u00f6nem kazanabilir. <\/p>\n\n<p class=\"wp-block-paragraph\">Pratik sonu\u00e7lar \u015funlard\u0131r:<\/p>\n\n<ul class=\"wp-block-list\">\n<li><strong>muhafaza, incelemeden sonra sona ermez<\/strong><\/li>\n\n\n\n<li><strong>deliller kal\u0131c\u0131 olarak g\u00fcvence alt\u0131nda tutulmal\u0131d\u0131r<\/strong><\/li>\n\n\n\n<li><strong>sonraki usul ad\u0131mlar\u0131 da eri\u015fim gerektirebilir<\/strong><\/li>\n\n\n\n<li><strong>verilerin b\u00fct\u00fcnl\u00fc\u011f\u00fc uzun vadede g\u00fcvence alt\u0131na al\u0131nmal\u0131d\u0131r<\/strong><\/li>\n<\/ul>\n\n<p class=\"wp-block-paragraph\" id=\"h-die-lange-verwahrungsdauer-dient-einem-klaren-zweck-digitale-beweise-mussen-jederzeit-vollstandig-unverandert-und-uberprufbar-zur-verfugung-stehen\">Uzun muhafaza s\u00fcresi a\u00e7\u0131k bir amaca hizmet eder: Dijital deliller her zaman <strong>tam, de\u011fi\u015fmemi\u015f ve do\u011frulanabilir<\/strong> \u015fekilde haz\u0131r bulunmal\u0131d\u0131r.<\/p>\n<a class=\"mr-cta-link mr-cta-button-cal\" href=\"#h2-booking\" title=\"\u00dccretsiz ilk g\u00f6r\u00fc\u015fme\"><span class=\"mr-cta-link-normal\">\u015eimdi istedi\u011finiz tarihi se\u00e7in:<\/span><span class=\"mr-cta-link-bold\">\u00dccretsiz ilk g\u00f6r\u00fc\u015fme<\/span><\/a>\n\n<h2 class=\"wp-block-heading\" id=\"h-ihre-vorteile-mit-anwaltlicher-unterstutzung\">Avukatl\u0131k Deste\u011fiyle Avantajlar\u0131n\u0131z<\/h2>\n\n<p class=\"wp-block-paragraph\">Veri ta\u015f\u0131y\u0131c\u0131lar\u0131n\u0131n ve verilerin muhafazas\u0131 ilk bak\u0131\u015fta yaln\u0131zca teknik g\u00f6r\u00fcnebilir; ancak \u00f6nemli hukuki sonu\u00e7lar do\u011furur. G\u00fcvence alt\u0131na almada hatalar, hukuka ayk\u0131r\u0131 eri\u015fimler veya yetersiz belgelendirme, delillerin kullan\u0131labilirli\u011fini kaybetmesine ya da yarg\u0131laman\u0131n tamamen farkl\u0131 bir y\u00f6ne gitmesine yol a\u00e7abilir. Tam da bu noktada <strong>avukat deste\u011fi<\/strong> belirleyicidir.  <\/p>\n\n<p class=\"wp-block-paragraph\">Erken bir hukuki de\u011ferlendirme netlik sa\u011flar ve kritik hatalar\u0131n g\u00f6zden ka\u00e7mas\u0131n\u0131 \u00f6nler. \u00d6zellikle karma\u015f\u0131k veri setlerinde <strong>yap\u0131land\u0131r\u0131lm\u0131\u015f ve hukuken sa\u011flam bir yakla\u015f\u0131m<\/strong>, menfaatlerinizin etkili bi\u00e7imde korunmas\u0131n\u0131n anahtar\u0131d\u0131r. <\/p>\n<a class=\"mr-cta-link mr-cta-button-cal\" href=\"#h2-booking\" title=\"\u00dccretsiz ilk g\u00f6r\u00fc\u015fme\"><span class=\"mr-cta-link-normal\">\u015eimdi istedi\u011finiz tarihi se\u00e7in:<\/span><span class=\"mr-cta-link-bold\">\u00dccretsiz ilk g\u00f6r\u00fc\u015fme<\/span><\/a>\n\n<h2 class=\"wp-block-heading\" id=\"h-faq-haufig-gestellte-fragen\">SSS \u2013 S\u0131k\u00e7a Sorulan Sorular<\/h2>\n<div class=\"wp-block-uagb-faq uagb-faq__outer-wrap uagb-block-FAQ-VERWAHRUNG-DATENTRAEGER uagb-faq-icon-row uagb-faq-layout-accordion uagb-faq-expand-first-true uagb-faq-inactive-other-true uagb-faq__wrap uagb-buttons-layout-wrap uagb-faq-equal-height     \" data-faqtoggle=\"true\" role=\"tablist\"><script type=\"application\/ld+json\">{\"@context\":\"https:\\\/\\\/schema.org\",\"@type\":\"FAQPage\",\"@id\":\"https:\\\/\\\/harlander-partner.eu\\\/tr\\\/ceza-hukuku\\\/veri-tasiyicilarinin-ve-verilerin-muhafazasi\\\/\",\"mainEntity\":[{\"@type\":\"Question\",\"name\":\"Ceza yarg\\u0131lamas\\u0131nda veri ta\\u015f\\u0131y\\u0131c\\u0131lar\\u0131n\\u0131n ve verilerin muhafazas\\u0131 ne anlama gelir\",\"acceptedAnswer\":{\"@type\":\"Answer\",\"text\":\"Muhafaza, el konulan veri ta\\u015f\\u0131y\\u0131c\\u0131lar\\u0131n\\u0131n ve bunlardan elde edilen verilerin g\\u00fcvenli \\u015fekilde saklanmas\\u0131 anlam\\u0131na gelir. Bu s\\u00fcre\\u00e7te makamlar, bir ki\\u015finin yetkisiz bi\\u00e7imde inceleme yapmas\\u0131n\\u0131 veya de\\u011fi\\u015fiklik ger\\u00e7ekle\\u015ftirmesini engellemek zorundad\\u0131r. Veriler kontroll\\u00fc bir durumda tutulur; b\\u00f6ylece delil de\\u011feri korunur. Ayn\\u0131 zamanda, yaln\\u0131zca dar kanuni \\u015fartlar alt\\u0131nda kullan\\u0131lmalar\\u0131na izin verilir.   \"}},{\"@type\":\"Question\",\"name\":\"Verilerin muhafazas\\u0131ndan kim sorumludur\",\"acceptedAnswer\":{\"@type\":\"Answer\",\"text\":\"\\u00d6ncelikle, verilerin incelemesi hen\\u00fcz tamamlanmad\\u0131\\u011f\\u0131 s\\u00fcrece muhafazadan Kriminal Polis sorumludur. Raporlamadan sonra bu g\\u00f6revi Savc\\u0131l\\u0131k devral\\u0131r. Her iki makam da verilerin korunmas\\u0131n\\u0131 ve de\\u011fi\\u015fmeden kalmas\\u0131n\\u0131 sa\\u011flamak zorundad\\u0131r. B\\u00f6ylece sorumluluk yarg\\u0131lama s\\u00fcrecinde el de\\u011fi\\u015ftirir; ancak gereklilikler ayn\\u0131 derecede s\\u0131k\\u0131 kal\\u0131r.   \"}},{\"@type\":\"Question\",\"name\":\"G\\u00fcvence alt\\u0131na al\\u0131nan verilere her zaman eri\\u015filebilir mi\",\"acceptedAnswer\":{\"@type\":\"Answer\",\"text\":\"Hay\\u0131r, eri\\u015fim kural olarak hukuken kabul edilemez olup yaln\\u0131zca kanunda d\\u00fczenlenen istisnai h\\u00e2llerde m\\u00fcmk\\u00fcnd\\u00fcr. Bu k\\u0131s\\u0131tlama, ilgili ki\\u015fileri korur ve b\\u00fcy\\u00fck veri miktarlar\\u0131n\\u0131n kontrols\\u00fcz bi\\u00e7imde incelenmesini \\u00f6nler. Bu nedenle makamlar, bir eri\\u015fimin hukuken izinli olup olmad\\u0131\\u011f\\u0131n\\u0131 titizlikle de\\u011ferlendirmek zorundad\\u0131r. Aksi h\\u00e2lde bu durum, verilerin kullan\\u0131labilirli\\u011fini olumsuz etkileyebilir.   \"}},{\"@type\":\"Question\",\"name\":\"Veri ta\\u015f\\u0131y\\u0131c\\u0131lar\\u0131 ve veriler ne kadar s\\u00fcre saklan\\u0131r\",\"acceptedAnswer\":{\"@type\":\"Answer\",\"text\":\"Muhafaza kural olarak ceza yarg\\u0131lamas\\u0131n\\u0131n kesin olarak sona ermesine kadar s\\u00fcrer. Bu, verilerin birden fazla usul a\\u015famas\\u0131 boyunca da g\\u00fcvence alt\\u0131nda kalaca\\u011f\\u0131 anlam\\u0131na gelir. B\\u00f6ylece, her zaman delil olarak kullan\\u0131labilir olmalar\\u0131 sa\\u011flan\\u0131r. Bu y\\u00fck\\u00fcml\\u00fcl\\u00fck ancak yarg\\u0131laman\\u0131n nihai olarak tamamlanmas\\u0131yla sona erer.   \"}},{\"@type\":\"Question\",\"name\":\"Muhafaza hatal\\u0131 yap\\u0131l\\u0131rsa ne olur\",\"acceptedAnswer\":{\"@type\":\"Answer\",\"text\":\"Muhafazadaki hatalar ciddi sonu\\u00e7lar do\\u011furabilir; \\u00e7\\u00fcnk\\u00fc verilerin delil de\\u011feri bundan etkilenir. \\u00d6rne\\u011fin hukuka ayk\\u0131r\\u0131 eri\\u015fimler ger\\u00e7ekle\\u015fmi\\u015fse, belirli durumlarda bir delil kullanma yasa\\u011f\\u0131 do\\u011fabilir. Mahkeme, verilerin h\\u00e2len kullan\\u0131lmas\\u0131na izin verilip verilemeyece\\u011fini de\\u011ferlendirir. Bu nedenle usul\\u00fcne uygun muhafaza merkezi \\u00f6neme sahiptir.   \"}},{\"@type\":\"Question\",\"name\":\"Dijital delillerde avukat deste\\u011fi neden faydal\\u0131d\\u0131r\",\"acceptedAnswer\":{\"@type\":\"Answer\",\"text\":\"Dijital deliller karma\\u015f\\u0131kt\\u0131r ve kanuni \\u015fartlar s\\u0131k\\u0131d\\u0131r; bu nedenle hatalar \\u00e7o\\u011fu kez kolay fark edilmez. Bir avukat, muhafazan\\u0131n do\\u011fru yap\\u0131l\\u0131p yap\\u0131lmad\\u0131\\u011f\\u0131n\\u0131 ve buradan hukuki avantajlar do\\u011fup do\\u011fmad\\u0131\\u011f\\u0131n\\u0131 inceleyebilir. Ayn\\u0131 zamanda verilerin yarg\\u0131lama a\\u00e7\\u0131s\\u0131ndan \\u00f6nemini do\\u011fru \\u015fekilde de\\u011ferlendirmek m\\u00fcmk\\u00fcnd\\u00fcr. Teredd\\u00fct varsa hukuki dan\\u0131\\u015fmanl\\u0131k al\\u0131nmas\\u0131 yerinde olur.   \"}}]}<\/script><div class=\"wp-block-uagb-faq-child uagb-faq-child__outer-wrap uagb-faq-item uagb-block-VERWAHRUNG-Q1 \" role=\"tab\" tabindex=\"0\"><div class=\"uagb-faq-questions-button uagb-faq-questions\">\t\t\t<span class=\"uagb-icon uagb-faq-icon-wrap\">\n\t\t\t\t\t\t\t\t<svg xmlns=\"https:\/\/www.w3.org\/2000\/svg\" viewBox= \"0 0 448 512\"><path d=\"M432 256c0 17.69-14.33 32.01-32 32.01H256v144c0 17.69-14.33 31.99-32 31.99s-32-14.3-32-31.99v-144H48c-17.67 0-32-14.32-32-32.01s14.33-31.99 32-31.99H192v-144c0-17.69 14.33-32.01 32-32.01s32 14.32 32 32.01v144h144C417.7 224 432 238.3 432 256z\"><\/path><\/svg>\n\t\t\t\t\t\t\t<\/span>\n\t\t\t\t\t\t<span class=\"uagb-icon-active uagb-faq-icon-wrap\">\n\t\t\t\t\t\t\t\t<svg xmlns=\"https:\/\/www.w3.org\/2000\/svg\" viewBox= \"0 0 448 512\"><path d=\"M400 288h-352c-17.69 0-32-14.32-32-32.01s14.31-31.99 32-31.99h352c17.69 0 32 14.3 32 31.99S417.7 288 400 288z\"><\/path><\/svg>\n\t\t\t\t\t\t\t<\/span>\n\t\t\t<span class=\"uagb-question\">Ceza yarg\u0131lamas\u0131nda veri ta\u015f\u0131y\u0131c\u0131lar\u0131n\u0131n ve verilerin muhafazas\u0131 ne anlama gelir<\/span><\/div><div class=\"uagb-faq-content\"><p>Muhafaza, el konulan veri ta\u015f\u0131y\u0131c\u0131lar\u0131n\u0131n ve bunlardan elde edilen verilerin g\u00fcvenli \u015fekilde saklanmas\u0131 anlam\u0131na gelir. Bu s\u00fcre\u00e7te makamlar, bir ki\u015finin yetkisiz bi\u00e7imde inceleme yapmas\u0131n\u0131 veya de\u011fi\u015fiklik ger\u00e7ekle\u015ftirmesini engellemek zorundad\u0131r. Veriler kontroll\u00fc bir durumda tutulur; b\u00f6ylece delil de\u011feri korunur. Ayn\u0131 zamanda, yaln\u0131zca dar kanuni \u015fartlar alt\u0131nda kullan\u0131lmalar\u0131na izin verilir.   <\/p><\/div><\/div><div class=\"wp-block-uagb-faq-child uagb-faq-child__outer-wrap uagb-faq-item uagb-block-VERWAHRUNG-Q2 \" role=\"tab\" tabindex=\"0\"><div class=\"uagb-faq-questions-button uagb-faq-questions\">\t\t\t<span class=\"uagb-icon uagb-faq-icon-wrap\">\n\t\t\t\t\t\t\t\t<svg xmlns=\"https:\/\/www.w3.org\/2000\/svg\" viewBox= \"0 0 448 512\"><path d=\"M432 256c0 17.69-14.33 32.01-32 32.01H256v144c0 17.69-14.33 31.99-32 31.99s-32-14.3-32-31.99v-144H48c-17.67 0-32-14.32-32-32.01s14.33-31.99 32-31.99H192v-144c0-17.69 14.33-32.01 32-32.01s32 14.32 32 32.01v144h144C417.7 224 432 238.3 432 256z\"><\/path><\/svg>\n\t\t\t\t\t\t\t<\/span>\n\t\t\t\t\t\t<span class=\"uagb-icon-active uagb-faq-icon-wrap\">\n\t\t\t\t\t\t\t\t<svg xmlns=\"https:\/\/www.w3.org\/2000\/svg\" viewBox= \"0 0 448 512\"><path d=\"M400 288h-352c-17.69 0-32-14.32-32-32.01s14.31-31.99 32-31.99h352c17.69 0 32 14.3 32 31.99S417.7 288 400 288z\"><\/path><\/svg>\n\t\t\t\t\t\t\t<\/span>\n\t\t\t<span class=\"uagb-question\">Verilerin muhafazas\u0131ndan kim sorumludur<\/span><\/div><div class=\"uagb-faq-content\"><p>\u00d6ncelikle, verilerin incelemesi hen\u00fcz tamamlanmad\u0131\u011f\u0131 s\u00fcrece muhafazadan Kriminal Polis sorumludur. Raporlamadan sonra bu g\u00f6revi Savc\u0131l\u0131k devral\u0131r. Her iki makam da verilerin korunmas\u0131n\u0131 ve de\u011fi\u015fmeden kalmas\u0131n\u0131 sa\u011flamak zorundad\u0131r. B\u00f6ylece sorumluluk yarg\u0131lama s\u00fcrecinde el de\u011fi\u015ftirir; ancak gereklilikler ayn\u0131 derecede s\u0131k\u0131 kal\u0131r.   <\/p><\/div><\/div><div class=\"wp-block-uagb-faq-child uagb-faq-child__outer-wrap uagb-faq-item uagb-block-VERWAHRUNG-Q3 \" role=\"tab\" tabindex=\"0\"><div class=\"uagb-faq-questions-button uagb-faq-questions\">\t\t\t<span class=\"uagb-icon uagb-faq-icon-wrap\">\n\t\t\t\t\t\t\t\t<svg xmlns=\"https:\/\/www.w3.org\/2000\/svg\" viewBox= \"0 0 448 512\"><path d=\"M432 256c0 17.69-14.33 32.01-32 32.01H256v144c0 17.69-14.33 31.99-32 31.99s-32-14.3-32-31.99v-144H48c-17.67 0-32-14.32-32-32.01s14.33-31.99 32-31.99H192v-144c0-17.69 14.33-32.01 32-32.01s32 14.32 32 32.01v144h144C417.7 224 432 238.3 432 256z\"><\/path><\/svg>\n\t\t\t\t\t\t\t<\/span>\n\t\t\t\t\t\t<span class=\"uagb-icon-active uagb-faq-icon-wrap\">\n\t\t\t\t\t\t\t\t<svg xmlns=\"https:\/\/www.w3.org\/2000\/svg\" viewBox= \"0 0 448 512\"><path d=\"M400 288h-352c-17.69 0-32-14.32-32-32.01s14.31-31.99 32-31.99h352c17.69 0 32 14.3 32 31.99S417.7 288 400 288z\"><\/path><\/svg>\n\t\t\t\t\t\t\t<\/span>\n\t\t\t<span class=\"uagb-question\">G\u00fcvence alt\u0131na al\u0131nan verilere her zaman eri\u015filebilir mi<\/span><\/div><div class=\"uagb-faq-content\"><p>Hay\u0131r, eri\u015fim kural olarak hukuken kabul edilemez olup yaln\u0131zca kanunda d\u00fczenlenen istisnai h\u00e2llerde m\u00fcmk\u00fcnd\u00fcr. Bu k\u0131s\u0131tlama, ilgili ki\u015fileri korur ve b\u00fcy\u00fck veri miktarlar\u0131n\u0131n kontrols\u00fcz bi\u00e7imde incelenmesini \u00f6nler. Bu nedenle makamlar, bir eri\u015fimin hukuken izinli olup olmad\u0131\u011f\u0131n\u0131 titizlikle de\u011ferlendirmek zorundad\u0131r. Aksi h\u00e2lde bu durum, verilerin kullan\u0131labilirli\u011fini olumsuz etkileyebilir.   <\/p><\/div><\/div><div class=\"wp-block-uagb-faq-child uagb-faq-child__outer-wrap uagb-faq-item uagb-block-VERWAHRUNG-Q4 \" role=\"tab\" tabindex=\"0\"><div class=\"uagb-faq-questions-button uagb-faq-questions\">\t\t\t<span class=\"uagb-icon uagb-faq-icon-wrap\">\n\t\t\t\t\t\t\t\t<svg xmlns=\"https:\/\/www.w3.org\/2000\/svg\" viewBox= \"0 0 448 512\"><path d=\"M432 256c0 17.69-14.33 32.01-32 32.01H256v144c0 17.69-14.33 31.99-32 31.99s-32-14.3-32-31.99v-144H48c-17.67 0-32-14.32-32-32.01s14.33-31.99 32-31.99H192v-144c0-17.69 14.33-32.01 32-32.01s32 14.32 32 32.01v144h144C417.7 224 432 238.3 432 256z\"><\/path><\/svg>\n\t\t\t\t\t\t\t<\/span>\n\t\t\t\t\t\t<span class=\"uagb-icon-active uagb-faq-icon-wrap\">\n\t\t\t\t\t\t\t\t<svg xmlns=\"https:\/\/www.w3.org\/2000\/svg\" viewBox= \"0 0 448 512\"><path d=\"M400 288h-352c-17.69 0-32-14.32-32-32.01s14.31-31.99 32-31.99h352c17.69 0 32 14.3 32 31.99S417.7 288 400 288z\"><\/path><\/svg>\n\t\t\t\t\t\t\t<\/span>\n\t\t\t<span class=\"uagb-question\">Veri ta\u015f\u0131y\u0131c\u0131lar\u0131 ve veriler ne kadar s\u00fcre saklan\u0131r<\/span><\/div><div class=\"uagb-faq-content\"><p>Muhafaza kural olarak ceza yarg\u0131lamas\u0131n\u0131n kesin olarak sona ermesine kadar s\u00fcrer. Bu, verilerin birden fazla usul a\u015famas\u0131 boyunca da g\u00fcvence alt\u0131nda kalaca\u011f\u0131 anlam\u0131na gelir. B\u00f6ylece, her zaman delil olarak kullan\u0131labilir olmalar\u0131 sa\u011flan\u0131r. Bu y\u00fck\u00fcml\u00fcl\u00fck ancak yarg\u0131laman\u0131n nihai olarak tamamlanmas\u0131yla sona erer.   <\/p><\/div><\/div><div class=\"wp-block-uagb-faq-child uagb-faq-child__outer-wrap uagb-faq-item uagb-block-VERWAHRUNG-Q5 \" role=\"tab\" tabindex=\"0\"><div class=\"uagb-faq-questions-button uagb-faq-questions\">\t\t\t<span class=\"uagb-icon uagb-faq-icon-wrap\">\n\t\t\t\t\t\t\t\t<svg xmlns=\"https:\/\/www.w3.org\/2000\/svg\" viewBox= \"0 0 448 512\"><path d=\"M432 256c0 17.69-14.33 32.01-32 32.01H256v144c0 17.69-14.33 31.99-32 31.99s-32-14.3-32-31.99v-144H48c-17.67 0-32-14.32-32-32.01s14.33-31.99 32-31.99H192v-144c0-17.69 14.33-32.01 32-32.01s32 14.32 32 32.01v144h144C417.7 224 432 238.3 432 256z\"><\/path><\/svg>\n\t\t\t\t\t\t\t<\/span>\n\t\t\t\t\t\t<span class=\"uagb-icon-active uagb-faq-icon-wrap\">\n\t\t\t\t\t\t\t\t<svg xmlns=\"https:\/\/www.w3.org\/2000\/svg\" viewBox= \"0 0 448 512\"><path d=\"M400 288h-352c-17.69 0-32-14.32-32-32.01s14.31-31.99 32-31.99h352c17.69 0 32 14.3 32 31.99S417.7 288 400 288z\"><\/path><\/svg>\n\t\t\t\t\t\t\t<\/span>\n\t\t\t<span class=\"uagb-question\">Muhafaza hatal\u0131 yap\u0131l\u0131rsa ne olur<\/span><\/div><div class=\"uagb-faq-content\"><p>Muhafazadaki hatalar ciddi sonu\u00e7lar do\u011furabilir; \u00e7\u00fcnk\u00fc verilerin delil de\u011feri bundan etkilenir. \u00d6rne\u011fin hukuka ayk\u0131r\u0131 eri\u015fimler ger\u00e7ekle\u015fmi\u015fse, belirli durumlarda bir delil kullanma yasa\u011f\u0131 do\u011fabilir. Mahkeme, verilerin h\u00e2len kullan\u0131lmas\u0131na izin verilip verilemeyece\u011fini de\u011ferlendirir. Bu nedenle usul\u00fcne uygun muhafaza merkezi \u00f6neme sahiptir.   <\/p><\/div><\/div><div class=\"wp-block-uagb-faq-child uagb-faq-child__outer-wrap uagb-faq-item uagb-block-VERWAHRUNG-Q6 \" role=\"tab\" tabindex=\"0\"><div class=\"uagb-faq-questions-button uagb-faq-questions\">\t\t\t<span class=\"uagb-icon uagb-faq-icon-wrap\">\n\t\t\t\t\t\t\t\t<svg xmlns=\"https:\/\/www.w3.org\/2000\/svg\" viewBox= \"0 0 448 512\"><path d=\"M432 256c0 17.69-14.33 32.01-32 32.01H256v144c0 17.69-14.33 31.99-32 31.99s-32-14.3-32-31.99v-144H48c-17.67 0-32-14.32-32-32.01s14.33-31.99 32-31.99H192v-144c0-17.69 14.33-32.01 32-32.01s32 14.32 32 32.01v144h144C417.7 224 432 238.3 432 256z\"><\/path><\/svg>\n\t\t\t\t\t\t\t<\/span>\n\t\t\t\t\t\t<span class=\"uagb-icon-active uagb-faq-icon-wrap\">\n\t\t\t\t\t\t\t\t<svg xmlns=\"https:\/\/www.w3.org\/2000\/svg\" viewBox= \"0 0 448 512\"><path d=\"M400 288h-352c-17.69 0-32-14.32-32-32.01s14.31-31.99 32-31.99h352c17.69 0 32 14.3 32 31.99S417.7 288 400 288z\"><\/path><\/svg>\n\t\t\t\t\t\t\t<\/span>\n\t\t\t<span class=\"uagb-question\">Dijital delillerde avukat deste\u011fi neden faydal\u0131d\u0131r<\/span><\/div><div class=\"uagb-faq-content\"><p>Dijital deliller karma\u015f\u0131kt\u0131r ve kanuni \u015fartlar s\u0131k\u0131d\u0131r; bu nedenle hatalar \u00e7o\u011fu kez kolay fark edilmez. Bir avukat, muhafazan\u0131n do\u011fru yap\u0131l\u0131p yap\u0131lmad\u0131\u011f\u0131n\u0131 ve buradan hukuki avantajlar do\u011fup do\u011fmad\u0131\u011f\u0131n\u0131 inceleyebilir. Ayn\u0131 zamanda verilerin yarg\u0131lama a\u00e7\u0131s\u0131ndan \u00f6nemini do\u011fru \u015fekilde de\u011ferlendirmek m\u00fcmk\u00fcnd\u00fcr. Teredd\u00fct varsa hukuki dan\u0131\u015fmanl\u0131k al\u0131nmas\u0131 yerinde olur.   <\/p><\/div><\/div><\/div><a class=\"mr-cta-link mr-cta-button-cal\" href=\"#h2-booking\" title=\"\u00dccretsiz ilk g\u00f6r\u00fc\u015fme\"><span class=\"mr-cta-link-normal\">\u015eimdi istedi\u011finiz tarihi se\u00e7in:<\/span><span class=\"mr-cta-link-bold\">\u00dccretsiz ilk g\u00f6r\u00fc\u015fme<\/span><\/a>\n\n<p class=\"wp-block-paragraph\"><\/p>\n","protected":false},"excerpt":{"rendered":"StPO \u00a7 115k uyar\u0131nca veri ta\u015f\u0131y\u0131c\u0131lar\u0131n\u0131n ve verilerin muhafazas\u0131, ceza yarg\u0131lamas\u0131nda dijital delillerin nas\u0131l g\u00fcvence alt\u0131na al\u0131nmas\u0131 ve saklanmas\u0131 gerekti\u011fini d\u00fczenler. \u00d6zellikle orijinal yedekler, \u00e7al\u0131\u015fma kopyalar\u0131, iade edilemeyen veri ta\u015f\u0131y\u0131c\u0131lar\u0131 &#8230;","protected":false},"author":25,"featured_media":149164,"parent":41194,"menu_order":1,"comment_status":"closed","ping_status":"closed","template":"","meta":{"_acf_changed":false,"_uag_custom_page_level_css":"","footnotes":""},"categories":[821],"tags":[],"class_list":["post-149163","page","type-page","status-publish","has-post-thumbnail","hentry","category-ceza-hukuku"],"acf":[],"uagb_featured_image_src":{"full":["https:\/\/harlander-partner.eu\/wp-content\/uploads\/Verwahrung-von-Datentraegern-und-Daten.webp",2048,1152,false],"thumbnail":["https:\/\/harlander-partner.eu\/wp-content\/uploads\/Verwahrung-von-Datentraegern-und-Daten-100x100.webp",100,100,true],"medium":["https:\/\/harlander-partner.eu\/wp-content\/uploads\/Verwahrung-von-Datentraegern-und-Daten-800x450.webp",800,450,true],"medium_large":["https:\/\/harlander-partner.eu\/wp-content\/uploads\/Verwahrung-von-Datentraegern-und-Daten.webp",2048,1152,false],"large":["https:\/\/harlander-partner.eu\/wp-content\/uploads\/Verwahrung-von-Datentraegern-und-Daten-1920x1080.webp",1920,1080,true],"1536x1536":["https:\/\/harlander-partner.eu\/wp-content\/uploads\/Verwahrung-von-Datentraegern-und-Daten-1536x864.webp",1536,864,true],"2048x2048":["https:\/\/harlander-partner.eu\/wp-content\/uploads\/Verwahrung-von-Datentraegern-und-Daten.webp",2048,1152,false],"336x":["https:\/\/harlander-partner.eu\/wp-content\/uploads\/Verwahrung-von-Datentraegern-und-Daten-336x189.webp",336,189,true],"352x":["https:\/\/harlander-partner.eu\/wp-content\/uploads\/Verwahrung-von-Datentraegern-und-Daten-352x198.webp",352,198,true],"woocommerce_thumbnail":["https:\/\/harlander-partner.eu\/wp-content\/uploads\/Verwahrung-von-Datentraegern-und-Daten-300x300.webp",300,300,true],"woocommerce_single":["https:\/\/harlander-partner.eu\/wp-content\/uploads\/Verwahrung-von-Datentraegern-und-Daten-600x338.webp",600,338,true],"woocommerce_gallery_thumbnail":["https:\/\/harlander-partner.eu\/wp-content\/uploads\/Verwahrung-von-Datentraegern-und-Daten-100x100.webp",100,100,true],"yarpp-thumbnail":["https:\/\/harlander-partner.eu\/wp-content\/uploads\/Verwahrung-von-Datentraegern-und-Daten-120x120.webp",120,120,true]},"uagb_author_info":{"display_name":"Simon Prem","author_link":"https:\/\/harlander-partner.eu\/tr\/author\/simon-prem\/"},"uagb_comment_info":0,"uagb_excerpt":"StPO \u00a7 115k uyar\u0131nca veri ta\u015f\u0131y\u0131c\u0131lar\u0131n\u0131n ve verilerin muhafazas\u0131, ceza yarg\u0131lamas\u0131nda dijital delillerin nas\u0131l g\u00fcvence alt\u0131na al\u0131nmas\u0131 ve saklanmas\u0131 gerekti\u011fini d\u00fczenler. \u00d6zellikle orijinal yedekler, \u00e7al\u0131\u015fma kopyalar\u0131, iade edilemeyen veri ta\u015f\u0131y\u0131c\u0131lar\u0131 ...","_links":{"self":[{"href":"https:\/\/harlander-partner.eu\/tr\/wp-json\/wp\/v2\/pages\/149163","targetHints":{"allow":["GET"]}}],"collection":[{"href":"https:\/\/harlander-partner.eu\/tr\/wp-json\/wp\/v2\/pages"}],"about":[{"href":"https:\/\/harlander-partner.eu\/tr\/wp-json\/wp\/v2\/types\/page"}],"author":[{"embeddable":true,"href":"https:\/\/harlander-partner.eu\/tr\/wp-json\/wp\/v2\/users\/25"}],"replies":[{"embeddable":true,"href":"https:\/\/harlander-partner.eu\/tr\/wp-json\/wp\/v2\/comments?post=149163"}],"version-history":[{"count":0,"href":"https:\/\/harlander-partner.eu\/tr\/wp-json\/wp\/v2\/pages\/149163\/revisions"}],"up":[{"embeddable":true,"href":"https:\/\/harlander-partner.eu\/tr\/wp-json\/wp\/v2\/pages\/41194"}],"wp:featuredmedia":[{"embeddable":true,"href":"https:\/\/harlander-partner.eu\/tr\/wp-json\/wp\/v2\/media\/149164"}],"wp:attachment":[{"href":"https:\/\/harlander-partner.eu\/tr\/wp-json\/wp\/v2\/media?parent=149163"}],"wp:term":[{"taxonomy":"category","embeddable":true,"href":"https:\/\/harlander-partner.eu\/tr\/wp-json\/wp\/v2\/categories?post=149163"},{"taxonomy":"post_tag","embeddable":true,"href":"https:\/\/harlander-partner.eu\/tr\/wp-json\/wp\/v2\/tags?post=149163"}],"curies":[{"name":"wp","href":"https:\/\/api.w.org\/{rel}","templated":true}]}}