{"id":117290,"date":"2026-02-06T12:00:00","date_gmt":"2026-02-06T11:00:00","guid":{"rendered":"https:\/\/harlander-partner.eu\/sanigin-haklari\/"},"modified":"2026-02-06T12:07:37","modified_gmt":"2026-02-06T11:07:37","slug":"sanigin-haklari","status":"publish","type":"page","link":"https:\/\/harlander-partner.eu\/tr\/ceza-hukuku\/sanigin-haklari\/","title":{"rendered":"San\u0131\u011f\u0131n Haklar\u0131"},"content":{"rendered":"\n<div class=\"wp-block-yoast-seo-table-of-contents yoast-table-of-contents\"><h2>San\u0131\u011f\u0131n Haklar\u0131<\/h2><ul><li><a href=\"#h-stellung-des-beschuldigten-im-strafverfahren\" data-level=\"2\">Ceza yarg\u0131lamas\u0131nda san\u0131\u011f\u0131n konumu<\/a><\/li><li><a href=\"#h-funktion-der-beschuldigtenrechte-im-system-der-strafprozessordnung\" data-level=\"2\">Ceza Muhakemesi Kanunu sisteminde san\u0131k haklar\u0131n\u0131n i\u015flevi<\/a><\/li><li><a href=\"#h-gesetzliche-verankerung-der-rechte-des-beschuldigten\" data-level=\"2\">San\u0131\u011f\u0131n haklar\u0131n\u0131n yasal dayana\u011f\u0131<\/a><\/li><li><a href=\"#h-uberblick-uber-die-zentralen-rechte-des-beschuldigten\" data-level=\"2\">San\u0131\u011f\u0131n temel haklar\u0131na genel bak\u0131\u015f<\/a><\/li><li><a href=\"#h-recht-auf-rechtsbelehrung\" data-level=\"2\">Hukuki bilgilendirme hakk\u0131<\/a><\/li><li><a href=\"#h-recht-auf-akteneinsicht\" data-level=\"2\">Dosya inceleme hakk\u0131<\/a><\/li><li><a href=\"#h-verfahren-bei-der-akteneinsicht\" data-level=\"2\">Dosya inceleme prosed\u00fcr\u00fc<\/a><\/li><li><a href=\"#h-schutz-vor-offentlicher-blossstellung\" data-level=\"2\">Herkese a\u00e7\u0131k te\u015fhirden korunma<\/a><\/li><li><a href=\"#h-recht-auf-beweisantrage\" data-level=\"2\">Delil sunma hakk\u0131<\/a><\/li><li><a href=\"#h-recht-auf-ubersetzung-und-sprachhilfe\" data-level=\"2\">Terc\u00fcme ve dil yard\u0131m\u0131 hakk\u0131<\/a><\/li><li><a href=\"#h-recht-auf-verteidigerkontakt-und-beistand\" data-level=\"2\">M\u00fcdafi ile ileti\u015fim ve yard\u0131m alma hakk\u0131<\/a><\/li><li><a href=\"#h-teilnahme-und-einfluss-auf-das-beweisverfahren\" data-level=\"2\">Delil s\u00fcrecine kat\u0131l\u0131m ve etki<\/a><\/li><li><a href=\"#h-rechtsschutzinstrumente-des-beschuldigten\" data-level=\"2\">San\u0131\u011f\u0131n hukuki korunma ara\u00e7lar\u0131<\/a><\/li><li><a href=\"#h-verfahrensfairness-und-gleichgewicht-der-waffen\" data-level=\"2\">Yarg\u0131lama d\u00fcr\u00fcstl\u00fc\u011f\u00fc ve silahlar\u0131n e\u015fitli\u011fi<\/a><\/li><li><a href=\"#h-verhaltnis-zu-den-rechten-von-opfern-und-privatbeteiligten\" data-level=\"2\">Ma\u011fdurlar\u0131n ve \u00f6zel kat\u0131l\u0131mc\u0131lar\u0131n haklar\u0131yla ili\u015fkisi<\/a><\/li><li><a href=\"#h-praktische-bedeutung-der-beschuldigtenrechte-im-strafverfahren\" data-level=\"2\">Ceza yarg\u0131lamas\u0131nda san\u0131k haklar\u0131n\u0131n pratik \u00f6nemi<\/a><\/li><li><a href=\"#h-ihre-vorteile-mit-anwaltlicher-unterstutzung\" data-level=\"2\">Avukatl\u0131k Deste\u011fiyle Avantajlar\u0131n\u0131z<\/a><\/li><li><a href=\"#h-faq-haufig-gestellte-fragen\" data-level=\"2\">SSS \u2013 S\u0131k\u00e7a Sorulan Sorular<\/a><\/li><\/ul><\/div>\n\n<p class=\"wp-block-paragraph\"><strong>San\u0131\u011f\u0131n haklar\u0131<\/strong>, ceza yarg\u0131lamas\u0131nda \u015f\u00fcpheli bir ki\u015finin <strong>sadece devlet soru\u015fturmalar\u0131n\u0131n nesnesi olmamas\u0131n\u0131<\/strong>, aksine <strong>a\u00e7\u0131k koruma haklar\u0131na sahip bir taraf olarak<\/strong> hareket etmesini sa\u011flar. Bunlar aras\u0131nda \u00f6zellikle <strong>su\u00e7lamalar hakk\u0131nda bilgi alma hakk\u0131<\/strong>, <strong>savunma hakk\u0131<\/strong>, <strong>susma hakk\u0131<\/strong> ve <strong>dosyalar\u0131 inceleme, delil talep etme ve kararlara itiraz etme olana\u011f\u0131<\/strong> bulunur. Bu haklar <strong>devlet ve san\u0131k aras\u0131ndaki g\u00fc\u00e7 dengesizli\u011fini dengeler<\/strong> ve <strong>tek tarafl\u0131 veya \u015feffaf olmayan soru\u015fturmalar\u0131 \u00f6nler<\/strong>.  <\/p>\n\n<div class=\"wp-block-uagb-container uagb-block-3019fe8e alignfull uagb-is-root-container\">\n<div class=\"wp-block-uagb-container uagb-block-32585033\">\n<p class=\"wp-block-paragraph\"><strong>Ceza yarg\u0131lamas\u0131nda san\u0131k olarak<\/strong>, <strong><a href=\"https:\/\/www.ris.bka.gv.at\/NormDokument.wxe?Abfrage=Bundesnormen&amp;Gesetzesnummer=10002326&amp;Artikel=&amp;Paragraf=49&amp;Anlage=&amp;Uebergangsrecht=\" type=\"link\" id=\"https:\/\/www.ris.bka.gv.at\/NormDokument.wxe?Abfrage=Bundesnormen&amp;Gesetzesnummer=10002326&amp;Artikel=&amp;Paragraf=49&amp;Anlage=&amp;Uebergangsrecht=\">\u00a7 49 StPO<\/a><\/strong> uyar\u0131nca <strong>bilgilendirme, savunma ve adil muamele<\/strong> g\u00f6rme hakk\u0131n\u0131z bulunmaktad\u0131r <strong>cezai kovu\u015fturma makamlar\u0131<\/strong> kar\u015f\u0131s\u0131nda.<\/p>\n<\/div>\n\n\n\n<div class=\"wp-block-uagb-container uagb-block-45819ab6\"><picture>\r\n\t\t<source srcset=\"https:\/\/harlander-partner.eu\/wp-content\/uploads\/Rechte-des-Beschuldigten-352x198.webp\" >\r\n\t\t<img decoding=\"async\" class=\"mr-picture-small\" src=\"https:\/\/harlander-partner.eu\/wp-content\/uploads\/Rechte-des-Beschuldigten.webp\" alt=\"San\u0131\u011f\u0131n haklar\u0131 anla\u015f\u0131l\u0131r bir \u015fekilde a\u00e7\u0131klanm\u0131\u015ft\u0131r. Avusturya ceza yarg\u0131lamas\u0131nda bilgilendirme, savunma, dosya inceleme ve s\u00fcre\u00e7.\" >\r\n\t<\/picture>\n<\/div>\n<\/div>\n    <div class=\"mr-quote mrbg clearfix\">\n        <a class=\"mr-quote-person\" href=\"\/ueber-uns\/rechtsanwalt-peter-harlander\/\" title=\"Rechtsanwalt Peter Harlander\">\n            <img decoding=\"async\" class=\"mr-quote-person-img\" src=\"https:\/\/harlander-partner.eu\/wp-content\/themes\/harlander\/design\/ph100.webp\" width=\"100\"\n                 height=\"100\" loading=\"lazy\" alt=\"Rechtsanwalt Peter Harlander\">\n            <span class=\"mr-quote-person-text\">\n            Peter Harlander<br>\n            <span class=\"mr-quote-person-function\">Harlander &amp; Partner Rechtsanw\u00e4lte<\/span>\n        <\/span>\n        <\/a>\n        <span class=\"mr-quote-content\">\u201eSan\u0131k olarak y\u00f6netilen ki\u015fi bir g\u00f6r\u00fc\u015fmede de\u011fil, bir yarg\u0131laman\u0131n i\u00e7indedir. Haklar\u0131n\u0131 ba\u015ftan itibaren tutarl\u0131 bir \u015fekilde kullanan ki\u015fi, ba\u015flang\u0131\u00e7 \u015f\u00fcphesinin \u00f6nceden h\u00fck\u00fcm giymeye d\u00f6n\u00fc\u015fmesini engeller. \u201c<\/span>\n    <\/div>\n<a class=\"mr-cta-link mr-cta-button-cal\" href=\"#h2-booking\" title=\"\u00dccretsiz ilk g\u00f6r\u00fc\u015fme\"><span class=\"mr-cta-link-normal\">\u015eimdi istedi\u011finiz tarihi se\u00e7in:<\/span><span class=\"mr-cta-link-bold\">\u00dccretsiz ilk g\u00f6r\u00fc\u015fme<\/span><\/a>\n\n<h2 class=\"wp-block-heading\" id=\"h-stellung-des-beschuldigten-im-strafverfahren\">Ceza yarg\u0131lamas\u0131nda san\u0131\u011f\u0131n konumu<\/h2>\n\n<h3 class=\"wp-block-heading\" id=\"h-rolle-des-beschuldigten-im-ermittlungsverfahren\">Soru\u015fturma s\u00fcrecinde san\u0131\u011f\u0131n rol\u00fc<\/h3>\n\n<p class=\"wp-block-paragraph\"><strong>San\u0131k<\/strong>, cezai kovu\u015fturma makamlar\u0131n\u0131n olas\u0131 bir su\u00e7 eylemine i\u015faret eden somut ger\u00e7ekleri g\u00f6rmesiyle birlikte bir ki\u015fi olarak kabul edilir. Bu andan itibaren, ilgili ki\u015fi art\u0131k sadece bir \u00f6n incelemede de\u011fil, <strong>resmi bir ceza yarg\u0131lamas\u0131n\u0131n<\/strong> i\u00e7indedir. Savc\u0131l\u0131k ve kriminal polis art\u0131k bu ki\u015fiye kar\u015f\u0131 hedefli olarak soru\u015fturma yapabilir, ancak her ad\u0131m\u0131n yasal olarak kontrol edilmesi gerekir. \u0130\u015fte tam da burada, kimsenin devlet soru\u015fturma yetkisine kar\u015f\u0131 korumas\u0131z kalmamas\u0131n\u0131 sa\u011flayan <strong>san\u0131\u011f\u0131n haklar\u0131<\/strong> devreye girer.   <\/p>\n\n<p class=\"wp-block-paragraph\">Devletin kar\u015f\u0131s\u0131nda, bir ceza yarg\u0131lamas\u0131nda genellikle ilk kez al\u0131\u015f\u0131lmad\u0131k bir bask\u0131 durumunda kendini bulan bir ki\u015fi durmaktad\u0131r. Makamlar, soru\u015fturma yetkilerine, veri eri\u015fimlerine ve zorlama \u00f6nlemlerine sahiptir. Ba\u015flang\u0131\u00e7ta, san\u0131\u011f\u0131n elinde esas olarak kendi haklar\u0131 birer koruma arac\u0131 olarak kal\u0131r. Bu haklar, <strong>\u00f6zg\u00fcrl\u00fc\u011f\u00fcn, itibar\u0131n ve ekonomik varl\u0131\u011f\u0131n<\/strong> kontrols\u00fcz bir \u015fekilde tehlikeye at\u0131lmamas\u0131n\u0131 sa\u011flar.   <\/p>\n\n<h3 class=\"wp-block-heading\" id=\"h-abgrenzung-zu-verdachtigen-und-zeugen\">\u015e\u00fcphelilerden ve tan\u0131klardan ayr\u0131m<\/h3>\n\n<p class=\"wp-block-paragraph\">Polis taraf\u0131ndan sorgulanan her ki\u015fi zaten san\u0131k de\u011fildir. Bir <strong>\u015f\u00fcpheli<\/strong> hala a\u00e7\u0131k bir inceleme a\u015famas\u0131ndad\u0131r. Bir <strong>tan\u0131k<\/strong> sadece yabanc\u0131 olaylar\u0131n ayd\u0131nlat\u0131lmas\u0131na katk\u0131da bulunmal\u0131d\u0131r. \u015e\u00fcphe belirli bir ki\u015fiye y\u00f6neldi\u011finde, <strong>san\u0131k stat\u00fcs\u00fc<\/strong> ortaya \u00e7\u0131kar.   <\/p>\n\n<p class=\"wp-block-paragraph\">Bu stat\u00fc \u00f6nemlidir, \u00e7\u00fcnk\u00fc bununla birlikte merkezi koruma mekanizmalar\u0131 devreye girer. Bunlar aras\u0131nda \u00f6zellikle <strong>bilgi vermeme hakk\u0131<\/strong> ve <strong>bir avukat taraf\u0131ndan tavsiye alma hakk\u0131<\/strong> bulunur. Bu a\u015famada yanl\u0131\u015fl\u0131kla bir tan\u0131k gibi davran\u0131lan ki\u015fi, fark etmeden kolayca hukuki olarak daha zay\u0131f bir konuma d\u00fc\u015febilir.  <\/p>\n    <div class=\"mr-quote mrbg clearfix\">\n        <a class=\"mr-quote-person\" href=\"\/ueber-uns\/rechtsanwalt-peter-harlander\/\" title=\"Rechtsanwalt Peter Harlander\">\n            <img decoding=\"async\" class=\"mr-quote-person-img\" src=\"https:\/\/harlander-partner.eu\/wp-content\/themes\/harlander\/design\/ph100.webp\" width=\"100\"\n                 height=\"100\" loading=\"lazy\" alt=\"Rechtsanwalt Peter Harlander\">\n            <span class=\"mr-quote-person-text\">\n            Peter Harlander<br>\n            <span class=\"mr-quote-person-function\">Harlander &amp; Partner Rechtsanw\u00e4lte<\/span>\n        <\/span>\n        <\/a>\n        <span class=\"mr-quote-content\">\u201eSan\u0131k haklar\u0131 bir formalite de\u011fildir. Bunlar, devletin soru\u015fturma yetkisine kar\u015f\u0131 bir denge olu\u015fturur ve bir yarg\u0131laman\u0131n adil kal\u0131p kalmayaca\u011f\u0131na veya bozulup bozulmayaca\u011f\u0131na karar verir. \u201c<\/span>\n    <\/div>\n<a class=\"mr-cta-link mr-cta-button-cal\" href=\"#h2-booking\" title=\"\u00dccretsiz ilk g\u00f6r\u00fc\u015fme\"><span class=\"mr-cta-link-normal\">\u015eimdi istedi\u011finiz tarihi se\u00e7in:<\/span><span class=\"mr-cta-link-bold\">\u00dccretsiz ilk g\u00f6r\u00fc\u015fme<\/span><\/a>\n\n<h2 class=\"wp-block-heading\" id=\"h-funktion-der-beschuldigtenrechte-im-system-der-strafprozessordnung\">Ceza Muhakemesi Kanunu sisteminde san\u0131k haklar\u0131n\u0131n i\u015flevi<\/h2>\n\n<h3 class=\"wp-block-heading\" id=\"h-ausgleich-des-machtgefalles-zwischen-staat-und-einzelperson\">Devlet ve birey aras\u0131ndaki g\u00fc\u00e7 dengesizli\u011finin dengelenmesi<\/h3>\n\n<p class=\"wp-block-paragraph\">Bir ceza yarg\u0131lamas\u0131 e\u015fit bir g\u00f6r\u00fc\u015fme de\u011fildir. Devlet, soru\u015fturma makamlar\u0131, veri tabanlar\u0131 ve zorlama yetkileriyle ortaya \u00e7\u0131kar. San\u0131k, bu aparata kar\u015f\u0131 tek ba\u015f\u0131na durmaktad\u0131r. <strong>San\u0131\u011f\u0131n haklar\u0131<\/strong>, bu dengesizli\u011fin adil olmayan bir yarg\u0131lamaya yol a\u00e7mamas\u0131 i\u00e7in gerekli dengeyi olu\u015fturur.   <\/p>\n\n<p class=\"wp-block-paragraph\">Bu haklar \u00f6zellikle \u00fc\u00e7 alanda etkilidir:<\/p>\n\n<ul class=\"wp-block-list\">\n<li>Su\u00e7lama ve yarg\u0131laman\u0131n durumu hakk\u0131nda <strong>bilgi<\/strong><\/li>\n\n\n\n<li>Susarak veya bir avukat arac\u0131l\u0131\u011f\u0131yla <strong>savunma<\/strong><\/li>\n\n\n\n<li>Delil toplamaya <strong>kat\u0131l\u0131m<\/strong> ve soru\u015fturmalar\u0131n kontrol\u00fc<\/li>\n<\/ul>\n\n<p class=\"wp-block-paragraph\">Bu ara\u00e7lar olmadan devlet bir yarg\u0131lamay\u0131 tek tarafl\u0131 olarak y\u00f6nlendirebilir. Ceza Muhakemesi Kanunu, buna bilin\u00e7li olarak a\u00e7\u0131k yasal s\u0131n\u0131rlar koyar. <\/p>\n\n<h3 class=\"wp-block-heading\" id=\"h-sicherung-eines-fairen-strafverfahrens\">Adil bir ceza yarg\u0131lamas\u0131n\u0131n sa\u011flanmas\u0131<\/h3>\n\n<p class=\"wp-block-paragraph\">Bir ceza yarg\u0131lamas\u0131 h\u0131zl\u0131 bir mahkumiyete yol a\u00e7mamal\u0131, aksine <strong>su\u00e7laman\u0131n nesnel bir \u015fekilde a\u00e7\u0131kl\u0131\u011fa kavu\u015fturulmas\u0131na<\/strong> yol a\u00e7mal\u0131d\u0131r. San\u0131\u011f\u0131n haklar\u0131, makamlar\u0131 hem su\u00e7lay\u0131c\u0131 hem de aklay\u0131c\u0131 ko\u015fullar\u0131 dikkate almaya zorlar. <\/p>\n\n<p class=\"wp-block-paragraph\">San\u0131k, \u00f6rne\u011fin soru\u015fturma dosyalar\u0131n\u0131 inceleme, kendi delillerini sunma ve resmi \u00f6nlemleri kontrol ettirme talebinde bulunabilir. Bu, hatalar\u0131n erken g\u00f6r\u00fclebilir hale geldi\u011fi ve d\u00fczeltilebildi\u011fi <strong>kontroll\u00fc bir yarg\u0131lama<\/strong> yarat\u0131r. <\/p>\n    <div class=\"mr-quote mrbg clearfix\">\n        <a class=\"mr-quote-person\" href=\"\/ueber-uns\/rechtsanwalt-sebastian-riedlmair\/\" title=\"Rechtsanwalt Sebastian Riedlmair\">\n            <img decoding=\"async\" class=\"mr-quote-person-img\" src=\"https:\/\/harlander-partner.eu\/wp-content\/themes\/harlander\/design\/sr100.webp\" width=\"100\"\n                 height=\"100\" loading=\"lazy\" alt=\"Rechtsanwalt Sebastian Riedlmair\">\n            <span class=\"mr-quote-person-text\">\n            Sebastian Riedlmair<br>\n            <span class=\"mr-quote-person-function\">Harlander &amp; Partner Rechtsanw\u00e4lte<\/span>\n        <\/span>\n        <\/a>\n        <span class=\"mr-quote-content\">\u201eCeza Muhakemesi Kanunu, san\u0131\u011fa yalvarmalar de\u011fil, dava edilebilir ara\u00e7lar verir. Bu ara\u00e7lar\u0131 bilen ki\u015fi, soru\u015fturmalar\u0131 kontrol edebilir ve hatalar\u0131 erken durdurabilir. \u201c<\/span>\n    <\/div>\n\n<h2 class=\"wp-block-heading\" id=\"h-gesetzliche-verankerung-der-rechte-des-beschuldigten\">San\u0131\u011f\u0131n haklar\u0131n\u0131n yasal dayana\u011f\u0131<\/h2>\n\n<h3 class=\"wp-block-heading\" id=\"h-systematische-stellung-im-verfahrensrecht\">Yarg\u0131lama hukukunda sistematik konum<\/h3>\n\n<p class=\"wp-block-paragraph\">San\u0131\u011f\u0131n haklar\u0131, yasada san\u0131klar ve avukatlar hakk\u0131ndaki b\u00f6l\u00fcmde merkezi bir yerde durmaktad\u0131r. Bu yerle\u015fim, bunlar\u0131n <strong>her savunman\u0131n temelini<\/strong> olu\u015fturdu\u011funu g\u00f6sterir. Bunlar sadece program c\u00fcmleleri de\u011fil, <strong>somut, dava edilebilir yarg\u0131lama haklar\u0131d\u0131r<\/strong>.  <\/p>\n\n<p class=\"wp-block-paragraph\">Yasa koyucu, bu haklar\u0131 bilin\u00e7li olarak ayr\u0131 bir katalogda \u00f6zetler, b\u00f6ylece her san\u0131k ki\u015fi i\u00e7in yarg\u0131lamada hangi ara\u00e7lara sahip oldu\u011fu a\u00e7\u0131k olur. Bu haklar, bir yarg\u0131laman\u0131n ba\u015flang\u0131c\u0131nda olup olmad\u0131\u011f\u0131na veya zaten mahkemede y\u00fcr\u00fct\u00fcl\u00fcp y\u00fcr\u00fct\u00fclmedi\u011fine bak\u0131lmaks\u0131z\u0131n ge\u00e7erlidir. <\/p>\n\n<h3 class=\"wp-block-heading\" id=\"h-verbindung-zu-den-speziellen-schutzregelungen\">\u00d6zel koruma d\u00fczenlemeleriyle ba\u011flant\u0131<\/h3>\n\n<p class=\"wp-block-paragraph\">Genel haklar katalo\u011fu, tek tek koruma alanlar\u0131n\u0131 daha ayr\u0131nt\u0131l\u0131 olarak \u015fekillendiren \u00e7e\u015fitli \u00f6zel d\u00fczenlemelerle tamamlanmaktad\u0131r. Bunlar aras\u0131nda, \u00f6rne\u011fin, san\u0131\u011f\u0131n haklar\u0131n\u0131 bilmesini sa\u011flayan <strong>hukuki bilgilendirme<\/strong>, soru\u015fturma durumunda \u015feffafl\u0131k yaratan <strong>dosya incelemesi<\/strong>, ki\u015fisel itibar\u0131 koruyan <strong>kamuya a\u00e7\u0131k te\u015fhir yasa\u011f\u0131<\/strong>, <strong>kendi delillerini sunma<\/strong> imkan\u0131 ve yarg\u0131lama dilini yeterince bilmeyen ki\u015filer i\u00e7in <strong>terc\u00fcme yard\u0131m\u0131<\/strong> bulunmaktad\u0131r. <\/p>\n    <div class=\"mr-quote mrbg clearfix\">\n        <a class=\"mr-quote-person\" href=\"\/ueber-uns\/rechtsanwalt-peter-harlander\/\" title=\"Rechtsanwalt Peter Harlander\">\n            <img decoding=\"async\" class=\"mr-quote-person-img\" src=\"https:\/\/harlander-partner.eu\/wp-content\/themes\/harlander\/design\/ph100.webp\" width=\"100\"\n                 height=\"100\" loading=\"lazy\" alt=\"Rechtsanwalt Peter Harlander\">\n            <span class=\"mr-quote-person-text\">\n            Peter Harlander<br>\n            <span class=\"mr-quote-person-function\">Harlander &amp; Partner Rechtsanw\u00e4lte<\/span>\n        <\/span>\n        <\/a>\n        <span class=\"mr-quote-content\">\u201eBilgilendirme, savunma ve kat\u0131l\u0131m, her yarg\u0131lama a\u015famas\u0131nda etkili olan bir koruma sistemi olu\u015fturur. Bu yap\u0131y\u0131 anlayan ki\u015fi, yarg\u0131lamada sadece tepki vermek yerine stratejik olarak hareket edebilir. \u201c<\/span>\n    <\/div>\n<a class=\"mr-cta-link mr-cta-button-cal\" href=\"#h2-booking\" title=\"\u00dccretsiz ilk g\u00f6r\u00fc\u015fme\"><span class=\"mr-cta-link-normal\">\u015eimdi istedi\u011finiz tarihi se\u00e7in:<\/span><span class=\"mr-cta-link-bold\">\u00dccretsiz ilk g\u00f6r\u00fc\u015fme<\/span><\/a>\n\n<h2 class=\"wp-block-heading\" id=\"h-uberblick-uber-die-zentralen-rechte-des-beschuldigten\">San\u0131\u011f\u0131n temel haklar\u0131na genel bak\u0131\u015f<\/h2>\n\n<h3 class=\"wp-block-heading\" id=\"h-kernbereiche-der-beschuldigtenrechte\">San\u0131k haklar\u0131n\u0131n temel alanlar\u0131<\/h3>\n\n<p class=\"wp-block-paragraph\">San\u0131\u011f\u0131n haklar\u0131, gev\u015fek bir karma\u015fa de\u011fil, <strong>a\u00e7\u0131k\u00e7a yap\u0131land\u0131r\u0131lm\u0131\u015f bir koruma sistemidir<\/strong>. Devlet soru\u015fturmalar\u0131n\u0131n ki\u015fisel ya\u015fam alanlar\u0131na m\u00fcdahale etti\u011fi her yerde devreye girerler. Ama\u00e7, san\u0131\u011f\u0131n haz\u0131rl\u0131ks\u0131z yakalanmamas\u0131n\u0131 veya hukuki olarak daha d\u00fc\u015f\u00fck bir role itilmemesini sa\u011flamakt\u0131r.  <\/p>\n\n<p class=\"wp-block-paragraph\">\u00dc\u00e7 a\u00e7\u0131k\u00e7a ayr\u0131lm\u0131\u015f grup, bu koruma alanlar\u0131n\u0131 yap\u0131land\u0131r\u0131r:<\/p>\n\n<ul class=\"wp-block-list\">\n<li>San\u0131\u011f\u0131n somut olarak neyle su\u00e7land\u0131\u011f\u0131n\u0131 bilmesi i\u00e7in <strong>bilgilendirme haklar\u0131<\/strong>.<\/li>\n\n\n\n<li>Su\u00e7lamaya kar\u015f\u0131 etkili bir \u015fekilde savunabilmesi i\u00e7in <strong>savunma haklar\u0131<\/strong>.<\/li>\n\n\n\n<li>Yarg\u0131laman\u0131n gidi\u015fat\u0131n\u0131 aktif olarak etkileyebilmesi i\u00e7in <strong>kat\u0131l\u0131m haklar\u0131<\/strong>.<\/li>\n<\/ul>\n\n<p class=\"wp-block-paragraph\">Bu yap\u0131, san\u0131\u011f\u0131n sadece tepki vermek yerine <strong>stratejik olarak hareket edebilmesini<\/strong> sa\u011flar.<\/p>\n\n<h3 class=\"wp-block-heading\" id=\"h-bedeutung-im-praktischen-verfahren\">Pratik yarg\u0131lamada \u00f6nemi<\/h3>\n\n<p class=\"wp-block-paragraph\">Pratikte, bu haklar bir ceza yarg\u0131lamas\u0131n\u0131n kontrol edilebilir kal\u0131p kalmayaca\u011f\u0131na veya kontrolden \u00e7\u0131k\u0131p \u00e7\u0131kmayaca\u011f\u0131na karar verir. Neyle su\u00e7land\u0131\u011f\u0131n\u0131 bilmeyen ki\u015fi kendini savunamayabilir. <strong>Dosyalara eri\u015fim olmadan<\/strong> \u00e7eli\u015fkiler tespit edilemez. <strong>Delil talepleri eksikse<\/strong>, aklay\u0131c\u0131 ger\u00e7ekler g\u00f6r\u00fcnmez kal\u0131r. <\/p>\n\n<p class=\"wp-block-paragraph\" id=\"h-\">Bu nedenle, san\u0131k haklar\u0131, yarg\u0131laman\u0131n her a\u015famas\u0131nda etkili olan ve yanl\u0131\u015f geli\u015fmeleri s\u0131n\u0131rlayan bir <strong>hukuki emniyet kemeri<\/strong> gibi etki eder.<\/p>\n    <div class=\"mr-quote mrbg clearfix\">\n        <a class=\"mr-quote-person\" href=\"\/ueber-uns\/rechtsanwalt-sebastian-riedlmair\/\" title=\"Rechtsanwalt Sebastian Riedlmair\">\n            <img decoding=\"async\" class=\"mr-quote-person-img\" src=\"https:\/\/harlander-partner.eu\/wp-content\/themes\/harlander\/design\/sr100.webp\" width=\"100\"\n                 height=\"100\" loading=\"lazy\" alt=\"Rechtsanwalt Sebastian Riedlmair\">\n            <span class=\"mr-quote-person-text\">\n            Sebastian Riedlmair<br>\n            <span class=\"mr-quote-person-function\">Harlander &amp; Partner Rechtsanw\u00e4lte<\/span>\n        <\/span>\n        <\/a>\n        <span class=\"mr-quote-content\">\u201eBir bilgilendirmenin de\u011feri ancak san\u0131k onu anlad\u0131\u011f\u0131nda ve ondan do\u011fru sonu\u00e7lar\u0131 \u00e7\u0131kard\u0131\u011f\u0131nda vard\u0131r. D\u00fc\u015f\u00fcncesizce yap\u0131lan a\u00e7\u0131klamalar daha sonra genellikle d\u00fczeltilemez. \u201c<\/span>\n    <\/div>\n<a class=\"mr-cta-link mr-cta-button-cal\" href=\"#h2-booking\" title=\"\u00dccretsiz ilk g\u00f6r\u00fc\u015fme\"><span class=\"mr-cta-link-normal\">\u015eimdi istedi\u011finiz tarihi se\u00e7in:<\/span><span class=\"mr-cta-link-bold\">\u00dccretsiz ilk g\u00f6r\u00fc\u015fme<\/span><\/a>\n\n<h2 class=\"wp-block-heading\" id=\"h-recht-auf-rechtsbelehrung\">Hukuki bilgilendirme hakk\u0131<\/h2>\n\n<h3 class=\"wp-block-heading\" id=\"h-zweck-der-rechtsbelehrung\">Hukuki bilgilendirmenin amac\u0131<\/h3>\n\n<p class=\"wp-block-paragraph\">Hukuki bilgilendirme, san\u0131\u011f\u0131n geri al\u0131namaz kararlar almadan \u00f6nce <strong>kendi haklar\u0131n\u0131 bilmesini<\/strong> sa\u011flar. Makamlar\u0131, san\u0131\u011fa ifade vermek zorunda olmad\u0131\u011f\u0131n\u0131, bir avukat tutabilece\u011fini ve ba\u015fka yarg\u0131lama haklar\u0131na sahip oldu\u011funu bildirmekle y\u00fck\u00fcml\u00fc k\u0131lar. <\/p>\n\n<p class=\"wp-block-paragraph\">Bu bilgilendirme olmadan, san\u0131k genellikle g\u00fcvensizlik veya bask\u0131 alt\u0131nda hareket ederdi. Hukuki bilgilendirme tam olarak bunu \u00f6nler, \u00e7\u00fcnk\u00fc <strong>bilin\u00e7li ve bilgilendirilmi\u015f bir karar<\/strong> sa\u011flar. <\/p>\n\n<h3 class=\"wp-block-heading\" id=\"h-bedeutung-fur-die-verwertbarkeit-von-aussagen\">\u0130fadelerin kullan\u0131labilirli\u011fi i\u00e7in \u00f6nemi<\/h3>\n\n<p class=\"wp-block-paragraph\">Bir ki\u015fi usul\u00fcne uygun bir bilgilendirme olmadan ifade verirse, bunlar\u0131n hukuki olarak kullan\u0131lamama riski vard\u0131r. Bu nedenle, hukuki bilgilendirme sadece san\u0131\u011f\u0131 de\u011fil, ayn\u0131 zamanda <strong>t\u00fcm yarg\u0131laman\u0131n hukuk devletini<\/strong> de korur, \u00e7\u00fcnk\u00fc sorgulamalar i\u00e7in a\u00e7\u0131k kurallar koyar. <\/p>\n    <div class=\"mr-quote mrbg clearfix\">\n        <a class=\"mr-quote-person\" href=\"\/ueber-uns\/rechtsanwalt-peter-harlander\/\" title=\"Rechtsanwalt Peter Harlander\">\n            <img decoding=\"async\" class=\"mr-quote-person-img\" src=\"https:\/\/harlander-partner.eu\/wp-content\/themes\/harlander\/design\/ph100.webp\" width=\"100\"\n                 height=\"100\" loading=\"lazy\" alt=\"Rechtsanwalt Peter Harlander\">\n            <span class=\"mr-quote-person-text\">\n            Peter Harlander<br>\n            <span class=\"mr-quote-person-function\">Harlander &amp; Partner Rechtsanw\u00e4lte<\/span>\n        <\/span>\n        <\/a>\n        <span class=\"mr-quote-content\">\u201eDosya incelemesi olmadan k\u00f6rlemesine savunma yap\u0131l\u0131r. Ancak dosyalar, su\u00e7laman\u0131n ge\u00e7erli olup olmad\u0131\u011f\u0131n\u0131 veya soru\u015fturmalar\u0131n varsay\u0131mlara ve bo\u015fluklara dayan\u0131p dayanmad\u0131\u011f\u0131n\u0131 g\u00f6sterir. \u201c<\/span>\n    <\/div>\n<a class=\"mr-cta-link mr-cta-button-cal\" href=\"#h2-booking\" title=\"\u00dccretsiz ilk g\u00f6r\u00fc\u015fme\"><span class=\"mr-cta-link-normal\">\u015eimdi istedi\u011finiz tarihi se\u00e7in:<\/span><span class=\"mr-cta-link-bold\">\u00dccretsiz ilk g\u00f6r\u00fc\u015fme<\/span><\/a>\n\n<h2 class=\"wp-block-heading\" id=\"h-recht-auf-akteneinsicht\">Dosya inceleme hakk\u0131<\/h2>\n\n<h3 class=\"wp-block-heading\" id=\"h-transparenz-uber-den-stand-der-ermittlungen\">Soru\u015fturman\u0131n durumu hakk\u0131nda \u015feffafl\u0131k<\/h3>\n\n<p class=\"wp-block-paragraph\">Dosya inceleme hakk\u0131, san\u0131\u011fa soru\u015fturmalar\u0131n dayand\u0131\u011f\u0131 belgelere eri\u015fim sa\u011flar. Bunlar aras\u0131nda tutanaklar, bilirki\u015fi raporlar\u0131, tan\u0131k ifadeleri ve resmi de\u011ferlendirmeler bulunur. Ancak bu sayede san\u0131k, <strong>su\u00e7 \u015f\u00fcphesinin ger\u00e7ekte ne kadar g\u00fc\u00e7l\u00fc veya ne kadar zay\u0131f oldu\u011funu<\/strong> anlar.  <\/p>\n\n<p class=\"wp-block-paragraph\">Bu sayede yasa gizli yarg\u0131lamalar\u0131 \u00f6nler. Devlet, su\u00e7lamalar\u0131n\u0131 neye dayand\u0131rd\u0131\u011f\u0131n\u0131 a\u00e7\u0131k\u00e7a ortaya koymak zorundad\u0131r ve dosya y\u0131\u011f\u0131nlar\u0131n\u0131n arkas\u0131na saklanamaz. <\/p>\n\n<h3 class=\"wp-block-heading\" id=\"h-bedeutung-fur-eine-wirksame-verteidigung\">Etkili bir savunma i\u00e7in \u00f6nemi<\/h3>\n\n<p class=\"wp-block-paragraph\">Dosya incelemesi olmadan her savunma k\u00f6r kal\u0131r. San\u0131k ne hatalar\u0131 tespit edebilir ne de hedefli olarak delil talep edebilir. Dosya incelemesi, yarg\u0131lamay\u0131 tek y\u00f6nl\u00fc bir caddeden, her iki taraf\u0131n da ayn\u0131 bilgilerle \u00e7al\u0131\u015ft\u0131\u011f\u0131 <strong>kontroll\u00fc bir kar\u015f\u0131l\u0131kl\u0131 s\u00fcrece<\/strong> d\u00f6n\u00fc\u015ft\u00fcr\u00fcr.  <\/p>\n\n<h2 class=\"wp-block-heading\" id=\"h-verfahren-bei-der-akteneinsicht\">Dosya inceleme prosed\u00fcr\u00fc<\/h2>\n\n<h3 class=\"wp-block-heading\" id=\"h-geordneter-zugang-zu-ermittlungsakten\">Soru\u015fturma dosyalar\u0131na d\u00fczenli eri\u015fim<\/h3>\n\n<p class=\"wp-block-paragraph\">Dosya inceleme prosed\u00fcr\u00fc, san\u0131\u011f\u0131n soru\u015fturma belgelerini <strong>nas\u0131l ve hangi bi\u00e7imde<\/strong> alaca\u011f\u0131n\u0131 d\u00fczenler. Makamlar dosyalar\u0131 keyfi olarak geri tutamaz, aksine yap\u0131land\u0131r\u0131lm\u0131\u015f ve anla\u015f\u0131l\u0131r bir \u015fekilde kullan\u0131ma sunmak zorundad\u0131r. Ayn\u0131 zamanda, devam eden soru\u015fturmalar\u0131n tehlikeye girmesi durumunda, tek tek b\u00f6l\u00fcmler ge\u00e7ici olarak hari\u00e7 tutulabilir.  <\/p>\n\n<p class=\"wp-block-paragraph\">San\u0131k i\u00e7in bu, gayri resmi bilgilere ba\u011f\u0131ml\u0131 olmad\u0131\u011f\u0131, aksine yarg\u0131lama verilerine <strong>d\u00fczenli ve do\u011frulanabilir bir eri\u015fim<\/strong> elde etti\u011fi anlam\u0131na gelir. Bu, yarg\u0131lamay\u0131 \u015feffaf ve kontrol edilebilir tutar. <\/p>\n\n<h3 class=\"wp-block-heading\" id=\"h-bedeutung-fur-den-verteidigungszeitpunkt\">Savunma zamanlamas\u0131 i\u00e7in \u00f6nemi<\/h3>\n\n<p class=\"wp-block-paragraph\">Dosya inceleme zaman\u0131 genellikle belirleyicidir. Erken i\u00e7g\u00f6r\u00fc elde eden ki\u015fi, soru\u015fturmalar\u0131n zay\u0131fl\u0131klar\u0131na zaman\u0131nda tepki verebilir. Ge\u00e7 i\u00e7g\u00f6r\u00fc elde eden ki\u015fi, stratejik f\u0131rsatlar\u0131 kaybeder. D\u00fczenli prosed\u00fcr, san\u0131\u011f\u0131n <strong>bilin\u00e7li olarak bilgi d\u00fczeyinde tutulmamas\u0131n\u0131<\/strong> sa\u011flar.   <\/p>\n    <div class=\"mr-quote mrbg clearfix\">\n        <a class=\"mr-quote-person\" href=\"\/ueber-uns\/rechtsanwalt-sebastian-riedlmair\/\" title=\"Rechtsanwalt Sebastian Riedlmair\">\n            <img decoding=\"async\" class=\"mr-quote-person-img\" src=\"https:\/\/harlander-partner.eu\/wp-content\/themes\/harlander\/design\/sr100.webp\" width=\"100\"\n                 height=\"100\" loading=\"lazy\" alt=\"Rechtsanwalt Sebastian Riedlmair\">\n            <span class=\"mr-quote-person-text\">\n            Sebastian Riedlmair<br>\n            <span class=\"mr-quote-person-function\">Harlander &amp; Partner Rechtsanw\u00e4lte<\/span>\n        <\/span>\n        <\/a>\n        <span class=\"mr-quote-content\">\u201eKamusal \u00f6n yarg\u0131, karar olmasa bile varl\u0131klar\u0131 yok eder. Hukukun \u00fcst\u00fcnl\u00fc\u011f\u00fcne dayal\u0131 bir yarg\u0131lama, su\u00e7 kan\u0131tlanana kadar itibar\u0131 korumal\u0131d\u0131r. \u201c<\/span>\n    <\/div>\n\n<h2 class=\"wp-block-heading\" id=\"h-schutz-vor-offentlicher-blossstellung\">Herkese a\u00e7\u0131k te\u015fhirden korunma<\/h2>\n\n<h3 class=\"wp-block-heading\" id=\"h-zweck-des-veroffentlichungsverbots\">Yay\u0131n yasa\u011f\u0131n\u0131n amac\u0131<\/h3>\n\n<p class=\"wp-block-paragraph\">Yay\u0131n yasa\u011f\u0131, san\u0131\u011f\u0131 devam eden yarg\u0131lama s\u0131ras\u0131nda kamuoyunda te\u015fhir edilmekten korur. Soru\u015fturmalar kamuoyunda yap\u0131lmaz, aksi takdirde hen\u00fcz bir su\u00e7 tespit edilmemi\u015f olsa bile <strong>itibar, aile ve mesleki varl\u0131k<\/strong> geri d\u00f6n\u00fc\u015f\u00fc olmayan bir \u015fekilde zarar g\u00f6rebilir. <\/p>\n\n<p class=\"wp-block-paragraph\">Bu koruma arac\u0131, g\u00fcnl\u00fck ya\u015famda <strong>masumiyet karinesini<\/strong> korur. Hi\u00e7 kimse bir mahkeme karar vermeden sosyal olarak mahkum edilmemelidir. <\/p>\n\n<h3 class=\"wp-block-heading\" id=\"h-bedeutung-fur-medien-und-dritte\">Medya ve \u00fc\u00e7\u00fcnc\u00fc taraflar i\u00e7in \u00f6nemi<\/h3>\n\n<p class=\"wp-block-paragraph\">Medya ve di\u011fer kat\u0131l\u0131mc\u0131lar da yarg\u0131lamadan elde edilen bilgileri kontrols\u00fcz bir \u015fekilde yayamazlar. Devlet, san\u0131\u011f\u0131 <strong>kamuoyu taraf\u0131ndan \u00f6nceden mahkum edilmekten<\/strong> korumakla y\u00fck\u00fcml\u00fcd\u00fcr. Bu, yarg\u0131laman\u0131n hukuki olarak ve medyatik olarak de\u011fil, hukuki olarak y\u00f6netilmesini sa\u011flar.  <\/p>\n\n<h2 class=\"wp-block-heading\" id=\"h-recht-auf-beweisantrage\">Delil sunma hakk\u0131<\/h2>\n\n<h3 class=\"wp-block-heading\" id=\"h-aktive-einflussnahme-auf-das-verfahren\">Yarg\u0131lamay\u0131 aktif olarak etkileme<\/h3>\n\n<p class=\"wp-block-paragraph\">Delil sunma hakk\u0131, san\u0131\u011f\u0131n <strong>kendi delillerini yarg\u0131lamaya sunmas\u0131na<\/strong> izin verir. Tan\u0131klar g\u00f6sterebilir, bilirki\u015fi raporlar\u0131 talep edebilir veya kendi bak\u0131\u015f a\u00e7\u0131s\u0131n\u0131 destekleyen ba\u015fka soru\u015fturmalar\u0131 te\u015fvik edebilir. <\/p>\n\n<p class=\"wp-block-paragraph\">Bu hak, sadece su\u00e7lay\u0131c\u0131 ko\u015fullar\u0131n ara\u015ft\u0131r\u0131lmas\u0131n\u0131 \u00f6nler. San\u0131k, yarg\u0131lamay\u0131 aktif olarak \u015fekillendirebilir ve aksi takdirde g\u00f6z ard\u0131 edilecek <strong>aklay\u0131c\u0131 ger\u00e7eklere i\u015faret edebilir<\/strong>. <\/p>\n\n<h3 class=\"wp-block-heading\" id=\"h-bedeutung-fur-die-wahrheitsfindung\">Ger\u00e7e\u011fin bulunmas\u0131 i\u00e7in \u00f6nemi<\/h3>\n\n<p class=\"wp-block-paragraph\">Delil talepleri sadece savunmaya hizmet etmez. <strong>Olaylar\u0131n tam olarak a\u00e7\u0131kl\u0131\u011fa kavu\u015fturulmas\u0131na<\/strong> katk\u0131da bulunurlar. San\u0131\u011f\u0131n bak\u0131\u015f a\u00e7\u0131s\u0131n\u0131 da dikkate alan bir yarg\u0131lama, tek tarafl\u0131 olarak y\u00fcr\u00fct\u00fclen bir soru\u015fturma yarg\u0131lamas\u0131ndan daha \u00e7ok ger\u00e7ek ger\u00e7e\u011fe yakla\u015f\u0131r.  <\/p>\n    <div class=\"mr-quote mrbg clearfix\">\n        <a class=\"mr-quote-person\" href=\"\/ueber-uns\/rechtsanwalt-peter-harlander\/\" title=\"Rechtsanwalt Peter Harlander\">\n            <img decoding=\"async\" class=\"mr-quote-person-img\" src=\"https:\/\/harlander-partner.eu\/wp-content\/themes\/harlander\/design\/ph100.webp\" width=\"100\"\n                 height=\"100\" loading=\"lazy\" alt=\"Rechtsanwalt Peter Harlander\">\n            <span class=\"mr-quote-person-text\">\n            Peter Harlander<br>\n            <span class=\"mr-quote-person-function\">Harlander &amp; Partner Rechtsanw\u00e4lte<\/span>\n        <\/span>\n        <\/a>\n        <span class=\"mr-quote-content\">\u201eYarg\u0131lamay\u0131 dilsel olarak anlamayan ki\u015fi, haklar\u0131n\u0131 fiilen kullanamaz. Bu nedenle, anla\u015f\u0131labilirlik bir nezaket de\u011fil, adaletin \u00f6n ko\u015fuludur. \u201c<\/span>\n    <\/div>\n<a class=\"mr-cta-link mr-cta-button-cal\" href=\"#h2-booking\" title=\"\u00dccretsiz ilk g\u00f6r\u00fc\u015fme\"><span class=\"mr-cta-link-normal\">\u015eimdi istedi\u011finiz tarihi se\u00e7in:<\/span><span class=\"mr-cta-link-bold\">\u00dccretsiz ilk g\u00f6r\u00fc\u015fme<\/span><\/a>\n\n<h2 class=\"wp-block-heading\" id=\"h-recht-auf-ubersetzung-und-sprachhilfe\">\u00c7eviri ve Dil Yard\u0131m\u0131 Hakk\u0131<\/h2>\n\n<h3 class=\"wp-block-heading\" id=\"h-sicherstellung-des-verstandnisses-im-verfahren\">Yarg\u0131lamada Anlay\u0131\u015f\u0131n Sa\u011flanmas\u0131<\/h3>\n\n<p class=\"wp-block-paragraph\">\u00c7eviri ve dil yard\u0131m\u0131 hakk\u0131, san\u0131\u011f\u0131n <strong>yarg\u0131lamay\u0131 i\u00e7erik olarak anlamas\u0131n\u0131<\/strong> sa\u011flar. Yarg\u0131lama dilini yeterince bilmiyorsa, <strong>haklar\u0131n\u0131 kullanamaz<\/strong> ve <strong>temelli kararlar alamaz<\/strong>. Bu nedenle makamlar, temel belgeleri, uyar\u0131lar\u0131 ve sorgulamalar\u0131 san\u0131\u011f\u0131n i\u00e7eri\u011fini ger\u00e7ekten kavrayabilece\u011fi \u015fekilde iletmelidir.  <\/p>\n\n<p class=\"wp-block-paragraph\">Bu hak, i\u00e7eriksel etkisi olmayan bi\u00e7imsel adaletten korur. Bir yarg\u0131lama ancak san\u0131k <strong>kendisine ne su\u00e7land\u0131\u011f\u0131n\u0131 ve hangi imk\u00e2nlara sahip oldu\u011funu biliyorsa<\/strong> adil say\u0131l\u0131r. <\/p>\n\n<h3 class=\"wp-block-heading\" id=\"h-bedeutung-fur-die-verteidigungsfahigkeit\">Savunma Kabiliyeti \u0130\u00e7in \u00d6nemi<\/h3>\n\n<p class=\"wp-block-paragraph\">Dil yard\u0131m\u0131 olmadan san\u0131k fiilen savunmadan d\u0131\u015flanm\u0131\u015f olur. \u00c7eviri ona m\u00fcdafii ile ileti\u015fim kurma, dosyalar\u0131 anlama ve g\u00f6r\u00fc\u015f bildirme imk\u00e2n\u0131 sa\u011flar. B\u00f6ylece yabanc\u0131 dilli bir yarg\u0131lamadan <strong>eri\u015filebilir ve kontrol edilebilir bir yarg\u0131lama<\/strong> ortaya \u00e7\u0131kar.  <\/p>\n\n<h2 class=\"wp-block-heading\" id=\"h-recht-auf-verteidigerkontakt-und-beistand\">M\u00fcdafi \u0130leti\u015fimi ve Yard\u0131m Hakk\u0131<\/h2>\n\n<h3 class=\"wp-block-heading\" id=\"h-zugang-zu-rechtlicher-unterstutzung\">Hukuki Deste\u011fe Eri\u015fim<\/h3>\n\n<p class=\"wp-block-paragraph\">San\u0131k, yarg\u0131laman\u0131n her a\u015famas\u0131nda <strong>bir m\u00fcdafi tutabilir ve dan\u0131\u015fabilir<\/strong>. Bu hak, onun <strong>devlet soru\u015fturma makamlar\u0131na kar\u015f\u0131 yaln\u0131z kalmamas\u0131n\u0131<\/strong> sa\u011flar. Bir m\u00fcdafi <strong>su\u00e7lamalar\u0131 a\u00e7\u0131klar<\/strong>, <strong>delil durumunu inceler<\/strong> ve <strong>daha sonra d\u00fczeltilemeyecek taktik hatalar\u0131n\u0131 \u00f6nler<\/strong>.  <\/p>\n\n<p class=\"wp-block-paragraph\">\u00d6zellikle erken yarg\u0131lama a\u015famalar\u0131nda <strong>bu yard\u0131m sonraki s\u00fcreci \u015fekillendirir<\/strong>, \u00e7\u00fcnk\u00fc taraflar burada <strong>t\u00fcm yarg\u0131lama i\u00e7in belirleyici raylar\u0131 d\u00f6\u015ferler<\/strong>.<\/p>\n\n<h3 class=\"wp-block-heading\" id=\"h-bedeutung-fur-die-entscheidungsfreiheit\">Karar Verme \u00d6zg\u00fcrl\u00fc\u011f\u00fc \u0130\u00e7in \u00d6nemi<\/h3>\n\n<p class=\"wp-block-paragraph\">M\u00fcdafi <strong>san\u0131\u011f\u0131 bask\u0131 veya belirsizlik alt\u0131nda hareket etmekten korur<\/strong>. San\u0131\u011f\u0131n <strong>beyanlar\u0131, talepleri ve hukuki \u00e7areleri bilin\u00e7li ve d\u00fc\u015f\u00fcnerek vermesini<\/strong> sa\u011flar. B\u00f6ylece san\u0131\u011f\u0131n <strong>hukuki konumunu \u00f6nemli \u00f6l\u00e7\u00fcde g\u00fc\u00e7lendirir<\/strong>.  <\/p>\n    <div class=\"mr-quote mrbg clearfix\">\n        <a class=\"mr-quote-person\" href=\"\/ueber-uns\/rechtsanwalt-sebastian-riedlmair\/\" title=\"Rechtsanwalt Sebastian Riedlmair\">\n            <img decoding=\"async\" class=\"mr-quote-person-img\" src=\"https:\/\/harlander-partner.eu\/wp-content\/themes\/harlander\/design\/sr100.webp\" width=\"100\"\n                 height=\"100\" loading=\"lazy\" alt=\"Rechtsanwalt Sebastian Riedlmair\">\n            <span class=\"mr-quote-person-text\">\n            Sebastian Riedlmair<br>\n            <span class=\"mr-quote-person-function\">Harlander &amp; Partner Rechtsanw\u00e4lte<\/span>\n        <\/span>\n        <\/a>\n        <span class=\"mr-quote-content\">\u201eKat\u0131l\u0131m kontrol yarat\u0131r. Delil i\u015flemlerini anlayan ve takip eden ki\u015fi \u00e7eli\u015fkileri erken fark eder ve hedefli olarak m\u00fcdahale edebilir. \u201c<\/span>\n    <\/div>\n<a class=\"mr-cta-link mr-cta-button-cal\" href=\"#h2-booking\" title=\"\u00dccretsiz ilk g\u00f6r\u00fc\u015fme\"><span class=\"mr-cta-link-normal\">\u015eimdi istedi\u011finiz tarihi se\u00e7in:<\/span><span class=\"mr-cta-link-bold\">\u00dccretsiz ilk g\u00f6r\u00fc\u015fme<\/span><\/a>\n\n<h2 class=\"wp-block-heading\" id=\"h-teilnahme-und-einfluss-auf-das-beweisverfahren\">Delil Yarg\u0131lamas\u0131na Kat\u0131l\u0131m ve Etki<\/h2>\n\n<h3 class=\"wp-block-heading\" id=\"h-anwesenheit-bei-zentralen-verfahrenshandlungen\">Merkezi Yarg\u0131lama \u0130\u015flemlerinde Bulunma<\/h3>\n\n<p class=\"wp-block-paragraph\">San\u0131k, belirli sorgular veya olay yerinin yeniden canland\u0131r\u0131lmas\u0131 gibi \u00f6nemli delil i\u015flemlerine kat\u0131labilir. B\u00f6ylece <strong>delillerin nas\u0131l olu\u015ftu\u011funu ve de\u011ferlendirildi\u011fini<\/strong> bizzat g\u00f6r\u00fcr. Bu do\u011frudan alg\u0131, yarg\u0131laman\u0131n gizlice y\u00fcr\u00fct\u00fclmesini \u00f6nler.  <\/p>\n\n<h3 class=\"wp-block-heading\" id=\"h-aktive-wahrnehmung-der-eigenen-verteidigung\">Kendi Savunmas\u0131n\u0131n Aktif Alg\u0131lanmas\u0131<\/h3>\n\n<p class=\"wp-block-paragraph\">Kat\u0131l\u0131m\u0131 sayesinde san\u0131k belirsizlikleri g\u00f6sterebilir, tamamlamalar talep edebilir ve hatalara dikkat \u00e7ekebilir. Delil yarg\u0131lamas\u0131 b\u00f6ylece <strong>a\u00e7\u0131k ve denetlenebilir<\/strong> hale gelir. San\u0131k pasif izleyici kalmaz, <strong>aktif yarg\u0131lama taraf\u0131<\/strong> olur.  <\/p>\n\n<h2 class=\"wp-block-heading\" id=\"h-rechtsschutzinstrumente-des-beschuldigten\">San\u0131\u011f\u0131n Hukuki Koruma Ara\u00e7lar\u0131<\/h2>\n\n<h3 class=\"wp-block-heading\" id=\"h-einspruch-bei-rechtsverletzungen\">Hak \u0130hlallerinde \u0130tiraz<\/h3>\n\n<p class=\"wp-block-paragraph\">San\u0131k, devlet organlar\u0131 \u00f6znel haklar\u0131n\u0131 ihlal etti\u011finde yarg\u0131lama i\u015flemlerine kar\u015f\u0131 \u00e7\u0131kabilir. Bu itiraz hakk\u0131, soru\u015fturmalar\u0131n basit\u00e7e kabul edilmek zorunda olmad\u0131\u011f\u0131n\u0131, <strong>hukuki olarak denetlenebilir kald\u0131\u011f\u0131n\u0131<\/strong> sa\u011flar. San\u0131k b\u00f6ylece hukuka ayk\u0131r\u0131 m\u00fcdahaleleri durdurmak veya d\u00fczeltmek i\u00e7in do\u011frudan bir ara\u00e7 elde eder.  <\/p>\n\n<p class=\"wp-block-paragraph\">Bu ara\u00e7 <strong>yarg\u0131lamada g\u00fcvenlik halat\u0131<\/strong> gibi i\u015flev g\u00f6r\u00fcr, \u00e7\u00fcnk\u00fc hatalar\u0131n veya hak ihlallerinin engelsizce devam etmesini \u00f6nler.<\/p>\n\n<h3 class=\"wp-block-heading\" id=\"h-beschwerde-gegen-zwangsmassnahmen\">Cebri Tedbirlere Kar\u015f\u0131 \u015eik\u00e2yet<\/h3>\n\n<p class=\"wp-block-paragraph\">Makamlar arama, el koyma veya g\u00f6zetleme gibi cebri tedbirler uygulad\u0131\u011f\u0131nda, san\u0131k bunlar\u0131 yarg\u0131sal olarak denetletebilir. B\u00f6ylece bu m\u00fcdahalelerin yaln\u0131zca makam de\u011ferlendirmesine dayanmas\u0131 \u00f6nlenir. \u015eik\u00e2yet, bir mahkeme taraf\u0131ndan <strong>ba\u011f\u0131ms\u0131z kontrol<\/strong> sa\u011flar.  <\/p>\n\n<p class=\"wp-block-paragraph\">\u00d6zellikle \u00f6zel ya\u015fama derin m\u00fcdahalelerde bu hak <strong>keyfi g\u00fc\u00e7 kullan\u0131m\u0131ndan<\/strong> korur.<\/p>\n\n<h3 class=\"wp-block-heading\" id=\"h-antrag-auf-beendigung-des-ermittlungsverfahrens\">Soru\u015fturma Yarg\u0131lamas\u0131n\u0131n Sonland\u0131r\u0131lmas\u0131 Talebi<\/h3>\n\n<p class=\"wp-block-paragraph\">San\u0131k, su\u00e7 \u015f\u00fcphesi ge\u00e7erli de\u011filse veya hukuki \u00f6nko\u015fullar eksikse soru\u015fturma yarg\u0131lamas\u0131n\u0131n sonland\u0131r\u0131lmas\u0131n\u0131 talep edebilir. Bu hak savc\u0131l\u0131\u011f\u0131 soru\u015fturmalar\u0131n\u0131 g\u00f6zden ge\u00e7irmeye ve bir yarg\u0131laman\u0131n neden s\u00fcrd\u00fcr\u00fcld\u00fc\u011f\u00fcn\u00fc gerek\u00e7elendirmeye zorlar. <\/p>\n\n<p class=\"wp-block-paragraph\">B\u00f6ylece art\u0131k sa\u011flam temeli olmayan soru\u015fturmalar\u0131n sonsuzca s\u00fcrmesi \u00f6nlenir.<\/p>\n    <div class=\"mr-quote mrbg clearfix\">\n        <a class=\"mr-quote-person\" href=\"\/ueber-uns\/rechtsanwalt-peter-harlander\/\" title=\"Rechtsanwalt Peter Harlander\">\n            <img decoding=\"async\" class=\"mr-quote-person-img\" src=\"https:\/\/harlander-partner.eu\/wp-content\/themes\/harlander\/design\/ph100.webp\" width=\"100\"\n                 height=\"100\" loading=\"lazy\" alt=\"Rechtsanwalt Peter Harlander\">\n            <span class=\"mr-quote-person-text\">\n            Peter Harlander<br>\n            <span class=\"mr-quote-person-function\">Harlander &amp; Partner Rechtsanw\u00e4lte<\/span>\n        <\/span>\n        <\/a>\n        <span class=\"mr-quote-content\">\u201eAdil bir yarg\u0131lama silahlar\u0131n dengesinden ya\u015far. Devlet soru\u015fturma yapabilir, ama ger\u00e7ek olarak neyin kalaca\u011f\u0131n\u0131 tek ba\u015f\u0131na belirleyemez. \u201c<\/span>\n    <\/div>\n<a class=\"mr-cta-link mr-cta-button-cal\" href=\"#h2-booking\" title=\"\u00dccretsiz ilk g\u00f6r\u00fc\u015fme\"><span class=\"mr-cta-link-normal\">\u015eimdi istedi\u011finiz tarihi se\u00e7in:<\/span><span class=\"mr-cta-link-bold\">\u00dccretsiz ilk g\u00f6r\u00fc\u015fme<\/span><\/a>\n\n<h2 class=\"wp-block-heading\" id=\"h-verfahrensfairness-und-gleichgewicht-der-waffen\">Yarg\u0131lama Adaleti ve Silahlar\u0131n Dengesi<\/h2>\n\n<h3 class=\"wp-block-heading\" id=\"h-schutz-vor-einseitiger-strafverfolgung\">Tek Tarafl\u0131 Ceza Takibinden Korunma<\/h3>\n\n<p class=\"wp-block-paragraph\">San\u0131k haklar\u0131, devletin bir yarg\u0131laman\u0131n nas\u0131l y\u00fcr\u00fcyece\u011fini tek ba\u015f\u0131na belirlemesini \u00f6nler. Bilgi haklar\u0131, savunma ve hukuki \u00e7areler yoluyla tek tarafl\u0131 soru\u015fturmalar\u0131 s\u0131n\u0131rlayan <strong>hukuki denge a\u011f\u0131rl\u0131\u011f\u0131<\/strong> olu\u015fur. <\/p>\n\n<p class=\"wp-block-paragraph\">Bu denge, ceza yarg\u0131lamas\u0131n\u0131n ba\u015flang\u0131\u00e7 \u015f\u00fcphesinin salt onaylanmas\u0131na d\u00f6n\u00fc\u015fmemesi i\u00e7in \u00f6nko\u015fuldur.<\/p>\n\n<h3 class=\"wp-block-heading\" id=\"h-bedeutung-im-ermittlungsverfahren\">Soru\u015fturma Yarg\u0131lamas\u0131ndaki \u00d6nemi<\/h3>\n\n<p class=\"wp-block-paragraph\">\u00d6zellikle soru\u015fturma a\u015famas\u0131nda <strong>bir yarg\u0131laman\u0131n adil y\u00fcr\u00fcy\u00fcp y\u00fcr\u00fcmedi\u011fi ortaya \u00e7\u0131kar<\/strong>. Makamlar <strong>delil toplar<\/strong>, <strong>beyanlar\u0131 tutana\u011fa ge\u00e7irir<\/strong> ve <strong>belirleyici raylar\u0131 d\u00f6\u015fer<\/strong>. San\u0131\u011f\u0131n haklar\u0131 <strong>bu s\u00fcreci \u015feffaf ve denetlenebilir tutar<\/strong>.  <\/p>\n\n<h2 class=\"wp-block-heading\" id=\"h-verhaltnis-zu-den-rechten-von-opfern-und-privatbeteiligten\">Ma\u011fdur ve \u00d6zel Kat\u0131l\u0131mc\u0131lar\u0131n Haklar\u0131yla \u0130li\u015fkisi<\/h2>\n\n<h3 class=\"wp-block-heading\" id=\"h-abwagung-zwischen-einsicht-und-schutz\">\u0130nceleme ve Koruma Aras\u0131nda Denge<\/h3>\n\n<p class=\"wp-block-paragraph\">Ma\u011fdur ve \u00f6zel kat\u0131l\u0131mc\u0131lar\u0131n da bilgi haklar\u0131 vard\u0131r. Ayn\u0131 zamanda kanun san\u0131\u011f\u0131 verilerinin ve savunma stratejilerinin kontrols\u00fczce a\u00e7\u0131klanmas\u0131ndan korur. \u00dc\u00e7\u00fcnc\u00fc ki\u015filerin dosya incelemesi ancak \u00e7\u0131karlar\u0131n\u0131n korunmas\u0131 i\u00e7in gerekli oldu\u011fu \u00f6l\u00e7\u00fcde yap\u0131labilir.  <\/p>\n\n<p class=\"wp-block-paragraph\">B\u00f6ylece ayd\u0131nlatma ve ki\u015filik haklar\u0131 aras\u0131nda <strong>adil denge<\/strong> korunur.<\/p>\n\n<h3 class=\"wp-block-heading\" id=\"h-schutz-der-verteidigungsposition\">Savunma Konumunun Korunmas\u0131<\/h3>\n\n<p class=\"wp-block-paragraph\">San\u0131k savunmas\u0131n\u0131 haz\u0131rlayabilmeli, bu otomatik olarak di\u011fer t\u00fcm kat\u0131l\u0131mc\u0131lara a\u00e7\u0131k olmamal\u0131d\u0131r. Bu koruma ilkesi taktik dezavantajlar\u0131 \u00f6nler ve <strong>yarg\u0131lamada f\u0131rsat e\u015fitli\u011fini<\/strong> korur. <\/p>\n\n<h2 class=\"wp-block-heading\" id=\"h-praktische-bedeutung-der-beschuldigtenrechte-im-strafverfahren\">Ceza Yarg\u0131lamas\u0131nda San\u0131k Haklar\u0131n\u0131n Pratik \u00d6nemi<\/h2>\n\n<h3 class=\"wp-block-heading\" id=\"h-wirkung-in-der-ermittlungsphase\">Soru\u015fturma A\u015famas\u0131ndaki Etkisi<\/h3>\n\n<p class=\"wp-block-paragraph\">Yarg\u0131laman\u0131n erken a\u015famas\u0131nda san\u0131k haklar\u0131 erken tespitlerden korur. Hatalar\u0131 ortaya \u00e7\u0131karmay\u0131, beraat edici delilleri sunmay\u0131 ve soru\u015fturmalar\u0131n seyrini aktif olarak etkilemeyi sa\u011flar. <\/p>\n\n<h3 class=\"wp-block-heading\" id=\"h-wirkung-im-gerichtlichen-verfahren\">Yarg\u0131sal Yarg\u0131lamadaki Etkisi<\/h3>\n\n<p class=\"wp-block-paragraph\">Mahkemede <strong>bu haklar<\/strong>, san\u0131\u011f\u0131n <strong>sadece yarg\u0131lanmamas\u0131n\u0131<\/strong>, <strong>g\u00f6r\u00fc\u015f\u00fcn\u00fc sunmas\u0131n\u0131 ve mahkemenin bunu adil incelemesini<\/strong> sa\u011flar. <strong>Savunma, dosya incelemesi ve hukuki \u00e7areler<\/strong> <strong>t\u00fcm ilgili ger\u00e7eklere dayal\u0131 objektif karar<\/strong> verilmesini m\u00fcmk\u00fcn k\u0131lar.<\/p>\n    <div class=\"mr-quote mrbg clearfix\">\n        <a class=\"mr-quote-person\" href=\"\/ueber-uns\/rechtsanwalt-sebastian-riedlmair\/\" title=\"Rechtsanwalt Sebastian Riedlmair\">\n            <img decoding=\"async\" class=\"mr-quote-person-img\" src=\"https:\/\/harlander-partner.eu\/wp-content\/themes\/harlander\/design\/sr100.webp\" width=\"100\"\n                 height=\"100\" loading=\"lazy\" alt=\"Rechtsanwalt Sebastian Riedlmair\">\n            <span class=\"mr-quote-person-text\">\n            Sebastian Riedlmair<br>\n            <span class=\"mr-quote-person-function\">Harlander &amp; Partner Rechtsanw\u00e4lte<\/span>\n        <\/span>\n        <\/a>\n        <span class=\"mr-quote-content\">\u201eSoru\u015fturma makamlar\u0131 yap\u0131land\u0131r\u0131lm\u0131\u015f ve net hedefle \u00e7al\u0131\u015f\u0131r. Profesyonel savunma, haklar\u0131n sadece var olmamas\u0131n\u0131, etkili olmas\u0131n\u0131 sa\u011flar. \u201c<\/span>\n    <\/div>\n<a class=\"mr-cta-link mr-cta-button-cal\" href=\"#h2-booking\" title=\"\u00dccretsiz ilk g\u00f6r\u00fc\u015fme\"><span class=\"mr-cta-link-normal\">\u015eimdi istedi\u011finiz tarihi se\u00e7in:<\/span><span class=\"mr-cta-link-bold\">\u00dccretsiz ilk g\u00f6r\u00fc\u015fme<\/span><\/a>\n\n<h2 class=\"wp-block-heading\" id=\"h-ihre-vorteile-mit-anwaltlicher-unterstutzung\">Avukatl\u0131k Deste\u011fiyle Avantajlar\u0131n\u0131z<\/h2>\n\n<p class=\"wp-block-paragraph\">San\u0131\u011f\u0131n haklar\u0131 ancak <strong>mesleki olarak do\u011fru ve stratejik kullan\u0131ld\u0131\u011f\u0131nda<\/strong> etkisini g\u00f6sterir. Soru\u015fturma makamlar\u0131 yap\u0131land\u0131r\u0131lm\u0131\u015f ve net hedefle hareket eder. Avukatl\u0131k deste\u011fi olmadan san\u0131k bu nedenle ba\u015f\u0131ndan itibaren <strong>dezavantajl\u0131 konumda<\/strong> bulunur, su\u00e7 iddias\u0131 hukuki olarak ge\u00e7erli olmasa bile.  <\/p>\n\n<p class=\"wp-block-paragraph\">Deneyimli bir ceza m\u00fcdafii <strong>hi\u00e7bir hakk\u0131n kaybedilmemesini<\/strong> ve her yarg\u0131lama ad\u0131m\u0131n\u0131n hukuki olarak g\u00fcvence alt\u0131na al\u0131nmas\u0131n\u0131 sa\u011flar. \u00d6zellikle soru\u015fturma yarg\u0131lamas\u0131n\u0131n erken a\u015famas\u0131nda \u00e7o\u011funlukla bir yarg\u0131laman\u0131n t\u0131rman\u0131p t\u0131rmanmayaca\u011f\u0131 veya kontrol edilebilir kal\u0131p kalmayaca\u011f\u0131 belirlenir. <\/p>\n\n<p class=\"wp-block-paragraph\">Avukatl\u0131k deste\u011fi \u00f6zellikle \u015fu avantajlar\u0131 sunar:<\/p>\n\n<ul class=\"wp-block-list\">\n<li><strong>dosya durumunun erken analizi<\/strong> ve ger\u00e7ek delil durumunun de\u011ferlendirilmesi<\/li>\n\n\n\n<li><strong>susma hakk\u0131n\u0131n hedefli kullan\u0131m\u0131<\/strong>, kendini su\u00e7lamalardan ka\u00e7\u0131nmak i\u00e7in<\/li>\n\n\n\n<li><strong>delil taleplerinin stratejik sunumu<\/strong>, beraat edici ger\u00e7ekleri g\u00f6r\u00fcn\u00fcr k\u0131lmak i\u00e7in<\/li>\n\n\n\n<li><strong>cebri tedbirlerin tutarl\u0131 kontrol\u00fc<\/strong> ve bunlar\u0131n hukuki caiz olup olmad\u0131\u011f\u0131<\/li>\n\n\n\n<li><strong>savc\u0131l\u0131k ve mahkeme ile profesyonel ileti\u015fim<\/strong>, taktik hatalardan ka\u00e7\u0131nmak i\u00e7in<\/li>\n<\/ul>\n\n<p class=\"wp-block-paragraph\">B\u00f6ylece yarg\u0131lama soru\u015fturma makamlar\u0131n\u0131n elinde kalmaz, <strong>e\u015fit d\u00fczeyde y\u00fcr\u00fct\u00fcl\u00fcr<\/strong>. Avukatl\u0131k temsili sadece hukuki dezavantajlardan korumaz, ayn\u0131 zamanda <strong>itibar, \u00f6zg\u00fcrl\u00fck ve ekonomik varl\u0131k i\u00e7in geri d\u00f6nd\u00fcr\u00fclemez zararlardan<\/strong> da korur. <\/p>\n<a class=\"mr-cta-link mr-cta-button-cal\" href=\"#h2-booking\" title=\"\u00dccretsiz ilk g\u00f6r\u00fc\u015fme\"><span class=\"mr-cta-link-normal\">\u015eimdi istedi\u011finiz tarihi se\u00e7in:<\/span><span class=\"mr-cta-link-bold\">\u00dccretsiz ilk g\u00f6r\u00fc\u015fme<\/span><\/a>\n\n<h2 class=\"wp-block-heading\" id=\"h-faq-haufig-gestellte-fragen\">SSS \u2013 S\u0131k\u00e7a Sorulan Sorular<\/h2>\n<div class=\"wp-block-uagb-faq uagb-faq__outer-wrap uagb-block-FAQ-Rechte-des-Beschuldigten uagb-faq-icon-row uagb-faq-layout-accordion uagb-faq-expand-first-true uagb-faq-inactive-other-true uagb-faq__wrap uagb-buttons-layout-wrap uagb-faq-equal-height     \" data-faqtoggle=\"true\" role=\"tablist\"><script type=\"application\/ld+json\">{\"@context\":\"https:\\\/\\\/schema.org\",\"@type\":\"FAQPage\",\"@id\":\"https:\\\/\\\/harlander-partner.eu\\\/tr\\\/ceza-hukuku\\\/sanigin-haklari\\\/\",\"mainEntity\":[{\"@type\":\"Question\",\"name\":\"Ceza yarg\\u0131lamas\\u0131nda ne zaman san\\u0131k say\\u0131l\\u0131r?\",\"acceptedAnswer\":{\"@type\":\"Answer\",\"text\":\"Bir ki\\u015fi, \\u015f\\u00fcphe somut ger\\u00e7eklere dayanarak hedefli olarak kendisine y\\u00f6neldi\\u011fi ve ceza takip makamlar\\u0131 soru\\u015fturmalar\\u0131n\\u0131 ona odaklad\\u0131\\u011f\\u0131 anda san\\u0131k say\\u0131l\\u0131r. Bu andan itibaren uyar\\u0131, susma hakk\\u0131 ve m\\u00fcdafi ileti\\u015fimi gibi temel koruma haklar\\u0131 devreye girer. Bu a\\u015famada yanl\\u0131\\u015fl\\u0131kla tan\\u0131k gibi muamele g\\u00f6ren ki\\u015fi d\\u00fc\\u015f\\u00fcncesiz beyanlar riski ta\\u015f\\u0131r. Bu nedenle ki\\u015fi kendi stat\\u00fcs\\u00fcn\\u00fc derhal netle\\u015ftirmeli ve tutarl\\u0131 olarak san\\u0131k haklar\\u0131na g\\u00f6re hareket etmelidir.   \"}},{\"@type\":\"Question\",\"name\":\"Hangi temel haklar san\\u0131klar\\u0131 en g\\u00fc\\u00e7l\\u00fc \\u015fekilde korur?\",\"acceptedAnswer\":{\"@type\":\"Answer\",\"text\":\"En \\u00f6nemlisi bilgi haklar\\u0131, savunma haklar\\u0131 ve kat\\u0131l\\u0131m haklar\\u0131d\\u0131r. Bilgi haklar\\u0131, su\\u00e7 iddias\\u0131 ve soru\\u015fturma durumunun anla\\u015f\\u0131l\\u0131r \\u015fekilde a\\u00e7\\u0131klanmas\\u0131n\\u0131 g\\u00fcvence alt\\u0131na al\\u0131r. Savunma haklar\\u0131 \\u00f6zellikle susma ve avukatl\\u0131k dan\\u0131\\u015fmanl\\u0131\\u011f\\u0131 hakk\\u0131n\\u0131 kapsar. Kat\\u0131l\\u0131m haklar\\u0131 dosya incelemesi, delil talepleri ve tedbirlerin hukuki denetimini m\\u00fcmk\\u00fcn k\\u0131lar, \\u00e7\\u00fcnk\\u00fc ancak b\\u00f6yle etkili bir savunma m\\u00fcmk\\u00fcnd\\u00fcr.   \"}},{\"@type\":\"Question\",\"name\":\"Hukuki uyar\\u0131 neden bu kadar \\u00f6nemlidir?\",\"acceptedAnswer\":{\"@type\":\"Answer\",\"text\":\"Hukuki uyar\\u0131, san\\u0131\\u011f\\u0131n geri d\\u00f6nd\\u00fcr\\u00fclemez kararlar vermeden \\u00f6nce haklar\\u0131n\\u0131 bilmesini sa\\u011flar. Net uyar\\u0131 olmadan bir\\u00e7ok ki\\u015fi belirsizlik veya bask\\u0131 alt\\u0131nda hareket eder ve kendini su\\u00e7lar. Uyar\\u0131 sorgular i\\u00e7in hukuki g\\u00fcvenli \\u00e7er\\u00e7eve yarat\\u0131r, \\u00e7\\u00fcnk\\u00fc bilin\\u00e7li susma ve m\\u00fcdafi ile ileti\\u015fim kurma imk\\u00e2n\\u0131 sa\\u011flar. B\\u00f6ylece karar verme durumu kontrol edilebilir ve anla\\u015f\\u0131labilir kal\\u0131r.   \"}},{\"@type\":\"Question\",\"name\":\"Dosya incelemesi somut olarak ne sa\\u011flar?\",\"acceptedAnswer\":{\"@type\":\"Answer\",\"text\":\"Dosya incelemesi, su\\u00e7 \\u015f\\u00fcphesinin ger\\u00e7ekte neye dayand\\u0131\\u011f\\u0131n\\u0131, \\u00f6rne\\u011fin tutanaklar, raporlar ve tan\\u0131k beyanlar\\u0131n\\u0131 g\\u00f6sterir. Ancak bu bilgiyle san\\u0131k \\u00e7eli\\u015fkileri fark edebilir ve hedefli olarak beraat edici deliller talep edebilir. Dosya incelemesi i\\u00e7eriksel gizli yarg\\u0131lamalar\\u0131 \\u00f6nler, \\u00e7\\u00fcnk\\u00fc devlet su\\u00e7lamalar\\u0131n\\u0131 a\\u00e7\\u0131klamak zorundad\\u0131r. Dosya incelemesi olmadan her savunma spek\\u00fclatif ve dolay\\u0131s\\u0131yla zay\\u0131f kal\\u0131r.   \"}},{\"@type\":\"Question\",\"name\":\"Delil talepleri savunma i\\u00e7in hangi rol\\u00fc oynar?\",\"acceptedAnswer\":{\"@type\":\"Answer\",\"text\":\"Delil talepleriyle san\\u0131k aktif olarak beraat edici ger\\u00e7ekleri yarg\\u0131lamaya sokar, \\u00f6rne\\u011fin tan\\u0131klar, belgeler veya rapor. Bu, soru\\u015fturma makamlar\\u0131n\\u0131 sadece su\\u00e7lay\\u0131c\\u0131 de\\u011fil, beraat edici olan\\u0131 da incelemeye zorlar. Delil talepleri ger\\u00e7e\\u011fi bulma s\\u00fcrecini iyile\\u015ftirir, \\u00e7\\u00fcnk\\u00fc bo\\u015fluklar\\u0131 ve tek tarafl\\u0131l\\u0131klar\\u0131 g\\u00f6r\\u00fcn\\u00fcr k\\u0131lar. Bu arac\\u0131 kullanmayan ki\\u015fi soru\\u015fturma y\\u00f6n\\u00fcn\\u00fc fiilen kar\\u015f\\u0131 tarafa b\\u0131rak\\u0131r.   \"}},{\"@type\":\"Question\",\"name\":\"Ceza yarg\\u0131lamas\\u0131nda ne zaman \\u00e7eviri ve dil yard\\u0131m\\u0131na ihtiya\\u00e7 vard\\u0131r?\",\"acceptedAnswer\":{\"@type\":\"Answer\",\"text\":\"\\u00c7eviri ve dil yard\\u0131m\\u0131na, san\\u0131k yarg\\u0131lama dilini su\\u00e7lamalar\\u0131, uyar\\u0131lar\\u0131 ve sorgulamalar\\u0131 i\\u00e7eriksel olarak anlayacak kadar bilmedi\\u011finde ihtiya\\u00e7 vard\\u0131r. Anlay\\u0131\\u015f olmadan haklar\\u0131n\\u0131 etkili kullanamaz ve d\\u00fc\\u015f\\u00fcnerek karar veremez. Bu nedenle makamlar temel belgeleri ve yarg\\u0131lama i\\u015flemlerini i\\u00e7eri\\u011fin ger\\u00e7ekten ula\\u015ft\\u0131\\u011f\\u0131 \\u015fekilde iletmelidir. Bu formalite de\\u011fil, adil yarg\\u0131lama i\\u00e7in \\u00f6nko\\u015fuldur.   \"}},{\"@type\":\"Question\",\"name\":\"Neden erken m\\u00fcdafi devreye sokulmal\\u0131d\\u0131r?\",\"acceptedAnswer\":{\"@type\":\"Answer\",\"text\":\"M\\u00fcdafi, bask\\u0131 alt\\u0131nda d\\u00fc\\u015f\\u00fcncesiz beyanlar yapmaktan veya daha sonra zor d\\u00fczeltilebilecek taktik hatalar yapmaktan korur. Su\\u00e7 iddias\\u0131n\\u0131 a\\u00e7\\u0131klar, delil durumunu de\\u011ferlendirir ve makamlarla ileti\\u015fimi y\\u00f6netir. \\u00d6zellikle ba\\u015flang\\u0131\\u00e7ta \\u00e7o\\u011funlukla belirleyici raylar d\\u00f6\\u015fenir, \\u00f6rne\\u011fin sorgularda, el koymalarda veya cebri tedbirlerde. Erken profesyonel dan\\u0131\\u015fmanl\\u0131k kullanan ki\\u015fi konumunu hissedilir \\u015fekilde iyile\\u015ftirir ve sonraki zararlar\\u0131 azalt\\u0131r.   \"}}]}<\/script><div class=\"wp-block-uagb-faq-child uagb-faq-child__outer-wrap uagb-faq-item uagb-block-Rechte-des-Beschuldigten-Q1 \" role=\"tab\" tabindex=\"0\"><div class=\"uagb-faq-questions-button uagb-faq-questions\">\t\t\t<span class=\"uagb-icon uagb-faq-icon-wrap\">\n\t\t\t\t\t\t\t\t<svg xmlns=\"https:\/\/www.w3.org\/2000\/svg\" viewBox= \"0 0 448 512\"><path d=\"M432 256c0 17.69-14.33 32.01-32 32.01H256v144c0 17.69-14.33 31.99-32 31.99s-32-14.3-32-31.99v-144H48c-17.67 0-32-14.32-32-32.01s14.33-31.99 32-31.99H192v-144c0-17.69 14.33-32.01 32-32.01s32 14.32 32 32.01v144h144C417.7 224 432 238.3 432 256z\"><\/path><\/svg>\n\t\t\t\t\t\t\t<\/span>\n\t\t\t\t\t\t<span class=\"uagb-icon-active uagb-faq-icon-wrap\">\n\t\t\t\t\t\t\t\t<svg xmlns=\"https:\/\/www.w3.org\/2000\/svg\" viewBox= \"0 0 448 512\"><path d=\"M400 288h-352c-17.69 0-32-14.32-32-32.01s14.31-31.99 32-31.99h352c17.69 0 32 14.3 32 31.99S417.7 288 400 288z\"><\/path><\/svg>\n\t\t\t\t\t\t\t<\/span>\n\t\t\t<span class=\"uagb-question\">Ceza yarg\u0131lamas\u0131nda ne zaman san\u0131k say\u0131l\u0131r?<\/span><\/div><div class=\"uagb-faq-content\"><p>Bir ki\u015fi, \u015f\u00fcphe somut ger\u00e7eklere dayanarak hedefli olarak kendisine y\u00f6neldi\u011fi ve ceza takip makamlar\u0131 soru\u015fturmalar\u0131n\u0131 ona odaklad\u0131\u011f\u0131 anda san\u0131k say\u0131l\u0131r. Bu andan itibaren uyar\u0131, susma hakk\u0131 ve m\u00fcdafi ileti\u015fimi gibi temel koruma haklar\u0131 devreye girer. Bu a\u015famada yanl\u0131\u015fl\u0131kla tan\u0131k gibi muamele g\u00f6ren ki\u015fi d\u00fc\u015f\u00fcncesiz beyanlar riski ta\u015f\u0131r. Bu nedenle ki\u015fi kendi stat\u00fcs\u00fcn\u00fc derhal netle\u015ftirmeli ve tutarl\u0131 olarak san\u0131k haklar\u0131na g\u00f6re hareket etmelidir.   <\/p><\/div><\/div><div class=\"wp-block-uagb-faq-child uagb-faq-child__outer-wrap uagb-faq-item uagb-block-Rechte-des-Beschuldigten-Q2 \" role=\"tab\" tabindex=\"0\"><div class=\"uagb-faq-questions-button uagb-faq-questions\">\t\t\t<span class=\"uagb-icon uagb-faq-icon-wrap\">\n\t\t\t\t\t\t\t\t<svg xmlns=\"https:\/\/www.w3.org\/2000\/svg\" viewBox= \"0 0 448 512\"><path d=\"M432 256c0 17.69-14.33 32.01-32 32.01H256v144c0 17.69-14.33 31.99-32 31.99s-32-14.3-32-31.99v-144H48c-17.67 0-32-14.32-32-32.01s14.33-31.99 32-31.99H192v-144c0-17.69 14.33-32.01 32-32.01s32 14.32 32 32.01v144h144C417.7 224 432 238.3 432 256z\"><\/path><\/svg>\n\t\t\t\t\t\t\t<\/span>\n\t\t\t\t\t\t<span class=\"uagb-icon-active uagb-faq-icon-wrap\">\n\t\t\t\t\t\t\t\t<svg xmlns=\"https:\/\/www.w3.org\/2000\/svg\" viewBox= \"0 0 448 512\"><path d=\"M400 288h-352c-17.69 0-32-14.32-32-32.01s14.31-31.99 32-31.99h352c17.69 0 32 14.3 32 31.99S417.7 288 400 288z\"><\/path><\/svg>\n\t\t\t\t\t\t\t<\/span>\n\t\t\t<span class=\"uagb-question\">Hangi temel haklar san\u0131klar\u0131 en g\u00fc\u00e7l\u00fc \u015fekilde korur?<\/span><\/div><div class=\"uagb-faq-content\"><p>En \u00f6nemlisi bilgi haklar\u0131, savunma haklar\u0131 ve kat\u0131l\u0131m haklar\u0131d\u0131r. Bilgi haklar\u0131, su\u00e7 iddias\u0131 ve soru\u015fturma durumunun anla\u015f\u0131l\u0131r \u015fekilde a\u00e7\u0131klanmas\u0131n\u0131 g\u00fcvence alt\u0131na al\u0131r. Savunma haklar\u0131 \u00f6zellikle susma ve avukatl\u0131k dan\u0131\u015fmanl\u0131\u011f\u0131 hakk\u0131n\u0131 kapsar. Kat\u0131l\u0131m haklar\u0131 dosya incelemesi, delil talepleri ve tedbirlerin hukuki denetimini m\u00fcmk\u00fcn k\u0131lar, \u00e7\u00fcnk\u00fc ancak b\u00f6yle etkili bir savunma m\u00fcmk\u00fcnd\u00fcr.   <\/p><\/div><\/div><div class=\"wp-block-uagb-faq-child uagb-faq-child__outer-wrap uagb-faq-item uagb-block-Rechte-des-Beschuldigten-Q3 \" role=\"tab\" tabindex=\"0\"><div class=\"uagb-faq-questions-button uagb-faq-questions\">\t\t\t<span class=\"uagb-icon uagb-faq-icon-wrap\">\n\t\t\t\t\t\t\t\t<svg xmlns=\"https:\/\/www.w3.org\/2000\/svg\" viewBox= \"0 0 448 512\"><path d=\"M432 256c0 17.69-14.33 32.01-32 32.01H256v144c0 17.69-14.33 31.99-32 31.99s-32-14.3-32-31.99v-144H48c-17.67 0-32-14.32-32-32.01s14.33-31.99 32-31.99H192v-144c0-17.69 14.33-32.01 32-32.01s32 14.32 32 32.01v144h144C417.7 224 432 238.3 432 256z\"><\/path><\/svg>\n\t\t\t\t\t\t\t<\/span>\n\t\t\t\t\t\t<span class=\"uagb-icon-active uagb-faq-icon-wrap\">\n\t\t\t\t\t\t\t\t<svg xmlns=\"https:\/\/www.w3.org\/2000\/svg\" viewBox= \"0 0 448 512\"><path d=\"M400 288h-352c-17.69 0-32-14.32-32-32.01s14.31-31.99 32-31.99h352c17.69 0 32 14.3 32 31.99S417.7 288 400 288z\"><\/path><\/svg>\n\t\t\t\t\t\t\t<\/span>\n\t\t\t<span class=\"uagb-question\">Hukuki uyar\u0131 neden bu kadar \u00f6nemlidir?<\/span><\/div><div class=\"uagb-faq-content\"><p>Hukuki uyar\u0131, san\u0131\u011f\u0131n geri d\u00f6nd\u00fcr\u00fclemez kararlar vermeden \u00f6nce haklar\u0131n\u0131 bilmesini sa\u011flar. Net uyar\u0131 olmadan bir\u00e7ok ki\u015fi belirsizlik veya bask\u0131 alt\u0131nda hareket eder ve kendini su\u00e7lar. Uyar\u0131 sorgular i\u00e7in hukuki g\u00fcvenli \u00e7er\u00e7eve yarat\u0131r, \u00e7\u00fcnk\u00fc bilin\u00e7li susma ve m\u00fcdafi ile ileti\u015fim kurma imk\u00e2n\u0131 sa\u011flar. B\u00f6ylece karar verme durumu kontrol edilebilir ve anla\u015f\u0131labilir kal\u0131r.   <\/p><\/div><\/div><div class=\"wp-block-uagb-faq-child uagb-faq-child__outer-wrap uagb-faq-item uagb-block-Rechte-des-Beschuldigten-Q4 \" role=\"tab\" tabindex=\"0\"><div class=\"uagb-faq-questions-button uagb-faq-questions\">\t\t\t<span class=\"uagb-icon uagb-faq-icon-wrap\">\n\t\t\t\t\t\t\t\t<svg xmlns=\"https:\/\/www.w3.org\/2000\/svg\" viewBox= \"0 0 448 512\"><path d=\"M432 256c0 17.69-14.33 32.01-32 32.01H256v144c0 17.69-14.33 31.99-32 31.99s-32-14.3-32-31.99v-144H48c-17.67 0-32-14.32-32-32.01s14.33-31.99 32-31.99H192v-144c0-17.69 14.33-32.01 32-32.01s32 14.32 32 32.01v144h144C417.7 224 432 238.3 432 256z\"><\/path><\/svg>\n\t\t\t\t\t\t\t<\/span>\n\t\t\t\t\t\t<span class=\"uagb-icon-active uagb-faq-icon-wrap\">\n\t\t\t\t\t\t\t\t<svg xmlns=\"https:\/\/www.w3.org\/2000\/svg\" viewBox= \"0 0 448 512\"><path d=\"M400 288h-352c-17.69 0-32-14.32-32-32.01s14.31-31.99 32-31.99h352c17.69 0 32 14.3 32 31.99S417.7 288 400 288z\"><\/path><\/svg>\n\t\t\t\t\t\t\t<\/span>\n\t\t\t<span class=\"uagb-question\">Dosya incelemesi somut olarak ne sa\u011flar?<\/span><\/div><div class=\"uagb-faq-content\"><p>Dosya incelemesi, su\u00e7 \u015f\u00fcphesinin ger\u00e7ekte neye dayand\u0131\u011f\u0131n\u0131, \u00f6rne\u011fin tutanaklar, raporlar ve tan\u0131k beyanlar\u0131n\u0131 g\u00f6sterir. Ancak bu bilgiyle san\u0131k \u00e7eli\u015fkileri fark edebilir ve hedefli olarak beraat edici deliller talep edebilir. Dosya incelemesi i\u00e7eriksel gizli yarg\u0131lamalar\u0131 \u00f6nler, \u00e7\u00fcnk\u00fc devlet su\u00e7lamalar\u0131n\u0131 a\u00e7\u0131klamak zorundad\u0131r. Dosya incelemesi olmadan her savunma spek\u00fclatif ve dolay\u0131s\u0131yla zay\u0131f kal\u0131r.   <\/p><\/div><\/div><div class=\"wp-block-uagb-faq-child uagb-faq-child__outer-wrap uagb-faq-item uagb-block-Rechte-des-Beschuldigten-Q5 \" role=\"tab\" tabindex=\"0\"><div class=\"uagb-faq-questions-button uagb-faq-questions\">\t\t\t<span class=\"uagb-icon uagb-faq-icon-wrap\">\n\t\t\t\t\t\t\t\t<svg xmlns=\"https:\/\/www.w3.org\/2000\/svg\" viewBox= \"0 0 448 512\"><path d=\"M432 256c0 17.69-14.33 32.01-32 32.01H256v144c0 17.69-14.33 31.99-32 31.99s-32-14.3-32-31.99v-144H48c-17.67 0-32-14.32-32-32.01s14.33-31.99 32-31.99H192v-144c0-17.69 14.33-32.01 32-32.01s32 14.32 32 32.01v144h144C417.7 224 432 238.3 432 256z\"><\/path><\/svg>\n\t\t\t\t\t\t\t<\/span>\n\t\t\t\t\t\t<span class=\"uagb-icon-active uagb-faq-icon-wrap\">\n\t\t\t\t\t\t\t\t<svg xmlns=\"https:\/\/www.w3.org\/2000\/svg\" viewBox= \"0 0 448 512\"><path d=\"M400 288h-352c-17.69 0-32-14.32-32-32.01s14.31-31.99 32-31.99h352c17.69 0 32 14.3 32 31.99S417.7 288 400 288z\"><\/path><\/svg>\n\t\t\t\t\t\t\t<\/span>\n\t\t\t<span class=\"uagb-question\">Delil talepleri savunma i\u00e7in hangi rol\u00fc oynar?<\/span><\/div><div class=\"uagb-faq-content\"><p>Delil talepleriyle san\u0131k aktif olarak beraat edici ger\u00e7ekleri yarg\u0131lamaya sokar, \u00f6rne\u011fin tan\u0131klar, belgeler veya rapor. Bu, soru\u015fturma makamlar\u0131n\u0131 sadece su\u00e7lay\u0131c\u0131 de\u011fil, beraat edici olan\u0131 da incelemeye zorlar. Delil talepleri ger\u00e7e\u011fi bulma s\u00fcrecini iyile\u015ftirir, \u00e7\u00fcnk\u00fc bo\u015fluklar\u0131 ve tek tarafl\u0131l\u0131klar\u0131 g\u00f6r\u00fcn\u00fcr k\u0131lar. Bu arac\u0131 kullanmayan ki\u015fi soru\u015fturma y\u00f6n\u00fcn\u00fc fiilen kar\u015f\u0131 tarafa b\u0131rak\u0131r.   <\/p><\/div><\/div><div class=\"wp-block-uagb-faq-child uagb-faq-child__outer-wrap uagb-faq-item uagb-block-Rechte-des-Beschuldigten-Q6 \" role=\"tab\" tabindex=\"0\"><div class=\"uagb-faq-questions-button uagb-faq-questions\">\t\t\t<span class=\"uagb-icon uagb-faq-icon-wrap\">\n\t\t\t\t\t\t\t\t<svg xmlns=\"https:\/\/www.w3.org\/2000\/svg\" viewBox= \"0 0 448 512\"><path d=\"M432 256c0 17.69-14.33 32.01-32 32.01H256v144c0 17.69-14.33 31.99-32 31.99s-32-14.3-32-31.99v-144H48c-17.67 0-32-14.32-32-32.01s14.33-31.99 32-31.99H192v-144c0-17.69 14.33-32.01 32-32.01s32 14.32 32 32.01v144h144C417.7 224 432 238.3 432 256z\"><\/path><\/svg>\n\t\t\t\t\t\t\t<\/span>\n\t\t\t\t\t\t<span class=\"uagb-icon-active uagb-faq-icon-wrap\">\n\t\t\t\t\t\t\t\t<svg xmlns=\"https:\/\/www.w3.org\/2000\/svg\" viewBox= \"0 0 448 512\"><path d=\"M400 288h-352c-17.69 0-32-14.32-32-32.01s14.31-31.99 32-31.99h352c17.69 0 32 14.3 32 31.99S417.7 288 400 288z\"><\/path><\/svg>\n\t\t\t\t\t\t\t<\/span>\n\t\t\t<span class=\"uagb-question\">Ceza yarg\u0131lamas\u0131nda ne zaman \u00e7eviri ve dil yard\u0131m\u0131na ihtiya\u00e7 vard\u0131r?<\/span><\/div><div class=\"uagb-faq-content\"><p>\u00c7eviri ve dil yard\u0131m\u0131na, san\u0131k yarg\u0131lama dilini su\u00e7lamalar\u0131, uyar\u0131lar\u0131 ve sorgulamalar\u0131 i\u00e7eriksel olarak anlayacak kadar bilmedi\u011finde ihtiya\u00e7 vard\u0131r. Anlay\u0131\u015f olmadan haklar\u0131n\u0131 etkili kullanamaz ve d\u00fc\u015f\u00fcnerek karar veremez. Bu nedenle makamlar temel belgeleri ve yarg\u0131lama i\u015flemlerini i\u00e7eri\u011fin ger\u00e7ekten ula\u015ft\u0131\u011f\u0131 \u015fekilde iletmelidir. Bu formalite de\u011fil, adil yarg\u0131lama i\u00e7in \u00f6nko\u015fuldur.   <\/p><\/div><\/div><div class=\"wp-block-uagb-faq-child uagb-faq-child__outer-wrap uagb-faq-item uagb-block-Rechte-des-Beschuldigten-Q7 \" role=\"tab\" tabindex=\"0\"><div class=\"uagb-faq-questions-button uagb-faq-questions\">\t\t\t<span class=\"uagb-icon uagb-faq-icon-wrap\">\n\t\t\t\t\t\t\t\t<svg xmlns=\"https:\/\/www.w3.org\/2000\/svg\" viewBox= \"0 0 448 512\"><path d=\"M432 256c0 17.69-14.33 32.01-32 32.01H256v144c0 17.69-14.33 31.99-32 31.99s-32-14.3-32-31.99v-144H48c-17.67 0-32-14.32-32-32.01s14.33-31.99 32-31.99H192v-144c0-17.69 14.33-32.01 32-32.01s32 14.32 32 32.01v144h144C417.7 224 432 238.3 432 256z\"><\/path><\/svg>\n\t\t\t\t\t\t\t<\/span>\n\t\t\t\t\t\t<span class=\"uagb-icon-active uagb-faq-icon-wrap\">\n\t\t\t\t\t\t\t\t<svg xmlns=\"https:\/\/www.w3.org\/2000\/svg\" viewBox= \"0 0 448 512\"><path d=\"M400 288h-352c-17.69 0-32-14.32-32-32.01s14.31-31.99 32-31.99h352c17.69 0 32 14.3 32 31.99S417.7 288 400 288z\"><\/path><\/svg>\n\t\t\t\t\t\t\t<\/span>\n\t\t\t<span class=\"uagb-question\">Neden erken m\u00fcdafi devreye sokulmal\u0131d\u0131r?<\/span><\/div><div class=\"uagb-faq-content\"><p>M\u00fcdafi, bask\u0131 alt\u0131nda d\u00fc\u015f\u00fcncesiz beyanlar yapmaktan veya daha sonra zor d\u00fczeltilebilecek taktik hatalar yapmaktan korur. Su\u00e7 iddias\u0131n\u0131 a\u00e7\u0131klar, delil durumunu de\u011ferlendirir ve makamlarla ileti\u015fimi y\u00f6netir. \u00d6zellikle ba\u015flang\u0131\u00e7ta \u00e7o\u011funlukla belirleyici raylar d\u00f6\u015fenir, \u00f6rne\u011fin sorgularda, el koymalarda veya cebri tedbirlerde. Erken profesyonel dan\u0131\u015fmanl\u0131k kullanan ki\u015fi konumunu hissedilir \u015fekilde iyile\u015ftirir ve sonraki zararlar\u0131 azalt\u0131r.   <\/p><\/div><\/div><\/div><a class=\"mr-cta-link mr-cta-button-cal\" href=\"#h2-booking\" title=\"\u00dccretsiz ilk g\u00f6r\u00fc\u015fme\"><span class=\"mr-cta-link-normal\">\u015eimdi istedi\u011finiz tarihi se\u00e7in:<\/span><span class=\"mr-cta-link-bold\">\u00dccretsiz ilk g\u00f6r\u00fc\u015fme<\/span><\/a>\n","protected":false},"excerpt":{"rendered":"San\u0131\u011f\u0131n haklar\u0131, ceza yarg\u0131lamas\u0131nda \u015f\u00fcpheli bir ki\u015finin sadece devlet soru\u015fturmalar\u0131n\u0131n nesnesi olmamas\u0131n\u0131, aksine a\u00e7\u0131k koruma haklar\u0131na sahip bir taraf olarak hareket etmesini sa\u011flar. Bunlar aras\u0131nda \u00f6zellikle su\u00e7lamalar hakk\u0131nda bilgi alma &#8230;","protected":false},"author":25,"featured_media":117291,"parent":41194,"menu_order":5,"comment_status":"closed","ping_status":"closed","template":"","meta":{"_acf_changed":false,"_uag_custom_page_level_css":"","footnotes":""},"categories":[821],"tags":[],"class_list":["post-117290","page","type-page","status-publish","has-post-thumbnail","hentry","category-ceza-hukuku"],"acf":[],"uagb_featured_image_src":{"full":["https:\/\/harlander-partner.eu\/wp-content\/uploads\/Rechte-des-Beschuldigten.webp",1920,1080,false],"thumbnail":["https:\/\/harlander-partner.eu\/wp-content\/uploads\/Rechte-des-Beschuldigten-100x100.webp",100,100,true],"medium":["https:\/\/harlander-partner.eu\/wp-content\/uploads\/Rechte-des-Beschuldigten-800x450.webp",800,450,true],"medium_large":["https:\/\/harlander-partner.eu\/wp-content\/uploads\/Rechte-des-Beschuldigten.webp",1920,1080,false],"large":["https:\/\/harlander-partner.eu\/wp-content\/uploads\/Rechte-des-Beschuldigten.webp",1920,1080,false],"1536x1536":["https:\/\/harlander-partner.eu\/wp-content\/uploads\/Rechte-des-Beschuldigten-1536x864.webp",1536,864,true],"2048x2048":["https:\/\/harlander-partner.eu\/wp-content\/uploads\/Rechte-des-Beschuldigten.webp",1920,1080,false],"336x":["https:\/\/harlander-partner.eu\/wp-content\/uploads\/Rechte-des-Beschuldigten-336x189.webp",336,189,true],"352x":["https:\/\/harlander-partner.eu\/wp-content\/uploads\/Rechte-des-Beschuldigten-352x198.webp",352,198,true],"woocommerce_thumbnail":["https:\/\/harlander-partner.eu\/wp-content\/uploads\/Rechte-des-Beschuldigten-300x300.webp",300,300,true],"woocommerce_single":["https:\/\/harlander-partner.eu\/wp-content\/uploads\/Rechte-des-Beschuldigten-600x338.webp",600,338,true],"woocommerce_gallery_thumbnail":["https:\/\/harlander-partner.eu\/wp-content\/uploads\/Rechte-des-Beschuldigten-100x100.webp",100,100,true],"yarpp-thumbnail":["https:\/\/harlander-partner.eu\/wp-content\/uploads\/Rechte-des-Beschuldigten-120x120.webp",120,120,true]},"uagb_author_info":{"display_name":"Simon Prem","author_link":"https:\/\/harlander-partner.eu\/tr\/author\/simon-prem\/"},"uagb_comment_info":0,"uagb_excerpt":"San\u0131\u011f\u0131n haklar\u0131, ceza yarg\u0131lamas\u0131nda \u015f\u00fcpheli bir ki\u015finin sadece devlet soru\u015fturmalar\u0131n\u0131n nesnesi olmamas\u0131n\u0131, aksine a\u00e7\u0131k koruma haklar\u0131na sahip bir taraf olarak hareket etmesini sa\u011flar. Bunlar aras\u0131nda \u00f6zellikle su\u00e7lamalar hakk\u0131nda bilgi alma ...","_links":{"self":[{"href":"https:\/\/harlander-partner.eu\/tr\/wp-json\/wp\/v2\/pages\/117290","targetHints":{"allow":["GET"]}}],"collection":[{"href":"https:\/\/harlander-partner.eu\/tr\/wp-json\/wp\/v2\/pages"}],"about":[{"href":"https:\/\/harlander-partner.eu\/tr\/wp-json\/wp\/v2\/types\/page"}],"author":[{"embeddable":true,"href":"https:\/\/harlander-partner.eu\/tr\/wp-json\/wp\/v2\/users\/25"}],"replies":[{"embeddable":true,"href":"https:\/\/harlander-partner.eu\/tr\/wp-json\/wp\/v2\/comments?post=117290"}],"version-history":[{"count":0,"href":"https:\/\/harlander-partner.eu\/tr\/wp-json\/wp\/v2\/pages\/117290\/revisions"}],"up":[{"embeddable":true,"href":"https:\/\/harlander-partner.eu\/tr\/wp-json\/wp\/v2\/pages\/41194"}],"wp:featuredmedia":[{"embeddable":true,"href":"https:\/\/harlander-partner.eu\/tr\/wp-json\/wp\/v2\/media\/117291"}],"wp:attachment":[{"href":"https:\/\/harlander-partner.eu\/tr\/wp-json\/wp\/v2\/media?parent=117290"}],"wp:term":[{"taxonomy":"category","embeddable":true,"href":"https:\/\/harlander-partner.eu\/tr\/wp-json\/wp\/v2\/categories?post=117290"},{"taxonomy":"post_tag","embeddable":true,"href":"https:\/\/harlander-partner.eu\/tr\/wp-json\/wp\/v2\/tags?post=117290"}],"curies":[{"name":"wp","href":"https:\/\/api.w.org\/{rel}","templated":true}]}}