{"id":78189,"date":"2025-07-22T13:24:21","date_gmt":"2025-07-22T11:24:21","guid":{"rendered":"https:\/\/harlander-partner.eu\/arvsratt-och-forebyggande\/form-for-testamentariska-forordnanden\/"},"modified":"2025-11-26T07:10:39","modified_gmt":"2025-11-26T06:10:39","slug":"form-for-testamentariska-forordnanden","status":"publish","type":"page","link":"https:\/\/harlander-partner.eu\/sv\/arvsratt-och-forebyggande\/form-for-testamentariska-forordnanden\/","title":{"rendered":"Form f\u00f6r testamentariska f\u00f6rordnanden"},"content":{"rendered":"\n<div class=\"wp-block-yoast-seo-table-of-contents yoast-table-of-contents\"><h2>Form f\u00f6r testamentariska f\u00f6rordnanden<\/h2><ul><li><a href=\"#h-form-der-letztwilligen-verfugung\" data-level=\"2\">Form f\u00f6r testamentariska f\u00f6rordnanden<\/a><\/li><li><a href=\"#h-warum-ist-die-form-entscheidend\" data-level=\"2\">Varf\u00f6r \u00e4r formen avg\u00f6rande?<\/a><\/li><li><a href=\"#h-diese-formen-der-letztwilligen-verfugung-gibt-es\" data-level=\"2\">Dessa former av testamentariska f\u00f6rordnanden finns det<\/a><ul><li><a href=\"#h-die-eigenhandige-letztwillige-verfugung\" data-level=\"3\">Det egenh\u00e4ndiga testamentariska f\u00f6rordnandet<\/a><\/li><li><a href=\"#h-die-fremdhandige-letztwillige-verfugung\" data-level=\"3\">Det bevittnade testamentariska f\u00f6rordnandet<\/a><\/li><li><a href=\"#h-die-gerichtliche-letztwillige-verfugung\" data-level=\"3\">Det testamentariska f\u00f6rordnandet inf\u00f6r domstol<\/a><\/li><li><a href=\"#h-die-notarielle-letztwillige-verfugung\" data-level=\"3\">Det notariella testamentariska f\u00f6rordnandet<\/a><\/li><\/ul><\/li><li><a href=\"#h-geltung-und-ubergangsregelung\" data-level=\"2\">Giltighet och \u00f6verg\u00e5ngsbest\u00e4mmelser<\/a><\/li><li><a href=\"#h-haufige-fehler-vermeiden\" data-level=\"2\">Undvik vanliga misstag<\/a><\/li><li><a href=\"#h-ihre-vorteile-mit-anwaltlicher-unterstutzung\" data-level=\"2\">Dina f\u00f6rdelar med juridiskt st\u00f6d<\/a><\/li><li><a href=\"#h-haufig-gestellte-fragen-faq\" data-level=\"2\">Vanliga fr\u00e5gor \u2013 FAQ<\/a><\/li><\/ul><\/div>\n\n<h2 class=\"wp-block-heading\" id=\"h-form-der-letztwilligen-verfugung\">Form f\u00f6r testamentariska f\u00f6rordnanden<\/h2>\n\n<p class=\"wp-block-paragraph\">Den som vill reglera sitt kvarl\u00e5tenskap m\u00e5ste f\u00f6lja vissa formkrav. Enligt \u00f6sterrikisk arvsr\u00e4tt (<a href=\"https:\/\/www.ris.bka.gv.at\/NormDokument.wxe?Abfrage=Bundesnormen&amp;Gesetzesnummer=10001622&amp;Artikel=&amp;Paragraf=577&amp;Anlage=&amp;Uebergangsrecht=\">\u00a7\u00a7 577 ff ABGB)<\/a> \u00e4r ett testamentariskt f\u00f6rordnande, som till exempel ett testamente eller ett legat, endast giltigt om det har uppr\u00e4ttats i korrekt form. D\u00e4rf\u00f6r \u00e4r det av avg\u00f6rande betydelse att de lagstadgade formkraven f\u00f6ljs noggrant. \u00c4ven sm\u00e5 formfel kan leda till ogiltighet.   <\/p>\n\n<div class=\"wp-block-uagb-container uagb-block-3019fe8e alignfull uagb-is-root-container\">\n<div class=\"wp-block-uagb-container uagb-block-32585033\">\n<p class=\"wp-block-paragraph\">Ett testamentariskt f\u00f6rordnande \u00e4r en persons skriftliga f\u00f6rklaring om vad som ska h\u00e4nda med deras tillg\u00e5ngar efter deras d\u00f6d. Detta inkluderar t.ex. ett testamente eller ett legat. Det ers\u00e4tter eller kompletterar den lagstadgade arvsordningen.<\/p>\n<\/div>\n\n\n\n<div class=\"wp-block-uagb-container uagb-block-45819ab6\"><picture>\r\n\t\t<source srcset=\"https:\/\/harlander-partner.eu\/wp-content\/uploads\/Form-der-letztwilligen-Verfuegung-352x198.webp\" >\r\n\t\t<img decoding=\"async\" class=\"mr-picture-small\" src=\"https:\/\/harlander-partner.eu\/wp-content\/uploads\/Form-der-letztwilligen-Verfuegung.webp\" alt=\"L\u00e4r dig mer om vilken form ett testamentariskt f\u00f6rordnande kan ha. Vi f\u00f6rklarar formkraven tydligt och begripligt.\" >\r\n\t<\/picture>\n<\/div>\n<\/div>\n\n<h2 class=\"wp-block-heading\" id=\"h-warum-ist-die-form-entscheidend\">Varf\u00f6r \u00e4r formen avg\u00f6rande?<\/h2>\n\n<p class=\"wp-block-paragraph\">De lagstadgade kraven har tv\u00e5 viktiga m\u00e5l:<\/p>\n\n<ul class=\"wp-block-list\">\n<li><strong>Varningsfunktion<\/strong>: De ska s\u00e4kerst\u00e4lla att du f\u00f6rst\u00e5r r\u00e4ckvidden av ditt beslut.<\/li>\n\n\n\n<li><strong>Bevisfunktion<\/strong>: De tj\u00e4nar till att undvika framtida tvister.<\/li>\n<\/ul>\n    <div class=\"mr-quote mrbg clearfix\">\n        <a class=\"mr-quote-person\" href=\"\/ueber-uns\/rechtsanwalt-sebastian-riedlmair\/\" title=\"Rechtsanwalt Sebastian Riedlmair\">\n            <img decoding=\"async\" class=\"mr-quote-person-img\" src=\"https:\/\/harlander-partner.eu\/wp-content\/themes\/harlander\/design\/sr100.webp\" width=\"100\"\n                 height=\"100\" loading=\"lazy\" alt=\"Rechtsanwalt Sebastian Riedlmair\">\n            <span class=\"mr-quote-person-text\">\n            Sebastian Riedlmair<br>\n            <span class=\"mr-quote-person-function\">Harlander &amp; Partner Rechtsanw\u00e4lte<\/span>\n        <\/span>\n        <\/a>\n        <span class=\"mr-quote-content\">\u201eEin formung\u00fcltiges Testament n\u00fctzt niemandem \u2013 am wenigsten den Hinterbliebenen. Die Einhaltung der Form sch\u00fctzt nicht nur den Willen des Verstorbenen, sondern auch den famili\u00e4ren Frieden\u201c<\/span>\n    <\/div>\n\n<h2 class=\"wp-block-heading\" id=\"h-diese-formen-der-letztwilligen-verfugung-gibt-es\">Dessa former av testamentariska f\u00f6rordnanden finns det<\/h2>\n\n<p class=\"wp-block-paragraph\">Den \u00f6sterrikiska r\u00e4ttsordningen k\u00e4nner till flera likv\u00e4rdiga former:<\/p>\n\n<ul class=\"wp-block-list\">\n<li>egenh\u00e4ndigt testamentariskt f\u00f6rordnande<\/li>\n\n\n\n<li>bevittnat testamentariskt f\u00f6rordnande<\/li>\n\n\n\n<li>testamentariskt f\u00f6rordnande inf\u00f6r domstol<\/li>\n\n\n\n<li>notariellt testamentariskt f\u00f6rordnande<\/li>\n<\/ul>\n\n<h3 class=\"wp-block-heading\" id=\"h-die-eigenhandige-letztwillige-verfugung\">Det egenh\u00e4ndiga testamentariska f\u00f6rordnandet<\/h3>\n\n<p class=\"wp-block-paragraph\">Denna enkla form av testamente \u00e4r s\u00e4rskilt l\u00e4mplig f\u00f6r personer som inte vill anlita notariell eller r\u00e4ttslig hj\u00e4lp. Det m\u00e5ste: <\/p>\n\n<ul class=\"wp-block-list\">\n<li>vara <strong>helt egenh\u00e4ndigt skrivet<\/strong>,<\/li>\n\n\n\n<li>vara <strong>egenh\u00e4ndigt undertecknat<\/strong>,<\/li>\n\n\n\n<li>och <strong>g\u00f6ra arvl\u00e5taren identifierbar<\/strong> (\u00e4ven ett smeknamn eller \u201dEr mor\u201d kan vara tillr\u00e4ckligt).<\/li>\n<\/ul>\n\n<p class=\"wp-block-paragraph\"><strong>Ort och datum<\/strong> b\u00f6r anges, men \u00e4r inte obligatoriskt. Viktigt: Endast myndiga och testamentsbeh\u00f6riga personer f\u00e5r uppr\u00e4tta ett s\u00e5dant testamente. <\/p>\n\n<h3 class=\"wp-block-heading\" id=\"h-die-fremdhandige-letztwillige-verfugung\">Det bevittnade testamentariska f\u00f6rordnandet<\/h3>\n\n<p class=\"wp-block-paragraph\">I denna variant skapas texten <strong>inte egenh\u00e4ndigt<\/strong>, utan maskinellt eller av en annan person. Arvl\u00e5taren m\u00e5ste: <\/p>\n\n<ul class=\"wp-block-list\">\n<li><strong>underteckna egenh\u00e4ndigt<\/strong>,<\/li>\n\n\n\n<li>l\u00e4gga till ett <strong>handskrivet till\u00e4gg<\/strong> (\u201dDetta \u00e4r min sista vilja\u201d),<\/li>\n\n\n\n<li>och <strong>ha tre vittnen samtidigt n\u00e4rvarande<\/strong>, som:\n<ul class=\"wp-block-list\">\n<li>undertecknar handlingen,<\/li>\n\n\n\n<li>f\u00f6rfattar ett handskrivet till\u00e4gg,<\/li>\n\n\n\n<li>och fr\u00e5n vars uppgifter vittnesegenskapen framg\u00e5r.<\/li>\n<\/ul>\n<\/li>\n<\/ul>\n\n<p class=\"wp-block-paragraph\">Vittnena beh\u00f6ver inte k\u00e4nna till inneh\u00e5llet. F\u00f6r testamentsskrivare som inte kan skriva eller l\u00e4sa g\u00e4ller s\u00e4rskilda best\u00e4mmelser. \u00c4ven h\u00e4r g\u00e4ller: Endast myndiga, testamentsbeh\u00f6riga personer f\u00e5r anv\u00e4nda denna form.  <\/p>\n\n<h3 class=\"wp-block-heading\" id=\"h-die-gerichtliche-letztwillige-verfugung\">Det testamentariska f\u00f6rordnandet inf\u00f6r domstol<\/h3>\n\n<p class=\"wp-block-paragraph\">Ett f\u00f6rordnande inf\u00f6r domstol kan ske antingen <strong>skriftligen<\/strong> eller <strong>muntligen<\/strong> inf\u00f6r domstol. Beh\u00f6rig \u00e4r varje distriktsdomstol, oavsett bostadsort. <\/p>\n\n<h4 class=\"wp-block-heading\" id=\"h-schriftliche-variante\">Skriftlig variant:<\/h4>\n\n<ul class=\"wp-block-list\">\n<li>F\u00f6rordnandet m\u00e5ste <strong>undertecknas egenh\u00e4ndigt<\/strong> och <strong>\u00f6verl\u00e4mnas personligen<\/strong>.<\/li>\n\n\n\n<li>Domstolen ger anvisningar, f\u00f6rseglar, protokollf\u00f6r och f\u00f6rvarar f\u00f6rordnandet.<\/li>\n<\/ul>\n\n<h4 class=\"wp-block-heading\" id=\"h-mundliche-variante\">Muntlig variant:<\/h4>\n\n<ul class=\"wp-block-list\">\n<li>F\u00f6rklaringen sker <strong>muntligen inf\u00f6r domstol<\/strong>,<\/li>\n\n\n\n<li>domstolen uppr\u00e4ttar ett <strong>protokoll<\/strong> som f\u00f6rseglas och deponeras.<\/li>\n<\/ul>\n\n<p class=\"wp-block-paragraph\">Endast den <strong>muntliga formen \u00e4r \u00f6ppen f\u00f6r myndiga minder\u00e5riga<\/strong><\/p>\n\n<h3 class=\"wp-block-heading\" id=\"h-die-notarielle-letztwillige-verfugung\">Det notariella testamentariska f\u00f6rordnandet<\/h3>\n\n<p class=\"wp-block-paragraph\">Det kan ske b\u00e5de <strong>skriftligen<\/strong> och <strong>muntligen<\/strong> inf\u00f6r en notarie \u2013 antingen inf\u00f6r tv\u00e5 notarier eller en notarie och tv\u00e5 vittnen. De exakta reglerna finns i notariatsordningen  <\/p>\n\n<p class=\"wp-block-paragraph\">\u00c4ven h\u00e4r kan en myndig minder\u00e5rig endast testamentera <strong>muntligen inf\u00f6r notarien<\/strong>.<\/p>\n\n<h2 class=\"wp-block-heading\" id=\"h-geltung-und-ubergangsregelung\">Giltighet och \u00f6verg\u00e5ngsbest\u00e4mmelser<\/h2>\n\n<p class=\"wp-block-paragraph\">De nuvarande formkraven g\u00e4ller f\u00f6r alla testamentariska f\u00f6rordnanden som har uppr\u00e4ttats efter den 31 december 2016. \u00c4ldre f\u00f6rordnanden bed\u00f6ms d\u00e4remot enligt den lag som g\u00e4llde d\u00e5. Av detta sk\u00e4l beh\u00e5ller m\u00e5nga testamenten som uppr\u00e4ttats f\u00f6re denna tidpunkt fortfarande sin giltighet i praktiken.  <\/p>\n\n<h2 class=\"wp-block-heading\" id=\"h-haufige-fehler-vermeiden\">Undvik vanliga misstag<\/h2>\n\n<p class=\"wp-block-paragraph\">Ett \u00f6lunderl\u00e4ggstestamente kan under vissa omst\u00e4ndigheter vara giltigt om det uppfyller alla krav. Men i praktiken leder just ett litet formfel ofta till ogiltighet, s\u00e4rskilt vid handskrivna eller bevittnade testamenten. En kontroll i god tid av en advokat skyddar dig och dina anh\u00f6riga fr\u00e5n senare \u00f6verraskningar  <\/p>\n\n<h2 class=\"wp-block-heading\" id=\"h-ihre-vorteile-mit-anwaltlicher-unterstutzung\">Dina f\u00f6rdelar med juridiskt st\u00f6d<\/h2>\n\n<p class=\"wp-block-paragraph\">En erfaren advokat kontrollerar om ditt f\u00f6rordnande uppfyller alla krav och hj\u00e4lper till att undvika fallgropar. P\u00e5 s\u00e5 s\u00e4tt s\u00e4kerst\u00e4ller du dina sista \u00f6nskningar p\u00e5 ett r\u00e4ttss\u00e4kert s\u00e4tt och avlastar dina anh\u00f6riga. <\/p>\n    <div class=\"mr-quote mrbg clearfix\">\n        <a class=\"mr-quote-person\" href=\"\/ueber-uns\/rechtsanwalt-sebastian-riedlmair\/\" title=\"Rechtsanwalt Sebastian Riedlmair\">\n            <img decoding=\"async\" class=\"mr-quote-person-img\" src=\"https:\/\/harlander-partner.eu\/wp-content\/themes\/harlander\/design\/sr100.webp\" width=\"100\"\n                 height=\"100\" loading=\"lazy\" alt=\"Rechtsanwalt Sebastian Riedlmair\">\n            <span class=\"mr-quote-person-text\">\n            Sebastian Riedlmair<br>\n            <span class=\"mr-quote-person-function\">Harlander &amp; Partner Rechtsanw\u00e4lte<\/span>\n        <\/span>\n        <\/a>\n        <span class=\"mr-quote-content\">\u201eWer seine letzte Verf\u00fcgung professionell absichern l\u00e4sst, verhindert Streitigkeiten und sorgt f\u00fcr klare Verh\u00e4ltnisse, wenn es darauf ankommt\u201c<\/span>\n    <\/div>\n<a class=\"mr-cta-link mr-cta-button-cal\" href=\"#h2-booking\" title=\"Kostnadsfri inledande r\u00e5dgivning\"><span class=\"mr-cta-link-normal\">V\u00e4lj \u00f6nskat datum nu:<\/span><span class=\"mr-cta-link-bold\">Kostnadsfri inledande r\u00e5dgivning<\/span><\/a>\n\n<h2 class=\"wp-block-heading\" id=\"h-haufig-gestellte-fragen-faq\">Vanliga fr\u00e5gor \u2013 FAQ<\/h2>\n<div class=\"wp-block-uagb-faq uagb-faq__outer-wrap uagb-block-972c8b74 uagb-faq-icon-row uagb-faq-layout-accordion uagb-faq-expand-first-true uagb-faq-inactive-other-true uagb-faq__wrap uagb-buttons-layout-wrap uagb-faq-equal-height     \" data-faqtoggle=\"true\" role=\"tablist\"><div class=\"wp-block-uagb-faq-child uagb-faq-child__outer-wrap uagb-faq-item uagb-block-6b30bb7b \" role=\"tab\" tabindex=\"0\"><div class=\"uagb-faq-questions-button uagb-faq-questions\">\t\t\t<span class=\"uagb-icon uagb-faq-icon-wrap\">\n\t\t\t\t\t\t\t\t<svg xmlns=\"https:\/\/www.w3.org\/2000\/svg\" viewBox= \"0 0 448 512\"><path d=\"M432 256c0 17.69-14.33 32.01-32 32.01H256v144c0 17.69-14.33 31.99-32 31.99s-32-14.3-32-31.99v-144H48c-17.67 0-32-14.32-32-32.01s14.33-31.99 32-31.99H192v-144c0-17.69 14.33-32.01 32-32.01s32 14.32 32 32.01v144h144C417.7 224 432 238.3 432 256z\"><\/path><\/svg>\n\t\t\t\t\t\t\t<\/span>\n\t\t\t\t\t\t<span class=\"uagb-icon-active uagb-faq-icon-wrap\">\n\t\t\t\t\t\t\t\t<svg xmlns=\"https:\/\/www.w3.org\/2000\/svg\" viewBox= \"0 0 448 512\"><path d=\"M400 288h-352c-17.69 0-32-14.32-32-32.01s14.31-31.99 32-31.99h352c17.69 0 32 14.3 32 31.99S417.7 288 400 288z\"><\/path><\/svg>\n\t\t\t\t\t\t\t<\/span>\n\t\t\t<span class=\"uagb-question\">Vilken form kr\u00e4vs f\u00f6r att ett testamente ska vara giltigt?<\/span><\/div><div class=\"uagb-faq-content\"><p>Ett testamente m\u00e5ste uppfylla vissa lagstadgade formkrav \u2013 beroende p\u00e5 om det har uppr\u00e4ttats egenh\u00e4ndigt, bevittnat, inf\u00f6r domstol eller notariellt. \u00c4ven sm\u00e5 formfel kan leda till ogiltighet. <\/p><\/div><\/div><div class=\"wp-block-uagb-faq-child uagb-faq-child__outer-wrap uagb-faq-item uagb-block-e5d804a7 \" role=\"tab\" tabindex=\"0\"><div class=\"uagb-faq-questions-button uagb-faq-questions\">\t\t\t<span class=\"uagb-icon uagb-faq-icon-wrap\">\n\t\t\t\t\t\t\t\t<svg xmlns=\"https:\/\/www.w3.org\/2000\/svg\" viewBox= \"0 0 448 512\"><path d=\"M432 256c0 17.69-14.33 32.01-32 32.01H256v144c0 17.69-14.33 31.99-32 31.99s-32-14.3-32-31.99v-144H48c-17.67 0-32-14.32-32-32.01s14.33-31.99 32-31.99H192v-144c0-17.69 14.33-32.01 32-32.01s32 14.32 32 32.01v144h144C417.7 224 432 238.3 432 256z\"><\/path><\/svg>\n\t\t\t\t\t\t\t<\/span>\n\t\t\t\t\t\t<span class=\"uagb-icon-active uagb-faq-icon-wrap\">\n\t\t\t\t\t\t\t\t<svg xmlns=\"https:\/\/www.w3.org\/2000\/svg\" viewBox= \"0 0 448 512\"><path d=\"M400 288h-352c-17.69 0-32-14.32-32-32.01s14.31-31.99 32-31.99h352c17.69 0 32 14.3 32 31.99S417.7 288 400 288z\"><\/path><\/svg>\n\t\t\t\t\t\t\t<\/span>\n\t\t\t<span class=\"uagb-question\">Vad \u00e4r skillnaden mellan ett egenh\u00e4ndigt och ett bevittnat testamente?<\/span><\/div><div class=\"uagb-faq-content\"><p>Ett egenh\u00e4ndigt testamente m\u00e5ste vara helt skrivet och undertecknat f\u00f6r hand. Ett bevittnat testamente kan vara skrivet p\u00e5 dator eller av en annan person, men beh\u00f6ver dessutom tre samtidigt n\u00e4rvarande vittnen och vissa handskrivna till\u00e4gg. <\/p><\/div><\/div><div class=\"wp-block-uagb-faq-child uagb-faq-child__outer-wrap uagb-faq-item uagb-block-ee87113c \" role=\"tab\" tabindex=\"0\"><div class=\"uagb-faq-questions-button uagb-faq-questions\">\t\t\t<span class=\"uagb-icon uagb-faq-icon-wrap\">\n\t\t\t\t\t\t\t\t<svg xmlns=\"https:\/\/www.w3.org\/2000\/svg\" viewBox= \"0 0 448 512\"><path d=\"M432 256c0 17.69-14.33 32.01-32 32.01H256v144c0 17.69-14.33 31.99-32 31.99s-32-14.3-32-31.99v-144H48c-17.67 0-32-14.32-32-32.01s14.33-31.99 32-31.99H192v-144c0-17.69 14.33-32.01 32-32.01s32 14.32 32 32.01v144h144C417.7 224 432 238.3 432 256z\"><\/path><\/svg>\n\t\t\t\t\t\t\t<\/span>\n\t\t\t\t\t\t<span class=\"uagb-icon-active uagb-faq-icon-wrap\">\n\t\t\t\t\t\t\t\t<svg xmlns=\"https:\/\/www.w3.org\/2000\/svg\" viewBox= \"0 0 448 512\"><path d=\"M400 288h-352c-17.69 0-32-14.32-32-32.01s14.31-31.99 32-31.99h352c17.69 0 32 14.3 32 31.99S417.7 288 400 288z\"><\/path><\/svg>\n\t\t\t\t\t\t\t<\/span>\n\t\t\t<span class=\"uagb-question\">Vem f\u00e5r uppr\u00e4tta ett testamente?<\/span><\/div><div class=\"uagb-faq-content\"><p>I princip varje myndig och testamentsbeh\u00f6rig person. Myndiga minder\u00e5riga f\u00e5r endast uppr\u00e4tta ett testamente muntligen inf\u00f6r domstol eller en notarie. <\/p><\/div><\/div><div class=\"wp-block-uagb-faq-child uagb-faq-child__outer-wrap uagb-faq-item uagb-block-3c487b84 \" role=\"tab\" tabindex=\"0\"><div class=\"uagb-faq-questions-button uagb-faq-questions\">\t\t\t<span class=\"uagb-icon uagb-faq-icon-wrap\">\n\t\t\t\t\t\t\t\t<svg xmlns=\"https:\/\/www.w3.org\/2000\/svg\" viewBox= \"0 0 448 512\"><path d=\"M432 256c0 17.69-14.33 32.01-32 32.01H256v144c0 17.69-14.33 31.99-32 31.99s-32-14.3-32-31.99v-144H48c-17.67 0-32-14.32-32-32.01s14.33-31.99 32-31.99H192v-144c0-17.69 14.33-32.01 32-32.01s32 14.32 32 32.01v144h144C417.7 224 432 238.3 432 256z\"><\/path><\/svg>\n\t\t\t\t\t\t\t<\/span>\n\t\t\t\t\t\t<span class=\"uagb-icon-active uagb-faq-icon-wrap\">\n\t\t\t\t\t\t\t\t<svg xmlns=\"https:\/\/www.w3.org\/2000\/svg\" viewBox= \"0 0 448 512\"><path d=\"M400 288h-352c-17.69 0-32-14.32-32-32.01s14.31-31.99 32-31.99h352c17.69 0 32 14.3 32 31.99S417.7 288 400 288z\"><\/path><\/svg>\n\t\t\t\t\t\t\t<\/span>\n\t\t\t<span class=\"uagb-question\">M\u00e5ste ett testamente inneh\u00e5lla ett datum?<\/span><\/div><div class=\"uagb-faq-content\"><p>Ett datum \u00e4r inte obligatoriskt, men rekommenderas starkt. Det hj\u00e4lper till att fastst\u00e4lla det senaste f\u00f6rordnandet i tiden om det finns flera testamenten. <\/p><\/div><\/div><div class=\"wp-block-uagb-faq-child uagb-faq-child__outer-wrap uagb-faq-item uagb-block-3534b663 \" role=\"tab\" tabindex=\"0\"><div class=\"uagb-faq-questions-button uagb-faq-questions\">\t\t\t<span class=\"uagb-icon uagb-faq-icon-wrap\">\n\t\t\t\t\t\t\t\t<svg xmlns=\"https:\/\/www.w3.org\/2000\/svg\" viewBox= \"0 0 448 512\"><path d=\"M432 256c0 17.69-14.33 32.01-32 32.01H256v144c0 17.69-14.33 31.99-32 31.99s-32-14.3-32-31.99v-144H48c-17.67 0-32-14.32-32-32.01s14.33-31.99 32-31.99H192v-144c0-17.69 14.33-32.01 32-32.01s32 14.32 32 32.01v144h144C417.7 224 432 238.3 432 256z\"><\/path><\/svg>\n\t\t\t\t\t\t\t<\/span>\n\t\t\t\t\t\t<span class=\"uagb-icon-active uagb-faq-icon-wrap\">\n\t\t\t\t\t\t\t\t<svg xmlns=\"https:\/\/www.w3.org\/2000\/svg\" viewBox= \"0 0 448 512\"><path d=\"M400 288h-352c-17.69 0-32-14.32-32-32.01s14.31-31.99 32-31.99h352c17.69 0 32 14.3 32 31.99S417.7 288 400 288z\"><\/path><\/svg>\n\t\t\t\t\t\t\t<\/span>\n\t\t\t<span class=\"uagb-question\">Kan \u00e4ven vittnen f\u00f6rfatta testamentet?<\/span><\/div><div class=\"uagb-faq-content\"><p>Ja, vid ett bevittnat testamente kan en annan person skriva texten. Viktigt \u00e4r dock att arvl\u00e5taren undertecknar egenh\u00e4ndigt och att vittnena uppfyller vissa krav. <\/p><\/div><\/div><div class=\"wp-block-uagb-faq-child uagb-faq-child__outer-wrap uagb-faq-item uagb-block-8713c765 \" role=\"tab\" tabindex=\"0\"><div class=\"uagb-faq-questions-button uagb-faq-questions\">\t\t\t<span class=\"uagb-icon uagb-faq-icon-wrap\">\n\t\t\t\t\t\t\t\t<svg xmlns=\"https:\/\/www.w3.org\/2000\/svg\" viewBox= \"0 0 448 512\"><path d=\"M432 256c0 17.69-14.33 32.01-32 32.01H256v144c0 17.69-14.33 31.99-32 31.99s-32-14.3-32-31.99v-144H48c-17.67 0-32-14.32-32-32.01s14.33-31.99 32-31.99H192v-144c0-17.69 14.33-32.01 32-32.01s32 14.32 32 32.01v144h144C417.7 224 432 238.3 432 256z\"><\/path><\/svg>\n\t\t\t\t\t\t\t<\/span>\n\t\t\t\t\t\t<span class=\"uagb-icon-active uagb-faq-icon-wrap\">\n\t\t\t\t\t\t\t\t<svg xmlns=\"https:\/\/www.w3.org\/2000\/svg\" viewBox= \"0 0 448 512\"><path d=\"M400 288h-352c-17.69 0-32-14.32-32-32.01s14.31-31.99 32-31.99h352c17.69 0 32 14.3 32 31.99S417.7 288 400 288z\"><\/path><\/svg>\n\t\t\t\t\t\t\t<\/span>\n\t\t\t<span class=\"uagb-question\">\u00c4r ett \u00f6lunderl\u00e4ggstestamente verkligen giltigt?<\/span><\/div><div class=\"uagb-faq-content\"><p>Om det \u00e4r helt egenh\u00e4ndigt skrivet och undertecknat kan till och med ett \u00f6lunderl\u00e4ggstestamente vara giltigt. I praktiken leder denna form dock ofta till fel \u2013 d\u00e4rf\u00f6r \u00e4r juridisk kontroll tillr\u00e5dlig. <\/p><\/div><\/div><div class=\"wp-block-uagb-faq-child uagb-faq-child__outer-wrap uagb-faq-item uagb-block-c7a9f861 \" role=\"tab\" tabindex=\"0\"><div class=\"uagb-faq-questions-button uagb-faq-questions\">\t\t\t<span class=\"uagb-icon uagb-faq-icon-wrap\">\n\t\t\t\t\t\t\t\t<svg xmlns=\"https:\/\/www.w3.org\/2000\/svg\" viewBox= \"0 0 448 512\"><path d=\"M432 256c0 17.69-14.33 32.01-32 32.01H256v144c0 17.69-14.33 31.99-32 31.99s-32-14.3-32-31.99v-144H48c-17.67 0-32-14.32-32-32.01s14.33-31.99 32-31.99H192v-144c0-17.69 14.33-32.01 32-32.01s32 14.32 32 32.01v144h144C417.7 224 432 238.3 432 256z\"><\/path><\/svg>\n\t\t\t\t\t\t\t<\/span>\n\t\t\t\t\t\t<span class=\"uagb-icon-active uagb-faq-icon-wrap\">\n\t\t\t\t\t\t\t\t<svg xmlns=\"https:\/\/www.w3.org\/2000\/svg\" viewBox= \"0 0 448 512\"><path d=\"M400 288h-352c-17.69 0-32-14.32-32-32.01s14.31-31.99 32-31.99h352c17.69 0 32 14.3 32 31.99S417.7 288 400 288z\"><\/path><\/svg>\n\t\t\t\t\t\t\t<\/span>\n\t\t\t<span class=\"uagb-question\">Hur kan en advokat hj\u00e4lpa till med uppr\u00e4ttandet av ett testamente?<\/span><\/div><div class=\"uagb-faq-content\"><p>En advokat s\u00e4kerst\u00e4ller att alla formkrav uppfylls, ger r\u00e5d om r\u00e4ttsligt skydd av dina \u00f6nskem\u00e5l och hj\u00e4lper till att undvika senare bestridanden.<\/p><\/div><\/div><\/div>\n<p class=\"wp-block-paragraph\"><\/p>\n","protected":false},"excerpt":{"rendered":"Form f\u00f6r testamentariska f\u00f6rordnanden Den som vill reglera sitt kvarl\u00e5tenskap m\u00e5ste f\u00f6lja vissa formkrav. Enligt \u00f6sterrikisk arvsr\u00e4tt (\u00a7\u00a7 577 ff ABGB) \u00e4r ett testamentariskt f\u00f6rordnande, som till exempel ett testamente &#8230;","protected":false},"author":25,"featured_media":78190,"parent":59263,"menu_order":5,"comment_status":"closed","ping_status":"closed","template":"","meta":{"_acf_changed":false,"_uag_custom_page_level_css":"","footnotes":""},"categories":[1146],"tags":[],"class_list":["post-78189","page","type-page","status-publish","has-post-thumbnail","hentry","category-arvsraett-foermoegenhetsplanering"],"acf":[],"uagb_featured_image_src":{"full":["https:\/\/harlander-partner.eu\/wp-content\/uploads\/Form-der-letztwilligen-Verfuegung.webp",1920,1080,false],"thumbnail":["https:\/\/harlander-partner.eu\/wp-content\/uploads\/Form-der-letztwilligen-Verfuegung-100x100.webp",100,100,true],"medium":["https:\/\/harlander-partner.eu\/wp-content\/uploads\/Form-der-letztwilligen-Verfuegung-800x450.webp",800,450,true],"medium_large":["https:\/\/harlander-partner.eu\/wp-content\/uploads\/Form-der-letztwilligen-Verfuegung.webp",1920,1080,false],"large":["https:\/\/harlander-partner.eu\/wp-content\/uploads\/Form-der-letztwilligen-Verfuegung.webp",1920,1080,false],"1536x1536":["https:\/\/harlander-partner.eu\/wp-content\/uploads\/Form-der-letztwilligen-Verfuegung.webp",1536,864,false],"2048x2048":["https:\/\/harlander-partner.eu\/wp-content\/uploads\/Form-der-letztwilligen-Verfuegung.webp",1920,1080,false],"336x":["https:\/\/harlander-partner.eu\/wp-content\/uploads\/Form-der-letztwilligen-Verfuegung-336x189.webp",336,189,true],"352x":["https:\/\/harlander-partner.eu\/wp-content\/uploads\/Form-der-letztwilligen-Verfuegung-352x198.webp",352,198,true],"woocommerce_thumbnail":["https:\/\/harlander-partner.eu\/wp-content\/uploads\/Form-der-letztwilligen-Verfuegung-300x300.webp",300,300,true],"woocommerce_single":["https:\/\/harlander-partner.eu\/wp-content\/uploads\/Form-der-letztwilligen-Verfuegung-600x338.webp",600,338,true],"woocommerce_gallery_thumbnail":["https:\/\/harlander-partner.eu\/wp-content\/uploads\/Form-der-letztwilligen-Verfuegung-100x100.webp",100,100,true],"yarpp-thumbnail":["https:\/\/harlander-partner.eu\/wp-content\/uploads\/Form-der-letztwilligen-Verfuegung-120x120.webp",120,120,true]},"uagb_author_info":{"display_name":"Simon Prem","author_link":"https:\/\/harlander-partner.eu\/sv\/author\/simon-prem\/"},"uagb_comment_info":0,"uagb_excerpt":"Form f\u00f6r testamentariska f\u00f6rordnanden Den som vill reglera sitt kvarl\u00e5tenskap m\u00e5ste f\u00f6lja vissa formkrav. Enligt \u00f6sterrikisk arvsr\u00e4tt (\u00a7\u00a7 577 ff ABGB) \u00e4r ett testamentariskt f\u00f6rordnande, som till exempel ett testamente ...","_links":{"self":[{"href":"https:\/\/harlander-partner.eu\/sv\/wp-json\/wp\/v2\/pages\/78189","targetHints":{"allow":["GET"]}}],"collection":[{"href":"https:\/\/harlander-partner.eu\/sv\/wp-json\/wp\/v2\/pages"}],"about":[{"href":"https:\/\/harlander-partner.eu\/sv\/wp-json\/wp\/v2\/types\/page"}],"author":[{"embeddable":true,"href":"https:\/\/harlander-partner.eu\/sv\/wp-json\/wp\/v2\/users\/25"}],"replies":[{"embeddable":true,"href":"https:\/\/harlander-partner.eu\/sv\/wp-json\/wp\/v2\/comments?post=78189"}],"version-history":[{"count":0,"href":"https:\/\/harlander-partner.eu\/sv\/wp-json\/wp\/v2\/pages\/78189\/revisions"}],"up":[{"embeddable":true,"href":"https:\/\/harlander-partner.eu\/sv\/wp-json\/wp\/v2\/pages\/59263"}],"wp:featuredmedia":[{"embeddable":true,"href":"https:\/\/harlander-partner.eu\/sv\/wp-json\/wp\/v2\/media\/78190"}],"wp:attachment":[{"href":"https:\/\/harlander-partner.eu\/sv\/wp-json\/wp\/v2\/media?parent=78189"}],"wp:term":[{"taxonomy":"category","embeddable":true,"href":"https:\/\/harlander-partner.eu\/sv\/wp-json\/wp\/v2\/categories?post=78189"},{"taxonomy":"post_tag","embeddable":true,"href":"https:\/\/harlander-partner.eu\/sv\/wp-json\/wp\/v2\/tags?post=78189"}],"curies":[{"name":"wp","href":"https:\/\/api.w.org\/{rel}","templated":true}]}}