{"id":94144,"date":"2015-12-21T16:55:29","date_gmt":"2015-12-21T15:55:29","guid":{"rendered":"https:\/\/harlander-partner.eu\/mbrojtja-e-te-dhenave\/"},"modified":"2025-12-26T16:32:22","modified_gmt":"2025-12-26T15:32:22","slug":"mbrojtja-e-te-dhenave","status":"publish","type":"page","link":"https:\/\/harlander-partner.eu\/sq\/mbrojtja-e-te-dhenave\/","title":{"rendered":"Mbrojtja e t\u00eb Dh\u00ebnave"},"content":{"rendered":"\n<h2 class=\"wp-block-heading\" id=\"h-datenschutz\">MBROJTJA E T\u00cb DH\u00cbNAVE<\/h2>\n\n<p class=\"wp-block-paragraph\">Ne p\u00ebrpunojm\u00eb t\u00eb dh\u00ebnat tuaja personale n\u00eb p\u00ebrputhje me rregulloret ligjore t\u00eb mbrojtjes s\u00eb t\u00eb dh\u00ebnave, si dhe me k\u00ebt\u00eb deklarat\u00eb privat\u00ebsie. <\/p>\n\n<h2 class=\"wp-block-heading\" id=\"h-verantwortlicher\">P\u00cbRGJEGJ\u00cbSI<\/h2>\n\n<p class=\"wp-block-paragraph\">P\u00ebrgjegj\u00ebsi p\u00ebr mbrojtjen e t\u00eb dh\u00ebnave p\u00ebr p\u00ebrpunimin e t\u00eb dh\u00ebnave tuaja personale n\u00eb faqen ton\u00eb t\u00eb internetit \u00ebsht\u00eb Harlander &amp; Partner Rechtsanw\u00e4lte GmbH, Bayerhamerstra\u00dfe 14, 5020 Salzburg, office@harlander-partner.eu, Telefon +43 5 7654-321.<\/p>\n\n<h2 class=\"wp-block-heading\" id=\"h-cookies-local-storage\">KUKIT \/ RUAJTJA LOKALE<\/h2>\n\n<p class=\"wp-block-paragraph\">Kjo faqe interneti ruan t\u00eb dh\u00ebna personale dhe informacione n\u00eb kukit, n\u00eb ruajtjen e sesionit dhe n\u00eb ruajtjen lokale n\u00eb PC-n\u00eb e p\u00ebrdoruesit. P\u00ebrpunimi b\u00ebhet n\u00eb baz\u00eb t\u00eb themelit ligjor t\u00eb specifikuar p\u00ebr sh\u00ebrbimin p\u00ebrkat\u00ebs. <\/p>\n\n<p class=\"wp-block-paragraph\">Si i trajton shfletuesi i internetit kukit, ruajtjen e sesionit dhe ruajtjen lokale, cilat operacione ruajtjeje lejohen ose refuzohen dhe p\u00ebr sa koh\u00eb b\u00ebhet p\u00ebrpunimi i t\u00eb dh\u00ebnave, mund ta p\u00ebrcaktoni gjithashtu n\u00eb cil\u00ebsimet e shfletuesit t\u00eb internetit.<\/p>\n\n<h2 class=\"wp-block-heading\" id=\"h-hosting\">HOSTIMI<\/h2>\n\n<p class=\"wp-block-paragraph\">N\u00eb kuad\u00ebr t\u00eb hostimit t\u00eb faqes son\u00eb t\u00eb internetit, dyqanit ton\u00eb online dhe analiz\u00ebs son\u00eb t\u00eb uebit, ne p\u00ebrdorim p\u00ebrpunuesit e m\u00ebposht\u00ebm t\u00eb t\u00eb dh\u00ebnave:<\/p>\n\n<p class=\"wp-block-paragraph\"><strong>Sh\u00ebrbimi:<\/strong> Hostim<br\/><strong>P\u00ebrpunuesi i t\u00eb dh\u00ebnave:<\/strong> RAIDBOXES GmbH, Friedrich-Ebert-Stra\u00dfe 7, 48153 M\u00fcnster, Gjermani, support@raidboxes.de, +49 251 1498 2000<br\/><strong>Detaje:<\/strong> <a href=\"https:\/\/raidboxes.io\/legal\/legal-notice\/\">Impressum<\/a>, <a href=\"https:\/\/raidboxes.io\/legal\/privacy\/\">Politika e privat\u00ebsis\u00eb<\/a><\/p>\n\n<h2 class=\"wp-block-heading\" id=\"h-server-logfiles\">SKEDAR\u00cbT LOG T\u00cb SERVERIT<\/h2>\n\n<p class=\"wp-block-paragraph\">P\u00ebr q\u00ebllim t\u00eb monitorimit t\u00eb funksionit teknik dhe rritjes s\u00eb siguris\u00eb operacionale t\u00eb hostit ton\u00eb t\u00eb uebit, p\u00ebrpunohen t\u00eb dh\u00ebnat e lidhjes. Koh\u00ebzgjatja e p\u00ebrpunimit \u00ebsht\u00eb e kufizuar n\u00eb 7 dit\u00eb. <\/p>\n\n<p class=\"wp-block-paragraph\">Baza ligjore p\u00ebr p\u00ebrpunimin e t\u00eb dh\u00ebnave \u00ebsht\u00eb nevoja e pakusht\u00ebzuar teknike e nj\u00eb skedari log t\u00eb serverit si baz\u00eb themelore t\u00eb t\u00eb dh\u00ebnave p\u00ebr analiz\u00ebn e gabimeve dhe p\u00ebr masat e siguris\u00eb n\u00eb kuad\u00ebr t\u00eb sh\u00ebrbimit &#8220;Faqe interneti&#8221; t\u00eb k\u00ebrkuar shprehimisht nga ju p\u00ebrmes vizit\u00ebs suaj, n\u00eb p\u00ebrputhje me \u00a7 165 Abs. 3 TKG n\u00eb lidhje me Nenin 6 Paragrafi 1 shkronja f e GDPR. <\/p>\n\n<p class=\"wp-block-paragraph\">T\u00eb dh\u00ebnat personale t\u00eb m\u00ebposhtme ruhen:<\/p>\n\n<ul class=\"wp-block-list\">\n<li>Koha (Timestamp) (Data dhe ora e vizit\u00ebs) <\/li>\n\n\n\n<li>Lloji i k\u00ebrkes\u00ebs s\u00eb p\u00ebrdoruesit<\/li>\n\n\n\n<li>IP-ja e p\u00ebrdoruesit<\/li>\n\n\n\n<li>Informacionet e referuesit t\u00eb p\u00ebrdoruesit (pra burimi i aksesit) <\/li>\n\n\n\n<li>Klienti i p\u00ebrdoruesit (Lloji i klientit, versioni i klientit)<\/li>\n\n\n\n<li>Sistemi operativ i p\u00ebrdoruesit (Pajisja, versioni i OS-s\u00eb s\u00eb pajisjes)<\/li>\n<\/ul>\n\n<h2 class=\"wp-block-heading\" id=\"h-kontaktformular\">FORMULARI I KONTAKTIT<\/h2>\n\n<p class=\"wp-block-paragraph\">N\u00eb faqen ton\u00eb t\u00eb internetit ekziston mund\u00ebsia t\u00eb kontaktoni drejtp\u00ebrdrejt me ne p\u00ebrmes nj\u00eb formulari kontakti ose t\u00eb rezervoni nj\u00eb takim individual konsultimi. Pas d\u00ebrgimit t\u00eb formularit t\u00eb kontaktit, t\u00eb dh\u00ebnat personale t\u00eb futura nga ju p\u00ebrpunohen nga ne me q\u00ebllim t\u00eb trajtimit t\u00eb k\u00ebrkes\u00ebs suaj, bazuar n\u00eb p\u00eblqimin e dh\u00ebn\u00eb nga ju p\u00ebrmes d\u00ebrgimit t\u00eb formularit, n\u00eb p\u00ebrputhje me Nenin 6 Paragrafi 1 shkronja a e GDPR, derisa t\u00eb t\u00ebrhiqet p\u00eblqimi. Nuk ka asnj\u00eb detyrim ligjor apo kontraktual p\u00ebr t\u00eb ofruar t\u00eb dh\u00ebnat personale. Mosdh\u00ebnia e tyre ka si pasoj\u00eb vet\u00ebm q\u00eb ju nuk mund t\u00eb d\u00ebrgoni k\u00ebrkes\u00ebn tuaj dhe ne nuk mund ta trajtojm\u00eb at\u00eb.      <\/p>\n\n<p class=\"wp-block-paragraph\">P\u00ebr caktimin e takimeve, ne p\u00ebrdorim sh\u00ebrbimin Calenso t\u00eb Braincept AG, Neuenkirchstrasse 19, 6203 Sempach, Zvic\u00ebr. Transmetimi i t\u00eb dh\u00ebnave n\u00eb Zvic\u00ebr b\u00ebhet n\u00eb baz\u00eb t\u00eb Nenin 45 t\u00eb GDPR n\u00eb lidhje me Vendimin e Adekuat\u00ebsis\u00eb C(2000) 2304 t\u00eb Komisionit Evropian. <\/p>\n\n<h2 class=\"wp-block-heading\" id=\"h-webanalysedienste\">SH\u00cbRBIMET E ANALIZ\u00cbS S\u00cb UEBIT<\/h2>\n\n<p class=\"wp-block-paragraph\">N\u00eb kuad\u00ebr t\u00eb hostimit, ne p\u00ebrpunojm\u00eb t\u00eb dh\u00ebnat personale t\u00eb p\u00ebrdoruesve p\u00ebr q\u00ebllim t\u00eb analiz\u00ebs s\u00eb uebit (k\u00ebrkimi dhe analiza e gabimeve n\u00eb faqen ton\u00eb t\u00eb internetit, vler\u00ebsimi i p\u00ebrdorimit t\u00eb faqes son\u00eb t\u00eb internetit, nxjerrja e masave p\u00ebr zhvillimin e ardhsh\u00ebm t\u00eb faqes son\u00eb t\u00eb internetit). Baza ligjore p\u00ebr p\u00ebrpunimin e t\u00eb dh\u00ebnave \u00ebsht\u00eb nevoja e pakusht\u00ebzuar teknike p\u00ebr ofrimin dhe shp\u00ebrndarjen e sh\u00ebrbimit &#8220;Faqe interneti&#8221; t\u00eb k\u00ebrkuar shprehimisht nga ju p\u00ebrmes vizit\u00ebs suaj, n\u00eb p\u00ebrputhje me \u00a7 165 Abs. 3 TKG n\u00eb lidhje me Nenin 6 Paragrafi 1 shkronja f e GDPR.  <\/p>\n\n<p class=\"wp-block-paragraph\">T\u00eb dh\u00ebnat nuk transmetohen te pal\u00eb t\u00eb treta dhe anonimizohen q\u00eb n\u00eb hapin e par\u00eb t\u00eb p\u00ebrpunimit. Prandaj, nuk b\u00ebhet ruajtje e t\u00eb dh\u00ebnave personale p\u00ebrtej hapit t\u00eb par\u00eb t\u00eb p\u00ebrpunimit. <\/p>\n\n<p class=\"wp-block-paragraph\">Ju mund t\u00eb kund\u00ebrshtoni p\u00ebrpunimin e t\u00eb dh\u00ebnave tuaja personale t\u00eb p\u00ebrdoruesit duke aktivizuar opsionin &#8220;Do-Not-Track&#8221; n\u00eb shfletuesin tuaj t\u00eb internetit. Softueri yn\u00eb i analiz\u00ebs s\u00eb uebit respekton k\u00ebt\u00eb cil\u00ebsim dhe nuk p\u00ebrpunon t\u00eb dh\u00ebna personale kur opsioni &#8220;Do-Not-Track&#8221; \u00ebsht\u00eb aktivizuar. <\/p>\n\n<p class=\"wp-block-paragraph\">P\u00ebrndryshe, ju mund t\u00eb kund\u00ebrshtoni p\u00ebrpunimin e t\u00eb dh\u00ebnave personale duke hequr shenj\u00ebn nga kutia e m\u00ebposhtme:<\/p>\n\n<div id=\"matomo-opt-out\"><\/div>\n<script src=\"https:\/\/marketingrecht.matomo.cloud\/index.php?module=CoreAdminHome&#038;action=optOutJS&#038;divId=matomo-opt-out&#038;language=auto&#038;showIntro=1\"><\/script>\n\n<h2 class=\"wp-block-heading\" id=\"h-postalische-direktwerbung\">MARKETING DIREKT ME POST\u00cb<\/h2>\n\n<p class=\"wp-block-paragraph\">Ne p\u00ebrpunojm\u00eb t\u00eb dh\u00ebnat baz\u00eb t\u00eb klient\u00ebve tan\u00eb n\u00eb baz\u00eb t\u00eb nj\u00eb p\u00ebrpunimi t\u00eb m\u00ebtejsh\u00ebm t\u00eb pajtuesh\u00ebm me q\u00ebllimin origjinal t\u00eb p\u00ebrpunimit, p\u00ebr q\u00ebllime t\u00eb marketingut direkt n\u00eb form\u00ebn e d\u00ebrgimit t\u00eb reklamave me post\u00eb t\u00eb adresuar, e cila nuk k\u00ebrkon p\u00eblqim, derisa t\u00eb nd\u00ebrpritet d\u00ebrgimi i reklamave me post\u00eb t\u00eb adresuar ose derisa t\u00eb kund\u00ebrshtohet.<\/p>\n\n<p class=\"wp-block-paragraph\">Ju keni t\u00eb drejt\u00eb t\u00eb kund\u00ebrshtoni p\u00ebrpunimin e m\u00ebtejsh\u00ebm t\u00eb t\u00eb dh\u00ebnave tuaja personale p\u00ebr q\u00ebllime t\u00eb marketingut direkt. P\u00ebr k\u00ebt\u00eb, na d\u00ebrgoni nj\u00eb let\u00ebr ose nj\u00eb e-mail n\u00eb office@marketingrecht.eu.<br\/>N\u00eb rast kund\u00ebrshtimi, t\u00eb dh\u00ebnat tuaja personale nuk do t\u00eb p\u00ebrpunohen m\u00eb p\u00ebr q\u00ebllime t\u00eb marketingut direkt. <br\/>Ligjshm\u00ebria e t\u00eb dh\u00ebnave t\u00eb p\u00ebrpunuara deri n\u00eb kund\u00ebrshtim nuk preket nga kund\u00ebrshtimi.  <\/p>\n\n<h2 class=\"wp-block-heading\" id=\"h-audio-und-videodienste\">SH\u00cbRBIMET AUDIO DHE VIDEO<\/h2>\n\n<p class=\"wp-block-paragraph\">N\u00eb faqen ton\u00eb t\u00eb internetit, ju ofrojm\u00eb mund\u00ebsin\u00eb t\u00eb shikoni videot tona n\u00eb YouTube direkt p\u00ebrmes nj\u00eb integrimi iFrame. Pas dh\u00ebnies s\u00eb p\u00eblqimit tuaj n\u00eb p\u00ebrputhje me Nenin 6 Paragrafi 1 shkronja a e GDPR, ne i mund\u00ebsojm\u00eb ofruesit t\u00eb sh\u00ebrbimit Google Ireland Limited, Gordon House, Barrow Street, Dublin 4, Irland\u00eb, t\u00eb mbledh\u00eb t\u00eb dh\u00ebna personale nga ju p\u00ebr q\u00ebllim t\u00eb riprodhimit t\u00eb videos, p\u00ebr koh\u00ebzgjatjen e q\u00ebndrimit n\u00eb faqen e internetit t\u00eb vizituar. Ne nuk b\u00ebjm\u00eb p\u00ebrpunim apo ruajtje t\u00eb t\u00eb dh\u00ebnave t\u00eb mbledhura nga Google. P\u00eblqimi juaj vlen vet\u00ebm deri n\u00eb largimin nga faqja p\u00ebrkat\u00ebse e internetit dhe nuk ruhet.    <\/p>\n\n<p class=\"wp-block-paragraph\">Ne p\u00ebrdorim sh\u00ebrbimet e m\u00ebposhtme:<\/p>\n\n<p class=\"wp-block-paragraph\"><strong>Sh\u00ebrbimi:<\/strong> Youtube<br\/> <strong>Operatori:<\/strong> Google Ireland Limited, Gordon House, Barrow Street, Dublin 4, Irland\u00eb<br\/> <strong>Politika e privat\u00ebsis\u00eb:<\/strong><a href=\"https:\/\/policies.google.com\/privacy?gl=AT&amp;hl=de#intro\" target=\"_blank\" rel=\"noreferrer noopener\"> https:\/\/policies.google.com\/privacy?gl=AT&amp;hl=de#intro<\/a><\/p>\n\n<h2 class=\"wp-block-heading\" id=\"h-facebook-fanpage\">FAQJA E FANSAVE N\u00cb FACEBOOK<\/h2>\n\n<p class=\"wp-block-paragraph\">Gjat\u00eb vizit\u00ebs suaj n\u00eb faqen ton\u00eb t\u00eb fansave n\u00eb Facebook, t\u00eb dh\u00ebnat personale mblidhen dhe p\u00ebrpunohen nga p\u00ebrgjegj\u00ebsi p\u00ebr mbrojtjen e t\u00eb dh\u00ebnave s\u00eb bashku me Facebook Ireland Limited, 4 Grand Canal Square, Dublin 2, Irland\u00eb (&#8220;Facebook&#8221;). P\u00ebr k\u00ebt\u00eb, \u00ebsht\u00eb lidhur nj\u00eb kontrat\u00eb p\u00ebr p\u00ebrgjegj\u00ebsi t\u00eb p\u00ebrbashk\u00ebt me Facebook. Informacione m\u00eb t\u00eb detajuara rreth k\u00ebsaj kontrate mund t\u00eb gjeni n\u00eb: <a href=\"https:\/\/www.facebook.com\/legal\/terms\/page_controller_addendum\">https:\/\/www.facebook.com\/legal\/terms\/page_controller_addendum<\/a>  <\/p>\n\n<p class=\"wp-block-paragraph\">P\u00ebrpunimi i t\u00eb dh\u00ebnave tuaja personale b\u00ebhet p\u00ebr t\u00eb p\u00ebrmir\u00ebsuar nd\u00ebrveprimet me ju dhe p\u00ebr t\u00eb vler\u00ebsuar zhvillimin e tyre. P\u00ebr k\u00ebt\u00eb q\u00ebllim, na vihen n\u00eb dispozicion metrika dhe statistika t\u00eb ndryshme (t\u00eb dh\u00ebna Insight). K\u00ebto p\u00ebrfshijn\u00eb, p\u00ebr shembull:  <\/p>\n\n<ul class=\"wp-block-list\">\n<li>informacione t\u00eb p\u00ebrgjithshme demografike dhe t\u00eb lidhura me interesat p\u00ebr ju (p.sh., se nj\u00eb reklam\u00eb \u00ebsht\u00eb par\u00eb nga nj\u00eb grua e mosh\u00ebs 25 deri n\u00eb 34 vje\u00e7, e cila jeton n\u00eb Madrid dhe \u00ebsht\u00eb e interesuar p\u00ebr inxhinieri softuerike)<\/li>\n\n\n\n<li>Reagime, komente dhe p\u00ebrmbajtje t\u00eb shp\u00ebrndara<\/li>\n\n\n\n<li>Shikime videosh dhe detaje rreth sjelljes s\u00eb riprodhimit<\/li>\n\n\n\n<li>ose konfirmime se cila reklam\u00eb e Facebook-ut ju ka shtyr\u00eb p\u00ebrfundimisht t\u00eb b\u00ebni nj\u00eb blerje ose t\u00eb kryeni nj\u00eb veprim.<\/li>\n<\/ul>\n\n<p class=\"wp-block-paragraph\">T\u00eb dh\u00ebnat q\u00eb ju identifikojn\u00eb personalisht (p.sh., emri ose adresa e e-mailit) nuk na transmetohen n\u00eb kuad\u00ebr t\u00eb p\u00ebrpunimit t\u00eb p\u00ebrbashk\u00ebt. Informacione m\u00eb t\u00eb detajuara rreth t\u00eb dh\u00ebnave t\u00eb Insight-eve t\u00eb faqes mund t\u00eb gjeni n\u00eb: <a href=\"https:\/\/www.facebook.com\/legal\/terms\/information_about_page_insights_data\">https:\/\/www.facebook.com\/legal\/terms\/information_about_page_insights_data<\/a> <\/p>\n\n<p class=\"wp-block-paragraph\">K\u00ebto t\u00eb dh\u00ebna na vihen n\u00eb dispozicion p\u00ebr nj\u00eb periudh\u00eb prej 2 vitesh pas mbledhjes s\u00eb tyre.<\/p>\n\n<p class=\"wp-block-paragraph\">Baza ligjore p\u00ebr p\u00ebrpunimin e t\u00eb dh\u00ebnave tuaja \u00ebsht\u00eb interesi yn\u00eb legjitim (Marketingu) n\u00eb p\u00ebrputhje me Nenin 6 Paragrafi 1 shkronja f e GDPR. N\u00ebse i keni dh\u00ebn\u00eb p\u00eblqimin Facebook-ut p\u00ebr nj\u00eb proces p\u00ebrpunimi t\u00eb t\u00eb dh\u00ebnave, ky p\u00eblqim, n\u00eb p\u00ebrputhje me Nenin 6 Paragrafi 1 shkronja a e GDPR, p\u00ebrb\u00ebn baz\u00ebn ligjore p\u00ebr k\u00ebt\u00eb proces p\u00ebrpunimi.     <\/p>\n\n<p class=\"wp-block-paragraph\">Ne theksojm\u00eb se n\u00eb kuad\u00ebr t\u00eb p\u00ebrpunimit t\u00eb t\u00eb dh\u00ebnave nga Facebook, t\u00eb dh\u00ebnat tuaja personale mund t\u00eb p\u00ebrpunohen jasht\u00eb Zon\u00ebs Ekonomike Evropiane. Baza ligjore p\u00ebr transmetimin e t\u00eb dh\u00ebnave n\u00eb SHBA \u00ebsht\u00eb p\u00eblqimi juaj n\u00eb p\u00ebrputhje me Nenin 49 Paragrafi 1 shkronja a n\u00eb lidhje me Nenin 6 Paragrafi 1 shkronja a e GDPR. <\/p>\n\n<p class=\"wp-block-paragraph\">Facebook \u00ebsht\u00eb kryesisht p\u00ebrgjegj\u00ebs p\u00ebr t&#8217;ju ofruar informacione rreth p\u00ebrpunimit t\u00eb p\u00ebrbashk\u00ebt dhe p\u00ebr t&#8217;ju mund\u00ebsuar t\u00eb ushtroni t\u00eb drejtat tuaja sipas GDPR. N\u00eb cil\u00ebsimet tuaja t\u00eb Facebook-ut mund t\u00eb m\u00ebsoni m\u00eb shum\u00eb rreth k\u00ebtyre t\u00eb drejtave: <a href=\"https:\/\/www.facebook.com\/settings?tab=your_facebook_information\">https:\/\/www.facebook.com\/settings?tab=your_facebook_information<\/a><br\/>Informacione m\u00eb t\u00eb detajuara rreth t\u00eb drejt\u00ebs p\u00ebr akses dhe transferueshm\u00ebri t\u00eb t\u00eb dh\u00ebnave mund t\u00eb gjeni n\u00eb:https:\/\/www.facebook.com\/help\/contact\/2032834846972583<br\/>Informacione m\u00eb t\u00eb detajuara rreth t\u00eb drejt\u00ebs p\u00ebr kund\u00ebrshtim mund t\u00eb gjeni n\u00eb:https:\/\/www.facebook.com\/help\/contact\/367438723733209 <\/p>\n\n<p class=\"wp-block-paragraph\">Informacione m\u00eb t\u00eb detajuara rreth politikave t\u00eb kukive dhe privat\u00ebsis\u00eb s\u00eb Facebook-ut mund t\u00eb gjeni n\u00eb: <a href=\"https:\/\/de-de.facebook.com\/about\/privacy\">https:\/\/de-de.facebook.com\/about\/privacy<\/a>, <a href=\"https:\/\/www.facebook.com\/policies\/cookies\/\">https:\/\/www.facebook.com\/policies\/cookies\/<\/a><\/p>\n\n<h2 class=\"wp-block-heading\" id=\"h-betroffenenrechte\">T\u00cb DREJTAT E SUBJEKTEVE T\u00cb T\u00cb DH\u00cbNAVE<\/h2>\n\n<p class=\"wp-block-paragraph\">Ju keni t\u00eb drejt\u00eb p\u00ebr akses, korrigjim, fshirje dhe kufizim t\u00eb p\u00ebrpunimit t\u00eb t\u00eb dh\u00ebnave personale. <br\/>N\u00ebse baza ligjore p\u00ebr p\u00ebrpunimin e t\u00eb dh\u00ebnave tuaja personale \u00ebsht\u00eb p\u00eblqimi juaj ose nj\u00eb kontrat\u00eb e lidhur me ju, ju keni gjithashtu t\u00eb drejt\u00ebn e transferueshm\u00ebris\u00eb s\u00eb t\u00eb dh\u00ebnave. <br\/>Ju keni t\u00eb drejt\u00eb t\u00eb t\u00ebrhiqni \u00e7do p\u00eblqim t\u00eb dh\u00ebn\u00eb p\u00ebr p\u00ebrpunimin e t\u00eb dh\u00ebnave tuaja personale. Ligjshm\u00ebria e p\u00ebrpunimit t\u00eb t\u00eb dh\u00ebnave personale deri n\u00eb t\u00ebrheqje nuk preket nga t\u00ebrheqja.  <br\/>Ju keni t\u00eb drejt\u00eb t\u00eb kund\u00ebrshtoni p\u00ebrpunimin e t\u00eb dh\u00ebnave tuaja personale p\u00ebr q\u00ebllime t\u00eb marketingut direkt. N\u00eb rast kund\u00ebrshtimi, t\u00eb dh\u00ebnat tuaja personale nuk do t\u00eb p\u00ebrpunohen m\u00eb p\u00ebr q\u00ebllime t\u00eb marketingut direkt.  <br\/>P\u00ebr m\u00eb tep\u00ebr, ju keni t\u00eb drejt\u00eb t\u00eb b\u00ebni ankes\u00eb pran\u00eb autoritetit mbik\u00ebqyr\u00ebs. Informacione m\u00eb t\u00eb detajuara rreth autoriteteve mbik\u00ebqyr\u00ebse n\u00eb Bashkimin Evropian mund t\u00eb gjeni <a href=\"https:\/\/ec.europa.eu\/justice\/article-29\/structure\/data-protection-authorities\/index_en.htm\">k\u00ebtu<\/a>. <\/p>\n\n<h2 class=\"wp-block-heading\" id=\"h-mehr-informationen\">Mehr Informationen<\/h2>\n\n<p class=\"wp-block-paragraph\">Hier finden Sie weitere Informationen zu:<\/p>\n\n<ul class=\"wp-block-list\">\n<li><a href=\"https:\/\/finanzundrecht.at\/medieninhaber-redaktion\/#h-medieninhaber-und-finanzierung\">Medieninhaber und Finanzierung<\/a><\/li>\n\n\n\n<li><a href=\"https:\/\/finanzundrecht.at\/medieninhaber-redaktion\/#h-redaktion\">Redaktion<\/a><\/li>\n\n\n\n<li><a href=\"https:\/\/harlander-partner.eu\/richtlinien\/\">Richtlinien von Finanz &amp; Recht | \u00d6sterreich<\/a><\/li>\n\n\n\n<li><a href=\"https:\/\/harlander-partner.eu\/richtlinien\/#h-grundsatze-fur-die-publizistische-arbeit\">Grunds\u00e4tze f\u00fcr die publizistische Arbeit<\/a>\n<ul class=\"wp-block-list\">\n<li><a href=\"https:\/\/harlander-partner.eu\/richtlinien\/#h-ehrenkodex-fur-die-osterreichische-presse\">Ehrenkodex f\u00fcr die \u00f6sterreichische Presse<\/a><\/li>\n\n\n\n<li><a href=\"https:\/\/harlander-partner.eu\/richtlinien\/#h-richtlinien-des-osterreichischen-presserates-zur-finanz-und-wirtschaftsberichterstattung\">Richtlinien des \u00d6sterreichischen Presserates zur Finanz- und Wirtschaftsberichterstattung<\/a><\/li>\n\n\n\n<li><a href=\"https:\/\/harlander-partner.eu\/richtlinien\/#h-the-trust-project\">The Trust Project<\/a><\/li>\n<\/ul>\n<\/li>\n\n\n\n<li><a href=\"https:\/\/harlander-partner.eu\/richtlinien\/#h-erklarung-zu-den-prioritaten-der-berichterstattung-sowie-der-offentlichen-agenda\">Erkl\u00e4rung zu den Priorit\u00e4ten der Berichterstattung sowie der \u00f6ffentlichen Agenda<\/a><\/li>\n\n\n\n<li><a href=\"https:\/\/harlander-partner.eu\/richtlinien\/#h-erklarung-zu-ethik-und-journalistischen-und-publizistischen-praktiken\">Erkl\u00e4rung zu Ethik und journalistischen und publizistischen Praktiken<\/a><\/li>\n\n\n\n<li><a href=\"https:\/\/harlander-partner.eu\/richtlinien\/#h-richtlinie-fur-den-faktencheck\">Richtlinie f\u00fcr den Faktencheck<\/a><\/li>\n\n\n\n<li><a href=\"https:\/\/harlander-partner.eu\/richtlinien\/#h-richtlinie-fur-die-diversitat\">Richtlinie f\u00fcr die Diversit\u00e4t<\/a><\/li>\n\n\n\n<li><a href=\"https:\/\/harlander-partner.eu\/richtlinien\/#h-richtlinie-fur-die-nichtnennung-von-quellen\">Richtlinie f\u00fcr die Nichtnennung von Quellen<\/a><\/li>\n\n\n\n<li><a href=\"https:\/\/harlander-partner.eu\/richtlinien\/#h-richtlinie-fur-die-nichtnennung-von-autoren\">Richtlinie f\u00fcr die Nichtnennung von Autoren<\/a><\/li>\n\n\n\n<li><a href=\"https:\/\/harlander-partner.eu\/richtlinien\/#h-richtlinie-fur-das-feedback\">Richtlinie f\u00fcr das Feedback<\/a><\/li>\n\n\n\n<li><a href=\"https:\/\/harlander-partner.eu\/richtlinien\/#h-richtlinie-fur-die-offenlegung-und-korrektur-von-fehlern\">Richtlinie f\u00fcr die Offenlegung und Korrektur von Fehlern<\/a><\/li>\n\n\n\n<li><a href=\"https:\/\/harlander-partner.eu\/richtlinien\/#h-richtlinie-fur-die-werbung\">Richtlinie f\u00fcr die Werbung<\/a><\/li>\n\n\n\n<li><a href=\"https:\/\/harlander-partner.eu\/impressum\/\">Impressum &amp; Offenlegung<\/a><\/li>\n\n\n\n<li><a href=\"https:\/\/harlander-partner.eu\/impressum\/#-alternative-streitbeilegung\/\">Alternative Streitbeilegung<\/a><\/li>\n\n\n\n<li><a href=\"https:\/\/harlander-partner.eu\/datenschutz\/\">Datenschutzerkl\u00e4rung<\/a><\/li>\n<\/ul>\n","protected":false},"excerpt":{"rendered":"MBROJTJA E T\u00cb DH\u00cbNAVE Ne p\u00ebrpunojm\u00eb t\u00eb dh\u00ebnat tuaja personale n\u00eb p\u00ebrputhje me rregulloret ligjore t\u00eb mbrojtjes s\u00eb t\u00eb dh\u00ebnave, si dhe me k\u00ebt\u00eb deklarat\u00eb privat\u00ebsie. P\u00cbRGJEGJ\u00cbSI P\u00ebrgjegj\u00ebsi p\u00ebr mbrojtjen &#8230;","protected":false},"author":1,"featured_media":44871,"parent":0,"menu_order":146,"comment_status":"closed","ping_status":"closed","template":"","meta":{"_acf_changed":false,"_uag_custom_page_level_css":"","footnotes":""},"categories":[],"tags":[],"class_list":["post-94144","page","type-page","status-publish","has-post-thumbnail","hentry"],"acf":[],"uagb_featured_image_src":{"full":["https:\/\/harlander-partner.eu\/wp-content\/uploads\/peter-harlander.jpg",3840,2160,false],"thumbnail":["https:\/\/harlander-partner.eu\/wp-content\/uploads\/peter-harlander-100x100.jpg",100,100,true],"medium":["https:\/\/harlander-partner.eu\/wp-content\/uploads\/peter-harlander-800x450.jpg",800,450,true],"medium_large":["https:\/\/harlander-partner.eu\/wp-content\/uploads\/peter-harlander.jpg",3840,2160,false],"large":["https:\/\/harlander-partner.eu\/wp-content\/uploads\/peter-harlander-1920x1080.jpg",1920,1080,true],"1536x1536":["https:\/\/harlander-partner.eu\/wp-content\/uploads\/peter-harlander.jpg",1536,864,false],"2048x2048":["https:\/\/harlander-partner.eu\/wp-content\/uploads\/peter-harlander.jpg",2048,1152,false],"336x":["https:\/\/harlander-partner.eu\/wp-content\/uploads\/peter-harlander.jpg",336,189,false],"352x":["https:\/\/harlander-partner.eu\/wp-content\/uploads\/peter-harlander.jpg",352,198,false],"woocommerce_thumbnail":["https:\/\/harlander-partner.eu\/wp-content\/uploads\/peter-harlander-300x300.jpg",300,300,true],"woocommerce_single":["https:\/\/harlander-partner.eu\/wp-content\/uploads\/peter-harlander.jpg",600,338,false],"woocommerce_gallery_thumbnail":["https:\/\/harlander-partner.eu\/wp-content\/uploads\/peter-harlander-100x100.jpg",100,100,true],"yarpp-thumbnail":["https:\/\/harlander-partner.eu\/wp-content\/uploads\/peter-harlander.jpg",120,68,false]},"uagb_author_info":{"display_name":"Peter Harlander","author_link":"https:\/\/harlander-partner.eu\/sq\/author\/secondpromotion\/"},"uagb_comment_info":0,"uagb_excerpt":"MBROJTJA E T\u00cb DH\u00cbNAVE Ne p\u00ebrpunojm\u00eb t\u00eb dh\u00ebnat tuaja personale n\u00eb p\u00ebrputhje me rregulloret ligjore t\u00eb mbrojtjes s\u00eb t\u00eb dh\u00ebnave, si dhe me k\u00ebt\u00eb deklarat\u00eb privat\u00ebsie. P\u00cbRGJEGJ\u00cbSI P\u00ebrgjegj\u00ebsi p\u00ebr mbrojtjen ...","_links":{"self":[{"href":"https:\/\/harlander-partner.eu\/sq\/wp-json\/wp\/v2\/pages\/94144","targetHints":{"allow":["GET"]}}],"collection":[{"href":"https:\/\/harlander-partner.eu\/sq\/wp-json\/wp\/v2\/pages"}],"about":[{"href":"https:\/\/harlander-partner.eu\/sq\/wp-json\/wp\/v2\/types\/page"}],"author":[{"embeddable":true,"href":"https:\/\/harlander-partner.eu\/sq\/wp-json\/wp\/v2\/users\/1"}],"replies":[{"embeddable":true,"href":"https:\/\/harlander-partner.eu\/sq\/wp-json\/wp\/v2\/comments?post=94144"}],"version-history":[{"count":0,"href":"https:\/\/harlander-partner.eu\/sq\/wp-json\/wp\/v2\/pages\/94144\/revisions"}],"wp:featuredmedia":[{"embeddable":true,"href":"https:\/\/harlander-partner.eu\/sq\/wp-json\/wp\/v2\/media\/44871"}],"wp:attachment":[{"href":"https:\/\/harlander-partner.eu\/sq\/wp-json\/wp\/v2\/media?parent=94144"}],"wp:term":[{"taxonomy":"category","embeddable":true,"href":"https:\/\/harlander-partner.eu\/sq\/wp-json\/wp\/v2\/categories?post=94144"},{"taxonomy":"post_tag","embeddable":true,"href":"https:\/\/harlander-partner.eu\/sq\/wp-json\/wp\/v2\/tags?post=94144"}],"curies":[{"name":"wp","href":"https:\/\/api.w.org\/{rel}","templated":true}]}}