{"id":51189,"date":"2025-10-10T15:33:23","date_gmt":"2025-10-10T13:33:23","guid":{"rendered":"https:\/\/harlander-partner.eu\/e-drejta-penale\/parime-te-pergjithshme-te-caktimit-te-denimit\/"},"modified":"2025-11-25T15:26:13","modified_gmt":"2025-11-25T14:26:13","slug":"parime-te-pergjithshme-te-caktimit-te-denimit","status":"publish","type":"page","link":"https:\/\/harlander-partner.eu\/sq\/e-drejta-penale\/parime-te-pergjithshme-te-caktimit-te-denimit\/","title":{"rendered":"Parime t\u00eb p\u00ebrgjithshme t\u00eb caktimit t\u00eb d\u00ebnimit"},"content":{"rendered":"\n<div class=\"wp-block-yoast-seo-table-of-contents yoast-table-of-contents\"><h2>Parime t\u00eb p\u00ebrgjithshme t\u00eb caktimit t\u00eb d\u00ebnimit<\/h2><ul><li><a href=\"#h-allgemeine-grundsatze-der-strafbemessung\" data-level=\"2\">Parime t\u00eb p\u00ebrgjithshme t\u00eb caktimit t\u00eb d\u00ebnimit<\/a><\/li><li><a href=\"#h-grundsatz\" data-level=\"2\">Parimi<\/a><\/li><li><a href=\"#h-abwagung-von-erschwerungs-und-milderungsgrunden\" data-level=\"2\">Balancimi i rrethanave r\u00ebnduese dhe leht\u00ebsuese<\/a><\/li><li><a href=\"#h-bedeutung-der-personlichkeit-und-der-sozialen-folgen\" data-level=\"2\">R\u00ebnd\u00ebsia e personalitetit dhe pasojave sociale<\/a><\/li><li><a href=\"#h-strenge-der-strafe\" data-level=\"2\">Ashp\u00ebrsia e d\u00ebnimit<\/a><\/li><li><a href=\"#h-praxisbeispiele\" data-level=\"2\">Shembuj praktik\u00eb<\/a><\/li><li><a href=\"#h-doppelverwertungsverbot\" data-level=\"2\">Ndalesa e vler\u00ebsimit t\u00eb dyfisht\u00eb<\/a><\/li><li><a href=\"#h-verhaltnis-zu-pravention-und-strafzweck\" data-level=\"2\">Marr\u00ebdh\u00ebnia me parandalimin dhe q\u00ebllimin e d\u00ebnimit<\/a><\/li><li><a href=\"#h-ihre-vorteile-mit-anwaltlicher-unterstutzung\" data-level=\"2\">Avantazhet tuaja me mb\u00ebshtetje ligjore<\/a><\/li><li><a href=\"#h-haufig-gestellte-fragen-faq\" data-level=\"2\">Pyetje t\u00eb shpeshta \u2013 FAQ<\/a><\/li><\/ul><\/div>\n\n<h2 class=\"wp-block-heading\" id=\"h-allgemeine-grundsatze-der-strafbemessung\">Parime t\u00eb p\u00ebrgjithshme t\u00eb caktimit t\u00eb d\u00ebnimit<\/h2>\n\n<p class=\"wp-block-paragraph\"><a href=\"https:\/\/www.ris.bka.gv.at\/NormDokument.wxe?Abfrage=Bundesnormen&amp;Gesetzesnummer=10002296&amp;Artikel=&amp;Paragraf=32&amp;Anlage=&amp;Uebergangsrecht=\" target=\"_blank\" rel=\"noreferrer noopener\">Neni 32 i Kodit Penal<\/a> p\u00ebrmban <strong>parimet e caktimit t\u00eb d\u00ebnimit<\/strong> n\u00eb t\u00eb drejt\u00ebn penale austriake. Ai konkretizon parimin kushtetues t\u00eb fajit dhe krijon ur\u00ebn midis korniz\u00ebs abstrakte t\u00eb d\u00ebnimit t\u00eb nj\u00eb vepre penale dhe d\u00ebnimit konkret n\u00eb \u00e7do rast individual.<br\/>Norma detyron gjykat\u00ebn t\u00eb <strong>balancoj\u00eb rrethanat r\u00ebnduese dhe leht\u00ebsuese<\/strong>, t\u00eb marr\u00eb parasysh personalitetin e autorit dhe pasojat e d\u00ebnimit p\u00ebr jet\u00ebn e tij, si dhe t\u00eb siguroj\u00eb q\u00eb d\u00ebnimi t\u00eb mos jet\u00eb as tep\u00ebr i ashp\u00ebr, as minimizues.<br\/>K\u00ebshtu, d\u00ebnimi b\u00ebhet nj\u00eb <strong>ekuilib\u00ebr i drejt\u00eb midis padrejt\u00ebsis\u00eb s\u00eb vepr\u00ebs, fajit t\u00eb autorit dhe p\u00ebrgjegj\u00ebsis\u00eb sociale<\/strong>. <\/p>\n\n<div class=\"wp-block-uagb-container uagb-block-3019fe8e alignfull uagb-is-root-container\">\n<div class=\"wp-block-uagb-container uagb-block-32585033\">\n<p class=\"wp-block-paragraph\">Caktimi i d\u00ebnimit \u00ebsht\u00eb pjesa e vendimit ku gjykata p\u00ebrcakton mas\u00ebn dhe llojin e d\u00ebnimit. Kriteri \u00ebsht\u00eb vet\u00ebm <strong>faji i autorit<\/strong> dhe jo interesi publik, jo rrethanat e rast\u00ebsishme t\u00eb pasojave t\u00eb vepr\u00ebs. <a href=\"https:\/\/www.ris.bka.gv.at\/NormDokument.wxe?Abfrage=Bundesnormen&amp;Gesetzesnummer=10002296&amp;Artikel=&amp;Paragraf=32&amp;Anlage=&amp;Uebergangsrecht=\" target=\"_blank\" rel=\"noreferrer noopener\">Neni 32 i Kodit Penal<\/a> detyron gjykat\u00ebn t\u00eb p\u00ebrcaktoj\u00eb \u00e7do d\u00ebnim individualisht dhe n\u00eb p\u00ebrputhje me fajin. <\/p>\n<\/div>\n\n\n\n<div class=\"wp-block-uagb-container uagb-block-45819ab6\"><picture>\r\n\t\t<source srcset=\"https:\/\/harlander-partner.eu\/wp-content\/uploads\/Allgemeine-Grundsaetze-der-Strafbemessung-352x198.webp\" >\r\n\t\t<img decoding=\"async\" class=\"mr-picture-small\" src=\"https:\/\/harlander-partner.eu\/wp-content\/uploads\/Allgemeine-Grundsaetze-der-Strafbemessung.webp\" alt=\"Neni 32 i Kodit Penal rregullon caktimin e d\u00ebnimit sipas fajit, rrethanave r\u00ebnduese dhe leht\u00ebsuese. Neni 32 \u00ebsht\u00eb nj\u00eb baz\u00eb thelb\u00ebsore p\u00ebr vendime t\u00eb drejta.\" >\r\n\t<\/picture>\n<\/div>\n<\/div>\n\n<h2 class=\"wp-block-heading\" id=\"h-grundsatz\">Parimi<\/h2>\n\n<p class=\"wp-block-paragraph\">Faji i autorit \u00ebsht\u00eb baza e vetme p\u00ebr caktimin e d\u00ebnimit. Gjykata duhet t\u00eb vendos\u00eb at\u00eb d\u00ebnim q\u00eb korrespondon me p\u00ebrmbajtjen e padrejt\u00eb t\u00eb vepr\u00ebs dhe p\u00ebrgjegj\u00ebsin\u00eb personale.<br\/>N\u00eb k\u00ebt\u00eb rast, ajo merr parasysh ashp\u00ebrsin\u00eb e d\u00ebmit, shkall\u00ebn e shkeljes s\u00eb detyr\u00ebs, p\u00ebrgatitjen dhe planifikimin e vepr\u00ebs, si dhe m\u00ebnyr\u00ebn e ekzekutimit. Sa m\u00eb e menduar dhe e pam\u00ebshirshme t\u00eb jet\u00eb vepra, aq m\u00eb i ashp\u00ebr do t\u00eb jet\u00eb d\u00ebnimi.  <\/p>\n\n<p class=\"wp-block-paragraph\">E drejta penale austriake refuzon skemat e ngurta t\u00eb d\u00ebnimit. \u00c7do d\u00ebnim duhet t\u00eb caktohet individualisht dhe t\u00eb argumentohet. <\/p>\n\n<h2 class=\"wp-block-heading\" id=\"h-abwagung-von-erschwerungs-und-milderungsgrunden\">Balancimi i rrethanave r\u00ebnduese dhe leht\u00ebsuese<\/h2>\n\n<p class=\"wp-block-paragraph\">Rrethanat r\u00ebnduese dhe leht\u00ebsuese jan\u00eb elemente qendrore t\u00eb caktimit t\u00eb d\u00ebnimit. Ato nuk duhet t\u00eb vler\u00ebsohen <strong>dyfish<\/strong>, n\u00ebse jan\u00eb tashm\u00eb t\u00eb p\u00ebrfshira n\u00eb p\u00ebrb\u00ebrjen e vepr\u00ebs penale. <\/p>\n\n<p class=\"wp-block-paragraph\"><strong>Rrethanat r\u00ebnduese<\/strong> jan\u00eb, nd\u00ebr t\u00eb tjera:<\/p>\n\n<ul class=\"wp-block-list\">\n<li>Kryerja e shum\u00ebfisht\u00eb e vepr\u00ebs ose p\u00ebrs\u00ebritja,<\/li>\n\n\n\n<li>pam\u00ebshirshm\u00ebri ose brutalitet i ve\u00e7ant\u00eb,<\/li>\n\n\n\n<li>p\u00ebrgatitje e planifikuar,<\/li>\n\n\n\n<li>motive egoiste,<\/li>\n\n\n\n<li>indiferenc\u00eb ndaj vlerave t\u00eb mbrojtura ligj\u00ebrisht.<\/li>\n<\/ul>\n\n<p class=\"wp-block-paragraph\"><strong>Rrethanat leht\u00ebsuese<\/strong> jan\u00eb, nd\u00ebr t\u00eb tjera:<\/p>\n\n<ul class=\"wp-block-list\">\n<li>Rr\u00ebfim ose nd\u00ebrgjegj\u00ebsim p\u00ebr fajin,<\/li>\n\n\n\n<li>koh\u00ebzgjatje e gjat\u00eb e procedur\u00ebs,<\/li>\n\n\n\n<li>mosnd\u00ebshkimi i m\u00ebparsh\u00ebm,<\/li>\n\n\n\n<li>kompensimi i d\u00ebmit, pendimi ose bashk\u00ebpunimi n\u00eb zbardhjen e \u00e7\u00ebshtjes,<\/li>\n\n\n\n<li>Veprimi n\u00eb nj\u00eb gjendje t\u00eb ve\u00e7ant\u00eb nevoje personale.<\/li>\n<\/ul>\n\n<p class=\"wp-block-paragraph\">Pesha e k\u00ebtyre faktor\u00ebve \u00ebsht\u00eb nj\u00eb <strong>vendim diskrecionar i gjykat\u00ebs<\/strong>, por duhet t\u00eb argumentohet gjithmon\u00eb n\u00eb m\u00ebnyr\u00eb t\u00eb kuptueshme.<\/p>\n\n<h2 class=\"wp-block-heading\" id=\"h-bedeutung-der-personlichkeit-und-der-sozialen-folgen\">R\u00ebnd\u00ebsia e personalitetit dhe pasojave sociale<\/h2>\n\n<p class=\"wp-block-paragraph\">Gjykata \u00ebsht\u00eb e detyruar t\u00eb marr\u00eb parasysh edhe <strong>ndikimin e d\u00ebnimit<\/strong> n\u00eb jet\u00ebn e ardhshme t\u00eb autorit.<br\/>Vendimtare \u00ebsht\u00eb n\u00ebse dhe si d\u00ebnimi mund\u00ebson riintegrimin social.<br\/>Q\u00ebllimi nuk \u00ebsht\u00eb hakmarrja, por nj\u00eb d\u00ebnim q\u00eb e udh\u00ebzon autorin drejt respektimit t\u00eb ligjit, pa e larguar at\u00eb p\u00ebrgjithmon\u00eb nga shoq\u00ebria.<\/p>\n\n<h2 class=\"wp-block-heading\" id=\"h-strenge-der-strafe\">Ashp\u00ebrsia e d\u00ebnimit<\/h2>\n\n<p class=\"wp-block-paragraph\">Paragrafi 3 i nenit 32 t\u00eb Kodit Penal p\u00ebrmend kritere objektive p\u00ebr ashp\u00ebrsin\u00eb e d\u00ebnimit. D\u00ebnimi \u00ebsht\u00eb aq m\u00eb i ashp\u00ebr, <\/p>\n\n<ul class=\"wp-block-list\">\n<li>sa m\u00eb i madh d\u00ebmi ose rreziku i shkaktuar,<\/li>\n\n\n\n<li>sa m\u00eb shum\u00eb detyra jan\u00eb shkelur,<\/li>\n\n\n\n<li>sa m\u00eb e thell\u00eb t\u00eb ket\u00eb qen\u00eb vepra e menduar ose e p\u00ebrgatitur,<\/li>\n\n\n\n<li>sa m\u00eb e pam\u00ebshirshme t\u00eb jet\u00eb ekzekutuar,<\/li>\n\n\n\n<li>dhe sa m\u00eb pak kujdes i \u00ebsht\u00eb kund\u00ebrv\u00ebn\u00eb.<\/li>\n<\/ul>\n\n<p class=\"wp-block-paragraph\">K\u00ebshtu synohet t\u00eb sigurohet q\u00eb d\u00ebnimi t\u00eb korrespondoj\u00eb si me <strong>vler\u00ebn negative t\u00eb veprimit<\/strong> ashtu edhe me <strong>vler\u00ebn negative t\u00eb q\u00ebllimit<\/strong> t\u00eb vepr\u00ebs.<\/p>\n    <div class=\"mr-quote mrbg clearfix\">\n        <a class=\"mr-quote-person\" href=\"\/ueber-uns\/rechtsanwalt-sebastian-riedlmair\/\" title=\"Rechtsanwalt Sebastian Riedlmair\">\n            <img decoding=\"async\" class=\"mr-quote-person-img\" src=\"https:\/\/harlander-partner.eu\/wp-content\/themes\/harlander\/design\/sr100.webp\" width=\"100\"\n                 height=\"100\" loading=\"lazy\" alt=\"Rechtsanwalt Sebastian Riedlmair\">\n            <span class=\"mr-quote-person-text\">\n            Sebastian Riedlmair<br>\n            <span class=\"mr-quote-person-function\">Harlander &amp; Partner Rechtsanw\u00e4lte<\/span>\n        <\/span>\n        <\/a>\n        <span class=\"mr-quote-content\">\u201eGerechtigkeit entsteht nicht durch H\u00e4rte, sondern durch die Abw\u00e4gung von Tat, Schuld und menschlicher Verantwortung.\u201c<\/span>\n    <\/div>\n\n<h2 class=\"wp-block-heading\" id=\"h-praxisbeispiele\">Shembuj praktik\u00eb<\/h2>\n\n<p class=\"wp-block-paragraph\"><strong>Shembull 1 \u2013 Vepra penale t\u00eb p\u00ebrs\u00ebritura kund\u00ebr pasuris\u00eb:<\/strong><br\/>Nj\u00eb i pandehur kryen disa raste mashtrimi t\u00eb ngjashme. Gjykata merr parasysh kryerjen e p\u00ebrs\u00ebritur t\u00eb vepr\u00ebs si rrethan\u00eb r\u00ebnduese dhe vendos nj\u00eb d\u00ebnim t\u00eb r\u00ebnd\u00eb me burg, pasi delikuenca e vazhdueshme tregon nj\u00eb rrezikshm\u00ebri t\u00eb shtuar. <\/p>\n\n<p class=\"wp-block-paragraph\"><strong>Shembull 2 \u2013 Rr\u00ebfimi dhe kompensimi:<\/strong><br\/>Nj\u00eb autor vepre kompenson plot\u00ebsisht d\u00ebmin e shkaktuar dhe b\u00ebn nj\u00eb rr\u00ebfim t\u00eb besuesh\u00ebm. Gjykata e sheh k\u00ebt\u00eb si rrethana t\u00eb r\u00ebnd\u00ebsishme leht\u00ebsuese dhe redukton ndjesh\u00ebm d\u00ebnimin me burg. <\/p>\n\n<p class=\"wp-block-paragraph\"><strong>Shembull 3 \u2013 Vep\u00ebr e r\u00ebnd\u00eb dhune:<\/strong><br\/>N\u00eb rastin e nj\u00eb vepre penale seksuale kund\u00ebr t\u00eb miturve, vendoset nj\u00eb d\u00ebnim i gjat\u00eb me burg, p\u00ebr t\u00eb pasqyruar vler\u00ebn e lart\u00eb negative t\u00eb veprimit dhe vler\u00ebn masive negative sociale.<\/p>\n\n<p class=\"wp-block-paragraph\"><strong>Shembull 4 \u2013 Koh\u00ebzgjatje e tep\u00ebrt e procedur\u00ebs:<\/strong><br\/>Nj\u00eb procedur\u00eb zgjat me vite, pa fajin e t\u00eb pandehurit. Kjo koh\u00ebzgjatje e tep\u00ebrt ka efekt leht\u00ebsues n\u00eb mas\u00ebn e d\u00ebnimit. <\/p>\n\n<h2 class=\"wp-block-heading\" id=\"h-doppelverwertungsverbot\">Ndalesa e vler\u00ebsimit t\u00eb dyfisht\u00eb<\/h2>\n\n<p class=\"wp-block-paragraph\">Ndalesa e vler\u00ebsimit t\u00eb dyfisht\u00eb mbron nga nj\u00eb barr\u00eb e dyfisht\u00eb p\u00ebr shkak t\u00eb t\u00eb nj\u00ebjt\u00ebs rrethan\u00eb.<br\/>N\u00ebse nj\u00eb karakteristik\u00eb, si p.sh. \u201ekryerja e shum\u00ebfisht\u00eb e vepr\u00ebs\u201c, \u00ebsht\u00eb marr\u00eb tashm\u00eb parasysh si r\u00ebnduese n\u00eb tekstin e ligjit t\u00eb nj\u00eb norme penale, ajo nuk duhet t\u00eb vler\u00ebsohet s\u00ebrish si rrethan\u00eb r\u00ebnduese gjat\u00eb caktimit t\u00eb d\u00ebnimit.<br\/>Nj\u00eb shkelje e k\u00ebsaj \u00ebsht\u00eb nj\u00eb arsye pavlefshm\u00ebrie sipas <a href=\"https:\/\/www.ris.bka.gv.at\/NormDokument.wxe?Abfrage=Bundesnormen&amp;Gesetzesnummer=10002326&amp;Artikel=&amp;Paragraf=281&amp;Anlage=&amp;Uebergangsrecht=\" target=\"_blank\" rel=\"noreferrer noopener\">nenit 281, paragrafi 1, pika 11<\/a>, rasti i tret\u00eb i Kodit t\u00eb Procedur\u00ebs Penale.<\/p>\n<a class=\"mr-cta-link mr-cta-button-cal\" href=\"#h2-booking\" title=\"Konsultim fillestar falas\"><span class=\"mr-cta-link-normal\">Zgjidhni tani dat\u00ebn e d\u00ebshiruar:<\/span><span class=\"mr-cta-link-bold\">Konsultim fillestar falas<\/span><\/a>\n\n<h2 class=\"wp-block-heading\" id=\"h-verhaltnis-zu-pravention-und-strafzweck\">Marr\u00ebdh\u00ebnia me parandalimin dhe q\u00ebllimin e d\u00ebnimit<\/h2>\n\n<p class=\"wp-block-paragraph\"><a href=\"https:\/\/www.ris.bka.gv.at\/NormDokument.wxe?Abfrage=Bundesnormen&amp;Gesetzesnummer=10002296&amp;Artikel=&amp;Paragraf=32&amp;Anlage=&amp;Uebergangsrecht=\">Neni 32 i Kodit Penal<\/a> sqaron se d\u00ebnimet nuk duhet t\u00eb ken\u00eb vet\u00ebm efekt parandalues t\u00eb p\u00ebrgjithsh\u00ebm.<br\/>Ato sh\u00ebrbejn\u00eb n\u00eb radh\u00eb t\u00eb par\u00eb p\u00ebr sanksionimin e drejt\u00eb t\u00eb fajit individual (parandalimi special si pasoj\u00eb, jo q\u00ebllim).<br\/>Gjykata duhet t\u00eb vendos\u00eb nj\u00eb ekuilib\u00ebr midis parandalimit, riintegrimit social dhe p\u00ebrshtatshm\u00ebris\u00eb me fajin.<br\/>K\u00ebshtu, e drejta penale austriake mbetet e orientuar drejt njeriut dhe jo thjesht drejt ashp\u00ebrsis\u00eb s\u00eb d\u00ebnimit.<\/p>\n\n<h2 class=\"wp-block-heading\" id=\"h-ihre-vorteile-mit-anwaltlicher-unterstutzung\">Avantazhet tuaja me mb\u00ebshtetje ligjore<\/h2>\n\n<p class=\"wp-block-paragraph\">Nj\u00eb procedur\u00eb penale \u00ebsht\u00eb nj\u00eb barr\u00eb e konsiderueshme p\u00ebr t\u00eb prekurit. Q\u00eb n\u00eb fillim k\u00ebrc\u00ebnojn\u00eb pasoja t\u00eb r\u00ebnda \u2013 nga masat shtr\u00ebnguese si bastisja e sht\u00ebpis\u00eb ose arrestimi, te regjistrimet n\u00eb regjistrin penal, deri te d\u00ebnimet me burg ose gjob\u00eb. Gabimet n\u00eb faz\u00ebn e par\u00eb, si deklaratat e pamenduara ose mungesa e sigurimit t\u00eb provave, shpesh nuk mund t\u00eb korrigjohen m\u00eb von\u00eb. Edhe rreziqet ekonomike si k\u00ebrkesat p\u00ebr d\u00ebmshp\u00ebrblim ose kostot e procedur\u00ebs mund t\u00eb ken\u00eb nj\u00eb pesh\u00eb t\u00eb madhe.   <\/p>\n\n<p class=\"wp-block-paragraph\">Nj\u00eb mbrojtje penale e specializuar siguron q\u00eb t\u00eb drejtat tuaja t\u00eb ruhen q\u00eb n\u00eb fillim. Ajo ofron siguri n\u00eb trajtimin me policin\u00eb dhe prokurorin\u00eb, mbron nga vet\u00eb-inkriminimi dhe krijon baz\u00ebn p\u00ebr nj\u00eb strategji t\u00eb qart\u00eb mbrojtjeje. <\/p>\n\n<p class=\"wp-block-paragraph\">Zyra jon\u00eb ligjore:<\/p>\n\n<ul class=\"wp-block-list\">\n<li>kontrollon n\u00ebse dhe n\u00eb \u00e7far\u00eb mase akuza \u00ebsht\u00eb ligj\u00ebrisht e q\u00ebndrueshme,<\/li>\n\n\n\n<li>ju shoq\u00ebron gjat\u00eb procedurave hetimore dhe seanc\u00ebs kryesore,<\/li>\n\n\n\n<li>siguron k\u00ebrkesa, deklarata dhe hapa procedural\u00eb ligj\u00ebrisht t\u00eb sigurt,<\/li>\n\n\n\n<li>mb\u00ebshtet n\u00eb mbrojtjen ose rregullimin e k\u00ebrkesave civile,<\/li>\n\n\n\n<li>mbron t\u00eb drejtat dhe interesat tuaja p\u00ebrball\u00eb gjykat\u00ebs, prokuroris\u00eb dhe pal\u00ebve t\u00eb d\u00ebmtuara.<\/li>\n<\/ul>\n    <div class=\"mr-quote mrbg clearfix\">\n        <a class=\"mr-quote-person\" href=\"\/ueber-uns\/rechtsanwalt-peter-harlander\/\" title=\"Rechtsanwalt Peter Harlander\">\n            <img decoding=\"async\" class=\"mr-quote-person-img\" src=\"https:\/\/harlander-partner.eu\/wp-content\/themes\/harlander\/design\/ph100.webp\" width=\"100\"\n                 height=\"100\" loading=\"lazy\" alt=\"Rechtsanwalt Peter Harlander\">\n            <span class=\"mr-quote-person-text\">\n            Peter Harlander<br>\n            <span class=\"mr-quote-person-function\">Harlander &amp; Partner Rechtsanw\u00e4lte<\/span>\n        <\/span>\n        <\/a>\n        <span class=\"mr-quote-content\">\u201eMachen Sie <strong>keine inhaltlichen Aussagen ohne vorherige R\u00fccksprache mit Ihrer Verteidigung<\/strong>. Sie haben jederzeit das Recht zu schweigen und eine Anw\u00e4ltin oder einen Anwalt beizuziehen. Dieses Recht gilt bereits bei der ersten polizeilichen Kontaktaufnahme. Erst nach <strong>Akteneinsicht<\/strong> l\u00e4sst sich kl\u00e4ren, ob und welche Einlassung sinnvoll ist.\u201c<\/span>\n    <\/div>\n<a class=\"mr-cta-link mr-cta-button-cal\" href=\"#h2-booking\" title=\"Konsultim fillestar falas\"><span class=\"mr-cta-link-normal\">Zgjidhni tani dat\u00ebn e d\u00ebshiruar:<\/span><span class=\"mr-cta-link-bold\">Konsultim fillestar falas<\/span><\/a>\n\n<h2 class=\"wp-block-heading\" id=\"h-haufig-gestellte-fragen-faq\">Pyetje t\u00eb shpeshta \u2013 FAQ<\/h2>\n<div class=\"wp-block-uagb-faq uagb-faq__outer-wrap uagb-block-63d9d2fb uagb-faq-icon-row uagb-faq-layout-accordion uagb-faq-expand-first-true uagb-faq-inactive-other-true uagb-faq__wrap uagb-buttons-layout-wrap uagb-faq-equal-height     \" data-faqtoggle=\"true\" role=\"tablist\"><script type=\"application\/ld+json\">{\"@context\":\"https:\\\/\\\/schema.org\",\"@type\":\"FAQPage\",\"@id\":\"https:\\\/\\\/harlander-partner.eu\\\/sq\\\/e-drejta-penale\\\/parime-te-pergjithshme-te-caktimit-te-denimit\\\/\",\"mainEntity\":[{\"@type\":\"Question\",\"name\":\"\\u00c7far\\u00eb rregullon sakt\\u00ebsisht neni 32 i Kodit Penal?\",\"acceptedAnswer\":{\"@type\":\"Answer\",\"text\":\"Neni 32 i Kodit Penal p\\u00ebrmban parimet e p\\u00ebrgjithshme t\\u00eb caktimit t\\u00eb d\\u00ebnimit. Ai detyron gjykat\\u00ebn t\\u00eb p\\u00ebrcaktoj\\u00eb d\\u00ebnimin sipas fajit individual t\\u00eb autorit dhe t\\u00eb balancoj\\u00eb rrethanat r\\u00ebnduese dhe leht\\u00ebsuese. \"}},{\"@type\":\"Question\",\"name\":\"\\u00c7far\\u00eb roli luan faji i autorit n\\u00eb caktimin e d\\u00ebnimit?\",\"acceptedAnswer\":{\"@type\":\"Answer\",\"text\":\"Faji \\u00ebsht\\u00eb baza qendrore e \\u00e7do vendimi penal. Ai p\\u00ebrcakton sa e r\\u00ebnd\\u00eb \\u00ebsht\\u00eb padrejt\\u00ebsia e vepr\\u00ebs dhe n\\u00eb \\u00e7far\\u00eb mase \\u00ebsht\\u00eb i justifikuar nj\\u00eb d\\u00ebnim. \"}},{\"@type\":\"Question\",\"name\":\"Cilat jan\\u00eb rrethanat tipike r\\u00ebnduese dhe leht\\u00ebsuese?\",\"acceptedAnswer\":{\"@type\":\"Answer\",\"text\":\"R\\u00ebnduese jan\\u00eb, nd\\u00ebr t\\u00eb tjera, kryerja e p\\u00ebrs\\u00ebritur e vepr\\u00ebs, pam\\u00ebshirshm\\u00ebria ose veprimi i planifikuar. Leht\\u00ebsuese jan\\u00eb rr\\u00ebfimi, pendimi, koh\\u00ebzgjatja e gjat\\u00eb e procedur\\u00ebs, kompensimi i d\\u00ebmit ose mosnd\\u00ebshkimi i m\\u00ebparsh\\u00ebm. \"}},{\"@type\":\"Question\",\"name\":\"\\u00c7far\\u00eb do t\\u00eb thot\\u00eb ndalesa e vler\\u00ebsimit t\\u00eb dyfisht\\u00eb?\",\"acceptedAnswer\":{\"@type\":\"Answer\",\"text\":\"Ndalesa e vler\\u00ebsimit t\\u00eb dyfisht\\u00eb ndalon marrjen parasysh t\\u00eb s\\u00eb nj\\u00ebjt\\u00ebs rrethan\\u00eb disa her\\u00eb n\\u00eb d\\u00ebm t\\u00eb autorit. N\\u00ebse nj\\u00eb kualifikim i vepr\\u00ebs penale tashm\\u00eb p\\u00ebrmban nj\\u00eb ashp\\u00ebrsim t\\u00eb d\\u00ebnimit, ky aspekt nuk duhet t\\u00eb p\\u00ebrdoret s\\u00ebrish si rrethan\\u00eb r\\u00ebnduese. \"}},{\"@type\":\"Question\",\"name\":\"Si ndikojn\\u00eb rrethanat sociale n\\u00eb mas\\u00ebn e d\\u00ebnimit?\",\"acceptedAnswer\":{\"@type\":\"Answer\",\"text\":\"Gjykata merr parasysh se si ndikon d\\u00ebnimi n\\u00eb jet\\u00ebn e ardhshme t\\u00eb autorit. Faktor\\u00eb si lidhjet familjare, situata profesionale ose gatishm\\u00ebria p\\u00ebr kompensim mund t\\u00eb leht\\u00ebsojn\\u00eb mas\\u00ebn e d\\u00ebnimit. \"}},{\"@type\":\"Question\",\"name\":\"A mund t\\u00eb kund\\u00ebrshtohet nj\\u00eb caktim i gabuar i d\\u00ebnimit?\",\"acceptedAnswer\":{\"@type\":\"Answer\",\"text\":\"Po. N\\u00ebse d\\u00ebnimi argumentohet gabimisht ose shkelet ndalesa e vler\\u00ebsimit t\\u00eb dyfisht\\u00eb, ai mund t\\u00eb kund\\u00ebrshtohet me ankim ose rekurs. \"}}]}<\/script><div class=\"wp-block-uagb-faq-child uagb-faq-child__outer-wrap uagb-faq-item uagb-block-faq32-q1 \" role=\"tab\" tabindex=\"0\"><div class=\"uagb-faq-questions-button uagb-faq-questions\">\t\t\t<span class=\"uagb-icon uagb-faq-icon-wrap\">\n\t\t\t\t\t\t\t\t<svg xmlns=\"https:\/\/www.w3.org\/2000\/svg\" viewBox= \"0 0 448 512\"><path d=\"M432 256c0 17.69-14.33 32.01-32 32.01H256v144c0 17.69-14.33 31.99-32 31.99s-32-14.3-32-31.99v-144H48c-17.67 0-32-14.32-32-32.01s14.33-31.99 32-31.99H192v-144c0-17.69 14.33-32.01 32-32.01s32 14.32 32 32.01v144h144C417.7 224 432 238.3 432 256z\"><\/path><\/svg>\n\t\t\t\t\t\t\t<\/span>\n\t\t\t\t\t\t<span class=\"uagb-icon-active uagb-faq-icon-wrap\">\n\t\t\t\t\t\t\t\t<svg xmlns=\"https:\/\/www.w3.org\/2000\/svg\" viewBox= \"0 0 448 512\"><path d=\"M400 288h-352c-17.69 0-32-14.32-32-32.01s14.31-31.99 32-31.99h352c17.69 0 32 14.3 32 31.99S417.7 288 400 288z\"><\/path><\/svg>\n\t\t\t\t\t\t\t<\/span>\n\t\t\t<span class=\"uagb-question\">\u00c7far\u00eb rregullon sakt\u00ebsisht neni 32 i Kodit Penal?<\/span><\/div><div class=\"uagb-faq-content\"><p>Neni 32 i Kodit Penal p\u00ebrmban parimet e p\u00ebrgjithshme t\u00eb caktimit t\u00eb d\u00ebnimit. Ai detyron gjykat\u00ebn t\u00eb p\u00ebrcaktoj\u00eb d\u00ebnimin sipas fajit individual t\u00eb autorit dhe t\u00eb balancoj\u00eb rrethanat r\u00ebnduese dhe leht\u00ebsuese. <\/p><\/div><\/div><div class=\"wp-block-uagb-faq-child uagb-faq-child__outer-wrap uagb-faq-item uagb-block-faq32-q2 \" role=\"tab\" tabindex=\"0\"><div class=\"uagb-faq-questions-button uagb-faq-questions\">\t\t\t<span class=\"uagb-icon uagb-faq-icon-wrap\">\n\t\t\t\t\t\t\t\t<svg xmlns=\"https:\/\/www.w3.org\/2000\/svg\" viewBox= \"0 0 448 512\"><path d=\"M432 256c0 17.69-14.33 32.01-32 32.01H256v144c0 17.69-14.33 31.99-32 31.99s-32-14.3-32-31.99v-144H48c-17.67 0-32-14.32-32-32.01s14.33-31.99 32-31.99H192v-144c0-17.69 14.33-32.01 32-32.01s32 14.32 32 32.01v144h144C417.7 224 432 238.3 432 256z\"><\/path><\/svg>\n\t\t\t\t\t\t\t<\/span>\n\t\t\t\t\t\t<span class=\"uagb-icon-active uagb-faq-icon-wrap\">\n\t\t\t\t\t\t\t\t<svg xmlns=\"https:\/\/www.w3.org\/2000\/svg\" viewBox= \"0 0 448 512\"><path d=\"M400 288h-352c-17.69 0-32-14.32-32-32.01s14.31-31.99 32-31.99h352c17.69 0 32 14.3 32 31.99S417.7 288 400 288z\"><\/path><\/svg>\n\t\t\t\t\t\t\t<\/span>\n\t\t\t<span class=\"uagb-question\">\u00c7far\u00eb roli luan faji i autorit n\u00eb caktimin e d\u00ebnimit?<\/span><\/div><div class=\"uagb-faq-content\"><p>Faji \u00ebsht\u00eb baza qendrore e \u00e7do vendimi penal. Ai p\u00ebrcakton sa e r\u00ebnd\u00eb \u00ebsht\u00eb padrejt\u00ebsia e vepr\u00ebs dhe n\u00eb \u00e7far\u00eb mase \u00ebsht\u00eb i justifikuar nj\u00eb d\u00ebnim. <\/p><\/div><\/div><div class=\"wp-block-uagb-faq-child uagb-faq-child__outer-wrap uagb-faq-item uagb-block-faq32-q3 \" role=\"tab\" tabindex=\"0\"><div class=\"uagb-faq-questions-button uagb-faq-questions\">\t\t\t<span class=\"uagb-icon uagb-faq-icon-wrap\">\n\t\t\t\t\t\t\t\t<svg xmlns=\"https:\/\/www.w3.org\/2000\/svg\" viewBox= \"0 0 448 512\"><path d=\"M432 256c0 17.69-14.33 32.01-32 32.01H256v144c0 17.69-14.33 31.99-32 31.99s-32-14.3-32-31.99v-144H48c-17.67 0-32-14.32-32-32.01s14.33-31.99 32-31.99H192v-144c0-17.69 14.33-32.01 32-32.01s32 14.32 32 32.01v144h144C417.7 224 432 238.3 432 256z\"><\/path><\/svg>\n\t\t\t\t\t\t\t<\/span>\n\t\t\t\t\t\t<span class=\"uagb-icon-active uagb-faq-icon-wrap\">\n\t\t\t\t\t\t\t\t<svg xmlns=\"https:\/\/www.w3.org\/2000\/svg\" viewBox= \"0 0 448 512\"><path d=\"M400 288h-352c-17.69 0-32-14.32-32-32.01s14.31-31.99 32-31.99h352c17.69 0 32 14.3 32 31.99S417.7 288 400 288z\"><\/path><\/svg>\n\t\t\t\t\t\t\t<\/span>\n\t\t\t<span class=\"uagb-question\">Cilat jan\u00eb rrethanat tipike r\u00ebnduese dhe leht\u00ebsuese?<\/span><\/div><div class=\"uagb-faq-content\"><p>R\u00ebnduese jan\u00eb, nd\u00ebr t\u00eb tjera, kryerja e p\u00ebrs\u00ebritur e vepr\u00ebs, pam\u00ebshirshm\u00ebria ose veprimi i planifikuar. Leht\u00ebsuese jan\u00eb rr\u00ebfimi, pendimi, koh\u00ebzgjatja e gjat\u00eb e procedur\u00ebs, kompensimi i d\u00ebmit ose mosnd\u00ebshkimi i m\u00ebparsh\u00ebm. <\/p><\/div><\/div><div class=\"wp-block-uagb-faq-child uagb-faq-child__outer-wrap uagb-faq-item uagb-block-faq32-q4 \" role=\"tab\" tabindex=\"0\"><div class=\"uagb-faq-questions-button uagb-faq-questions\">\t\t\t<span class=\"uagb-icon uagb-faq-icon-wrap\">\n\t\t\t\t\t\t\t\t<svg xmlns=\"https:\/\/www.w3.org\/2000\/svg\" viewBox= \"0 0 448 512\"><path d=\"M432 256c0 17.69-14.33 32.01-32 32.01H256v144c0 17.69-14.33 31.99-32 31.99s-32-14.3-32-31.99v-144H48c-17.67 0-32-14.32-32-32.01s14.33-31.99 32-31.99H192v-144c0-17.69 14.33-32.01 32-32.01s32 14.32 32 32.01v144h144C417.7 224 432 238.3 432 256z\"><\/path><\/svg>\n\t\t\t\t\t\t\t<\/span>\n\t\t\t\t\t\t<span class=\"uagb-icon-active uagb-faq-icon-wrap\">\n\t\t\t\t\t\t\t\t<svg xmlns=\"https:\/\/www.w3.org\/2000\/svg\" viewBox= \"0 0 448 512\"><path d=\"M400 288h-352c-17.69 0-32-14.32-32-32.01s14.31-31.99 32-31.99h352c17.69 0 32 14.3 32 31.99S417.7 288 400 288z\"><\/path><\/svg>\n\t\t\t\t\t\t\t<\/span>\n\t\t\t<span class=\"uagb-question\">\u00c7far\u00eb do t\u00eb thot\u00eb ndalesa e vler\u00ebsimit t\u00eb dyfisht\u00eb?<\/span><\/div><div class=\"uagb-faq-content\"><p>Ndalesa e vler\u00ebsimit t\u00eb dyfisht\u00eb ndalon marrjen parasysh t\u00eb s\u00eb nj\u00ebjt\u00ebs rrethan\u00eb disa her\u00eb n\u00eb d\u00ebm t\u00eb autorit. N\u00ebse nj\u00eb kualifikim i vepr\u00ebs penale tashm\u00eb p\u00ebrmban nj\u00eb ashp\u00ebrsim t\u00eb d\u00ebnimit, ky aspekt nuk duhet t\u00eb p\u00ebrdoret s\u00ebrish si rrethan\u00eb r\u00ebnduese. <\/p><\/div><\/div><div class=\"wp-block-uagb-faq-child uagb-faq-child__outer-wrap uagb-faq-item uagb-block-faq32-q5 \" role=\"tab\" tabindex=\"0\"><div class=\"uagb-faq-questions-button uagb-faq-questions\">\t\t\t<span class=\"uagb-icon uagb-faq-icon-wrap\">\n\t\t\t\t\t\t\t\t<svg xmlns=\"https:\/\/www.w3.org\/2000\/svg\" viewBox= \"0 0 448 512\"><path d=\"M432 256c0 17.69-14.33 32.01-32 32.01H256v144c0 17.69-14.33 31.99-32 31.99s-32-14.3-32-31.99v-144H48c-17.67 0-32-14.32-32-32.01s14.33-31.99 32-31.99H192v-144c0-17.69 14.33-32.01 32-32.01s32 14.32 32 32.01v144h144C417.7 224 432 238.3 432 256z\"><\/path><\/svg>\n\t\t\t\t\t\t\t<\/span>\n\t\t\t\t\t\t<span class=\"uagb-icon-active uagb-faq-icon-wrap\">\n\t\t\t\t\t\t\t\t<svg xmlns=\"https:\/\/www.w3.org\/2000\/svg\" viewBox= \"0 0 448 512\"><path d=\"M400 288h-352c-17.69 0-32-14.32-32-32.01s14.31-31.99 32-31.99h352c17.69 0 32 14.3 32 31.99S417.7 288 400 288z\"><\/path><\/svg>\n\t\t\t\t\t\t\t<\/span>\n\t\t\t<span class=\"uagb-question\">Si ndikojn\u00eb rrethanat sociale n\u00eb mas\u00ebn e d\u00ebnimit?<\/span><\/div><div class=\"uagb-faq-content\"><p>Gjykata merr parasysh se si ndikon d\u00ebnimi n\u00eb jet\u00ebn e ardhshme t\u00eb autorit. Faktor\u00eb si lidhjet familjare, situata profesionale ose gatishm\u00ebria p\u00ebr kompensim mund t\u00eb leht\u00ebsojn\u00eb mas\u00ebn e d\u00ebnimit. <\/p><\/div><\/div><div class=\"wp-block-uagb-faq-child uagb-faq-child__outer-wrap uagb-faq-item uagb-block-faq32-q6 \" role=\"tab\" tabindex=\"0\"><div class=\"uagb-faq-questions-button uagb-faq-questions\">\t\t\t<span class=\"uagb-icon uagb-faq-icon-wrap\">\n\t\t\t\t\t\t\t\t<svg xmlns=\"https:\/\/www.w3.org\/2000\/svg\" viewBox= \"0 0 448 512\"><path d=\"M432 256c0 17.69-14.33 32.01-32 32.01H256v144c0 17.69-14.33 31.99-32 31.99s-32-14.3-32-31.99v-144H48c-17.67 0-32-14.32-32-32.01s14.33-31.99 32-31.99H192v-144c0-17.69 14.33-32.01 32-32.01s32 14.32 32 32.01v144h144C417.7 224 432 238.3 432 256z\"><\/path><\/svg>\n\t\t\t\t\t\t\t<\/span>\n\t\t\t\t\t\t<span class=\"uagb-icon-active uagb-faq-icon-wrap\">\n\t\t\t\t\t\t\t\t<svg xmlns=\"https:\/\/www.w3.org\/2000\/svg\" viewBox= \"0 0 448 512\"><path d=\"M400 288h-352c-17.69 0-32-14.32-32-32.01s14.31-31.99 32-31.99h352c17.69 0 32 14.3 32 31.99S417.7 288 400 288z\"><\/path><\/svg>\n\t\t\t\t\t\t\t<\/span>\n\t\t\t<span class=\"uagb-question\">A mund t\u00eb kund\u00ebrshtohet nj\u00eb caktim i gabuar i d\u00ebnimit?<\/span><\/div><div class=\"uagb-faq-content\"><p>Po. N\u00ebse d\u00ebnimi argumentohet gabimisht ose shkelet ndalesa e vler\u00ebsimit t\u00eb dyfisht\u00eb, ai mund t\u00eb kund\u00ebrshtohet me ankim ose rekurs. <\/p><\/div><\/div><a class=\"mr-cta-link mr-cta-button-cal\" href=\"#h2-booking\" title=\"Konsultim fillestar falas\"><span class=\"mr-cta-link-normal\">Zgjidhni tani dat\u00ebn e d\u00ebshiruar:<\/span><span class=\"mr-cta-link-bold\">Konsultim fillestar falas<\/span><\/a>\n<\/div>","protected":false},"excerpt":{"rendered":"Parime t\u00eb p\u00ebrgjithshme t\u00eb caktimit t\u00eb d\u00ebnimit Neni 32 i Kodit Penal p\u00ebrmban parimet e caktimit t\u00eb d\u00ebnimit n\u00eb t\u00eb drejt\u00ebn penale austriake. Ai konkretizon parimin kushtetues t\u00eb fajit dhe &#8230;","protected":false},"author":25,"featured_media":51191,"parent":41441,"menu_order":5,"comment_status":"closed","ping_status":"closed","template":"","meta":{"_acf_changed":false,"_uag_custom_page_level_css":"","footnotes":""},"categories":[837],"tags":[],"class_list":["post-51189","page","type-page","status-publish","has-post-thumbnail","hentry","category-e-drejta-penale"],"acf":[],"uagb_featured_image_src":{"full":["https:\/\/harlander-partner.eu\/wp-content\/uploads\/Allgemeine-Grundsaetze-der-Strafbemessung.webp",1920,1080,false],"thumbnail":["https:\/\/harlander-partner.eu\/wp-content\/uploads\/Allgemeine-Grundsaetze-der-Strafbemessung-100x100.webp",100,100,true],"medium":["https:\/\/harlander-partner.eu\/wp-content\/uploads\/Allgemeine-Grundsaetze-der-Strafbemessung-800x450.webp",800,450,true],"medium_large":["https:\/\/harlander-partner.eu\/wp-content\/uploads\/Allgemeine-Grundsaetze-der-Strafbemessung.webp",1920,1080,false],"large":["https:\/\/harlander-partner.eu\/wp-content\/uploads\/Allgemeine-Grundsaetze-der-Strafbemessung.webp",1920,1080,false],"1536x1536":["https:\/\/harlander-partner.eu\/wp-content\/uploads\/Allgemeine-Grundsaetze-der-Strafbemessung.webp",1536,864,false],"2048x2048":["https:\/\/harlander-partner.eu\/wp-content\/uploads\/Allgemeine-Grundsaetze-der-Strafbemessung.webp",1920,1080,false],"336x":["https:\/\/harlander-partner.eu\/wp-content\/uploads\/Allgemeine-Grundsaetze-der-Strafbemessung-336x189.webp",336,189,true],"352x":["https:\/\/harlander-partner.eu\/wp-content\/uploads\/Allgemeine-Grundsaetze-der-Strafbemessung-352x198.webp",352,198,true],"woocommerce_thumbnail":["https:\/\/harlander-partner.eu\/wp-content\/uploads\/Allgemeine-Grundsaetze-der-Strafbemessung-300x300.webp",300,300,true],"woocommerce_single":["https:\/\/harlander-partner.eu\/wp-content\/uploads\/Allgemeine-Grundsaetze-der-Strafbemessung-600x338.webp",600,338,true],"woocommerce_gallery_thumbnail":["https:\/\/harlander-partner.eu\/wp-content\/uploads\/Allgemeine-Grundsaetze-der-Strafbemessung-100x100.webp",100,100,true],"yarpp-thumbnail":["https:\/\/harlander-partner.eu\/wp-content\/uploads\/Allgemeine-Grundsaetze-der-Strafbemessung-120x120.webp",120,120,true]},"uagb_author_info":{"display_name":"Simon Prem","author_link":"https:\/\/harlander-partner.eu\/sq\/author\/simon-prem\/"},"uagb_comment_info":0,"uagb_excerpt":"Parime t\u00eb p\u00ebrgjithshme t\u00eb caktimit t\u00eb d\u00ebnimit Neni 32 i Kodit Penal p\u00ebrmban parimet e caktimit t\u00eb d\u00ebnimit n\u00eb t\u00eb drejt\u00ebn penale austriake. Ai konkretizon parimin kushtetues t\u00eb fajit dhe ...","_links":{"self":[{"href":"https:\/\/harlander-partner.eu\/sq\/wp-json\/wp\/v2\/pages\/51189","targetHints":{"allow":["GET"]}}],"collection":[{"href":"https:\/\/harlander-partner.eu\/sq\/wp-json\/wp\/v2\/pages"}],"about":[{"href":"https:\/\/harlander-partner.eu\/sq\/wp-json\/wp\/v2\/types\/page"}],"author":[{"embeddable":true,"href":"https:\/\/harlander-partner.eu\/sq\/wp-json\/wp\/v2\/users\/25"}],"replies":[{"embeddable":true,"href":"https:\/\/harlander-partner.eu\/sq\/wp-json\/wp\/v2\/comments?post=51189"}],"version-history":[{"count":0,"href":"https:\/\/harlander-partner.eu\/sq\/wp-json\/wp\/v2\/pages\/51189\/revisions"}],"up":[{"embeddable":true,"href":"https:\/\/harlander-partner.eu\/sq\/wp-json\/wp\/v2\/pages\/41441"}],"wp:featuredmedia":[{"embeddable":true,"href":"https:\/\/harlander-partner.eu\/sq\/wp-json\/wp\/v2\/media\/51191"}],"wp:attachment":[{"href":"https:\/\/harlander-partner.eu\/sq\/wp-json\/wp\/v2\/media?parent=51189"}],"wp:term":[{"taxonomy":"category","embeddable":true,"href":"https:\/\/harlander-partner.eu\/sq\/wp-json\/wp\/v2\/categories?post=51189"},{"taxonomy":"post_tag","embeddable":true,"href":"https:\/\/harlander-partner.eu\/sq\/wp-json\/wp\/v2\/tags?post=51189"}],"curies":[{"name":"wp","href":"https:\/\/api.w.org\/{rel}","templated":true}]}}