{"id":47632,"date":"2025-07-17T16:03:30","date_gmt":"2025-07-17T14:03:30","guid":{"rendered":"https:\/\/harlander-partner.eu\/e-drejta-e-trashegimise-kujdesi-paraprak\/e-drejta-e-federates-per-pervetesim\/"},"modified":"2025-11-25T14:27:50","modified_gmt":"2025-11-25T13:27:50","slug":"e-drejta-e-federates-per-pervetesim","status":"publish","type":"page","link":"https:\/\/harlander-partner.eu\/sq\/e-drejta-e-trashegimise-kujdesi-paraprak\/e-drejta-e-federates-per-pervetesim\/","title":{"rendered":"E drejta e Federat\u00ebs p\u00ebr p\u00ebrvet\u00ebsim"},"content":{"rendered":"\n<div class=\"wp-block-yoast-seo-table-of-contents yoast-table-of-contents\"><h2>E drejta e Federat\u00ebs p\u00ebr p\u00ebrvet\u00ebsim<\/h2><ul><li><a href=\"#h-aneignungsrecht-des-bundes\" data-level=\"2\">E drejta e Federat\u00ebs p\u00ebr p\u00ebrvet\u00ebsim<\/a><\/li><li><a href=\"#h-anwendungsbereich-der-aneignung\" data-level=\"2\">Fusha e zbatimit t\u00eb p\u00ebrvet\u00ebsimit<\/a><\/li><li><a href=\"#h-verfahren-der-aneignung-durch-den-bund\" data-level=\"2\">Procedura e p\u00ebrvet\u00ebsimit nga Federata<\/a><\/li><li><a href=\"#h-aneignung-durch-ubergabebeschluss\" data-level=\"2\">P\u00ebrvet\u00ebsimi me vendim dor\u00ebzimi<\/a><\/li><li><a href=\"#h-rechtsstellung-des-staates-als-nachlassnehmer\" data-level=\"2\">Statusi juridik i shtetit si marr\u00ebs i trash\u00ebgimis\u00eb<\/a><\/li><li><a href=\"#h-rechtsfolge-bei-fehlerhafter-einantwortung\" data-level=\"2\">Pasojat ligjore n\u00eb rast t\u00eb dor\u00ebzimit t\u00eb gabuar t\u00eb trash\u00ebgimis\u00eb<\/a><\/li><li><a href=\"#h-nicht-aneignung-des-erbes-durch-den-staat\" data-level=\"2\">Mos-p\u00ebrvet\u00ebsimi i trash\u00ebgimis\u00eb nga shteti<\/a><\/li><li><a href=\"#h-vermeidung-der-staatlichen-aneignung-durch-nachlassplanung\" data-level=\"2\">Shmangia e p\u00ebrvet\u00ebsimit shtet\u00ebror p\u00ebrmes planifikimit t\u00eb trash\u00ebgimis\u00eb<\/a><\/li><li><a href=\"#h-ihre-vorteile-mit-anwaltlicher-unterstutzung\" data-level=\"2\">Avantazhet tuaja me mb\u00ebshtetje ligjore<\/a><\/li><li><a href=\"#h-haufig-gestellte-fragen-faq\" data-level=\"2\">Pyetje t\u00eb shpeshta \u2013 FAQ<\/a><\/li><\/ul><\/div>\n<a class=\"mr-cta-link mr-cta-button-cal\" href=\"#h2-booking\" title=\"Konsultim fillestar falas\"><span class=\"mr-cta-link-normal\">Zgjidhni tani dat\u00ebn e d\u00ebshiruar:<\/span><span class=\"mr-cta-link-bold\">Konsultim fillestar falas<\/span><\/a>\n\n<h2 class=\"wp-block-heading\" id=\"h-aneignungsrecht-des-bundes\">E drejta e Federat\u00ebs p\u00ebr p\u00ebrvet\u00ebsim<\/h2>\n\n<p class=\"wp-block-paragraph\">E drejta e Federat\u00ebs p\u00ebr p\u00ebrvet\u00ebsim n\u00eb t\u00eb drejt\u00ebn trash\u00ebgimore austriake ka si pasoj\u00eb q\u00eb e gjith\u00eb pasuria kalon automatikisht te shteti, n\u00ebse nuk ka trash\u00ebgimtar\u00eb ligjor\u00eb ose t\u00eb caktuar me testament dhe n\u00ebse askush tjet\u00ebr nuk e merr trash\u00ebgimin\u00eb. Nuk ka r\u00ebnd\u00ebsi n\u00ebse b\u00ebhet fjal\u00eb p\u00ebr para, prona t\u00eb paluajtshme apo sende t\u00eb tjera me vler\u00eb. <\/p>\n\n<div class=\"wp-block-uagb-container uagb-block-3019fe8e alignfull uagb-is-root-container\">\n<div class=\"wp-block-uagb-container uagb-block-32585033\">\n<p class=\"wp-block-paragraph\">\u00a7 <a href=\"https:\/\/www.ris.bka.gv.at\/NormDokument.wxe?Abfrage=Bundesnormen&amp;Gesetzesnummer=10001622&amp;Artikel=&amp;Paragraf=750&amp;Anlage=&amp;Uebergangsrecht=\" target=\"_blank\" rel=\"noreferrer noopener\">750 i Kodit Civil Austriak (ABGB)<\/a> p\u00ebrcakton qart\u00eb: N\u00ebse nuk ka persona me t\u00eb drejt\u00eb trash\u00ebgimie dhe askush tjet\u00ebr nuk e merr trash\u00ebgimin\u00eb, at\u00ebher\u00eb trash\u00ebgimia i kalon Federat\u00ebs. Shteti merr k\u00ebshtu rolin e \u201etrash\u00ebgimtarit t\u00eb fundit\u201c. Kjo e drejt\u00eb e Federat\u00ebs p\u00ebr p\u00ebrvet\u00ebsim \u00ebsht\u00eb e detyrueshme dhe nuk mund t\u00eb p\u00ebrjashtohet as me testament, as me kontrat\u00eb.  <\/p>\n<\/div>\n\n\n\n<div class=\"wp-block-uagb-container uagb-block-45819ab6\"><picture>\r\n\t\t<source srcset=\"https:\/\/harlander-partner.eu\/wp-content\/uploads\/Aneignung-des-Bundes-352x198.webp\" >\r\n\t\t<img decoding=\"async\" class=\"mr-picture-small\" src=\"https:\/\/harlander-partner.eu\/wp-content\/uploads\/Aneignung-des-Bundes.webp\" alt=\"e Federat\u00ebs hyn n\u00eb fuqi, si mund ta parandaloni k\u00ebt\u00eb me planifikim t\u00eb synuar t\u00eb trash\u00ebgimis\u00eb dhe kur \u00ebsht\u00eb e dobishme mb\u00ebshtetja ligjore.\" >\r\n\t<\/picture>\n<\/div>\n<\/div>\n<a class=\"mr-cta-link mr-cta-button-cal\" href=\"#h2-booking\" title=\"Konsultim fillestar falas\"><span class=\"mr-cta-link-normal\">Zgjidhni tani dat\u00ebn e d\u00ebshiruar:<\/span><span class=\"mr-cta-link-bold\">Konsultim fillestar falas<\/span><\/a>\n\n<h2 class=\"wp-block-heading\" id=\"h-anwendungsbereich-der-aneignung\">Fusha e zbatimit t\u00eb p\u00ebrvet\u00ebsimit<\/h2>\n\n<p class=\"wp-block-paragraph\">E drejta e Federat\u00ebs p\u00ebr p\u00ebrvet\u00ebsim zbatohet ekskluzivisht n\u00eb raste t\u00eb jasht\u00ebzakonshme si rregullimi i fundit mbrojt\u00ebs i trash\u00ebgimis\u00eb. Federata mund t\u00eb p\u00ebrvet\u00ebsoj\u00eb nj\u00eb trash\u00ebgimi vet\u00ebm n\u00ebse askush tjet\u00ebr nuk ka t\u00eb drejt\u00eb mbi pasurin\u00eb e l\u00ebn\u00eb. K\u00ebshtu parandalohen trash\u00ebgimit\u00eb pa pronar.  <\/p>\n\n<p class=\"wp-block-paragraph\">E drejta e Federat\u00ebs p\u00ebr p\u00ebrvet\u00ebsim hyn n\u00eb fuqi kur t\u00eb gjith\u00eb personat e mundsh\u00ebm nuk e pranojn\u00eb trash\u00ebgimin\u00eb, ose e refuzojn\u00eb at\u00eb, ose jan\u00eb t\u00eb padenj\u00eb p\u00ebr trash\u00ebgimi:<\/p>\n\n<ul class=\"wp-block-list icon\">\n<li><strong>Pa <a href=\"https:\/\/harlander-partner.eu\/sq\/e-drejta-e-trashegimise-kujdesi-paraprak\/trashegimia-ligjore\/\">trash\u00ebgimtar\u00eb ligjor\u00eb<\/a>.<\/strong> Nuk ka t\u00eb af\u00ebrm, as n\u00eb linj\u00eb t\u00eb larg\u00ebt. Po ashtu, nuk ka bashk\u00ebshort apo partner t\u00eb regjistruar q\u00eb do t\u00eb kishte t\u00eb drejt\u00eb ligjore p\u00ebr trash\u00ebgimi. <\/li>\n\n\n\n<li><strong>Asnj\u00eb bashk\u00ebjetues me t\u00eb drejt\u00eb trash\u00ebgimie.<\/strong> Nj\u00eb bashk\u00ebjetues do t\u00eb kishte nj\u00eb t\u00eb drejt\u00eb t\u00eb jasht\u00ebzakonshme trash\u00ebgimie, n\u00ebse ka jetuar n\u00eb bashk\u00ebsi familjare me t\u00eb ndjerin n\u00eb tre vitet e fundit para vdekjes dhe nuk ka trash\u00ebgimtar\u00eb ligjor\u00eb.<\/li>\n\n\n\n<li><strong>Pa <a href=\"https:\/\/harlander-partner.eu\/sq\/e-drejta-e-trashegimise-kujdesi-paraprak\/testament\/\">trash\u00ebgimtar\u00eb testamentar\u00eb<\/a>.<\/strong> Nuk ka testament t\u00eb vlefsh\u00ebm ose ndonj\u00eb dispozit\u00eb tjet\u00ebr t\u00eb fundit, me an\u00eb t\u00eb s\u00eb cil\u00ebs nj\u00eb ose m\u00eb shum\u00eb persona do t\u00eb ishin caktuar si trash\u00ebgimtar\u00eb.<\/li>\n\n\n\n<li><strong>Pa <a href=\"https:\/\/harlander-partner.eu\/sq\/e-drejta-e-trashegimise-kujdesi-paraprak\/trashegimtar-zevendesues\/\">trash\u00ebgimtar\u00eb z\u00ebvend\u00ebsues<\/a>, <a href=\"https:\/\/harlander-partner.eu\/sq\/e-drejta-e-trashegimise-kujdesi-paraprak\/trashegimtar-i-mevonshem\/\">trash\u00ebgimtar\u00eb t\u00eb m\u00ebvonsh\u00ebm<\/a> ose p\u00ebrfitues t\u00eb rritjes.<\/strong> Nuk ka asnj\u00eb person q\u00eb do t\u00eb z\u00ebvend\u00ebsonte, bazuar n\u00eb rregullat ligjore ose testamentare, n\u00ebse nj\u00eb trash\u00ebgimtar i parashikuar bie ose e refuzon trash\u00ebgimin\u00eb.<\/li>\n\n\n\n<li><strong>Pa <a href=\"https:\/\/harlander-partner.eu\/sq\/e-drejta-e-trashegimise-kujdesi-paraprak\/transmetimi-trashegimia-e-te-drejtes-se-trashegimise\/\">transmisar\u00eb<\/a>.<\/strong> Nj\u00eb e drejt\u00eb trash\u00ebgimie, e cila tashm\u00eb ishte krijuar, por nuk ishte pranuar ende, mund t\u00eb trash\u00ebgohet. Trash\u00ebgimtar\u00eb t\u00eb till\u00eb \u201et\u00eb shkall\u00ebs s\u00eb dyt\u00eb\u201c gjithashtu parandalojn\u00eb p\u00ebrvet\u00ebsimin nga shteti. <\/li>\n\n\n\n<li><strong>Asnj\u00eb <a href=\"https:\/\/harlander-partner.eu\/sq\/e-drejta-e-trashegimise-kujdesi-paraprak\/legat\/\">p\u00ebrfitues i legatit<\/a> me t\u00eb drejt\u00eb t\u00eb jasht\u00ebzakonshme trash\u00ebgimie.<\/strong> Edhe p\u00ebrfitues t\u00eb caktuar t\u00eb legatit mund \u2013 n\u00eb kushte t\u00eb ngushta \u2013 t\u00eb z\u00ebvend\u00ebsojn\u00eb si trash\u00ebgimtar\u00eb. N\u00ebse nj\u00eb person i till\u00eb \u00ebsht\u00eb i pranish\u00ebm, e drejta e p\u00ebrvet\u00ebsimit p\u00ebrjashtohet. <\/li>\n<\/ul>\n\n<p class=\"wp-block-paragraph\">Vet\u00ebm kur t\u00eb gjitha k\u00ebto mund\u00ebsi jan\u00eb p\u00ebrjashtuar, Federata mund t\u00eb veproj\u00eb. Mjafton edhe nj\u00eb i af\u00ebrm i vet\u00ebm me t\u00eb drejt\u00eb trash\u00ebgimie, bashk\u00ebjetues ose p\u00ebrfitues i caktuar i legatit, p\u00ebr t\u00eb p\u00ebrjashtuar p\u00ebrvet\u00ebsimin nga shteti. <\/p>\n    <div class=\"mr-quote mrbg clearfix\">\n        <a class=\"mr-quote-person\" href=\"\/ueber-uns\/rechtsanwalt-peter-harlander\/\" title=\"Rechtsanwalt Peter Harlander\">\n            <img decoding=\"async\" class=\"mr-quote-person-img\" src=\"https:\/\/harlander-partner.eu\/wp-content\/themes\/harlander\/design\/ph100.webp\" width=\"100\"\n                 height=\"100\" loading=\"lazy\" alt=\"Rechtsanwalt Peter Harlander\">\n            <span class=\"mr-quote-person-text\">\n            Peter Harlander<br>\n            <span class=\"mr-quote-person-function\">Harlander &amp; Partner Rechtsanw\u00e4lte<\/span>\n        <\/span>\n        <\/a>\n        <span class=\"mr-quote-content\">\u201eDiese Voraussetzungen zeigen klar: Das Aneignungsrecht des Bundes dient allein dazu, einen rechtlichen Auffangmechanismus zu schaffen, wenn niemand sonst mehr zur Erbfolge berufen ist.\u201c<\/span>\n    <\/div>\n<a class=\"mr-cta-link mr-cta-button-cal\" href=\"#h2-booking\" title=\"Konsultim fillestar falas\"><span class=\"mr-cta-link-normal\">Zgjidhni tani dat\u00ebn e d\u00ebshiruar:<\/span><span class=\"mr-cta-link-bold\">Konsultim fillestar falas<\/span><\/a>\n\n<h2 class=\"wp-block-heading\" id=\"h-verfahren-der-aneignung-durch-den-bund\">Procedura e p\u00ebrvet\u00ebsimit nga Federata<\/h2>\n\n<p class=\"wp-block-paragraph\">Federata nuk e fiton trash\u00ebgimin\u00eb automatikisht, por ekskluzivisht me k\u00ebrkes\u00eb. Gjykata e trash\u00ebgimis\u00eb \u00ebsht\u00eb kompetente. Procedura rregullohet nga dispozitat e <a href=\"https:\/\/www.ris.bka.gv.at\/GeltendeFassung.wxe?Abfrage=Bundesnormen&amp;Gesetzesnummer=20003047\" target=\"_blank\" rel=\"noreferrer noopener nofollow\">Au\u00dfStrG<\/a> dhe zhvillohet n\u00eb disa hapa:  <\/p>\n\n<ul class=\"wp-block-list icon\">\n<li>K\u00ebrkes\u00eb nga komisioneri i gjykat\u00ebs drejtuar trash\u00ebgimtar\u00ebve t\u00eb mundsh\u00ebm p\u00ebr t\u00eb paraqitur nj\u00eb deklarat\u00eb pranimi t\u00eb trash\u00ebgimis\u00eb.<\/li>\n\n\n\n<li>N\u00eb rast t\u00eb munges\u00ebs s\u00eb p\u00ebrgjigjes: thirrje publike me edikt dhe caktimi i nj\u00eb afati prej gjasht\u00eb muajsh.<\/li>\n\n\n\n<li>Caktimi i nj\u00eb kujdestari t\u00eb trash\u00ebgimis\u00eb dhe hartimi i nj\u00eb inventari.<\/li>\n\n\n\n<li>Njoftim p\u00ebr Prokurorin\u00eb Financiare lidhur me munges\u00ebn e mundshme t\u00eb trash\u00ebgimtar\u00ebve.<\/li>\n\n\n\n<li>K\u00ebrkes\u00eb nga Federata p\u00ebr p\u00ebrvet\u00ebsimin e trash\u00ebgimis\u00eb p\u00ebrmes Prokuroris\u00eb Financiare.<\/li>\n\n\n\n<li>Vendim dor\u00ebzimi nga gjykata n\u00eb vend t\u00eb nj\u00eb dor\u00ebzimi t\u00eb trash\u00ebgimis\u00eb.<\/li>\n<\/ul>\n\n<h2 class=\"wp-block-heading\" id=\"h-aneignung-durch-ubergabebeschluss\">P\u00ebrvet\u00ebsimi me vendim dor\u00ebzimi<\/h2>\n\n<p class=\"wp-block-paragraph\">N\u00eb rastin e p\u00ebrvet\u00ebsimit nga Federata, pra, nuk ndodh as pranimi i trash\u00ebgimis\u00eb dhe as dor\u00ebzimi i saj. P\u00ebrvet\u00ebsimi p\u00ebrfundon n\u00eb vend t\u00eb k\u00ebsaj me nj\u00eb <strong>vendim dor\u00ebzimi nga gjykata<\/strong>. Me vendimin e dor\u00ebzimit, shteti hyn ligj\u00ebrisht n\u00eb pozicionin e nj\u00eb marr\u00ebsi t\u00eb trash\u00ebgimis\u00eb. Federata fiton k\u00ebshtu t\u00eb gjith\u00eb pasurin\u00eb e trash\u00ebgimis\u00eb.   <\/p>\n<a class=\"mr-cta-link mr-cta-button-cal\" href=\"#h2-booking\" title=\"Konsultim fillestar falas\"><span class=\"mr-cta-link-normal\">Zgjidhni tani dat\u00ebn e d\u00ebshiruar:<\/span><span class=\"mr-cta-link-bold\">Konsultim fillestar falas<\/span><\/a>\n\n<h2 class=\"wp-block-heading\" id=\"h-rechtsstellung-des-staates-als-nachlassnehmer\">Statusi juridik i shtetit si marr\u00ebs i trash\u00ebgimis\u00eb<\/h2>\n\n<p class=\"wp-block-paragraph\">Federata nuk b\u00ebhet trash\u00ebgimtar n\u00eb kuptimin klasik p\u00ebrmes p\u00ebrvet\u00ebsimit. Megjithat\u00eb, me vendimin e dor\u00ebzimit, shteti hyn n\u00eb t\u00eb gjitha pozicionet pasurore t\u00eb t\u00eb ndjerit. <\/p>\n\n<p class=\"wp-block-paragraph\">Statusi juridik i Federat\u00ebs p\u00ebrfshin:<\/p>\n\n<ul class=\"wp-block-list icon\">\n<li><strong>Trash\u00ebgimi universale me ligj<\/strong> p\u00ebrmes vendimit t\u00eb dor\u00ebzimit.<\/li>\n\n\n\n<li><strong>Administrimi dhe shfryt\u00ebzimi<\/strong> i vlerave t\u00eb trash\u00ebgimis\u00eb s\u00eb marr\u00eb.<\/li>\n\n\n\n<li><strong>Pa p\u00ebrgjegj\u00ebsi trash\u00ebgimtar\u00ebsh<\/strong>, por <strong>p\u00ebrgjegj\u00ebsi e kufizuar n\u00eb vler\u00ebn e aktiveve<\/strong>.<\/li>\n\n\n\n<li><strong>Pa detyrim p\u00ebr t\u00eb ofruar garanci<\/strong>.<\/li>\n<\/ul>\n\n<p class=\"wp-block-paragraph\">E drejta e p\u00ebrvet\u00ebsimit nuk i jep Federat\u00ebs t\u00eb drejt\u00ebn e transmetimit. Shteti nuk mund t\u00eb fitoj\u00eb pritshm\u00ebri t\u00eb hapura trash\u00ebgimie t\u00eb t\u00eb ndjerit, n\u00ebse ky i fundit do t\u00eb kishte qen\u00eb vet\u00eb trash\u00ebgimtar i nj\u00eb personi tjet\u00ebr. P\u00ebrvet\u00ebsimi kufizohet pra n\u00eb trash\u00ebgimin\u00eb e vet\u00eb t\u00eb ndjerit.  <\/p>\n\n<h2 class=\"wp-block-heading\" id=\"h-rechtsfolge-bei-fehlerhafter-einantwortung\">Pasojat ligjore n\u00eb rast t\u00eb dor\u00ebzimit t\u00eb gabuar t\u00eb trash\u00ebgimis\u00eb<\/h2>\n\n<p class=\"wp-block-paragraph\">N\u00ebse nj\u00eb trash\u00ebgimi i \u00ebsht\u00eb <a href=\"https:\/\/harlander-partner.eu\/einantwortung\/\">dor\u00ebzuar<\/a> gabimisht nj\u00eb personi t\u00eb paautorizuar, Federata ka t\u00eb drejt\u00ebn e <strong>padis\u00eb p\u00ebr p\u00ebrvet\u00ebsim<\/strong>. E drejta p\u00ebr t\u00eb ngritur padi parashkruhet brenda tre vjet\u00ebsh nga njohuria, si dhe brenda nj\u00eb afati absolut prej 30 vjet\u00ebsh nga vdekja. <\/p>\n<a class=\"mr-cta-link mr-cta-button-cal\" href=\"#h2-booking\" title=\"Konsultim fillestar falas\"><span class=\"mr-cta-link-normal\">Zgjidhni tani dat\u00ebn e d\u00ebshiruar:<\/span><span class=\"mr-cta-link-bold\">Konsultim fillestar falas<\/span><\/a>\n\n<h2 class=\"wp-block-heading\" id=\"h-nicht-aneignung-des-erbes-durch-den-staat\">Mos-p\u00ebrvet\u00ebsimi i trash\u00ebgimis\u00eb nga shteti<\/h2>\n\n<p class=\"wp-block-paragraph\">Shteti nuk \u00ebsht\u00eb i detyruar t\u00eb paraqes\u00eb nj\u00eb k\u00ebrkes\u00eb p\u00ebr p\u00ebrvet\u00ebsim. Kjo ndodh ve\u00e7an\u00ebrisht n\u00eb rastet e trash\u00ebgimive me borxhe t\u00eb m\u00ebdha. N\u00eb raste t\u00eb tilla, jan\u00eb t\u00eb mundshme skenar\u00ebt e m\u00ebposht\u00ebm p\u00ebr likuidimin e trash\u00ebgimis\u00eb:  <\/p>\n\n<ul class=\"wp-block-list icon\">\n<li><a href=\"https:\/\/harlander-partner.eu\/sq\/e-drejta-e-trashegimise-kujdesi-paraprak\/dorezim-ne-vend-pagese\/\">L\u00ebshimi ndaj kreditor\u00ebve n\u00eb vend t\u00eb pages\u00ebs<\/a><\/li>\n\n\n\n<li>Insolvenca e trash\u00ebgimis\u00eb<\/li>\n\n\n\n<li>Likuidimi i trash\u00ebgimis\u00eb nga kujdestari i trash\u00ebgimis\u00eb<\/li>\n<\/ul>\n\n<div class=\"wp-block-group\"><div class=\"wp-block-group__inner-container\">\n<h2 class=\"wp-block-heading\" id=\"h-vermeidung-der-staatlichen-aneignung-durch-nachlassplanung\">Shmangia e p\u00ebrvet\u00ebsimit shtet\u00ebror p\u00ebrmes planifikimit t\u00eb trash\u00ebgimis\u00eb<\/h2>\n\n\n\n<p class=\"wp-block-paragraph\">P\u00ebr t\u00eb shmangur q\u00eb trash\u00ebgimia juaj t&#8217;i kaloj\u00eb Republik\u00ebs s\u00eb Austris\u00eb p\u00ebr shkak t\u00eb munges\u00ebs s\u00eb trash\u00ebgimtar\u00ebve, nj\u00eb <strong>planifikim i hersh\u00ebm i trash\u00ebgimis\u00eb<\/strong> \u00ebsht\u00eb thelb\u00ebsor.<\/p>\n\n\n\n<p class=\"wp-block-paragraph\">M\u00ebnyra m\u00eb e besueshme \u00ebsht\u00eb hartimi i nj\u00eb <strong>testamenti<\/strong>. N\u00eb t\u00eb, ju mund t\u00eb caktoni \u00e7do person ose edhe nj\u00eb organizat\u00eb si trash\u00ebgimtar\u00eb, si miq, t\u00eb af\u00ebrm t\u00eb larg\u00ebt, institucione bamir\u00ebse ose bashk\u00ebjetuesin tuaj, i cili pa nj\u00eb dispozit\u00eb t\u00eb fundit n\u00eb thelb nuk ka t\u00eb drejt\u00eb trash\u00ebgimie.  <\/p>\n\n\n\n<p class=\"wp-block-paragraph\">P\u00ebrve\u00e7 k\u00ebsaj, \u00ebsht\u00eb e men\u00e7ur t\u00eb caktohen trash\u00ebgimtar\u00eb z\u00ebvend\u00ebsues n\u00eb rast se trash\u00ebgimtar\u00ebt vdesin para trash\u00ebgiml\u00ebn\u00ebsit.<\/p>\n\n\n\n<p class=\"wp-block-paragraph\">Mjafton edhe nj\u00eb trash\u00ebgimtar i vet\u00ebm i em\u00ebruar ose nj\u00eb p\u00ebrfitues i caktuar i legatit, q\u00eb e drejta e Federat\u00ebs p\u00ebr p\u00ebrvet\u00ebsim t\u00eb p\u00ebrjashtohet.<\/p>\n\n\n    <div class=\"mr-quote mrbg clearfix\">\n        <a class=\"mr-quote-person\" href=\"\/ueber-uns\/rechtsanwalt-sebastian-riedlmair\/\" title=\"Rechtsanwalt Sebastian Riedlmair\">\n            <img decoding=\"async\" class=\"mr-quote-person-img\" src=\"https:\/\/harlander-partner.eu\/wp-content\/themes\/harlander\/design\/sr100.webp\" width=\"100\"\n                 height=\"100\" loading=\"lazy\" alt=\"Rechtsanwalt Sebastian Riedlmair\">\n            <span class=\"mr-quote-person-text\">\n            Sebastian Riedlmair<br>\n            <span class=\"mr-quote-person-function\">Harlander &amp; Partner Rechtsanw\u00e4lte<\/span>\n        <\/span>\n        <\/a>\n        <span class=\"mr-quote-content\">\u201eWer keine nahen Angeh\u00f6rigen hat, sollte daher unbedingt von seiner Testierfreiheit Gebrauch machen und die Erbfolge bewusst regeln. Empfehlenswert ist auch die Benennung von Ersatzerben. Falls der urspr\u00fcnglich Bedachte vorverstorben ist oder das Erbe ausschl\u00e4gt, r\u00fcckt der Ersatzerbe nach und der Nachlass bleibt in privaten H\u00e4nden.\u201c<\/span>\n    <\/div>\n\n\n\n<p class=\"wp-block-paragraph\">Me k\u00ebshilla profesionale, rregullime t\u00eb tilla mund t\u00eb hartohen n\u00eb m\u00ebnyr\u00eb ligjore t\u00eb sigurt. K\u00ebshtu siguroheni q\u00eb pasuria juaj t\u00eb kaloj\u00eb sipas vullnetit tuaj dhe t\u00eb mos i kaloj\u00eb shtetit. <\/p>\n\n\n<a class=\"mr-cta-link mr-cta-button-cal\" href=\"#h2-booking\" title=\"Konsultim fillestar falas\"><span class=\"mr-cta-link-normal\">Zgjidhni tani dat\u00ebn e d\u00ebshiruar:<\/span><span class=\"mr-cta-link-bold\">Konsultim fillestar falas<\/span><\/a>\n<\/div><\/div>\n\n<div class=\"wp-block-group\"><div class=\"wp-block-group__inner-container\">\n<h2 class=\"wp-block-heading\" id=\"h-ihre-vorteile-mit-anwaltlicher-unterstutzung\">Avantazhet tuaja me mb\u00ebshtetje ligjore<\/h2>\n\n\n\n<p class=\"wp-block-paragraph\">E drejta e Federat\u00ebs p\u00ebr p\u00ebrvet\u00ebsim zbatohet vet\u00ebm n\u00eb raste t\u00eb rralla. Prandaj, \u00ebsht\u00eb edhe m\u00eb e r\u00ebnd\u00ebsishme t\u00eb jeni t\u00eb k\u00ebshilluar mir\u00eb ligj\u00ebrisht n\u00eb situata t\u00eb tilla. Zyra jon\u00eb ligjore ju mb\u00ebshtet me p\u00ebrvoj\u00eb shum\u00ebvje\u00e7are n\u00eb t\u00eb drejt\u00ebn trash\u00ebgimore \u2013 si n\u00eb parandalim, ashtu edhe n\u00eb procedurat n\u00eb vazhdim.  <\/p>\n\n\n\n<ul class=\"wp-block-list icon\">\n<li><strong>Planifikim individual i trash\u00ebgimis\u00eb:<\/strong> Ne ju tregojm\u00eb se si, p\u00ebrmes nj\u00eb testamenti ose nj\u00eb planifikimi t\u00eb men\u00e7ur t\u00eb trash\u00ebgimis\u00eb, t\u00eb siguroheni q\u00eb pasuria juaj t\u00eb kaloj\u00eb sipas vullnetit tuaj. K\u00ebshtu shmangni q\u00eb ajo t&#8217;i kaloj\u00eb shtetit p\u00ebr shkak t\u00eb munges\u00ebs s\u00eb trash\u00ebgimtar\u00ebve. <\/li>\n\n\n\n<li><strong>Mb\u00ebshtetje n\u00eb procedurat e trash\u00ebgimis\u00eb:<\/strong> N\u00ebse \u00ebsht\u00eb e paqart\u00eb se kush trash\u00ebgon, ne p\u00ebrfaq\u00ebsojm\u00eb interesat tuaja para gjykat\u00ebs dhe pal\u00ebve t\u00eb p\u00ebrfshira. Ne sigurojm\u00eb nj\u00eb zgjidhje t\u00eb duhur dhe ju q\u00ebndrojm\u00eb pran\u00eb me k\u00ebshilla gjat\u00eb gjith\u00eb procedur\u00ebs. <\/li>\n\n\n\n<li><strong>Zbatimi i t\u00eb drejtave tuaja:<\/strong> N\u00ebse shteti e ka p\u00ebrvet\u00ebsuar tashm\u00eb trash\u00ebgimin\u00eb, ne shqyrtojm\u00eb k\u00ebrkes\u00ebn tuaj dhe ju ndihmojm\u00eb ta b\u00ebni at\u00eb t\u00eb vlefshme n\u00eb m\u00ebnyr\u00eb efektive, p\u00ebr shembull, p\u00ebrmes nj\u00eb <a href=\"https:\/\/harlander-partner.eu\/erbschaftsklage\/\" target=\"_blank\" rel=\"noreferrer noopener\">padie trash\u00ebgimie<\/a>.<\/li>\n\n\n\n<li><strong>K\u00ebshillim p\u00ebr situata m\u00eb komplekse:<\/strong> Edhe n\u00eb rast pasigurish, si p\u00ebr shembull p\u00ebr shkak t\u00eb lidhjeve me jasht\u00eb ose dokumenteve t\u00eb mungueshme, ne ofrojm\u00eb nj\u00eb vler\u00ebsim ligjor t\u00eb besuesh\u00ebm dhe ju shoq\u00ebrojm\u00eb n\u00eb t\u00eb gjitha hapat e nevojsh\u00ebm.<\/li>\n<\/ul>\n\n\n    <div class=\"mr-quote mrbg clearfix\">\n        <a class=\"mr-quote-person\" href=\"\/ueber-uns\/rechtsanwalt-sebastian-riedlmair\/\" title=\"Rechtsanwalt Sebastian Riedlmair\">\n            <img decoding=\"async\" class=\"mr-quote-person-img\" src=\"https:\/\/harlander-partner.eu\/wp-content\/themes\/harlander\/design\/sr100.webp\" width=\"100\"\n                 height=\"100\" loading=\"lazy\" alt=\"Rechtsanwalt Sebastian Riedlmair\">\n            <span class=\"mr-quote-person-text\">\n            Sebastian Riedlmair<br>\n            <span class=\"mr-quote-person-function\">Harlander &amp; Partner Rechtsanw\u00e4lte<\/span>\n        <\/span>\n        <\/a>\n        <span class=\"mr-quote-content\">\u201eWer seine Erbanspr\u00fcche nicht rechtzeitig anmeldet, riskiert, dass der Staat den Nachlass \u00fcbernimmt.\u201c<\/span>\n    <\/div>\n\n\n\n<p class=\"wp-block-paragraph\">Specializimi yn\u00eb n\u00eb t\u00eb drejt\u00ebn trash\u00ebgimore garanton nj\u00eb k\u00ebshillim t\u00eb thelluar dhe t\u00eb barabart\u00eb \u2013 t\u00eb kuptuesh\u00ebm, t\u00eb orientuar drejt q\u00ebllimit dhe me fokus n\u00eb interesat tuaja.<\/p>\n\n\n<a class=\"mr-cta-link mr-cta-button-cal\" href=\"#h2-booking\" title=\"Konsultim fillestar falas\"><span class=\"mr-cta-link-normal\">Zgjidhni tani dat\u00ebn e d\u00ebshiruar:<\/span><span class=\"mr-cta-link-bold\">Konsultim fillestar falas<\/span><\/a>\n<\/div><\/div>\n\n<h2 class=\"wp-block-heading\" id=\"h-haufig-gestellte-fragen-faq\">Pyetje t\u00eb shpeshta \u2013 FAQ<\/h2>\n<div class=\"wp-block-uagb-faq uagb-faq__outer-wrap uagb-block-972c8b74 uagb-faq-icon-row uagb-faq-layout-accordion uagb-faq-expand-first-true uagb-faq-inactive-other-true uagb-faq__wrap uagb-buttons-layout-wrap uagb-faq-equal-height     \" data-faqtoggle=\"true\" role=\"tablist\"><div class=\"wp-block-uagb-faq-child uagb-faq-child__outer-wrap uagb-faq-item uagb-block-6b30bb7b \" role=\"tab\" tabindex=\"0\"><div class=\"uagb-faq-questions-button uagb-faq-questions\">\t\t\t<span class=\"uagb-icon uagb-faq-icon-wrap\">\n\t\t\t\t\t\t\t\t<svg xmlns=\"https:\/\/www.w3.org\/2000\/svg\" viewBox= \"0 0 448 512\"><path d=\"M432 256c0 17.69-14.33 32.01-32 32.01H256v144c0 17.69-14.33 31.99-32 31.99s-32-14.3-32-31.99v-144H48c-17.67 0-32-14.32-32-32.01s14.33-31.99 32-31.99H192v-144c0-17.69 14.33-32.01 32-32.01s32 14.32 32 32.01v144h144C417.7 224 432 238.3 432 256z\"><\/path><\/svg>\n\t\t\t\t\t\t\t<\/span>\n\t\t\t\t\t\t<span class=\"uagb-icon-active uagb-faq-icon-wrap\">\n\t\t\t\t\t\t\t\t<svg xmlns=\"https:\/\/www.w3.org\/2000\/svg\" viewBox= \"0 0 448 512\"><path d=\"M400 288h-352c-17.69 0-32-14.32-32-32.01s14.31-31.99 32-31.99h352c17.69 0 32 14.3 32 31.99S417.7 288 400 288z\"><\/path><\/svg>\n\t\t\t\t\t\t\t<\/span>\n\t\t\t<span class=\"uagb-question\">\u00c7far\u00eb n\u00ebnkupton e drejta e Federat\u00ebs p\u00ebr p\u00ebrvet\u00ebsim?<\/span><\/div><div class=\"uagb-faq-content\"><p>N\u00ebse nuk ka asnj\u00eb person me t\u00eb drejt\u00eb trash\u00ebgimie dhe askush tjet\u00ebr nuk e merr trash\u00ebgimin\u00eb, shteti mund t\u00eb p\u00ebrvet\u00ebsoj\u00eb t\u00eb gjith\u00eb pasurin\u00eb e l\u00ebn\u00eb. Ai z\u00eb k\u00ebshtu vendin e nj\u00eb trash\u00ebgimtari, por vet\u00ebm n\u00eb kushte t\u00eb rrepta. <\/p><\/div><\/div><div class=\"wp-block-uagb-faq-child uagb-faq-child__outer-wrap uagb-faq-item uagb-block-5426c70c \" role=\"tab\" tabindex=\"0\"><div class=\"uagb-faq-questions-button uagb-faq-questions\">\t\t\t<span class=\"uagb-icon uagb-faq-icon-wrap\">\n\t\t\t\t\t\t\t\t<svg xmlns=\"https:\/\/www.w3.org\/2000\/svg\" viewBox= \"0 0 448 512\"><path d=\"M432 256c0 17.69-14.33 32.01-32 32.01H256v144c0 17.69-14.33 31.99-32 31.99s-32-14.3-32-31.99v-144H48c-17.67 0-32-14.32-32-32.01s14.33-31.99 32-31.99H192v-144c0-17.69 14.33-32.01 32-32.01s32 14.32 32 32.01v144h144C417.7 224 432 238.3 432 256z\"><\/path><\/svg>\n\t\t\t\t\t\t\t<\/span>\n\t\t\t\t\t\t<span class=\"uagb-icon-active uagb-faq-icon-wrap\">\n\t\t\t\t\t\t\t\t<svg xmlns=\"https:\/\/www.w3.org\/2000\/svg\" viewBox= \"0 0 448 512\"><path d=\"M400 288h-352c-17.69 0-32-14.32-32-32.01s14.31-31.99 32-31.99h352c17.69 0 32 14.3 32 31.99S417.7 288 400 288z\"><\/path><\/svg>\n\t\t\t\t\t\t\t<\/span>\n\t\t\t<span class=\"uagb-question\">Kur mundet shteti t\u00eb p\u00ebrvet\u00ebsoj\u00eb nj\u00eb trash\u00ebgimi?<\/span><\/div><div class=\"uagb-faq-content\"><p>Vet\u00ebm n\u00ebse nuk ka trash\u00ebgimtar\u00eb ligjor\u00eb, testamentar\u00eb ose t\u00eb tjer\u00eb, ose n\u00ebse trash\u00ebgimtar\u00ebt e refuzojn\u00eb ose nuk e pranojn\u00eb trash\u00ebgimin\u00eb n\u00eb m\u00ebnyr\u00eb efektive. Gjithashtu, nuk duhet t\u00eb ekzistojn\u00eb as p\u00ebrfitues t\u00eb legatit apo transmisar\u00eb. <\/p><\/div><\/div><div class=\"wp-block-uagb-faq-child uagb-faq-child__outer-wrap uagb-faq-item uagb-block-9182742b \" role=\"tab\" tabindex=\"0\"><div class=\"uagb-faq-questions-button uagb-faq-questions\">\t\t\t<span class=\"uagb-icon uagb-faq-icon-wrap\">\n\t\t\t\t\t\t\t\t<svg xmlns=\"https:\/\/www.w3.org\/2000\/svg\" viewBox= \"0 0 448 512\"><path d=\"M432 256c0 17.69-14.33 32.01-32 32.01H256v144c0 17.69-14.33 31.99-32 31.99s-32-14.3-32-31.99v-144H48c-17.67 0-32-14.32-32-32.01s14.33-31.99 32-31.99H192v-144c0-17.69 14.33-32.01 32-32.01s32 14.32 32 32.01v144h144C417.7 224 432 238.3 432 256z\"><\/path><\/svg>\n\t\t\t\t\t\t\t<\/span>\n\t\t\t\t\t\t<span class=\"uagb-icon-active uagb-faq-icon-wrap\">\n\t\t\t\t\t\t\t\t<svg xmlns=\"https:\/\/www.w3.org\/2000\/svg\" viewBox= \"0 0 448 512\"><path d=\"M400 288h-352c-17.69 0-32-14.32-32-32.01s14.31-31.99 32-31.99h352c17.69 0 32 14.3 32 31.99S417.7 288 400 288z\"><\/path><\/svg>\n\t\t\t\t\t\t\t<\/span>\n\t\t\t<span class=\"uagb-question\">A duhet Federata t\u00eb ushtroj\u00eb t\u00eb drejt\u00ebn e p\u00ebrvet\u00ebsimit?<\/span><\/div><div class=\"uagb-faq-content\"><p>Jo. Shteti nuk \u00ebsht\u00eb i detyruar t\u00eb marr\u00eb p\u00ebrsip\u00ebr trash\u00ebgimin\u00eb. Ai mund t\u00eb heq\u00eb dor\u00eb prej saj, ve\u00e7an\u00ebrisht n\u00ebse trash\u00ebgimia \u00ebsht\u00eb me borxhe t\u00eb m\u00ebdha.  <\/p><\/div><\/div><div class=\"wp-block-uagb-faq-child uagb-faq-child__outer-wrap uagb-faq-item uagb-block-ca784301 \" role=\"tab\" tabindex=\"0\"><div class=\"uagb-faq-questions-button uagb-faq-questions\">\t\t\t<span class=\"uagb-icon uagb-faq-icon-wrap\">\n\t\t\t\t\t\t\t\t<svg xmlns=\"https:\/\/www.w3.org\/2000\/svg\" viewBox= \"0 0 448 512\"><path d=\"M432 256c0 17.69-14.33 32.01-32 32.01H256v144c0 17.69-14.33 31.99-32 31.99s-32-14.3-32-31.99v-144H48c-17.67 0-32-14.32-32-32.01s14.33-31.99 32-31.99H192v-144c0-17.69 14.33-32.01 32-32.01s32 14.32 32 32.01v144h144C417.7 224 432 238.3 432 256z\"><\/path><\/svg>\n\t\t\t\t\t\t\t<\/span>\n\t\t\t\t\t\t<span class=\"uagb-icon-active uagb-faq-icon-wrap\">\n\t\t\t\t\t\t\t\t<svg xmlns=\"https:\/\/www.w3.org\/2000\/svg\" viewBox= \"0 0 448 512\"><path d=\"M400 288h-352c-17.69 0-32-14.32-32-32.01s14.31-31.99 32-31.99h352c17.69 0 32 14.3 32 31.99S417.7 288 400 288z\"><\/path><\/svg>\n\t\t\t\t\t\t\t<\/span>\n\t\t\t<span class=\"uagb-question\">Si ndryshon shteti si marr\u00ebs i trash\u00ebgimis\u00eb nga nj\u00eb trash\u00ebgimtar?<\/span><\/div><div class=\"uagb-faq-content\"><p>Shteti b\u00ebhet marr\u00ebs i trash\u00ebgimis\u00eb jo p\u00ebrmes pranimit t\u00eb trash\u00ebgimis\u00eb, por p\u00ebrmes nj\u00eb vendimi sovran dor\u00ebzimi. Ai p\u00ebrgjigjet vet\u00ebm me vler\u00ebn e aktiveve t\u00eb marra. <\/p><\/div><\/div><div class=\"wp-block-uagb-faq-child uagb-faq-child__outer-wrap uagb-faq-item uagb-block-3fac9d4e \" role=\"tab\" tabindex=\"0\"><div class=\"uagb-faq-questions-button uagb-faq-questions\">\t\t\t<span class=\"uagb-icon uagb-faq-icon-wrap\">\n\t\t\t\t\t\t\t\t<svg xmlns=\"https:\/\/www.w3.org\/2000\/svg\" viewBox= \"0 0 448 512\"><path d=\"M432 256c0 17.69-14.33 32.01-32 32.01H256v144c0 17.69-14.33 31.99-32 31.99s-32-14.3-32-31.99v-144H48c-17.67 0-32-14.32-32-32.01s14.33-31.99 32-31.99H192v-144c0-17.69 14.33-32.01 32-32.01s32 14.32 32 32.01v144h144C417.7 224 432 238.3 432 256z\"><\/path><\/svg>\n\t\t\t\t\t\t\t<\/span>\n\t\t\t\t\t\t<span class=\"uagb-icon-active uagb-faq-icon-wrap\">\n\t\t\t\t\t\t\t\t<svg xmlns=\"https:\/\/www.w3.org\/2000\/svg\" viewBox= \"0 0 448 512\"><path d=\"M400 288h-352c-17.69 0-32-14.32-32-32.01s14.31-31.99 32-31.99h352c17.69 0 32 14.3 32 31.99S417.7 288 400 288z\"><\/path><\/svg>\n\t\t\t\t\t\t\t<\/span>\n\t\t\t<span class=\"uagb-question\">A mund t\u00eb parandalohet p\u00ebrvet\u00ebsimi nga shteti?<\/span><\/div><div class=\"uagb-faq-content\"><p>Po. Kush nuk ka t\u00eb af\u00ebrm t\u00eb ngusht\u00eb si trash\u00ebgimtar\u00eb ligjor\u00eb, mund t\u00eb hartoj\u00eb nj\u00eb testament p\u00ebr t\u00eb caktuar persona t\u00eb tjer\u00eb si trash\u00ebgimtar\u00eb. <\/p><\/div><\/div><div class=\"wp-block-uagb-faq-child uagb-faq-child__outer-wrap uagb-faq-item uagb-block-d6591928 \" role=\"tab\" tabindex=\"0\"><div class=\"uagb-faq-questions-button uagb-faq-questions\">\t\t\t<span class=\"uagb-icon uagb-faq-icon-wrap\">\n\t\t\t\t\t\t\t\t<svg xmlns=\"https:\/\/www.w3.org\/2000\/svg\" viewBox= \"0 0 448 512\"><path d=\"M432 256c0 17.69-14.33 32.01-32 32.01H256v144c0 17.69-14.33 31.99-32 31.99s-32-14.3-32-31.99v-144H48c-17.67 0-32-14.32-32-32.01s14.33-31.99 32-31.99H192v-144c0-17.69 14.33-32.01 32-32.01s32 14.32 32 32.01v144h144C417.7 224 432 238.3 432 256z\"><\/path><\/svg>\n\t\t\t\t\t\t\t<\/span>\n\t\t\t\t\t\t<span class=\"uagb-icon-active uagb-faq-icon-wrap\">\n\t\t\t\t\t\t\t\t<svg xmlns=\"https:\/\/www.w3.org\/2000\/svg\" viewBox= \"0 0 448 512\"><path d=\"M400 288h-352c-17.69 0-32-14.32-32-32.01s14.31-31.99 32-31.99h352c17.69 0 32 14.3 32 31.99S417.7 288 400 288z\"><\/path><\/svg>\n\t\t\t\t\t\t\t<\/span>\n\t\t\t<span class=\"uagb-question\">\u00c7far\u00eb \u00ebsht\u00eb nj\u00eb padi p\u00ebr p\u00ebrvet\u00ebsim?<\/span><\/div><div class=\"uagb-faq-content\"><p>N\u00ebse trash\u00ebgimia i ka kaluar gabimisht nj\u00eb personi t\u00eb paautorizuar, shteti mund ta padis\u00eb at\u00eb n\u00eb gjykat\u00eb p\u00ebr kthimin e saj. Anasjelltas, edhe nj\u00eb trash\u00ebgimtar i v\u00ebrtet\u00eb mund t\u00eb padis\u00eb Federat\u00ebn, n\u00ebse kjo e fundit ka marr\u00eb padrejt\u00ebsisht nj\u00eb trash\u00ebgimi. <\/p><\/div><\/div><div class=\"wp-block-uagb-faq-child uagb-faq-child__outer-wrap uagb-faq-item uagb-block-b99161ed \" role=\"tab\" tabindex=\"0\"><div class=\"uagb-faq-questions-button uagb-faq-questions\">\t\t\t<span class=\"uagb-icon uagb-faq-icon-wrap\">\n\t\t\t\t\t\t\t\t<svg xmlns=\"https:\/\/www.w3.org\/2000\/svg\" viewBox= \"0 0 448 512\"><path d=\"M432 256c0 17.69-14.33 32.01-32 32.01H256v144c0 17.69-14.33 31.99-32 31.99s-32-14.3-32-31.99v-144H48c-17.67 0-32-14.32-32-32.01s14.33-31.99 32-31.99H192v-144c0-17.69 14.33-32.01 32-32.01s32 14.32 32 32.01v144h144C417.7 224 432 238.3 432 256z\"><\/path><\/svg>\n\t\t\t\t\t\t\t<\/span>\n\t\t\t\t\t\t<span class=\"uagb-icon-active uagb-faq-icon-wrap\">\n\t\t\t\t\t\t\t\t<svg xmlns=\"https:\/\/www.w3.org\/2000\/svg\" viewBox= \"0 0 448 512\"><path d=\"M400 288h-352c-17.69 0-32-14.32-32-32.01s14.31-31.99 32-31.99h352c17.69 0 32 14.3 32 31.99S417.7 288 400 288z\"><\/path><\/svg>\n\t\t\t\t\t\t\t<\/span>\n\t\t\t<span class=\"uagb-question\">Kur duhet t\u00eb k\u00ebrkoni k\u00ebshilla ligjore?<\/span><\/div><div class=\"uagb-faq-content\"><p>Sapo t\u00eb jet\u00eb e paqart\u00eb se kush duhet t\u00eb trash\u00ebgoj\u00eb ose n\u00ebse shteti vjen n\u00eb konsiderat\u00eb si marr\u00ebs i trash\u00ebgimis\u00eb. Edhe n\u00eb planifikimin e trash\u00ebgimis\u00eb, mb\u00ebshtetja ligjore \u00ebsht\u00eb e k\u00ebshillueshme. <\/p><\/div><\/div><\/div><a class=\"mr-cta-link mr-cta-button-cal\" href=\"#h2-booking\" title=\"Konsultim fillestar falas\"><span class=\"mr-cta-link-normal\">Zgjidhni tani dat\u00ebn e d\u00ebshiruar:<\/span><span class=\"mr-cta-link-bold\">Konsultim fillestar falas<\/span><\/a>\n","protected":false},"excerpt":{"rendered":"E drejta e Federat\u00ebs p\u00ebr p\u00ebrvet\u00ebsim E drejta e Federat\u00ebs p\u00ebr p\u00ebrvet\u00ebsim n\u00eb t\u00eb drejt\u00ebn trash\u00ebgimore austriake ka si pasoj\u00eb q\u00eb e gjith\u00eb pasuria kalon automatikisht te shteti, n\u00ebse nuk &#8230;","protected":false},"author":25,"featured_media":47634,"parent":44847,"menu_order":5,"comment_status":"closed","ping_status":"closed","template":"","meta":{"_acf_changed":false,"_uag_custom_page_level_css":"","footnotes":""},"categories":[827],"tags":[],"class_list":["post-47632","page","type-page","status-publish","has-post-thumbnail","hentry","category-e-drejta-e-trashegimise-kujdesi-paraprak"],"acf":[],"uagb_featured_image_src":{"full":["https:\/\/harlander-partner.eu\/wp-content\/uploads\/Aneignung-des-Bundes.webp",1920,1080,false],"thumbnail":["https:\/\/harlander-partner.eu\/wp-content\/uploads\/Aneignung-des-Bundes-100x100.webp",100,100,true],"medium":["https:\/\/harlander-partner.eu\/wp-content\/uploads\/Aneignung-des-Bundes-800x450.webp",800,450,true],"medium_large":["https:\/\/harlander-partner.eu\/wp-content\/uploads\/Aneignung-des-Bundes.webp",1920,1080,false],"large":["https:\/\/harlander-partner.eu\/wp-content\/uploads\/Aneignung-des-Bundes.webp",1920,1080,false],"1536x1536":["https:\/\/harlander-partner.eu\/wp-content\/uploads\/Aneignung-des-Bundes.webp",1536,864,false],"2048x2048":["https:\/\/harlander-partner.eu\/wp-content\/uploads\/Aneignung-des-Bundes.webp",1920,1080,false],"336x":["https:\/\/harlander-partner.eu\/wp-content\/uploads\/Aneignung-des-Bundes-336x189.webp",336,189,true],"352x":["https:\/\/harlander-partner.eu\/wp-content\/uploads\/Aneignung-des-Bundes-352x198.webp",352,198,true],"woocommerce_thumbnail":["https:\/\/harlander-partner.eu\/wp-content\/uploads\/Aneignung-des-Bundes-300x300.webp",300,300,true],"woocommerce_single":["https:\/\/harlander-partner.eu\/wp-content\/uploads\/Aneignung-des-Bundes-600x338.webp",600,338,true],"woocommerce_gallery_thumbnail":["https:\/\/harlander-partner.eu\/wp-content\/uploads\/Aneignung-des-Bundes-100x100.webp",100,100,true],"yarpp-thumbnail":["https:\/\/harlander-partner.eu\/wp-content\/uploads\/Aneignung-des-Bundes-120x120.webp",120,120,true]},"uagb_author_info":{"display_name":"Simon Prem","author_link":"https:\/\/harlander-partner.eu\/sq\/author\/simon-prem\/"},"uagb_comment_info":0,"uagb_excerpt":"E drejta e Federat\u00ebs p\u00ebr p\u00ebrvet\u00ebsim E drejta e Federat\u00ebs p\u00ebr p\u00ebrvet\u00ebsim n\u00eb t\u00eb drejt\u00ebn trash\u00ebgimore austriake ka si pasoj\u00eb q\u00eb e gjith\u00eb pasuria kalon automatikisht te shteti, n\u00ebse nuk ...","_links":{"self":[{"href":"https:\/\/harlander-partner.eu\/sq\/wp-json\/wp\/v2\/pages\/47632","targetHints":{"allow":["GET"]}}],"collection":[{"href":"https:\/\/harlander-partner.eu\/sq\/wp-json\/wp\/v2\/pages"}],"about":[{"href":"https:\/\/harlander-partner.eu\/sq\/wp-json\/wp\/v2\/types\/page"}],"author":[{"embeddable":true,"href":"https:\/\/harlander-partner.eu\/sq\/wp-json\/wp\/v2\/users\/25"}],"replies":[{"embeddable":true,"href":"https:\/\/harlander-partner.eu\/sq\/wp-json\/wp\/v2\/comments?post=47632"}],"version-history":[{"count":0,"href":"https:\/\/harlander-partner.eu\/sq\/wp-json\/wp\/v2\/pages\/47632\/revisions"}],"up":[{"embeddable":true,"href":"https:\/\/harlander-partner.eu\/sq\/wp-json\/wp\/v2\/pages\/44847"}],"wp:featuredmedia":[{"embeddable":true,"href":"https:\/\/harlander-partner.eu\/sq\/wp-json\/wp\/v2\/media\/47634"}],"wp:attachment":[{"href":"https:\/\/harlander-partner.eu\/sq\/wp-json\/wp\/v2\/media?parent=47632"}],"wp:term":[{"taxonomy":"category","embeddable":true,"href":"https:\/\/harlander-partner.eu\/sq\/wp-json\/wp\/v2\/categories?post=47632"},{"taxonomy":"post_tag","embeddable":true,"href":"https:\/\/harlander-partner.eu\/sq\/wp-json\/wp\/v2\/tags?post=47632"}],"curies":[{"name":"wp","href":"https:\/\/api.w.org\/{rel}","templated":true}]}}