{"id":46548,"date":"2025-09-02T14:21:09","date_gmt":"2025-09-02T12:21:09","guid":{"rendered":"https:\/\/harlander-partner.eu\/gjykata-federale-administrative\/"},"modified":"2025-11-25T13:59:53","modified_gmt":"2025-11-25T12:59:53","slug":"gjykata-federale-administrative","status":"publish","type":"page","link":"https:\/\/harlander-partner.eu\/sq\/gjykata\/gjykata-federale-administrative\/","title":{"rendered":"Gjykata Federale Administrative"},"content":{"rendered":"\n<div class=\"wp-block-yoast-seo-table-of-contents yoast-table-of-contents\"><h2>Gjykata Federale Administrative<\/h2><ul><li><a href=\"#h-bundesverwaltungsgericht\" data-level=\"2\">Gjykata Federale Administrative<\/a><\/li><li><a href=\"#h-verfahren-vor-dem-bundesverwaltungsgericht\" data-level=\"2\">Procedurat para Gjykat\u00ebs Federale Administrative<\/a><\/li><li><a href=\"#h-beschwerdefristen\" data-level=\"2\">Afatet e ankesave<\/a><\/li><li><a href=\"#h-einbringung-von-beschwerden\" data-level=\"2\">Paraqitja e ankesave<\/a><\/li><li><a href=\"#h-form-und-inhalt-einer-beschwerde\" data-level=\"2\">Forma dhe p\u00ebrmbajtja e nj\u00eb ankese<\/a><\/li><li><a href=\"#h-anwaltspflicht\" data-level=\"2\">Detyrimi p\u00ebr avokat<\/a><\/li><li><a href=\"#h-akteneinsicht\" data-level=\"2\">Inspektimi i dosjes<\/a><\/li><li><a href=\"#h-sitz-und-erreichbarkeit\" data-level=\"2\">Selia dhe qasja<\/a><ul><li><a href=\"#h-aussenstellen\" data-level=\"3\">Zyrat rajonale<\/a><\/li><\/ul><\/li><li><a href=\"#h-sicherheitskontrolle\" data-level=\"2\">Kontrolli i siguris\u00eb<\/a><\/li><li><a href=\"#h-ihre-vorteile-mit-anwaltlicher-unterstutzung\" data-level=\"2\">Avantazhet tuaja me mb\u00ebshtetje ligjore<\/a><\/li><\/ul><\/div>\n\n<h2 class=\"wp-block-heading\" id=\"h-bundesverwaltungsgericht\">Gjykata Federale Administrative<\/h2>\n\n<p class=\"wp-block-paragraph\">Gjykata Federale Administrative \u00ebsht\u00eb nj\u00eb gjykat\u00eb qendrore n\u00eb Austri, e cila shqyrton ankesat kund\u00ebr vendimeve dhe veprimeve t\u00eb autoriteteve administrative. Ajo siguron q\u00eb veprimet shtet\u00ebrore t\u00eb bazohen n\u00eb nj\u00eb themel ligjor dhe q\u00eb t\u00eb drejtat e qytetar\u00ebve t\u00eb mos shkelen. <\/p>\n\n<div class=\"wp-block-uagb-container uagb-block-3019fe8e alignfull uagb-is-root-container\">\n<div class=\"wp-block-uagb-container uagb-block-32585033\">\n<p class=\"wp-block-paragraph\">Gjykata Federale Administrative shqyrton vendimet dhe veprimet e autoriteteve administrative p\u00ebr ligjshm\u00ebrin\u00eb e tyre.<\/p>\n<\/div>\n\n\n\n<div class=\"wp-block-uagb-container uagb-block-45819ab6\"><picture>\r\n\t\t<source srcset=\"\" >\r\n\t\t<img decoding=\"async\" class=\"mr-picture-small\" src=\"\" alt=\"Informacion mbi Gjykat\u00ebn Federale Administrative. Procedurat, afatet, ankesat dhe kompetencat shpjegohen n\u00eb m\u00ebnyr\u00eb koncize.\" >\r\n\t<\/picture>\n<\/div>\n<\/div>\n    <div class=\"mr-quote mrbg clearfix\">\n        <a class=\"mr-quote-person\" href=\"\/ueber-uns\/rechtsanwalt-peter-harlander\/\" title=\"Rechtsanwalt Peter Harlander\">\n            <img decoding=\"async\" class=\"mr-quote-person-img\" src=\"https:\/\/harlander-partner.eu\/wp-content\/themes\/harlander\/design\/ph100.webp\" width=\"100\"\n                 height=\"100\" loading=\"lazy\" alt=\"Rechtsanwalt Peter Harlander\">\n            <span class=\"mr-quote-person-text\">\n            Peter Harlander<br>\n            <span class=\"mr-quote-person-function\">Harlander &amp; Partner Rechtsanw\u00e4lte<\/span>\n        <\/span>\n        <\/a>\n        <span class=\"mr-quote-content\">\u201eDas Bundesverwaltungsgericht bildet die zentrale Kontrollinstanz gegen\u00fcber verwaltungsbeh\u00f6rdlichen Entscheidungen und gew\u00e4hrleistet den Rechtsschutz.\u201c<\/span>\n    <\/div>\n\n<h2 class=\"wp-block-heading\" id=\"h-verfahren-vor-dem-bundesverwaltungsgericht\"> Procedurat para Gjykat\u00ebs Federale Administrative<\/h2>\n\n<p class=\"wp-block-paragraph\">Nj\u00eb procedur\u00eb zakonisht fillon me paraqitjen e nj\u00eb <strong>ankese<\/strong>. Llojet kryesore t\u00eb ankesave jan\u00eb: <\/p>\n\n<ul class=\"wp-block-list\">\n<li><strong>Ankes\u00eb kund\u00ebr vendimit<\/strong>: kund\u00ebr vendimeve t\u00eb nj\u00eb autoriteti administrativ p\u00ebr shkak t\u00eb paligjshm\u00ebris\u00eb.<\/li>\n\n\n\n<li><strong>Ankes\u00eb kund\u00ebr mas\u00ebs<\/strong>: kund\u00ebr akteve t\u00eb urdhrit dhe detyrimit t\u00eb drejtp\u00ebrdrejt\u00eb.<\/li>\n\n\n\n<li><strong>Ankes\u00eb p\u00ebr mosveprim<\/strong>: n\u00ebse nj\u00eb autoritet administrativ shkel detyrimin e tij p\u00ebr t\u00eb marr\u00eb vendim.<\/li>\n<\/ul>\n\n<p class=\"wp-block-paragraph\">Sapo nj\u00eb ankes\u00eb i paraqitet Gjykat\u00ebs Federale Administrative (ankesat kund\u00ebr masave paraqiten drejtp\u00ebrdrejt atje), ajo \u00ebsht\u00eb p\u00ebrgjegj\u00ebse p\u00ebr t\u00eb gjith\u00eb procedur\u00ebn. Nga ky moment, t\u00eb gjitha shkresat duhet t\u00eb paraqiten drejtp\u00ebrdrejt n\u00eb gjykat\u00eb. <\/p>\n\n<p class=\"wp-block-paragraph\">Caktimi b\u00ebhet sipas rregullave t\u00eb <strong>ndarjes s\u00eb pun\u00ebs<\/strong>, ose te nj\u00eb gjyqtar i vet\u00ebm\/gjyqtare e vetme, ose te nj\u00eb senat. Gjykata shqyrton n\u00eb m\u00ebnyr\u00eb t\u00eb plot\u00eb vendimin e kund\u00ebrshtuar ose aktin administrativ dhe vendos brenda nj\u00eb afati ligjor, zakonisht gjasht\u00eb muaj. <\/p>\n\n<p class=\"wp-block-paragraph\">N\u00ebse nj\u00eb vendim mungon, ekziston mund\u00ebsia e nj\u00eb <strong>k\u00ebrkese p\u00ebr caktimin e afatit<\/strong> n\u00eb Gjykat\u00ebn Administrative <a href=\"https:\/\/www.ris.bka.gv.at\/NormDokument.wxe?Abfrage=Bundesnormen&amp;Gesetzesnummer=10000795&amp;Artikel=&amp;Paragraf=38&amp;Anlage=&amp;Uebergangsrecht=\" target=\"_blank\" rel=\"noreferrer noopener\">(\u00a7 38 VwGG<\/a>).<\/p>\n    <div class=\"mr-quote mrbg clearfix\">\n        <a class=\"mr-quote-person\" href=\"\/ueber-uns\/rechtsanwalt-sebastian-riedlmair\/\" title=\"Rechtsanwalt Sebastian Riedlmair\">\n            <img decoding=\"async\" class=\"mr-quote-person-img\" src=\"https:\/\/harlander-partner.eu\/wp-content\/themes\/harlander\/design\/sr100.webp\" width=\"100\"\n                 height=\"100\" loading=\"lazy\" alt=\"Rechtsanwalt Sebastian Riedlmair\">\n            <span class=\"mr-quote-person-text\">\n            Sebastian Riedlmair<br>\n            <span class=\"mr-quote-person-function\">Harlander &amp; Partner Rechtsanw\u00e4lte<\/span>\n        <\/span>\n        <\/a>\n        <span class=\"mr-quote-content\">\u201eDie unterschiedlichen Beschwerdearten er\u00f6ffnen Betroffenen klare Wege, um gegen rechtswidriges Verhalten von Beh\u00f6rden vorzugehen.\u201c<\/span>\n    <\/div>\n<a class=\"mr-cta-link mr-cta-button-cal\" href=\"#h2-booking\" title=\"Konsultim fillestar falas\"><span class=\"mr-cta-link-normal\">Zgjidhni tani dat\u00ebn e d\u00ebshiruar:<\/span><span class=\"mr-cta-link-bold\">Konsultim fillestar falas<\/span><\/a>\n\n<h2 class=\"wp-block-heading\" id=\"h-beschwerdefristen\">Afatet e ankesave<\/h2>\n\n<ul class=\"wp-block-list\">\n<li>Ankes\u00eb kund\u00ebr vendimit: zakonisht <strong>kat\u00ebr jav\u00eb<\/strong><\/li>\n\n\n\n<li>Ankes\u00eb kund\u00ebr mas\u00ebs: zakonisht <strong>gjasht\u00eb jav\u00eb<\/strong><\/li>\n<\/ul>\n\n<p class=\"wp-block-paragraph\">Devijimet mund t\u00eb rezultojn\u00eb nga dispozitat e s\u00eb drejt\u00ebs s\u00eb Unionit ose komb\u00ebtare. Udh\u00ebzimi p\u00ebr mjetet juridike \u00ebsht\u00eb gjithmon\u00eb vendimtar. <\/p>\n\n<h2 class=\"wp-block-heading\" id=\"h-einbringung-von-beschwerden\">Paraqitja e ankesave<\/h2>\n\n<ul class=\"wp-block-list\">\n<li>N\u00eb parim, ankesat duhet t\u00eb paraqiten fillimisht pran\u00eb autoritetit q\u00eb ka nxjerr\u00eb vendimin ose q\u00eb ka mbetur n\u00eb vones\u00eb.<\/li>\n\n\n\n<li>Vet\u00ebm ankesat kund\u00ebr masave duhet t\u00eb paraqiten <strong>drejtp\u00ebrdrejt<\/strong> n\u00eb Gjykat\u00ebn Federale Administrative.<\/li>\n\n\n\n<li>Vet\u00ebm pas paraqitjes nga ana e autoritetit, gjykata \u00ebsht\u00eb pika e drejtp\u00ebrdrejt\u00eb e kontaktit p\u00ebr shkresat.<\/li>\n<\/ul>\n\n<p class=\"wp-block-paragraph\">Paraqitjet jan\u00eb n\u00eb parim me pages\u00eb, p\u00ebrve\u00e7 n\u00ebse \u00ebsht\u00eb parashikuar nj\u00eb p\u00ebrjashtim ligjor nga tarifat.<\/p>\n\n<h2 class=\"wp-block-heading\" id=\"h-form-und-inhalt-einer-beschwerde\">Forma dhe p\u00ebrmbajtja e nj\u00eb ankese<\/h2>\n\n<p class=\"wp-block-paragraph\">Nj\u00eb ankes\u00eb duhet t\u00eb p\u00ebrmbaj\u00eb:<\/p>\n\n<ul class=\"wp-block-list\">\n<li>P\u00ebrcaktimi i vendimit ose mas\u00ebs s\u00eb kund\u00ebrshtuar<\/li>\n\n\n\n<li>P\u00ebrcaktimi i autoritetit p\u00ebrkat\u00ebs ose organit veprues<\/li>\n\n\n\n<li>Arsyet p\u00ebr paligjshm\u00ebrin\u00eb e pretenduar<\/li>\n\n\n\n<li>nj\u00eb k\u00ebrkes\u00eb konkrete<\/li>\n\n\n\n<li>T\u00eb dh\u00ebna p\u00ebr respektimin e afatit<\/li>\n<\/ul>\n\n<p class=\"wp-block-paragraph\">N\u00eb rastin e ankesave p\u00ebr mosveprim, mjafton nj\u00eb k\u00ebrkes\u00eb p\u00ebr nxjerrjen e vendimit. Ankesat e paplota mund t\u00eb korrigjohen me an\u00eb t\u00eb nj\u00eb urdhri p\u00ebr p\u00ebrmir\u00ebsim. <\/p>\n\n<h2 class=\"wp-block-heading\" id=\"h-anwaltspflicht\">Detyrimi p\u00ebr avokat<\/h2>\n\n<p class=\"wp-block-paragraph\">Para Gjykat\u00ebs Federale Administrative <strong>nuk ka detyrim p\u00ebr avokat<\/strong>. \u00c7do pal\u00eb mund t\u00eb p\u00ebrfaq\u00ebsoj\u00eb veten. Megjithat\u00eb, \u00ebsht\u00eb e lir\u00eb t\u00eb autorizoj\u00eb nj\u00eb avokat, gj\u00eb q\u00eb \u00ebsht\u00eb ve\u00e7an\u00ebrisht e dobishme n\u00eb procedurat m\u00eb komplekse.  <\/p>\n\n<h2 class=\"wp-block-heading\" id=\"h-akteneinsicht\">Inspektimi i dosjes<\/h2>\n\n<p class=\"wp-block-paragraph\">Ankimuesit dhe p\u00ebrfaq\u00ebsuesit e tyre kan\u00eb t\u00eb drejt\u00ebn e konsultimit t\u00eb dosjeve. Ata mund t\u00eb b\u00ebjn\u00eb kopje n\u00eb vend ose t\u00eb k\u00ebrkojn\u00eb kopje. Pjes\u00eb t\u00eb caktuara t\u00eb dosjes mund t\u00eb p\u00ebrjashtohen nga konsultimi p\u00ebr arsye t\u00eb interesit publik.  <\/p>\n<a class=\"mr-cta-link mr-cta-button-cal\" href=\"#h2-booking\" title=\"Konsultim fillestar falas\"><span class=\"mr-cta-link-normal\">Zgjidhni tani dat\u00ebn e d\u00ebshiruar:<\/span><span class=\"mr-cta-link-bold\">Konsultim fillestar falas<\/span><\/a>\n\n<h2 class=\"wp-block-heading\" id=\"h-sitz-und-erreichbarkeit\">Selia dhe qasja<\/h2>\n\n<p class=\"wp-block-paragraph\"><strong>Gjykata Federale Administrative \u2013 Selia Qendrore Vjen\u00eb<\/strong><br\/>Erdbergstra\u00dfe\u202f192\u2013196, 1030\u202fVjen\u00eb<\/p>\n\n<h3 class=\"wp-block-heading\" id=\"h-aussenstellen\">Zyrat rajonale<\/h3>\n\n<ul class=\"wp-block-list\">\n<li><strong>Innsbruck<\/strong> \u2013 Werner-von-Siemens-Stra\u00dfe 7-9, 6020 Innsbruck<\/li>\n\n\n\n<li><strong>Graz<\/strong> \u2013 Schl\u00f6gelgasse\u202f9, 8010\u202fGraz  <\/li>\n\n\n\n<li><strong>Linz<\/strong> \u2013 Derfflingerstra\u00dfe\u202f1, 4020\u202fLinz<\/li>\n<\/ul>\n\n<h2 class=\"wp-block-heading\" id=\"h-sicherheitskontrolle\">Kontrolli i siguris\u00eb<\/h2>\n\n<p class=\"wp-block-paragraph\">P\u00ebr mbrojtjen e t\u00eb gjith\u00eb pjes\u00ebmarr\u00ebsve n\u00eb procedur\u00eb, n\u00eb Gjykat\u00ebn Federale Administrative \u00ebsht\u00eb vendosur nj\u00eb sistem kontrolli sigurie, i cili siguron q\u00eb vet\u00ebm personat e kontrolluar t\u00eb ken\u00eb qasje. Prandaj, t\u00eb gjith\u00eb vizitor\u00ebt duhet t&#8217;i n\u00ebnshtrohen nj\u00eb kontrolli gjat\u00eb hyrjes n\u00eb nd\u00ebrtes\u00eb, n\u00eb m\u00ebnyr\u00eb q\u00eb rreziqet t\u00eb identifikohen dhe parandalohen n\u00eb koh\u00eb. Kushdo q\u00eb refuzon k\u00ebt\u00eb kontroll, i mohohet hyrja, sepse vet\u00ebm n\u00eb k\u00ebt\u00eb m\u00ebnyr\u00eb mund t\u00eb garantohet nj\u00eb zhvillim i qet\u00eb dhe i sigurt i pun\u00ebs n\u00eb gjykat\u00eb.   <\/p>\n\n<p class=\"wp-block-paragraph\">Megjithat\u00eb, p\u00ebrjashtohen grupe t\u00eb caktuara personash, ve\u00e7an\u00ebrisht an\u00ebtar\u00ebt e gard\u00ebs s\u00eb drejt\u00ebsis\u00eb n\u00eb detyr\u00eb ose organe t\u00eb tjera t\u00eb parashikuara shprehimisht me ligj.<\/p>\n\n<h2 class=\"wp-block-heading\" id=\"h-ihre-vorteile-mit-anwaltlicher-unterstutzung\">Avantazhet tuaja me mb\u00ebshtetje ligjore<\/h2>\n\n<p class=\"wp-block-paragraph\">Nj\u00eb procedur\u00eb ankese para Gjykat\u00ebs Federale Administrative mund t\u00eb jet\u00eb komplekse n\u00eb p\u00ebrmbajtje dhe k\u00ebrkon njohuri t\u00eb sakta t\u00eb kuadrit ligjor. Me mb\u00ebshtetjen ton\u00eb, ju p\u00ebrfitoni nga: <\/p>\n\n<ul class=\"wp-block-list\">\n<li>nj\u00eb shqyrtim i thelluar i shanseve t\u00eb suksesit t\u00eb ankes\u00ebs suaj,<\/li>\n\n\n\n<li>shkresa ligj\u00ebrisht t\u00eb sigurta dhe t\u00eb formuluara plot\u00ebsisht,<\/li>\n\n\n\n<li>nj\u00eb p\u00ebrfaq\u00ebsim efektiv n\u00eb procedur\u00eb,<\/li>\n\n\n\n<li>shoq\u00ebrim profesional p\u00ebr \u00e7\u00ebshtjet e afateve dhe form\u00ebs.<\/li>\n<\/ul>\n\n<p class=\"wp-block-paragraph\">K\u00ebshtu siguroheni q\u00eb t\u00eb drejtat tuaja t\u00eb mbrohen n\u00eb m\u00ebnyr\u00eb efektive dhe t\u00eb shmangen gabimet.<\/p>\n<a class=\"mr-cta-link mr-cta-button-cal\" href=\"#h2-booking\" title=\"Konsultim fillestar falas\"><span class=\"mr-cta-link-normal\">Zgjidhni tani dat\u00ebn e d\u00ebshiruar:<\/span><span class=\"mr-cta-link-bold\">Konsultim fillestar falas<\/span><\/a>\n<div class=\"wp-block-uagb-faq uagb-faq__outer-wrap uagb-block-13820928 uagb-faq-icon-row uagb-faq-layout-accordion uagb-faq-expand-first-true uagb-faq-inactive-other-true uagb-faq__wrap uagb-buttons-layout-wrap uagb-faq-equal-height     \" data-faqtoggle=\"true\" role=\"tablist\"><div class=\"wp-block-uagb-faq-child uagb-faq-child__outer-wrap uagb-faq-item uagb-block-faq1 \" role=\"tab\" tabindex=\"0\"><div class=\"uagb-faq-questions-button uagb-faq-questions\">\t\t\t<span class=\"uagb-icon uagb-faq-icon-wrap\">\n\t\t\t\t\t\t\t\t<svg xmlns=\"https:\/\/www.w3.org\/2000\/svg\" viewBox= \"0 0 448 512\"><path d=\"M432 256c0 17.69-14.33 32.01-32 32.01H256v144c0 17.69-14.33 31.99-32 31.99s-32-14.3-32-31.99v-144H48c-17.67 0-32-14.32-32-32.01s14.33-31.99 32-31.99H192v-144c0-17.69 14.33-32.01 32-32.01s32 14.32 32 32.01v144h144C417.7 224 432 238.3 432 256z\"><\/path><\/svg>\n\t\t\t\t\t\t\t<\/span>\n\t\t\t\t\t\t<span class=\"uagb-icon-active uagb-faq-icon-wrap\">\n\t\t\t\t\t\t\t\t<svg xmlns=\"https:\/\/www.w3.org\/2000\/svg\" viewBox= \"0 0 448 512\"><path d=\"M400 288h-352c-17.69 0-32-14.32-32-32.01s14.31-31.99 32-31.99h352c17.69 0 32 14.3 32 31.99S417.7 288 400 288z\"><\/path><\/svg>\n\t\t\t\t\t\t\t<\/span>\n\t\t\t<span class=\"uagb-question\">Cilat ankesa bien n\u00eb kompetenc\u00ebn e Gjykat\u00ebs Federale Administrative?<\/span><\/div><div class=\"uagb-faq-content\"><p>Gjykata Federale Administrative vendos p\u00ebr ankesat kund\u00ebr vendimeve, ankesat kund\u00ebr masave dhe ankesat p\u00ebr mosveprim.<\/p><\/div><\/div><div class=\"wp-block-uagb-faq-child uagb-faq-child__outer-wrap uagb-faq-item uagb-block-faq2 \" role=\"tab\" tabindex=\"0\"><div class=\"uagb-faq-questions-button uagb-faq-questions\">\t\t\t<span class=\"uagb-icon uagb-faq-icon-wrap\">\n\t\t\t\t\t\t\t\t<svg xmlns=\"https:\/\/www.w3.org\/2000\/svg\" viewBox= \"0 0 448 512\"><path d=\"M432 256c0 17.69-14.33 32.01-32 32.01H256v144c0 17.69-14.33 31.99-32 31.99s-32-14.3-32-31.99v-144H48c-17.67 0-32-14.32-32-32.01s14.33-31.99 32-31.99H192v-144c0-17.69 14.33-32.01 32-32.01s32 14.32 32 32.01v144h144C417.7 224 432 238.3 432 256z\"><\/path><\/svg>\n\t\t\t\t\t\t\t<\/span>\n\t\t\t\t\t\t<span class=\"uagb-icon-active uagb-faq-icon-wrap\">\n\t\t\t\t\t\t\t\t<svg xmlns=\"https:\/\/www.w3.org\/2000\/svg\" viewBox= \"0 0 448 512\"><path d=\"M400 288h-352c-17.69 0-32-14.32-32-32.01s14.31-31.99 32-31.99h352c17.69 0 32 14.3 32 31.99S417.7 288 400 288z\"><\/path><\/svg>\n\t\t\t\t\t\t\t<\/span>\n\t\t\t<span class=\"uagb-question\">Cilat afate duhet t\u00eb respektohen p\u00ebr ankesat?<\/span><\/div><div class=\"uagb-faq-content\"><p>Afati \u00ebsht\u00eb zakonisht kat\u00ebr jav\u00eb p\u00ebr ankesat kund\u00ebr vendimeve dhe gjasht\u00eb jav\u00eb p\u00ebr ankesat kund\u00ebr masave. Devijimet mund t\u00eb rezultojn\u00eb nga dispozita t\u00eb ve\u00e7anta t\u00eb s\u00eb drejt\u00ebs federale ose t\u00eb Unionit. <\/p><\/div><\/div><div class=\"wp-block-uagb-faq-child uagb-faq-child__outer-wrap uagb-faq-item uagb-block-faq3 \" role=\"tab\" tabindex=\"0\"><div class=\"uagb-faq-questions-button uagb-faq-questions\">\t\t\t<span class=\"uagb-icon uagb-faq-icon-wrap\">\n\t\t\t\t\t\t\t\t<svg xmlns=\"https:\/\/www.w3.org\/2000\/svg\" viewBox= \"0 0 448 512\"><path d=\"M432 256c0 17.69-14.33 32.01-32 32.01H256v144c0 17.69-14.33 31.99-32 31.99s-32-14.3-32-31.99v-144H48c-17.67 0-32-14.32-32-32.01s14.33-31.99 32-31.99H192v-144c0-17.69 14.33-32.01 32-32.01s32 14.32 32 32.01v144h144C417.7 224 432 238.3 432 256z\"><\/path><\/svg>\n\t\t\t\t\t\t\t<\/span>\n\t\t\t\t\t\t<span class=\"uagb-icon-active uagb-faq-icon-wrap\">\n\t\t\t\t\t\t\t\t<svg xmlns=\"https:\/\/www.w3.org\/2000\/svg\" viewBox= \"0 0 448 512\"><path d=\"M400 288h-352c-17.69 0-32-14.32-32-32.01s14.31-31.99 32-31.99h352c17.69 0 32 14.3 32 31.99S417.7 288 400 288z\"><\/path><\/svg>\n\t\t\t\t\t\t\t<\/span>\n\t\t\t<span class=\"uagb-question\">Ku paraqiten ankesat?<\/span><\/div><div class=\"uagb-faq-content\"><p>Ankesat duhet t\u00eb paraqiten n\u00eb parim pran\u00eb autoritetit administrativ q\u00eb ka nxjerr\u00eb vendimin ose q\u00eb ka mbetur n\u00eb vones\u00eb. Vet\u00ebm ankesat kund\u00ebr masave duhet t\u00eb paraqiten drejtp\u00ebrdrejt n\u00eb Gjykat\u00ebn Federale Administrative. <\/p><\/div><\/div><div class=\"wp-block-uagb-faq-child uagb-faq-child__outer-wrap uagb-faq-item uagb-block-faq4 \" role=\"tab\" tabindex=\"0\"><div class=\"uagb-faq-questions-button uagb-faq-questions\">\t\t\t<span class=\"uagb-icon uagb-faq-icon-wrap\">\n\t\t\t\t\t\t\t\t<svg xmlns=\"https:\/\/www.w3.org\/2000\/svg\" viewBox= \"0 0 448 512\"><path d=\"M432 256c0 17.69-14.33 32.01-32 32.01H256v144c0 17.69-14.33 31.99-32 31.99s-32-14.3-32-31.99v-144H48c-17.67 0-32-14.32-32-32.01s14.33-31.99 32-31.99H192v-144c0-17.69 14.33-32.01 32-32.01s32 14.32 32 32.01v144h144C417.7 224 432 238.3 432 256z\"><\/path><\/svg>\n\t\t\t\t\t\t\t<\/span>\n\t\t\t\t\t\t<span class=\"uagb-icon-active uagb-faq-icon-wrap\">\n\t\t\t\t\t\t\t\t<svg xmlns=\"https:\/\/www.w3.org\/2000\/svg\" viewBox= \"0 0 448 512\"><path d=\"M400 288h-352c-17.69 0-32-14.32-32-32.01s14.31-31.99 32-31.99h352c17.69 0 32 14.3 32 31.99S417.7 288 400 288z\"><\/path><\/svg>\n\t\t\t\t\t\t\t<\/span>\n\t\t\t<span class=\"uagb-question\">Cilat kosto lindin n\u00eb procedurat para Gjykat\u00ebs Federale Administrative?<\/span><\/div><div class=\"uagb-faq-content\"><p>Paraqitjet jan\u00eb n\u00eb parim me pages\u00eb. Shuma p\u00ebrcaktohet sipas dispozitave t\u00eb Ligjit p\u00ebr Tarifat, p\u00ebrve\u00e7 n\u00ebse \u00ebsht\u00eb parashikuar ligj\u00ebrisht p\u00ebrjashtimi nga tarifat. <\/p><\/div><\/div><\/div><a class=\"mr-cta-link mr-cta-button-cal\" href=\"#h2-booking\" title=\"Konsultim fillestar falas\"><span class=\"mr-cta-link-normal\">Zgjidhni tani dat\u00ebn e d\u00ebshiruar:<\/span><span class=\"mr-cta-link-bold\">Konsultim fillestar falas<\/span><\/a>\n","protected":false},"excerpt":{"rendered":"Gjykata Federale Administrative Gjykata Federale Administrative \u00ebsht\u00eb nj\u00eb gjykat\u00eb qendrore n\u00eb Austri, e cila shqyrton ankesat kund\u00ebr vendimeve dhe veprimeve t\u00eb autoriteteve administrative. Ajo siguron q\u00eb veprimet shtet\u00ebrore t\u00eb bazohen &#8230;","protected":false},"author":25,"featured_media":0,"parent":49447,"menu_order":818,"comment_status":"closed","ping_status":"closed","template":"","meta":{"_acf_changed":false,"_uag_custom_page_level_css":"","footnotes":""},"categories":[],"tags":[],"class_list":["post-46548","page","type-page","status-publish","hentry"],"acf":[],"uagb_featured_image_src":{"full":false,"thumbnail":false,"medium":false,"medium_large":false,"large":false,"1536x1536":false,"2048x2048":false,"336x":false,"352x":false,"woocommerce_thumbnail":false,"woocommerce_single":false,"woocommerce_gallery_thumbnail":false,"yarpp-thumbnail":false},"uagb_author_info":{"display_name":"Simon Prem","author_link":"https:\/\/harlander-partner.eu\/sq\/author\/simon-prem\/"},"uagb_comment_info":0,"uagb_excerpt":"Gjykata Federale Administrative Gjykata Federale Administrative \u00ebsht\u00eb nj\u00eb gjykat\u00eb qendrore n\u00eb Austri, e cila shqyrton ankesat kund\u00ebr vendimeve dhe veprimeve t\u00eb autoriteteve administrative. Ajo siguron q\u00eb veprimet shtet\u00ebrore t\u00eb bazohen ...","_links":{"self":[{"href":"https:\/\/harlander-partner.eu\/sq\/wp-json\/wp\/v2\/pages\/46548","targetHints":{"allow":["GET"]}}],"collection":[{"href":"https:\/\/harlander-partner.eu\/sq\/wp-json\/wp\/v2\/pages"}],"about":[{"href":"https:\/\/harlander-partner.eu\/sq\/wp-json\/wp\/v2\/types\/page"}],"author":[{"embeddable":true,"href":"https:\/\/harlander-partner.eu\/sq\/wp-json\/wp\/v2\/users\/25"}],"replies":[{"embeddable":true,"href":"https:\/\/harlander-partner.eu\/sq\/wp-json\/wp\/v2\/comments?post=46548"}],"version-history":[{"count":0,"href":"https:\/\/harlander-partner.eu\/sq\/wp-json\/wp\/v2\/pages\/46548\/revisions"}],"up":[{"embeddable":true,"href":"https:\/\/harlander-partner.eu\/sq\/wp-json\/wp\/v2\/pages\/49447"}],"wp:attachment":[{"href":"https:\/\/harlander-partner.eu\/sq\/wp-json\/wp\/v2\/media?parent=46548"}],"wp:term":[{"taxonomy":"category","embeddable":true,"href":"https:\/\/harlander-partner.eu\/sq\/wp-json\/wp\/v2\/categories?post=46548"},{"taxonomy":"post_tag","embeddable":true,"href":"https:\/\/harlander-partner.eu\/sq\/wp-json\/wp\/v2\/tags?post=46548"}],"curies":[{"name":"wp","href":"https:\/\/api.w.org\/{rel}","templated":true}]}}