{"id":143083,"date":"2026-04-10T17:34:01","date_gmt":"2026-04-10T15:34:01","guid":{"rendered":"https:\/\/harlander-partner.eu\/?page_id=143083"},"modified":"2026-04-11T10:21:27","modified_gmt":"2026-04-11T08:21:27","slug":"sigurimin-e-mbrojtjes-juridike-allianz-30","status":"publish","type":"page","link":"https:\/\/harlander-partner.eu\/sq\/sigurimet-e-mbrojtjes-ligjore\/sigurimin-e-mbrojtjes-juridike-allianz-30\/","title":{"rendered":"Sigurimi i mbrojtjes juridike Wiener St\u00e4dtische"},"content":{"rendered":"\n<h2 class=\"wp-block-heading\" id=\"h-wiener-stadtische-rechtsschutzversicherung\">Sigurimi i mbrojtjes juridike Wiener St\u00e4dtische<\/h2>\n\n<p class=\"wp-block-paragraph\">Harlander &amp; Partner Rechtsanw\u00e4lte GmbH u ofron sh\u00ebrbime t\u00eb siguruarve <strong>n\u00eb t\u00eb gjith\u00eb Austrin\u00eb<\/strong> t\u00eb <strong>sigurimit t\u00eb mbrojtjes juridike Wiener St\u00e4dtische<\/strong>.<\/p>\n\n<p class=\"wp-block-paragraph\">Ne punojm\u00eb me shum\u00eb k\u00ebnaq\u00ebsi me klient\u00ebt e Wiener St\u00e4dtische dhe kujdesemi p\u00ebr <strong>t\u00eb gjith\u00eb procesin<\/strong>, nga <strong>k\u00ebrkesa p\u00ebr mbulim<\/strong> deri te <strong>rimbursimi i kostove<\/strong>.<\/p>\n    <div class=\"mr-quote mrbg clearfix\">\n        <a class=\"mr-quote-person\" href=\"\/ueber-uns\/rechtsanwalt-peter-harlander\/\" title=\"Rechtsanwalt Peter Harlander\">\n            <img decoding=\"async\" class=\"mr-quote-person-img\" src=\"https:\/\/harlander-partner.eu\/wp-content\/themes\/harlander\/design\/ph100.webp\" width=\"100\"\n                 height=\"100\" loading=\"lazy\" alt=\"Rechtsanwalt Peter Harlander\">\n            <span class=\"mr-quote-person-text\">\n            Peter Harlander<br>\n            <span class=\"mr-quote-person-function\">Harlander &amp; Partner Rechtsanw\u00e4lte<\/span>\n        <\/span>\n        <\/a>\n        <span class=\"mr-quote-content\">\u201eSi sh\u00ebrbim shtes\u00eb, u ofrojm\u00eb t\u00eb gjith\u00eb t\u00eb siguruarve me mbrojtje juridike t\u00eb Wiener St\u00e4dtische nj\u00eb <strong>konsult\u00eb fillestare falas me avokat<\/strong> p\u00ebr <a href=\"https:\/\/harlander-partner.eu\/sq\/fusha-te-specializuara\/\" id=\"16147\">fushat tona t\u00eb specializimit<\/a>.<br><br>K\u00ebshtu, klient\u00ebt e Wiener St\u00e4dtische me mbrojtje juridike n\u00eb t\u00eb gjith\u00eb Austrin\u00eb marrin nj\u00eb <strong>vler\u00ebsim t\u00eb shpejt\u00eb dhe jo detyrues<\/strong> t\u00eb \u00e7\u00ebshtjes s\u00eb tyre juridike.\u201c<\/span>\n    <\/div>\n<a class=\"mr-cta-link mr-cta-button-cal\" href=\"#h2-booking\" title=\"Konsultim fillestar falas\"><span class=\"mr-cta-link-normal\">Zgjidhni tani dat\u00ebn e d\u00ebshiruar:<\/span><span class=\"mr-cta-link-bold\">Konsultim fillestar falas<\/span><\/a>\n\n<h2 class=\"wp-block-heading\" id=\"h-abrechnung-uber-die-wiener-stadtische-rechtsschutzversicherung\">Faturimi p\u00ebrmes sigurimit t\u00eb mbrojtjes juridike Wiener St\u00e4dtische<\/h2>\n\n<p class=\"wp-block-paragraph\">N\u00ebse ekziston nj\u00eb sigurim i mbrojtjes juridike te Wiener St\u00e4dtische, Wiener St\u00e4dtische mbulon <strong>kostot e mosmarr\u00ebveshjeve juridike<\/strong>. Kjo p\u00ebrfshin, n\u00eb var\u00ebsi t\u00eb kontrat\u00ebs s\u00eb sigurimit, <strong>shpenzimet e avokatit<\/strong> tuaj dhe t\u00eb pal\u00ebs kund\u00ebrshtare, <strong>tarifat gjyq\u00ebsore<\/strong>, <strong>tarifat e ekspert\u00ebve<\/strong>, <strong>tarifat e d\u00ebshmitar\u00ebve<\/strong> si dhe \u00e7do kosto tjet\u00ebr procedurale. <\/p>\n\n<p class=\"wp-block-paragraph\">N\u00ebse ekziston nj\u00eb <strong>mbulim i mbrojtjes juridike<\/strong> nga Wiener St\u00e4dtische, Harlander &amp; Partner Rechtsanw\u00e4lte GmbH i faturon t\u00eb gjitha <strong>kostot e mbuluara nga kontrata e sigurimit drejtp\u00ebrdrejt me sigurimin e mbrojtjes juridike<\/strong>.<\/p>\n<a class=\"mr-cta-link mr-cta-button-cal\" href=\"#h2-booking\" title=\"Konsultim fillestar falas\"><span class=\"mr-cta-link-normal\">Zgjidhni tani dat\u00ebn e d\u00ebshiruar:<\/span><span class=\"mr-cta-link-bold\">Konsultim fillestar falas<\/span><\/a>\n\n<h2 class=\"wp-block-heading\" id=\"h-osterreichweite-vertretung-von-wiener-stadtische-versicherten\">P\u00ebrfaq\u00ebsim n\u00eb t\u00eb gjith\u00eb Austrin\u00eb p\u00ebr t\u00eb siguruarit e Wiener St\u00e4dtische<\/h2>\n\n<p class=\"wp-block-paragraph\">T\u00eb siguruarit e Wiener St\u00e4dtische p\u00ebrfaq\u00ebsohen nga avokat\u00ebt tan\u00eb <strong>n\u00eb t\u00eb gjith\u00eb Austrin\u00eb<\/strong> para t\u00eb gjitha gjykatave dhe autoriteteve.<\/p>\n    <div class=\"mr-quote mrbg clearfix\">\n        <a class=\"mr-quote-person\" href=\"\/ueber-uns\/rechtsanwalt-sebastian-riedlmair\/\" title=\"Rechtsanwalt Sebastian Riedlmair\">\n            <img decoding=\"async\" class=\"mr-quote-person-img\" src=\"https:\/\/harlander-partner.eu\/wp-content\/themes\/harlander\/design\/sr100.webp\" width=\"100\"\n                 height=\"100\" loading=\"lazy\" alt=\"Rechtsanwalt Sebastian Riedlmair\">\n            <span class=\"mr-quote-person-text\">\n            Sebastian Riedlmair<br>\n            <span class=\"mr-quote-person-function\">Harlander &amp; Partner Rechtsanw\u00e4lte<\/span>\n        <\/span>\n        <\/a>\n        <span class=\"mr-quote-content\">\u201eK\u00ebshtu, fal\u00eb sigurimit tuaj t\u00eb mbrojtjes juridike Wiener St\u00e4dtische, edhe pran\u00eb gjykatave dhe autoriteteve t\u00eb larg\u00ebta mund t\u00eb mb\u00ebshteteni te ekspertiza e nj\u00eb <strong>zyre t\u00eb madhe avokatie<\/strong> me <strong>avokat\u00eb t\u00eb specializuar<\/strong>.\u201c<\/span>\n    <\/div>\n<a class=\"mr-cta-link mr-cta-button-cal\" href=\"#h2-booking\" title=\"Konsultim fillestar falas\"><span class=\"mr-cta-link-normal\">Zgjidhni tani dat\u00ebn e d\u00ebshiruar:<\/span><span class=\"mr-cta-link-bold\">Konsultim fillestar falas<\/span><\/a>\n\n<h2 class=\"wp-block-heading\" id=\"h-ablauf-bei-einer-wiener-stadtische-rechtsschutzversicherung\">Procedura me nj\u00eb sigurim t\u00eb mbrojtjes juridike Wiener St\u00e4dtische<\/h2>\n\n<h3 class=\"wp-block-heading\" id=\"h-kostenloses-erstgesprach\">Konsult\u00eb fillestare falas<\/h3>\n\n<p class=\"wp-block-paragraph\">Hapi i par\u00eb p\u00ebr trajtimin e nj\u00eb \u00e7\u00ebshtjeje juridike me sigurimin e mbrojtjes juridike Wiener St\u00e4dtische \u00ebsht\u00eb nj\u00eb konsult\u00eb fillestare falas dhe jo detyruese. Ajo zhvillohet leht\u00ebsisht p\u00ebrmes <strong>videokonference<\/strong> ose <strong>telefonit<\/strong>. K\u00ebshtu, t\u00eb siguruarit e Wiener St\u00e4dtische mund t\u00eb <strong>flasin me nj\u00eb ekspert n\u00eb afat t\u00eb shkurt\u00ebr<\/strong> n\u00eb \u00e7do koh\u00eb.  <\/p>\n\n<p class=\"wp-block-paragraph\">Gjat\u00eb konsult\u00ebs fillestare p\u00ebr t\u00eb siguruarit e Wiener St\u00e4dtische, sqarojm\u00eb n\u00ebse mund ta <strong>marrim p\u00ebrsip\u00ebr \u00e7\u00ebshtjen<\/strong>. Avokat\u00ebt tan\u00eb kan\u00eb nj\u00eb gam\u00eb t\u00eb gjer\u00eb specializimesh. Megjithat\u00eb, ka raste q\u00eb nuk mund t\u2019i mbulojm\u00eb. N\u00eb k\u00ebto raste, me k\u00ebnaq\u00ebsi ju rekomandojm\u00eb nj\u00eb specialist tjet\u00ebr.   <\/p>\n\n<h3 class=\"wp-block-heading\" id=\"h-vollmacht\">Prokur\u00eb<\/h3>\n\n<p class=\"wp-block-paragraph\">N\u00eb hapin tjet\u00ebr, ju d\u00ebrgojm\u00eb <strong>autorizimin<\/strong>. Ai p\u00ebrmban tashm\u00eb njoftimin se, si veprim i par\u00eb, do t\u00eb paraqitet nj\u00eb k\u00ebrkes\u00eb p\u00ebr mbulim te Wiener St\u00e4dtische dhe se p\u00ebr trajtimin me pages\u00eb do t\u00eb <strong>pritet konfirmimi i mbulimit<\/strong>. <\/p>\n\n<h3 class=\"wp-block-heading\" id=\"h-deckungsanfrage\">K\u00ebrkesa p\u00ebr mbulim<\/h3>\n\n<p class=\"wp-block-paragraph\">Pas marrjes s\u00eb autorizimit dhe informacionit t\u00eb par\u00eb p\u00ebr \u00e7\u00ebshtjen, n\u00eb baz\u00eb t\u00eb k\u00ebtyre t\u00eb dh\u00ebnave paraqesim nj\u00eb <strong>k\u00ebrkes\u00eb p\u00ebr mbulim<\/strong> te sigurimi i mbrojtjes juridike Wiener St\u00e4dtische. Edhe ky sh\u00ebrbim \u00ebsht\u00eb p\u00ebr t\u00eb siguruarit e Wiener St\u00e4dtische, edhe n\u00eb rast refuzimi t\u00eb mbulimit t\u00eb mbrojtjes juridike, <strong>falas<\/strong>. <\/p>\n\n<h3 class=\"wp-block-heading\" id=\"h-deckungszusage\">Konfirmimi i mbulimit<\/h3>\n\n<p class=\"wp-block-paragraph\">N\u00eb rast t\u00eb nj\u00eb <strong>konfirmimi t\u00eb mbulimit<\/strong>, sigurimi i mbrojtjes juridike Wiener St\u00e4dtische mbulon <strong>kostot e procesit gjyq\u00ebsor n\u00eb p\u00ebrputhje me kontrat\u00ebn e sigurimit<\/strong>. Shpesh ka bashk\u00ebpagesa t\u00eb vogla ose nj\u00eb kufizim t\u00eb rimbursimit t\u00eb kostove vet\u00ebm p\u00ebr shpenzimet jasht\u00ebgjyq\u00ebsore ose gjyq\u00ebsore.<\/p>\n\n<h3 class=\"wp-block-heading\" id=\"h-abrechnung\">Faturimi<\/h3>\n\n<p class=\"wp-block-paragraph\"><strong>Faturimi<\/strong> b\u00ebhet, kur \u00ebsht\u00eb e mundur, <strong>drejtp\u00ebrdrejt me Wiener St\u00e4dtische Versicherung,<\/strong> n\u00eb m\u00ebnyr\u00eb q\u00eb t\u00eb siguruarit e saj t\u00eb mos ken\u00eb asnj\u00eb barr\u00eb p\u00ebr paraqitjen e k\u00ebrkesave p\u00ebr rimbursim t\u00eb kostove.<\/p>\n    <div class=\"mr-quote mrbg clearfix\">\n        <a class=\"mr-quote-person\" href=\"\/ueber-uns\/rechtsanwalt-peter-harlander\/\" title=\"Rechtsanwalt Peter Harlander\">\n            <img decoding=\"async\" class=\"mr-quote-person-img\" src=\"https:\/\/harlander-partner.eu\/wp-content\/themes\/harlander\/design\/ph100.webp\" width=\"100\"\n                 height=\"100\" loading=\"lazy\" alt=\"Rechtsanwalt Peter Harlander\">\n            <span class=\"mr-quote-person-text\">\n            Peter Harlander<br>\n            <span class=\"mr-quote-person-function\">Harlander &amp; Partner Rechtsanw\u00e4lte<\/span>\n        <\/span>\n        <\/a>\n        <span class=\"mr-quote-content\">\u201eP\u00ebrfitoni nga <strong>specializimi i avokat\u00ebve tan\u00eb<\/strong>. Me k\u00ebnaq\u00ebsi e trajtojm\u00eb \u00e7\u00ebshtjen tuaj p\u00ebrmes <strong>sigurimit t\u00eb mbrojtjes juridike Wiener St\u00e4dtische<\/strong>. <br><br>P\u00ebrdorni <strong>konsult\u00ebn ton\u00eb fillestare falas<\/strong> p\u00ebr t\u00eb siguruarit e Wiener St\u00e4dtische, p\u00ebr t\u00eb marr\u00eb nj\u00eb <strong>vler\u00ebsim t\u00eb shpejt\u00eb fillestar<\/strong> t\u00eb \u00e7\u00ebshtjes suaj juridike.\u201c<\/span>\n    <\/div>\n<a class=\"mr-cta-link mr-cta-button-cal\" href=\"#h2-booking\" title=\"Konsultim fillestar falas\"><span class=\"mr-cta-link-normal\">Zgjidhni tani dat\u00ebn e d\u00ebshiruar:<\/span><span class=\"mr-cta-link-bold\">Konsultim fillestar falas<\/span><\/a>\n","protected":false},"excerpt":{"rendered":"Sigurimi i mbrojtjes juridike Wiener St\u00e4dtische Harlander &amp; Partner Rechtsanw\u00e4lte GmbH u ofron sh\u00ebrbime t\u00eb siguruarve n\u00eb t\u00eb gjith\u00eb Austrin\u00eb t\u00eb sigurimit t\u00eb mbrojtjes juridike Wiener St\u00e4dtische. Ne punojm\u00eb me &#8230;","protected":false},"author":1,"featured_media":0,"parent":134383,"menu_order":1,"comment_status":"closed","ping_status":"closed","template":"","meta":{"_acf_changed":false,"_uag_custom_page_level_css":"","footnotes":""},"categories":[1803],"tags":[],"class_list":["post-143083","page","type-page","status-publish","hentry","category-sigurimi-ligjor"],"acf":[],"uagb_featured_image_src":{"full":false,"thumbnail":false,"medium":false,"medium_large":false,"large":false,"1536x1536":false,"2048x2048":false,"336x":false,"352x":false,"woocommerce_thumbnail":false,"woocommerce_single":false,"woocommerce_gallery_thumbnail":false,"yarpp-thumbnail":false},"uagb_author_info":{"display_name":"Peter Harlander","author_link":"https:\/\/harlander-partner.eu\/sq\/author\/secondpromotion\/"},"uagb_comment_info":0,"uagb_excerpt":"Sigurimi i mbrojtjes juridike Wiener St\u00e4dtische Harlander &amp; Partner Rechtsanw\u00e4lte GmbH u ofron sh\u00ebrbime t\u00eb siguruarve n\u00eb t\u00eb gjith\u00eb Austrin\u00eb t\u00eb sigurimit t\u00eb mbrojtjes juridike Wiener St\u00e4dtische. Ne punojm\u00eb me ...","_links":{"self":[{"href":"https:\/\/harlander-partner.eu\/sq\/wp-json\/wp\/v2\/pages\/143083","targetHints":{"allow":["GET"]}}],"collection":[{"href":"https:\/\/harlander-partner.eu\/sq\/wp-json\/wp\/v2\/pages"}],"about":[{"href":"https:\/\/harlander-partner.eu\/sq\/wp-json\/wp\/v2\/types\/page"}],"author":[{"embeddable":true,"href":"https:\/\/harlander-partner.eu\/sq\/wp-json\/wp\/v2\/users\/1"}],"replies":[{"embeddable":true,"href":"https:\/\/harlander-partner.eu\/sq\/wp-json\/wp\/v2\/comments?post=143083"}],"version-history":[{"count":0,"href":"https:\/\/harlander-partner.eu\/sq\/wp-json\/wp\/v2\/pages\/143083\/revisions"}],"up":[{"embeddable":true,"href":"https:\/\/harlander-partner.eu\/sq\/wp-json\/wp\/v2\/pages\/134383"}],"wp:attachment":[{"href":"https:\/\/harlander-partner.eu\/sq\/wp-json\/wp\/v2\/media?parent=143083"}],"wp:term":[{"taxonomy":"category","embeddable":true,"href":"https:\/\/harlander-partner.eu\/sq\/wp-json\/wp\/v2\/categories?post=143083"},{"taxonomy":"post_tag","embeddable":true,"href":"https:\/\/harlander-partner.eu\/sq\/wp-json\/wp\/v2\/tags?post=143083"}],"curies":[{"name":"wp","href":"https:\/\/api.w.org\/{rel}","templated":true}]}}