{"id":116590,"date":"2026-02-02T12:00:00","date_gmt":"2026-02-02T11:00:00","guid":{"rendered":"https:\/\/harlander-partner.eu\/gjykata-e-rrethit-ne-procedurat-penale\/"},"modified":"2026-02-02T12:10:36","modified_gmt":"2026-02-02T11:10:36","slug":"gjykata-e-rrethit-ne-procedurat-penale","status":"publish","type":"page","link":"https:\/\/harlander-partner.eu\/sq\/e-drejta-penale\/gjykata-e-rrethit-ne-procedurat-penale\/","title":{"rendered":"Gjykata e Rrethit n\u00eb procedurat penale"},"content":{"rendered":"\n<div class=\"wp-block-yoast-seo-table-of-contents yoast-table-of-contents\"><h2>Gjykata e Rrethit n\u00eb procedurat penale<\/h2><ul><li><a href=\"#h-strafverfahren-vor-dem-bezirksgericht\" data-level=\"2\">Procedurat penale para Gjykat\u00ebs s\u00eb Rrethit<\/a><\/li><li><a href=\"#h-gesetzliche-stellung-des-bezirksgerichts-im-strafverfahren\" data-level=\"2\">Pozita ligjore e Gjykat\u00ebs s\u00eb Rrethit n\u00eb procedurat penale<\/a><\/li><li><a href=\"#h-sachliche-zustandigkeit-im-strafverfahren\" data-level=\"2\">Kompetenca L\u00ebndore n\u00eb Procedurat Penale<\/a><\/li><li><a href=\"#h-strafsachen-die-nicht-vor-dem-bezirksgericht-landen\" data-level=\"2\">\u00c7\u00ebshtjet penale q\u00eb nuk shqyrtohen nga Gjykata e Rrethit<\/a><\/li><li><a href=\"#h-ortliche-zustandigkeit-im-strafverfahren\" data-level=\"2\">Kompetenca Territoriale n\u00eb Procedurat Penale<\/a><\/li><li><a href=\"#h-entscheidungsform-und-ablauf\" data-level=\"2\">Forma e Vendimit dhe Procedura<\/a><\/li><li><a href=\"#h-instanzenzug\" data-level=\"2\">Shkall\u00ebt e gjykimit<\/a><\/li><li><a href=\"#h-ihre-vorteile-mit-anwaltlicher-unterstutzung\" data-level=\"2\">Avantazhet tuaja me mb\u00ebshtetje ligjore<\/a><\/li><li><a href=\"#h-faq-haufig-gestellte-fragen\" data-level=\"2\">FAQ \u2013 Pyetje t\u00eb shpeshta<\/a><\/li><\/ul><\/div>\n\n<p class=\"wp-block-paragraph\">N\u00eb procedurat penale, <strong>Gjykata e Rrethit<\/strong> \u00ebsht\u00eb gjykata e shkall\u00ebs s\u00eb par\u00eb q\u00eb vendos p\u00ebr <strong>veprat penale m\u00eb t\u00eb thjeshta t\u00eb jet\u00ebs s\u00eb p\u00ebrditshme<\/strong>. Ajo \u00ebsht\u00eb kompetente p\u00ebr vepra penale p\u00ebr t\u00eb cilat Kodi Penal parashikon <strong>maksimumi nj\u00eb gjob\u00eb ose nj\u00eb d\u00ebnim me burg deri n\u00eb nj\u00eb vit<\/strong> dhe t\u00eb cilat nuk i jan\u00eb caktuar shprehimisht nj\u00eb gjykate m\u00eb t\u00eb lart\u00eb. <\/p>\n\n<p class=\"wp-block-paragraph\">K\u00ebshtu, ajo p\u00ebrb\u00ebn <strong>nivelin fillestar t\u00eb drejt\u00ebsis\u00eb penale<\/strong> p\u00ebr vepra penale q\u00eb, ndon\u00ebse konsiderohen m\u00eb pak t\u00eb r\u00ebnda, mund t\u00eb sjellin <strong>pasoja t\u00eb plota penale<\/strong> p\u00ebr personat e prekur.<\/p>\n\n<div class=\"wp-block-uagb-container uagb-block-3019fe8e alignfull uagb-is-root-container\">\n<div class=\"wp-block-uagb-container uagb-block-32585033\">\n<p class=\"wp-block-paragraph\"><strong>Gjykata e Rrethit vendos n\u00eb procedurat penale p\u00ebr vepra penale<\/strong>, p\u00ebr t\u00eb cilat ligji parashikon <strong>vet\u00ebm nj\u00eb gjob\u00eb ose nj\u00eb d\u00ebnim me burg deri n\u00eb nj\u00eb vit<\/strong>, <strong>p\u00ebrve\u00e7 n\u00ebse ligji ia rezervon k\u00ebto Gjykat\u00ebs Rajonale<\/strong>.<\/p>\n<\/div>\n\n\n\n<div class=\"wp-block-uagb-container uagb-block-45819ab6\"><picture>\r\n\t\t<source srcset=\"https:\/\/harlander-partner.eu\/wp-content\/uploads\/Bezirksgericht-352x198.webp\" >\r\n\t\t<img decoding=\"async\" class=\"mr-picture-small\" src=\"https:\/\/harlander-partner.eu\/wp-content\/uploads\/Bezirksgericht.webp\" alt=\"Gjykata e Rrethit n\u00eb procedurat penale. Juridiksioni, veprat penale, procedura dhe dallimet me Gjykat\u00ebn Rajonale t\u00eb shpjeguara qart\u00eb.\" >\r\n\t<\/picture>\n<\/div>\n<\/div>\n    <div class=\"mr-quote mrbg clearfix\">\n        <a class=\"mr-quote-person\" href=\"\/ueber-uns\/rechtsanwalt-peter-harlander\/\" title=\"Rechtsanwalt Peter Harlander\">\n            <img decoding=\"async\" class=\"mr-quote-person-img\" src=\"https:\/\/harlander-partner.eu\/wp-content\/themes\/harlander\/design\/ph100.webp\" width=\"100\"\n                 height=\"100\" loading=\"lazy\" alt=\"Rechtsanwalt Peter Harlander\">\n            <span class=\"mr-quote-person-text\">\n            Peter Harlander<br>\n            <span class=\"mr-quote-person-function\">Harlander &amp; Partner Rechtsanw\u00e4lte<\/span>\n        <\/span>\n        <\/a>\n        <span class=\"mr-quote-content\">\u201eEdhe procedurat penale n\u00eb dukje t\u00eb thjeshta para Gjykat\u00ebs s\u00eb Rrethit mund t\u00eb shkaktojn\u00eb pasoja t\u00eb q\u00ebndrueshme profesionale dhe personale.\u201c<\/span>\n    <\/div>\n<a class=\"mr-cta-link mr-cta-button-cal\" href=\"#h2-booking\" title=\"Konsultim fillestar falas\"><span class=\"mr-cta-link-normal\">Zgjidhni tani dat\u00ebn e d\u00ebshiruar:<\/span><span class=\"mr-cta-link-bold\">Konsultim fillestar falas<\/span><\/a>\n\n<h2 class=\"wp-block-heading\" id=\"h-strafverfahren-vor-dem-bezirksgericht\">Procedurat penale para Gjykat\u00ebs s\u00eb Rrethit<\/h2>\n\n<p class=\"wp-block-paragraph\"><strong>Gjykata e Rrethit<\/strong> \u00ebsht\u00eb gjykata ku shumica e njer\u00ebzve bien n\u00eb kontakt p\u00ebr her\u00eb t\u00eb par\u00eb me t\u00eb drejt\u00ebn penale. K\u00ebtu shqyrtohen ve\u00e7an\u00ebrisht <strong>vjedhjet, l\u00ebndimet trupore nga pakujdesia, d\u00ebmtimet e pron\u00ebs dhe shum\u00eb vepra penale t\u00eb trafikut<\/strong>. <\/p>\n\n<p class=\"wp-block-paragraph\">Edhe pse k\u00ebto vepra penale konsiderohen m\u00eb pak t\u00eb r\u00ebnda, d\u00ebnimet para Gjykat\u00ebs s\u00eb Rrethit \u00e7ojn\u00eb n\u00eb <strong>rekorde penale, gjoba dhe ndonj\u00ebher\u00eb edhe d\u00ebnime me burg<\/strong>. P\u00ebr personat e prekur, kjo shpesh ka <strong>ndikime t\u00eb konsiderueshme n\u00eb profesion, patent\u00eb shoferi, leje q\u00ebndrimi ose sigurime<\/strong>. <\/p>\n\n<p class=\"wp-block-paragraph\">Prandaj, nj\u00eb mbrojtje profesionale nuk \u00ebsht\u00eb opsionale as k\u00ebtu, por <strong>vendimtare p\u00ebr rezultatin e procedur\u00ebs<\/strong>.<\/p>\n\n<h2 class=\"wp-block-heading\" id=\"h-gesetzliche-stellung-des-bezirksgerichts-im-strafverfahren\">Pozita ligjore e Gjykat\u00ebs s\u00eb Rrethit n\u00eb procedurat penale<\/h2>\n\n<p class=\"wp-block-paragraph\">Kodi i Procedur\u00ebs Penale i klasifikon gjykatat sipas <strong>faz\u00ebs s\u00eb procedur\u00ebs penale n\u00eb t\u00eb cil\u00ebn veprojn\u00eb<\/strong>. P\u00ebr Gjykat\u00ebn e Rrethit, kjo do t\u00eb thot\u00eb se ajo vendos n\u00eb <strong>procedur\u00ebn kryesore<\/strong>, pra pik\u00ebrisht aty ku b\u00ebhet fjal\u00eb p\u00ebr <strong>faj\u00ebsin\u00eb ose pafaj\u00ebsin\u00eb<\/strong>. <\/p>\n\n<p class=\"wp-block-paragraph\">Hetimet kryhen paraprakisht nga prokuroria, shpesh me p\u00ebrfshirjen e Gjykat\u00ebs Rajonale. Megjithat\u00eb, vendimi i v\u00ebrtet\u00eb gjyq\u00ebsor p\u00ebr veprat penale m\u00eb t\u00eb thjeshta merret para Gjykat\u00ebs s\u00eb Rrethit. Vendimet e saj jan\u00eb <strong>vendime penale t\u00eb plota<\/strong> dhe jo thjesht vendime p\u00ebrgatitore.  <\/p>\n\n<p class=\"wp-block-paragraph\">N\u00eb Austri, aktualisht ekzistojn\u00eb <strong>mbi 110 Gjykata t\u00eb Rrethit<\/strong>. Kjo shp\u00ebrndarje e dendur rajonale siguron q\u00eb procedurat penale p\u00ebr vepra penale t\u00eb p\u00ebrditshme t\u00eb mund t\u00eb zhvillohen <strong>shpejt, af\u00ebr vendit dhe me efikasitet<\/strong>. Gjykata e Rrethit \u00ebsht\u00eb k\u00ebshtu gjykata penale me t\u00eb cil\u00ebn popullata bie n\u00eb kontakt m\u00eb shpesh n\u00eb praktik\u00eb.  <\/p>\n    <div class=\"mr-quote mrbg clearfix\">\n        <a class=\"mr-quote-person\" href=\"\/ueber-uns\/rechtsanwalt-sebastian-riedlmair\/\" title=\"Rechtsanwalt Sebastian Riedlmair\">\n            <img decoding=\"async\" class=\"mr-quote-person-img\" src=\"https:\/\/harlander-partner.eu\/wp-content\/themes\/harlander\/design\/sr100.webp\" width=\"100\"\n                 height=\"100\" loading=\"lazy\" alt=\"Rechtsanwalt Sebastian Riedlmair\">\n            <span class=\"mr-quote-person-text\">\n            Sebastian Riedlmair<br>\n            <span class=\"mr-quote-person-function\">Harlander &amp; Partner Rechtsanw\u00e4lte<\/span>\n        <\/span>\n        <\/a>\n        <span class=\"mr-quote-content\">\u201eKompetenca l\u00ebndore p\u00ebrcakton t\u00eb gjith\u00eb kuadrin procedural dhe ndikon n\u00eb \u00e7do vendim strategjik t\u00eb mbrojtjes.\u201c<\/span>\n    <\/div>\n<a class=\"mr-cta-link mr-cta-button-cal\" href=\"#h2-booking\" title=\"Konsultim fillestar falas\"><span class=\"mr-cta-link-normal\">Zgjidhni tani dat\u00ebn e d\u00ebshiruar:<\/span><span class=\"mr-cta-link-bold\">Konsultim fillestar falas<\/span><\/a>\n\n<h2 class=\"wp-block-heading\" id=\"h-sachliche-zustandigkeit-im-strafverfahren\">Kompetenca L\u00ebndore n\u00eb Procedurat Penale<\/h2>\n\n<p class=\"wp-block-paragraph\">Llojin e \u00e7\u00ebshtjeve penale q\u00eb nj\u00eb Gjykat\u00eb e Rrethit mund t\u00eb shqyrtoj\u00eb, e p\u00ebrcakton <strong>kompetenca l\u00ebndore<\/strong>. Ajo p\u00ebrcakton n\u00ebse nj\u00eb procedur\u00eb zhvillohet para Gjykat\u00ebs s\u00eb Rrethit apo para Gjykat\u00ebs Rajonale dhe bazohet ekskluzivisht n\u00eb <strong>d\u00ebnimin ligjor<\/strong> dhe n\u00eb caktimet e ve\u00e7anta ligjore. <\/p>\n\n<p class=\"wp-block-paragraph\"><a href=\"https:\/\/www.ris.bka.gv.at\/GeltendeFassung.wxe?Abfrage=Bundesnormen&amp;Gesetzesnummer=10002326\" target=\"_blank\" rel=\"noreferrer noopener\">Kodi i Procedur\u00ebs Penale<\/a> i cakton Gjykat\u00ebs s\u00eb Rrethit ato vepra penale p\u00ebr t\u00eb cilat ligji parashikon vet\u00ebm nj\u00eb <strong>gjob\u00eb ose nj\u00eb d\u00ebnim me burg deri n\u00eb nj\u00eb vit<\/strong>. Ky rregull p\u00ebrb\u00ebn thelbin e kompetenc\u00ebs l\u00ebndore dhe e dallon qart\u00eb Gjykat\u00ebn e Rrethit nga Gjykatat Rajonale. <\/p>\n\n<p class=\"wp-block-paragraph\">N\u00eb praktik\u00eb, kjo do t\u00eb thot\u00eb se Gjykata e Rrethit \u00ebsht\u00eb ve\u00e7an\u00ebrisht kompetente p\u00ebr llojet e m\u00ebposhtme t\u00eb veprave penale,<\/p>\n\n<ul class=\"wp-block-list\">\n<li>vepra penale t\u00eb thjeshta kund\u00ebr pron\u00ebs si vjedhja e thjesht\u00eb ose mashtrimi i vog\u00ebl,<\/li>\n\n\n\n<li>vepra penale nga pakujdesia si l\u00ebndimi trupor nga pakujdesia,<\/li>\n\n\n\n<li>d\u00ebme t\u00eb lehta pasurore dhe d\u00ebmtime t\u00eb vogla t\u00eb pron\u00ebs,<\/li>\n\n\n\n<li>vepra t\u00eb shumta penale t\u00eb trafikut me r\u00ebnd\u00ebsi penale.<\/li>\n<\/ul>\n\n<p class=\"wp-block-paragraph\"><strong>Vepra t\u00eb caktuara penale, pavar\u00ebsisht nj\u00eb d\u00ebnimi t\u00eb ul\u00ebt, nuk shqyrtohen nga Gjykata e Rrethit<\/strong>, por detyrimisht nga Gjykata Rajonale, <strong>sepse ligjv\u00ebn\u00ebsi i ka caktuar shprehimisht k\u00ebto lloje veprash penale k\u00ebsaj gjykate p\u00ebr shkak t\u00eb interesit t\u00eb tyre t\u00eb shtuar publik<\/strong>. Vendimtare k\u00ebtu <strong>nuk \u00ebsht\u00eb sa e r\u00ebnd\u00eb duket rasti individual<\/strong>, por <strong>cilin juridiksion parashikon ligji p\u00ebr k\u00ebt\u00eb lloj vepre penale<\/strong>. <\/p>\n\n<p class=\"wp-block-paragraph\">P\u00ebr t\u00eb akuzuarit, ky dallim \u00ebsht\u00eb vendimtar, pasi p\u00ebrcakton <strong>cila gjykat\u00eb shqyrton \u00e7\u00ebshtjen, cili kuad\u00ebr procedural zbatohet dhe cila strategji mbrojtjeje \u00ebsht\u00eb e arsyeshme<\/strong>.<\/p>\n\n<h2 class=\"wp-block-heading\" id=\"h-strafsachen-die-nicht-vor-dem-bezirksgericht-landen\">\u00c7\u00ebshtjet penale q\u00eb nuk shqyrtohen nga Gjykata e Rrethit<\/h2>\n\n<p class=\"wp-block-paragraph\">Ligjv\u00ebn\u00ebsi ka p\u00ebrcaktuar se vepra t\u00eb caktuara penale nuk mund t\u00eb shqyrtohen nga Gjykata e Rrethit, edhe n\u00ebse n\u00eb shikim t\u00eb par\u00eb k\u00ebrc\u00ebnohet vet\u00ebm nj\u00eb d\u00ebnim i vog\u00ebl. K\u00ebto vepra penale i p\u00ebrkasin Gjykat\u00ebs Rajonale, sepse ligji i cakton shprehimisht k\u00ebsaj gjykate. <\/p>\n\n<p class=\"wp-block-paragraph\">K\u00ebtu p\u00ebrfshihen ve\u00e7an\u00ebrisht:<\/p>\n\n<ul class=\"wp-block-list\">\n<li><strong>Detyrim<\/strong><\/li>\n\n\n\n<li><strong>K\u00ebrc\u00ebnim i rreziksh\u00ebm<\/strong><\/li>\n\n\n\n<li><strong>P\u00ebrndjekje e vazhdueshme dhe cyberstalking<\/strong><\/li>\n\n\n\n<li><strong>Vepra penale t\u00eb korrupsionit<\/strong><\/li>\n\n\n\n<li><strong>Vepra penale t\u00eb r\u00ebnda ekonomike<\/strong><\/li>\n\n\n\n<li><strong>Vepra penale mjedisore<\/strong><\/li>\n\n\n\n<li><strong>Vepra penale armiq\u00ebsore ndaj shtetit dhe ekstremiste<\/strong><\/li>\n\n\n\n<li><strong>Nxitje e kualifikuar<\/strong><\/li>\n<\/ul>\n\n<p class=\"wp-block-paragraph\">Prandaj, n\u00ebse nj\u00eb procedur\u00eb penale zhvillohet para Gjykat\u00ebs s\u00eb Rrethit apo para Gjykat\u00ebs Rajonale, <strong>nuk \u00ebsht\u00eb \u00e7\u00ebshtje diskrecioni<\/strong>, por nj\u00eb <strong>caktim ligjor i detyruesh\u00ebm<\/strong>. Ky dallim vendos p\u00ebr t\u00eb gjith\u00eb kuadrin procedural dhe rrjedhimisht edhe p\u00ebr strategjin\u00eb e mbrojtjes. <\/p>\n    <div class=\"mr-quote mrbg clearfix\">\n        <a class=\"mr-quote-person\" href=\"\/ueber-uns\/rechtsanwalt-peter-harlander\/\" title=\"Rechtsanwalt Peter Harlander\">\n            <img decoding=\"async\" class=\"mr-quote-person-img\" src=\"https:\/\/harlander-partner.eu\/wp-content\/themes\/harlander\/design\/ph100.webp\" width=\"100\"\n                 height=\"100\" loading=\"lazy\" alt=\"Rechtsanwalt Peter Harlander\">\n            <span class=\"mr-quote-person-text\">\n            Peter Harlander<br>\n            <span class=\"mr-quote-person-function\">Harlander &amp; Partner Rechtsanw\u00e4lte<\/span>\n        <\/span>\n        <\/a>\n        <span class=\"mr-quote-content\">\u201eZgjedhja e duhur e Gjykat\u00ebs s\u00eb Rrethit kompetente \u00ebsht\u00eb shpesh vendimtare p\u00ebr ecurin\u00eb e m\u00ebtejshme t\u00eb nj\u00eb procedure penale.\u201c<\/span>\n    <\/div>\n<a class=\"mr-cta-link mr-cta-button-cal\" href=\"#h2-booking\" title=\"Konsultim fillestar falas\"><span class=\"mr-cta-link-normal\">Zgjidhni tani dat\u00ebn e d\u00ebshiruar:<\/span><span class=\"mr-cta-link-bold\">Konsultim fillestar falas<\/span><\/a>\n\n<h2 class=\"wp-block-heading\" id=\"h-ortliche-zustandigkeit-im-strafverfahren\">Kompetenca Territoriale n\u00eb Procedurat Penale<\/h2>\n\n<p class=\"wp-block-paragraph\">Cila Gjykat\u00eb e Rrethit zhvillon nj\u00eb procedur\u00eb penale, p\u00ebrcaktohet sipas rregullave p\u00ebr <strong>kompetenc\u00ebn territoriale<\/strong>. Vendimtare k\u00ebtu \u00ebsht\u00eb lidhja faktike e vepr\u00ebs penale me nj\u00eb rreth gjyq\u00ebsor t\u00eb caktuar dhe jo vet\u00ebm vendbanimi i t\u00eb akuzuarit. <\/p>\n\n<p class=\"wp-block-paragraph\">Kodi i Procedur\u00ebs Penale parashikon nj\u00eb hierarki t\u00eb qart\u00eb p\u00ebr k\u00ebt\u00eb. N\u00eb radh\u00eb t\u00eb par\u00eb, kompetente \u00ebsht\u00eb Gjykata e Rrethit, <\/p>\n\n<ul class=\"wp-block-list\">\n<li>n\u00eb rrethin e t\u00eb cilit \u00ebsht\u00eb kryer vepra penale,<\/li>\n\n\n\n<li>n\u00eb rrethin e t\u00eb cilit \u00ebsht\u00eb realizuar nj\u00eb pjes\u00eb thelb\u00ebsore e vepr\u00ebs,<\/li>\n\n\n\n<li>n\u00eb rrethin e t\u00eb cilit ka ndodhur pasoja e lidhur me vepr\u00ebn.<\/li>\n<\/ul>\n\n<p class=\"wp-block-paragraph\">N\u00ebse nuk mund t\u00eb p\u00ebrcaktohet nj\u00eb vend i qart\u00eb i krimit ose n\u00ebse ka disa vende krimi, zbatohen pika t\u00eb tjera lidh\u00ebse. At\u00ebher\u00eb kompetente \u00ebsht\u00eb Gjykata e Rrethit, <\/p>\n\n<ul class=\"wp-block-list\">\n<li>n\u00eb rrethin e t\u00eb cilit i akuzuari ka vendbanimin e tij t\u00eb zakonsh\u00ebm,<\/li>\n\n\n\n<li>n\u00eb rrethin e t\u00eb cilit i akuzuari \u00ebsht\u00eb gjetur ose arrestuar,<\/li>\n\n\n\n<li>ku procedura \u00ebsht\u00eb iniciuar p\u00ebr her\u00eb t\u00eb par\u00eb.<\/li>\n<\/ul>\n\n<p class=\"wp-block-paragraph\">Kjo hierarki ligjore siguron q\u00eb procedurat penale <strong>t\u00eb mos bllokohen p\u00ebr shkak t\u00eb mosmarr\u00ebveshjeve p\u00ebr kompetenc\u00ebn<\/strong> dhe q\u00eb provat, d\u00ebshmitar\u00ebt dhe organet hetimore t\u00eb jen\u00eb t\u00eb disponueshme <strong>sa m\u00eb af\u00ebr vendit<\/strong>.<\/p>\n\n<p class=\"wp-block-paragraph\">P\u00ebr t\u00eb akuzuarit dhe mbrojtjen, kompetenca territoriale ka nj\u00eb r\u00ebnd\u00ebsi t\u00eb madhe, sepse ajo vendos <strong>para cilit Gjykat\u00eb t\u00eb Rrethit konkret do t\u00eb shqyrtohet \u00e7\u00ebshtja dhe cil\u00ebt gjyqtar\u00eb jan\u00eb kompetent\u00eb<\/strong>. Gabimet n\u00eb k\u00ebt\u00eb caktim mund t\u00eb shkaktojn\u00eb <strong>mang\u00ebsi procedurale relevante<\/strong>. <\/p>\n\n<h2 class=\"wp-block-heading\" id=\"h-entscheidungsform-und-ablauf\">Forma e Vendimit dhe Procedura<\/h2>\n\n<p class=\"wp-block-paragraph\">Gjykata e Rrethit vendos n\u00eb procedurat penale <strong>gjithmon\u00eb nga nj\u00eb gjyqtar i vet\u00ebm<\/strong>. Ky i fundit drejton seanc\u00ebn kryesore, mbledh provat dhe vendos vet\u00ebm p\u00ebr <\/p>\n\n<ul class=\"wp-block-list\">\n<li>Faj\u00ebsi ose pafaj\u00ebsi<\/li>\n\n\n\n<li>Lloji dhe masa e d\u00ebnimit<\/li>\n\n\n\n<li>Diversion ose d\u00ebnim<\/li>\n<\/ul>\n\n<p class=\"wp-block-paragraph\">Edhe k\u00ebtu lindin <strong>vendime penale t\u00eb plota<\/strong> me t\u00eb gjitha pasojat ligjore, ve\u00e7an\u00ebrisht me <strong>regjistrime n\u00eb regjistrin penal<\/strong>.<\/p>\n\n<h2 class=\"wp-block-heading\" id=\"h-instanzenzug\">Shkall\u00ebt e gjykimit<\/h2>\n\n<p class=\"wp-block-paragraph\">Kund\u00ebr nj\u00eb vendimi t\u00eb Gjykat\u00ebs s\u00eb Rrethit jan\u00eb t\u00eb hapura <strong>mjetet juridike<\/strong>. Shqyrtimi b\u00ebhet nga <strong>Gjykata Rajonale<\/strong>, dhe m\u00eb pas, n\u00ebse \u00ebsht\u00eb e nevojshme, nga gjykata m\u00eb t\u00eb larta. <\/p>\n\n<p class=\"wp-block-paragraph\">Megjithat\u00eb, gabimet n\u00eb shkall\u00ebn e par\u00eb shpesh kan\u00eb pasoja t\u00eb p\u00ebrhershme, pasi <strong>k\u00ebrkesat p\u00ebr prova t\u00eb humbura dhe linjat e mbrojtjes nuk mund t\u00eb rikuperohen m\u00eb von\u00eb<\/strong>.<\/p>\n    <div class=\"mr-quote mrbg clearfix\">\n        <a class=\"mr-quote-person\" href=\"\/ueber-uns\/rechtsanwalt-sebastian-riedlmair\/\" title=\"Rechtsanwalt Sebastian Riedlmair\">\n            <img decoding=\"async\" class=\"mr-quote-person-img\" src=\"https:\/\/harlander-partner.eu\/wp-content\/themes\/harlander\/design\/sr100.webp\" width=\"100\"\n                 height=\"100\" loading=\"lazy\" alt=\"Rechtsanwalt Sebastian Riedlmair\">\n            <span class=\"mr-quote-person-text\">\n            Sebastian Riedlmair<br>\n            <span class=\"mr-quote-person-function\">Harlander &amp; Partner Rechtsanw\u00e4lte<\/span>\n        <\/span>\n        <\/a>\n        <span class=\"mr-quote-content\">\u201eMb\u00ebshtetja e hershme ligjore para Gjykat\u00ebs s\u00eb Rrethit parandalon gabimet q\u00eb nuk mund t\u00eb korrigjohen m\u00eb von\u00eb.\u201c<\/span>\n    <\/div>\n<a class=\"mr-cta-link mr-cta-button-cal\" href=\"#h2-booking\" title=\"Konsultim fillestar falas\"><span class=\"mr-cta-link-normal\">Zgjidhni tani dat\u00ebn e d\u00ebshiruar:<\/span><span class=\"mr-cta-link-bold\">Konsultim fillestar falas<\/span><\/a>\n\n<h2 class=\"wp-block-heading\" id=\"h-ihre-vorteile-mit-anwaltlicher-unterstutzung\">Avantazhet tuaja me mb\u00ebshtetje ligjore<\/h2>\n\n<p class=\"wp-block-paragraph\">Nj\u00eb procedur\u00eb penale para Gjykat\u00ebs s\u00eb Rrethit <strong>nuk \u00ebsht\u00eb nj\u00eb procedur\u00eb e par\u00ebnd\u00ebsishme<\/strong>. \u00c7do d\u00ebnim ka <strong>pasoja t\u00eb p\u00ebrhershme<\/strong>. <\/p>\n\n<p class=\"wp-block-paragraph\">Nj\u00eb p\u00ebrfaq\u00ebsim ligjor siguron q\u00eb<\/p>\n\n<ul class=\"wp-block-list\">\n<li>kompetenca e gjykat\u00ebs t\u00eb kontrollohet sakt\u00eb,<\/li>\n\n\n\n<li>provat t\u00eb vihen n\u00eb pik\u00ebpyetje kritikisht,<\/li>\n\n\n\n<li>rrethanat leht\u00ebsuese t\u00eb paraqiten n\u00eb koh\u00eb,<\/li>\n\n\n\n<li>t\u00eb synohet nj\u00eb zgjidhje diversionale,<\/li>\n\n\n\n<li>t\u00eb shmangen rekordet penale, n\u00ebse \u00ebsht\u00eb ligj\u00ebrisht e mundur.<\/li>\n<\/ul>\n\n<p class=\"wp-block-paragraph\">Sidomos p\u00ebr t\u00eb akuzuarit p\u00ebr her\u00eb t\u00eb par\u00eb, <strong>cil\u00ebsia e mbrojtjes<\/strong> vendos n\u00ebse nj\u00eb procedur\u00eb <strong>p\u00ebrfundon me pushim ose rezulton n\u00eb nj\u00eb rekord penal<\/strong>.<\/p>\n<a class=\"mr-cta-link mr-cta-button-cal\" href=\"#h2-booking\" title=\"Konsultim fillestar falas\"><span class=\"mr-cta-link-normal\">Zgjidhni tani dat\u00ebn e d\u00ebshiruar:<\/span><span class=\"mr-cta-link-bold\">Konsultim fillestar falas<\/span><\/a>\n\n<h2 class=\"wp-block-heading\" id=\"h-faq-haufig-gestellte-fragen\">FAQ \u2013 Pyetje t\u00eb shpeshta<\/h2>\n<div class=\"wp-block-uagb-faq uagb-faq__outer-wrap uagb-block-Bezirksgericht uagb-faq-icon-row uagb-faq-layout-accordion uagb-faq-expand-first-true uagb-faq-inactive-other-true uagb-faq__wrap uagb-buttons-layout-wrap uagb-faq-equal-height     \" data-faqtoggle=\"true\" role=\"tablist\"><script type=\"application\/ld+json\">{\"@context\":\"https:\\\/\\\/schema.org\",\"@type\":\"FAQPage\",\"@id\":\"https:\\\/\\\/harlander-partner.eu\\\/sq\\\/e-drejta-penale\\\/gjykata-e-rrethit-ne-procedurat-penale\\\/\",\"mainEntity\":[{\"@type\":\"Question\",\"name\":\"Kur \\u00ebsht\\u00eb kompetente Gjykata e Rrethit n\\u00eb procedurat penale?\",\"acceptedAnswer\":{\"@type\":\"Answer\",\"text\":\"Gjykata e Rrethit \\u00ebsht\\u00eb kompetente n\\u00ebse ligji parashikon p\\u00ebr nj\\u00eb vep\\u00ebr penale vet\\u00ebm nj\\u00eb gjob\\u00eb ose nj\\u00eb d\\u00ebnim me burg deri n\\u00eb nj\\u00eb vit dhe nuk ka caktim t\\u00eb ve\\u00e7ant\\u00eb p\\u00ebr Gjykat\\u00ebn Rajonale. Prandaj, vendimtare nuk \\u00ebsht\\u00eb sa e r\\u00ebnd\\u00eb duket akuza, por cili d\\u00ebnim parashikohet nga ligji. Sapo t\\u00eb parashikohet nj\\u00eb kuad\\u00ebr d\\u00ebnimi m\\u00eb i lart\\u00eb ose ligji t\\u00eb urdh\\u00ebroj\\u00eb nj\\u00eb kompetenc\\u00eb tjet\\u00ebr, kompetente \\u00ebsht\\u00eb Gjykata Rajonale.  \"}},{\"@type\":\"Question\",\"name\":\"Cilat vepra penale shqyrtohen tipikisht para Gjykat\\u00ebs s\\u00eb Rrethit?\",\"acceptedAnswer\":{\"@type\":\"Answer\",\"text\":\"Para Gjykat\\u00ebs s\\u00eb Rrethit shqyrtohen kryesisht vepra penale t\\u00eb thjeshta kund\\u00ebr pron\\u00ebs, l\\u00ebndime trupore nga pakujdesia, d\\u00ebmtime t\\u00eb lehta t\\u00eb pron\\u00ebs dhe vepra t\\u00eb shumta penale t\\u00eb trafikut. K\\u00ebto jan\\u00eb vepra penale me nj\\u00eb kuad\\u00ebr d\\u00ebnimi relativisht t\\u00eb ul\\u00ebt. Megjithat\\u00eb, edhe k\\u00ebto procedura mund t\\u00eb \\u00e7ojn\\u00eb n\\u00eb rekorde penale dhe pasoja t\\u00eb konsiderueshme ligjore.  \"}},{\"@type\":\"Question\",\"name\":\"Pse disa vepra penale shkojn\\u00eb para Gjykat\\u00ebs Rajonale pavar\\u00ebsisht d\\u00ebnimit t\\u00eb ul\\u00ebt?\",\"acceptedAnswer\":{\"@type\":\"Answer\",\"text\":\"Disa vepra penale, pavar\\u00ebsisht d\\u00ebnimit t\\u00eb ul\\u00ebt, nuk shqyrtohen nga Gjykata e Rrethit, sepse ligji i cakton shprehimisht Gjykat\\u00ebs Rajonale. Ky caktim bazohet n\\u00eb nj\\u00eb vler\\u00ebsim ligjor dhe jo n\\u00eb vler\\u00ebsimin e rastit individual. Prandaj, vendimtare \\u00ebsht\\u00eb vet\\u00ebm cila gjykat\\u00eb parashikohet nga ligji p\\u00ebr k\\u00ebt\\u00eb lloj vepre penale.  \"}},{\"@type\":\"Question\",\"name\":\"Kush vendos n\\u00eb procedurat penale para Gjykat\\u00ebs s\\u00eb Rrethit?\",\"acceptedAnswer\":{\"@type\":\"Answer\",\"text\":\"Gjykata e Rrethit vendos n\\u00eb procedurat penale gjithmon\\u00eb nga nj\\u00eb gjyqtar i vet\\u00ebm. Ky i fundit drejton seanc\\u00ebn kryesore, vler\\u00ebson provat dhe vendos p\\u00ebr faj\\u00ebsin\\u00eb ose pafaj\\u00ebsin\\u00eb, si dhe p\\u00ebr llojin dhe mas\\u00ebn e d\\u00ebnimit. N\\u00eb k\\u00ebto procedura nuk ka gjyqtar\\u00eb popullor\\u00eb apo jurist\\u00eb.  \"}}]}<\/script><div class=\"wp-block-uagb-faq-child uagb-faq-child__outer-wrap uagb-faq-item uagb-block-Bezirksgericht-Q1 \" role=\"tab\" tabindex=\"0\"><div class=\"uagb-faq-questions-button uagb-faq-questions\">\t\t\t<span class=\"uagb-icon uagb-faq-icon-wrap\">\n\t\t\t\t\t\t\t\t<svg xmlns=\"https:\/\/www.w3.org\/2000\/svg\" viewBox= \"0 0 448 512\"><path d=\"M432 256c0 17.69-14.33 32.01-32 32.01H256v144c0 17.69-14.33 31.99-32 31.99s-32-14.3-32-31.99v-144H48c-17.67 0-32-14.32-32-32.01s14.33-31.99 32-31.99H192v-144c0-17.69 14.33-32.01 32-32.01s32 14.32 32 32.01v144h144C417.7 224 432 238.3 432 256z\"><\/path><\/svg>\n\t\t\t\t\t\t\t<\/span>\n\t\t\t\t\t\t<span class=\"uagb-icon-active uagb-faq-icon-wrap\">\n\t\t\t\t\t\t\t\t<svg xmlns=\"https:\/\/www.w3.org\/2000\/svg\" viewBox= \"0 0 448 512\"><path d=\"M400 288h-352c-17.69 0-32-14.32-32-32.01s14.31-31.99 32-31.99h352c17.69 0 32 14.3 32 31.99S417.7 288 400 288z\"><\/path><\/svg>\n\t\t\t\t\t\t\t<\/span>\n\t\t\t<span class=\"uagb-question\">Kur \u00ebsht\u00eb kompetente Gjykata e Rrethit n\u00eb procedurat penale?<\/span><\/div><div class=\"uagb-faq-content\"><p>Gjykata e Rrethit \u00ebsht\u00eb kompetente n\u00ebse ligji parashikon p\u00ebr nj\u00eb vep\u00ebr penale vet\u00ebm nj\u00eb gjob\u00eb ose nj\u00eb d\u00ebnim me burg deri n\u00eb nj\u00eb vit dhe nuk ka caktim t\u00eb ve\u00e7ant\u00eb p\u00ebr Gjykat\u00ebn Rajonale. Prandaj, vendimtare nuk \u00ebsht\u00eb sa e r\u00ebnd\u00eb duket akuza, por cili d\u00ebnim parashikohet nga ligji. Sapo t\u00eb parashikohet nj\u00eb kuad\u00ebr d\u00ebnimi m\u00eb i lart\u00eb ose ligji t\u00eb urdh\u00ebroj\u00eb nj\u00eb kompetenc\u00eb tjet\u00ebr, kompetente \u00ebsht\u00eb Gjykata Rajonale.  <\/p><\/div><\/div><div class=\"wp-block-uagb-faq-child uagb-faq-child__outer-wrap uagb-faq-item uagb-block-Bezirksgericht-Q2 \" role=\"tab\" tabindex=\"0\"><div class=\"uagb-faq-questions-button uagb-faq-questions\">\t\t\t<span class=\"uagb-icon uagb-faq-icon-wrap\">\n\t\t\t\t\t\t\t\t<svg xmlns=\"https:\/\/www.w3.org\/2000\/svg\" viewBox= \"0 0 448 512\"><path d=\"M432 256c0 17.69-14.33 32.01-32 32.01H256v144c0 17.69-14.33 31.99-32 31.99s-32-14.3-32-31.99v-144H48c-17.67 0-32-14.32-32-32.01s14.33-31.99 32-31.99H192v-144c0-17.69 14.33-32.01 32-32.01s32 14.32 32 32.01v144h144C417.7 224 432 238.3 432 256z\"><\/path><\/svg>\n\t\t\t\t\t\t\t<\/span>\n\t\t\t\t\t\t<span class=\"uagb-icon-active uagb-faq-icon-wrap\">\n\t\t\t\t\t\t\t\t<svg xmlns=\"https:\/\/www.w3.org\/2000\/svg\" viewBox= \"0 0 448 512\"><path d=\"M400 288h-352c-17.69 0-32-14.32-32-32.01s14.31-31.99 32-31.99h352c17.69 0 32 14.3 32 31.99S417.7 288 400 288z\"><\/path><\/svg>\n\t\t\t\t\t\t\t<\/span>\n\t\t\t<span class=\"uagb-question\">Cilat vepra penale shqyrtohen tipikisht para Gjykat\u00ebs s\u00eb Rrethit?<\/span><\/div><div class=\"uagb-faq-content\"><p>Para Gjykat\u00ebs s\u00eb Rrethit shqyrtohen kryesisht vepra penale t\u00eb thjeshta kund\u00ebr pron\u00ebs, l\u00ebndime trupore nga pakujdesia, d\u00ebmtime t\u00eb lehta t\u00eb pron\u00ebs dhe vepra t\u00eb shumta penale t\u00eb trafikut. K\u00ebto jan\u00eb vepra penale me nj\u00eb kuad\u00ebr d\u00ebnimi relativisht t\u00eb ul\u00ebt. Megjithat\u00eb, edhe k\u00ebto procedura mund t\u00eb \u00e7ojn\u00eb n\u00eb rekorde penale dhe pasoja t\u00eb konsiderueshme ligjore.  <\/p><\/div><\/div><div class=\"wp-block-uagb-faq-child uagb-faq-child__outer-wrap uagb-faq-item uagb-block-Bezirksgericht-Q3 \" role=\"tab\" tabindex=\"0\"><div class=\"uagb-faq-questions-button uagb-faq-questions\">\t\t\t<span class=\"uagb-icon uagb-faq-icon-wrap\">\n\t\t\t\t\t\t\t\t<svg xmlns=\"https:\/\/www.w3.org\/2000\/svg\" viewBox= \"0 0 448 512\"><path d=\"M432 256c0 17.69-14.33 32.01-32 32.01H256v144c0 17.69-14.33 31.99-32 31.99s-32-14.3-32-31.99v-144H48c-17.67 0-32-14.32-32-32.01s14.33-31.99 32-31.99H192v-144c0-17.69 14.33-32.01 32-32.01s32 14.32 32 32.01v144h144C417.7 224 432 238.3 432 256z\"><\/path><\/svg>\n\t\t\t\t\t\t\t<\/span>\n\t\t\t\t\t\t<span class=\"uagb-icon-active uagb-faq-icon-wrap\">\n\t\t\t\t\t\t\t\t<svg xmlns=\"https:\/\/www.w3.org\/2000\/svg\" viewBox= \"0 0 448 512\"><path d=\"M400 288h-352c-17.69 0-32-14.32-32-32.01s14.31-31.99 32-31.99h352c17.69 0 32 14.3 32 31.99S417.7 288 400 288z\"><\/path><\/svg>\n\t\t\t\t\t\t\t<\/span>\n\t\t\t<span class=\"uagb-question\">Pse disa vepra penale shkojn\u00eb para Gjykat\u00ebs Rajonale pavar\u00ebsisht d\u00ebnimit t\u00eb ul\u00ebt?<\/span><\/div><div class=\"uagb-faq-content\"><p>Disa vepra penale, pavar\u00ebsisht d\u00ebnimit t\u00eb ul\u00ebt, nuk shqyrtohen nga Gjykata e Rrethit, sepse ligji i cakton shprehimisht Gjykat\u00ebs Rajonale. Ky caktim bazohet n\u00eb nj\u00eb vler\u00ebsim ligjor dhe jo n\u00eb vler\u00ebsimin e rastit individual. Prandaj, vendimtare \u00ebsht\u00eb vet\u00ebm cila gjykat\u00eb parashikohet nga ligji p\u00ebr k\u00ebt\u00eb lloj vepre penale.  <\/p><\/div><\/div><div class=\"wp-block-uagb-faq-child uagb-faq-child__outer-wrap uagb-faq-item uagb-block-Bezirksgericht-Q4 \" role=\"tab\" tabindex=\"0\"><div class=\"uagb-faq-questions-button uagb-faq-questions\">\t\t\t<span class=\"uagb-icon uagb-faq-icon-wrap\">\n\t\t\t\t\t\t\t\t<svg xmlns=\"https:\/\/www.w3.org\/2000\/svg\" viewBox= \"0 0 448 512\"><path d=\"M432 256c0 17.69-14.33 32.01-32 32.01H256v144c0 17.69-14.33 31.99-32 31.99s-32-14.3-32-31.99v-144H48c-17.67 0-32-14.32-32-32.01s14.33-31.99 32-31.99H192v-144c0-17.69 14.33-32.01 32-32.01s32 14.32 32 32.01v144h144C417.7 224 432 238.3 432 256z\"><\/path><\/svg>\n\t\t\t\t\t\t\t<\/span>\n\t\t\t\t\t\t<span class=\"uagb-icon-active uagb-faq-icon-wrap\">\n\t\t\t\t\t\t\t\t<svg xmlns=\"https:\/\/www.w3.org\/2000\/svg\" viewBox= \"0 0 448 512\"><path d=\"M400 288h-352c-17.69 0-32-14.32-32-32.01s14.31-31.99 32-31.99h352c17.69 0 32 14.3 32 31.99S417.7 288 400 288z\"><\/path><\/svg>\n\t\t\t\t\t\t\t<\/span>\n\t\t\t<span class=\"uagb-question\">Kush vendos n\u00eb procedurat penale para Gjykat\u00ebs s\u00eb Rrethit?<\/span><\/div><div class=\"uagb-faq-content\"><p>Gjykata e Rrethit vendos n\u00eb procedurat penale gjithmon\u00eb nga nj\u00eb gjyqtar i vet\u00ebm. Ky i fundit drejton seanc\u00ebn kryesore, vler\u00ebson provat dhe vendos p\u00ebr faj\u00ebsin\u00eb ose pafaj\u00ebsin\u00eb, si dhe p\u00ebr llojin dhe mas\u00ebn e d\u00ebnimit. N\u00eb k\u00ebto procedura nuk ka gjyqtar\u00eb popullor\u00eb apo jurist\u00eb.  <\/p><\/div><\/div><\/div><a class=\"mr-cta-link mr-cta-button-cal\" href=\"#h2-booking\" title=\"Konsultim fillestar falas\"><span class=\"mr-cta-link-normal\">Zgjidhni tani dat\u00ebn e d\u00ebshiruar:<\/span><span class=\"mr-cta-link-bold\">Konsultim fillestar falas<\/span><\/a>\n","protected":false},"excerpt":{"rendered":"N\u00eb procedurat penale, Gjykata e Rrethit \u00ebsht\u00eb gjykata e shkall\u00ebs s\u00eb par\u00eb q\u00eb vendos p\u00ebr veprat penale m\u00eb t\u00eb thjeshta t\u00eb jet\u00ebs s\u00eb p\u00ebrditshme. Ajo \u00ebsht\u00eb kompetente p\u00ebr vepra penale &#8230;","protected":false},"author":25,"featured_media":116591,"parent":41441,"menu_order":5,"comment_status":"closed","ping_status":"closed","template":"","meta":{"_acf_changed":false,"_uag_custom_page_level_css":"","footnotes":""},"categories":[837],"tags":[],"class_list":["post-116590","page","type-page","status-publish","has-post-thumbnail","hentry","category-e-drejta-penale"],"acf":[],"uagb_featured_image_src":{"full":["https:\/\/harlander-partner.eu\/wp-content\/uploads\/Bezirksgericht.webp",1920,1080,false],"thumbnail":["https:\/\/harlander-partner.eu\/wp-content\/uploads\/Bezirksgericht-100x100.webp",100,100,true],"medium":["https:\/\/harlander-partner.eu\/wp-content\/uploads\/Bezirksgericht-800x450.webp",800,450,true],"medium_large":["https:\/\/harlander-partner.eu\/wp-content\/uploads\/Bezirksgericht.webp",1920,1080,false],"large":["https:\/\/harlander-partner.eu\/wp-content\/uploads\/Bezirksgericht.webp",1920,1080,false],"1536x1536":["https:\/\/harlander-partner.eu\/wp-content\/uploads\/Bezirksgericht-1536x864.webp",1536,864,true],"2048x2048":["https:\/\/harlander-partner.eu\/wp-content\/uploads\/Bezirksgericht.webp",1920,1080,false],"336x":["https:\/\/harlander-partner.eu\/wp-content\/uploads\/Bezirksgericht-336x189.webp",336,189,true],"352x":["https:\/\/harlander-partner.eu\/wp-content\/uploads\/Bezirksgericht-352x198.webp",352,198,true],"woocommerce_thumbnail":["https:\/\/harlander-partner.eu\/wp-content\/uploads\/Bezirksgericht-300x300.webp",300,300,true],"woocommerce_single":["https:\/\/harlander-partner.eu\/wp-content\/uploads\/Bezirksgericht-600x338.webp",600,338,true],"woocommerce_gallery_thumbnail":["https:\/\/harlander-partner.eu\/wp-content\/uploads\/Bezirksgericht-100x100.webp",100,100,true],"yarpp-thumbnail":["https:\/\/harlander-partner.eu\/wp-content\/uploads\/Bezirksgericht-120x120.webp",120,120,true]},"uagb_author_info":{"display_name":"Simon Prem","author_link":"https:\/\/harlander-partner.eu\/sq\/author\/simon-prem\/"},"uagb_comment_info":0,"uagb_excerpt":"N\u00eb procedurat penale, Gjykata e Rrethit \u00ebsht\u00eb gjykata e shkall\u00ebs s\u00eb par\u00eb q\u00eb vendos p\u00ebr veprat penale m\u00eb t\u00eb thjeshta t\u00eb jet\u00ebs s\u00eb p\u00ebrditshme. Ajo \u00ebsht\u00eb kompetente p\u00ebr vepra penale ...","_links":{"self":[{"href":"https:\/\/harlander-partner.eu\/sq\/wp-json\/wp\/v2\/pages\/116590","targetHints":{"allow":["GET"]}}],"collection":[{"href":"https:\/\/harlander-partner.eu\/sq\/wp-json\/wp\/v2\/pages"}],"about":[{"href":"https:\/\/harlander-partner.eu\/sq\/wp-json\/wp\/v2\/types\/page"}],"author":[{"embeddable":true,"href":"https:\/\/harlander-partner.eu\/sq\/wp-json\/wp\/v2\/users\/25"}],"replies":[{"embeddable":true,"href":"https:\/\/harlander-partner.eu\/sq\/wp-json\/wp\/v2\/comments?post=116590"}],"version-history":[{"count":0,"href":"https:\/\/harlander-partner.eu\/sq\/wp-json\/wp\/v2\/pages\/116590\/revisions"}],"up":[{"embeddable":true,"href":"https:\/\/harlander-partner.eu\/sq\/wp-json\/wp\/v2\/pages\/41441"}],"wp:featuredmedia":[{"embeddable":true,"href":"https:\/\/harlander-partner.eu\/sq\/wp-json\/wp\/v2\/media\/116591"}],"wp:attachment":[{"href":"https:\/\/harlander-partner.eu\/sq\/wp-json\/wp\/v2\/media?parent=116590"}],"wp:term":[{"taxonomy":"category","embeddable":true,"href":"https:\/\/harlander-partner.eu\/sq\/wp-json\/wp\/v2\/categories?post=116590"},{"taxonomy":"post_tag","embeddable":true,"href":"https:\/\/harlander-partner.eu\/sq\/wp-json\/wp\/v2\/tags?post=116590"}],"curies":[{"name":"wp","href":"https:\/\/api.w.org\/{rel}","templated":true}]}}