{"id":44410,"date":"2023-06-20T13:35:33","date_gmt":"2023-06-20T11:35:33","guid":{"rendered":"https:\/\/harlander-partner.eu\/bezpecna-kariera\/advokatka-advokat\/"},"modified":"2026-04-09T16:39:49","modified_gmt":"2026-04-09T14:39:49","slug":"advokatka-advokat","status":"publish","type":"page","link":"https:\/\/harlander-partner.eu\/sk\/bezpecna-kariera\/advokatka-advokat\/","title":{"rendered":"Advok\u00e1tka \/ Advok\u00e1t"},"content":{"rendered":"\n<h2 class=\"wp-block-heading\" id=\"h-rechtsanwaltin-rechtsanwalt\">Advok\u00e1tka \/ Advok\u00e1t<\/h2>\n\n<p class=\"wp-block-paragraph\">M\u00e1me dostatok pr\u00e1ce na okam\u017eit\u00e9 pln\u00e9 vy\u0165a\u017eenie dvoch \u010fal\u0161\u00edch pr\u00e1vnikov alebo pr\u00e1vni\u010diek. Cie\u013eom je neskor\u0161ie prijatie ako partner\/ka \/ spolo\u010dn\u00edk\/\u010dka.<\/p>\n\n<p class=\"wp-block-paragraph\">V s\u00fa\u010dasnosti h\u013ead\u00e1me v nasleduj\u00facich spolkov\u00fdch krajin\u00e1ch \/ mest\u00e1ch:<\/p>\n\n<ul class=\"wp-block-list icon\">\n<li>Tirolsko<\/li>\n\n\n\n<li>Graz<\/li>\n\n\n\n<li>Mesto Salzburg<\/li>\n<\/ul>\n\n<p class=\"wp-block-paragraph\">(V Tirolsku zatia\u013e existuje len konzulta\u010dn\u00e9 miesto. Prijat\u00edm advok\u00e1tky \/ advok\u00e1ta by sme, samozrejme, otvorili plnohodnotn\u00fa pobo\u010dku.)<\/p>\n\n<h2 class=\"wp-block-heading\" id=\"h-interesse-aber-unsicher\">M\u00e1te z\u00e1ujem, ale ste si neist\u00ed?<\/h2>\n\n<p class=\"wp-block-paragraph\">Rozhodnutie opusti\u0165 doteraj\u0161iu advok\u00e1tsku kancel\u00e1riu a uch\u00e1dza\u0165 sa o miesto v inej kancel\u00e1rii je ve\u013ek\u00fd krok \u2013 najm\u00e4 preto, \u017ee nov\u00fa kancel\u00e1riu v\u00e4\u010d\u0161inou v\u00f4bec nepozn\u00e1te. To sa d\u00e1 \u013eahko zmeni\u0165:<\/p>\n    <div class=\"mr-quote mrbg clearfix\">\n        <a class=\"mr-quote-person\" href=\"\/ueber-uns\/rechtsanwalt-peter-harlander\/\" title=\"Rechtsanwalt Peter Harlander\">\n            <img decoding=\"async\" class=\"mr-quote-person-img\" src=\"https:\/\/harlander-partner.eu\/wp-content\/themes\/harlander\/design\/ph100.webp\" width=\"100\"\n                 height=\"100\" loading=\"lazy\" alt=\"Rechtsanwalt Peter Harlander\">\n            <span class=\"mr-quote-person-text\">\n            Peter Harlander<br>\n            <span class=\"mr-quote-person-function\">Harlander &amp; Partner Rechtsanw\u00e4lte<\/span>\n        <\/span>\n        <\/a>\n        <span class=\"mr-quote-content\">\u201eJednoducho n\u00e1s nav\u0161t\u00edvte, aby sme sa spoznali. Takto sa m\u00f4\u017eete pred podan\u00edm \u017eiadosti rozhodn\u00fa\u0165, \u010di V\u00e1m n\u00e1\u0161 t\u00edm a na\u0161a kancel\u00e1ria vyhovuje. Pr\u00edsna d\u00f4vernos\u0165 je zaru\u010den\u00e1.\u201c<\/span>\n    <\/div>\n\n<h2 class=\"wp-block-heading\" id=\"h-uber-uns\">O n\u00e1s<\/h2>\n\n<p class=\"wp-block-paragraph\">Na\u0161a advok\u00e1tska kancel\u00e1ria p\u00f4sob\u00ed u\u017e p\u00e4\u0165 gener\u00e1ci\u00ed (1953). Kto si teraz predstavuje v\u0155zgaj\u00face dreven\u00e9 stoly so z\u00e1suvkami a hromady papierov\u00fdch spisov, m\u00fdli sa. Nespoliehame sa na minulos\u0165, ale pon\u00fakame modern\u00e9, na bud\u00facnos\u0165 orientovan\u00e9 pracovn\u00e9 pr\u00edle\u017eitosti.<\/p>\n\n<p class=\"wp-block-paragraph\">Na\u0161a advok\u00e1tska kancel\u00e1ria m\u00e1 povolenie na v\u00fdkon advok\u00e1cie v Rak\u00fasku a Nemecku. Hlavn\u00e9 s\u00eddlo je v Salzburgu, pobo\u010dky s\u00fa v Linzi, Viedni, Grazi, Klagenfurte, Innsbrucku (konzulta\u010dn\u00e9 miesto), Mn\u00edchove a Frankfurte. Napriek tomu nie sme ve\u013ek\u00e1 advok\u00e1tska kancel\u00e1ria, ale butikov\u00e1 advok\u00e1tska kancel\u00e1ria s jasn\u00fdm zameran\u00edm a ide\u00e1lnymi mo\u017enos\u0165ami odbornej \u0161pecializ\u00e1cie.<\/p>\n\n<p class=\"wp-block-paragraph\">Pon\u00fakame vynikaj\u00face pracovn\u00e9 podmienky s v\u00fdlu\u010dne fakturovate\u013en\u00fdmi hodinami, \u017eiadny tlak na nad\u010dasy, v \u017eiadnom pr\u00edpade \u017eiadne neplaten\u00e9 nad\u010dasy, plne digitalizovan\u00fa kancel\u00e1riu, pracovn\u00e9 miesta s najmodernej\u0161\u00edm IT vybaven\u00edm a videokonferen\u010dn\u00fdmi miestnos\u0165ami.<\/p>\n\n<p class=\"wp-block-paragraph\"><strong>Pre n\u00e1s obzvl\u00e1\u0161\u0165 d\u00f4le\u017eit\u00e9: <\/strong>povolanie advok\u00e1tky a advok\u00e1ta u n\u00e1s nie je spojen\u00e9 so sebavykoris\u0165ovan\u00edm a vzdan\u00edm sa s\u00fakromn\u00e9ho a rodinn\u00e9ho \u017eivota.<\/p>\n\n<h2 class=\"wp-block-heading\" id=\"h-key-facts\">K\u013e\u00fa\u010dov\u00e9 fakty<\/h2>\n\n<div class=\"wp-block-columns\">\n<div class=\"wp-block-column mr-column-lightgrey\">\n<h3 class=\"wp-block-heading\" id=\"h-work-life-balance\">Rovnov\u00e1ha medzi pr\u00e1cou a \u017eivotom<\/h3>\n\n\n\n<ul class=\"wp-block-list icon\">\n<li>Mo\u017enos\u0165 pln\u00e9ho \/ \u010diasto\u010dn\u00e9ho \u00fav\u00e4zku<\/li>\n\n\n\n<li>\u017eiadne nad\u010dasy nie s\u00fa potrebn\u00e9<\/li>\n\n\n\n<li>Flexibiln\u00fd pracovn\u00fd \u010das<\/li>\n<\/ul>\n<\/div>\n\n\n\n<div class=\"wp-block-column mr-column-lightgrey\">\n<h3 class=\"wp-block-heading\" id=\"h-office\">Kancel\u00e1ria<\/h3>\n\n\n\n<ul id=\"block-ccedcdec-40f6-4dd4-9064-5f2f97a1ed2e\" class=\"wp-block-list icon\">\n<li>Reprezentat\u00edvna, modern\u00e1 advok\u00e1tska kancel\u00e1ria<\/li>\n\n\n\n<li>Vlastn\u00e1, klimatizovan\u00e1 kancel\u00e1ria<\/li>\n\n\n\n<li>Mo\u017enos\u0165 pr\u00e1ce na dia\u013eku<\/li>\n\n\n\n<li>\u0160pi\u010dkov\u00e9 IT vybavenie<\/li>\n\n\n\n<li>cel\u00fd t\u00edm si tyk\u00e1 a na rovnakej \u00farovni<\/li>\n<\/ul>\n<\/div>\n<\/div>\n\n<div class=\"wp-block-columns\">\n<div class=\"wp-block-column mr-column-lightgrey\">\n<h3 class=\"wp-block-heading\" id=\"h-arbeitsbereiche\">Pracovn\u00e9 oblasti<\/h3>\n\n\n\n<ul class=\"wp-block-list icon\">\n<li>V\u0161eobecn\u00e9 ob\u010dianske pr\u00e1vo<\/li>\n\n\n\n<li>Obchodn\u00e9 pr\u00e1vo<\/li>\n\n\n\n<li>Osobitn\u00e9 pr\u00e1vne odvetvia<\/li>\n\n\n\n<li>Trestn\u00e9 pr\u00e1vo<\/li>\n<\/ul>\n<\/div>\n\n\n\n<div class=\"wp-block-column mr-column-lightgrey\">\n<h3 class=\"wp-block-heading\" id=\"h-karriere\">Kari\u00e9ra<\/h3>\n\n\n\n<ul id=\"block-ccedcdec-40f6-4dd4-9064-5f2f97a1ed2e\" class=\"wp-block-list icon\">\n<li>Nadpriemern\u00e9 ohodnotenie<\/li>\n\n\n\n<li>Podpora \u0161pecializ\u00e1cie<\/li>\n\n\n\n<li>Cie\u013eom je prijatie za partnera<\/li>\n<\/ul>\n<\/div>\n<\/div>\n\n<h2 class=\"wp-block-heading\" id=\"h-flexibilitat\">Flexibilita<\/h2>\n\n<h3 class=\"wp-block-heading\" id=\"h-substitutionsbasis\">Z\u00e1klad zastupovania<\/h3>\n\n<p class=\"wp-block-paragraph\">V z\u00e1sade uprednost\u0148ujeme na za\u010diatok spolupr\u00e1cu so samostatn\u00fdmi pr\u00e1vni\u010dkami a pr\u00e1vnikmi na z\u00e1klade substit\u00facie. N\u00e1\u0161 syst\u00e9m odme\u0148ovania je orientovan\u00fd na v\u00fdsledky a je navrhnut\u00fd tak, \u017ee pri 40 a\u017e 50 hodin\u00e1ch t\u00fd\u017edenne je mo\u017en\u00e9 dosiahnu\u0165 honor\u00e1r viac ako 100 000,00 \u20ac plus DPH ro\u010dne.<\/p>\n\n<p class=\"wp-block-paragraph\">Never\u00edme m\u00fdtu, \u017ee pr\u00e1vnici musia pracova\u0165 do polnoci. (N\u00e1\u0161 ostatn\u00fd person\u00e1l kancel\u00e1rie bez v\u00fdnimky op\u00fa\u0161\u0165a kancel\u00e1riu o 16:30.) Vzh\u013eadom na prirodzene vo\u013en\u00e9 rozvrhnutie \u010dasu advok\u00e1ta v\u0161ak realiz\u00e1cia nakoniec nie je v na\u0161ich ruk\u00e1ch. Kto nevyhnutne chce, m\u00f4\u017ee si napriek tomu svoj work-life balance usporiada\u0165 nevyv\u00e1\u017eene a e\u0161te viac orientovane na zisk.<\/p>\n\n<h3 class=\"wp-block-heading\" id=\"h-eigene-akten\">Vlastn\u00e9 spisy<\/h3>\n\n<p class=\"wp-block-paragraph\">Na rozdiel od in\u00fdch kancel\u00e1ri\u00ed v na\u0161ej kancel\u00e1rii neexistuje tlak na z\u00edskavanie vlastn\u00fdch klientov \/ spisov. Sami zabezpe\u010dujeme dostato\u010dn\u00e9 vy\u0165a\u017eenie, tak\u017ee t\u00e1to \u010dasto ve\u013emi \u010dasovo n\u00e1ro\u010dn\u00e1 a neob\u013e\u00faben\u00e1 z\u00e1\u0165a\u017e odpad\u00e1. Vlastn\u00e9 spisy u n\u00e1s nie s\u00fa podmienkou pre ve\u013emi dobr\u00fd pr\u00edjem.<\/p>\n\n<p class=\"wp-block-paragraph\">Naopak, samozrejme, plat\u00ed ako v\u0161ade: kto napriek tomu prinesie vlastn\u00e9 spisy, dodato\u010dne si na t\u00fdchto spisoch zarob\u00ed.<\/p>\n\n<h3 class=\"wp-block-heading\" id=\"h-anstellung\">Pracovn\u00fd pomer<\/h3>\n\n<p class=\"wp-block-paragraph\">Alternat\u00edvne je mo\u017en\u00e9 zamestnanie ako advok\u00e1t alebo advok\u00e1tka, ak sa to uprednost\u0148uje.<\/p>\n\n<h2 class=\"wp-block-heading\" id=\"h-remote\">Na dia\u013eku<\/h2>\n\n<p class=\"wp-block-paragraph\">Na\u0161a kancel\u00e1ria je plne digitalizovan\u00e1. Pr\u00e1ca na dia\u013eku je u n\u00e1s ka\u017edodennou z\u00e1le\u017eitos\u0165ou. Kon\u0161tel\u00e1cie ako<\/p>\n\n<ul class=\"wp-block-list\">\n<li>vlastn\u00e1 kancel\u00e1ria s pr\u00edli\u0161 mal\u00fdm vlastn\u00fdm vy\u0165a\u017een\u00edm<\/li>\n\n\n\n<li>Rodi\u010dovsk\u00e1 dovolenka na 100 % z dom\u00e1cej kancel\u00e1rie<\/li>\n\n\n\n<li>Workations<\/li>\n\n\n\n<li>alebo jednoducho celkom klasicky v kancel\u00e1rii :)<\/li>\n<\/ul>\n\n<p class=\"wp-block-paragraph\">s\u00fa u n\u00e1s bezprobl\u00e9movo mo\u017en\u00e9.<\/p>\n\n<h2 class=\"wp-block-heading\" id=\"h-teilzeit\">\u010ciasto\u010dn\u00fd \u00fav\u00e4zok<\/h2>\n\n<p class=\"wp-block-paragraph\">Pr\u00e1ca na \u010diasto\u010dn\u00fd \u00fav\u00e4zok (teda spolupr\u00e1ca u n\u00e1s popri vlastnej kancel\u00e1rii) je mo\u017en\u00e1 od 20 hod\u00edn t\u00fd\u017edenne, ak je zabezpe\u010den\u00e1 zodpovedaj\u00faca kontinuita a je mo\u017en\u00e9 z\u00fa\u010dast\u0148ova\u0165 sa na pojedn\u00e1vaniach.<\/p>\n\n<h2 class=\"wp-block-heading\" id=\"h-partnerschaft\">Partnerstvo<\/h2>\n\n<p class=\"wp-block-paragraph\">Pri \u00faspe\u0161nej spolupr\u00e1ci sa usiluje o neskor\u0161ie partnerstvo ako spolo\u010dn\u00edk\/spolo\u010dn\u00ed\u010dka.<\/p>\n\n<h2 class=\"wp-block-heading\" id=\"h-ausstattung\">Vybavenie<\/h2>\n\n<p class=\"wp-block-paragraph\">Advok\u00e1ti a advok\u00e1tky, ktor\u00ed pracuj\u00fa priamo v na\u0161ej kancel\u00e1rii, maj\u00fa k dispoz\u00edcii vlastn\u00fa klimatizovan\u00fa kancel\u00e1riu, mobiln\u00fd 13-palcov\u00fd notebook, ako aj dokovaciu stanicu s dvoma 32-palcov\u00fdmi monitormi podporuj\u00facimi preh\u013eadnos\u0165, Advokat, pr\u00edstup k datab\u00e1ze, digit\u00e1lne rozpozn\u00e1vanie re\u010di a podporu AI.<\/p>\n\n<p class=\"wp-block-paragraph\">Na\u0161a advok\u00e1tska kancel\u00e1ria disponuje ve\u013emi rozsiahlou, aktu\u00e1lnou kni\u017enicou, Lexis360 + AI, RDB a dvoma videokonferen\u010dn\u00fdmi miestnos\u0165ami v \u0161t\u00fdle TV \u0161t\u00fadia.<\/p>\n\n<h2 class=\"wp-block-heading\" id=\"h-honorar\">Honor\u00e1r<\/h2>\n\n<p class=\"wp-block-paragraph\">Pon\u00fakame atrakt\u00edvny honor\u00e1r v rozmedz\u00ed od 72 000 \u20ac do 120 000 \u20ac plus DPH ro\u010dne.<\/p>\n\n<h2 class=\"wp-block-heading\" id=\"h-bewerbung\">\u017diados\u0165<\/h2>\n\n<p class=\"wp-block-paragraph\">Te\u0161\u00edme sa na va\u0161e \u017eiadosti zaslan\u00e9 na <a href=\"mailto:peter.harlander@harlander-partner.eu\">peter.harlander@harlander-partner.eu<\/a> s nasleduj\u00facimi podkladmi:<\/p>\n\n<ul class=\"wp-block-list\">\n<li>\u017divotopis<\/li>\n\n\n\n<li>Vysoko\u0161kolsk\u00e9 diplomy<\/li>\n\n\n\n<li>Osved\u010denie RAP<\/li>\n\n\n\n<li>Pracovn\u00e9 posudky (ak s\u00fa k dispoz\u00edcii)<\/li>\n<\/ul>\n\n<p class=\"wp-block-paragraph\">Samozrejme, v\u0161etky \u017eiadosti bud\u00fa pr\u00edsne d\u00f4vern\u00e9, aby sa neohrozili pr\u00edpadn\u00e9 existuj\u00face pracovn\u00e9 pomery.<\/p>\n\n<p class=\"wp-block-paragraph\">Advok\u00e1t Peter Harlander, Advok\u00e1t Sebastian Riedlmair<\/p>\n","protected":false},"excerpt":{"rendered":"Advok\u00e1tka \/ Advok\u00e1t M\u00e1me dostatok pr\u00e1ce na okam\u017eit\u00e9 pln\u00e9 vy\u0165a\u017eenie dvoch \u010fal\u0161\u00edch pr\u00e1vnikov alebo pr\u00e1vni\u010diek. Cie\u013eom je neskor\u0161ie prijatie ako partner\/ka \/ spolo\u010dn\u00edk\/\u010dka. V s\u00fa\u010dasnosti h\u013ead\u00e1me v nasleduj\u00facich spolkov\u00fdch krajin\u00e1ch &#8230;","protected":false},"author":1,"featured_media":0,"parent":42084,"menu_order":11,"comment_status":"closed","ping_status":"closed","template":"","meta":{"_acf_changed":false,"_uag_custom_page_level_css":"","footnotes":""},"categories":[],"tags":[],"class_list":["post-44410","page","type-page","status-publish","hentry"],"acf":[],"uagb_featured_image_src":{"full":false,"thumbnail":false,"medium":false,"medium_large":false,"large":false,"1536x1536":false,"2048x2048":false,"336x":false,"352x":false,"woocommerce_thumbnail":false,"woocommerce_single":false,"woocommerce_gallery_thumbnail":false,"yarpp-thumbnail":false},"uagb_author_info":{"display_name":"Peter Harlander","author_link":"https:\/\/harlander-partner.eu\/sk\/author\/secondpromotion\/"},"uagb_comment_info":0,"uagb_excerpt":"Advok\u00e1tka \/ Advok\u00e1t M\u00e1me dostatok pr\u00e1ce na okam\u017eit\u00e9 pln\u00e9 vy\u0165a\u017eenie dvoch \u010fal\u0161\u00edch pr\u00e1vnikov alebo pr\u00e1vni\u010diek. Cie\u013eom je neskor\u0161ie prijatie ako partner\/ka \/ spolo\u010dn\u00edk\/\u010dka. V s\u00fa\u010dasnosti h\u013ead\u00e1me v nasleduj\u00facich spolkov\u00fdch krajin\u00e1ch ...","_links":{"self":[{"href":"https:\/\/harlander-partner.eu\/sk\/wp-json\/wp\/v2\/pages\/44410","targetHints":{"allow":["GET"]}}],"collection":[{"href":"https:\/\/harlander-partner.eu\/sk\/wp-json\/wp\/v2\/pages"}],"about":[{"href":"https:\/\/harlander-partner.eu\/sk\/wp-json\/wp\/v2\/types\/page"}],"author":[{"embeddable":true,"href":"https:\/\/harlander-partner.eu\/sk\/wp-json\/wp\/v2\/users\/1"}],"replies":[{"embeddable":true,"href":"https:\/\/harlander-partner.eu\/sk\/wp-json\/wp\/v2\/comments?post=44410"}],"version-history":[{"count":0,"href":"https:\/\/harlander-partner.eu\/sk\/wp-json\/wp\/v2\/pages\/44410\/revisions"}],"up":[{"embeddable":true,"href":"https:\/\/harlander-partner.eu\/sk\/wp-json\/wp\/v2\/pages\/42084"}],"wp:attachment":[{"href":"https:\/\/harlander-partner.eu\/sk\/wp-json\/wp\/v2\/media?parent=44410"}],"wp:term":[{"taxonomy":"category","embeddable":true,"href":"https:\/\/harlander-partner.eu\/sk\/wp-json\/wp\/v2\/categories?post=44410"},{"taxonomy":"post_tag","embeddable":true,"href":"https:\/\/harlander-partner.eu\/sk\/wp-json\/wp\/v2\/tags?post=44410"}],"curies":[{"name":"wp","href":"https:\/\/api.w.org\/{rel}","templated":true}]}}