{"id":89494,"date":"2025-11-14T14:21:25","date_gmt":"2025-11-14T13:21:25","guid":{"rendered":"https:\/\/harlander-partner.eu\/direito-penal\/subtracao-de-menor\/"},"modified":"2025-11-26T11:38:53","modified_gmt":"2025-11-26T10:38:53","slug":"subtracao-de-menor","status":"publish","type":"page","link":"https:\/\/harlander-partner.eu\/pt-pt\/direito-penal\/subtracao-de-menor\/","title":{"rendered":"Subtra\u00e7\u00e3o de menor"},"content":{"rendered":"\n<div class=\"wp-block-yoast-seo-table-of-contents yoast-table-of-contents\"><h2>Subtra\u00e7\u00e3o de menor<\/h2><ul><li><a href=\"#h-entfuhrung-einer-unmundigen-person\" data-level=\"2\">Subtra\u00e7\u00e3o de menor<\/a><\/li><li><a href=\"#h-objektiver-tatbestand\" data-level=\"2\">Elementos objetivos do crime<\/a><ul><li><a href=\"#h-prufungsschritte\" data-level=\"3\">Etapas de verifica\u00e7\u00e3o<\/a><\/li><\/ul><\/li><li><a href=\"#h-qualifizierende-umstande\" data-level=\"2\">Circunst\u00e2ncias qualificantes<\/a><\/li><li><a href=\"#h-abgrenzung-zu-anderen-delikten\" data-level=\"2\">Diferencia\u00e7\u00e3o de outros delitos<\/a><ul><li><a href=\"#h-konkurrenzen\" data-level=\"3\">Concorr\u00eancias:<\/a><\/li><\/ul><\/li><li><a href=\"#h-beweislast-amp-beweiswurdigung\" data-level=\"2\">\u00d3nus da prova &amp; aprecia\u00e7\u00e3o da prova<\/a><\/li><li><a href=\"#h-praxisbeispiele\" data-level=\"2\">Exemplos pr\u00e1ticos<\/a><\/li><li><a href=\"#h-subjektiver-tatbestand\" data-level=\"2\">Elementos subjetivos do crime<\/a><\/li><li><a href=\"#h-schuld-amp-irrtumer\" data-level=\"2\">Culpa &amp; erros<\/a><\/li><li><a href=\"#h-strafaufhebung-amp-diversion\" data-level=\"2\">Suspens\u00e3o da pena &amp; divers\u00e3o<\/a><ul><li><a href=\"#h-rucktritt-und-tatige-reue\" data-level=\"3\">Retrata\u00e7\u00e3o e arrependimento ativo:<\/a><\/li><li><a href=\"#h-nachtragliche-wiedergutmachung\" data-level=\"3\">Repara\u00e7\u00e3o subsequente:<\/a><\/li><li><a href=\"#h-diversion\" data-level=\"3\">Diverg\u00eancia:<\/a><\/li><li><a href=\"#h-ausschluss-der-diversion\" data-level=\"3\">Exclus\u00e3o da diverg\u00eancia:<\/a><\/li><\/ul><\/li><li><a href=\"#h-strafzumessung-amp-folgen\" data-level=\"2\">Determina\u00e7\u00e3o da pena &amp; consequ\u00eancias<\/a><ul><li><a href=\"#h-erschwerungsgrunde-bestehen-insbesondere-wenn\" data-level=\"3\">Existem circunst\u00e2ncias agravantes, em particular, se<\/a><\/li><li><a href=\"#h-milderungsgrunde-sind-etwa\" data-level=\"3\">Circunst\u00e2ncias atenuantes s\u00e3o, por exemplo,<\/a><\/li><\/ul><\/li><li><a href=\"#h-strafrahmen\" data-level=\"2\">Moldura penal<\/a><\/li><li><a href=\"#h-geldstrafe-tagessatzsystem\" data-level=\"2\">Multa \u2013 sistema de taxa di\u00e1ria<\/a><\/li><li><a href=\"#h-freiheitsstrafe-amp-teil-bedingte-nachsicht\" data-level=\"2\">Pena de pris\u00e3o &amp; suspens\u00e3o (parcial) da pena<\/a><\/li><li><a href=\"#h-zustandigkeit-der-gerichte\" data-level=\"2\">Compet\u00eancia dos tribunais<\/a><ul><li><a href=\"#h-sachliche-zustandigkeit\" data-level=\"3\">Compet\u00eancia material<\/a><\/li><li><a href=\"#h-ortliche-zustandigkeit\" data-level=\"3\">Compet\u00eancia territorial<\/a><\/li><li><a href=\"#h-instanzenzug\" data-level=\"3\">Recursos<\/a><\/li><\/ul><\/li><li><a href=\"#h-zivilanspruche-im-strafverfahren\" data-level=\"2\">Pedidos c\u00edveis no processo penal<\/a><\/li><li><a href=\"#h-strafverfahren-im-uberblick\" data-level=\"2\">Vis\u00e3o geral do processo penal<\/a><\/li><li><a href=\"#h-beschuldigtenrechte\" data-level=\"2\">Direitos do arguido<\/a><\/li><li><a href=\"#h-praxis-amp-verhaltenstipps\" data-level=\"2\">Pr\u00e1tica &amp; dicas de comportamento<\/a><\/li><li><a href=\"#h-ihre-vorteile-mit-anwaltlicher-unterstutzung\" data-level=\"2\">As suas vantagens com o apoio de um advogado<\/a><\/li><li><a href=\"#h-faq-haufig-gestellte-fragen\" data-level=\"2\">FAQ \u2013 Perguntas frequentes<\/a><\/li><\/ul><\/div>\n\n<h2 class=\"wp-block-heading\" id=\"h-entfuhrung-einer-unmundigen-person\">Subtra\u00e7\u00e3o de menor<\/h2>\n\n<p class=\"wp-block-paragraph\">A subtra\u00e7\u00e3o de um menor, conforme o <a href=\"https:\/\/www.ris.bka.gv.at\/NormDokument.wxe?Abfrage=Bundesnormen&amp;Gesetzesnummer=10002296&amp;Artikel=&amp;Paragraf=101&amp;Anlage=&amp;Uebergangsrecht=\" target=\"_blank\" rel=\"noreferrer noopener\">\u00a7 101 do C\u00f3digo Penal (StGB)<\/a>, constitui um crime grave contra a liberdade pessoal e a integridade sexual de menores. Abrange o ato de levar ou reter uma crian\u00e7a com menos de catorze anos contra ou sem a vontade dos detentores do poder paternal, se o autor tiver a inten\u00e7\u00e3o de que a crian\u00e7a seja sexualmente abusada por ele pr\u00f3prio ou por terceiros. Protege-se, assim, n\u00e3o s\u00f3 a integridade f\u00edsica e mental da crian\u00e7a, mas tamb\u00e9m o direito dos pais \u00e0 educa\u00e7\u00e3o e aos cuidados. O il\u00edcito reside na subtra\u00e7\u00e3o intencional da crian\u00e7a do \u00e2mbito leg\u00edtimo de prote\u00e7\u00e3o e educa\u00e7\u00e3o, a fim de a expor a uma influ\u00eancia externa perigosa.   <\/p>\n\n<div class=\"wp-block-uagb-container uagb-block-3019fe8e alignfull uagb-is-root-container\">\n<div class=\"wp-block-uagb-container uagb-block-32585033\">\n<p class=\"wp-block-paragraph\">Subtra\u00e7\u00e3o de uma crian\u00e7a com menos de 14 anos, conforme o <a href=\"https:\/\/www.ris.bka.gv.at\/NormDokument.wxe?Abfrage=Bundesnormen&amp;Gesetzesnummer=10002296&amp;Artikel=&amp;Paragraf=101&amp;Anlage=&amp;Uebergangsrecht=\" target=\"_blank\" rel=\"noreferrer noopener\">\u00a7 101 do C\u00f3digo Penal (StGB)<\/a>, para a explorar sexualmente ou para a expor a abusos por terceiros.<\/p>\n<\/div>\n\n\n\n<div class=\"wp-block-uagb-container uagb-block-45819ab6\"><picture>\r\n\t\t<source srcset=\"https:\/\/harlander-partner.eu\/wp-content\/uploads\/\u00a7101-Entfuehrung-einer-unmuendigen-Person-352x198.webp\" >\r\n\t\t<img decoding=\"async\" class=\"mr-picture-small\" src=\"https:\/\/harlander-partner.eu\/wp-content\/uploads\/\u00a7101-Entfuehrung-einer-unmuendigen-Person.webp\" alt=\"Subtra\u00e7\u00e3o de crian\u00e7a, conforme o \u00a7 101 do C\u00f3digo Penal (StGB), explicada: quando o ato de levar ou reter \u00e9 pun\u00edvel e quais as penas aplic\u00e1veis.\" >\r\n\t<\/picture>\n<\/div>\n<\/div>\n\n<h2 class=\"wp-block-heading\" id=\"h-objektiver-tatbestand\">Elementos objetivos do crime<\/h2>\n\n<p class=\"wp-block-paragraph\">O tipo de crime do <strong><a href=\"https:\/\/www.ris.bka.gv.at\/NormDokument.wxe?Abfrage=Bundesnormen&amp;Gesetzesnummer=10002296&amp;Artikel=&amp;Paragraf=101&amp;Anlage=&amp;Uebergangsrecht=\" target=\"_blank\" rel=\"noreferrer noopener\">\u00a7 101 do C\u00f3digo Penal (StGB)<\/a><\/strong> protege a <strong>liberdade, a integridade sexual e o direito de guarda<\/strong> em rela\u00e7\u00e3o a <strong>menores<\/strong>. \u00c9 pun\u00edvel quem subtrai ou ret\u00e9m um menor <strong>contra ou sem a vontade dos detentores do poder paternal<\/strong>, <strong>a fim de o explorar sexualmente ou de o entregar a terceiros para abuso<\/strong>. Protege-se, assim, n\u00e3o s\u00f3 a integridade f\u00edsica e mental do menor, mas tamb\u00e9m o direito dos pais de decidirem sobre o seu paradeiro e educa\u00e7\u00e3o.  <\/p>\n\n<p class=\"wp-block-paragraph\">Existe uma <strong>subtra\u00e7\u00e3o<\/strong> quando o menor \u00e9 <strong>retirado do seu local de resid\u00eancia anterior<\/strong> e, assim, <strong>subtra\u00eddo \u00e0 esfera de influ\u00eancia dos detentores do poder paternal<\/strong>. J\u00e1 uma pequena mudan\u00e7a de local \u00e9 suficiente, se <strong>terminar o acesso efetivo dos detentores do poder paternal<\/strong>. A viol\u00eancia n\u00e3o \u00e9 necess\u00e1ria; <g id=\"gid_4\">o engano, a persuas\u00e3o, a press\u00e3o psicol\u00f3gica ou a explora\u00e7\u00e3o da confian\u00e7a<\/g> s\u00e3o suficientes, desde que visem uma subtra\u00e7\u00e3o efetiva. Decisivo \u00e9 que o ato ocorra <strong>contra ou sem a livre vontade<\/strong> dos detentores do poder paternal.   <\/p>\n\n<p class=\"wp-block-paragraph\">Os menores s\u00e3o particularmente <strong>vulner\u00e1veis e facilmente influenci\u00e1veis<\/strong>. O il\u00edcito reside na <strong>explora\u00e7\u00e3o desta depend\u00eancia<\/strong>, a fim de subtrair a pessoa aos cuidados leg\u00edtimos e de a colocar numa situa\u00e7\u00e3o em que ela se torna <strong>dispon\u00edvel<\/strong> para o autor ou para um terceiro. <\/p>\n\n<h3 class=\"wp-block-heading\" id=\"h-prufungsschritte\">Etapas de verifica\u00e7\u00e3o<\/h3>\n\n<h4 class=\"wp-block-heading\" id=\"h-tatsubjekt\">Sujeito ativo:<\/h4>\n\n<p class=\"wp-block-paragraph\">Qualquer pessoa que determine ou influencie o paradeiro de um menor ou que provoque a sua transfer\u00eancia.<\/p>\n\n<h4 class=\"wp-block-heading\" id=\"h-tatobjekt\">Objeto do crime<strong>:<\/strong> <\/h4>\n\n<p class=\"wp-block-paragraph\">O objeto do crime \u00e9 um <strong>menor<\/strong>, ou seja, algu\u00e9m que ainda n\u00e3o completou o <strong>d\u00e9cimo quarto ano de vida<\/strong>. O sexo, a origem ou a posi\u00e7\u00e3o social s\u00e3o irrelevantes. Decisiva \u00e9 a idade e a circunst\u00e2ncia de a pessoa estar <strong>sob o poder paternal dos pais ou legal<\/strong>.  <\/p>\n\n<p class=\"wp-block-paragraph\">Os menores n\u00e3o conseguem avaliar corretamente os atos sexuais. Por conseguinte, s\u00e3o considerados incapazes de discernimento e devem ser especialmente protegidos. N\u00e3o reconhecem as consequ\u00eancias das influ\u00eancias sexuais ou de uma subtra\u00e7\u00e3o de forma aut\u00f3noma. Se algu\u00e9m conduzir conscientemente uma crian\u00e7a a uma tal situa\u00e7\u00e3o, j\u00e1 cumpre o objetivo de prote\u00e7\u00e3o da lei.<br\/>Se, posteriormente, ocorrer uma mudan\u00e7a de local, existe um delito consumado.   <\/p>\n\n<h4 class=\"wp-block-heading\" id=\"h-tathandlung\">Ato criminoso:  <\/h4>\n\n<p class=\"wp-block-paragraph\">Existe uma subtra\u00e7\u00e3o, conforme o <a href=\"https:\/\/www.ris.bka.gv.at\/NormDokument.wxe?Abfrage=Bundesnormen&amp;Gesetzesnummer=10002296&amp;Artikel=&amp;Paragraf=101&amp;Anlage=&amp;Uebergangsrecht=\" target=\"_blank\" rel=\"noreferrer noopener\">\u00a7 101 do C\u00f3digo Penal (StGB)<\/a>, quando um menor \u00e9 levado para outro local ou a\u00ed retido contra ou sem a vontade dos seus detentores do poder paternal, a fim de ser sexualmente abusado ou de se deixar abusar.<br\/>Os atos t\u00edpicos s\u00e3o:<\/p>\n\n<ul class=\"wp-block-list\">\n<li><strong>Retirar<\/strong> da casa dos pais, da escola, da institui\u00e7\u00e3o de acolhimento ou de outro ambiente habitual.<\/li>\n\n\n\n<li><strong>Transferir<\/strong> para um local onde o menor possa ser mais facilmente controlado ou influenciado sem ser notado, por exemplo, para um apartamento, um ve\u00edculo ou um ambiente isolado.<\/li>\n\n\n\n<li><strong>Engano ou manipula\u00e7\u00e3o<\/strong>, por exemplo, atrav\u00e9s da simula\u00e7\u00e3o de falsas inten\u00e7\u00f5es (&#8220;Vou levar-te aos teus pais&#8221;) ou atrav\u00e9s da <strong>explora\u00e7\u00e3o da confian\u00e7a ou da depend\u00eancia<\/strong>.<\/li>\n<\/ul>\n\n<p class=\"wp-block-paragraph\">N\u00e3o existe subtra\u00e7\u00e3o se os detentores do poder paternal tiverem <strong>consentido expressamente<\/strong> na transfer\u00eancia ou se o ato n\u00e3o prosseguir <strong>qualquer fim sexual<\/strong>. Um alegado consentimento do pr\u00f3prio menor \u00e9 <strong>ineficaz<\/strong>, uma vez que este n\u00e3o pode <strong>dispor legalmente da sua autodetermina\u00e7\u00e3o sexual<\/strong>. <\/p>\n\n<p class=\"wp-block-paragraph\">O ato deve conduzir a uma <strong>mudan\u00e7a de local efetiva<\/strong>. A mera reten\u00e7\u00e3o no mesmo local sem transfer\u00eancia pode, dependendo da situa\u00e7\u00e3o, constituir um <strong><a href=\"https:\/\/harlander-partner.eu\/pt-pt\/direito-penal\/privacao-de-liberdade\/\">crime de priva\u00e7\u00e3o de liberdade, conforme o \u00a7 99 do C\u00f3digo Penal (StGB)<\/a><\/strong>, mas n\u00e3o preenche os elementos constitutivos do crime de <strong>subtra\u00e7\u00e3o de menor<\/strong>. <\/p>\n\n<h4 class=\"wp-block-heading\" id=\"h-taterfolg\">Resultado do crime:  <\/h4>\n\n<p class=\"wp-block-paragraph\">O resultado do crime consiste na <strong>subtra\u00e7\u00e3o consumada do menor<\/strong> do \u00e2mbito de prote\u00e7\u00e3o parental ou legal. \u00c9 determinante que o autor crie uma situa\u00e7\u00e3o em que a pessoa em causa esteja <strong>fora do controlo parental<\/strong> e, por conseguinte, exposta a um <strong>perigo concreto de abuso<\/strong>. Mesmo quem apenas possibilita o transporte ou a disponibiliza\u00e7\u00e3o de um local pode preencher os elementos constitutivos do crime <strong>na qualidade de coautor ou de participante<\/strong>.  <\/p>\n\n<h4 class=\"wp-block-heading\" id=\"h-kausalitat\">Causalidade:<\/h4>\n\n<p class=\"wp-block-paragraph\">O ato do autor \u00e9 <strong>causal<\/strong> se, sem ele, o menor n\u00e3o tivesse sido retirado da guarda dos detentores do poder paternal. Qualquer ato que provoque ou mantenha a <strong>subtra\u00e7\u00e3o do \u00e2mbito leg\u00edtimo de prote\u00e7\u00e3o<\/strong> \u00e9 considerado causal. Mesmo uma <strong>aparente voluntariedade<\/strong> do menor n\u00e3o anula a causalidade, se a subtra\u00e7\u00e3o efetiva for provocada apenas pelo comportamento do autor.  <\/p>\n\n<h4 class=\"wp-block-heading\" id=\"h-objektive-zurechnung\">Imputa\u00e7\u00e3o objetiva:  <\/h4>\n\n<p class=\"wp-block-paragraph\">O resultado \u00e9 <strong>objetivamente imput\u00e1vel<\/strong> ao autor se este <strong>criar conscientemente uma situa\u00e7\u00e3o<\/strong> em que o menor \u00e9 subtra\u00eddo ao acesso dos seus pais ou tutores e est\u00e1 exposto ao <strong>perigo de um abuso sexual<\/strong>. Uma transfer\u00eancia leg\u00edtima s\u00f3 existe se ocorrer com base <strong>legal<\/strong> ou com o <strong>consentimento expresso dos detentores do poder paternal<\/strong>. Qualquer outra forma de subtra\u00e7\u00e3o que vise uma <strong>explora\u00e7\u00e3o sexual<\/strong> \u00e9 <strong>ilegal<\/strong> e preenche os elementos constitutivos objetivos do crime do <strong><a href=\"https:\/\/www.ris.bka.gv.at\/NormDokument.wxe?Abfrage=Bundesnormen&amp;Gesetzesnummer=10002296&amp;Artikel=&amp;Paragraf=101&amp;Anlage=&amp;Uebergangsrecht=\" target=\"_blank\" rel=\"noreferrer noopener\">\u00a7 101 do C\u00f3digo Penal (StGB)<\/a><\/strong>.  <\/p>\n\n<h2 class=\"wp-block-heading\" id=\"h-qualifizierende-umstande\">Circunst\u00e2ncias qualificantes<\/h2>\n\n<ul class=\"wp-block-list\">\n<li><strong>Consequ\u00eancias graves:<\/strong> Se a v\u00edtima sofrer graves danos f\u00edsicos ou psicol\u00f3gicos em consequ\u00eancia do sequestro, existe uma <strong>circunst\u00e2ncia agravante<\/strong>.<\/li>\n\n\n\n<li><strong>Dura\u00e7\u00e3o do sequestro:<\/strong> Uma <strong>restri\u00e7\u00e3o de liberdade de longa dura\u00e7\u00e3o<\/strong> pode levar \u00e0 aplica\u00e7\u00e3o da moldura penal superior.<\/li>\n\n\n\n<li><strong>Pr\u00e1tica m\u00faltipla do ato:<\/strong> Quem raptar v\u00e1rias pessoas ou agir repetidamente \u00e9 punido com maior severidade.<\/li>\n<\/ul>\n    <div class=\"mr-quote mrbg clearfix\">\n        <a class=\"mr-quote-person\" href=\"\/ueber-uns\/rechtsanwalt-peter-harlander\/\" title=\"Rechtsanwalt Peter Harlander\">\n            <img decoding=\"async\" class=\"mr-quote-person-img\" src=\"https:\/\/harlander-partner.eu\/wp-content\/themes\/harlander\/design\/ph100.webp\" width=\"100\"\n                 height=\"100\" loading=\"lazy\" alt=\"Rechtsanwalt Peter Harlander\">\n            <span class=\"mr-quote-person-text\">\n            Peter Harlander<br>\n            <span class=\"mr-quote-person-function\">Harlander &amp; Partner Rechtsanw\u00e4lte<\/span>\n        <\/span>\n        <\/a>\n        <span class=\"mr-quote-content\">\u201eQualifizierende Umst\u00e4nde versch\u00e4rfen das Unrecht, weil sie das Ma\u00df der Schutzlosigkeit und des Vertrauensbruchs erh\u00f6hen.\u201c<\/span>\n    <\/div>\n<a class=\"mr-cta-link mr-cta-button-cal\" href=\"#h2-booking\" title=\"Primeira consulta gratuita\"><span class=\"mr-cta-link-normal\">Escolher agora a data pretendida:<\/span><span class=\"mr-cta-link-bold\">Primeira consulta gratuita<\/span><\/a>\n\n<h2 class=\"wp-block-heading\" id=\"h-abgrenzung-zu-anderen-delikten\">Diferencia\u00e7\u00e3o de outros delitos<\/h2>\n\n<p class=\"wp-block-paragraph\">O tipo de crime de <strong>subtra\u00e7\u00e3o de menor<\/strong> distingue-se claramente dos restantes crimes contra a liberdade e sexuais. Enquanto a <strong>priva\u00e7\u00e3o de liberdade<\/strong> j\u00e1 abrange a <strong>mera reten\u00e7\u00e3o no mesmo local<\/strong>, a <strong>subtra\u00e7\u00e3o de um menor<\/strong> pressup\u00f5e uma <strong>mudan\u00e7a de local contra ou sem a vontade dos detentores do poder paternal<\/strong>, que est\u00e1 associada a uma <strong>inten\u00e7\u00e3o de explora\u00e7\u00e3o sexual<\/strong>. Protege-se um grupo et\u00e1rio particularmente <strong>vulner\u00e1vel<\/strong>, cuja falta de capacidade de discernimento e depend\u00eancia jur\u00eddica o autor explora de forma direcionada, a fim de o retirar da <strong>guarda parental ou legal<\/strong> e de o colocar numa <strong>situa\u00e7\u00e3o de perigo de abuso<\/strong>.  <\/p>\n\n<ul class=\"wp-block-list\">\n<li><a href=\"https:\/\/harlander-partner.eu\/pt-pt\/direito-penal\/privacao-de-liberdade\/\" target=\"_blank\" rel=\"noreferrer noopener\"><strong>\u00a7 99 do C\u00f3digo Penal (StGB) \u2013 Priva\u00e7\u00e3o de liberdade:<\/strong><\/a> Abrange o <strong>encarceramento ou reten\u00e7\u00e3o<\/strong> de uma pessoa contra ou sem a sua vontade, sem que seja necess\u00e1rio ocorrer uma mudan\u00e7a de local. J\u00e1 uma restri\u00e7\u00e3o de curta dura\u00e7\u00e3o da liberdade de movimentos \u00e9 suficiente.  <\/li>\n\n\n\n<li><strong><a href=\"https:\/\/harlander-partner.eu\/pt-pt\/direito-penal\/sequestro-de-uma-pessoa-com-doenca-mental-ou-indefesa\/\">\u00a7 100 do C\u00f3digo Penal (StGB) \u2013 Subtra\u00e7\u00e3o de uma pessoa com doen\u00e7a mental ou indefesa:<\/a><\/strong> Refere-se ao ato de <strong>levar ou transferir uma pessoa<\/strong> que, devido a <strong>doen\u00e7a mental ou indefesa<\/strong>, n\u00e3o est\u00e1 em condi\u00e7\u00f5es de decidir sobre o seu paradeiro. Protege-se aqui a <strong>liberdade e a autodetermina\u00e7\u00e3o sexual<\/strong> de pessoas que n\u00e3o se podem proteger a si pr\u00f3prias. <\/li>\n\n\n\n<li><strong>\u00a7 102 do C\u00f3digo Penal (StGB) \u2013 Sequestro:<\/strong> Existe quando uma pessoa \u00e9 <strong>retida ou raptada<\/strong> para <strong>obrigar uma terceira pessoa ou autoridade a um determinado comportamento<\/strong>. A priva\u00e7\u00e3o de liberdade \u00e9 aqui <strong>meio de extors\u00e3o ou coa\u00e7\u00e3o<\/strong> e \u00e9 <strong>consumida pelo tipo de crime mais grave<\/strong>. <\/li>\n\n\n\n<li><strong>\u00a7\u00a7 205 a 207 do C\u00f3digo Penal (StGB) \u2013 Abuso sexual de menores:<\/strong><br\/>Se, no decurso da subtra\u00e7\u00e3o, ocorrer o <strong>abuso sexual efetivo<\/strong>, existe uma <strong>concorr\u00eancia real<\/strong>. A subtra\u00e7\u00e3o constitui ent\u00e3o um <strong>il\u00edcito aut\u00f3nomo<\/strong>, porque viola adicionalmente o <strong>direito de guarda<\/strong> e a <strong>liberdade de perman\u00eancia<\/strong>. O <a href=\"https:\/\/www.ris.bka.gv.at\/NormDokument.wxe?Abfrage=Bundesnormen&amp;Gesetzesnummer=10002296&amp;Artikel=&amp;Paragraf=101&amp;Anlage=&amp;Uebergangsrecht=\" target=\"_blank\" rel=\"noreferrer noopener\">\u00a7 101 do C\u00f3digo Penal (StGB)<\/a> n\u00e3o \u00e9, por conseguinte, <strong>consumido<\/strong>, mas sim <strong>punido separadamente, para al\u00e9m dos crimes sexuais<\/strong>. <\/li>\n\n\n\n<li><strong>\u00a7<a href=\"https:\/\/harlander-partner.eu\/pt-pt\/direito-penal\/lesao-corporal\/\">\u00a7 83<\/a> a <a href=\"https:\/\/harlander-partner.eu\/pt-pt\/direito-penal\/lesao-corporal-grave-intencional\/\">87 do C\u00f3digo Penal (StGB)<\/a> \u2013 Crimes de ofensas corporais:<\/strong> Protegem a <strong>integridade f\u00edsica<\/strong>. Se, durante a subtra\u00e7\u00e3o, ocorrerem <strong>maus-tratos, amarras ou les\u00f5es<\/strong>, existe igualmente uma <strong>concorr\u00eancia real<\/strong>, porque, para al\u00e9m da liberdade, tamb\u00e9m a integridade f\u00edsica \u00e9 violada. <\/li>\n<\/ul>\n\n<h3 class=\"wp-block-heading\" id=\"h-konkurrenzen\">Concorr\u00eancias:<\/h3>\n\n<ul class=\"wp-block-list\">\n<li><strong>Concorr\u00eancia real:<\/strong> Existe concorr\u00eancia real quando a <strong>subtra\u00e7\u00e3o de um menor<\/strong> \u00e9 cometida em conjunto com outros <strong>crimes aut\u00f3nomos<\/strong>, como <strong>abuso sexual<\/strong>, <strong>ofensas corporais<\/strong> ou <strong>amea\u00e7a perigosa<\/strong>. Nesses casos, todos os atos s\u00e3o <strong>punidos separadamente<\/strong>, porque violam diferentes bens jur\u00eddicos. Protegem-se a <strong>liberdade pessoal<\/strong>, a <strong>integridade f\u00edsica<\/strong>, a <strong>integridade sexual<\/strong> e o <strong>direito parental \u00e0 educa\u00e7\u00e3o<\/strong>. A subtra\u00e7\u00e3o permanece pun\u00edvel de forma aut\u00f3noma, porque j\u00e1 na <strong>retirada da crian\u00e7a do \u00e2mbito leg\u00edtimo de prote\u00e7\u00e3o<\/strong> se concretiza um il\u00edcito pr\u00f3prio.   <\/li>\n\n\n\n<li><strong>Concorr\u00eancia aparente:<\/strong> Uma concorr\u00eancia aparente s\u00f3 existe se a subtra\u00e7\u00e3o for <strong>exclusivamente parte de um crime mais grave<\/strong>, como uma <strong>subtra\u00e7\u00e3o com extors\u00e3o, conforme o \u00a7 102 do C\u00f3digo Penal (StGB)<\/strong>. Nestes casos, o crime mais grave abrange todo o conte\u00fado il\u00edcito, raz\u00e3o pela qual o <strong><a href=\"https:\/\/www.ris.bka.gv.at\/NormDokument.wxe?Abfrage=Bundesnormen&amp;Gesetzesnummer=10002296&amp;Artikel=&amp;Paragraf=101&amp;Anlage=&amp;Uebergangsrecht=\" target=\"_blank\" rel=\"noreferrer noopener\">\u00a7 101 do C\u00f3digo Penal (StGB)<\/a><\/strong> n\u00e3o \u00e9 aplicado adicionalmente. No entanto, se a subtra\u00e7\u00e3o ocorrer com <strong>inten\u00e7\u00e3o sexual<\/strong>, permanece <strong>pun\u00edvel de forma aut\u00f3noma<\/strong>, mesmo que posteriormente ocorra um abuso.  <\/li>\n\n\n\n<li><strong>Pluralidade de crimes:<\/strong> Quem subtrai <strong>v\u00e1rios menores<\/strong> ou <strong>comete o mesmo crime v\u00e1rias vezes<\/strong> \u00e9 punido separadamente por cada ato. Cada subtra\u00e7\u00e3o constitui um <strong>tipo de crime pr\u00f3prio<\/strong>, mesmo que estejam estreitamente relacionados no tempo ou que resultem da mesma inten\u00e7\u00e3o. <\/li>\n\n\n\n<li><strong>Ato continuado:<\/strong> Se um menor for retido ou transferido durante um per\u00edodo de tempo mais longo ou em diferentes locais <strong>contra ou sem a vontade dos detentores do poder paternal<\/strong>, todo o comportamento \u00e9 considerado um <strong>ato unit\u00e1rio<\/strong>, desde que a inten\u00e7\u00e3o do autor se mantenha. Uma altera\u00e7\u00e3o do local de resid\u00eancia ou das circunst\u00e2ncias n\u00e3o altera este facto. <\/li>\n<\/ul>\n\n<p class=\"wp-block-paragraph\">No geral, a <strong>subtra\u00e7\u00e3o de um menor<\/strong> continua a ser um <strong>delito aut\u00f3nomo<\/strong>. S\u00f3 se servir <strong>exclusivamente para a pr\u00e1tica de uma extors\u00e3o<\/strong> \u00e9 que \u00e9 abrangida pelo <strong>tipo de crime mais grave<\/strong>. A lei garante que <strong>qualquer viola\u00e7\u00e3o da liberdade, da integridade sexual e do direito parental de prote\u00e7\u00e3o<\/strong> seja avaliada e punida de forma aut\u00f3noma.  <\/p>\n\n<h2 class=\"wp-block-heading\" id=\"h-beweislast-amp-beweiswurdigung\">\u00d3nus da prova &amp; aprecia\u00e7\u00e3o da prova<\/h2>\n\n<ul class=\"wp-block-list\">\n<li><strong>Minist\u00e9rio P\u00fablico:<\/strong> suporta o <strong>\u00f3nus da prova<\/strong> da <strong>exist\u00eancia de uma subtra\u00e7\u00e3o<\/strong>, da sua <strong>dura\u00e7\u00e3o e finalidade<\/strong>, bem como da <strong>rela\u00e7\u00e3o entre o ato e a consequ\u00eancia ocorrida<\/strong>. Deve provar que o <strong>menor<\/strong> foi retirado ou retido contra ou sem a vontade dos <strong>detentores do poder paternal<\/strong> do seu <strong>\u00e2mbito leg\u00edtimo de prote\u00e7\u00e3o<\/strong> e que, por conseguinte, estava <strong>subtra\u00eddo ao controlo dos pais<\/strong>. <\/li>\n\n\n\n<li><strong>Tribunal:<\/strong> analisa e <strong>avalia todas as provas no contexto geral<\/strong>. As provas inadequadas ou <strong>obtidas ilegalmente<\/strong> n\u00e3o podem ser utilizadas. \u00c9 determinante se o menor foi <strong>efetivamente subtra\u00eddo \u00e0 guarda dos detentores do poder paternal<\/strong> e <strong>trazido para a esfera de influ\u00eancia do autor<\/strong>.  <\/li>\n\n\n\n<li><strong>Pessoa acusada:<\/strong> n\u00e3o tem <strong>qualquer \u00f3nus da prova<\/strong>, mas pode <strong>suscitar d\u00favidas quanto \u00e0 inten\u00e7\u00e3o de cometer o crime, \u00e0 inten\u00e7\u00e3o ou \u00e0 subtra\u00e7\u00e3o efetiva da guarda<\/strong>. Da mesma forma, pode apontar <strong>contradi\u00e7\u00f5es, lacunas probat\u00f3rias ou pareceres periciais pouco claros<\/strong>. <\/li>\n<\/ul>\n\n<p class=\"wp-block-paragraph\">Os <strong>documentos t\u00edpicos<\/strong> s\u00e3o <strong>relat\u00f3rios m\u00e9dicos<\/strong> sobre les\u00f5es ou rea\u00e7\u00f5es de stress, <strong>depoimentos de testemunhas<\/strong> sobre o decurso da remo\u00e7\u00e3o, <strong>material de v\u00eddeo ou de vigil\u00e2ncia<\/strong>, <strong>dados de localiza\u00e7\u00e3o digitais<\/strong>, como protocolos de GPS ou de telem\u00f3vel, bem como <strong>vest\u00edgios em ve\u00edculos, vestu\u00e1rio ou portas<\/strong>. Em casos isolados, tamb\u00e9m podem ser relevantes <strong>per\u00edcias pedag\u00f3gicas ou psicol\u00f3gicas<\/strong>, por exemplo, para determinar se a pessoa menor de idade conseguiu apreender o car\u00e1ter da situa\u00e7\u00e3o. <\/p>\n    <div class=\"mr-quote mrbg clearfix\">\n        <a class=\"mr-quote-person\" href=\"\/ueber-uns\/rechtsanwalt-sebastian-riedlmair\/\" title=\"Rechtsanwalt Sebastian Riedlmair\">\n            <img decoding=\"async\" class=\"mr-quote-person-img\" src=\"https:\/\/harlander-partner.eu\/wp-content\/themes\/harlander\/design\/sr100.webp\" width=\"100\"\n                 height=\"100\" loading=\"lazy\" alt=\"Rechtsanwalt Sebastian Riedlmair\">\n            <span class=\"mr-quote-person-text\">\n            Sebastian Riedlmair<br>\n            <span class=\"mr-quote-person-function\">Harlander &amp; Partner Rechtsanw\u00e4lte<\/span>\n        <\/span>\n        <\/a>\n        <span class=\"mr-quote-content\">\u201ePraxisf\u00e4lle zeigen, dass Entf\u00fchrung h\u00e4ufig durch T\u00e4uschung oder Vertrauen beginnt \u2013 nicht durch Gewalt.\u201c<\/span>\n    <\/div>\n<a class=\"mr-cta-link mr-cta-button-cal\" href=\"#h2-booking\" title=\"Primeira consulta gratuita\"><span class=\"mr-cta-link-normal\">Escolher agora a data pretendida:<\/span><span class=\"mr-cta-link-bold\">Primeira consulta gratuita<\/span><\/a>\n\n<h2 class=\"wp-block-heading\" id=\"h-praxisbeispiele\">Exemplos pr\u00e1ticos<\/h2>\n\n<ul class=\"wp-block-list\">\n<li><strong>Subtra\u00e7\u00e3o do ambiente escolar<\/strong>: Um menor \u00e9 recolhido por um conhecido ap\u00f3s as aulas. Este alega estar a agir por ordem dos pais. Em vez de a levar para casa, leva-a para outro local. A\u00ed, tenta influenciar ou assediar sexualmente a crian\u00e7a. Mesmo sem viol\u00eancia, existe uma subtra\u00e7\u00e3o pun\u00edvel, porque a crian\u00e7a \u00e9 subtra\u00edda \u00e0 prote\u00e7\u00e3o dos pais.    <\/li>\n\n\n\n<li><strong>Engano e manipula\u00e7\u00e3o:<\/strong> Um autor <strong>promete a uma crian\u00e7a uma recompensa ou uma excurs\u00e3o<\/strong> para a convencer a acompanh\u00e1-lo. A crian\u00e7a segue inocentemente, porque confia no autor. Este <strong>engano j\u00e1 \u00e9 suficiente<\/strong> se servir para <strong>retirar a crian\u00e7a da guarda dos pais<\/strong> e <strong>expor ao perigo de um abuso<\/strong>. Decisiva \u00e9 a <strong>inten\u00e7\u00e3o de explora\u00e7\u00e3o sexual<\/strong>, n\u00e3o se efetivamente ocorre um abuso.   <\/li>\n<\/ul>\n\n<p class=\"wp-block-paragraph\">Estes exemplos demonstram que j\u00e1 o <strong>ato de transferir um menor do seu \u00e2mbito leg\u00edtimo de prote\u00e7\u00e3o<\/strong> preenche o <strong>conte\u00fado il\u00edcito da subtra\u00e7\u00e3o, conforme o <a href=\"https:\/\/www.ris.bka.gv.at\/NormDokument.wxe?Abfrage=Bundesnormen&amp;Gesetzesnummer=10002296&amp;Artikel=&amp;Paragraf=101&amp;Anlage=&amp;Uebergangsrecht=\" target=\"_blank\" rel=\"noreferrer noopener\">\u00a7 101 do C\u00f3digo Penal (StGB)<\/a><\/strong>. \u00c9 determinante a <strong>anula\u00e7\u00e3o direcionada da supervis\u00e3o parental<\/strong> associada \u00e0 <strong>inten\u00e7\u00e3o de explora\u00e7\u00e3o sexual<\/strong>. <\/p>\n\n<h2 class=\"wp-block-heading\" id=\"h-subjektiver-tatbestand\">Elementos subjetivos do crime<\/h2>\n\n<p class=\"wp-block-paragraph\">O autor age <strong>dolosamente<\/strong> e com uma <strong>inten\u00e7\u00e3o especial<\/strong>. Sabe ou, pelo menos, considera seriamente poss\u00edvel que est\u00e1 a subtrair ou a reter um <strong>menor contra ou sem a vontade dos pais<\/strong>, a fim de o <strong>abusar sexualmente ou de o explorar de outra forma<\/strong>. <\/p>\n\n<p class=\"wp-block-paragraph\">N\u00e3o h\u00e1 dolo se o autor <strong>acreditar<\/strong> que a crian\u00e7a vai <strong>voluntariamente com ele<\/strong> ou que os pais <strong>consentiram<\/strong>. Se agir por <strong>cuidado ou inten\u00e7\u00e3o de prote\u00e7\u00e3o<\/strong>, sem inten\u00e7\u00e3o de explora\u00e7\u00e3o sexual ou outra, <strong>n\u00e3o h\u00e1 rapto pun\u00edvel<\/strong>. <\/p>\n\n<p class=\"wp-block-paragraph\">\u00c9 crucial que o autor <strong>reconhe\u00e7a e abuse conscientemente da inexperi\u00eancia, confian\u00e7a ou depend\u00eancia da crian\u00e7a<\/strong> para <strong>ganhar poder sobre a situa\u00e7\u00e3o<\/strong>. Quem age assim preenche o <strong>elemento subjetivo do crime<\/strong>. <\/p>\n<a class=\"mr-cta-link mr-cta-button-cal\" href=\"#h2-booking\" title=\"Primeira consulta gratuita\"><span class=\"mr-cta-link-normal\">Escolher agora a data pretendida:<\/span><span class=\"mr-cta-link-bold\">Primeira consulta gratuita<\/span><\/a>\n\n<h2 class=\"wp-block-heading\" id=\"h-schuld-amp-irrtumer\">Culpa &amp; erros<\/h2>\n\n<ul class=\"wp-block-list\">\n<li><strong><a href=\"https:\/\/harlander-partner.eu\/pt-pt\/direito-penal\/erro-de-direito\/\" target=\"_blank\" rel=\"noreferrer noopener\">Erro sobre a ilicitude<\/a>:<\/strong> Um erro sobre a ilicitude s\u00f3 desculpa se for <strong>inevit\u00e1vel<\/strong>. Quem afasta ou ret\u00e9m conscientemente uma crian\u00e7a menor do seu \u00e2mbito de prote\u00e7\u00e3o n\u00e3o pode alegar que desconhecia a punibilidade. Todos devem informar-se sobre os <strong>limites legais das suas a\u00e7\u00f5es<\/strong>, especialmente quando se trata de menores.  <\/li>\n\n\n\n<li><strong>Princ\u00edpio da culpa:<\/strong> S\u00f3 \u00e9 pun\u00edvel quem age com <strong>culpa<\/strong>. Um rapto pressup\u00f5e <strong>comportamento doloso<\/strong> e a <strong>inten\u00e7\u00e3o de explora\u00e7\u00e3o<\/strong>. Quem assume erroneamente que a pessoa em causa <strong>vai voluntariamente com ele<\/strong> ou <strong>consente com capacidade de discernimento<\/strong> n\u00e3o age com culpa, mas, no m\u00e1ximo, com <strong>neglig\u00eancia<\/strong>, o que <strong>n\u00e3o abrange<\/strong> o rapto de uma pessoa com doen\u00e7a mental ou indefesa.  <\/li>\n\n\n\n<li><strong>Incapacidade de imputa\u00e7\u00e3o:<\/strong> Ningu\u00e9m \u00e9 culpado se, no momento do crime, devido a uma <strong>perturba\u00e7\u00e3o mental grave<\/strong> ou a uma <strong>perturba\u00e7\u00e3o patol\u00f3gica da capacidade de controlo<\/strong>, n\u00e3o estivesse em condi\u00e7\u00f5es de compreender a ilicitude das suas a\u00e7\u00f5es ou de agir em conformidade. Em caso de d\u00favida, deve ser solicitado um <strong>parecer psiqui\u00e1trico<\/strong>. <\/li>\n\n\n\n<li><strong><a href=\"https:\/\/harlander-partner.eu\/pt-pt\/direito-penal\/estado-de-necessidade-desculpante\/\">Estado de necessidade desculpante<\/a>:<\/strong> Ocorre quando o crime \u00e9 cometido numa <strong>situa\u00e7\u00e3o de coa\u00e7\u00e3o extrema<\/strong>, por exemplo, para evitar um <strong>perigo agudo para a pr\u00f3pria vida ou para a vida de outrem<\/strong>. Nesses casos, o comportamento pode ser <strong>desculp\u00e1vel, mas n\u00e3o leg\u00edtimo<\/strong>. <\/li>\n\n\n\n<li><strong><a href=\"https:\/\/harlander-partner.eu\/pt-pt\/direito-penal\/pressuposto-erroneo-de-uma-situacao-de-facto-justificativa\/\">Leg\u00edtima defesa putativa<\/a>:<\/strong> Quem acredita erroneamente estar <strong>autorizado a deter<\/strong>, por exemplo, porque assume que tem de <strong>afastar um perigo ou proteger algu\u00e9m<\/strong>, age <strong>sem dolo<\/strong>, se o erro for <strong>s\u00e9rio e compreens\u00edvel<\/strong>. Se, no entanto, permanecer uma <strong>viola\u00e7\u00e3o do dever de cuidado<\/strong>, o comportamento pode ter um efeito <strong>atenuante<\/strong>, mas n\u00e3o <strong>justificativo<\/strong>. <\/li>\n<\/ul>\n\n<h2 class=\"wp-block-heading\" id=\"h-strafaufhebung-amp-diversion\">Suspens\u00e3o da pena &amp; divers\u00e3o<\/h2>\n\n<h3 class=\"wp-block-heading\" id=\"h-rucktritt-und-tatige-reue\">Retrata\u00e7\u00e3o e arrependimento ativo:<\/h3>\n\n<p class=\"wp-block-paragraph\">O autor pode <strong>reduzir significativamente<\/strong> a sua pena se <strong>libertar voluntariamente<\/strong> a crian\u00e7a ou <strong>a devolver a um ambiente seguro<\/strong> antes que algo pior aconte\u00e7a. O rapto \u00e9 considerado terminado assim que a crian\u00e7a <strong>volta a estar sob prote\u00e7\u00e3o parental<\/strong>. \u00c9 importante que o autor <strong>aja por iniciativa pr\u00f3pria<\/strong>, <strong>n\u00e3o siga qualquer coa\u00e7\u00e3o externa<\/strong> e <strong>mostre um sincero reconhecimento<\/strong>. S\u00f3 quem <strong>termina voluntariamente<\/strong> o seu comportamento e <strong>reconhece a injusti\u00e7a<\/strong> pode esperar <strong>uma atenua\u00e7\u00e3o da pena ou, em casos excecionais, a sua anula\u00e7\u00e3o<\/strong>.   <\/p>\n\n<h3 class=\"wp-block-heading\" id=\"h-nachtragliche-wiedergutmachung\">Repara\u00e7\u00e3o subsequente:<\/h3>\n\n<p class=\"wp-block-paragraph\">Se o autor se esfor\u00e7ar ap\u00f3s o crime para <strong>pedir desculpa, ajudar ou compensar<\/strong>, o tribunal pode ter este comportamento em <strong>considera\u00e7\u00e3o atenuante<\/strong>. Isto inclui, por exemplo, <strong>um pedido de desculpas sincero<\/strong>, <strong>apoio \u00e0 v\u00edtima<\/strong> ou <strong>compensa\u00e7\u00e3o por danos materiais e psicol\u00f3gicos<\/strong>. Quem <strong>assume a responsabilidade e presta ativamente repara\u00e7\u00e3o<\/strong> demonstra que compreendeu o seu crime.  <\/p>\n\n<h3 class=\"wp-block-heading\" id=\"h-diversion\">Diverg\u00eancia:<\/h3>\n\n<p class=\"wp-block-paragraph\">O tribunal pode <strong>encerrar o processo sem condena\u00e7\u00e3o<\/strong> se a <strong>culpa for leve<\/strong>, os <strong>factos forem claros<\/strong> e o autor for <strong>perspicaz<\/strong>. No entanto, um desvio s\u00f3 \u00e9 poss\u00edvel <strong>em casos excecionais<\/strong>, uma vez que o rapto representa geralmente uma <strong>viola\u00e7\u00e3o grave da liberdade e da integridade sexual<\/strong>. Se n\u00e3o houver explora\u00e7\u00e3o sexual, o tribunal pode ordenar <strong>presta\u00e7\u00f5es pecuni\u00e1rias<\/strong>, <strong>trabalho de utilidade p\u00fablica<\/strong> ou uma <strong>compensa\u00e7\u00e3o extrajudicial<\/strong>. Se o processo for conclu\u00eddo desta forma, <strong>n\u00e3o h\u00e1 condena\u00e7\u00e3o nem registo criminal<\/strong>.   <\/p>\n\n<h3 class=\"wp-block-heading\" id=\"h-ausschluss-der-diversion\">Exclus\u00e3o da diverg\u00eancia:<\/h3>\n\n<p class=\"wp-block-paragraph\">Um desvio <strong>n\u00e3o \u00e9 uma op\u00e7\u00e3o<\/strong> se o autor <strong>usar viol\u00eancia<\/strong>, <strong>amea\u00e7ar<\/strong>, <strong>perseguir inten\u00e7\u00f5es sexuais<\/strong> ou <strong>sobrecarregar gravemente a v\u00edtima f\u00edsica ou psicologicamente<\/strong>. S\u00f3 em <strong>casos excecionais mais leves<\/strong>, como um <strong>mal-entendido sem inten\u00e7\u00e3o de explora\u00e7\u00e3o<\/strong>, \u00e9 que o tribunal pode analisar uma <strong>solu\u00e7\u00e3o diferente atrav\u00e9s da confiss\u00e3o, da perspic\u00e1cia e da repara\u00e7\u00e3o<\/strong>. <\/p>\n    <div class=\"mr-quote mrbg clearfix\">\n        <a class=\"mr-quote-person\" href=\"\/ueber-uns\/rechtsanwalt-sebastian-riedlmair\/\" title=\"Rechtsanwalt Sebastian Riedlmair\">\n            <img decoding=\"async\" class=\"mr-quote-person-img\" src=\"https:\/\/harlander-partner.eu\/wp-content\/themes\/harlander\/design\/sr100.webp\" width=\"100\"\n                 height=\"100\" loading=\"lazy\" alt=\"Rechtsanwalt Sebastian Riedlmair\">\n            <span class=\"mr-quote-person-text\">\n            Sebastian Riedlmair<br>\n            <span class=\"mr-quote-person-function\">Harlander &amp; Partner Rechtsanw\u00e4lte<\/span>\n        <\/span>\n        <\/a>\n        <span class=\"mr-quote-content\">\u201eWer die Schutzlosigkeit erkennt und sie f\u00fcr eigene Zwecke nutzt, handelt mit vollem Unrechtsbewusstsein.\u201c<\/span>\n    <\/div>\n<a class=\"mr-cta-link mr-cta-button-cal\" href=\"#h2-booking\" title=\"Primeira consulta gratuita\"><span class=\"mr-cta-link-normal\">Escolher agora a data pretendida:<\/span><span class=\"mr-cta-link-bold\">Primeira consulta gratuita<\/span><\/a>\n\n<h2 class=\"wp-block-heading\" id=\"h-strafzumessung-amp-folgen\">Determina\u00e7\u00e3o da pena &amp; consequ\u00eancias<\/h2>\n\n<p class=\"wp-block-paragraph\">O tribunal <strong>avalia a pena<\/strong> de acordo com a <strong>gravidade do crime<\/strong>, a <strong>dura\u00e7\u00e3o da priva\u00e7\u00e3o de liberdade<\/strong> e o <strong>grau de explora\u00e7\u00e3o<\/strong>. \u00c9 crucial saber se o autor <strong>colocou conscientemente a crian\u00e7a numa situa\u00e7\u00e3o indefesa<\/strong> e se <strong>explorou ou prolongou intencionalmente<\/strong> esta situa\u00e7\u00e3o. Tamb\u00e9m os <strong>motivos<\/strong>, como <strong>inten\u00e7\u00f5es sexuais<\/strong>, <strong>abuso de poder<\/strong> ou <strong>humilha\u00e7\u00e3o<\/strong>, influenciam a severidade da pena.  <\/p>\n\n<h3 class=\"wp-block-heading\" id=\"h-erschwerungsgrunde-bestehen-insbesondere-wenn\">Existem circunst\u00e2ncias agravantes, em particular, se<\/h3>\n\n<ul class=\"wp-block-list\">\n<li>o crime for cometido de forma <strong>planeada ou durante um longo per\u00edodo de tempo<\/strong>,<\/li>\n\n\n\n<li>infligir <strong>sofrimento f\u00edsico ou psicol\u00f3gico<\/strong> \u00e0 v\u00edtima,<\/li>\n\n\n\n<li>usar <strong>viol\u00eancia, engano ou amea\u00e7as<\/strong> para manter a priva\u00e7\u00e3o,<\/li>\n\n\n\n<li>ou j\u00e1 tiver <strong>antecedentes criminais relevantes<\/strong> e <strong>explorar conscientemente a fragilidade da crian\u00e7a<\/strong>.<\/li>\n<\/ul>\n\n<h3 class=\"wp-block-heading\" id=\"h-milderungsgrunde-sind-etwa\">Circunst\u00e2ncias atenuantes s\u00e3o, por exemplo,<\/h3>\n\n<ul class=\"wp-block-list\">\n<li>se o autor <strong>n\u00e3o tiver antecedentes criminais<\/strong>,<\/li>\n\n\n\n<li>se <strong>confessar<\/strong> ou <strong>mostrar um arrependimento sincero<\/strong>,<\/li>\n\n\n\n<li>se <strong>libertar voluntariamente<\/strong> a v\u00edtima antes que ocorram consequ\u00eancias mais graves,<\/li>\n\n\n\n<li>se se esfor\u00e7ar para <strong>reparar os danos ou prestar apoio<\/strong>,<\/li>\n\n\n\n<li>se estiver <strong>excecionalmente sobrecarregado ou psicologicamente muito stressado<\/strong>,<\/li>\n\n\n\n<li>ou se o <strong>processo penal tiver demorado excessivamente<\/strong>.<\/li>\n<\/ul>\n\n<p class=\"wp-block-paragraph\">O tribunal pode <strong>suspender condicionalmente<\/strong> uma <strong>pena de pris\u00e3o<\/strong> se esta <strong>n\u00e3o exceder os dois anos<\/strong> e o autor for considerado <strong>socialmente est\u00e1vel<\/strong>. Nesse caso, permanece <strong>em liberdade<\/strong>, mas tem de se provar durante um <strong>per\u00edodo de liberdade condicional de um a tr\u00eas anos<\/strong>. <\/p>\n\n<p class=\"wp-block-paragraph\">Al\u00e9m disso, o tribunal pode <strong>dar instru\u00e7\u00f5es<\/strong>, como <strong>ordenar terapia<\/strong>, <strong>exigir compensa\u00e7\u00e3o por danos<\/strong> ou <strong>nomear um agente de liberdade condicional<\/strong> para promover a <strong>perspic\u00e1cia e a reintegra\u00e7\u00e3o<\/strong>.<\/p>\n\n<h2 class=\"wp-block-heading\" id=\"h-strafrahmen\">Moldura penal<\/h2>\n\n<p class=\"wp-block-paragraph\">No caso do <strong>rapto de uma pessoa menor<\/strong>, existe uma amea\u00e7a de <strong>pena de pris\u00e3o de seis meses a cinco anos<\/strong>. A pena depende de <strong>qu\u00e3o gravemente a crian\u00e7a \u00e9 afetada<\/strong> e de <strong>qual a inten\u00e7\u00e3o do autor<\/strong>. <\/p>\n\n<p class=\"wp-block-paragraph\">O tribunal verifica se a crian\u00e7a foi <strong>retirada do \u00e2mbito de prote\u00e7\u00e3o parental<\/strong> e se existiu <strong>um perigo de explora\u00e7\u00e3o sexual<\/strong>. J\u00e1 a tentativa de colocar uma crian\u00e7a numa tal situa\u00e7\u00e3o \u00e9 grave. <\/p>\n\n<p class=\"wp-block-paragraph\">Quanto mais <strong>planeado, longo ou cruel<\/strong> for o procedimento, <strong>maior ser\u00e1 a pena<\/strong>. Se o autor tiver <strong>colocado conscientemente a crian\u00e7a numa situa\u00e7\u00e3o indefesa<\/strong> para a explorar, tal ser\u00e1 punido com particular severidade. <\/p>\n\n<p class=\"wp-block-paragraph\">Em <strong>casos mais leves<\/strong>, por exemplo, se <strong>n\u00e3o ocorrer abuso<\/strong> e a crian\u00e7a <strong>regressar rapidamente<\/strong>, o tribunal pode impor uma <strong>pena de pris\u00e3o suspensa<\/strong> ou uma <strong>multa<\/strong>. Em caso de <strong>explora\u00e7\u00e3o sexual, viol\u00eancia ou deten\u00e7\u00e3o prolongada<\/strong>, existe, pelo contr\u00e1rio, uma amea\u00e7a de uma <strong>pena de pris\u00e3o incondicional de v\u00e1rios anos<\/strong> dentro dos limites legais. <\/p>\n    <div class=\"mr-quote mrbg clearfix\">\n        <a class=\"mr-quote-person\" href=\"\/ueber-uns\/rechtsanwalt-peter-harlander\/\" title=\"Rechtsanwalt Peter Harlander\">\n            <img decoding=\"async\" class=\"mr-quote-person-img\" src=\"https:\/\/harlander-partner.eu\/wp-content\/themes\/harlander\/design\/ph100.webp\" width=\"100\"\n                 height=\"100\" loading=\"lazy\" alt=\"Rechtsanwalt Peter Harlander\">\n            <span class=\"mr-quote-person-text\">\n            Peter Harlander<br>\n            <span class=\"mr-quote-person-function\">Harlander &amp; Partner Rechtsanw\u00e4lte<\/span>\n        <\/span>\n        <\/a>\n        <span class=\"mr-quote-content\">\u201eSchon der Versuch, ein Kind zu manipulieren oder zu entfernen, kann strafbar sein \u2013 das Gesetz sch\u00fctzt pr\u00e4ventiv.\u201c<\/span>\n    <\/div>\n\n<h2 class=\"wp-block-heading\" id=\"h-geldstrafe-tagessatzsystem\">Multa \u2013 sistema de taxa di\u00e1ria<\/h2>\n\n<p class=\"wp-block-paragraph\">O direito penal austr\u00edaco calcula as multas de acordo com o <strong>sistema de taxas di\u00e1rias<\/strong>. O <strong>n\u00famero de taxas di\u00e1rias<\/strong> depende da <strong>culpa<\/strong>, o <strong>montante por dia<\/strong> da <strong>capacidade financeira<\/strong>. Assim, a pena \u00e9 adaptada \u00e0s circunst\u00e2ncias pessoais e permanece, no entanto, percet\u00edvel.  <\/p>\n\n<ul class=\"wp-block-list\">\n<li><strong>Intervalo:<\/strong> at\u00e9 <strong>720 taxas di\u00e1rias<\/strong> \u2013 no m\u00ednimo <strong>4 euros<\/strong>, no m\u00e1ximo <strong>5.000 euros<\/strong> por dia.<\/li>\n\n\n\n<li><strong>F\u00f3rmula pr\u00e1tica:<\/strong> Cerca de <strong>6 meses de pris\u00e3o correspondem a cerca de 360 taxas di\u00e1rias<\/strong>. Esta convers\u00e3o serve apenas como <strong>orienta\u00e7\u00e3o<\/strong> e n\u00e3o \u00e9 um <strong>esquema r\u00edgido<\/strong>. <\/li>\n\n\n\n<li><strong>Em caso de n\u00e3o pagamento:<\/strong> O tribunal pode impor uma <strong>pena de pris\u00e3o substitutiva<\/strong>. Por norma, aplica-se: <strong>1 dia de pena de pris\u00e3o substitutiva corresponde a 2 taxas di\u00e1rias<\/strong>. <\/li>\n<\/ul>\n\n<h2 class=\"wp-block-heading\" id=\"h-freiheitsstrafe-amp-teil-bedingte-nachsicht\">Pena de pris\u00e3o &amp; suspens\u00e3o (parcial) da pena<\/h2>\n\n<p class=\"wp-block-paragraph\">\u00a7 37 StGB: <strong>Em caso de crimes com uma amea\u00e7a de pena at\u00e9 cinco anos<\/strong>, o tribunal pode <strong>substituir uma pena de pris\u00e3o curta de, no m\u00e1ximo, um ano por uma multa<\/strong>. A disposi\u00e7\u00e3o visa evitar penas de pris\u00e3o curtas e permite uma multa <strong>se nem raz\u00f5es de preven\u00e7\u00e3o especial nem geral<\/strong> exigirem o cumprimento de uma pena de pris\u00e3o. <\/p>\n\n<p class=\"wp-block-paragraph\">\u00a7 43 do C\u00f3digo Penal: Uma pena de pris\u00e3o pode ser <strong>suspensa condicionalmente<\/strong> se <strong>n\u00e3o exceder dois anos<\/strong> e for atestada uma <strong>prognose social positiva<\/strong> ao condenado. O <strong>per\u00edodo de prova \u00e9 de um a tr\u00eas anos<\/strong>. Se for cumprido sem revoga\u00e7\u00e3o, a pena \u00e9 considerada <strong>definitivamente suspensa<\/strong>.  <\/p>\n\n<p class=\"wp-block-paragraph\">\u00a7 43a StGB: A <strong>suspens\u00e3o parcial condicional<\/strong> permite uma combina\u00e7\u00e3o de <strong>parte da pena incondicional e condicional<\/strong>. Em caso de penas de pris\u00e3o de <strong>mais de seis meses at\u00e9 dois anos<\/strong>, uma parte pode ser <strong>suspensa condicionalmente<\/strong> ou substitu\u00edda por uma <strong>multa at\u00e9 720 taxas di\u00e1rias<\/strong>, se tal <strong>parecer adequado<\/strong> de acordo com as circunst\u00e2ncias. <\/p>\n\n<p class=\"wp-block-paragraph\"><a href=\"https:\/\/harlander-partner.eu\/pt-pt\/direito-penal\/apoio-a-liberdade-condicional-e-instrucoes\/\" target=\"_blank\" rel=\"noreferrer noopener\">\u00a7\u00a7 50 a 52 StGB:<\/a> O tribunal pode, adicionalmente, <strong>dar instru\u00e7\u00f5es<\/strong> e <strong>ordenar apoio \u00e0 liberdade condicional<\/strong>. As instru\u00e7\u00f5es t\u00edpicas dizem respeito \u00e0 <strong>compensa\u00e7\u00e3o por danos<\/strong>, \u00e0 <strong>participa\u00e7\u00e3o numa terapia ou aconselhamento<\/strong>, \u00e0s <strong>proibi\u00e7\u00f5es de contacto ou perman\u00eancia<\/strong>, bem como \u00e0s <strong>medidas para a estabiliza\u00e7\u00e3o social<\/strong>. O objetivo \u00e9 a <strong>preven\u00e7\u00e3o de outros crimes<\/strong> e a <strong>promo\u00e7\u00e3o de uma conduta legal duradoura<\/strong>.  <\/p>\n\n<h2 class=\"wp-block-heading\" id=\"h-zustandigkeit-der-gerichte\">Compet\u00eancia dos tribunais<\/h2>\n\n<h3 class=\"wp-block-heading\" id=\"h-sachliche-zustandigkeit\">Compet\u00eancia material<\/h3>\n\n<p class=\"wp-block-paragraph\">No caso do <strong>rapto de uma pessoa menor<\/strong>, o <strong>tribunal regional decide, por norma, como juiz singular<\/strong>, uma vez que a moldura penal varia <strong>de seis meses a cinco anos de pena de pris\u00e3o<\/strong>.<\/p>\n\n<p class=\"wp-block-paragraph\">No entanto, se existir uma <strong>concorr\u00eancia com outros crimes graves<\/strong>, como <strong>abuso sexual, les\u00f5es corporais ou coa\u00e7\u00e3o<\/strong>, o <strong>tribunal regional \u00e9 competente como tribunal coletivo<\/strong>.<\/p>\n\n<p class=\"wp-block-paragraph\">Um <strong>tribunal de j\u00fari<\/strong> n\u00e3o \u00e9 considerado, porque o tipo de crime <strong>n\u00e3o prev\u00ea uma pena de pris\u00e3o perp\u00e9tua<\/strong>.<\/p>\n\n<h3 class=\"wp-block-heading\" id=\"h-ortliche-zustandigkeit\">Compet\u00eancia territorial<\/h3>\n\n<p class=\"wp-block-paragraph\">O <strong>tribunal do local do crime<\/strong> decide sobre o processo penal. O tribunal competente \u00e9 aquele em cuja \u00e1rea o crime \u00e9 <strong>iniciado, realizado ou terminado<\/strong>. <\/p>\n\n<p class=\"wp-block-paragraph\">Se o local do crime <strong>n\u00e3o puder ser determinado de forma inequ\u00edvoca<\/strong>, a compet\u00eancia \u00e9 determinada pelo <strong>domic\u00edlio do arguido<\/strong>, pelo <strong>local da deten\u00e7\u00e3o<\/strong> ou pela <strong>sede do Minist\u00e9rio P\u00fablico competente<\/strong>.<\/p>\n\n<p class=\"wp-block-paragraph\">O processo <strong>\u00e9 conduzido<\/strong> onde uma <strong>realiza\u00e7\u00e3o adequada e objetiva<\/strong> \u00e9 melhor garantida.<\/p>\n\n<h3 class=\"wp-block-heading\" id=\"h-instanzenzug\">Recursos<\/h3>\n\n<p class=\"wp-block-paragraph\">Contra as senten\u00e7as do <strong>Tribunal Regional<\/strong> \u00e9 admiss\u00edvel o <strong>recurso para o Tribunal Regional Superior<\/strong>.<br\/>As decis\u00f5es do <strong>Tribunal Regional Superior<\/strong> podem ser impugnadas com <strong>recurso de nulidade ou recurso<\/strong> para o <strong>Supremo Tribunal de Justi\u00e7a<\/strong>.<\/p>\n\n<h2 class=\"wp-block-heading\" id=\"h-zivilanspruche-im-strafverfahren\">Pedidos c\u00edveis no processo penal<\/h2>\n\n<p class=\"wp-block-paragraph\">No caso do <strong>rapto de uma pessoa menor<\/strong>, os <strong>pais ou tutores<\/strong> podem fazer valer <strong>partes privadas<\/strong> no processo penal como <strong>pedidos de direito civil<\/strong>. Estes incluem <strong>compensa\u00e7\u00e3o por danos morais<\/strong>, <strong>custos de terapia e tratamento<\/strong>, <strong>perda de rendimentos<\/strong>, <strong>custos de assist\u00eancia<\/strong>, bem como <strong>compensa\u00e7\u00e3o por sofrimento psicol\u00f3gico<\/strong> e outros <strong>danos consequentes<\/strong> resultantes do crime. <\/p>\n\n<p class=\"wp-block-paragraph\">A <strong>ades\u00e3o de partes privadas<\/strong> suspende a <strong>prescri\u00e7\u00e3o<\/strong> destes pedidos enquanto o processo penal estiver em curso. S\u00f3 ap\u00f3s a conclus\u00e3o do processo \u00e9 que o prazo volta a contar, na medida em que o pedido n\u00e3o tenha sido totalmente concedido. <\/p>\n\n<p class=\"wp-block-paragraph\">Uma <strong>repara\u00e7\u00e3o volunt\u00e1ria de danos<\/strong>, por exemplo, atrav\u00e9s de <strong>um pedido de desculpas, compensa\u00e7\u00e3o financeira ou apoio ativo<\/strong>, pode ter um <strong>efeito atenuante<\/strong> se for feita de forma <strong>atempada e cred\u00edvel<\/strong>.<\/p>\n\n<p class=\"wp-block-paragraph\">No entanto, se o autor tiver <strong>explorado, abusado ou ferido intencionalmente a crian\u00e7a na sua dignidade<\/strong>, uma repara\u00e7\u00e3o posterior perde, por norma, o seu efeito atenuante, porque j\u00e1 n\u00e3o pode <strong>compensar a injusti\u00e7a cometida<\/strong>.<\/p>\n    <div class=\"mr-quote mrbg clearfix\">\n        <a class=\"mr-quote-person\" href=\"\/ueber-uns\/rechtsanwalt-sebastian-riedlmair\/\" title=\"Rechtsanwalt Sebastian Riedlmair\">\n            <img decoding=\"async\" class=\"mr-quote-person-img\" src=\"https:\/\/harlander-partner.eu\/wp-content\/themes\/harlander\/design\/sr100.webp\" width=\"100\"\n                 height=\"100\" loading=\"lazy\" alt=\"Rechtsanwalt Sebastian Riedlmair\">\n            <span class=\"mr-quote-person-text\">\n            Sebastian Riedlmair<br>\n            <span class=\"mr-quote-person-function\">Harlander &amp; Partner Rechtsanw\u00e4lte<\/span>\n        <\/span>\n        <\/a>\n        <span class=\"mr-quote-content\">\u201eSchmerzengeld und Betreuungskosten sind oft nur ein Teil des Leids \u2013 das Verfahren muss W\u00fcrde und Gerechtigkeit wiederherstellen.\u201c<\/span>\n    <\/div>\n<a class=\"mr-cta-link mr-cta-button-cal\" href=\"#h2-booking\" title=\"Primeira consulta gratuita\"><span class=\"mr-cta-link-normal\">Escolher agora a data pretendida:<\/span><span class=\"mr-cta-link-bold\">Primeira consulta gratuita<\/span><\/a>\n\n<h2 class=\"wp-block-heading\" id=\"h-strafverfahren-im-uberblick\">Vis\u00e3o geral do processo penal<\/h2>\n\n<ul class=\"wp-block-list\">\n<li><strong>In\u00edcio da investiga\u00e7\u00e3o:<\/strong> Qualidade de arguido em caso de suspeita concreta; a partir da\u00ed, plenos direitos de arguido.<\/li>\n\n\n\n<li><strong>Pol\u00edcia\/Minist\u00e9rio P\u00fablico:<\/strong> O Minist\u00e9rio P\u00fablico dirige, a Pol\u00edcia Judici\u00e1ria investiga; objetivo: arquivamento, divers\u00e3o ou acusa\u00e7\u00e3o.<\/li>\n\n\n\n<li><strong>Interrogat\u00f3rio do arguido:<\/strong> Informa\u00e7\u00e3o pr\u00e9via; a presen\u00e7a de um defensor leva ao adiamento; o direito ao sil\u00eancio permanece.<\/li>\n\n\n\n<li><strong>Consulta dos autos:<\/strong> junto da Pol\u00edcia\/Minist\u00e9rio P\u00fablico\/Tribunal; abrange tamb\u00e9m objetos de prova (desde que a finalidade da investiga\u00e7\u00e3o n\u00e3o seja posta em causa).<\/li>\n\n\n\n<li><strong>Audi\u00eancia principal:<\/strong> produ\u00e7\u00e3o de prova oral, senten\u00e7a; decis\u00e3o sobre pretens\u00f5es de particulares.<\/li>\n<\/ul>\n\n<h2 class=\"wp-block-heading\" id=\"h-beschuldigtenrechte\">Direitos do arguido<\/h2>\n\n<ul class=\"wp-block-list\">\n<li><strong>Informa\u00e7\u00e3o &amp; defesa:<\/strong> Direito \u00e0 comunica\u00e7\u00e3o, apoio judici\u00e1rio, livre escolha de defensor, apoio \u00e0 tradu\u00e7\u00e3o, requerimentos de prova.<\/li>\n\n\n\n<li><strong>Sil\u00eancio &amp; Advogado:<\/strong> Direito ao sil\u00eancio a qualquer momento; em caso de assist\u00eancia de um advogado de defesa, a audi\u00eancia deve ser adiada.<\/li>\n\n\n\n<li><strong>Dever de informa\u00e7\u00e3o:<\/strong> informa\u00e7\u00e3o atempada sobre suspeita\/direitos; exce\u00e7\u00f5es apenas para garantir a finalidade da investiga\u00e7\u00e3o.<\/li>\n\n\n\n<li><strong>Consulta dos autos na pr\u00e1tica:<\/strong> Autos de investiga\u00e7\u00e3o e processo principal; consulta de terceiros limitada a favor do arguido.<\/li>\n<\/ul>\n    <div class=\"mr-quote mrbg clearfix\">\n        <a class=\"mr-quote-person\" href=\"\/ueber-uns\/rechtsanwalt-sebastian-riedlmair\/\" title=\"Rechtsanwalt Sebastian Riedlmair\">\n            <img decoding=\"async\" class=\"mr-quote-person-img\" src=\"https:\/\/harlander-partner.eu\/wp-content\/themes\/harlander\/design\/sr100.webp\" width=\"100\"\n                 height=\"100\" loading=\"lazy\" alt=\"Rechtsanwalt Sebastian Riedlmair\">\n            <span class=\"mr-quote-person-text\">\n            Sebastian Riedlmair<br>\n            <span class=\"mr-quote-person-function\">Harlander &amp; Partner Rechtsanw\u00e4lte<\/span>\n        <\/span>\n        <\/a>\n        <span class=\"mr-quote-content\">\u201eSchweigen, Verteidigung, Akteneinsicht und Antragsrechte sind tragende Garantien eines fairen Verfahrens.\u201c<\/span>\n    <\/div>\n<a class=\"mr-cta-link mr-cta-button-cal\" href=\"#h2-booking\" title=\"Primeira consulta gratuita\"><span class=\"mr-cta-link-normal\">Escolher agora a data pretendida:<\/span><span class=\"mr-cta-link-bold\">Primeira consulta gratuita<\/span><\/a>\n\n<h2 class=\"wp-block-heading\" id=\"h-praxis-amp-verhaltenstipps\">Pr\u00e1tica &amp; dicas de comportamento<\/h2>\n\n<ol class=\"wp-block-list\">\n<li><strong>Manter o sil\u00eancio.<\/strong><br\/>Uma breve declara\u00e7\u00e3o \u00e9 suficiente: \u201cFa\u00e7o uso do meu direito de permanecer em sil\u00eancio e falo primeiro com a minha defesa.\u201d Este direito aplica-se j\u00e1 a partir do primeiro interrogat\u00f3rio pela pol\u00edcia ou Minist\u00e9rio P\u00fablico. <\/li>\n\n\n\n<li><strong>Contactar imediatamente a defesa.<\/strong><br\/>Sem consulta dos autos de investiga\u00e7\u00e3o, n\u00e3o deve ser feita nenhuma declara\u00e7\u00e3o. S\u00f3 ap\u00f3s a consulta dos autos \u00e9 que a defesa pode avaliar qual a estrat\u00e9gia e qual a recolha de provas que fazem sentido. <\/li>\n\n\n\n<li><strong>Assegurar provas imediatamente.<\/strong><br\/>Elaborar achados m\u00e9dicos, fotografias com indica\u00e7\u00e3o da data e escala, eventualmente radiografias ou tomografias computorizadas. Guardar separadamente roupas, objetos e grava\u00e7\u00f5es digitais. Elaborar lista de testemunhas e protocolos de mem\u00f3ria o mais tardar no prazo de dois dias.  <\/li>\n\n\n\n<li><strong>N\u00e3o estabele\u00e7a contacto com a parte contr\u00e1ria.<\/strong><br\/>As suas pr\u00f3prias mensagens, chamadas ou publica\u00e7\u00f5es podem ser usadas como prova contra si. Toda a comunica\u00e7\u00e3o deve ser feita exclusivamente atrav\u00e9s da defesa. <\/li>\n\n\n\n<li><strong>Assegurar grava\u00e7\u00f5es de v\u00eddeo e dados atempadamente.<\/strong><br\/>V\u00eddeos de vigil\u00e2ncia em transportes p\u00fablicos, estabelecimentos ou de administra\u00e7\u00f5es prediais s\u00e3o frequentemente apagados automaticamente ap\u00f3s poucos dias. Os pedidos de salvaguarda de dados devem, por isso, ser apresentados imediatamente aos operadores, \u00e0 pol\u00edcia ou ao Minist\u00e9rio P\u00fablico. <\/li>\n\n\n\n<li><strong>Documentar buscas e apreens\u00f5es.<\/strong><br\/>Em caso de buscas domicili\u00e1rias ou apreens\u00f5es, deve exigir uma c\u00f3pia da ordem ou da ata. Anote a data, a hora, as pessoas envolvidas e todos os objetos levados. <\/li>\n\n\n\n<li><strong>Em caso de deten\u00e7\u00e3o: nenhuma declara\u00e7\u00e3o sobre o assunto.<\/strong><br\/>Insista na comunica\u00e7\u00e3o imediata com a sua defesa. A pris\u00e3o preventiva s\u00f3 pode ser decretada em caso de suspeita veemente e motivo de pris\u00e3o adicional. Meios mais brandos (p. ex., promessa, dever de apresenta\u00e7\u00e3o, proibi\u00e7\u00e3o de contacto) s\u00e3o priorit\u00e1rios.  <\/li>\n\n\n\n<li><strong>Preparar a repara\u00e7\u00e3o de danos de forma direcionada.<\/strong><br\/>Pagamentos ou ofertas de repara\u00e7\u00e3o devem ser processados e comprovados exclusivamente atrav\u00e9s da defesa. Uma repara\u00e7\u00e3o de danos estruturada tem um efeito positivo na divers\u00e3o e na determina\u00e7\u00e3o da pena. <\/li>\n<\/ol>\n\n<h2 class=\"wp-block-heading\" id=\"h-ihre-vorteile-mit-anwaltlicher-unterstutzung\">As suas vantagens com o apoio de um advogado<\/h2>\n\n<p class=\"wp-block-paragraph\">Um processo por <strong>sequestro de uma pessoa menor<\/strong> pertence \u00e0s <strong>\u00e1reas mais delicadas do direito penal austr\u00edaco<\/strong>. O tipo penal diz respeito n\u00e3o s\u00f3 \u00e0 <strong>liberdade da crian\u00e7a<\/strong>, mas tamb\u00e9m ao <strong>direito de guarda parental<\/strong> e \u00e0 <strong>prote\u00e7\u00e3o da integridade sexual de menores<\/strong>. Muitos casos s\u00e3o juridicamente dif\u00edceis, porque surgem de <strong>conflitos familiares<\/strong>, <strong>rela\u00e7\u00f5es de confian\u00e7a<\/strong> ou <strong>mal-entendidos<\/strong> no ambiente social. Muitas vezes, n\u00e3o \u00e9 claro se existe realmente uma a\u00e7\u00e3o pun\u00edvel ou uma assist\u00eancia mal direcionada.   <\/p>\n\n<p class=\"wp-block-paragraph\">Se existe um sequestro no sentido penal, depende de <strong>se a crian\u00e7a foi levada ou detida contra ou sem a vontade dos pais ou respons\u00e1veis pela educa\u00e7\u00e3o<\/strong> e <strong>que inten\u00e7\u00e3o o autor perseguia com isso<\/strong>. \u00c9 decisivo se a crian\u00e7a foi <strong>retirada do \u00e2mbito de prote\u00e7\u00e3o parental<\/strong> e, assim, exposta a <strong>perigos de explora\u00e7\u00e3o<\/strong>. J\u00e1 pequenas diferen\u00e7as em <strong>declara\u00e7\u00f5es, sequ\u00eancias temporais ou comprovativos de comunica\u00e7\u00e3o<\/strong> podem alterar consideravelmente a avalia\u00e7\u00e3o jur\u00eddica.  <\/p>\n\n<p class=\"wp-block-paragraph\">Um <strong>representa\u00e7\u00e3o por um advogado desde o in\u00edcio<\/strong> \u00e9, portanto, particularmente importante. Garante que as <strong>provas s\u00e3o recolhidas corretamente<\/strong>, as <strong>declara\u00e7\u00f5es de testemunhas s\u00e3o verificadas<\/strong> e as <strong>inten\u00e7\u00f5es s\u00e3o apresentadas de forma objetiva<\/strong>. S\u00f3 assim \u00e9 poss\u00edvel esclarecer se se trata de um comportamento pun\u00edvel ou de um <strong>mal-entendido dentro de rela\u00e7\u00f5es familiares ou sociais<\/strong>.  <\/p>\n\n<p class=\"wp-block-paragraph\"><strong>O nosso escrit\u00f3rio de advogados<\/strong><\/p>\n\n<ul class=\"wp-block-list\">\n<li>verifica se existe realmente um rapto pun\u00edvel ou se a a\u00e7\u00e3o \u00e9 explic\u00e1vel por <strong>erro, consentimento ou circunst\u00e2ncias justificativas<\/strong>,<\/li>\n\n\n\n<li>analisa <strong>depoimentos de testemunhas, hist\u00f3ricos de comunica\u00e7\u00e3o e provas digitais<\/strong> quanto a contradi\u00e7\u00f5es e plausibilidade,<\/li>\n\n\n\n<li>acompanha-o <strong>durante todo o processo de investiga\u00e7\u00e3o e judicial<\/strong>,<\/li>\n\n\n\n<li>desenvolve uma <strong>estrat\u00e9gia de defesa<\/strong> que apresenta a sua inten\u00e7\u00e3o de agir de forma clara e compreens\u00edvel,<\/li>\n\n\n\n<li>e representa os seus <strong>direitos de forma consistente perante a pol\u00edcia, o Minist\u00e9rio P\u00fablico e o tribunal<\/strong>.<\/li>\n<\/ul>\n\n<p class=\"wp-block-paragraph\">Uma <strong>defesa penal estruturada e objetivamente fundamentada<\/strong> garante que o seu comportamento \u00e9 <strong>classificado corretamente do ponto de vista jur\u00eddico<\/strong> e que o processo decorre de forma <strong>justa, objetiva e sem pr\u00e9-julgamentos<\/strong>. Desta forma, recebe uma <strong>representa\u00e7\u00e3o clara e equilibrada<\/strong>, que visa uma <strong>solu\u00e7\u00e3o justa e compreens\u00edvel<\/strong>. <\/p>\n    <div class=\"mr-quote mrbg clearfix\">\n        <a class=\"mr-quote-person\" href=\"\/ueber-uns\/rechtsanwalt-peter-harlander\/\" title=\"Rechtsanwalt Peter Harlander\">\n            <img decoding=\"async\" class=\"mr-quote-person-img\" src=\"https:\/\/harlander-partner.eu\/wp-content\/themes\/harlander\/design\/ph100.webp\" width=\"100\"\n                 height=\"100\" loading=\"lazy\" alt=\"Rechtsanwalt Peter Harlander\">\n            <span class=\"mr-quote-person-text\">\n            Peter Harlander<br>\n            <span class=\"mr-quote-person-function\">Harlander &amp; Partner Rechtsanw\u00e4lte<\/span>\n        <\/span>\n        <\/a>\n        <span class=\"mr-quote-content\">\u201eMachen Sie <strong>keine inhaltlichen Aussagen ohne vorherige R\u00fccksprache mit Ihrer Verteidigung<\/strong>. Sie haben jederzeit das Recht zu schweigen und eine Anw\u00e4ltin oder einen Anwalt beizuziehen. Dieses Recht gilt bereits bei der ersten polizeilichen Kontaktaufnahme. Erst nach <strong>Akteneinsicht<\/strong> l\u00e4sst sich kl\u00e4ren, ob und welche Einlassung sinnvoll ist.\u201c<\/span>\n    <\/div>\n<a class=\"mr-cta-link mr-cta-button-cal\" href=\"#h2-booking\" title=\"Primeira consulta gratuita\"><span class=\"mr-cta-link-normal\">Escolher agora a data pretendida:<\/span><span class=\"mr-cta-link-bold\">Primeira consulta gratuita<\/span><\/a>\n\n<h2 class=\"wp-block-heading\" id=\"h-faq-haufig-gestellte-fragen\">FAQ \u2013 Perguntas frequentes<\/h2>\n<div class=\"wp-block-uagb-faq uagb-faq__outer-wrap uagb-block-FAQ-Entfuehrung-unmuendiger-Person uagb-faq-icon-row uagb-faq-layout-accordion uagb-faq-expand-first-true uagb-faq-inactive-other-true uagb-faq__wrap uagb-buttons-layout-wrap uagb-faq-equal-height     \" data-faqtoggle=\"true\" role=\"tablist\"><script type=\"application\/ld+json\">{\"@context\":\"https:\\\/\\\/schema.org\",\"@type\":\"FAQPage\",\"@id\":\"https:\\\/\\\/harlander-partner.eu\\\/pt-pt\\\/direito-penal\\\/subtracao-de-menor\\\/\",\"mainEntity\":[{\"@type\":\"Question\",\"name\":\"O que entende a lei por rapto de um menor?\",\"acceptedAnswer\":{\"@type\":\"Answer\",\"text\":\"Considera-se rapto quando uma crian\\u00e7a com menos de 14 anos \\u00e9 levada ou retida contra ou sem a vontade dos pais ou tutores, a fim de ser explorada sexualmente ou entregue a terceiros para abuso. \\u00c9 crucial que a crian\\u00e7a seja retirada da esfera de prote\\u00e7\\u00e3o dos pais. \"}},{\"@type\":\"Question\",\"name\":\"Qual \\u00e9 a pena para o rapto de uma crian\\u00e7a?\",\"acceptedAnswer\":{\"@type\":\"Answer\",\"text\":\"O tribunal pode aplicar uma pena de pris\\u00e3o de seis meses a cinco anos. \"}},{\"@type\":\"Question\",\"name\":\"O rapto tamb\\u00e9m \\u00e9 pun\\u00edvel se a crian\\u00e7a for voluntariamente?\",\"acceptedAnswer\":{\"@type\":\"Answer\",\"text\":\"Sim. O consentimento da crian\\u00e7a \\u00e9 juridicamente irrelevante, uma vez que os menores n\\u00e3o podem tomar decis\\u00f5es de forma aut\\u00f3noma. Mesmo que a crian\\u00e7a v\\u00e1 voluntariamente, existe rapto se n\\u00e3o houver vontade dos pais ou tutores.  \"}},{\"@type\":\"Question\",\"name\":\"Quando se fala de uma tentativa de rapto?\",\"acceptedAnswer\":{\"@type\":\"Answer\",\"text\":\"J\\u00e1 existe uma tentativa quando o autor come\\u00e7a a retirar a crian\\u00e7a da esfera de prote\\u00e7\\u00e3o dos pais, mas o ato n\\u00e3o \\u00e9 consumado. Mesmo os atos preparat\\u00f3rios que visem claramente um rapto podem ser pun\\u00edveis. \"}},{\"@type\":\"Question\",\"name\":\"Um rapto pode ocorrer devido a um mal-entendido?\",\"acceptedAnswer\":{\"@type\":\"Answer\",\"text\":\"Sim, em casos isolados, pode haver um mal-entendido, por exemplo, quando algu\\u00e9m acredita estar a agir em nome dos pais ou a ter de colocar a crian\\u00e7a em seguran\\u00e7a. Nesses casos, o tribunal verifica se existiu realmente inten\\u00e7\\u00e3o e inten\\u00e7\\u00e3o de explora\\u00e7\\u00e3o. \"}},{\"@type\":\"Question\",\"name\":\"Qual \\u00e9 o papel da inten\\u00e7\\u00e3o do autor?\",\"acceptedAnswer\":{\"@type\":\"Answer\",\"text\":\"A inten\\u00e7\\u00e3o \\u00e9 fundamental. S\\u00f3 \\u00e9 pun\\u00edvel quem raptar a crian\\u00e7a para a explorar sexualmente, por si pr\\u00f3prio ou por terceiros. Se essa inten\\u00e7\\u00e3o n\\u00e3o existir e a a\\u00e7\\u00e3o servir outro prop\\u00f3sito, n\\u00e3o existe rapto no sentido do \\u00a7 101 StGB, mas, no m\\u00e1ximo, outro delito.  \"}},{\"@type\":\"Question\",\"name\":\"Por que motivo se deve procurar ajuda jur\\u00eddica imediatamente num processo de investiga\\u00e7\\u00e3o?\",\"acceptedAnswer\":{\"@type\":\"Answer\",\"text\":\"Mesmo pequenas imprecis\\u00f5es nas declara\\u00e7\\u00f5es ou provas podem influenciar fortemente a avalia\\u00e7\\u00e3o jur\\u00eddica. Uma defesa experiente protege contra interpreta\\u00e7\\u00f5es erradas, examina as provas e garante que os seus direitos s\\u00e3o protegidos durante todo o processo. \"}}]}<\/script><div class=\"wp-block-uagb-faq-child uagb-faq-child__outer-wrap uagb-faq-item uagb-block-Entfuehrung-unmuendiger-Person-Q1 \" role=\"tab\" tabindex=\"0\"><div class=\"uagb-faq-questions-button uagb-faq-questions\">\t\t\t<span class=\"uagb-icon uagb-faq-icon-wrap\">\n\t\t\t\t\t\t\t\t<svg xmlns=\"https:\/\/www.w3.org\/2000\/svg\" viewBox= \"0 0 448 512\"><path d=\"M432 256c0 17.69-14.33 32.01-32 32.01H256v144c0 17.69-14.33 31.99-32 31.99s-32-14.3-32-31.99v-144H48c-17.67 0-32-14.32-32-32.01s14.33-31.99 32-31.99H192v-144c0-17.69 14.33-32.01 32-32.01s32 14.32 32 32.01v144h144C417.7 224 432 238.3 432 256z\"><\/path><\/svg>\n\t\t\t\t\t\t\t<\/span>\n\t\t\t\t\t\t<span class=\"uagb-icon-active uagb-faq-icon-wrap\">\n\t\t\t\t\t\t\t\t<svg xmlns=\"https:\/\/www.w3.org\/2000\/svg\" viewBox= \"0 0 448 512\"><path d=\"M400 288h-352c-17.69 0-32-14.32-32-32.01s14.31-31.99 32-31.99h352c17.69 0 32 14.3 32 31.99S417.7 288 400 288z\"><\/path><\/svg>\n\t\t\t\t\t\t\t<\/span>\n\t\t\t<span class=\"uagb-question\">O que entende a lei por rapto de um menor?<\/span><\/div><div class=\"uagb-faq-content\"><p>Considera-se rapto quando uma crian\u00e7a com menos de 14 anos \u00e9 levada ou retida contra ou sem a vontade dos pais ou tutores, a fim de ser explorada sexualmente ou entregue a terceiros para abuso. \u00c9 crucial que a crian\u00e7a seja retirada da esfera de prote\u00e7\u00e3o dos pais. <\/p><\/div><\/div><div class=\"wp-block-uagb-faq-child uagb-faq-child__outer-wrap uagb-faq-item uagb-block-Entfuehrung-unmuendiger-Person-Q2 \" role=\"tab\" tabindex=\"0\"><div class=\"uagb-faq-questions-button uagb-faq-questions\">\t\t\t<span class=\"uagb-icon uagb-faq-icon-wrap\">\n\t\t\t\t\t\t\t\t<svg xmlns=\"https:\/\/www.w3.org\/2000\/svg\" viewBox= \"0 0 448 512\"><path d=\"M432 256c0 17.69-14.33 32.01-32 32.01H256v144c0 17.69-14.33 31.99-32 31.99s-32-14.3-32-31.99v-144H48c-17.67 0-32-14.32-32-32.01s14.33-31.99 32-31.99H192v-144c0-17.69 14.33-32.01 32-32.01s32 14.32 32 32.01v144h144C417.7 224 432 238.3 432 256z\"><\/path><\/svg>\n\t\t\t\t\t\t\t<\/span>\n\t\t\t\t\t\t<span class=\"uagb-icon-active uagb-faq-icon-wrap\">\n\t\t\t\t\t\t\t\t<svg xmlns=\"https:\/\/www.w3.org\/2000\/svg\" viewBox= \"0 0 448 512\"><path d=\"M400 288h-352c-17.69 0-32-14.32-32-32.01s14.31-31.99 32-31.99h352c17.69 0 32 14.3 32 31.99S417.7 288 400 288z\"><\/path><\/svg>\n\t\t\t\t\t\t\t<\/span>\n\t\t\t<span class=\"uagb-question\">Qual \u00e9 a pena para o rapto de uma crian\u00e7a?<\/span><\/div><div class=\"uagb-faq-content\"><p>O tribunal pode aplicar uma pena de pris\u00e3o de seis meses a cinco anos. <\/p><\/div><\/div><div class=\"wp-block-uagb-faq-child uagb-faq-child__outer-wrap uagb-faq-item uagb-block-Entfuehrung-unmuendiger-Person-Q3 \" role=\"tab\" tabindex=\"0\"><div class=\"uagb-faq-questions-button uagb-faq-questions\">\t\t\t<span class=\"uagb-icon uagb-faq-icon-wrap\">\n\t\t\t\t\t\t\t\t<svg xmlns=\"https:\/\/www.w3.org\/2000\/svg\" viewBox= \"0 0 448 512\"><path d=\"M432 256c0 17.69-14.33 32.01-32 32.01H256v144c0 17.69-14.33 31.99-32 31.99s-32-14.3-32-31.99v-144H48c-17.67 0-32-14.32-32-32.01s14.33-31.99 32-31.99H192v-144c0-17.69 14.33-32.01 32-32.01s32 14.32 32 32.01v144h144C417.7 224 432 238.3 432 256z\"><\/path><\/svg>\n\t\t\t\t\t\t\t<\/span>\n\t\t\t\t\t\t<span class=\"uagb-icon-active uagb-faq-icon-wrap\">\n\t\t\t\t\t\t\t\t<svg xmlns=\"https:\/\/www.w3.org\/2000\/svg\" viewBox= \"0 0 448 512\"><path d=\"M400 288h-352c-17.69 0-32-14.32-32-32.01s14.31-31.99 32-31.99h352c17.69 0 32 14.3 32 31.99S417.7 288 400 288z\"><\/path><\/svg>\n\t\t\t\t\t\t\t<\/span>\n\t\t\t<span class=\"uagb-question\">O rapto tamb\u00e9m \u00e9 pun\u00edvel se a crian\u00e7a for voluntariamente?<\/span><\/div><div class=\"uagb-faq-content\"><p>Sim. O consentimento da crian\u00e7a \u00e9 juridicamente irrelevante, uma vez que os menores n\u00e3o podem tomar decis\u00f5es de forma aut\u00f3noma. Mesmo que a crian\u00e7a v\u00e1 voluntariamente, existe rapto se n\u00e3o houver vontade dos pais ou tutores.  <\/p><\/div><\/div><div class=\"wp-block-uagb-faq-child uagb-faq-child__outer-wrap uagb-faq-item uagb-block-Entfuehrung-unmuendiger-Person-Q4 \" role=\"tab\" tabindex=\"0\"><div class=\"uagb-faq-questions-button uagb-faq-questions\">\t\t\t<span class=\"uagb-icon uagb-faq-icon-wrap\">\n\t\t\t\t\t\t\t\t<svg xmlns=\"https:\/\/www.w3.org\/2000\/svg\" viewBox= \"0 0 448 512\"><path d=\"M432 256c0 17.69-14.33 32.01-32 32.01H256v144c0 17.69-14.33 31.99-32 31.99s-32-14.3-32-31.99v-144H48c-17.67 0-32-14.32-32-32.01s14.33-31.99 32-31.99H192v-144c0-17.69 14.33-32.01 32-32.01s32 14.32 32 32.01v144h144C417.7 224 432 238.3 432 256z\"><\/path><\/svg>\n\t\t\t\t\t\t\t<\/span>\n\t\t\t\t\t\t<span class=\"uagb-icon-active uagb-faq-icon-wrap\">\n\t\t\t\t\t\t\t\t<svg xmlns=\"https:\/\/www.w3.org\/2000\/svg\" viewBox= \"0 0 448 512\"><path d=\"M400 288h-352c-17.69 0-32-14.32-32-32.01s14.31-31.99 32-31.99h352c17.69 0 32 14.3 32 31.99S417.7 288 400 288z\"><\/path><\/svg>\n\t\t\t\t\t\t\t<\/span>\n\t\t\t<span class=\"uagb-question\">Quando se fala de uma tentativa de rapto?<\/span><\/div><div class=\"uagb-faq-content\"><p>J\u00e1 existe uma tentativa quando o autor come\u00e7a a retirar a crian\u00e7a da esfera de prote\u00e7\u00e3o dos pais, mas o ato n\u00e3o \u00e9 consumado. Mesmo os atos preparat\u00f3rios que visem claramente um rapto podem ser pun\u00edveis. <\/p><\/div><\/div><div class=\"wp-block-uagb-faq-child uagb-faq-child__outer-wrap uagb-faq-item uagb-block-Entfuehrung-unmuendiger-Person-Q5 \" role=\"tab\" tabindex=\"0\"><div class=\"uagb-faq-questions-button uagb-faq-questions\">\t\t\t<span class=\"uagb-icon uagb-faq-icon-wrap\">\n\t\t\t\t\t\t\t\t<svg xmlns=\"https:\/\/www.w3.org\/2000\/svg\" viewBox= \"0 0 448 512\"><path d=\"M432 256c0 17.69-14.33 32.01-32 32.01H256v144c0 17.69-14.33 31.99-32 31.99s-32-14.3-32-31.99v-144H48c-17.67 0-32-14.32-32-32.01s14.33-31.99 32-31.99H192v-144c0-17.69 14.33-32.01 32-32.01s32 14.32 32 32.01v144h144C417.7 224 432 238.3 432 256z\"><\/path><\/svg>\n\t\t\t\t\t\t\t<\/span>\n\t\t\t\t\t\t<span class=\"uagb-icon-active uagb-faq-icon-wrap\">\n\t\t\t\t\t\t\t\t<svg xmlns=\"https:\/\/www.w3.org\/2000\/svg\" viewBox= \"0 0 448 512\"><path d=\"M400 288h-352c-17.69 0-32-14.32-32-32.01s14.31-31.99 32-31.99h352c17.69 0 32 14.3 32 31.99S417.7 288 400 288z\"><\/path><\/svg>\n\t\t\t\t\t\t\t<\/span>\n\t\t\t<span class=\"uagb-question\">Um rapto pode ocorrer devido a um mal-entendido?<\/span><\/div><div class=\"uagb-faq-content\"><p>Sim, em casos isolados, pode haver um mal-entendido, por exemplo, quando algu\u00e9m acredita estar a agir em nome dos pais ou a ter de colocar a crian\u00e7a em seguran\u00e7a. Nesses casos, o tribunal verifica se existiu realmente inten\u00e7\u00e3o e inten\u00e7\u00e3o de explora\u00e7\u00e3o. <\/p><\/div><\/div><div class=\"wp-block-uagb-faq-child uagb-faq-child__outer-wrap uagb-faq-item uagb-block-Entfuehrung-unmuendiger-Person-Q6 \" role=\"tab\" tabindex=\"0\"><div class=\"uagb-faq-questions-button uagb-faq-questions\">\t\t\t<span class=\"uagb-icon uagb-faq-icon-wrap\">\n\t\t\t\t\t\t\t\t<svg xmlns=\"https:\/\/www.w3.org\/2000\/svg\" viewBox= \"0 0 448 512\"><path d=\"M432 256c0 17.69-14.33 32.01-32 32.01H256v144c0 17.69-14.33 31.99-32 31.99s-32-14.3-32-31.99v-144H48c-17.67 0-32-14.32-32-32.01s14.33-31.99 32-31.99H192v-144c0-17.69 14.33-32.01 32-32.01s32 14.32 32 32.01v144h144C417.7 224 432 238.3 432 256z\"><\/path><\/svg>\n\t\t\t\t\t\t\t<\/span>\n\t\t\t\t\t\t<span class=\"uagb-icon-active uagb-faq-icon-wrap\">\n\t\t\t\t\t\t\t\t<svg xmlns=\"https:\/\/www.w3.org\/2000\/svg\" viewBox= \"0 0 448 512\"><path d=\"M400 288h-352c-17.69 0-32-14.32-32-32.01s14.31-31.99 32-31.99h352c17.69 0 32 14.3 32 31.99S417.7 288 400 288z\"><\/path><\/svg>\n\t\t\t\t\t\t\t<\/span>\n\t\t\t<span class=\"uagb-question\">Qual \u00e9 o papel da inten\u00e7\u00e3o do autor?<\/span><\/div><div class=\"uagb-faq-content\"><p>A inten\u00e7\u00e3o \u00e9 fundamental. S\u00f3 \u00e9 pun\u00edvel quem raptar a crian\u00e7a para a explorar sexualmente, por si pr\u00f3prio ou por terceiros. Se essa inten\u00e7\u00e3o n\u00e3o existir e a a\u00e7\u00e3o servir outro prop\u00f3sito, n\u00e3o existe rapto no sentido do \u00a7 101 StGB, mas, no m\u00e1ximo, outro delito.  <\/p><\/div><\/div><div class=\"wp-block-uagb-faq-child uagb-faq-child__outer-wrap uagb-faq-item uagb-block-Entfuehrung-unmuendiger-Person-Q7 \" role=\"tab\" tabindex=\"0\"><div class=\"uagb-faq-questions-button uagb-faq-questions\">\t\t\t<span class=\"uagb-icon uagb-faq-icon-wrap\">\n\t\t\t\t\t\t\t\t<svg xmlns=\"https:\/\/www.w3.org\/2000\/svg\" viewBox= \"0 0 448 512\"><path d=\"M432 256c0 17.69-14.33 32.01-32 32.01H256v144c0 17.69-14.33 31.99-32 31.99s-32-14.3-32-31.99v-144H48c-17.67 0-32-14.32-32-32.01s14.33-31.99 32-31.99H192v-144c0-17.69 14.33-32.01 32-32.01s32 14.32 32 32.01v144h144C417.7 224 432 238.3 432 256z\"><\/path><\/svg>\n\t\t\t\t\t\t\t<\/span>\n\t\t\t\t\t\t<span class=\"uagb-icon-active uagb-faq-icon-wrap\">\n\t\t\t\t\t\t\t\t<svg xmlns=\"https:\/\/www.w3.org\/2000\/svg\" viewBox= \"0 0 448 512\"><path d=\"M400 288h-352c-17.69 0-32-14.32-32-32.01s14.31-31.99 32-31.99h352c17.69 0 32 14.3 32 31.99S417.7 288 400 288z\"><\/path><\/svg>\n\t\t\t\t\t\t\t<\/span>\n\t\t\t<span class=\"uagb-question\">Por que motivo se deve procurar ajuda jur\u00eddica imediatamente num processo de investiga\u00e7\u00e3o?<\/span><\/div><div class=\"uagb-faq-content\"><p>Mesmo pequenas imprecis\u00f5es nas declara\u00e7\u00f5es ou provas podem influenciar fortemente a avalia\u00e7\u00e3o jur\u00eddica. Uma defesa experiente protege contra interpreta\u00e7\u00f5es erradas, examina as provas e garante que os seus direitos s\u00e3o protegidos durante todo o processo. <\/p><\/div><\/div><\/div><a class=\"mr-cta-link mr-cta-button-cal\" href=\"#h2-booking\" title=\"Primeira consulta gratuita\"><span class=\"mr-cta-link-normal\">Escolher agora a data pretendida:<\/span><span class=\"mr-cta-link-bold\">Primeira consulta gratuita<\/span><\/a>\n\n<p class=\"wp-block-paragraph\"><\/p>\n","protected":false},"excerpt":{"rendered":"Subtra\u00e7\u00e3o de menor A subtra\u00e7\u00e3o de um menor, conforme o \u00a7 101 do C\u00f3digo Penal (StGB), constitui um crime grave contra a liberdade pessoal e a integridade sexual de menores. &#8230;","protected":false},"author":25,"featured_media":89497,"parent":67311,"menu_order":5,"comment_status":"closed","ping_status":"closed","template":"","meta":{"_acf_changed":false,"_uag_custom_page_level_css":"","footnotes":""},"categories":[1204],"tags":[],"class_list":["post-89494","page","type-page","status-publish","has-post-thumbnail","hentry","category-direito-penal"],"acf":[],"uagb_featured_image_src":{"full":["https:\/\/harlander-partner.eu\/wp-content\/uploads\/\u00a7101-Entfuehrung-einer-unmuendigen-Person.webp",1920,1080,false],"thumbnail":["https:\/\/harlander-partner.eu\/wp-content\/uploads\/\u00a7101-Entfuehrung-einer-unmuendigen-Person-100x100.webp",100,100,true],"medium":["https:\/\/harlander-partner.eu\/wp-content\/uploads\/\u00a7101-Entfuehrung-einer-unmuendigen-Person-800x450.webp",800,450,true],"medium_large":["https:\/\/harlander-partner.eu\/wp-content\/uploads\/\u00a7101-Entfuehrung-einer-unmuendigen-Person.webp",1920,1080,false],"large":["https:\/\/harlander-partner.eu\/wp-content\/uploads\/\u00a7101-Entfuehrung-einer-unmuendigen-Person.webp",1920,1080,false],"1536x1536":["https:\/\/harlander-partner.eu\/wp-content\/uploads\/\u00a7101-Entfuehrung-einer-unmuendigen-Person.webp",1536,864,false],"2048x2048":["https:\/\/harlander-partner.eu\/wp-content\/uploads\/\u00a7101-Entfuehrung-einer-unmuendigen-Person.webp",1920,1080,false],"336x":["https:\/\/harlander-partner.eu\/wp-content\/uploads\/\u00a7101-Entfuehrung-einer-unmuendigen-Person-336x189.webp",336,189,true],"352x":["https:\/\/harlander-partner.eu\/wp-content\/uploads\/\u00a7101-Entfuehrung-einer-unmuendigen-Person-352x198.webp",352,198,true],"woocommerce_thumbnail":["https:\/\/harlander-partner.eu\/wp-content\/uploads\/\u00a7101-Entfuehrung-einer-unmuendigen-Person-300x300.webp",300,300,true],"woocommerce_single":["https:\/\/harlander-partner.eu\/wp-content\/uploads\/\u00a7101-Entfuehrung-einer-unmuendigen-Person-600x338.webp",600,338,true],"woocommerce_gallery_thumbnail":["https:\/\/harlander-partner.eu\/wp-content\/uploads\/\u00a7101-Entfuehrung-einer-unmuendigen-Person-100x100.webp",100,100,true],"yarpp-thumbnail":["https:\/\/harlander-partner.eu\/wp-content\/uploads\/\u00a7101-Entfuehrung-einer-unmuendigen-Person-120x120.webp",120,120,true]},"uagb_author_info":{"display_name":"Simon Prem","author_link":"https:\/\/harlander-partner.eu\/pt-pt\/author\/simon-prem\/"},"uagb_comment_info":0,"uagb_excerpt":"Subtra\u00e7\u00e3o de menor A subtra\u00e7\u00e3o de um menor, conforme o \u00a7 101 do C\u00f3digo Penal (StGB), constitui um crime grave contra a liberdade pessoal e a integridade sexual de menores. ...","_links":{"self":[{"href":"https:\/\/harlander-partner.eu\/pt-pt\/wp-json\/wp\/v2\/pages\/89494","targetHints":{"allow":["GET"]}}],"collection":[{"href":"https:\/\/harlander-partner.eu\/pt-pt\/wp-json\/wp\/v2\/pages"}],"about":[{"href":"https:\/\/harlander-partner.eu\/pt-pt\/wp-json\/wp\/v2\/types\/page"}],"author":[{"embeddable":true,"href":"https:\/\/harlander-partner.eu\/pt-pt\/wp-json\/wp\/v2\/users\/25"}],"replies":[{"embeddable":true,"href":"https:\/\/harlander-partner.eu\/pt-pt\/wp-json\/wp\/v2\/comments?post=89494"}],"version-history":[{"count":0,"href":"https:\/\/harlander-partner.eu\/pt-pt\/wp-json\/wp\/v2\/pages\/89494\/revisions"}],"up":[{"embeddable":true,"href":"https:\/\/harlander-partner.eu\/pt-pt\/wp-json\/wp\/v2\/pages\/67311"}],"wp:featuredmedia":[{"embeddable":true,"href":"https:\/\/harlander-partner.eu\/pt-pt\/wp-json\/wp\/v2\/media\/89497"}],"wp:attachment":[{"href":"https:\/\/harlander-partner.eu\/pt-pt\/wp-json\/wp\/v2\/media?parent=89494"}],"wp:term":[{"taxonomy":"category","embeddable":true,"href":"https:\/\/harlander-partner.eu\/pt-pt\/wp-json\/wp\/v2\/categories?post=89494"},{"taxonomy":"post_tag","embeddable":true,"href":"https:\/\/harlander-partner.eu\/pt-pt\/wp-json\/wp\/v2\/tags?post=89494"}],"curies":[{"name":"wp","href":"https:\/\/api.w.org\/{rel}","templated":true}]}}