{"id":82957,"date":"2025-08-28T09:08:16","date_gmt":"2025-08-28T07:08:16","guid":{"rendered":"https:\/\/harlander-partner.eu\/augstaka-regionala-tiesa-linca\/"},"modified":"2025-11-26T08:46:52","modified_gmt":"2025-11-26T07:46:52","slug":"augstaka-regionala-tiesa-linca","status":"publish","type":"page","link":"https:\/\/harlander-partner.eu\/lv\/tiesas\/augstaka-regionala-tiesa-linca\/","title":{"rendered":"Augst\u0101k\u0101 re\u0123ion\u0101l\u0101 tiesa Linc\u0101"},"content":{"rendered":"\n<div class=\"wp-block-yoast-seo-table-of-contents yoast-table-of-contents\"><h2>Augst\u0101k\u0101 re\u0123ion\u0101l\u0101 tiesa Linc\u0101<\/h2><ul><li><a href=\"#h-das-oberlandesgericht-linz\" data-level=\"2\">Augst\u0101k\u0101 re\u0123ion\u0101l\u0101 tiesa Linc\u0101<\/a><\/li><li><a href=\"#h-allgemeine-daten-des-olg-linz\" data-level=\"2\">Visp\u0101r\u012bgie dati par Lincas Augst\u0101ko re\u0123ion\u0101lo tiesu<\/a><\/li><li><a href=\"#h-aufgaben-und-bedeutung\" data-level=\"2\">Uzdevumi un noz\u012bme<\/a><\/li><li><a href=\"#h-aufbau-und-senate\" data-level=\"2\">Strukt\u016bra un sen\u0101ti<\/a><ul><li><a href=\"#h-zivilsenate\" data-level=\"3\">Civillietu sen\u0101ti<\/a><\/li><li><a href=\"#h-strafsenate\" data-level=\"3\">Krimin\u0101llietu sen\u0101ti<\/a><\/li><li><a href=\"#h-sondermaterien\" data-level=\"3\">\u012apa\u0161\u0101s jomas<\/a><\/li><\/ul><\/li><li><a href=\"#h-rechtsmittel-vor-dem-olg-linz\" data-level=\"2\">Tiesisk\u0101s aizsardz\u012bbas l\u012bdzek\u013ci Lincas Augst\u0101kaj\u0101 re\u0123ion\u0101laj\u0101 ties\u0101<\/a><ul><li><a href=\"#h-berufung\" data-level=\"3\">Apel\u0101cija<\/a><\/li><li><a href=\"#h-rekurs\" data-level=\"3\">S\u016bdz\u012bba<\/a><\/li><li><a href=\"#h-beschwerden-in-strafsachen\" data-level=\"3\">S\u016bdz\u012bbas krimin\u0101lliet\u0101s<\/a><\/li><\/ul><\/li><li><a href=\"#h-revision-zum-obersten-gerichtshof\" data-level=\"2\">Kas\u0101cija Augst\u0101kaj\u0101 ties\u0101<\/a><\/li><li><a href=\"#h-bedeutung-fur-burgerinnen-und-unternehmen\" data-level=\"2\">Noz\u012bme pilso\u0146iem un uz\u0146\u0113mumiem<\/a><\/li><li><a href=\"#h-angabe-zu-standort-und-erreichbarkeit-des-oberlandesgerichts-linz\" data-level=\"2\">Inform\u0101cija par Lincas Augst\u0101k\u0101s re\u0123ion\u0101l\u0101s tiesas atra\u0161an\u0101s vietu un pieejam\u012bbu<\/a><\/li><li><a href=\"#h-ihre-vorteile-mit-unserer-unterstutzung\" data-level=\"2\">J\u016bsu priek\u0161roc\u012bbas ar m\u016bsu atbalstu<\/a><\/li><\/ul><\/div>\n\n<h2 class=\"wp-block-heading\" id=\"h-das-oberlandesgericht-linz\">Augst\u0101k\u0101 re\u0123ion\u0101l\u0101 tiesa Linc\u0101<\/h2>\n\n<p class=\"wp-block-paragraph\">Lincas Augst\u0101k\u0101 re\u0123ion\u0101l\u0101 tiesa ir apel\u0101cijas tiesa Aug\u0161austrijas un Zalcburgas feder\u0101lo zemju ties\u0101m. T\u0101 \u012bsteno profesion\u0101lo un organizatorisko uzraudz\u012bbu p\u0101r pak\u013cautaj\u0101m ties\u0101m sav\u0101 jurisdikcij\u0101 un nodro\u0161ina vienotu tiesu praksi civilliet\u0101s un krimin\u0101lliet\u0101s. T\u0101 atrodas Gruberstrasse 20, 4020 Linc\u0101.   <\/p>\n\n<div class=\"wp-block-uagb-container uagb-block-3019fe8e alignfull uagb-is-root-container\">\n<div class=\"wp-block-uagb-container uagb-block-32585033\">\n<p class=\"wp-block-paragraph\">Lincas Augst\u0101k\u0101 re\u0123ion\u0101l\u0101 tiesa ir otr\u0101s instances tiesa Aug\u0161austrijai un Zalcburgai ar m\u012btni Gruberstrasse Linc\u0101.<\/p>\n<\/div>\n\n\n\n<div class=\"wp-block-uagb-container uagb-block-45819ab6\"><picture>\r\n\t\t<source srcset=\"\" >\r\n\t\t<img decoding=\"async\" class=\"mr-picture-small\" src=\"\" alt=\"Viss svar\u012bg\u0101kais par Lincas Augst\u0101ko re\u0123ion\u0101lo tiesu: jurisdikcija Aug\u0161austrijas un Zalcburgas feder\u0101laj\u0101s zem\u0113s, tiesisk\u0101s aizsardz\u012bbas l\u012bdzek\u013ci, sen\u0101ti, adrese un darba laiks.\" >\r\n\t<\/picture>\n<\/div>\n<\/div>\n\n<h2 class=\"wp-block-heading\" id=\"h-allgemeine-daten-des-olg-linz\">Visp\u0101r\u012bgie dati par Lincas Augst\u0101ko re\u0123ion\u0101lo tiesu<\/h2>\n\n<p class=\"wp-block-paragraph\">Lincas Augst\u0101k\u0101s re\u0123ion\u0101l\u0101s tiesas jurisdikcija aptver Aug\u0161austrijas un Zalcburgas feder\u0101l\u0101s zemes. \u0160aj\u0101s div\u0101s feder\u0101laj\u0101s zem\u0113s tiesa lemj par tiesisk\u0101s aizsardz\u012bbas l\u012bdzek\u013ciem pret feder\u0101lo zemju tiesu spriedumiem un l\u0113mumiem. <\/p>\n\n<p class=\"wp-block-paragraph\">Tiesa pie\u0146em l\u0113mumus sen\u0101tos, kas sast\u0101v no vair\u0101kiem profesion\u0101liem tiesne\u0161iem. Vienpersoniska tiesne\u0161a l\u0113mumi netiek pie\u0146emti. Kole\u0123i\u0101la apsprie\u0161ana stiprina l\u0113mumu konsekvenci.  <\/p>\n\n<h2 class=\"wp-block-heading\" id=\"h-aufgaben-und-bedeutung\">Uzdevumi un noz\u012bme<\/h2>\n\n<p class=\"wp-block-paragraph\">Lincas Augst\u0101k\u0101 re\u0123ion\u0101l\u0101 tiesa p\u0101rbauda feder\u0101lo zemju tiesu l\u0113mumus civilliet\u0101s <strong>un<\/strong> krimin\u0101lliet\u0101s, <strong>t\u0101d\u0113j\u0101di<\/strong> nodro\u0161inot tiesu prakses vienveid\u012bbu. T\u0101 ne tikai labo juridisk\u0101s k\u013c\u016bdas, <strong>bet ar\u012b<\/strong> nov\u0113r\u0161 procesu\u0101los tr\u016bkumus <strong>un t\u0101d\u0113j\u0101di veicina to<\/strong>, ka likumi vis\u0101 jurisdikcij\u0101 tiek piem\u0113roti uzticami <strong>un vienlaikus<\/strong> konsekventi. <\/p>\n\n<p class=\"wp-block-paragraph\">Tiesu administr\u0101cij\u0101 Lincas Augst\u0101k\u0101s re\u0123ion\u0101l\u0101s tiesas prezidents ir atbild\u012bgs par ties\u0101m jurisdikcij\u0101. Tas ietver person\u0101la l\u0113mumus, apm\u0101c\u012bbu, t\u0101l\u0101kizgl\u012bt\u012bbu un dienesta uzraudz\u012bbu.  <\/p>\n\n<h2 class=\"wp-block-heading\" id=\"h-aufbau-und-senate\">Strukt\u016bra un sen\u0101ti<\/h2>\n\n<p class=\"wp-block-paragraph\">Lincas Augst\u0101k\u0101 re\u0123ion\u0101l\u0101 tiesa ir sadal\u012bta vair\u0101kos sen\u0101tos. Katrs sen\u0101ts ir atbild\u012bgs par noteikt\u0101m ties\u012bbu jom\u0101m. <\/p>\n\n<h3 class=\"wp-block-heading\" id=\"h-zivilsenate\">Civillietu sen\u0101ti<\/h3>\n\n<p class=\"wp-block-paragraph\">Civillietu sen\u0101ti izskata apel\u0101cijas un blakus s\u016bdz\u012bbas civilliet\u0101s. Tie \u012bpa\u0161i izskata l\u012bgumstr\u012bdus, zaud\u0113jumu atl\u012bdzin\u0101\u0161anu, \u0123imenes un mantojuma ties\u012bbas, uz\u0146\u0113m\u0113jdarb\u012bbas un korporat\u012bv\u0101s ties\u012bbas, k\u0101 ar\u012b zemesgr\u0101matu lietas. <\/p>\n\n<h3 class=\"wp-block-heading\" id=\"h-strafsenate\">Krimin\u0101llietu sen\u0101ti<\/h3>\n\n<p class=\"wp-block-paragraph\">Krimin\u0101llietu sen\u0101ti lemj par apel\u0101cij\u0101m un s\u016bdz\u012bb\u0101m krimin\u0101lliet\u0101s. Tie p\u0101rbauda spriedumus un procesu\u0101los l\u0113mumus no krimin\u0101llietu ties\u0101m, ieskaitot s\u016bdz\u012bbas par apcietin\u0101jumu vai citiem piespiedu l\u012bdzek\u013ciem. <\/p>\n\n<h3 class=\"wp-block-heading\" id=\"h-sondermaterien\">\u012apa\u0161\u0101s jomas<\/h3>\n\n<p class=\"wp-block-paragraph\">Papildus past\u0101v sen\u0101ti \u012bpa\u0161\u0101m jom\u0101m, piem\u0113ram, intelektu\u0101l\u0101 \u012bpa\u0161uma ties\u012bb\u0101m vai sodu izpildes liet\u0101m. Lietu sadale katru gadu nosaka, kur\u0161 sen\u0101ts izskata k\u0101das lietas. T\u0101 ir public\u0113ta tiesas \u0113k\u0101 un nodro\u0161ina caurskat\u0101m\u012bbu.  <\/p>\n\n<h2 class=\"wp-block-heading\" id=\"h-rechtsmittel-vor-dem-olg-linz\">Tiesisk\u0101s aizsardz\u012bbas l\u012bdzek\u013ci Lincas Augst\u0101kaj\u0101 re\u0123ion\u0101laj\u0101 ties\u0101<\/h2>\n\n<h3 class=\"wp-block-heading\" id=\"h-berufung\">Apel\u0101cija<\/h3>\n\n<p class=\"wp-block-paragraph\">Apel\u0101cija ir galvenais tiesisk\u0101s aizsardz\u012bbas l\u012bdzeklis pret feder\u0101lo zemju tiesu spriedumiem. Civilliet\u0101s Lincas Augst\u0101k\u0101 re\u0123ion\u0101l\u0101 tiesa p\u0101rbauda juridisk\u0101s un procesu\u0101l\u0101s k\u013c\u016bdas. Krimin\u0101lliet\u0101s t\u0101 p\u0101rbauda soda piem\u0113ro\u0161anu un lietas faktisko apst\u0101k\u013cu juridisko nov\u0113rt\u0113jumu.  <\/p>\n\n<h3 class=\"wp-block-heading\" id=\"h-rekurs\">S\u016bdz\u012bba<\/h3>\n\n<p class=\"wp-block-paragraph\">Blakus s\u016bdz\u012bba tiek iesniegta pret feder\u0101lo zemju tiesu l\u0113mumiem, <strong>\u012bpa\u0161i noz\u012bm\u012bga t\u0101 ir<\/strong> izpildes <strong>vai<\/strong> maks\u0101tnesp\u0113jas procesos. <strong>Tie\u0161i \u0161aj\u0101s jom\u0101s<\/strong> t\u0101 ir \u012bpa\u0161i b\u016btiska, <strong>jo<\/strong> bie\u017ei vien ir iesaist\u012btas iev\u0113rojamas mantisk\u0101s v\u0113rt\u012bbas <strong>un t\u0101d\u0113j\u0101di<\/strong> var rasties t\u0101lejo\u0161as ekonomiskas sekas.<\/p>\n\n<h3 class=\"wp-block-heading\" id=\"h-beschwerden-in-strafsachen\">S\u016bdz\u012bbas krimin\u0101lliet\u0101s<\/h3>\n\n<p class=\"wp-block-paragraph\">Krimin\u0101lprocesos ir iesp\u0113jamas s\u016bdz\u012bbas pret noteiktiem l\u0113mumiem, <strong>\u012bpa\u0161i gad\u012bjumos, kad<\/strong> runa ir par apcietin\u0101jumu, krat\u012b\u0161anu <strong>vai ar\u012b<\/strong> l\u0113mumiem par piespiedu l\u012bdzek\u013cu piem\u0113ro\u0161anu. Lincas Augst\u0101k\u0101 re\u0123ion\u0101l\u0101 tiesa ne tikai aizsarg\u0101 iesaist\u012bto personu ties\u012bbas, <strong>bet<\/strong> vienlaikus labo k\u013c\u016bdainus iejauk\u0161an\u0101s gad\u012bjumus <strong>un t\u0101d\u0113j\u0101di nodro\u0161ina, ka<\/strong> tiesiskuma principi tiek konsekventi iev\u0113roti. <\/p>\n\n<h2 class=\"wp-block-heading\" id=\"h-revision-zum-obersten-gerichtshof\">Kas\u0101cija Augst\u0101kaj\u0101 ties\u0101<\/h2>\n\n<p class=\"wp-block-paragraph\">Pret Lincas Augst\u0101k\u0101s re\u0123ion\u0101l\u0101s tiesas l\u0113mumiem likum\u0101 noteiktajos gad\u012bjumos ir pie\u013caujama kas\u0101cija Augst\u0101kaj\u0101 ties\u0101, ja past\u0101v b\u016btisks ties\u012bbu jaut\u0101jums. Daudzos procesos Lincas Augst\u0101k\u0101s re\u0123ion\u0101l\u0101s tiesas l\u0113mums ir p\u0113d\u0113j\u0101 instance. <\/p>\n\n<p class=\"wp-block-paragraph\">T\u0101 k\u0101 kas\u0101cija ir pie\u013caujama tikai iz\u0146\u0113muma gad\u012bjumos, p\u0101rst\u0101v\u012bbas kvalit\u0101te otraj\u0101 instanc\u0113 bie\u017ei nosaka lietas izn\u0101kumu. Kas v\u0113las konsekventi nodro\u0161in\u0101t savas ties\u012bbas, laikus izmanto profesion\u0101lu tiesisk\u0101s aizsardz\u012bbas l\u012bdzek\u013cu strat\u0113\u0123iju. <\/p>\n\n<h2 class=\"wp-block-heading\" id=\"h-bedeutung-fur-burgerinnen-und-unternehmen\">Noz\u012bme pilso\u0146iem un uz\u0146\u0113mumiem<\/h2>\n\n<p class=\"wp-block-paragraph\">Lincas Augst\u0101k\u0101 re\u0123ion\u0101l\u0101 tiesa pilda div\u0113j\u0101du funkciju, <strong>jo t\u0101 darbojas gan<\/strong> k\u0101 kori\u0123\u0113jo\u0161s meh\u0101nisms individu\u0101los gad\u012bjumos, <strong>gan<\/strong> k\u0101 vienotas ties\u012bbu piem\u0113ro\u0161anas garants. <strong>\u012apa\u0161i<\/strong> pilso\u0146iem tas noz\u012bm\u0113, ka vi\u0146i tiek efekt\u012bvi aizsarg\u0101ti pret pirm\u0101s instances k\u013c\u016bdainiem l\u0113mumiem. <strong>Vienlaikus<\/strong> tiesa lemj par uz\u0146\u0113mumu sare\u017e\u0123\u012btiem komercties\u012bbu str\u012bdiem, <strong>kas bie\u017ei<\/strong> ir saist\u012bti ar iev\u0113rojamu finansi\u0101lu ietekmi.<\/p>\n\n<h2 class=\"wp-block-heading\" id=\"h-angabe-zu-standort-und-erreichbarkeit-des-oberlandesgerichts-linz\">Inform\u0101cija par Lincas Augst\u0101k\u0101s re\u0123ion\u0101l\u0101s tiesas atra\u0161an\u0101s vietu un pieejam\u012bbu<\/h2>\n\n<p class=\"wp-block-paragraph\"><strong>Lincas Augst\u0101k\u0101 re\u0123ion\u0101l\u0101 tiesa<\/strong> atrodas <strong>Gruberstrasse 20, 4020 Linc\u0101<\/strong>. Apmekl\u0113t\u0101jiem pie ieejas j\u0101iziet dro\u0161\u012bbas p\u0101rbaude, t\u0101p\u0113c j\u0101iepl\u0101no pietiekami daudz laika. <\/p>\n\n<p class=\"wp-block-paragraph\">Ierasties ar sabiedrisko transportu ir lietder\u012bgi. Autost\u0101vvietu skaits tie\u0161\u0101 tuvum\u0101 ir ierobe\u017eots. <\/p>\n\n<h2 class=\"wp-block-heading\" id=\"h-ihre-vorteile-mit-unserer-unterstutzung\">J\u016bsu priek\u0161roc\u012bbas ar m\u016bsu atbalstu<\/h2>\n\n<p class=\"wp-block-paragraph\">Tiesisk\u0101s aizsardz\u012bbas l\u012bdzek\u013ci Lincas Augst\u0101kaj\u0101 re\u0123ion\u0101laj\u0101 ties\u0101 prasa prec\u012bzu ties\u012bbu piem\u0113ro\u0161anu un stingru termi\u0146u kontroli. Profesion\u0101la juridisk\u0101 p\u0101rst\u0101v\u012bba, k\u0101du m\u0113s pied\u0101v\u0101jam, nodro\u0161ina, ka: <\/p>\n\n<ul class=\"wp-block-list\">\n<li>tiesisk\u0101s aizsardz\u012bbas l\u012bdzek\u013ca pie\u013caujam\u012bba tiek pareizi p\u0101rbaud\u012bta,<\/li>\n\n\n\n<li>pamatojums ir juridiski pamatots,<\/li>\n\n\n\n<li>procesu\u0101l\u0101s k\u013c\u016bdas tiek efekt\u012bvi identific\u0113tas,<\/li>\n\n\n\n<li>un pan\u0101kumu izredzes tiek re\u0101listiski nov\u0113rt\u0113tas.<\/li>\n<\/ul>\n\n<p class=\"wp-block-paragraph\" id=\"block-3a17db21-f841-4f18-a065-b94e3fc17885\">Ar struktur\u0113tu p\u0101rst\u0101v\u012bbu j\u016bs palielin\u0101t savas izredzes uz veiksm\u012bgu apel\u0101ciju, efekt\u012bv\u0101m blakus s\u016bdz\u012bb\u0101m un pamatot\u0101m s\u016bdz\u012bb\u0101m Lincas Augst\u0101kaj\u0101 re\u0123ion\u0101laj\u0101 ties\u0101.<\/p>\n<div class=\"wp-block-uagb-faq uagb-faq__outer-wrap uagb-block-fc9c4898 uagb-faq-icon-row uagb-faq-layout-accordion uagb-faq-expand-first-true uagb-faq-inactive-other-true uagb-faq__wrap uagb-buttons-layout-wrap uagb-faq-equal-height     \" data-faqtoggle=\"true\" role=\"tablist\"><div class=\"wp-block-uagb-faq-child uagb-faq-child__outer-wrap uagb-faq-item uagb-block-faq-olg-linz-1 \" role=\"tab\" tabindex=\"0\"><div class=\"uagb-faq-questions-button uagb-faq-questions\">\t\t\t<span class=\"uagb-icon uagb-faq-icon-wrap\">\n\t\t\t\t\t\t\t\t<svg xmlns=\"https:\/\/www.w3.org\/2000\/svg\" viewBox= \"0 0 448 512\"><path d=\"M432 256c0 17.69-14.33 32.01-32 32.01H256v144c0 17.69-14.33 31.99-32 31.99s-32-14.3-32-31.99v-144H48c-17.67 0-32-14.32-32-32.01s14.33-31.99 32-31.99H192v-144c0-17.69 14.33-32.01 32-32.01s32 14.32 32 32.01v144h144C417.7 224 432 238.3 432 256z\"><\/path><\/svg>\n\t\t\t\t\t\t\t<\/span>\n\t\t\t\t\t\t<span class=\"uagb-icon-active uagb-faq-icon-wrap\">\n\t\t\t\t\t\t\t\t<svg xmlns=\"https:\/\/www.w3.org\/2000\/svg\" viewBox= \"0 0 448 512\"><path d=\"M400 288h-352c-17.69 0-32-14.32-32-32.01s14.31-31.99 32-31.99h352c17.69 0 32 14.3 32 31.99S417.7 288 400 288z\"><\/path><\/svg>\n\t\t\t\t\t\t\t<\/span>\n\t\t\t<span class=\"uagb-question\">K\u0101das lietas izskata Lincas Augst\u0101k\u0101 re\u0123ion\u0101l\u0101 tiesa?<\/span><\/div><div class=\"uagb-faq-content\"><p>Lincas Augst\u0101k\u0101 re\u0123ion\u0101l\u0101 tiesa lemj par apel\u0101cij\u0101m un blakus s\u016bdz\u012bb\u0101m no Aug\u0161austrijas un Zalcburgas. T\u0101 p\u0101rbauda feder\u0101lo zemju tiesu spriedumus un l\u0113mumus civilliet\u0101s un krimin\u0101lliet\u0101s. <\/p><\/div><\/div><div class=\"wp-block-uagb-faq-child uagb-faq-child__outer-wrap uagb-faq-item uagb-block-faq-olg-linz-2 \" role=\"tab\" tabindex=\"0\"><div class=\"uagb-faq-questions-button uagb-faq-questions\">\t\t\t<span class=\"uagb-icon uagb-faq-icon-wrap\">\n\t\t\t\t\t\t\t\t<svg xmlns=\"https:\/\/www.w3.org\/2000\/svg\" viewBox= \"0 0 448 512\"><path d=\"M432 256c0 17.69-14.33 32.01-32 32.01H256v144c0 17.69-14.33 31.99-32 31.99s-32-14.3-32-31.99v-144H48c-17.67 0-32-14.32-32-32.01s14.33-31.99 32-31.99H192v-144c0-17.69 14.33-32.01 32-32.01s32 14.32 32 32.01v144h144C417.7 224 432 238.3 432 256z\"><\/path><\/svg>\n\t\t\t\t\t\t\t<\/span>\n\t\t\t\t\t\t<span class=\"uagb-icon-active uagb-faq-icon-wrap\">\n\t\t\t\t\t\t\t\t<svg xmlns=\"https:\/\/www.w3.org\/2000\/svg\" viewBox= \"0 0 448 512\"><path d=\"M400 288h-352c-17.69 0-32-14.32-32-32.01s14.31-31.99 32-31.99h352c17.69 0 32 14.3 32 31.99S417.7 288 400 288z\"><\/path><\/svg>\n\t\t\t\t\t\t\t<\/span>\n\t\t\t<span class=\"uagb-question\">K\u0101di tiesisk\u0101s aizsardz\u012bbas l\u012bdzek\u013ci ir ierasti Lincas Augst\u0101kaj\u0101 re\u0123ion\u0101laj\u0101 ties\u0101?<\/span><\/div><div class=\"uagb-faq-content\"><p>Apel\u0101cija pret spriedumiem, blakus s\u016bdz\u012bba pret l\u0113mumiem, k\u0101 ar\u012b s\u016bdz\u012bbas krimin\u0101lliet\u0101s, piem\u0113ram, par apcietin\u0101jumu vai piespiedu l\u012bdzek\u013ciem.<\/p><\/div><\/div><div class=\"wp-block-uagb-faq-child uagb-faq-child__outer-wrap uagb-faq-item uagb-block-faq-olg-linz-3 \" role=\"tab\" tabindex=\"0\"><div class=\"uagb-faq-questions-button uagb-faq-questions\">\t\t\t<span class=\"uagb-icon uagb-faq-icon-wrap\">\n\t\t\t\t\t\t\t\t<svg xmlns=\"https:\/\/www.w3.org\/2000\/svg\" viewBox= \"0 0 448 512\"><path d=\"M432 256c0 17.69-14.33 32.01-32 32.01H256v144c0 17.69-14.33 31.99-32 31.99s-32-14.3-32-31.99v-144H48c-17.67 0-32-14.32-32-32.01s14.33-31.99 32-31.99H192v-144c0-17.69 14.33-32.01 32-32.01s32 14.32 32 32.01v144h144C417.7 224 432 238.3 432 256z\"><\/path><\/svg>\n\t\t\t\t\t\t\t<\/span>\n\t\t\t\t\t\t<span class=\"uagb-icon-active uagb-faq-icon-wrap\">\n\t\t\t\t\t\t\t\t<svg xmlns=\"https:\/\/www.w3.org\/2000\/svg\" viewBox= \"0 0 448 512\"><path d=\"M400 288h-352c-17.69 0-32-14.32-32-32.01s14.31-31.99 32-31.99h352c17.69 0 32 14.3 32 31.99S417.7 288 400 288z\"><\/path><\/svg>\n\t\t\t\t\t\t\t<\/span>\n\t\t\t<span class=\"uagb-question\">Kur atrodas Lincas Augst\u0101k\u0101 re\u0123ion\u0101l\u0101 tiesa un kad t\u0101 ir pieejama?<\/span><\/div><div class=\"uagb-faq-content\"><p>Lincas Augst\u0101k\u0101 re\u0123ion\u0101l\u0101 tiesa atrodas Gruberstrasse 20, 4020 Linc\u0101. Darba laiks ir no 7:30 l\u012bdz 15:30, apmekl\u0113t\u0101ju pie\u0146em\u0161ana no 8:00 l\u012bdz 12:00. <\/p><\/div><\/div><\/div><a class=\"mr-cta-link mr-cta-button-cal\" href=\"#h2-booking\" title=\"Bezmaksas s\u0101kotn\u0113j\u0101 konsult\u0101cija\"><span class=\"mr-cta-link-normal\">Izv\u0113lieties v\u0113lamo tik\u0161an\u0101s laiku tagad:<\/span><span class=\"mr-cta-link-bold\">Bezmaksas s\u0101kotn\u0113j\u0101 konsult\u0101cija<\/span><\/a>\n","protected":false},"excerpt":{"rendered":"Augst\u0101k\u0101 re\u0123ion\u0101l\u0101 tiesa Linc\u0101 Lincas Augst\u0101k\u0101 re\u0123ion\u0101l\u0101 tiesa ir apel\u0101cijas tiesa Aug\u0161austrijas un Zalcburgas feder\u0101lo zemju ties\u0101m. T\u0101 \u012bsteno profesion\u0101lo un organizatorisko uzraudz\u012bbu p\u0101r pak\u013cautaj\u0101m ties\u0101m sav\u0101 jurisdikcij\u0101 un nodro\u0161ina &#8230;","protected":false},"author":25,"featured_media":0,"parent":83625,"menu_order":11,"comment_status":"closed","ping_status":"closed","template":"","meta":{"_acf_changed":false,"_uag_custom_page_level_css":"","footnotes":""},"categories":[1145],"tags":[],"class_list":["post-82957","page","type-page","status-publish","hentry","category-tiesibas"],"acf":[],"uagb_featured_image_src":{"full":false,"thumbnail":false,"medium":false,"medium_large":false,"large":false,"1536x1536":false,"2048x2048":false,"336x":false,"352x":false,"woocommerce_thumbnail":false,"woocommerce_single":false,"woocommerce_gallery_thumbnail":false,"yarpp-thumbnail":false},"uagb_author_info":{"display_name":"Simon Prem","author_link":"https:\/\/harlander-partner.eu\/lv\/author\/simon-prem\/"},"uagb_comment_info":0,"uagb_excerpt":"Augst\u0101k\u0101 re\u0123ion\u0101l\u0101 tiesa Linc\u0101 Lincas Augst\u0101k\u0101 re\u0123ion\u0101l\u0101 tiesa ir apel\u0101cijas tiesa Aug\u0161austrijas un Zalcburgas feder\u0101lo zemju ties\u0101m. T\u0101 \u012bsteno profesion\u0101lo un organizatorisko uzraudz\u012bbu p\u0101r pak\u013cautaj\u0101m ties\u0101m sav\u0101 jurisdikcij\u0101 un nodro\u0161ina ...","_links":{"self":[{"href":"https:\/\/harlander-partner.eu\/lv\/wp-json\/wp\/v2\/pages\/82957","targetHints":{"allow":["GET"]}}],"collection":[{"href":"https:\/\/harlander-partner.eu\/lv\/wp-json\/wp\/v2\/pages"}],"about":[{"href":"https:\/\/harlander-partner.eu\/lv\/wp-json\/wp\/v2\/types\/page"}],"author":[{"embeddable":true,"href":"https:\/\/harlander-partner.eu\/lv\/wp-json\/wp\/v2\/users\/25"}],"replies":[{"embeddable":true,"href":"https:\/\/harlander-partner.eu\/lv\/wp-json\/wp\/v2\/comments?post=82957"}],"version-history":[{"count":0,"href":"https:\/\/harlander-partner.eu\/lv\/wp-json\/wp\/v2\/pages\/82957\/revisions"}],"up":[{"embeddable":true,"href":"https:\/\/harlander-partner.eu\/lv\/wp-json\/wp\/v2\/pages\/83625"}],"wp:attachment":[{"href":"https:\/\/harlander-partner.eu\/lv\/wp-json\/wp\/v2\/media?parent=82957"}],"wp:term":[{"taxonomy":"category","embeddable":true,"href":"https:\/\/harlander-partner.eu\/lv\/wp-json\/wp\/v2\/categories?post=82957"},{"taxonomy":"post_tag","embeddable":true,"href":"https:\/\/harlander-partner.eu\/lv\/wp-json\/wp\/v2\/tags?post=82957"}],"curies":[{"name":"wp","href":"https:\/\/api.w.org\/{rel}","templated":true}]}}