{"id":48034,"date":"2025-08-04T11:40:18","date_gmt":"2025-08-04T09:40:18","guid":{"rendered":"https:\/\/harlander-partner.eu\/oroklesi-jog-vagyonrendezes\/kotelesresz-csokkentese\/"},"modified":"2025-11-25T14:19:19","modified_gmt":"2025-11-25T13:19:19","slug":"kotelesresz-csokkentese","status":"publish","type":"page","link":"https:\/\/harlander-partner.eu\/hu\/oroklesi-jog-vagyonrendezes\/kotelesresz-csokkentese\/","title":{"rendered":"K\u00f6telesr\u00e9sz cs\u00f6kkent\u00e9se"},"content":{"rendered":"\n<div class=\"wp-block-yoast-seo-table-of-contents yoast-table-of-contents\"><h2>K\u00f6telesr\u00e9sz cs\u00f6kkent\u00e9se<\/h2><ul><li><a href=\"#h-pflichtteilsminderung\" data-level=\"2\">K\u00f6telesr\u00e9sz cs\u00f6kkent\u00e9se<\/a><\/li><li><a href=\"#h-voraussetzungen-fur-die-minderung\" data-level=\"2\">A cs\u00f6kkent\u00e9s felt\u00e9telei<\/a><\/li><li><a href=\"#h-potenzielle-betroffene-personen\" data-level=\"2\">Potenci\u00e1lisan \u00e9rintett szem\u00e9lyek<\/a><\/li><li><a href=\"#h-stillschweigende-pflichtteilsminderung\" data-level=\"2\">Hallgat\u00f3lagos k\u00f6telesr\u00e9sz-cs\u00f6kkent\u00e9s<\/a><\/li><li><a href=\"#h-abgrenzung-zur-enterbung\" data-level=\"2\">Elhat\u00e1rol\u00e1s a kitagad\u00e1st\u00f3l<\/a><\/li><li><a href=\"#h-widerruf-der-pflichtteilsminderung\" data-level=\"2\">A k\u00f6telesr\u00e9sz-cs\u00f6kkent\u00e9s visszavon\u00e1sa<\/a><\/li><li><a href=\"#h-streitfalle-und-gerichtliche-durchsetzung\" data-level=\"2\">Vit\u00e1s esetek \u00e9s b\u00edr\u00f3s\u00e1gi \u00e9rv\u00e9nyes\u00edt\u00e9s<\/a><\/li><li><a href=\"#h-ihre-vorteile-mit-anwaltlicher-unterstutzung\" data-level=\"2\">Az \u00d6n el\u0151nyei \u00fcgyv\u00e9di seg\u00edts\u00e9ggel<\/a><\/li><li><a href=\"#h-haufig-gestellte-fragen-faq\" data-level=\"2\">Gyakran ism\u00e9telt k\u00e9rd\u00e9sek \u2013 GYIK<\/a><\/li><\/ul><\/div>\n\n<h2 class=\"wp-block-heading\" id=\"h-pflichtteilsminderung\">K\u00f6telesr\u00e9sz cs\u00f6kkent\u00e9se<\/h2>\n\n<p class=\"wp-block-paragraph\">A k\u00f6telesr\u00e9sz-cs\u00f6kkent\u00e9s lehet\u0151v\u00e9 teszi a k\u00f6zeli hozz\u00e1tartoz\u00f3k, p\u00e9ld\u00e1ul gyermekek vagy h\u00e1zast\u00e1rsak t\u00f6rv\u00e9nyes k\u00f6telesr\u00e9sz\u00e9nek fel\u00e9re cs\u00f6kkent\u00e9s\u00e9t. Felt\u00e9ve, hogy a csal\u00e1di kapcsolat \u00e9vek \u00f3ta teljesen megromlott vagy egy\u00e1ltal\u00e1n nem l\u00e9tezett. Ez az eszk\u00f6z arra szolg\u00e1l, hogy a hossz\u00fa t\u00e1v\u00fa elhideg\u00fcl\u00e9seket figyelembe vegy\u00e9k a v\u00e9grendeletben, \u00e9s az <a href=\"https:\/\/www.ris.bka.gv.at\/NormDokument.wxe?Abfrage=Bundesnormen&amp;Gesetzesnummer=10001622&amp;Artikel=&amp;Paragraf=776&amp;Anlage=&amp;Uebergangsrecht=\" target=\"_blank\" rel=\"noreferrer noopener\">ABGB 776. \u00a7-\u00e1ban<\/a> tal\u00e1lhat\u00f3.  <\/p>\n\n<div class=\"wp-block-uagb-container uagb-block-3019fe8e alignfull uagb-is-root-container\">\n<div class=\"wp-block-uagb-container uagb-block-32585033\">\n<p class=\"wp-block-paragraph\">A k\u00f6telesr\u00e9sz-cs\u00f6kkent\u00e9s sor\u00e1n a k\u00f6zeli hozz\u00e1tartoz\u00f3 t\u00f6rv\u00e9nyes ig\u00e9nye a fel\u00e9re cs\u00f6kken, ha hossz\u00fa id\u0151n kereszt\u00fcl nem \u00e1llt fenn szem\u00e9lyes k\u00f6zeli kapcsolat az \u00f6r\u00f6khagy\u00f3val.<\/p>\n<\/div>\n\n\n\n<div class=\"wp-block-uagb-container uagb-block-45819ab6\"><picture>\r\n\t\t<source srcset=\"https:\/\/harlander-partner.eu\/wp-content\/uploads\/Pflichtteilsminderung-352x198.webp\" >\r\n\t\t<img decoding=\"async\" class=\"mr-picture-small\" src=\"https:\/\/harlander-partner.eu\/wp-content\/uploads\/Pflichtteilsminderung.webp\" alt=\"Tudja meg, mikor cs\u00f6kkenthet\u0151 jogilag a k\u00f6telesr\u00e9sz a fel\u00e9re tart\u00f3s elhideg\u00fcl\u00e9s vagy kapcsolattart\u00e1s megszak\u00edt\u00e1sa eset\u00e9n.\" >\r\n\t<\/picture>\n<\/div>\n<\/div>\n\n<p class=\"wp-block-paragraph\">A k\u00f6telesr\u00e9szre jogosult szem\u00e9lyek, azaz <strong>lesz\u00e1rmazottak, h\u00e1zast\u00e1rs vagy bejegyzett \u00e9lett\u00e1rs<\/strong>, alapvet\u0151en jogosultak a hagyat\u00e9k egy r\u00e9sz\u00e9re. Ha azonban az elhunyt hosszabb id\u0151n kereszt\u00fcl nem \u00e1polt szem\u00e9lyes kapcsolatot ezzel a szem\u00e9llyel, a k\u00f6telesr\u00e9szt <strong>v\u00e9grendeletileg a fel\u00e9re cs\u00f6kkentheti<\/strong>. <\/p>\n\n<p class=\"wp-block-paragraph\">Ezt a cs\u00f6kkent\u00e9st vagy <strong>kifejezetten a v\u00e9grendeletben<\/strong> kell megtenni, vagy <strong>hallgat\u00f3lagosan<\/strong>, az \u00e9rintett szem\u00e9ly <strong>tudatos mell\u0151z\u00e9s\u00e9vel<\/strong> is kinyilv\u00e1n\u00edthat\u00f3.<\/p>\n    <div class=\"mr-quote mrbg clearfix\">\n        <a class=\"mr-quote-person\" href=\"\/ueber-uns\/rechtsanwalt-peter-harlander\/\" title=\"Rechtsanwalt Peter Harlander\">\n            <img decoding=\"async\" class=\"mr-quote-person-img\" src=\"https:\/\/harlander-partner.eu\/wp-content\/themes\/harlander\/design\/ph100.webp\" width=\"100\"\n                 height=\"100\" loading=\"lazy\" alt=\"Rechtsanwalt Peter Harlander\">\n            <span class=\"mr-quote-person-text\">\n            Peter Harlander<br>\n            <span class=\"mr-quote-person-function\">Harlander &amp; Partner Rechtsanw\u00e4lte<\/span>\n        <\/span>\n        <\/a>\n        <span class=\"mr-quote-content\">\u201eDie Pflichtteilsminderung ist kein Instrument der Bestrafung, sondern ein juristisches Mittel zur Wahrung famili\u00e4rer Realit\u00e4t. Ihre Anwendung verlangt jedoch Fingerspitzengef\u00fchl.\u201c<\/span>\n    <\/div>\n\n<h2 class=\"wp-block-heading\" id=\"h-voraussetzungen-fur-die-minderung\">A cs\u00f6kkent\u00e9s felt\u00e9telei <\/h2>\n\n<p class=\"wp-block-paragraph\">A k\u00f6telesr\u00e9sz-cs\u00f6kkent\u00e9s csak akkor hat\u00e1lyos, ha <strong>minden t\u00f6rv\u00e9nyi felt\u00e9tel teljes\u00fcl<\/strong>:<\/p>\n\n<ul class=\"wp-block-list\">\n<li>\u00c9rv\u00e9nyes v\u00e9gint\u00e9zked\u00e9s \u00e1ll fenn, p\u00e9ld\u00e1ul v\u00e9grendelet vagy egy\u00e9b v\u00e9gint\u00e9zked\u00e9s.<\/li>\n\n\n\n<li>Hi\u00e1nyzik a csal\u00e1di k\u00f6zeli kapcsolat. Ez akkor \u00e1ll fenn, ha vagy kezdett\u0151l fogva nem \u00e1llt fenn szem\u00e9lyes kapcsolat, p\u00e9ld\u00e1ul a sz\u00fclet\u00e9s ut\u00e1ni r\u00f6vid id\u0151vel megszakadt kapcsolattart\u00e1s ut\u00e1n, vagy ha a kapcsolattart\u00e1s hosszabb id\u0151n kereszt\u00fcl teljesen megszakadt. A joggyakorlat itt k\u00f6r\u00fclbel\u00fcl <g id=\"gid_0\">20 \u00e9vet<\/g> tekint ir\u00e1nyad\u00f3nak. Elegend\u0151 azonban, ha az elhideg\u00fcl\u00e9s m\u00e1r a v\u00e9grendelet elk\u00e9sz\u00edt\u00e9sekor elkezd\u0151d\u00f6tt, azaz a teljes id\u0151tartamnak nem kell m\u00e9g a v\u00e9gint\u00e9zked\u00e9s elk\u00e9sz\u00edt\u00e9sekor letelnie.   <\/li>\n\n\n\n<li>Az, hogy hi\u00e1nyzik-e a k\u00f6zeli kapcsolat, mindig a konkr\u00e9t csal\u00e1di jogi kapcsolatt\u00f3l f\u00fcgg. K\u00fcl\u00f6nbs\u00e9get tesz, hogy sz\u00fcl\u0151kr\u0151l \u00e9s gyermekekr\u0151l, h\u00e1zast\u00e1rsakr\u00f3l vagy nagysz\u00fcl\u0151kr\u0151l \u00e9s unok\u00e1kr\u00f3l van sz\u00f3. Meghat\u00e1roz\u00f3 a szellemi-\u00e9rzelmi kapcsolat, nem pedig a k\u00f6z\u00f6s lak\u00e1s vagy az alkalmi l\u00e1togat\u00e1sok.  <\/li>\n\n\n\n<li>A kapcsolattart\u00e1s megszakad\u00e1s\u00e1t nem az \u00f6r\u00f6khagy\u00f3 okozhatta t\u00falnyom\u00f3r\u00e9szt. Ha indokolatlanul megtagadta a kapcsolatot, vagy elviselhetetlen felt\u00e9teleket teremtett, a cs\u00f6kkent\u00e9s kiz\u00e1rt. <\/li>\n\n\n\n<li>A k\u00f6zeli kapcsolat hi\u00e1ny\u00e1nak okozatinak kell lennie a k\u00f6telesr\u00e9sz-cs\u00f6kkent\u00e9s szempontj\u00e1b\u00f3l. A bizony\u00edt\u00e1si teher az \u00f6r\u00f6k\u00f6s\u00f6n van, aki a cs\u00f6kkent\u00e9sre hivatkozik. <\/li>\n<\/ul>\n    <div class=\"mr-quote mrbg clearfix\">\n        <a class=\"mr-quote-person\" href=\"\/ueber-uns\/rechtsanwalt-sebastian-riedlmair\/\" title=\"Rechtsanwalt Sebastian Riedlmair\">\n            <img decoding=\"async\" class=\"mr-quote-person-img\" src=\"https:\/\/harlander-partner.eu\/wp-content\/themes\/harlander\/design\/sr100.webp\" width=\"100\"\n                 height=\"100\" loading=\"lazy\" alt=\"Rechtsanwalt Sebastian Riedlmair\">\n            <span class=\"mr-quote-person-text\">\n            Sebastian Riedlmair<br>\n            <span class=\"mr-quote-person-function\">Harlander &amp; Partner Rechtsanw\u00e4lte<\/span>\n        <\/span>\n        <\/a>\n        <span class=\"mr-quote-content\">\u201eWer die Pflichtteilsminderung im Testament anordnet, sollte den Entfremdungsgrund nachvollziehbar darlegen. Eine saubere Dokumentation ist daher ausschlaggebend, da sp\u00e4tere Erben die volle Beweislast trifft.\u201c<\/span>\n    <\/div>\n\n<h2 class=\"wp-block-heading\" id=\"h-potenzielle-betroffene-personen\">Potenci\u00e1lisan \u00e9rintett szem\u00e9lyek<\/h2>\n\n<p class=\"wp-block-paragraph\">A k\u00f6telesr\u00e9sz-cs\u00f6kkent\u00e9s <strong>minden k\u00f6telesr\u00e9szre jogosult szem\u00e9lyn\u00e9l<\/strong> megengedett:<\/p>\n\n<ul class=\"wp-block-list\">\n<li>Gyermekek \u00e9s unok\u00e1k (lesz\u00e1rmazottak),<\/li>\n\n\n\n<li>H\u00e1zast\u00e1rsak \u00e9s bejegyzett \u00e9lett\u00e1rsak.<\/li>\n<\/ul>\n\n<p class=\"wp-block-paragraph\"><strong>Nem \u00e9rintettek<\/strong> a t\u00e1volabbi t\u00f6rv\u00e9nyes \u00f6r\u00f6k\u00f6s\u00f6k, mivel nekik nincs k\u00f6telesr\u00e9sz-ig\u00e9ny\u00fck.<\/p>\n\n<p class=\"wp-block-paragraph\">Fontos: A <strong>cs\u00f6kkentett szem\u00e9ly lesz\u00e1rmazottai<\/strong> csak akkor kapj\u00e1k meg a teljes k\u00f6telesr\u00e9szt, ha <strong>vel\u00fck szemben nem rendeltek el k\u00f6telesr\u00e9sz-cs\u00f6kkent\u00e9st<\/strong>.<\/p>\n\n<h2 class=\"wp-block-heading\" id=\"h-stillschweigende-pflichtteilsminderung\">Hallgat\u00f3lagos k\u00f6telesr\u00e9sz-cs\u00f6kkent\u00e9s<\/h2>\n\n<p class=\"wp-block-paragraph\">A k\u00f6telesr\u00e9sz-cs\u00f6kkent\u00e9s akkor is \u00e9rv\u00e9nyes lehet, ha az \u00f6r\u00f6khagy\u00f3 a k\u00f6telesr\u00e9szre jogosult szem\u00e9lyt <strong>teljesen mell\u0151zte<\/strong>, p\u00e9ld\u00e1ul a v\u00e9grendeletben val\u00f3 tudatos eml\u00edt\u00e9s hi\u00e1ny\u00e1val. Ez <g id=\"gid_1\">hallgat\u00f3lagos cs\u00f6kkent\u00e9snek<\/g> min\u0151s\u00fcl, amennyiben a t\u00f6bbi felt\u00e9tel fenn\u00e1ll. Itt is vizsg\u00e1lni \u00e9s indokolni kell a <strong>k\u00f6zeli kapcsolat hi\u00e1ny\u00e1t<\/strong>.  <\/p>\n\n<h2 class=\"wp-block-heading\" id=\"h-abgrenzung-zur-enterbung\">Elhat\u00e1rol\u00e1s a kitagad\u00e1st\u00f3l<\/h2>\n\n<p class=\"wp-block-paragraph\">A kitagad\u00e1ssal ellent\u00e9tben, amely teljesen megsz\u00fcnteti a k\u00f6telesr\u00e9sz-ig\u00e9nyt, a k\u00f6telesr\u00e9sz-cs\u00f6kkent\u00e9s csak <strong>fel\u00e9re val\u00f3 cs\u00f6kkent\u00e9st<\/strong> eredm\u00e9nyez. A kitagad\u00e1s akad\u00e1lyai sokkal szigor\u00fabbak, \u00e9s a k\u00f6telesr\u00e9szre jogosult s\u00falyos k\u00f6teless\u00e9gszeg\u00e9s\u00e9t ig\u00e9nylik. <\/p>\n\n<h2 class=\"wp-block-heading\" id=\"h-widerruf-der-pflichtteilsminderung\">A k\u00f6telesr\u00e9sz-cs\u00f6kkent\u00e9s visszavon\u00e1sa<\/h2>\n\n<p class=\"wp-block-paragraph\">Az \u00f6r\u00f6khagy\u00f3 az elrendelt k\u00f6telesr\u00e9sz-cs\u00f6kkent\u00e9st b\u00e1rmikor <strong>visszavonhatja<\/strong>, a k\u00f6vetkez\u0151 m\u00f3dokon:<\/p>\n\n<ul class=\"wp-block-list\">\n<li><strong>kifejezett nyilatkozat<\/strong> egy k\u00e9s\u0151bbi v\u00e9gint\u00e9zked\u00e9sben,<\/li>\n\n\n\n<li>a kor\u00e1bbi v\u00e9gint\u00e9zked\u00e9s <strong>megsemmis\u00edt\u00e9se<\/strong> vagy<\/li>\n\n\n\n<li><strong>ut\u00f3lagos meggondol\u00e1s<\/strong>, amely a v\u00e9grendeletb\u0151l kit\u0171nik.<\/li>\n<\/ul>\n\n<h2 class=\"wp-block-heading\" id=\"h-streitfalle-und-gerichtliche-durchsetzung\">Vit\u00e1s esetek \u00e9s b\u00edr\u00f3s\u00e1gi \u00e9rv\u00e9nyes\u00edt\u00e9s<\/h2>\n\n<p class=\"wp-block-paragraph\">Ha k\u00f6telesr\u00e9sz-cs\u00f6kkent\u00e9st \u00e9rv\u00e9nyes\u00edtenek, vit\u00e1s esetben a k\u00f6vetkez\u0151 pontok relev\u00e1nsak:<\/p>\n\n<ul class=\"wp-block-list\">\n<li>Az <strong>\u00f6r\u00f6k\u00f6snek<\/strong> kell el\u0151terjesztenie \u00e9s bizony\u00edtania a cs\u00f6kkent\u00e9st \u00e9s annak felt\u00e9teleit.<\/li>\n\n\n\n<li>A <strong>k\u00f6telesr\u00e9szre jogosultak<\/strong> kifog\u00e1solhatj\u00e1k a k\u00f6zeli kapcsolat fenn\u00e1ll\u00e1s\u00e1t vagy az \u00f6r\u00f6khagy\u00f3 k\u00f6zrehat\u00e1s\u00e1t.<\/li>\n\n\n\n<li>Vit\u00e1s esetben el\u0151sz\u00f6r az <strong>hagyat\u00e9ki b\u00edr\u00f3s\u00e1g<\/strong> az illet\u00e9kes, majd a <strong>rendes polg\u00e1ri b\u00edr\u00f3s\u00e1g<\/strong> az alperes lak\u00f3helye szerint.<\/li>\n\n\n\n<li><\/li>\n<\/ul>\n\n<h2 class=\"wp-block-heading\" id=\"h-ihre-vorteile-mit-anwaltlicher-unterstutzung\">Az \u00d6n el\u0151nyei \u00fcgyv\u00e9di seg\u00edts\u00e9ggel<\/h2>\n\n<div class=\"wp-block-group\"><div class=\"wp-block-group__inner-container\">\n<p class=\"wp-block-paragraph\">A k\u00f6telesr\u00e9sz-cs\u00f6kkent\u00e9s az \u00f6r\u00f6kl\u00e9si jog rendk\u00edv\u00fcl \u00e9rz\u00e9keny ter\u00fclete. Vil\u00e1gos megfogalmaz\u00e1s \u00e9s megalapozott indokl\u00e1s n\u00e9lk\u00fcl az elrendel\u00e9s vit\u00e1s esetben meghi\u00fasulhat. Egy tapasztalt \u00fcgyv\u00e9d seg\u00edt \u00d6nnek abban,  <\/p>\n\n\n\n<ul class=\"wp-block-list\">\n<li>jogait \u00f6r\u00f6k\u00f6sk\u00e9nt vagy k\u00f6telesr\u00e9szre jogosultk\u00e9nt \u00e9rv\u00e9nyes\u00edteni.<\/li>\n\n\n\n<li>a t\u00f6rv\u00e9nyi felt\u00e9telek fenn\u00e1ll\u00e1s\u00e1t pontosan meg\u00edt\u00e9lni,<\/li>\n\n\n\n<li>a v\u00e9gint\u00e9zked\u00e9st jogilag biztons\u00e1gosan megfogalmazni,<\/li>\n\n\n\n<li>vit\u00e1kat elker\u00fclni a korai tervez\u00e9ssel,<\/li>\n<\/ul>\n<\/div><\/div>\n<a class=\"mr-cta-link mr-cta-button-cal\" href=\"#h2-booking\" title=\"Ingyenes els\u0151 konzult\u00e1ci\u00f3\"><span class=\"mr-cta-link-normal\">V\u00e1lassza ki az id\u0151pontot most:<\/span><span class=\"mr-cta-link-bold\">Ingyenes els\u0151 konzult\u00e1ci\u00f3<\/span><\/a>\n\n<h2 class=\"wp-block-heading\" id=\"h-haufig-gestellte-fragen-faq\">Gyakran ism\u00e9telt k\u00e9rd\u00e9sek \u2013 GYIK<\/h2>\n<div class=\"wp-block-uagb-faq uagb-faq__outer-wrap uagb-block-972c8b74 uagb-faq-icon-row uagb-faq-layout-accordion uagb-faq-expand-first-true uagb-faq-inactive-other-true uagb-faq__wrap uagb-buttons-layout-wrap uagb-faq-equal-height     \" data-faqtoggle=\"true\" role=\"tablist\"><div class=\"wp-block-uagb-faq-child uagb-faq-child__outer-wrap uagb-faq-item uagb-block-6b30bb7b \" role=\"tab\" tabindex=\"0\"><div class=\"uagb-faq-questions-button uagb-faq-questions\">\t\t\t<span class=\"uagb-icon uagb-faq-icon-wrap\">\n\t\t\t\t\t\t\t\t<svg xmlns=\"https:\/\/www.w3.org\/2000\/svg\" viewBox= \"0 0 448 512\"><path d=\"M432 256c0 17.69-14.33 32.01-32 32.01H256v144c0 17.69-14.33 31.99-32 31.99s-32-14.3-32-31.99v-144H48c-17.67 0-32-14.32-32-32.01s14.33-31.99 32-31.99H192v-144c0-17.69 14.33-32.01 32-32.01s32 14.32 32 32.01v144h144C417.7 224 432 238.3 432 256z\"><\/path><\/svg>\n\t\t\t\t\t\t\t<\/span>\n\t\t\t\t\t\t<span class=\"uagb-icon-active uagb-faq-icon-wrap\">\n\t\t\t\t\t\t\t\t<svg xmlns=\"https:\/\/www.w3.org\/2000\/svg\" viewBox= \"0 0 448 512\"><path d=\"M400 288h-352c-17.69 0-32-14.32-32-32.01s14.31-31.99 32-31.99h352c17.69 0 32 14.3 32 31.99S417.7 288 400 288z\"><\/path><\/svg>\n\t\t\t\t\t\t\t<\/span>\n\t\t\t<span class=\"uagb-question\">Mikor cs\u00f6kkenthet\u0151 a k\u00f6telesr\u00e9sz a fel\u00e9re?<\/span><\/div><div class=\"uagb-faq-content\"><p>K\u00f6telesr\u00e9sz-cs\u00f6kkent\u00e9s lehets\u00e9ges, ha az \u00f6r\u00f6khagy\u00f3 \u00e9s a k\u00f6telesr\u00e9szre jogosult k\u00f6z\u00f6tt hosszabb id\u0151n kereszt\u00fcl nem \u00e1llt fenn szem\u00e9lyes k\u00f6zeli kapcsolat. Az elhideg\u00fcl\u00e9snek m\u00e1r a v\u00e9grendelet elk\u00e9sz\u00edt\u00e9sekor el kellett kezd\u0151dnie, \u00e9s nem az \u00f6r\u00f6khagy\u00f3 okozhatta. <\/p><\/div><\/div><div class=\"wp-block-uagb-faq-child uagb-faq-child__outer-wrap uagb-faq-item uagb-block-e5d804a7 \" role=\"tab\" tabindex=\"0\"><div class=\"uagb-faq-questions-button uagb-faq-questions\">\t\t\t<span class=\"uagb-icon uagb-faq-icon-wrap\">\n\t\t\t\t\t\t\t\t<svg xmlns=\"https:\/\/www.w3.org\/2000\/svg\" viewBox= \"0 0 448 512\"><path d=\"M432 256c0 17.69-14.33 32.01-32 32.01H256v144c0 17.69-14.33 31.99-32 31.99s-32-14.3-32-31.99v-144H48c-17.67 0-32-14.32-32-32.01s14.33-31.99 32-31.99H192v-144c0-17.69 14.33-32.01 32-32.01s32 14.32 32 32.01v144h144C417.7 224 432 238.3 432 256z\"><\/path><\/svg>\n\t\t\t\t\t\t\t<\/span>\n\t\t\t\t\t\t<span class=\"uagb-icon-active uagb-faq-icon-wrap\">\n\t\t\t\t\t\t\t\t<svg xmlns=\"https:\/\/www.w3.org\/2000\/svg\" viewBox= \"0 0 448 512\"><path d=\"M400 288h-352c-17.69 0-32-14.32-32-32.01s14.31-31.99 32-31.99h352c17.69 0 32 14.3 32 31.99S417.7 288 400 288z\"><\/path><\/svg>\n\t\t\t\t\t\t\t<\/span>\n\t\t\t<span class=\"uagb-question\">Mely szem\u00e9lyeket \u00e9rintheti a k\u00f6telesr\u00e9sz-cs\u00f6kkent\u00e9s?<\/span><\/div><div class=\"uagb-faq-content\"><p>A cs\u00f6kkent\u00e9s elrendelhet\u0151 k\u00f6telesr\u00e9szre jogosult lesz\u00e1rmazottakkal, h\u00e1zast\u00e1rsakkal vagy bejegyzett \u00e9lett\u00e1rsakkal szemben. T\u00e1volabbi rokonok nem \u00e9rintettek, mivel nekik nincs k\u00f6telesr\u00e9sz-ig\u00e9ny\u00fck. <\/p><\/div><\/div><div class=\"wp-block-uagb-faq-child uagb-faq-child__outer-wrap uagb-faq-item uagb-block-ee87113c \" role=\"tab\" tabindex=\"0\"><div class=\"uagb-faq-questions-button uagb-faq-questions\">\t\t\t<span class=\"uagb-icon uagb-faq-icon-wrap\">\n\t\t\t\t\t\t\t\t<svg xmlns=\"https:\/\/www.w3.org\/2000\/svg\" viewBox= \"0 0 448 512\"><path d=\"M432 256c0 17.69-14.33 32.01-32 32.01H256v144c0 17.69-14.33 31.99-32 31.99s-32-14.3-32-31.99v-144H48c-17.67 0-32-14.32-32-32.01s14.33-31.99 32-31.99H192v-144c0-17.69 14.33-32.01 32-32.01s32 14.32 32 32.01v144h144C417.7 224 432 238.3 432 256z\"><\/path><\/svg>\n\t\t\t\t\t\t\t<\/span>\n\t\t\t\t\t\t<span class=\"uagb-icon-active uagb-faq-icon-wrap\">\n\t\t\t\t\t\t\t\t<svg xmlns=\"https:\/\/www.w3.org\/2000\/svg\" viewBox= \"0 0 448 512\"><path d=\"M400 288h-352c-17.69 0-32-14.32-32-32.01s14.31-31.99 32-31.99h352c17.69 0 32 14.3 32 31.99S417.7 288 400 288z\"><\/path><\/svg>\n\t\t\t\t\t\t\t<\/span>\n\t\t\t<span class=\"uagb-question\">Mennyi ideig kellett megszakadnia a kapcsolatnak?<\/span><\/div><div class=\"uagb-faq-content\"><p>A joggyakorlat k\u00f6r\u00fclbel\u00fcl 20 \u00e9vet eml\u00edt ir\u00e1nyad\u00f3k\u00e9nt a teljes elhideg\u00fcl\u00e9sre. D\u00f6nt\u0151 azonban, hogy a kapcsolat a v\u00e9grendelet elk\u00e9sz\u00edt\u00e9sekor m\u00e1r tart\u00f3san megromlott. F\u00fcggetlen\u00fcl att\u00f3l, hogy az id\u0151tartam teljesen letelt-e.  <\/p><\/div><\/div><div class=\"wp-block-uagb-faq-child uagb-faq-child__outer-wrap uagb-faq-item uagb-block-3c487b84 \" role=\"tab\" tabindex=\"0\"><div class=\"uagb-faq-questions-button uagb-faq-questions\">\t\t\t<span class=\"uagb-icon uagb-faq-icon-wrap\">\n\t\t\t\t\t\t\t\t<svg xmlns=\"https:\/\/www.w3.org\/2000\/svg\" viewBox= \"0 0 448 512\"><path d=\"M432 256c0 17.69-14.33 32.01-32 32.01H256v144c0 17.69-14.33 31.99-32 31.99s-32-14.3-32-31.99v-144H48c-17.67 0-32-14.32-32-32.01s14.33-31.99 32-31.99H192v-144c0-17.69 14.33-32.01 32-32.01s32 14.32 32 32.01v144h144C417.7 224 432 238.3 432 256z\"><\/path><\/svg>\n\t\t\t\t\t\t\t<\/span>\n\t\t\t\t\t\t<span class=\"uagb-icon-active uagb-faq-icon-wrap\">\n\t\t\t\t\t\t\t\t<svg xmlns=\"https:\/\/www.w3.org\/2000\/svg\" viewBox= \"0 0 448 512\"><path d=\"M400 288h-352c-17.69 0-32-14.32-32-32.01s14.31-31.99 32-31.99h352c17.69 0 32 14.3 32 31.99S417.7 288 400 288z\"><\/path><\/svg>\n\t\t\t\t\t\t\t<\/span>\n\t\t\t<span class=\"uagb-question\">Mi a hallgat\u00f3lagos k\u00f6telesr\u00e9sz-cs\u00f6kkent\u00e9s?<\/span><\/div><div class=\"uagb-faq-content\"><p>Ha egy k\u00f6telesr\u00e9szre jogosultat a v\u00e9grendeletben tudatosan mell\u0151znek, \u00e9s hi\u00e1nyzik a k\u00f6zeli kapcsolat, ez hallgat\u00f3lagos k\u00f6telesr\u00e9sz-cs\u00f6kkent\u00e9snek min\u0151s\u00fclhet. Ehhez minden t\u00f6rv\u00e9nyi felt\u00e9telnek fenn kell \u00e1llnia. <\/p><\/div><\/div><div class=\"wp-block-uagb-faq-child uagb-faq-child__outer-wrap uagb-faq-item uagb-block-3534b663 \" role=\"tab\" tabindex=\"0\"><div class=\"uagb-faq-questions-button uagb-faq-questions\">\t\t\t<span class=\"uagb-icon uagb-faq-icon-wrap\">\n\t\t\t\t\t\t\t\t<svg xmlns=\"https:\/\/www.w3.org\/2000\/svg\" viewBox= \"0 0 448 512\"><path d=\"M432 256c0 17.69-14.33 32.01-32 32.01H256v144c0 17.69-14.33 31.99-32 31.99s-32-14.3-32-31.99v-144H48c-17.67 0-32-14.32-32-32.01s14.33-31.99 32-31.99H192v-144c0-17.69 14.33-32.01 32-32.01s32 14.32 32 32.01v144h144C417.7 224 432 238.3 432 256z\"><\/path><\/svg>\n\t\t\t\t\t\t\t<\/span>\n\t\t\t\t\t\t<span class=\"uagb-icon-active uagb-faq-icon-wrap\">\n\t\t\t\t\t\t\t\t<svg xmlns=\"https:\/\/www.w3.org\/2000\/svg\" viewBox= \"0 0 448 512\"><path d=\"M400 288h-352c-17.69 0-32-14.32-32-32.01s14.31-31.99 32-31.99h352c17.69 0 32 14.3 32 31.99S417.7 288 400 288z\"><\/path><\/svg>\n\t\t\t\t\t\t\t<\/span>\n\t\t\t<span class=\"uagb-question\">Visszavonhat\u00f3-e a k\u00f6telesr\u00e9sz-cs\u00f6kkent\u00e9s?<\/span><\/div><div class=\"uagb-faq-content\"><p>Igen, az \u00f6r\u00f6khagy\u00f3 a k\u00f6telesr\u00e9sz-cs\u00f6kkent\u00e9st b\u00e1rmikor visszavonhatja, p\u00e9ld\u00e1ul egy k\u00e9s\u0151bbi v\u00e9gint\u00e9zked\u00e9ssel, a kor\u00e1bbi v\u00e9gint\u00e9zked\u00e9s megsemmis\u00edt\u00e9s\u00e9vel vagy a v\u00e9grendeletben szerepl\u0151 ut\u00f3lagos meggondol\u00e1ssal.<\/p><\/div><\/div><div class=\"wp-block-uagb-faq-child uagb-faq-child__outer-wrap uagb-faq-item uagb-block-8713c765 \" role=\"tab\" tabindex=\"0\"><div class=\"uagb-faq-questions-button uagb-faq-questions\">\t\t\t<span class=\"uagb-icon uagb-faq-icon-wrap\">\n\t\t\t\t\t\t\t\t<svg xmlns=\"https:\/\/www.w3.org\/2000\/svg\" viewBox= \"0 0 448 512\"><path d=\"M432 256c0 17.69-14.33 32.01-32 32.01H256v144c0 17.69-14.33 31.99-32 31.99s-32-14.3-32-31.99v-144H48c-17.67 0-32-14.32-32-32.01s14.33-31.99 32-31.99H192v-144c0-17.69 14.33-32.01 32-32.01s32 14.32 32 32.01v144h144C417.7 224 432 238.3 432 256z\"><\/path><\/svg>\n\t\t\t\t\t\t\t<\/span>\n\t\t\t\t\t\t<span class=\"uagb-icon-active uagb-faq-icon-wrap\">\n\t\t\t\t\t\t\t\t<svg xmlns=\"https:\/\/www.w3.org\/2000\/svg\" viewBox= \"0 0 448 512\"><path d=\"M400 288h-352c-17.69 0-32-14.32-32-32.01s14.31-31.99 32-31.99h352c17.69 0 32 14.3 32 31.99S417.7 288 400 288z\"><\/path><\/svg>\n\t\t\t\t\t\t\t<\/span>\n\t\t\t<span class=\"uagb-question\">Kinek kell bizony\u00edtania a k\u00f6telesr\u00e9sz-cs\u00f6kkent\u00e9st b\u00edr\u00f3s\u00e1g el\u0151tt?<\/span><\/div><div class=\"uagb-faq-content\"><p>A bizony\u00edt\u00e1si teher az \u00f6r\u00f6k\u00f6s\u00f6n van. Neki kell bemutatnia, hogy val\u00f3ban hi\u00e1nyzott a k\u00f6zeli kapcsolat, \u00e9s az ABGB 776. \u00a7-a szerinti cs\u00f6kkent\u00e9s felt\u00e9telei teljes\u00fclnek. <\/p><\/div><\/div><\/div>\n<p class=\"wp-block-paragraph\"><\/p>\n","protected":false},"excerpt":{"rendered":"K\u00f6telesr\u00e9sz cs\u00f6kkent\u00e9se A k\u00f6telesr\u00e9sz-cs\u00f6kkent\u00e9s lehet\u0151v\u00e9 teszi a k\u00f6zeli hozz\u00e1tartoz\u00f3k, p\u00e9ld\u00e1ul gyermekek vagy h\u00e1zast\u00e1rsak t\u00f6rv\u00e9nyes k\u00f6telesr\u00e9sz\u00e9nek fel\u00e9re cs\u00f6kkent\u00e9s\u00e9t. Felt\u00e9ve, hogy a csal\u00e1di kapcsolat \u00e9vek \u00f3ta teljesen megromlott vagy egy\u00e1ltal\u00e1n nem l\u00e9tezett. &#8230;","protected":false},"author":25,"featured_media":48037,"parent":43416,"menu_order":5,"comment_status":"closed","ping_status":"closed","template":"","meta":{"_acf_changed":false,"_uag_custom_page_level_css":"","footnotes":""},"categories":[747],"tags":[],"class_list":["post-48034","page","type-page","status-publish","has-post-thumbnail","hentry","category-oeroeklesi-jog-elogondoskodas"],"acf":[],"uagb_featured_image_src":{"full":["https:\/\/harlander-partner.eu\/wp-content\/uploads\/Pflichtteilsminderung.webp",1920,1080,false],"thumbnail":["https:\/\/harlander-partner.eu\/wp-content\/uploads\/Pflichtteilsminderung-100x100.webp",100,100,true],"medium":["https:\/\/harlander-partner.eu\/wp-content\/uploads\/Pflichtteilsminderung-800x450.webp",800,450,true],"medium_large":["https:\/\/harlander-partner.eu\/wp-content\/uploads\/Pflichtteilsminderung.webp",1920,1080,false],"large":["https:\/\/harlander-partner.eu\/wp-content\/uploads\/Pflichtteilsminderung.webp",1920,1080,false],"1536x1536":["https:\/\/harlander-partner.eu\/wp-content\/uploads\/Pflichtteilsminderung.webp",1536,864,false],"2048x2048":["https:\/\/harlander-partner.eu\/wp-content\/uploads\/Pflichtteilsminderung.webp",1920,1080,false],"336x":["https:\/\/harlander-partner.eu\/wp-content\/uploads\/Pflichtteilsminderung-336x189.webp",336,189,true],"352x":["https:\/\/harlander-partner.eu\/wp-content\/uploads\/Pflichtteilsminderung-352x198.webp",352,198,true],"woocommerce_thumbnail":["https:\/\/harlander-partner.eu\/wp-content\/uploads\/Pflichtteilsminderung-300x300.webp",300,300,true],"woocommerce_single":["https:\/\/harlander-partner.eu\/wp-content\/uploads\/Pflichtteilsminderung-600x338.webp",600,338,true],"woocommerce_gallery_thumbnail":["https:\/\/harlander-partner.eu\/wp-content\/uploads\/Pflichtteilsminderung-100x100.webp",100,100,true],"yarpp-thumbnail":["https:\/\/harlander-partner.eu\/wp-content\/uploads\/Pflichtteilsminderung-120x120.webp",120,120,true]},"uagb_author_info":{"display_name":"Simon Prem","author_link":"https:\/\/harlander-partner.eu\/hu\/author\/simon-prem\/"},"uagb_comment_info":0,"uagb_excerpt":"K\u00f6telesr\u00e9sz cs\u00f6kkent\u00e9se A k\u00f6telesr\u00e9sz-cs\u00f6kkent\u00e9s lehet\u0151v\u00e9 teszi a k\u00f6zeli hozz\u00e1tartoz\u00f3k, p\u00e9ld\u00e1ul gyermekek vagy h\u00e1zast\u00e1rsak t\u00f6rv\u00e9nyes k\u00f6telesr\u00e9sz\u00e9nek fel\u00e9re cs\u00f6kkent\u00e9s\u00e9t. Felt\u00e9ve, hogy a csal\u00e1di kapcsolat \u00e9vek \u00f3ta teljesen megromlott vagy egy\u00e1ltal\u00e1n nem l\u00e9tezett. ...","_links":{"self":[{"href":"https:\/\/harlander-partner.eu\/hu\/wp-json\/wp\/v2\/pages\/48034","targetHints":{"allow":["GET"]}}],"collection":[{"href":"https:\/\/harlander-partner.eu\/hu\/wp-json\/wp\/v2\/pages"}],"about":[{"href":"https:\/\/harlander-partner.eu\/hu\/wp-json\/wp\/v2\/types\/page"}],"author":[{"embeddable":true,"href":"https:\/\/harlander-partner.eu\/hu\/wp-json\/wp\/v2\/users\/25"}],"replies":[{"embeddable":true,"href":"https:\/\/harlander-partner.eu\/hu\/wp-json\/wp\/v2\/comments?post=48034"}],"version-history":[{"count":0,"href":"https:\/\/harlander-partner.eu\/hu\/wp-json\/wp\/v2\/pages\/48034\/revisions"}],"up":[{"embeddable":true,"href":"https:\/\/harlander-partner.eu\/hu\/wp-json\/wp\/v2\/pages\/43416"}],"wp:featuredmedia":[{"embeddable":true,"href":"https:\/\/harlander-partner.eu\/hu\/wp-json\/wp\/v2\/media\/48037"}],"wp:attachment":[{"href":"https:\/\/harlander-partner.eu\/hu\/wp-json\/wp\/v2\/media?parent=48034"}],"wp:term":[{"taxonomy":"category","embeddable":true,"href":"https:\/\/harlander-partner.eu\/hu\/wp-json\/wp\/v2\/categories?post=48034"},{"taxonomy":"post_tag","embeddable":true,"href":"https:\/\/harlander-partner.eu\/hu\/wp-json\/wp\/v2\/tags?post=48034"}],"curies":[{"name":"wp","href":"https:\/\/api.w.org\/{rel}","templated":true}]}}