{"id":47773,"date":"2025-07-15T09:05:58","date_gmt":"2025-07-15T07:05:58","guid":{"rendered":"https:\/\/harlander-partner.eu\/oroklesi-jog-vagyonrendezes\/kotelesresz-kereset\/"},"modified":"2025-11-25T14:16:13","modified_gmt":"2025-11-25T13:16:13","slug":"kotelesresz-kereset","status":"publish","type":"page","link":"https:\/\/harlander-partner.eu\/hu\/oroklesi-jog-vagyonrendezes\/kotelesresz-kereset\/","title":{"rendered":"K\u00f6telesr\u00e9sz-kereset"},"content":{"rendered":"\n<div class=\"wp-block-yoast-seo-table-of-contents yoast-table-of-contents\"><h2>K\u00f6telesr\u00e9sz-kereset<\/h2><ul><li><a href=\"#h-pflichtteilsklage\" data-level=\"2\">K\u00f6telesr\u00e9sz-kereset<\/a><\/li><li><a href=\"#h-voraussetzung-fur-die-pflichtteilsklage\" data-level=\"2\">A k\u00f6telesr\u00e9sz-kereset felt\u00e9telei<\/a><\/li><li><a href=\"#h-grunde-fur-die-erhebung-einer-pflichtteilsklage\" data-level=\"2\">A k\u00f6telesr\u00e9sz-kereset beny\u00fajt\u00e1s\u00e1nak okai<\/a><\/li><li><a href=\"#h-ablauf-der-durchsetzung-von-pflichtteilanspruchen\" data-level=\"2\">A k\u00f6telesr\u00e9sz-ig\u00e9nyek \u00e9rv\u00e9nyes\u00edt\u00e9s\u00e9nek menete<\/a><\/li><li><a href=\"#h-pflichtteil-einklagen-und-auszahlung\" data-level=\"2\">K\u00f6telesr\u00e9sz peres\u00edt\u00e9se \u00e9s kifizet\u00e9se<\/a><\/li><li><a href=\"#h-bemessungsgrundlage-und-art-des-anspruchs\" data-level=\"2\">Sz\u00e1m\u00edt\u00e1si alap \u00e9s az ig\u00e9ny t\u00edpusa<\/a><\/li><li><a href=\"#h-auswirkungen-von-schenkungen-und-vermachtnissen\" data-level=\"2\">Az aj\u00e1nd\u00e9koz\u00e1sok \u00e9s hagyom\u00e1nyok hat\u00e1sa<\/a><\/li><li><a href=\"#h-wie-setze-ich-meinen-anspruch-auf-den-pflichtteil-durch\" data-level=\"2\">Hogyan \u00e9rv\u00e9nyes\u00edthetem a k\u00f6telesr\u00e9szre vonatkoz\u00f3 ig\u00e9nyemet?<\/a><\/li><li><a href=\"#h-falligkeit-des-pflichtteilsanspruchs\" data-level=\"2\">A k\u00f6telesr\u00e9sz-ig\u00e9ny esed\u00e9kess\u00e9ge<\/a><\/li><li><a href=\"#h-verjahrung-des-pflichtteilsanspruchs\" data-level=\"2\">A k\u00f6telesr\u00e9sz-ig\u00e9ny el\u00e9v\u00fcl\u00e9se<\/a><\/li><li><a href=\"#h-kosten\" data-level=\"2\">K\u00f6lts\u00e9gek<\/a><\/li><li><a href=\"#h-ihre-vorteile-mit-anwaltlicher-unterstutzung\" data-level=\"2\">Az \u00d6n el\u0151nyei \u00fcgyv\u00e9di seg\u00edts\u00e9ggel<\/a><\/li><li><a href=\"#h-haufig-gestellte-fragen-faq\" data-level=\"2\">Gyakran ism\u00e9telt k\u00e9rd\u00e9sek \u2013 GYIK<\/a><\/li><\/ul><\/div>\n\n<div class=\"wp-block-group\"><div class=\"wp-block-group__inner-container\">\n<h2 class=\"wp-block-heading\" id=\"h-pflichtteilsklage\">K\u00f6telesr\u00e9sz-kereset<\/h2>\n\n\n\n<p class=\"wp-block-paragraph\">A k\u00f6telesr\u00e9sz-kereset az a jogi eszk\u00f6z, amellyel a t\u00f6rv\u00e9nyes k\u00f6telesr\u00e9sz k\u00f6vetelhet\u0151, ha azt v\u00e9grendelet vagy az \u00f6r\u00f6k\u00f6s\u00f6k magatart\u00e1sa miatt nem fizetik ki. Ausztri\u00e1ban a k\u00f6zeli hozz\u00e1tartoz\u00f3knak, mint p\u00e9ld\u00e1ul a gyermekeknek \u00e9s a h\u00e1zast\u00e1rsnak, m\u00e9g kitagad\u00e1s eset\u00e9n is j\u00e1r a k\u00f6telesr\u00e9sz. Ha ezt az ig\u00e9nyt megtagadj\u00e1k vagy figyelmen k\u00edv\u00fcl hagyj\u00e1k, gyakran csak a b\u00edr\u00f3s\u00e1gi \u00fat marad.  <\/p>\n<\/div><\/div>\n\n<div class=\"wp-block-uagb-container uagb-block-3019fe8e alignfull uagb-is-root-container\">\n<div class=\"wp-block-uagb-container uagb-block-32585033\">\n<p class=\"wp-block-paragraph\">Ausztri\u00e1ban a k\u00f6zeli hozz\u00e1tartoz\u00f3knak, mint p\u00e9ld\u00e1ul a gyermekeknek \u00e9s a h\u00e1zast\u00e1rsnak, m\u00e9g kitagad\u00e1s eset\u00e9n is j\u00e1r a k\u00f6telesr\u00e9sz. Ha ezt az ig\u00e9nyt megtagadj\u00e1k vagy figyelmen k\u00edv\u00fcl hagyj\u00e1k, gyakran csak a b\u00edr\u00f3s\u00e1gi \u00fat marad. <\/p>\n<\/div>\n\n\n\n<div class=\"wp-block-uagb-container uagb-block-45819ab6\"><picture>\r\n\t\t<source srcset=\"https:\/\/harlander-partner.eu\/wp-content\/uploads\/pflichtteilsklage-352x198.webp\" >\r\n\t\t<img decoding=\"async\" class=\"mr-picture-small\" src=\"https:\/\/harlander-partner.eu\/wp-content\/uploads\/pflichtteilsklage.webp\" alt=\"Minden fontos inform\u00e1ci\u00f3 a k\u00f6telesr\u00e9sz-keresetr\u0151l Ausztri\u00e1ban: felt\u00e9telek, hat\u00e1rid\u0151k, jogosultak \u00e9s a k\u00f6telesr\u00e9sz ir\u00e1nti kereset menete.\" >\r\n\t<\/picture>\n<\/div>\n<\/div>\n\n<div class=\"wp-block-group\"><div class=\"wp-block-group__inner-container\">\n<h2 class=\"wp-block-heading\" id=\"h-voraussetzung-fur-die-pflichtteilsklage\">A k\u00f6telesr\u00e9sz-kereset felt\u00e9telei<\/h2>\n\n\n\n<p class=\"wp-block-paragraph\">A kereset felt\u00e9telezi:<\/p>\n\n\n\n<ul class=\"wp-block-list\">\n<li>hogy az elhunyt nem k\u00f6t\u00f6tt \u00e9rv\u00e9nyes <a href=\"https:\/\/harlander-partner.eu\/erbverzicht\/\">k\u00f6telesr\u00e9szr\u0151l val\u00f3 lemond\u00e1si meg\u00e1llapod\u00e1st<\/a>,<\/li>\n\n\n\n<li>hogy a felperes <a href=\"https:\/\/harlander-partner.eu\/hu\/oroklesi-jog-vagyonrendezes\/kotelesresz-joga\/\">k\u00f6telesr\u00e9szre jogosult<\/a>,<\/li>\n\n\n\n<li>\u00e9s hogy nincs \u00e9rv\u00e9nyes ok a jogos kitagad\u00e1sra (az osztr\u00e1k Polg\u00e1ri T\u00f6rv\u00e9nyk\u00f6nyv 768. \u00a7-a).<\/li>\n<\/ul>\n<\/div><\/div>\n\n<div class=\"wp-block-group\"><div class=\"wp-block-group__inner-container\">\n<h2 class=\"wp-block-heading\" id=\"h-grunde-fur-die-erhebung-einer-pflichtteilsklage\">A k\u00f6telesr\u00e9sz-kereset beny\u00fajt\u00e1s\u00e1nak okai<\/h2>\n\n\n\n<p class=\"wp-block-paragraph\">A k\u00f6telesr\u00e9sz \u00e9rv\u00e9nyes\u00edt\u00e9s\u00e9re ir\u00e1nyul\u00f3 kereset akkor v\u00e1lik sz\u00fcks\u00e9gess\u00e9, ha:<\/p>\n\n\n\n<ul class=\"wp-block-list\">\n<li>a k\u00f6telesr\u00e9szt felsz\u00f3l\u00edt\u00e1s ellen\u00e9re sem fizetik ki \u00f6nk\u00e9nt,<\/li>\n\n\n\n<li>az ig\u00e9ny \u00f6sszeg\u00e9vel kapcsolatban bizonytalans\u00e1g vagy vita \u00e1ll fenn,<\/li>\n\n\n\n<li>a hagyat\u00e9k egyes r\u00e9szeit sz\u00e1nd\u00e9kosan elhallgatj\u00e1k vagy visszatartj\u00e1k,<\/li>\n\n\n\n<li>a k\u00f6telesr\u00e9szre jogosultat jogtalan kitagad\u00e1ssal mell\u0151zt\u00e9k.<\/li>\n<\/ul>\n\n\n    <div class=\"mr-quote mrbg clearfix\">\n        <a class=\"mr-quote-person\" href=\"\/ueber-uns\/rechtsanwalt-sebastian-riedlmair\/\" title=\"Rechtsanwalt Sebastian Riedlmair\">\n            <img decoding=\"async\" class=\"mr-quote-person-img\" src=\"https:\/\/harlander-partner.eu\/wp-content\/themes\/harlander\/design\/sr100.webp\" width=\"100\"\n                 height=\"100\" loading=\"lazy\" alt=\"Rechtsanwalt Sebastian Riedlmair\">\n            <span class=\"mr-quote-person-text\">\n            Sebastian Riedlmair<br>\n            <span class=\"mr-quote-person-function\">Harlander &amp; Partner Rechtsanw\u00e4lte<\/span>\n        <\/span>\n        <\/a>\n        <span class=\"mr-quote-content\">\u201eIn all diesen F\u00e4llen empfiehlt sich die rasche rechtliche Abkl\u00e4rung, um drohende Fristvers\u00e4umnisse zu vermeiden und den Anspruch ordnungsgem\u00e4\u00df durchzusetzen.\u201c<\/span>\n    <\/div>\n<\/div><\/div>\n\n<h2 class=\"wp-block-heading\" id=\"h-ablauf-der-durchsetzung-von-pflichtteilanspruchen\">A k\u00f6telesr\u00e9sz-ig\u00e9nyek \u00e9rv\u00e9nyes\u00edt\u00e9s\u00e9nek menete<\/h2>\n\n<p class=\"wp-block-paragraph\">A k\u00f6telesr\u00e9sz-ig\u00e9ny \u00e9rv\u00e9nyes\u00edt\u00e9se \u00e1ltal\u00e1ban az \u00f6r\u00f6k\u00f6s\u00f6knek c\u00edmzett peren k\u00edv\u00fcli felsz\u00f3l\u00edt\u00e1ssal kezd\u0151dik a kifizet\u00e9sre. Ha ez sikertelen marad, vagy vita alakul ki az ig\u00e9ny \u00f6sszeg\u00e9r\u0151l, akkor a b\u00edr\u00f3s\u00e1gi \u00fat k\u00f6vetkezik. A keresetet az illet\u00e9kes polg\u00e1ri b\u00edr\u00f3s\u00e1ghoz kell beny\u00fajtani.  <\/p>\n\n<p class=\"wp-block-paragraph\">Az elj\u00e1r\u00e1s sor\u00e1n felm\u00e9rik, sz\u00fcks\u00e9g eset\u00e9n kieg\u00e9sz\u00edtik vagy fel\u00fclvizsg\u00e1lj\u00e1k a hagyat\u00e9kot. Meg\u00e1llap\u00edtj\u00e1k a jogosults\u00e1got \u00e9s a k\u00f6telesr\u00e9sz ar\u00e1ny\u00e1t. A b\u00edr\u00f3s\u00e1g a beny\u00fajtott bizony\u00edt\u00e9kok alapj\u00e1n d\u00f6nt az ig\u00e9ny \u00f6sszeg\u00e9r\u0151l, \u00e9s az \u00f6r\u00f6k\u00f6s\u00f6ket fizet\u00e9sre k\u00f6telezi, amennyiben az ig\u00e9ny jogos.  <\/p>\n\n<h2 class=\"wp-block-heading\" id=\"h-pflichtteil-einklagen-und-auszahlung\">K\u00f6telesr\u00e9sz peres\u00edt\u00e9se \u00e9s kifizet\u00e9se<\/h2>\n\n<p class=\"wp-block-paragraph\">Ha a k\u00f6telesr\u00e9szt nem teljes\u00edtik \u00f6nk\u00e9nt, b\u00edr\u00f3s\u00e1gi \u00faton k\u00f6vetelhet\u0151. A kereset egy meghat\u00e1rozott p\u00e9nz\u00f6sszeg kifizet\u00e9s\u00e9re ir\u00e1nyul. Ha az ig\u00e9ny alapja nem vitatott, a kereset csak a fizetend\u0151 \u00f6sszegre is vonatkozhat.  <\/p>\n\n<p class=\"wp-block-paragraph\">Kedvez\u0151 \u00edt\u00e9let ut\u00e1n az \u00f6r\u00f6k\u00f6s\u00f6knek ki kell fizetni\u00fck a meg\u00edt\u00e9lt \u00f6sszeget. Ha nem t\u00f6rt\u00e9nik kifizet\u00e9s, a k\u00f6telesr\u00e9szre jogosult v\u00e9grehajt\u00e1st kezdem\u00e9nyezhet \u2013 p\u00e9ld\u00e1ul b\u00e9rletfoglal\u00e1ssal vagy banksz\u00e1mla-hozz\u00e1f\u00e9r\u00e9ssel. <\/p>\n\n<h2 class=\"wp-block-heading\" id=\"h-bemessungsgrundlage-und-art-des-anspruchs\">Sz\u00e1m\u00edt\u00e1si alap \u00e9s az ig\u00e9ny t\u00edpusa<\/h2>\n\n<p class=\"wp-block-paragraph\">A <a href=\"https:\/\/harlander-partner.eu\/hu\/oroklesi-jog-vagyonrendezes\/kotelesresz-joga\/\">k\u00f6telesr\u00e9sz<\/a> tiszta p\u00e9nzbeni ig\u00e9ny, \u00e9s a <a href=\"https:\/\/harlander-partner.eu\/hu\/oroklesi-jog-vagyonrendezes\/torvenyes-orokles\/\">t\u00f6rv\u00e9nyes \u00f6r\u00f6kr\u00e9sz<\/a> fel\u00e9nek megfelel\u0151 \u00f6sszegben ker\u00fcl meg\u00e1llap\u00edt\u00e1sra. A sz\u00e1m\u00edt\u00e1s alapja az \u00fagynevezett tiszta hagyat\u00e9k. A tiszta hagyat\u00e9k az elhunyt vagyona a tartoz\u00e1sok levon\u00e1sa ut\u00e1n.  <\/p>\n\n<p class=\"wp-block-paragraph\">A hagyat\u00e9khoz tartoznak k\u00fcl\u00f6n\u00f6sen:<\/p>\n\n<ul class=\"wp-block-list\">\n<li>Ingatlanok \u00e9s egy\u00e9b vagyont\u00e1rgyak<\/li>\n\n\n\n<li>Banksz\u00e1mla-egyenlegek \u00e9s \u00e9rt\u00e9kpap\u00edrok<\/li>\n\n\n\n<li>V\u00e1llalati r\u00e9szesed\u00e9sek<\/li>\n\n\n\n<li>Levonhat\u00f3 tartoz\u00e1sok \u00e9s nyitott k\u00f6telezetts\u00e9gek<\/li>\n<\/ul>\n\n<h2 class=\"wp-block-heading\" id=\"h-auswirkungen-von-schenkungen-und-vermachtnissen\">Az aj\u00e1nd\u00e9koz\u00e1sok \u00e9s hagyom\u00e1nyok hat\u00e1sa<\/h2>\n\n<p class=\"wp-block-paragraph\">Az elhunyt \u00e9let\u00e9ben tett aj\u00e1nd\u00e9koz\u00e1sok jelent\u0151sen befoly\u00e1solhatj\u00e1k a k\u00f6telesr\u00e9sz-ig\u00e9nyt. Ha p\u00e9ld\u00e1ul ingatlanokat, nagyobb p\u00e9nz\u00f6sszegeket vagy v\u00e1llalati r\u00e9szesed\u00e9seket aj\u00e1nd\u00e9koznak el, az n\u00f6veli a fikt\u00edv hagyat\u00e9kot, amelyet a k\u00f6telesr\u00e9sz sz\u00e1m\u00edt\u00e1s\u00e1hoz figyelembe kell venni. <\/p>\n\n<p class=\"wp-block-paragraph\">Ilyen esetekben kieg\u00e9sz\u00edt\u0151 k\u00f6telesr\u00e9sz-ig\u00e9ny is fenn\u00e1llhat. Ez k\u00fcl\u00f6n\u00f6sen akkor \u00e9rv\u00e9nyes, ha az megaj\u00e1nd\u00e9kozott szem\u00e9lyt mag\u00e1t \u00f6r\u00f6k\u00f6sk\u00e9nt jel\u00f6lt\u00e9k meg. A hagyom\u00e1nyok viszont nem t\u00f6rv\u00e9nyes \u00f6r\u00f6kr\u00e9szek, hanem meghat\u00e1rozott vagyont\u00e1rgyak konkr\u00e9t juttat\u00e1sai. Cs\u00f6kkentik a t\u00e9nylegesen rendelkez\u00e9sre \u00e1ll\u00f3 hagyat\u00e9kot, \u00e9s \u00edgy k\u00f6zvetve cs\u00f6kkenthetik a k\u00f6telesr\u00e9szt.   <\/p>\n<a class=\"mr-cta-link mr-cta-button-cal\" href=\"#h2-booking\" title=\"Ingyenes els\u0151 konzult\u00e1ci\u00f3\"><span class=\"mr-cta-link-normal\">V\u00e1lassza ki az id\u0151pontot most:<\/span><span class=\"mr-cta-link-bold\">Ingyenes els\u0151 konzult\u00e1ci\u00f3<\/span><\/a>\n\n<h2 class=\"wp-block-heading\" id=\"h-wie-setze-ich-meinen-anspruch-auf-den-pflichtteil-durch\">Hogyan \u00e9rv\u00e9nyes\u00edthetem a k\u00f6telesr\u00e9szre vonatkoz\u00f3 ig\u00e9nyemet?<\/h2>\n\n<p class=\"wp-block-paragraph\">Aki k\u00f6telesr\u00e9szre jogosult szem\u00e9lyk\u00e9nt biztos\u00edtani szeretn\u00e9 ig\u00e9ny\u00e9t, annak el\u0151sz\u00f6r peren k\u00edv\u00fcli \u00e9rv\u00e9nyes\u00edt\u00e9st kell megpr\u00f3b\u00e1lnia. Els\u0151 l\u00e9p\u00e9sk\u00e9nt az \u00f6r\u00f6k\u00f6s\u00f6ket \u00edr\u00e1sban felsz\u00f3l\u00edtj\u00e1k a k\u00f6telesr\u00e9sz kisz\u00e1m\u00edt\u00e1s\u00e1ra \u00e9s kifizet\u00e9s\u00e9re. Ha nem j\u00f6n l\u00e9tre meg\u00e1llapod\u00e1s, az ig\u00e9ny polg\u00e1ri b\u00edr\u00f3s\u00e1g el\u0151tt keresettel \u00e9rv\u00e9nyes\u00edthet\u0151.  <\/p>\n\n<p class=\"wp-block-paragraph\">A b\u00edr\u00f3s\u00e1g ek\u00f6zben megvizsg\u00e1lja, hogy fenn\u00e1ll-e az ig\u00e9ny, mekkora a k\u00f6telesr\u00e9sz, \u00e9s figyelembe kell-e venni esetleges aj\u00e1nd\u00e9koz\u00e1sokat vagy hagyom\u00e1nyokat. Ha a b\u00edr\u00f3s\u00e1g helyt ad a kereseti k\u00e9relemnek, az \u00f6r\u00f6k\u00f6s\u00f6k az \u00edt\u00e9let alapj\u00e1n kifizetik a k\u00f6telesr\u00e9szt. Ha ekkor sem t\u00f6rt\u00e9nik kifizet\u00e9s, a k\u00f6telesr\u00e9szre jogosult v\u00e9grehajt\u00e1st kezdem\u00e9nyez.  <\/p>\n\n<p class=\"wp-block-paragraph\">A jogbiztos \u00e9s teljes k\u00f6r\u0171 \u00e9rv\u00e9nyes\u00edt\u00e9shez \u00fcgyv\u00e9di seg\u00edts\u00e9g javasolt, k\u00fcl\u00f6n\u00f6sen \u00f6sszetett hagyat\u00e9ki viszonyok vagy eltitkolt vagyont\u00e1rgyak eset\u00e9n.<\/p>\n    <div class=\"mr-quote mrbg clearfix\">\n        <a class=\"mr-quote-person\" href=\"\/ueber-uns\/rechtsanwalt-sebastian-riedlmair\/\" title=\"Rechtsanwalt Sebastian Riedlmair\">\n            <img decoding=\"async\" class=\"mr-quote-person-img\" src=\"https:\/\/harlander-partner.eu\/wp-content\/themes\/harlander\/design\/sr100.webp\" width=\"100\"\n                 height=\"100\" loading=\"lazy\" alt=\"Rechtsanwalt Sebastian Riedlmair\">\n            <span class=\"mr-quote-person-text\">\n            Sebastian Riedlmair<br>\n            <span class=\"mr-quote-person-function\">Harlander &amp; Partner Rechtsanw\u00e4lte<\/span>\n        <\/span>\n        <\/a>\n        <span class=\"mr-quote-content\">\u201eWer seinen Pflichtteil sichern will, muss fr\u00fchzeitig handeln und sich nicht auf m\u00fcndliche Zusagen verlassen. Dies gilt besonders dann, wenn Spannungen zwischen den Erben bestehen.\u201c<\/span>\n    <\/div>\n\n<div class=\"wp-block-group\"><div class=\"wp-block-group__inner-container\">\n<div class=\"wp-block-group\"><div class=\"wp-block-group__inner-container\">\n<h2 class=\"wp-block-heading\" id=\"h-falligkeit-des-pflichtteilsanspruchs\">A k\u00f6telesr\u00e9sz-ig\u00e9ny esed\u00e9kess\u00e9ge<\/h2>\n\n\n\n<p class=\"wp-block-paragraph\">A k\u00f6telesr\u00e9sz-ig\u00e9ny az elhunyt szem\u00e9ly hal\u00e1l\u00e1val keletkezik. Ett\u0151l az id\u0151pontt\u00f3l kezdve alapvet\u0151en fenn\u00e1ll a kifizet\u00e9sre vonatkoz\u00f3 ig\u00e9ny. <\/p>\n\n\n\n<p class=\"wp-block-paragraph\">A k\u00f6telesr\u00e9szre jogosultak a p\u00e9nzbeli k\u00f6telesr\u00e9sz kifizet\u00e9s\u00e9t csak a hal\u00e1leset ut\u00e1n egy \u00e9vvel k\u00f6vetelhetik, ahogyan azt a t\u00f6rv\u00e9ny kifejezetten el\u0151\u00edrja. Ez a hat\u00e1rid\u0151 lehet\u0151v\u00e9 teszi az \u00f6r\u00f6k\u00f6s\u00f6k vagy m\u00e1s fizet\u00e9sre k\u00f6telezettek sz\u00e1m\u00e1ra, hogy rendezz\u00e9k a hagyat\u00e9kot \u00e9s el\u0151teremts\u00e9k a sz\u00fcks\u00e9ges eszk\u00f6z\u00f6ket. <\/p>\n\n\n\n<p class=\"wp-block-paragraph\">Ezen \u00e9v eltelt\u00e9vel a k\u00f6telesr\u00e9sz k\u00f6vetelhet\u0151, \u00e9s sz\u00fcks\u00e9g eset\u00e9n b\u00edr\u00f3s\u00e1gi \u00faton \u00e9rv\u00e9nyes\u00edthet\u0151.<\/p>\n\n\n\n<p class=\"wp-block-paragraph\">Ezen fel\u00fcl bizonyos esetekben a kifizet\u00e9s ezen hat\u00e1rid\u0151n t\u00fal is elhalaszthat\u00f3 vagy r\u00e9szletekben teljes\u00edthet\u0151. Ez t\u00f6rt\u00e9nhet az elhunyt v\u00e9grendeleti rendelkez\u00e9se alapj\u00e1n, vagy a fizet\u00e9sre k\u00f6telezett f\u00e9l b\u00edr\u00f3s\u00e1ghoz beny\u00fajtott k\u00e9relm\u00e9re. Ennek felt\u00e9tele mindig az, hogy a halaszt\u00e1s m\u00e9lt\u00e1nyos legyen. A b\u00edr\u00f3s\u00e1g ek\u00f6zben k\u00fcl\u00f6n\u00f6sen a felek gazdas\u00e1gi helyzet\u00e9t \u00e9s a szab\u00e1lyoz\u00e1s m\u00e9lt\u00e1nyoss\u00e1g\u00e1t vizsg\u00e1lja.   <\/p>\n<\/div><\/div>\n<\/div><\/div>\n\n<div class=\"wp-block-group\"><div class=\"wp-block-group__inner-container\">\n<h2 class=\"wp-block-heading\" id=\"h-verjahrung-des-pflichtteilsanspruchs\">A k\u00f6telesr\u00e9sz-ig\u00e9ny el\u00e9v\u00fcl\u00e9se<\/h2>\n\n\n\n<p class=\"wp-block-paragraph\">A k\u00f6telesr\u00e9szre vonatkoz\u00f3 ig\u00e9ny alapvet\u0151en h\u00e1rom \u00e9ven bel\u00fcl el\u00e9v\u00fcl. A hat\u00e1rid\u0151 akkor kezd\u0151dik, amint a k\u00f6telesr\u00e9szre jogosult tudom\u00e1st szerez a hal\u00e1lesetr\u0151l, egy esetleges kitagad\u00e1sr\u00f3l \u00e9s a hagyat\u00e9k terjedelm\u00e9r\u0151l, vagy megfelel\u0151 gondoss\u00e1ggal tudom\u00e1st szerezhetett volna. <\/p>\n\n\n\n<p class=\"wp-block-paragraph\">Emellett l\u00e9tezik egy abszol\u00fat, 30 \u00e9ves el\u00e9v\u00fcl\u00e9si hat\u00e1rid\u0151, amely az elhunyt szem\u00e9ly hal\u00e1l\u00e1val kezd\u0151dik. Ezen hat\u00e1rid\u0151 eltelt\u00e9vel a k\u00f6telesr\u00e9szre jogosult m\u00e1r nem \u00e9rv\u00e9nyes\u00edtheti ig\u00e9ny\u00e9t. <\/p>\n<\/div><\/div>\n\n<h2 class=\"wp-block-heading\" id=\"h-kosten\">K\u00f6lts\u00e9gek<\/h2>\n\n<p class=\"wp-block-paragraph\">A k\u00f6telesr\u00e9sz-ig\u00e9ny \u00e9rv\u00e9nyes\u00edt\u00e9s\u00e9nek k\u00f6lts\u00e9gei t\u00f6bb \u00f6sszetev\u0151b\u0151l \u00e1llnak. Ezek k\u00f6z\u00e9 tartoznak k\u00fcl\u00f6n\u00f6sen a b\u00edr\u00f3s\u00e1gi illet\u00e9kek, az \u00fcgyv\u00e9di d\u00edjak, valamint bizonyos k\u00f6r\u00fclm\u00e9nyek k\u00f6z\u00f6tt a szak\u00e9rt\u0151i k\u00f6lts\u00e9gek, p\u00e9ld\u00e1ul ingatlanok vagy v\u00e1llalati r\u00e9szesed\u00e9sek \u00e9rt\u00e9kel\u00e9se eset\u00e9n. <\/p>\n\n<p class=\"wp-block-paragraph\">Ezen k\u00f6lts\u00e9gek \u00f6sszege az \u00fagynevezett per\u00e9rt\u00e9k alapj\u00e1n alakul. Ez alatt azt a p\u00e9nz\u00f6sszeget \u00e9rtj\u00fck, amelyet a k\u00f6telesr\u00e9szre jogosult perel. Min\u00e9l magasabb az ig\u00e9ny, ann\u00e1l magasabbak az elj\u00e1r\u00e1si k\u00f6lts\u00e9gek is.  <\/p>\n\n<div class=\"wp-block-group\"><div class=\"wp-block-group__inner-container\">\n<div class=\"wp-block-group\"><div class=\"wp-block-group__inner-container\">\n<h2 class=\"wp-block-heading\" id=\"h-ihre-vorteile-mit-anwaltlicher-unterstutzung\">Az \u00d6n el\u0151nyei \u00fcgyv\u00e9di seg\u00edts\u00e9ggel<\/h2>\n\n\n\n<ul class=\"wp-block-list\">\n<li>Annak vizsg\u00e1lata, hogy a kereset sz\u00fcks\u00e9ges vagy c\u00e9lszer\u0171-e<\/li>\n\n\n\n<li>Hat\u00e1rid\u0151 elmulaszt\u00e1s\u00e1nak elker\u00fcl\u00e9se<\/li>\n\n\n\n<li>A k\u00f6telesr\u00e9sz \u00e9rv\u00e9nyes\u00edt\u00e9se<\/li>\n\n\n\n<li>Eltitkolt vagyont\u00e1rgyak felder\u00edt\u00e9se<\/li>\n\n\n\n<li>T\u00e1rgyal\u00e1si er\u0151 megalapozott jogi \u00e9rvel\u00e9ssel<\/li>\n<\/ul>\n<\/div><\/div>\n\n\n<a class=\"mr-cta-link mr-cta-button-cal\" href=\"#h2-booking\" title=\"Ingyenes els\u0151 konzult\u00e1ci\u00f3\"><span class=\"mr-cta-link-normal\">V\u00e1lassza ki az id\u0151pontot most:<\/span><span class=\"mr-cta-link-bold\">Ingyenes els\u0151 konzult\u00e1ci\u00f3<\/span><\/a>\n<\/div><\/div>\n\n<h2 class=\"wp-block-heading\" id=\"h-haufig-gestellte-fragen-faq\">Gyakran ism\u00e9telt k\u00e9rd\u00e9sek \u2013 GYIK<\/h2>\n<div class=\"wp-block-uagb-faq uagb-faq__outer-wrap uagb-block-972c8b74 uagb-faq-icon-row uagb-faq-layout-accordion uagb-faq-expand-first-true uagb-faq-inactive-other-true uagb-faq__wrap uagb-buttons-layout-wrap uagb-faq-equal-height     \" data-faqtoggle=\"true\" role=\"tablist\"><div class=\"wp-block-uagb-faq-child uagb-faq-child__outer-wrap uagb-faq-item uagb-block-6b30bb7b \" role=\"tab\" tabindex=\"0\"><div class=\"uagb-faq-questions-button uagb-faq-questions\">\t\t\t<span class=\"uagb-icon uagb-faq-icon-wrap\">\n\t\t\t\t\t\t\t\t<svg xmlns=\"https:\/\/www.w3.org\/2000\/svg\" viewBox= \"0 0 448 512\"><path d=\"M432 256c0 17.69-14.33 32.01-32 32.01H256v144c0 17.69-14.33 31.99-32 31.99s-32-14.3-32-31.99v-144H48c-17.67 0-32-14.32-32-32.01s14.33-31.99 32-31.99H192v-144c0-17.69 14.33-32.01 32-32.01s32 14.32 32 32.01v144h144C417.7 224 432 238.3 432 256z\"><\/path><\/svg>\n\t\t\t\t\t\t\t<\/span>\n\t\t\t\t\t\t<span class=\"uagb-icon-active uagb-faq-icon-wrap\">\n\t\t\t\t\t\t\t\t<svg xmlns=\"https:\/\/www.w3.org\/2000\/svg\" viewBox= \"0 0 448 512\"><path d=\"M400 288h-352c-17.69 0-32-14.32-32-32.01s14.31-31.99 32-31.99h352c17.69 0 32 14.3 32 31.99S417.7 288 400 288z\"><\/path><\/svg>\n\t\t\t\t\t\t\t<\/span>\n\t\t\t<span class=\"uagb-question\">Ki ny\u00fajthat be k\u00f6telesr\u00e9sz-keresetet?<\/span><\/div><div class=\"uagb-faq-content\"><p>K\u00f6telesr\u00e9szre jogosultak \u00e1ltal\u00e1ban az elhunyt gyermekei \u00e9s h\u00e1zast\u00e1rsa vagy bejegyzett \u00e9lett\u00e1rsa. Kereset akkor lehets\u00e9ges, ha nincs \u00e9rv\u00e9nyes kitagad\u00e1s vagy k\u00f6telesr\u00e9szr\u0151l val\u00f3 lemond\u00e1s, \u00e9s a k\u00f6telesr\u00e9szt nem fizetik ki \u00f6nk\u00e9nt. <\/p><\/div><\/div><div class=\"wp-block-uagb-faq-child uagb-faq-child__outer-wrap uagb-faq-item uagb-block-5426c70c \" role=\"tab\" tabindex=\"0\"><div class=\"uagb-faq-questions-button uagb-faq-questions\">\t\t\t<span class=\"uagb-icon uagb-faq-icon-wrap\">\n\t\t\t\t\t\t\t\t<svg xmlns=\"https:\/\/www.w3.org\/2000\/svg\" viewBox= \"0 0 448 512\"><path d=\"M432 256c0 17.69-14.33 32.01-32 32.01H256v144c0 17.69-14.33 31.99-32 31.99s-32-14.3-32-31.99v-144H48c-17.67 0-32-14.32-32-32.01s14.33-31.99 32-31.99H192v-144c0-17.69 14.33-32.01 32-32.01s32 14.32 32 32.01v144h144C417.7 224 432 238.3 432 256z\"><\/path><\/svg>\n\t\t\t\t\t\t\t<\/span>\n\t\t\t\t\t\t<span class=\"uagb-icon-active uagb-faq-icon-wrap\">\n\t\t\t\t\t\t\t\t<svg xmlns=\"https:\/\/www.w3.org\/2000\/svg\" viewBox= \"0 0 448 512\"><path d=\"M400 288h-352c-17.69 0-32-14.32-32-32.01s14.31-31.99 32-31.99h352c17.69 0 32 14.3 32 31.99S417.7 288 400 288z\"><\/path><\/svg>\n\t\t\t\t\t\t\t<\/span>\n\t\t\t<span class=\"uagb-question\">Mikor sz\u00fcks\u00e9ges a k\u00f6telesr\u00e9sz-kereset?<\/span><\/div><div class=\"uagb-faq-content\"><p>Kereset akkor v\u00e1lik sz\u00fcks\u00e9gess\u00e9, ha a k\u00f6telesr\u00e9szt felsz\u00f3l\u00edt\u00e1s ellen\u00e9re sem fizetik ki, vita \u00e1ll fenn az ig\u00e9ny \u00f6sszeg\u00e9r\u0151l, vagy vagyont\u00e1rgyakat eltitkolnak. Jogtalan kitagad\u00e1sok eset\u00e9n is sz\u00fcks\u00e9gess\u00e9 v\u00e1lik a kereset. <\/p><\/div><\/div><div class=\"wp-block-uagb-faq-child uagb-faq-child__outer-wrap uagb-faq-item uagb-block-8f2d7e56 \" role=\"tab\" tabindex=\"0\"><div class=\"uagb-faq-questions-button uagb-faq-questions\">\t\t\t<span class=\"uagb-icon uagb-faq-icon-wrap\">\n\t\t\t\t\t\t\t\t<svg xmlns=\"https:\/\/www.w3.org\/2000\/svg\" viewBox= \"0 0 448 512\"><path d=\"M432 256c0 17.69-14.33 32.01-32 32.01H256v144c0 17.69-14.33 31.99-32 31.99s-32-14.3-32-31.99v-144H48c-17.67 0-32-14.32-32-32.01s14.33-31.99 32-31.99H192v-144c0-17.69 14.33-32.01 32-32.01s32 14.32 32 32.01v144h144C417.7 224 432 238.3 432 256z\"><\/path><\/svg>\n\t\t\t\t\t\t\t<\/span>\n\t\t\t\t\t\t<span class=\"uagb-icon-active uagb-faq-icon-wrap\">\n\t\t\t\t\t\t\t\t<svg xmlns=\"https:\/\/www.w3.org\/2000\/svg\" viewBox= \"0 0 448 512\"><path d=\"M400 288h-352c-17.69 0-32-14.32-32-32.01s14.31-31.99 32-31.99h352c17.69 0 32 14.3 32 31.99S417.7 288 400 288z\"><\/path><\/svg>\n\t\t\t\t\t\t\t<\/span>\n\t\t\t<span class=\"uagb-question\">Hogyan zajlik egy k\u00f6telesr\u00e9sz-elj\u00e1r\u00e1s?<\/span><\/div><div class=\"uagb-faq-content\"><p>El\u0151sz\u00f6r peren k\u00edv\u00fcl \u00e9rv\u00e9nyes\u00edtik az ig\u00e9nyt. Ha nem t\u00f6rt\u00e9nik kifizet\u00e9s, kereset ny\u00fajthat\u00f3 be az illet\u00e9kes polg\u00e1ri b\u00edr\u00f3s\u00e1ghoz. Az elj\u00e1r\u00e1s sor\u00e1n felm\u00e9rik a hagyat\u00e9kot, az ig\u00e9ny \u00f6sszeg\u00e9t \u00e9s a jogosults\u00e1got. \u00cdt\u00e9let ut\u00e1n t\u00f6rt\u00e9nik a kifizet\u00e9s vagy a v\u00e9grehajt\u00e1s.   <\/p><\/div><\/div><div class=\"wp-block-uagb-faq-child uagb-faq-child__outer-wrap uagb-faq-item uagb-block-db01c842 \" role=\"tab\" tabindex=\"0\"><div class=\"uagb-faq-questions-button uagb-faq-questions\">\t\t\t<span class=\"uagb-icon uagb-faq-icon-wrap\">\n\t\t\t\t\t\t\t\t<svg xmlns=\"https:\/\/www.w3.org\/2000\/svg\" viewBox= \"0 0 448 512\"><path d=\"M432 256c0 17.69-14.33 32.01-32 32.01H256v144c0 17.69-14.33 31.99-32 31.99s-32-14.3-32-31.99v-144H48c-17.67 0-32-14.32-32-32.01s14.33-31.99 32-31.99H192v-144c0-17.69 14.33-32.01 32-32.01s32 14.32 32 32.01v144h144C417.7 224 432 238.3 432 256z\"><\/path><\/svg>\n\t\t\t\t\t\t\t<\/span>\n\t\t\t\t\t\t<span class=\"uagb-icon-active uagb-faq-icon-wrap\">\n\t\t\t\t\t\t\t\t<svg xmlns=\"https:\/\/www.w3.org\/2000\/svg\" viewBox= \"0 0 448 512\"><path d=\"M400 288h-352c-17.69 0-32-14.32-32-32.01s14.31-31.99 32-31.99h352c17.69 0 32 14.3 32 31.99S417.7 288 400 288z\"><\/path><\/svg>\n\t\t\t\t\t\t\t<\/span>\n\t\t\t<span class=\"uagb-question\">Hogyan sz\u00e1m\u00edtj\u00e1k ki a k\u00f6telesr\u00e9szt?<\/span><\/div><div class=\"uagb-faq-content\"><p>A k\u00f6telesr\u00e9sz a t\u00f6rv\u00e9nyes \u00f6r\u00f6kr\u00e9sz fel\u00e9nek megfelel\u0151 p\u00e9nzbeni ig\u00e9ny. Alapja a tiszta hagyat\u00e9k, azaz az elhunyt vagyona a tartoz\u00e1sok levon\u00e1sa ut\u00e1n. Az \u00e9let\u00e9ben tett aj\u00e1nd\u00e9koz\u00e1sok is n\u00f6velhetik az ig\u00e9nyt.  <\/p><\/div><\/div><div class=\"wp-block-uagb-faq-child uagb-faq-child__outer-wrap uagb-faq-item uagb-block-0bcc88f9 \" role=\"tab\" tabindex=\"0\"><div class=\"uagb-faq-questions-button uagb-faq-questions\">\t\t\t<span class=\"uagb-icon uagb-faq-icon-wrap\">\n\t\t\t\t\t\t\t\t<svg xmlns=\"https:\/\/www.w3.org\/2000\/svg\" viewBox= \"0 0 448 512\"><path d=\"M432 256c0 17.69-14.33 32.01-32 32.01H256v144c0 17.69-14.33 31.99-32 31.99s-32-14.3-32-31.99v-144H48c-17.67 0-32-14.32-32-32.01s14.33-31.99 32-31.99H192v-144c0-17.69 14.33-32.01 32-32.01s32 14.32 32 32.01v144h144C417.7 224 432 238.3 432 256z\"><\/path><\/svg>\n\t\t\t\t\t\t\t<\/span>\n\t\t\t\t\t\t<span class=\"uagb-icon-active uagb-faq-icon-wrap\">\n\t\t\t\t\t\t\t\t<svg xmlns=\"https:\/\/www.w3.org\/2000\/svg\" viewBox= \"0 0 448 512\"><path d=\"M400 288h-352c-17.69 0-32-14.32-32-32.01s14.31-31.99 32-31.99h352c17.69 0 32 14.3 32 31.99S417.7 288 400 288z\"><\/path><\/svg>\n\t\t\t\t\t\t\t<\/span>\n\t\t\t<span class=\"uagb-question\">Milyen hat\u00e1rid\u0151k vonatkoznak a k\u00f6telesr\u00e9sz-keresetre?<\/span><\/div><div class=\"uagb-faq-content\"><p>A kifizet\u00e9s legkor\u00e1bban a hal\u00e1leset ut\u00e1n egy \u00e9vvel k\u00f6vetelhet\u0151. Az el\u00e9v\u00fcl\u00e9s h\u00e1rom \u00e9v a hal\u00e1l \u00e9s a k\u00f6r\u00fclm\u00e9nyek tudom\u00e1sulv\u00e9tel\u00e9t\u0151l sz\u00e1m\u00edtva. Egy abszol\u00fat, 30 \u00e9ves hat\u00e1rid\u0151 a hal\u00e1llal kezd\u0151dik.  <\/p><\/div><\/div><div class=\"wp-block-uagb-faq-child uagb-faq-child__outer-wrap uagb-faq-item uagb-block-892ad507 \" role=\"tab\" tabindex=\"0\"><div class=\"uagb-faq-questions-button uagb-faq-questions\">\t\t\t<span class=\"uagb-icon uagb-faq-icon-wrap\">\n\t\t\t\t\t\t\t\t<svg xmlns=\"https:\/\/www.w3.org\/2000\/svg\" viewBox= \"0 0 448 512\"><path d=\"M432 256c0 17.69-14.33 32.01-32 32.01H256v144c0 17.69-14.33 31.99-32 31.99s-32-14.3-32-31.99v-144H48c-17.67 0-32-14.32-32-32.01s14.33-31.99 32-31.99H192v-144c0-17.69 14.33-32.01 32-32.01s32 14.32 32 32.01v144h144C417.7 224 432 238.3 432 256z\"><\/path><\/svg>\n\t\t\t\t\t\t\t<\/span>\n\t\t\t\t\t\t<span class=\"uagb-icon-active uagb-faq-icon-wrap\">\n\t\t\t\t\t\t\t\t<svg xmlns=\"https:\/\/www.w3.org\/2000\/svg\" viewBox= \"0 0 448 512\"><path d=\"M400 288h-352c-17.69 0-32-14.32-32-32.01s14.31-31.99 32-31.99h352c17.69 0 32 14.3 32 31.99S417.7 288 400 288z\"><\/path><\/svg>\n\t\t\t\t\t\t\t<\/span>\n\t\t\t<span class=\"uagb-question\">Milyen k\u00f6lts\u00e9gek mer\u00fclnek fel egy k\u00f6telesr\u00e9sz-kereset eset\u00e9n?<\/span><\/div><div class=\"uagb-faq-content\"><p>A k\u00f6lts\u00e9gek a per\u00e9rt\u00e9kt\u0151l f\u00fcggenek. Figyelembe kell venni a b\u00edr\u00f3s\u00e1gi illet\u00e9keket, az \u00fcgyv\u00e9di d\u00edjakat \u00e9s adott esetben a szak\u00e9rt\u0151i d\u00edjakat. A kereset sikeress\u00e9ge eset\u00e9n ezeket r\u00e9szben az ellenf\u00e9l viselheti.  <\/p><\/div><\/div><div class=\"wp-block-uagb-faq-child uagb-faq-child__outer-wrap uagb-faq-item uagb-block-be114539 \" role=\"tab\" tabindex=\"0\"><div class=\"uagb-faq-questions-button uagb-faq-questions\">\t\t\t<span class=\"uagb-icon uagb-faq-icon-wrap\">\n\t\t\t\t\t\t\t\t<svg xmlns=\"https:\/\/www.w3.org\/2000\/svg\" viewBox= \"0 0 448 512\"><path d=\"M432 256c0 17.69-14.33 32.01-32 32.01H256v144c0 17.69-14.33 31.99-32 31.99s-32-14.3-32-31.99v-144H48c-17.67 0-32-14.32-32-32.01s14.33-31.99 32-31.99H192v-144c0-17.69 14.33-32.01 32-32.01s32 14.32 32 32.01v144h144C417.7 224 432 238.3 432 256z\"><\/path><\/svg>\n\t\t\t\t\t\t\t<\/span>\n\t\t\t\t\t\t<span class=\"uagb-icon-active uagb-faq-icon-wrap\">\n\t\t\t\t\t\t\t\t<svg xmlns=\"https:\/\/www.w3.org\/2000\/svg\" viewBox= \"0 0 448 512\"><path d=\"M400 288h-352c-17.69 0-32-14.32-32-32.01s14.31-31.99 32-31.99h352c17.69 0 32 14.3 32 31.99S417.7 288 400 288z\"><\/path><\/svg>\n\t\t\t\t\t\t\t<\/span>\n\t\t\t<span class=\"uagb-question\">Mi\u00e9rt aj\u00e1nlott az \u00fcgyv\u00e9di seg\u00edts\u00e9g?<\/span><\/div><div class=\"uagb-faq-content\"><p>Egy \u00fcgyv\u00e9d biztos\u00edtja az ig\u00e9ny hat\u00e1rid\u0151ben t\u00f6rt\u00e9n\u0151 \u00e9s teljes k\u00f6r\u0171 \u00e9rv\u00e9nyes\u00edt\u00e9s\u00e9t, felismeri a megengedhetetlen kitagad\u00e1sokat, \u00e9rt\u00e9keli az \u00f6sszetett hagyat\u00e9kokat, \u00e9s sz\u00fcks\u00e9g eset\u00e9n az elj\u00e1r\u00e1s sor\u00e1n is v\u00e9di az \u00d6n \u00e9rdekeit.<\/p><\/div><\/div><\/div>","protected":false},"excerpt":{"rendered":"K\u00f6telesr\u00e9sz-kereset A k\u00f6telesr\u00e9sz-kereset az a jogi eszk\u00f6z, amellyel a t\u00f6rv\u00e9nyes k\u00f6telesr\u00e9sz k\u00f6vetelhet\u0151, ha azt v\u00e9grendelet vagy az \u00f6r\u00f6k\u00f6s\u00f6k magatart\u00e1sa miatt nem fizetik ki. Ausztri\u00e1ban a k\u00f6zeli hozz\u00e1tartoz\u00f3knak, mint p\u00e9ld\u00e1ul a &#8230;","protected":false},"author":25,"featured_media":47776,"parent":43416,"menu_order":5,"comment_status":"closed","ping_status":"closed","template":"","meta":{"_acf_changed":false,"_uag_custom_page_level_css":"","footnotes":""},"categories":[747],"tags":[],"class_list":["post-47773","page","type-page","status-publish","has-post-thumbnail","hentry","category-oeroeklesi-jog-elogondoskodas"],"acf":[],"uagb_featured_image_src":{"full":["https:\/\/harlander-partner.eu\/wp-content\/uploads\/pflichtteilsklage.webp",1920,1080,false],"thumbnail":["https:\/\/harlander-partner.eu\/wp-content\/uploads\/pflichtteilsklage-100x100.webp",100,100,true],"medium":["https:\/\/harlander-partner.eu\/wp-content\/uploads\/pflichtteilsklage-800x450.webp",800,450,true],"medium_large":["https:\/\/harlander-partner.eu\/wp-content\/uploads\/pflichtteilsklage.webp",1920,1080,false],"large":["https:\/\/harlander-partner.eu\/wp-content\/uploads\/pflichtteilsklage.webp",1920,1080,false],"1536x1536":["https:\/\/harlander-partner.eu\/wp-content\/uploads\/pflichtteilsklage.webp",1536,864,false],"2048x2048":["https:\/\/harlander-partner.eu\/wp-content\/uploads\/pflichtteilsklage.webp",1920,1080,false],"336x":["https:\/\/harlander-partner.eu\/wp-content\/uploads\/pflichtteilsklage-336x189.webp",336,189,true],"352x":["https:\/\/harlander-partner.eu\/wp-content\/uploads\/pflichtteilsklage-352x198.webp",352,198,true],"woocommerce_thumbnail":["https:\/\/harlander-partner.eu\/wp-content\/uploads\/pflichtteilsklage-300x300.webp",300,300,true],"woocommerce_single":["https:\/\/harlander-partner.eu\/wp-content\/uploads\/pflichtteilsklage-600x338.webp",600,338,true],"woocommerce_gallery_thumbnail":["https:\/\/harlander-partner.eu\/wp-content\/uploads\/pflichtteilsklage-100x100.webp",100,100,true],"yarpp-thumbnail":["https:\/\/harlander-partner.eu\/wp-content\/uploads\/pflichtteilsklage-120x120.webp",120,120,true]},"uagb_author_info":{"display_name":"Simon Prem","author_link":"https:\/\/harlander-partner.eu\/hu\/author\/simon-prem\/"},"uagb_comment_info":0,"uagb_excerpt":"K\u00f6telesr\u00e9sz-kereset A k\u00f6telesr\u00e9sz-kereset az a jogi eszk\u00f6z, amellyel a t\u00f6rv\u00e9nyes k\u00f6telesr\u00e9sz k\u00f6vetelhet\u0151, ha azt v\u00e9grendelet vagy az \u00f6r\u00f6k\u00f6s\u00f6k magatart\u00e1sa miatt nem fizetik ki. Ausztri\u00e1ban a k\u00f6zeli hozz\u00e1tartoz\u00f3knak, mint p\u00e9ld\u00e1ul a ...","_links":{"self":[{"href":"https:\/\/harlander-partner.eu\/hu\/wp-json\/wp\/v2\/pages\/47773","targetHints":{"allow":["GET"]}}],"collection":[{"href":"https:\/\/harlander-partner.eu\/hu\/wp-json\/wp\/v2\/pages"}],"about":[{"href":"https:\/\/harlander-partner.eu\/hu\/wp-json\/wp\/v2\/types\/page"}],"author":[{"embeddable":true,"href":"https:\/\/harlander-partner.eu\/hu\/wp-json\/wp\/v2\/users\/25"}],"replies":[{"embeddable":true,"href":"https:\/\/harlander-partner.eu\/hu\/wp-json\/wp\/v2\/comments?post=47773"}],"version-history":[{"count":0,"href":"https:\/\/harlander-partner.eu\/hu\/wp-json\/wp\/v2\/pages\/47773\/revisions"}],"up":[{"embeddable":true,"href":"https:\/\/harlander-partner.eu\/hu\/wp-json\/wp\/v2\/pages\/43416"}],"wp:featuredmedia":[{"embeddable":true,"href":"https:\/\/harlander-partner.eu\/hu\/wp-json\/wp\/v2\/media\/47776"}],"wp:attachment":[{"href":"https:\/\/harlander-partner.eu\/hu\/wp-json\/wp\/v2\/media?parent=47773"}],"wp:term":[{"taxonomy":"category","embeddable":true,"href":"https:\/\/harlander-partner.eu\/hu\/wp-json\/wp\/v2\/categories?post=47773"},{"taxonomy":"post_tag","embeddable":true,"href":"https:\/\/harlander-partner.eu\/hu\/wp-json\/wp\/v2\/tags?post=47773"}],"curies":[{"name":"wp","href":"https:\/\/api.w.org\/{rel}","templated":true}]}}