{"id":47174,"date":"2025-07-21T11:30:56","date_gmt":"2025-07-21T09:30:56","guid":{"rendered":"https:\/\/harlander-partner.eu\/oroklesi-jog-vagyonrendezes\/halaleseti-ajandekozas\/"},"modified":"2025-11-25T14:08:18","modified_gmt":"2025-11-25T13:08:18","slug":"halaleseti-ajandekozas","status":"publish","type":"page","link":"https:\/\/harlander-partner.eu\/hu\/oroklesi-jog-vagyonrendezes\/halaleseti-ajandekozas\/","title":{"rendered":"Hal\u00e1leseti aj\u00e1nd\u00e9koz\u00e1s"},"content":{"rendered":"\n<div class=\"wp-block-yoast-seo-table-of-contents yoast-table-of-contents\"><h2>Hal\u00e1leseti aj\u00e1nd\u00e9koz\u00e1s<\/h2><ul><li><a href=\"#h-schenkung-auf-den-todesfall\" data-level=\"2\">Hal\u00e1leseti aj\u00e1nd\u00e9koz\u00e1s<\/a><\/li><li><a href=\"#h-gesetzliche-grundlage-der-schenkung-auf-den-todesfall\" data-level=\"2\">A hal\u00e1leseti aj\u00e1nd\u00e9koz\u00e1s jogszab\u00e1lyi alapja<\/a><\/li><li><a href=\"#h-wirkungen-vor-dem-tod\" data-level=\"2\">Joghat\u00e1sok a hal\u00e1l el\u0151tt<\/a><\/li><li><a href=\"#h-wirkungen-nach-dem-tod\" data-level=\"2\">Joghat\u00e1sok a hal\u00e1l ut\u00e1n<\/a><\/li><li><a href=\"#h-steuerliche-behandlung\" data-level=\"2\">Ad\u00f3z\u00e1si kezel\u00e9s<\/a><\/li><li><a href=\"#h-pflichtteilsrecht-und-das-freie-viertel\" data-level=\"2\">K\u00f6telesr\u00e9sz joga \u00e9s a \u201eszabad negyed\u201d<\/a><\/li><li><a href=\"#h-schenkungsgegenstand\" data-level=\"2\">Aj\u00e1nd\u00e9koz\u00e1s t\u00e1rgya<\/a><\/li><li><a href=\"#h-grundbuchseintragung-der-schenkung-auf-den-todesfall\" data-level=\"2\">A hal\u00e1leseti aj\u00e1nd\u00e9koz\u00e1s ingatlan-nyilv\u00e1ntart\u00e1si bejegyz\u00e9se<\/a><\/li><li><a href=\"#h-auswirkung-auf-pflichtteilsanspruche\" data-level=\"2\">Kihat\u00e1s a k\u00f6telesr\u00e9sz-ig\u00e9nyekre<\/a><\/li><li><a href=\"#h-rechtsposition-des-geschenkgebers\" data-level=\"2\">Az aj\u00e1nd\u00e9koz\u00f3 jog\u00e1ll\u00e1sa<\/a><\/li><li><a href=\"#h-rechtsposition-des-geschenknehmers\" data-level=\"2\">A megaj\u00e1nd\u00e9kozott jog\u00e1ll\u00e1sa<\/a><\/li><li><a href=\"#h-unterschiede-zu-anderen-formen-der-vermogensubertragung\" data-level=\"2\">K\u00fcl\u00f6nbs\u00e9gek a vagyon\u00e1truh\u00e1z\u00e1s egy\u00e9b form\u00e1ihoz k\u00e9pest<\/a><ul><li><a href=\"#h-testament\" data-level=\"3\">V\u00e9grendelet<\/a><\/li><li><a href=\"#h-erbvertrag\" data-level=\"3\">\u00d6r\u00f6kl\u00e9si szerz\u0151d\u00e9s<\/a><\/li><li><a href=\"#h-ubergabe-auf-den-todesfall\" data-level=\"3\">Hal\u00e1leseti \u00e1tad\u00e1s<\/a><\/li><li><a href=\"#h-auftrag-auf-den-todesfall\" data-level=\"3\">Hal\u00e1leseti megb\u00edz\u00e1s<\/a><\/li><li><a href=\"#h-schulderlass-auf-den-todesfall\" data-level=\"3\">Hal\u00e1leseti tartoz\u00e1selenged\u00e9s<\/a><\/li><li><a href=\"#h-schenkung-mit-aufschiebender-bedingung\" data-level=\"3\">Halaszt\u00f3 felt\u00e9telhez k\u00f6t\u00f6tt aj\u00e1nd\u00e9koz\u00e1s<\/a><\/li><li><a href=\"#h-schenkung-unter-zuruckbehaltung-von-rechten-0\" data-level=\"3\">Jogok fenntart\u00e1s\u00e1val t\u00f6rt\u00e9n\u0151 aj\u00e1nd\u00e9koz\u00e1s<\/a><\/li><\/ul><\/li><li><a href=\"#h-ihre-vorteile-mit-anwaltlicher-unterstutzung\" data-level=\"2\">Az \u00d6n el\u0151nyei \u00fcgyv\u00e9di seg\u00edts\u00e9ggel<\/a><\/li><li><a href=\"#h-haufig-gestellte-fragen-faq\" data-level=\"2\">Gyakran ism\u00e9telt k\u00e9rd\u00e9sek \u2013 GYIK<\/a><\/li><\/ul><\/div>\n\n<h2 class=\"wp-block-heading\" id=\"h-schenkung-auf-den-todesfall\">Hal\u00e1leseti aj\u00e1nd\u00e9koz\u00e1s<\/h2>\n\n<div class=\"wp-block-uagb-container uagb-block-3019fe8e alignfull uagb-is-root-container\">\n<div class=\"wp-block-uagb-container uagb-block-32585033\">\n<p class=\"wp-block-paragraph\">Aki \u00e9let\u00e9ben tiszta viszonyokat akar teremteni, gyakran v\u00e9grendelethez folyamodik. Azonban nem mindig a v\u00e9gint\u00e9zked\u00e9s a helyes \u00fat. A <strong>hal\u00e1leseti aj\u00e1nd\u00e9koz\u00e1s<\/strong> (<a href=\"https:\/\/www.ris.bka.gv.at\/NormDokument.wxe?Abfrage=Bundesnormen&amp;Gesetzesnummer=10001622&amp;Artikel=&amp;Paragraf=603&amp;Anlage=&amp;Uebergangsrecht=\">\u00a7\u202f603 ABGB<\/a>) <strong>k\u00f6telez\u0151, de rugalmas alternat\u00edv\u00e1t<\/strong> k\u00edn\u00e1l arra, hogy kiv\u00e1lasztott vagyon\u00e9rt\u00e9keket c\u00e9lzottan ruh\u00e1zzanak \u00e1t, melynek hat\u00e1lya <strong>csak a hal\u00e1l id\u0151pontj\u00e1t\u00f3l<\/strong> \u00e9rv\u00e9nyes\u00fcl, de m\u00e1r \u00e9let\u00e9ben jogilag k\u00f6telez\u0151en rendezett.  <\/p>\n<\/div>\n\n\n\n<div class=\"wp-block-uagb-container uagb-block-45819ab6\"><picture>\r\n\t\t<source srcset=\"https:\/\/harlander-partner.eu\/wp-content\/uploads\/Schenkung-auf-den-Todesfall-352x198.webp\" >\r\n\t\t<img decoding=\"async\" class=\"mr-picture-small\" src=\"https:\/\/harlander-partner.eu\/wp-content\/uploads\/Schenkung-auf-den-Todesfall.webp\" alt=\"A hal\u00e1leseti aj\u00e1nd\u00e9koz\u00e1s egy k\u00f6zjegyz\u0151i okiratba foglalt szerz\u0151d\u00e9s, amellyel a vagyon\u00e9rt\u00e9kek csak a hal\u00e1l ut\u00e1n ker\u00fclnek \u00e1truh\u00e1z\u00e1sra.\" >\r\n\t<\/picture>\n<\/div>\n<\/div>\n\n<p class=\"wp-block-paragraph\">A hal\u00e1leseti aj\u00e1nd\u00e9koz\u00e1s egy <strong>k\u00e9toldal\u00fa aj\u00e1nd\u00e9koz\u00e1si szerz\u0151d\u00e9s<\/strong>, amelyet m\u00e1r \u00e9let\u00e9ben megk\u00f6tnek. Az aj\u00e1nd\u00e9koz\u00f3 k\u00f6telezi mag\u00e1t, hogy a megaj\u00e1nd\u00e9kozottnak egy bizonyos t\u00e1rgyat <g id=\"gid_1\">csak a hal\u00e1la ut\u00e1n ingyenesen \u00e1truh\u00e1z<\/g>. Addig az aj\u00e1nd\u00e9koz\u00f3 megtartja a teljes rendelkez\u00e9si jogot.  <\/p>\n\n<p class=\"wp-block-paragraph\">A v\u00e9grendelettel ellent\u00e9tben ez a rendelkez\u00e9s <strong>nem egyoldal\u00faan visszavonhat\u00f3<\/strong>. A megaj\u00e1nd\u00e9kozott a szerz\u0151d\u00e9s megk\u00f6t\u00e9s\u00e9vel egy \u00e9rv\u00e9nyes\u00edthet\u0151 ig\u00e9nyt szerez, amely <g id=\"gid_1\">csak a hal\u00e1llal<\/g> v\u00e1lik esed\u00e9kess\u00e9. \u00d6r\u00f6kl\u00e9s eset\u00e9n <strong>nem \u00f6r\u00f6k\u00f6snek<\/strong>, hanem <strong>hagyat\u00e9ki hitelez\u0151nek<\/strong> min\u0151s\u00fcl.  <\/p>\n\n<h2 class=\"wp-block-heading\" id=\"h-gesetzliche-grundlage-der-schenkung-auf-den-todesfall\">A hal\u00e1leseti aj\u00e1nd\u00e9koz\u00e1s jogszab\u00e1lyi alapja<\/h2>\n\n<p class=\"wp-block-paragraph\">A hal\u00e1leseti aj\u00e1nd\u00e9koz\u00e1s az osztr\u00e1k \u00f6r\u00f6kl\u00e9si jogban 2017 \u00f3ta <strong>kifejezetten szab\u00e1lyozott<\/strong>. A <a href=\"https:\/\/www.ris.bka.gv.at\/NormDokument.wxe?Abfrage=Bundesnormen&amp;Gesetzesnummer=10001622&amp;Artikel=&amp;Paragraf=603&amp;Anlage=&amp;Uebergangsrecht=\">\u00a7\u202f603 ABGB<\/a> szerint egy \u00e9l\u0151k k\u00f6z\u00f6tt alap\u00edtott, de halaszt\u00f3 felt\u00e9telhez k\u00f6t\u00f6tt jog\u00fcgyletr\u0151l van sz\u00f3. <\/p>\n\n<p class=\"wp-block-paragraph\">Ahhoz, hogy egy ilyen aj\u00e1nd\u00e9koz\u00e1s <strong>\u00e9rv\u00e9nyes<\/strong> legyen, a k\u00f6vetkez\u0151 felt\u00e9teleknek kell teljes\u00fclni\u00fck:<\/p>\n\n<ul class=\"wp-block-list\">\n<li><strong>Szerz\u0151d\u00e9s elfogad\u00e1ssal<\/strong>: Sz\u00fcks\u00e9ges az aj\u00e1nd\u00e9koz\u00f3 \u00e9s a megaj\u00e1nd\u00e9kozott k\u00f6z\u00f6tti akaratmegegyez\u00e9s.<\/li>\n\n\n\n<li><strong>K\u00f6zjegyz\u0151i okirat form\u00e1ja<\/strong>: Az eg\u00e9sz szerz\u0151d\u00e9s \u2013 bele\u00e9rtve az elfogad\u00e1st is \u2013 k\u00f6zjegyz\u0151i okiratba kell foglalni. A k\u00e9s\u0151bbi szerz\u0151d\u00e9sm\u00f3dos\u00edt\u00e1sok is k\u00f6zjegyz\u0151i okirati form\u00e1t ig\u00e9nyelnek. <\/li>\n\n\n\n<li><strong>Nincs visszavon\u00e1si fenntart\u00e1s<\/strong>: Az aj\u00e1nd\u00e9koz\u00f3 nem tarthat fenn \u00e1ltal\u00e1nos visszavon\u00e1si jogot. Egy szerz\u0151d\u00e9ses el\u00e1ll\u00e1si z\u00e1rad\u00e9k \u00e9rv\u00e9nytelenn\u00e9 teszi az aj\u00e1nd\u00e9koz\u00e1st. <\/li>\n<\/ul>\n\n<p class=\"wp-block-paragraph\">Ha ezek a felt\u00e9telek teljes\u00fclnek, akkor egy <strong>jogilag k\u00f6telez\u0151 vagyonjuttat\u00e1sr\u00f3l<\/strong> van sz\u00f3, amely automatikusan a hal\u00e1lesettel v\u00e1lik hat\u00e1lyoss\u00e1.<\/p>\n    <div class=\"mr-quote mrbg clearfix\">\n        <a class=\"mr-quote-person\" href=\"\/ueber-uns\/rechtsanwalt-sebastian-riedlmair\/\" title=\"Rechtsanwalt Sebastian Riedlmair\">\n            <img decoding=\"async\" class=\"mr-quote-person-img\" src=\"https:\/\/harlander-partner.eu\/wp-content\/themes\/harlander\/design\/sr100.webp\" width=\"100\"\n                 height=\"100\" loading=\"lazy\" alt=\"Rechtsanwalt Sebastian Riedlmair\">\n            <span class=\"mr-quote-person-text\">\n            Sebastian Riedlmair<br>\n            <span class=\"mr-quote-person-function\">Harlander &amp; Partner Rechtsanw\u00e4lte<\/span>\n        <\/span>\n        <\/a>\n        <span class=\"mr-quote-content\">\u201eGerade bei gr\u00f6\u00dferen Verm\u00f6genswerten ist die notarielle Gestaltung einer Schenkung auf den Todesfall oft die rechtssicherste L\u00f6sung, insbesondere dann, wenn ein Testament angreifbar w\u00e4re\u201c<\/span>\n    <\/div>\n<a class=\"mr-cta-link mr-cta-button-cal\" href=\"#h2-booking\" title=\"Ingyenes els\u0151 konzult\u00e1ci\u00f3\"><span class=\"mr-cta-link-normal\">V\u00e1lassza ki az id\u0151pontot most:<\/span><span class=\"mr-cta-link-bold\">Ingyenes els\u0151 konzult\u00e1ci\u00f3<\/span><\/a>\n\n<h2 class=\"wp-block-heading\" id=\"h-wirkungen-vor-dem-tod\">Joghat\u00e1sok a hal\u00e1l el\u0151tt<\/h2>\n\n<p class=\"wp-block-paragraph\">A k\u00f6telez\u0151 hat\u00e1ly ellen\u00e9re az aj\u00e1nd\u00e9koz\u00f3 marad az \u00edg\u00e9rt dolog <strong>tulajdonosa<\/strong>, \u00e9s azt alapvet\u0151en tov\u00e1bbra is haszn\u00e1lhatja, pl. b\u00e9rbe adhatja vagy hasznos\u00edthatja. Azonban <strong>nem tehet semmit, ami meghi\u00fas\u00edtja a szerz\u0151d\u00e9s teljes\u00edt\u00e9s\u00e9t<\/strong>, p\u00e9ld\u00e1ul elaj\u00e1nd\u00e9kozhatja vagy eladhatja a t\u00e1rgyat. Ha m\u00e9gis harmadik f\u00e9l r\u00e9sz\u00e9re t\u00f6rt\u00e9nik rendelkez\u00e9s, a megaj\u00e1nd\u00e9kozottnak <strong>k\u00e1rt\u00e9r\u00edt\u00e9si ig\u00e9nye<\/strong> keletkezik a hagyat\u00e9k ellen. <\/p>\n\n<h2 class=\"wp-block-heading\" id=\"h-wirkungen-nach-dem-tod\">Joghat\u00e1sok a hal\u00e1l ut\u00e1n<\/h2>\n\n<p class=\"wp-block-paragraph\">Az aj\u00e1nd\u00e9koz\u00f3 hal\u00e1l\u00e1val v\u00e1lik esed\u00e9kess\u00e9 a k\u00f6telezetts\u00e9g: A megaj\u00e1nd\u00e9kozottnak most m\u00e1r <strong>\u00e9rv\u00e9nyes\u00edthet\u0151 kiad\u00e1si ig\u00e9nye<\/strong> van. Nem kell \u00f6r\u00f6k\u00f6snek lennie, hanem a szerz\u0151d\u00e9st a halotti anyak\u00f6nyvi kivonattal egy\u00fctt felhaszn\u00e1lhatja pl. <strong>az ingatlan-nyilv\u00e1ntart\u00e1sba val\u00f3 bejegyz\u00e9s<\/strong> k\u00e9relmez\u00e9s\u00e9re.<\/p>\n\n<p class=\"wp-block-paragraph\">Fontos: A t\u00e1rgy a hagyat\u00e9k r\u00e9sze marad, \u00e9s <strong>terhelhet\u0151 ad\u00f3ss\u00e1gokkal<\/strong>. Az \u00f6r\u00f6khagy\u00f3 hitelez\u0151i els\u0151bbs\u00e9get \u00e9lveznek. A megaj\u00e1nd\u00e9kozottnak ez\u00e9rt meg kell v\u00e1rnia, hogy a hagyat\u00e9k elegend\u0151-e az ig\u00e9ny\u00e9nek kiel\u00e9g\u00edt\u00e9s\u00e9re.  <\/p>\n\n<div class=\"wp-block-group\"><div class=\"wp-block-group__inner-container\">\n<h2 class=\"wp-block-heading\" id=\"h-steuerliche-behandlung\">Ad\u00f3z\u00e1si kezel\u00e9s<\/h2>\n\n\n\n<ul class=\"wp-block-list\">\n<li><strong>Nincs aj\u00e1nd\u00e9koz\u00e1si ad\u00f3<\/strong>: Ausztria 2008 \u00f3ta nem vet ki aj\u00e1nd\u00e9koz\u00e1si vagy \u00f6r\u00f6kl\u00e9si ad\u00f3t.<\/li>\n\n\n\n<li><strong>Nincs bejelent\u00e9si k\u00f6telezetts\u00e9g<\/strong>: Mivel hal\u00e1l eset\u00e9re sz\u00f3l\u00f3 rendelkez\u00e9sr\u0151l van sz\u00f3, <strong>nem sz\u00fcks\u00e9ges aj\u00e1nd\u00e9koz\u00e1si bejelent\u00e9s<\/strong>.<\/li>\n\n\n\n<li><strong>Ingatlan\u00e1truh\u00e1z\u00e1si illet\u00e9k<\/strong>: Ingatlanok eset\u00e9ben ingatlan\u00e1truh\u00e1z\u00e1si illet\u00e9k fizetend\u0151, mintha \u00f6r\u00f6kl\u00e9sr\u0151l lenne sz\u00f3. Az <strong>1,1% ingatlan-nyilv\u00e1ntart\u00e1si d\u00edj<\/strong> is fizetend\u0151. <\/li>\n<\/ul>\n<\/div><\/div>\n\n<h2 class=\"wp-block-heading\" id=\"h-pflichtteilsrecht-und-das-freie-viertel\">K\u00f6telesr\u00e9sz joga \u00e9s a \u201eszabad negyed\u201d<\/h2>\n\n<p class=\"wp-block-paragraph\">A hal\u00e1leseti aj\u00e1nd\u00e9koz\u00e1sokra is \u00e9rv\u00e9nyes: Az \u00f6r\u00f6khagy\u00f3 <strong>nem rendelkezhet teljes vagyon\u00e1val<\/strong>. A t\u00f6rv\u00e9ny szerint <g id=\"gid_1\">egy negyednek k\u00f6tetlennek<\/g> kell maradnia, az \u00fagynevezett \u201eszabad negyednek\u201d. Ez a k\u00f6telesr\u00e9szre jogosultak v\u00e9delm\u00e9t szolg\u00e1lja.  <\/p>\n\n<p class=\"wp-block-paragraph\">Ha ezt a minim\u00e1lis m\u00e9rt\u00e9ket alulm\u00falj\u00e1k, az <strong>\u00f6r\u00f6k\u00f6s\u00f6k megt\u00e1madhatj\u00e1k az aj\u00e1nd\u00e9koz\u00e1st<\/strong>. A megaj\u00e1nd\u00e9kozottnak bizonyos k\u00f6r\u00fclm\u00e9nyek k\u00f6z\u00f6tt r\u00e9szeket kell kiadnia. Ezenk\u00edv\u00fcl a juttat\u00e1s besz\u00e1m\u00edt\u00f3dik a <strong>k\u00f6telesr\u00e9sz-ig\u00e9nyekbe<\/strong>. Az aj\u00e1nd\u00e9koz\u00e1s id\u0151pontj\u00e1t\u00f3l f\u00fcgg\u0151en ak\u00e1r teljes eg\u00e9sz\u00e9ben is.   <\/p>\n\n<h2 class=\"wp-block-heading\" id=\"h-schenkungsgegenstand\">Aj\u00e1nd\u00e9koz\u00e1s t\u00e1rgya<\/h2>\n\n<p class=\"wp-block-paragraph\">Az aj\u00e1nd\u00e9koz\u00e1s t\u00e1rgya lehet b\u00e1rmely forgalomk\u00e9pes dolog, amennyiben az gazdas\u00e1gi \u00e9rt\u00e9kkel b\u00edr. Ez mag\u00e1ban foglalja mind a testi, mind a nem testi dolgokat. P\u00e9ld\u00e1ul k\u00e9szp\u00e9nz, b\u00fatorok, fot\u00f3albumok vagy v\u00e1llalati r\u00e9szesed\u00e9sek aj\u00e1nd\u00e9kozhat\u00f3k.  <\/p>\n\n<p class=\"wp-block-paragraph\">Mindig fenn kell \u00e1llnia az aj\u00e1nd\u00e9koz\u00e1si sz\u00e1nd\u00e9knak. Ha valaki k\u00f6telezetts\u00e9g alapj\u00e1n ad \u00e1t valamit, az nem min\u0151s\u00fcl aj\u00e1nd\u00e9koz\u00e1snak.  <\/p>\n\n<h2 class=\"wp-block-heading\" id=\"h-grundbuchseintragung-der-schenkung-auf-den-todesfall\">A hal\u00e1leseti aj\u00e1nd\u00e9koz\u00e1s ingatlan-nyilv\u00e1ntart\u00e1si bejegyz\u00e9se<\/h2>\n\n<p class=\"wp-block-paragraph\">A <strong>hal\u00e1leseti aj\u00e1nd\u00e9koz\u00e1s \u00f6nmag\u00e1ban nem jegyezhet\u0151 be az ingatlan-nyilv\u00e1ntart\u00e1sba<\/strong>, mivel <strong>nincs k\u00fcl\u00f6n bejegyz\u00e9si forma<\/strong> erre a szerz\u0151d\u00e9st\u00edpusra.<br\/><strong>Nem megengedett az ingatlan-nyilv\u00e1ntart\u00e1sba val\u00f3 tulajdonjog-korl\u00e1toz\u00e1sra vonatkoz\u00f3 megjegyz\u00e9s sem<\/strong>. Ez azt jelenti: A megaj\u00e1nd\u00e9kozottnak <strong>az aj\u00e1nd\u00e9koz\u00f3 hal\u00e1la el\u0151tt nincs ingatlan-nyilv\u00e1ntart\u00e1si v\u00e9delme<\/strong>. <\/p>\n\n<h2 class=\"wp-block-heading\" id=\"h-auswirkung-auf-pflichtteilsanspruche\">Kihat\u00e1s a k\u00f6telesr\u00e9sz-ig\u00e9nyekre<\/h2>\n\n<p class=\"wp-block-paragraph\">A hal\u00e1leseti aj\u00e1nd\u00e9koz\u00e1s a <strong>k\u00f6telesr\u00e9sz sz\u00e1m\u00edt\u00e1s\u00e1n\u00e1l \u00fagy kezelend\u0151, mint egy m\u00e1s hal\u00e1l eset\u00e9re sz\u00f3l\u00f3 juttat\u00e1s<\/strong>. Ez azt jelenti: <\/p>\n\n<ul class=\"wp-block-list\">\n<li><strong>Besz\u00e1m\u00edt\u00e1s<\/strong>: Az \u00edg\u00e9rt juttat\u00e1s fikt\u00edven hozz\u00e1ad\u00f3dik a hagyat\u00e9khoz, mintha <strong>a hal\u00e1l id\u0151pontj\u00e1ban<\/strong> t\u00f6rt\u00e9nt volna.<\/li>\n\n\n\n<li><strong>A k\u00f6telesr\u00e9sz cs\u00f6kkent\u00e9se<\/strong>: Ha az \u00f6r\u00f6khagy\u00f3 az aj\u00e1nd\u00e9koz\u00e1ssal t\u00fall\u00e9pte a \u201eszabad negyedet\u201d, az k\u00f6telesr\u00e9sz-s\u00e9rt\u00e9sekhez vezethet.<\/li>\n\n\n\n<li><strong>K\u00f6telesr\u00e9szbe val\u00f3 besz\u00e1m\u00edt\u00e1s<\/strong>: Az aj\u00e1nd\u00e9kozott dolog \u00e9rt\u00e9k\u00e9t <strong>le kell vonni<\/strong> a megaj\u00e1nd\u00e9kozott k\u00f6telesr\u00e9sz-ig\u00e9ny\u00e9b\u0151l, ha \u0151 maga is k\u00f6telesr\u00e9szre jogosult.<\/li>\n\n\n\n<li><strong>M\u00e1s k\u00f6telesr\u00e9szre jogosultak kereseti joga<\/strong>: Ha a k\u00f6telesr\u00e9sz s\u00e9r\u00fcl, a kitagadott hozz\u00e1tartoz\u00f3k bizonyos k\u00f6r\u00fclm\u00e9nyek k\u00f6z\u00f6tt <strong>kiad\u00e1si ig\u00e9nyeket<\/strong> \u00e9rv\u00e9nyes\u00edthetnek a megaj\u00e1nd\u00e9kozottal szemben.<\/li>\n<\/ul>\n<a class=\"mr-cta-link mr-cta-button-cal\" href=\"#h2-booking\" title=\"Ingyenes els\u0151 konzult\u00e1ci\u00f3\"><span class=\"mr-cta-link-normal\">V\u00e1lassza ki az id\u0151pontot most:<\/span><span class=\"mr-cta-link-bold\">Ingyenes els\u0151 konzult\u00e1ci\u00f3<\/span><\/a>\n\n<h2 class=\"wp-block-heading\" id=\"h-rechtsposition-des-geschenkgebers\">Az aj\u00e1nd\u00e9koz\u00f3 jog\u00e1ll\u00e1sa<\/h2>\n\n<p class=\"wp-block-paragraph\">A hal\u00e1l id\u0151pontj\u00e1ig az aj\u00e1nd\u00e9koz\u00f3 marad:<\/p>\n\n<ul class=\"wp-block-list\">\n<li>az aj\u00e1nd\u00e9kozott t\u00e1rgy <strong>korl\u00e1tlan tulajdonosa<\/strong>,<\/li>\n\n\n\n<li><strong>haszn\u00e1latra<\/strong> jogosult (pl. bev\u00e9telek, haszn\u00e1lat),<\/li>\n\n\n\n<li>de k\u00f6teles <strong>mindent mell\u0151zni, ami a szerz\u0151d\u00e9s teljes\u00edt\u00e9s\u00e9t vesz\u00e9lyezteti<\/strong>.<\/li>\n<\/ul>\n\n<p class=\"wp-block-paragraph\">P\u00e9ld\u00e1ul <strong>nem aj\u00e1nd\u00e9kozhatja el, nem adhatja el vagy nem terhelheti meg<\/strong> a t\u00e1rgyat, ha ezzel meghi\u00fasulna a szerz\u0151d\u00e9s.<br\/>Ha az aj\u00e1nd\u00e9koz\u00f3 megszegi ezt a k\u00f6telezetts\u00e9get, a megaj\u00e1nd\u00e9kozott (illetve annak \u00f6r\u00f6k\u00f6sei) <strong>k\u00e1rt\u00e9r\u00edt\u00e9si ig\u00e9nyt \u00e9rv\u00e9nyes\u00edthetnek a hagyat\u00e9k ellen<\/strong>.<\/p>\n\n<p class=\"wp-block-paragraph\">Fontos:<br\/>Az aj\u00e1nd\u00e9koz\u00f3 <strong>nem tarthat fenn szerz\u0151d\u00e9ses el\u00e1ll\u00e1si jogot<\/strong>. A k\u00e9s\u0151bbi egyoldal\u00fa m\u00f3dos\u00edt\u00e1sok is <strong>jogilag \u00e9rv\u00e9nytelenek<\/strong>, amennyiben azokat nem \u00fajb\u00f3l k\u00f6zjegyz\u0151i okirat form\u00e1j\u00e1ban egyeztett\u00e9k. <\/p>\n\n<h2 class=\"wp-block-heading\" id=\"h-rechtsposition-des-geschenknehmers\">A megaj\u00e1nd\u00e9kozott jog\u00e1ll\u00e1sa<\/h2>\n\n<p class=\"wp-block-paragraph\">A megaj\u00e1nd\u00e9kozott a szerz\u0151d\u00e9s megk\u00f6t\u00e9s\u00e9vel megszerzi:<\/p>\n\n<ul class=\"wp-block-list\">\n<li>az aj\u00e1nd\u00e9kozott dolog \u00e1truh\u00e1z\u00e1s\u00e1ra vonatkoz\u00f3 <strong>k\u00f6telmi jogilag biztos\u00edtott ig\u00e9nyt<\/strong>,<\/li>\n\n\n\n<li>amely csak az <strong>aj\u00e1nd\u00e9koz\u00f3 hal\u00e1l\u00e1val v\u00e1lik esed\u00e9kess\u00e9<\/strong>.<\/li>\n<\/ul>\n\n<p class=\"wp-block-paragraph\"><strong>Nem v\u00e1lik automatikusan tulajdonoss\u00e1<\/strong>, hanem p\u00e9ld\u00e1ul ingatlanok eset\u00e9ben <strong>\u00e9rv\u00e9nyes\u00edtenie kell az ig\u00e9nyt<\/strong>, pl. az ingatlan-nyilv\u00e1ntart\u00e1sba val\u00f3 bejegyz\u00e9ssel a szerz\u0151d\u00e9s \u00e9s a halotti anyak\u00f6nyvi kivonat bemutat\u00e1s\u00e1val.<\/p>\n\n<p class=\"wp-block-paragraph\">Fontos:<\/p>\n\n<ul class=\"wp-block-list\">\n<li>A megaj\u00e1nd\u00e9kozott <strong>nem \u00f6r\u00f6k\u00f6s<\/strong>, hanem <strong>a hagyat\u00e9k hitelez\u0151je<\/strong>.<\/li>\n\n\n\n<li>Az \u0151 ig\u00e9nye <strong>megel\u0151zi a hagyom\u00e1nyos \u00f6r\u00f6k\u00f6s\u00e9t<\/strong>, teh\u00e1t <strong>els\u0151bbs\u00e9ggel kell kiel\u00e9g\u00edteni<\/strong>.<\/li>\n\n\n\n<li><strong>Harmadik felekkel szemben<\/strong>, akiknek az aj\u00e1nd\u00e9kozott t\u00e1rgyat jogtalanul tov\u00e1bbadt\u00e1k, <strong>csak kiv\u00e9telesen \u00e1ll fenn ig\u00e9ny<\/strong>, p\u00e9ld\u00e1ul idegen k\u00f6vetel\u00e9si jogokba val\u00f3 beavatkoz\u00e1s eset\u00e9n.<\/li>\n\n\n\n<li>A megaj\u00e1nd\u00e9kozott a szerz\u0151d\u00e9sre is hivatkozhat, <strong>ha \u00f6r\u00f6kl\u00e9sre \u00e9rdemtelen lenne<\/strong>, mivel nem v\u00e9gint\u00e9zked\u00e9sr\u0151l van sz\u00f3.<\/li>\n<\/ul>\n\n<h2 class=\"wp-block-heading\">Halaszt\u00f3 hat\u00e1ly<\/h2>\n\n<p class=\"wp-block-paragraph\">A hal\u00e1leseti aj\u00e1nd\u00e9koz\u00e1s hat\u00e1lya <strong>csak az aj\u00e1nd\u00e9koz\u00f3 hal\u00e1l\u00e1val<\/strong> \u00e9rv\u00e9nyes\u00fcl (teh\u00e1t <strong>halaszt\u00f3 felt\u00e9telhez k\u00f6t\u00f6tt<\/strong>).<br\/>Ez azt jelenti:<\/p>\n\n<ul class=\"wp-block-list\">\n<li>A megaj\u00e1nd\u00e9kozott <strong>kezdetben csak k\u00f6telmi jogi v\u00e1rakoz\u00e1st szerez<\/strong>.<\/li>\n\n\n\n<li><strong>Nincs tulajdonjog<\/strong>, nincs rendelkez\u00e9si jog \u00e9s nincs bejegyz\u00e9si jog a hal\u00e1l bek\u00f6vetkez\u00e9se el\u0151tt.<\/li>\n\n\n\n<li><strong>Nincs hozz\u00e1f\u00e9r\u00e9s a megaj\u00e1nd\u00e9kozott hitelez\u0151i r\u00e9sz\u00e9r\u0151l<\/strong>, am\u00edg a hal\u00e1leset nem k\u00f6vetkezett be.<\/li>\n<\/ul>\n\n<p class=\"wp-block-paragraph\"><strong>Az aj\u00e1nd\u00e9koz\u00e1s szempontj\u00e1b\u00f3l jogilag a hal\u00e1l id\u0151pontja a m\u00e9rvad\u00f3<\/strong>, nem a szerz\u0151d\u00e9sk\u00f6t\u00e9s id\u0151pontja. Ez k\u00fcl\u00f6n\u00f6sen fontos a k\u00f6telesr\u00e9sz sz\u00e1m\u00edt\u00e1s\u00e1n\u00e1l \u00e9s annak k\u00e9rd\u00e9s\u00e9n\u00e9l, hogy mikor min\u0151s\u00fcl egy aj\u00e1nd\u00e9koz\u00e1s \u201emegt\u00f6rt\u00e9ntnek\u201d. <\/p>\n\n<h2 class=\"wp-block-heading\" id=\"h-unterschiede-zu-anderen-formen-der-vermogensubertragung\">K\u00fcl\u00f6nbs\u00e9gek a vagyon\u00e1truh\u00e1z\u00e1s egy\u00e9b form\u00e1ihoz k\u00e9pest<\/h2>\n\n<h3 class=\"wp-block-heading\" id=\"h-testament\">V\u00e9grendelet<\/h3>\n\n<p class=\"wp-block-paragraph\">A v\u00e9grendelet egy <strong>egyoldal\u00fa, b\u00e1rmikor visszavonhat\u00f3 akaratnyilatkozat<\/strong>. \u00c1ltal\u00e1ban k\u00e9zzel \u00edrva vagy k\u00f6zjegyz\u0151 el\u0151tt k\u00e9sz\u00fcl, \u00e9s csak a hal\u00e1l ut\u00e1n l\u00e9p hat\u00e1lyba. <br\/><strong>K\u00fcl\u00f6nbs\u00e9g a hal\u00e1leseti aj\u00e1nd\u00e9koz\u00e1shoz k\u00e9pest<\/strong>: A v\u00e9grendelethez <strong>nem sz\u00fcks\u00e9ges szerz\u0151d\u00e9ses partner<\/strong>, \u00e9s b\u00e1rmikor megv\u00e1ltoztathat\u00f3 vagy visszavonhat\u00f3 m\u00e1sok beleegyez\u00e9se n\u00e9lk\u00fcl. A hal\u00e1leseti aj\u00e1nd\u00e9koz\u00e1s viszont <strong>szerz\u0151d\u00e9sileg k\u00f6telez\u0151<\/strong>, \u00e9s csak <strong>k\u00f6z\u00f6s megegyez\u00e9ssel sz\u00fcntethet\u0151 meg<\/strong>. <\/p>\n    <div class=\"mr-quote mrbg clearfix\">\n        <a class=\"mr-quote-person\" href=\"\/ueber-uns\/rechtsanwalt-sebastian-riedlmair\/\" title=\"Rechtsanwalt Sebastian Riedlmair\">\n            <img decoding=\"async\" class=\"mr-quote-person-img\" src=\"https:\/\/harlander-partner.eu\/wp-content\/themes\/harlander\/design\/sr100.webp\" width=\"100\"\n                 height=\"100\" loading=\"lazy\" alt=\"Rechtsanwalt Sebastian Riedlmair\">\n            <span class=\"mr-quote-person-text\">\n            Sebastian Riedlmair<br>\n            <span class=\"mr-quote-person-function\">Harlander &amp; Partner Rechtsanw\u00e4lte<\/span>\n        <\/span>\n        <\/a>\n        <span class=\"mr-quote-content\">\u201eDie Schenkung auf den Todesfall ist keine Ersatzform f\u00fcr ein Testament. Sie ist ein eigenst\u00e4ndiges Gestaltungsmittel, das Vertragsbindung mit Flexibilit\u00e4t verbindet.\u201c<\/span>\n    <\/div>\n\n<h3 class=\"wp-block-heading\" id=\"h-erbvertrag\">\u00d6r\u00f6kl\u00e9si szerz\u0151d\u00e9s<\/h3>\n\n<p class=\"wp-block-paragraph\">Az \u00f6r\u00f6kl\u00e9si szerz\u0151d\u00e9s egy <strong>k\u00e9toldal\u00fa szerz\u0151d\u00e9s h\u00e1zast\u00e1rsak vagy jegyesek k\u00f6z\u00f6tt<\/strong>, amely k\u00f6telez\u0151en rendezi a hagyat\u00e9kot (eg\u00e9szben vagy r\u00e9szben). Ez is <strong>k\u00f6zjegyz\u0151i okirat<\/strong> al\u00e1 tartozik. <br\/><strong>K\u00fcl\u00f6nbs\u00e9g a hal\u00e1leseti aj\u00e1nd\u00e9koz\u00e1shoz k\u00e9pest<\/strong>: Az \u00f6r\u00f6kl\u00e9si szerz\u0151d\u00e9s <strong>tipikusan a teljes vagyont \u00e9rinti<\/strong>, m\u00edg a hal\u00e1leseti aj\u00e1nd\u00e9koz\u00e1s <strong>egyes vagyon\u00e9rt\u00e9keket<\/strong>. Ezenk\u00edv\u00fcl az \u00f6r\u00f6kl\u00e9si szerz\u0151d\u00e9s <strong>nem k\u00f6thet\u0151 tetsz\u0151leges szem\u00e9lyekkel<\/strong> \u2013 az aj\u00e1nd\u00e9koz\u00e1s viszont igen. <\/p>\n\n<h3 class=\"wp-block-heading\" id=\"h-ubergabe-auf-den-todesfall\">Hal\u00e1leseti \u00e1tad\u00e1s<\/h3>\n\n<p class=\"wp-block-paragraph\">Itt egy t\u00e1rgyat m\u00e1r \u00e9let\u00e9ben <strong>fizikailag \u00e1tadnak<\/strong>, azzal a meg\u00e1llapod\u00e1ssal, hogy azt <strong>csak az \u00e1tad\u00f3 hal\u00e1la ut\u00e1n lehet v\u00e9glegesen megtartani<\/strong>.<br\/><strong>K\u00fcl\u00f6nbs\u00e9g<\/strong>: A hal\u00e1leseti \u00e1tad\u00e1s <strong>jogilag \u00e9rv\u00e9nytelen<\/strong>, ha nem v\u00e9gint\u00e9zked\u00e9sk\u00e9nt, alakszer\u0171en k\u00e9sz\u00fclt. Hi\u00e1nyzik a hal\u00e1leseti aj\u00e1nd\u00e9koz\u00e1s <strong>szerz\u0151d\u00e9ses biztons\u00e1ga<\/strong> \u2013 k\u00fcl\u00f6n\u00f6sen ingatlanok eset\u00e9ben jogilag <strong>nincs v\u00e9delem<\/strong> a c\u00edmzett sz\u00e1m\u00e1ra. <\/p>\n\n<h3 class=\"wp-block-heading\" id=\"h-auftrag-auf-den-todesfall\">Hal\u00e1leseti megb\u00edz\u00e1s<\/h3>\n\n<p class=\"wp-block-paragraph\">Ez egy <strong>harmadik szem\u00e9lynek sz\u00f3l\u00f3 megb\u00edz\u00e1s<\/strong> arr\u00f3l, hogy az aj\u00e1nd\u00e9koz\u00f3 hal\u00e1la ut\u00e1n egy t\u00e1rgyat egy bizonyos szem\u00e9lynek adjon \u00e1t.<br\/><strong>K\u00fcl\u00f6nbs\u00e9g<\/strong>: A kedvezm\u00e9nyezettnek <strong>nincs k\u00f6zvetlen ig\u00e9nye<\/strong> a hagyat\u00e9k ellen. A hal\u00e1leseti aj\u00e1nd\u00e9koz\u00e1s viszont <strong>jogilag \u00e9rv\u00e9nyes\u00edthet\u0151 ig\u00e9nyt<\/strong> biztos\u00edt szerz\u0151d\u00e9s alapj\u00e1n. <\/p>\n\n<h3 class=\"wp-block-heading\" id=\"h-schulderlass-auf-den-todesfall\">Hal\u00e1leseti tartoz\u00e1selenged\u00e9s<\/h3>\n\n<p class=\"wp-block-paragraph\">A hal\u00e1leseti tartoz\u00e1selenged\u00e9s azt jelenti, hogy a hitelez\u0151 kijelenti, egy k\u00f6vetel\u00e9sr\u0151l <strong>hal\u00e1l\u00e1val lemond<\/strong>.<br\/><strong>K\u00fcl\u00f6nbs\u00e9g<\/strong>: Az uralkod\u00f3 v\u00e9lem\u00e9ny szerint ez <strong>nem aj\u00e1nd\u00e9koz\u00e1s<\/strong>, \u00e9s az \u00fcgylet <strong>nem alakszer\u0171s\u00e9ghez k\u00f6t\u00f6tt<\/strong>. A jogalap egyoldal\u00fa \u2013 ellent\u00e9tben a hal\u00e1leseti aj\u00e1nd\u00e9koz\u00e1ssal, amely <strong>k\u00e9toldal\u00fa szerz\u0151d\u00e9s<\/strong>. <\/p>\n\n<h3 class=\"wp-block-heading\" id=\"h-schenkung-mit-aufschiebender-bedingung\">Halaszt\u00f3 felt\u00e9telhez k\u00f6t\u00f6tt aj\u00e1nd\u00e9koz\u00e1s<\/h3>\n\n<p class=\"wp-block-paragraph\">Az aj\u00e1nd\u00e9koz\u00e1sok felt\u00e9telekhez (pl. gondoz\u00e1si k\u00f6telezetts\u00e9g) k\u00f6thet\u0151k, amelyek bek\u00f6vetkez\u00e9s\u00fckkor v\u00e1lnak hat\u00e1lyoss\u00e1.<br\/><strong>K\u00fcl\u00f6nbs\u00e9g<\/strong>: Ha a halaszt\u00f3 felt\u00e9tel az aj\u00e1nd\u00e9koz\u00f3 hal\u00e1l\u00e1ra vonatkozik, \u00e9s nem k\u00f6zjegyz\u0151i okirati form\u00e1t v\u00e1lasztanak, <strong>\u00e9rv\u00e9nytelens\u00e9g fenyeget<\/strong>. Csak a szigor\u00fa alaki k\u00f6vetelm\u00e9nyek betart\u00e1sa \u00e9s visszavon\u00e1si fenntart\u00e1s hi\u00e1nya eset\u00e9n tekinthet\u0151 egy ilyen konstrukci\u00f3 <strong>hal\u00e1leseti aj\u00e1nd\u00e9koz\u00e1snak<\/strong>. <\/p>\n\n<h3 class=\"wp-block-heading\" id=\"h-schenkung-unter-zuruckbehaltung-von-rechten-0\">Jogok fenntart\u00e1s\u00e1val t\u00f6rt\u00e9n\u0151 aj\u00e1nd\u00e9koz\u00e1s<\/h3>\n\n<p class=\"wp-block-paragraph\">Itt egy t\u00e1rgyat m\u00e1r \u00e9let\u00e9ben \u00e1truh\u00e1znak, <strong>azonban jogok fenntart\u00e1s\u00e1val<\/strong> \u2013 pl. <strong>haszon\u00e9lvezet<\/strong>, <strong>lakhat\u00e1si jog<\/strong> vagy <strong>elidegen\u00edt\u00e9si tilalom<\/strong>.<br\/><strong>K\u00fcl\u00f6nbs\u00e9g<\/strong>: Az aj\u00e1nd\u00e9koz\u00e1s <strong>azonnal hat\u00e1lyos<\/strong>; a megaj\u00e1nd\u00e9kozott m\u00e1r <strong>tulajdonoss\u00e1<\/strong> v\u00e1lik, m\u00e9g akkor is, ha az aj\u00e1nd\u00e9koz\u00f3 megtartja a haszn\u00e1latot. A hal\u00e1leseti aj\u00e1nd\u00e9koz\u00e1sn\u00e1l <strong>az aj\u00e1nd\u00e9koz\u00f3 hal\u00e1l\u00e1ig tulajdonos marad<\/strong>. <\/p>\n\n<h2 class=\"wp-block-heading\" id=\"h-ihre-vorteile-mit-anwaltlicher-unterstutzung\">Az \u00d6n el\u0151nyei \u00fcgyv\u00e9di seg\u00edts\u00e9ggel<\/h2>\n\n<p class=\"wp-block-paragraph\">Irod\u00e1nk elk\u00eds\u00e9ri \u00d6nt a hal\u00e1leseti aj\u00e1nd\u00e9koz\u00e1si szerz\u0151d\u00e9sek <strong>jogbiztos kialak\u00edt\u00e1s\u00e1ban<\/strong>. Ellen\u0151rizz\u00fck az alaki k\u00f6vetelm\u00e9nyeket, a k\u00f6telesr\u00e9sz v\u00e9delm\u00e9t \u00e9s az ad\u00f3z\u00e1si szempontokat.  <\/p>\n\n<p class=\"wp-block-paragraph\"><strong>Keressen minket egy k\u00f6telezetts\u00e9gmentes els\u0151 konzult\u00e1ci\u00f3ra.<\/strong><br\/>Ker\u00fclje el az alaki hib\u00e1kat, v\u00e9dje vagyon\u00e1t \u00e9s gondoskodjon tiszta viszonyokr\u00f3l.<\/p>\n<a class=\"mr-cta-link mr-cta-button-cal\" href=\"#h2-booking\" title=\"Ingyenes els\u0151 konzult\u00e1ci\u00f3\"><span class=\"mr-cta-link-normal\">V\u00e1lassza ki az id\u0151pontot most:<\/span><span class=\"mr-cta-link-bold\">Ingyenes els\u0151 konzult\u00e1ci\u00f3<\/span><\/a>\n\n<h2 class=\"wp-block-heading\" id=\"h-haufig-gestellte-fragen-faq\">Gyakran ism\u00e9telt k\u00e9rd\u00e9sek \u2013 GYIK<\/h2>\n<div class=\"wp-block-uagb-faq uagb-faq__outer-wrap uagb-block-add43f76 uagb-faq-icon-row uagb-faq-layout-accordion uagb-faq-expand-first-true uagb-faq-inactive-other-true uagb-faq__wrap uagb-buttons-layout-wrap uagb-faq-equal-height     \" data-faqtoggle=\"true\" role=\"tablist\"><div class=\"wp-block-uagb-faq-child uagb-faq-child__outer-wrap uagb-faq-item uagb-block-971c70a2 \" role=\"tab\" tabindex=\"0\"><div class=\"uagb-faq-questions-button uagb-faq-questions\">\t\t\t<span class=\"uagb-icon uagb-faq-icon-wrap\">\n\t\t\t\t\t\t\t\t<svg xmlns=\"https:\/\/www.w3.org\/2000\/svg\" viewBox= \"0 0 448 512\"><path d=\"M432 256c0 17.69-14.33 32.01-32 32.01H256v144c0 17.69-14.33 31.99-32 31.99s-32-14.3-32-31.99v-144H48c-17.67 0-32-14.32-32-32.01s14.33-31.99 32-31.99H192v-144c0-17.69 14.33-32.01 32-32.01s32 14.32 32 32.01v144h144C417.7 224 432 238.3 432 256z\"><\/path><\/svg>\n\t\t\t\t\t\t\t<\/span>\n\t\t\t\t\t\t<span class=\"uagb-icon-active uagb-faq-icon-wrap\">\n\t\t\t\t\t\t\t\t<svg xmlns=\"https:\/\/www.w3.org\/2000\/svg\" viewBox= \"0 0 448 512\"><path d=\"M400 288h-352c-17.69 0-32-14.32-32-32.01s14.31-31.99 32-31.99h352c17.69 0 32 14.3 32 31.99S417.7 288 400 288z\"><\/path><\/svg>\n\t\t\t\t\t\t\t<\/span>\n\t\t\t<span class=\"uagb-question\">Visszavonhatom-e k\u00e9s\u0151bb a hal\u00e1leseti aj\u00e1nd\u00e9koz\u00e1st?<\/span><\/div><div class=\"uagb-faq-content\"><p>Nem, amint az aj\u00e1nd\u00e9koz\u00e1s k\u00f6zjegyz\u0151i okiratba foglaltan \u00e9s visszavon\u00e1si fenntart\u00e1s n\u00e9lk\u00fcl megk\u00f6ttetett, az <strong>v\u00e9glegesen k\u00f6telez\u0151 \u00e9rv\u00e9ny\u0171<\/strong>. Egyoldal\u00fa visszavon\u00e1s vagy el\u00e1ll\u00e1s nem megengedett. <\/p><\/div><\/div><div class=\"wp-block-uagb-faq-child uagb-faq-child__outer-wrap uagb-faq-item uagb-block-014a525a \" role=\"tab\" tabindex=\"0\"><div class=\"uagb-faq-questions-button uagb-faq-questions\">\t\t\t<span class=\"uagb-icon uagb-faq-icon-wrap\">\n\t\t\t\t\t\t\t\t<svg xmlns=\"https:\/\/www.w3.org\/2000\/svg\" viewBox= \"0 0 448 512\"><path d=\"M432 256c0 17.69-14.33 32.01-32 32.01H256v144c0 17.69-14.33 31.99-32 31.99s-32-14.3-32-31.99v-144H48c-17.67 0-32-14.32-32-32.01s14.33-31.99 32-31.99H192v-144c0-17.69 14.33-32.01 32-32.01s32 14.32 32 32.01v144h144C417.7 224 432 238.3 432 256z\"><\/path><\/svg>\n\t\t\t\t\t\t\t<\/span>\n\t\t\t\t\t\t<span class=\"uagb-icon-active uagb-faq-icon-wrap\">\n\t\t\t\t\t\t\t\t<svg xmlns=\"https:\/\/www.w3.org\/2000\/svg\" viewBox= \"0 0 448 512\"><path d=\"M400 288h-352c-17.69 0-32-14.32-32-32.01s14.31-31.99 32-31.99h352c17.69 0 32 14.3 32 31.99S417.7 288 400 288z\"><\/path><\/svg>\n\t\t\t\t\t\t\t<\/span>\n\t\t\t<span class=\"uagb-question\">Mikor szerez a megaj\u00e1nd\u00e9kozott t\u00e9nylegesen ig\u00e9nyt vagy tulajdonjogot?<\/span><\/div><div class=\"uagb-faq-content\"><p>A megaj\u00e1nd\u00e9kozott kezdetben csak egy <strong>k\u00f6telmi jogi ig\u00e9nyt<\/strong> kap. Csak <strong>az aj\u00e1nd\u00e9koz\u00f3 hal\u00e1l\u00e1val<\/strong> v\u00e1lik esed\u00e9kess\u00e9 a tulajdonjog; el\u0151tte m\u00e9g nem haszn\u00e1lhatja a t\u00e1rgyat, \u00e9s nem jegyeztetheti be az ingatlan-nyilv\u00e1ntart\u00e1sba. <\/p><\/div><\/div><div class=\"wp-block-uagb-faq-child uagb-faq-child__outer-wrap uagb-faq-item uagb-block-86ae5b17 \" role=\"tab\" tabindex=\"0\"><div class=\"uagb-faq-questions-button uagb-faq-questions\">\t\t\t<span class=\"uagb-icon uagb-faq-icon-wrap\">\n\t\t\t\t\t\t\t\t<svg xmlns=\"https:\/\/www.w3.org\/2000\/svg\" viewBox= \"0 0 448 512\"><path d=\"M432 256c0 17.69-14.33 32.01-32 32.01H256v144c0 17.69-14.33 31.99-32 31.99s-32-14.3-32-31.99v-144H48c-17.67 0-32-14.32-32-32.01s14.33-31.99 32-31.99H192v-144c0-17.69 14.33-32.01 32-32.01s32 14.32 32 32.01v144h144C417.7 224 432 238.3 432 256z\"><\/path><\/svg>\n\t\t\t\t\t\t\t<\/span>\n\t\t\t\t\t\t<span class=\"uagb-icon-active uagb-faq-icon-wrap\">\n\t\t\t\t\t\t\t\t<svg xmlns=\"https:\/\/www.w3.org\/2000\/svg\" viewBox= \"0 0 448 512\"><path d=\"M400 288h-352c-17.69 0-32-14.32-32-32.01s14.31-31.99 32-31.99h352c17.69 0 32 14.3 32 31.99S417.7 288 400 288z\"><\/path><\/svg>\n\t\t\t\t\t\t\t<\/span>\n\t\t\t<span class=\"uagb-question\">Hogyan hat a \u201eszabad negyed\u201d az aj\u00e1nd\u00e9koz\u00e1somra?<\/span><\/div><div class=\"uagb-faq-content\"><p>A teljes hagyat\u00e9k legal\u00e1bb 25%-\u00e1nak szabadon kell maradnia. Ha a szabad negyedet t\u00fall\u00e9pt\u00e9k, az \u00f6r\u00f6k\u00f6s\u00f6k ar\u00e1nyosan <strong>megt\u00e1madhatj\u00e1k vagy cs\u00f6kkenthetik<\/strong> az aj\u00e1nd\u00e9koz\u00e1st. <\/p><\/div><\/div><div class=\"wp-block-uagb-faq-child uagb-faq-child__outer-wrap uagb-faq-item uagb-block-9d4d6023 \" role=\"tab\" tabindex=\"0\"><div class=\"uagb-faq-questions-button uagb-faq-questions\">\t\t\t<span class=\"uagb-icon uagb-faq-icon-wrap\">\n\t\t\t\t\t\t\t\t<svg xmlns=\"https:\/\/www.w3.org\/2000\/svg\" viewBox= \"0 0 448 512\"><path d=\"M432 256c0 17.69-14.33 32.01-32 32.01H256v144c0 17.69-14.33 31.99-32 31.99s-32-14.3-32-31.99v-144H48c-17.67 0-32-14.32-32-32.01s14.33-31.99 32-31.99H192v-144c0-17.69 14.33-32.01 32-32.01s32 14.32 32 32.01v144h144C417.7 224 432 238.3 432 256z\"><\/path><\/svg>\n\t\t\t\t\t\t\t<\/span>\n\t\t\t\t\t\t<span class=\"uagb-icon-active uagb-faq-icon-wrap\">\n\t\t\t\t\t\t\t\t<svg xmlns=\"https:\/\/www.w3.org\/2000\/svg\" viewBox= \"0 0 448 512\"><path d=\"M400 288h-352c-17.69 0-32-14.32-32-32.01s14.31-31.99 32-31.99h352c17.69 0 32 14.3 32 31.99S417.7 288 400 288z\"><\/path><\/svg>\n\t\t\t\t\t\t\t<\/span>\n\t\t\t<span class=\"uagb-question\">Kor\u00e1bban \u00e1t kellett-e min\u0151s\u00edteni az aj\u00e1nd\u00e9koz\u00e1st v\u00e9grendelett\u00e9, ha \u00e9rv\u00e9nytelen volt?<\/span><\/div><div class=\"uagb-faq-content\"><p>Igen. Az \u00e9rv\u00e9nytelen form\u00e1k (pl. k\u00f6zjegyz\u0151i okirat n\u00e9lk\u00fcl) kor\u00e1bban automatikusan hagyom\u00e1nny\u00e1 val\u00f3 \u00e1tmin\u0151s\u00edt\u00e9shez vezettek. Ma az \u00e9rv\u00e9nyes: Ha hi\u00e1nyzik egy k\u00f6vetelm\u00e9ny (\u00a7\u202f603 ABGB), az aj\u00e1nd\u00e9koz\u00e1s <strong>semmis<\/strong>, \u00e9s az \u00e1ltal\u00e1nos aj\u00e1nd\u00e9koz\u00e1si jog \u00e9rv\u00e9nyes\u00fcl.  <\/p><\/div><\/div><div class=\"wp-block-uagb-faq-child uagb-faq-child__outer-wrap uagb-faq-item uagb-block-f4981d89 \" role=\"tab\" tabindex=\"0\"><div class=\"uagb-faq-questions-button uagb-faq-questions\">\t\t\t<span class=\"uagb-icon uagb-faq-icon-wrap\">\n\t\t\t\t\t\t\t\t<svg xmlns=\"https:\/\/www.w3.org\/2000\/svg\" viewBox= \"0 0 448 512\"><path d=\"M432 256c0 17.69-14.33 32.01-32 32.01H256v144c0 17.69-14.33 31.99-32 31.99s-32-14.3-32-31.99v-144H48c-17.67 0-32-14.32-32-32.01s14.33-31.99 32-31.99H192v-144c0-17.69 14.33-32.01 32-32.01s32 14.32 32 32.01v144h144C417.7 224 432 238.3 432 256z\"><\/path><\/svg>\n\t\t\t\t\t\t\t<\/span>\n\t\t\t\t\t\t<span class=\"uagb-icon-active uagb-faq-icon-wrap\">\n\t\t\t\t\t\t\t\t<svg xmlns=\"https:\/\/www.w3.org\/2000\/svg\" viewBox= \"0 0 448 512\"><path d=\"M400 288h-352c-17.69 0-32-14.32-32-32.01s14.31-31.99 32-31.99h352c17.69 0 32 14.3 32 31.99S417.7 288 400 288z\"><\/path><\/svg>\n\t\t\t\t\t\t\t<\/span>\n\t\t\t<span class=\"uagb-question\">Bejegyeztethetek-e terhet vagy jogi megjegyz\u00e9st az ingatlan-nyilv\u00e1ntart\u00e1sba?<\/span><\/div><div class=\"uagb-faq-content\"><p>A <strong>hal\u00e1leseti aj\u00e1nd\u00e9koz\u00e1s klasszikus ingatlan-nyilv\u00e1ntart\u00e1si bejegyz\u00e9se nem megengedett<\/strong>. Azonban lehets\u00e9ges k\u00f6zeli hozz\u00e1tartoz\u00f3k eset\u00e9ben <strong>terhel\u00e9si vagy elidegen\u00edt\u00e9si tilalmat<\/strong> bejegyezni. <\/p><\/div><\/div><div class=\"wp-block-uagb-faq-child uagb-faq-child__outer-wrap uagb-faq-item uagb-block-959f7206 \" role=\"tab\" tabindex=\"0\"><div class=\"uagb-faq-questions-button uagb-faq-questions\">\t\t\t<span class=\"uagb-icon uagb-faq-icon-wrap\">\n\t\t\t\t\t\t\t\t<svg xmlns=\"https:\/\/www.w3.org\/2000\/svg\" viewBox= \"0 0 448 512\"><path d=\"M432 256c0 17.69-14.33 32.01-32 32.01H256v144c0 17.69-14.33 31.99-32 31.99s-32-14.3-32-31.99v-144H48c-17.67 0-32-14.32-32-32.01s14.33-31.99 32-31.99H192v-144c0-17.69 14.33-32.01 32-32.01s32 14.32 32 32.01v144h144C417.7 224 432 238.3 432 256z\"><\/path><\/svg>\n\t\t\t\t\t\t\t<\/span>\n\t\t\t\t\t\t<span class=\"uagb-icon-active uagb-faq-icon-wrap\">\n\t\t\t\t\t\t\t\t<svg xmlns=\"https:\/\/www.w3.org\/2000\/svg\" viewBox= \"0 0 448 512\"><path d=\"M400 288h-352c-17.69 0-32-14.32-32-32.01s14.31-31.99 32-31.99h352c17.69 0 32 14.3 32 31.99S417.7 288 400 288z\"><\/path><\/svg>\n\t\t\t\t\t\t\t<\/span>\n\t\t\t<span class=\"uagb-question\">Mi t\u00f6rt\u00e9nik, ha az aj\u00e1nd\u00e9koz\u00f3nak ad\u00f3ss\u00e1gai vannak?<\/span><\/div><div class=\"uagb-faq-content\"><p>Az aj\u00e1nd\u00e9koz\u00e1s a <strong>hagyat\u00e9k akt\u00edvum\u00e1hoz<\/strong> tartozik, de <strong>passz\u00edv oldalon terhelt<\/strong>. A hitelez\u0151k els\u0151bbs\u00e9get \u00e9lveznek. A megaj\u00e1nd\u00e9kozott csak akkor kapja meg a t\u00e1rgyat, ha a hagyat\u00e9k teljes m\u00e9rt\u00e9kben kiel\u00e9g\u00edt\u00e9sre ker\u00fclt.  <\/p><\/div><\/div><div class=\"wp-block-uagb-faq-child uagb-faq-child__outer-wrap uagb-faq-item uagb-block-a4c6fced \" role=\"tab\" tabindex=\"0\"><div class=\"uagb-faq-questions-button uagb-faq-questions\">\t\t\t<span class=\"uagb-icon uagb-faq-icon-wrap\">\n\t\t\t\t\t\t\t\t<svg xmlns=\"https:\/\/www.w3.org\/2000\/svg\" viewBox= \"0 0 448 512\"><path d=\"M432 256c0 17.69-14.33 32.01-32 32.01H256v144c0 17.69-14.33 31.99-32 31.99s-32-14.3-32-31.99v-144H48c-17.67 0-32-14.32-32-32.01s14.33-31.99 32-31.99H192v-144c0-17.69 14.33-32.01 32-32.01s32 14.32 32 32.01v144h144C417.7 224 432 238.3 432 256z\"><\/path><\/svg>\n\t\t\t\t\t\t\t<\/span>\n\t\t\t\t\t\t<span class=\"uagb-icon-active uagb-faq-icon-wrap\">\n\t\t\t\t\t\t\t\t<svg xmlns=\"https:\/\/www.w3.org\/2000\/svg\" viewBox= \"0 0 448 512\"><path d=\"M400 288h-352c-17.69 0-32-14.32-32-32.01s14.31-31.99 32-31.99h352c17.69 0 32 14.3 32 31.99S417.7 288 400 288z\"><\/path><\/svg>\n\t\t\t\t\t\t\t<\/span>\n\t\t\t<span class=\"uagb-question\">\u00c9rv\u00e9nyes-e az aj\u00e1nd\u00e9koz\u00e1s a megaj\u00e1nd\u00e9kozott \u00f6r\u00f6kl\u00e9sre val\u00f3 \u00e9rdemtelens\u00e9ge eset\u00e9n is?<\/span><\/div><div class=\"uagb-faq-content\"><p>Igen, mivel <strong>szerz\u0151d\u00e9ses ig\u00e9nyr\u0151l van sz\u00f3, \u00e9s nem hagyom\u00e1nyr\u00f3l<\/strong>, ez\u00e9rt \u00f6r\u00f6kl\u00e9sre \u00e9rdemtelen szem\u00e9ly sz\u00e1m\u00e1ra is \u00e9rv\u00e9nyes\u00edthet\u0151, amennyiben nincsenek szerz\u0151d\u00e9ses vagy jogszab\u00e1lyi akad\u00e1lyok.<\/p><\/div><\/div><\/div>","protected":false},"excerpt":{"rendered":"Hal\u00e1leseti aj\u00e1nd\u00e9koz\u00e1s Aki \u00e9let\u00e9ben tiszta viszonyokat akar teremteni, gyakran v\u00e9grendelethez folyamodik. Azonban nem mindig a v\u00e9gint\u00e9zked\u00e9s a helyes \u00fat. A hal\u00e1leseti aj\u00e1nd\u00e9koz\u00e1s (\u00a7\u202f603 ABGB) k\u00f6telez\u0151, de rugalmas alternat\u00edv\u00e1t k\u00edn\u00e1l arra, &#8230;","protected":false},"author":25,"featured_media":47176,"parent":43416,"menu_order":71,"comment_status":"closed","ping_status":"closed","template":"","meta":{"_acf_changed":false,"_uag_custom_page_level_css":"","footnotes":""},"categories":[747],"tags":[],"class_list":["post-47174","page","type-page","status-publish","has-post-thumbnail","hentry","category-oeroeklesi-jog-elogondoskodas"],"acf":[],"uagb_featured_image_src":{"full":["https:\/\/harlander-partner.eu\/wp-content\/uploads\/Schenkung-auf-den-Todesfall.webp",1920,1080,false],"thumbnail":["https:\/\/harlander-partner.eu\/wp-content\/uploads\/Schenkung-auf-den-Todesfall-100x100.webp",100,100,true],"medium":["https:\/\/harlander-partner.eu\/wp-content\/uploads\/Schenkung-auf-den-Todesfall-800x450.webp",800,450,true],"medium_large":["https:\/\/harlander-partner.eu\/wp-content\/uploads\/Schenkung-auf-den-Todesfall.webp",1920,1080,false],"large":["https:\/\/harlander-partner.eu\/wp-content\/uploads\/Schenkung-auf-den-Todesfall.webp",1920,1080,false],"1536x1536":["https:\/\/harlander-partner.eu\/wp-content\/uploads\/Schenkung-auf-den-Todesfall.webp",1536,864,false],"2048x2048":["https:\/\/harlander-partner.eu\/wp-content\/uploads\/Schenkung-auf-den-Todesfall.webp",1920,1080,false],"336x":["https:\/\/harlander-partner.eu\/wp-content\/uploads\/Schenkung-auf-den-Todesfall-336x189.webp",336,189,true],"352x":["https:\/\/harlander-partner.eu\/wp-content\/uploads\/Schenkung-auf-den-Todesfall-352x198.webp",352,198,true],"woocommerce_thumbnail":["https:\/\/harlander-partner.eu\/wp-content\/uploads\/Schenkung-auf-den-Todesfall-300x300.webp",300,300,true],"woocommerce_single":["https:\/\/harlander-partner.eu\/wp-content\/uploads\/Schenkung-auf-den-Todesfall-600x338.webp",600,338,true],"woocommerce_gallery_thumbnail":["https:\/\/harlander-partner.eu\/wp-content\/uploads\/Schenkung-auf-den-Todesfall-100x100.webp",100,100,true],"yarpp-thumbnail":["https:\/\/harlander-partner.eu\/wp-content\/uploads\/Schenkung-auf-den-Todesfall-120x120.webp",120,120,true]},"uagb_author_info":{"display_name":"Simon Prem","author_link":"https:\/\/harlander-partner.eu\/hu\/author\/simon-prem\/"},"uagb_comment_info":0,"uagb_excerpt":"Hal\u00e1leseti aj\u00e1nd\u00e9koz\u00e1s Aki \u00e9let\u00e9ben tiszta viszonyokat akar teremteni, gyakran v\u00e9grendelethez folyamodik. Azonban nem mindig a v\u00e9gint\u00e9zked\u00e9s a helyes \u00fat. A hal\u00e1leseti aj\u00e1nd\u00e9koz\u00e1s (\u00a7\u202f603 ABGB) k\u00f6telez\u0151, de rugalmas alternat\u00edv\u00e1t k\u00edn\u00e1l arra, ...","_links":{"self":[{"href":"https:\/\/harlander-partner.eu\/hu\/wp-json\/wp\/v2\/pages\/47174","targetHints":{"allow":["GET"]}}],"collection":[{"href":"https:\/\/harlander-partner.eu\/hu\/wp-json\/wp\/v2\/pages"}],"about":[{"href":"https:\/\/harlander-partner.eu\/hu\/wp-json\/wp\/v2\/types\/page"}],"author":[{"embeddable":true,"href":"https:\/\/harlander-partner.eu\/hu\/wp-json\/wp\/v2\/users\/25"}],"replies":[{"embeddable":true,"href":"https:\/\/harlander-partner.eu\/hu\/wp-json\/wp\/v2\/comments?post=47174"}],"version-history":[{"count":0,"href":"https:\/\/harlander-partner.eu\/hu\/wp-json\/wp\/v2\/pages\/47174\/revisions"}],"up":[{"embeddable":true,"href":"https:\/\/harlander-partner.eu\/hu\/wp-json\/wp\/v2\/pages\/43416"}],"wp:featuredmedia":[{"embeddable":true,"href":"https:\/\/harlander-partner.eu\/hu\/wp-json\/wp\/v2\/media\/47176"}],"wp:attachment":[{"href":"https:\/\/harlander-partner.eu\/hu\/wp-json\/wp\/v2\/media?parent=47174"}],"wp:term":[{"taxonomy":"category","embeddable":true,"href":"https:\/\/harlander-partner.eu\/hu\/wp-json\/wp\/v2\/categories?post=47174"},{"taxonomy":"post_tag","embeddable":true,"href":"https:\/\/harlander-partner.eu\/hu\/wp-json\/wp\/v2\/tags?post=47174"}],"curies":[{"name":"wp","href":"https:\/\/api.w.org\/{rel}","templated":true}]}}