{"id":46352,"date":"2025-07-09T15:30:47","date_gmt":"2025-07-09T13:30:47","guid":{"rendered":"https:\/\/harlander-partner.eu\/oroklesi-jog-vagyonrendezes\/kozjegyzo\/"},"modified":"2025-11-25T14:04:04","modified_gmt":"2025-11-25T13:04:04","slug":"kozjegyzo","status":"publish","type":"page","link":"https:\/\/harlander-partner.eu\/hu\/oroklesi-jog-vagyonrendezes\/kozjegyzo\/","title":{"rendered":"K\u00f6zjegyz\u0151"},"content":{"rendered":"\n<div class=\"wp-block-yoast-seo-table-of-contents yoast-table-of-contents\"><h2>K\u00f6zjegyz\u0151<\/h2><ul><li><a href=\"#h-gerichtskommissar\" data-level=\"2\">K\u00f6zjegyz\u0151<\/a><\/li><li><a href=\"#h-die-rolle-des-gerichtskommissars-im-verlassenschaftsverfahren\" data-level=\"2\">A k\u00f6zjegyz\u0151 szerepe a hagyat\u00e9ki elj\u00e1r\u00e1sban<\/a><ul><li><a href=\"#h-aufgabenbereiche-des-gerichtskommissars\" data-level=\"3\">A k\u00f6zjegyz\u0151 feladatk\u00f6rei<\/a><\/li><li><a href=\"#h-allgemeine-verfahrensschritte\" data-level=\"3\">\u00c1ltal\u00e1nos elj\u00e1r\u00e1si l\u00e9p\u00e9sek<\/a><\/li><li><a href=\"#h-varianten-der-verfahrensfuhrung\" data-level=\"3\">Az elj\u00e1r\u00e1s lefolytat\u00e1s\u00e1nak v\u00e1ltozatai<\/a><\/li><li><a href=\"#h-durchfuhrung-der-abhandlung\" data-level=\"3\">A hagyat\u00e9ki elj\u00e1r\u00e1s lefolytat\u00e1sa<\/a><\/li><li><a href=\"#h-abschluss-und-umsetzung\" data-level=\"3\">Befejez\u00e9s \u00e9s v\u00e9grehajt\u00e1s<\/a><\/li><li><a href=\"#h-besondere-aufgaben\" data-level=\"3\">K\u00fcl\u00f6nleges feladatok<\/a><\/li><\/ul><\/li><li><a href=\"#h-haufig-gestellte-fragen-faq\" data-level=\"2\">Gyakran ism\u00e9telt k\u00e9rd\u00e9sek \u2013 GYIK<\/a><\/li><\/ul><\/div>\n\n<h2 class=\"wp-block-heading\" id=\"h-gerichtskommissar\">K\u00f6zjegyz\u0151<\/h2>\n\n<p class=\"wp-block-paragraph\">Amikor egy ember meghal, nemcsak eml\u00e9keket, hanem gyakran sz\u00e1mos jogi \u00e9s p\u00e9nz\u00fcgyi k\u00e9rd\u00e9st is maga ut\u00e1n hagy. Az osztr\u00e1k hagyat\u00e9ki elj\u00e1r\u00e1sban egy szem\u00e9lynek k\u00f6zponti szerep jut: a k\u00f6zjegyz\u0151nek. Amit sokan nem tudnak: \u00e1ltal\u00e1ban egy k\u00f6zjegyz\u0151r\u0151l van sz\u00f3, aki a b\u00edr\u00f3s\u00e1g megb\u00edz\u00e1s\u00e1b\u00f3l j\u00e1r el. \u0150k gondoskodnak a hagyat\u00e9ki elj\u00e1r\u00e1s rendezett lefolytat\u00e1s\u00e1r\u00f3l, \u00e9s az els\u0151 jegyz\u0151k\u00f6nyvt\u0151l a hagyat\u00e9k\u00e1tad\u00e1sig a legt\u00f6bb l\u00e9p\u00e9s\u00e9rt \u0151k a f\u0151 felel\u0151s\u00f6k.   <\/p>\n\n<div class=\"wp-block-uagb-container uagb-block-3019fe8e alignfull uagb-is-root-container\">\n<div class=\"wp-block-uagb-container uagb-block-32585033\">\n<p class=\"wp-block-paragraph\">A k\u00f6zjegyz\u0151 Ausztri\u00e1ban lefolytatja a hagyat\u00e9ki elj\u00e1r\u00e1st \u00e9s elk\u00eds\u00e9ri az \u00f6r\u00f6k\u00f6s\u00f6ket a hagyat\u00e9k\u00e1tad\u00e1sig.<\/p>\n<\/div>\n\n\n\n<div class=\"wp-block-uagb-container uagb-block-45819ab6\"><picture>\r\n\t\t<source srcset=\"https:\/\/harlander-partner.eu\/wp-content\/uploads\/Gerichtskommissaer-352x198.webp\" >\r\n\t\t<img decoding=\"async\" class=\"mr-picture-small\" src=\"https:\/\/harlander-partner.eu\/wp-content\/uploads\/Gerichtskommissaer.webp\" alt=\"A k\u00f6zjegyz\u0151 Ausztri\u00e1ban lefolytatja a hagyat\u00e9ki elj\u00e1r\u00e1st \u00e9s elk\u00eds\u00e9ri az \u00f6r\u00f6k\u00f6s\u00f6ket a hagyat\u00e9k\u00e1tad\u00e1sig.\" >\r\n\t<\/picture>\n<\/div>\n<\/div>\n    <div class=\"mr-quote mrbg clearfix\">\n        <a class=\"mr-quote-person\" href=\"\/ueber-uns\/rechtsanwalt-peter-harlander\/\" title=\"Rechtsanwalt Peter Harlander\">\n            <img decoding=\"async\" class=\"mr-quote-person-img\" src=\"https:\/\/harlander-partner.eu\/wp-content\/themes\/harlander\/design\/ph100.webp\" width=\"100\"\n                 height=\"100\" loading=\"lazy\" alt=\"Rechtsanwalt Peter Harlander\">\n            <span class=\"mr-quote-person-text\">\n            Peter Harlander<br>\n            <span class=\"mr-quote-person-function\">Harlander &amp; Partner Rechtsanw\u00e4lte<\/span>\n        <\/span>\n        <\/a>\n        <span class=\"mr-quote-content\">\u201eWer vom Gerichtskommiss\u00e4r Post erh\u00e4lt, sollte nicht abwarten, sondern sich aktiv \u00fcber seine Rechte informieren, insbesondere bei Pflichtteilsanspr\u00fcchen oder Erbstreitigkeiten.\u201c<\/span>\n    <\/div>\n<a class=\"mr-cta-link mr-cta-button-cal\" href=\"#h2-booking\" title=\"Ingyenes els\u0151 konzult\u00e1ci\u00f3\"><span class=\"mr-cta-link-normal\">V\u00e1lassza ki az id\u0151pontot most:<\/span><span class=\"mr-cta-link-bold\">Ingyenes els\u0151 konzult\u00e1ci\u00f3<\/span><\/a>\n\n<div class=\"wp-block-group\"><div class=\"wp-block-group__inner-container\">\n<h2 class=\"wp-block-heading\" id=\"h-die-rolle-des-gerichtskommissars-im-verlassenschaftsverfahren\">A k\u00f6zjegyz\u0151 szerepe a hagyat\u00e9ki elj\u00e1r\u00e1sban<\/h2>\n\n\n\n<p class=\"wp-block-paragraph\">A k\u00f6zjegyz\u0151 feladata jogszab\u00e1lyban r\u00f6gz\u00edtett. Hagyat\u00e9ki elj\u00e1r\u00e1sokban k\u00f6zjegyz\u0151k t\u00f6ltik be ezt a szerepet. A c\u00e9l egy hat\u00e9kony, tehermentes\u00edt\u0151 elj\u00e1r\u00e1s, felesleges b\u00edr\u00f3s\u00e1gi beavatkoz\u00e1s n\u00e9lk\u00fcl. B\u00e1r a v\u00e9gs\u0151 d\u00f6nt\u00e9s mindig a b\u00edr\u00f3s\u00e1g\u00e9 marad, a t\u00e9nyleges v\u00e9grehajt\u00e1s a k\u00f6zjegyz\u0151 feladata.   <\/p>\n\n\n\n<p class=\"wp-block-paragraph\">Az elj\u00e1r\u00e1s rendszerint az \u00fagynevezett hal\u00e1leseti jegyz\u0151k\u00f6nyv felv\u00e9tel\u00e9vel kezd\u0151dik. Ezt k\u00f6vet\u0151en a k\u00f6zjegyz\u0151 tiszt\u00e1zza az \u00f6r\u00f6k\u00f6si st\u00e1tuszt, biztons\u00e1gi int\u00e9zked\u00e9seket kezdem\u00e9nyez, <g id=\"gid_0\">\u00f6r\u00f6k\u00f6s\u00f6d\u00e9si nyilatkozatokat<\/g> vesz \u00e1t, \u00e9s el\u0151k\u00e9sz\u00edti a <g id=\"gid_1\">hagyat\u00e9k\u00e1tad\u00e1st<\/g>. N\u00e1la helyezik let\u00e9tbe \u00e9s tekintik \u00e1t a <a href=\"https:\/\/harlander-partner.eu\/hu\/oroklesi-jog-vagyonrendezes\/vegrendelet\/\">v\u00e9grendeleteket<\/a> \u00e9s egy\u00e9b hal\u00e1leseti rendelkez\u00e9seket is.  <\/p>\n\n\n\n<h3 class=\"wp-block-heading\" id=\"h-aufgabenbereiche-des-gerichtskommissars\">A k\u00f6zjegyz\u0151 feladatk\u00f6rei<\/h3>\n\n\n\n<p class=\"wp-block-paragraph\">A k\u00f6zjegyz\u0151, mint k\u00f6zponti elj\u00e1r\u00e1svezet\u0151, sz\u00e1mos feladatot l\u00e1t el, amelyek a hagyat\u00e9ki elj\u00e1r\u00e1s menet\u00e9t\u0151l f\u00fcgg\u0151en sz\u00fcks\u00e9gesek. Ezek a k\u00f6vetkez\u0151 ter\u00fcletekre oszthat\u00f3k: <\/p>\n\n\n\n<h3 class=\"wp-block-heading\" id=\"h-allgemeine-verfahrensschritte\">\u00c1ltal\u00e1nos elj\u00e1r\u00e1si l\u00e9p\u00e9sek<\/h3>\n\n\n\n<ul class=\"wp-block-list\">\n<li>A tov\u00e1bbi elj\u00e1r\u00e1shoz sz\u00fcks\u00e9ges \u00f6sszes k\u00f6r\u00fclm\u00e9ny felt\u00e1r\u00e1sa<\/li>\n\n\n\n<li>Biztos\u00edt\u00e1si int\u00e9zked\u00e9sek elrendel\u00e9se \u00e9s v\u00e9grehajt\u00e1sa<\/li>\n\n\n\n<li><a href=\"https:\/\/harlander-partner.eu\/inventar\/\">Lelt\u00e1r<\/a> k\u00e9sz\u00edt\u00e9se, amennyiben felt\u00e9teles <a href=\"https:\/\/harlander-partner.eu\/hu\/oroklesi-jog-vagyonrendezes\/oroklesi-nyilatkozat\/\">\u00f6r\u00f6k\u00f6s\u00f6d\u00e9si nyilatkozatot<\/a> tesznek<\/li>\n\n\n\n<li>V\u00e9grendeleti rendelkez\u00e9sek \u00e9s egy\u00e9b hal\u00e1leseti nyilatkozatok \u00e1tv\u00e9tele<\/li>\n<\/ul>\n\n\n\n<h3 class=\"wp-block-heading\" id=\"h-varianten-der-verfahrensfuhrung\">Az elj\u00e1r\u00e1s lefolytat\u00e1s\u00e1nak v\u00e1ltozatai<\/h3>\n\n\n\n<ul class=\"wp-block-list\">\n<li>Elj\u00e1r\u00e1s hagyat\u00e9ki elj\u00e1r\u00e1s \u00e9s <a href=\"https:\/\/harlander-partner.eu\/einantwortung\/\">hagyat\u00e9k\u00e1tad\u00e1s<\/a> n\u00e9lk\u00fcl (pl. csek\u00e9ly vagyon eset\u00e9n)<\/li>\n\n\n\n<li>A hagyat\u00e9k \u00e1tenged\u00e9se fizet\u00e9s helyett<\/li>\n\n\n\n<li>Hagyat\u00e9ki cs\u0151delj\u00e1r\u00e1s lefolytat\u00e1sa<\/li>\n<\/ul>\n\n\n\n<h3 class=\"wp-block-heading\" id=\"h-durchfuhrung-der-abhandlung\">A hagyat\u00e9ki elj\u00e1r\u00e1s lefolytat\u00e1sa<\/h3>\n\n\n\n<ul class=\"wp-block-list\">\n<li>Felh\u00edv\u00e1s <a href=\"https:\/\/harlander-partner.eu\/hu\/oroklesi-jog-vagyonrendezes\/oroklesi-nyilatkozat\/\">\u00f6r\u00f6k\u00f6s\u00f6d\u00e9si nyilatkozatok<\/a> megt\u00e9tel\u00e9re<\/li>\n\n\n\n<li>Felt\u00e9tel n\u00e9lk\u00fcli \u00f6r\u00f6k\u00f6s\u00f6d\u00e9si nyilatkozatok \u00e1tv\u00e9tele \u00e9s vizsg\u00e1lata (<a href=\"https:\/\/harlander-partner.eu\/vermoegenserklaerung\/\">vagyonnyilatkozattal<\/a>)<\/li>\n\n\n\n<li>Felt\u00e9teles \u00f6r\u00f6k\u00f6s\u00f6d\u00e9si nyilatkozatok \u00e1tv\u00e9tele (lelt\u00e1rral \u00e9s hitelez\u0151i felh\u00edv\u00e1ssal)<\/li>\n\n\n\n<li>Egyezs\u00e9gi k\u00eds\u00e9rlet ellentmond\u00f3 \u00f6r\u00f6k\u00f6s\u00f6d\u00e9si nyilatkozatok eset\u00e9n<\/li>\n\n\n\n<li>Sz\u00f3beli t\u00e1rgyal\u00e1s lefolytat\u00e1sa az \u00f6r\u00f6kl\u00e9si joggal kapcsolatos k\u00e9ts\u00e9gek eset\u00e9n<\/li>\n\n\n\n<li>Az \u00f6r\u00f6kl\u00e9si jog igazol\u00e1sa megfelel\u0151 okiratokkal<\/li>\n<\/ul>\n\n\n\n<h3 class=\"wp-block-heading\" id=\"h-abschluss-und-umsetzung\">Befejez\u00e9s \u00e9s v\u00e9grehajt\u00e1s<\/h3>\n\n\n\n<ul class=\"wp-block-list\">\n<li><a href=\"https:\/\/harlander-partner.eu\/einantwortung\/\">Hagyat\u00e9k\u00e1tad\u00e1s<\/a> b\u00edr\u00f3s\u00e1gi v\u00e9gz\u00e9ssel<\/li>\n\n\n\n<li>K\u00f6zrem\u0171k\u00f6d\u00e9s egy \u00f6r\u00f6ks\u00e9gmegoszt\u00e1si meg\u00e1llapod\u00e1sr\u00f3l sz\u00f3l\u00f3 d\u00f6nt\u00e9sben<\/li>\n\n\n\n<li>Egy esetleges \u00f6r\u00f6ks\u00e9gmegoszt\u00e1si per el\u0151k\u00e9sz\u00edt\u00e9se<\/li>\n\n\n\n<li>A telekk\u00f6nyvi bejegyz\u00e9s vagy a c\u00e9gjegyz\u00e9kbe val\u00f3 bejegyz\u00e9s kezdem\u00e9nyez\u00e9se<\/li>\n<\/ul>\n\n\n\n<h3 class=\"wp-block-heading\" id=\"h-besondere-aufgaben\">K\u00fcl\u00f6nleges feladatok<\/h3>\n\n\n\n<ul class=\"wp-block-list\">\n<li>Hivatalos igazol\u00e1sok ki\u00e1ll\u00edt\u00e1sa k\u00e9pviseleti jogosults\u00e1gokr\u00f3l<\/li>\n\n\n\n<li>Egy <a href=\"https:\/\/harlander-partner.eu\/hu\/oroklesi-jog-vagyonrendezes\/europai-oroklesi-bizonyitvany\/\">eur\u00f3pai \u00f6r\u00f6kl\u00e9si bizony\u00edtv\u00e1ny<\/a> ki\u00e1ll\u00edt\u00e1sa <a href=\"https:\/\/harlander-partner.eu\/wp-content\/uploads\/Internationaler_Erbschaftsfall.webp\">hat\u00e1ron \u00e1tny\u00fal\u00f3 \u00f6r\u00f6kl\u00e9si \u00fcgyekben<\/a><\/li>\n\n\n\n<li>Egyezs\u00e9gi k\u00eds\u00e9rlet egy gondoz\u00e1si hagyom\u00e1ny teljes\u00edt\u00e9s\u00e9r\u0151l<\/li>\n<\/ul>\n\n\n\n<p class=\"wp-block-paragraph\">Ezenk\u00edv\u00fcl r\u00e1 h\u00e1rul a teljes hagyat\u00e9ki elj\u00e1r\u00e1s lefolytat\u00e1sa.<\/p>\n\n\n\n<blockquote class=\"wp-block-quote\">    <div class=\"mr-quote mrbg clearfix\">\n        <a class=\"mr-quote-person\" href=\"\/ueber-uns\/rechtsanwalt-peter-harlander\/\" title=\"Rechtsanwalt Peter Harlander\">\n            <img decoding=\"async\" class=\"mr-quote-person-img\" src=\"https:\/\/harlander-partner.eu\/wp-content\/themes\/harlander\/design\/ph100.webp\" width=\"100\"\n                 height=\"100\" loading=\"lazy\" alt=\"Rechtsanwalt Peter Harlander\">\n            <span class=\"mr-quote-person-text\">\n            Peter Harlander<br>\n            <span class=\"mr-quote-person-function\">Harlander &amp; Partner Rechtsanw\u00e4lte<\/span>\n        <\/span>\n        <\/a>\n        <span class=\"mr-quote-content\">\u201eDer Gerichtskommiss\u00e4r ist im Verlassenschaftsverfahren Dreh- und Angelpunkt, rechtlich neutral und organisatorisch zentral.\u201c<\/span>\n    <\/div>\n<\/blockquote>\n<\/div><\/div>\n\n<h2 class=\"wp-block-heading\">Az \u00d6n el\u0151nyei \u00fcgyv\u00e9di seg\u00edts\u00e9ggel<\/h2>\n\n<p class=\"wp-block-paragraph\">B\u00e1r a k\u00f6zjegyz\u0151 sz\u00e1mos feladatot ell\u00e1t, nem r\u00e9szrehajl\u00f3, hanem a semlegess\u00e9gre k\u00f6telezett. Ezzel szemben egy <strong>saj\u00e1t \u00fcgyv\u00e9d<\/strong> c\u00e9lzottan k\u00e9pviselheti az \u00d6n \u00e9rdekeit, p\u00e9ld\u00e1ul: <\/p>\n\n<ul class=\"wp-block-list\">\n<li>Ha vita van az \u00f6r\u00f6k\u00f6s\u00f6k k\u00f6z\u00f6tt<\/li>\n\n\n\n<li>V\u00e9grendelet \u00e9rv\u00e9nyess\u00e9g\u00e9vel kapcsolatos k\u00e9ts\u00e9gek eset\u00e9n<\/li>\n\n\n\n<li>Nemzetk\u00f6zi illet\u00e9kess\u00e9gek tiszt\u00e1z\u00e1s\u00e1ra<\/li>\n\n\n\n<li>Ha k\u00f6telesr\u00e9sz-ig\u00e9nyek \u00e9rintettek<\/li>\n\n\n\n<li>Az \u00f6r\u00f6k\u00f6s\u00f6d\u00e9si nyilatkozat megt\u00e9tel\u00e9nek k\u00eds\u00e9r\u00e9s\u00e9re vagy a felel\u0151ss\u00e9g vizsg\u00e1lat\u00e1ra<\/li>\n<\/ul>\n<a class=\"mr-cta-link mr-cta-button-cal\" href=\"#h2-booking\" title=\"Ingyenes els\u0151 konzult\u00e1ci\u00f3\"><span class=\"mr-cta-link-normal\">V\u00e1lassza ki az id\u0151pontot most:<\/span><span class=\"mr-cta-link-bold\">Ingyenes els\u0151 konzult\u00e1ci\u00f3<\/span><\/a>\n\n<h2 class=\"wp-block-heading\" id=\"h-haufig-gestellte-fragen-faq\">Gyakran ism\u00e9telt k\u00e9rd\u00e9sek \u2013 GYIK<\/h2>\n<div class=\"wp-block-uagb-faq uagb-faq__outer-wrap uagb-block-8bab5cf4 uagb-faq-icon-row uagb-faq-layout-accordion uagb-faq-expand-first-true uagb-faq-inactive-other-true uagb-faq__wrap uagb-buttons-layout-wrap uagb-faq-equal-height     \" data-faqtoggle=\"true\" role=\"tablist\"><div class=\"wp-block-uagb-faq-child uagb-faq-child__outer-wrap uagb-faq-item uagb-block-3a1682f5 \" role=\"tab\" tabindex=\"0\"><div class=\"uagb-faq-questions-button uagb-faq-questions\">\t\t\t<span class=\"uagb-icon uagb-faq-icon-wrap\">\n\t\t\t\t\t\t\t\t<svg xmlns=\"https:\/\/www.w3.org\/2000\/svg\" viewBox= \"0 0 448 512\"><path d=\"M432 256c0 17.69-14.33 32.01-32 32.01H256v144c0 17.69-14.33 31.99-32 31.99s-32-14.3-32-31.99v-144H48c-17.67 0-32-14.32-32-32.01s14.33-31.99 32-31.99H192v-144c0-17.69 14.33-32.01 32-32.01s32 14.32 32 32.01v144h144C417.7 224 432 238.3 432 256z\"><\/path><\/svg>\n\t\t\t\t\t\t\t<\/span>\n\t\t\t\t\t\t<span class=\"uagb-icon-active uagb-faq-icon-wrap\">\n\t\t\t\t\t\t\t\t<svg xmlns=\"https:\/\/www.w3.org\/2000\/svg\" viewBox= \"0 0 448 512\"><path d=\"M400 288h-352c-17.69 0-32-14.32-32-32.01s14.31-31.99 32-31.99h352c17.69 0 32 14.3 32 31.99S417.7 288 400 288z\"><\/path><\/svg>\n\t\t\t\t\t\t\t<\/span>\n\t\t\t<span class=\"uagb-question\">Mi az a k\u00f6zjegyz\u0151?<\/span><\/div><div class=\"uagb-faq-content\"><p>A k\u00f6zjegyz\u0151 olyan k\u00f6zjegyz\u0151, akit hagyat\u00e9ki elj\u00e1r\u00e1s lefolytat\u00e1s\u00e1val b\u00edztak meg. A v\u00e9gs\u0151 d\u00f6nt\u00e9si jogk\u00f6r azonban tov\u00e1bbra is a b\u00edr\u00f3s\u00e1g\u00e9. <\/p><\/div><\/div><div class=\"wp-block-uagb-faq-child uagb-faq-child__outer-wrap uagb-faq-item uagb-block-37778d19 \" role=\"tab\" tabindex=\"0\"><div class=\"uagb-faq-questions-button uagb-faq-questions\">\t\t\t<span class=\"uagb-icon uagb-faq-icon-wrap\">\n\t\t\t\t\t\t\t\t<svg xmlns=\"https:\/\/www.w3.org\/2000\/svg\" viewBox= \"0 0 448 512\"><path d=\"M432 256c0 17.69-14.33 32.01-32 32.01H256v144c0 17.69-14.33 31.99-32 31.99s-32-14.3-32-31.99v-144H48c-17.67 0-32-14.32-32-32.01s14.33-31.99 32-31.99H192v-144c0-17.69 14.33-32.01 32-32.01s32 14.32 32 32.01v144h144C417.7 224 432 238.3 432 256z\"><\/path><\/svg>\n\t\t\t\t\t\t\t<\/span>\n\t\t\t\t\t\t<span class=\"uagb-icon-active uagb-faq-icon-wrap\">\n\t\t\t\t\t\t\t\t<svg xmlns=\"https:\/\/www.w3.org\/2000\/svg\" viewBox= \"0 0 448 512\"><path d=\"M400 288h-352c-17.69 0-32-14.32-32-32.01s14.31-31.99 32-31.99h352c17.69 0 32 14.3 32 31.99S417.7 288 400 288z\"><\/path><\/svg>\n\t\t\t\t\t\t\t<\/span>\n\t\t\t<span class=\"uagb-question\">Milyen feladatokat l\u00e1t el a k\u00f6zjegyz\u0151?<\/span><\/div><div class=\"uagb-faq-content\"><p>A k\u00f6zjegyz\u0151 (\u00e1ltal\u00e1ban egy k\u00f6zjegyz\u0151) a b\u00edr\u00f3s\u00e1g megb\u00edz\u00e1s\u00e1b\u00f3l vezeti a hagyat\u00e9ki elj\u00e1r\u00e1st. Felveszi a hal\u00e1lesetet, tiszt\u00e1zza az \u00f6r\u00f6k\u00f6si st\u00e1tuszt, biztos\u00edtja a hagyat\u00e9ki \u00e9rt\u00e9keket \u00e9s el\u0151k\u00e9sz\u00edti a hagyat\u00e9k\u00e1tad\u00e1st. <\/p><\/div><\/div><div class=\"wp-block-uagb-faq-child uagb-faq-child__outer-wrap uagb-faq-item uagb-block-abe475b3 \" role=\"tab\" tabindex=\"0\"><div class=\"uagb-faq-questions-button uagb-faq-questions\">\t\t\t<span class=\"uagb-icon uagb-faq-icon-wrap\">\n\t\t\t\t\t\t\t\t<svg xmlns=\"https:\/\/www.w3.org\/2000\/svg\" viewBox= \"0 0 448 512\"><path d=\"M432 256c0 17.69-14.33 32.01-32 32.01H256v144c0 17.69-14.33 31.99-32 31.99s-32-14.3-32-31.99v-144H48c-17.67 0-32-14.32-32-32.01s14.33-31.99 32-31.99H192v-144c0-17.69 14.33-32.01 32-32.01s32 14.32 32 32.01v144h144C417.7 224 432 238.3 432 256z\"><\/path><\/svg>\n\t\t\t\t\t\t\t<\/span>\n\t\t\t\t\t\t<span class=\"uagb-icon-active uagb-faq-icon-wrap\">\n\t\t\t\t\t\t\t\t<svg xmlns=\"https:\/\/www.w3.org\/2000\/svg\" viewBox= \"0 0 448 512\"><path d=\"M400 288h-352c-17.69 0-32-14.32-32-32.01s14.31-31.99 32-31.99h352c17.69 0 32 14.3 32 31.99S417.7 288 400 288z\"><\/path><\/svg>\n\t\t\t\t\t\t\t<\/span>\n\t\t\t<span class=\"uagb-question\">K\u00f6telez\u0151-e a k\u00f6zjegyz\u0151vel val\u00f3 egy\u00fcttm\u0171k\u00f6d\u00e9s?<\/span><\/div><div class=\"uagb-faq-content\"><p>Igen. A k\u00f6zjegyz\u0151 k\u00f6zrem\u0171k\u00f6d\u00e9se jogszab\u00e1lyban el\u0151\u00edrt. Azonban a saj\u00e1t \u00fcgyv\u00e9di tan\u00e1csad\u00e1s biztos\u00edtja az \u00d6n \u00e9rdekeit, k\u00fcl\u00f6n\u00f6sen k\u00f6telesr\u00e9sz-k\u00e9rd\u00e9sek vagy \u00f6r\u00f6kl\u00e9si vit\u00e1k eset\u00e9n.  <\/p><\/div><\/div><div class=\"wp-block-uagb-faq-child uagb-faq-child__outer-wrap uagb-faq-item uagb-block-2d310439 \" role=\"tab\" tabindex=\"0\"><div class=\"uagb-faq-questions-button uagb-faq-questions\">\t\t\t<span class=\"uagb-icon uagb-faq-icon-wrap\">\n\t\t\t\t\t\t\t\t<svg xmlns=\"https:\/\/www.w3.org\/2000\/svg\" viewBox= \"0 0 448 512\"><path d=\"M432 256c0 17.69-14.33 32.01-32 32.01H256v144c0 17.69-14.33 31.99-32 31.99s-32-14.3-32-31.99v-144H48c-17.67 0-32-14.32-32-32.01s14.33-31.99 32-31.99H192v-144c0-17.69 14.33-32.01 32-32.01s32 14.32 32 32.01v144h144C417.7 224 432 238.3 432 256z\"><\/path><\/svg>\n\t\t\t\t\t\t\t<\/span>\n\t\t\t\t\t\t<span class=\"uagb-icon-active uagb-faq-icon-wrap\">\n\t\t\t\t\t\t\t\t<svg xmlns=\"https:\/\/www.w3.org\/2000\/svg\" viewBox= \"0 0 448 512\"><path d=\"M400 288h-352c-17.69 0-32-14.32-32-32.01s14.31-31.99 32-31.99h352c17.69 0 32 14.3 32 31.99S417.7 288 400 288z\"><\/path><\/svg>\n\t\t\t\t\t\t\t<\/span>\n\t\t\t<span class=\"uagb-question\">Hogyan oldj\u00e1k meg az \u00f6r\u00f6k\u00f6s\u00f6d\u00e9si nyilatkozatokkal kapcsolatos vit\u00e1kat?<\/span><\/div><div class=\"uagb-faq-content\"><p>Az ellentmond\u00f3 \u00f6r\u00f6k\u00f6s\u00f6d\u00e9si nyilatkozatokat el\u0151sz\u00f6r a k\u00f6zjegyz\u0151 egyezteti. Ha n\u00e9zetelt\u00e9r\u00e9sek mer\u00fclnek fel, sz\u00f3beli t\u00e1rgyal\u00e1st h\u00edvnak \u00f6ssze, miel\u0151tt a b\u00edr\u00f3s\u00e1g v\u00e9glegesen d\u00f6ntene. <\/p><\/div><\/div><div class=\"wp-block-uagb-faq-child uagb-faq-child__outer-wrap uagb-faq-item uagb-block-bdb778de \" role=\"tab\" tabindex=\"0\"><div class=\"uagb-faq-questions-button uagb-faq-questions\">\t\t\t<span class=\"uagb-icon uagb-faq-icon-wrap\">\n\t\t\t\t\t\t\t\t<svg xmlns=\"https:\/\/www.w3.org\/2000\/svg\" viewBox= \"0 0 448 512\"><path d=\"M432 256c0 17.69-14.33 32.01-32 32.01H256v144c0 17.69-14.33 31.99-32 31.99s-32-14.3-32-31.99v-144H48c-17.67 0-32-14.32-32-32.01s14.33-31.99 32-31.99H192v-144c0-17.69 14.33-32.01 32-32.01s32 14.32 32 32.01v144h144C417.7 224 432 238.3 432 256z\"><\/path><\/svg>\n\t\t\t\t\t\t\t<\/span>\n\t\t\t\t\t\t<span class=\"uagb-icon-active uagb-faq-icon-wrap\">\n\t\t\t\t\t\t\t\t<svg xmlns=\"https:\/\/www.w3.org\/2000\/svg\" viewBox= \"0 0 448 512\"><path d=\"M400 288h-352c-17.69 0-32-14.32-32-32.01s14.31-31.99 32-31.99h352c17.69 0 32 14.3 32 31.99S417.7 288 400 288z\"><\/path><\/svg>\n\t\t\t\t\t\t\t<\/span>\n\t\t\t<span class=\"uagb-question\">Mikor aj\u00e1nlott kieg\u00e9sz\u00edt\u0151 \u00fcgyv\u00e9di k\u00e9pviselet?<\/span><\/div><div class=\"uagb-faq-content\"><p>V\u00e9grendelet \u00e9rv\u00e9nyess\u00e9g\u00e9vel kapcsolatos k\u00e9ts\u00e9gek, nemzetk\u00f6zi \u00f6r\u00f6kl\u00e9si \u00fcgyek vagy k\u00f6telesr\u00e9sz-vit\u00e1k eset\u00e9n \u00fcgyv\u00e9di seg\u00edts\u00e9g javasolt, mivel az \u00fcgyv\u00e9d kiz\u00e1r\u00f3lag az \u00d6n \u00e9rdekeit k\u00e9pviseli.<\/p><\/div><\/div><\/div>","protected":false},"excerpt":{"rendered":"K\u00f6zjegyz\u0151 Amikor egy ember meghal, nemcsak eml\u00e9keket, hanem gyakran sz\u00e1mos jogi \u00e9s p\u00e9nz\u00fcgyi k\u00e9rd\u00e9st is maga ut\u00e1n hagy. Az osztr\u00e1k hagyat\u00e9ki elj\u00e1r\u00e1sban egy szem\u00e9lynek k\u00f6zponti szerep jut: a k\u00f6zjegyz\u0151nek. Amit &#8230;","protected":false},"author":25,"featured_media":46354,"parent":43416,"menu_order":5,"comment_status":"closed","ping_status":"closed","template":"","meta":{"_acf_changed":false,"_uag_custom_page_level_css":"","footnotes":""},"categories":[747],"tags":[],"class_list":["post-46352","page","type-page","status-publish","has-post-thumbnail","hentry","category-oeroeklesi-jog-elogondoskodas"],"acf":[],"uagb_featured_image_src":{"full":["https:\/\/harlander-partner.eu\/wp-content\/uploads\/Gerichtskommissaer.webp",1920,1080,false],"thumbnail":["https:\/\/harlander-partner.eu\/wp-content\/uploads\/Gerichtskommissaer-100x100.webp",100,100,true],"medium":["https:\/\/harlander-partner.eu\/wp-content\/uploads\/Gerichtskommissaer-800x450.webp",800,450,true],"medium_large":["https:\/\/harlander-partner.eu\/wp-content\/uploads\/Gerichtskommissaer.webp",1920,1080,false],"large":["https:\/\/harlander-partner.eu\/wp-content\/uploads\/Gerichtskommissaer.webp",1920,1080,false],"1536x1536":["https:\/\/harlander-partner.eu\/wp-content\/uploads\/Gerichtskommissaer.webp",1536,864,false],"2048x2048":["https:\/\/harlander-partner.eu\/wp-content\/uploads\/Gerichtskommissaer.webp",1920,1080,false],"336x":["https:\/\/harlander-partner.eu\/wp-content\/uploads\/Gerichtskommissaer-336x189.webp",336,189,true],"352x":["https:\/\/harlander-partner.eu\/wp-content\/uploads\/Gerichtskommissaer-352x198.webp",352,198,true],"woocommerce_thumbnail":["https:\/\/harlander-partner.eu\/wp-content\/uploads\/Gerichtskommissaer-300x300.webp",300,300,true],"woocommerce_single":["https:\/\/harlander-partner.eu\/wp-content\/uploads\/Gerichtskommissaer-600x338.webp",600,338,true],"woocommerce_gallery_thumbnail":["https:\/\/harlander-partner.eu\/wp-content\/uploads\/Gerichtskommissaer-100x100.webp",100,100,true],"yarpp-thumbnail":["https:\/\/harlander-partner.eu\/wp-content\/uploads\/Gerichtskommissaer-120x120.webp",120,120,true]},"uagb_author_info":{"display_name":"Simon Prem","author_link":"https:\/\/harlander-partner.eu\/hu\/author\/simon-prem\/"},"uagb_comment_info":0,"uagb_excerpt":"K\u00f6zjegyz\u0151 Amikor egy ember meghal, nemcsak eml\u00e9keket, hanem gyakran sz\u00e1mos jogi \u00e9s p\u00e9nz\u00fcgyi k\u00e9rd\u00e9st is maga ut\u00e1n hagy. Az osztr\u00e1k hagyat\u00e9ki elj\u00e1r\u00e1sban egy szem\u00e9lynek k\u00f6zponti szerep jut: a k\u00f6zjegyz\u0151nek. Amit ...","_links":{"self":[{"href":"https:\/\/harlander-partner.eu\/hu\/wp-json\/wp\/v2\/pages\/46352","targetHints":{"allow":["GET"]}}],"collection":[{"href":"https:\/\/harlander-partner.eu\/hu\/wp-json\/wp\/v2\/pages"}],"about":[{"href":"https:\/\/harlander-partner.eu\/hu\/wp-json\/wp\/v2\/types\/page"}],"author":[{"embeddable":true,"href":"https:\/\/harlander-partner.eu\/hu\/wp-json\/wp\/v2\/users\/25"}],"replies":[{"embeddable":true,"href":"https:\/\/harlander-partner.eu\/hu\/wp-json\/wp\/v2\/comments?post=46352"}],"version-history":[{"count":0,"href":"https:\/\/harlander-partner.eu\/hu\/wp-json\/wp\/v2\/pages\/46352\/revisions"}],"up":[{"embeddable":true,"href":"https:\/\/harlander-partner.eu\/hu\/wp-json\/wp\/v2\/pages\/43416"}],"wp:featuredmedia":[{"embeddable":true,"href":"https:\/\/harlander-partner.eu\/hu\/wp-json\/wp\/v2\/media\/46354"}],"wp:attachment":[{"href":"https:\/\/harlander-partner.eu\/hu\/wp-json\/wp\/v2\/media?parent=46352"}],"wp:term":[{"taxonomy":"category","embeddable":true,"href":"https:\/\/harlander-partner.eu\/hu\/wp-json\/wp\/v2\/categories?post=46352"},{"taxonomy":"post_tag","embeddable":true,"href":"https:\/\/harlander-partner.eu\/hu\/wp-json\/wp\/v2\/tags?post=46352"}],"curies":[{"name":"wp","href":"https:\/\/api.w.org\/{rel}","templated":true}]}}