{"id":127028,"date":"2026-03-12T12:00:00","date_gmt":"2026-03-12T11:00:00","guid":{"rendered":"https:\/\/harlander-partner.eu\/buntetojog\/felfuggeszto-hataly-a-kozigazgatasi-jogban\/"},"modified":"2026-03-12T12:21:27","modified_gmt":"2026-03-12T11:21:27","slug":"felfuggeszto-hataly-a-kozigazgatasi-jogban","status":"publish","type":"page","link":"https:\/\/harlander-partner.eu\/hu\/buntetojog\/felfuggeszto-hataly-a-kozigazgatasi-jogban\/","title":{"rendered":"Felf\u00fcggeszt\u0151 hat\u00e1ly a k\u00f6zigazgat\u00e1si jogban"},"content":{"rendered":"\n<div class=\"wp-block-yoast-seo-table-of-contents yoast-table-of-contents\"><h2>Felf\u00fcggeszt\u0151 hat\u00e1ly a k\u00f6zigazgat\u00e1si jogban<\/h2><ul><li><a href=\"#h-begriff-und-funktion-im-rechtsschutzsystem\" data-level=\"2\">Fogalom \u00e9s funkci\u00f3 a jogv\u00e9delem rendszer\u00e9ben<\/a><ul><li><a href=\"#h-abgrenzung-zum-vollzug-und-zur-rechtskraft\" data-level=\"3\">Elhat\u00e1rol\u00e1s a v\u00e9grehajt\u00e1st\u00f3l \u00e9s a joger\u0151t\u0151l<\/a><\/li><\/ul><\/li><li><a href=\"#h-gesetzliche-grundlagen-und-anwendungsbereich\" data-level=\"2\">Jogszab\u00e1lyi alapok \u00e9s alkalmaz\u00e1si k\u00f6r<\/a><ul><li><a href=\"#h-automatische-aufschiebende-wirkung-bei-bescheidbeschwerden-13-vwgvg\" data-level=\"3\">Automatikus felf\u00fcggeszt\u0151 hat\u00e1ly a hat\u00e1rozat elleni panaszokn\u00e1l (VwGVG 13. \u00a7)<\/a><\/li><li><a href=\"#h-entscheidungen-des-verwaltungsgerichts-22-vwgvg\" data-level=\"3\">A k\u00f6zigazgat\u00e1si b\u00edr\u00f3s\u00e1g d\u00f6nt\u00e9sei (VwGVG 22. \u00a7)<\/a><\/li><li><a href=\"#h-sonderregelungen-im-verwaltungsstrafverfahren-41-vwgvg\" data-level=\"3\">K\u00fcl\u00f6n\u00f6s szab\u00e1lyok a k\u00f6zigazgat\u00e1si szab\u00e1lys\u00e9rt\u00e9si elj\u00e1r\u00e1sban (VwGVG 41. \u00a7)<\/a><\/li><\/ul><\/li><li><a href=\"#h-voraussetzungen-einer-wirksamen-beschwerde\" data-level=\"2\">A hat\u00e1lyos panasz felt\u00e9telei<\/a><ul><li><a href=\"#h-bescheidqualitat-und-anfechtungsgegenstand\" data-level=\"3\">Hat\u00e1rozati min\u0151s\u00e9g \u00e9s a megt\u00e1mad\u00e1s t\u00e1rgya<\/a><\/li><li><a href=\"#h-parteistellung-und-beschwerdelegitimation\" data-level=\"3\">\u00dcgyf\u00e9li jog\u00e1ll\u00e1s \u00e9s panaszjogosults\u00e1g<\/a><\/li><li><a href=\"#h-fristen-und-formale-anforderungen\" data-level=\"3\">Hat\u00e1rid\u0151k \u00e9s formai k\u00f6vetelm\u00e9nyek<\/a><\/li><\/ul><\/li><li><a href=\"#h-ausschluss-und-zuerkennung-der-aufschiebenden-wirkung\" data-level=\"2\">A felf\u00fcggeszt\u0151 hat\u00e1ly kiz\u00e1r\u00e1sa \u00e9s megad\u00e1sa<\/a><ul><li><a href=\"#h-interessenabwagung-und-gefahr-im-verzug\" data-level=\"3\">\u00c9rdekm\u00e9rlegel\u00e9s \u00e9s s\u00fcrg\u0151ss\u00e9g<\/a><\/li><li><a href=\"#h-anderung-oder-aufhebung-der-entscheidung\" data-level=\"3\">A d\u00f6nt\u00e9s m\u00f3dos\u00edt\u00e1sa vagy hat\u00e1lyon k\u00edv\u00fcl helyez\u00e9se<\/a><\/li><\/ul><\/li><li><a href=\"#h-rechtsfolgen-der-aufschiebenden-wirkung\" data-level=\"2\">A felf\u00fcggeszt\u0151 hat\u00e1ly jogk\u00f6vetkezm\u00e9nyei<\/a><ul><li><a href=\"#h-vorlaufiger-stopp-von-leistungen-rechten-und-feststellungen\" data-level=\"3\">Szolg\u00e1ltat\u00e1sok, jogok \u00e9s meg\u00e1llap\u00edt\u00e1sok ideiglenes felf\u00fcggeszt\u00e9se<\/a><\/li><li><a href=\"#h-praktische-auswirkungen-fur-betroffene-und-behorden\" data-level=\"3\">Gyakorlati hat\u00e1sok az \u00e9rintettekre \u00e9s a hat\u00f3s\u00e1gokra<\/a><\/li><\/ul><\/li><li><a href=\"#h-verfahrensablauf-bis-zur-entscheidung\" data-level=\"2\">Az elj\u00e1r\u00e1s menete a d\u00f6nt\u00e9sig<\/a><\/li><li><a href=\"#h-ihre-vorteile-mit-anwaltlicher-unterstutzung\" data-level=\"2\">Az \u00d6n el\u0151nyei \u00fcgyv\u00e9di seg\u00edts\u00e9ggel<\/a><\/li><li><a href=\"#h-haufig-gestellte-fragen-faq\" data-level=\"2\">Gyakran ism\u00e9telt k\u00e9rd\u00e9sek \u2013 GYIK<\/a><\/li><\/ul><\/div>\n\n<p class=\"wp-block-paragraph\">A <strong>felf\u00fcggeszt\u0151 hat\u00e1ly<\/strong> a k\u00f6zigazgat\u00e1si jogban azt a t\u00f6rv\u00e9ny \u00e1ltal el\u0151\u00edrt jogk\u00f6vetkezm\u00e9nyt jelenti, hogy a megt\u00e1madott hat\u00e1rozatot ideiglenesen nem szabad v\u00e9grehajtani.  <strong>Ha egy f\u00e9l hat\u00e1rid\u0151ben \u00e9s megengedetten panaszt ny\u00fajt be egy hat\u00e1rozat ellen a(z)  <a href=\"https:\/\/ris.bka.gv.at\/eli\/bgbl\/1930\/1\/A130\/NOR40211956?Abfrage=Bundesnormen&amp;Kundmachungsorgan=&amp;Index=&amp;Titel=B-VG&amp;Gesetzesnummer=&amp;VonArtikel=130&amp;BisArtikel=130&amp;VonParagraf=&amp;BisParagraf=&amp;VonAnlage=&amp;BisAnlage=&amp;Typ=&amp;Kundmachungsnummer=&amp;Unterzeichnungsdatum=&amp;FassungVom=26.02.2026&amp;VonInkrafttretedatum=&amp;BisInkrafttretedatum=&amp;VonAusserkrafttretedatum=&amp;BisAusserkrafttretedatum=&amp;NormabschnittnummerKombination=Und&amp;ImRisSeitVonDatum=&amp;ImRisSeitBisDatum=&amp;ImRisSeit=Undefined&amp;ResultPageSize=100&amp;Suchworte=&amp;Position=1&amp;SkipToDocumentPage=true&amp;ResultFunctionToken=598d0eb3-0382-45b8-a1c1-dbeb39b87992\" target=\"_blank\" rel=\"noreferrer noopener\">B-VG 130. cikk (1) bekezd\u00e9s 1. pontja <\/a>, a t\u00f6rv\u00e9ny erej\u00e9n\u00e9l fogva felf\u00fcggeszt\u0151 hat\u00e1ly \u00e1ll be.<\/strong>  Ez azt jelenti: a hat\u00f3s\u00e1g f\u0151szab\u00e1ly szerint nem hajthatja v\u00e9gre a hat\u00e1rozatot mindaddig, am\u00edg a panaszr\u00f3l nem sz\u00fcletett d\u00f6nt\u00e9s. A c\u00e9l a hat\u00e9kony jogv\u00e9delem biztos\u00edt\u00e1sa \u00e9s a visszaford\u00edthatatlan h\u00e1tr\u00e1nyok megel\u0151z\u00e9se. A jogalkot\u00f3 ezzel meg\u00f3vja a felet a k\u00e9sz t\u00e9nyek el\u00e9 \u00e1ll\u00edt\u00e1st\u00f3l. Ugyanakkor a K\u00f6zigazgat\u00e1si B\u00edr\u00f3s\u00e1gi Elj\u00e1r\u00e1sr\u00f3l sz\u00f3l\u00f3 t\u00f6rv\u00e9ny kiv\u00e9teleket is megenged: <strong>S\u00fcrg\u0151ss\u00e9g eset\u00e9n a hat\u00f3s\u00e1g kiz\u00e1rhatja a felf\u00fcggeszt\u0151 hat\u00e1lyt.<\/strong> A k\u00f6zigazgat\u00e1si b\u00edr\u00f3s\u00e1g is elrendelhet ilyen kiz\u00e1r\u00e1st sz\u0171k felt\u00e9telek mellett. Mindig d\u00f6nt\u0151 a <strong>jogv\u00e9delmi \u00e9rdek \u00e9s a k\u00f6z\u00e9rdek, illetve m\u00e1sok \u00e9rdekei k\u00f6z\u00f6tti \u00e9rdekm\u00e9rlegel\u00e9s<\/strong>.    <\/p>\n\n<div class=\"wp-block-uagb-container uagb-block-3019fe8e alignfull uagb-is-root-container\">\n<div class=\"wp-block-uagb-container uagb-block-32585033\">\n<p class=\"wp-block-paragraph\">A felf\u00fcggeszt\u0151 hat\u00e1ly a k\u00f6zigazgat\u00e1si jogban a <strong>megengedett panasz t\u00f6rv\u00e9nyes jogk\u00f6vetkezm\u00e9nye<\/strong>, amelynek folyt\u00e1n a megt\u00e1madott hat\u00e1rozatot a k\u00f6zigazgat\u00e1si b\u00edr\u00f3s\u00e1g d\u00f6nt\u00e9s\u00e9ig <strong>nem szabad v\u00e9grehajtani<\/strong>.<\/p>\n<\/div>\n\n\n\n<div class=\"wp-block-uagb-container uagb-block-45819ab6\"><picture>\r\n\t\t<source srcset=\"https:\/\/harlander-partner.eu\/wp-content\/uploads\/Aufschiebende-Wirkung-352x198.webp\" >\r\n\t\t<img decoding=\"async\" class=\"mr-picture-small\" src=\"https:\/\/harlander-partner.eu\/wp-content\/uploads\/Aufschiebende-Wirkung.webp\" alt=\"A felf\u00fcggeszt\u0151 hat\u00e1ly a k\u00f6zigazgat\u00e1si jogban egyszer\u0171en elmagyar\u00e1zva: felt\u00e9telek, a VwGVG 13. \u00a7-a, a VwGVG 22. \u00a7-a, kiz\u00e1r\u00e1s \u00e9s gyakorlati k\u00f6vetkezm\u00e9nyek.\" >\r\n\t<\/picture>\n<\/div>\n<\/div>\n    <div class=\"mr-quote mrbg clearfix\">\n        <a class=\"mr-quote-person\" href=\"\/ueber-uns\/rechtsanwalt-peter-harlander\/\" title=\"Rechtsanwalt Peter Harlander\">\n            <img decoding=\"async\" class=\"mr-quote-person-img\" src=\"https:\/\/harlander-partner.eu\/wp-content\/themes\/harlander\/design\/ph100.webp\" width=\"100\"\n                 height=\"100\" loading=\"lazy\" alt=\"Rechtsanwalt Peter Harlander\">\n            <span class=\"mr-quote-person-text\">\n            Peter Harlander<br>\n            <span class=\"mr-quote-person-function\">Harlander &amp; Partner Rechtsanw\u00e4lte<\/span>\n        <\/span>\n        <\/a>\n        <span class=\"mr-quote-content\">\u201eK\u00fcl\u00f6n\u00f6sen a terhes hat\u00e1rozatokn\u00e1l a felf\u00fcggeszt\u0151 hat\u00e1ly gyakran arr\u00f3l d\u00f6nt, hogy az \u00e9rintettek nyernek-e id\u0151t, vagy azonnal egy\u00fctt kell \u00e9lni\u00fck a k\u00f6vetkezm\u00e9nyekkel.\u201c<\/span>\n    <\/div>\n<a class=\"mr-cta-link mr-cta-button-cal\" href=\"#h2-booking\" title=\"Ingyenes els\u0151 konzult\u00e1ci\u00f3\"><span class=\"mr-cta-link-normal\">V\u00e1lassza ki az id\u0151pontot most:<\/span><span class=\"mr-cta-link-bold\">Ingyenes els\u0151 konzult\u00e1ci\u00f3<\/span><\/a>\n\n<h2 class=\"wp-block-heading\" id=\"h-begriff-und-funktion-im-rechtsschutzsystem\">Fogalom \u00e9s funkci\u00f3 a jogv\u00e9delem rendszer\u00e9ben<\/h2>\n\n<p class=\"wp-block-paragraph\">A <strong>felf\u00fcggeszt\u0151 hat\u00e1ly<\/strong> a k\u00f6zigazgat\u00e1si jogban azt a jogk\u00f6vetkezm\u00e9nyt \u00edrja le, hogy a megt\u00e1madott hat\u00e1rozatot ideiglenesen nem szabad v\u00e9grehajtani. Aki <strong>hat\u00e1rid\u0151ben \u00e9s megengedetten beny\u00fajtott panaszt<\/strong> terjeszt el\u0151, az f\u0151szab\u00e1ly szerint megakad\u00e1lyozza, hogy a hat\u00f3s\u00e1g d\u00f6nt\u00e9s\u00e9t azonnal v\u00e9grehajtsa. A t\u00f6rv\u00e9ny teh\u00e1t a panaszhoz <strong>automatikus felf\u00fcggeszt\u0151 hat\u00e1lyt<\/strong> kapcsol a hat\u00e9kony jogv\u00e9delem biztos\u00edt\u00e1sa \u00e9rdek\u00e9ben.  <\/p>\n\n<p class=\"wp-block-paragraph\">A funkci\u00f3 egy\u00e9rtelm\u0171: <strong>senkinek sem szabad visszaford\u00edthatatlan h\u00e1tr\u00e1nyt elszenvednie, miel\u0151tt egy f\u00fcggetlen k\u00f6zigazgat\u00e1si b\u00edr\u00f3s\u00e1g fel\u00fclvizsg\u00e1lta volna a d\u00f6nt\u00e9st.<\/strong> K\u00fcl\u00f6n\u00f6sen a terhes hat\u00e1rozatokn\u00e1l \u2013 p\u00e9ld\u00e1ul p\u00e9nzfizet\u00e9si k\u00f6telezetts\u00e9gek, \u00fczemeltet\u00e9si tilalmak vagy enged\u00e9lyek visszavon\u00e1sa eset\u00e9n \u2013 az azonnali v\u00e9grehajt\u00e1s gyakran k\u00e9sz t\u00e9nyeket teremtene. A felf\u00fcggeszt\u0151 hat\u00e1ly ez\u00e9rt nemcsak formai jogokat v\u00e9d, hanem a <strong>jogv\u00e9delem gyakorlati \u00e9rv\u00e9nyes\u00fcl\u00e9s\u00e9t<\/strong> is. <\/p>\n\n<h3 class=\"wp-block-heading\" id=\"h-abgrenzung-zum-vollzug-und-zur-rechtskraft\">Elhat\u00e1rol\u00e1s a v\u00e9grehajt\u00e1st\u00f3l \u00e9s a joger\u0151t\u0151l<\/h3>\n\n<p class=\"wp-block-paragraph\">A felf\u00fcggeszt\u0151 hat\u00e1ly a <strong>hat\u00e1rozat v\u00e9grehajt\u00e1s\u00e1t<\/strong> \u00e9rinti, nem annak fenn\u00e1ll\u00e1s\u00e1t. A hat\u00e1rozat jogilag \u00e9rv\u00e9nyben marad, de a hat\u00f3s\u00e1g nem hajthatja v\u00e9gre. A v\u00e9grehajt\u00e1s itt t\u00f6bbet jelent, mint a k\u00e9nyszerv\u00e9grehajt\u00e1s: minden t\u00e9nyleges vagy jogi megval\u00f3s\u00edt\u00e1st mag\u00e1ban foglal, p\u00e9ld\u00e1ul:   <\/p>\n\n<ul class=\"wp-block-list\">\n<li><strong>p\u00e9nzfizet\u00e9si k\u00f6telezetts\u00e9g behajt\u00e1sa<\/strong><\/li>\n\n\n\n<li><strong>enged\u00e9ly visszavon\u00e1sa vagy korl\u00e1toz\u00e1sa<\/strong><\/li>\n\n\n\n<li><strong>hat\u00f3s\u00e1gi rendelkez\u00e9s \u00e9rv\u00e9nyes\u00edt\u00e9se<\/strong><\/li>\n<\/ul>\n\n<p class=\"wp-block-paragraph\">A felf\u00fcggeszt\u0151 hat\u00e1ly egy\u00e9rtelm\u0171en k\u00fcl\u00f6nb\u00f6zik a joger\u0151t\u0151l.  <strong>Joger\u0151 akkor \u00e1ll be, ha m\u00e1r nem \u00e1llnak rendelkez\u00e9sre rendes jogorvoslatok.<\/strong>  A felf\u00fcggeszt\u0151 hat\u00e1ly ezzel szemben \u00e9ppen a folyamatban l\u00e9v\u0151 jogorvoslati elj\u00e1r\u00e1s alatt \u00e9rv\u00e9nyes\u00fcl. A v\u00e9grehajt\u00e1st elhalasztja an\u00e9lk\u00fcl, hogy a d\u00f6nt\u00e9st v\u00e9glegesen megsz\u00fcntetn\u00e9. <\/p>\n\n<h2 class=\"wp-block-heading\" id=\"h-gesetzliche-grundlagen-und-anwendungsbereich\">Jogszab\u00e1lyi alapok \u00e9s alkalmaz\u00e1si k\u00f6r<\/h2>\n\n<p class=\"wp-block-paragraph\">A relev\u00e1ns rendelkez\u00e9sek a <strong><a href=\"https:\/\/www.ris.bka.gv.at\/GeltendeFassung.wxe?Abfrage=Bundesnormen&amp;Gesetzesnummer=20008255\" target=\"_blank\" rel=\"noreferrer noopener\">K\u00f6zigazgat\u00e1si B\u00edr\u00f3s\u00e1gi Elj\u00e1r\u00e1sr\u00f3l sz\u00f3l\u00f3 t\u00f6rv\u00e9nyben (VwGVG)<\/a><\/strong> tal\u00e1lhat\u00f3k. Ez a t\u00f6rv\u00e9ny szab\u00e1lyozza, hogy mikor j\u00e1r a panasz automatikusan felf\u00fcggeszt\u0151 hat\u00e1llyal, mikor z\u00e1rhatj\u00e1k ki a hat\u00f3s\u00e1gok vagy a b\u00edr\u00f3s\u00e1gok a felf\u00fcggeszt\u0151 hat\u00e1lyt, \u00e9s milyen k\u00fcl\u00f6n\u00f6s szab\u00e1lyok alkalmazand\u00f3k. <\/p>\n\n<p class=\"wp-block-paragraph\">H\u00e1rom normater\u00fclet \u00e1ll a k\u00f6z\u00e9ppontban:<\/p>\n\n<ul class=\"wp-block-list\">\n<li><strong>VwGVG 13. \u00a7<\/strong> a hat\u00f3s\u00e1gi el\u0151elj\u00e1r\u00e1sra<\/li>\n\n\n\n<li><strong>VwGVG 22. \u00a7<\/strong> a k\u00f6zigazgat\u00e1si b\u00edr\u00f3s\u00e1g el\u0151tti elj\u00e1r\u00e1sra<\/li>\n\n\n\n<li><strong>VwGVG 41. \u00a7<\/strong> a k\u00f6zigazgat\u00e1si szab\u00e1lys\u00e9rt\u00e9si elj\u00e1r\u00e1sra<\/li>\n<\/ul>\n\n<p class=\"wp-block-paragraph\">Ez a fel\u00e9p\u00edt\u00e9s azt mutatja: a jogalkot\u00f3 nem egys\u00e9gesen rendeli el a felf\u00fcggeszt\u0151 hat\u00e1lyt, hanem az elj\u00e1r\u00e1s t\u00edpus\u00e1t\u00f3l \u00e9s az \u00e9rdekhelyzett\u0151l f\u00fcgg\u0151en differenci\u00e1l.<\/p>\n\n<h3 class=\"wp-block-heading\" id=\"h-automatische-aufschiebende-wirkung-bei-bescheidbeschwerden-nbsp-13-nbsp-vwgvg\">Automatikus felf\u00fcggeszt\u0151 hat\u00e1ly a hat\u00e1rozat elleni panaszokn\u00e1l (VwGVG 13. \u00a7)<\/h3>\n\n<p class=\"wp-block-paragraph\">A <a href=\"https:\/\/www.ris.bka.gv.at\/eli\/bgbl\/i\/2013\/33\/P13\/NOR40235307?Abfrage=Bundesnormen&amp;Kundmachungsorgan=&amp;Index=&amp;Titel=VwGVG&amp;Gesetzesnummer=&amp;VonArtikel=&amp;BisArtikel=&amp;VonParagraf=13&amp;BisParagraf=13&amp;VonAnlage=&amp;BisAnlage=&amp;Typ=&amp;Kundmachungsnummer=&amp;Unterzeichnungsdatum=&amp;FassungVom=26.02.2026&amp;VonInkrafttretedatum=&amp;BisInkrafttretedatum=&amp;VonAusserkrafttretedatum=&amp;BisAusserkrafttretedatum=&amp;NormabschnittnummerKombination=Und&amp;ImRisSeitVonDatum=&amp;ImRisSeitBisDatum=&amp;ImRisSeit=Undefined&amp;ResultPageSize=100&amp;Suchworte=&amp;Position=1&amp;SkipToDocumentPage=true&amp;ResultFunctionToken=6f0f65c1-a78b-4ba4-8212-4a51fb722489\" target=\"_blank\" rel=\"noreferrer noopener\"><strong>\u00a7<\/strong> <strong>13<\/strong> <strong>Abs.<\/strong> <strong>1<\/strong> <strong>VwGVG<\/strong><\/a> alapj\u00e1n a B-VG 130. cikk (1) bekezd\u00e9s 1. pontja szerinti hat\u00e1rozat ellen hat\u00e1rid\u0151ben beny\u00fajtott \u00e9s megengedett panasz automatikusan felf\u00fcggeszt\u0151 hat\u00e1llyal b\u00edr. A f\u00e9lnek nem kell k\u00fcl\u00f6n k\u00e9relmet el\u0151terjesztenie. A t\u00f6rv\u00e9ny a felf\u00fcggeszt\u0151 hat\u00e1lyt k\u00f6zvetlen\u00fcl a panaszhoz kapcsolja.   <\/p>\n\n<p class=\"wp-block-paragraph\">Ez az automatikus hat\u00e1ly azonban csak akkor \u00e9rv\u00e9nyes\u00fcl, ha a panasz:<\/p>\n\n<ul class=\"wp-block-list\">\n<li><strong>hat\u00e1rid\u0151ben ker\u00fclt beny\u00fajt\u00e1sra<\/strong>,<\/li>\n\n\n\n<li><strong>panaszjogosult f\u00e9lt\u0151l sz\u00e1rmazik<\/strong>,<\/li>\n\n\n\n<li><strong>minden formai k\u00f6vetelm\u00e9nynek megfelel<\/strong>.<\/li>\n<\/ul>\n\n<p class=\"wp-block-paragraph\">Ha valaki elk\u00e9sett panaszt ny\u00fajt be, vagy nem rendelkezik \u00fcgyf\u00e9li jog\u00e1ll\u00e1ssal, a v\u00e9delmi mechanizmus nem \u00e9rv\u00e9nyes\u00fcl. A hat\u00e1rozat ekkor v\u00e9grehajthat\u00f3 marad. <\/p>\n\n<h3 class=\"wp-block-heading\" id=\"h-entscheidungen-des-verwaltungsgerichts-nbsp-22-nbsp-vwgvg\">A k\u00f6zigazgat\u00e1si b\u00edr\u00f3s\u00e1g d\u00f6nt\u00e9sei (VwGVG 22. \u00a7)<\/h3>\n\n<p class=\"wp-block-paragraph\">Amint a hat\u00f3s\u00e1g a panaszt a k\u00f6zigazgat\u00e1si b\u00edr\u00f3s\u00e1g el\u00e9 terjeszti, a felf\u00fcggeszt\u0151 hat\u00e1ly feletti kontroll a b\u00edr\u00f3s\u00e1ghoz ker\u00fcl. A <a href=\"https:\/\/www.ris.bka.gv.at\/eli\/bgbl\/i\/2013\/33\/P22\/NOR40147935?Abfrage=Bundesnormen&amp;Kundmachungsorgan=&amp;Index=&amp;Titel=VwGVG&amp;Gesetzesnummer=&amp;VonArtikel=&amp;BisArtikel=&amp;VonParagraf=22&amp;BisParagraf=22&amp;VonAnlage=&amp;BisAnlage=&amp;Typ=&amp;Kundmachungsnummer=&amp;Unterzeichnungsdatum=&amp;FassungVom=26.02.2026&amp;VonInkrafttretedatum=&amp;BisInkrafttretedatum=&amp;VonAusserkrafttretedatum=&amp;BisAusserkrafttretedatum=&amp;NormabschnittnummerKombination=Und&amp;ImRisSeitVonDatum=&amp;ImRisSeitBisDatum=&amp;ImRisSeit=Undefined&amp;ResultPageSize=100&amp;Suchworte=&amp;Position=1&amp;SkipToDocumentPage=true&amp;ResultFunctionToken=a5b7f6e7-8b38-482c-a594-1d01e3686b52\" target=\"_blank\" rel=\"noreferrer noopener\"><strong>\u00a7<\/strong> <strong>22<\/strong> <strong>Abs.<\/strong> <strong>2<\/strong> <strong>VwGVG<\/strong><\/a> alapj\u00e1n a k\u00f6zigazgat\u00e1si b\u00edr\u00f3s\u00e1g kiz\u00e1rhatja a felf\u00fcggeszt\u0151 hat\u00e1lyt, ha ezt k\u00f6z\u00e9rdek vagy m\u00e1s felek \u00e9rdekei s\u00fcrg\u0151sen megk\u00f6vetelik, \u00e9s s\u00fcrg\u0151ss\u00e9g \u00e1ll fenn. <\/p>\n\n<p class=\"wp-block-paragraph\">Int\u00e9zked\u00e9si panaszok eset\u00e9n a panasz ezzel szemben nem j\u00e1r automatikusan felf\u00fcggeszt\u0151 hat\u00e1llyal. A b\u00edr\u00f3s\u00e1g a hat\u00e1lyt csak k\u00e9relemre adhatja meg. Itt is gondosan vizsg\u00e1lja, hogy:  <\/p>\n\n<ul class=\"wp-block-list\">\n<li><strong>nem \u00e1llnak-e fenn k\u00e9nyszer\u00edt\u0151 k\u00f6z\u00e9rdekek<\/strong>,<\/li>\n\n\n\n<li><strong>nem fenyeget-e ar\u00e1nytalan h\u00e1tr\u00e1ny<\/strong>,<\/li>\n\n\n\n<li><strong>lehets\u00e9ges-e kiegyens\u00falyozott \u00e9rdekm\u00e9rlegel\u00e9s<\/strong>.<\/li>\n<\/ul>\n\n<p class=\"wp-block-paragraph\">A t\u00f6rv\u00e9ny ezzel rugalmas eszk\u00f6zt teremt, amely a jogv\u00e9delmet \u00e9s a k\u00f6z\u00e9rdeket kiegyens\u00falyozott viszonyba hozza.<\/p>\n\n<h3 class=\"wp-block-heading\" id=\"h-sonderregelungen-im-verwaltungsstrafverfahren-nbsp-41-nbsp-vwgvg\">K\u00fcl\u00f6n\u00f6s szab\u00e1lyok a k\u00f6zigazgat\u00e1si szab\u00e1lys\u00e9rt\u00e9si elj\u00e1r\u00e1sban (VwGVG 41. \u00a7)<\/h3>\n\n<p class=\"wp-block-paragraph\">A <strong>k\u00f6zigazgat\u00e1si szab\u00e1lys\u00e9rt\u00e9si elj\u00e1r\u00e1sban<\/strong> k\u00fcl\u00f6n\u00f6sen szigor\u00fa v\u00e9delmi mechanizmus \u00e9rv\u00e9nyes\u00fcl. A <a href=\"https:\/\/www.ris.bka.gv.at\/eli\/bgbl\/i\/2013\/33\/P41\/NOR40147954?Abfrage=Bundesnormen&amp;Kundmachungsorgan=&amp;Index=&amp;Titel=VwGVG&amp;Gesetzesnummer=&amp;VonArtikel=&amp;BisArtikel=&amp;VonParagraf=41&amp;BisParagraf=41&amp;VonAnlage=&amp;BisAnlage=&amp;Typ=&amp;Kundmachungsnummer=&amp;Unterzeichnungsdatum=&amp;FassungVom=26.02.2026&amp;VonInkrafttretedatum=&amp;BisInkrafttretedatum=&amp;VonAusserkrafttretedatum=&amp;BisAusserkrafttretedatum=&amp;NormabschnittnummerKombination=Und&amp;ImRisSeitVonDatum=&amp;ImRisSeitBisDatum=&amp;ImRisSeit=Undefined&amp;ResultPageSize=100&amp;Suchworte=&amp;Position=1&amp;SkipToDocumentPage=true&amp;ResultFunctionToken=2b34fd9d-fc10-49d8-a512-a48b26c9a603\" target=\"_blank\" rel=\"noreferrer noopener\"><strong>\u00a7<\/strong> <strong>41<\/strong> <strong>VwGVG<\/strong><\/a> alapj\u00e1n a b\u00fcntet\u0151hat\u00e1rozat elleni panasz f\u0151szab\u00e1ly szerint felf\u00fcggeszt\u0151 hat\u00e1ly\u00fa, \u00e9s a hat\u00f3s\u00e1g ezt a hat\u00e1lyt nem z\u00e1rhatja ki. <\/p>\n\n<p class=\"wp-block-paragraph\">Ez konkr\u00e9tan azt jelenti:<\/p>\n\n<ul class=\"wp-block-list\">\n<li><strong>A kiszabott p\u00e9nzb\u00edrs\u00e1g egyel\u0151re nem hajthat\u00f3 v\u00e9gre.<\/strong><\/li>\n\n\n\n<li><strong>A b\u00fcntet\u0151hat\u00e1rozat jogilag csak a joger\u0151 be\u00e1llt\u00e1val v\u00e1lik \u00e9rv\u00e9nyess\u00e9; a t\u00f6rl\u00e9si jogk\u00f6vetkezm\u00e9nyek a joger\u0151h\u00f6z kapcsol\u00f3dnak.<\/strong><\/li>\n<\/ul>\n    <div class=\"mr-quote mrbg clearfix\">\n        <a class=\"mr-quote-person\" href=\"\/ueber-uns\/rechtsanwalt-sebastian-riedlmair\/\" title=\"Rechtsanwalt Sebastian Riedlmair\">\n            <img decoding=\"async\" class=\"mr-quote-person-img\" src=\"https:\/\/harlander-partner.eu\/wp-content\/themes\/harlander\/design\/sr100.webp\" width=\"100\"\n                 height=\"100\" loading=\"lazy\" alt=\"Rechtsanwalt Sebastian Riedlmair\">\n            <span class=\"mr-quote-person-text\">\n            Sebastian Riedlmair<br>\n            <span class=\"mr-quote-person-function\">Harlander &amp; Partner Rechtsanw\u00e4lte<\/span>\n        <\/span>\n        <\/a>\n        <span class=\"mr-quote-content\">\u201eA hat\u00e1rozat v\u00e9grehajt\u00e1s\u00e1t a szab\u00e1lyszer\u0171 panasz rendszerint felf\u00fcggeszti; a korl\u00e1toz\u00e1sok t\u00f6rv\u00e9nyben megalapozott kiv\u00e9telnek min\u0151s\u00fclnek.\u201c<\/span>\n    <\/div>\n<a class=\"mr-cta-link mr-cta-button-cal\" href=\"#h2-booking\" title=\"Ingyenes els\u0151 konzult\u00e1ci\u00f3\"><span class=\"mr-cta-link-normal\">V\u00e1lassza ki az id\u0151pontot most:<\/span><span class=\"mr-cta-link-bold\">Ingyenes els\u0151 konzult\u00e1ci\u00f3<\/span><\/a>\n\n<h2 class=\"wp-block-heading\" id=\"h-voraussetzungen-einer-wirksamen-beschwerde\">A hat\u00e1lyos panasz felt\u00e9telei<\/h2>\n\n<p class=\"wp-block-paragraph\">A felf\u00fcggeszt\u0151 hat\u00e1ly nem keletkezik automatikusan b\u00e1rmely beadv\u00e1nyt\u00f3l. Ehhez <strong>hat\u00e1lyos panasz<\/strong> sz\u00fcks\u00e9ges. Csak akkor \u00e9rv\u00e9nyes\u00fcl a felf\u00fcggeszt\u0151 hat\u00e1ly, ha a t\u00f6rv\u00e9nyi felt\u00e9telek teljes\u00fclnek.  <\/p>\n\n<p class=\"wp-block-paragraph\">H\u00e1rom kulcster\u00fclet d\u00f6nt\u0151:<\/p>\n\n<ul class=\"wp-block-list\">\n<li><strong>megt\u00e1madhat\u00f3 hat\u00e1rozat<\/strong>,<\/li>\n\n\n\n<li><strong>panaszra jogosult f\u00e9l<\/strong>,<\/li>\n\n\n\n<li><strong>a t\u00f6rv\u00e9nyi hat\u00e1rid\u0151k \u00e9s formai k\u00f6vetelm\u00e9nyek betart\u00e1sa<\/strong>.<\/li>\n<\/ul>\n\n<p class=\"wp-block-paragraph\">Ha e felt\u00e9telek b\u00e1rmelyike hi\u00e1nyzik, a hat\u00e1rozat v\u00e9grehajthat\u00f3 marad.<\/p>\n\n<h3 class=\"wp-block-heading\" id=\"h-bescheidqualitat-und-anfechtungsgegenstand\">Hat\u00e1rozati min\u0151s\u00e9g \u00e9s a megt\u00e1mad\u00e1s t\u00e1rgya<\/h3>\n\n<p class=\"wp-block-paragraph\">A panasz felt\u00e9tele egy <strong>jogi \u00e9rtelemben vett hat\u00e1rozat<\/strong>. Hat\u00e1rozatr\u00f3l akkor besz\u00e9l\u00fcnk, ha egy k\u00f6zigazgat\u00e1si hat\u00f3s\u00e1g k\u00f6zhatalmi jogk\u00f6rben egyedi-konkr\u00e9t d\u00f6nt\u00e9st hoz, \u00e9s ezzel jogokat vagy k\u00f6telezetts\u00e9geket keletkeztet, m\u00f3dos\u00edt vagy megsz\u00fcntet. <\/p>\n\n<p class=\"wp-block-paragraph\">Nem minden hat\u00f3s\u00e1gi cselekm\u00e9ny felel meg ezeknek a felt\u00e9teleknek. Elj\u00e1r\u00e1si rendelkez\u00e9sek vagy puszta t\u00e1j\u00e9koztat\u00e1sok rendszerint nem t\u00e1madhat\u00f3k meg \u00f6n\u00e1ll\u00f3an. A felf\u00fcggeszt\u0151 hat\u00e1ly ez\u00e9rt csak akkor \u00e9rv\u00e9nyes\u00fcl, ha t\u00e9nylegesen <strong>v\u00e9grehajthat\u00f3 hat\u00e1rozat<\/strong> \u00e1ll fenn.  <\/p>\n\n<h3 class=\"wp-block-heading\" id=\"h-parteistellung-und-beschwerdelegitimation\">\u00dcgyf\u00e9li jog\u00e1ll\u00e1s \u00e9s panaszjogosults\u00e1g<\/h3>\n\n<p class=\"wp-block-paragraph\">Csak <strong>elj\u00e1r\u00e1si f\u00e9l<\/strong> ny\u00fajthat be hat\u00e1lyos panaszt. \u00dcgyf\u00e9li jog\u00e1ll\u00e1ssal f\u0151szab\u00e1ly szerint az rendelkezik, akit a hat\u00e1rozat saj\u00e1t jogaiban \u00e9rint. Bizonyos elj\u00e1r\u00e1sokban a szomsz\u00e9dok, szervi felek vagy m\u00e1s, t\u00f6rv\u00e9nyben kifejezetten megnevezett szem\u00e9lyek is panaszjogot kapnak.  <\/p>\n\n<p class=\"wp-block-paragraph\">Akinek nincs \u00fcgyf\u00e9li jog\u00e1ll\u00e1sa, az felf\u00fcggeszt\u0151 hat\u00e1lyt sem v\u00e1lt ki. Ez\u00e9rt a k\u00f6zigazgat\u00e1si b\u00edr\u00f3s\u00e1g mindig vizsg\u00e1lja, hogy a panaszos: <\/p>\n\n<ul class=\"wp-block-list\">\n<li><strong>a hat\u00e1rozat c\u00edmzettje-e<\/strong>,<\/li>\n\n\n\n<li><strong>szubjekt\u00edv jogaiban \u00e9rintett-e<\/strong>,<\/li>\n\n\n\n<li><strong>nem vesz\u00edtette-e el \u00fcgyf\u00e9li jog\u00e1ll\u00e1s\u00e1t<\/strong>.<\/li>\n<\/ul>\n\n<p class=\"wp-block-paragraph\">K\u00fcl\u00f6n\u00f6sen az \u00e9p\u00edt\u00e9si vagy l\u00e9tes\u00edtm\u00e9nyjog ter\u00fclet\u00e9n az <a href=\"https:\/\/harlander-partner.eu\/hu\/buntetojog\/az-ugyfelkepesseg-elvesztese-hatarido-mulasztas-miatt\/?preview=true\" target=\"_blank\" rel=\"noreferrer noopener\">\u00fcgyf\u00e9li jog\u00e1ll\u00e1s elveszt\u00e9se<\/a> s\u00falyos k\u00f6vetkezm\u00e9nyekkel j\u00e1rhat.<\/p>\n\n<h3 class=\"wp-block-heading\" id=\"h-fristen-und-formale-anforderungen\">Hat\u00e1rid\u0151k \u00e9s formai k\u00f6vetelm\u00e9nyek<\/h3>\n\n<p class=\"wp-block-paragraph\">A panaszt a t\u00f6rv\u00e9nyi hat\u00e1rid\u0151n bel\u00fcl, a <a href=\"https:\/\/www.ris.bka.gv.at\/eli\/bgbl\/i\/2013\/33\/P7\/NOR40235305?Abfrage=Bundesnormen&amp;Kundmachungsorgan=&amp;Index=&amp;Titel=VwGVG&amp;Gesetzesnummer=&amp;VonArtikel=&amp;BisArtikel=&amp;VonParagraf=7&amp;BisParagraf=7&amp;VonAnlage=&amp;BisAnlage=&amp;Typ=&amp;Kundmachungsnummer=&amp;Unterzeichnungsdatum=&amp;FassungVom=26.02.2026&amp;VonInkrafttretedatum=&amp;BisInkrafttretedatum=&amp;VonAusserkrafttretedatum=&amp;BisAusserkrafttretedatum=&amp;NormabschnittnummerKombination=Und&amp;ImRisSeitVonDatum=&amp;ImRisSeitBisDatum=&amp;ImRisSeit=Undefined&amp;ResultPageSize=100&amp;Suchworte=&amp;Position=1&amp;SkipToDocumentPage=true&amp;ResultFunctionToken=6a543239-df91-427f-960b-775aa589f9d3\" target=\"_blank\" rel=\"noreferrer noopener\"><strong>\u00a7<\/strong> <strong>7<\/strong> <strong>VwGVG<\/strong><\/a> szerint kell beny\u00fajtani. Hat\u00e1rozat elleni panasz eset\u00e9n a hat\u00e1rid\u0151 <strong>n\u00e9gy h\u00e9t<\/strong>, int\u00e9zked\u00e9si panasz eset\u00e9n <strong>hat h\u00e9t<\/strong>. A hat\u00e1rid\u0151 letelt\u00e9vel joger\u0151 \u00e1ll be, \u00e9s a hat\u00e1rozat v\u00e9grehajthat\u00f3v\u00e1 v\u00e1lik.  <\/p>\n\n<p class=\"wp-block-paragraph\">Ezenfel\u00fcl a t\u00f6rv\u00e9ny meghat\u00e1rozott tartalmi elemeket is megk\u00f6vetel. A panasznak k\u00fcl\u00f6n\u00f6sen tartalmaznia kell: <\/p>\n\n<ul class=\"wp-block-list\">\n<li><strong>a megt\u00e1madott hat\u00e1rozat megjel\u00f6l\u00e9s\u00e9t<\/strong>,<\/li>\n\n\n\n<li><strong>a felt\u00e9telezett jogelleness\u00e9g el\u0151ad\u00e1s\u00e1t<\/strong>,<\/li>\n\n\n\n<li><strong>konkr\u00e9t k\u00e9relmet<\/strong>,<\/li>\n\n\n\n<li><strong>adatokat a hat\u00e1rid\u0151ben beny\u00fajt\u00e1sr\u00f3l<\/strong>.<\/li>\n<\/ul>\n\n<p class=\"wp-block-paragraph\">Ha ezek az elemek hi\u00e1nyoznak, a hat\u00f3s\u00e1g vagy a k\u00f6zigazgat\u00e1si b\u00edr\u00f3s\u00e1g a panaszt visszautas\u00edtja. Ezzel a felf\u00fcggeszt\u0151 hat\u00e1ly is megsz\u0171nik. <\/p>\n\n<h2 class=\"wp-block-heading\" id=\"h-ausschluss-und-zuerkennung-der-aufschiebenden-wirkung\">A felf\u00fcggeszt\u0151 hat\u00e1ly kiz\u00e1r\u00e1sa \u00e9s megad\u00e1sa<\/h2>\n\n<p class=\"wp-block-paragraph\">A <strong>felf\u00fcggeszt\u0151 hat\u00e1ly<\/strong> ugyan f\u0151szab\u00e1ly szerint automatikusan \u00e9rv\u00e9nyes\u00fcl, de nem abszol\u00fat. A t\u00f6rv\u00e9ny lehet\u0151v\u00e9 teszi a hat\u00f3s\u00e1g \u00e9s a k\u00f6zigazgat\u00e1si b\u00edr\u00f3s\u00e1g sz\u00e1m\u00e1ra, hogy a felf\u00fcggeszt\u0151 hat\u00e1lyt bizonyos felt\u00e9telek mellett kiz\u00e1rja, illetve \u2013 m\u00e1s esetekben \u2013 kifejezetten megadja. A jogalkot\u00f3 ezzel <strong>egyens\u00falyt teremt a hat\u00e9kony jogv\u00e9delem \u00e9s a k\u00f6z\u00e9rdek k\u00f6z\u00f6tt<\/strong>.  <\/p>\n\n<p class=\"wp-block-paragraph\">A kiz\u00e1r\u00e1s m\u00e9lyen beavatkozik a f\u00e9l jogi helyzet\u00e9be. Ez\u00e9rt a t\u00f6rv\u00e9ny <strong>k\u00f6r\u00fcltekint\u0151 \u00e9rdekm\u00e9rlegel\u00e9st<\/strong> k\u00f6vetel meg. A hat\u00f3s\u00e1gok \u00e9s a b\u00edr\u00f3s\u00e1gok csak akkor hozhatj\u00e1k el\u0151re a v\u00e9grehajt\u00e1st, ha nyom\u00f3s okok \u00e1llnak fenn, \u00e9s a k\u00f6z\u00f6ss\u00e9g vagy m\u00e1s \u00e9rintettek v\u00e9delme ezt k\u00e9nyszer\u00edt\u0151en megk\u00f6veteli.  <\/p>\n\n<h3 class=\"wp-block-heading\" id=\"h-interessenabwagung-und-gefahr-im-verzug\">\u00c9rdekm\u00e9rlegel\u00e9s \u00e9s s\u00fcrg\u0151ss\u00e9g<\/h3>\n\n<p class=\"wp-block-paragraph\">A felf\u00fcggeszt\u0151 hat\u00e1ly kiz\u00e1r\u00e1s\u00e1nak k\u00f6zponti felt\u00e9tele a <strong>s\u00fcrg\u0151ss\u00e9g<\/strong>. Ez a fogalom azt jelenti, hogy azonnali int\u00e9zked\u00e9s sz\u00fcks\u00e9gesnek t\u0171nik, mert ellenkez\u0151 esetben jelent\u0151s h\u00e1tr\u00e1nyok fenyegetnek. A hat\u00f3s\u00e1g nem z\u00e1rhatja ki a felf\u00fcggeszt\u0151 hat\u00e1lyt \u00e1ltal\u00e1noss\u00e1gban, hanem konkr\u00e9tan vizsg\u00e1lnia kell, hogy:  <\/p>\n\n<ul class=\"wp-block-list\">\n<li><strong>fenn\u00e1ll-e s\u00fcrg\u0151s k\u00f6z\u00e9rdek<\/strong>,<\/li>\n\n\n\n<li><strong>m\u00e1s felek jogai jelent\u0151sen s\u00e9r\u00fcln\u00e9nek-e<\/strong>,<\/li>\n\n\n\n<li><strong>az azonnali v\u00e9grehajt\u00e1s t\u00e9nylegesen sz\u00fcks\u00e9ges-e<\/strong>.<\/li>\n<\/ul>\n\n<p class=\"wp-block-paragraph\">Ennek sor\u00e1n a panaszos f\u00e9l halaszt\u00e1shoz f\u0171z\u0151d\u0151 \u00e9rdek\u00e9t a gyors v\u00e9grehajt\u00e1shoz f\u0171z\u0151d\u0151 k\u00f6z\u00e9rdekkel veti \u00f6ssze. Ha a k\u00f6z\u00e9rdek egy\u00e9rtelm\u0171en t\u00fals\u00falyban van, elrendelheti a kiz\u00e1r\u00e1st. Ha ez az egy\u00e9rtelm\u0171 t\u00fals\u00faly hi\u00e1nyzik, a felf\u00fcggeszt\u0151 hat\u00e1ly fennmarad.  <\/p>\n\n<p class=\"wp-block-paragraph\">A k\u00f6zigazgat\u00e1si b\u00edr\u00f3s\u00e1g is \u00f6n\u00e1ll\u00f3 vizsg\u00e1latot folytat. Nemcsak formailag ellen\u0151riz, hanem maga \u00e9rt\u00e9keli az \u00e9rdekhelyzetet. Ezzel a t\u00f6rv\u00e9ny er\u0151s\u00edti a <strong>hat\u00f3s\u00e1gi s\u00fcrg\u0151ss\u00e9gi d\u00f6nt\u00e9sek b\u00edr\u00f3s\u00e1gi kontrollj\u00e1t<\/strong>.  <\/p>\n\n<h3 class=\"wp-block-heading\" id=\"h-anderung-oder-aufhebung-der-entscheidung\">A d\u00f6nt\u00e9s m\u00f3dos\u00edt\u00e1sa vagy hat\u00e1lyon k\u00edv\u00fcl helyez\u00e9se<\/h3>\n\n<p class=\"wp-block-paragraph\">A felf\u00fcggeszt\u0151 hat\u00e1lyr\u00f3l sz\u00f3l\u00f3 d\u00f6nt\u00e9s nem merev. Ha a relev\u00e1ns k\u00f6r\u00fclm\u00e9nyek megv\u00e1ltoznak, a hat\u00f3s\u00e1g vagy a k\u00f6zigazgat\u00e1si b\u00edr\u00f3s\u00e1g m\u00f3dos\u00edthatja kor\u00e1bbi \u00e9rt\u00e9kel\u00e9s\u00e9t. Ha p\u00e9ld\u00e1ul a t\u00e9ny\u00e1ll\u00e1s a v\u00e1rtt\u00f3l elt\u00e9r\u0151en alakul, vagy a s\u00fcrg\u0151ss\u00e9g megsz\u0171nik, a hat\u00f3s\u00e1g a kiz\u00e1r\u00e1st ism\u00e9t feloldhatja.  <\/p>\n\n<p class=\"wp-block-paragraph\">Ezzel szemben a k\u00f6zigazgat\u00e1si b\u00edr\u00f3s\u00e1g:<\/p>\n\n<ul class=\"wp-block-list\">\n<li><strong>korrig\u00e1lhatja a hat\u00f3s\u00e1gi kiz\u00e1r\u00e1st<\/strong>,<\/li>\n\n\n\n<li><strong>ut\u00f3lag megvonhatja a megadott hat\u00e1lyt<\/strong>,<\/li>\n\n\n\n<li><strong>\u00faj \u00e9rdekm\u00e9rlegel\u00e9st v\u00e9gezhet<\/strong>.<\/li>\n<\/ul>\n\n<p class=\"wp-block-paragraph\">Ez a rugalmass\u00e1g megel\u0151zi a t\u00e9ves d\u00f6nt\u00e9seket, \u00e9s figyelembe veszi azt a k\u00f6r\u00fclm\u00e9nyt, hogy a t\u00e9nyleges viszonyok egy folyamatban l\u00e9v\u0151 elj\u00e1r\u00e1s sor\u00e1n is megv\u00e1ltozhatnak.<\/p>\n    <div class=\"mr-quote mrbg clearfix\">\n        <a class=\"mr-quote-person\" href=\"\/ueber-uns\/rechtsanwalt-peter-harlander\/\" title=\"Rechtsanwalt Peter Harlander\">\n            <img decoding=\"async\" class=\"mr-quote-person-img\" src=\"https:\/\/harlander-partner.eu\/wp-content\/themes\/harlander\/design\/ph100.webp\" width=\"100\"\n                 height=\"100\" loading=\"lazy\" alt=\"Rechtsanwalt Peter Harlander\">\n            <span class=\"mr-quote-person-text\">\n            Peter Harlander<br>\n            <span class=\"mr-quote-person-function\">Harlander &amp; Partner Rechtsanw\u00e4lte<\/span>\n        <\/span>\n        <\/a>\n        <span class=\"mr-quote-content\">\u201eA felf\u00fcggeszt\u0151 hat\u00e1ly kiz\u00e1r\u00e1sa csak egy\u00e9rtelm\u0171en t\u00fals\u00falyban l\u00e9v\u0151 k\u00f6z\u00e9rdek \u00e9s val\u00f3di s\u00fcrg\u0151ss\u00e9g eset\u00e9n megengedett, \u00e9s \u00f6n\u00e1ll\u00f3 b\u00edr\u00f3s\u00e1gi kontroll al\u00e1 esik.\u201c<\/span>\n    <\/div>\n\n<h2 class=\"wp-block-heading\" id=\"h-rechtsfolgen-der-aufschiebenden-wirkung\">A felf\u00fcggeszt\u0151 hat\u00e1ly jogk\u00f6vetkezm\u00e9nyei<\/h2>\n\n<p class=\"wp-block-paragraph\">A felf\u00fcggeszt\u0151 hat\u00e1ly k\u00f6zvetlen\u00fcl a hat\u00e1rozat v\u00e9grehajt\u00e1s\u00e1ra hat. Nem akad\u00e1lyozza a hat\u00e1rozat fenn\u00e1ll\u00e1s\u00e1t, hanem meg\u00e1ll\u00edtja annak v\u00e9grehajt\u00e1s\u00e1t. A jogi mag ez\u00e9rt megmarad, de a gyakorlati \u00e9rv\u00e9nyes\u00edt\u00e9s eltol\u00f3dik.  <\/p>\n\n<p class=\"wp-block-paragraph\">Az \u00e9rintettek sz\u00e1m\u00e1ra ez gyakran <strong>a kor\u00e1bbi jogi helyzet\u00fck ideiglenes biztos\u00edt\u00e1s\u00e1t<\/strong> jelenti. A hat\u00f3s\u00e1gok sz\u00e1m\u00e1ra pedig k\u00f6telezetts\u00e9g keletkezik arra, hogy a b\u00edr\u00f3s\u00e1gi d\u00f6nt\u00e9sig a v\u00e9grehajt\u00e1si int\u00e9zked\u00e9sekkel v\u00e1rjanak. <\/p>\n\n<h3 class=\"wp-block-heading\" id=\"h-vorlaufiger-stopp-von-leistungen-rechten-und-feststellungen\">Szolg\u00e1ltat\u00e1sok, jogok \u00e9s meg\u00e1llap\u00edt\u00e1sok ideiglenes felf\u00fcggeszt\u00e9se<\/h3>\n\n<p class=\"wp-block-paragraph\">A legfontosabb jogk\u00f6vetkezm\u00e9nyek egy\u00e9rtelm\u0171en megnevezhet\u0151k. Am\u00edg a felf\u00fcggeszt\u0151 hat\u00e1ly fenn\u00e1ll: <\/p>\n\n<ul class=\"wp-block-list\">\n<li><strong>a kiszabott p\u00e9nzfizet\u00e9si k\u00f6telezetts\u00e9geket nem kell megfizetni<\/strong>,<\/li>\n\n\n\n<li><strong>a visszavont enged\u00e9lyeket nem szabad hat\u00e1lyosan v\u00e9grehajtani<\/strong>,<\/li>\n\n\n\n<li><strong>a terhes jogk\u00f6vetkezm\u00e9nyek nem \u00e1llnak be<\/strong>,<\/li>\n\n\n\n<li><strong>a meg\u00e1llap\u00edtott k\u00f6telezetts\u00e9gek ideiglenesen v\u00e9grehajthatatlanok maradnak<\/strong>.<\/li>\n<\/ul>\n\n<p class=\"wp-block-paragraph\">Ez a v\u00e9delem megel\u0151zi a gazdas\u00e1gi k\u00e1rokat, a visszaford\u00edthatatlan beavatkoz\u00e1sokat vagy a l\u00e9tfenntart\u00e1st vesz\u00e9lyeztet\u0151 k\u00f6vetkezm\u00e9nyeket. K\u00fcl\u00f6n\u00f6sen magas p\u00e9nzb\u00edrs\u00e1gok vagy v\u00e1llalkoz\u00e1st \u00e9rint\u0151 korl\u00e1toz\u00e1sok eset\u00e9n ennek a hat\u00e1snak d\u00f6nt\u0151 szerepe van. <\/p>\n\n<h3 class=\"wp-block-heading\" id=\"h-praktische-auswirkungen-fur-betroffene-und-behorden\">Gyakorlati hat\u00e1sok az \u00e9rintettekre \u00e9s a hat\u00f3s\u00e1gokra<\/h3>\n\n<p class=\"wp-block-paragraph\">Az \u00e9rintettek sz\u00e1m\u00e1ra a felf\u00fcggeszt\u0151 hat\u00e1ly tervezhet\u0151s\u00e9get biztos\u00edt. Id\u0151t nyernek arra, hogy b\u00edr\u00f3s\u00e1g el\u0151tt megv\u00e9dj\u00e9k jogi \u00e1ll\u00e1spontjukat. Ugyanakkor ez nem jelent v\u00e9gleges megnyugv\u00e1st: a k\u00f6zigazgat\u00e1si b\u00edr\u00f3s\u00e1g k\u00e9s\u0151bb a hat\u00e1rozatot helybenhagyhatja, megv\u00e1ltoztathatja vagy hat\u00e1lyon k\u00edv\u00fcl helyezheti.   <\/p>\n\n<p class=\"wp-block-paragraph\">A hat\u00f3s\u00e1gok sz\u00e1m\u00e1ra a felf\u00fcggeszt\u0151 hat\u00e1ly azt jelenti, hogy a v\u00e9grehajt\u00e1si int\u00e9zked\u00e9seket fel kell f\u00fcggeszteni\u00fck. Nem tehetnek k\u00e9nyszerint\u00e9zked\u00e9seket, \u00e9s nem \u00e9rv\u00e9nyes\u00edthetnek szankci\u00f3kat, am\u00edg a felf\u00fcggeszt\u0151 hat\u00e1ly fenn\u00e1ll. Ez a visszafogotts\u00e1g er\u0151s\u00edti a <strong>jog\u00e1llamba \u00e9s az \u00e1llami d\u00f6nt\u00e9sek b\u00edr\u00f3s\u00e1gi kontrollj\u00e1ba vetett bizalmat<\/strong>.  <\/p>\n\n<h2 class=\"wp-block-heading\" id=\"h-verfahrensablauf-bis-zur-entscheidung\">Az elj\u00e1r\u00e1s menete a d\u00f6nt\u00e9sig<\/h2>\n\n<p class=\"wp-block-paragraph\">A panasz beny\u00fajt\u00e1s\u00e1t k\u00f6vet\u0151en egy vil\u00e1gosan struktur\u00e1lt elj\u00e1r\u00e1s indul. El\u0151sz\u00f6r a hat\u00f3s\u00e1g az \u00fagynevezett el\u0151elj\u00e1r\u00e1sban megvizsg\u00e1lja a panaszt. A megt\u00e1madott hat\u00e1rozatot a t\u00f6rv\u00e9nyben meghat\u00e1rozott hat\u00e1rid\u0151n bel\u00fcl maga is hat\u00e1lyon k\u00edv\u00fcl helyezheti, m\u00f3dos\u00edthatja vagy helybenhagyhatja. Ha a <strong>panaszr\u00f3l sz\u00f3l\u00f3 el\u0151zetes hat\u00e1rozatot<\/strong> a <a href=\"https:\/\/ris.bka.gv.at\/eli\/bgbl\/i\/2013\/33\/P14\/NOR40235308?Abfrage=Bundesnormen&amp;Kundmachungsorgan=&amp;Index=&amp;Titel=VwGVG&amp;Gesetzesnummer=&amp;VonArtikel=&amp;BisArtikel=&amp;VonParagraf=14&amp;BisParagraf=14&amp;VonAnlage=&amp;BisAnlage=&amp;Typ=&amp;Kundmachungsnummer=&amp;Unterzeichnungsdatum=&amp;FassungVom=26.02.2026&amp;VonInkrafttretedatum=&amp;BisInkrafttretedatum=&amp;VonAusserkrafttretedatum=&amp;BisAusserkrafttretedatum=&amp;NormabschnittnummerKombination=Und&amp;ImRisSeitVonDatum=&amp;ImRisSeitBisDatum=&amp;ImRisSeit=Undefined&amp;ResultPageSize=100&amp;Suchworte=&amp;Position=1&amp;SkipToDocumentPage=true&amp;ResultFunctionToken=cb9ae0d4-1c78-4f64-b54e-be85b4e1b3f2\" target=\"_blank\" rel=\"noreferrer noopener\">VwGVG 14. \u00a7<\/a> alapj\u00e1n hozza meg, a felek sz\u00e1m\u00e1ra nyitva \u00e1ll az el\u0151terjeszt\u00e9si k\u00e9relem.   <\/p>\n\n<p class=\"wp-block-paragraph\">Ha a panaszt a k\u00f6zigazgat\u00e1si b\u00edr\u00f3s\u00e1g el\u00e9 terjesztik, a d\u00f6nt\u00e9st ez veszi \u00e1t. Vizsg\u00e1lja: <\/p>\n\n<ul class=\"wp-block-list\">\n<li><strong>a panasz megengedhet\u0151s\u00e9g\u00e9t<\/strong>,<\/li>\n\n\n\n<li><strong>a felf\u00fcggeszt\u0151 hat\u00e1ly fenn\u00e1ll\u00e1s\u00e1t<\/strong>,<\/li>\n\n\n\n<li><strong>a megt\u00e1madott hat\u00e1rozat jogszer\u0171s\u00e9g\u00e9t<\/strong>.<\/li>\n<\/ul>\n\n<p class=\"wp-block-paragraph\">A b\u00edr\u00f3s\u00e1g tarthat sz\u00f3beli t\u00e1rgyal\u00e1st, bizony\u00edt\u00e1st folytathat le, \u00e9s v\u00e9g\u00fcl \u00edt\u00e9lettel d\u00f6nt. E d\u00f6nt\u00e9ssel a felf\u00fcggeszt\u0151 hat\u00e1ly megsz\u0171nik, \u00e9s egy\u00e9rtelm\u0171v\u00e9 v\u00e1lik, hogy a hat\u00e1rozat v\u00e9grehajthat\u00f3-e, vagy hat\u00e1lyon k\u00edv\u00fcl helyezik. <\/p>\n\n<h2 class=\"wp-block-heading\" id=\"h-ihre-vorteile-mit-anwaltlicher-unterstutzung\">Az \u00d6n el\u0151nyei \u00fcgyv\u00e9di seg\u00edts\u00e9ggel<\/h2>\n\n<p class=\"wp-block-paragraph\">A <strong>felf\u00fcggeszt\u0151 hat\u00e1ly<\/strong> gyakran arr\u00f3l d\u00f6nt, hogy egy hat\u00e1rozatot azonnal v\u00e9grehajtanak-e vagy sem. A <strong>hat\u00e1rid\u0151-sz\u00e1m\u00edt\u00e1s, a panasz indokol\u00e1sa vagy a felf\u00fcggeszt\u0151 hat\u00e1ly megad\u00e1s\u00e1ra ir\u00e1nyul\u00f3 k\u00e9relem<\/strong> hib\u00e1i oda vezethetnek, hogy a terhes int\u00e9zked\u00e9sek azonnal hat\u00e1lyoss\u00e1 v\u00e1lnak. K\u00fcl\u00f6n\u00f6sen probl\u00e9m\u00e1sak azok a helyzetek, amikor a hat\u00f3s\u00e1g <strong>s\u00fcrg\u0151ss\u00e9gre hivatkozva kiz\u00e1r\u00e1st<\/strong> rendel el, vagy gazdas\u00e1gilag s\u00falyos int\u00e9zked\u00e9sek fenyegetnek. Prec\u00edz jogi \u00e9rvel\u00e9s n\u00e9lk\u00fcl fenn\u00e1ll a kock\u00e1zat, hogy a k\u00f6z\u00e9rdeket magasabbra \u00e9rt\u00e9kelik, \u00e9s a jogv\u00e9delem t\u00e9nylegesen ki\u00fcresedik.   <\/p>\n\n<p class=\"wp-block-paragraph\">Egy specializ\u00e1lt \u00fcgyv\u00e9di iroda k\u00fcl\u00f6n\u00f6sen az al\u00e1bbiakat ny\u00fajtja \u00d6nnek:<\/p>\n\n<ul class=\"wp-block-list\">\n<li>a felf\u00fcggeszt\u0151 hat\u00e1ly <strong>sikeress\u00e9gi es\u00e9lyeinek vizsg\u00e1lata \u00e9s strat\u00e9giai \u00e9rt\u00e9kel\u00e9se<\/strong><\/li>\n\n\n\n<li><strong>jogilag megalapozott panasz kidolgoz\u00e1sa<\/strong> prec\u00edz \u00e9rdekm\u00e9rlegel\u00e9ssel<\/li>\n\n\n\n<li><strong>k\u00e9pviselet a k\u00f6zigazgat\u00e1si b\u00edr\u00f3s\u00e1g el\u0151tti elj\u00e1r\u00e1sban<\/strong>, bele\u00e9rtve a s\u00fcrg\u0151ss\u00e9gi k\u00e9relmeket<\/li>\n\n\n\n<li><strong>V\u00e9delem a formai hib\u00e1k \u00e9s hat\u00e1rid\u0151-mulaszt\u00e1sok ellen<\/strong><\/li>\n<\/ul>\n    <div class=\"mr-quote mrbg clearfix\">\n        <a class=\"mr-quote-person\" href=\"\/ueber-uns\/rechtsanwalt-sebastian-riedlmair\/\" title=\"Rechtsanwalt Sebastian Riedlmair\">\n            <img decoding=\"async\" class=\"mr-quote-person-img\" src=\"https:\/\/harlander-partner.eu\/wp-content\/themes\/harlander\/design\/sr100.webp\" width=\"100\"\n                 height=\"100\" loading=\"lazy\" alt=\"Rechtsanwalt Sebastian Riedlmair\">\n            <span class=\"mr-quote-person-text\">\n            Sebastian Riedlmair<br>\n            <span class=\"mr-quote-person-function\">Harlander &amp; Partner Rechtsanw\u00e4lte<\/span>\n        <\/span>\n        <\/a>\n        <span class=\"mr-quote-content\">\u201eA professzion\u00e1lis \u00fcgyv\u00e9di t\u00e1mogat\u00e1s egy\u00e9rtelm\u0171s\u00e9get teremt, meg\u00f3v a felesleges kock\u00e1zatokt\u00f3l, \u00e9s jogait m\u00e1r a kezdetekt\u0151l k\u00f6vetkezetesen biztos\u00edtja.\u201c<\/span>\n    <\/div>\n<a class=\"mr-cta-link mr-cta-button-cal\" href=\"#h2-booking\" title=\"Ingyenes els\u0151 konzult\u00e1ci\u00f3\"><span class=\"mr-cta-link-normal\">V\u00e1lassza ki az id\u0151pontot most:<\/span><span class=\"mr-cta-link-bold\">Ingyenes els\u0151 konzult\u00e1ci\u00f3<\/span><\/a>\n\n<h2 class=\"wp-block-heading\" id=\"h-haufig-gestellte-fragen-faq\">Gyakran ism\u00e9telt k\u00e9rd\u00e9sek \u2013 GYIK<\/h2>\n<div class=\"wp-block-uagb-faq uagb-faq__outer-wrap uagb-block-972c8b74 uagb-faq-icon-row uagb-faq-layout-accordion uagb-faq-expand-first-true uagb-faq-inactive-other-true uagb-faq__wrap uagb-buttons-layout-wrap uagb-faq-equal-height     \" data-faqtoggle=\"true\" role=\"tablist\"><script type=\"application\/ld+json\">{\"@context\":\"https:\\\/\\\/schema.org\",\"@type\":\"FAQPage\",\"@id\":\"https:\\\/\\\/harlander-partner.eu\\\/hu\\\/buntetojog\\\/felfuggeszto-hataly-a-kozigazgatasi-jogban\\\/\",\"mainEntity\":[{\"@type\":\"Question\",\"name\":\"Minden panasz automatikusan felf\\u00fcggeszt\\u0151 hat\\u00e1ly\\u00fa?\",\"acceptedAnswer\":{\"@type\":\"Answer\",\"text\":\"Nem. A B-VG 130. cikk (1) bekezd\\u00e9s 1. pontja szerinti hat\\u00e1rozat elleni panasz f\\u0151szab\\u00e1ly szerint automatikusan felf\\u00fcggeszt\\u0151 hat\\u00e1ly\\u00fa (VwGVG 13. \\u00a7). Int\\u00e9zked\\u00e9si panaszokn\\u00e1l vagy egyes anyagi jogi t\\u00f6rv\\u00e9nyekben azonban a hat\\u00e1ly kiz\\u00e1rt lehet, illetve k\\u00fcl\\u00f6n k\\u00e9relmezni kell.  \"}},{\"@type\":\"Question\",\"name\":\"A hat\\u00f3s\\u00e1g egyszer\\u0171en kiz\\u00e1rhatja a felf\\u00fcggeszt\\u0151 hat\\u00e1lyt?\",\"acceptedAnswer\":{\"@type\":\"Answer\",\"text\":\"Kiz\\u00e1r\\u00e1s csak sz\\u0171k felt\\u00e9telek mellett megengedett. A hat\\u00f3s\\u00e1gnak konkr\\u00e9t \\u00e9rdekm\\u00e9rlegel\\u00e9st kell v\\u00e9geznie, \\u00e9s meg kell indokolnia, hogy s\\u00fcrg\\u0151ss\\u00e9g \\u00e1ll fenn, vagy k\\u00e9nyszer\\u00edt\\u0151 k\\u00f6z\\u00e9rdek teszi sz\\u00fcks\\u00e9gess\\u00e9 az azonnali v\\u00e9grehajt\\u00e1st. \"}},{\"@type\":\"Question\",\"name\":\"Mi t\\u00f6rt\\u00e9nik, ha a panaszom elk\\u00e9sett?\",\"acceptedAnswer\":{\"@type\":\"Answer\",\"text\":\"Ha a panasz beny\\u00fajt\\u00e1s\\u00e1ra nyitva \\u00e1ll\\u00f3 hat\\u00e1rid\\u0151 elmulaszt\\u00e1sra ker\\u00fcl, joger\\u0151 \\u00e1ll be. A hat\\u00e1rozat v\\u00e9grehajthat\\u00f3v\\u00e1 v\\u00e1lik, \\u00e9s felf\\u00fcggeszt\\u0151 hat\\u00e1ly m\\u00e1r nem \\u00e1llhat be. Kiv\\u00e9teles esetekben sz\\u00f3ba j\\u00f6het az igazol\\u00e1si k\\u00e9relem (a kor\\u00e1bbi \\u00e1llapot helyre\\u00e1ll\\u00edt\\u00e1sa).  \"}},{\"@type\":\"Question\",\"name\":\"Azonnal be kell fizetnem a kiszabott p\\u00e9nzb\\u00edrs\\u00e1got?\",\"acceptedAnswer\":{\"@type\":\"Answer\",\"text\":\"A k\\u00f6zigazgat\\u00e1si szab\\u00e1lys\\u00e9rt\\u00e9si elj\\u00e1r\\u00e1sban a hat\\u00e1rid\\u0151ben beny\\u00fajtott panasz f\\u0151szab\\u00e1ly szerint felf\\u00fcggeszt\\u0151 hat\\u00e1ly\\u00fa (VwGVG 41. \\u00a7). A p\\u00e9nzb\\u00edrs\\u00e1g ez\\u00e9rt a k\\u00f6zigazgat\\u00e1si b\\u00edr\\u00f3s\\u00e1g d\\u00f6nt\\u00e9s\\u00e9ig nem hajthat\\u00f3 v\\u00e9gre. \"}},{\"@type\":\"Question\",\"name\":\"A hat\\u00e1rozat a felf\\u00fcggeszt\\u0151 hat\\u00e1ly alatt is fennmarad?\",\"acceptedAnswer\":{\"@type\":\"Answer\",\"text\":\"Igen. A hat\\u00e1rozat jogilag fennmarad, de ideiglenesen nem hajthat\\u00f3 v\\u00e9gre. Csak a k\\u00f6zigazgat\\u00e1si b\\u00edr\\u00f3s\\u00e1g d\\u00f6nt\\u00e9s\\u00e9vel tiszt\\u00e1z\\u00f3dik v\\u00e9glegesen, hogy helybenhagyj\\u00e1k, megv\\u00e1ltoztatj\\u00e1k vagy hat\\u00e1lyon k\\u00edv\\u00fcl helyezik. \"}}]}<\/script><div class=\"wp-block-uagb-faq-child uagb-faq-child__outer-wrap uagb-faq-item uagb-block-6b30bb7b \" role=\"tab\" tabindex=\"0\"><div class=\"uagb-faq-questions-button uagb-faq-questions\">\t\t\t<span class=\"uagb-icon uagb-faq-icon-wrap\">\n\t\t\t\t\t\t\t\t<svg xmlns=\"https:\/\/www.w3.org\/2000\/svg\" viewBox= \"0 0 448 512\"><path d=\"M432 256c0 17.69-14.33 32.01-32 32.01H256v144c0 17.69-14.33 31.99-32 31.99s-32-14.3-32-31.99v-144H48c-17.67 0-32-14.32-32-32.01s14.33-31.99 32-31.99H192v-144c0-17.69 14.33-32.01 32-32.01s32 14.32 32 32.01v144h144C417.7 224 432 238.3 432 256z\"><\/path><\/svg>\n\t\t\t\t\t\t\t<\/span>\n\t\t\t\t\t\t<span class=\"uagb-icon-active uagb-faq-icon-wrap\">\n\t\t\t\t\t\t\t\t<svg xmlns=\"https:\/\/www.w3.org\/2000\/svg\" viewBox= \"0 0 448 512\"><path d=\"M400 288h-352c-17.69 0-32-14.32-32-32.01s14.31-31.99 32-31.99h352c17.69 0 32 14.3 32 31.99S417.7 288 400 288z\"><\/path><\/svg>\n\t\t\t\t\t\t\t<\/span>\n\t\t\t<span class=\"uagb-question\">Minden panasz automatikusan felf\u00fcggeszt\u0151 hat\u00e1ly\u00fa?<\/span><\/div><div class=\"uagb-faq-content\"><p>Nem. A B-VG 130. cikk (1) bekezd\u00e9s 1. pontja szerinti hat\u00e1rozat elleni panasz f\u0151szab\u00e1ly szerint automatikusan felf\u00fcggeszt\u0151 hat\u00e1ly\u00fa (VwGVG 13. \u00a7). Int\u00e9zked\u00e9si panaszokn\u00e1l vagy egyes anyagi jogi t\u00f6rv\u00e9nyekben azonban a hat\u00e1ly kiz\u00e1rt lehet, illetve k\u00fcl\u00f6n k\u00e9relmezni kell.  <\/p><\/div><\/div><div class=\"wp-block-uagb-faq-child uagb-faq-child__outer-wrap uagb-faq-item uagb-block-af2c5f4e \" role=\"tab\" tabindex=\"0\"><div class=\"uagb-faq-questions-button uagb-faq-questions\">\t\t\t<span class=\"uagb-icon uagb-faq-icon-wrap\">\n\t\t\t\t\t\t\t\t<svg xmlns=\"https:\/\/www.w3.org\/2000\/svg\" viewBox= \"0 0 448 512\"><path d=\"M432 256c0 17.69-14.33 32.01-32 32.01H256v144c0 17.69-14.33 31.99-32 31.99s-32-14.3-32-31.99v-144H48c-17.67 0-32-14.32-32-32.01s14.33-31.99 32-31.99H192v-144c0-17.69 14.33-32.01 32-32.01s32 14.32 32 32.01v144h144C417.7 224 432 238.3 432 256z\"><\/path><\/svg>\n\t\t\t\t\t\t\t<\/span>\n\t\t\t\t\t\t<span class=\"uagb-icon-active uagb-faq-icon-wrap\">\n\t\t\t\t\t\t\t\t<svg xmlns=\"https:\/\/www.w3.org\/2000\/svg\" viewBox= \"0 0 448 512\"><path d=\"M400 288h-352c-17.69 0-32-14.32-32-32.01s14.31-31.99 32-31.99h352c17.69 0 32 14.3 32 31.99S417.7 288 400 288z\"><\/path><\/svg>\n\t\t\t\t\t\t\t<\/span>\n\t\t\t<span class=\"uagb-question\">A hat\u00f3s\u00e1g egyszer\u0171en kiz\u00e1rhatja a felf\u00fcggeszt\u0151 hat\u00e1lyt?<\/span><\/div><div class=\"uagb-faq-content\"><p>Kiz\u00e1r\u00e1s csak sz\u0171k felt\u00e9telek mellett megengedett. A hat\u00f3s\u00e1gnak konkr\u00e9t \u00e9rdekm\u00e9rlegel\u00e9st kell v\u00e9geznie, \u00e9s meg kell indokolnia, hogy s\u00fcrg\u0151ss\u00e9g \u00e1ll fenn, vagy k\u00e9nyszer\u00edt\u0151 k\u00f6z\u00e9rdek teszi sz\u00fcks\u00e9gess\u00e9 az azonnali v\u00e9grehajt\u00e1st. <\/p><\/div><\/div><div class=\"wp-block-uagb-faq-child uagb-faq-child__outer-wrap uagb-faq-item uagb-block-d298f0ea \" role=\"tab\" tabindex=\"0\"><div class=\"uagb-faq-questions-button uagb-faq-questions\">\t\t\t<span class=\"uagb-icon uagb-faq-icon-wrap\">\n\t\t\t\t\t\t\t\t<svg xmlns=\"https:\/\/www.w3.org\/2000\/svg\" viewBox= \"0 0 448 512\"><path d=\"M432 256c0 17.69-14.33 32.01-32 32.01H256v144c0 17.69-14.33 31.99-32 31.99s-32-14.3-32-31.99v-144H48c-17.67 0-32-14.32-32-32.01s14.33-31.99 32-31.99H192v-144c0-17.69 14.33-32.01 32-32.01s32 14.32 32 32.01v144h144C417.7 224 432 238.3 432 256z\"><\/path><\/svg>\n\t\t\t\t\t\t\t<\/span>\n\t\t\t\t\t\t<span class=\"uagb-icon-active uagb-faq-icon-wrap\">\n\t\t\t\t\t\t\t\t<svg xmlns=\"https:\/\/www.w3.org\/2000\/svg\" viewBox= \"0 0 448 512\"><path d=\"M400 288h-352c-17.69 0-32-14.32-32-32.01s14.31-31.99 32-31.99h352c17.69 0 32 14.3 32 31.99S417.7 288 400 288z\"><\/path><\/svg>\n\t\t\t\t\t\t\t<\/span>\n\t\t\t<span class=\"uagb-question\">Mi t\u00f6rt\u00e9nik, ha a panaszom elk\u00e9sett?<\/span><\/div><div class=\"uagb-faq-content\"><p>Ha a panasz beny\u00fajt\u00e1s\u00e1ra nyitva \u00e1ll\u00f3 hat\u00e1rid\u0151 elmulaszt\u00e1sra ker\u00fcl, joger\u0151 \u00e1ll be. A hat\u00e1rozat v\u00e9grehajthat\u00f3v\u00e1 v\u00e1lik, \u00e9s felf\u00fcggeszt\u0151 hat\u00e1ly m\u00e1r nem \u00e1llhat be. Kiv\u00e9teles esetekben sz\u00f3ba j\u00f6het az igazol\u00e1si k\u00e9relem (a kor\u00e1bbi \u00e1llapot helyre\u00e1ll\u00edt\u00e1sa).  <\/p><\/div><\/div><div class=\"wp-block-uagb-faq-child uagb-faq-child__outer-wrap uagb-faq-item uagb-block-f1a82c11 \" role=\"tab\" tabindex=\"0\"><div class=\"uagb-faq-questions-button uagb-faq-questions\">\t\t\t<span class=\"uagb-icon uagb-faq-icon-wrap\">\n\t\t\t\t\t\t\t\t<svg xmlns=\"https:\/\/www.w3.org\/2000\/svg\" viewBox= \"0 0 448 512\"><path d=\"M432 256c0 17.69-14.33 32.01-32 32.01H256v144c0 17.69-14.33 31.99-32 31.99s-32-14.3-32-31.99v-144H48c-17.67 0-32-14.32-32-32.01s14.33-31.99 32-31.99H192v-144c0-17.69 14.33-32.01 32-32.01s32 14.32 32 32.01v144h144C417.7 224 432 238.3 432 256z\"><\/path><\/svg>\n\t\t\t\t\t\t\t<\/span>\n\t\t\t\t\t\t<span class=\"uagb-icon-active uagb-faq-icon-wrap\">\n\t\t\t\t\t\t\t\t<svg xmlns=\"https:\/\/www.w3.org\/2000\/svg\" viewBox= \"0 0 448 512\"><path d=\"M400 288h-352c-17.69 0-32-14.32-32-32.01s14.31-31.99 32-31.99h352c17.69 0 32 14.3 32 31.99S417.7 288 400 288z\"><\/path><\/svg>\n\t\t\t\t\t\t\t<\/span>\n\t\t\t<span class=\"uagb-question\">Azonnal be kell fizetnem a kiszabott p\u00e9nzb\u00edrs\u00e1got?<\/span><\/div><div class=\"uagb-faq-content\"><p>A k\u00f6zigazgat\u00e1si szab\u00e1lys\u00e9rt\u00e9si elj\u00e1r\u00e1sban a hat\u00e1rid\u0151ben beny\u00fajtott panasz f\u0151szab\u00e1ly szerint felf\u00fcggeszt\u0151 hat\u00e1ly\u00fa (VwGVG 41. \u00a7). A p\u00e9nzb\u00edrs\u00e1g ez\u00e9rt a k\u00f6zigazgat\u00e1si b\u00edr\u00f3s\u00e1g d\u00f6nt\u00e9s\u00e9ig nem hajthat\u00f3 v\u00e9gre. <\/p><\/div><\/div><div class=\"wp-block-uagb-faq-child uagb-faq-child__outer-wrap uagb-faq-item uagb-block-8d2e771a \" role=\"tab\" tabindex=\"0\"><div class=\"uagb-faq-questions-button uagb-faq-questions\">\t\t\t<span class=\"uagb-icon uagb-faq-icon-wrap\">\n\t\t\t\t\t\t\t\t<svg xmlns=\"https:\/\/www.w3.org\/2000\/svg\" viewBox= \"0 0 448 512\"><path d=\"M432 256c0 17.69-14.33 32.01-32 32.01H256v144c0 17.69-14.33 31.99-32 31.99s-32-14.3-32-31.99v-144H48c-17.67 0-32-14.32-32-32.01s14.33-31.99 32-31.99H192v-144c0-17.69 14.33-32.01 32-32.01s32 14.32 32 32.01v144h144C417.7 224 432 238.3 432 256z\"><\/path><\/svg>\n\t\t\t\t\t\t\t<\/span>\n\t\t\t\t\t\t<span class=\"uagb-icon-active uagb-faq-icon-wrap\">\n\t\t\t\t\t\t\t\t<svg xmlns=\"https:\/\/www.w3.org\/2000\/svg\" viewBox= \"0 0 448 512\"><path d=\"M400 288h-352c-17.69 0-32-14.32-32-32.01s14.31-31.99 32-31.99h352c17.69 0 32 14.3 32 31.99S417.7 288 400 288z\"><\/path><\/svg>\n\t\t\t\t\t\t\t<\/span>\n\t\t\t<span class=\"uagb-question\">A hat\u00e1rozat a felf\u00fcggeszt\u0151 hat\u00e1ly alatt is fennmarad?<\/span><\/div><div class=\"uagb-faq-content\"><p>Igen. A hat\u00e1rozat jogilag fennmarad, de ideiglenesen nem hajthat\u00f3 v\u00e9gre. Csak a k\u00f6zigazgat\u00e1si b\u00edr\u00f3s\u00e1g d\u00f6nt\u00e9s\u00e9vel tiszt\u00e1z\u00f3dik v\u00e9glegesen, hogy helybenhagyj\u00e1k, megv\u00e1ltoztatj\u00e1k vagy hat\u00e1lyon k\u00edv\u00fcl helyezik. <\/p><\/div><\/div><\/div><a class=\"mr-cta-link mr-cta-button-cal\" href=\"#h2-booking\" title=\"Ingyenes els\u0151 konzult\u00e1ci\u00f3\"><span class=\"mr-cta-link-normal\">V\u00e1lassza ki az id\u0151pontot most:<\/span><span class=\"mr-cta-link-bold\">Ingyenes els\u0151 konzult\u00e1ci\u00f3<\/span><\/a>\n","protected":false},"excerpt":{"rendered":"A felf\u00fcggeszt\u0151 hat\u00e1ly a k\u00f6zigazgat\u00e1si jogban azt a t\u00f6rv\u00e9ny \u00e1ltal el\u0151\u00edrt jogk\u00f6vetkezm\u00e9nyt jelenti, hogy a megt\u00e1madott hat\u00e1rozatot ideiglenesen nem szabad v\u00e9grehajtani. Ha egy f\u00e9l hat\u00e1rid\u0151ben \u00e9s megengedetten panaszt ny\u00fajt be &#8230;","protected":false},"author":1,"featured_media":127029,"parent":45860,"menu_order":1,"comment_status":"closed","ping_status":"closed","template":"","meta":{"_acf_changed":false,"_uag_custom_page_level_css":"","footnotes":""},"categories":[1532,1579],"tags":[],"class_list":["post-127028","page","type-page","status-publish","has-post-thumbnail","hentry","category-koezigazgatasi-buentetojog","category-koezigazgatasi-jog"],"acf":[],"uagb_featured_image_src":{"full":["https:\/\/harlander-partner.eu\/wp-content\/uploads\/Aufschiebende-Wirkung.webp",1920,1080,false],"thumbnail":["https:\/\/harlander-partner.eu\/wp-content\/uploads\/Aufschiebende-Wirkung-100x100.webp",100,100,true],"medium":["https:\/\/harlander-partner.eu\/wp-content\/uploads\/Aufschiebende-Wirkung-800x450.webp",800,450,true],"medium_large":["https:\/\/harlander-partner.eu\/wp-content\/uploads\/Aufschiebende-Wirkung.webp",1920,1080,false],"large":["https:\/\/harlander-partner.eu\/wp-content\/uploads\/Aufschiebende-Wirkung.webp",1920,1080,false],"1536x1536":["https:\/\/harlander-partner.eu\/wp-content\/uploads\/Aufschiebende-Wirkung-1536x864.webp",1536,864,true],"2048x2048":["https:\/\/harlander-partner.eu\/wp-content\/uploads\/Aufschiebende-Wirkung.webp",1920,1080,false],"336x":["https:\/\/harlander-partner.eu\/wp-content\/uploads\/Aufschiebende-Wirkung-336x189.webp",336,189,true],"352x":["https:\/\/harlander-partner.eu\/wp-content\/uploads\/Aufschiebende-Wirkung-352x198.webp",352,198,true],"woocommerce_thumbnail":["https:\/\/harlander-partner.eu\/wp-content\/uploads\/Aufschiebende-Wirkung-300x300.webp",300,300,true],"woocommerce_single":["https:\/\/harlander-partner.eu\/wp-content\/uploads\/Aufschiebende-Wirkung-600x338.webp",600,338,true],"woocommerce_gallery_thumbnail":["https:\/\/harlander-partner.eu\/wp-content\/uploads\/Aufschiebende-Wirkung-100x100.webp",100,100,true],"yarpp-thumbnail":["https:\/\/harlander-partner.eu\/wp-content\/uploads\/Aufschiebende-Wirkung-120x120.webp",120,120,true]},"uagb_author_info":{"display_name":"Peter Harlander","author_link":"https:\/\/harlander-partner.eu\/hu\/author\/secondpromotion\/"},"uagb_comment_info":0,"uagb_excerpt":"A felf\u00fcggeszt\u0151 hat\u00e1ly a k\u00f6zigazgat\u00e1si jogban azt a t\u00f6rv\u00e9ny \u00e1ltal el\u0151\u00edrt jogk\u00f6vetkezm\u00e9nyt jelenti, hogy a megt\u00e1madott hat\u00e1rozatot ideiglenesen nem szabad v\u00e9grehajtani. Ha egy f\u00e9l hat\u00e1rid\u0151ben \u00e9s megengedetten panaszt ny\u00fajt be ...","_links":{"self":[{"href":"https:\/\/harlander-partner.eu\/hu\/wp-json\/wp\/v2\/pages\/127028","targetHints":{"allow":["GET"]}}],"collection":[{"href":"https:\/\/harlander-partner.eu\/hu\/wp-json\/wp\/v2\/pages"}],"about":[{"href":"https:\/\/harlander-partner.eu\/hu\/wp-json\/wp\/v2\/types\/page"}],"author":[{"embeddable":true,"href":"https:\/\/harlander-partner.eu\/hu\/wp-json\/wp\/v2\/users\/1"}],"replies":[{"embeddable":true,"href":"https:\/\/harlander-partner.eu\/hu\/wp-json\/wp\/v2\/comments?post=127028"}],"version-history":[{"count":0,"href":"https:\/\/harlander-partner.eu\/hu\/wp-json\/wp\/v2\/pages\/127028\/revisions"}],"up":[{"embeddable":true,"href":"https:\/\/harlander-partner.eu\/hu\/wp-json\/wp\/v2\/pages\/45860"}],"wp:featuredmedia":[{"embeddable":true,"href":"https:\/\/harlander-partner.eu\/hu\/wp-json\/wp\/v2\/media\/127029"}],"wp:attachment":[{"href":"https:\/\/harlander-partner.eu\/hu\/wp-json\/wp\/v2\/media?parent=127028"}],"wp:term":[{"taxonomy":"category","embeddable":true,"href":"https:\/\/harlander-partner.eu\/hu\/wp-json\/wp\/v2\/categories?post=127028"},{"taxonomy":"post_tag","embeddable":true,"href":"https:\/\/harlander-partner.eu\/hu\/wp-json\/wp\/v2\/tags?post=127028"}],"curies":[{"name":"wp","href":"https:\/\/api.w.org\/{rel}","templated":true}]}}