{"id":120014,"date":"2026-02-17T12:00:00","date_gmt":"2026-02-17T11:00:00","guid":{"rendered":"https:\/\/harlander-partner.eu\/buntetojog\/aldozati-jogok-a-buntetoeljarasban\/"},"modified":"2026-02-17T17:01:39","modified_gmt":"2026-02-17T16:01:39","slug":"aldozati-jogok-a-buntetoeljarasban","status":"publish","type":"page","link":"https:\/\/harlander-partner.eu\/hu\/buntetojog\/aldozati-jogok-a-buntetoeljarasban\/","title":{"rendered":"\u00c1ldozati jogok a b\u00fcntet\u0151elj\u00e1r\u00e1sban"},"content":{"rendered":"\n<div class=\"wp-block-yoast-seo-table-of-contents yoast-table-of-contents\"><h2>\u00c1ldozati jogok<\/h2><ul><li><a href=\"#h-systematische-funktion-der-opferrechte\" data-level=\"2\">Az \u00e1ldozati jogok rendszertani funkci\u00f3ja<\/a><\/li><li><a href=\"#h-eigenstandige-verfahrensbeteiligte\" data-level=\"2\">\u00d6n\u00e1ll\u00f3 elj\u00e1r\u00e1si r\u00e9sztvev\u0151k<\/a><\/li><li><a href=\"#h-aufbau-und-funktion-der-opferrechte\" data-level=\"2\">Az \u00e1ldozati jogok fel\u00e9p\u00edt\u00e9se \u00e9s funkci\u00f3ja<\/a><\/li><li><a href=\"#h-mitwirkung-in-der-hauptverhandlung\" data-level=\"2\">K\u00f6zrem\u0171k\u00f6d\u00e9s a t\u00e1rgyal\u00e1son<\/a><\/li><li><a href=\"#h-fortfuhrung-nach-einstellung-des-ermittlungsverfahrens\" data-level=\"2\">Folytat\u00e1s a nyomoz\u00e1s megsz\u00fcntet\u00e9se ut\u00e1n<\/a><\/li><li><a href=\"#h-geltendmachung-privatrechtlicher-anspruche\" data-level=\"2\">Mag\u00e1njogi ig\u00e9nyek \u00e9rv\u00e9nyes\u00edt\u00e9se<\/a><\/li><li><a href=\"#h-gesetzlicher-schutz-von-wurde-und-interessen\" data-level=\"2\">A m\u00e9lt\u00f3s\u00e1g \u00e9s az \u00e9rdekek t\u00f6rv\u00e9nyi v\u00e9delme<\/a><\/li><li><a href=\"#h-rolle-von-opferschutzeinrichtungen-und-prozessbegleitung\" data-level=\"2\">Az \u00e1ldozatv\u00e9delmi int\u00e9zm\u00e9nyek \u00e9s a perbeli seg\u00edts\u00e9gny\u00fajt\u00e1s szerepe<\/a><\/li><li><a href=\"#h-zusammenhang-mit-privatbeteiligtenrechten\" data-level=\"2\">\u00d6sszef\u00fcgg\u00e9s a mag\u00e1nf\u00e9l jogaival<\/a><\/li><li><a href=\"#h-praktische-bedeutung-der-opferrechte\" data-level=\"2\">Az \u00e1ldozati jogok gyakorlati jelent\u0151s\u00e9ge<\/a><\/li><li><a href=\"#h-ihre-vorteile-mit-anwaltlicher-unterstutzung\" data-level=\"2\">Az \u00d6n el\u0151nyei \u00fcgyv\u00e9di seg\u00edts\u00e9ggel<\/a><\/li><li><a href=\"#h-faq-haufig-gestellte-fragen\" data-level=\"2\">GYIK \u2013 Gyakran Ism\u00e9telt K\u00e9rd\u00e9sek<\/a><\/li><\/ul><\/div>\n\n<p class=\"wp-block-paragraph\"><strong>Az \u00e1ldozati jogok a <a href=\"https:\/\/ris.bka.gv.at\/NormDokument.wxe?Abfrage=Bundesnormen&amp;Gesetzesnummer=10002326&amp;Artikel=&amp;Paragraf=66&amp;Anlage=&amp;Uebergangsrecht=\" target=\"_blank\" rel=\"noreferrer noopener\">\u00a7 66 StPO<\/a> szerint<\/strong> a b\u0171ncselekm\u00e9nyek \u00e1ltal s\u00e9rtett szem\u00e9lyek <strong>t\u00f6rv\u00e9nyben r\u00f6gz\u00edtett elj\u00e1r\u00e1si jogai<\/strong>. Biztos\u00edtj\u00e1k, hogy az \u00e1ldozatok a b\u00fcntet\u0151elj\u00e1r\u00e1sban <strong>ne csup\u00e1n bizony\u00edt\u00e1si eszk\u00f6zk\u00e9nt<\/strong>, hanem <strong>\u00f6n\u00e1ll\u00f3 r\u00e9sztvev\u0151kk\u00e9nt<\/strong> jelenjenek meg. Ide tartozik k\u00fcl\u00f6n\u00f6sen <strong>az elj\u00e1r\u00e1sr\u00f3l val\u00f3 t\u00e1j\u00e9koztat\u00e1shoz val\u00f3 jog<\/strong>, <strong>az iratbetekint\u00e9shez val\u00f3 jog<\/strong>, <strong>a jogi k\u00e9pviselethez val\u00f3 jog<\/strong> \u00e9s <strong>az akt\u00edv k\u00f6zrem\u0171k\u00f6d\u00e9shez val\u00f3 jog<\/strong>. Kieg\u00e9sz\u00edt\u00e9sk\u00e9nt a t\u00f6rv\u00e9ny <strong>olyan v\u00e9delmi mechanizmusokat garant\u00e1l, mint a tolm\u00e1csol\u00e1s \u00e9s a l\u00e9nyeges iratok ford\u00edt\u00e1sa<\/strong>. <strong>A c\u00e9l az \u00e1ldozat jogi \u00e9s szem\u00e9lyes \u00e9rdekeinek hat\u00e9kony biztos\u00edt\u00e1sa.<\/strong>   <\/p>\n\n<div class=\"wp-block-uagb-container uagb-block-3019fe8e alignfull uagb-is-root-container\">\n<div class=\"wp-block-uagb-container uagb-block-32585033\">\n<p class=\"wp-block-paragraph\">\u00c1ldozati jogokon azokat a t\u00f6rv\u00e9nyben el\u0151\u00edrt jogosults\u00e1gokat \u00e9rtj\u00fck, amelyekkel a s\u00e9rtett szem\u00e9lyek hat\u00e9konyan \u00e9rv\u00e9nyes\u00edthetik helyzet\u00fcket \u00e9s \u00e9rdekeiket a b\u00fcntet\u0151elj\u00e1r\u00e1sban.<\/p>\n<\/div>\n\n\n\n<div class=\"wp-block-uagb-container uagb-block-45819ab6\"><picture>\r\n\t\t<source srcset=\"https:\/\/harlander-partner.eu\/wp-content\/uploads\/Opferrechte-352x198.webp\" >\r\n\t\t<img decoding=\"async\" class=\"mr-picture-small\" src=\"https:\/\/harlander-partner.eu\/wp-content\/uploads\/Opferrechte.webp\" alt=\"\u00c1ldozati jogok Ausztri\u00e1ban vil\u00e1gosan magyar\u00e1zva. Milyen jogok illetik meg a s\u00e9rtetteket a b\u00fcntet\u0151elj\u00e1r\u00e1sban, \u00e9s hogyan \u00e9rv\u00e9nyes\u00edthetik ezeket hat\u00e9konyan.\" >\r\n\t<\/picture>\n<\/div>\n<\/div>\n<a class=\"mr-cta-link mr-cta-button-cal\" href=\"#h2-booking\" title=\"Ingyenes els\u0151 konzult\u00e1ci\u00f3\"><span class=\"mr-cta-link-normal\">V\u00e1lassza ki az id\u0151pontot most:<\/span><span class=\"mr-cta-link-bold\">Ingyenes els\u0151 konzult\u00e1ci\u00f3<\/span><\/a>\n\n<h2 class=\"wp-block-heading\" id=\"h-systematische-funktion-der-opferrechte\">Az \u00e1ldozati jogok rendszertani funkci\u00f3ja<\/h2>\n\n<p class=\"wp-block-paragraph\">Az \u00e1ldozati jogok a b\u00fcntet\u0151elj\u00e1r\u00e1st <strong>az \u00e1llami b\u00fcntet\u0151ig\u00e9ny, a v\u00e9dekez\u00e9si jogok \u00e9s a s\u00e9rtett szem\u00e9ly \u00e9rdekei k\u00f6z\u00f6tti kiegyens\u00falyoz\u00f3 rendszerk\u00e9nt<\/strong> struktur\u00e1lj\u00e1k. Megakad\u00e1lyozz\u00e1k, hogy az elj\u00e1r\u00e1s kiz\u00e1r\u00f3lag a terhelt \u00e9s a b\u00fcntet\u0151\u00fcld\u00f6z\u00e9s k\u00f6r\u00e9 \u00e9p\u00fclj\u00f6n. A <strong>t\u00e1j\u00e9koztat\u00e1si, k\u00f6zrem\u0171k\u00f6d\u00e9si \u00e9s v\u00e9delmi jogok<\/strong> r\u00e9v\u00e9n az \u00e1ldozat <strong>\u00f6n\u00e1ll\u00f3 elj\u00e1r\u00e1si t\u00e9nyez\u0151k\u00e9nt bekapcsol\u00f3dik a d\u00f6nt\u00e9shozatalba<\/strong>. \u00cdgy <strong>elj\u00e1r\u00e1sjogi szempontb\u00f3l kiegyens\u00falyozott rendszer<\/strong> j\u00f6n l\u00e9tre.   <\/p>\n    <div class=\"mr-quote mrbg clearfix\">\n        <a class=\"mr-quote-person\" href=\"\/ueber-uns\/rechtsanwalt-peter-harlander\/\" title=\"Rechtsanwalt Peter Harlander\">\n            <img decoding=\"async\" class=\"mr-quote-person-img\" src=\"https:\/\/harlander-partner.eu\/wp-content\/themes\/harlander\/design\/ph100.webp\" width=\"100\"\n                 height=\"100\" loading=\"lazy\" alt=\"Rechtsanwalt Peter Harlander\">\n            <span class=\"mr-quote-person-text\">\n            Peter Harlander<br>\n            <span class=\"mr-quote-person-function\">Harlander &amp; Partner Rechtsanw\u00e4lte<\/span>\n        <\/span>\n        <\/a>\n        <span class=\"mr-quote-content\">\u201eAz \u00e1ldozati jogok a b\u00fcntet\u0151elj\u00e1r\u00e1s korrekt\u00edvumai, hogy ne kiz\u00e1r\u00f3lag az \u00e1llami b\u00fcntet\u0151ig\u00e9ny \u00e9s a v\u00e9delem domin\u00e1ljon, hanem a s\u00e9rtett szem\u00e9ly \u00e9rdekei is jogi s\u00falyt kapjanak.\u201c<\/span>\n    <\/div>\n<a class=\"mr-cta-link mr-cta-button-cal\" href=\"#h2-booking\" title=\"Ingyenes els\u0151 konzult\u00e1ci\u00f3\"><span class=\"mr-cta-link-normal\">V\u00e1lassza ki az id\u0151pontot most:<\/span><span class=\"mr-cta-link-bold\">Ingyenes els\u0151 konzult\u00e1ci\u00f3<\/span><\/a>\n\n<h2 class=\"wp-block-heading\" id=\"h-eigenstandige-verfahrensbeteiligte\">\u00d6n\u00e1ll\u00f3 elj\u00e1r\u00e1si r\u00e9sztvev\u0151k<\/h2>\n\n<p class=\"wp-block-paragraph\"><strong>Az \u00e1ldozatok nem csup\u00e1n inform\u00e1ci\u00f3forr\u00e1sk\u00e9nt l\u00e9pnek fel, hanem saj\u00e1t jogokat gyakorolnak.<\/strong>  Helyzet\u00fck akkor kezd\u0151dik, amint egy b\u0171ncselekm\u00e9ny s\u00e9rti jogaikat, eg\u00e9szs\u00e9g\u00fcket vagy vagyonukat. Ez a poz\u00edci\u00f3 f\u00fcggetlen\u00fcl att\u00f3l \u00e1ll fenn, hogy az \u00e1ldozat maga k\u00e9relmet terjeszt-e el\u0151, vagy \u00fcgyv\u00e9di k\u00e9pviseletet vesz-e ig\u00e9nybe.   <strong>Az elj\u00e1r\u00e1s ezzel vil\u00e1goss\u00e1 teszi, hogy a cselekm\u00e9ny nem csak az \u00e1llamot, hanem mindenekel\u0151tt egy konkr\u00e9t szem\u00e9lyt \u00e9rint.<\/strong>  Ez az elismer\u00e9s meghat\u00e1rozza az \u00e1ldozattal val\u00f3 teljes b\u00e1n\u00e1sm\u00f3dot az elj\u00e1r\u00e1sban.<\/p>\n\n<h2 class=\"wp-block-heading\" id=\"h-aufbau-und-funktion-der-opferrechte\">Az \u00e1ldozati jogok fel\u00e9p\u00edt\u00e9se \u00e9s funkci\u00f3ja<\/h2>\n\n<p class=\"wp-block-paragraph\">Az \u00e1ldozati jogok <strong>\u00f6nmag\u00e1ban z\u00e1rt v\u00e9delmi rendszert<\/strong> alkotnak, amely a teljes b\u00fcntet\u0151elj\u00e1r\u00e1s sor\u00e1n \u00e9rv\u00e9nyes\u00fcl. A t\u00e1j\u00e9koztat\u00e1st, a r\u00e9szv\u00e9telt \u00e9s a v\u00e9delmet egys\u00e9ges jogi poz\u00edci\u00f3v\u00e1 kapcsolja \u00f6ssze.<br\/>K\u00f6zponti elemek: <\/p>\n\n<ul class=\"wp-block-list\">\n<li><strong>folyamatos t\u00e1j\u00e9koztat\u00e1s az elj\u00e1r\u00e1sr\u00f3l<\/strong><\/li>\n\n\n\n<li><strong>elj\u00e1r\u00e1sjogi r\u00e9szv\u00e9tel az igazs\u00e1gfelt\u00e1r\u00e1sban<\/strong><\/li>\n\n\n\n<li><strong>v\u00e9delem a tov\u00e1bbi terhel\u00e9s ellen<\/strong><\/li>\n<\/ul>\n\n<p class=\"wp-block-paragraph\">Ez a strukt\u00fara biztos\u00edtja, hogy az \u00e1ldozatokat <strong>ne szor\u00edts\u00e1k h\u00e1tt\u00e9rbe<\/strong>, hanem hat\u00e9konyan \u00e9rv\u00e9nyes\u00edthess\u00e9k \u00e9rdekeiket.#<\/p>\n    <div class=\"mr-quote mrbg clearfix\">\n        <a class=\"mr-quote-person\" href=\"\/ueber-uns\/rechtsanwalt-sebastian-riedlmair\/\" title=\"Rechtsanwalt Sebastian Riedlmair\">\n            <img decoding=\"async\" class=\"mr-quote-person-img\" src=\"https:\/\/harlander-partner.eu\/wp-content\/themes\/harlander\/design\/sr100.webp\" width=\"100\"\n                 height=\"100\" loading=\"lazy\" alt=\"Rechtsanwalt Sebastian Riedlmair\">\n            <span class=\"mr-quote-person-text\">\n            Sebastian Riedlmair<br>\n            <span class=\"mr-quote-person-function\">Harlander &amp; Partner Rechtsanw\u00e4lte<\/span>\n        <\/span>\n        <\/a>\n        <span class=\"mr-quote-content\">\u201eA t\u00e1j\u00e9koztat\u00e1s, a r\u00e9szv\u00e9tel \u00e9s a v\u00e9delem egym\u00e1sba fon\u00f3dik, mert az \u00e1ldozati jogok csak akkor hat\u00e9konyak, ha gyakorlatilag haszn\u00e1lhat\u00f3an \u00e9s jogilag biztos\u00edtottan \u00e1llnak fenn.\u201c<\/span>\n    <\/div>\n<a class=\"mr-cta-link mr-cta-button-cal\" href=\"#h2-booking\" title=\"Ingyenes els\u0151 konzult\u00e1ci\u00f3\"><span class=\"mr-cta-link-normal\">V\u00e1lassza ki az id\u0151pontot most:<\/span><span class=\"mr-cta-link-bold\">Ingyenes els\u0151 konzult\u00e1ci\u00f3<\/span><\/a>\n\n<h2 class=\"wp-block-heading\">R\u00e9szv\u00e9tel a kihallgat\u00e1sokon \u00e9s bizony\u00edt\u00e1si cselekm\u00e9nyeken<\/h2>\n\n<p class=\"wp-block-paragraph\"><strong>Az \u00e1ldozatok akt\u00edvan r\u00e9szt vehetnek a k\u00f6zponti bizony\u00edt\u00e1si l\u00e9p\u00e9sekben.<\/strong>  Ide tartoznak k\u00fcl\u00f6n\u00f6sen a terhelt \u00e9s a tan\u00fak kihallgat\u00e1sai, valamint a cselekm\u00e9ny rekonstrukci\u00f3ja. Ez a r\u00e9szv\u00e9tel betekint\u00e9st ny\u00fajt az \u00e1ldozatnak az igazs\u00e1gfelt\u00e1r\u00e1sba, \u00e9s megakad\u00e1lyozza, hogy l\u00e9nyeges szempontokat figyelmen k\u00edv\u00fcl hagyjanak. Jelenl\u00e9t\u00e9vel \u00e9s k\u00e9rdez\u00e9si jog\u00e1val az \u00e1ldozat bemutathatja saj\u00e1t n\u00e9z\u0151pontj\u00e1t.    <strong>Ez n\u00f6veli a nyomoz\u00e1s tartalmi min\u0151s\u00e9g\u00e9t.<\/strong><\/p>\n\n<h2 class=\"wp-block-heading\" id=\"h-mitwirkung-in-der-hauptverhandlung\">K\u00f6zrem\u0171k\u00f6d\u00e9s a t\u00e1rgyal\u00e1son<\/h2>\n\n<p class=\"wp-block-paragraph\"><strong>A t\u00e1rgyal\u00e1son az \u00e1ldozat meg\u0151rzi akt\u00edv szerep\u00e9t.<\/strong>  Jelen lehet, k\u00e9rd\u00e9seket tehet fel, \u00e9s ig\u00e9nyeivel kapcsolatban meghallgat\u00e1sra ker\u00fclhet. Ez a k\u00f6zrem\u0171k\u00f6d\u00e9s biztos\u00edtja, hogy a b\u00edr\u00f3s\u00e1g ne csak a v\u00e1dlott, hanem a s\u00e9rtett szempontjait is \u00e9szlelje. A t\u00e1rgyal\u00e1s ez\u00e1ltal kiegyens\u00falyozottabb\u00e1 \u00e9s tartalmilag teljesebb\u00e9 v\u00e1lik.    <strong>Az \u00e1ldozat az elj\u00e1r\u00e1s l\u00e1that\u00f3 r\u00e9szese marad.<\/strong><\/p>\n\n<h2 class=\"wp-block-heading\">Ford\u00edt\u00e1si seg\u00edts\u00e9g \u00e9s nyelvi egyenl\u0151s\u00e9g<\/h2>\n\n<p class=\"wp-block-paragraph\"><strong>A nyelvi akad\u00e1lyok nem \u00e9rt\u00e9ktelen\u00edthetik az \u00e1ldozati jogokat.<\/strong>  A t\u00f6rv\u00e9ny ez\u00e9rt tolm\u00e1csol\u00e1st \u00e9s a l\u00e9nyeges iratok ford\u00edt\u00e1s\u00e1t biztos\u00edtja. Az \u00e1ldozatok csak akkor k\u00f6vethetik \u00e9rdemben az elj\u00e1r\u00e1st, ha meg\u00e9rtik annak tartalm\u00e1t. Ez a seg\u00edts\u00e9g val\u00f3di egyenl\u0151s\u00e9get garant\u00e1l az elj\u00e1r\u00e1sban.    <strong>\u00c9rthet\u0151s\u00e9g n\u00e9lk\u00fcl nincsenek hat\u00e9kony jogok.<\/strong><\/p>\n    <div class=\"mr-quote mrbg clearfix\">\n        <a class=\"mr-quote-person\" href=\"\/ueber-uns\/rechtsanwalt-peter-harlander\/\" title=\"Rechtsanwalt Peter Harlander\">\n            <img decoding=\"async\" class=\"mr-quote-person-img\" src=\"https:\/\/harlander-partner.eu\/wp-content\/themes\/harlander\/design\/ph100.webp\" width=\"100\"\n                 height=\"100\" loading=\"lazy\" alt=\"Rechtsanwalt Peter Harlander\">\n            <span class=\"mr-quote-person-text\">\n            Peter Harlander<br>\n            <span class=\"mr-quote-person-function\">Harlander &amp; Partner Rechtsanw\u00e4lte<\/span>\n        <\/span>\n        <\/a>\n        <span class=\"mr-quote-content\">\u201eNyelvi \u00e9rthet\u0151s\u00e9g n\u00e9lk\u00fcl nincsenek hat\u00e9kony jogok, mert csak az tudja akt\u00edvan k\u00e9pviselni \u00e1ll\u00e1spontj\u00e1t, aki \u00e9rti az elj\u00e1r\u00e1st.\u201c<\/span>\n    <\/div>\n<a class=\"mr-cta-link mr-cta-button-cal\" href=\"#h2-booking\" title=\"Ingyenes els\u0151 konzult\u00e1ci\u00f3\"><span class=\"mr-cta-link-normal\">V\u00e1lassza ki az id\u0151pontot most:<\/span><span class=\"mr-cta-link-bold\">Ingyenes els\u0151 konzult\u00e1ci\u00f3<\/span><\/a>\n\n<h2 class=\"wp-block-heading\" id=\"h-fortfuhrung-nach-einstellung-des-ermittlungsverfahrens\">Folytat\u00e1s a nyomoz\u00e1s megsz\u00fcntet\u00e9se ut\u00e1n<\/h2>\n\n<p class=\"wp-block-paragraph\"><strong>Az \u00e1ldozatok nincsenek kiszolg\u00e1ltatva az \u00fcgy\u00e9szs\u00e9g d\u00f6nt\u00e9s\u00e9nek.<\/strong> Ha a nyomoz\u00e1st megsz\u00fcntetik, <strong>a folytat\u00e1s k\u00f6vetelhet\u0151<\/strong>. Ez a jog azt eredm\u00e9nyezi, hogy a hat\u00f3s\u00e1gi befejez\u00e9s nem marad v\u00e9gleges, hanem fel\u00fclvizsg\u00e1latra ker\u00fcl. Az \u00e1ldozat ez\u00e1ltal hat\u00e9kony eszk\u00f6zt kap az elhamarkodott vagy hib\u00e1s d\u00f6nt\u00e9sek ellen.<br\/>A gyakorlatban ez azt jelenti:  <\/p>\n\n<ul class=\"wp-block-list\">\n<li><strong>az elj\u00e1r\u00e1st \u00fajra megvizsg\u00e1lj\u00e1k<\/strong><\/li>\n\n\n\n<li><strong>b\u00edr\u00f3s\u00e1gi kontroll v\u00e1lik lehet\u0151v\u00e9<\/strong><\/li>\n<\/ul>\n\n<p class=\"wp-block-paragraph\">\u00cdgy az \u00e1llami b\u00fcntet\u0151ig\u00e9ny az \u00e1ldozat szempontj\u00e1b\u00f3l is biztos\u00edtott marad.<\/p>\n\n<h2 class=\"wp-block-heading\" id=\"h-geltendmachung-privatrechtlicher-anspruche\">Mag\u00e1njogi ig\u00e9nyek \u00e9rv\u00e9nyes\u00edt\u00e9se<\/h2>\n\n<p class=\"wp-block-paragraph\"><strong>A b\u00fcntet\u0151elj\u00e1r\u00e1s lehet\u0151v\u00e9 teszi az \u00e1ldozat sz\u00e1m\u00e1ra saj\u00e1t k\u00e1rt\u00e9r\u00edt\u00e9si ig\u00e9nyeinek \u00e9rv\u00e9nyes\u00edt\u00e9s\u00e9t.<\/strong> A k\u00e1rt\u00e9r\u00edt\u00e9s \u00e9s a s\u00e9relemd\u00edj <strong>az elj\u00e1r\u00e1sban \u00e9rv\u00e9nyes\u00edthet\u0151<\/strong>. \u00cdgy az \u00e1ldozatot nem utalj\u00e1k k\u00fcl\u00f6n polg\u00e1ri perre. A cselekm\u00e9ny gazdas\u00e1gi k\u00f6vetkezm\u00e9nyeit k\u00f6zvetlen\u00fcl figyelembe veszik.<br\/>Jellemz\u0151 ig\u00e9nyek:  <\/p>\n\n<ul class=\"wp-block-list\">\n<li><strong>kezel\u00e9si k\u00f6lts\u00e9gek megt\u00e9r\u00edt\u00e9se<\/strong><\/li>\n\n\n\n<li><strong>F\u00e1jdalomd\u00edj<\/strong><\/li>\n\n\n\n<li><strong>dologi k\u00e1rok megt\u00e9r\u00edt\u00e9se<\/strong><\/li>\n<\/ul>\n\n<p class=\"wp-block-paragraph\">Ez az \u00f6sszevon\u00e1s n\u00f6veli a hat\u00e9konys\u00e1got \u00e9s az \u00e9rv\u00e9nyes\u00edt\u00e9si er\u0151t.<\/p>\n\n<h2 class=\"wp-block-heading\" id=\"h-gesetzlicher-schutz-von-wurde-und-interessen\">A m\u00e9lt\u00f3s\u00e1g \u00e9s az \u00e9rdekek t\u00f6rv\u00e9nyi v\u00e9delme<\/h2>\n\n<p class=\"wp-block-paragraph\"><strong>Az elj\u00e1r\u00e1st \u00fagy kell lefolytatni, hogy az \u00e1ldozat m\u00e9lt\u00f3s\u00e1ga megmaradjon.<\/strong> A szem\u00e9lyes adatok nem hozhat\u00f3k nyilv\u00e1noss\u00e1gra sz\u00fcks\u00e9gtelen\u00fcl, \u00e9s a terhel\u0151 helyzeteket <strong>lehet\u0151s\u00e9g szerint el kell ker\u00fclni<\/strong>. Ez a v\u00e9delem f\u00fcggetlen\u00fcl att\u00f3l \u00e9rv\u00e9nyes\u00fcl, mennyire akt\u00edvan l\u00e9p fel az \u00e1ldozat. A hat\u00f3s\u00e1gok ez\u00e9rt folyamatos felel\u0151ss\u00e9ggel tartoznak.<br\/>K\u00fcl\u00f6n\u00f6sen v\u00e9dettek:  <\/p>\n\n<ul class=\"wp-block-list\">\n<li><strong>a szem\u00e9lyes \u00e9letszf\u00e9ra<\/strong><\/li>\n\n\n\n<li><strong>az \u00e1ldozat szem\u00e9lyazonoss\u00e1ga<\/strong><\/li>\n<\/ul>\n\n<p class=\"wp-block-paragraph\">Ez a v\u00e9delem k\u00e9pezi a tisztess\u00e9ges \u00e9s tiszteletteljes b\u00fcntet\u0151elj\u00e1r\u00e1s alapj\u00e1t.<\/p>\n    <div class=\"mr-quote mrbg clearfix\">\n        <a class=\"mr-quote-person\" href=\"\/ueber-uns\/rechtsanwalt-sebastian-riedlmair\/\" title=\"Rechtsanwalt Sebastian Riedlmair\">\n            <img decoding=\"async\" class=\"mr-quote-person-img\" src=\"https:\/\/harlander-partner.eu\/wp-content\/themes\/harlander\/design\/sr100.webp\" width=\"100\"\n                 height=\"100\" loading=\"lazy\" alt=\"Rechtsanwalt Sebastian Riedlmair\">\n            <span class=\"mr-quote-person-text\">\n            Sebastian Riedlmair<br>\n            <span class=\"mr-quote-person-function\">Harlander &amp; Partner Rechtsanw\u00e4lte<\/span>\n        <\/span>\n        <\/a>\n        <span class=\"mr-quote-content\">\u201eA m\u00e9lt\u00f3s\u00e1g v\u00e9delme megakad\u00e1lyozza, hogy maga a b\u00fcntet\u0151elj\u00e1r\u00e1s tov\u00e1bbi terhel\u00e9st jelentsen az \u00e1ldozat sz\u00e1m\u00e1ra.\u201c<\/span>\n    <\/div>\n<a class=\"mr-cta-link mr-cta-button-cal\" href=\"#h2-booking\" title=\"Ingyenes els\u0151 konzult\u00e1ci\u00f3\"><span class=\"mr-cta-link-normal\">V\u00e1lassza ki az id\u0151pontot most:<\/span><span class=\"mr-cta-link-bold\">Ingyenes els\u0151 konzult\u00e1ci\u00f3<\/span><\/a>\n\n<h2 class=\"wp-block-heading\" id=\"h-rolle-von-opferschutzeinrichtungen-und-prozessbegleitung\">Az \u00e1ldozatv\u00e9delmi int\u00e9zm\u00e9nyek \u00e9s a perbeli seg\u00edts\u00e9gny\u00fajt\u00e1s szerepe<\/h2>\n\n<p class=\"wp-block-paragraph\">Az \u00e1ldozatok a hat\u00f3s\u00e1gok \u00e1ltal ny\u00fajtott t\u00f6rv\u00e9nyi v\u00e9delem mellett tov\u00e1bbi szakmai k\u00fcls\u0151 t\u00e1mogat\u00e1sra is t\u00e1maszkodhatnak. Szakosodott int\u00e9zm\u00e9nyek k\u00eds\u00e9rik \u0151ket jogi, pszich\u00e9s \u00e9s szervez\u00e9si k\u00e9rd\u00e9sekben. Ezt a seg\u00edts\u00e9get <strong>k\u00e9relemre k\u00f6zvet\u00edtik<\/strong>, \u00e9s c\u00e9lja megakad\u00e1lyozni, hogy az \u00e9rintetteket az elj\u00e1r\u00e1s tov\u00e1bb terhelje. A perbeli seg\u00edts\u00e9gny\u00fajt\u00e1s er\u0151s\u00edti az \u00e1ldozat azon k\u00e9pess\u00e9g\u00e9t, hogy jogait \u00e9rv\u00e9nyes\u00edtse \u00e9s t\u00e1j\u00e9kozott d\u00f6nt\u00e9seket hozzon.     <strong>\u00cdgy biztos\u00edtott a hat\u00e9kony \u00e9s emberileg megfelel\u0151 r\u00e9szv\u00e9tel a b\u00fcntet\u0151elj\u00e1r\u00e1sban.<\/strong><\/p>\n\n<h2 class=\"wp-block-heading\" id=\"h-zusammenhang-mit-privatbeteiligtenrechten\">\u00d6sszef\u00fcgg\u00e9s a mag\u00e1nf\u00e9l jogaival<\/h2>\n\n<p class=\"wp-block-paragraph\"><strong>Az \u00e1ldozati jogok \u00e9s a mag\u00e1nf\u00e9l jogai egym\u00e1sba kapcsol\u00f3dnak, de elt\u00e9r\u0151 c\u00e9lokat k\u00f6vetnek.<\/strong>  Az \u00e1ldozati jogok biztos\u00edtj\u00e1k a t\u00e1j\u00e9koztat\u00e1st, a r\u00e9szv\u00e9telt \u00e9s a v\u00e9delmet a b\u00fcntet\u0151elj\u00e1r\u00e1sban. A mag\u00e1nf\u00e9l-csatlakoz\u00e1s lehet\u0151v\u00e9 teszi az \u00e1ldozat sz\u00e1m\u00e1ra, hogy <strong>saj\u00e1t vagyoni ig\u00e9nyeit k\u00f6zvetlen\u00fcl a b\u00fcntet\u0151elj\u00e1r\u00e1sban \u00e9rv\u00e9nyes\u00edtse<\/strong>. Mindk\u00e9t poz\u00edci\u00f3 egym\u00e1s mellett \u00e1ll fenn \u00e9s kieg\u00e9sz\u00edti egym\u00e1st.    <strong>Az elj\u00e1r\u00e1s ez\u00e1ltal jogilag \u00e9s gazdas\u00e1gilag is hasznos\u00edthat\u00f3v\u00e1 v\u00e1lik az \u00e1ldozat sz\u00e1m\u00e1ra.<\/strong><\/p>\n\n<h2 class=\"wp-block-heading\" id=\"h-praktische-bedeutung-der-opferrechte\">Az \u00e1ldozati jogok gyakorlati jelent\u0151s\u00e9ge<\/h2>\n\n<p class=\"wp-block-paragraph\"><strong>Az \u00e1ldozati jogok hat\u00e1rozz\u00e1k meg, hogy az \u00e9rintettek t\u00e9nylegesen meghallgat\u00e1sra tal\u00e1lnak-e a b\u00fcntet\u0151elj\u00e1r\u00e1sban.<\/strong>  E jogok n\u00e9lk\u00fcl sok elj\u00e1r\u00e1st kiz\u00e1r\u00f3lag az \u00e1llam \u00e9s a terhelt \u00e9rdekei hat\u00e1rozn\u00e1nak meg. A t\u00e1j\u00e9koztat\u00e1s, a k\u00f6zrem\u0171k\u00f6d\u00e9s \u00e9s a v\u00e9delem r\u00e9v\u00e9n <strong>az \u00e1ldozat akt\u00edv szerepet kap<\/strong>. Ez a helyzet k\u00f6zvetlen\u00fcl kihat az elj\u00e1r\u00e1s menet\u00e9re \u00e9s eredm\u00e9ny\u00e9re.    <strong>Az \u00e1ldozati jogok teh\u00e1t a b\u00fcntet\u0151elj\u00e1r\u00e1s val\u00f3di igazs\u00e1goss\u00e1g\u00e1r\u00f3l d\u00f6ntenek.<\/strong><\/p>\n\n<h2 class=\"wp-block-heading\" id=\"h-ihre-vorteile-mit-anwaltlicher-unterstutzung\">Az \u00d6n el\u0151nyei \u00fcgyv\u00e9di seg\u00edts\u00e9ggel<\/h2>\n\n<p class=\"wp-block-paragraph\"><strong>Az \u00e1ldozati jogok hat\u00e9kony gyakorl\u00e1sa szakszer\u0171 jogi k\u00e9pviseletet felt\u00e9telez.<\/strong>  Szak\u00e9rt\u0151 k\u00eds\u00e9r\u00e9s n\u00e9lk\u00fcl e jogok k\u00f6z\u00fcl sok csup\u00e1n form\u00e1lis marad, mivel a hat\u00e1rid\u0151k, a k\u00e9relmi jogok \u00e9s az elj\u00e1r\u00e1si l\u00e9p\u00e9sek \u00f6sszetettek \u00e9s hibalehet\u0151s\u00e9get rejtenek. Az \u00fcgyv\u00e9d gondoskodik arr\u00f3l, hogy <strong>az iratbetekint\u00e9st k\u00e9relmezz\u00e9k<\/strong>, <strong>a jogorvoslatokat \u00e9rv\u00e9nyes\u00edts\u00e9k<\/strong> \u00e9s <strong>az ig\u00e9nyeket helyesen \u00e9rv\u00e9nyes\u00edts\u00e9k<\/strong>. \u00cdgy a t\u00f6rv\u00e9nyi jogokb\u00f3l t\u00e9nylegesen hat\u00e9kony v\u00e9delmi poz\u00edci\u00f3 j\u00f6n l\u00e9tre.  <\/p>\n\n<p class=\"wp-block-paragraph\"><strong>Konkr\u00e9t el\u0151nyei:<\/strong><\/p>\n\n<ul class=\"wp-block-list\">\n<li><strong>valamennyi \u00e1ldozati jog szakszer\u0171 \u00e9rv\u00e9nyes\u00edt\u00e9se a teljes elj\u00e1r\u00e1sban<\/strong><\/li>\n\n\n\n<li><strong>az \u00fcgy\u00e9szs\u00e9g d\u00f6nt\u00e9seinek akt\u00edv ellen\u0151rz\u00e9se<\/strong><\/li>\n\n\n\n<li><strong>a k\u00e1rt\u00e9r\u00edt\u00e9s \u00e9s a s\u00e9relemd\u00edj jogilag tiszta \u00e9rv\u00e9nyes\u00edt\u00e9se<\/strong><\/li>\n\n\n\n<li><strong>szakmai k\u00eds\u00e9r\u00e9s terhel\u0151 kihallgat\u00e1sokon \u00e9s t\u00e1rgyal\u00e1sokon<\/strong><\/li>\n<\/ul>\n    <div class=\"mr-quote mrbg clearfix\">\n        <a class=\"mr-quote-person\" href=\"\/ueber-uns\/rechtsanwalt-sebastian-riedlmair\/\" title=\"Rechtsanwalt Sebastian Riedlmair\">\n            <img decoding=\"async\" class=\"mr-quote-person-img\" src=\"https:\/\/harlander-partner.eu\/wp-content\/themes\/harlander\/design\/sr100.webp\" width=\"100\"\n                 height=\"100\" loading=\"lazy\" alt=\"Rechtsanwalt Sebastian Riedlmair\">\n            <span class=\"mr-quote-person-text\">\n            Sebastian Riedlmair<br>\n            <span class=\"mr-quote-person-function\">Harlander &amp; Partner Rechtsanw\u00e4lte<\/span>\n        <\/span>\n        <\/a>\n        <span class=\"mr-quote-content\">\u201e<strong>B\u00fcntet\u0151jogi szak\u00e9rt\u0151ink sz\u00edvesen k\u00e9pviselik \u00d6nt<\/strong>, hogy jogai ne csak fenn\u00e1lljanak, hanem az elj\u00e1r\u00e1sban \u00e9rv\u00e9nyes\u00fcljenek is.\u201c<\/span>\n    <\/div>\n<a class=\"mr-cta-link mr-cta-button-cal\" href=\"#h2-booking\" title=\"Ingyenes els\u0151 konzult\u00e1ci\u00f3\"><span class=\"mr-cta-link-normal\">V\u00e1lassza ki az id\u0151pontot most:<\/span><span class=\"mr-cta-link-bold\">Ingyenes els\u0151 konzult\u00e1ci\u00f3<\/span><\/a>\n\n<h2 class=\"wp-block-heading\" id=\"h-faq-haufig-gestellte-fragen\">GYIK \u2013 Gyakran Ism\u00e9telt K\u00e9rd\u00e9sek<\/h2>\n<div class=\"wp-block-uagb-faq uagb-faq__outer-wrap uagb-block-FAQ-Opferrechte uagb-faq-icon-row uagb-faq-layout-accordion uagb-faq-expand-first-true uagb-faq-inactive-other-true uagb-faq__wrap uagb-buttons-layout-wrap uagb-faq-equal-height     \" data-faqtoggle=\"true\" role=\"tablist\"><script type=\"application\/ld+json\">{\"@context\":\"https:\\\/\\\/schema.org\",\"@type\":\"FAQPage\",\"@id\":\"https:\\\/\\\/harlander-partner.eu\\\/hu\\\/buntetojog\\\/aldozati-jogok-a-buntetoeljarasban\\\/\",\"mainEntity\":[{\"@type\":\"Question\",\"name\":\"Mikor min\\u0151s\\u00fcl valaki \\u00e1ldozatnak a b\\u00fcntet\\u0151elj\\u00e1r\\u00e1sban?\",\"acceptedAnswer\":{\"@type\":\"Answer\",\"text\":\"\\u00c1ldozatnak min\\u0151s\\u00fcl minden olyan szem\\u00e9ly, akinek jogait, eg\\u00e9szs\\u00e9g\\u00e9t vagy vagyon\\u00e1t b\\u0171ncselekm\\u00e9ny s\\u00e9rtette. Ez a helyzet f\\u00fcggetlen\\u00fcl att\\u00f3l keletkezik, hogy k\\u00e9relmet terjesztenek-e el\\u0151. Kiz\\u00e1r\\u00f3lag a cselekm\\u00e9ny \\u00e1ltal val\\u00f3 t\\u00e9nyleges \\u00e9rintetts\\u00e9g a meghat\\u00e1roz\\u00f3. Amint ez fenn\\u00e1ll, az \\u00e1ldozati jogok \\u00e9rv\\u00e9nyes\\u00fclnek. A hat\\u00f3s\\u00e1goknak hivatalb\\u00f3l figyelembe kell venni\\u00fck ezt a helyzetet.    \"}},{\"@type\":\"Question\",\"name\":\"Milyen jogaim vannak \\u00e1ldozatk\\u00e9nt a b\\u00fcntet\\u0151elj\\u00e1r\\u00e1sban?\",\"acceptedAnswer\":{\"@type\":\"Answer\",\"text\":\"Az \\u00e1ldozatokat megilleti az elj\\u00e1r\\u00e1s \\u00e1ll\\u00e1s\\u00e1r\\u00f3l val\\u00f3 t\\u00e1j\\u00e9koztat\\u00e1s, az iratbetekint\\u00e9s \\u00e9s a jogi k\\u00e9pviselet. R\\u00e9szt vehetnek bizony\\u00edt\\u00e1si cselekm\\u00e9nyeken \\u00e9s fell\\u00e9phetnek a t\\u00e1rgyal\\u00e1son. Emellett joguk van a tov\\u00e1bbi terhel\\u00e9s elleni v\\u00e9delemhez. Ezek a jogok f\\u00fcggetlen\\u00fcl att\\u00f3l \\u00e9rv\\u00e9nyes\\u00fclnek, hogy k\\u00e1rt\\u00e9r\\u00edt\\u00e9st \\u00e9rv\\u00e9nyes\\u00edtenek-e.   \"}},{\"@type\":\"Question\",\"name\":\"Fell\\u00e9phetek a nyomoz\\u00e1s megsz\\u00fcntet\\u00e9se ellen?\",\"acceptedAnswer\":{\"@type\":\"Answer\",\"text\":\"Ha a nyomoz\\u00e1st megsz\\u00fcntetik, az \\u00e1ldozat k\\u00f6vetelheti a folytat\\u00e1st. Ez\\u00e1ltal az \\u00fcgy\\u00e9szs\\u00e9g d\\u00f6nt\\u00e9s\\u00e9t fel\\u00fclvizsg\\u00e1lj\\u00e1k. Az elj\\u00e1r\\u00e1st vagy folytatj\\u00e1k, vagy b\\u00edr\\u00f3s\\u00e1g ellen\\u0151rzi. Ez a jog megakad\\u00e1lyozza, hogy az \\u00e1ldozat jogos ig\\u00e9nyei elhamarkodott megsz\\u00fcntet\\u00e9s miatt elvesszenek.   \"}},{\"@type\":\"Question\",\"name\":\"K\\u00f6vetelhetek \\u00e1ldozatk\\u00e9nt k\\u00e1rt\\u00e9r\\u00edt\\u00e9st a b\\u00fcntet\\u0151elj\\u00e1r\\u00e1sban?\",\"acceptedAnswer\":{\"@type\":\"Answer\",\"text\":\"Az \\u00e1ldozatok vagyoni ig\\u00e9nyeiket k\\u00f6zvetlen\\u00fcl a b\\u00fcntet\\u0151elj\\u00e1r\\u00e1sban \\u00e9rv\\u00e9nyes\\u00edthetik. Ide tartozik a k\\u00e1rt\\u00e9r\\u00edt\\u00e9s, a s\\u00e9relemd\\u00edj \\u00e9s egy\\u00e9b megt\\u00e9r\\u00edt\\u00e9si k\\u00f6vetel\\u00e9sek. K\\u00fcl\\u00f6n polg\\u00e1ri per nem felt\\u00e9tlen\\u00fcl sz\\u00fcks\\u00e9ges. Az \\u00e9rv\\u00e9nyes\\u00edt\\u00e9s a mag\\u00e1nf\\u00e9l-csatlakoz\\u00e1s keret\\u00e9ben t\\u00f6rt\\u00e9nik.   \"}},{\"@type\":\"Question\",\"name\":\"Mi\\u00e9rt c\\u00e9lszer\\u0171 \\u00fcgyv\\u00e9di t\\u00e1mogat\\u00e1s az \\u00e1ldozati jogok \\u00e9rv\\u00e9nyes\\u00edt\\u00e9s\\u00e9n\\u00e9l?\",\"acceptedAnswer\":{\"@type\":\"Answer\",\"text\":\"Az \\u00e1ldozati jogok \\u00e9rv\\u00e9nyes\\u00edt\\u00e9se helyes k\\u00e9relemez\\u00e9st \\u00e9s hat\\u00e1rid\\u0151k betart\\u00e1s\\u00e1t ig\\u00e9nyli. Az \\u00fcgyv\\u00e9d gondoskodik arr\\u00f3l, hogy az iratbetekint\\u00e9st, a jogorvoslatokat \\u00e9s a k\\u00e1rt\\u00e9r\\u00edt\\u00e9st helyesen \\u00e9rv\\u00e9nyes\\u00edts\\u00e9k. Ezzel elker\\u00fclhet\\u0151k a formai hib\\u00e1k, \\u00e9s az \\u00e1ldozat poz\\u00edci\\u00f3ja meger\\u0151s\\u00f6dik. A jogi k\\u00eds\\u00e9r\\u00e9s jelent\\u0151sen n\\u00f6veli az \\u00e1ldozati jogok t\\u00e9nyleges hat\\u00e9konys\\u00e1g\\u00e1t.   \"}}]}<\/script><div class=\"wp-block-uagb-faq-child uagb-faq-child__outer-wrap uagb-faq-item uagb-block-Opferrechte-Q1 \" role=\"tab\" tabindex=\"0\"><div class=\"uagb-faq-questions-button uagb-faq-questions\">\t\t\t<span class=\"uagb-icon uagb-faq-icon-wrap\">\n\t\t\t\t\t\t\t\t<svg xmlns=\"https:\/\/www.w3.org\/2000\/svg\" viewBox= \"0 0 448 512\"><path d=\"M432 256c0 17.69-14.33 32.01-32 32.01H256v144c0 17.69-14.33 31.99-32 31.99s-32-14.3-32-31.99v-144H48c-17.67 0-32-14.32-32-32.01s14.33-31.99 32-31.99H192v-144c0-17.69 14.33-32.01 32-32.01s32 14.32 32 32.01v144h144C417.7 224 432 238.3 432 256z\"><\/path><\/svg>\n\t\t\t\t\t\t\t<\/span>\n\t\t\t\t\t\t<span class=\"uagb-icon-active uagb-faq-icon-wrap\">\n\t\t\t\t\t\t\t\t<svg xmlns=\"https:\/\/www.w3.org\/2000\/svg\" viewBox= \"0 0 448 512\"><path d=\"M400 288h-352c-17.69 0-32-14.32-32-32.01s14.31-31.99 32-31.99h352c17.69 0 32 14.3 32 31.99S417.7 288 400 288z\"><\/path><\/svg>\n\t\t\t\t\t\t\t<\/span>\n\t\t\t<span class=\"uagb-question\">Mikor min\u0151s\u00fcl valaki \u00e1ldozatnak a b\u00fcntet\u0151elj\u00e1r\u00e1sban?<\/span><\/div><div class=\"uagb-faq-content\"><p>\u00c1ldozatnak min\u0151s\u00fcl minden olyan szem\u00e9ly, akinek jogait, eg\u00e9szs\u00e9g\u00e9t vagy vagyon\u00e1t b\u0171ncselekm\u00e9ny s\u00e9rtette. Ez a helyzet f\u00fcggetlen\u00fcl att\u00f3l keletkezik, hogy k\u00e9relmet terjesztenek-e el\u0151. Kiz\u00e1r\u00f3lag a cselekm\u00e9ny \u00e1ltal val\u00f3 t\u00e9nyleges \u00e9rintetts\u00e9g a meghat\u00e1roz\u00f3. Amint ez fenn\u00e1ll, az \u00e1ldozati jogok \u00e9rv\u00e9nyes\u00fclnek. A hat\u00f3s\u00e1goknak hivatalb\u00f3l figyelembe kell venni\u00fck ezt a helyzetet.    <\/p><\/div><\/div><div class=\"wp-block-uagb-faq-child uagb-faq-child__outer-wrap uagb-faq-item uagb-block-Opferrechte-Q2 \" role=\"tab\" tabindex=\"0\"><div class=\"uagb-faq-questions-button uagb-faq-questions\">\t\t\t<span class=\"uagb-icon uagb-faq-icon-wrap\">\n\t\t\t\t\t\t\t\t<svg xmlns=\"https:\/\/www.w3.org\/2000\/svg\" viewBox= \"0 0 448 512\"><path d=\"M432 256c0 17.69-14.33 32.01-32 32.01H256v144c0 17.69-14.33 31.99-32 31.99s-32-14.3-32-31.99v-144H48c-17.67 0-32-14.32-32-32.01s14.33-31.99 32-31.99H192v-144c0-17.69 14.33-32.01 32-32.01s32 14.32 32 32.01v144h144C417.7 224 432 238.3 432 256z\"><\/path><\/svg>\n\t\t\t\t\t\t\t<\/span>\n\t\t\t\t\t\t<span class=\"uagb-icon-active uagb-faq-icon-wrap\">\n\t\t\t\t\t\t\t\t<svg xmlns=\"https:\/\/www.w3.org\/2000\/svg\" viewBox= \"0 0 448 512\"><path d=\"M400 288h-352c-17.69 0-32-14.32-32-32.01s14.31-31.99 32-31.99h352c17.69 0 32 14.3 32 31.99S417.7 288 400 288z\"><\/path><\/svg>\n\t\t\t\t\t\t\t<\/span>\n\t\t\t<span class=\"uagb-question\">Milyen jogaim vannak \u00e1ldozatk\u00e9nt a b\u00fcntet\u0151elj\u00e1r\u00e1sban?<\/span><\/div><div class=\"uagb-faq-content\"><p>Az \u00e1ldozatokat megilleti az elj\u00e1r\u00e1s \u00e1ll\u00e1s\u00e1r\u00f3l val\u00f3 t\u00e1j\u00e9koztat\u00e1s, az iratbetekint\u00e9s \u00e9s a jogi k\u00e9pviselet. R\u00e9szt vehetnek bizony\u00edt\u00e1si cselekm\u00e9nyeken \u00e9s fell\u00e9phetnek a t\u00e1rgyal\u00e1son. Emellett joguk van a tov\u00e1bbi terhel\u00e9s elleni v\u00e9delemhez. Ezek a jogok f\u00fcggetlen\u00fcl att\u00f3l \u00e9rv\u00e9nyes\u00fclnek, hogy k\u00e1rt\u00e9r\u00edt\u00e9st \u00e9rv\u00e9nyes\u00edtenek-e.   <\/p><\/div><\/div><div class=\"wp-block-uagb-faq-child uagb-faq-child__outer-wrap uagb-faq-item uagb-block-Opferrechte-Q3 \" role=\"tab\" tabindex=\"0\"><div class=\"uagb-faq-questions-button uagb-faq-questions\">\t\t\t<span class=\"uagb-icon uagb-faq-icon-wrap\">\n\t\t\t\t\t\t\t\t<svg xmlns=\"https:\/\/www.w3.org\/2000\/svg\" viewBox= \"0 0 448 512\"><path d=\"M432 256c0 17.69-14.33 32.01-32 32.01H256v144c0 17.69-14.33 31.99-32 31.99s-32-14.3-32-31.99v-144H48c-17.67 0-32-14.32-32-32.01s14.33-31.99 32-31.99H192v-144c0-17.69 14.33-32.01 32-32.01s32 14.32 32 32.01v144h144C417.7 224 432 238.3 432 256z\"><\/path><\/svg>\n\t\t\t\t\t\t\t<\/span>\n\t\t\t\t\t\t<span class=\"uagb-icon-active uagb-faq-icon-wrap\">\n\t\t\t\t\t\t\t\t<svg xmlns=\"https:\/\/www.w3.org\/2000\/svg\" viewBox= \"0 0 448 512\"><path d=\"M400 288h-352c-17.69 0-32-14.32-32-32.01s14.31-31.99 32-31.99h352c17.69 0 32 14.3 32 31.99S417.7 288 400 288z\"><\/path><\/svg>\n\t\t\t\t\t\t\t<\/span>\n\t\t\t<span class=\"uagb-question\">Fell\u00e9phetek a nyomoz\u00e1s megsz\u00fcntet\u00e9se ellen?<\/span><\/div><div class=\"uagb-faq-content\"><p>Ha a nyomoz\u00e1st megsz\u00fcntetik, az \u00e1ldozat k\u00f6vetelheti a folytat\u00e1st. Ez\u00e1ltal az \u00fcgy\u00e9szs\u00e9g d\u00f6nt\u00e9s\u00e9t fel\u00fclvizsg\u00e1lj\u00e1k. Az elj\u00e1r\u00e1st vagy folytatj\u00e1k, vagy b\u00edr\u00f3s\u00e1g ellen\u0151rzi. Ez a jog megakad\u00e1lyozza, hogy az \u00e1ldozat jogos ig\u00e9nyei elhamarkodott megsz\u00fcntet\u00e9s miatt elvesszenek.   <\/p><\/div><\/div><div class=\"wp-block-uagb-faq-child uagb-faq-child__outer-wrap uagb-faq-item uagb-block-Opferrechte-Q4 \" role=\"tab\" tabindex=\"0\"><div class=\"uagb-faq-questions-button uagb-faq-questions\">\t\t\t<span class=\"uagb-icon uagb-faq-icon-wrap\">\n\t\t\t\t\t\t\t\t<svg xmlns=\"https:\/\/www.w3.org\/2000\/svg\" viewBox= \"0 0 448 512\"><path d=\"M432 256c0 17.69-14.33 32.01-32 32.01H256v144c0 17.69-14.33 31.99-32 31.99s-32-14.3-32-31.99v-144H48c-17.67 0-32-14.32-32-32.01s14.33-31.99 32-31.99H192v-144c0-17.69 14.33-32.01 32-32.01s32 14.32 32 32.01v144h144C417.7 224 432 238.3 432 256z\"><\/path><\/svg>\n\t\t\t\t\t\t\t<\/span>\n\t\t\t\t\t\t<span class=\"uagb-icon-active uagb-faq-icon-wrap\">\n\t\t\t\t\t\t\t\t<svg xmlns=\"https:\/\/www.w3.org\/2000\/svg\" viewBox= \"0 0 448 512\"><path d=\"M400 288h-352c-17.69 0-32-14.32-32-32.01s14.31-31.99 32-31.99h352c17.69 0 32 14.3 32 31.99S417.7 288 400 288z\"><\/path><\/svg>\n\t\t\t\t\t\t\t<\/span>\n\t\t\t<span class=\"uagb-question\">K\u00f6vetelhetek \u00e1ldozatk\u00e9nt k\u00e1rt\u00e9r\u00edt\u00e9st a b\u00fcntet\u0151elj\u00e1r\u00e1sban?<\/span><\/div><div class=\"uagb-faq-content\"><p>Az \u00e1ldozatok vagyoni ig\u00e9nyeiket k\u00f6zvetlen\u00fcl a b\u00fcntet\u0151elj\u00e1r\u00e1sban \u00e9rv\u00e9nyes\u00edthetik. Ide tartozik a k\u00e1rt\u00e9r\u00edt\u00e9s, a s\u00e9relemd\u00edj \u00e9s egy\u00e9b megt\u00e9r\u00edt\u00e9si k\u00f6vetel\u00e9sek. K\u00fcl\u00f6n polg\u00e1ri per nem felt\u00e9tlen\u00fcl sz\u00fcks\u00e9ges. Az \u00e9rv\u00e9nyes\u00edt\u00e9s a mag\u00e1nf\u00e9l-csatlakoz\u00e1s keret\u00e9ben t\u00f6rt\u00e9nik.   <\/p><\/div><\/div><div class=\"wp-block-uagb-faq-child uagb-faq-child__outer-wrap uagb-faq-item uagb-block-Opferrechte-Q5 \" role=\"tab\" tabindex=\"0\"><div class=\"uagb-faq-questions-button uagb-faq-questions\">\t\t\t<span class=\"uagb-icon uagb-faq-icon-wrap\">\n\t\t\t\t\t\t\t\t<svg xmlns=\"https:\/\/www.w3.org\/2000\/svg\" viewBox= \"0 0 448 512\"><path d=\"M432 256c0 17.69-14.33 32.01-32 32.01H256v144c0 17.69-14.33 31.99-32 31.99s-32-14.3-32-31.99v-144H48c-17.67 0-32-14.32-32-32.01s14.33-31.99 32-31.99H192v-144c0-17.69 14.33-32.01 32-32.01s32 14.32 32 32.01v144h144C417.7 224 432 238.3 432 256z\"><\/path><\/svg>\n\t\t\t\t\t\t\t<\/span>\n\t\t\t\t\t\t<span class=\"uagb-icon-active uagb-faq-icon-wrap\">\n\t\t\t\t\t\t\t\t<svg xmlns=\"https:\/\/www.w3.org\/2000\/svg\" viewBox= \"0 0 448 512\"><path d=\"M400 288h-352c-17.69 0-32-14.32-32-32.01s14.31-31.99 32-31.99h352c17.69 0 32 14.3 32 31.99S417.7 288 400 288z\"><\/path><\/svg>\n\t\t\t\t\t\t\t<\/span>\n\t\t\t<span class=\"uagb-question\">Mi\u00e9rt c\u00e9lszer\u0171 \u00fcgyv\u00e9di t\u00e1mogat\u00e1s az \u00e1ldozati jogok \u00e9rv\u00e9nyes\u00edt\u00e9s\u00e9n\u00e9l?<\/span><\/div><div class=\"uagb-faq-content\"><p>Az \u00e1ldozati jogok \u00e9rv\u00e9nyes\u00edt\u00e9se helyes k\u00e9relemez\u00e9st \u00e9s hat\u00e1rid\u0151k betart\u00e1s\u00e1t ig\u00e9nyli. Az \u00fcgyv\u00e9d gondoskodik arr\u00f3l, hogy az iratbetekint\u00e9st, a jogorvoslatokat \u00e9s a k\u00e1rt\u00e9r\u00edt\u00e9st helyesen \u00e9rv\u00e9nyes\u00edts\u00e9k. Ezzel elker\u00fclhet\u0151k a formai hib\u00e1k, \u00e9s az \u00e1ldozat poz\u00edci\u00f3ja meger\u0151s\u00f6dik. A jogi k\u00eds\u00e9r\u00e9s jelent\u0151sen n\u00f6veli az \u00e1ldozati jogok t\u00e9nyleges hat\u00e9konys\u00e1g\u00e1t.   <\/p><\/div><\/div><\/div><a class=\"mr-cta-link mr-cta-button-cal\" href=\"#h2-booking\" title=\"Ingyenes els\u0151 konzult\u00e1ci\u00f3\"><span class=\"mr-cta-link-normal\">V\u00e1lassza ki az id\u0151pontot most:<\/span><span class=\"mr-cta-link-bold\">Ingyenes els\u0151 konzult\u00e1ci\u00f3<\/span><\/a>\n","protected":false},"excerpt":{"rendered":"Az \u00e1ldozati jogok a \u00a7 66 StPO szerint a b\u0171ncselekm\u00e9nyek \u00e1ltal s\u00e9rtett szem\u00e9lyek t\u00f6rv\u00e9nyben r\u00f6gz\u00edtett elj\u00e1r\u00e1si jogai. Biztos\u00edtj\u00e1k, hogy az \u00e1ldozatok a b\u00fcntet\u0151elj\u00e1r\u00e1sban ne csup\u00e1n bizony\u00edt\u00e1si eszk\u00f6zk\u00e9nt, hanem \u00f6n\u00e1ll\u00f3 r\u00e9sztvev\u0151kk\u00e9nt &#8230;","protected":false},"author":25,"featured_media":120017,"parent":45860,"menu_order":0,"comment_status":"closed","ping_status":"closed","template":"","meta":{"_acf_changed":false,"_uag_custom_page_level_css":"","footnotes":""},"categories":[1013],"tags":[],"class_list":["post-120014","page","type-page","status-publish","has-post-thumbnail","hentry","category-buentetojog"],"acf":[],"uagb_featured_image_src":{"full":["https:\/\/harlander-partner.eu\/wp-content\/uploads\/Opferrechte.webp",1920,1080,false],"thumbnail":["https:\/\/harlander-partner.eu\/wp-content\/uploads\/Opferrechte-100x100.webp",100,100,true],"medium":["https:\/\/harlander-partner.eu\/wp-content\/uploads\/Opferrechte-800x450.webp",800,450,true],"medium_large":["https:\/\/harlander-partner.eu\/wp-content\/uploads\/Opferrechte.webp",1920,1080,false],"large":["https:\/\/harlander-partner.eu\/wp-content\/uploads\/Opferrechte.webp",1920,1080,false],"1536x1536":["https:\/\/harlander-partner.eu\/wp-content\/uploads\/Opferrechte-1536x864.webp",1536,864,true],"2048x2048":["https:\/\/harlander-partner.eu\/wp-content\/uploads\/Opferrechte.webp",1920,1080,false],"336x":["https:\/\/harlander-partner.eu\/wp-content\/uploads\/Opferrechte-336x189.webp",336,189,true],"352x":["https:\/\/harlander-partner.eu\/wp-content\/uploads\/Opferrechte-352x198.webp",352,198,true],"woocommerce_thumbnail":["https:\/\/harlander-partner.eu\/wp-content\/uploads\/Opferrechte-300x300.webp",300,300,true],"woocommerce_single":["https:\/\/harlander-partner.eu\/wp-content\/uploads\/Opferrechte-600x338.webp",600,338,true],"woocommerce_gallery_thumbnail":["https:\/\/harlander-partner.eu\/wp-content\/uploads\/Opferrechte-100x100.webp",100,100,true],"yarpp-thumbnail":["https:\/\/harlander-partner.eu\/wp-content\/uploads\/Opferrechte-120x120.webp",120,120,true]},"uagb_author_info":{"display_name":"Simon Prem","author_link":"https:\/\/harlander-partner.eu\/hu\/author\/simon-prem\/"},"uagb_comment_info":0,"uagb_excerpt":"Az \u00e1ldozati jogok a \u00a7 66 StPO szerint a b\u0171ncselekm\u00e9nyek \u00e1ltal s\u00e9rtett szem\u00e9lyek t\u00f6rv\u00e9nyben r\u00f6gz\u00edtett elj\u00e1r\u00e1si jogai. Biztos\u00edtj\u00e1k, hogy az \u00e1ldozatok a b\u00fcntet\u0151elj\u00e1r\u00e1sban ne csup\u00e1n bizony\u00edt\u00e1si eszk\u00f6zk\u00e9nt, hanem \u00f6n\u00e1ll\u00f3 r\u00e9sztvev\u0151kk\u00e9nt ...","_links":{"self":[{"href":"https:\/\/harlander-partner.eu\/hu\/wp-json\/wp\/v2\/pages\/120014","targetHints":{"allow":["GET"]}}],"collection":[{"href":"https:\/\/harlander-partner.eu\/hu\/wp-json\/wp\/v2\/pages"}],"about":[{"href":"https:\/\/harlander-partner.eu\/hu\/wp-json\/wp\/v2\/types\/page"}],"author":[{"embeddable":true,"href":"https:\/\/harlander-partner.eu\/hu\/wp-json\/wp\/v2\/users\/25"}],"replies":[{"embeddable":true,"href":"https:\/\/harlander-partner.eu\/hu\/wp-json\/wp\/v2\/comments?post=120014"}],"version-history":[{"count":0,"href":"https:\/\/harlander-partner.eu\/hu\/wp-json\/wp\/v2\/pages\/120014\/revisions"}],"up":[{"embeddable":true,"href":"https:\/\/harlander-partner.eu\/hu\/wp-json\/wp\/v2\/pages\/45860"}],"wp:featuredmedia":[{"embeddable":true,"href":"https:\/\/harlander-partner.eu\/hu\/wp-json\/wp\/v2\/media\/120017"}],"wp:attachment":[{"href":"https:\/\/harlander-partner.eu\/hu\/wp-json\/wp\/v2\/media?parent=120014"}],"wp:term":[{"taxonomy":"category","embeddable":true,"href":"https:\/\/harlander-partner.eu\/hu\/wp-json\/wp\/v2\/categories?post=120014"},{"taxonomy":"post_tag","embeddable":true,"href":"https:\/\/harlander-partner.eu\/hu\/wp-json\/wp\/v2\/tags?post=120014"}],"curies":[{"name":"wp","href":"https:\/\/api.w.org\/{rel}","templated":true}]}}