{"id":92559,"date":"2025-12-15T07:56:27","date_gmt":"2025-12-15T06:56:27","guid":{"rendered":"https:\/\/harlander-partner.eu\/?page_id=92559"},"modified":"2025-12-15T08:01:44","modified_gmt":"2025-12-15T07:01:44","slug":"riarachan-eigeantach","status":"publish","type":"page","link":"https:\/\/harlander-partner.eu\/ga\/forghniomhu-eigeantais-forghniomhu\/riarachan-eigeantach\/","title":{"rendered":"Riarach\u00e1n \u00e9igeantach"},"content":{"rendered":"\n<div class=\"wp-block-yoast-seo-table-of-contents yoast-table-of-contents\"><h2>Riarach\u00e1n \u00e9igeantach<\/h2><ul><li><a href=\"#h-zwangsverwaltung\" data-level=\"2\">Riarach\u00e1n \u00e9igeantach<\/a><\/li><li><a href=\"#h-parteien-im-zwangsverwaltungsverfahren\" data-level=\"2\">P\u00e1irtithe sa phr\u00f3iseas riarach\u00e1in \u00e9igeantaigh<\/a><\/li><li><a href=\"#h-ablauf-des-zwangsverwaltungsverfahrens\" data-level=\"2\">Pr\u00f3iseas an n\u00f3s imeachta riarach\u00e1in \u00e9igeantaigh<\/a><ul><li><a href=\"#h-einleitungsverfahren\" data-level=\"3\">N\u00f3s imeachta tosaigh<\/a><\/li><li><a href=\"#h-verwaltungsverfahren\" data-level=\"3\">N\u00f3s imeachta riarach\u00e1in<\/a><\/li><li><a href=\"#h-verteilungsverfahren\" data-level=\"3\">N\u00f3s imeachta d\u00e1ilte<\/a><\/li><\/ul><\/li><li><a href=\"#h-einstellung-der-zwangsverwaltung\" data-level=\"2\">Foirceannadh an riarach\u00e1in \u00e9igeantaigh<\/a><\/li><li><a href=\"#h-ihre-vorteile-mit-anwaltlicher-unterstutzung\" data-level=\"2\">Do bhunt\u00e1ist\u00ed le taca\u00edocht dl\u00ed<\/a><\/li><li><a href=\"#h-haufig-gestellte-fragen-faq\" data-level=\"2\">Ceisteanna Coitianta \u2013 CC<\/a><\/li><\/ul><\/div>\n\n<h2 class=\"wp-block-heading\" id=\"h-zwangsverwaltung\">Riarach\u00e1n \u00e9igeantach<\/h2>\n\n<p class=\"wp-block-paragraph\">Is foirm speisialta forghn\u00edomhaithe \u00e9 an <strong>riarach\u00e1n \u00e9igeantach<\/strong>. T\u00e1 an riarach\u00e1n \u00e9igeantach ar cheann de na tr\u00ed mhodh forghn\u00edomhaithe a shol\u00e1thra\u00edonn an tOrd\u00fa Forghn\u00edomhaithe (EO) chun forghn\u00edomh\u00fa a dh\u00e9anamh ar mhaoin dhochorraithe. Chomh maith le bun\u00fa \u00e9igeantach ceart morg\u00e1iste agus d\u00edolach\u00e1n \u00e9igeantach, cuireann s\u00e9 ar chumas an chreidi\u00fana\u00ed a \u00e9ileamh a sh\u00e1samh, n\u00ed tr\u00ed dh\u00edol na maoine, ach tr\u00ed \u00fas\u00e1id\u00ed agus ioncam na maoine.  <\/p>\n\n<div class=\"wp-block-uagb-container uagb-block-3019fe8e alignfull uagb-is-root-container\">\n<div class=\"wp-block-uagb-container uagb-block-32585033\">\n<p class=\"wp-block-paragraph\">De r\u00e9ir <strong><a href=\"https:\/\/www.ris.bka.gv.at\/NormDokument.wxe?Abfrage=Bundesnormen&amp;Gesetzesnummer=10001700&amp;Artikel=&amp;Paragraf=97&amp;Anlage=&amp;Uebergangsrecht=\" target=\"_blank\" rel=\"noreferrer noopener\">\u00a7 97 EO<\/a><\/strong>, f\u00e9adfar riarach\u00e1n \u00e9igeantach east\u00e1it r\u00e9adaigh, foirgnimh sh\u00e1rstrucht\u00fair n\u00f3 ceart t\u00f3g\u00e1la a chead\u00fa i bhfabhar \u00e9ileamh airgid infhorghn\u00edomhaithe. \u00das\u00e1idtear \u00fas\u00e1id\u00ed agus ioncam na maoine chun na cr\u00edche sin. \u00c1ir\u00edtear leis seo ioncam \u00f3 oibr\u00edocht foraoiseachta n\u00f3 talmha\u00edochta a oibr\u00edtear ar an maoin.<\/p>\n<\/div>\n\n\n\n<div class=\"wp-block-uagb-container uagb-block-45819ab6\"><picture>\r\n\t\t<source srcset=\"https:\/\/harlander-partner.eu\/wp-content\/uploads\/Zwangsverwaltung-352x198.webp\" >\r\n\t\t<img decoding=\"async\" class=\"mr-picture-small\" src=\"https:\/\/harlander-partner.eu\/wp-content\/uploads\/Zwangsverwaltung.webp\" alt=\"M\u00edn\u00edonn an riarach\u00e1n \u00e9igeantach: R\u00e9amhriachtanais, pr\u00f3iseas, d\u00e1ileadh na n-ioncam agus na bun\u00fas dl\u00edthi\u00fala de r\u00e9ir \u00a7\u00a7 97\u2013132 EO.\" >\r\n\t<\/picture>\n<\/div>\n<\/div>\n\n<h2 class=\"wp-block-heading\" id=\"h-parteien-im-zwangsverwaltungsverfahren\">P\u00e1irtithe sa phr\u00f3iseas riarach\u00e1in \u00e9igeantaigh<\/h2>\n\n<p class=\"wp-block-paragraph\">T\u00e1 dh\u00e1 phr\u00edomhph\u00e1irt\u00ed i l\u00e1thair sa n\u00f3s imeachta riarach\u00e1in \u00e9igeantaigh. Is \u00e9 <strong>an creidi\u00fana\u00ed achain\u00edoch<\/strong> an duine a bhfuil \u00e9ileamh airgid infhorghn\u00edomhaithe aige agus a dh\u00e9anann iarratas ar riarach\u00e1n \u00e9igeantach chun a \u00e9ileamh a ghn\u00f3th\u00fa \u00f3 ioncam na maoine. <\/p>\n\n<p class=\"wp-block-paragraph\">Is \u00e9 <strong>an f\u00e9ichi\u00fana\u00ed<\/strong> \u00fain\u00e9ir na maoine lena mbaineann n\u00f3 an r\u00e9ad forghn\u00edomhaithe eile, a bhfuil an t-\u00e9ileamh d\u00edrithe air. C\u00e9 go n-iarrann an creidi\u00fana\u00ed achain\u00edoch go dtionscn\u00f3far agus go nd\u00e9anfar an riarach\u00e1n \u00e9igeantach, t\u00e1 an f\u00e9ichi\u00fana\u00ed faoi r\u00e9ir na srianta dl\u00edthi\u00fala a bhaineann le riarach\u00e1n ordaithe a mhaoine. <\/p>\n\n<h2 class=\"wp-block-heading\" id=\"h-ablauf-des-zwangsverwaltungsverfahrens\">Pr\u00f3iseas an n\u00f3s imeachta riarach\u00e1in \u00e9igeantaigh<\/h2>\n\n<p class=\"wp-block-paragraph\">Go bun\u00fasach, t\u00e1 tr\u00ed chuid n\u00f3s imeachta sa phr\u00f3iseas riarach\u00e1in \u00e9igeantaigh:<\/p>\n\n<ul class=\"wp-block-list\">\n<li>N\u00f3s imeachta tosaigh<\/li>\n\n\n\n<li>N\u00f3s imeachta riarach\u00e1in<\/li>\n\n\n\n<li>N\u00f3s imeachta d\u00e1ilte<\/li>\n<\/ul>\n\n<h3 class=\"wp-block-heading\" id=\"h-einleitungsverfahren\">N\u00f3s imeachta tosaigh<\/h3>\n\n<p class=\"wp-block-paragraph\">Tosa\u00edonn an pr\u00f3iseas riarach\u00e1in \u00e9igeantaigh, cos\u00fail le gach pr\u00f3iseas forghn\u00edomhaithe, le <strong>iarratas ar fhorghn\u00edomh\u00fa<\/strong>. Iarrann an creidi\u00fana\u00ed ar an gc\u00fairt leis seo an riarach\u00e1n \u00e9igeantach a dh\u00e9anamh ar mhaoin \u00e1irithe n\u00f3 ar r\u00e9ad infhorghn\u00edomhaithe eile. <\/p>\n\n<p class=\"wp-block-paragraph\">M\u00e1 cheada\u00edonn an ch\u00fairt an riarach\u00e1n \u00e9igeantach, d\u00e9antar <strong>\u00e9 seo a thaifeadadh sa chl\u00e1r tal\u00fan<\/strong>. Cinnt\u00edonn an iontr\u00e1il seo go mbeidh an riarach\u00e1n \u00e9igeantach \u00e9ifeachtach freisin i leith ceannaitheoir\u00ed n\u00edos d\u00e9ana\u00ed na maoine. <\/p>\n\n<p class=\"wp-block-paragraph\">Seoltar an cinneadh ceadaithe chuig an gcreidi\u00fana\u00ed agus chuig an duine at\u00e1 faoi oibleag\u00e1id. \u00d3n am seo ar aghaidh, t\u00e1 di\u00fascairt\u00ed an duine at\u00e1 faoi oibleag\u00e1id ar an maoin, a th\u00e9ann n\u00edos faide n\u00e1 gn\u00e1th-riarach\u00e1n, <strong>neamhbhail\u00ed<\/strong> i leith na gcreidi\u00fanaithe. <\/p>\n\n<p class=\"wp-block-paragraph\">Ag an am c\u00e9anna, orda\u00edtear don chreidi\u00fana\u00ed iarratas a dh\u00e9anamh ar <strong>r\u00e9amh\u00edoca\u00edocht costais<\/strong> laistigh de thr\u00e9imhse nach l\u00fa n\u00e1 ceithre seachtaine. T\u00e1 s\u00e9 seo chun \u00edoca\u00edocht \u00edosta an riarth\u00f3ra \u00e9igeantaigh a cheapfar n\u00edos d\u00e9ana\u00ed a chinnti\u00fa. <\/p>\n\n<p class=\"wp-block-paragraph\">A luaithe a fhaightear an r\u00e9amh\u00edoca\u00edocht costais, ceapann an ch\u00fairt <strong>riarth\u00f3ir<\/strong>. Ina theannta sin, cuirtear in i\u00fal don duine at\u00e1 faoi oibleag\u00e1id nach gceada\u00edtear d\u00f3 f\u00e9in aon ghn\u00edomhartha riarach\u00e1in a dh\u00e9anamh a thuilleadh agus nach f\u00e9idir leis cur isteach ar dhualgais an riarth\u00f3ra. <\/p>\n\n<p class=\"wp-block-paragraph\">Seoltar an t-ord\u00fa ceapach\u00e1in chuig roinnt \u00e1iteanna, lena n-\u00e1ir\u00edtear an creidi\u00fana\u00ed, an f\u00e9ichi\u00fana\u00ed, an riarth\u00f3ir agus na h\u00fadar\u00e1is at\u00e1 freagrach as c\u00e1nacha agus muirir na maoine. Ina theannta sin, d\u00e9antar <strong>f\u00f3gra poibl\u00ed<\/strong> sa chomhad foraitheanta. <\/p>\n    <div class=\"mr-quote mrbg clearfix\">\n        <a class=\"mr-quote-person\" href=\"\/ueber-uns\/rechtsanwalt-peter-harlander\/\" title=\"Rechtsanwalt Peter Harlander\">\n            <img decoding=\"async\" class=\"mr-quote-person-img\" src=\"https:\/\/harlander-partner.eu\/wp-content\/themes\/harlander\/design\/ph100.webp\" width=\"100\"\n                 height=\"100\" loading=\"lazy\" alt=\"Rechtsanwalt Peter Harlander\">\n            <span class=\"mr-quote-person-text\">\n            Peter Harlander<br>\n            <span class=\"mr-quote-person-function\">Harlander &amp; Partner Rechtsanw\u00e4lte<\/span>\n        <\/span>\n        <\/a>\n        <span class=\"mr-quote-content\">\u201eN\u00ed th\u00e9ann an riarach\u00e1n \u00e9igeantach i bhfeidhm ar shubstaint na maoine, ach ar a h\u00fas\u00e1id\u00ed agus a hioncam reatha agus \u00fas\u00e1ideann s\u00e9 iad seo chun an t-\u00e9ileamh infhorghn\u00edomhaithe a sh\u00e1samh.\u201c<\/span>\n    <\/div>\n<a class=\"mr-cta-link mr-cta-button-cal\" href=\"#h2-booking\" title=\"Comhairli\u00fach\u00e1n Tosaigh Saor in Aisce\"><span class=\"mr-cta-link-normal\">Roghnaigh an d\u00e1ta is fearr leat anois:<\/span><span class=\"mr-cta-link-bold\">Comhairli\u00fach\u00e1n Tosaigh Saor in Aisce<\/span><\/a>\n\n<h3 class=\"wp-block-heading\" id=\"h-verwaltungsverfahren\">N\u00f3s imeachta riarach\u00e1in<\/h3>\n\n<p class=\"wp-block-paragraph\">Sa n\u00f3s imeachta riarach\u00e1in, d\u00e9anann an riarth\u00f3ir \u00e9igeantach ceaptha riarach\u00e1n \u00e9igeantach iarbh\u00edr na maoine. Glacann s\u00e9 seilbh ar an mbainist\u00edocht reatha, bail\u00edonn s\u00e9 an t-ioncam agus cinnt\u00edonn s\u00e9 go nd\u00e9antar gach c\u00e9im riarach\u00e1in de r\u00e9ir fhor\u00e1lacha an Ordaithe Forghn\u00edomhaithe. <\/p>\n\n<p class=\"wp-block-paragraph\">N\u00ed athra\u00edonn cead\u00fa an riarach\u00e1in \u00e9igeantaigh aon rud ar dt\u00fas maidir le <strong>conartha\u00ed l\u00e9asa agus tion\u00f3ntachta at\u00e1 ann cheana<\/strong>. Mar sin f\u00e9in, t\u00e1 cumhachta\u00ed \u00e1irithe ag an riarth\u00f3ir: <\/p>\n\n<ul class=\"wp-block-list\">\n<li>F\u00e9adfaidh s\u00e9 conartha\u00ed at\u00e1 ann cheana a fhoirceannadh de r\u00e9ir na rialacha dl\u00ed ginear\u00e1lta<\/li>\n\n\n\n<li>Caingean d\u00edothaithe a chomhd\u00fa<\/li>\n\n\n\n<li>conartha\u00ed l\u00e9asa nua a dh\u00e9anamh ar feadh an ghn\u00e1thr\u00e9 r\u00e9igi\u00fanaigh<\/li>\n<\/ul>\n\n<p class=\"wp-block-paragraph\">Le haghaidh cinnt\u00ed <strong>nach mbaineann le gn\u00e1th-riarach\u00e1n<\/strong>, teasta\u00edonn cead na c\u00fairte forghn\u00edomhaithe \u00f3n riarth\u00f3ir. \u00c1ir\u00edtear orthu seo, go h\u00e1irithe:<\/p>\n\n<ul class=\"wp-block-list\">\n<li>Conartha\u00ed l\u00e9asa fadt\u00e9armacha a dh\u00e9anamh a th\u00e9ann thar r\u00e9 r\u00e9amh-mheasta an riarach\u00e1in \u00e9igeantaigh<\/li>\n\n\n\n<li>An mhaoin ioml\u00e1n n\u00f3 codanna aonair a ligean ar l\u00e9as<\/li>\n\n\n\n<li>F\u00e1ltais na maoine a ligean ar l\u00e9as tr\u00ed cheant poibl\u00ed<\/li>\n<\/ul>\n\n<p class=\"wp-block-paragraph\">D\u00e9anann an ch\u00fairt forghn\u00edomhaithe maoirseacht ar ghn\u00edomha\u00edochta\u00ed an riarth\u00f3ra. F\u00e9adfaidh an ch\u00fairt treoracha a thabhairt d\u00f3, tuarasc\u00e1lacha agus soil\u00e9irithe a iarraidh, doicim\u00e9id a scr\u00fad\u00fa agus imscr\u00faduithe riachtanacha a dh\u00e9anamh \u00ed f\u00e9in. <\/p>\n\n<h3 class=\"wp-block-heading\" id=\"h-verteilungsverfahren\">N\u00f3s imeachta d\u00e1ilte<\/h3>\n\n<p class=\"wp-block-paragraph\">Sa n\u00f3s imeachta d\u00e1ilte, d\u00e9antar na <strong>hioncaim \u00f3n maoin<\/strong> a ghn\u00f3tha\u00edtear le linn an riarach\u00e1in \u00e9igeantaigh a dh\u00e1ileadh. \u00das\u00e1idtear na hioncaim seo ar dt\u00fas chun costais riarach\u00e1in a chl\u00fadach agus ansin chun an creidi\u00fana\u00ed agus p\u00e1irtithe inch\u00e1ilithe eile a sh\u00e1samh. <\/p>\n\n<p class=\"wp-block-paragraph\">F\u00e9adfaidh an riarth\u00f3ir na costais a bhaineann le riarach\u00e1n agus gn\u00e1th\u00fas\u00e1id eacnama\u00edoch na maoine a \u00edoc go d\u00edreach as na hioncaim. \u00c1ir\u00edtear leis seo costais oibri\u00fach\u00e1in n\u00f3 caiteachais riachtanacha ar bhainist\u00edocht reatha. Cl\u00fada\u00edtear na costais seo <strong>gan n\u00f3s imeachta breise<\/strong>.  <\/p>\n\n<p class=\"wp-block-paragraph\">N\u00ed dh\u00e1iltear ach na <strong>barrachais ioncaim<\/strong> at\u00e1 f\u00e1gtha tar \u00e9is na costais riarach\u00e1in seo a asbhaint. D\u00e9anann an ch\u00fairt forghn\u00edomhaithe an d\u00e1ileadh. <\/p>\n    <div class=\"mr-quote mrbg clearfix\">\n        <a class=\"mr-quote-person\" href=\"\/ueber-uns\/rechtsanwalt-sebastian-riedlmair\/\" title=\"Rechtsanwalt Sebastian Riedlmair\">\n            <img decoding=\"async\" class=\"mr-quote-person-img\" src=\"https:\/\/harlander-partner.eu\/wp-content\/themes\/harlander\/design\/sr100.webp\" width=\"100\"\n                 height=\"100\" loading=\"lazy\" alt=\"Rechtsanwalt Sebastian Riedlmair\">\n            <span class=\"mr-quote-person-text\">\n            Sebastian Riedlmair<br>\n            <span class=\"mr-quote-person-function\">Harlander &amp; Partner Rechtsanw\u00e4lte<\/span>\n        <\/span>\n        <\/a>\n        <span class=\"mr-quote-content\">\u201eSa n\u00f3s imeachta d\u00e1ilte, \u00fas\u00e1idtear na f\u00e1ltais a ghintear ar dt\u00fas chun costais riarach\u00e1in a chl\u00fadach agus ansin chun \u00e9ilimh na gcreidi\u00fanaithe inch\u00e1ilithe a sh\u00e1samh.\u201c<\/span>\n    <\/div>\n<a class=\"mr-cta-link mr-cta-button-cal\" href=\"#h2-booking\" title=\"Comhairli\u00fach\u00e1n Tosaigh Saor in Aisce\"><span class=\"mr-cta-link-normal\">Roghnaigh an d\u00e1ta is fearr leat anois:<\/span><span class=\"mr-cta-link-bold\">Comhairli\u00fach\u00e1n Tosaigh Saor in Aisce<\/span><\/a>\n\n<h2 class=\"wp-block-heading\" id=\"h-einstellung-der-zwangsverwaltung\">Foirceannadh an riarach\u00e1in \u00e9igeantaigh<\/h2>\n\n<p class=\"wp-block-paragraph\">Is f\u00e9idir an riarach\u00e1n \u00e9igeantach a fhoirceannadh ar ch\u00faiseanna \u00e9ags\u00fala. Is f\u00e9idir an foirceannadh a dh\u00e9anamh <strong>ex officio<\/strong> n\u00f3 <strong>ar iarratas<\/strong>. Foirceannann an ch\u00fairt an riarach\u00e1n \u00e9igeantach a luaithe a sh\u00e1sa\u00edtear gach \u00e9ileamh, lena n-\u00e1ir\u00edtear costais theagmhasacha. F\u00e9adfaidh an duine at\u00e1 faoi oibleag\u00e1id an foirceannadh a iarraidh \u00e9 f\u00e9in freisin.   <\/p>\n\n<p class=\"wp-block-paragraph\">Caithfear an riarach\u00e1n \u00e9igeantach a fhoirceannadh freisin m\u00e1 chruth\u00f3dh an lean\u00faint ar aghaidh costais speisialta nach f\u00e9idir a chl\u00fadach \u00f3n ioncam n\u00f3 mura bhfuiltear ag s\u00fail le hioncam leordh\u00f3thanach de r\u00e9ir na gc\u00fains\u00ed.<\/p>\n\n<h2 class=\"wp-block-heading\" id=\"h-ihre-vorteile-mit-anwaltlicher-unterstutzung\">Do bhunt\u00e1ist\u00ed le taca\u00edocht dl\u00ed<\/h2>\n\n<p class=\"wp-block-paragraph\">Tionlacan dl\u00edod\u00f3ir t\u00fa tr\u00edd an n\u00f3s imeachta riarach\u00e1in \u00e9igeantaigh ar fad agus cinnt\u00edonn s\u00e9 go gcomhl\u00edonann t\u00fa gach ceanglas foirmi\u00fail i gceart. Cuireann s\u00e9 an t-iarratas forghn\u00edomhaithe isteach i gceart, cuireann s\u00e9 fianaise riachtanach isteach in am agus d\u00e9anann s\u00e9 monat\u00f3ireacht ar gach c\u00e9im den n\u00f3s imeachta. Ar an mbealach seo, forfheidhm\u00edonn creidi\u00fanaithe a n-\u00e9ilimh go h\u00e9ifeachtach agus seachna\u00edonn siad moilleanna n\u00f3 earr\u00e1id\u00ed.  <\/p>\n\n<p class=\"wp-block-paragraph\">Mar dhuine at\u00e1 faoi oibleag\u00e1id, faigheann t\u00fa cosaint dhl\u00edthi\u00fail, tuigeann t\u00fa do dhualgais go d\u00edreach agus freagra\u00edonn t\u00fa go tr\u00e1th\u00fail ar bhearta c\u00fairte.<\/p>\n\n<ul class=\"wp-block-list\">\n<li>Tionlacan le linn an phr\u00f3isis riarach\u00e1in \u00e9igeantaigh ar fad<\/li>\n\n\n\n<li>Gach c\u00e9im riachtanach a chur i bhfeidhm ar bhealach at\u00e1 s\u00e1bh\u00e1ilte \u00f3 thaobh an dl\u00ed de<\/li>\n\n\n\n<li>Do chearta agus leasanna a chosaint<\/li>\n<\/ul>\n\n<h2 class=\"wp-block-heading\" id=\"h-haufig-gestellte-fragen-faq\">Ceisteanna Coitianta \u2013 CC<\/h2>\n<div class=\"wp-block-uagb-faq uagb-faq__outer-wrap uagb-block-972c8b74 uagb-faq-icon-row uagb-faq-layout-accordion uagb-faq-expand-first-true uagb-faq-inactive-other-true uagb-faq__wrap uagb-buttons-layout-wrap uagb-faq-equal-height     \" data-faqtoggle=\"true\" role=\"tablist\"><script type=\"application\/ld+json\">{\"@context\":\"https:\\\/\\\/schema.org\",\"@type\":\"FAQPage\",\"@id\":\"https:\\\/\\\/harlander-partner.eu\\\/ga\\\/forghniomhu-eigeantais-forghniomhu\\\/riarachan-eigeantach\\\/\",\"mainEntity\":[{\"@type\":\"Question\",\"name\":\"Cad \\u00e9 an difr\\u00edocht idir riarach\\u00e1n \\u00e9igeantach, d\\u00edolach\\u00e1n \\u00e9igeantach agus bun\\u00fa ceart morg\\u00e1iste?\",\"acceptedAnswer\":{\"@type\":\"Answer\",\"text\":\"\\u00das\\u00e1ideann an riarach\\u00e1n \\u00e9igeantach ioncam reatha maoine chun an t-\\u00e9ileamh a sh\\u00e1samh. D\\u00edolann an d\\u00edolach\\u00e1n \\u00e9igeantach an mhaoin tr\\u00ed dh\\u00edol, agus n\\u00ed thugann bun\\u00fa ceart morg\\u00e1iste ach ceart morg\\u00e1iste don chreidi\\u00fana\\u00ed ar an maoin. \"}},{\"@type\":\"Question\",\"name\":\"Cathain is f\\u00e9idir le creidi\\u00fana\\u00ed iarratas a dh\\u00e9anamh ar riarach\\u00e1n \\u00e9igeantach?\",\"acceptedAnswer\":{\"@type\":\"Answer\",\"text\":\"F\\u00e9adfaidh creidi\\u00fana\\u00ed iarratas a dh\\u00e9anamh ar riarach\\u00e1n \\u00e9igeantach m\\u00e1 t\\u00e1 \\u00e9ileamh airgid infhorghn\\u00edomhaithe aige agus m\\u00e1 t\\u00e1 maoin, ceart t\\u00f3g\\u00e1la n\\u00f3 foirgneamh s\\u00e1rstrucht\\u00fartha ag an duine at\\u00e1 faoi oibleag\\u00e1id.\"}},{\"@type\":\"Question\",\"name\":\"C\\u00e9n t-ioncam a chumhda\\u00edonn an riarach\\u00e1n \\u00e9igeantach?\",\"acceptedAnswer\":{\"@type\":\"Answer\",\"text\":\"Cl\\u00fada\\u00edonn an riarach\\u00e1n \\u00e9igeantach gach \\u00fas\\u00e1id agus ioncam na maoine, e.g. B. \\u00cdoca\\u00edochta\\u00ed c\\u00edosa n\\u00f3 l\\u00e9asa.\"}},{\"@type\":\"Question\",\"name\":\"Cad iad na dualgais a ghlacann an riarth\\u00f3ir \\u00e9igeantach air f\\u00e9in?\",\"acceptedAnswer\":{\"@type\":\"Answer\",\"text\":\"Bail\\u00edonn an riarth\\u00f3ir ioncam na maoine, riarann s\\u00e9 an mhaoin, cuireann s\\u00e9 tr\\u00ed\\u00fa p\\u00e1irtithe ar an eolas faoin oibleag\\u00e1id \\u00edoca\\u00edochta athraithe, cuireann s\\u00e9 bill\\u00ed agus tuarasc\\u00e1lacha isteach agus d\\u00e9anann s\\u00e9 bearta riarach\\u00e1in de r\\u00e9ir fhor\\u00e1lacha an EO.\"}},{\"@type\":\"Question\",\"name\":\"C\\u00e9n tionchar a bh\\u00edonn ag an riarach\\u00e1n \\u00e9igeantach ar chonartha\\u00ed c\\u00edosa agus l\\u00e9asa at\\u00e1 ann cheana?\",\"acceptedAnswer\":{\"@type\":\"Answer\",\"text\":\"Fanann conartha\\u00ed c\\u00edosa agus l\\u00e9asa at\\u00e1 ann cheana bail\\u00ed ar dt\\u00fas. Mar sin f\\u00e9in, f\\u00e9adfaidh an riarth\\u00f3ir iad a fhoirceannadh de r\\u00e9ir na rialacha ginear\\u00e1lta n\\u00f3 conartha\\u00ed nua a dh\\u00e9anamh ar feadh na tr\\u00e9imhse is gn\\u00e1ch sa cheantar. \"}},{\"@type\":\"Question\",\"name\":\"Conas a dh\\u00e1iltear na barrachais ioncaim?\",\"acceptedAnswer\":{\"@type\":\"Answer\",\"text\":\"Tar \\u00e9is na costais riarach\\u00e1in a asbhaint, d\\u00e1ileann an ch\\u00fairt na barrachais ioncaim i seisi\\u00fan. Caithfidh creidi\\u00fanaithe a n-\\u00e9ilimh a chl\\u00e1r\\u00fa ionas go gcuirfear san \\u00e1ireamh iad. \"}},{\"@type\":\"Question\",\"name\":\"Cathain a fhoirceannann an ch\\u00fairt an riarach\\u00e1n \\u00e9igeantach?\",\"acceptedAnswer\":{\"@type\":\"Answer\",\"text\":\"Foirceannann an ch\\u00fairt an riarach\\u00e1n \\u00e9igeantach nuair a sh\\u00e1sa\\u00edtear gach \\u00e9ileamh a oibr\\u00edtear, nuair nach bhfuiltear ag s\\u00fail le hioncam ar bith n\\u00f3 le hioncam r\\u00f3-\\u00edseal n\\u00f3 nuair a chrutha\\u00edonn an lean\\u00faint ar aghaidh costais nach f\\u00e9idir a chl\\u00fadach \\u00f3n ioncam. F\\u00e9adfaidh creidi\\u00fana\\u00ed iarratas a dh\\u00e9anamh ar fhoirceannadh am ar bith. \"}}]}<\/script><div class=\"wp-block-uagb-faq-child uagb-faq-child__outer-wrap uagb-faq-item uagb-block-6b30bb7b \" role=\"tab\" tabindex=\"0\"><div class=\"uagb-faq-questions-button uagb-faq-questions\">\t\t\t<span class=\"uagb-icon uagb-faq-icon-wrap\">\n\t\t\t\t\t\t\t\t<svg xmlns=\"https:\/\/www.w3.org\/2000\/svg\" viewBox= \"0 0 448 512\"><path d=\"M432 256c0 17.69-14.33 32.01-32 32.01H256v144c0 17.69-14.33 31.99-32 31.99s-32-14.3-32-31.99v-144H48c-17.67 0-32-14.32-32-32.01s14.33-31.99 32-31.99H192v-144c0-17.69 14.33-32.01 32-32.01s32 14.32 32 32.01v144h144C417.7 224 432 238.3 432 256z\"><\/path><\/svg>\n\t\t\t\t\t\t\t<\/span>\n\t\t\t\t\t\t<span class=\"uagb-icon-active uagb-faq-icon-wrap\">\n\t\t\t\t\t\t\t\t<svg xmlns=\"https:\/\/www.w3.org\/2000\/svg\" viewBox= \"0 0 448 512\"><path d=\"M400 288h-352c-17.69 0-32-14.32-32-32.01s14.31-31.99 32-31.99h352c17.69 0 32 14.3 32 31.99S417.7 288 400 288z\"><\/path><\/svg>\n\t\t\t\t\t\t\t<\/span>\n\t\t\t<span class=\"uagb-question\">Cad \u00e9 an difr\u00edocht idir riarach\u00e1n \u00e9igeantach, d\u00edolach\u00e1n \u00e9igeantach agus bun\u00fa ceart morg\u00e1iste?<\/span><\/div><div class=\"uagb-faq-content\"><p>\u00das\u00e1ideann an riarach\u00e1n \u00e9igeantach ioncam reatha maoine chun an t-\u00e9ileamh a sh\u00e1samh. D\u00edolann an d\u00edolach\u00e1n \u00e9igeantach an mhaoin tr\u00ed dh\u00edol, agus n\u00ed thugann bun\u00fa ceart morg\u00e1iste ach ceart morg\u00e1iste don chreidi\u00fana\u00ed ar an maoin. <\/p><\/div><\/div><div class=\"wp-block-uagb-faq-child uagb-faq-child__outer-wrap uagb-faq-item uagb-block-5426c70c \" role=\"tab\" tabindex=\"0\"><div class=\"uagb-faq-questions-button uagb-faq-questions\">\t\t\t<span class=\"uagb-icon uagb-faq-icon-wrap\">\n\t\t\t\t\t\t\t\t<svg xmlns=\"https:\/\/www.w3.org\/2000\/svg\" viewBox= \"0 0 448 512\"><path d=\"M432 256c0 17.69-14.33 32.01-32 32.01H256v144c0 17.69-14.33 31.99-32 31.99s-32-14.3-32-31.99v-144H48c-17.67 0-32-14.32-32-32.01s14.33-31.99 32-31.99H192v-144c0-17.69 14.33-32.01 32-32.01s32 14.32 32 32.01v144h144C417.7 224 432 238.3 432 256z\"><\/path><\/svg>\n\t\t\t\t\t\t\t<\/span>\n\t\t\t\t\t\t<span class=\"uagb-icon-active uagb-faq-icon-wrap\">\n\t\t\t\t\t\t\t\t<svg xmlns=\"https:\/\/www.w3.org\/2000\/svg\" viewBox= \"0 0 448 512\"><path d=\"M400 288h-352c-17.69 0-32-14.32-32-32.01s14.31-31.99 32-31.99h352c17.69 0 32 14.3 32 31.99S417.7 288 400 288z\"><\/path><\/svg>\n\t\t\t\t\t\t\t<\/span>\n\t\t\t<span class=\"uagb-question\">Cathain is f\u00e9idir le creidi\u00fana\u00ed iarratas a dh\u00e9anamh ar riarach\u00e1n \u00e9igeantach?<\/span><\/div><div class=\"uagb-faq-content\"><p>F\u00e9adfaidh creidi\u00fana\u00ed iarratas a dh\u00e9anamh ar riarach\u00e1n \u00e9igeantach m\u00e1 t\u00e1 \u00e9ileamh airgid infhorghn\u00edomhaithe aige agus m\u00e1 t\u00e1 maoin, ceart t\u00f3g\u00e1la n\u00f3 foirgneamh s\u00e1rstrucht\u00fartha ag an duine at\u00e1 faoi oibleag\u00e1id.<\/p><\/div><\/div><div class=\"wp-block-uagb-faq-child uagb-faq-child__outer-wrap uagb-faq-item uagb-block-af2c5f4e \" role=\"tab\" tabindex=\"0\"><div class=\"uagb-faq-questions-button uagb-faq-questions\">\t\t\t<span class=\"uagb-icon uagb-faq-icon-wrap\">\n\t\t\t\t\t\t\t\t<svg xmlns=\"https:\/\/www.w3.org\/2000\/svg\" viewBox= \"0 0 448 512\"><path d=\"M432 256c0 17.69-14.33 32.01-32 32.01H256v144c0 17.69-14.33 31.99-32 31.99s-32-14.3-32-31.99v-144H48c-17.67 0-32-14.32-32-32.01s14.33-31.99 32-31.99H192v-144c0-17.69 14.33-32.01 32-32.01s32 14.32 32 32.01v144h144C417.7 224 432 238.3 432 256z\"><\/path><\/svg>\n\t\t\t\t\t\t\t<\/span>\n\t\t\t\t\t\t<span class=\"uagb-icon-active uagb-faq-icon-wrap\">\n\t\t\t\t\t\t\t\t<svg xmlns=\"https:\/\/www.w3.org\/2000\/svg\" viewBox= \"0 0 448 512\"><path d=\"M400 288h-352c-17.69 0-32-14.32-32-32.01s14.31-31.99 32-31.99h352c17.69 0 32 14.3 32 31.99S417.7 288 400 288z\"><\/path><\/svg>\n\t\t\t\t\t\t\t<\/span>\n\t\t\t<span class=\"uagb-question\">C\u00e9n t-ioncam a chumhda\u00edonn an riarach\u00e1n \u00e9igeantach?<\/span><\/div><div class=\"uagb-faq-content\"><p>Cl\u00fada\u00edonn an riarach\u00e1n \u00e9igeantach gach \u00fas\u00e1id agus ioncam na maoine, e.g. B. \u00cdoca\u00edochta\u00ed c\u00edosa n\u00f3 l\u00e9asa.<\/p><\/div><\/div><div class=\"wp-block-uagb-faq-child uagb-faq-child__outer-wrap uagb-faq-item uagb-block-d298f0ea \" role=\"tab\" tabindex=\"0\"><div class=\"uagb-faq-questions-button uagb-faq-questions\">\t\t\t<span class=\"uagb-icon uagb-faq-icon-wrap\">\n\t\t\t\t\t\t\t\t<svg xmlns=\"https:\/\/www.w3.org\/2000\/svg\" viewBox= \"0 0 448 512\"><path d=\"M432 256c0 17.69-14.33 32.01-32 32.01H256v144c0 17.69-14.33 31.99-32 31.99s-32-14.3-32-31.99v-144H48c-17.67 0-32-14.32-32-32.01s14.33-31.99 32-31.99H192v-144c0-17.69 14.33-32.01 32-32.01s32 14.32 32 32.01v144h144C417.7 224 432 238.3 432 256z\"><\/path><\/svg>\n\t\t\t\t\t\t\t<\/span>\n\t\t\t\t\t\t<span class=\"uagb-icon-active uagb-faq-icon-wrap\">\n\t\t\t\t\t\t\t\t<svg xmlns=\"https:\/\/www.w3.org\/2000\/svg\" viewBox= \"0 0 448 512\"><path d=\"M400 288h-352c-17.69 0-32-14.32-32-32.01s14.31-31.99 32-31.99h352c17.69 0 32 14.3 32 31.99S417.7 288 400 288z\"><\/path><\/svg>\n\t\t\t\t\t\t\t<\/span>\n\t\t\t<span class=\"uagb-question\">Cad iad na dualgais a ghlacann an riarth\u00f3ir \u00e9igeantach air f\u00e9in?<\/span><\/div><div class=\"uagb-faq-content\"><p>Bail\u00edonn an riarth\u00f3ir ioncam na maoine, riarann s\u00e9 an mhaoin, cuireann s\u00e9 tr\u00ed\u00fa p\u00e1irtithe ar an eolas faoin oibleag\u00e1id \u00edoca\u00edochta athraithe, cuireann s\u00e9 bill\u00ed agus tuarasc\u00e1lacha isteach agus d\u00e9anann s\u00e9 bearta riarach\u00e1in de r\u00e9ir fhor\u00e1lacha an EO.<\/p><\/div><\/div><div class=\"wp-block-uagb-faq-child uagb-faq-child__outer-wrap uagb-faq-item uagb-block-b65bde66 \" role=\"tab\" tabindex=\"0\"><div class=\"uagb-faq-questions-button uagb-faq-questions\">\t\t\t<span class=\"uagb-icon uagb-faq-icon-wrap\">\n\t\t\t\t\t\t\t\t<svg xmlns=\"https:\/\/www.w3.org\/2000\/svg\" viewBox= \"0 0 448 512\"><path d=\"M432 256c0 17.69-14.33 32.01-32 32.01H256v144c0 17.69-14.33 31.99-32 31.99s-32-14.3-32-31.99v-144H48c-17.67 0-32-14.32-32-32.01s14.33-31.99 32-31.99H192v-144c0-17.69 14.33-32.01 32-32.01s32 14.32 32 32.01v144h144C417.7 224 432 238.3 432 256z\"><\/path><\/svg>\n\t\t\t\t\t\t\t<\/span>\n\t\t\t\t\t\t<span class=\"uagb-icon-active uagb-faq-icon-wrap\">\n\t\t\t\t\t\t\t\t<svg xmlns=\"https:\/\/www.w3.org\/2000\/svg\" viewBox= \"0 0 448 512\"><path d=\"M400 288h-352c-17.69 0-32-14.32-32-32.01s14.31-31.99 32-31.99h352c17.69 0 32 14.3 32 31.99S417.7 288 400 288z\"><\/path><\/svg>\n\t\t\t\t\t\t\t<\/span>\n\t\t\t<span class=\"uagb-question\">C\u00e9n tionchar a bh\u00edonn ag an riarach\u00e1n \u00e9igeantach ar chonartha\u00ed c\u00edosa agus l\u00e9asa at\u00e1 ann cheana?<\/span><\/div><div class=\"uagb-faq-content\"><p>Fanann conartha\u00ed c\u00edosa agus l\u00e9asa at\u00e1 ann cheana bail\u00ed ar dt\u00fas. Mar sin f\u00e9in, f\u00e9adfaidh an riarth\u00f3ir iad a fhoirceannadh de r\u00e9ir na rialacha ginear\u00e1lta n\u00f3 conartha\u00ed nua a dh\u00e9anamh ar feadh na tr\u00e9imhse is gn\u00e1ch sa cheantar. <\/p><\/div><\/div><div class=\"wp-block-uagb-faq-child uagb-faq-child__outer-wrap uagb-faq-item uagb-block-b2023bb3 \" role=\"tab\" tabindex=\"0\"><div class=\"uagb-faq-questions-button uagb-faq-questions\">\t\t\t<span class=\"uagb-icon uagb-faq-icon-wrap\">\n\t\t\t\t\t\t\t\t<svg xmlns=\"https:\/\/www.w3.org\/2000\/svg\" viewBox= \"0 0 448 512\"><path d=\"M432 256c0 17.69-14.33 32.01-32 32.01H256v144c0 17.69-14.33 31.99-32 31.99s-32-14.3-32-31.99v-144H48c-17.67 0-32-14.32-32-32.01s14.33-31.99 32-31.99H192v-144c0-17.69 14.33-32.01 32-32.01s32 14.32 32 32.01v144h144C417.7 224 432 238.3 432 256z\"><\/path><\/svg>\n\t\t\t\t\t\t\t<\/span>\n\t\t\t\t\t\t<span class=\"uagb-icon-active uagb-faq-icon-wrap\">\n\t\t\t\t\t\t\t\t<svg xmlns=\"https:\/\/www.w3.org\/2000\/svg\" viewBox= \"0 0 448 512\"><path d=\"M400 288h-352c-17.69 0-32-14.32-32-32.01s14.31-31.99 32-31.99h352c17.69 0 32 14.3 32 31.99S417.7 288 400 288z\"><\/path><\/svg>\n\t\t\t\t\t\t\t<\/span>\n\t\t\t<span class=\"uagb-question\">Conas a dh\u00e1iltear na barrachais ioncaim?<\/span><\/div><div class=\"uagb-faq-content\"><p>Tar \u00e9is na costais riarach\u00e1in a asbhaint, d\u00e1ileann an ch\u00fairt na barrachais ioncaim i seisi\u00fan. Caithfidh creidi\u00fanaithe a n-\u00e9ilimh a chl\u00e1r\u00fa ionas go gcuirfear san \u00e1ireamh iad. <\/p><\/div><\/div><div class=\"wp-block-uagb-faq-child uagb-faq-child__outer-wrap uagb-faq-item uagb-block-6f9e0328 \" role=\"tab\" tabindex=\"0\"><div class=\"uagb-faq-questions-button uagb-faq-questions\">\t\t\t<span class=\"uagb-icon uagb-faq-icon-wrap\">\n\t\t\t\t\t\t\t\t<svg xmlns=\"https:\/\/www.w3.org\/2000\/svg\" viewBox= \"0 0 448 512\"><path d=\"M432 256c0 17.69-14.33 32.01-32 32.01H256v144c0 17.69-14.33 31.99-32 31.99s-32-14.3-32-31.99v-144H48c-17.67 0-32-14.32-32-32.01s14.33-31.99 32-31.99H192v-144c0-17.69 14.33-32.01 32-32.01s32 14.32 32 32.01v144h144C417.7 224 432 238.3 432 256z\"><\/path><\/svg>\n\t\t\t\t\t\t\t<\/span>\n\t\t\t\t\t\t<span class=\"uagb-icon-active uagb-faq-icon-wrap\">\n\t\t\t\t\t\t\t\t<svg xmlns=\"https:\/\/www.w3.org\/2000\/svg\" viewBox= \"0 0 448 512\"><path d=\"M400 288h-352c-17.69 0-32-14.32-32-32.01s14.31-31.99 32-31.99h352c17.69 0 32 14.3 32 31.99S417.7 288 400 288z\"><\/path><\/svg>\n\t\t\t\t\t\t\t<\/span>\n\t\t\t<span class=\"uagb-question\">Cathain a fhoirceannann an ch\u00fairt an riarach\u00e1n \u00e9igeantach?<\/span><\/div><div class=\"uagb-faq-content\"><p>Foirceannann an ch\u00fairt an riarach\u00e1n \u00e9igeantach nuair a sh\u00e1sa\u00edtear gach \u00e9ileamh a oibr\u00edtear, nuair nach bhfuiltear ag s\u00fail le hioncam ar bith n\u00f3 le hioncam r\u00f3-\u00edseal n\u00f3 nuair a chrutha\u00edonn an lean\u00faint ar aghaidh costais nach f\u00e9idir a chl\u00fadach \u00f3n ioncam. F\u00e9adfaidh creidi\u00fana\u00ed iarratas a dh\u00e9anamh ar fhoirceannadh am ar bith. <\/p><\/div><\/div><\/div><a class=\"mr-cta-link mr-cta-button-cal\" href=\"#h2-booking\" title=\"Comhairli\u00fach\u00e1n Tosaigh Saor in Aisce\"><span class=\"mr-cta-link-normal\">Roghnaigh an d\u00e1ta is fearr leat anois:<\/span><span class=\"mr-cta-link-bold\">Comhairli\u00fach\u00e1n Tosaigh Saor in Aisce<\/span><\/a>\n","protected":false},"excerpt":{"rendered":"De r\u00e9ir \u00a7 97 Abs 1 EO, is f\u00e9idir riarach\u00e1n \u00e9igeantach maoine, foirgnimh sh\u00e1rstrucht\u00fartha n\u00f3 ceart t\u00f3g\u00e1la a chead\u00fa i bhfabhar \u00e9ileamh airgid infhorghn\u00edomhaithe. De r\u00e9ir Abs 2, \u00fas\u00e1idtear \u00fas\u00e1id\u00ed agus ioncam na maoine chuige sin; \u00e1ir\u00edtear leis freisin ioncam \u00f3 oibr\u00edocht foraoiseachta n\u00f3 talmha\u00edochta a oibr\u00edtear ar an maoin. ","protected":false},"author":29,"featured_media":92561,"parent":70273,"menu_order":36,"comment_status":"closed","ping_status":"closed","template":"","meta":{"_acf_changed":false,"_uag_custom_page_level_css":"","footnotes":""},"categories":[1511],"tags":[],"class_list":["post-92559","page","type-page","status-publish","has-post-thumbnail","hentry","category-forghniomhu-eigeantais-forghniomhu"],"acf":[],"uagb_featured_image_src":{"full":["https:\/\/harlander-partner.eu\/wp-content\/uploads\/Zwangsverwaltung.webp",1920,1080,false],"thumbnail":["https:\/\/harlander-partner.eu\/wp-content\/uploads\/Zwangsverwaltung-100x100.webp",100,100,true],"medium":["https:\/\/harlander-partner.eu\/wp-content\/uploads\/Zwangsverwaltung-800x450.webp",800,450,true],"medium_large":["https:\/\/harlander-partner.eu\/wp-content\/uploads\/Zwangsverwaltung.webp",1920,1080,false],"large":["https:\/\/harlander-partner.eu\/wp-content\/uploads\/Zwangsverwaltung.webp",1920,1080,false],"1536x1536":["https:\/\/harlander-partner.eu\/wp-content\/uploads\/Zwangsverwaltung.webp",1536,864,false],"2048x2048":["https:\/\/harlander-partner.eu\/wp-content\/uploads\/Zwangsverwaltung.webp",1920,1080,false],"336x":["https:\/\/harlander-partner.eu\/wp-content\/uploads\/Zwangsverwaltung-336x189.webp",336,189,true],"352x":["https:\/\/harlander-partner.eu\/wp-content\/uploads\/Zwangsverwaltung-352x198.webp",352,198,true],"woocommerce_thumbnail":["https:\/\/harlander-partner.eu\/wp-content\/uploads\/Zwangsverwaltung-300x300.webp",300,300,true],"woocommerce_single":["https:\/\/harlander-partner.eu\/wp-content\/uploads\/Zwangsverwaltung-600x338.webp",600,338,true],"woocommerce_gallery_thumbnail":["https:\/\/harlander-partner.eu\/wp-content\/uploads\/Zwangsverwaltung-100x100.webp",100,100,true],"yarpp-thumbnail":["https:\/\/harlander-partner.eu\/wp-content\/uploads\/Zwangsverwaltung-120x120.webp",120,120,true]},"uagb_author_info":{"display_name":"Katharina Huber","author_link":"https:\/\/harlander-partner.eu\/ga\/author\/katharina-huber\/"},"uagb_comment_info":0,"uagb_excerpt":"De r\u00e9ir \u00a7 97 Abs 1 EO, is f\u00e9idir riarach\u00e1n \u00e9igeantach maoine, foirgnimh sh\u00e1rstrucht\u00fartha n\u00f3 ceart t\u00f3g\u00e1la a chead\u00fa i bhfabhar \u00e9ileamh airgid infhorghn\u00edomhaithe. De r\u00e9ir Abs 2, \u00fas\u00e1idtear \u00fas\u00e1id\u00ed agus ioncam na maoine chuige sin; \u00e1ir\u00edtear leis freisin ioncam \u00f3 oibr\u00edocht foraoiseachta n\u00f3 talmha\u00edochta a oibr\u00edtear ar an maoin.","_links":{"self":[{"href":"https:\/\/harlander-partner.eu\/ga\/wp-json\/wp\/v2\/pages\/92559","targetHints":{"allow":["GET"]}}],"collection":[{"href":"https:\/\/harlander-partner.eu\/ga\/wp-json\/wp\/v2\/pages"}],"about":[{"href":"https:\/\/harlander-partner.eu\/ga\/wp-json\/wp\/v2\/types\/page"}],"author":[{"embeddable":true,"href":"https:\/\/harlander-partner.eu\/ga\/wp-json\/wp\/v2\/users\/29"}],"replies":[{"embeddable":true,"href":"https:\/\/harlander-partner.eu\/ga\/wp-json\/wp\/v2\/comments?post=92559"}],"version-history":[{"count":0,"href":"https:\/\/harlander-partner.eu\/ga\/wp-json\/wp\/v2\/pages\/92559\/revisions"}],"up":[{"embeddable":true,"href":"https:\/\/harlander-partner.eu\/ga\/wp-json\/wp\/v2\/pages\/70273"}],"wp:featuredmedia":[{"embeddable":true,"href":"https:\/\/harlander-partner.eu\/ga\/wp-json\/wp\/v2\/media\/92561"}],"wp:attachment":[{"href":"https:\/\/harlander-partner.eu\/ga\/wp-json\/wp\/v2\/media?parent=92559"}],"wp:term":[{"taxonomy":"category","embeddable":true,"href":"https:\/\/harlander-partner.eu\/ga\/wp-json\/wp\/v2\/categories?post=92559"},{"taxonomy":"post_tag","embeddable":true,"href":"https:\/\/harlander-partner.eu\/ga\/wp-json\/wp\/v2\/tags?post=92559"}],"curies":[{"name":"wp","href":"https:\/\/api.w.org\/{rel}","templated":true}]}}