{"id":86909,"date":"2025-10-13T10:00:46","date_gmt":"2025-10-13T08:00:46","guid":{"rendered":"https:\/\/harlander-partner.eu\/dli-coiriuil\/pionos-priosunachta-a-ghearradh-ar-dhaoine-faoi-bhun-bliain-is-fiche-daois\/"},"modified":"2025-11-26T09:19:00","modified_gmt":"2025-11-26T08:19:00","slug":"pionos-priosunachta-a-ghearradh-ar-dhaoine-faoi-bhun-bliain-is-fiche-daois","status":"publish","type":"page","link":"https:\/\/harlander-partner.eu\/ga\/dli-coiriuil\/pionos-priosunachta-a-ghearradh-ar-dhaoine-faoi-bhun-bliain-is-fiche-daois\/","title":{"rendered":"Pion\u00f3s pr\u00edos\u00fanachta a ghearradh ar dhaoine faoi bhun bliain is fiche d\u2019aois"},"content":{"rendered":"\n<div class=\"wp-block-yoast-seo-table-of-contents yoast-table-of-contents\"><h2>Pion\u00f3s pr\u00edos\u00fanachta a ghearradh ar dhaoine faoi bhun bliain is fiche d\u2019aois<\/h2><ul><li><a href=\"#h-verhangung-von-freiheitsstrafen-uber-personen-unter-einundzwanzig-jahren\" data-level=\"2\">Pion\u00f3s pr\u00edos\u00fanachta a ghearradh ar dhaoine faoi bhun bliain is fiche d\u2019aois<\/a><\/li><li><a href=\"#h-grundsatz\" data-level=\"2\">Bunphrionsabal<\/a><\/li><li><a href=\"#h-bedeutung\" data-level=\"2\">T\u00e1bhacht<\/a><\/li><li><a href=\"#h-berucksichtigung-in-der-praxis\" data-level=\"2\">Breithni\u00fa sa chleachtas<\/a><\/li><li><a href=\"#h-zentrale-regeln-des-19-jgg\" data-level=\"2\">Rialacha l\u00e1rnacha \u00a719 JGG<\/a><\/li><li><a href=\"#h-ihre-vorteile-mit-anwaltlicher-unterstutzung\" data-level=\"2\">Do bhunt\u00e1ist\u00ed le taca\u00edocht dl\u00ed<\/a><\/li><li><a href=\"#h-haufig-gestellte-fragen-faq\" data-level=\"2\">Ceisteanna Coitianta \u2013 CC<\/a><\/li><\/ul><\/div>\n\n<h2 class=\"wp-block-heading\" id=\"h-verhangung-von-freiheitsstrafen-uber-personen-unter-einundzwanzig-jahren\">Pion\u00f3s pr\u00edos\u00fanachta a ghearradh ar dhaoine faoi bhun bliain is fiche d\u2019aois<\/h2>\n\n<p class=\"wp-block-paragraph\">Riala\u00edonn <a href=\"https:\/\/www.ris.bka.gv.at\/NormDokument.wxe?Abfrage=Bundesnormen&amp;Gesetzesnummer=10002296&amp;Artikel=&amp;Paragraf=36&amp;Anlage=&amp;Uebergangsrecht=\" target=\"_blank\" rel=\"noreferrer noopener\">\u00a7 36 StGB<\/a> gearradh pion\u00f3s pr\u00edos\u00fanachta ar dhaoine \u00f3ga f\u00e1sta nach bhfuil 21 bliain d\u2019aois sl\u00e1naithe acu tr\u00e1th na coire. Baineann na bagairt\u00ed pion\u00f3is speisialta de chuid an Achta um Ch\u00fairteanna \u00d3ige leo de r\u00e9ir <a href=\"https:\/\/www.ris.bka.gv.at\/NormDokument.wxe?Abfrage=Bundesnormen&amp;Gesetzesnummer=10002825&amp;Artikel=&amp;Paragraf=19&amp;Anlage=&amp;Uebergangsrecht=\" target=\"_blank\" rel=\"noreferrer noopener\">\u00a7 19 JGG<\/a>.  <\/p>\n\n<p class=\"wp-block-paragraph\">Aithn\u00edtear leis seo go mb\u00edonn daoine \u00f3ga f\u00f3s ag forbairt go minic agus nach ionann a n-aib\u00edocht, a l\u00e9argas agus a gcumas freagracht a ghlacadh agus aib\u00edocht, l\u00e9argas agus cumas duine f\u00e1sta.<\/p>\n\n<div class=\"wp-block-uagb-container uagb-block-3019fe8e alignfull uagb-is-root-container\">\n<div class=\"wp-block-uagb-container uagb-block-32585033\">\n<p class=\"wp-block-paragraph\">Ceada\u00edonn an dl\u00ed pion\u00f3s n\u00edos s\u00e9imhe a ghearradh ar dhaoine faoi 21 bliain d\u2019aois m\u00e1 t\u00e1 tr\u00e9ithe tipici\u00fala d\u2019fhorbairt na h\u00f3ige f\u00f3s ag baint lena n-iompar agus lena bpearsantacht.<\/p>\n<\/div>\n\n\n\n<div class=\"wp-block-uagb-container uagb-block-45819ab6\"><picture>\r\n\t\t<source srcset=\"https:\/\/harlander-partner.eu\/wp-content\/uploads\/Verhaengung-von-Freiheitsstrafen-ueber-Personen-unter-einundzwanzig-Jahren-352x198.webp\" >\r\n\t\t<img decoding=\"async\" class=\"mr-picture-small\" src=\"https:\/\/harlander-partner.eu\/wp-content\/uploads\/Verhaengung-von-Freiheitsstrafen-ueber-Personen-unter-einundzwanzig-Jahren.webp\" alt=\"Cuireann \u00a7 36 StGB teorainn le pion\u00f3is phr\u00edos\u00fanachta do dhaoine \u00f3ga f\u00e1sta faoi 21 bliain d\u2019aois go 15 bliana agus cuireann s\u00e9 a n-aib\u00edocht phearsanta san \u00e1ireamh.\" >\r\n\t<\/picture>\n<\/div>\n<\/div>\n\n<h2 class=\"wp-block-heading\" id=\"h-grundsatz\">Bunphrionsabal<\/h2>\n\n<p class=\"wp-block-paragraph\">D\u00e9ile\u00e1lann dl\u00ed coiri\u00fail na hOstaire le daoine \u00f3ga f\u00e1sta ar bhealach neamhsple\u00e1ch chun pion\u00f3is iomarcacha a sheachaint. Tagra\u00edonn <a href=\"https:\/\/www.ris.bka.gv.at\/NormDokument.wxe?Abfrage=Bundesnormen&amp;Gesetzesnummer=10002296&amp;Artikel=&amp;Paragraf=36&amp;Anlage=&amp;Uebergangsrecht=\" target=\"_blank\" rel=\"noreferrer noopener\">\u00a7 36 StGB<\/a> go sainr\u00e1ite do <a href=\"https:\/\/www.ris.bka.gv.at\/NormDokument.wxe?Abfrage=Bundesnormen&amp;Gesetzesnummer=10002825&amp;Artikel=&amp;Paragraf=19&amp;Anlage=&amp;Uebergangsrecht=\" target=\"_blank\" rel=\"noreferrer noopener\">\u00a7 19 JGG<\/a>, a shonra\u00edonn nach gceada\u00edtear do ch\u00fairteanna pion\u00f3s pr\u00edos\u00fanachta n\u00edos m\u00f3 n\u00e1 15 bliana a ghearradh ar dhaoine faoi 21 bliain d\u2019aois i bprionsabal.<\/p>\n\n<p class=\"wp-block-paragraph\">N\u00ed f\u00e9idir an pion\u00f3s a bheith suas le 20 bliain ach amh\u00e1in i gc\u00e1s coireanna tromch\u00faiseacha go h\u00e1irithe, amhail gn\u00edomhartha for\u00e9igin i gcoinne choirp agus beatha, cionta gn\u00e9is n\u00f3 rannph\u00e1irt\u00edocht in eagra\u00edochta\u00ed sceimhlitheoireachta. N\u00ed m\u00f3r don ch\u00fairt a scr\u00fad\u00fa i ngach c\u00e1s an l\u00e9ir\u00edonn an choir agus pearsantacht an chiont\u00f3ra tr\u00e9ithe tipici\u00fala \u00f3ige f\u00f3s. <\/p>\n\n<h2 class=\"wp-block-heading\" id=\"h-bedeutung\">T\u00e1bhacht<\/h2>\n\n<p class=\"wp-block-paragraph\">T\u00e1 s\u00e9 i gceist ag an rialach\u00e1n a chinnti\u00fa nach bhfaigheann daoine \u00f3ga f\u00e1sta an creat pion\u00f3is c\u00e9anna le ciont\u00f3ir\u00ed l\u00e1nfhorbartha m\u00e1 t\u00e1 a n-aib\u00edocht f\u00f3s teoranta. Is droichead \u00e9 idir dl\u00ed coiri\u00fail na n-\u00f3g agus dl\u00ed coiri\u00fail na ndaoine f\u00e1sta. <\/p>\n\n<p class=\"wp-block-paragraph\">Is \u00e9 cusp\u00f3ir an rialach\u00e1in seo an pion\u00f3s a chur in oiri\u00faint d\u2019fh\u00edorfhorbairt an chiont\u00f3ra. T\u00e1 freagracht phearsanta n\u00edos l\u00fa ar dhuine a ghn\u00edomha\u00edonn i staid mhoth\u00fach\u00e1nach n\u00f3 neamhaib\u00ed ag 19 mbliana d\u2019aois n\u00e1 mar at\u00e1 ar dhuine f\u00e1sta a bhfuil taith\u00ed aige a riala\u00edonn a ghn\u00edomhartha go comhfhiosach. <\/p>\n\n<p class=\"wp-block-paragraph\">Ar an gcaoi sin, coime\u00e1dann an ch\u00fairt prionsabal na ciontachta tr\u00ed an pion\u00f3s a mheas de r\u00e9ir na ciontachta aonair agus n\u00ed hamh\u00e1in de r\u00e9ir an ch\u00e1is sheachtraigh.<\/p>\n<a class=\"mr-cta-link mr-cta-button-cal\" href=\"#h2-booking\" title=\"Comhairli\u00fach\u00e1n Tosaigh Saor in Aisce\"><span class=\"mr-cta-link-normal\">Roghnaigh an d\u00e1ta is fearr leat anois:<\/span><span class=\"mr-cta-link-bold\">Comhairli\u00fach\u00e1n Tosaigh Saor in Aisce<\/span><\/a>\n\n<h2 class=\"wp-block-heading\" id=\"h-berucksichtigung-in-der-praxis\">Breithni\u00fa sa chleachtas<\/h2>\n\n<p class=\"wp-block-paragraph\">T\u00e1 r\u00f3l l\u00e1rnach ag an leibh\u00e9al aib\u00edochta pearsanta sa chleachtas breithi\u00fanach. \u00das\u00e1ideann an ch\u00fairt tuarasc\u00e1lacha, leibh\u00e9al oideachais, l\u00e1nph\u00e1irti\u00fa s\u00f3isialta agus imthosca saoil chun a mheas an bhfuil feidhm ag for\u00e1lacha an Achta um Ch\u00fairteanna \u00d3ige. <\/p>\n\n<p class=\"wp-block-paragraph\">Is f\u00e9idir pion\u00f3s a mhaol\u00fa mura raibh aib\u00edocht duine f\u00e1sta ag an gciont\u00f3ir tr\u00e1th na coire n\u00f3 m\u00e1 bh\u00ed a fhorbairt lagaithe. Cuirtear imthosca ar n\u00f3s st\u00edl mhaireacht\u00e1la chobhsa\u00ed, ionchais ghairmi\u00fala n\u00f3 l\u00e9argas ar an \u00e9ag\u00f3ir san \u00e1ireamh freisin. <\/p>\n\n<p class=\"wp-block-paragraph\">Is teorainn dhl\u00edthi\u00fail sheasta \u00ed an aoisghr\u00fapa 21 bliain. Is \u00ed an aois tr\u00e1th na coire at\u00e1 cinntitheach, n\u00ed tr\u00e1th an bhreithi\u00fanais. <\/p>\n    <div class=\"mr-quote mrbg clearfix\">\n        <a class=\"mr-quote-person\" href=\"\/ueber-uns\/rechtsanwalt-sebastian-riedlmair\/\" title=\"Rechtsanwalt Sebastian Riedlmair\">\n            <img decoding=\"async\" class=\"mr-quote-person-img\" src=\"https:\/\/harlander-partner.eu\/wp-content\/themes\/harlander\/design\/sr100.webp\" width=\"100\"\n                 height=\"100\" loading=\"lazy\" alt=\"Rechtsanwalt Sebastian Riedlmair\">\n            <span class=\"mr-quote-person-text\">\n            Sebastian Riedlmair<br>\n            <span class=\"mr-quote-person-function\">Harlander &amp; Partner Rechtsanw\u00e4lte<\/span>\n        <\/span>\n        <\/a>\n        <span class=\"mr-quote-content\">\u201eF\u00fcr Verteidiger und Gerichte ist die genaue Altersbestimmung und Beurteilung der Reife entscheidend. Schon wenige Monate k\u00f6nnen bestimmen, ob <a href=\"https:\/\/www.ris.bka.gv.at\/NormDokument.wxe?Abfrage=Bundesnormen&amp;Gesetzesnummer=10002296&amp;Artikel=&amp;Paragraf=36&amp;Anlage=&amp;Uebergangsrecht=\" target=\"_blank\" rel=\"noreferrer noopener\">\u00a7 36 StGB<\/a> anwendbar ist.\u201c<\/span>\n    <\/div>\n<a class=\"mr-cta-link mr-cta-button-cal\" href=\"#h2-booking\" title=\"Comhairli\u00fach\u00e1n Tosaigh Saor in Aisce\"><span class=\"mr-cta-link-normal\">Roghnaigh an d\u00e1ta is fearr leat anois:<\/span><span class=\"mr-cta-link-bold\">Comhairli\u00fach\u00e1n Tosaigh Saor in Aisce<\/span><\/a>\n\n<h2 class=\"wp-block-heading\" id=\"h-zentrale-regeln-des-19-jgg\">Rialacha l\u00e1rnacha \u00a719 JGG<\/h2>\n\n<p class=\"wp-block-paragraph\">Sula dtuigeann t\u00fa na creata\u00ed pion\u00f3is do dhaoine \u00f3ga f\u00e1sta, n\u00ed m\u00f3r duit a fhios a bheith agat conas a dh\u00e9ile\u00e1lann an tAcht um Ch\u00fairteanna \u00d3ige le pion\u00f3is go ginear\u00e1lta in <a href=\"https:\/\/www.ris.bka.gv.at\/NormDokument.wxe?Abfrage=Bundesnormen&amp;Gesetzesnummer=10002825&amp;Artikel=&amp;Paragraf=5&amp;Anlage=&amp;Uebergangsrecht=\">\u00a7 5 JGG<\/a>.<br\/>N\u00ed leanann dl\u00ed coiri\u00fail na n-\u00f3g an smaoineamh faoin bpion\u00f3s a ghearradh ar dt\u00fas, ach an smaoineamh faoin oideachas agus faoin athimeascadh. Sin \u00e9 an f\u00e1th go bhfuil na creata\u00ed pion\u00f3is i bhfad n\u00edos \u00edsle i gcompar\u00e1id leis an dl\u00ed coiri\u00fail ginear\u00e1lta. <\/p>\n\n<p class=\"wp-block-paragraph\">Cuirtear pion\u00f3is phr\u00edos\u00fanachta arda in ionad pion\u00f3is n\u00edos s\u00e9imhe i gc\u00e1s daoine \u00f3ga:<\/p>\n\n<ul class=\"wp-block-list\">\n<li>Cuirtear pion\u00f3s idir <strong>1 agus 15 bliana<\/strong> in ionad pion\u00f3s pr\u00edos\u00fanachta saoil m\u00e1 t\u00e1 an duine \u00f3g os cionn 16 bliana d\u2019aois.<\/li>\n\n\n\n<li>M\u00e1 t\u00e1 s\u00e9 n\u00edos \u00f3ige n\u00e1 16 bliana d\u2019aois, is \u00e9 <strong>10 mbliana<\/strong> an pion\u00f3s uasta.<\/li>\n\n\n\n<li>D\u00e9antar gach bagairt pion\u00f3is eile a <strong>leathn\u00fa<\/strong> freisin i ndl\u00ed coiri\u00fail na n-\u00f3g, agus cuirtear deireadh le h\u00edosmh\u00e9id reacht\u00fail.<\/li>\n<\/ul>\n\n<p class=\"wp-block-paragraph\">Feidhm\u00edonn na luachanna seo mar threoir nuair a chuirtear <a href=\"https:\/\/www.ris.bka.gv.at\/NormDokument.wxe?Abfrage=Bundesnormen&amp;Gesetzesnummer=10002825&amp;Artikel=&amp;Paragraf=19&amp;Anlage=&amp;Uebergangsrecht=\">\u00a7 19 JGG<\/a> i bhfeidhm ar dhaoine \u00f3ga f\u00e1sta faoi 21 bliain d\u2019aois.<\/p>\n\n<p class=\"wp-block-paragraph\"><strong>Go sonrach, riala\u00edonn <a href=\"https:\/\/www.ris.bka.gv.at\/NormDokument.wxe?Abfrage=Bundesnormen&amp;Gesetzesnummer=10002825&amp;Artikel=&amp;Paragraf=19&amp;Anlage=&amp;Uebergangsrecht=\" target=\"_blank\" rel=\"noreferrer noopener\">\u00a7 19 JGG<\/a> na nithe seo a leanas do dhaoine \u00f3ga f\u00e1sta:<\/strong><\/p>\n\n<ul class=\"wp-block-list\">\n<li><strong>An pion\u00f3s uasta:<\/strong> Pion\u00f3s pr\u00edos\u00fanachta suas le <strong>15 bliana<\/strong> do gach cion nach dtagann faoi na heisceachta\u00ed in alt 4.<\/li>\n\n\n\n<li><strong>An pion\u00f3s \u00edosta:<\/strong> Freagra\u00edonn s\u00e9 do na h\u00edosmh\u00e9ideanna pion\u00f3is a bhfuil feidhm acu maidir le daoine \u00f3ga de r\u00e9ir <a href=\"https:\/\/www.ris.bka.gv.at\/NormDokument.wxe?Abfrage=Bundesnormen&amp;Gesetzesnummer=10002825&amp;Artikel=&amp;Paragraf=5&amp;Anlage=&amp;Uebergangsrecht=\" target=\"_blank\" rel=\"noreferrer noopener\">\u00a7 5 JGG<\/a>, i.e. de ghn\u00e1th <strong>i bhfad faoi bhun na n-\u00edosmh\u00e9ideanna pion\u00f3is ginear\u00e1lta<\/strong>.<\/li>\n\n\n\n<li><strong>Eisceachta\u00ed:<\/strong> I gc\u00e1s coireanna tromch\u00faiseacha go h\u00e1irithe, amhail <strong>d\u00fanorgain, cionta gn\u00e9is tromch\u00faiseacha, rannph\u00e1irt\u00edocht sceimhlitheoireachta n\u00f3 coireacht eagraithe<\/strong>, fanann na bagairt\u00ed pion\u00f3is ginear\u00e1lta i bhfeidhm, uasmh\u00e9id <strong>20 bliain pr\u00edos\u00fanachta<\/strong>.<\/li>\n\n\n\n<li><strong>Gn\u00edomhartha comhcheangailte:<\/strong> M\u00e1 t\u00e1 cionta d\u00e9anta ag duine roimh agus tar \u00e9is a 21\u00fa breithl\u00e1, d\u00e9antar an pion\u00f3s a fhoirmi\u00fa <strong>de r\u00e9ir na rialacha do dhaoine \u00f3ga f\u00e1sta<\/strong> m\u00e1 bh\u00ed pr\u00edomhfh\u00f3cas na ngn\u00edomhartha roimh aois 21.<\/li>\n<\/ul>\n\n<p class=\"wp-block-paragraph\">T\u00e1 s\u00e9 i gceist ag na rialach\u00e1in seo cosc a chur ar earr\u00e1id\u00ed tipici\u00fala na h\u00f3ige a bheith ina n-iarmhairt\u00ed ar feadh an tsaoil. Ba cheart go bhfreagr\u00f3dh an pion\u00f3s d\u2019fhorbairt agus d\u2019fh\u00edoraib\u00edocht an chiont\u00f3ra agus n\u00ed hamh\u00e1in don phicti\u00far seachtrach. <\/p>\n\n<h2 class=\"wp-block-heading\" id=\"h-ihre-vorteile-mit-anwaltlicher-unterstutzung\">Do bhunt\u00e1ist\u00ed le taca\u00edocht dl\u00ed<\/h2>\n\n<p class=\"wp-block-paragraph\">Is ualach suntasach \u00e9 imeacht coiri\u00fail do na daoine lena mbaineann. \u00d3n t\u00fas, t\u00e1 iarmhairt\u00ed tromch\u00faiseacha ag bagairt \u2013 \u00f3 bhearta \u00e9igeantacha mar chuardach t\u00ed n\u00f3 gabh\u00e1il, go hiontr\u00e1lacha sa chl\u00e1r coiri\u00fail, go pr\u00edos\u00fanacht n\u00f3 f\u00edne\u00e1lacha. Is minic nach f\u00e9idir earr\u00e1id\u00ed sa ch\u00e9ad ch\u00e9im, mar r\u00e1itis neamhthuillte n\u00f3 easpa fianaise, a cheart\u00fa n\u00edos d\u00e9ana\u00ed. Is f\u00e9idir le riosca\u00ed eacnama\u00edocha, mar \u00e9ilimh ar dham\u00e1ist\u00ed n\u00f3 costais an n\u00f3s imeachta, a bheith an-suntasach freisin.   <\/p>\n\n<p class=\"wp-block-paragraph\">Cinnt\u00edonn cosaint choiri\u00fail speisialaithe go gcaomhna\u00edtear do chearta \u00f3n t\u00fas. Tugann s\u00ed cinnteacht maidir le d\u00e9ile\u00e1il leis na p\u00f3il\u00edn\u00ed agus leis an ionch\u00faiseamh poibl\u00ed, cosna\u00edonn s\u00ed i gcoinne f\u00e9in-ionchoiri\u00fa agus crutha\u00edonn s\u00ed an bonn le haghaidh strait\u00e9is chosanta shoil\u00e9ir. <\/p>\n\n<p class=\"wp-block-paragraph\">\u00c1r nGn\u00f3lacht Dl\u00ed:<\/p>\n\n<ul class=\"wp-block-list\">\n<li>scr\u00fada\u00edonn s\u00e9 an bhfuil agus c\u00e9n m\u00e9id at\u00e1 an c\u00faiseamh inbhuanaithe go dl\u00edthi\u00fail,<\/li>\n\n\n\n<li>t\u00e9ann s\u00e9 leat tr\u00ed imeachta\u00ed imscr\u00fadaithe agus pr\u00edomh-\u00e9isteacht,<\/li>\n\n\n\n<li>cinnt\u00edonn s\u00e9 iarratais, r\u00e1itis agus c\u00e9imeanna n\u00f3s imeachta at\u00e1 sl\u00e1n \u00f3 thaobh dl\u00ed,<\/li>\n\n\n\n<li>taca\u00edonn s\u00e9 le cosaint n\u00f3 rial\u00e1il \u00e9ileamh sibhialta,<\/li>\n\n\n\n<li>cosna\u00edonn s\u00e9 do chearta agus do leasanna os comhair na c\u00fairte, an ionch\u00faisimh phoibl\u00ed agus na bp\u00e1irtithe d\u00edobh\u00e1laithe.<\/li>\n<\/ul>\n    <div class=\"mr-quote mrbg clearfix\">\n        <a class=\"mr-quote-person\" href=\"\/ueber-uns\/rechtsanwalt-peter-harlander\/\" title=\"Rechtsanwalt Peter Harlander\">\n            <img decoding=\"async\" class=\"mr-quote-person-img\" src=\"https:\/\/harlander-partner.eu\/wp-content\/themes\/harlander\/design\/ph100.webp\" width=\"100\"\n                 height=\"100\" loading=\"lazy\" alt=\"Rechtsanwalt Peter Harlander\">\n            <span class=\"mr-quote-person-text\">\n            Peter Harlander<br>\n            <span class=\"mr-quote-person-function\">Harlander &amp; Partner Rechtsanw\u00e4lte<\/span>\n        <\/span>\n        <\/a>\n        <span class=\"mr-quote-content\">\u201eMachen Sie <strong>keine inhaltlichen Aussagen ohne vorherige R\u00fccksprache mit Ihrer Verteidigung<\/strong>. Sie haben jederzeit das Recht zu schweigen und eine Anw\u00e4ltin oder einen Anwalt beizuziehen. Dieses Recht gilt bereits bei der ersten polizeilichen Kontaktaufnahme. Erst nach <strong>Akteneinsicht<\/strong> l\u00e4sst sich kl\u00e4ren, ob und welche Einlassung sinnvoll ist.\u201c<\/span>\n    <\/div>\n<a class=\"mr-cta-link mr-cta-button-cal\" href=\"#h2-booking\" title=\"Comhairli\u00fach\u00e1n Tosaigh Saor in Aisce\"><span class=\"mr-cta-link-normal\">Roghnaigh an d\u00e1ta is fearr leat anois:<\/span><span class=\"mr-cta-link-bold\">Comhairli\u00fach\u00e1n Tosaigh Saor in Aisce<\/span><\/a>\n\n<h2 class=\"wp-block-heading\" id=\"h-haufig-gestellte-fragen-faq\">Ceisteanna Coitianta \u2013 CC<\/h2>\n<div class=\"wp-block-uagb-faq uagb-faq__outer-wrap uagb-block-63d9d2fb uagb-faq-icon-row uagb-faq-layout-accordion uagb-faq-expand-first-true uagb-faq-inactive-other-true uagb-faq__wrap uagb-buttons-layout-wrap uagb-faq-equal-height     \" data-faqtoggle=\"true\" role=\"tablist\"><script type=\"application\/ld+json\">{\"@context\":\"https:\\\/\\\/schema.org\",\"@type\":\"FAQPage\",\"@id\":\"https:\\\/\\\/harlander-partner.eu\\\/ga\\\/dli-coiriuil\\\/pionos-priosunachta-a-ghearradh-ar-dhaoine-faoi-bhun-bliain-is-fiche-daois\\\/\",\"mainEntity\":[{\"@type\":\"Question\",\"name\":\"Cad a riala\\u00edonn \\u00a7 36 StGB?\",\"acceptedAnswer\":{\"@type\":\"Answer\",\"text\":\"Sonra\\u00edonn \\u00a7 36 StGB go bhfuil feidhm ag bagairt\\u00ed pion\\u00f3is an Achta um Ch\\u00fairteanna \\u00d3ige (\\u00a7 19 JGG) maidir le daoine faoi 21 bliain d\\u2019aois. D\\u00e1 bhr\\u00ed sin, f\\u00e9adfaidh an ch\\u00fairt creata\\u00ed pion\\u00f3is n\\u00edos s\\u00e9imhe a chur i bhfeidhm toisc nach bhfuil aib\\u00edocht ciont\\u00f3ra l\\u00e1nfhorbartha bainte amach go minic ag daoine \\u00f3ga f\\u00e1sta. \"}},{\"@type\":\"Question\",\"name\":\"C\\u00e9n pion\\u00f3s pr\\u00edos\\u00fanachta is m\\u00f3 is f\\u00e9idir a ghearradh ar dhaoine \\u00f3ga f\\u00e1sta?\",\"acceptedAnswer\":{\"@type\":\"Answer\",\"text\":\"De r\\u00e9ir \\u00a7 19 JGG, n\\u00ed cheada\\u00edtear pion\\u00f3s pr\\u00edos\\u00fanachta os cionn 15 bliana a ghearradh ar dhaoine faoi 21 bliain d\\u2019aois i bprionsabal. N\\u00ed f\\u00e9idir an pion\\u00f3s a bheith suas le 20 bliain ach amh\\u00e1in i gc\\u00e1s coireanna tromch\\u00faiseacha go h\\u00e1irithe, mar shampla d\\u00fanorgain n\\u00f3 cionta gn\\u00e9is tromch\\u00faiseacha. \"}},{\"@type\":\"Question\",\"name\":\"Cathain a mheastar duine a bheith ina dhuine \\u00f3g f\\u00e1sta de r\\u00e9ir bhr\\u00ed an dl\\u00ed?\",\"acceptedAnswer\":{\"@type\":\"Answer\",\"text\":\"Is \\u00ed an aois tr\\u00e1th na coire at\\u00e1 cinntitheach. Baineann na rialacha speisialta do dhaoine \\u00f3ga f\\u00e1sta le haon duine a dh\\u00e9anann an choir sula sl\\u00e1na\\u00edonn s\\u00e9 21 bliain d\\u2019aois, fi\\u00fa m\\u00e1 dh\\u00e9antar an breithi\\u00fanas n\\u00edos d\\u00e9ana\\u00ed. \"}},{\"@type\":\"Question\",\"name\":\"C\\u00e9n r\\u00f3l at\\u00e1 ag aib\\u00edocht an chiont\\u00f3ra maidir le meas\\u00fan\\u00fa pion\\u00f3is?\",\"acceptedAnswer\":{\"@type\":\"Answer\",\"text\":\"Scr\\u00fada\\u00edonn an ch\\u00fairt an raibh l\\u00e9argas agus f\\u00e9inrial\\u00fa duine f\\u00e1sta ag an gciont\\u00f3ir tr\\u00e1th na coire cheana f\\u00e9in. F\\u00e9adfaidh leibh\\u00e9al aib\\u00edochta n\\u00edos \\u00edsle an pion\\u00f3s a \\u00edsli\\u00fa toisc go laghda\\u00edonn s\\u00e9 an chiontacht phearsanta. Is minic a \\u00fas\\u00e1idtear tuarasc\\u00e1lacha s\\u00edceola\\u00edocha n\\u00f3 s\\u00f3isialta chuige sin.  \"}},{\"@type\":\"Question\",\"name\":\"Cad is br\\u00ed leis an tagairt do \\u00a7 5 JGG?\",\"acceptedAnswer\":{\"@type\":\"Answer\",\"text\":\"Leagann \\u00a7 5 JGG s\\u00edos prionsabail dhl\\u00ed coiri\\u00fail na n-\\u00f3g. D\\u00e1 r\\u00e9ir sin, cuirtear pion\\u00f3is i bhfad n\\u00edos \\u00edsle in ionad pion\\u00f3is phr\\u00edos\\u00fanachta arda. Is f\\u00e9idir pion\\u00f3s saoil a laghd\\u00fa go huasmh\\u00e9id 15 bliana ar an gcaoi sin. Cuirtear deireadh le h\\u00edosmh\\u00e9ideanna pion\\u00f3is freisin n\\u00f3 d\\u00e9antar iad a leathn\\u00fa.   \"}},{\"@type\":\"Question\",\"name\":\"An f\\u00e9idir ilchionta a chur san \\u00e1ireamh freisin?\",\"acceptedAnswer\":{\"@type\":\"Answer\",\"text\":\"Sea. M\\u00e1 t\\u00e1 gn\\u00edomhartha d\\u00e9anta ag duine roimh agus tar \\u00e9is a 21\\u00fa breithl\\u00e1, foirm\\u00edonn an ch\\u00fairt pion\\u00f3s aonfhoirmeach de r\\u00e9ir na rialacha do dhaoine \\u00f3ga f\\u00e1sta, ar choinn\\u00edoll go raibh pr\\u00edomhfh\\u00f3cas na ngn\\u00edomhartha roimh aois 21. \"}},{\"@type\":\"Question\",\"name\":\"C\\u00e9n f\\u00e1th a nd\\u00e9ile\\u00e1lann an dl\\u00ed le daoine \\u00f3ga f\\u00e1sta ar bhealach n\\u00edos s\\u00e9imhe?\",\"acceptedAnswer\":{\"@type\":\"Answer\",\"text\":\"Is \\u00e9 an sprioc n\\u00e1 r\\u00f3-imoibrithe an ch\\u00f3rais phion\\u00f3is a sheachaint agus deiseanna forbartha a chaomhn\\u00fa. Is minic a bh\\u00edonn daoine \\u00f3ga f\\u00e1sta f\\u00f3s i mbun aistrithe. D\\u00e1 bhr\\u00ed sin, cuireann an dl\\u00ed coiri\\u00fail a n-aib\\u00edocht san \\u00e1ireamh agus d\\u00edr\\u00edonn s\\u00e9 n\\u00edos m\\u00f3 ar oideachas agus ar athimeascadh seachas ar phion\\u00f3s a ghearradh amh\\u00e1in.  \"}}]}<\/script><div class=\"wp-block-uagb-faq-child uagb-faq-child__outer-wrap uagb-faq-item uagb-block-faq36-q1 \" role=\"tab\" tabindex=\"0\"><div class=\"uagb-faq-questions-button uagb-faq-questions\">\t\t\t<span class=\"uagb-icon uagb-faq-icon-wrap\">\n\t\t\t\t\t\t\t\t<svg xmlns=\"https:\/\/www.w3.org\/2000\/svg\" viewBox= \"0 0 448 512\"><path d=\"M432 256c0 17.69-14.33 32.01-32 32.01H256v144c0 17.69-14.33 31.99-32 31.99s-32-14.3-32-31.99v-144H48c-17.67 0-32-14.32-32-32.01s14.33-31.99 32-31.99H192v-144c0-17.69 14.33-32.01 32-32.01s32 14.32 32 32.01v144h144C417.7 224 432 238.3 432 256z\"><\/path><\/svg>\n\t\t\t\t\t\t\t<\/span>\n\t\t\t\t\t\t<span class=\"uagb-icon-active uagb-faq-icon-wrap\">\n\t\t\t\t\t\t\t\t<svg xmlns=\"https:\/\/www.w3.org\/2000\/svg\" viewBox= \"0 0 448 512\"><path d=\"M400 288h-352c-17.69 0-32-14.32-32-32.01s14.31-31.99 32-31.99h352c17.69 0 32 14.3 32 31.99S417.7 288 400 288z\"><\/path><\/svg>\n\t\t\t\t\t\t\t<\/span>\n\t\t\t<span class=\"uagb-question\">Cad a riala\u00edonn \u00a7 36 StGB?<\/span><\/div><div class=\"uagb-faq-content\"><p>Sonra\u00edonn \u00a7 36 StGB go bhfuil feidhm ag bagairt\u00ed pion\u00f3is an Achta um Ch\u00fairteanna \u00d3ige (\u00a7 19 JGG) maidir le daoine faoi 21 bliain d\u2019aois. D\u00e1 bhr\u00ed sin, f\u00e9adfaidh an ch\u00fairt creata\u00ed pion\u00f3is n\u00edos s\u00e9imhe a chur i bhfeidhm toisc nach bhfuil aib\u00edocht ciont\u00f3ra l\u00e1nfhorbartha bainte amach go minic ag daoine \u00f3ga f\u00e1sta. <\/p><\/div><\/div><div class=\"wp-block-uagb-faq-child uagb-faq-child__outer-wrap uagb-faq-item uagb-block-faq36-q2 \" role=\"tab\" tabindex=\"0\"><div class=\"uagb-faq-questions-button uagb-faq-questions\">\t\t\t<span class=\"uagb-icon uagb-faq-icon-wrap\">\n\t\t\t\t\t\t\t\t<svg xmlns=\"https:\/\/www.w3.org\/2000\/svg\" viewBox= \"0 0 448 512\"><path d=\"M432 256c0 17.69-14.33 32.01-32 32.01H256v144c0 17.69-14.33 31.99-32 31.99s-32-14.3-32-31.99v-144H48c-17.67 0-32-14.32-32-32.01s14.33-31.99 32-31.99H192v-144c0-17.69 14.33-32.01 32-32.01s32 14.32 32 32.01v144h144C417.7 224 432 238.3 432 256z\"><\/path><\/svg>\n\t\t\t\t\t\t\t<\/span>\n\t\t\t\t\t\t<span class=\"uagb-icon-active uagb-faq-icon-wrap\">\n\t\t\t\t\t\t\t\t<svg xmlns=\"https:\/\/www.w3.org\/2000\/svg\" viewBox= \"0 0 448 512\"><path d=\"M400 288h-352c-17.69 0-32-14.32-32-32.01s14.31-31.99 32-31.99h352c17.69 0 32 14.3 32 31.99S417.7 288 400 288z\"><\/path><\/svg>\n\t\t\t\t\t\t\t<\/span>\n\t\t\t<span class=\"uagb-question\">C\u00e9n pion\u00f3s pr\u00edos\u00fanachta is m\u00f3 is f\u00e9idir a ghearradh ar dhaoine \u00f3ga f\u00e1sta?<\/span><\/div><div class=\"uagb-faq-content\"><p>De r\u00e9ir \u00a7 19 JGG, n\u00ed cheada\u00edtear pion\u00f3s pr\u00edos\u00fanachta os cionn 15 bliana a ghearradh ar dhaoine faoi 21 bliain d\u2019aois i bprionsabal. N\u00ed f\u00e9idir an pion\u00f3s a bheith suas le 20 bliain ach amh\u00e1in i gc\u00e1s coireanna tromch\u00faiseacha go h\u00e1irithe, mar shampla d\u00fanorgain n\u00f3 cionta gn\u00e9is tromch\u00faiseacha. <\/p><\/div><\/div><div class=\"wp-block-uagb-faq-child uagb-faq-child__outer-wrap uagb-faq-item uagb-block-faq36-q3 \" role=\"tab\" tabindex=\"0\"><div class=\"uagb-faq-questions-button uagb-faq-questions\">\t\t\t<span class=\"uagb-icon uagb-faq-icon-wrap\">\n\t\t\t\t\t\t\t\t<svg xmlns=\"https:\/\/www.w3.org\/2000\/svg\" viewBox= \"0 0 448 512\"><path d=\"M432 256c0 17.69-14.33 32.01-32 32.01H256v144c0 17.69-14.33 31.99-32 31.99s-32-14.3-32-31.99v-144H48c-17.67 0-32-14.32-32-32.01s14.33-31.99 32-31.99H192v-144c0-17.69 14.33-32.01 32-32.01s32 14.32 32 32.01v144h144C417.7 224 432 238.3 432 256z\"><\/path><\/svg>\n\t\t\t\t\t\t\t<\/span>\n\t\t\t\t\t\t<span class=\"uagb-icon-active uagb-faq-icon-wrap\">\n\t\t\t\t\t\t\t\t<svg xmlns=\"https:\/\/www.w3.org\/2000\/svg\" viewBox= \"0 0 448 512\"><path d=\"M400 288h-352c-17.69 0-32-14.32-32-32.01s14.31-31.99 32-31.99h352c17.69 0 32 14.3 32 31.99S417.7 288 400 288z\"><\/path><\/svg>\n\t\t\t\t\t\t\t<\/span>\n\t\t\t<span class=\"uagb-question\">Cathain a mheastar duine a bheith ina dhuine \u00f3g f\u00e1sta de r\u00e9ir bhr\u00ed an dl\u00ed?<\/span><\/div><div class=\"uagb-faq-content\"><p>Is \u00ed an aois tr\u00e1th na coire at\u00e1 cinntitheach. Baineann na rialacha speisialta do dhaoine \u00f3ga f\u00e1sta le haon duine a dh\u00e9anann an choir sula sl\u00e1na\u00edonn s\u00e9 21 bliain d\u2019aois, fi\u00fa m\u00e1 dh\u00e9antar an breithi\u00fanas n\u00edos d\u00e9ana\u00ed. <\/p><\/div><\/div><div class=\"wp-block-uagb-faq-child uagb-faq-child__outer-wrap uagb-faq-item uagb-block-faq36-q4 \" role=\"tab\" tabindex=\"0\"><div class=\"uagb-faq-questions-button uagb-faq-questions\">\t\t\t<span class=\"uagb-icon uagb-faq-icon-wrap\">\n\t\t\t\t\t\t\t\t<svg xmlns=\"https:\/\/www.w3.org\/2000\/svg\" viewBox= \"0 0 448 512\"><path d=\"M432 256c0 17.69-14.33 32.01-32 32.01H256v144c0 17.69-14.33 31.99-32 31.99s-32-14.3-32-31.99v-144H48c-17.67 0-32-14.32-32-32.01s14.33-31.99 32-31.99H192v-144c0-17.69 14.33-32.01 32-32.01s32 14.32 32 32.01v144h144C417.7 224 432 238.3 432 256z\"><\/path><\/svg>\n\t\t\t\t\t\t\t<\/span>\n\t\t\t\t\t\t<span class=\"uagb-icon-active uagb-faq-icon-wrap\">\n\t\t\t\t\t\t\t\t<svg xmlns=\"https:\/\/www.w3.org\/2000\/svg\" viewBox= \"0 0 448 512\"><path d=\"M400 288h-352c-17.69 0-32-14.32-32-32.01s14.31-31.99 32-31.99h352c17.69 0 32 14.3 32 31.99S417.7 288 400 288z\"><\/path><\/svg>\n\t\t\t\t\t\t\t<\/span>\n\t\t\t<span class=\"uagb-question\">C\u00e9n r\u00f3l at\u00e1 ag aib\u00edocht an chiont\u00f3ra maidir le meas\u00fan\u00fa pion\u00f3is?<\/span><\/div><div class=\"uagb-faq-content\"><p>Scr\u00fada\u00edonn an ch\u00fairt an raibh l\u00e9argas agus f\u00e9inrial\u00fa duine f\u00e1sta ag an gciont\u00f3ir tr\u00e1th na coire cheana f\u00e9in. F\u00e9adfaidh leibh\u00e9al aib\u00edochta n\u00edos \u00edsle an pion\u00f3s a \u00edsli\u00fa toisc go laghda\u00edonn s\u00e9 an chiontacht phearsanta. Is minic a \u00fas\u00e1idtear tuarasc\u00e1lacha s\u00edceola\u00edocha n\u00f3 s\u00f3isialta chuige sin.  <\/p><\/div><\/div><div class=\"wp-block-uagb-faq-child uagb-faq-child__outer-wrap uagb-faq-item uagb-block-faq36-q5 \" role=\"tab\" tabindex=\"0\"><div class=\"uagb-faq-questions-button uagb-faq-questions\">\t\t\t<span class=\"uagb-icon uagb-faq-icon-wrap\">\n\t\t\t\t\t\t\t\t<svg xmlns=\"https:\/\/www.w3.org\/2000\/svg\" viewBox= \"0 0 448 512\"><path d=\"M432 256c0 17.69-14.33 32.01-32 32.01H256v144c0 17.69-14.33 31.99-32 31.99s-32-14.3-32-31.99v-144H48c-17.67 0-32-14.32-32-32.01s14.33-31.99 32-31.99H192v-144c0-17.69 14.33-32.01 32-32.01s32 14.32 32 32.01v144h144C417.7 224 432 238.3 432 256z\"><\/path><\/svg>\n\t\t\t\t\t\t\t<\/span>\n\t\t\t\t\t\t<span class=\"uagb-icon-active uagb-faq-icon-wrap\">\n\t\t\t\t\t\t\t\t<svg xmlns=\"https:\/\/www.w3.org\/2000\/svg\" viewBox= \"0 0 448 512\"><path d=\"M400 288h-352c-17.69 0-32-14.32-32-32.01s14.31-31.99 32-31.99h352c17.69 0 32 14.3 32 31.99S417.7 288 400 288z\"><\/path><\/svg>\n\t\t\t\t\t\t\t<\/span>\n\t\t\t<span class=\"uagb-question\">Cad is br\u00ed leis an tagairt do \u00a7 5 JGG?<\/span><\/div><div class=\"uagb-faq-content\"><p>Leagann \u00a7 5 JGG s\u00edos prionsabail dhl\u00ed coiri\u00fail na n-\u00f3g. D\u00e1 r\u00e9ir sin, cuirtear pion\u00f3is i bhfad n\u00edos \u00edsle in ionad pion\u00f3is phr\u00edos\u00fanachta arda. Is f\u00e9idir pion\u00f3s saoil a laghd\u00fa go huasmh\u00e9id 15 bliana ar an gcaoi sin. Cuirtear deireadh le h\u00edosmh\u00e9ideanna pion\u00f3is freisin n\u00f3 d\u00e9antar iad a leathn\u00fa.   <\/p><\/div><\/div><div class=\"wp-block-uagb-faq-child uagb-faq-child__outer-wrap uagb-faq-item uagb-block-faq36-q6 \" role=\"tab\" tabindex=\"0\"><div class=\"uagb-faq-questions-button uagb-faq-questions\">\t\t\t<span class=\"uagb-icon uagb-faq-icon-wrap\">\n\t\t\t\t\t\t\t\t<svg xmlns=\"https:\/\/www.w3.org\/2000\/svg\" viewBox= \"0 0 448 512\"><path d=\"M432 256c0 17.69-14.33 32.01-32 32.01H256v144c0 17.69-14.33 31.99-32 31.99s-32-14.3-32-31.99v-144H48c-17.67 0-32-14.32-32-32.01s14.33-31.99 32-31.99H192v-144c0-17.69 14.33-32.01 32-32.01s32 14.32 32 32.01v144h144C417.7 224 432 238.3 432 256z\"><\/path><\/svg>\n\t\t\t\t\t\t\t<\/span>\n\t\t\t\t\t\t<span class=\"uagb-icon-active uagb-faq-icon-wrap\">\n\t\t\t\t\t\t\t\t<svg xmlns=\"https:\/\/www.w3.org\/2000\/svg\" viewBox= \"0 0 448 512\"><path d=\"M400 288h-352c-17.69 0-32-14.32-32-32.01s14.31-31.99 32-31.99h352c17.69 0 32 14.3 32 31.99S417.7 288 400 288z\"><\/path><\/svg>\n\t\t\t\t\t\t\t<\/span>\n\t\t\t<span class=\"uagb-question\">An f\u00e9idir ilchionta a chur san \u00e1ireamh freisin?<\/span><\/div><div class=\"uagb-faq-content\"><p>Sea. M\u00e1 t\u00e1 gn\u00edomhartha d\u00e9anta ag duine roimh agus tar \u00e9is a 21\u00fa breithl\u00e1, foirm\u00edonn an ch\u00fairt pion\u00f3s aonfhoirmeach de r\u00e9ir na rialacha do dhaoine \u00f3ga f\u00e1sta, ar choinn\u00edoll go raibh pr\u00edomhfh\u00f3cas na ngn\u00edomhartha roimh aois 21. <\/p><\/div><\/div><div class=\"wp-block-uagb-faq-child uagb-faq-child__outer-wrap uagb-faq-item uagb-block-faq36-q7 \" role=\"tab\" tabindex=\"0\"><div class=\"uagb-faq-questions-button uagb-faq-questions\">\t\t\t<span class=\"uagb-icon uagb-faq-icon-wrap\">\n\t\t\t\t\t\t\t\t<svg xmlns=\"https:\/\/www.w3.org\/2000\/svg\" viewBox= \"0 0 448 512\"><path d=\"M432 256c0 17.69-14.33 32.01-32 32.01H256v144c0 17.69-14.33 31.99-32 31.99s-32-14.3-32-31.99v-144H48c-17.67 0-32-14.32-32-32.01s14.33-31.99 32-31.99H192v-144c0-17.69 14.33-32.01 32-32.01s32 14.32 32 32.01v144h144C417.7 224 432 238.3 432 256z\"><\/path><\/svg>\n\t\t\t\t\t\t\t<\/span>\n\t\t\t\t\t\t<span class=\"uagb-icon-active uagb-faq-icon-wrap\">\n\t\t\t\t\t\t\t\t<svg xmlns=\"https:\/\/www.w3.org\/2000\/svg\" viewBox= \"0 0 448 512\"><path d=\"M400 288h-352c-17.69 0-32-14.32-32-32.01s14.31-31.99 32-31.99h352c17.69 0 32 14.3 32 31.99S417.7 288 400 288z\"><\/path><\/svg>\n\t\t\t\t\t\t\t<\/span>\n\t\t\t<span class=\"uagb-question\">C\u00e9n f\u00e1th a nd\u00e9ile\u00e1lann an dl\u00ed le daoine \u00f3ga f\u00e1sta ar bhealach n\u00edos s\u00e9imhe?<\/span><\/div><div class=\"uagb-faq-content\"><p>Is \u00e9 an sprioc n\u00e1 r\u00f3-imoibrithe an ch\u00f3rais phion\u00f3is a sheachaint agus deiseanna forbartha a chaomhn\u00fa. Is minic a bh\u00edonn daoine \u00f3ga f\u00e1sta f\u00f3s i mbun aistrithe. D\u00e1 bhr\u00ed sin, cuireann an dl\u00ed coiri\u00fail a n-aib\u00edocht san \u00e1ireamh agus d\u00edr\u00edonn s\u00e9 n\u00edos m\u00f3 ar oideachas agus ar athimeascadh seachas ar phion\u00f3s a ghearradh amh\u00e1in.  <\/p><\/div><\/div><\/div><a class=\"mr-cta-link mr-cta-button-cal\" href=\"#h2-booking\" title=\"Comhairli\u00fach\u00e1n Tosaigh Saor in Aisce\"><span class=\"mr-cta-link-normal\">Roghnaigh an d\u00e1ta is fearr leat anois:<\/span><span class=\"mr-cta-link-bold\">Comhairli\u00fach\u00e1n Tosaigh Saor in Aisce<\/span><\/a>\n","protected":false},"excerpt":{"rendered":"Pion\u00f3s pr\u00edos\u00fanachta a ghearradh ar dhaoine faoi bhun bliain is fiche d\u2019aois Riala\u00edonn \u00a7 36 StGB gearradh pion\u00f3s pr\u00edos\u00fanachta ar dhaoine \u00f3ga f\u00e1sta nach bhfuil 21 bliain d\u2019aois sl\u00e1naithe acu &#8230;","protected":false},"author":25,"featured_media":86912,"parent":67213,"menu_order":5,"comment_status":"closed","ping_status":"closed","template":"","meta":{"_acf_changed":false,"_uag_custom_page_level_css":"","footnotes":""},"categories":[1190],"tags":[],"class_list":["post-86909","page","type-page","status-publish","has-post-thumbnail","hentry","category-dli-coiriuil"],"acf":[],"uagb_featured_image_src":{"full":["https:\/\/harlander-partner.eu\/wp-content\/uploads\/Verhaengung-von-Freiheitsstrafen-ueber-Personen-unter-einundzwanzig-Jahren.webp",1920,1080,false],"thumbnail":["https:\/\/harlander-partner.eu\/wp-content\/uploads\/Verhaengung-von-Freiheitsstrafen-ueber-Personen-unter-einundzwanzig-Jahren-100x100.webp",100,100,true],"medium":["https:\/\/harlander-partner.eu\/wp-content\/uploads\/Verhaengung-von-Freiheitsstrafen-ueber-Personen-unter-einundzwanzig-Jahren-800x450.webp",800,450,true],"medium_large":["https:\/\/harlander-partner.eu\/wp-content\/uploads\/Verhaengung-von-Freiheitsstrafen-ueber-Personen-unter-einundzwanzig-Jahren.webp",1920,1080,false],"large":["https:\/\/harlander-partner.eu\/wp-content\/uploads\/Verhaengung-von-Freiheitsstrafen-ueber-Personen-unter-einundzwanzig-Jahren.webp",1920,1080,false],"1536x1536":["https:\/\/harlander-partner.eu\/wp-content\/uploads\/Verhaengung-von-Freiheitsstrafen-ueber-Personen-unter-einundzwanzig-Jahren.webp",1536,864,false],"2048x2048":["https:\/\/harlander-partner.eu\/wp-content\/uploads\/Verhaengung-von-Freiheitsstrafen-ueber-Personen-unter-einundzwanzig-Jahren.webp",1920,1080,false],"336x":["https:\/\/harlander-partner.eu\/wp-content\/uploads\/Verhaengung-von-Freiheitsstrafen-ueber-Personen-unter-einundzwanzig-Jahren-336x189.webp",336,189,true],"352x":["https:\/\/harlander-partner.eu\/wp-content\/uploads\/Verhaengung-von-Freiheitsstrafen-ueber-Personen-unter-einundzwanzig-Jahren-352x198.webp",352,198,true],"woocommerce_thumbnail":["https:\/\/harlander-partner.eu\/wp-content\/uploads\/Verhaengung-von-Freiheitsstrafen-ueber-Personen-unter-einundzwanzig-Jahren-300x300.webp",300,300,true],"woocommerce_single":["https:\/\/harlander-partner.eu\/wp-content\/uploads\/Verhaengung-von-Freiheitsstrafen-ueber-Personen-unter-einundzwanzig-Jahren-600x338.webp",600,338,true],"woocommerce_gallery_thumbnail":["https:\/\/harlander-partner.eu\/wp-content\/uploads\/Verhaengung-von-Freiheitsstrafen-ueber-Personen-unter-einundzwanzig-Jahren-100x100.webp",100,100,true],"yarpp-thumbnail":["https:\/\/harlander-partner.eu\/wp-content\/uploads\/Verhaengung-von-Freiheitsstrafen-ueber-Personen-unter-einundzwanzig-Jahren-120x120.webp",120,120,true]},"uagb_author_info":{"display_name":"Simon Prem","author_link":"https:\/\/harlander-partner.eu\/ga\/author\/simon-prem\/"},"uagb_comment_info":0,"uagb_excerpt":"Pion\u00f3s pr\u00edos\u00fanachta a ghearradh ar dhaoine faoi bhun bliain is fiche d\u2019aois Riala\u00edonn \u00a7 36 StGB gearradh pion\u00f3s pr\u00edos\u00fanachta ar dhaoine \u00f3ga f\u00e1sta nach bhfuil 21 bliain d\u2019aois sl\u00e1naithe acu ...","_links":{"self":[{"href":"https:\/\/harlander-partner.eu\/ga\/wp-json\/wp\/v2\/pages\/86909","targetHints":{"allow":["GET"]}}],"collection":[{"href":"https:\/\/harlander-partner.eu\/ga\/wp-json\/wp\/v2\/pages"}],"about":[{"href":"https:\/\/harlander-partner.eu\/ga\/wp-json\/wp\/v2\/types\/page"}],"author":[{"embeddable":true,"href":"https:\/\/harlander-partner.eu\/ga\/wp-json\/wp\/v2\/users\/25"}],"replies":[{"embeddable":true,"href":"https:\/\/harlander-partner.eu\/ga\/wp-json\/wp\/v2\/comments?post=86909"}],"version-history":[{"count":0,"href":"https:\/\/harlander-partner.eu\/ga\/wp-json\/wp\/v2\/pages\/86909\/revisions"}],"up":[{"embeddable":true,"href":"https:\/\/harlander-partner.eu\/ga\/wp-json\/wp\/v2\/pages\/67213"}],"wp:featuredmedia":[{"embeddable":true,"href":"https:\/\/harlander-partner.eu\/ga\/wp-json\/wp\/v2\/media\/86912"}],"wp:attachment":[{"href":"https:\/\/harlander-partner.eu\/ga\/wp-json\/wp\/v2\/media?parent=86909"}],"wp:term":[{"taxonomy":"category","embeddable":true,"href":"https:\/\/harlander-partner.eu\/ga\/wp-json\/wp\/v2\/categories?post=86909"},{"taxonomy":"post_tag","embeddable":true,"href":"https:\/\/harlander-partner.eu\/ga\/wp-json\/wp\/v2\/tags?post=86909"}],"curies":[{"name":"wp","href":"https:\/\/api.w.org\/{rel}","templated":true}]}}