{"id":53218,"date":"2022-12-21T12:43:06","date_gmt":"2022-12-21T11:43:06","guid":{"rendered":"https:\/\/harlander-partner.eu\/dliodoir-le-haghaidh-timpisti-sciala-sleibhe\/"},"modified":"2025-11-26T11:49:50","modified_gmt":"2025-11-26T10:49:50","slug":"dliodoir-le-haghaidh-timpisti-sciala-sleibhe","status":"publish","type":"page","link":"https:\/\/harlander-partner.eu\/ga\/timpisti-spoirt\/dliodoir-le-haghaidh-timpisti-sciala-sleibhe\/","title":{"rendered":"Dl\u00edod\u00f3ir le haghaidh timpist\u00ed sci\u00e1la sl\u00e9ibhe"},"content":{"rendered":"\n<div class=\"wp-block-yoast-seo-table-of-contents yoast-table-of-contents\"><h2>Timpist\u00ed sci\u00e1la sl\u00e9ibhe<\/h2><ul><li><a href=\"#h-rechtsanwalt-fur-skitourunfalle-in-osterreich\" data-level=\"2\">Dl\u00edod\u00f3ir le haghaidh timpist\u00ed sci\u00e1la sl\u00e9ibhe san Ostair<\/a><\/li><li><a href=\"#h-rechtsfolgen-von-skitourenunfallen\" data-level=\"2\">Iarmhairt\u00ed dl\u00edthi\u00fala timpist\u00ed sci\u00e1la sl\u00e9ibhe<\/a><ul><li><a href=\"#h-zivilverfahren\" data-level=\"3\">Imeachta\u00ed sibhialta<\/a><\/li><li><a href=\"#h-strafverfahren\" data-level=\"3\">Imeachta\u00ed coiri\u00fala<\/a><\/li><li><a href=\"#h-sechs-standorte\" data-level=\"3\">S\u00e9 shu\u00edomh<\/a><\/li><li><a href=\"#h-besprechung-via-videokonferenz\" data-level=\"3\">Pl\u00e9 tr\u00ed fh\u00edschomhdh\u00e1il<\/a><\/li><li><a href=\"#h-rechtsschutzversicherung\" data-level=\"3\">\u00c1rachas cosanta dl\u00edthi\u00fala<\/a><\/li><\/ul><\/li><li><a href=\"#h-anspruche-nach-einem-skitourenunfall\" data-level=\"2\">\u00c9ilimh tar \u00e9is timpiste sci\u00e1la sl\u00e9ibhe<\/a><ul><li><a href=\"#h-schmerzen\" data-level=\"3\">Pian<\/a><\/li><li><a href=\"#h-sachschaden\" data-level=\"3\">Dam\u00e1iste maoine<\/a><\/li><li><a href=\"#h-bergungskosten\" data-level=\"3\">Costais tarrth\u00e1la<\/a><\/li><li><a href=\"#h-heilungskosten\" data-level=\"3\">Costais leighis<\/a><\/li><li><a href=\"#h-frustrierte-aufwendungen\" data-level=\"3\">Caiteachais d\u00edom\u00e1<\/a><\/li><li><a href=\"#h-verdienstentgang\" data-level=\"3\">Caillteanas tuillimh<\/a><\/li><li><a href=\"#h-entgangener-gewinn\" data-level=\"3\">Brab\u00fas caillte<\/a><\/li><li><a href=\"#h-pauschale-unkosten\" data-level=\"3\">Costais chomhl\u00e1na<\/a><\/li><\/ul><\/li><li><a href=\"#h-haftung-fur-skitourenunfalle\" data-level=\"2\">Dliteanas as timpist\u00ed sci\u00e1la sl\u00e9ibhe<\/a><ul><li><a href=\"#h-nichteinhaltung-der-fis-verhaltensregeln\" data-level=\"3\">Neamhchomhl\u00edonadh rialacha iompair FIS<\/a><\/li><li><a href=\"#h-skitouren-unter-alkoholeinfluss\" data-level=\"3\">Sci\u00e1il sl\u00e9ibhe faoi thionchar alc\u00f3il<\/a><\/li><li><a href=\"#h-skitouren-unter-drogeneinfluss\" data-level=\"3\">Sci\u00e1il sl\u00e9ibhe faoi thionchar druga\u00ed<\/a><\/li><li><a href=\"#h-fehlerhafte-skitourenausrustung\" data-level=\"3\">Trealamh sci\u00e1la sl\u00e9ibhe lochtach<\/a><\/li><li><a href=\"#h-mangelhafte-liftanlagen\" data-level=\"3\">C\u00f3rais ardaithe lochtacha<\/a><\/li><li><a href=\"#h-mangelhafte-sicherung-des-skiraums\" data-level=\"3\">Sl\u00e1nd\u00e1il lochtach ar an limist\u00e9ar sci\u00e1la<\/a><\/li><li><a href=\"#h-fehlerhafte-gefuhrte-skitouren\" data-level=\"3\">Turasanna sci\u00e1la treoraithe lochtacha<\/a><\/li><li><a href=\"#h-lawinen\" data-level=\"3\">Laoch<\/a><\/li><li><a href=\"#h-pistengerate-motorschlitten\" data-level=\"3\">Groomers f\u00e1na, snowmobiles<\/a><\/li><\/ul><\/li><li><a href=\"#h-verfahren-nach-skitourenunfallen\" data-level=\"2\">Imeachta\u00ed tar \u00e9is timpist\u00ed sci\u00e1la sl\u00e9ibhe<\/a><ul><li><a href=\"#h-zivilverfahren-0\" data-level=\"3\">Imeachta\u00ed sibhialta<\/a><\/li><li><a href=\"#h-strafverfahren-0\" data-level=\"3\">Imeachta\u00ed coiri\u00fala<\/a><\/li><li><a href=\"#h-verwaltungs-straf-verfahren\" data-level=\"3\">Imeachta\u00ed riarach\u00e1in (pion\u00f3sacha)<\/a><\/li><\/ul><\/li><li><a href=\"#h-verhalten-nach-einem-skitourenunfall\" data-level=\"2\">Iompar tar \u00e9is timpiste sci\u00e1la sl\u00e9ibhe<\/a><\/li><li><a href=\"#h-beweissicherung-nach-einem-skitourenunfall\" data-level=\"2\">Fianaise a dhaingni\u00fa tar \u00e9is timpiste sci\u00e1la sl\u00e9ibhe<\/a><\/li><\/ul><\/div>\n\n<h2 class=\"wp-block-heading\" id=\"h-rechtsanwalt-fur-skitourunfalle-in-osterreich\">Dl\u00edod\u00f3ir le haghaidh timpist\u00ed sci\u00e1la sl\u00e9ibhe san Ostair<\/h2>\n\n<p class=\"wp-block-paragraph\">T\u00e1 \u00e1r ndl\u00edod\u00f3ir\u00ed fireann agus baineann speisialaithe sa <strong>ionada\u00edocht dhl\u00edthi\u00fail<\/strong> lasmuigh den ch\u00fairt agus sa ch\u00fairt <strong>imeachta\u00ed sibhialta<\/strong> agus in <strong>imeachta\u00ed coiri\u00fala<\/strong> mar gheall ar <strong>timpist\u00ed sci\u00e1la san Ostair<\/strong>.<\/p>\n\n<div class=\"wp-block-uagb-container uagb-block-3019fe8e alignfull uagb-is-root-container\">\n<div class=\"wp-block-uagb-container uagb-block-45819ab6\"><picture>\r\n\t\t<source srcset=\"https:\/\/harlander-partner.eu\/wp-content\/uploads\/wintersportunfall-3-352x198.webp\" >\r\n\t\t<img decoding=\"async\" class=\"mr-picture-small\" src=\"https:\/\/harlander-partner.eu\/wp-content\/uploads\/wintersportunfall-3.webp\" alt=\"Dl\u00edod\u00f3ir le haghaidh timpist\u00ed sci\u00e1la sl\u00e9ibhe san Ostair. Comhairli\u00fach\u00e1n tosaigh saor in aisce le dl\u00edod\u00f3ir tr\u00ed fh\u00edschomhdh\u00e1il chun do chuid \u00e9ileamh a shoil\u00e9iri\u00fa.\" >\r\n\t<\/picture>\n<\/div>\n\n\n\n<div class=\"wp-block-uagb-container uagb-block-32585033\">\n<p class=\"wp-block-paragraph\">Tugaimid aire d\u00e1r gcliaint freisin i gc\u00e1s <a href=\"https:\/\/harlander-partner.eu\/ga\/aturnae-do-thionoisci-sciala\/\">timpist\u00ed sci\u00e1la<\/a>, <a href=\"https:\/\/harlander-partner.eu\/ga\/timpisti-spoirt\/dliodoir-le-haghaidh-timpisti-clar-sneachta\/\">timpist\u00ed cl\u00e1r sneachta<\/a>, <a href=\"https:\/\/harlander-partner.eu\/ga\/timpisti-spoirt\/dliodoir-le-haghaidh-timpisti-sciala-tras-tire\/\">timpist\u00ed tras-t\u00edre<\/a> agus <a href=\"https:\/\/harlander-partner.eu\/ga\/timpisti-spoirt\/dliodoir-le-haghaidh-timpisti-sleamhnain-shleibhe\/\">timpist\u00ed sledging<\/a>.<\/p>\n<\/div>\n<\/div>\n\n<h2 class=\"wp-block-heading\" id=\"h-rechtsfolgen-von-skitourenunfallen\">Iarmhairt\u00ed dl\u00edthi\u00fala timpist\u00ed sci\u00e1la sl\u00e9ibhe<\/h2>\n\n<div class=\"wp-block-columns\">\n<div class=\"wp-block-column mr-column-lightgrey\">\n<h3 class=\"wp-block-heading\" id=\"h-zivilverfahren\">Imeachta\u00ed sibhialta<\/h3>\n\n\n\n<ul class=\"wp-block-list icon\">\n<li>Dam\u00e1ist\u00ed as pian agus as fulaingt<\/li>\n\n\n\n<li>Dam\u00e1iste maoine<\/li>\n\n\n\n<li>Costais tarrth\u00e1la<\/li>\n\n\n\n<li>Costais leighis<\/li>\n\n\n\n<li>Caiteachais d\u00edom\u00e1<\/li>\n\n\n\n<li>Saoire caillte<\/li>\n\n\n\n<li>Caillteanas tuillimh<\/li>\n\n\n\n<li>Brab\u00fas caillte<\/li>\n\n\n\n<li>Costais eile<\/li>\n<\/ul>\n<\/div>\n\n\n\n<div class=\"wp-block-column mr-column-lightgrey\">\n<h3 class=\"wp-block-heading\" id=\"h-strafverfahren\">Imeachta\u00ed coiri\u00fala<\/h3>\n\n\n\n<ul class=\"wp-block-list icon\">\n<li>Imscr\u00fad\u00fach\u00e1in ag na p\u00f3il\u00edn\u00ed<\/li>\n\n\n\n<li>C\u00faiseamh ag an ionch\u00faiseamh poibl\u00ed<\/li>\n\n\n\n<li>Imeachta\u00ed coiri\u00fala os comhair na gc\u00fairteanna coiri\u00fala<\/li>\n\n\n\n<li>Imeachta\u00ed achomhairc<\/li>\n<\/ul>\n<\/div>\n<\/div>\n\n<h3 class=\"wp-block-heading\" id=\"h-sechs-standorte\">S\u00e9 shu\u00edomh<\/h3>\n\n<p class=\"wp-block-paragraph\">Mar gheall ar shu\u00edomh id\u00e9alach \u00e1r <strong>s\u00e9 shu\u00edomh san Ostair<\/strong>, is f\u00e9idir linn ionada\u00edocht a dh\u00e9anamh duit go barrmhaith ag gach l\u00e1thair timpiste <strong>i ngach r\u00e9igi\u00fan sp\u00f3irt gheimhridh san Ostair<\/strong>.<\/p>\n\n<p class=\"wp-block-paragraph\">Is m\u00f3r ag \u00e1r gcliaint Ghearm\u00e1nacha go h\u00e1irithe go bhfuil \u00e1r ngn\u00f3lacht dl\u00ed <strong>cead\u00fanaithe sa Ghearm\u00e1in freisin<\/strong>. \u00c9asca\u00edonn s\u00e9 seo cumars\u00e1id leis an \u201cdl\u00edod\u00f3ir t\u00ed\u201d Gearm\u00e1nach agus leis an \u00e1rachas cosanta dl\u00edthi\u00fala Gearm\u00e1nach. Is muid na <strong>\u201caistritheoir\u00ed\u201d is fearr \u00f3 dhl\u00ed na Gearm\u00e1ine go dl\u00ed na hOstaire<\/strong>.  <\/p>\n\n<h3 class=\"wp-block-heading\" id=\"h-besprechung-via-videokonferenz\">Pl\u00e9 tr\u00ed fh\u00edschomhdh\u00e1il<\/h3>\n\n<p class=\"wp-block-paragraph\">Tarla\u00edonn timpist\u00ed sci\u00e1la go minic i bhfad \u00f3 bhaile. T\u00e1 r\u00e9iteach againn air sin freisin. Is l\u00e9ir d\u00fainn gach <strong>pl\u00e9 a l\u00e1imhse\u00e1il tr\u00ed fh\u00edschomhdh\u00e1il n\u00f3 ar an teileaf\u00f3n<\/strong>. S\u00e1bh\u00e1lann s\u00e9 sin go leor cilim\u00e9adar de chostais taistil duit.   <\/p>\n\n<h3 class=\"wp-block-heading\" id=\"h-rechtsschutzversicherung\">\u00c1rachas cosanta dl\u00edthi\u00fala<\/h3>\n\n<p class=\"wp-block-paragraph\">Glacaimid le gach \u00e1rachas cosanta dl\u00edthi\u00fala.<\/p>\n    <div class=\"mr-quote mrbg clearfix\">\n        <a class=\"mr-quote-person\" href=\"\/ueber-uns\/rechtsanwalt-peter-harlander\/\" title=\"Rechtsanwalt Peter Harlander\">\n            <img decoding=\"async\" class=\"mr-quote-person-img\" src=\"https:\/\/harlander-partner.eu\/wp-content\/themes\/harlander\/design\/ph100.webp\" width=\"100\"\n                 height=\"100\" loading=\"lazy\" alt=\"Rechtsanwalt Peter Harlander\">\n            <span class=\"mr-quote-person-text\">\n            Peter Harlander<br>\n            <span class=\"mr-quote-person-function\">Harlander &amp; Partner Rechtsanw\u00e4lte<\/span>\n        <\/span>\n        <\/a>\n        <span class=\"mr-quote-content\">\u201eNutzen Sie unser <strong>kostenloses Erstgespr\u00e4ch<\/strong> via Videokonferenz oder Telefon, um eine anwaltliche Einsch\u00e4tzung der Rechtslage zu erhalten.\u201c<\/span>\n    <\/div>\n<a class=\"mr-cta-link mr-cta-button-cal\" href=\"#h2-booking\" title=\"Comhairli\u00fach\u00e1n Tosaigh Saor in Aisce\"><span class=\"mr-cta-link-normal\">Roghnaigh an d\u00e1ta is fearr leat anois:<\/span><span class=\"mr-cta-link-bold\">Comhairli\u00fach\u00e1n Tosaigh Saor in Aisce<\/span><\/a>\n\n<h2 class=\"wp-block-heading\" id=\"h-anspruche-nach-einem-skitourenunfall\">\u00c9ilimh tar \u00e9is timpiste sci\u00e1la sl\u00e9ibhe<\/h2>\n\n<p class=\"wp-block-paragraph\">I mbeagnach gach c\u00e1s, t\u00e1 <strong>dl\u00ed na hOstaire<\/strong> infheidhme maidir le timpiste sci\u00e1la sl\u00e9ibhe san Ostair. D\u00e1 bhr\u00ed sin, caithfear gach \u00e9ileamh \u00f3 gach duine lena mbaineann a sheice\u00e1il de r\u00e9ir dhl\u00ed na hOstaire. N\u00edl feidhm ag rud ar bith eile ach amh\u00e1in m\u00e1 t\u00e1 c\u00f3na\u00ed ar an t\u00e9 a chruthaigh an timpiste agus ar an \u00edospartach timpiste sa st\u00e1t eachtrach c\u00e9anna.  <\/p>\n\n<p class=\"wp-block-paragraph\">I gc\u00e1s timpiste sci\u00e1la sl\u00e9ibhe, f\u00e9adfaidh <strong>\u00e9ilimh ar dham\u00e1ist\u00ed<\/strong> a bheith ann le haghaidh<\/p>\n\n<ol class=\"wp-block-list\">\n<li>Pian<\/li>\n\n\n\n<li>Dam\u00e1iste maoine<\/li>\n\n\n\n<li>Costais tarrth\u00e1la<\/li>\n\n\n\n<li>Costais leighis<\/li>\n\n\n\n<li>Caiteachais d\u00edom\u00e1<\/li>\n\n\n\n<li>Caillteanas tuillimh<\/li>\n\n\n\n<li>Costais chomhl\u00e1na<\/li>\n<\/ol>\n\n<p class=\"wp-block-paragraph\">T\u00e1 an <strong>dliteanas as na h\u00e9ilimh seo<\/strong> ar an duine a chruthaigh an timpiste go ciontach agus go neamhdhleathach. M\u00e1s mian leat na h\u00e9ilimh seo a fhorfheidhmi\u00fa mar \u00edospartach timpiste n\u00f3 iad a chosaint mar ch\u00fais\u00ed timpiste, n\u00ed m\u00f3r duit <strong>gach rud a dh\u00e9anamh i gceart \u00f3n t\u00fas<\/strong>. <\/p>\n\n<p class=\"wp-block-paragraph\">I gc\u00e1s timpist\u00ed a bhaineann le d\u00edobh\u00e1il choirp, d\u00e9anann na p\u00f3il\u00edn\u00ed imscr\u00fad\u00fa i gc\u00f3na\u00ed ar ch\u00farsa na timpiste. Is f\u00e9idir fi\u00fa <strong>bot\u00fain bheaga<\/strong> sa r\u00e1iteas <strong>iarmhairt\u00ed costasacha<\/strong> a bheith mar thoradh air. <\/p>\n    <div class=\"mr-quote mrbg clearfix\">\n        <a class=\"mr-quote-person\" href=\"\/ueber-uns\/rechtsanwalt-sebastian-riedlmair\/\" title=\"Rechtsanwalt Sebastian Riedlmair\">\n            <img decoding=\"async\" class=\"mr-quote-person-img\" src=\"https:\/\/harlander-partner.eu\/wp-content\/themes\/harlander\/design\/sr100.webp\" width=\"100\"\n                 height=\"100\" loading=\"lazy\" alt=\"Rechtsanwalt Sebastian Riedlmair\">\n            <span class=\"mr-quote-person-text\">\n            Sebastian Riedlmair<br>\n            <span class=\"mr-quote-person-function\">Harlander &amp; Partner Rechtsanw\u00e4lte<\/span>\n        <\/span>\n        <\/a>\n        <span class=\"mr-quote-content\">\u201eIm Idealfall kontaktieren Sie uns noch vor der Einvernahme durch die Polizei \u2013 auch wenn Sie am Unfall kein Verschulden trifft.\u201c<\/span>\n    <\/div>\n<a class=\"mr-cta-link mr-cta-button-cal\" href=\"#h2-booking\" title=\"Comhairli\u00fach\u00e1n Tosaigh Saor in Aisce\"><span class=\"mr-cta-link-normal\">Roghnaigh an d\u00e1ta is fearr leat anois:<\/span><span class=\"mr-cta-link-bold\">Comhairli\u00fach\u00e1n Tosaigh Saor in Aisce<\/span><\/a>\n\n<h3 class=\"wp-block-heading\" id=\"h-schmerzen\">Pian<\/h3>\n\n<p class=\"wp-block-paragraph\">T\u00e1 an <strong>dam\u00e1ist\u00ed as pian agus as fulaingt<\/strong> ceaptha c\u00faiteamh a dh\u00e9anamh don duine gortaithe as na <strong>pian agus moth\u00fach\u00e1in m\u00edthaitneamhacha<\/strong> a tharla cheana f\u00e9in mar gheall ar an timpiste sci\u00e1la sl\u00e9ibhe chomh maith le gach <strong>dam\u00e1iste iarmhartach agus d\u00e9anach<\/strong> a tharl\u00f3idh sa todhcha\u00ed.<\/p>\n\n<p class=\"wp-block-paragraph\">R\u00edomhtar m\u00e9id na ndam\u00e1ist\u00ed as pian agus as fulaingt tr\u00ed <strong>r\u00e1ta\u00ed laeth\u00fala<\/strong>, agus caithfear idirdheal\u00fa a dh\u00e9anamh idir pian \u00e9adrom, measartha agus trom. Bronntar iad seo i m\u00e9ideanna \u00e9ags\u00fala i gceantair ch\u00fairte \u00e9ags\u00fala. <\/p>\n\n<p class=\"wp-block-paragraph\">Mar shampla, d\u00e1 nd\u00e9anfadh an Ch\u00fairt R\u00e9igi\u00fanach i Salzburg d\u00edobh\u00e1il choirp a bhaineann le 3 l\u00e1 de phian l\u00e1idir, 8 l\u00e1 de phian measartha agus 21 l\u00e1 de phian \u00e9adrom, is d\u00f3cha go mbronnfa\u00ed dam\u00e1ist\u00ed as pian agus as fulaingt de thart ar EUR 5,520.00.<\/p>\n\n<h3 class=\"wp-block-heading\" id=\"h-sachschaden\">Dam\u00e1iste maoine<\/h3>\n\n<p class=\"wp-block-paragraph\">\u00c1ir\u00edtear ar na <strong>dam\u00e1ist\u00ed maoine<\/strong> na costais a bhaineann le <strong>athshol\u00e1thar n\u00f3 deisi\u00fa<\/strong> <strong>ruda\u00ed<\/strong> a <strong>scriosadh n\u00f3 a ndearnadh dam\u00e1iste d\u00f3ibh<\/strong> mar gheall ar an timpiste sci\u00e1la sl\u00e9ibhe. Caithfear dam\u00e1iste maoine, amhail trealamh sci\u00e1la sl\u00e9ibhe a ndearnadh dam\u00e1iste d\u00f3 mar gheall ar an timpiste sci\u00e1la sl\u00e9ibhe, a athshol\u00e1thar freisin. <\/p>\n\n<p class=\"wp-block-paragraph\">Is \u00e9 cusp\u00f3ir an \u00e9ilimh ar dham\u00e1ist\u00ed c\u00faiteamh a shol\u00e1thar don duine d\u00edobh\u00e1ilte as an gcaillteanas a d\u2019fhulaing s\u00e9. M\u00e1 dh\u00e9antar dam\u00e1iste do ruda\u00ed a \u00fas\u00e1ideadh cheana f\u00e9in, m.sh. sean-trealamh sci\u00e1la sl\u00e9ibhe, tagann an fhadhb \u201cnua le haghaidh sean\u201d chun cinn. I gc\u00e1s ruda\u00ed a \u00fas\u00e1ideadh go m\u00f3r, d\u2019fh\u00e9adfadh s\u00e9 seo a bheith mar thoradh ar luach reatha an ruda dam\u00e1istithe a athshol\u00e1thar amh\u00e1in.  <\/p>\n\n<h3 class=\"wp-block-heading\" id=\"h-bergungskosten\">Costais tarrth\u00e1la<\/h3>\n\n<p class=\"wp-block-paragraph\">\u00c1ir\u00edtear ar na <strong>costais tarrth\u00e1la<\/strong> na <strong>costais a bhaineann le tarrth\u00e1il \u00f3n l\u00e1thair timpiste<\/strong>. Mar sin, m\u00e1 t\u00e1 g\u00e1 le tarrth\u00e1il h\u00e9ileacaptair mar gheall ar thimpiste sci\u00e1la sl\u00e9ibhe, is f\u00e9idir leis an duine gortaithe na costais seo a \u00e9ileamh freisin \u00f3n t\u00e9 a chruthaigh an timpiste. <\/p>\n\n<p class=\"wp-block-paragraph\"><strong>AIRE:<\/strong> M\u00e1 t\u00e1 na costais tarrth\u00e1la \u00edoctha ag \u00e1rachas, aistr\u00edtear na h\u00e9ilimh ghaolmhara i gcoinne an dam\u00e1isteora chuig an \u00e1rachas.<\/p>\n\n<h3 class=\"wp-block-heading\" id=\"h-heilungskosten\">Costais leighis<\/h3>\n\n<p class=\"wp-block-paragraph\">\u00c1ir\u00edtear ar na <strong>costais leighis<\/strong> na costais a bhaineann le <strong>c\u00f3ire\u00e1lacha, c\u00f3gais, \u00e1iseanna leighis<\/strong> agus <strong>taisteal chuig na c\u00f3ire\u00e1lacha<\/strong>.<\/p>\n\n<p class=\"wp-block-paragraph\"><strong>AIRE:<\/strong> M\u00e1 shol\u00e1thra\u00edonn an sol\u00e1thra\u00ed sl\u00e1nd\u00e1la s\u00f3isialta na sochair, aistr\u00edtear na h\u00e9ilimh ghaolmhara i gcoinne an dam\u00e1isteora chuig an sol\u00e1thra\u00ed sl\u00e1nd\u00e1la s\u00f3isialta.<\/p>\n\n<h3 class=\"wp-block-heading\" id=\"h-frustrierte-aufwendungen\">Caiteachais d\u00edom\u00e1<\/h3>\n\n<p class=\"wp-block-paragraph\">Is iad <strong>caiteachais d\u00edom\u00e1<\/strong> gach caiteachas nach ndearnadh f\u00e9in mar gheall ar an timpiste sci\u00e1la sl\u00e9ibhe, ach a rinneadh gan \u00fas\u00e1id mar gheall ar an timpiste sci\u00e1la sl\u00e9ibhe. T\u00e1 \u00e9ileamh ag an \u00edospartach timpiste ar ch\u00faiteamh ar chaiteachais d\u00edom\u00e1. <\/p>\n\n<p class=\"wp-block-paragraph\">I measc na n-\u00e9ileamh ar ch\u00faiteamh ar chaiteachais d\u00edom\u00e1 t\u00e1 costais an <strong>seomra \u00f3st\u00e1in<\/strong> nach bhfuil ag teast\u00e1il a thuilleadh, <strong>costais taistil saoire nach f\u00e9idir a ithe a thuilleadh<\/strong> agus <strong>t\u00e1ill\u00ed cealaithe<\/strong>.<\/p>\n\n<h3 class=\"wp-block-heading\" id=\"h-verdienstentgang\">Caillteanas tuillimh<\/h3>\n\n<p class=\"wp-block-paragraph\">\u00c1ir\u00edtear ar an <strong>caillteanas tuillimh<\/strong> gach dam\u00e1iste a dh\u00e9antar d\u2019\u00edospartach na timpiste mar gheall ar <strong>laghd\u00fa<\/strong> n\u00f3 <strong>caillteanas<\/strong> na <strong>cumas tuillimh<\/strong>. <\/p>\n\n<p class=\"wp-block-paragraph\">M\u00e1 fhulaing\u00edonn \u00edospartach na timpiste caillteanas tuillimh mar gheall ar an timpiste sci\u00e1la sl\u00e9ibhe, caithfidh an t\u00e9 a chruthaigh an timpiste an caillteanas tuillimh a athshol\u00e1thar.<\/p>\n\n<p class=\"wp-block-paragraph\">Caithfidh an t\u00e9 a chruthaigh an timpiste an <strong>caillteanas tuillimh<\/strong> a athshol\u00e1thar cheana f\u00e9in <strong>i gc\u00e1s faill\u00ed beag<\/strong>.<\/p>\n\n<h3 class=\"wp-block-heading\" id=\"h-entgangener-gewinn\">Brab\u00fas caillte<\/h3>\n\n<p class=\"wp-block-paragraph\">T\u00e1 <strong>brab\u00fas caillte<\/strong> ann i gc\u00f3na\u00ed nuair a chailleann an duine d\u00edobh\u00e1ilte <strong>deis at\u00e1 f\u00f3s sa todhcha\u00ed<\/strong>, a raibh a theacht isteach beagnach cinnte cheana f\u00e9in.<\/p>\n\n<p class=\"wp-block-paragraph\">Is ionann an neamh-fh\u00e1il ard\u00fa c\u00e9ime gairmi\u00fala at\u00e1 le teacht cheana f\u00e9in, ach n\u00e1r socra\u00edodh f\u00f3s tr\u00e1th na timpiste sci\u00e1la sl\u00e9ibhe agus brab\u00fas caillte m\u00e1 t\u00e1 an t-\u00edospartach timpiste in ann an post ard\u00edoctha a dh\u00e9anamh a thuilleadh mar gheall ar dham\u00e1iste buan.<\/p>\n\n<p class=\"wp-block-paragraph\">Caithfidh an t\u00e9 a chruthaigh an timpiste an <strong>brab\u00fas caillte<\/strong> a athshol\u00e1thar <strong>i gc\u00e1s drochfhaill\u00ed<\/strong>.<\/p>\n\n<h3 class=\"wp-block-heading\" id=\"h-pauschale-unkosten\">Costais chomhl\u00e1na<\/h3>\n\n<p class=\"wp-block-paragraph\">T\u00e1 na <strong>costais chomhl\u00e1na<\/strong> ceaptha <strong>gach caiteachas eile<\/strong> a athshol\u00e1thar a thabhaigh an duine d\u00edobh\u00e1ilte mar gheall ar an timpiste sci\u00e1la sl\u00e9ibhe. \u00c1ir\u00edtear leis seo go h\u00e1irithe an t-am a chaitear f\u00e9in chun iarmhairt\u00ed a l\u00e1imhse\u00e1il. Sampla\u00ed de seo is ea caiteachais chun fianaise a thabhairt leis na p\u00f3il\u00edn\u00ed.  <\/p>\n\n<p class=\"wp-block-paragraph\">Faoi theideal \u201c<strong>Costais chomhl\u00e1na<\/strong>\u201d, de ghn\u00e1th bronntar suas le \u20ac200.00, mura gcrutha\u00edtear costais n\u00edos airde.<\/p>\n    <div class=\"mr-quote mrbg clearfix\">\n        <a class=\"mr-quote-person\" href=\"\/ueber-uns\/rechtsanwalt-sebastian-riedlmair\/\" title=\"Rechtsanwalt Sebastian Riedlmair\">\n            <img decoding=\"async\" class=\"mr-quote-person-img\" src=\"https:\/\/harlander-partner.eu\/wp-content\/themes\/harlander\/design\/sr100.webp\" width=\"100\"\n                 height=\"100\" loading=\"lazy\" alt=\"Rechtsanwalt Sebastian Riedlmair\">\n            <span class=\"mr-quote-person-text\">\n            Sebastian Riedlmair<br>\n            <span class=\"mr-quote-person-function\">Harlander &amp; Partner Rechtsanw\u00e4lte<\/span>\n        <\/span>\n        <\/a>\n        <span class=\"mr-quote-content\">\u201eNutzen Sie unser kostenloses Erstgespr\u00e4ch, um Klarheit \u00fcber etwaige Anspr\u00fcche zu erhalten.\u201c<\/span>\n    <\/div>\n<a class=\"mr-cta-link mr-cta-button-cal\" href=\"#h2-booking\" title=\"Comhairli\u00fach\u00e1n Tosaigh Saor in Aisce\"><span class=\"mr-cta-link-normal\">Roghnaigh an d\u00e1ta is fearr leat anois:<\/span><span class=\"mr-cta-link-bold\">Comhairli\u00fach\u00e1n Tosaigh Saor in Aisce<\/span><\/a>\n\n<h2 class=\"wp-block-heading\" id=\"h-haftung-fur-skitourenunfalle\">Dliteanas as timpist\u00ed sci\u00e1la sl\u00e9ibhe<\/h2>\n\n<p class=\"wp-block-paragraph\">\u00c9il\u00edonn <strong>dliteanas<\/strong> as iarmhairt\u00ed timpiste sci\u00e1la sl\u00e9ibhe <strong>iompar neamhdhleathach agus ciontach<\/strong> \u00f3n t\u00e9 a chruthaigh an timpiste.<\/p>\n\n<p class=\"wp-block-paragraph\">T\u00e1 na sampla\u00ed is t\u00e1bhachta\u00ed curtha le ch\u00e9ile againn duit:<\/p>\n\n<h3 class=\"wp-block-heading\" id=\"h-nichteinhaltung-der-fis-verhaltensregeln\">Neamhchomhl\u00edonadh rialacha iompair FIS<\/h3>\n\n<p class=\"wp-block-paragraph\">Chinn an Ch\u00f3naidhm Idirn\u00e1isi\u00fanta Sci\u00e1la FIS (F\u00e9d\u00e9ration Internationale des Ski) na <a href=\"https:\/\/harlander-partner.eu\/ga\/timpisti-spoirt\/rialacha-fis-do-scialaithe-agus-claraitheoiri-sneachta\/\"><strong>Rialacha FIS do sci\u00e1laithe agus do chl\u00e1raitheoir\u00ed sneachta<\/strong><\/a>. T\u00e1 na rialacha FIS \u00f3 1967 agus t\u00e1 siad nuashonraithe faoi dh\u00f3 \u00f3 shin, an uair dheireanach in 2002. <\/p>\n\n<p class=\"wp-block-paragraph\">Is \u00e9 cusp\u00f3ir na rialacha FIS timpist\u00ed sci\u00e1la agus timpist\u00ed cl\u00e1r sneachta a sheachaint. Is \u00e9 an prionsabal is airde de na rialacha n\u00e1 \u201cmeas\u201d. I gc\u00e1s imbhuailte idir \u00fas\u00e1ideoir\u00ed na f\u00e1na sci\u00e1la, de ghn\u00e1th crutha\u00edonn neamhchomhl\u00edonadh na <a href=\"https:\/\/harlander-partner.eu\/ga\/timpisti-spoirt\/rialacha-fis-do-scialaithe-agus-claraitheoiri-sneachta\/\"><strong>rialacha iompair FIS<\/strong><\/a> dliteanas as iarmhairt\u00ed na timpiste.  <\/p>\n\n<h3 class=\"wp-block-heading\" id=\"h-skitouren-unter-alkoholeinfluss\">Sci\u00e1il sl\u00e9ibhe faoi thionchar alc\u00f3il<\/h3>\n\n<p class=\"wp-block-paragraph\">Murab ionann agus tr\u00e1chta b\u00f3thair, n\u00edl aon teorainn dhl\u00edthi\u00fail uasta le halc\u00f3l san fhuil (teorainn BAC) ar an bhf\u00e1na. T\u00e1 an riosca f\u00f3s ard i gc\u00e1s sci\u00e1la sl\u00e9ibhe faoi thionchar alc\u00f3il. <\/p>\n\n<p class=\"wp-block-paragraph\">I gc\u00e1s timpiste sci\u00e1la sl\u00e9ibhe, t\u00e1 tionchar iolrach ag tionchar alc\u00f3il: M\u00e1 t\u00e1 an t\u00e9 a chruthaigh an timpiste ar meisce, is beagnach i gc\u00f3na\u00ed go mb\u00edonn drochfhaill\u00ed mar thoradh air seo. Ansin t\u00e1 an t\u00e9 a chruthaigh an timpiste faoi dhliteanas as luach nua na ruda\u00ed dam\u00e1istithe i gc\u00e1s dam\u00e1iste maoine agus as caillteanas tuillimh \u00edospartach na timpiste freisin. M\u00e1 t\u00e1 \u00edospartach na timpiste ar meisce, \u00e1fach, is minic a fh\u00f3gra\u00edonn an ch\u00fairt ciontacht chomhoibr\u00edoch \u00edospartach na timpiste. Laghda\u00edtear \u00e9ileamh c\u00faitimh \u00edospartach na timpiste ansin faoin gc\u00e9ad.   <\/p>\n\n<p class=\"wp-block-paragraph\">D\u00e1 bhr\u00ed sin, t\u00e1 tionchar d\u00edreach ag meisce ar raon feidhme agus ar mh\u00e9id na n-\u00e9ileamh at\u00e1 le d\u00e9anamh.<\/p>\n\n<p class=\"wp-block-paragraph\">M\u00e1 t\u00e1 duine lagaithe mar gheall ar thionchar alc\u00f3il le linn an turais sci\u00e1la, d\u00e9anann s\u00e9 an <strong>coir<\/strong> freisin <strong>cont\u00fairt do sh\u00e1bh\u00e1ilteacht choirp<\/strong> \u2013 fi\u00fa mura ndearnadh aon duine a ghort\u00fa. M\u00e1 ghorta\u00edonn duine daoine eile mar gheall ar thionchar alc\u00f3il, d\u00e9anann s\u00e9 <strong>d\u00edobh\u00e1il choirp faill\u00edoch<\/strong>, a phion\u00f3s\u00fa go trom mar gheall ar an drochfhaill\u00ed a bheith ann. <\/p>\n\n<h3 class=\"wp-block-heading\" id=\"h-skitouren-unter-drogeneinfluss\">Sci\u00e1il sl\u00e9ibhe faoi thionchar druga\u00ed<\/h3>\n\n<p class=\"wp-block-paragraph\">Baineann an rud c\u00e9anna le sci\u00e1il faoi thionchar druga\u00ed agus a bhaineann le sci\u00e1il sl\u00e9ibhe faoi thionchar alc\u00f3il. Is f\u00e9idir le sci\u00e1il sl\u00e9ibhe faoi thionchar druga\u00ed m\u00edbhunt\u00e1ist\u00ed ollmh\u00f3ra a thabhairt don t\u00e9 a chruthaigh an timpiste agus d\u2019\u00edospartach na timpiste araon. <\/p>\n\n<h3 class=\"wp-block-heading\" id=\"h-fehlerhafte-skitourenausrustung\">Trealamh sci\u00e1la sl\u00e9ibhe lochtach<\/h3>\n\n<p class=\"wp-block-paragraph\">F\u00e9adfaidh locht sa trealamh sci\u00e1la sl\u00e9ibhe timpist\u00ed agus gortuithe a bheith mar thoradh air. T\u00e1 roinnt constaic\u00ed f\u00e9ideartha ann: <\/p>\n\n<ol class=\"wp-block-list\">\n<li>Earr\u00e1id\u00ed f\u00e9in<\/li>\n\n\n\n<li>Earr\u00e1id d\u00edolt\u00f3ra sci\u00e1la turais<\/li>\n\n\n\n<li>Earr\u00e1id siopa speisialtachta<\/li>\n\n\n\n<li>Earr\u00e1id c\u00edosa sci\u00e1la turais<\/li>\n\n\n\n<li>Earr\u00e1id d\u00e9ant\u00f3ra sci\u00e1la turais<\/li>\n<\/ol>\n\n<p class=\"wp-block-paragraph\"><strong>Earr\u00e1id\u00ed f\u00e9in<\/strong><\/p>\n\n<p class=\"wp-block-paragraph\">D\u2019eascair an Ch\u00fairt Uachtarach (OGH) ina cinneadh 3 Ob 38\/97b \u00f3n gceanglas measa de <a href=\"https:\/\/harlander-partner.eu\/ga\/timpisti-spoirt\/rialacha-fis-do-scialaithe-agus-claraitheoiri-sneachta\/\">Riail FIS<\/a> Uimh. 1 go bhfuil s\u00e9 de dhualgas ar sci\u00e1la\u00ed alpach a chinnti\u00fa go nd\u00e9anann speisialt\u00f3ir an socr\u00fa ceangailteach. Baineann s\u00e9 seo le timpist\u00ed sci\u00e1la sl\u00e9ibhe freisin. <\/p>\n\n<p class=\"wp-block-paragraph\">M\u00e1 chotha\u00edonn t\u00fa an trealamh sci\u00e1la t\u00fa f\u00e9in, t\u00e1 riosca m\u00f3r \u00e1 ghlacadh agat. M\u00e1 t\u00e1 an ceangal sci\u00e1la socraithe agat f\u00e9in, mar shampla, agus m\u00e1 thiteann t\u00fa ansin le linn tiom\u00e1na d\u00edreach mar gheall ar an gceangal a spreagadh, ansin meastar gur c\u00fais titime \u00e9 socr\u00fa m\u00edcheart f\u00e9in-chiontach, mura n-\u00e9ir\u00edonn leis an duine a thit c\u00fais eile a chruth\u00fa. <\/p>\n\n<p class=\"wp-block-paragraph\"><strong>Earr\u00e1id\u00ed eachtracha<\/strong><\/p>\n\n<p class=\"wp-block-paragraph\">T\u00e1 d\u00edolt\u00f3ir\u00ed sci\u00e1la turais, ceardlanna sci\u00e1la turais, c\u00edosa sci\u00e1la turais, allmhaireoir\u00ed agus d\u00e9ant\u00f3ir\u00ed sci\u00e1la turais faoi dhliteanas mar chuideachta\u00ed speisialaithe as trealamh lochtach n\u00f3 socruithe lochtacha.<\/p>\n\n<p class=\"wp-block-paragraph\">T\u00e1 an t-ualach cruth\u00fanais go raibh trealamh sci\u00e1la sl\u00e9ibhe lochtach ina ch\u00fais leis an timpiste ar an ngear\u00e1na\u00ed agus d\u00e1 bhr\u00ed sin de ghn\u00e1th ar \u00edospartach na timpiste. Is leor an \u201ccruth\u00fanas prima facie\u201d mar a thugtar air. Ligeann an cruth\u00fanas prima facie concl\u00faid\u00ed a bhaint as f\u00edric\u00ed cruthaithe go f\u00edric\u00ed at\u00e1 le cruth\u00fa bunaithe ar rialacha taith\u00ed. Mar shampla, tharraing an OGH an choncl\u00faid sa chinneadh 3 Ob 38\/97b \u00f3n bhf\u00edric chruthaithe go raibh an ceangal spreagtha le linn turas d\u00edreach roimh an titim go dt\u00ed an fh\u00edric a bh\u00ed le cruth\u00fa go gcaithfidh an socr\u00fa a bheith lochtach. Ansin is faoin duine a shocraigh an ceangal a chruth\u00fa go raibh imeacht eile chomh c\u00fais\u00edoch ar a laghad leis an titim.    <\/p>\n\n<h3 class=\"wp-block-heading\" id=\"h-mangelhafte-liftanlagen\">C\u00f3rais ardaithe lochtacha<\/h3>\n\n<p class=\"wp-block-paragraph\">Tr\u00ed thic\u00e9ad ardaitheora a cheannach n\u00f3 t\u00e1ille a \u00edoc as an bhf\u00e1na a \u00fas\u00e1id mar chuid de thuras sci\u00e1la, tagann conradh i bhfeidhm idir an fiontra\u00ed c\u00e1bla-bhealaigh agus an paisin\u00e9ir. T\u00e1 an fiontra\u00ed c\u00e1bla-bhealaigh faoi dhliteanas don sci\u00e1la\u00ed turais \u00edoctha bunaithe ar an <strong>conradh<\/strong> a cuireadh i gcr\u00edch. Mar thoradh air sin, cuirtear rialach\u00e1in dliteanais an-fhabhracha i bhfeidhm ar an sci\u00e1la\u00ed turais.  <\/p>\n\n<p class=\"wp-block-paragraph\">Is \u00e9 pr\u00edomh-dhualgas an chonartha iompair an paisin\u00e9ir a iompar leis an gc\u00e1bla-bhealach. Ina theannta sin, t\u00e1 an dualgas conarthach coimhdeach ann gan cur isteach ar fholl\u00e1ine fhisici\u00fail na bpaisin\u00e9ir\u00ed. <\/p>\n\n<p class=\"wp-block-paragraph\">Ina theannta sin, t\u00e1 <strong>dliteanas neamhsple\u00e1ch ar fhaill\u00ed<\/strong> an fhiontra\u00ed c\u00e1bla-bhealaigh bunaithe ar fhor\u00e1lacha an Achta um Dhliteanas Iarnr\u00f3id agus M\u00f3tarfheithicl\u00ed (EKHG) f\u00e9ideartha, at\u00e1 fabhrach don phaisin\u00e9ir freisin.<\/p>\n\n<p class=\"wp-block-paragraph\">Go h\u00e1irithe, caithfidh an fiontra\u00ed c\u00e1bla-bhealaigh a chinnti\u00fa go bhfuil an c\u00f3ras iompair f\u00e9in agus na point\u00ed iontr\u00e1la agus imeachta i riocht s\u00e1bh\u00e1ilte agus saor \u00f3 chont\u00fairt chun paisin\u00e9ir\u00ed a iompar.<\/p>\n\n<p class=\"wp-block-paragraph\">Ina theannta sin, t\u00e1 an chuideachta c\u00e1bla-bhealaigh freagrach as a chinnti\u00fa go bhfuil na f\u00e1na\u00ed sci\u00e1la agus na beala\u00ed sci\u00e1la ainmnithe i riocht sl\u00e1n agus go bhfuil seirbh\u00eds tarrth\u00e1la ord\u00fail bunaithe.<\/p>\n\n<p class=\"wp-block-paragraph\">M\u00e1 sh\u00e1ra\u00edonn an fiontra\u00ed c\u00e1bla-bhealaigh na dualgais seo agus m\u00e1 dh\u00e9antar dam\u00e1iste don phaisin\u00e9ir d\u00e1 bharr, t\u00e1 an fiontra\u00ed c\u00e1bla-bhealaigh faoi dhliteanas.<\/p>\n\n<h3 class=\"wp-block-heading\" id=\"h-mangelhafte-sicherung-des-skiraums\">Sl\u00e1nd\u00e1il lochtach ar an limist\u00e9ar sci\u00e1la<\/h3>\n\n<p class=\"wp-block-paragraph\">Ag brath ar an gcine\u00e1l sliocht, caithfear idirdheal\u00fa a dh\u00e9anamh idir an limist\u00e9ar sci\u00e1la eagraithe mar ioml\u00e1ine na bhf\u00e1na\u00ed sci\u00e1la, na mbeala\u00ed sci\u00e1la agus na limist\u00e9ar speisialta agus an limist\u00e9ar sci\u00e1la saor in aisce mar an t\u00edr-raon lasmuigh den limist\u00e9ar sci\u00e1la eagraithe.<\/p>\n\n<p class=\"wp-block-paragraph\">T\u00e1 an fiontra\u00ed c\u00e1bla-bhealaigh freagrach as an limist\u00e9ar sci\u00e1la a eagra\u00edonn s\u00e9 maidir le marc\u00e1il, leithead, ullmh\u00fa, rial\u00fa agus cosaint ar ghuaiseacha alpacha agus ar ghuaiseacha laoch. De ghn\u00e1th is f\u00e9idir leat an limist\u00e9ar sci\u00e1la eagraithe a aithint leis an marc\u00e1il, a chaithfear a dh\u00e9anamh, chomh maith leis an gcosaint ar ghuaiseacha (go h\u00e1irithe guais titime, imbhuailte agus laoch) chomh maith le hullmh\u00fa na f\u00e1na. <\/p>\n\n<p class=\"wp-block-paragraph\">Eascra\u00edonn an dualgas chun f\u00e1na\u00ed a dhaingni\u00fa \u00f3n gconradh iompair, ionas go mbeidh an fiontra\u00ed c\u00e1bla-bhealaigh faoi dhliteanas go bun\u00fasach don \u00fas\u00e1ideoir f\u00e1na i gc\u00e1s tic\u00e9ad bail\u00ed a bheith ann as riocht s\u00e1bh\u00e1ilte agus saor \u00f3 chont\u00fairt an limist\u00e9ir sci\u00e1la eagraithe i gc\u00e1s aon fhaill\u00ed.<\/p>\n\n<p class=\"wp-block-paragraph\">Mar sin f\u00e9in, n\u00ed m\u00f3r a chur san \u00e1ireamh freisin nach f\u00e9idir s\u00e1bh\u00e1ilteacht ioml\u00e1n tr\u00e1chta a bhaint amach ar fh\u00e1na\u00ed sci\u00e1la. D\u00e1 bhr\u00ed sin, n\u00edor cheart aon riachtanais r\u00f3-ard a chur ar na hoibleag\u00e1id\u00ed at\u00e1 ar an bhfiontra\u00ed c\u00e1bla-bhealaigh. <\/p>\n\n<p class=\"wp-block-paragraph\">Go bun\u00fasach, n\u00ed sh\u00edneann dualgas sl\u00e1nd\u00e1la tr\u00e1chta an fhiontra\u00ed c\u00e1bla-bhealaigh ach go dt\u00ed imeall na f\u00e1na, a chinntear tr\u00ed dh\u00e1la\u00ed n\u00e1d\u00fartha n\u00f3 is f\u00e9idir leis an bhfiontra\u00ed c\u00e1bla-bhealaigh a dh\u00e9anamh inaitheanta go saorga tr\u00ed mharc\u00e1lacha imeall. De r\u00e9ir tuairim ghinear\u00e1lta, \u00e1fach, cuims\u00edonn an dualgas chun f\u00e1na\u00ed a dhaingni\u00fa foins\u00ed cont\u00fairte neamhghn\u00e1cha sa chomharsanacht l\u00e1ithreach den fh\u00e1na (thart ar 2 mh\u00e9adar) freisin. <\/p>\n\n<p class=\"wp-block-paragraph\">Braitheann raon feidhme sonrach an dualgais sl\u00e1nd\u00e1la tr\u00e1chta i gc\u00f3na\u00ed ar imthosca an ch\u00e1is aonair. Go sonrach, caithfear a mheas c\u00e9 na bearta is f\u00e9idir leis an bhfiontra\u00ed c\u00e1bla-bhealaigh a dh\u00e9anamh chun cont\u00fairt a sheachaint agus at\u00e1 r\u00e9as\u00fanta. <\/p>\n\n<p class=\"wp-block-paragraph\">Maidir le h\u00fas\u00e1ideoir\u00ed f\u00e1na nach bhfuil tic\u00e9ad ardaitheora bail\u00ed acu (mar is minic a bh\u00edonn sci\u00e1laithe turais), t\u00e1 \u00fain\u00e9ir f\u00e1na ainmnithe faoi dhliteanas as riocht an bhealaigh de r\u00e9ir \u00a7 1319a ABGB, agus t\u00e1 an dliteanas teoranta d\u2019intinn agus do dhrochfhaill\u00ed anseo.<\/p>\n\n<p class=\"wp-block-paragraph\">Maidir leis an limist\u00e9ar sci\u00e1la saor in aisce mar a thugtar air, ar an l\u00e1imh eile, n\u00edl aon dualgais s\u00e1bh\u00e1ilteachta tr\u00e1chta ar an bhfiontra\u00ed c\u00e1bla; anseo, n\u00edl dliteanas ann ach amh\u00e1in faoi chuimsi\u00fa phrionsabal na hinni\u00falachta as guaiseacha ait\u00edop\u00fala a crutha\u00edodh.<\/p>\n\n<h3 class=\"wp-block-heading\" id=\"h-fehlerhafte-gefuhrte-skitouren\">Turasanna sci\u00e1la treoraithe lochtacha<\/h3>\n\n<p class=\"wp-block-paragraph\">D\u00e9antar <strong>conradh<\/strong> freisin idir an sci\u00e1la\u00ed sl\u00e9ibhe agus an treora\u00ed sci\u00e1la sl\u00e9ibhe, agus m\u00faineann an treora\u00ed sci\u00e1la sl\u00e9ibhe eolas agus scileanna sci\u00e1la sl\u00e9ibhe alpach don sci\u00e1la\u00ed sl\u00e9ibhe ar feadh tr\u00e9imhse \u00e1irithe ar th\u00e1ille n\u00f3 tugann s\u00e9\/s\u00ed chuig an sliabh \u00e9\/\u00ed. De ghn\u00e1th, n\u00edl aon rath ar leith ar oili\u00faint dlite anseo. <\/p>\n\n<p class=\"wp-block-paragraph\">Mar oibleag\u00e1id choimhdeach \u00f3n gcaidreamh conarthach, t\u00e1 oibleag\u00e1id ann s\u00e1bh\u00e1ilteacht fhisici\u00fail an aoi a chosaint. Gn\u00e9 speisialta den chaidreamh conarthach is ea an caidreamh uachtarach agus \u00edochtarach idir an treora\u00ed sci\u00e1la sl\u00e9ibhe agus an sci\u00e1la\u00ed sl\u00e9ibhe. <\/p>\n\n<p class=\"wp-block-paragraph\">T\u00e1 an treora\u00ed sci\u00e1la sl\u00e9ibhe faoi dhliteanas don sci\u00e1la\u00ed sl\u00e9ibhe as dam\u00e1iste a eascra\u00edonn as timpist\u00ed le linn an turais sci\u00e1la treoraithe. M\u00e1 cuireadh an treora\u00ed sci\u00e1la sl\u00e9ibhe in \u00e1irithe tr\u00ed scoil sci\u00e1la, t\u00e1 an scoil sci\u00e1la faoi dhliteanas i leith faill\u00ed d\u00e1 cuid f\u00e9in n\u00f3 faill\u00ed a treoraithe turais \u00f3n gconradh. Ansin is c\u00fant\u00f3ir feidhmi\u00fach\u00e1in \u00fain\u00e9ir na scoile sci\u00e1la \u00e9 an treora\u00ed sci\u00e1la sl\u00e9ibhe f\u00e9in agus n\u00edl s\u00e9 faoi dhliteanas don sci\u00e1la\u00ed sl\u00e9ibhe ach amh\u00e1in i dtort.  <\/p>\n\n<p class=\"wp-block-paragraph\">N\u00edl s\u00e9 ind\u00e9anta eisiamh dliteanais ag an treora\u00ed sci\u00e1la sl\u00e9ibhe n\u00f3 ag an scoil sci\u00e1la le haghaidh d\u00edobh\u00e1la pearsanta, amhail d\u00edobh\u00e1il choirp. I gc\u00e1s dam\u00e1iste maoine, amhail culaith sci\u00e1la millte, f\u00e9adfaidh an scoil sci\u00e1la agus an treora\u00ed sci\u00e1la sl\u00e9ibhe dliteanas a eisiamh le haghaidh faill\u00ed \u00e9adrom, ar choinn\u00edoll go gcomhaont\u00f3far air seo go conarthach, m.sh. i bhfoirm t\u00e9arma\u00ed agus coinn\u00edollacha ginear\u00e1lta. <\/p>\n\n<p class=\"wp-block-paragraph\">T\u00e1 na cearta agus na hoibleag\u00e1id\u00ed c\u00e9anna ag rannph\u00e1irtithe i dturais sci\u00e1la treoraithe ar an bhf\u00e1na agus at\u00e1 ag \u00fas\u00e1ideoir\u00ed f\u00e1na eile. Go h\u00e1irithe, caithfidh siad na rialacha ginear\u00e1lta iompair a chomhl\u00edonadh freisin, go h\u00e1irithe rialacha FIS. M\u00e1 t\u00e1 an treora\u00ed sci\u00e1la sl\u00e9ibhe f\u00e9in ciontach as timpiste, de ghn\u00e1th d\u00e9antar dliteanas a roinnt.  <\/p>\n\n<h3 class=\"wp-block-heading\" id=\"h-lawinen\">Laoch Lavainne<\/h3>\n\n<p class=\"wp-block-paragraph\">T\u00e1 go leor facht\u00f3ir\u00ed neamhchinnteachta ag baint le haitheantas a thabhairt do ghuais lavainne. De r\u00e9ir Sc\u00e1la Guais Lavainne na hEorpa, d\u00e9antar idirdheal\u00fa idir 5 leibh\u00e9al guaise, ag brath ar an d\u00f3ch\u00falacht go spreagfar lavainne. <\/p>\n\n<p class=\"wp-block-paragraph\">Foils\u00edonn na h\u00fadar\u00e1is inni\u00fala tuarasc\u00e1lacha lavainne go neamhrialta agus nuair a athra\u00edonn an staid ghuaise. Ina theannta sin, is f\u00e9idir concl\u00faid\u00ed a bhaint as sonra\u00ed \u00f3 st\u00e1isi\u00fain aimsire agus st\u00e1isi\u00fain tomhais sneachta in aice l\u00e1imhe maidir le guais lavainne a d\u2019fh\u00e9adfadh a bheith ann. <\/p>\n\n<p class=\"wp-block-paragraph\">Chomh maith leis an oibreoir c\u00e1bla-bhealaigh, at\u00e1 freagrach as foll\u00e1ine fhisici\u00fail \u00fas\u00e1ideoir\u00ed na bhf\u00e1na\u00ed mar gheall ar oibleag\u00e1id\u00ed coimhdeacha conarthacha, t\u00e1 na bardais go h\u00e1irithe faoi oibleag\u00e1id guais lavainne a chosc. Ar an l\u00e1imh eile, de ghn\u00e1th b\u00edonn comhalta\u00ed na gcoimisi\u00fan lavainne ag tabhairt comhairle ar bhonn oinigh amh\u00e1in agus d\u00e1 bhr\u00ed sin n\u00ed bheadh siad faoi dhliteanas ach amh\u00e1in i gc\u00e1s feasachta. <\/p>\n\n<p class=\"wp-block-paragraph\">M\u00e1 tharla\u00edonn timpiste lavainne i limist\u00e9ar sci\u00e1la eagraithe, t\u00e1 an t-oibreoir c\u00e1bla-bhealaigh faoi dhliteanas m\u00e1 t\u00e1 s\u00e9\/s\u00ed ciontach. \u00c9il\u00edtear leis seo go raibh an ghuais infheicthe. Ar an l\u00e1imh eile, n\u00edl aon dliteanas ar chomhalta\u00ed an choimisi\u00fain lavainne.  <\/p>\n\n<p class=\"wp-block-paragraph\">I dt\u00edr-raon oscailte, t\u00e1 treora\u00ed sci\u00e1la sl\u00e9ibhe faoi dhliteanas i gc\u00e1s turas sci\u00e1la sl\u00e9ibhe treoraithe. T\u00e1 sci\u00e1laithe sl\u00e9ibhe at\u00e1 ag taisteal leo f\u00e9in freagrach as a bhfoll\u00e1ine f\u00e9in. <\/p>\n\n<h3 class=\"wp-block-heading\" id=\"h-pistengerate-motorschlitten\">Uirlis\u00ed f\u00e1na, sc\u00fatair sneachta<\/h3>\n\n<p class=\"wp-block-paragraph\">T\u00e1 \u00fas\u00e1id uirlis\u00ed f\u00e1na agus sc\u00fatair sneachta teoranta d\u2019aistear riachtanach oibr\u00edocht\u00fail. <\/p>\n\n<p class=\"wp-block-paragraph\">De r\u00e9ir dhl\u00ed na gc\u00e1sanna seasta, n\u00ed fh\u00e9adfaidh \u00fas\u00e1id uirlis\u00ed f\u00e1na bac a chur ar sci\u00e1laithe n\u00f3 iad a chur i mbaol n\u00edos m\u00f3 n\u00e1 mar is g\u00e1 chun cothabh\u00e1il f\u00e1na cu\u00ed a chinnti\u00fa. Caithfear poist rabhaidh a chur ar bun in \u00e1iteanna nach bhfuil soil\u00e9ir. <\/p>\n\n<p class=\"wp-block-paragraph\">Ina theannta sin, caithfear feist\u00ed rabhaidh cu\u00ed (solas geal\u00e1nach) a cheangal le huirlis\u00ed f\u00e1na iad f\u00e9in. Agus t\u00fa ag tiom\u00e1int ar gc\u00fal n\u00f3 in \u00e1iteanna nach bhfuil soil\u00e9ir, caithfidh tiom\u00e1na\u00ed na huirlise f\u00e1na adharc a \u00fas\u00e1id n\u00f3 comhartha feada\u00ed idirmh\u00ednithe a thabhairt. <\/p>\n\n<p class=\"wp-block-paragraph\">Caithfear feist\u00ed rabhaidh oiri\u00fanacha (mar shampla, ceannsoilse ar si\u00fal n\u00f3 bratach ardaithe at\u00e1 ceangailte le cuaille) a cheangal le sc\u00fatair sneachta freisin.<\/p>\n<a class=\"mr-cta-link mr-cta-button-cal\" href=\"#h2-booking\" title=\"Comhairli\u00fach\u00e1n Tosaigh Saor in Aisce\"><span class=\"mr-cta-link-normal\">Roghnaigh an d\u00e1ta is fearr leat anois:<\/span><span class=\"mr-cta-link-bold\">Comhairli\u00fach\u00e1n Tosaigh Saor in Aisce<\/span><\/a>\n\n<h2 class=\"wp-block-heading\" id=\"h-verfahren-nach-skitourenunfallen\">N\u00f3sanna imeachta tar \u00e9is timpist\u00ed sci\u00e1la sl\u00e9ibhe<\/h2>\n\n<p class=\"wp-block-paragraph\">Ba cheart do dhuine ar bith a raibh baint aige\/aici le timpiste c\u00fanamh dl\u00ed a fh\u00e1il l\u00e1ithreach.<\/p>\n    <div class=\"mr-quote mrbg clearfix\">\n        <a class=\"mr-quote-person\" href=\"\/ueber-uns\/rechtsanwalt-peter-harlander\/\" title=\"Rechtsanwalt Peter Harlander\">\n            <img decoding=\"async\" class=\"mr-quote-person-img\" src=\"https:\/\/harlander-partner.eu\/wp-content\/themes\/harlander\/design\/ph100.webp\" width=\"100\"\n                 height=\"100\" loading=\"lazy\" alt=\"Rechtsanwalt Peter Harlander\">\n            <span class=\"mr-quote-person-text\">\n            Peter Harlander<br>\n            <span class=\"mr-quote-person-function\">Harlander &amp; Partner Rechtsanw\u00e4lte<\/span>\n        <\/span>\n        <\/a>\n        <span class=\"mr-quote-content\">\u201eOhne anwaltliche Vertretung ist eine Einvernahme weder als Unfallopfer noch als Unfallverursacher ratsam.\u201c<\/span>\n    <\/div>\n\n<h3 class=\"wp-block-heading\" id=\"h-zivilverfahren-0\">Imeachta\u00ed sibhialta<\/h3>\n\n<p class=\"wp-block-paragraph\">Caithfidh an p\u00e1irt\u00ed gortaithe a \u00e9ilimh phr\u00edobh\u00e1ideacha a dh\u00e9anamh os comhair na gc\u00fairteanna sibhialta.<\/p>\n\n<p class=\"wp-block-paragraph\">M\u00e1 thionscna\u00edtear imeachta\u00ed coiri\u00fala i gcoinne an duine a rinne an timpiste, f\u00e9adfar \u00e9ilimh shibhialta a dh\u00e9anamh cheana f\u00e9in i bhfoirm \u00e9ileamh p\u00e1irt\u00ed pr\u00edobh\u00e1id\u00ed in aon imeachta\u00ed coiri\u00fala a d\u2019fh\u00e9adfadh a bheith ann.<\/p>\n\n<h3 class=\"wp-block-heading\" id=\"h-strafverfahren-0\">Imeachta\u00ed coiri\u00fala<\/h3>\n\n<p class=\"wp-block-paragraph\">M\u00e1 ghorta\u00edtear an p\u00e1irt\u00ed eile sa timpiste le linn na timpiste sci\u00e1la sl\u00e9ibhe n\u00f3 m\u00e1 dh\u00e9antar dam\u00e1iste don trealamh, d\u2019fh\u00e9adfadh iarmhairt\u00ed coiri\u00fala a bheith aige seo don duine a rinne an timpiste:<\/p>\n\n<ul class=\"wp-block-list\">\n<li>Dam\u00e1iste maoine<\/li>\n\n\n\n<li>Guaiseacht do sh\u00e1bh\u00e1ilteacht fhisici\u00fail<\/li>\n\n\n\n<li>D\u00edobh\u00e1il choirp de bharr faill\u00ed<\/li>\n\n\n\n<li>D\u00fanorgain de bharr faill\u00ed<\/li>\n<\/ul>\n\n<p class=\"wp-block-paragraph\">F\u00e9adfar daoine eile nach bhfuil bainteach leo a ionch\u00faiseamh go coiri\u00fail freisin i gc\u00e1s mainneachtain c\u00fanamh a thabhairt n\u00f3 duine gortaithe a fh\u00e1g\u00e1il ina n-aonar.<\/p>\n\n<h3 class=\"wp-block-heading\" id=\"h-verwaltungs-straf-verfahren\">Imeachta\u00ed riarach\u00e1in (pion\u00f3sacha)<\/h3>\n\n<p class=\"wp-block-paragraph\">Sa dl\u00ed riarach\u00e1in, t\u00e1 go leor dl\u00edthe ann a bhfuil a r\u00e9imse feidhme \u00e1bhartha i gcomhth\u00e9acs gn\u00edomha\u00edochta\u00ed sp\u00f3irt gheimhridh freisin. Go h\u00e1irithe, f\u00e9adfaidh an \u201esaorshrianta\u201c n\u00f3 an tiom\u00e1int ar \u201ebheala\u00ed foraoise\u201c s\u00e1r\u00fa riarach\u00e1in a bheith ann. <\/p>\n\n<p class=\"wp-block-paragraph\">De ghn\u00e1th b\u00edonn f\u00f3gra f\u00edne\u00e1la \u00f3 na h\u00fadar\u00e1is inni\u00fala ag gabh\u00e1il le s\u00e1r\u00fa dl\u00edthe riarach\u00e1in.<\/p>\n<a class=\"mr-cta-link mr-cta-button-cal\" href=\"#h2-booking\" title=\"Comhairli\u00fach\u00e1n Tosaigh Saor in Aisce\"><span class=\"mr-cta-link-normal\">Roghnaigh an d\u00e1ta is fearr leat anois:<\/span><span class=\"mr-cta-link-bold\">Comhairli\u00fach\u00e1n Tosaigh Saor in Aisce<\/span><\/a>\n\n<h2 class=\"wp-block-heading\" id=\"h-verhalten-nach-einem-skitourenunfall\">Iompar tar \u00e9is timpiste sci\u00e1la sl\u00e9ibhe<\/h2>\n\n<p class=\"wp-block-paragraph\">M\u00e1 bh\u00ed baint agat f\u00e9in le timpiste sci\u00e1la sl\u00e9ibhe n\u00f3 m\u00e1 chonaic t\u00fa timpiste sci\u00e1la sl\u00e9ibhe, caithfidh t\u00fa \u2013 mura tusa an t-\u00edospartach \u2013 cabhair a thabhairt ar aon n\u00f3s. Is cion coiri\u00fail \u00e9 mainneachtain c\u00fanamh a thabhairt i gc\u00e1s d\u00edobh\u00e1la. <\/p>\n\n<p class=\"wp-block-paragraph\"><strong>1. An l\u00e1thair timpiste a dhaingni\u00fa<\/strong><\/p>\n\n<p class=\"wp-block-paragraph\">Ar dt\u00fas, daingnigh an l\u00e1thair timpiste. Cuir na sci\u00e1la\u00ed trasna os cionn an l\u00e1thair timpiste sa sneachta n\u00f3 luasc seaic\u00e9ad chun sci\u00e1laithe ina dhiaidh sin a chur ar an eolas. T\u00e1 an tosa\u00edocht is airde i gc\u00f3na\u00ed ag an daingni\u00fa, is cuma c\u00e9 chomh tromch\u00faiseach is at\u00e1 na gortuithe. N\u00edl aon phointe ann m\u00e1 ghorta\u00edtear na c\u00fant\u00f3ir\u00ed timpiste mar gheall ar easpa daingnithe ag sci\u00e1laithe ina dhiaidh sin.   <\/p>\n\n<p class=\"wp-block-paragraph\"><strong>2. Garchabhair a thabhairt<\/strong><\/p>\n\n<p class=\"wp-block-paragraph\">B\u00ed cinnte garchabhair a thabhairt do dhaoine gortaithe. B\u00ed cinnte daoine gortaithe a choinne\u00e1il chomh te agus is f\u00e9idir. Is f\u00e9idir le turraing timpiste a bheith ina ch\u00fais le hipiteirme bagrach don bheatha go h\u00e9asca sa gheimhreadh.  <\/p>\n\n<p class=\"wp-block-paragraph\"><strong>3. Cabhair a fh\u00e1il<\/strong><\/p>\n\n<p class=\"wp-block-paragraph\">M\u00e1 theasta\u00edonn tuilleadh cabhrach, cuir glaoch ar na seirbh\u00eds\u00ed \u00e9igeand\u00e1la ar an uimhir \u00e9igeand\u00e1la Eorpach 112. N\u00e1 croch an f\u00f3n go dt\u00ed go mbeidh na sonra\u00ed go l\u00e9ir taifeadta ag na seirbh\u00eds\u00ed \u00e9igeand\u00e1la agus go mbeidh an comhr\u00e1 cr\u00edochnaithe. Mura f\u00e9idir glaoch ar na seirbh\u00eds\u00ed \u00e9igeand\u00e1la ar an bhf\u00f3n, caithfear cabhair a fh\u00e1il ar bhealach eile, m\u00e1s f\u00e9idir \u00e9 seo a dh\u00e9anamh go s\u00e1bh\u00e1ilte. Mura f\u00e9idir \u00e9 seo a dh\u00e9anamh go s\u00e1bh\u00e1ilte, t\u00e1 s\u00e9 inmholta fanacht ag an l\u00e1thair timpiste. N\u00ed fh\u00e9adfar daoine gortaithe a fh\u00e1g\u00e1il ina n-aonar ach amh\u00e1in mar rogha dheireanach.    <\/p>\n\n<p class=\"wp-block-paragraph\"><strong>4. Fianaise a dhaingni\u00fa<\/strong><\/p>\n\n<p class=\"wp-block-paragraph\">Daingnigh gach fianaise. N\u00e1 cuir t\u00fas leis an bhfianaise a dhaingni\u00fa ach amh\u00e1in m\u00e1 t\u00e1 an t-\u00edospartach timpiste \u00e1 ch\u00faram agat f\u00e9in n\u00f3 ag daoine eile. <\/p>\n\n<p class=\"wp-block-paragraph\"><strong>5. An p\u00f3il\u00edneacht a chur ar an eolas<\/strong><\/p>\n\n<p class=\"wp-block-paragraph\">M\u00e1 chrutha\u00edonn t\u00fa timpiste le d\u00edobh\u00e1il choirp, t\u00e1 s\u00e9 de dhualgas ort an p\u00f3il\u00edneacht a chur ar an eolas. Ba cheart an p\u00f3il\u00edneacht a chur ar an eolas ar aon n\u00f3s a luaithe agus a bh\u00edonn an amhras is l\u00fa ann faoi ghort\u00fa beag \u2013 fi\u00fa mura gceapann an t-\u00edospartach go bhfuil s\u00e9 seo riachtanach. Is cion coiri\u00fail \u00e9 mainneachtain an p\u00f3il\u00edneacht a chur ar an eolas ag duine a chrutha\u00edonn d\u00edobh\u00e1il choirp.  <\/p>\n<a class=\"mr-cta-link mr-cta-button-cal\" href=\"#h2-booking\" title=\"Comhairli\u00fach\u00e1n Tosaigh Saor in Aisce\"><span class=\"mr-cta-link-normal\">Roghnaigh an d\u00e1ta is fearr leat anois:<\/span><span class=\"mr-cta-link-bold\">Comhairli\u00fach\u00e1n Tosaigh Saor in Aisce<\/span><\/a>\n\n<h2 class=\"wp-block-heading\" id=\"h-beweissicherung-nach-einem-skitourenunfall\">Fianaise a dhaingni\u00fa tar \u00e9is timpiste sci\u00e1la sl\u00e9ibhe<\/h2>\n\n<p class=\"wp-block-paragraph\">Daingnigh gach fianaise. Is fearr ceamara d\u2019fh\u00f3in ph\u00f3ca a \u00fas\u00e1id chun grianghraif agus f\u00edse\u00e1in a ghlacadh. <\/p>\n\n<p class=\"wp-block-paragraph\"><strong>1. Sonra\u00ed pearsanta a thaifeadadh<\/strong><\/p>\n\n<p class=\"wp-block-paragraph\">Deir <a href=\"https:\/\/harlander-partner.eu\/ga\/timpisti-spoirt\/rialacha-fis-do-scialaithe-agus-claraitheoiri-sneachta\/\">Riail FIS Uimh. 10<\/a> go gcaithfidh gach \u00fas\u00e1ideoir f\u00e1na, cib\u00e9 acu finn\u00e9 n\u00f3 p\u00e1irt\u00ed, cib\u00e9 acu at\u00e1 s\u00e9\/s\u00ed freagrach n\u00f3 nach bhfuil, a shonra\u00ed pearsanta a shol\u00e1thar i gc\u00e1s timpiste.<\/p>\n\n<p class=\"wp-block-paragraph\">Mar ch\u00e9ad ch\u00e9im, d\u00e9an doicim\u00e9ad\u00fa ar gach duine a bhfuil baint aige\/aici leis an timpiste, finn\u00e9ithe agus c\u00fant\u00f3ir\u00ed freisin a th\u00e1inig n\u00edos d\u00e9ana\u00ed. Chun cr\u00edocha doicim\u00e9adaithe, sa ch\u00e1s id\u00e9alach, glac grianghraif d\u2019aitheantais n\u00f3 de ch\u00e1rta\u00ed sci\u00e1la pearsantaithe na ndaoine n\u00f3 cruthaigh f\u00edse\u00e1n de gach duine, mar a nochtann an duine ainm, seoladh, uimhir theileaf\u00f3in agus r-phost. <\/p>\n\n<p class=\"wp-block-paragraph\"><strong>2. Pr\u00f3tacal timpiste a chruth\u00fa<\/strong><\/p>\n\n<p class=\"wp-block-paragraph\">Chun fianaise a dhaingni\u00fa i gc\u00e1s timpiste sci\u00e1la sl\u00e9ibhe, t\u00e1 s\u00e9 riachtanach timpiste sci\u00e1la sl\u00e9ibhe a dhoicim\u00e9ad\u00fa:<\/p>\n\n<ol class=\"wp-block-list\">\n<li>L\u00e1thair timpiste<\/li>\n\n\n\n<li>P\u00e1irtithe<\/li>\n\n\n\n<li>Seicheamh imeachta\u00ed na timpiste<\/li>\n\n\n\n<li>Gortuithe<\/li>\n\n\n\n<li>Dam\u00e1iste maoine<\/li>\n\n\n\n<li>Seasamh na bhfinn\u00e9ithe ag am na timpiste<\/li>\n\n\n\n<li>Cuntas na bhfinn\u00e9ithe<\/li>\n\n\n\n<li>Cur s\u00edos ar dhuine a theith (m.sh. duine a chruthaigh an timpiste)<\/li>\n\n\n\n<li>Seirbh\u00eds\u00ed cabhrach<\/li>\n\n\n\n<li>Tuilleadh dul chun cinn<\/li>\n<\/ol>\n\n<p class=\"wp-block-paragraph\"><strong>3. Dl\u00edod\u00f3ir a chur ar an eolas<\/strong><\/p>\n\n<p class=\"wp-block-paragraph\">I gc\u00e1s timpist\u00ed le d\u00edobh\u00e1lacha coirp, d\u00e9anann na p\u00f3il\u00edn\u00ed imscr\u00fad\u00fa freisin. Ba cheart d\u2019\u00edospartaigh n\u00f3 do dhaoine a chruthaigh timpiste sci\u00e1la sl\u00e9ibhe teagmh\u00e1il a dh\u00e9anamh len\u00e1r ngn\u00f3lacht dl\u00ed sula nd\u00e9anann na p\u00f3il\u00edn\u00ed iad a cheisti\u00fa. <\/p>\n\n<p class=\"wp-block-paragraph\">Is f\u00e9idir le fi\u00fa bot\u00fain bheaga le linn an cheisti\u00fach\u00e1in iarmhairt\u00ed doch\u00falaithe a bheith acu do do thodhcha\u00ed. Mar riail, is \u00e9 r\u00e1iteas scr\u00edofa \u00f3n dl\u00edod\u00f3ir an rogha is fearr n\u00e1 ceisti\u00fach\u00e1n b\u00e9il gan comhairle dl\u00ed roimh r\u00e9. <\/p>\n<a class=\"mr-cta-link mr-cta-button-cal\" href=\"#h2-booking\" title=\"Comhairli\u00fach\u00e1n Tosaigh Saor in Aisce\"><span class=\"mr-cta-link-normal\">Roghnaigh an d\u00e1ta is fearr leat anois:<\/span><span class=\"mr-cta-link-bold\">Comhairli\u00fach\u00e1n Tosaigh Saor in Aisce<\/span><\/a>\n","protected":false},"excerpt":{"rendered":"Dl\u00edod\u00f3ir le haghaidh timpist\u00ed sci\u00e1la sl\u00e9ibhe san Ostair T\u00e1 \u00e1r ndl\u00edod\u00f3ir\u00ed fireann agus baineann speisialaithe sa ionada\u00edocht dhl\u00edthi\u00fail lasmuigh den ch\u00fairt agus sa ch\u00fairt imeachta\u00ed sibhialta agus in imeachta\u00ed coiri\u00fala &#8230;","protected":false},"author":1,"featured_media":53222,"parent":58651,"menu_order":79,"comment_status":"closed","ping_status":"open","template":"","meta":{"_acf_changed":false,"_uag_custom_page_level_css":"","footnotes":""},"categories":[1180],"tags":[],"class_list":["post-53218","page","type-page","status-publish","has-post-thumbnail","hentry","category-dli-spoirt"],"acf":[],"uagb_featured_image_src":{"full":["https:\/\/harlander-partner.eu\/wp-content\/uploads\/wintersportunfall-3.webp",1920,1080,false],"thumbnail":["https:\/\/harlander-partner.eu\/wp-content\/uploads\/wintersportunfall-3-100x100.webp",100,100,true],"medium":["https:\/\/harlander-partner.eu\/wp-content\/uploads\/wintersportunfall-3-800x450.webp",800,450,true],"medium_large":["https:\/\/harlander-partner.eu\/wp-content\/uploads\/wintersportunfall-3.webp",1920,1080,false],"large":["https:\/\/harlander-partner.eu\/wp-content\/uploads\/wintersportunfall-3.webp",1920,1080,false],"1536x1536":["https:\/\/harlander-partner.eu\/wp-content\/uploads\/wintersportunfall-3.webp",1536,864,false],"2048x2048":["https:\/\/harlander-partner.eu\/wp-content\/uploads\/wintersportunfall-3.webp",1920,1080,false],"336x":["https:\/\/harlander-partner.eu\/wp-content\/uploads\/wintersportunfall-3-336x189.webp",336,189,true],"352x":["https:\/\/harlander-partner.eu\/wp-content\/uploads\/wintersportunfall-3-352x198.webp",352,198,true],"woocommerce_thumbnail":["https:\/\/harlander-partner.eu\/wp-content\/uploads\/wintersportunfall-3-300x300.webp",300,300,true],"woocommerce_single":["https:\/\/harlander-partner.eu\/wp-content\/uploads\/wintersportunfall-3-600x338.webp",600,338,true],"woocommerce_gallery_thumbnail":["https:\/\/harlander-partner.eu\/wp-content\/uploads\/wintersportunfall-3-100x100.webp",100,100,true],"yarpp-thumbnail":["https:\/\/harlander-partner.eu\/wp-content\/uploads\/wintersportunfall-3-120x120.webp",120,120,true]},"uagb_author_info":{"display_name":"Peter Harlander","author_link":"https:\/\/harlander-partner.eu\/ga\/author\/secondpromotion\/"},"uagb_comment_info":0,"uagb_excerpt":"Dl\u00edod\u00f3ir le haghaidh timpist\u00ed sci\u00e1la sl\u00e9ibhe san Ostair T\u00e1 \u00e1r ndl\u00edod\u00f3ir\u00ed fireann agus baineann speisialaithe sa ionada\u00edocht dhl\u00edthi\u00fail lasmuigh den ch\u00fairt agus sa ch\u00fairt imeachta\u00ed sibhialta agus in imeachta\u00ed coiri\u00fala ...","_links":{"self":[{"href":"https:\/\/harlander-partner.eu\/ga\/wp-json\/wp\/v2\/pages\/53218","targetHints":{"allow":["GET"]}}],"collection":[{"href":"https:\/\/harlander-partner.eu\/ga\/wp-json\/wp\/v2\/pages"}],"about":[{"href":"https:\/\/harlander-partner.eu\/ga\/wp-json\/wp\/v2\/types\/page"}],"author":[{"embeddable":true,"href":"https:\/\/harlander-partner.eu\/ga\/wp-json\/wp\/v2\/users\/1"}],"replies":[{"embeddable":true,"href":"https:\/\/harlander-partner.eu\/ga\/wp-json\/wp\/v2\/comments?post=53218"}],"version-history":[{"count":0,"href":"https:\/\/harlander-partner.eu\/ga\/wp-json\/wp\/v2\/pages\/53218\/revisions"}],"up":[{"embeddable":true,"href":"https:\/\/harlander-partner.eu\/ga\/wp-json\/wp\/v2\/pages\/58651"}],"wp:featuredmedia":[{"embeddable":true,"href":"https:\/\/harlander-partner.eu\/ga\/wp-json\/wp\/v2\/media\/53222"}],"wp:attachment":[{"href":"https:\/\/harlander-partner.eu\/ga\/wp-json\/wp\/v2\/media?parent=53218"}],"wp:term":[{"taxonomy":"category","embeddable":true,"href":"https:\/\/harlander-partner.eu\/ga\/wp-json\/wp\/v2\/categories?post=53218"},{"taxonomy":"post_tag","embeddable":true,"href":"https:\/\/harlander-partner.eu\/ga\/wp-json\/wp\/v2\/tags?post=53218"}],"curies":[{"name":"wp","href":"https:\/\/api.w.org\/{rel}","templated":true}]}}