{"id":52875,"date":"2025-01-29T14:50:32","date_gmt":"2025-01-29T13:50:32","guid":{"rendered":"https:\/\/harlander-partner.eu\/diospoidi-teorann\/"},"modified":"2025-11-26T04:00:23","modified_gmt":"2025-11-26T03:00:23","slug":"diospoidi-teorann","status":"publish","type":"page","link":"https:\/\/harlander-partner.eu\/ga\/dli-maoine\/diospoidi-teorann\/","title":{"rendered":"D\u00edosp\u00f3id\u00ed Teorann"},"content":{"rendered":"\n<div class=\"wp-block-yoast-seo-table-of-contents yoast-table-of-contents\"><h2>D\u00edosp\u00f3id\u00ed Teorann idir Comharsana<\/h2><ul><li><a href=\"#h-grenzstreitigkeiten-zwischen-nachbarn\" data-level=\"2\">D\u00edosp\u00f3id\u00ed Teorann idir Comharsana<\/a><ul><li><a href=\"#h-grenzwiederherstellung-durch-das-vermessungamt\" data-level=\"3\">Athch\u00f3iri\u00fa Teorann ag an Oifig Suirbh\u00e9ireachta<\/a><\/li><li><a href=\"#h-grenzverhandlung-durch-das-vermessungsamt\" data-level=\"3\">Idirbhearta\u00edocht Teorann ag an Oifig Suirbh\u00e9ireachta<\/a><\/li><li><a href=\"#h-vermessung-und-eintragung-im-grenzkataster\" data-level=\"3\">Suirbh\u00e9ireacht agus Iontr\u00e1il sa Chl\u00e1rlann Teorann<\/a><\/li><li><a href=\"#h-gerichtliche-erneuerung-oder-berichtigung-der-grenze\" data-level=\"3\">Athnuachan n\u00f3 Ceart\u00fa Breithi\u00fanach na Teorann<\/a><\/li><\/ul><\/li><\/ul><\/div>\n<div itemprop=\"dateline\" class=\"dateline\">Foilsithe ar  26.11.2025 von <a href=\"https:\/\/harlander-partner.eu\/rechtsanwalt-sebastian-riedlmair\/\" rel=\"author\" title=\"An tAturnae Mag. Peter Harlander\">An tAturnae Mag. Peter Harlander<\/a><\/div>\r\n\t<picture>\r\n\t\t<source srcset=\"https:\/\/harlander-partner.eu\/wp-content\/uploads\/grenzpunkt-352x198.webp\" media=\"(max-width: 360px)\" >\r\n\t\t<source srcset=\"https:\/\/harlander-partner.eu\/wp-content\/uploads\/grenzpunkt-800x450.webp\" media=\"(min-width: 361px)\" >\r\n\t\t<img decoding=\"async\" class=\"mr-picture-large\" src=\"https:\/\/harlander-partner.eu\/wp-content\/uploads\/grenzpunkt.webp\" alt=\"I gc\u00e1s d\u00edosp\u00f3id\u00ed teorann, t\u00e1 roinnt beala\u00ed san Ostair chun teorainneacha maoine neamhchinnte, do-aitheanta n\u00f3 consp\u00f3ideacha a r\u00e9iteach.\" >\r\n\t<\/picture>\n\n<h2 class=\"wp-block-heading\" id=\"h-grenzstreitigkeiten-zwischen-nachbarn\">D\u00edosp\u00f3id\u00ed Teorann idir Comharsana<\/h2>\n\n<p class=\"wp-block-paragraph\">I gc\u00e1s d\u00edosp\u00f3id\u00ed teorann, t\u00e1 roinnt beala\u00ed san Ostair chun teorainneacha maoine neamhchinnte, do-aitheanta n\u00f3 consp\u00f3ideacha a r\u00e9iteach:<\/p>\n\n<ul class=\"wp-block-list icon\">\n<li>Athch\u00f3iri\u00fa Teorann<\/li>\n\n\n\n<li>Idirbhearta\u00edocht Teorann<\/li>\n\n\n\n<li>Suirbh\u00e9ireacht agus Iontr\u00e1il sa Chl\u00e1rlann Teorann<\/li>\n\n\n\n<li>Athnuachan n\u00f3 Ceart\u00fa Breithi\u00fanach na Teorann<\/li>\n<\/ul>\n    <div class=\"mr-quote mrbg clearfix\">\n        <a class=\"mr-quote-person\" href=\"\/ueber-uns\/rechtsanwalt-sebastian-riedlmair\/\" title=\"Rechtsanwalt Sebastian Riedlmair\">\n            <img decoding=\"async\" class=\"mr-quote-person-img\" src=\"https:\/\/harlander-partner.eu\/wp-content\/themes\/harlander\/design\/sr100.webp\" width=\"100\"\n                 height=\"100\" loading=\"lazy\" alt=\"Rechtsanwalt Sebastian Riedlmair\">\n            <span class=\"mr-quote-person-text\">\n            Sebastian Riedlmair<br>\n            <span class=\"mr-quote-person-function\">Harlander &amp; Partner Rechtsanw\u00e4lte<\/span>\n        <\/span>\n        <\/a>\n        <span class=\"mr-quote-content\">\u201eGrenzstreitigkeiten k\u00f6nnen zum dauerhaften Verlust von wertvollem Land f\u00fchren.<br>F\u00fchren Sie daher ohne unsere Unterst\u00fctzung keine Verhandlungen mit dem Nachbarn, dem Vermessungsamt oder dem Gericht.\u201c<\/span>\n    <\/div>\n<a class=\"mr-cta-link mr-cta-button-cal\" href=\"#h2-booking\" title=\"Comhairli\u00fach\u00e1n Tosaigh Saor in Aisce\"><span class=\"mr-cta-link-normal\">Roghnaigh an d\u00e1ta is fearr leat anois:<\/span><span class=\"mr-cta-link-bold\">Comhairli\u00fach\u00e1n Tosaigh Saor in Aisce<\/span><\/a>\n\n<h3 class=\"wp-block-heading\" id=\"h-grenzwiederherstellung-durch-das-vermessungamt\">Athch\u00f3iri\u00fa Teorann ag an Oifig Suirbh\u00e9ireachta<\/h3>\n\n<p class=\"wp-block-paragraph\">Is n\u00f3s imeachta \u00e9 athch\u00f3iri\u00fa teorann chun teorainneacha maoine do-aitheanta n\u00f3 consp\u00f3ideacha a athbhun\u00fa de r\u00e9ir \u00a7 40 den Acht Suirbh\u00e9ireachta (VermG). D\u00e9antar athch\u00f3iri\u00fa na teorann ag an Oifig Suirbh\u00e9ireachta ar iarratas an \u00fain\u00e9ara bunaithe ar dhoicim\u00e9id an chl\u00e1rlainne teorann. <\/p>\n\n<p class=\"wp-block-paragraph\">M\u00e1 t\u00e1 an baol ann go n-\u00e9ireoidh na teorainneacha do-aitheanta, n\u00f3 m\u00e1 t\u00e1 na teorainneacha do-aitheanta n\u00f3 consp\u00f3ideach cheana f\u00e9in, ansin cuims\u00edonn athch\u00f3iri\u00fa teorann athmharc\u00e1il teorann seasta. D\u00e9antar idirdheal\u00fa idir athnuachan teorann agus ceart\u00fa teorann. Baineann athnuachan teorann le hathmharc\u00e1il teorann seasta, agus is \u00e9 at\u00e1 i gceart\u00fa teorann n\u00e1 teorainn cheart a bhun\u00fa a fhreagra\u00edonn don staid dhl\u00edthi\u00fail.  <\/p>\n\n<p class=\"wp-block-paragraph\">Cuireann an Oifig Suirbh\u00e9ireachta t\u00fas leis an n\u00f3s imeachta um athch\u00f3iri\u00fa teorann ar iarratas \u00f3 \u00fain\u00e9ir maoine. N\u00ed m\u00f3r an n\u00f3s imeachta seo a chur i gcr\u00edch laistigh de bhliain amh\u00e1in \u00f3 dh\u00e1ta an iarratais. Chuige sin, n\u00ed m\u00f3r na h\u00fain\u00e9ir\u00ed lena mbaineann a ghairm chuig an ngn\u00edomh oifigi\u00fail.  <\/p>\n\n<p class=\"wp-block-paragraph\">N\u00ed m\u00f3r don iarratas\u00f3ir an teorainn athch\u00f3irithe a mharc\u00e1il ar an mbealach a fhor\u00e1iltear i \u00a7 845 den Ch\u00f3d Sibhialta Ginear\u00e1lta (ABGB).<\/p>\n\n<h3 class=\"wp-block-heading\" id=\"h-grenzverhandlung-durch-das-vermessungsamt\">Idirbhearta\u00edocht Teorann ag an Oifig Suirbh\u00e9ireachta<\/h3>\n\n<p class=\"wp-block-paragraph\">Is n\u00f3s imeachta \u00ed an idirbhearta\u00edocht teorann chun teorainneacha maoine a shocr\u00fa de r\u00e9ir \u00a7\u00a7 24 agus 25 d&#8217;Acht Suirbh\u00e9ireachta na hOstaire (VermG). Is \u00e9 aidhm na hidirbhearta\u00edochta teorann na teorainneacha a shocr\u00fa go comhaontaithe i measc na n-\u00fain\u00e9ir\u00ed maoine lena mbaineann agus iad a mharc\u00e1il le haghaidh suirbh\u00e9ireachta ina dhiaidh sin. <\/p>\n\n<p class=\"wp-block-paragraph\">Chuige sin, tugann an Oifig Suirbh\u00e9ireachta cuireadh do na h\u00fain\u00e9ir\u00ed lena mbaineann chuig an l\u00e1thair chun c\u00farsa na dteorainneacha a shocr\u00fa agus a mharc\u00e1il.<\/p>\n\n<p class=\"wp-block-paragraph\">San idirbhearta\u00edocht teorann, socra\u00edonn na h\u00fain\u00e9ir\u00ed a bh\u00edonn i l\u00e1thair c\u00farsa na dteorainneacha go comhaontaithe, bunaithe ar na h\u00e1iseanna at\u00e1 ann (amhail cl\u00e1rlann c\u00e1nach tal\u00fan agus pleananna), agus marc\u00e1iltear iad ar an mbealach a fhor\u00e1iltear i \u00a7 845 den Ch\u00f3d Sibhialta Ginear\u00e1lta (ABGB).<\/p>\n\n<p class=\"wp-block-paragraph\">Mura f\u00e9idir leis na h\u00fain\u00e9ir\u00ed teacht ar chomhaont\u00fa maidir le c\u00farsa na teorann, iarrfaidh an Oifig Suirbh\u00e9ireachta ar an \u00fain\u00e9ir a mha\u00edonn nach bhfuil an teorainn ag teacht leis an gc\u00farsa teorann at\u00e1 ann cheana f\u00e9in, imeachta\u00ed dl\u00edthi\u00fala a thionscnamh laistigh de sh\u00e9 seachtaine chun an d\u00edosp\u00f3id teorann a r\u00e9iteach.<\/p>\n\n<h3 class=\"wp-block-heading\" id=\"h-vermessung-und-eintragung-im-grenzkataster\">Suirbh\u00e9ireacht agus Iontr\u00e1il sa Chl\u00e1rlann Teorann<\/h3>\n\n<p class=\"wp-block-paragraph\">Ar iarratas \u00f3 na h\u00fain\u00e9ir\u00ed lena mbaineann, tar \u00e9is cr\u00edochn\u00fa rath\u00fail na hidirbhearta\u00edochta teorann ag an Oifig Suirbh\u00e9ireachta, is f\u00e9idir an suirbh\u00e9ireacht agus iontr\u00e1il na maoine sa chl\u00e1rlann teorann a dh\u00e9anamh.<\/p>\n\n<h3 class=\"wp-block-heading\" id=\"h-gerichtliche-erneuerung-oder-berichtigung-der-grenze\">Athnuachan n\u00f3 Ceart\u00fa Breithi\u00fanach na Teorann<\/h3>\n\n<p class=\"wp-block-paragraph\">M\u00e1 t\u00e1 na marcanna teorann idir dh\u00e1 mhaoin do-aitheanta n\u00f3 m\u00e1 t\u00e1 na teorainneacha idir \u00fain\u00e9ir\u00ed comharsanacha consp\u00f3ideach, t\u00e1 an ceart ag gach comharsa freisin athnuachan n\u00f3 ceart\u00fa breithi\u00fanach na teorann a \u00e9ileamh de r\u00e9ir \u00a7 850 ABGB.<\/p>\n\n<p class=\"wp-block-paragraph\">Is f\u00e9idir \u00e9 seo a dh\u00e9anamh freisin gan idirbhearta\u00edocht teorann roimh r\u00e9.<\/p>\n\n<p class=\"wp-block-paragraph\">D\u00e9anann an ch\u00fairt iarracht ar dt\u00fas an seilbh sh\u00edoch\u00e1nta dheireanach a chinneadh. M\u00e1 \u00e9ir\u00edonn leis an gcinneadh seo, socra\u00edtear an teorainn d\u00e1 r\u00e9ir. Mura f\u00e9idir an seilbh sh\u00edoch\u00e1nta dheireanach a chinneadh, f\u00e9adfaidh an ch\u00fairt an limist\u00e9ar consp\u00f3ideach a dh\u00e1ileadh de r\u00e9ir \u00a7 851 ABGB de r\u00e9ir rogha r\u00e9as\u00fanta na c\u00fairte.  <\/p>\n    <div class=\"mr-quote mrbg clearfix\">\n        <a class=\"mr-quote-person\" href=\"\/ueber-uns\/rechtsanwalt-sebastian-riedlmair\/\" title=\"Rechtsanwalt Sebastian Riedlmair\">\n            <img decoding=\"async\" class=\"mr-quote-person-img\" src=\"https:\/\/harlander-partner.eu\/wp-content\/themes\/harlander\/design\/sr100.webp\" width=\"100\"\n                 height=\"100\" loading=\"lazy\" alt=\"Rechtsanwalt Sebastian Riedlmair\">\n            <span class=\"mr-quote-person-text\">\n            Sebastian Riedlmair<br>\n            <span class=\"mr-quote-person-function\">Harlander &amp; Partner Rechtsanw\u00e4lte<\/span>\n        <\/span>\n        <\/a>\n        <span class=\"mr-quote-content\">\u201eW\u00e4hlen Sie jetzt Ihren Wunschtermin f\u00fcr ein\u00a0<strong>kostenloses Erstgespr\u00e4ch<\/strong>\u00a0via Videokonferenz oder Telefon aus:\u201c<\/span>\n    <\/div>\n<a class=\"mr-cta-link mr-cta-button-cal\" href=\"#h2-booking\" title=\"Comhairli\u00fach\u00e1n Tosaigh Saor in Aisce\"><span class=\"mr-cta-link-normal\">Roghnaigh an d\u00e1ta is fearr leat anois:<\/span><span class=\"mr-cta-link-bold\">Comhairli\u00fach\u00e1n Tosaigh Saor in Aisce<\/span><\/a>\n","protected":false},"excerpt":{"rendered":"D\u00edosp\u00f3id\u00ed Teorann idir Comharsana I gc\u00e1s d\u00edosp\u00f3id\u00ed teorann, t\u00e1 roinnt beala\u00ed san Ostair chun teorainneacha maoine neamhchinnte, do-aitheanta n\u00f3 consp\u00f3ideacha a r\u00e9iteach: Athch\u00f3iri\u00fa Teorann ag an Oifig Suirbh\u00e9ireachta Is n\u00f3s &#8230;","protected":false},"author":1,"featured_media":52876,"parent":68888,"menu_order":0,"comment_status":"closed","ping_status":"closed","template":"","meta":{"_acf_changed":false,"_uag_custom_page_level_css":"","footnotes":""},"categories":[1166,1167],"tags":[],"class_list":["post-52875","page","type-page","status-publish","has-post-thumbnail","hentry","category-dli-maoine","category-leideanna-dli-nuacht"],"acf":[],"uagb_featured_image_src":{"full":["https:\/\/harlander-partner.eu\/wp-content\/uploads\/grenzpunkt.webp",1920,1080,false],"thumbnail":["https:\/\/harlander-partner.eu\/wp-content\/uploads\/grenzpunkt-100x100.webp",100,100,true],"medium":["https:\/\/harlander-partner.eu\/wp-content\/uploads\/grenzpunkt-800x450.webp",800,450,true],"medium_large":["https:\/\/harlander-partner.eu\/wp-content\/uploads\/grenzpunkt.webp",1920,1080,false],"large":["https:\/\/harlander-partner.eu\/wp-content\/uploads\/grenzpunkt.webp",1920,1080,false],"1536x1536":["https:\/\/harlander-partner.eu\/wp-content\/uploads\/grenzpunkt.webp",1536,864,false],"2048x2048":["https:\/\/harlander-partner.eu\/wp-content\/uploads\/grenzpunkt.webp",1920,1080,false],"336x":["https:\/\/harlander-partner.eu\/wp-content\/uploads\/grenzpunkt-336x189.webp",336,189,true],"352x":["https:\/\/harlander-partner.eu\/wp-content\/uploads\/grenzpunkt-352x198.webp",352,198,true],"woocommerce_thumbnail":["https:\/\/harlander-partner.eu\/wp-content\/uploads\/grenzpunkt-300x300.webp",300,300,true],"woocommerce_single":["https:\/\/harlander-partner.eu\/wp-content\/uploads\/grenzpunkt-600x338.webp",600,338,true],"woocommerce_gallery_thumbnail":["https:\/\/harlander-partner.eu\/wp-content\/uploads\/grenzpunkt-100x100.webp",100,100,true],"yarpp-thumbnail":["https:\/\/harlander-partner.eu\/wp-content\/uploads\/grenzpunkt-120x120.webp",120,120,true]},"uagb_author_info":{"display_name":"Peter Harlander","author_link":"https:\/\/harlander-partner.eu\/ga\/author\/secondpromotion\/"},"uagb_comment_info":0,"uagb_excerpt":"D\u00edosp\u00f3id\u00ed Teorann idir Comharsana I gc\u00e1s d\u00edosp\u00f3id\u00ed teorann, t\u00e1 roinnt beala\u00ed san Ostair chun teorainneacha maoine neamhchinnte, do-aitheanta n\u00f3 consp\u00f3ideacha a r\u00e9iteach: Athch\u00f3iri\u00fa Teorann ag an Oifig Suirbh\u00e9ireachta Is n\u00f3s ...","_links":{"self":[{"href":"https:\/\/harlander-partner.eu\/ga\/wp-json\/wp\/v2\/pages\/52875","targetHints":{"allow":["GET"]}}],"collection":[{"href":"https:\/\/harlander-partner.eu\/ga\/wp-json\/wp\/v2\/pages"}],"about":[{"href":"https:\/\/harlander-partner.eu\/ga\/wp-json\/wp\/v2\/types\/page"}],"author":[{"embeddable":true,"href":"https:\/\/harlander-partner.eu\/ga\/wp-json\/wp\/v2\/users\/1"}],"replies":[{"embeddable":true,"href":"https:\/\/harlander-partner.eu\/ga\/wp-json\/wp\/v2\/comments?post=52875"}],"version-history":[{"count":0,"href":"https:\/\/harlander-partner.eu\/ga\/wp-json\/wp\/v2\/pages\/52875\/revisions"}],"up":[{"embeddable":true,"href":"https:\/\/harlander-partner.eu\/ga\/wp-json\/wp\/v2\/pages\/68888"}],"wp:featuredmedia":[{"embeddable":true,"href":"https:\/\/harlander-partner.eu\/ga\/wp-json\/wp\/v2\/media\/52876"}],"wp:attachment":[{"href":"https:\/\/harlander-partner.eu\/ga\/wp-json\/wp\/v2\/media?parent=52875"}],"wp:term":[{"taxonomy":"category","embeddable":true,"href":"https:\/\/harlander-partner.eu\/ga\/wp-json\/wp\/v2\/categories?post=52875"},{"taxonomy":"post_tag","embeddable":true,"href":"https:\/\/harlander-partner.eu\/ga\/wp-json\/wp\/v2\/tags?post=52875"}],"curies":[{"name":"wp","href":"https:\/\/api.w.org\/{rel}","templated":true}]}}