{"id":157254,"date":"2026-05-26T12:00:00","date_gmt":"2026-05-26T10:00:00","guid":{"rendered":"https:\/\/harlander-partner.eu\/dli-coiriuil\/faireachan-cumarsaide-agus-urghabhail-litreacha-i-nimeachtai-coiriula\/"},"modified":"2026-05-26T16:03:52","modified_gmt":"2026-05-26T14:03:52","slug":"faireachan-cumarsaide-agus-urghabhail-litreacha-i-nimeachtai-coiriula","status":"publish","type":"page","link":"https:\/\/harlander-partner.eu\/ga\/dli-coiriuil\/faireachan-cumarsaide-agus-urghabhail-litreacha-i-nimeachtai-coiriula\/","title":{"rendered":"Faireach\u00e1n Cumars\u00e1ide agus Urghabh\u00e1il Litreacha i nImeachta\u00ed Coiri\u00fala"},"content":{"rendered":"\n<div class=\"wp-block-yoast-seo-table-of-contents yoast-table-of-contents\"><h2>Faireach\u00e1n Cumars\u00e1ide agus Urghabh\u00e1il Litreacha i nImeachta\u00ed Coiri\u00fala<\/h2><ul><li><a href=\"#h-unterschied-zwischen-einfachen-und-intensiven-ermittlungsmassnahmen\" data-level=\"2\">Difr\u00edocht idir Bearta Imscr\u00fadaithe Simpl\u00ed agus Dian<\/a><\/li><li><a href=\"#h-beschlagnahme-von-briefen\" data-level=\"2\">Urghabh\u00e1il Litreacha<\/a><\/li><li><a href=\"#h-auskunft-uber-stamm-und-zugangsdaten\" data-level=\"2\">Faisn\u00e9is maidir le Sonra\u00ed Bun\u00fasacha agus Rochtana<\/a><\/li><li><a href=\"#h-auskunft-uber-daten-einer-nachrichtenubermittlung\" data-level=\"2\">Faisn\u00e9is maidir le Sonra\u00ed Tarchurtha Teachtaireachta\u00ed<\/a><\/li><li><a href=\"#h-lokalisierung-technischer-einrichtungen-und-anlassdatenspeicherung\" data-level=\"2\">Log\u00e1n\u00fa Gl\u00e9asanna Teicni\u00fala agus St\u00f3r\u00e1il Sonra\u00ed \u00d3c\u00e1ide<\/a><\/li><li><a href=\"#h-uberwachung-von-nachrichten-als-intensivster-eingriff\" data-level=\"2\">Faireach\u00e1n Teachtaireachta\u00ed mar an Idirghabh\u00e1il is Dian<\/a><\/li><li><a href=\"#h-materielle-voraussetzungen-der-ermittlungsmassnahmen\" data-level=\"2\">Coinn\u00edollacha \u00c1bhartha na mBeart Imscr\u00fadaithe<\/a><\/li><li><a href=\"#h-formelle-voraussetzungen-und-gerichtliche-bewilligung\" data-level=\"2\">Coinn\u00edollacha Foirmi\u00fala agus Cead\u00fa Breithi\u00fanach<\/a><\/li><li><a href=\"#h-rolle-von-staatsanwaltschaft-und-gericht\" data-level=\"2\">R\u00f3l an Ionch\u00faisitheora St\u00e1it agus na C\u00fairte<\/a><\/li><li><a href=\"#h-rechte-des-beschuldigten-im-ermittlungsverfahren\" data-level=\"2\">Cearta an Ch\u00fais\u00ed san Imeacht Imscr\u00fadaithe<\/a><\/li><li><a href=\"#h-beweisverwertung-und-nichtigkeit-rechtswidriger-massnahmen\" data-level=\"2\">\u00das\u00e1id Fianaise agus Neamhni\u00fa Beart Neamhdhleathach<\/a><\/li><li><a href=\"#h-ihre-vorteile-mit-anwaltlicher-unterstutzung\" data-level=\"2\">Do bhunt\u00e1ist\u00ed le taca\u00edocht dl\u00ed<\/a><\/li><li><a href=\"#h-faq-haufig-gestellte-fragen\" data-level=\"2\">CCanna \u2013 Ceisteanna Coitianta<\/a><\/li><\/ul><\/div>\n\n<p class=\"wp-block-paragraph\">Is <strong>bearta imscr\u00fadaithe st\u00e1it<\/strong> iad faireach\u00e1n cumars\u00e1ide agus urghabh\u00e1il litreacha i nimeachta\u00ed coiri\u00fala a dh\u00e9anann idirghabh\u00e1il dhomhain ar <strong>phr\u00edobh\u00e1ideachas agus r\u00fandacht cumars\u00e1ide<\/strong>. Cuireann siad ar chumas na n-\u00fadar\u00e1s <strong>teachtaireachta\u00ed, sonra\u00ed cumars\u00e1ide agus seolta\u00ed<\/strong> c\u00fais\u00ed a <strong>fhaireach\u00e1n, a mheas n\u00f3 a dhaingni\u00fa<\/strong>. <\/p>\n\n<p class=\"wp-block-paragraph\">Cuims\u00edtear go h\u00e1irithe <strong>glaonna teileaf\u00f3in, r\u00edomhphoist, teachtaireachta\u00ed teachtaireora chomh maith le tarchurtha sonra\u00ed digiteacha eile<\/strong>. Cuims\u00edonn urghabh\u00e1il litreacha <strong>oscailt agus coinne\u00e1il seolta\u00ed fisici\u00fala n\u00f3 leictreonacha<\/strong>. Ina theannta sin, t\u00e1 bearta c\u00e9imnithe ann cos\u00fail le <strong>faisn\u00e9is maidir le sonra\u00ed bun\u00fasacha agus rochtana<\/strong>, <strong>baili\u00fa sonra\u00ed tr\u00e1chta<\/strong> n\u00f3 <strong>log\u00e1n\u00fa gl\u00e9asanna teicni\u00fala<\/strong>.  <\/p>\n\n<p class=\"wp-block-paragraph\">T\u00e1 g\u00e1 le <strong>amhras coire sonrach<\/strong>, cusp\u00f3ir imscr\u00fadaithe intuigthe agus <strong>teorann\u00fa comhr\u00e9ireach<\/strong> ar an mbeart. T\u00e1 samhail ch\u00e9imnithe shoil\u00e9ir i bhfeidhm. D\u00e1 dhoimhne a dh\u00e9anann \u00fadar\u00e1is idirghabh\u00e1il ar chumars\u00e1id agus ar shaol pr\u00edobh\u00e1ideach, is ea is g\u00e1 cusp\u00f3ir, raon feidhme agus fad na beart a chosaint go beacht.  <\/p>\n\n<div class=\"wp-block-uagb-container uagb-block-3019fe8e alignfull uagb-is-root-container\">\n<div class=\"wp-block-uagb-container uagb-block-32585033\">\n<p class=\"wp-block-paragraph\"><strong>De r\u00e9ir <a href=\"https:\/\/ris.bka.gv.at\/eli\/bgbl\/1975\/631\/P134\/NOR40258330\" target=\"_blank\" rel=\"noreferrer noopener\">\u00a7\u00a7 134<\/a>, <a href=\"https:\/\/ris.bka.gv.at\/eli\/bgbl\/1975\/631\/P135\/NOR40258331\" target=\"_blank\" rel=\"noreferrer noopener\">135 StPO<\/a> is bearta imscr\u00fadaithe iad faireach\u00e1n cumars\u00e1ide agus urghabh\u00e1il litreacha<\/strong> lena bhf\u00e9adann \u00fadar\u00e1is <strong>teachtaireachta\u00ed, sonra\u00ed cumars\u00e1ide agus seolta\u00ed c\u00fais\u00ed a fhaireach\u00e1n n\u00f3 a dhaingni\u00fa<\/strong> chun <strong>coireanna a shoil\u00e9iri\u00fa<\/strong>.<\/p>\n<\/div>\n\n\n\n<div class=\"wp-block-uagb-container uagb-block-45819ab6\"><picture>\r\n\t\t<source srcset=\"https:\/\/harlander-partner.eu\/wp-content\/uploads\/Kommunikationsueberwachung-und-Briefbeschlagnahme-im-Strafverfahren-352x198.webp\" >\r\n\t\t<img decoding=\"async\" class=\"mr-picture-small\" src=\"https:\/\/harlander-partner.eu\/wp-content\/uploads\/Kommunikationsueberwachung-und-Briefbeschlagnahme-im-Strafverfahren.webp\" alt=\"M\u00edni\u00fa soil\u00e9ir ar fhaireach\u00e1n teachtaireachta\u00ed agus urghabh\u00e1il litreacha de r\u00e9ir \u00a7\u00a7 134\u2013135 StPO. Coinn\u00edollacha, pr\u00f3iseas agus cearta.\" >\r\n\t<\/picture>\n<\/div>\n<\/div>\n<a class=\"mr-cta-link mr-cta-button-cal\" href=\"#h2-booking\" title=\"Comhairli\u00fach\u00e1n Tosaigh Saor in Aisce\"><span class=\"mr-cta-link-normal\">Roghnaigh an d\u00e1ta is fearr leat anois:<\/span><span class=\"mr-cta-link-bold\">Comhairli\u00fach\u00e1n Tosaigh Saor in Aisce<\/span><\/a>\n\n<h2 class=\"wp-block-heading\" id=\"h-unterschied-zwischen-einfachen-und-intensiven-ermittlungsmassnahmen\">Difr\u00edocht idir Bearta Imscr\u00fadaithe Simpl\u00ed agus Dian<\/h2>\n\n<p class=\"wp-block-paragraph\">In imeachta\u00ed coiri\u00fala, oibr\u00edonn \u00fadar\u00e1is le <strong>c\u00f3ras idirghabh\u00e1lacha c\u00e9imnithe soil\u00e9ir<\/strong>. N\u00ed dh\u00e9anann gach beart idirghabh\u00e1il chomh tr\u00e9an c\u00e9anna ar chearta c\u00fais\u00ed. Is anseo go d\u00edreach at\u00e1 an difr\u00edocht chinni\u00fanach.  <\/p>\n\n<p class=\"wp-block-paragraph\">Baineann <strong>bearta imscr\u00fadaithe simpl\u00ed<\/strong> go pr\u00edomha le <strong>sonra\u00ed seachtracha<\/strong> cumars\u00e1ide. \u00c1ir\u00edtear leis sin ainm, seoladh n\u00f3 sannadh teicni\u00fail ar n\u00f3s seoladh IP. Fanann \u00e1bhar na cumars\u00e1ide gan teagmh\u00e1il agus d\u00e1 bhr\u00ed sin t\u00e1 s\u00e9 ceadaithe cheana f\u00e9in le <strong>hamhras tosaigh sonrach<\/strong>.  <\/p>\n\n<p class=\"wp-block-paragraph\">T\u00e9ann <strong>bearta imscr\u00fadaithe dian<\/strong> i bhfad n\u00edos faide. Baineann siad le <strong>h\u00e1bhar teachtaireachta\u00ed<\/strong> n\u00f3 cuireann siad ar chumas <strong>faireach\u00e1n cuimsitheach ar iompar<\/strong>. \u00c1ir\u00edtear leis sin go h\u00e1irithe l\u00e9amh teachtaireachta\u00ed n\u00f3 \u00e9isteacht le comhr\u00e1ite. D\u00e9anann na bearta seo idirghabh\u00e1il dh\u00edreach ar <strong>phr\u00edobh\u00e1ideachas agus ar bhunchearta<\/strong>.   <\/p>\n\n<p class=\"wp-block-paragraph\">Leanann an c\u00f3ras prionsabal soil\u00e9ir:<\/p>\n\n<ul class=\"wp-block-list\">\n<li><strong>D\u00e1 l\u00fa an idirghabh\u00e1il<\/strong>, is ea is <strong>\u00edsle na coinn\u00edollacha dl\u00edthi\u00fala<\/strong><\/li>\n\n\n\n<li><strong>D\u00e1 throime an idirghabh\u00e1il<\/strong>, is ea is <strong>d\u00e9ine na constaic\u00ed reacht\u00fala<\/strong><\/li>\n<\/ul>\n\n<p class=\"wp-block-paragraph\">T\u00e1 samhail ch\u00e9imnithe shoil\u00e9ir i bhfeidhm d&#8217;\u00fadar\u00e1is imscr\u00fadaithe: <strong>n\u00ed f\u00e9idir le h\u00fadar\u00e1is dul d\u00edreach chuig an mbeart is g\u00e9ire<\/strong>. N\u00ed m\u00f3r d\u00f3ibh a scr\u00fad\u00fa i gc\u00f3na\u00ed an leor <strong>beart n\u00edos \u00e9adroime<\/strong> chun an c\u00e1s a shoil\u00e9iri\u00fa. N\u00ed thagann faireach\u00e1n n\u00edos dian i gceist ach amh\u00e1in mura bhfuil sin amhlaidh.  <\/p>\n    <div class=\"mr-quote mrbg clearfix\">\n        <a class=\"mr-quote-person\" href=\"\/ueber-uns\/rechtsanwalt-peter-harlander\/\" title=\"Rechtsanwalt Peter Harlander\">\n            <img decoding=\"async\" class=\"mr-quote-person-img\" src=\"https:\/\/harlander-partner.eu\/wp-content\/themes\/harlander\/design\/ph100.webp\" width=\"100\"\n                 height=\"100\" loading=\"lazy\" alt=\"Rechtsanwalt Peter Harlander\">\n            <span class=\"mr-quote-person-text\">\n            Peter Harlander<br>\n            <span class=\"mr-quote-person-function\">Harlander &amp; Partner Rechtsanw\u00e4lte<\/span>\n        <\/span>\n        <\/a>\n        <span class=\"mr-quote-content\">\u201eCinneann teorainneacha faireach\u00e1in chumars\u00e1ide incheadaithe go minic an bhfanann imscr\u00faduithe de r\u00e9ir an st\u00e1it dhl\u00ed n\u00f3 an s\u00e1ra\u00edtear bunchearta.\u201c<\/span>\n    <\/div>\n\n<h2 class=\"wp-block-heading\" id=\"h-beschlagnahme-von-briefen\">Urghabh\u00e1il Litreacha<\/h2>\n\n<p class=\"wp-block-paragraph\">Ceada\u00edonn <strong>urghabh\u00e1il litreacha<\/strong> d&#8217;\u00fadar\u00e1is <strong>seolta\u00ed c\u00fais\u00ed a dhaingni\u00fa n\u00f3 a oscailt<\/strong>. N\u00ed bhaineann s\u00e9 le litreacha clasaiceacha amh\u00e1in. F\u00e9adfar <strong>beart\u00e1in n\u00f3 seolta\u00ed leictreonacha<\/strong> a chuimsi\u00fa freisin.  <\/p>\n\n<p class=\"wp-block-paragraph\">D\u00e9anann an beart idirghabh\u00e1il dh\u00edreach ar an <strong>r\u00fan litreach<\/strong>. D\u00e1 bhr\u00ed sin, t\u00e1 coinn\u00edollacha d\u00e9ine i bhfeidhm. \u00c9il\u00edonn an beart soil\u00e9iri\u00fa ar chion a rinneadh d&#8217;aon ghn\u00f3 le bagairt pion\u00f3is n\u00edos m\u00f3 n\u00e1 bliain amh\u00e1in.  <\/p>\n\n<p class=\"wp-block-paragraph\">Is minic a \u00fas\u00e1idtear urghabh\u00e1il litreacha chun:<\/p>\n\n<ul class=\"wp-block-list\">\n<li><strong>Fianaise a dhaingni\u00fa<\/strong><\/li>\n\n\n\n<li><strong>Comhaontuithe idir rannph\u00e1irtithe a nochtadh<\/strong><\/li>\n\n\n\n<li><strong>Doicim\u00e9id n\u00f3 s\u00f3cmhainn\u00ed a aimsi\u00fa<\/strong><\/li>\n<\/ul>\n\n<p class=\"wp-block-paragraph\">Leanann an n\u00f3s imeachta coiri\u00fail prionsabal na <strong>comhr\u00e9ireachta<\/strong>. D\u00e1 bhr\u00ed sin, n\u00ed thagann urghabh\u00e1il litreacha i gceist ach amh\u00e1in nuair nach leor bearta n\u00edos \u00e9adroime. <\/p>\n<a class=\"mr-cta-link mr-cta-button-cal\" href=\"#h2-booking\" title=\"Comhairli\u00fach\u00e1n Tosaigh Saor in Aisce\"><span class=\"mr-cta-link-normal\">Roghnaigh an d\u00e1ta is fearr leat anois:<\/span><span class=\"mr-cta-link-bold\">Comhairli\u00fach\u00e1n Tosaigh Saor in Aisce<\/span><\/a>\n\n<h2 class=\"wp-block-heading\" id=\"h-auskunft-uber-stamm-und-zugangsdaten\">Faisn\u00e9is maidir le Sonra\u00ed Bun\u00fasacha agus Rochtana<\/h2>\n\n<p class=\"wp-block-paragraph\">N\u00ed bhaineann <strong>faisn\u00e9is maidir le sonra\u00ed bun\u00fasacha agus rochtana<\/strong> le h\u00e1bhar cumars\u00e1ide. Faigheann \u00fadar\u00e1is d\u00e1 bharr sannadh teicni\u00fail ceangail n\u00f3 cuntais \u00fas\u00e1ideora le duine ar leith amh\u00e1in. <\/p>\n\n<p class=\"wp-block-paragraph\">Cuims\u00edtear go h\u00e1irithe sonra\u00ed sannta pearsanta ar n\u00f3s:<\/p>\n\n<ul class=\"wp-block-list\">\n<li>Ainm agus seoladh \u00fas\u00e1ideora<\/li>\n\n\n\n<li>Uimhreacha teileaf\u00f3in agus aitheantais \u00fas\u00e1ideora<\/li>\n\n\n\n<li>Seolta\u00ed IP poibl\u00ed mar aon le sannadh ama<\/li>\n\n\n\n<li>Sannadh seolta\u00ed r\u00edomhphoist le h\u00fas\u00e1ideoir\u00ed ar leith<\/li>\n\n\n\n<li>Aitheantais \u00fas\u00e1ideora ag seirbh\u00eds\u00ed cumars\u00e1ide n\u00f3 ar l\u00edne<\/li>\n<\/ul>\n\n<p class=\"wp-block-paragraph\">Leis an bhfaisn\u00e9is seo, is f\u00e9idir le himscr\u00fadaitheoir\u00ed a chinneadh <strong>c\u00e9 acu duine at\u00e1 taobh thiar de cheangal n\u00f3 cuntas ar l\u00edne ar leith<\/strong>. Gan sannadh sonra\u00ed rochtana teicni\u00fala, is ar \u00e9igean is f\u00e9idir go leor coireanna Idirl\u00edn a shannadh le duine ar leith. <\/p>\n\n<p class=\"wp-block-paragraph\">Ar an gc\u00e9ad amharc, is cos\u00fail go bhfuil an idirghabh\u00e1il n\u00edos l\u00fa dian n\u00e1 faireach\u00e1n cumars\u00e1ide. Mar sin f\u00e9in, baineann an fhaisn\u00e9is sonra\u00ed seo le <strong>pr\u00edobh\u00e1ideachas<\/strong> freisin. Is minic a cheada\u00edonn sonra\u00ed \u00fas\u00e1ide theicni\u00fala f\u00e9in t\u00e1tal fairsing ar theagmh\u00e1lacha n\u00f3 ar ghn\u00edomha\u00edochta\u00ed ar l\u00edne.  <\/p>\n<a class=\"mr-cta-link mr-cta-button-cal\" href=\"#h2-booking\" title=\"Comhairli\u00fach\u00e1n Tosaigh Saor in Aisce\"><span class=\"mr-cta-link-normal\">Roghnaigh an d\u00e1ta is fearr leat anois:<\/span><span class=\"mr-cta-link-bold\">Comhairli\u00fach\u00e1n Tosaigh Saor in Aisce<\/span><\/a>\n\n<h2 class=\"wp-block-heading\" id=\"h-auskunft-uber-daten-einer-nachrichtenubermittlung\">Faisn\u00e9is maidir le Sonra\u00ed Tarchurtha Teachtaireachta\u00ed<\/h2>\n\n<p class=\"wp-block-paragraph\">T\u00e9ann <strong>faisn\u00e9is maidir le sonra\u00ed tarchurtha teachtaireachta\u00ed<\/strong> i bhfad n\u00edos faide n\u00e1 fiosr\u00fach\u00e1n sonra\u00ed bun\u00fasacha amh\u00e1in. Faigheann \u00fadar\u00e1is d\u00e1 bharr <strong>sonra\u00ed tr\u00e1chta agus ceangail<\/strong> ar a dtugtar. <\/p>\n\n<p class=\"wp-block-paragraph\">Leis sin is f\u00e9idir a rian\u00fa:<\/p>\n\n<ul class=\"wp-block-list\">\n<li><strong>C\u00e9 a rinne cumars\u00e1id le c\u00e9<\/strong><\/li>\n\n\n\n<li><strong>Cathain a tharla ceangal<\/strong><\/li>\n\n\n\n<li><strong>C\u00e9 chomh fada a mhair an chumars\u00e1id<\/strong><\/li>\n\n\n\n<li><strong>C\u00e9n su\u00edomh \u00f3na ndearnadh cumars\u00e1id<\/strong><\/li>\n<\/ul>\n\n<p class=\"wp-block-paragraph\">Fanann \u00e1bhar na dteachtaireachta\u00ed gan teagmh\u00e1il go bun\u00fasach. Mar sin f\u00e9in, is minic a chuireann an beart ar chumas anail\u00eds an-bheacht ar theagmh\u00e1lacha s\u00f3isialta agus ar phatr\u00fain ghluaiseachta. Go d\u00edreach ar an gc\u00fais sin, is idirghabh\u00e1il shuntasach ar bhunchearta \u00ed cheana f\u00e9in.  <\/p>\n\n<p class=\"wp-block-paragraph\">Is minic a \u00fas\u00e1idtear an beart in imscr\u00faduithe maidir le coireacht eagraithe, cionta calaoise n\u00f3 tr\u00e1d\u00e1il druga\u00ed and\u00faile. Uaireanta \u00e9il\u00edonn an dl\u00ed f\u00edric\u00ed \u00e1irithe \u00f3na dtagann go bhf\u00e9adfa\u00ed sonra\u00ed an ch\u00fais\u00ed a fh\u00e1il d\u00e1 bharr. <\/p>\n    <div class=\"mr-quote mrbg clearfix\">\n        <a class=\"mr-quote-person\" href=\"\/ueber-uns\/rechtsanwalt-sebastian-riedlmair\/\" title=\"Rechtsanwalt Sebastian Riedlmair\">\n            <img decoding=\"async\" class=\"mr-quote-person-img\" src=\"https:\/\/harlander-partner.eu\/wp-content\/themes\/harlander\/design\/sr100.webp\" width=\"100\"\n                 height=\"100\" loading=\"lazy\" alt=\"Rechtsanwalt Sebastian Riedlmair\">\n            <span class=\"mr-quote-person-text\">\n            Sebastian Riedlmair<br>\n            <span class=\"mr-quote-person-function\">Harlander &amp; Partner Rechtsanw\u00e4lte<\/span>\n        <\/span>\n        <\/a>\n        <span class=\"mr-quote-content\">\u201eIs minic a cheada\u00edonn sonra\u00ed tr\u00e1chta agus ceangail l\u00e9argas n\u00edos doimhne ar chaidrimh phearsanta n\u00e1 mar a thuigeann go leor daoine lena mbaineann.\u201c<\/span>\n    <\/div>\n<a class=\"mr-cta-link mr-cta-button-cal\" href=\"#h2-booking\" title=\"Comhairli\u00fach\u00e1n Tosaigh Saor in Aisce\"><span class=\"mr-cta-link-normal\">Roghnaigh an d\u00e1ta is fearr leat anois:<\/span><span class=\"mr-cta-link-bold\">Comhairli\u00fach\u00e1n Tosaigh Saor in Aisce<\/span><\/a>\n\n<h2 class=\"wp-block-heading\" id=\"h-lokalisierung-technischer-einrichtungen-und-anlassdatenspeicherung\">Log\u00e1n\u00fa Gl\u00e9asanna Teicni\u00fala agus St\u00f3r\u00e1il Sonra\u00ed \u00d3c\u00e1ide<\/h2>\n\n<p class=\"wp-block-paragraph\">Ceada\u00edonn <strong>log\u00e1n\u00fa gl\u00e9asanna teicni\u00fala<\/strong> d&#8217;\u00fadar\u00e1is imscr\u00fadaithe su\u00edomh gl\u00e9is shoghluaiste a chinneadh. Baineann s\u00e9 go pr\u00edomha le <strong>f\u00f3in ph\u00f3ca, t\u00e1ibl\u00e9id n\u00f3 gl\u00e9asanna cumars\u00e1ide inchompar\u00e1ide<\/strong>. <\/p>\n\n<p class=\"wp-block-paragraph\">Fi\u00fa gan rochtain ar \u00e1bhar teachtaireachta\u00ed, is minic a thugann sonra\u00ed su\u00edmh picti\u00far iontas beacht ar <strong>ghluaiseachta\u00ed, theagmh\u00e1lacha agus ionaid ch\u00f3naithe<\/strong> duine. D\u00e1 bharr sin, is f\u00e9idir le himscr\u00fadaitheoir\u00ed a rian\u00fa an raibh c\u00fais\u00ed in \u00e1it ar leith n\u00f3 an raibh s\u00e9 i dteagmh\u00e1il le rannph\u00e1irtithe eile. <\/p>\n\n<p class=\"wp-block-paragraph\">D\u00e1 bharr sin, is f\u00e9idir le h\u00fadar\u00e1is imscr\u00fadaithe ionaid ch\u00f3naithe, pr\u00f3if\u00edl\u00ed gluaiseachta n\u00f3 teagmh\u00e1lacha idir rannph\u00e1irtithe a rian\u00fa.<\/p>\n\n<p class=\"wp-block-paragraph\">Ina theannta sin, aithn\u00edonn an C\u00f3d N\u00f3s Imeachta Coiri\u00fail an <strong>st\u00f3r\u00e1il sonra\u00ed \u00f3c\u00e1ide<\/strong> ar a dtugtar. Le st\u00f3r\u00e1il sonra\u00ed \u00f3c\u00e1ide, cuirtear scriosadh sonra\u00ed \u00e1irithe ar fionra\u00ed go sealadach ionas gur f\u00e9idir le h\u00fadar\u00e1is imscr\u00fadaithe rochtain a fh\u00e1il orthu n\u00edos d\u00e9ana\u00ed. <\/p>\n\n<p class=\"wp-block-paragraph\">\u00d3s rud \u00e9 gur f\u00e9idir le sonra\u00ed su\u00edmh idirghabh\u00e1il dhomhain a dh\u00e9anamh ar <strong>phr\u00edobh\u00e1ideachas<\/strong>, \u00e9il\u00edonn an dl\u00ed <strong>amhras coire leordh\u00f3thanach<\/strong> chomh maith le cosaint intuigthe don bheart.<\/p>\n<a class=\"mr-cta-link mr-cta-button-cal\" href=\"#h2-booking\" title=\"Comhairli\u00fach\u00e1n Tosaigh Saor in Aisce\"><span class=\"mr-cta-link-normal\">Roghnaigh an d\u00e1ta is fearr leat anois:<\/span><span class=\"mr-cta-link-bold\">Comhairli\u00fach\u00e1n Tosaigh Saor in Aisce<\/span><\/a>\n\n<h2 class=\"wp-block-heading\" id=\"h-uberwachung-von-nachrichten-als-intensivster-eingriff\">Faireach\u00e1n Teachtaireachta\u00ed mar an Idirghabh\u00e1il is Dian<\/h2>\n\n<p class=\"wp-block-paragraph\">Cuireann <strong>faireach\u00e1n teachtaireachta\u00ed<\/strong> ar chumas \u00fadar\u00e1is rochtain a fh\u00e1il ar <strong>\u00e1bhar cumars\u00e1ide reatha<\/strong>. Baineann s\u00e9 go h\u00e1irithe le <strong>glaonna teileaf\u00f3in, teachtaireachta\u00ed teachtaireora, r\u00edomhphoist agus foirmeacha cumars\u00e1ide digit\u00ed inchompar\u00e1ide<\/strong>. <\/p>\n\n<p class=\"wp-block-paragraph\">Cuireann an beart ar chumas l\u00e9argas d\u00edreach ar chumars\u00e1id phearsanta agus ar chomhr\u00e1ite r\u00fanda.<\/p>\n\n<p class=\"wp-block-paragraph\">D\u00e1 bhr\u00ed sin, n\u00ed cheada\u00edonn an C\u00f3d N\u00f3s Imeachta Coiri\u00fail an beart seo ach amh\u00e1in i gc\u00e1s <strong>coireanna a rinneadh d&#8217;aon ghn\u00f3 le pion\u00f3s saoirse n\u00edos m\u00f3 n\u00e1 bliain amh\u00e1in<\/strong>. \u00c1ir\u00edtear leis sin coireacht eagraithe, sceimhlitheoireacht, tr\u00e1d\u00e1il thromch\u00faiseach druga\u00ed and\u00faile n\u00f3 cionta fairsinge eacnama\u00edocha. <\/p>\n\n<p class=\"wp-block-paragraph\">Teasta\u00edonn <strong>cead\u00fa breithi\u00fanach<\/strong> go bun\u00fasach don fhaireach\u00e1n. N\u00ed m\u00f3r d&#8217;\u00fadar\u00e1is raon feidhme na beart a shonr\u00fa go beacht. N\u00edl <strong>faireach\u00e1n neamhtheoranta n\u00f3 uil\u00edoch<\/strong> incheadaithe.  <\/p>\n\n<p class=\"wp-block-paragraph\">M\u00e1 im\u00edonn na coinn\u00edollacha reacht\u00fala, n\u00ed m\u00f3r d&#8217;imscr\u00fadaitheoir\u00ed an faireach\u00e1n a chur ar ceal l\u00e1ithreach. T\u00e1 s\u00e9 sin amhlaidh go h\u00e1irithe nuair nach ndeimhn\u00edtear an t-amhras coire n\u00f3 nuair is leor <strong>bearta n\u00edos \u00e9adroime<\/strong>. <\/p>\n    <div class=\"mr-quote mrbg clearfix\">\n        <a class=\"mr-quote-person\" href=\"\/ueber-uns\/rechtsanwalt-peter-harlander\/\" title=\"Rechtsanwalt Peter Harlander\">\n            <img decoding=\"async\" class=\"mr-quote-person-img\" src=\"https:\/\/harlander-partner.eu\/wp-content\/themes\/harlander\/design\/ph100.webp\" width=\"100\"\n                 height=\"100\" loading=\"lazy\" alt=\"Rechtsanwalt Peter Harlander\">\n            <span class=\"mr-quote-person-text\">\n            Peter Harlander<br>\n            <span class=\"mr-quote-person-function\">Harlander &amp; Partner Rechtsanw\u00e4lte<\/span>\n        <\/span>\n        <\/a>\n        <span class=\"mr-quote-content\">\u201e\u00c1ir\u00edtear faireach\u00e1n teachtaireachta\u00ed i measc na n-idirghabh\u00e1lacha is troime san imeacht imscr\u00fadaithe agus d\u00e1 bhr\u00ed sin t\u00e1 s\u00e9 faoi r\u00e9ir coinn\u00edollacha reacht\u00fala an-d\u00e9ine.\u201c<\/span>\n    <\/div>\n<a class=\"mr-cta-link mr-cta-button-cal\" href=\"#h2-booking\" title=\"Comhairli\u00fach\u00e1n Tosaigh Saor in Aisce\"><span class=\"mr-cta-link-normal\">Roghnaigh an d\u00e1ta is fearr leat anois:<\/span><span class=\"mr-cta-link-bold\">Comhairli\u00fach\u00e1n Tosaigh Saor in Aisce<\/span><\/a>\n\n<h2 class=\"wp-block-heading\" id=\"h-materielle-voraussetzungen-der-ermittlungsmassnahmen\">Coinn\u00edollacha \u00c1bhartha na mBeart Imscr\u00fadaithe<\/h2>\n\n<p class=\"wp-block-paragraph\">\u00c9il\u00edonn bearta imscr\u00fadaithe coinn\u00edollacha reacht\u00fala \u00e1irithe. N\u00ed f\u00e9idir le h\u00fadar\u00e1is bearta faireach\u00e1in a \u00fas\u00e1id le haghaidh rial\u00fa ginear\u00e1lta n\u00f3 faisn\u00e9is a fh\u00e1il amh\u00e1in. <\/p>\n\n<p class=\"wp-block-paragraph\">Sa l\u00e1r t\u00e1 an <strong>t-amhras coire<\/strong> ar dt\u00fas. N\u00ed m\u00f3r d&#8217;imscr\u00fadaitheoir\u00ed a l\u00e9iri\u00fa go hintuigthe c\u00e9n f\u00e1th ar cheart duine ar leith a bheith bainteach le coir.  <strong>N\u00ed leor buill\u00ed faoi thuairim amh\u00e1in.<\/strong><\/p>\n\n<p class=\"wp-block-paragraph\">Is coinn\u00edoll riachtanach \u00e9 <strong>riachtanas<\/strong> na beart. N\u00ed m\u00f3r d&#8217;\u00fadar\u00e1is a scr\u00fad\u00fa an bhf\u00e9adfa\u00ed an c\u00e1s a shoil\u00e9iri\u00fa le <strong>modhanna nach bhfuil chomh dian sin<\/strong> freisin. <\/p>\n\n<p class=\"wp-block-paragraph\">T\u00e1 an chomhr\u00e9ireacht cinni\u00fanach freisin. D\u00e1 dhoimhne a dh\u00e9anann beart idirghabh\u00e1il ar bhunchearta, is ea is d\u00e9ine na coinn\u00edollacha reacht\u00fala. <\/p>\n\n<p class=\"wp-block-paragraph\">Go d\u00edreach ar an gc\u00fais sin, caitheann an C\u00f3d N\u00f3s Imeachta Coiri\u00fail le fiosr\u00fach\u00e1in sonra\u00ed simpl\u00ed ar bhealach difri\u00fail \u00f3 <strong>fhaireach\u00e1n \u00e1bhar teachtaireachta\u00ed<\/strong>.<\/p>\n\n<h2 class=\"wp-block-heading\" id=\"h-formelle-voraussetzungen-und-gerichtliche-bewilligung\">Coinn\u00edollacha Foirmi\u00fala agus Cead\u00fa Breithi\u00fanach<\/h2>\n\n<p class=\"wp-block-paragraph\">N\u00ed f\u00e9idir leis na Garda\u00ed amh\u00e1in go leor beart faireach\u00e1in a ord\u00fa. \u00c9il\u00edonn an C\u00f3d N\u00f3s Imeachta Coiri\u00fail <strong>cead\u00fa breithi\u00fanach<\/strong> go minic. D\u00e1 bharr sin, d\u00e9anann an ch\u00fairt rial\u00fa roimh an gcur i bhfeidhm ar an bhf\u00edric an bhfuil na coinn\u00edollacha reacht\u00fala i bhfeidhm.  <\/p>\n\n<p class=\"wp-block-paragraph\">T\u00e1 riachtanais an-d\u00e9ine i bhfeidhm maidir le <strong>faireach\u00e1n teachtaireachta\u00ed<\/strong>. N\u00ed m\u00f3r d&#8217;imscr\u00fadaitheoir\u00ed a l\u00e9iri\u00fa go sonrach don ch\u00fairt: <\/p>\n\n<ul class=\"wp-block-list\">\n<li><strong>C\u00e9n coir at\u00e1 \u00e1 lean\u00faint<\/strong><\/li>\n\n\n\n<li>C\u00e9n f\u00e1th a bhfuil <strong>amhras pr\u00e1inneach coire<\/strong> ann<\/li>\n\n\n\n<li>C\u00e9n f\u00e1th a bhfuil an beart riachtanach<\/li>\n\n\n\n<li>C\u00e9n f\u00e1th nach leor modhanna n\u00edos \u00e9adroime<\/li>\n<\/ul>\n\n<p class=\"wp-block-paragraph\">Scr\u00fada\u00edonn an ch\u00fairt ina dhiaidh sin an bhfuil na coinn\u00edollacha reacht\u00fala i bhfeidhm. Gan cosaint leordh\u00f3thanach, n\u00ed f\u00e9idir an beart a chead\u00fa. <\/p>\n\n<p class=\"wp-block-paragraph\">Maidir le bearta nach bhfuil chomh dian sin, t\u00e1 riachtanais n\u00edos \u00edsle i bhfeidhm go p\u00e1irteach. Maidir le <strong>faisn\u00e9is maidir le sonra\u00ed bun\u00fasacha agus rochtana<\/strong>, is leor amhras sonrach ar choir cheana f\u00e9in.  <\/p>\n<a class=\"mr-cta-link mr-cta-button-cal\" href=\"#h2-booking\" title=\"Comhairli\u00fach\u00e1n Tosaigh Saor in Aisce\"><span class=\"mr-cta-link-normal\">Roghnaigh an d\u00e1ta is fearr leat anois:<\/span><span class=\"mr-cta-link-bold\">Comhairli\u00fach\u00e1n Tosaigh Saor in Aisce<\/span><\/a>\n\n<h2 class=\"wp-block-heading\" id=\"h-rolle-von-staatsanwaltschaft-und-gericht\">R\u00f3l an Ionch\u00faisitheora St\u00e1it agus na C\u00fairte<\/h2>\n\n<p class=\"wp-block-paragraph\">San imeacht imscr\u00fadaithe, oibr\u00edonn <strong>na Garda\u00ed, an tIonch\u00faisitheoir St\u00e1it agus an ch\u00fairt<\/strong> go dl\u00fath le ch\u00e9ile. Mar sin f\u00e9in, glacann na hoifig\u00ed seo le dualgais \u00e9ags\u00fala. <\/p>\n\n<p class=\"wp-block-paragraph\">Cuireann na Garda\u00ed imscr\u00faduithe i bhfeidhm go praitici\u00fail. Daingn\u00edonn siad fianaise, d\u00e9anann siad anail\u00eds ar shonra\u00ed agus cuireann siad bearta ordaithe i bhfeidhm. Sti\u00farann an tIonch\u00faisitheoir St\u00e1it an t-imeacht imscr\u00fadaithe agus cinneann s\u00e9 c\u00e9 na bearta ba cheart a iarraidh.  <\/p>\n\n<p class=\"wp-block-paragraph\">I gc\u00e1s idirghabh\u00e1lacha dian ar bhunchearta, d\u00e9anann an ch\u00fairt rial\u00fa ar incheadaitheacht na beart. Baineann s\u00e9 seo go h\u00e1irithe le:<\/p>\n\n<ul class=\"wp-block-list\">\n<li><strong>Faireach\u00e1n cumars\u00e1ide<\/strong><\/li>\n\n\n\n<li><strong>Log\u00e1n\u00fa gl\u00e9asanna teicni\u00fala<\/strong><\/li>\n\n\n\n<li><strong>Urghabh\u00e1il litreacha<\/strong><\/li>\n\n\n\n<li>Foirmeacha \u00e1irithe anail\u00edse sonra\u00ed<\/li>\n<\/ul>\n\n<p class=\"wp-block-paragraph\">D\u00e1 bharr sin, crutha\u00edtear c\u00f3ras rialaithe ilch\u00e9imnithe. N\u00ed f\u00e9idir le h\u00fadar\u00e1is imscr\u00fadaithe idirghabh\u00e1lacha troma a chur i bhfeidhm go neamhsple\u00e1ch agus gan teorainn. <\/p>\n\n<p class=\"wp-block-paragraph\">Ba cheart go gcinnteodh an rial\u00fa breithi\u00fanach nach n-\u00fas\u00e1idtear bearta faireach\u00e1in ach amh\u00e1in nuair a bh\u00edonn na coinn\u00edollacha reacht\u00fala i bhfeidhm.<\/p>\n    <div class=\"mr-quote mrbg clearfix\">\n        <a class=\"mr-quote-person\" href=\"\/ueber-uns\/rechtsanwalt-sebastian-riedlmair\/\" title=\"Rechtsanwalt Sebastian Riedlmair\">\n            <img decoding=\"async\" class=\"mr-quote-person-img\" src=\"https:\/\/harlander-partner.eu\/wp-content\/themes\/harlander\/design\/sr100.webp\" width=\"100\"\n                 height=\"100\" loading=\"lazy\" alt=\"Rechtsanwalt Sebastian Riedlmair\">\n            <span class=\"mr-quote-person-text\">\n            Sebastian Riedlmair<br>\n            <span class=\"mr-quote-person-function\">Harlander &amp; Partner Rechtsanw\u00e4lte<\/span>\n        <\/span>\n        <\/a>\n        <span class=\"mr-quote-content\">\u201eN\u00ed bhaineann ceaduithe breithi\u00fanacha le foirmi\u00falacht, ach le rial\u00fa idirghabh\u00e1lacha troma ar bhunchearta san imeacht imscr\u00fadaithe.\u201c<\/span>\n    <\/div>\n<a class=\"mr-cta-link mr-cta-button-cal\" href=\"#h2-booking\" title=\"Comhairli\u00fach\u00e1n Tosaigh Saor in Aisce\"><span class=\"mr-cta-link-normal\">Roghnaigh an d\u00e1ta is fearr leat anois:<\/span><span class=\"mr-cta-link-bold\">Comhairli\u00fach\u00e1n Tosaigh Saor in Aisce<\/span><\/a>\n\n<h2 class=\"wp-block-heading\" id=\"h-rechte-des-beschuldigten-im-ermittlungsverfahren\">Cearta an Ch\u00fais\u00ed san Imeacht Imscr\u00fadaithe<\/h2>\n\n<p class=\"wp-block-paragraph\">Fi\u00fa le linn imscr\u00faduithe reatha, coinn\u00edonn c\u00fais\u00ed a <strong>chearta cosanta agus bunchearta<\/strong>. D\u00e1 bhr\u00ed sin, n\u00ed f\u00e9idir bearta imscr\u00fadaithe a dh\u00e9anamh gan teorainn. <\/p>\n\n<p class=\"wp-block-paragraph\">T\u00e1 an ceart ag daoine lena mbaineann go h\u00e1irithe ar:<\/p>\n\n<ul class=\"wp-block-list\">\n<li><strong>Cosaint dhl\u00edod\u00f3ireachta<\/strong><\/li>\n\n\n\n<li>Ini\u00fachadh comhad sa raon feidhme incheadaithe de r\u00e9ir dl\u00ed<\/li>\n\n\n\n<li>Athbhreithni\u00fa ar chinnt\u00ed breithi\u00fanacha<\/li>\n\n\n\n<li>Cosaint ar idirghabh\u00e1lacha neamhr\u00e9ireacha<\/li>\n<\/ul>\n\n<p class=\"wp-block-paragraph\">Go h\u00e1irithe maidir le bearta faireach\u00e1in, t\u00e1 r\u00f3l t\u00e1bhachtach ag an rial\u00fa n\u00edos d\u00e9ana\u00ed. N\u00ed m\u00f3r do ch\u00fairteanna a scr\u00fad\u00fa ar chomhl\u00edon imscr\u00fadaitheoir\u00ed na coinn\u00edollacha reacht\u00fala agus an raibh an beart riachtanach. <\/p>\n\n<p class=\"wp-block-paragraph\">M\u00e1 bail\u00edodh sonra\u00ed go neamhdhleathach, f\u00e9adfaidh s\u00e9 sin iarmhairt\u00ed suntasacha a bheith aige don imeacht coiri\u00fail. Faoi choinn\u00edollacha \u00e1irithe, n\u00ed f\u00e9idir an fhaisn\u00e9is sin a \u00fas\u00e1id mar fhianaise n\u00edos d\u00e9ana\u00ed. <\/p>\n\n<p class=\"wp-block-paragraph\">Do ch\u00faisithe, t\u00e1 scr\u00fad\u00fa dl\u00edthi\u00fail luath t\u00e1bhachtach go h\u00e1irithe. Is minic a dh\u00e9anann bearta faireach\u00e1in idirghabh\u00e1il dhomhain ar phr\u00edobh\u00e1ideachas agus is minic a bhaineann siad le m\u00e9ideanna m\u00f3ra sonra\u00ed pearsanta. <\/p>\n<a class=\"mr-cta-link mr-cta-button-cal\" href=\"#h2-booking\" title=\"Comhairli\u00fach\u00e1n Tosaigh Saor in Aisce\"><span class=\"mr-cta-link-normal\">Roghnaigh an d\u00e1ta is fearr leat anois:<\/span><span class=\"mr-cta-link-bold\">Comhairli\u00fach\u00e1n Tosaigh Saor in Aisce<\/span><\/a>\n\n<h2 class=\"wp-block-heading\" id=\"h-beweisverwertung-und-nichtigkeit-rechtswidriger-massnahmen\">\u00das\u00e1id Fianaise agus Neamhni\u00fa Beart Neamhdhleathach<\/h2>\n\n<p class=\"wp-block-paragraph\">N\u00ed f\u00e9idir bearta faireach\u00e1in a dh\u00e9anamh ach amh\u00e1in laistigh de theorainneacha an dl\u00ed. M\u00e1 sh\u00e1ra\u00edonn \u00fadar\u00e1is imscr\u00fadaithe na treoracha seo, f\u00e9adfaidh s\u00e9 sin iarmhairt\u00ed suntasacha a bheith aige don imeacht coiri\u00fail. <\/p>\n\n<p class=\"wp-block-paragraph\">D&#8217;fh\u00e9adfadh faireach\u00e1n gan chead\u00fa breithi\u00fanach n\u00f3 gan bhun\u00fas reacht\u00fail leordh\u00f3thanach a bheith neamhdhleathach. T\u00e1 an rud c\u00e9anna f\u00edor m\u00e1 sh\u00e1ra\u00edonn \u00fadar\u00e1is raon feidhme faireach\u00e1in n\u00f3 m\u00e1 dh\u00e9anann siad anail\u00eds ar shonra\u00ed gan chusp\u00f3ir incheadaithe. <\/p>\n\n<p class=\"wp-block-paragraph\">N\u00ed leanann gach earr\u00e1id n\u00f3s imeachta go huathoibr\u00edoch chuig neamh\u00fas\u00e1ideacht fianaise. D\u00e9anann an C\u00f3d N\u00f3s Imeachta Coiri\u00fail idirdheal\u00fa idir earr\u00e1id\u00ed foirme amh\u00e1in agus s\u00e1ruithe tromch\u00faiseacha dl\u00ed. Is minic a bh\u00edonn s\u00e9 cinni\u00fanach c\u00e9 chomh tr\u00e9an a rinne an beart idirghabh\u00e1il ar bhunchearta agus c\u00e9 na for\u00e1lacha a s\u00e1ra\u00edodh.  <\/p>\n\n<p class=\"wp-block-paragraph\">Go h\u00e1irithe maidir le <strong>faireach\u00e1n teachtaireachta\u00ed<\/strong> n\u00f3 maidir le hanail\u00eds\u00ed fairsinge sonra\u00ed, scr\u00fada\u00edonn c\u00fairteanna go c\u00faramach an raibh na coinn\u00edollacha reacht\u00fala i bhfeidhm. F\u00e9adfaidh ceaduithe in easnamh, cosaint\u00ed neamhleor n\u00f3 idirghabh\u00e1lacha neamhr\u00e9ireacha a bheith mar thoradh nach f\u00e9idir tortha\u00ed \u00e1irithe a \u00fas\u00e1id n\u00edos d\u00e9ana\u00ed. <\/p>\n    <div class=\"mr-quote mrbg clearfix\">\n        <a class=\"mr-quote-person\" href=\"\/ueber-uns\/rechtsanwalt-peter-harlander\/\" title=\"Rechtsanwalt Peter Harlander\">\n            <img decoding=\"async\" class=\"mr-quote-person-img\" src=\"https:\/\/harlander-partner.eu\/wp-content\/themes\/harlander\/design\/ph100.webp\" width=\"100\"\n                 height=\"100\" loading=\"lazy\" alt=\"Rechtsanwalt Peter Harlander\">\n            <span class=\"mr-quote-person-text\">\n            Peter Harlander<br>\n            <span class=\"mr-quote-person-function\">Harlander &amp; Partner Rechtsanw\u00e4lte<\/span>\n        <\/span>\n        <\/a>\n        <span class=\"mr-quote-content\">\u201eF\u00e9adfaidh sonra\u00ed a bail\u00edodh go neamhdhleathach difear suntasach a dh\u00e9anamh d&#8217;\u00fas\u00e1ideacht fianaise l\u00e1rnach san imeacht coiri\u00fail.\u201c<\/span>\n    <\/div>\n\n<h2 class=\"wp-block-heading\" id=\"h-ihre-vorteile-mit-anwaltlicher-unterstutzung\">Do bhunt\u00e1ist\u00ed le taca\u00edocht dl\u00ed<\/h2>\n\n<p class=\"wp-block-paragraph\">Is minic a dh\u00e9antar bearta faireachais sa ch\u00falra. Is ioma\u00ed duine lena mbaineann nach bhfaigheann amach ach go d\u00e9anach go ndearna \u00fadar\u00e1is monat\u00f3ireacht ar theachtaireachta\u00ed, go ndearna siad anail\u00eds ar shonra\u00ed n\u00f3 gur aimsigh siad gl\u00e9asanna teicni\u00fala. <\/p>\n\n<p class=\"wp-block-paragraph\">Is ar an \u00e1bhar sin go d\u00edreach at\u00e1 athbhreithni\u00fa dl\u00edthi\u00fail tr\u00e1th\u00fail r\u00edth\u00e1bhachtach. Is minic a dh\u00e9anann bearta imscr\u00fadaithe faoi <a href=\"https:\/\/ris.bka.gv.at\/eli\/bgbl\/1975\/631\/P134\/NOR40258330\" target=\"_blank\" rel=\"noreferrer noopener\">\u00a7\u00a7 134 ff StPO<\/a> cur isteach go m\u00f3r ar phr\u00edobh\u00e1ideachas agus b\u00edonn tionchar acu go rialta ar mh\u00e9ideanna m\u00f3ra sonra\u00ed pearsanta. <\/p>\n\n<p class=\"wp-block-paragraph\">Cuid\u00edonn ionada\u00edocht dhl\u00edthi\u00fail go h\u00e1irithe le:<\/p>\n\n<ul class=\"wp-block-list\">\n<li>dl\u00edthi\u00falacht an bhirt a sheice\u00e1il<\/li>\n\n\n\n<li>ceaduithe c\u00fairte a rial\u00fa<\/li>\n\n\n\n<li>idirghabh\u00e1lacha m\u00edchu\u00ed a l\u00e9iri\u00fa<\/li>\n\n\n\n<li>troid in aghaidh fianaise neamh-incheadaithe in am tr\u00e1tha<\/li>\n\n\n\n<li>strait\u00e9is\u00ed cosanta a th\u00f3g\u00e1il go luath<\/li>\n<\/ul>\n\n<p class=\"wp-block-paragraph\">Go h\u00e1irithe i gc\u00e1s monat\u00f3ireachta ar chumars\u00e1id n\u00f3 anail\u00eds fhairsing ar shonra\u00ed, is minic gurb \u00e9 an t-imscr\u00fad\u00fa f\u00e9in a chinneann c\u00farsa an phr\u00f3isis choiri\u00fail ina dhiaidh sin. Is minic nach dtugtar easpa ceaduithe, tr\u00e9imhs\u00ed faireachais s\u00e1raithe n\u00f3 anail\u00eds neamhcheadaithe ar shonra\u00ed faoi deara ach amh\u00e1in tar \u00e9is scr\u00fad\u00fa mion ar na comhaid. <\/p>\n\n<p class=\"wp-block-paragraph\">N\u00ed hamh\u00e1in go gcosna\u00edonn cosaint thr\u00e1th\u00fail cearta n\u00f3s imeachta. Is f\u00e9idir l\u00e9i a bheith cinntitheach freisin maidir leis an bhfianaise is f\u00e9idir a \u00fas\u00e1id ar chor ar bith n\u00edos d\u00e9ana\u00ed. <\/p>\n<a class=\"mr-cta-link mr-cta-button-cal\" href=\"#h2-booking\" title=\"Comhairli\u00fach\u00e1n Tosaigh Saor in Aisce\"><span class=\"mr-cta-link-normal\">Roghnaigh an d\u00e1ta is fearr leat anois:<\/span><span class=\"mr-cta-link-bold\">Comhairli\u00fach\u00e1n Tosaigh Saor in Aisce<\/span><\/a>\n\n<h2 class=\"wp-block-heading\" id=\"h-faq-haufig-gestellte-fragen\">CCanna \u2013 Ceisteanna Coitianta<\/h2>\n<div class=\"wp-block-uagb-faq uagb-faq__outer-wrap uagb-block-FAQ-KOMMUNIKATIONSUEBERWACHUNG uagb-faq-icon-row uagb-faq-layout-accordion uagb-faq-expand-first-true uagb-faq-inactive-other-true uagb-faq__wrap uagb-buttons-layout-wrap uagb-faq-equal-height     \" data-faqtoggle=\"true\" role=\"tablist\"><script type=\"application\/ld+json\">{\"@context\":\"https:\\\/\\\/schema.org\",\"@type\":\"FAQPage\",\"@id\":\"https:\\\/\\\/harlander-partner.eu\\\/ga\\\/dli-coiriuil\\\/faireachan-cumarsaide-agus-urghabhail-litreacha-i-nimeachtai-coiriula\\\/\",\"mainEntity\":[{\"@type\":\"Question\",\"name\":\"Cathain is f\\u00e9idir monat\\u00f3ireacht ar chumars\\u00e1id a ord\\u00fa?\",\"acceptedAnswer\":{\"@type\":\"Answer\",\"text\":\"N\\u00edl monat\\u00f3ireacht ar chumars\\u00e1id incheadaithe ach faoi choinn\\u00edollacha dl\\u00edthi\\u00fala diana. Teasta\\u00edonn amhras nithi\\u00fail faoi chion \\u00f3 \\u00fadar\\u00e1is imscr\\u00fadaithe agus caithfidh siad a chruth\\u00fa go bhfuil an beart riachtanach chun cion coiri\\u00fail a imscr\\u00fad\\u00fa. Scr\\u00fada\\u00edonn an ch\\u00fairt an leor bearta n\\u00edos boige. D\\u00e1 mh\\u00e9ad an cur isteach ar phr\\u00edobh\\u00e1ideachas, is ea is airde na ceanglais dhl\\u00edthi\\u00fala.   \"}},{\"@type\":\"Question\",\"name\":\"Cad \\u00e9 an difr\\u00edocht idir bunshonra\\u00ed agus \\u00e1bhar teachtaireachta?\",\"acceptedAnswer\":{\"@type\":\"Answer\",\"text\":\"Baineann bunshonra\\u00ed go pr\\u00edomha le sannach\\u00e1in theicni\\u00fala amhail ainm, uimhir theileaf\\u00f3in n\\u00f3 seoladh IP \\u00fas\\u00e1ideora. Ar an l\\u00e1imh eile, cuims\\u00edonn \\u00e1bhar teachtaireachta f\\u00edor-\\u00e1bhar glaonna teileaf\\u00f3in, r\\u00edomhphoist n\\u00f3 teachtaireachta\\u00ed meandracha. Is m\\u00f3 go m\\u00f3r an cur isteach ar chearta bun\\u00fasacha \\u00e9 anail\\u00eds ar \\u00e1bhar teachtaireachta. D\\u00e1 bhr\\u00ed sin, t\\u00e1 feidhm ag coinn\\u00edollacha dl\\u00edthi\\u00fala n\\u00edos d\\u00e9ine ina leith sin.   \"}},{\"@type\":\"Question\",\"name\":\"An bhfuil cead ag \\u00fadar\\u00e1is m'fh\\u00f3n p\\u00f3ca a lorg?\",\"acceptedAnswer\":{\"@type\":\"Answer\",\"text\":\"T\\u00e1 s\\u00e9 incheadaithe gl\\u00e9asanna teicni\\u00fala a aimsi\\u00fa faoi choinn\\u00edollacha \\u00e1irithe. F\\u00e9adfaidh \\u00fadar\\u00e1is imscr\\u00fadaithe sonra\\u00ed su\\u00edmh a \\u00fas\\u00e1id, mar shampla, chun c\\u00faisitheoir\\u00ed at\\u00e1 ar teitheadh a aimsi\\u00fa n\\u00f3 chun cionta tromch\\u00faiseacha a imscr\\u00fad\\u00fa. Sa ch\\u00e1s seo freisin, caithfidh amhras leordh\\u00f3thanach agus bun\\u00fas dl\\u00ed a bheith ann. N\\u00ed fh\\u00e9adfar an beart a dh\\u00e9anamh gan teorainn n\\u00f3 gan \\u00fadar inchreidte.   \"}},{\"@type\":\"Question\",\"name\":\"Cad a tharla\\u00edonn i gc\\u00e1s beart faireachais neamhdhleathach?\",\"acceptedAnswer\":{\"@type\":\"Answer\",\"text\":\"Is f\\u00e9idir iarmhairt\\u00ed suntasacha a bheith ag bearta faireachais neamhdhleathacha don imeacht coiri\\u00fail. Faoi choinn\\u00edollacha \\u00e1irithe, n\\u00ed fh\\u00e9adfar sonra\\u00ed a bail\\u00edodh go neamhdhleathach a \\u00fas\\u00e1id mar fhianaise n\\u00edos d\\u00e9ana\\u00ed. Scr\\u00fada\\u00edonn c\\u00fairteanna go h\\u00e1irithe c\\u00e9 chomh tromch\\u00faiseach is a bh\\u00ed an cur isteach agus cad iad na for\\u00e1lacha dl\\u00edthi\\u00fala a s\\u00e1ra\\u00edodh.   \"}},{\"@type\":\"Question\",\"name\":\"C\\u00e9n f\\u00e1th a bhfuil cosaint dhl\\u00edthi\\u00fail thr\\u00e1th\\u00fail t\\u00e1bhachtach?\",\"acceptedAnswer\":{\"@type\":\"Answer\",\"text\":\"Is minic a dh\\u00e9antar bearta faireachais gan eolas d\\u00edreach an ch\\u00fais\\u00ed. D\\u00e1 bhr\\u00ed sin, is minic nach n-aims\\u00edtear earr\\u00e1id\\u00ed sa n\\u00f3s imeachta imscr\\u00fadaithe ar feadh i bhfad. Cuid\\u00edonn athbhreithni\\u00fa dl\\u00edthi\\u00fail tr\\u00e1th\\u00fail le bearta neamhcheadaithe, easpa ceaduithe c\\u00fairte n\\u00f3 idirghabh\\u00e1lacha m\\u00edchu\\u00ed a aithint in am. Ar an mbealach sin, is f\\u00e9idir cearta cosanta a dhaingni\\u00fa go h\\u00e9ifeachtach.   \"}}]}<\/script><div class=\"wp-block-uagb-faq-child uagb-faq-child__outer-wrap uagb-faq-item uagb-block-KOMMUNIKATIONSUEBERWACHUNG-Q1 \" role=\"tab\" tabindex=\"0\"><div class=\"uagb-faq-questions-button uagb-faq-questions\">\t\t\t<span class=\"uagb-icon uagb-faq-icon-wrap\">\n\t\t\t\t\t\t\t\t<svg xmlns=\"https:\/\/www.w3.org\/2000\/svg\" viewBox= \"0 0 448 512\"><path d=\"M432 256c0 17.69-14.33 32.01-32 32.01H256v144c0 17.69-14.33 31.99-32 31.99s-32-14.3-32-31.99v-144H48c-17.67 0-32-14.32-32-32.01s14.33-31.99 32-31.99H192v-144c0-17.69 14.33-32.01 32-32.01s32 14.32 32 32.01v144h144C417.7 224 432 238.3 432 256z\"><\/path><\/svg>\n\t\t\t\t\t\t\t<\/span>\n\t\t\t\t\t\t<span class=\"uagb-icon-active uagb-faq-icon-wrap\">\n\t\t\t\t\t\t\t\t<svg xmlns=\"https:\/\/www.w3.org\/2000\/svg\" viewBox= \"0 0 448 512\"><path d=\"M400 288h-352c-17.69 0-32-14.32-32-32.01s14.31-31.99 32-31.99h352c17.69 0 32 14.3 32 31.99S417.7 288 400 288z\"><\/path><\/svg>\n\t\t\t\t\t\t\t<\/span>\n\t\t\t<span class=\"uagb-question\">Cathain is f\u00e9idir monat\u00f3ireacht ar chumars\u00e1id a ord\u00fa?<\/span><\/div><div class=\"uagb-faq-content\"><p>N\u00edl monat\u00f3ireacht ar chumars\u00e1id incheadaithe ach faoi choinn\u00edollacha dl\u00edthi\u00fala diana. Teasta\u00edonn amhras nithi\u00fail faoi chion \u00f3 \u00fadar\u00e1is imscr\u00fadaithe agus caithfidh siad a chruth\u00fa go bhfuil an beart riachtanach chun cion coiri\u00fail a imscr\u00fad\u00fa. Scr\u00fada\u00edonn an ch\u00fairt an leor bearta n\u00edos boige. D\u00e1 mh\u00e9ad an cur isteach ar phr\u00edobh\u00e1ideachas, is ea is airde na ceanglais dhl\u00edthi\u00fala.   <\/p><\/div><\/div><div class=\"wp-block-uagb-faq-child uagb-faq-child__outer-wrap uagb-faq-item uagb-block-KOMMUNIKATIONSUEBERWACHUNG-Q2 \" role=\"tab\" tabindex=\"0\"><div class=\"uagb-faq-questions-button uagb-faq-questions\">\t\t\t<span class=\"uagb-icon uagb-faq-icon-wrap\">\n\t\t\t\t\t\t\t\t<svg xmlns=\"https:\/\/www.w3.org\/2000\/svg\" viewBox= \"0 0 448 512\"><path d=\"M432 256c0 17.69-14.33 32.01-32 32.01H256v144c0 17.69-14.33 31.99-32 31.99s-32-14.3-32-31.99v-144H48c-17.67 0-32-14.32-32-32.01s14.33-31.99 32-31.99H192v-144c0-17.69 14.33-32.01 32-32.01s32 14.32 32 32.01v144h144C417.7 224 432 238.3 432 256z\"><\/path><\/svg>\n\t\t\t\t\t\t\t<\/span>\n\t\t\t\t\t\t<span class=\"uagb-icon-active uagb-faq-icon-wrap\">\n\t\t\t\t\t\t\t\t<svg xmlns=\"https:\/\/www.w3.org\/2000\/svg\" viewBox= \"0 0 448 512\"><path d=\"M400 288h-352c-17.69 0-32-14.32-32-32.01s14.31-31.99 32-31.99h352c17.69 0 32 14.3 32 31.99S417.7 288 400 288z\"><\/path><\/svg>\n\t\t\t\t\t\t\t<\/span>\n\t\t\t<span class=\"uagb-question\">Cad \u00e9 an difr\u00edocht idir bunshonra\u00ed agus \u00e1bhar teachtaireachta?<\/span><\/div><div class=\"uagb-faq-content\"><p>Baineann bunshonra\u00ed go pr\u00edomha le sannach\u00e1in theicni\u00fala amhail ainm, uimhir theileaf\u00f3in n\u00f3 seoladh IP \u00fas\u00e1ideora. Ar an l\u00e1imh eile, cuims\u00edonn \u00e1bhar teachtaireachta f\u00edor-\u00e1bhar glaonna teileaf\u00f3in, r\u00edomhphoist n\u00f3 teachtaireachta\u00ed meandracha. Is m\u00f3 go m\u00f3r an cur isteach ar chearta bun\u00fasacha \u00e9 anail\u00eds ar \u00e1bhar teachtaireachta. D\u00e1 bhr\u00ed sin, t\u00e1 feidhm ag coinn\u00edollacha dl\u00edthi\u00fala n\u00edos d\u00e9ine ina leith sin.   <\/p><\/div><\/div><div class=\"wp-block-uagb-faq-child uagb-faq-child__outer-wrap uagb-faq-item uagb-block-KOMMUNIKATIONSUEBERWACHUNG-Q3 \" role=\"tab\" tabindex=\"0\"><div class=\"uagb-faq-questions-button uagb-faq-questions\">\t\t\t<span class=\"uagb-icon uagb-faq-icon-wrap\">\n\t\t\t\t\t\t\t\t<svg xmlns=\"https:\/\/www.w3.org\/2000\/svg\" viewBox= \"0 0 448 512\"><path d=\"M432 256c0 17.69-14.33 32.01-32 32.01H256v144c0 17.69-14.33 31.99-32 31.99s-32-14.3-32-31.99v-144H48c-17.67 0-32-14.32-32-32.01s14.33-31.99 32-31.99H192v-144c0-17.69 14.33-32.01 32-32.01s32 14.32 32 32.01v144h144C417.7 224 432 238.3 432 256z\"><\/path><\/svg>\n\t\t\t\t\t\t\t<\/span>\n\t\t\t\t\t\t<span class=\"uagb-icon-active uagb-faq-icon-wrap\">\n\t\t\t\t\t\t\t\t<svg xmlns=\"https:\/\/www.w3.org\/2000\/svg\" viewBox= \"0 0 448 512\"><path d=\"M400 288h-352c-17.69 0-32-14.32-32-32.01s14.31-31.99 32-31.99h352c17.69 0 32 14.3 32 31.99S417.7 288 400 288z\"><\/path><\/svg>\n\t\t\t\t\t\t\t<\/span>\n\t\t\t<span class=\"uagb-question\">An bhfuil cead ag \u00fadar\u00e1is m&#8217;fh\u00f3n p\u00f3ca a lorg?<\/span><\/div><div class=\"uagb-faq-content\"><p>T\u00e1 s\u00e9 incheadaithe gl\u00e9asanna teicni\u00fala a aimsi\u00fa faoi choinn\u00edollacha \u00e1irithe. F\u00e9adfaidh \u00fadar\u00e1is imscr\u00fadaithe sonra\u00ed su\u00edmh a \u00fas\u00e1id, mar shampla, chun c\u00faisitheoir\u00ed at\u00e1 ar teitheadh a aimsi\u00fa n\u00f3 chun cionta tromch\u00faiseacha a imscr\u00fad\u00fa. Sa ch\u00e1s seo freisin, caithfidh amhras leordh\u00f3thanach agus bun\u00fas dl\u00ed a bheith ann. N\u00ed fh\u00e9adfar an beart a dh\u00e9anamh gan teorainn n\u00f3 gan \u00fadar inchreidte.   <\/p><\/div><\/div><div class=\"wp-block-uagb-faq-child uagb-faq-child__outer-wrap uagb-faq-item uagb-block-KOMMUNIKATIONSUEBERWACHUNG-Q4 \" role=\"tab\" tabindex=\"0\"><div class=\"uagb-faq-questions-button uagb-faq-questions\">\t\t\t<span class=\"uagb-icon uagb-faq-icon-wrap\">\n\t\t\t\t\t\t\t\t<svg xmlns=\"https:\/\/www.w3.org\/2000\/svg\" viewBox= \"0 0 448 512\"><path d=\"M432 256c0 17.69-14.33 32.01-32 32.01H256v144c0 17.69-14.33 31.99-32 31.99s-32-14.3-32-31.99v-144H48c-17.67 0-32-14.32-32-32.01s14.33-31.99 32-31.99H192v-144c0-17.69 14.33-32.01 32-32.01s32 14.32 32 32.01v144h144C417.7 224 432 238.3 432 256z\"><\/path><\/svg>\n\t\t\t\t\t\t\t<\/span>\n\t\t\t\t\t\t<span class=\"uagb-icon-active uagb-faq-icon-wrap\">\n\t\t\t\t\t\t\t\t<svg xmlns=\"https:\/\/www.w3.org\/2000\/svg\" viewBox= \"0 0 448 512\"><path d=\"M400 288h-352c-17.69 0-32-14.32-32-32.01s14.31-31.99 32-31.99h352c17.69 0 32 14.3 32 31.99S417.7 288 400 288z\"><\/path><\/svg>\n\t\t\t\t\t\t\t<\/span>\n\t\t\t<span class=\"uagb-question\">Cad a tharla\u00edonn i gc\u00e1s beart faireachais neamhdhleathach?<\/span><\/div><div class=\"uagb-faq-content\"><p>Is f\u00e9idir iarmhairt\u00ed suntasacha a bheith ag bearta faireachais neamhdhleathacha don imeacht coiri\u00fail. Faoi choinn\u00edollacha \u00e1irithe, n\u00ed fh\u00e9adfar sonra\u00ed a bail\u00edodh go neamhdhleathach a \u00fas\u00e1id mar fhianaise n\u00edos d\u00e9ana\u00ed. Scr\u00fada\u00edonn c\u00fairteanna go h\u00e1irithe c\u00e9 chomh tromch\u00faiseach is a bh\u00ed an cur isteach agus cad iad na for\u00e1lacha dl\u00edthi\u00fala a s\u00e1ra\u00edodh.   <\/p><\/div><\/div><div class=\"wp-block-uagb-faq-child uagb-faq-child__outer-wrap uagb-faq-item uagb-block-KOMMUNIKATIONSUEBERWACHUNG-Q5 \" role=\"tab\" tabindex=\"0\"><div class=\"uagb-faq-questions-button uagb-faq-questions\">\t\t\t<span class=\"uagb-icon uagb-faq-icon-wrap\">\n\t\t\t\t\t\t\t\t<svg xmlns=\"https:\/\/www.w3.org\/2000\/svg\" viewBox= \"0 0 448 512\"><path d=\"M432 256c0 17.69-14.33 32.01-32 32.01H256v144c0 17.69-14.33 31.99-32 31.99s-32-14.3-32-31.99v-144H48c-17.67 0-32-14.32-32-32.01s14.33-31.99 32-31.99H192v-144c0-17.69 14.33-32.01 32-32.01s32 14.32 32 32.01v144h144C417.7 224 432 238.3 432 256z\"><\/path><\/svg>\n\t\t\t\t\t\t\t<\/span>\n\t\t\t\t\t\t<span class=\"uagb-icon-active uagb-faq-icon-wrap\">\n\t\t\t\t\t\t\t\t<svg xmlns=\"https:\/\/www.w3.org\/2000\/svg\" viewBox= \"0 0 448 512\"><path d=\"M400 288h-352c-17.69 0-32-14.32-32-32.01s14.31-31.99 32-31.99h352c17.69 0 32 14.3 32 31.99S417.7 288 400 288z\"><\/path><\/svg>\n\t\t\t\t\t\t\t<\/span>\n\t\t\t<span class=\"uagb-question\">C\u00e9n f\u00e1th a bhfuil cosaint dhl\u00edthi\u00fail thr\u00e1th\u00fail t\u00e1bhachtach?<\/span><\/div><div class=\"uagb-faq-content\"><p>Is minic a dh\u00e9antar bearta faireachais gan eolas d\u00edreach an ch\u00fais\u00ed. D\u00e1 bhr\u00ed sin, is minic nach n-aims\u00edtear earr\u00e1id\u00ed sa n\u00f3s imeachta imscr\u00fadaithe ar feadh i bhfad. Cuid\u00edonn athbhreithni\u00fa dl\u00edthi\u00fail tr\u00e1th\u00fail le bearta neamhcheadaithe, easpa ceaduithe c\u00fairte n\u00f3 idirghabh\u00e1lacha m\u00edchu\u00ed a aithint in am. Ar an mbealach sin, is f\u00e9idir cearta cosanta a dhaingni\u00fa go h\u00e9ifeachtach.   <\/p><\/div><\/div><\/div><a class=\"mr-cta-link mr-cta-button-cal\" href=\"#h2-booking\" title=\"Comhairli\u00fach\u00e1n Tosaigh Saor in Aisce\"><span class=\"mr-cta-link-normal\">Roghnaigh an d\u00e1ta is fearr leat anois:<\/span><span class=\"mr-cta-link-bold\">Comhairli\u00fach\u00e1n Tosaigh Saor in Aisce<\/span><\/a>\n\n<p class=\"wp-block-paragraph\"><\/p>\n","protected":false},"excerpt":{"rendered":"Is bearta imscr\u00fadaithe st\u00e1it iad faireach\u00e1n cumars\u00e1ide agus urghabh\u00e1il litreacha i nimeachta\u00ed coiri\u00fala a dh\u00e9anann idirghabh\u00e1il dhomhain ar phr\u00edobh\u00e1ideachas agus r\u00fandacht cumars\u00e1ide. Cuireann siad ar chumas na n-\u00fadar\u00e1s teachtaireachta\u00ed, sonra\u00ed &#8230;","protected":false},"author":25,"featured_media":157255,"parent":67213,"menu_order":1,"comment_status":"closed","ping_status":"closed","template":"","meta":{"_acf_changed":false,"_uag_custom_page_level_css":"","footnotes":""},"categories":[1190],"tags":[],"class_list":["post-157254","page","type-page","status-publish","has-post-thumbnail","hentry","category-dli-coiriuil"],"acf":[],"uagb_featured_image_src":{"full":["https:\/\/harlander-partner.eu\/wp-content\/uploads\/Kommunikationsueberwachung-und-Briefbeschlagnahme-im-Strafverfahren.webp",2048,1152,false],"thumbnail":["https:\/\/harlander-partner.eu\/wp-content\/uploads\/Kommunikationsueberwachung-und-Briefbeschlagnahme-im-Strafverfahren-100x100.webp",100,100,true],"medium":["https:\/\/harlander-partner.eu\/wp-content\/uploads\/Kommunikationsueberwachung-und-Briefbeschlagnahme-im-Strafverfahren-800x450.webp",800,450,true],"medium_large":["https:\/\/harlander-partner.eu\/wp-content\/uploads\/Kommunikationsueberwachung-und-Briefbeschlagnahme-im-Strafverfahren.webp",2048,1152,false],"large":["https:\/\/harlander-partner.eu\/wp-content\/uploads\/Kommunikationsueberwachung-und-Briefbeschlagnahme-im-Strafverfahren-1920x1080.webp",1920,1080,true],"1536x1536":["https:\/\/harlander-partner.eu\/wp-content\/uploads\/Kommunikationsueberwachung-und-Briefbeschlagnahme-im-Strafverfahren-1536x864.webp",1536,864,true],"2048x2048":["https:\/\/harlander-partner.eu\/wp-content\/uploads\/Kommunikationsueberwachung-und-Briefbeschlagnahme-im-Strafverfahren.webp",2048,1152,false],"336x":["https:\/\/harlander-partner.eu\/wp-content\/uploads\/Kommunikationsueberwachung-und-Briefbeschlagnahme-im-Strafverfahren-336x189.webp",336,189,true],"352x":["https:\/\/harlander-partner.eu\/wp-content\/uploads\/Kommunikationsueberwachung-und-Briefbeschlagnahme-im-Strafverfahren-352x198.webp",352,198,true],"woocommerce_thumbnail":["https:\/\/harlander-partner.eu\/wp-content\/uploads\/Kommunikationsueberwachung-und-Briefbeschlagnahme-im-Strafverfahren-300x300.webp",300,300,true],"woocommerce_single":["https:\/\/harlander-partner.eu\/wp-content\/uploads\/Kommunikationsueberwachung-und-Briefbeschlagnahme-im-Strafverfahren-600x338.webp",600,338,true],"woocommerce_gallery_thumbnail":["https:\/\/harlander-partner.eu\/wp-content\/uploads\/Kommunikationsueberwachung-und-Briefbeschlagnahme-im-Strafverfahren-100x100.webp",100,100,true],"yarpp-thumbnail":["https:\/\/harlander-partner.eu\/wp-content\/uploads\/Kommunikationsueberwachung-und-Briefbeschlagnahme-im-Strafverfahren-120x120.webp",120,120,true]},"uagb_author_info":{"display_name":"Simon Prem","author_link":"https:\/\/harlander-partner.eu\/ga\/author\/simon-prem\/"},"uagb_comment_info":0,"uagb_excerpt":"Is bearta imscr\u00fadaithe st\u00e1it iad faireach\u00e1n cumars\u00e1ide agus urghabh\u00e1il litreacha i nimeachta\u00ed coiri\u00fala a dh\u00e9anann idirghabh\u00e1il dhomhain ar phr\u00edobh\u00e1ideachas agus r\u00fandacht cumars\u00e1ide. Cuireann siad ar chumas na n-\u00fadar\u00e1s teachtaireachta\u00ed, sonra\u00ed ...","_links":{"self":[{"href":"https:\/\/harlander-partner.eu\/ga\/wp-json\/wp\/v2\/pages\/157254","targetHints":{"allow":["GET"]}}],"collection":[{"href":"https:\/\/harlander-partner.eu\/ga\/wp-json\/wp\/v2\/pages"}],"about":[{"href":"https:\/\/harlander-partner.eu\/ga\/wp-json\/wp\/v2\/types\/page"}],"author":[{"embeddable":true,"href":"https:\/\/harlander-partner.eu\/ga\/wp-json\/wp\/v2\/users\/25"}],"replies":[{"embeddable":true,"href":"https:\/\/harlander-partner.eu\/ga\/wp-json\/wp\/v2\/comments?post=157254"}],"version-history":[{"count":2,"href":"https:\/\/harlander-partner.eu\/ga\/wp-json\/wp\/v2\/pages\/157254\/revisions"}],"predecessor-version":[{"id":157282,"href":"https:\/\/harlander-partner.eu\/ga\/wp-json\/wp\/v2\/pages\/157254\/revisions\/157282"}],"up":[{"embeddable":true,"href":"https:\/\/harlander-partner.eu\/ga\/wp-json\/wp\/v2\/pages\/67213"}],"wp:featuredmedia":[{"embeddable":true,"href":"https:\/\/harlander-partner.eu\/ga\/wp-json\/wp\/v2\/media\/157255"}],"wp:attachment":[{"href":"https:\/\/harlander-partner.eu\/ga\/wp-json\/wp\/v2\/media?parent=157254"}],"wp:term":[{"taxonomy":"category","embeddable":true,"href":"https:\/\/harlander-partner.eu\/ga\/wp-json\/wp\/v2\/categories?post=157254"},{"taxonomy":"post_tag","embeddable":true,"href":"https:\/\/harlander-partner.eu\/ga\/wp-json\/wp\/v2\/tags?post=157254"}],"curies":[{"name":"wp","href":"https:\/\/api.w.org\/{rel}","templated":true}]}}