{"id":33321,"date":"2025-11-14T14:21:25","date_gmt":"2025-11-14T13:21:25","guid":{"rendered":"https:\/\/harlander-partner.eu\/enlevement-dune-personne-mineure\/"},"modified":"2025-11-24T20:15:42","modified_gmt":"2025-11-24T19:15:42","slug":"enlevement-dune-personne-mineure","status":"publish","type":"page","link":"https:\/\/harlander-partner.eu\/fr\/droit-penal\/enlevement-dune-personne-mineure\/","title":{"rendered":"Enl\u00e8vement d&rsquo;une personne mineure"},"content":{"rendered":"\n<div class=\"wp-block-yoast-seo-table-of-contents yoast-table-of-contents\"><h2>Enl\u00e8vement d&rsquo;une personne mineure<\/h2><ul><li><a href=\"#h-entfuhrung-einer-unmundigen-person\" data-level=\"2\">Enl\u00e8vement d&rsquo;une personne mineure<\/a><\/li><li><a href=\"#h-objektiver-tatbestand\" data-level=\"2\">\u00c9l\u00e9ments constitutifs objectifs<\/a><ul><li><a href=\"#h-prufungsschritte\" data-level=\"3\">\u00c9tapes de v\u00e9rification<\/a><\/li><\/ul><\/li><li><a href=\"#h-qualifizierende-umstande\" data-level=\"2\">Circonstances aggravantes<\/a><\/li><li><a href=\"#h-abgrenzung-zu-anderen-delikten\" data-level=\"2\">D\u00e9limitation par rapport \u00e0 d&rsquo;autres d\u00e9lits<\/a><ul><li><a href=\"#h-konkurrenzen\" data-level=\"3\">Concours d&rsquo;infractions :<\/a><\/li><\/ul><\/li><li><a href=\"#h-beweislast-amp-beweiswurdigung\" data-level=\"2\">Charge de la preuve et appr\u00e9ciation des preuves<\/a><\/li><li><a href=\"#h-praxisbeispiele\" data-level=\"2\">Exemples pratiques<\/a><\/li><li><a href=\"#h-subjektiver-tatbestand\" data-level=\"2\">\u00c9l\u00e9ments constitutifs subjectifs<\/a><\/li><li><a href=\"#h-schuld-amp-irrtumer\" data-level=\"2\">Culpabilit\u00e9 &amp; Erreurs<\/a><\/li><li><a href=\"#h-strafaufhebung-amp-diversion\" data-level=\"2\">Abandon des poursuites &amp; D\u00e9judiciarisation<\/a><ul><li><a href=\"#h-rucktritt-und-tatige-reue\" data-level=\"3\">Retrait et repentir actif&nbsp;:<\/a><\/li><li><a href=\"#h-nachtragliche-wiedergutmachung\" data-level=\"3\">R\u00e9paration ult\u00e9rieure&nbsp;:<\/a><\/li><li><a href=\"#h-diversion\" data-level=\"3\">D\u00e9judiciarisation&nbsp;:<\/a><\/li><li><a href=\"#h-ausschluss-der-diversion\" data-level=\"3\">Exclusion de la d\u00e9judiciarisation&nbsp;:<\/a><\/li><\/ul><\/li><li><a href=\"#h-strafzumessung-amp-folgen\" data-level=\"2\">D\u00e9termination de la peine &amp; Cons\u00e9quences<\/a><ul><li><a href=\"#h-erschwerungsgrunde-bestehen-insbesondere-wenn\" data-level=\"3\">Des circonstances aggravantes existent notamment si<\/a><\/li><li><a href=\"#h-milderungsgrunde-sind-etwa\" data-level=\"3\">Les circonstances att\u00e9nuantes sont par exemple<\/a><\/li><\/ul><\/li><li><a href=\"#h-strafrahmen\" data-level=\"2\">Cadre p\u00e9nal<\/a><\/li><li><a href=\"#h-geldstrafe-tagessatzsystem\" data-level=\"2\">Amende \u2013 Syst\u00e8me de taux journalier<\/a><\/li><li><a href=\"#h-freiheitsstrafe-amp-teil-bedingte-nachsicht\" data-level=\"2\">Peine de prison &amp; Suspension (partielle) conditionnelle<\/a><\/li><li><a href=\"#h-zustandigkeit-der-gerichte\" data-level=\"2\">Comp\u00e9tence des tribunaux<\/a><ul><li><a href=\"#h-sachliche-zustandigkeit\" data-level=\"3\">Comp\u00e9tence mat\u00e9rielle<\/a><\/li><li><a href=\"#h-ortliche-zustandigkeit\" data-level=\"3\">Comp\u00e9tence territoriale<\/a><\/li><li><a href=\"#h-instanzenzug\" data-level=\"3\">Voies de recours<\/a><\/li><\/ul><\/li><li><a href=\"#h-zivilanspruche-im-strafverfahren\" data-level=\"2\">Revendications civiles dans la proc\u00e9dure p\u00e9nale<\/a><\/li><li><a href=\"#h-strafverfahren-im-uberblick\" data-level=\"2\">Aper\u00e7u de la proc\u00e9dure p\u00e9nale<\/a><\/li><li><a href=\"#h-beschuldigtenrechte\" data-level=\"2\">Droits de l&rsquo;accus\u00e9<\/a><\/li><li><a href=\"#h-praxis-amp-verhaltenstipps\" data-level=\"2\">Pratique et conseils de comportement<\/a><\/li><li><a href=\"#h-ihre-vorteile-mit-anwaltlicher-unterstutzung\" data-level=\"2\">Vos avantages gr\u00e2ce \u00e0 l\u2019assistance d\u2019un avocat<\/a><\/li><li><a href=\"#h-faq-haufig-gestellte-fragen\" data-level=\"2\">FAQ \u2013 Questions fr\u00e9quemment pos\u00e9es<\/a><\/li><\/ul><\/div>\n\n<h2 class=\"wp-block-heading\" id=\"h-entfuhrung-einer-unmundigen-person\">Enl\u00e8vement d&rsquo;une personne mineure<\/h2>\n\n<p class=\"wp-block-paragraph\">L&rsquo;enl\u00e8vement d&rsquo;une personne mineure, conform\u00e9ment \u00e0 l&rsquo;<a href=\"https:\/\/www.ris.bka.gv.at\/NormDokument.wxe?Abfrage=Bundesnormen&amp;Gesetzesnummer=10002296&amp;Artikel=&amp;Paragraf=101&amp;Anlage=&amp;Uebergangsrecht=\" target=\"_blank\" rel=\"noreferrer noopener\">article\u00a0101 du Code p\u00e9nal<\/a>, constitue un crime grave contre la libert\u00e9 personnelle et l&rsquo;int\u00e9grit\u00e9 sexuelle des mineurs. Il englobe le fait d&#8217;emmener ou de retenir un enfant de moins de quatorze\u00a0ans contre ou sans la volont\u00e9 des personnes exer\u00e7ant l&rsquo;autorit\u00e9 parentale, si l&rsquo;auteur a l&rsquo;intention que l&rsquo;enfant soit sexuellement abus\u00e9 par lui-m\u00eame ou par un tiers. Il prot\u00e8ge non seulement l&rsquo;int\u00e9grit\u00e9 physique et mentale de l&rsquo;enfant, mais aussi le droit parental \u00e0 l&rsquo;\u00e9ducation et \u00e0 la protection. L&rsquo;injustice r\u00e9side dans le retrait cibl\u00e9 de l&rsquo;enfant de la sph\u00e8re l\u00e9gitime de protection et d&rsquo;\u00e9ducation, afin de l&rsquo;exposer \u00e0 une influence ext\u00e9rieure dangereuse.   <\/p>\n\n<div class=\"wp-block-uagb-container uagb-block-3019fe8e alignfull uagb-is-root-container\">\n<div class=\"wp-block-uagb-container uagb-block-32585033\">\n<p class=\"wp-block-paragraph\">Enl\u00e8vement d&rsquo;un enfant de moins de 14\u00a0ans conform\u00e9ment \u00e0 l&rsquo;<a href=\"https:\/\/www.ris.bka.gv.at\/NormDokument.wxe?Abfrage=Bundesnormen&amp;Gesetzesnummer=10002296&amp;Artikel=&amp;Paragraf=101&amp;Anlage=&amp;Uebergangsrecht=\" target=\"_blank\" rel=\"noreferrer noopener\">article\u00a0101 du Code p\u00e9nal<\/a>, afin de l&rsquo;exploiter sexuellement ou de l&rsquo;exposer \u00e0 un abus par des tiers.<\/p>\n<\/div>\n\n\n\n<div class=\"wp-block-uagb-container uagb-block-45819ab6\"><picture>\r\n\t\t<source srcset=\"https:\/\/harlander-partner.eu\/wp-content\/uploads\/\u00a7101-Entfuehrung-einer-unmuendigen-Person-352x198.webp\" >\r\n\t\t<img decoding=\"async\" class=\"mr-picture-small\" src=\"https:\/\/harlander-partner.eu\/wp-content\/uploads\/\u00a7101-Entfuehrung-einer-unmuendigen-Person.webp\" alt=\"Explication de l'enl\u00e8vement d'un enfant selon l'article 101 du Code p\u00e9nal\u00a0: quand le fait d'emmener ou de retenir est punissable et quelles sont les peines encourues.\" >\r\n\t<\/picture>\n<\/div>\n<\/div>\n\n<h2 class=\"wp-block-heading\" id=\"h-objektiver-tatbestand\">\u00c9l\u00e9ments constitutifs objectifs<\/h2>\n\n<p class=\"wp-block-paragraph\">L&rsquo;infraction vis\u00e9e \u00e0 l&rsquo;<strong><a href=\"https:\/\/www.ris.bka.gv.at\/NormDokument.wxe?Abfrage=Bundesnormen&amp;Gesetzesnummer=10002296&amp;Artikel=&amp;Paragraf=101&amp;Anlage=&amp;Uebergangsrecht=\" target=\"_blank\" rel=\"noreferrer noopener\">article\u00a0101 du Code p\u00e9nal<\/a><\/strong> prot\u00e8ge la <strong>libert\u00e9, l&rsquo;int\u00e9grit\u00e9 sexuelle et le droit de garde<\/strong> en ce qui concerne les <strong>personnes mineures<\/strong>. Est punissable quiconque emm\u00e8ne ou retient une personne mineure <strong>contre ou sans la volont\u00e9 des personnes exer\u00e7ant l&rsquo;autorit\u00e9 parentale<\/strong>, <strong>afin de l&rsquo;exploiter sexuellement ou de la confier \u00e0 un tiers \u00e0 des fins d&rsquo;abus<\/strong>. Il prot\u00e8ge non seulement l&rsquo;int\u00e9grit\u00e9 physique et mentale de la personne mineure, mais aussi le droit des parents de d\u00e9cider de son lieu de s\u00e9jour et de son \u00e9ducation.  <\/p>\n\n<p class=\"wp-block-paragraph\">Il y a <strong>enl\u00e8vement<\/strong> lorsque la personne mineure est <strong>\u00e9loign\u00e9e de son lieu de s\u00e9jour habituel<\/strong> et est ainsi <strong>soustraite \u00e0 la sph\u00e8re d&rsquo;influence des personnes titulaires de l&rsquo;autorit\u00e9 parentale<\/strong>. Un simple changement de lieu suffit si cela <strong>met fin \u00e0 l&rsquo;acc\u00e8s effectif des personnes exer\u00e7ant l&rsquo;autorit\u00e9 parentale<\/strong>. La violence n&rsquo;est pas n\u00e9cessaire\u00a0; <strong>la tromperie, la persuasion, la pression psychologique ou l&rsquo;exploitation de la confiance<\/strong> suffisent, pour autant qu&rsquo;elles soient destin\u00e9es \u00e0 un retrait effectif. Il est essentiel que l&rsquo;acte soit commis <strong>contre ou sans le libre arbitre<\/strong> des personnes exer\u00e7ant l&rsquo;autorit\u00e9 parentale.   <\/p>\n\n<p class=\"wp-block-paragraph\">Les mineurs ont particuli\u00e8rement <strong>besoin de protection et sont facilement influen\u00e7ables<\/strong>. L&rsquo;injustice r\u00e9side dans l&rsquo;<strong>exploitation de cette d\u00e9pendance<\/strong>, afin de soustraire la personne \u00e0 la protection l\u00e9gitime et de la mettre dans une situation o\u00f9 elle devient <strong>disponible<\/strong> pour l&rsquo;auteur ou un tiers. <\/p>\n\n<h3 class=\"wp-block-heading\" id=\"h-prufungsschritte\">\u00c9tapes de v\u00e9rification<\/h3>\n\n<h4 class=\"wp-block-heading\" id=\"h-tatsubjekt\">Sujet actif :<\/h4>\n\n<p class=\"wp-block-paragraph\">Toute personne qui d\u00e9termine ou influence le lieu de s\u00e9jour d&rsquo;une personne mineure ou qui fait en sorte qu&rsquo;elle soit emmen\u00e9e.<\/p>\n\n<h4 class=\"wp-block-heading\" id=\"h-tatobjekt\">Objet de l&rsquo;infraction<strong>\u00a0:<\/strong> <\/h4>\n\n<p class=\"wp-block-paragraph\">L&rsquo;objet de l&rsquo;infraction est une <strong>personne mineure<\/strong>, c&rsquo;est-\u00e0-dire une personne qui n&rsquo;a pas encore atteint l&rsquo;<strong>\u00e2ge de quatorze\u00a0ans<\/strong>. Le sexe, l&rsquo;origine ou la position sociale sont sans importance. L&rsquo;\u00e2ge et le fait que la personne soit <strong>sous l&rsquo;autorit\u00e9 parentale ou l\u00e9gale<\/strong> sont d\u00e9terminants.  <\/p>\n\n<p class=\"wp-block-paragraph\">Les mineurs ne sont pas en mesure de juger correctement les actes sexuels. Ils sont donc consid\u00e9r\u00e9s comme n&rsquo;ayant pas la capacit\u00e9 de discernement et doivent \u00eatre particuli\u00e8rement prot\u00e9g\u00e9s. Ils ne reconnaissent pas d&rsquo;eux-m\u00eames les cons\u00e9quences des influences sexuelles ou d&rsquo;un enl\u00e8vement. Si quelqu&rsquo;un met sciemment un enfant dans une telle situation, il remplit d\u00e9j\u00e0 l&rsquo;objectif de protection de la loi.<br\/>Si un changement de lieu intervient ensuite, il y a d\u00e9lit consomm\u00e9.   <\/p>\n\n<h4 class=\"wp-block-heading\" id=\"h-tathandlung\">Action constitutive : <\/h4>\n\n<p class=\"wp-block-paragraph\">Il y a enl\u00e8vement au sens de l&rsquo;<a href=\"https:\/\/www.ris.bka.gv.at\/NormDokument.wxe?Abfrage=Bundesnormen&amp;Gesetzesnummer=10002296&amp;Artikel=&amp;Paragraf=101&amp;Anlage=&amp;Uebergangsrecht=\" target=\"_blank\" rel=\"noreferrer noopener\">article\u00a0101 du Code p\u00e9nal<\/a> lorsqu&rsquo;une personne mineure est emmen\u00e9e ou retenue contre ou sans la volont\u00e9 des personnes exer\u00e7ant l&rsquo;autorit\u00e9 parentale dans un autre lieu, afin de la faire abuser sexuellement ou de l&rsquo;abuser elle-m\u00eame.<br\/>Les actes typiques sont les suivants\u00a0:<\/p>\n\n<ul class=\"wp-block-list\">\n<li><strong>Emmener<\/strong> hors du domicile parental, de l&rsquo;\u00e9cole, de la structure d&rsquo;accueil ou d&rsquo;un autre environnement habituel.<\/li>\n\n\n\n<li><strong>Emmener<\/strong> dans un lieu o\u00f9 la personne mineure peut \u00eatre plus facilement contr\u00f4l\u00e9e ou influenc\u00e9e discr\u00e8tement, par exemple dans un appartement, un v\u00e9hicule ou un environnement isol\u00e9.<\/li>\n\n\n\n<li><strong>Tromperie ou manipulation<\/strong>, par exemple en faisant croire \u00e0 de fausses intentions (\u00ab\u00a0Je t&#8217;emm\u00e8ne chez tes parents\u00a0\u00bb) ou en <strong>exploitant la confiance ou la d\u00e9pendance<\/strong>.<\/li>\n<\/ul>\n\n<p class=\"wp-block-paragraph\">Il n&rsquo;y a pas d&rsquo;enl\u00e8vement si les personnes exer\u00e7ant l&rsquo;autorit\u00e9 parentale ont <strong>express\u00e9ment consenti<\/strong> au d\u00e9placement ou si l&rsquo;acte ne poursuit <strong>aucun but sexuel<\/strong>. Un pr\u00e9tendu consentement de la personne mineure elle-m\u00eame est <strong>sans effet<\/strong>, car elle ne peut pas <strong>disposer juridiquement de son autod\u00e9termination sexuelle<\/strong>. <\/p>\n\n<p class=\"wp-block-paragraph\">L&rsquo;acte doit entra\u00eener un <strong>changement de lieu effectif<\/strong>. Le simple fait de retenir une personne au m\u00eame endroit sans l&#8217;emmener peut, selon les faits, constituer une <strong><a href=\"https:\/\/harlander-partner.eu\/fr\/droit-penal\/privation-de-liberte\/\">privation de libert\u00e9 au sens de l&rsquo;article\u00a099 du Code p\u00e9nal<\/a><\/strong>, mais ne remplit pas les conditions de l&rsquo;<strong>enl\u00e8vement d&rsquo;une personne mineure<\/strong>. <\/p>\n\n<h4 class=\"wp-block-heading\" id=\"h-taterfolg\">R\u00e9sultat de l&rsquo;acte\u00a0: <\/h4>\n\n<p class=\"wp-block-paragraph\">La r\u00e9ussite de l&rsquo;acte consiste dans le <strong>retrait effectif de la personne mineure<\/strong> de la sph\u00e8re de protection parentale ou l\u00e9gale. Il est essentiel que l&rsquo;auteur cr\u00e9e une situation dans laquelle la personne concern\u00e9e se trouve <strong>hors du contr\u00f4le parental<\/strong> et est ainsi expos\u00e9e <strong>\u00e0 un risque concret d&rsquo;abus<\/strong>. M\u00eame celui qui se contente de permettre le transport ou la mise \u00e0 disposition d&rsquo;un lieu peut remplir les conditions de l&rsquo;infraction <strong>en tant que coauteur ou complice<\/strong>.  <\/p>\n\n<h4 class=\"wp-block-heading\" id=\"h-kausalitat\">Causalit\u00e9 :<\/h4>\n\n<p class=\"wp-block-paragraph\">L&rsquo;acte de l&rsquo;auteur est <strong>causal<\/strong> si, sans lui, la personne mineure n&rsquo;aurait pas \u00e9t\u00e9 retir\u00e9e de la garde des personnes exer\u00e7ant l&rsquo;autorit\u00e9 parentale. Tout acte qui provoque ou maintient le <strong>retrait de la sph\u00e8re de protection l\u00e9gitime<\/strong> est consid\u00e9r\u00e9 comme causal. M\u00eame une <strong>apparente volont\u00e9<\/strong> de la personne mineure ne supprime pas la causalit\u00e9 si le retrait effectif est uniquement caus\u00e9 par le comportement de l&rsquo;auteur.  <\/p>\n\n<h4 class=\"wp-block-heading\" id=\"h-objektive-zurechnung\">Imputation objective : <\/h4>\n\n<p class=\"wp-block-paragraph\">Le succ\u00e8s est <strong>objectivement imputable<\/strong> \u00e0 l&rsquo;auteur s&rsquo;il <strong>cr\u00e9e sciemment une situation<\/strong> dans laquelle la personne mineure est soustraite \u00e0 l&rsquo;acc\u00e8s de ses parents ou tuteurs et est expos\u00e9e au <strong>risque d&rsquo;un abus sexuel<\/strong>. Un d\u00e9placement l\u00e9gitime n&rsquo;existe que s&rsquo;il est effectu\u00e9 sur une <strong>base l\u00e9gale<\/strong> ou avec le <strong>consentement expr\u00e8s des personnes titulaires de l&rsquo;autorit\u00e9 parentale<\/strong>. Toute autre forme d&rsquo;enl\u00e8vement visant \u00e0 une <strong>exploitation sexuelle<\/strong> est <strong>ill\u00e9gale<\/strong> et remplit les conditions objectives de l&rsquo;infraction vis\u00e9e \u00e0 l&rsquo;<strong><a href=\"https:\/\/www.ris.bka.gv.at\/NormDokument.wxe?Abfrage=Bundesnormen&amp;Gesetzesnummer=10002296&amp;Artikel=&amp;Paragraf=101&amp;Anlage=&amp;Uebergangsrecht=\" target=\"_blank\" rel=\"noreferrer noopener\">article\u00a0101 du Code p\u00e9nal<\/a><\/strong>.  <\/p>\n\n<h2 class=\"wp-block-heading\" id=\"h-qualifizierende-umstande\">Circonstances aggravantes<\/h2>\n\n<ul class=\"wp-block-list\">\n<li><strong>Cons\u00e9quences graves :<\/strong> Si la victime subit de graves dommages physiques ou psychiques \u00e0 la suite de l&rsquo;enl\u00e8vement, il existe une <strong>circonstance aggravante<\/strong>.<\/li>\n\n\n\n<li><strong>Dur\u00e9e de l&rsquo;enl\u00e8vement :<\/strong> Une <strong>restriction de libert\u00e9 de longue dur\u00e9e<\/strong> peut entra\u00eener l&rsquo;application d&rsquo;une peine plus s\u00e9v\u00e8re.<\/li>\n\n\n\n<li><strong>Pluralit\u00e9 d&rsquo;actes :<\/strong> Quiconque enl\u00e8ve plusieurs personnes ou agit de mani\u00e8re r\u00e9p\u00e9t\u00e9e est puni plus s\u00e9v\u00e8rement.<\/li>\n<\/ul>\n    <div class=\"mr-quote mrbg clearfix\">\n        <a class=\"mr-quote-person\" href=\"\/ueber-uns\/rechtsanwalt-peter-harlander\/\" title=\"Rechtsanwalt Peter Harlander\">\n            <img decoding=\"async\" class=\"mr-quote-person-img\" src=\"https:\/\/harlander-partner.eu\/wp-content\/themes\/harlander\/design\/ph100.webp\" width=\"100\"\n                 height=\"100\" loading=\"lazy\" alt=\"Rechtsanwalt Peter Harlander\">\n            <span class=\"mr-quote-person-text\">\n            Peter Harlander<br>\n            <span class=\"mr-quote-person-function\">Harlander &amp; Partner Rechtsanw\u00e4lte<\/span>\n        <\/span>\n        <\/a>\n        <span class=\"mr-quote-content\">\u201eQualifizierende Umst\u00e4nde versch\u00e4rfen das Unrecht, weil sie das Ma\u00df der Schutzlosigkeit und des Vertrauensbruchs erh\u00f6hen.\u201c<\/span>\n    <\/div>\n<a class=\"mr-cta-link mr-cta-button-cal\" href=\"#h2-booking\" title=\"Premi\u00e8re consultation gratuite\"><span class=\"mr-cta-link-normal\">Choisissez d\u00e8s maintenant la date souhait\u00e9e :<\/span><span class=\"mr-cta-link-bold\">Premi\u00e8re consultation gratuite<\/span><\/a>\n\n<h2 class=\"wp-block-heading\" id=\"h-abgrenzung-zu-anderen-delikten\">D\u00e9limitation par rapport \u00e0 d&rsquo;autres d\u00e9lits<\/h2>\n\n<p class=\"wp-block-paragraph\">L&rsquo;infraction d&rsquo;<strong>enl\u00e8vement d&rsquo;une personne mineure<\/strong> se distingue clairement des autres d\u00e9lits contre la libert\u00e9 et des d\u00e9lits sexuels. Alors que la <strong>privation de libert\u00e9<\/strong> englobe d\u00e9j\u00e0 le <strong>simple fait de retenir une personne au m\u00eame endroit<\/strong>, l&rsquo;<strong>enl\u00e8vement d&rsquo;une personne mineure<\/strong> suppose un <strong>changement de lieu contre ou sans la volont\u00e9 des personnes exer\u00e7ant l&rsquo;autorit\u00e9 parentale<\/strong>, qui est li\u00e9 \u00e0 une <strong>intention d&rsquo;exploitation sexuelle<\/strong>. Est prot\u00e9g\u00e9 un <strong>groupe d&rsquo;\u00e2ge particuli\u00e8rement vuln\u00e9rable<\/strong>, dont le manque de capacit\u00e9 de discernement et la d\u00e9pendance juridique sont exploit\u00e9s de mani\u00e8re cibl\u00e9e par l&rsquo;auteur, afin de le soustraire \u00e0 la <strong>garde parentale ou l\u00e9gale<\/strong> et de le mettre dans une <strong>situation \u00e0 risque d&rsquo;abus<\/strong>.  <\/p>\n\n<ul class=\"wp-block-list\">\n<li><a href=\"https:\/\/harlander-partner.eu\/fr\/droit-penal\/privation-de-liberte\/\" target=\"_blank\" rel=\"noreferrer noopener\"><strong>Article\u00a099 du Code p\u00e9nal \u2013 Privation de libert\u00e9\u00a0:<\/strong><\/a> vise le fait d&rsquo;<strong>enfermer ou de retenir<\/strong> une personne contre ou sans sa volont\u00e9, sans qu&rsquo;un changement de lieu ne soit n\u00e9cessaire. Une restriction, m\u00eame de courte dur\u00e9e, de la libert\u00e9 de mouvement suffit.  <\/li>\n\n\n\n<li><strong><a href=\"https:\/\/harlander-partner.eu\/fr\/droit-penal\/enlevement-dune-personne-atteinte-de-troubles-mentaux-ou-incapable-de-se-defendre\/\">Article\u00a0100 du Code p\u00e9nal \u2013 Enl\u00e8vement d&rsquo;une personne atteinte de troubles mentaux ou sans d\u00e9fense\u00a0:<\/a><\/strong> concerne le fait d&rsquo;<strong>emmener ou de d\u00e9placer une personne<\/strong> qui, en raison d&rsquo;une <strong>maladie mentale ou d&rsquo;un \u00e9tat de faiblesse<\/strong>, n&rsquo;est pas en mesure de d\u00e9cider de son lieu de s\u00e9jour. Il prot\u00e8ge ici la <strong>libert\u00e9 et l&rsquo;autod\u00e9termination sexuelle<\/strong> des personnes qui ne peuvent pas se prot\u00e9ger elles-m\u00eames. <\/li>\n\n\n\n<li><strong>Article\u00a0102 du Code p\u00e9nal \u2013 Prise d&rsquo;otage\u00a0:<\/strong> il y a prise d&rsquo;otage lorsqu&rsquo;une personne est <strong>retenue ou enlev\u00e9e<\/strong> afin de <strong>contraindre une tierce personne ou une autorit\u00e9 \u00e0 un comportement<\/strong>. La privation de libert\u00e9 est ici le <strong>moyen d&rsquo;une extorsion ou d&rsquo;une contrainte<\/strong> et est <strong>absorb\u00e9e par l&rsquo;infraction plus grave<\/strong>. <\/li>\n\n\n\n<li><strong>Articles\u00a0205 \u00e0 207 du Code p\u00e9nal \u2013 Abus sexuels sur des mineurs\u00a0:<\/strong><br\/>S&rsquo;il y a <strong>abus sexuel effectif<\/strong> au cours de l&rsquo;enl\u00e8vement, il y a <strong>v\u00e9ritable concours d&rsquo;infractions<\/strong>. L&rsquo;enl\u00e8vement constitue alors une <strong>injustice autonome<\/strong>, car il viole en outre le <strong>droit de garde<\/strong> et la <strong>libert\u00e9 de s\u00e9jour<\/strong>. L&rsquo;<a href=\"https:\/\/www.ris.bka.gv.at\/NormDokument.wxe?Abfrage=Bundesnormen&amp;Gesetzesnummer=10002296&amp;Artikel=&amp;Paragraf=101&amp;Anlage=&amp;Uebergangsrecht=\" target=\"_blank\" rel=\"noreferrer noopener\">article\u00a0101 du Code p\u00e9nal<\/a> n&rsquo;est donc <strong>pas absorb\u00e9<\/strong>, mais <strong>punie s\u00e9par\u00e9ment en plus des d\u00e9lits sexuels<\/strong>. <\/li>\n\n\n\n<li><strong>Articles\u00a0<a href=\"https:\/\/harlander-partner.eu\/fr\/droit-penal\/lesions-corporelles\/\">83<\/a> \u00e0 <a href=\"https:\/\/harlander-partner.eu\/fr\/droit-penal\/lesions-corporelles-graves-intentionnelles\/\">87 du Code p\u00e9nal<\/a> \u2013 D\u00e9lits de l\u00e9sions corporelles\u00a0:<\/strong> prot\u00e8gent l&rsquo;<strong>int\u00e9grit\u00e9 physique<\/strong>. S&rsquo;il y a <strong>mauvais traitements, entraves ou blessures<\/strong> pendant l&rsquo;enl\u00e8vement, il y a \u00e9galement <strong>v\u00e9ritable concours d&rsquo;infractions<\/strong>, car l&rsquo;int\u00e9grit\u00e9 physique est \u00e9galement viol\u00e9e en plus de la libert\u00e9. <\/li>\n<\/ul>\n\n<h3 class=\"wp-block-heading\" id=\"h-konkurrenzen\">Concours d&rsquo;infractions :<\/h3>\n\n<ul class=\"wp-block-list\">\n<li><strong>V\u00e9ritable concours d&rsquo;infractions\u00a0:<\/strong> il y a v\u00e9ritable concours d&rsquo;infractions lorsque l&rsquo;<strong>enl\u00e8vement d&rsquo;une personne mineure<\/strong> est commis conjointement avec d&rsquo;autres <strong>infractions autonomes<\/strong>, par exemple avec des <strong>abus sexuels<\/strong>, des <strong>l\u00e9sions corporelles<\/strong> ou des <strong>menaces dangereuses<\/strong>. Dans de tels cas, tous les actes sont <strong>punis s\u00e9par\u00e9ment<\/strong>, car ils violent diff\u00e9rents biens juridiques. Sont prot\u00e9g\u00e9s la <strong>libert\u00e9 personnelle<\/strong>, l&rsquo;<strong>int\u00e9grit\u00e9 physique<\/strong>, l&rsquo;<strong>int\u00e9grit\u00e9 sexuelle<\/strong> et le <strong>droit parental \u00e0 l&rsquo;\u00e9ducation<\/strong>. L&rsquo;enl\u00e8vement reste punissable de mani\u00e8re autonome, car il r\u00e9alise d\u00e9j\u00e0 une injustice propre en <strong>sortant l&rsquo;enfant de la sph\u00e8re de protection l\u00e9gitime<\/strong>.   <\/li>\n\n\n\n<li><strong>Faux concours d&rsquo;infractions\u00a0:<\/strong> un faux concours d&rsquo;infractions n&rsquo;existe que si l&rsquo;enl\u00e8vement est <strong>exclusivement une partie d&rsquo;un acte plus grave<\/strong>, par exemple un <strong>enl\u00e8vement \u00e0 des fins d&rsquo;extorsion au sens de l&rsquo;article\u00a0102 du Code p\u00e9nal<\/strong>. Dans ces cas, le d\u00e9lit le plus grave couvre l&rsquo;ensemble du contenu illicite, c&rsquo;est pourquoi l&rsquo;<strong><a href=\"https:\/\/www.ris.bka.gv.at\/NormDokument.wxe?Abfrage=Bundesnormen&amp;Gesetzesnummer=10002296&amp;Artikel=&amp;Paragraf=101&amp;Anlage=&amp;Uebergangsrecht=\" target=\"_blank\" rel=\"noreferrer noopener\">article\u00a0101 du Code p\u00e9nal<\/a><\/strong> n&rsquo;est pas appliqu\u00e9 en plus. Toutefois, si l&rsquo;enl\u00e8vement est commis avec une <strong>intention sexuelle<\/strong>, il reste <strong>punissable de mani\u00e8re autonome<\/strong>, m\u00eame si un abus est commis ult\u00e9rieurement.  <\/li>\n\n\n\n<li><strong>Pluralit\u00e9 d&rsquo;actes\u00a0:<\/strong> quiconque enl\u00e8ve <strong>plusieurs personnes mineures<\/strong> ou commet <strong>le m\u00eame acte \u00e0 plusieurs reprises<\/strong> est puni s\u00e9par\u00e9ment pour chaque acte. Chaque enl\u00e8vement constitue une <strong>infraction propre<\/strong>, m\u00eame s&rsquo;ils sont \u00e9troitement li\u00e9s dans le temps ou s&rsquo;ils sont commis avec la m\u00eame intention. <\/li>\n\n\n\n<li><strong>Acte continu\u00e9\u00a0:<\/strong> si une personne mineure est retenue ou d\u00e9plac\u00e9e pendant une p\u00e9riode prolong\u00e9e ou dans diff\u00e9rents lieux <strong>contre ou sans la volont\u00e9 des personnes exer\u00e7ant l&rsquo;autorit\u00e9 parentale<\/strong>, l&rsquo;ensemble du comportement est consid\u00e9r\u00e9 comme un <strong>acte unique<\/strong>, tant que l&rsquo;intention de l&rsquo;auteur persiste. Un changement de lieu de s\u00e9jour ou de circonstances n&rsquo;y change rien. <\/li>\n<\/ul>\n\n<p class=\"wp-block-paragraph\">Dans l&rsquo;ensemble, l&rsquo;<strong>enl\u00e8vement d&rsquo;une personne mineure<\/strong> reste un <strong>d\u00e9lit autonome<\/strong>. Ce n&rsquo;est que s&rsquo;il sert <strong>exclusivement \u00e0 la r\u00e9alisation d&rsquo;une extorsion<\/strong> qu&rsquo;il est couvert par l&rsquo;<strong>infraction plus grave<\/strong>. La loi garantit que <strong>toute violation de la libert\u00e9, de l&rsquo;int\u00e9grit\u00e9 sexuelle et du droit parental \u00e0 la protection<\/strong> est appr\u00e9ci\u00e9e et punie de mani\u00e8re autonome.  <\/p>\n\n<h2 class=\"wp-block-heading\" id=\"h-beweislast-amp-beweiswurdigung\">Charge de la preuve et appr\u00e9ciation des preuves<\/h2>\n\n<ul class=\"wp-block-list\">\n<li><strong>Minist\u00e8re public\u00a0:<\/strong> supporte la <strong>charge de la preuve<\/strong> de l&rsquo;<strong>existence d&rsquo;un enl\u00e8vement<\/strong>, de sa <strong>dur\u00e9e et de son but<\/strong> ainsi que du <strong>lien entre l&rsquo;acte et la cons\u00e9quence survenue<\/strong>. Il doit prouver que la <strong>personne mineure<\/strong> a \u00e9t\u00e9 retir\u00e9e ou retenue contre ou sans la volont\u00e9 des <strong>personnes exer\u00e7ant l&rsquo;autorit\u00e9 parentale<\/strong> de leur <strong>sph\u00e8re de protection l\u00e9gitime<\/strong> et qu&rsquo;elle a ainsi \u00e9t\u00e9 <strong>soustraite au contr\u00f4le des parents<\/strong>. <\/li>\n\n\n\n<li><strong>Tribunal\u00a0:<\/strong> examine et <strong>appr\u00e9cie toutes les preuves dans leur contexte global<\/strong>. Les preuves inappropri\u00e9es ou <strong>obtenues ill\u00e9galement<\/strong> ne peuvent pas \u00eatre utilis\u00e9es. Il est essentiel de savoir si la personne mineure a <strong>effectivement \u00e9t\u00e9 enlev\u00e9e \u00e0 la garde des personnes exer\u00e7ant l&rsquo;autorit\u00e9 parentale<\/strong> et a \u00e9t\u00e9 <strong>amen\u00e9e dans la sph\u00e8re d&rsquo;influence de l&rsquo;auteur<\/strong>.  <\/li>\n\n\n\n<li><strong>Personne accus\u00e9e\u00a0:<\/strong> n&rsquo;a <strong>pas de charge de la preuve<\/strong>, mais peut faire appara\u00eetre des <strong>doutes sur l&rsquo;intention d\u00e9lictueuse, sur l&rsquo;intention ou sur le retrait effectif de la garde<\/strong>. De m\u00eame, elle peut attirer l&rsquo;attention sur des <strong>contradictions, des lacunes dans les preuves ou des expertises peu claires<\/strong>. <\/li>\n<\/ul>\n\n<p class=\"wp-block-paragraph\">Les <strong>preuves typiques<\/strong> sont <strong>les constats m\u00e9dicaux<\/strong> concernant les blessures ou les r\u00e9actions de stress, <strong>les t\u00e9moignages<\/strong> sur le d\u00e9roulement du transfert, <strong>les vid\u00e9os ou les images de surveillance<\/strong>, <strong>les donn\u00e9es de localisation num\u00e9riques<\/strong> telles que les protocoles GPS ou de t\u00e9l\u00e9phonie mobile ainsi que <strong>les traces sur les v\u00e9hicules, les v\u00eatements ou les portes<\/strong>. Dans certains cas, des <strong>expertises p\u00e9dagogiques ou psychologiques<\/strong> peuvent \u00e9galement \u00eatre importantes, par exemple pour d\u00e9terminer si la personne mineure pouvait saisir le caract\u00e8re de la situation. <\/p>\n    <div class=\"mr-quote mrbg clearfix\">\n        <a class=\"mr-quote-person\" href=\"\/ueber-uns\/rechtsanwalt-sebastian-riedlmair\/\" title=\"Rechtsanwalt Sebastian Riedlmair\">\n            <img decoding=\"async\" class=\"mr-quote-person-img\" src=\"https:\/\/harlander-partner.eu\/wp-content\/themes\/harlander\/design\/sr100.webp\" width=\"100\"\n                 height=\"100\" loading=\"lazy\" alt=\"Rechtsanwalt Sebastian Riedlmair\">\n            <span class=\"mr-quote-person-text\">\n            Sebastian Riedlmair<br>\n            <span class=\"mr-quote-person-function\">Harlander &amp; Partner Rechtsanw\u00e4lte<\/span>\n        <\/span>\n        <\/a>\n        <span class=\"mr-quote-content\">\u201ePraxisf\u00e4lle zeigen, dass Entf\u00fchrung h\u00e4ufig durch T\u00e4uschung oder Vertrauen beginnt \u2013 nicht durch Gewalt.\u201c<\/span>\n    <\/div>\n<a class=\"mr-cta-link mr-cta-button-cal\" href=\"#h2-booking\" title=\"Premi\u00e8re consultation gratuite\"><span class=\"mr-cta-link-normal\">Choisissez d\u00e8s maintenant la date souhait\u00e9e :<\/span><span class=\"mr-cta-link-bold\">Premi\u00e8re consultation gratuite<\/span><\/a>\n\n<h2 class=\"wp-block-heading\" id=\"h-praxisbeispiele\">Exemples pratiques<\/h2>\n\n<ul class=\"wp-block-list\">\n<li><strong>Enl\u00e8vement dans l&rsquo;environnement scolaire<\/strong>\u00a0: une personne mineure est r\u00e9cup\u00e9r\u00e9e apr\u00e8s les cours par une connaissance. Il pr\u00e9tend agir sur ordre des parents. Au lieu de la ramener \u00e0 la maison, il l&#8217;emm\u00e8ne dans un autre lieu. L\u00e0, il essaie d&rsquo;influencer ou d&rsquo;importuner sexuellement l&rsquo;enfant. M\u00eame sans violence, il y a enl\u00e8vement punissable, car l&rsquo;enfant est soustrait \u00e0 la protection des parents.    <\/li>\n\n\n\n<li><strong>Tromperie et manipulation\u00a0:<\/strong> un auteur <strong>promet \u00e0 un enfant une r\u00e9compense ou une excursion<\/strong> afin de l&rsquo;inciter \u00e0 venir avec lui. L&rsquo;enfant suit sans m\u00e9fiance, car il fait confiance \u00e0 l&rsquo;auteur. Cette <strong>tromperie suffit d\u00e9j\u00e0<\/strong> si elle sert \u00e0 <strong>soustraire l&rsquo;enfant \u00e0 la garde des parents<\/strong> et \u00e0 l&rsquo;<strong>exposer au risque d&rsquo;un abus<\/strong>. L&rsquo;<strong>intention d&rsquo;exploitation sexuelle<\/strong> est d\u00e9terminante, et non le fait qu&rsquo;il y ait effectivement un abus.   <\/li>\n<\/ul>\n\n<p class=\"wp-block-paragraph\">Ces exemples montrent que le <strong>fait d&#8217;emmener une personne mineure hors de sa sph\u00e8re de protection l\u00e9gitime<\/strong> remplit d\u00e9j\u00e0 le <strong>contenu illicite de l&rsquo;enl\u00e8vement au sens de l&rsquo;<a href=\"https:\/\/www.ris.bka.gv.at\/NormDokument.wxe?Abfrage=Bundesnormen&amp;Gesetzesnummer=10002296&amp;Artikel=&amp;Paragraf=101&amp;Anlage=&amp;Uebergangsrecht=\" target=\"_blank\" rel=\"noreferrer noopener\">article\u00a0101 du Code p\u00e9nal<\/a><\/strong>. L&rsquo;<strong>annulation cibl\u00e9e de la surveillance parentale<\/strong>, associ\u00e9e \u00e0 l&rsquo;<strong>intention d&rsquo;exploitation sexuelle<\/strong>, est d\u00e9terminante. <\/p>\n\n<h2 class=\"wp-block-heading\" id=\"h-subjektiver-tatbestand\">\u00c9l\u00e9ments constitutifs subjectifs<\/h2>\n\n<p class=\"wp-block-paragraph\">L&rsquo;auteur agit <strong>intentionnellement<\/strong> et avec une <strong>intention particuli\u00e8re<\/strong>. Il sait ou consid\u00e8re au moins s\u00e9rieusement comme possible qu&rsquo;il enl\u00e8ve ou retient une <strong>personne mineure contre ou sans la volont\u00e9 des parents<\/strong> afin de l&rsquo;<strong>abuser sexuellement ou de l&rsquo;exploiter d&rsquo;une autre mani\u00e8re<\/strong>. <\/p>\n\n<p class=\"wp-block-paragraph\">Il n&rsquo;y a pas d&rsquo;intention si l&rsquo;auteur <strong>croit<\/strong> que l&rsquo;enfant <strong>vient volontairement avec lui<\/strong> ou que les parents ont <strong>consenti<\/strong>. S&rsquo;il agit par <strong>souci ou intention de protection<\/strong>, sans intention d&rsquo;exploitation sexuelle ou autre, il n&rsquo;y a <strong>pas d&rsquo;enl\u00e8vement punissable<\/strong>. <\/p>\n\n<p class=\"wp-block-paragraph\">Il est essentiel que l&rsquo;auteur <strong>reconnaisse et abuse sciemment de l&rsquo;inexp\u00e9rience, de la confiance ou de la d\u00e9pendance de l&rsquo;enfant<\/strong> afin de gagner un <strong>pouvoir sur la situation<\/strong>. Quiconque agit ainsi remplit les conditions <strong>subjectives de l&rsquo;infraction<\/strong>. <\/p>\n<a class=\"mr-cta-link mr-cta-button-cal\" href=\"#h2-booking\" title=\"Premi\u00e8re consultation gratuite\"><span class=\"mr-cta-link-normal\">Choisissez d\u00e8s maintenant la date souhait\u00e9e :<\/span><span class=\"mr-cta-link-bold\">Premi\u00e8re consultation gratuite<\/span><\/a>\n\n<h2 class=\"wp-block-heading\" id=\"h-schuld-amp-irrtumer\">Culpabilit\u00e9 &amp; Erreurs<\/h2>\n\n<ul class=\"wp-block-list\">\n<li><strong><a href=\"https:\/\/harlander-partner.eu\/fr\/droit-penal\/erreur-de-droit\/\" target=\"_blank\" rel=\"noreferrer noopener\">Erreur sur l&rsquo;interdiction<\/a>\u00a0:<\/strong> une erreur sur l&rsquo;interdiction n&rsquo;excuse que si elle \u00e9tait <strong>in\u00e9vitable<\/strong>. Quiconque emm\u00e8ne ou retient sciemment un enfant mineur hors de sa sph\u00e8re de protection ne peut pas se pr\u00e9valoir du fait qu&rsquo;il n&rsquo;avait pas connaissance de la punissabilit\u00e9. Chacun doit s&rsquo;informer sur les <strong>limites l\u00e9gales de son action<\/strong>, surtout lorsqu&rsquo;il s&rsquo;agit de mineurs.  <\/li>\n\n\n\n<li><strong>Principe de culpabilit\u00e9 :<\/strong> Seul est punissable celui qui agit <strong>coupablement<\/strong>. Un enl\u00e8vement suppose un <strong>comportement intentionnel<\/strong> et l&rsquo;<strong>intention d&rsquo;exploitation<\/strong>. Quiconque suppose \u00e0 tort que la personne concern\u00e9e <strong>suit volontairement<\/strong> ou <strong>consent avec discernement<\/strong> n&rsquo;agit pas coupablement, mais tout au plus <strong>par n\u00e9gligence<\/strong>, ce que l&rsquo;enl\u00e8vement d&rsquo;une personne atteinte de troubles mentaux ou incapable de se d\u00e9fendre <strong>ne vise pas<\/strong>.  <\/li>\n\n\n\n<li><strong>Irresponsabilit\u00e9 :<\/strong> Nul n&rsquo;est coupable s&rsquo;il n&rsquo;\u00e9tait pas en mesure, au moment des faits, en raison d&rsquo;un <strong>trouble mental grave<\/strong> ou d&rsquo;une <strong>alt\u00e9ration maladive de sa capacit\u00e9 de contr\u00f4le<\/strong>, de comprendre le caract\u00e8re ill\u00e9gal de son acte ou d&rsquo;agir en cons\u00e9quence. En cas de doute, il convient de demander une <strong>expertise psychiatrique<\/strong>. <\/li>\n\n\n\n<li><strong><a href=\"https:\/\/harlander-partner.eu\/fr\/droit-penal\/etat-de-necessite-excusable\/\">\u00c9tat de n\u00e9cessit\u00e9 excusable<\/a>\u00a0:<\/strong> Il existe lorsque l\u2019acte est commis dans une <strong>situation de contrainte extr\u00eame<\/strong>, par exemple pour \u00e9viter un <strong>danger aigu pour sa propre vie ou celle d\u2019autrui<\/strong>. Dans de tels cas, le comportement peut \u00eatre <strong>excusable, mais pas l\u00e9gitime<\/strong>. <\/li>\n\n\n\n<li><strong><a href=\"https:\/\/harlander-partner.eu\/fr\/droit-penal\/erreur-sur-lexistence-dune-justification\/\">L\u00e9gitime d\u00e9fense putatif<\/a>\u00a0:<\/strong> Quiconque croit \u00e0 tort \u00eatre <strong>autoris\u00e9 \u00e0 retenir<\/strong> quelqu\u2019un, par exemple parce qu\u2019il suppose devoir <strong>repousser un danger ou prot\u00e9ger quelqu\u2019un<\/strong>, agit <strong>sans intention<\/strong> si l\u2019erreur est <strong>s\u00e9rieuse et compr\u00e9hensible<\/strong>. S\u2019il subsiste n\u00e9anmoins un <strong>manquement \u00e0 la diligence<\/strong>, le comportement peut avoir un effet <strong>att\u00e9nuant la peine<\/strong>, mais pas <strong>justificatif<\/strong>. <\/li>\n<\/ul>\n\n<h2 class=\"wp-block-heading\" id=\"h-strafaufhebung-amp-diversion\">Abandon des poursuites &amp; D\u00e9judiciarisation<\/h2>\n\n<h3 class=\"wp-block-heading\" id=\"h-rucktritt-und-tatige-reue\">Retrait et repentir actif\u00a0:<\/h3>\n\n<p class=\"wp-block-paragraph\">L&rsquo;auteur peut <strong>consid\u00e9rablement r\u00e9duire<\/strong> sa peine s&rsquo;il <strong>lib\u00e8re volontairement<\/strong> l&rsquo;enfant ou le <strong>ram\u00e8ne dans un environnement s\u00fbr<\/strong> avant que quelque chose de pire ne se produise. L&rsquo;enl\u00e8vement est consid\u00e9r\u00e9 comme termin\u00e9 d\u00e8s que l&rsquo;enfant est <strong>de nouveau sous la protection parentale<\/strong>. Il est important que l&rsquo;auteur <strong>agisse de sa propre initiative<\/strong>, <strong>ne suive aucune contrainte ext\u00e9rieure<\/strong> et <strong>fasse preuve d&rsquo;une honn\u00eate prise de conscience<\/strong>. Seul celui qui <strong>met fin volontairement<\/strong> \u00e0 son comportement et <strong>reconna\u00eet l&rsquo;injustice<\/strong> peut esp\u00e9rer une <strong>att\u00e9nuation de peine ou, dans des cas exceptionnels, une lev\u00e9e de peine<\/strong>.   <\/p>\n\n<h3 class=\"wp-block-heading\" id=\"h-nachtragliche-wiedergutmachung\">R\u00e9paration ult\u00e9rieure\u00a0:<\/h3>\n\n<p class=\"wp-block-paragraph\">Si l&rsquo;auteur s&rsquo;efforce, apr\u00e8s les faits, de pr\u00e9senter des <strong>excuses, de l&rsquo;aide ou une compensation<\/strong>, le tribunal peut tenir compte de ce comportement comme <strong>circonstance att\u00e9nuante<\/strong>. Cela comprend par exemple <strong>des excuses sinc\u00e8res<\/strong>, <strong>un soutien \u00e0 la victime<\/strong> ou <strong>la r\u00e9paration des dommages mat\u00e9riels et moraux<\/strong>. Quiconque <strong>assume sa responsabilit\u00e9 et effectue activement une r\u00e9paration<\/strong> montre qu&rsquo;il a compris son acte.  <\/p>\n\n<h3 class=\"wp-block-heading\" id=\"h-diversion\">D\u00e9judiciarisation\u00a0:<\/h3>\n\n<p class=\"wp-block-paragraph\">Le tribunal peut <strong>cl\u00f4turer la proc\u00e9dure sans condamnation<\/strong> si la <strong>faute est mineure<\/strong>, les <strong>faits sont clairs<\/strong> et l&rsquo;auteur <strong>fait preuve de compr\u00e9hension<\/strong>. Une diversion n&rsquo;est toutefois possible <strong>que dans des cas exceptionnels<\/strong>, car l&rsquo;enl\u00e8vement constitue g\u00e9n\u00e9ralement une <strong>grave atteinte \u00e0 la libert\u00e9 et \u00e0 l&rsquo;int\u00e9grit\u00e9 sexuelle<\/strong>. S&rsquo;il n&rsquo;y a pas d&rsquo;exploitation sexuelle, le tribunal peut ordonner des <strong>prestations financi\u00e8res<\/strong>, un <strong>travail d&rsquo;int\u00e9r\u00eat g\u00e9n\u00e9ral<\/strong> ou une <strong>m\u00e9diation p\u00e9nale<\/strong>. Si la proc\u00e9dure est ainsi cl\u00f4tur\u00e9e, il n&rsquo;y a <strong>pas de condamnation ni d&rsquo;inscription au casier judiciaire<\/strong>.   <\/p>\n\n<h3 class=\"wp-block-heading\" id=\"h-ausschluss-der-diversion\">Exclusion de la d\u00e9judiciarisation\u00a0:<\/h3>\n\n<p class=\"wp-block-paragraph\">Une diversion <strong>n&rsquo;est pas envisageable<\/strong> si l&rsquo;auteur <strong>use de violence<\/strong>, <strong>prof\u00e8re des menaces<\/strong>, <strong>poursuit des intentions sexuelles<\/strong> ou <strong>charge lourdement la victime sur le plan physique ou psychique<\/strong>. Ce n&rsquo;est que dans des <strong>cas exceptionnels plus l\u00e9gers<\/strong>, par exemple en cas de <strong>malentendu sans intention d&rsquo;exploitation<\/strong>, que le tribunal peut examiner une <strong>solution diff\u00e9rente par l&rsquo;aveu, la prise de conscience et la r\u00e9paration<\/strong>. <\/p>\n    <div class=\"mr-quote mrbg clearfix\">\n        <a class=\"mr-quote-person\" href=\"\/ueber-uns\/rechtsanwalt-sebastian-riedlmair\/\" title=\"Rechtsanwalt Sebastian Riedlmair\">\n            <img decoding=\"async\" class=\"mr-quote-person-img\" src=\"https:\/\/harlander-partner.eu\/wp-content\/themes\/harlander\/design\/sr100.webp\" width=\"100\"\n                 height=\"100\" loading=\"lazy\" alt=\"Rechtsanwalt Sebastian Riedlmair\">\n            <span class=\"mr-quote-person-text\">\n            Sebastian Riedlmair<br>\n            <span class=\"mr-quote-person-function\">Harlander &amp; Partner Rechtsanw\u00e4lte<\/span>\n        <\/span>\n        <\/a>\n        <span class=\"mr-quote-content\">\u201eWer die Schutzlosigkeit erkennt und sie f\u00fcr eigene Zwecke nutzt, handelt mit vollem Unrechtsbewusstsein.\u201c<\/span>\n    <\/div>\n<a class=\"mr-cta-link mr-cta-button-cal\" href=\"#h2-booking\" title=\"Premi\u00e8re consultation gratuite\"><span class=\"mr-cta-link-normal\">Choisissez d\u00e8s maintenant la date souhait\u00e9e :<\/span><span class=\"mr-cta-link-bold\">Premi\u00e8re consultation gratuite<\/span><\/a>\n\n<h2 class=\"wp-block-heading\" id=\"h-strafzumessung-amp-folgen\">D\u00e9termination de la peine &amp; Cons\u00e9quences<\/h2>\n\n<p class=\"wp-block-paragraph\">Le tribunal <strong>\u00e9value la peine<\/strong> en fonction de la <strong>gravit\u00e9 de l&rsquo;acte<\/strong>, de la <strong>dur\u00e9e de la privation de libert\u00e9<\/strong> et du <strong>degr\u00e9 d&rsquo;exploitation<\/strong>. Il est d\u00e9terminant de savoir si l&rsquo;auteur a <strong>sciemment plac\u00e9 l&rsquo;enfant dans une situation sans d\u00e9fense<\/strong> et s&rsquo;il a <strong>intentionnellement exploit\u00e9 ou prolong\u00e9<\/strong> cette situation. Les <strong>motifs<\/strong>, tels que les <strong>intentions sexuelles<\/strong>, l&rsquo;<strong>abus de pouvoir<\/strong> ou l&rsquo;<strong>humiliation<\/strong>, influencent \u00e9galement le montant de la peine.  <\/p>\n\n<h3 class=\"wp-block-heading\" id=\"h-erschwerungsgrunde-bestehen-insbesondere-wenn\">Des circonstances aggravantes existent notamment si<\/h3>\n\n<ul class=\"wp-block-list\">\n<li>commet l&rsquo;acte de mani\u00e8re <strong>planifi\u00e9e ou sur une p\u00e9riode prolong\u00e9e<\/strong>,<\/li>\n\n\n\n<li>inflige \u00e0 la victime des <strong>souffrances physiques ou psychiques<\/strong>,<\/li>\n\n\n\n<li>utilise la <strong>violence, la tromperie ou la menace<\/strong> pour maintenir l&rsquo;enl\u00e8vement,<\/li>\n\n\n\n<li>ou a d\u00e9j\u00e0 des <strong>ant\u00e9c\u00e9dents pertinents<\/strong> et <strong>exploite sciemment la vuln\u00e9rabilit\u00e9 de l&rsquo;enfant<\/strong>.<\/li>\n<\/ul>\n\n<h3 class=\"wp-block-heading\" id=\"h-milderungsgrunde-sind-etwa\">Les circonstances att\u00e9nuantes sont par exemple<\/h3>\n\n<ul class=\"wp-block-list\">\n<li>si l&rsquo;auteur est <strong>inconnu des services de police<\/strong>,<\/li>\n\n\n\n<li>s&rsquo;il <strong>fait des aveux<\/strong> ou <strong>fait preuve d&rsquo;un repentir sinc\u00e8re<\/strong>,<\/li>\n\n\n\n<li>s&rsquo;il <strong>lib\u00e8re volontairement<\/strong> la victime avant que des cons\u00e9quences plus graves ne surviennent,<\/li>\n\n\n\n<li>s&rsquo;il s&rsquo;efforce d&rsquo;obtenir une <strong>r\u00e9paration ou un soutien<\/strong>,<\/li>\n\n\n\n<li>s&rsquo;il \u00e9tait <strong>exceptionnellement d\u00e9pass\u00e9 ou psychiquement tr\u00e8s affect\u00e9<\/strong>,<\/li>\n\n\n\n<li>ou si la <strong>proc\u00e9dure p\u00e9nale a dur\u00e9 excessivement longtemps<\/strong>.<\/li>\n<\/ul>\n\n<p class=\"wp-block-paragraph\">Le tribunal peut <strong>surs\u00e9oir \u00e0 l&rsquo;ex\u00e9cution<\/strong> d&rsquo;une <strong>peine de prison<\/strong> si elle ne <strong>d\u00e9passe pas deux ans<\/strong> et si l&rsquo;auteur est consid\u00e9r\u00e9 comme <strong>socialement stable<\/strong>. Il reste alors <strong>en libert\u00e9<\/strong>, mais doit faire ses preuves pendant une <strong>p\u00e9riode de probation d&rsquo;un \u00e0 trois ans<\/strong>. <\/p>\n\n<p class=\"wp-block-paragraph\">En outre, le tribunal peut <strong>donner des instructions<\/strong>, par exemple <strong>ordonner une th\u00e9rapie<\/strong>, <strong>exiger une r\u00e9paration du pr\u00e9judice<\/strong> ou <strong>faire appel \u00e0 un service de probation<\/strong> afin de favoriser la <strong>prise de conscience et la r\u00e9insertion<\/strong>.<\/p>\n\n<h2 class=\"wp-block-heading\" id=\"h-strafrahmen\">Cadre p\u00e9nal<\/h2>\n\n<p class=\"wp-block-paragraph\">En cas d&rsquo;<strong>enl\u00e8vement d&rsquo;une personne mineure<\/strong>, une <strong>peine de prison de six mois \u00e0 cinq ans<\/strong> est encourue. La peine d\u00e9pend de la <strong>gravit\u00e9 de l&rsquo;atteinte \u00e0 l&rsquo;enfant<\/strong> et de l&rsquo;<strong>intention poursuivie par l&rsquo;auteur<\/strong>. <\/p>\n\n<p class=\"wp-block-paragraph\">Le tribunal v\u00e9rifie si l&rsquo;enfant a \u00e9t\u00e9 <strong>\u00e9loign\u00e9 de la sph\u00e8re de protection parentale<\/strong> et s&rsquo;il existait <strong>un risque d&rsquo;exploitation sexuelle<\/strong>. M\u00eame la tentative de mettre un enfant dans une telle situation est grave. <\/p>\n\n<p class=\"wp-block-paragraph\">Plus la proc\u00e9dure est <strong>planifi\u00e9e, longue ou cruelle<\/strong>, plus la <strong>peine est \u00e9lev\u00e9e<\/strong>. Si l&rsquo;auteur a <strong>sciemment plac\u00e9 l&rsquo;enfant dans une situation sans d\u00e9fense<\/strong> afin de l&rsquo;exploiter, cela est sanctionn\u00e9 avec une particuli\u00e8re s\u00e9v\u00e9rit\u00e9. <\/p>\n\n<p class=\"wp-block-paragraph\">Dans les <strong>cas plus l\u00e9gers<\/strong>, par exemple lorsqu&rsquo;<strong>il n&rsquo;y a pas d&rsquo;abus<\/strong> et que l&rsquo;enfant <strong>revient rapidement<\/strong>, le tribunal peut prononcer une <strong>peine de prison avec sursis<\/strong> ou une <strong>amende<\/strong>. En cas d&rsquo;<strong>exploitation sexuelle, de violence ou de s\u00e9questration prolong\u00e9e<\/strong>, une <strong>peine de prison ferme de plusieurs ann\u00e9es<\/strong> est en revanche encourue dans le cadre l\u00e9gal. <\/p>\n    <div class=\"mr-quote mrbg clearfix\">\n        <a class=\"mr-quote-person\" href=\"\/ueber-uns\/rechtsanwalt-peter-harlander\/\" title=\"Rechtsanwalt Peter Harlander\">\n            <img decoding=\"async\" class=\"mr-quote-person-img\" src=\"https:\/\/harlander-partner.eu\/wp-content\/themes\/harlander\/design\/ph100.webp\" width=\"100\"\n                 height=\"100\" loading=\"lazy\" alt=\"Rechtsanwalt Peter Harlander\">\n            <span class=\"mr-quote-person-text\">\n            Peter Harlander<br>\n            <span class=\"mr-quote-person-function\">Harlander &amp; Partner Rechtsanw\u00e4lte<\/span>\n        <\/span>\n        <\/a>\n        <span class=\"mr-quote-content\">\u201eSchon der Versuch, ein Kind zu manipulieren oder zu entfernen, kann strafbar sein \u2013 das Gesetz sch\u00fctzt pr\u00e4ventiv.\u201c<\/span>\n    <\/div>\n\n<h2 class=\"wp-block-heading\" id=\"h-geldstrafe-tagessatzsystem\">Amende \u2013 Syst\u00e8me de taux journalier<\/h2>\n\n<p class=\"wp-block-paragraph\">Le droit p\u00e9nal autrichien calcule les amendes selon le <strong>syst\u00e8me de taux journalier<\/strong>. Le <strong>nombre de taux journaliers<\/strong> d\u00e9pend de la <strong>culpabilit\u00e9<\/strong>, le <strong>montant par jour<\/strong> de la <strong>capacit\u00e9 financi\u00e8re<\/strong>. Ainsi, la peine est adapt\u00e9e \u00e0 la situation personnelle et reste n\u00e9anmoins sensible.  <\/p>\n\n<ul class=\"wp-block-list\">\n<li><strong>Fourchette\u00a0:<\/strong> jusqu&rsquo;\u00e0 <strong>720 taux journaliers<\/strong> \u2013 au moins <strong>4 euros<\/strong>, au maximum <strong>5\u00a0000 euros<\/strong> par jour.<\/li>\n\n\n\n<li><strong>Formule pratique\u00a0:<\/strong> Environ <strong>6 mois de prison correspondent \u00e0 environ 360 taux journaliers<\/strong>. Cette conversion ne sert que d&rsquo;<strong>orientation<\/strong> et n&rsquo;est <strong>pas un sch\u00e9ma rigide<\/strong>. <\/li>\n\n\n\n<li><strong>En cas de non-paiement\u00a0:<\/strong> Le tribunal peut prononcer une <strong>peine de prison de substitution<\/strong>. En r\u00e8gle g\u00e9n\u00e9rale, la r\u00e8gle suivante s&rsquo;applique\u00a0: <strong>1 jour de peine de prison de substitution correspond \u00e0 2 taux journaliers<\/strong>. <\/li>\n<\/ul>\n\n<h2 class=\"wp-block-heading\" id=\"h-freiheitsstrafe-amp-teil-bedingte-nachsicht\">Peine de prison &amp; Suspension (partielle) conditionnelle<\/h2>\n\n<p class=\"wp-block-paragraph\">Art.\u00a037 du Code p\u00e9nal\u00a0: <strong>Pour les d\u00e9lits passibles d\u2019une peine de prison pouvant aller jusqu\u2019\u00e0 cinq ans<\/strong>, le tribunal peut <strong>remplacer une courte peine de prison d\u2019un an au maximum par une amende<\/strong>. La disposition vise \u00e0 \u00e9viter les courtes peines de prison et autorise une amende, <strong>si ni des raisons de pr\u00e9vention sp\u00e9ciale ni des raisons de pr\u00e9vention g\u00e9n\u00e9rale<\/strong> n\u2019exigent l\u2019ex\u00e9cution d\u2019une peine de prison. <\/p>\n\n<p class=\"wp-block-paragraph\">\u00a7\u00a043 StGB\u00a0: Une peine privative de libert\u00e9 peut \u00eatre <strong>suspendue conditionnellement<\/strong> si elle ne <strong>d\u00e9passe pas deux ans<\/strong> et si le condamn\u00e9 se voit attester un <strong>pronostic social positif<\/strong>. La <strong>p\u00e9riode de probation est d\u2019un \u00e0 trois ans<\/strong>. Si elle est effectu\u00e9e sans r\u00e9vocation, la peine est consid\u00e9r\u00e9e comme <strong>d\u00e9finitivement suspendue<\/strong>.  <\/p>\n\n<p class=\"wp-block-paragraph\">Art.\u00a043a du Code p\u00e9nal\u00a0: Le <strong>sursis partiel<\/strong> permet de combiner une <strong>partie de peine ferme et une partie de peine avec sursis<\/strong>. Pour les peines de prison de <strong>plus de six mois et jusqu\u2019\u00e0 deux ans<\/strong>, une partie peut \u00eatre <strong>assortie d\u2019un sursis<\/strong> ou remplac\u00e9e par une <strong>amende pouvant aller jusqu\u2019\u00e0 720\u00a0taux journaliers<\/strong>, si cela <strong>semble appropri\u00e9<\/strong> compte tenu des circonstances. <\/p>\n\n<p class=\"wp-block-paragraph\"><a href=\"https:\/\/harlander-partner.eu\/fr\/droit-penal\/assistance-a-la-probation-et-instructions\/\" target=\"_blank\" rel=\"noreferrer noopener\">Art.\u00a050 \u00e0 52 du Code p\u00e9nal\u00a0:<\/a> Le tribunal peut en outre <strong>donner des instructions<\/strong> et <strong>ordonner une assistance probatoire<\/strong>. Les instructions typiques concernent la <strong>r\u00e9paration du pr\u00e9judice<\/strong>, la <strong>participation \u00e0 une th\u00e9rapie ou \u00e0 un conseil<\/strong>, les <strong>interdictions de contact ou de s\u00e9jour<\/strong> ainsi que les <strong>mesures de stabilisation sociale<\/strong>. L\u2019objectif est d\u2019<strong>\u00e9viter d\u2019autres infractions p\u00e9nales<\/strong> et de <strong>favoriser une probation l\u00e9gale durable<\/strong>.  <\/p>\n\n<h2 class=\"wp-block-heading\" id=\"h-zustandigkeit-der-gerichte\">Comp\u00e9tence des tribunaux<\/h2>\n\n<h3 class=\"wp-block-heading\" id=\"h-sachliche-zustandigkeit\">Comp\u00e9tence mat\u00e9rielle<\/h3>\n\n<p class=\"wp-block-paragraph\">En cas d&rsquo;<strong>enl\u00e8vement d&rsquo;une personne mineure<\/strong>, le <strong>tribunal r\u00e9gional statue en r\u00e8gle g\u00e9n\u00e9rale en tant que juge unique<\/strong>, car le bar\u00e8me des peines s&rsquo;\u00e9tend <strong>de six mois \u00e0 cinq ans de prison<\/strong>.<\/p>\n\n<p class=\"wp-block-paragraph\">En cas de <strong>concours avec d&rsquo;autres infractions graves<\/strong>, telles que les <strong>abus sexuels, les l\u00e9sions corporelles ou la contrainte<\/strong>, le <strong>tribunal r\u00e9gional est comp\u00e9tent en tant que tribunal d&rsquo;\u00e9chevins<\/strong>.<\/p>\n\n<p class=\"wp-block-paragraph\">Un <strong>tribunal populaire<\/strong> n&rsquo;entre pas en ligne de compte, car les faits ne pr\u00e9voient <strong>pas de peine de prison \u00e0 vie<\/strong>.<\/p>\n\n<h3 class=\"wp-block-heading\" id=\"h-ortliche-zustandigkeit\">Comp\u00e9tence territoriale<\/h3>\n\n<p class=\"wp-block-paragraph\">Le <strong>tribunal du lieu de l&rsquo;infraction<\/strong> statue sur l&rsquo;affaire p\u00e9nale. Le tribunal comp\u00e9tent est celui dans le ressort duquel l&rsquo;infraction <strong>a commenc\u00e9, a \u00e9t\u00e9 commise ou a pris fin<\/strong>. <\/p>\n\n<p class=\"wp-block-paragraph\">Si le lieu de l&rsquo;infraction ne peut <strong>pas \u00eatre d\u00e9termin\u00e9 avec certitude<\/strong>, la comp\u00e9tence est d\u00e9termin\u00e9e en fonction du <strong>domicile de l&rsquo;accus\u00e9<\/strong>, du <strong>lieu de l&rsquo;arrestation<\/strong> ou du <strong>si\u00e8ge du minist\u00e8re public comp\u00e9tent<\/strong>.<\/p>\n\n<p class=\"wp-block-paragraph\">La proc\u00e9dure <strong>est men\u00e9e l\u00e0<\/strong> o\u00f9 une <strong>ex\u00e9cution appropri\u00e9e et objective<\/strong> est le mieux garantie.<\/p>\n\n<h3 class=\"wp-block-heading\" id=\"h-instanzenzug\">Voies de recours<\/h3>\n\n<p class=\"wp-block-paragraph\">Les jugements du <strong>tribunal r\u00e9gional<\/strong> peuvent faire l\u2019objet d\u2019un <strong>appel devant la cour d\u2019appel r\u00e9gionale<\/strong>.<br\/>Les d\u00e9cisions de la <strong>cour d\u2019appel r\u00e9gionale<\/strong> peuvent \u00eatre contest\u00e9es par un <strong>pourvoi en cassation ou un appel<\/strong> devant la <strong>Cour supr\u00eame<\/strong>.<\/p>\n\n<h2 class=\"wp-block-heading\" id=\"h-zivilanspruche-im-strafverfahren\">Revendications civiles dans la proc\u00e9dure p\u00e9nale<\/h2>\n\n<p class=\"wp-block-paragraph\">En cas d&rsquo;<strong>enl\u00e8vement d&rsquo;une personne mineure<\/strong>, les <strong>parents ou les tuteurs<\/strong> peuvent faire valoir des <strong>pr\u00e9tentions de droit civil<\/strong> en tant que <strong>parties civiles<\/strong> dans la proc\u00e9dure p\u00e9nale. Cela comprend l&rsquo;<strong>indemnisation pour la douleur<\/strong>, les <strong>frais de th\u00e9rapie et de traitement<\/strong>, le <strong>manque \u00e0 gagner<\/strong>, les <strong>frais de garde<\/strong> ainsi que l&rsquo;<strong>indemnisation pour la souffrance morale<\/strong> et d&rsquo;autres <strong>dommages cons\u00e9cutifs<\/strong> r\u00e9sultant de l&rsquo;acte. <\/p>\n\n<p class=\"wp-block-paragraph\">La <strong>jonction de la partie civile<\/strong> suspend la <strong>prescription<\/strong> de ces cr\u00e9ances tant que la proc\u00e9dure p\u00e9nale est en cours. Ce n&rsquo;est qu&rsquo;apr\u00e8s la cl\u00f4ture de la proc\u00e9dure que le d\u00e9lai recommence \u00e0 courir, dans la mesure o\u00f9 la cr\u00e9ance n&rsquo;a pas \u00e9t\u00e9 enti\u00e8rement accord\u00e9e. <\/p>\n\n<p class=\"wp-block-paragraph\">Une <strong>r\u00e9paration volontaire du dommage<\/strong>, par exemple par des <strong>excuses, une compensation financi\u00e8re ou un soutien actif<\/strong>, peut avoir un <strong>effet att\u00e9nuant sur la peine<\/strong> si elle est effectu\u00e9e <strong>en temps utile et de mani\u00e8re cr\u00e9dible<\/strong>.<\/p>\n\n<p class=\"wp-block-paragraph\">Si l&rsquo;auteur a toutefois <strong>d\u00e9lib\u00e9r\u00e9ment exploit\u00e9, abus\u00e9 ou port\u00e9 atteinte \u00e0 la dignit\u00e9<\/strong> de l&rsquo;enfant, une r\u00e9paration ult\u00e9rieure perd en r\u00e8gle g\u00e9n\u00e9rale son effet att\u00e9nuant, car elle ne peut plus <strong>compenser l&rsquo;injustice commise<\/strong>.<\/p>\n    <div class=\"mr-quote mrbg clearfix\">\n        <a class=\"mr-quote-person\" href=\"\/ueber-uns\/rechtsanwalt-sebastian-riedlmair\/\" title=\"Rechtsanwalt Sebastian Riedlmair\">\n            <img decoding=\"async\" class=\"mr-quote-person-img\" src=\"https:\/\/harlander-partner.eu\/wp-content\/themes\/harlander\/design\/sr100.webp\" width=\"100\"\n                 height=\"100\" loading=\"lazy\" alt=\"Rechtsanwalt Sebastian Riedlmair\">\n            <span class=\"mr-quote-person-text\">\n            Sebastian Riedlmair<br>\n            <span class=\"mr-quote-person-function\">Harlander &amp; Partner Rechtsanw\u00e4lte<\/span>\n        <\/span>\n        <\/a>\n        <span class=\"mr-quote-content\">\u201eSchmerzengeld und Betreuungskosten sind oft nur ein Teil des Leids \u2013 das Verfahren muss W\u00fcrde und Gerechtigkeit wiederherstellen.\u201c<\/span>\n    <\/div>\n<a class=\"mr-cta-link mr-cta-button-cal\" href=\"#h2-booking\" title=\"Premi\u00e8re consultation gratuite\"><span class=\"mr-cta-link-normal\">Choisissez d\u00e8s maintenant la date souhait\u00e9e :<\/span><span class=\"mr-cta-link-bold\">Premi\u00e8re consultation gratuite<\/span><\/a>\n\n<h2 class=\"wp-block-heading\" id=\"h-strafverfahren-im-uberblick\">Aper\u00e7u de la proc\u00e9dure p\u00e9nale<\/h2>\n\n<ul class=\"wp-block-list\">\n<li><strong>D\u00e9but de l&rsquo;enqu\u00eate\u00a0:<\/strong> mise en accusation en cas de suspicion concr\u00e8te\u00a0; \u00e0 partir de ce moment, tous les droits de l&rsquo;accus\u00e9.<\/li>\n\n\n\n<li><strong>Police\/Minist\u00e8re public\u00a0:<\/strong> le minist\u00e8re public dirige, la police criminelle enqu\u00eate\u00a0; objectif\u00a0: classement, diversion ou mise en accusation.<\/li>\n\n\n\n<li><strong>Audition de l&rsquo;accus\u00e9\u00a0:<\/strong> information pr\u00e9alable\u00a0; la pr\u00e9sence d&rsquo;un avocat entra\u00eene un report\u00a0; le droit de garder le silence demeure.<\/li>\n\n\n\n<li><strong>Consultation du dossier\u00a0:<\/strong> aupr\u00e8s de la police\/du minist\u00e8re public\/du tribunal\u00a0; comprend \u00e9galement les pi\u00e8ces \u00e0 conviction (dans la mesure o\u00f9 le but de l&rsquo;enqu\u00eate n&rsquo;est pas compromis).<\/li>\n\n\n\n<li><strong>Audience principale\u00a0:<\/strong> administration orale des preuves, jugement\u00a0; d\u00e9cision sur les demandes de participation priv\u00e9e.<\/li>\n<\/ul>\n\n<h2 class=\"wp-block-heading\" id=\"h-beschuldigtenrechte\">Droits de l&rsquo;accus\u00e9<\/h2>\n\n<ul class=\"wp-block-list\">\n<li><strong>Information &amp; d\u00e9fense\u00a0:<\/strong> droit \u00e0 la communication, \u00e0 l&rsquo;aide juridictionnelle, au libre choix d&rsquo;un avocat, \u00e0 l&rsquo;aide \u00e0 la traduction, aux demandes de preuves.<\/li>\n\n\n\n<li><strong>Silence &amp; avocat\u00a0:<\/strong> droit de garder le silence \u00e0 tout moment\u00a0; en cas de pr\u00e9sence d&rsquo;un avocat, l&rsquo;interrogatoire doit \u00eatre report\u00e9.<\/li>\n\n\n\n<li><strong>Obligation d&rsquo;information\u00a0:<\/strong> information rapide sur les soup\u00e7ons\/droits\u00a0; exceptions uniquement pour assurer la finalit\u00e9 de l&rsquo;enqu\u00eate.<\/li>\n\n\n\n<li><strong>Consultation pratique des dossiers\u00a0:<\/strong> dossiers d&rsquo;enqu\u00eate et de proc\u00e9dure principale\u00a0; la consultation par des tiers est limit\u00e9e en faveur de l&rsquo;accus\u00e9.<\/li>\n<\/ul>\n    <div class=\"mr-quote mrbg clearfix\">\n        <a class=\"mr-quote-person\" href=\"\/ueber-uns\/rechtsanwalt-sebastian-riedlmair\/\" title=\"Rechtsanwalt Sebastian Riedlmair\">\n            <img decoding=\"async\" class=\"mr-quote-person-img\" src=\"https:\/\/harlander-partner.eu\/wp-content\/themes\/harlander\/design\/sr100.webp\" width=\"100\"\n                 height=\"100\" loading=\"lazy\" alt=\"Rechtsanwalt Sebastian Riedlmair\">\n            <span class=\"mr-quote-person-text\">\n            Sebastian Riedlmair<br>\n            <span class=\"mr-quote-person-function\">Harlander &amp; Partner Rechtsanw\u00e4lte<\/span>\n        <\/span>\n        <\/a>\n        <span class=\"mr-quote-content\">\u201eSchweigen, Verteidigung, Akteneinsicht und Antragsrechte sind tragende Garantien eines fairen Verfahrens.\u201c<\/span>\n    <\/div>\n<a class=\"mr-cta-link mr-cta-button-cal\" href=\"#h2-booking\" title=\"Premi\u00e8re consultation gratuite\"><span class=\"mr-cta-link-normal\">Choisissez d\u00e8s maintenant la date souhait\u00e9e :<\/span><span class=\"mr-cta-link-bold\">Premi\u00e8re consultation gratuite<\/span><\/a>\n\n<h2 class=\"wp-block-heading\" id=\"h-praxis-amp-verhaltenstipps\">Pratique et conseils de comportement<\/h2>\n\n<ol class=\"wp-block-list\">\n<li><strong>Garder le silence.<\/strong><br\/>Une br\u00e8ve explication suffit\u00a0: \u00ab\u00a0Je fais usage de mon droit de garder le silence et je m&rsquo;entretiens d&rsquo;abord avec mon avocat.\u00a0\u00bb Ce droit s&rsquo;applique d\u00e8s le premier interrogatoire par la police ou le minist\u00e8re public. <\/li>\n\n\n\n<li><strong>Contacter imm\u00e9diatement un avocat.<\/strong><br\/>Aucune d\u00e9claration ne doit \u00eatre faite sans avoir consult\u00e9 le dossier d&rsquo;enqu\u00eate. Ce n&rsquo;est qu&rsquo;apr\u00e8s avoir consult\u00e9 le dossier que l&rsquo;avocat peut \u00e9valuer la strat\u00e9gie et la s\u00e9curisation des preuves qui sont judicieuses. <\/li>\n\n\n\n<li><strong>S\u00e9curiser imm\u00e9diatement les preuves.<\/strong><br\/>Faire \u00e9tablir des rapports m\u00e9dicaux, des photos avec indication de la date et de l&rsquo;\u00e9chelle, le cas \u00e9ch\u00e9ant des radiographies ou des tomodensitom\u00e9tries. Conserver s\u00e9par\u00e9ment les v\u00eatements, les objets et les enregistrements num\u00e9riques. \u00c9tablir une liste de t\u00e9moins et des proc\u00e8s-verbaux de m\u00e9moire au plus tard dans les deux jours.  <\/li>\n\n\n\n<li><strong>Ne pas prendre contact avec la partie adverse.<\/strong><br\/>Vos propres messages, appels ou publications peuvent \u00eatre utilis\u00e9s comme preuves contre vous. Toute communication doit se faire exclusivement par l&rsquo;interm\u00e9diaire de l&rsquo;avocat. <\/li>\n\n\n\n<li><strong>S\u00e9curiser \u00e0 temps les enregistrements vid\u00e9o et de donn\u00e9es.<\/strong><br\/>Les vid\u00e9os de surveillance dans les transports publics, les locaux ou par les administrations immobili\u00e8res sont souvent automatiquement supprim\u00e9es apr\u00e8s quelques jours. Les demandes de s\u00e9curisation des donn\u00e9es doivent donc \u00eatre adress\u00e9es imm\u00e9diatement aux exploitants, \u00e0 la police ou au minist\u00e8re public. <\/li>\n\n\n\n<li><strong>Documenter les perquisitions et les saisies.<\/strong><br\/>En cas de perquisition ou de saisie, vous devez demander une copie de l&rsquo;ordonnance ou du proc\u00e8s-verbal. Notez la date, l&rsquo;heure, les personnes impliqu\u00e9es et tous les objets emport\u00e9s. <\/li>\n\n\n\n<li><strong>En cas d&rsquo;arrestation\u00a0: pas de d\u00e9clarations sur le fond.<\/strong><br\/>Insistez pour que votre avocat soit imm\u00e9diatement inform\u00e9. La d\u00e9tention provisoire ne peut \u00eatre ordonn\u00e9e qu&rsquo;en cas de suspicion grave et de motif de d\u00e9tention suppl\u00e9mentaire. Des mesures moins s\u00e9v\u00e8res (par exemple, promesse, obligation de se pr\u00e9senter, interdiction de contact) sont prioritaires.  <\/li>\n\n\n\n<li><strong>Pr\u00e9parer la r\u00e9paration du dommage de mani\u00e8re cibl\u00e9e.<\/strong><br\/>Les paiements ou les offres de r\u00e9paration doivent \u00eatre effectu\u00e9s et justifi\u00e9s exclusivement par l&rsquo;interm\u00e9diaire de l&rsquo;avocat. Une r\u00e9paration structur\u00e9e du dommage a un effet positif sur la diversion et la d\u00e9termination de la peine. <\/li>\n<\/ol>\n\n<h2 class=\"wp-block-heading\" id=\"h-ihre-vorteile-mit-anwaltlicher-unterstutzung\">Vos avantages gr\u00e2ce \u00e0 l\u2019assistance d\u2019un avocat<\/h2>\n\n<p class=\"wp-block-paragraph\">Une proc\u00e9dure pour <strong>enl\u00e8vement d\u2019une personne mineure<\/strong> fait partie des <strong>domaines les plus d\u00e9licats du droit p\u00e9nal autrichien<\/strong>. L\u2019infraction concerne non seulement la <strong>libert\u00e9 de l\u2019enfant<\/strong>, mais aussi le <strong>droit de garde parental<\/strong> et la <strong>protection de l\u2019int\u00e9grit\u00e9 sexuelle des mineurs<\/strong>. De nombreux cas sont juridiquement difficiles, car ils r\u00e9sultent de <strong>conflits familiaux<\/strong>, de <strong>relations de confiance<\/strong> ou de <strong>malentendus<\/strong> dans l\u2019environnement social. Il est souvent difficile de savoir s\u2019il s\u2019agit r\u00e9ellement d\u2019un acte punissable ou d\u2019une assistance malavis\u00e9e.   <\/p>\n\n<p class=\"wp-block-paragraph\">La question de savoir si un enl\u00e8vement au sens du droit p\u00e9nal est donn\u00e9 d\u00e9pend de <strong>si l\u2019enfant a \u00e9t\u00e9 emmen\u00e9 ou retenu contre ou sans la volont\u00e9 des personnes ayant le droit de l\u2019\u00e9lever<\/strong> et de <strong>quelle intention l\u2019auteur poursuivait ce faisant<\/strong>. Il est d\u00e9terminant de savoir si l\u2019enfant a \u00e9t\u00e9 <strong>soustrait \u00e0 la sph\u00e8re de protection parentale<\/strong> et a ainsi \u00e9t\u00e9 expos\u00e9 aux <strong>dangers d\u2019une exploitation<\/strong>. D\u00e9j\u00e0 de petites diff\u00e9rences dans les <strong>d\u00e9clarations, les d\u00e9roulements temporels ou les preuves de communication<\/strong> peuvent modifier consid\u00e9rablement l\u2019\u00e9valuation juridique.  <\/p>\n\n<p class=\"wp-block-paragraph\">Une <strong>repr\u00e9sentation par un avocat d\u00e8s le d\u00e9but<\/strong> est donc particuli\u00e8rement importante. Elle veille \u00e0 ce que les <strong>preuves soient correctement recueillies<\/strong>, les <strong>t\u00e9moignages v\u00e9rifi\u00e9s<\/strong> et les <strong>intentions pr\u00e9sent\u00e9es de mani\u00e8re objective<\/strong>. Ce n\u2019est qu\u2019ainsi qu\u2019il est possible de clarifier s\u2019il s\u2019agit d\u2019un comportement punissable ou d\u2019un <strong>malentendu au sein de relations familiales ou sociales<\/strong>.  <\/p>\n\n<p class=\"wp-block-paragraph\"><strong>Notre cabinet<\/strong><\/p>\n\n<ul class=\"wp-block-list\">\n<li>v\u00e9rifie s\u2019il y a effectivement un enl\u00e8vement punissable ou si l\u2019acte est explicable par une <strong>erreur, un consentement ou des circonstances justificatives<\/strong>\u00a0,<\/li>\n\n\n\n<li>analyse les <strong>t\u00e9moignages, les d\u00e9roulements de communication et les preuves num\u00e9riques<\/strong> quant aux contradictions et \u00e0 la plausibilit\u00e9\u00a0,<\/li>\n\n\n\n<li>vous accompagne <strong>tout au long de la proc\u00e9dure d&rsquo;enqu\u00eate et de la proc\u00e9dure judiciaire<\/strong>,<\/li>\n\n\n\n<li>d\u00e9veloppe une <strong>strat\u00e9gie de d\u00e9fense<\/strong> qui pr\u00e9sente votre intention d\u2019agir de mani\u00e8re claire et compr\u00e9hensible\u00a0,<\/li>\n\n\n\n<li>et d\u00e9fend vos <strong>droits de mani\u00e8re cons\u00e9quente face \u00e0 la police, au minist\u00e8re public et au tribunal<\/strong>.<\/li>\n<\/ul>\n\n<p class=\"wp-block-paragraph\">Une <strong>d\u00e9fense p\u00e9nale structur\u00e9e et fond\u00e9e sur des faits<\/strong> garantit que votre comportement est <strong>correctement class\u00e9 sur le plan juridique<\/strong> et que la proc\u00e9dure se d\u00e9roule de mani\u00e8re <strong>\u00e9quitable, objective et sans pr\u00e9jug\u00e9<\/strong>. Vous b\u00e9n\u00e9ficiez ainsi d\u2019une <strong>repr\u00e9sentation claire et \u00e9quilibr\u00e9e<\/strong>, qui vise une <strong>solution juste et compr\u00e9hensible<\/strong>. <\/p>\n    <div class=\"mr-quote mrbg clearfix\">\n        <a class=\"mr-quote-person\" href=\"\/ueber-uns\/rechtsanwalt-peter-harlander\/\" title=\"Rechtsanwalt Peter Harlander\">\n            <img decoding=\"async\" class=\"mr-quote-person-img\" src=\"https:\/\/harlander-partner.eu\/wp-content\/themes\/harlander\/design\/ph100.webp\" width=\"100\"\n                 height=\"100\" loading=\"lazy\" alt=\"Rechtsanwalt Peter Harlander\">\n            <span class=\"mr-quote-person-text\">\n            Peter Harlander<br>\n            <span class=\"mr-quote-person-function\">Harlander &amp; Partner Rechtsanw\u00e4lte<\/span>\n        <\/span>\n        <\/a>\n        <span class=\"mr-quote-content\">\u201eMachen Sie <strong>keine inhaltlichen Aussagen ohne vorherige R\u00fccksprache mit Ihrer Verteidigung<\/strong>. Sie haben jederzeit das Recht zu schweigen und eine Anw\u00e4ltin oder einen Anwalt beizuziehen. Dieses Recht gilt bereits bei der ersten polizeilichen Kontaktaufnahme. Erst nach <strong>Akteneinsicht<\/strong> l\u00e4sst sich kl\u00e4ren, ob und welche Einlassung sinnvoll ist.\u201c<\/span>\n    <\/div>\n<a class=\"mr-cta-link mr-cta-button-cal\" href=\"#h2-booking\" title=\"Premi\u00e8re consultation gratuite\"><span class=\"mr-cta-link-normal\">Choisissez d\u00e8s maintenant la date souhait\u00e9e :<\/span><span class=\"mr-cta-link-bold\">Premi\u00e8re consultation gratuite<\/span><\/a>\n\n<h2 class=\"wp-block-heading\" id=\"h-faq-haufig-gestellte-fragen\">FAQ \u2013 Questions fr\u00e9quemment pos\u00e9es<\/h2>\n<div class=\"wp-block-uagb-faq uagb-faq__outer-wrap uagb-block-FAQ-Entfuehrung-unmuendiger-Person uagb-faq-icon-row uagb-faq-layout-accordion uagb-faq-expand-first-true uagb-faq-inactive-other-true uagb-faq__wrap uagb-buttons-layout-wrap uagb-faq-equal-height     \" data-faqtoggle=\"true\" role=\"tablist\"><script type=\"application\/ld+json\">{\"@context\":\"https:\\\/\\\/schema.org\",\"@type\":\"FAQPage\",\"@id\":\"https:\\\/\\\/harlander-partner.eu\\\/fr\\\/droit-penal\\\/enlevement-dune-personne-mineure\\\/\",\"mainEntity\":[{\"@type\":\"Question\",\"name\":\"Qu'entend la loi par enl\\u00e8vement d'une personne mineure&nbsp;?\",\"acceptedAnswer\":{\"@type\":\"Answer\",\"text\":\"Il y a enl\\u00e8vement lorsqu'un enfant de moins de 14 ans est emmen\\u00e9 ou retenu contre ou sans la volont\\u00e9 des personnes exer\\u00e7ant l'autorit\\u00e9 parentale, afin de l'exploiter sexuellement ou de le confier \\u00e0 un tiers \\u00e0 des fins d'abus. Il est d\\u00e9terminant que l'enfant soit soustrait \\u00e0 la sph\\u00e8re de protection des parents. \"}},{\"@type\":\"Question\",\"name\":\"Quelle est la peine encourue en cas d'enl\\u00e8vement d'un enfant&nbsp;?\",\"acceptedAnswer\":{\"@type\":\"Answer\",\"text\":\"Le tribunal peut prononcer une peine de prison de six mois \\u00e0 cinq ans. \"}},{\"@type\":\"Question\",\"name\":\"Un enl\\u00e8vement est-il \\u00e9galement punissable si l'enfant suit volontairement&nbsp;?\",\"acceptedAnswer\":{\"@type\":\"Answer\",\"text\":\"Oui. Le consentement de l'enfant est juridiquement sans importance, car les personnes mineures ne peuvent pas prendre leurs d\\u00e9cisions de mani\\u00e8re autonome. M\\u00eame si l'enfant suit volontairement, il y a enl\\u00e8vement si la volont\\u00e9 des parents ou des personnes ayant la garde n'est pas pr\\u00e9sente.  \"}},{\"@type\":\"Question\",\"name\":\"Quand parle-t-on de tentative d'enl\\u00e8vement&nbsp;?\",\"acceptedAnswer\":{\"@type\":\"Answer\",\"text\":\"Il y a d\\u00e9j\\u00e0 tentative lorsque l'auteur commence \\u00e0 soustraire l'enfant \\u00e0 la sph\\u00e8re de protection des parents, mais que l'acte n'est pas achev\\u00e9. M\\u00eame les actes pr\\u00e9paratoires qui visent clairement un enl\\u00e8vement peuvent \\u00eatre punissables. \"}},{\"@type\":\"Question\",\"name\":\"Un enl\\u00e8vement peut-il r\\u00e9sulter d'un malentendu&nbsp;?\",\"acceptedAnswer\":{\"@type\":\"Answer\",\"text\":\"Oui, dans certains cas, un malentendu peut exister, par exemple lorsque quelqu'un croit agir sur ordre des parents ou devoir mettre l'enfant en s\\u00e9curit\\u00e9. Dans de tels cas, le tribunal v\\u00e9rifie s'il y avait effectivement intention et intention d'exploitation. \"}},{\"@type\":\"Question\",\"name\":\"Quel r\\u00f4le joue l'intention de l'auteur&nbsp;?\",\"acceptedAnswer\":{\"@type\":\"Answer\",\"text\":\"L'intention est centrale. Seul celui qui enl\\u00e8ve l'enfant pour l'exploiter sexuellement lui-m\\u00eame ou par l'interm\\u00e9diaire d'autres personnes est punissable. Si cette intention fait d\\u00e9faut et que l'action sert un autre but, il n'y a pas d'enl\\u00e8vement au sens du \\u00a7&nbsp;101 StGB, mais tout au plus une autre infraction.  \"}},{\"@type\":\"Question\",\"name\":\"Pourquoi est-il conseill\\u00e9 de faire appel imm\\u00e9diatement \\u00e0 un avocat lors d'une enqu\\u00eate&nbsp;?\",\"acceptedAnswer\":{\"@type\":\"Answer\",\"text\":\"M\\u00eame de petites impr\\u00e9cisions dans les d\\u00e9clarations ou les preuves peuvent fortement influencer l'appr\\u00e9ciation juridique. Une d\\u00e9fense exp\\u00e9riment\\u00e9e prot\\u00e8ge contre les erreurs d'interpr\\u00e9tation, v\\u00e9rifie les preuves et veille \\u00e0 ce que vos droits soient respect\\u00e9s tout au long de la proc\\u00e9dure. \"}}]}<\/script><div class=\"wp-block-uagb-faq-child uagb-faq-child__outer-wrap uagb-faq-item uagb-block-Entfuehrung-unmuendiger-Person-Q1 \" role=\"tab\" tabindex=\"0\"><div class=\"uagb-faq-questions-button uagb-faq-questions\">\t\t\t<span class=\"uagb-icon uagb-faq-icon-wrap\">\n\t\t\t\t\t\t\t\t<svg xmlns=\"https:\/\/www.w3.org\/2000\/svg\" viewBox= \"0 0 448 512\"><path d=\"M432 256c0 17.69-14.33 32.01-32 32.01H256v144c0 17.69-14.33 31.99-32 31.99s-32-14.3-32-31.99v-144H48c-17.67 0-32-14.32-32-32.01s14.33-31.99 32-31.99H192v-144c0-17.69 14.33-32.01 32-32.01s32 14.32 32 32.01v144h144C417.7 224 432 238.3 432 256z\"><\/path><\/svg>\n\t\t\t\t\t\t\t<\/span>\n\t\t\t\t\t\t<span class=\"uagb-icon-active uagb-faq-icon-wrap\">\n\t\t\t\t\t\t\t\t<svg xmlns=\"https:\/\/www.w3.org\/2000\/svg\" viewBox= \"0 0 448 512\"><path d=\"M400 288h-352c-17.69 0-32-14.32-32-32.01s14.31-31.99 32-31.99h352c17.69 0 32 14.3 32 31.99S417.7 288 400 288z\"><\/path><\/svg>\n\t\t\t\t\t\t\t<\/span>\n\t\t\t<span class=\"uagb-question\">Qu&rsquo;entend la loi par enl\u00e8vement d&rsquo;une personne mineure&nbsp;?<\/span><\/div><div class=\"uagb-faq-content\"><p>Il y a enl\u00e8vement lorsqu&rsquo;un enfant de moins de 14 ans est emmen\u00e9 ou retenu contre ou sans la volont\u00e9 des personnes exer\u00e7ant l&rsquo;autorit\u00e9 parentale, afin de l&rsquo;exploiter sexuellement ou de le confier \u00e0 un tiers \u00e0 des fins d&rsquo;abus. Il est d\u00e9terminant que l&rsquo;enfant soit soustrait \u00e0 la sph\u00e8re de protection des parents. <\/p><\/div><\/div><div class=\"wp-block-uagb-faq-child uagb-faq-child__outer-wrap uagb-faq-item uagb-block-Entfuehrung-unmuendiger-Person-Q2 \" role=\"tab\" tabindex=\"0\"><div class=\"uagb-faq-questions-button uagb-faq-questions\">\t\t\t<span class=\"uagb-icon uagb-faq-icon-wrap\">\n\t\t\t\t\t\t\t\t<svg xmlns=\"https:\/\/www.w3.org\/2000\/svg\" viewBox= \"0 0 448 512\"><path d=\"M432 256c0 17.69-14.33 32.01-32 32.01H256v144c0 17.69-14.33 31.99-32 31.99s-32-14.3-32-31.99v-144H48c-17.67 0-32-14.32-32-32.01s14.33-31.99 32-31.99H192v-144c0-17.69 14.33-32.01 32-32.01s32 14.32 32 32.01v144h144C417.7 224 432 238.3 432 256z\"><\/path><\/svg>\n\t\t\t\t\t\t\t<\/span>\n\t\t\t\t\t\t<span class=\"uagb-icon-active uagb-faq-icon-wrap\">\n\t\t\t\t\t\t\t\t<svg xmlns=\"https:\/\/www.w3.org\/2000\/svg\" viewBox= \"0 0 448 512\"><path d=\"M400 288h-352c-17.69 0-32-14.32-32-32.01s14.31-31.99 32-31.99h352c17.69 0 32 14.3 32 31.99S417.7 288 400 288z\"><\/path><\/svg>\n\t\t\t\t\t\t\t<\/span>\n\t\t\t<span class=\"uagb-question\">Quelle est la peine encourue en cas d&rsquo;enl\u00e8vement d&rsquo;un enfant&nbsp;?<\/span><\/div><div class=\"uagb-faq-content\"><p>Le tribunal peut prononcer une peine de prison de six mois \u00e0 cinq ans. <\/p><\/div><\/div><div class=\"wp-block-uagb-faq-child uagb-faq-child__outer-wrap uagb-faq-item uagb-block-Entfuehrung-unmuendiger-Person-Q3 \" role=\"tab\" tabindex=\"0\"><div class=\"uagb-faq-questions-button uagb-faq-questions\">\t\t\t<span class=\"uagb-icon uagb-faq-icon-wrap\">\n\t\t\t\t\t\t\t\t<svg xmlns=\"https:\/\/www.w3.org\/2000\/svg\" viewBox= \"0 0 448 512\"><path d=\"M432 256c0 17.69-14.33 32.01-32 32.01H256v144c0 17.69-14.33 31.99-32 31.99s-32-14.3-32-31.99v-144H48c-17.67 0-32-14.32-32-32.01s14.33-31.99 32-31.99H192v-144c0-17.69 14.33-32.01 32-32.01s32 14.32 32 32.01v144h144C417.7 224 432 238.3 432 256z\"><\/path><\/svg>\n\t\t\t\t\t\t\t<\/span>\n\t\t\t\t\t\t<span class=\"uagb-icon-active uagb-faq-icon-wrap\">\n\t\t\t\t\t\t\t\t<svg xmlns=\"https:\/\/www.w3.org\/2000\/svg\" viewBox= \"0 0 448 512\"><path d=\"M400 288h-352c-17.69 0-32-14.32-32-32.01s14.31-31.99 32-31.99h352c17.69 0 32 14.3 32 31.99S417.7 288 400 288z\"><\/path><\/svg>\n\t\t\t\t\t\t\t<\/span>\n\t\t\t<span class=\"uagb-question\">Un enl\u00e8vement est-il \u00e9galement punissable si l&rsquo;enfant suit volontairement&nbsp;?<\/span><\/div><div class=\"uagb-faq-content\"><p>Oui. Le consentement de l&rsquo;enfant est juridiquement sans importance, car les personnes mineures ne peuvent pas prendre leurs d\u00e9cisions de mani\u00e8re autonome. M\u00eame si l&rsquo;enfant suit volontairement, il y a enl\u00e8vement si la volont\u00e9 des parents ou des personnes ayant la garde n&rsquo;est pas pr\u00e9sente.  <\/p><\/div><\/div><div class=\"wp-block-uagb-faq-child uagb-faq-child__outer-wrap uagb-faq-item uagb-block-Entfuehrung-unmuendiger-Person-Q4 \" role=\"tab\" tabindex=\"0\"><div class=\"uagb-faq-questions-button uagb-faq-questions\">\t\t\t<span class=\"uagb-icon uagb-faq-icon-wrap\">\n\t\t\t\t\t\t\t\t<svg xmlns=\"https:\/\/www.w3.org\/2000\/svg\" viewBox= \"0 0 448 512\"><path d=\"M432 256c0 17.69-14.33 32.01-32 32.01H256v144c0 17.69-14.33 31.99-32 31.99s-32-14.3-32-31.99v-144H48c-17.67 0-32-14.32-32-32.01s14.33-31.99 32-31.99H192v-144c0-17.69 14.33-32.01 32-32.01s32 14.32 32 32.01v144h144C417.7 224 432 238.3 432 256z\"><\/path><\/svg>\n\t\t\t\t\t\t\t<\/span>\n\t\t\t\t\t\t<span class=\"uagb-icon-active uagb-faq-icon-wrap\">\n\t\t\t\t\t\t\t\t<svg xmlns=\"https:\/\/www.w3.org\/2000\/svg\" viewBox= \"0 0 448 512\"><path d=\"M400 288h-352c-17.69 0-32-14.32-32-32.01s14.31-31.99 32-31.99h352c17.69 0 32 14.3 32 31.99S417.7 288 400 288z\"><\/path><\/svg>\n\t\t\t\t\t\t\t<\/span>\n\t\t\t<span class=\"uagb-question\">Quand parle-t-on de tentative d&rsquo;enl\u00e8vement&nbsp;?<\/span><\/div><div class=\"uagb-faq-content\"><p>Il y a d\u00e9j\u00e0 tentative lorsque l&rsquo;auteur commence \u00e0 soustraire l&rsquo;enfant \u00e0 la sph\u00e8re de protection des parents, mais que l&rsquo;acte n&rsquo;est pas achev\u00e9. M\u00eame les actes pr\u00e9paratoires qui visent clairement un enl\u00e8vement peuvent \u00eatre punissables. <\/p><\/div><\/div><div class=\"wp-block-uagb-faq-child uagb-faq-child__outer-wrap uagb-faq-item uagb-block-Entfuehrung-unmuendiger-Person-Q5 \" role=\"tab\" tabindex=\"0\"><div class=\"uagb-faq-questions-button uagb-faq-questions\">\t\t\t<span class=\"uagb-icon uagb-faq-icon-wrap\">\n\t\t\t\t\t\t\t\t<svg xmlns=\"https:\/\/www.w3.org\/2000\/svg\" viewBox= \"0 0 448 512\"><path d=\"M432 256c0 17.69-14.33 32.01-32 32.01H256v144c0 17.69-14.33 31.99-32 31.99s-32-14.3-32-31.99v-144H48c-17.67 0-32-14.32-32-32.01s14.33-31.99 32-31.99H192v-144c0-17.69 14.33-32.01 32-32.01s32 14.32 32 32.01v144h144C417.7 224 432 238.3 432 256z\"><\/path><\/svg>\n\t\t\t\t\t\t\t<\/span>\n\t\t\t\t\t\t<span class=\"uagb-icon-active uagb-faq-icon-wrap\">\n\t\t\t\t\t\t\t\t<svg xmlns=\"https:\/\/www.w3.org\/2000\/svg\" viewBox= \"0 0 448 512\"><path d=\"M400 288h-352c-17.69 0-32-14.32-32-32.01s14.31-31.99 32-31.99h352c17.69 0 32 14.3 32 31.99S417.7 288 400 288z\"><\/path><\/svg>\n\t\t\t\t\t\t\t<\/span>\n\t\t\t<span class=\"uagb-question\">Un enl\u00e8vement peut-il r\u00e9sulter d&rsquo;un malentendu&nbsp;?<\/span><\/div><div class=\"uagb-faq-content\"><p>Oui, dans certains cas, un malentendu peut exister, par exemple lorsque quelqu&rsquo;un croit agir sur ordre des parents ou devoir mettre l&rsquo;enfant en s\u00e9curit\u00e9. Dans de tels cas, le tribunal v\u00e9rifie s&rsquo;il y avait effectivement intention et intention d&rsquo;exploitation. <\/p><\/div><\/div><div class=\"wp-block-uagb-faq-child uagb-faq-child__outer-wrap uagb-faq-item uagb-block-Entfuehrung-unmuendiger-Person-Q6 \" role=\"tab\" tabindex=\"0\"><div class=\"uagb-faq-questions-button uagb-faq-questions\">\t\t\t<span class=\"uagb-icon uagb-faq-icon-wrap\">\n\t\t\t\t\t\t\t\t<svg xmlns=\"https:\/\/www.w3.org\/2000\/svg\" viewBox= \"0 0 448 512\"><path d=\"M432 256c0 17.69-14.33 32.01-32 32.01H256v144c0 17.69-14.33 31.99-32 31.99s-32-14.3-32-31.99v-144H48c-17.67 0-32-14.32-32-32.01s14.33-31.99 32-31.99H192v-144c0-17.69 14.33-32.01 32-32.01s32 14.32 32 32.01v144h144C417.7 224 432 238.3 432 256z\"><\/path><\/svg>\n\t\t\t\t\t\t\t<\/span>\n\t\t\t\t\t\t<span class=\"uagb-icon-active uagb-faq-icon-wrap\">\n\t\t\t\t\t\t\t\t<svg xmlns=\"https:\/\/www.w3.org\/2000\/svg\" viewBox= \"0 0 448 512\"><path d=\"M400 288h-352c-17.69 0-32-14.32-32-32.01s14.31-31.99 32-31.99h352c17.69 0 32 14.3 32 31.99S417.7 288 400 288z\"><\/path><\/svg>\n\t\t\t\t\t\t\t<\/span>\n\t\t\t<span class=\"uagb-question\">Quel r\u00f4le joue l&rsquo;intention de l&rsquo;auteur&nbsp;?<\/span><\/div><div class=\"uagb-faq-content\"><p>L&rsquo;intention est centrale. Seul celui qui enl\u00e8ve l&rsquo;enfant pour l&rsquo;exploiter sexuellement lui-m\u00eame ou par l&rsquo;interm\u00e9diaire d&rsquo;autres personnes est punissable. Si cette intention fait d\u00e9faut et que l&rsquo;action sert un autre but, il n&rsquo;y a pas d&rsquo;enl\u00e8vement au sens du \u00a7&nbsp;101 StGB, mais tout au plus une autre infraction.  <\/p><\/div><\/div><div class=\"wp-block-uagb-faq-child uagb-faq-child__outer-wrap uagb-faq-item uagb-block-Entfuehrung-unmuendiger-Person-Q7 \" role=\"tab\" tabindex=\"0\"><div class=\"uagb-faq-questions-button uagb-faq-questions\">\t\t\t<span class=\"uagb-icon uagb-faq-icon-wrap\">\n\t\t\t\t\t\t\t\t<svg xmlns=\"https:\/\/www.w3.org\/2000\/svg\" viewBox= \"0 0 448 512\"><path d=\"M432 256c0 17.69-14.33 32.01-32 32.01H256v144c0 17.69-14.33 31.99-32 31.99s-32-14.3-32-31.99v-144H48c-17.67 0-32-14.32-32-32.01s14.33-31.99 32-31.99H192v-144c0-17.69 14.33-32.01 32-32.01s32 14.32 32 32.01v144h144C417.7 224 432 238.3 432 256z\"><\/path><\/svg>\n\t\t\t\t\t\t\t<\/span>\n\t\t\t\t\t\t<span class=\"uagb-icon-active uagb-faq-icon-wrap\">\n\t\t\t\t\t\t\t\t<svg xmlns=\"https:\/\/www.w3.org\/2000\/svg\" viewBox= \"0 0 448 512\"><path d=\"M400 288h-352c-17.69 0-32-14.32-32-32.01s14.31-31.99 32-31.99h352c17.69 0 32 14.3 32 31.99S417.7 288 400 288z\"><\/path><\/svg>\n\t\t\t\t\t\t\t<\/span>\n\t\t\t<span class=\"uagb-question\">Pourquoi est-il conseill\u00e9 de faire appel imm\u00e9diatement \u00e0 un avocat lors d&rsquo;une enqu\u00eate&nbsp;?<\/span><\/div><div class=\"uagb-faq-content\"><p>M\u00eame de petites impr\u00e9cisions dans les d\u00e9clarations ou les preuves peuvent fortement influencer l&rsquo;appr\u00e9ciation juridique. Une d\u00e9fense exp\u00e9riment\u00e9e prot\u00e8ge contre les erreurs d&rsquo;interpr\u00e9tation, v\u00e9rifie les preuves et veille \u00e0 ce que vos droits soient respect\u00e9s tout au long de la proc\u00e9dure. <\/p><\/div><\/div><\/div><a class=\"mr-cta-link mr-cta-button-cal\" href=\"#h2-booking\" title=\"Premi\u00e8re consultation gratuite\"><span class=\"mr-cta-link-normal\">Choisissez d\u00e8s maintenant la date souhait\u00e9e :<\/span><span class=\"mr-cta-link-bold\">Premi\u00e8re consultation gratuite<\/span><\/a>\n\n<p class=\"wp-block-paragraph\"><\/p>\n","protected":false},"excerpt":{"rendered":"Enl\u00e8vement d&rsquo;une personne mineure L&rsquo;enl\u00e8vement d&rsquo;une personne mineure, conform\u00e9ment \u00e0 l&rsquo;article\u00a0101 du Code p\u00e9nal, constitue un crime grave contre la libert\u00e9 personnelle et l&rsquo;int\u00e9grit\u00e9 sexuelle des mineurs. Il englobe le &#8230;","protected":false},"author":25,"featured_media":33323,"parent":40712,"menu_order":5,"comment_status":"closed","ping_status":"closed","template":"","meta":{"_acf_changed":false,"_uag_custom_page_level_css":"","footnotes":""},"categories":[573],"tags":[],"class_list":["post-33321","page","type-page","status-publish","has-post-thumbnail","hentry","category-droit-penal"],"acf":[],"uagb_featured_image_src":{"full":["https:\/\/harlander-partner.eu\/wp-content\/uploads\/\u00a7101-Entfuehrung-einer-unmuendigen-Person.webp",1920,1080,false],"thumbnail":["https:\/\/harlander-partner.eu\/wp-content\/uploads\/\u00a7101-Entfuehrung-einer-unmuendigen-Person-100x100.webp",100,100,true],"medium":["https:\/\/harlander-partner.eu\/wp-content\/uploads\/\u00a7101-Entfuehrung-einer-unmuendigen-Person-800x450.webp",800,450,true],"medium_large":["https:\/\/harlander-partner.eu\/wp-content\/uploads\/\u00a7101-Entfuehrung-einer-unmuendigen-Person.webp",1920,1080,false],"large":["https:\/\/harlander-partner.eu\/wp-content\/uploads\/\u00a7101-Entfuehrung-einer-unmuendigen-Person.webp",1920,1080,false],"1536x1536":["https:\/\/harlander-partner.eu\/wp-content\/uploads\/\u00a7101-Entfuehrung-einer-unmuendigen-Person.webp",1536,864,false],"2048x2048":["https:\/\/harlander-partner.eu\/wp-content\/uploads\/\u00a7101-Entfuehrung-einer-unmuendigen-Person.webp",1920,1080,false],"336x":["https:\/\/harlander-partner.eu\/wp-content\/uploads\/\u00a7101-Entfuehrung-einer-unmuendigen-Person-336x189.webp",336,189,true],"352x":["https:\/\/harlander-partner.eu\/wp-content\/uploads\/\u00a7101-Entfuehrung-einer-unmuendigen-Person-352x198.webp",352,198,true],"woocommerce_thumbnail":["https:\/\/harlander-partner.eu\/wp-content\/uploads\/\u00a7101-Entfuehrung-einer-unmuendigen-Person-300x300.webp",300,300,true],"woocommerce_single":["https:\/\/harlander-partner.eu\/wp-content\/uploads\/\u00a7101-Entfuehrung-einer-unmuendigen-Person-600x338.webp",600,338,true],"woocommerce_gallery_thumbnail":["https:\/\/harlander-partner.eu\/wp-content\/uploads\/\u00a7101-Entfuehrung-einer-unmuendigen-Person-100x100.webp",100,100,true],"yarpp-thumbnail":["https:\/\/harlander-partner.eu\/wp-content\/uploads\/\u00a7101-Entfuehrung-einer-unmuendigen-Person-120x120.webp",120,120,true]},"uagb_author_info":{"display_name":"Simon Prem","author_link":"https:\/\/harlander-partner.eu\/fr\/author\/simon-prem\/"},"uagb_comment_info":0,"uagb_excerpt":"Enl\u00e8vement d&rsquo;une personne mineure L&rsquo;enl\u00e8vement d&rsquo;une personne mineure, conform\u00e9ment \u00e0 l&rsquo;article\u00a0101 du Code p\u00e9nal, constitue un crime grave contre la libert\u00e9 personnelle et l&rsquo;int\u00e9grit\u00e9 sexuelle des mineurs. Il englobe le ...","_links":{"self":[{"href":"https:\/\/harlander-partner.eu\/fr\/wp-json\/wp\/v2\/pages\/33321","targetHints":{"allow":["GET"]}}],"collection":[{"href":"https:\/\/harlander-partner.eu\/fr\/wp-json\/wp\/v2\/pages"}],"about":[{"href":"https:\/\/harlander-partner.eu\/fr\/wp-json\/wp\/v2\/types\/page"}],"author":[{"embeddable":true,"href":"https:\/\/harlander-partner.eu\/fr\/wp-json\/wp\/v2\/users\/25"}],"replies":[{"embeddable":true,"href":"https:\/\/harlander-partner.eu\/fr\/wp-json\/wp\/v2\/comments?post=33321"}],"version-history":[{"count":0,"href":"https:\/\/harlander-partner.eu\/fr\/wp-json\/wp\/v2\/pages\/33321\/revisions"}],"up":[{"embeddable":true,"href":"https:\/\/harlander-partner.eu\/fr\/wp-json\/wp\/v2\/pages\/40712"}],"wp:featuredmedia":[{"embeddable":true,"href":"https:\/\/harlander-partner.eu\/fr\/wp-json\/wp\/v2\/media\/33323"}],"wp:attachment":[{"href":"https:\/\/harlander-partner.eu\/fr\/wp-json\/wp\/v2\/media?parent=33321"}],"wp:term":[{"taxonomy":"category","embeddable":true,"href":"https:\/\/harlander-partner.eu\/fr\/wp-json\/wp\/v2\/categories?post=33321"},{"taxonomy":"post_tag","embeddable":true,"href":"https:\/\/harlander-partner.eu\/fr\/wp-json\/wp\/v2\/tags?post=33321"}],"curies":[{"name":"wp","href":"https:\/\/api.w.org\/{rel}","templated":true}]}}