{"id":140923,"date":"2026-04-10T16:54:02","date_gmt":"2026-04-10T14:54:02","guid":{"rendered":"https:\/\/harlander-partner.eu\/?page_id=140923"},"modified":"2026-04-11T10:02:17","modified_gmt":"2026-04-11T08:02:17","slug":"allianz-oikeusturvavakuutuksen-12","status":"publish","type":"page","link":"https:\/\/harlander-partner.eu\/fi\/oikeusturvavakuutukset\/allianz-oikeusturvavakuutuksen-12\/","title":{"rendered":"Provinzial oikeusturvavakuutus"},"content":{"rendered":"\n<h2 class=\"wp-block-heading\" id=\"h-provinzial-rechtsschutzversicherung\">Provinzial oikeusturvavakuutus<\/h2>\n\n<p class=\"wp-block-paragraph\">Harlander &amp; Partner Rechtsanw\u00e4lte GmbH palvelee <strong>koko It\u00e4vallassa<\/strong> <strong>Provinzialin oikeusturvavakuutuksen<\/strong> vakuutuksenottajia.<\/p>\n\n<p class=\"wp-block-paragraph\">Ty\u00f6skentelemme mielell\u00e4mme Provinzialin asiakkaiden kanssa ja hoidamme <strong>kattavuuskyselyist\u00e4<\/strong> <strong>kustannusten korvaamiseen<\/strong> asti <strong>koko prosessin<\/strong>.<\/p>\n    <div class=\"mr-quote mrbg clearfix\">\n        <a class=\"mr-quote-person\" href=\"\/ueber-uns\/rechtsanwalt-peter-harlander\/\" title=\"Rechtsanwalt Peter Harlander\">\n            <img decoding=\"async\" class=\"mr-quote-person-img\" src=\"https:\/\/harlander-partner.eu\/wp-content\/themes\/harlander\/design\/ph100.webp\" width=\"100\"\n                 height=\"100\" loading=\"lazy\" alt=\"Rechtsanwalt Peter Harlander\">\n            <span class=\"mr-quote-person-text\">\n            Peter Harlander<br>\n            <span class=\"mr-quote-person-function\">Harlander &amp; Partner Rechtsanw\u00e4lte<\/span>\n        <\/span>\n        <\/a>\n        <span class=\"mr-quote-content\">\u201eLis\u00e4palveluna tarjoamme kaikille Provinzialin oikeusturvavakuutetuille <strong>maksuttoman asianajajan ensikonsultaation<\/strong> <a href=\"https:\/\/harlander-partner.eu\/fi\/erikoisalueet\/\" id=\"16147\">erikoisaloiltamme<\/a>.<br><br>N\u00e4in oikeusturvavakuutetut Provinzial-asiakkaat saavat koko It\u00e4vallassa <strong>nopeasti ja sitoumuksetta ensiarvion<\/strong> oikeudellisesta asiastaan.\u201c<\/span>\n    <\/div>\n<a class=\"mr-cta-link mr-cta-button-cal\" href=\"#h2-booking\" title=\"Ilmainen ensikonsultaatio\"><span class=\"mr-cta-link-normal\">Valitse nyt toivottu ajankohta:<\/span><span class=\"mr-cta-link-bold\">Ilmainen ensikonsultaatio<\/span><\/a>\n\n<h2 class=\"wp-block-heading\" id=\"h-abrechnung-uber-die-provinzial-rechtsschutzversicherung\">Laskutus Provinzial oikeusturvavakuutuksen kautta<\/h2>\n\n<p class=\"wp-block-paragraph\">Jos oikeusturvavakuutus on Provinzialin kautta, Provinzial kattaa <strong>oikeudellisten riitojen kustannukset<\/strong>. T\u00e4m\u00e4 sis\u00e4lt\u00e4\u00e4 vakuutussopimuksesta riippuen omat ja vastapuolen <strong>asianajajapalkkiot<\/strong>, <strong>oikeudenk\u00e4yntimaksut<\/strong>, <strong>asiantuntijapalkkiot<\/strong>, <strong>todistajapalkkiot<\/strong> ja mahdolliset muut menettelykustannukset. <\/p>\n\n<p class=\"wp-block-paragraph\">Harlander &amp; Partner Rechtsanw\u00e4lte GmbH laskuttaa Provinzialin <strong>oikeusturvavakuutuksen<\/strong> kattamat <strong>kustannukset suoraan oikeusturvavakuutuksen kanssa<\/strong>.<\/p>\n<a class=\"mr-cta-link mr-cta-button-cal\" href=\"#h2-booking\" title=\"Ilmainen ensikonsultaatio\"><span class=\"mr-cta-link-normal\">Valitse nyt toivottu ajankohta:<\/span><span class=\"mr-cta-link-bold\">Ilmainen ensikonsultaatio<\/span><\/a>\n\n<h2 class=\"wp-block-heading\" id=\"h-osterreichweite-vertretung-von-provinzial-versicherten\">Provinzial-vakuutettujen edustus koko It\u00e4vallassa<\/h2>\n\n<p class=\"wp-block-paragraph\">Provinzialin vakuutuksenottajia edustavat asianajajamme <strong>koko It\u00e4vallassa<\/strong> kaikissa tuomioistuimissa ja viranomaisissa.<\/p>\n    <div class=\"mr-quote mrbg clearfix\">\n        <a class=\"mr-quote-person\" href=\"\/ueber-uns\/rechtsanwalt-sebastian-riedlmair\/\" title=\"Rechtsanwalt Sebastian Riedlmair\">\n            <img decoding=\"async\" class=\"mr-quote-person-img\" src=\"https:\/\/harlander-partner.eu\/wp-content\/themes\/harlander\/design\/sr100.webp\" width=\"100\"\n                 height=\"100\" loading=\"lazy\" alt=\"Rechtsanwalt Sebastian Riedlmair\">\n            <span class=\"mr-quote-person-text\">\n            Sebastian Riedlmair<br>\n            <span class=\"mr-quote-person-function\">Harlander &amp; Partner Rechtsanw\u00e4lte<\/span>\n        <\/span>\n        <\/a>\n        <span class=\"mr-quote-content\">\u201eN\u00e4in Provinzial-oikeusturvavakuutuksesi ansiosta voit turvautua <strong>suuren asianajotoimiston<\/strong> ja <strong>erikoistuneiden asianajajien<\/strong> asiantuntemukseen my\u00f6s syrj\u00e4isill\u00e4 tuomioistuimilla ja viranomaisissa.\u201c<\/span>\n    <\/div>\n<a class=\"mr-cta-link mr-cta-button-cal\" href=\"#h2-booking\" title=\"Ilmainen ensikonsultaatio\"><span class=\"mr-cta-link-normal\">Valitse nyt toivottu ajankohta:<\/span><span class=\"mr-cta-link-bold\">Ilmainen ensikonsultaatio<\/span><\/a>\n\n<h2 class=\"wp-block-heading\" id=\"h-ablauf-bei-einer-provinzial-rechtsschutzversicherung\">Provinzial oikeusturvavakuutuksen prosessi<\/h2>\n\n<h3 class=\"wp-block-heading\" id=\"h-kostenloses-erstgesprach\">Maksuton ensikonsultaatio<\/h3>\n\n<p class=\"wp-block-paragraph\">Ensimm\u00e4inen askel oikeudellisen asian k\u00e4sittelyss\u00e4 Provinzial oikeusturvavakuutuksen kanssa on ilmainen ja sitoumukseton ensikonsultaatio. T\u00e4m\u00e4 tapahtuu k\u00e4tev\u00e4sti <strong>videoneuvottelun<\/strong> tai <strong>puhelimen<\/strong> kautta. N\u00e4in Provinzial-vakuutetut voivat aina <strong>keskustella asiantuntijan kanssa lyhyell\u00e4 varoitusajalla<\/strong>.  <\/p>\n\n<p class=\"wp-block-paragraph\">Provinzial-vakuutuksenottajien ensikonsultaation yhteydess\u00e4 selvit\u00e4mme, voimmeko <strong>ottaa oikeudellisen asian hoidettavaksemme<\/strong>. Asianajajillamme on laaja valikoima erikoistumisia. Joissakin tapauksissa emme kuitenkaan voi auttaa. N\u00e4iss\u00e4 tapauksissa suosittelemme mielell\u00e4mme toista asiantuntijaa.   <\/p>\n\n<h3 class=\"wp-block-heading\" id=\"h-vollmacht\">Valtakirja<\/h3>\n\n<p class=\"wp-block-paragraph\">Seuraavaksi toimitamme sinulle <strong>valtakirjan<\/strong>. T\u00e4m\u00e4 sis\u00e4lt\u00e4\u00e4 jo maininnan, ett\u00e4 ensimm\u00e4isen\u00e4 toimenpiteen\u00e4 tehd\u00e4\u00e4n kattavuuskysely Provinzialille ja ett\u00e4 maksullisen k\u00e4sittelyn aloittamista <strong>odotetaan kattavuuslupauksen<\/strong> saapumiseen asti. <\/p>\n\n<h3 class=\"wp-block-heading\" id=\"h-deckungsanfrage\">Korvausvastuuta koskeva tiedustelu<\/h3>\n\n<p class=\"wp-block-paragraph\">Valtakirjan ja ensimm\u00e4isten tietojen saapumisen j\u00e4lkeen oikeudellisesta asiasta teemme n\u00e4iden tietojen perusteella <strong>kattavuuskyselyn<\/strong> Provinzial oikeusturvavakuutukselle. T\u00e4m\u00e4 palvelu on Provinzial-vakuutetuille <strong>maksuton<\/strong> my\u00f6s siin\u00e4 tapauksessa, ett\u00e4 oikeusturvavakuutuksen kattavuus hyl\u00e4t\u00e4\u00e4n. <\/p>\n\n<h3 class=\"wp-block-heading\" id=\"h-deckungszusage\">Korvauslupaus<\/h3>\n\n<p class=\"wp-block-paragraph\">Jos <strong>kattavuuslupaus<\/strong> saadaan, Provinzial oikeusturvavakuutus kattaa <strong>oikeusriidan kustannukset vakuutussopimuksen mukaisesti<\/strong>. Usein on olemassa pieni omavastuu tai kustannusten korvauksen rajoitus tuomioistuimen ulkopuolisiin tai oikeudenk\u00e4yntikustannuksiin. <\/p>\n\n<h3 class=\"wp-block-heading\" id=\"h-abrechnung\">Laskutus<\/h3>\n\n<p class=\"wp-block-paragraph\"><strong>Laskutus<\/strong> tapahtuu mahdollisuuksien mukaan <strong>suoraan Provinzial-vakuutuksen kanssa<\/strong>, jotta sen vakuutuksenottajilla ei ole vaivaa kustannusten korvaushakemusten j\u00e4tt\u00e4misess\u00e4.<\/p>\n    <div class=\"mr-quote mrbg clearfix\">\n        <a class=\"mr-quote-person\" href=\"\/ueber-uns\/rechtsanwalt-peter-harlander\/\" title=\"Rechtsanwalt Peter Harlander\">\n            <img decoding=\"async\" class=\"mr-quote-person-img\" src=\"https:\/\/harlander-partner.eu\/wp-content\/themes\/harlander\/design\/ph100.webp\" width=\"100\"\n                 height=\"100\" loading=\"lazy\" alt=\"Rechtsanwalt Peter Harlander\">\n            <span class=\"mr-quote-person-text\">\n            Peter Harlander<br>\n            <span class=\"mr-quote-person-function\">Harlander &amp; Partner Rechtsanw\u00e4lte<\/span>\n        <\/span>\n        <\/a>\n        <span class=\"mr-quote-content\">\u201eHy\u00f6dynn\u00e4 <strong>asianajajiemme erikoistumista<\/strong>. Hoidamme mielell\u00e4mme oikeudellisen asiasi <strong>Provinzial oikeusturvavakuutuksen<\/strong> kautta. <br><br>Hy\u00f6dynn\u00e4 <strong>ilmainen ensikonsultaatiomme<\/strong> Provinzial-vakuutetuille saadaksesi <strong>nopean ensiarvion<\/strong> oikeudellisesta asiastasi.\u201c<\/span>\n    <\/div>\n<a class=\"mr-cta-link mr-cta-button-cal\" href=\"#h2-booking\" title=\"Ilmainen ensikonsultaatio\"><span class=\"mr-cta-link-normal\">Valitse nyt toivottu ajankohta:<\/span><span class=\"mr-cta-link-bold\">Ilmainen ensikonsultaatio<\/span><\/a>\n","protected":false},"excerpt":{"rendered":"Provinzial oikeusturvavakuutus Harlander &amp; Partner Rechtsanw\u00e4lte GmbH palvelee koko It\u00e4vallassa Provinzialin oikeusturvavakuutuksen vakuutuksenottajia. Ty\u00f6skentelemme mielell\u00e4mme Provinzialin asiakkaiden kanssa ja hoidamme kattavuuskyselyist\u00e4 kustannusten korvaamiseen asti koko prosessin. Laskutus Provinzial oikeusturvavakuutuksen kautta &#8230;","protected":false},"author":1,"featured_media":0,"parent":134479,"menu_order":1,"comment_status":"closed","ping_status":"closed","template":"","meta":{"_acf_changed":false,"_uag_custom_page_level_css":"","footnotes":""},"categories":[1827],"tags":[],"class_list":["post-140923","page","type-page","status-publish","hentry","category-oikeusturvavakuutus"],"acf":[],"uagb_featured_image_src":{"full":false,"thumbnail":false,"medium":false,"medium_large":false,"large":false,"1536x1536":false,"2048x2048":false,"336x":false,"352x":false,"woocommerce_thumbnail":false,"woocommerce_single":false,"woocommerce_gallery_thumbnail":false,"yarpp-thumbnail":false},"uagb_author_info":{"display_name":"Peter Harlander","author_link":"https:\/\/harlander-partner.eu\/fi\/author\/secondpromotion\/"},"uagb_comment_info":0,"uagb_excerpt":"Provinzial oikeusturvavakuutus Harlander &amp; Partner Rechtsanw\u00e4lte GmbH palvelee koko It\u00e4vallassa Provinzialin oikeusturvavakuutuksen vakuutuksenottajia. Ty\u00f6skentelemme mielell\u00e4mme Provinzialin asiakkaiden kanssa ja hoidamme kattavuuskyselyist\u00e4 kustannusten korvaamiseen asti koko prosessin. Laskutus Provinzial oikeusturvavakuutuksen kautta ...","_links":{"self":[{"href":"https:\/\/harlander-partner.eu\/fi\/wp-json\/wp\/v2\/pages\/140923","targetHints":{"allow":["GET"]}}],"collection":[{"href":"https:\/\/harlander-partner.eu\/fi\/wp-json\/wp\/v2\/pages"}],"about":[{"href":"https:\/\/harlander-partner.eu\/fi\/wp-json\/wp\/v2\/types\/page"}],"author":[{"embeddable":true,"href":"https:\/\/harlander-partner.eu\/fi\/wp-json\/wp\/v2\/users\/1"}],"replies":[{"embeddable":true,"href":"https:\/\/harlander-partner.eu\/fi\/wp-json\/wp\/v2\/comments?post=140923"}],"version-history":[{"count":0,"href":"https:\/\/harlander-partner.eu\/fi\/wp-json\/wp\/v2\/pages\/140923\/revisions"}],"up":[{"embeddable":true,"href":"https:\/\/harlander-partner.eu\/fi\/wp-json\/wp\/v2\/pages\/134479"}],"wp:attachment":[{"href":"https:\/\/harlander-partner.eu\/fi\/wp-json\/wp\/v2\/media?parent=140923"}],"wp:term":[{"taxonomy":"category","embeddable":true,"href":"https:\/\/harlander-partner.eu\/fi\/wp-json\/wp\/v2\/categories?post=140923"},{"taxonomy":"post_tag","embeddable":true,"href":"https:\/\/harlander-partner.eu\/fi\/wp-json\/wp\/v2\/tags?post=140923"}],"curies":[{"name":"wp","href":"https:\/\/api.w.org\/{rel}","templated":true}]}}