{"id":71931,"date":"2025-09-02T14:21:09","date_gmt":"2025-09-02T12:21:09","guid":{"rendered":"https:\/\/harlander-partner.eu\/tribunal-administrativo-federal\/"},"modified":"2025-11-26T05:23:47","modified_gmt":"2025-11-26T04:23:47","slug":"tribunal-administrativo-federal","status":"publish","type":"page","link":"https:\/\/harlander-partner.eu\/es\/tribunales\/tribunal-administrativo-federal\/","title":{"rendered":"Tribunal Administrativo Federal"},"content":{"rendered":"\n<div class=\"wp-block-yoast-seo-table-of-contents yoast-table-of-contents\"><h2>Tribunal Administrativo Federal<\/h2><ul><li><a href=\"#h-bundesverwaltungsgericht\" data-level=\"2\">Tribunal Administrativo Federal<\/a><\/li><li><a href=\"#h-verfahren-vor-dem-bundesverwaltungsgericht\" data-level=\"2\">Procedimiento ante el Tribunal Administrativo Federal<\/a><\/li><li><a href=\"#h-beschwerdefristen\" data-level=\"2\">Plazos de reclamaci\u00f3n<\/a><\/li><li><a href=\"#h-einbringung-von-beschwerden\" data-level=\"2\">Presentaci\u00f3n de reclamaciones<\/a><\/li><li><a href=\"#h-form-und-inhalt-einer-beschwerde\" data-level=\"2\">Forma y contenido de una reclamaci\u00f3n<\/a><\/li><li><a href=\"#h-anwaltspflicht\" data-level=\"2\">Obligaci\u00f3n de abogado<\/a><\/li><li><a href=\"#h-akteneinsicht\" data-level=\"2\">Acceso a los expedientes<\/a><\/li><li><a href=\"#h-sitz-und-erreichbarkeit\" data-level=\"2\">Sede y accesibilidad<\/a><ul><li><a href=\"#h-aussenstellen\" data-level=\"3\">Oficinas externas<\/a><\/li><\/ul><\/li><li><a href=\"#h-sicherheitskontrolle\" data-level=\"2\">Control de seguridad<\/a><\/li><li><a href=\"#h-ihre-vorteile-mit-anwaltlicher-unterstutzung\" data-level=\"2\">Sus ventajas con el apoyo de un abogado<\/a><\/li><\/ul><\/div>\n\n<h2 class=\"wp-block-heading\" id=\"h-bundesverwaltungsgericht\">Tribunal Administrativo Federal<\/h2>\n\n<p class=\"wp-block-paragraph\">El Tribunal Administrativo Federal es un tribunal central en Austria que examina las reclamaciones contra las resoluciones y acciones de las autoridades administrativas. Garantiza que la actuaci\u00f3n estatal se base en un fundamento legal y que no se vulneren los derechos de los ciudadanos. <\/p>\n\n<div class=\"wp-block-uagb-container uagb-block-3019fe8e alignfull uagb-is-root-container\">\n<div class=\"wp-block-uagb-container uagb-block-32585033\">\n<p class=\"wp-block-paragraph\">El Tribunal Administrativo Federal revisa la legalidad de las decisiones y acciones de las autoridades administrativas.<\/p>\n<\/div>\n\n\n\n<div class=\"wp-block-uagb-container uagb-block-45819ab6\"><picture>\r\n\t\t<source srcset=\"\" >\r\n\t\t<img decoding=\"async\" class=\"mr-picture-small\" src=\"\" alt=\"Informaci\u00f3n sobre el procedimiento del Tribunal Administrativo Federal, plazos, reclamaciones y competencia explicados de forma concisa\" >\r\n\t<\/picture>\n<\/div>\n<\/div>\n    <div class=\"mr-quote mrbg clearfix\">\n        <a class=\"mr-quote-person\" href=\"\/ueber-uns\/rechtsanwalt-peter-harlander\/\" title=\"Rechtsanwalt Peter Harlander\">\n            <img decoding=\"async\" class=\"mr-quote-person-img\" src=\"https:\/\/harlander-partner.eu\/wp-content\/themes\/harlander\/design\/ph100.webp\" width=\"100\"\n                 height=\"100\" loading=\"lazy\" alt=\"Rechtsanwalt Peter Harlander\">\n            <span class=\"mr-quote-person-text\">\n            Peter Harlander<br>\n            <span class=\"mr-quote-person-function\">Harlander &amp; Partner Rechtsanw\u00e4lte<\/span>\n        <\/span>\n        <\/a>\n        <span class=\"mr-quote-content\">\u201eDas Bundesverwaltungsgericht bildet die zentrale Kontrollinstanz gegen\u00fcber verwaltungsbeh\u00f6rdlichen Entscheidungen und gew\u00e4hrleistet den Rechtsschutz.\u201c<\/span>\n    <\/div>\n\n<h2 class=\"wp-block-heading\" id=\"h-verfahren-vor-dem-bundesverwaltungsgericht\">  Procedimiento ante el Tribunal Administrativo Federal<\/h2>\n\n<p class=\"wp-block-paragraph\">Por lo general, un procedimiento se inicia mediante la presentaci\u00f3n de una <strong>reclamaci\u00f3n<\/strong>. Los tipos de reclamaci\u00f3n m\u00e1s importantes son: <\/p>\n\n<ul class=\"wp-block-list\">\n<li><strong>Reclamaci\u00f3n contra una resoluci\u00f3n<\/strong>: contra las resoluciones de una autoridad administrativa por motivos de ilegalidad.<\/li>\n\n\n\n<li><strong>Reclamaci\u00f3n por medidas<\/strong>: contra actos de autoridad directa de mando y coacci\u00f3n.<\/li>\n\n\n\n<li><strong>Reclamaci\u00f3n por inactividad<\/strong>: cuando una autoridad administrativa incumple su obligaci\u00f3n de decidir.<\/li>\n<\/ul>\n\n<p class=\"wp-block-paragraph\">Una vez que se presenta una reclamaci\u00f3n ante el Tribunal Administrativo Federal (las reclamaciones por medidas se presentan directamente all\u00ed), este es competente para todo el procedimiento. A partir de este momento, todos los escritos deben presentarse directamente ante el tribunal. <\/p>\n\n<p class=\"wp-block-paragraph\">La asignaci\u00f3n se realiza de acuerdo con las normas de la <strong>distribuci\u00f3n de asuntos<\/strong>, ya sea a un juez \u00fanico o a una sala. El tribunal examina exhaustivamente la resoluci\u00f3n o el acto administrativo impugnado y decide dentro de un plazo legal, generalmente de seis meses. <\/p>\n\n<p class=\"wp-block-paragraph\">Si no se dicta una resoluci\u00f3n, existe la posibilidad de presentar una <strong>solicitud de fijaci\u00f3n de plazos<\/strong> ante el Tribunal Administrativo Supremo <a href=\"https:\/\/www.ris.bka.gv.at\/NormDokument.wxe?Abfrage=Bundesnormen&amp;Gesetzesnummer=10000795&amp;Artikel=&amp;Paragraf=38&amp;Anlage=&amp;Uebergangsrecht=\" target=\"_blank\" rel=\"noreferrer noopener\">(\u00a7 38 VwGG<\/a>).<\/p>\n    <div class=\"mr-quote mrbg clearfix\">\n        <a class=\"mr-quote-person\" href=\"\/ueber-uns\/rechtsanwalt-sebastian-riedlmair\/\" title=\"Rechtsanwalt Sebastian Riedlmair\">\n            <img decoding=\"async\" class=\"mr-quote-person-img\" src=\"https:\/\/harlander-partner.eu\/wp-content\/themes\/harlander\/design\/sr100.webp\" width=\"100\"\n                 height=\"100\" loading=\"lazy\" alt=\"Rechtsanwalt Sebastian Riedlmair\">\n            <span class=\"mr-quote-person-text\">\n            Sebastian Riedlmair<br>\n            <span class=\"mr-quote-person-function\">Harlander &amp; Partner Rechtsanw\u00e4lte<\/span>\n        <\/span>\n        <\/a>\n        <span class=\"mr-quote-content\">\u201eDie unterschiedlichen Beschwerdearten er\u00f6ffnen Betroffenen klare Wege, um gegen rechtswidriges Verhalten von Beh\u00f6rden vorzugehen.\u201c<\/span>\n    <\/div>\n<a class=\"mr-cta-link mr-cta-button-cal\" href=\"#h2-booking\" title=\"Primera consulta gratuita\"><span class=\"mr-cta-link-normal\">Elija ahora su fecha deseada:<\/span><span class=\"mr-cta-link-bold\">Primera consulta gratuita<\/span><\/a>\n\n<h2 class=\"wp-block-heading\" id=\"h-beschwerdefristen\">Plazos de reclamaci\u00f3n<\/h2>\n\n<ul class=\"wp-block-list\">\n<li>Reclamaci\u00f3n contra una resoluci\u00f3n: por lo general, <strong>cuatro semanas<\/strong><\/li>\n\n\n\n<li>Reclamaci\u00f3n por medidas: por lo general, <strong>seis semanas<\/strong><\/li>\n<\/ul>\n\n<p class=\"wp-block-paragraph\">Pueden producirse desviaciones debido a disposiciones del Derecho de la Uni\u00f3n o nacionales. Siempre es decisiva la informaci\u00f3n sobre los recursos legales. <\/p>\n\n<h2 class=\"wp-block-heading\" id=\"h-einbringung-von-beschwerden\">Presentaci\u00f3n de reclamaciones<\/h2>\n\n<ul class=\"wp-block-list\">\n<li>En principio, las reclamaciones deben presentarse primero ante la autoridad que dict\u00f3 la resoluci\u00f3n o que incurri\u00f3 en inactividad.<\/li>\n\n\n\n<li>Solo las reclamaciones por medidas deben presentarse <strong>directamente<\/strong> ante el Tribunal Administrativo Federal.<\/li>\n\n\n\n<li>Solo despu\u00e9s de la presentaci\u00f3n por parte de la autoridad, el tribunal es el punto de contacto directo para los escritos.<\/li>\n<\/ul>\n\n<p class=\"wp-block-paragraph\">En principio, las solicitudes est\u00e1n sujetas a tasas, siempre que no se prevea una exenci\u00f3n legal de tasas.<\/p>\n\n<h2 class=\"wp-block-heading\" id=\"h-form-und-inhalt-einer-beschwerde\">Forma y contenido de una reclamaci\u00f3n<\/h2>\n\n<p class=\"wp-block-paragraph\">Una reclamaci\u00f3n debe contener:<\/p>\n\n<ul class=\"wp-block-list\">\n<li>Designaci\u00f3n de la resoluci\u00f3n o medida impugnada<\/li>\n\n\n\n<li>Designaci\u00f3n de la autoridad demandada o del \u00f3rgano actuante<\/li>\n\n\n\n<li>Motivos de la presunta ilegalidad<\/li>\n\n\n\n<li>Una petici\u00f3n concreta<\/li>\n\n\n\n<li>Informaci\u00f3n sobre la presentaci\u00f3n en plazo<\/li>\n<\/ul>\n\n<p class=\"wp-block-paragraph\">En el caso de reclamaciones por inactividad, basta con una solicitud para que se dicte la resoluci\u00f3n. Las reclamaciones incompletas pueden subsanarse mediante una orden de mejora. <\/p>\n\n<h2 class=\"wp-block-heading\" id=\"h-anwaltspflicht\">Obligaci\u00f3n de abogado<\/h2>\n\n<p class=\"wp-block-paragraph\">Ante el Tribunal Administrativo Federal <strong>no existe obligaci\u00f3n de abogado<\/strong>. Cada parte puede representarse a s\u00ed misma. Sin embargo, es libre de autorizar a un abogado, lo que es especialmente \u00fatil en procedimientos m\u00e1s complejos.  <\/p>\n\n<h2 class=\"wp-block-heading\" id=\"h-akteneinsicht\">Acceso a los expedientes<\/h2>\n\n<p class=\"wp-block-paragraph\">Los reclamantes y sus representantes tienen derecho a acceder a los expedientes. Pueden hacer copias en el lugar o solicitar copias. Algunos componentes de los expedientes pueden quedar excluidos del acceso por razones de inter\u00e9s p\u00fablico.  <\/p>\n<a class=\"mr-cta-link mr-cta-button-cal\" href=\"#h2-booking\" title=\"Primera consulta gratuita\"><span class=\"mr-cta-link-normal\">Elija ahora su fecha deseada:<\/span><span class=\"mr-cta-link-bold\">Primera consulta gratuita<\/span><\/a>\n\n<h2 class=\"wp-block-heading\" id=\"h-sitz-und-erreichbarkeit\">Sede y accesibilidad<\/h2>\n\n<p class=\"wp-block-paragraph\"><strong>Tribunal Administrativo Federal \u2013 Sede principal Viena<\/strong><br\/>Erdbergstra\u00dfe 192\u2013196, 1030 Viena<\/p>\n\n<h3 class=\"wp-block-heading\" id=\"h-aussenstellen\">Oficinas externas<\/h3>\n\n<ul class=\"wp-block-list\">\n<li><strong>Innsbruck<\/strong> \u2013 Werner-von-Siemens-Stra\u00dfe 7-9, 6020 Innsbruck<\/li>\n\n\n\n<li><strong>Graz<\/strong> \u2013 Schl\u00f6gelgasse 9, 8010 Graz <\/li>\n\n\n\n<li><strong>Linz<\/strong> \u2013 Derfflingerstra\u00dfe 1, 4020 Linz<\/li>\n<\/ul>\n\n<h2 class=\"wp-block-heading\" id=\"h-sicherheitskontrolle\">Control de seguridad<\/h2>\n\n<p class=\"wp-block-paragraph\">Para proteger a todas las partes en el procedimiento, se ha establecido un sistema de control de seguridad en el Tribunal Administrativo Federal que garantiza que solo las personas controladas tengan acceso. Por lo tanto, todos los visitantes deben someterse a un control al entrar en el edificio para que los peligros puedan detectarse y evitarse a tiempo. A quien se niegue a este control se le denegar\u00e1 la entrada, ya que solo as\u00ed puede garantizarse un desarrollo fluido y seguro en el tribunal.   <\/p>\n\n<p class=\"wp-block-paragraph\">Sin embargo, est\u00e1n exentos determinados grupos de personas, en particular los miembros de la guardia judicial en servicio u otros \u00f3rganos expresamente previstos por la ley.<\/p>\n\n<h2 class=\"wp-block-heading\" id=\"h-ihre-vorteile-mit-anwaltlicher-unterstutzung\">Sus ventajas con el apoyo de un abogado<\/h2>\n\n<p class=\"wp-block-paragraph\">Un procedimiento de reclamaci\u00f3n ante el Tribunal Administrativo Federal puede ser complejo en cuanto al contenido y requiere un conocimiento preciso del marco legal. Con nuestro apoyo, usted se beneficia de: <\/p>\n\n<ul class=\"wp-block-list\">\n<li>Un an\u00e1lisis fundamentado de las perspectivas de \u00e9xito de su reclamaci\u00f3n,<\/li>\n\n\n\n<li>Escritos formulados de forma jur\u00eddicamente segura y completa,<\/li>\n\n\n\n<li>Una representaci\u00f3n eficaz en el procedimiento,<\/li>\n\n\n\n<li>Acompa\u00f1amiento profesional en cuestiones de plazos y forma.<\/li>\n<\/ul>\n\n<p class=\"wp-block-paragraph\">As\u00ed se asegura de que sus derechos se protejan eficazmente y se eviten errores.<\/p>\n<a class=\"mr-cta-link mr-cta-button-cal\" href=\"#h2-booking\" title=\"Primera consulta gratuita\"><span class=\"mr-cta-link-normal\">Elija ahora su fecha deseada:<\/span><span class=\"mr-cta-link-bold\">Primera consulta gratuita<\/span><\/a>\n<div class=\"wp-block-uagb-faq uagb-faq__outer-wrap uagb-block-13820928 uagb-faq-icon-row uagb-faq-layout-accordion uagb-faq-expand-first-true uagb-faq-inactive-other-true uagb-faq__wrap uagb-buttons-layout-wrap uagb-faq-equal-height     \" data-faqtoggle=\"true\" role=\"tablist\"><div class=\"wp-block-uagb-faq-child uagb-faq-child__outer-wrap uagb-faq-item uagb-block-faq1 \" role=\"tab\" tabindex=\"0\"><div class=\"uagb-faq-questions-button uagb-faq-questions\">\t\t\t<span class=\"uagb-icon uagb-faq-icon-wrap\">\n\t\t\t\t\t\t\t\t<svg xmlns=\"https:\/\/www.w3.org\/2000\/svg\" viewBox= \"0 0 448 512\"><path d=\"M432 256c0 17.69-14.33 32.01-32 32.01H256v144c0 17.69-14.33 31.99-32 31.99s-32-14.3-32-31.99v-144H48c-17.67 0-32-14.32-32-32.01s14.33-31.99 32-31.99H192v-144c0-17.69 14.33-32.01 32-32.01s32 14.32 32 32.01v144h144C417.7 224 432 238.3 432 256z\"><\/path><\/svg>\n\t\t\t\t\t\t\t<\/span>\n\t\t\t\t\t\t<span class=\"uagb-icon-active uagb-faq-icon-wrap\">\n\t\t\t\t\t\t\t\t<svg xmlns=\"https:\/\/www.w3.org\/2000\/svg\" viewBox= \"0 0 448 512\"><path d=\"M400 288h-352c-17.69 0-32-14.32-32-32.01s14.31-31.99 32-31.99h352c17.69 0 32 14.3 32 31.99S417.7 288 400 288z\"><\/path><\/svg>\n\t\t\t\t\t\t\t<\/span>\n\t\t\t<span class=\"uagb-question\">\u00bfQu\u00e9 reclamaciones son competencia del Tribunal Administrativo Federal?<\/span><\/div><div class=\"uagb-faq-content\"><p>El Tribunal Administrativo Federal decide sobre las reclamaciones contra resoluciones, las reclamaciones por medidas y las reclamaciones por inactividad.<\/p><\/div><\/div><div class=\"wp-block-uagb-faq-child uagb-faq-child__outer-wrap uagb-faq-item uagb-block-faq2 \" role=\"tab\" tabindex=\"0\"><div class=\"uagb-faq-questions-button uagb-faq-questions\">\t\t\t<span class=\"uagb-icon uagb-faq-icon-wrap\">\n\t\t\t\t\t\t\t\t<svg xmlns=\"https:\/\/www.w3.org\/2000\/svg\" viewBox= \"0 0 448 512\"><path d=\"M432 256c0 17.69-14.33 32.01-32 32.01H256v144c0 17.69-14.33 31.99-32 31.99s-32-14.3-32-31.99v-144H48c-17.67 0-32-14.32-32-32.01s14.33-31.99 32-31.99H192v-144c0-17.69 14.33-32.01 32-32.01s32 14.32 32 32.01v144h144C417.7 224 432 238.3 432 256z\"><\/path><\/svg>\n\t\t\t\t\t\t\t<\/span>\n\t\t\t\t\t\t<span class=\"uagb-icon-active uagb-faq-icon-wrap\">\n\t\t\t\t\t\t\t\t<svg xmlns=\"https:\/\/www.w3.org\/2000\/svg\" viewBox= \"0 0 448 512\"><path d=\"M400 288h-352c-17.69 0-32-14.32-32-32.01s14.31-31.99 32-31.99h352c17.69 0 32 14.3 32 31.99S417.7 288 400 288z\"><\/path><\/svg>\n\t\t\t\t\t\t\t<\/span>\n\t\t\t<span class=\"uagb-question\">\u00bfQu\u00e9 plazos deben respetarse para las reclamaciones?<\/span><\/div><div class=\"uagb-faq-content\"><p>El plazo suele ser de cuatro semanas para las reclamaciones contra resoluciones y de seis semanas para las reclamaciones por medidas. Pueden producirse desviaciones debido a normas especiales del Derecho federal o de la Uni\u00f3n. <\/p><\/div><\/div><div class=\"wp-block-uagb-faq-child uagb-faq-child__outer-wrap uagb-faq-item uagb-block-faq3 \" role=\"tab\" tabindex=\"0\"><div class=\"uagb-faq-questions-button uagb-faq-questions\">\t\t\t<span class=\"uagb-icon uagb-faq-icon-wrap\">\n\t\t\t\t\t\t\t\t<svg xmlns=\"https:\/\/www.w3.org\/2000\/svg\" viewBox= \"0 0 448 512\"><path d=\"M432 256c0 17.69-14.33 32.01-32 32.01H256v144c0 17.69-14.33 31.99-32 31.99s-32-14.3-32-31.99v-144H48c-17.67 0-32-14.32-32-32.01s14.33-31.99 32-31.99H192v-144c0-17.69 14.33-32.01 32-32.01s32 14.32 32 32.01v144h144C417.7 224 432 238.3 432 256z\"><\/path><\/svg>\n\t\t\t\t\t\t\t<\/span>\n\t\t\t\t\t\t<span class=\"uagb-icon-active uagb-faq-icon-wrap\">\n\t\t\t\t\t\t\t\t<svg xmlns=\"https:\/\/www.w3.org\/2000\/svg\" viewBox= \"0 0 448 512\"><path d=\"M400 288h-352c-17.69 0-32-14.32-32-32.01s14.31-31.99 32-31.99h352c17.69 0 32 14.3 32 31.99S417.7 288 400 288z\"><\/path><\/svg>\n\t\t\t\t\t\t\t<\/span>\n\t\t\t<span class=\"uagb-question\">\u00bfD\u00f3nde se presentan las reclamaciones?<\/span><\/div><div class=\"uagb-faq-content\"><p>En principio, las reclamaciones deben presentarse ante la autoridad administrativa que dict\u00f3 la resoluci\u00f3n o que incurri\u00f3 en inactividad. Solo las reclamaciones por medidas deben presentarse directamente ante el Tribunal Administrativo Federal. <\/p><\/div><\/div><div class=\"wp-block-uagb-faq-child uagb-faq-child__outer-wrap uagb-faq-item uagb-block-faq4 \" role=\"tab\" tabindex=\"0\"><div class=\"uagb-faq-questions-button uagb-faq-questions\">\t\t\t<span class=\"uagb-icon uagb-faq-icon-wrap\">\n\t\t\t\t\t\t\t\t<svg xmlns=\"https:\/\/www.w3.org\/2000\/svg\" viewBox= \"0 0 448 512\"><path d=\"M432 256c0 17.69-14.33 32.01-32 32.01H256v144c0 17.69-14.33 31.99-32 31.99s-32-14.3-32-31.99v-144H48c-17.67 0-32-14.32-32-32.01s14.33-31.99 32-31.99H192v-144c0-17.69 14.33-32.01 32-32.01s32 14.32 32 32.01v144h144C417.7 224 432 238.3 432 256z\"><\/path><\/svg>\n\t\t\t\t\t\t\t<\/span>\n\t\t\t\t\t\t<span class=\"uagb-icon-active uagb-faq-icon-wrap\">\n\t\t\t\t\t\t\t\t<svg xmlns=\"https:\/\/www.w3.org\/2000\/svg\" viewBox= \"0 0 448 512\"><path d=\"M400 288h-352c-17.69 0-32-14.32-32-32.01s14.31-31.99 32-31.99h352c17.69 0 32 14.3 32 31.99S417.7 288 400 288z\"><\/path><\/svg>\n\t\t\t\t\t\t\t<\/span>\n\t\t\t<span class=\"uagb-question\">\u00bfQu\u00e9 costes se derivan del procedimiento ante el Tribunal Administrativo Federal?<\/span><\/div><div class=\"uagb-faq-content\"><p>En principio, las solicitudes est\u00e1n sujetas a tasas. El importe se rige por las disposiciones de la Ley de Tasas, siempre que la ley no prevea la exenci\u00f3n de tasas. <\/p><\/div><\/div><\/div><a class=\"mr-cta-link mr-cta-button-cal\" href=\"#h2-booking\" title=\"Primera consulta gratuita\"><span class=\"mr-cta-link-normal\">Elija ahora su fecha deseada:<\/span><span class=\"mr-cta-link-bold\">Primera consulta gratuita<\/span><\/a>\n","protected":false},"excerpt":{"rendered":"Tribunal Administrativo Federal El Tribunal Administrativo Federal es un tribunal central en Austria que examina las reclamaciones contra las resoluciones y acciones de las autoridades administrativas. Garantiza que la actuaci\u00f3n &#8230;","protected":false},"author":25,"featured_media":0,"parent":83545,"menu_order":818,"comment_status":"closed","ping_status":"closed","template":"","meta":{"_acf_changed":false,"_uag_custom_page_level_css":"","footnotes":""},"categories":[],"tags":[],"class_list":["post-71931","page","type-page","status-publish","hentry"],"acf":[],"uagb_featured_image_src":{"full":false,"thumbnail":false,"medium":false,"medium_large":false,"large":false,"1536x1536":false,"2048x2048":false,"336x":false,"352x":false,"woocommerce_thumbnail":false,"woocommerce_single":false,"woocommerce_gallery_thumbnail":false,"yarpp-thumbnail":false},"uagb_author_info":{"display_name":"Simon Prem","author_link":"https:\/\/harlander-partner.eu\/es\/author\/simon-prem\/"},"uagb_comment_info":0,"uagb_excerpt":"Tribunal Administrativo Federal El Tribunal Administrativo Federal es un tribunal central en Austria que examina las reclamaciones contra las resoluciones y acciones de las autoridades administrativas. Garantiza que la actuaci\u00f3n ...","_links":{"self":[{"href":"https:\/\/harlander-partner.eu\/es\/wp-json\/wp\/v2\/pages\/71931","targetHints":{"allow":["GET"]}}],"collection":[{"href":"https:\/\/harlander-partner.eu\/es\/wp-json\/wp\/v2\/pages"}],"about":[{"href":"https:\/\/harlander-partner.eu\/es\/wp-json\/wp\/v2\/types\/page"}],"author":[{"embeddable":true,"href":"https:\/\/harlander-partner.eu\/es\/wp-json\/wp\/v2\/users\/25"}],"replies":[{"embeddable":true,"href":"https:\/\/harlander-partner.eu\/es\/wp-json\/wp\/v2\/comments?post=71931"}],"version-history":[{"count":0,"href":"https:\/\/harlander-partner.eu\/es\/wp-json\/wp\/v2\/pages\/71931\/revisions"}],"up":[{"embeddable":true,"href":"https:\/\/harlander-partner.eu\/es\/wp-json\/wp\/v2\/pages\/83545"}],"wp:attachment":[{"href":"https:\/\/harlander-partner.eu\/es\/wp-json\/wp\/v2\/media?parent=71931"}],"wp:term":[{"taxonomy":"category","embeddable":true,"href":"https:\/\/harlander-partner.eu\/es\/wp-json\/wp\/v2\/categories?post=71931"},{"taxonomy":"post_tag","embeddable":true,"href":"https:\/\/harlander-partner.eu\/es\/wp-json\/wp\/v2\/tags?post=71931"}],"curies":[{"name":"wp","href":"https:\/\/api.w.org\/{rel}","templated":true}]}}