{"id":39639,"date":"2021-04-07T15:46:34","date_gmt":"2021-04-07T13:46:34","guid":{"rendered":"https:\/\/harlander-partner.eu\/videnska-klasifikace\/"},"modified":"2025-11-24T20:01:17","modified_gmt":"2025-11-24T19:01:17","slug":"videnska-klasifikace","status":"publish","type":"page","link":"https:\/\/harlander-partner.eu\/cs\/ochranna-znamka\/videnska-klasifikace\/","title":{"rendered":"V\u00edde\u0148sk\u00e1 klasifikace"},"content":{"rendered":"\n<div class=\"wp-block-yoast-seo-table-of-contents yoast-table-of-contents\"><h2>V\u00edde\u0148sk\u00e1 klasifikace<\/h2><ul><li><a href=\"#h-was-ist-die-wiener-klassifikation\" data-level=\"2\">Co je to V\u00edde\u0148sk\u00e1 klasifikace?<\/a><\/li><li><a href=\"#h-ziele-der-wiener-klassifikation\" data-level=\"2\">C\u00edle V\u00edde\u0148sk\u00e9 klasifikace<\/a><ul><li><a href=\"#h-vereinheitlichung\" data-level=\"3\">Sjednocen\u00ed<\/a><\/li><li><a href=\"#h-klassifizierung-von-bildbestandteilen\" data-level=\"3\">Klasifikace obrazov\u00fdch prvk\u016f<\/a><\/li><\/ul><\/li><li><a href=\"#h-inhalt-der-klassifikation\" data-level=\"2\">Obsah klasifikace<\/a><\/li><li><a href=\"#h-kodierung\" data-level=\"2\">K\u00f3dov\u00e1n\u00ed<\/a><\/li><li><a href=\"#h-recherche\" data-level=\"2\">Re\u0161er\u0161e<\/a><\/li><\/ul><\/div>\n<a class=\"mr-cta-link mr-cta-button-cal\" href=\"#h2-booking\" title=\"Bezplatn\u00e1 \u00favodn\u00ed konzultace\"><span class=\"mr-cta-link-normal\">Vyberte si po\u017eadovan\u00fd term\u00edn:<\/span><span class=\"mr-cta-link-bold\">Bezplatn\u00e1 \u00favodn\u00ed konzultace<\/span><\/a>\n\n<h2 class=\"wp-block-heading\" id=\"h-was-ist-die-wiener-klassifikation\">Co je to V\u00edde\u0148sk\u00e1 klasifikace?<\/h2>\n\n<p class=\"wp-block-paragraph\">V\u00edde\u0148sk\u00e1 klasifikace je mezin\u00e1rodn\u00ed syst\u00e9m pro kategorizaci obrazov\u00fdch prvk\u016f ochrann\u00fdch zn\u00e1mek. \u00da\u010delem V\u00edde\u0148sk\u00e9 klasifikace je usnadnit vyhled\u00e1v\u00e1n\u00ed obrazov\u00fdch prvk\u016f ochrann\u00fdch zn\u00e1mek. <\/p>\n\n<p class=\"wp-block-paragraph\">\u201eV\u00edde\u0148sk\u00e1 klasifikace \u2013 Mezin\u00e1rodn\u00ed klasifikace obrazov\u00fdch prvk\u016f ochrann\u00fdch zn\u00e1mek\u201c byla uzav\u0159ena 12. \u010dervna 1973 na \u201eV\u00edde\u0148sk\u00e9 diplomatick\u00e9 konferenci\u201c a vstoupila v platnost 9. srpna 1985.<\/p>\n<a class=\"mr-cta-link mr-cta-button-cal\" href=\"#h2-booking\" title=\"Bezplatn\u00e1 \u00favodn\u00ed konzultace\"><span class=\"mr-cta-link-normal\">Vyberte si po\u017eadovan\u00fd term\u00edn:<\/span><span class=\"mr-cta-link-bold\">Bezplatn\u00e1 \u00favodn\u00ed konzultace<\/span><\/a>\n\n<h2 class=\"wp-block-heading\" id=\"h-ziele-der-wiener-klassifikation\">C\u00edle V\u00edde\u0148sk\u00e9 klasifikace<\/h2>\n\n<h3 class=\"wp-block-heading\" id=\"h-vereinheitlichung\">Sjednocen\u00ed<\/h3>\n\n<p class=\"wp-block-paragraph\">Jedn\u00edm z c\u00edl\u016f V\u00edde\u0148sk\u00e9 klasifikace bylo sjednocen\u00ed popis\u016f obraz\u016f r\u016fzn\u00fdch \u00fa\u0159ad\u016f pro ochrann\u00e9 zn\u00e1mky. T\u00edm by se m\u011blo zabr\u00e1nit p\u0159eklasifikov\u00e1n\u00ed v p\u0159\u00edpad\u011b v\u00fdm\u011bny dokument\u016f na mezin\u00e1rodn\u00ed \u00farovni. <\/p>\n\n<h3 class=\"wp-block-heading\" id=\"h-klassifizierung-von-bildbestandteilen\">Klasifikace obrazov\u00fdch prvk\u016f<\/h3>\n\n<p class=\"wp-block-paragraph\">Hlavn\u00edm \u00fa\u010delem v\u0161ak bylo zlep\u0161en\u00ed mo\u017enost\u00ed vyhled\u00e1v\u00e1n\u00ed obrazov\u00fdch prvk\u016f st\u00e1vaj\u00edc\u00edch ochrann\u00fdch zn\u00e1mek. Do zaveden\u00ed V\u00edde\u0148sk\u00e9 klasifikace byly obrazov\u00e9 prvky ochrann\u00fdch zn\u00e1mek popisov\u00e1ny textov\u011b, ani\u017e by existovaly strukturovan\u00e9, mezin\u00e1rodn\u011b platn\u00e9 pokyny pro vypracov\u00e1n\u00ed popis\u016f. <\/p>\n<a class=\"mr-cta-link mr-cta-button-cal\" href=\"#h2-booking\" title=\"Bezplatn\u00e1 \u00favodn\u00ed konzultace\"><span class=\"mr-cta-link-normal\">Vyberte si po\u017eadovan\u00fd term\u00edn:<\/span><span class=\"mr-cta-link-bold\">Bezplatn\u00e1 \u00favodn\u00ed konzultace<\/span><\/a>\n\n<h2 class=\"wp-block-heading\" id=\"h-inhalt-der-klassifikation\">Obsah klasifikace<\/h2>\n\n<p class=\"wp-block-paragraph\">V\u00edde\u0148sk\u00e1 klasifikace je hierarchicky uspo\u0159\u00e1dan\u00fd syst\u00e9m, kter\u00fd rozd\u011bluje v\u0161echny obrazov\u00e9 prvky do kategori\u00ed, sekc\u00ed a podsekc\u00ed. Ojedin\u011ble jsou uvedeny i vysv\u011btluj\u00edc\u00ed pozn\u00e1mky.  <\/p>\n\n<p class=\"wp-block-paragraph\">Celkov\u011b V\u00edde\u0148sk\u00e1 klasifikace zahrnuje 29 kategori\u00ed, 145 sekc\u00ed a 1709 podsekc\u00ed. T\u011bmto jsou p\u0159i\u0159azena \u010d\u00edseln\u00e1 ozna\u010den\u00ed. <\/p>\n\n<h2 class=\"wp-block-heading\">Struktura klasifikace<\/h2>\n\n<p class=\"wp-block-paragraph\">Klasifikace se prov\u00e1d\u00ed na z\u00e1klad\u011b kategorie (1\u201329), sekce (1\u201319) a podsekce (1\u201325). Pro jemn\u011bj\u0161\u00ed \u010dlen\u011bn\u00ed existuj\u00ed pomocn\u00e9 sekce, kter\u00e9 jsou k\u00f3dov\u00e1ny v podsekc\u00edch. Obrazov\u00e1 ochrann\u00e1 zn\u00e1mka obvykle obdr\u017e\u00ed n\u011bkolik klasifikac\u00ed, aby se popsaly jednotliv\u00e9 prvky.  <\/p>\n\n<p class=\"wp-block-paragraph\">Nap\u0159\u00edklad zobrazen\u00ed \u201ej\u00edd\u00edc\u00ed d\u00edvky\u201c pat\u0159\u00ed do<\/p>\n\n<ul class=\"wp-block-list\">\n<li>kategorie 2 (Lid\u00e9),<\/li>\n\n\n\n<li>sekce 5 (D\u011bti),<\/li>\n\n\n\n<li>hlavn\u00ed podsekce 3 (D\u00edvky) a<\/li>\n\n\n\n<li>pomocn\u00e9 podsekce 18 (Pij\u00edc\u00ed nebo j\u00edd\u00edc\u00ed d\u011bti).<\/li>\n<\/ul>\n\n<h2 class=\"wp-block-heading\" id=\"h-kodierung\">K\u00f3dov\u00e1n\u00ed<\/h2>\n\n<p class=\"wp-block-paragraph\">V ochrann\u00e9 zn\u00e1mce je klasifikace uvedena pomoc\u00ed kr\u00e1tk\u00e9ho k\u00f3du, tzv. \u201enotace\u201c. P\u0159\u00edklad \u201ej\u00edd\u00edc\u00ed d\u00edvky\u201c by byl k\u00f3dov\u00e1n notacemi CFE 2.5.3 a CFE 2.5.18. Zkratka CFE pro \u201eClassification of Figurative Elements\u201c (Klasifikace obrazov\u00fdch prvk\u016f) ozna\u010duje V\u00edde\u0148skou klasifikaci.  <\/p>\n\n<p class=\"wp-block-paragraph\">Pokud ochrann\u00e1 zn\u00e1mka pat\u0159\u00ed do n\u011bkolika podsekc\u00ed, mohou b\u00fdt tyto uvedeny odd\u011blen\u00e9 \u010d\u00e1rkou (CFE 2.5.3,18). Pokud ochrann\u00e1 zn\u00e1mka pat\u0159\u00ed do n\u011bkolika kategori\u00ed, mohou b\u00fdt tyto uvedeny odd\u011blen\u00e9 st\u0159edn\u00edkem (nap\u0159. CFE 1.1.2,10,25; 1.15.17; 2.9.1). Krom\u011b toho se doporu\u010duje uv\u00e9st v z\u00e1vork\u00e1ch vyd\u00e1n\u00ed V\u00edde\u0148sk\u00e9 klasifikace pou\u017eit\u00e9 pro k\u00f3dov\u00e1n\u00ed (CFE (8) 2.5.3,18).  <\/p>\n\n<h2 class=\"wp-block-heading\" id=\"h-recherche\">Re\u0161er\u0161e<\/h2>\n\n<p class=\"wp-block-paragraph\">Pro vyhled\u00e1v\u00e1n\u00ed ochrann\u00fdch zn\u00e1mek s obrazov\u00fdmi prvky to znamen\u00e1, \u017ee p\u0159ed vyhled\u00e1v\u00e1n\u00edm je nutn\u00e9 prov\u00e9st pracn\u00e9 k\u00f3dov\u00e1n\u00ed obrazov\u00fdch prvk\u016f.<\/p>\n\n<p class=\"wp-block-paragraph\">Pokud m\u00e1 b\u00fdt vyhled\u00e1v\u00e1n\u00ed nav\u00edc provedeno pro n\u00e1rodn\u00ed ochrann\u00e9 zn\u00e1mky ve st\u00e1tech, kter\u00e9 V\u00edde\u0148skou klasifikaci nepodepsaly, je nutn\u00e9 nav\u00edc vytvo\u0159it popis na slovn\u00ed b\u00e1zi (v p\u0159\u00edslu\u0161n\u00e9m jazyce).<\/p>\n\n<p class=\"wp-block-paragraph\">Krom\u011b toho nyn\u00ed \u010d\u00e1ste\u010dn\u011b existuje mo\u017enost vyhled\u00e1v\u00e1n\u00ed podobnosti nahr\u00e1n\u00edm obr\u00e1zku.<\/p>\n<a class=\"mr-cta-link mr-cta-button-cal\" href=\"#h2-booking\" title=\"Bezplatn\u00e1 \u00favodn\u00ed konzultace\"><span class=\"mr-cta-link-normal\">Vyberte si po\u017eadovan\u00fd term\u00edn:<\/span><span class=\"mr-cta-link-bold\">Bezplatn\u00e1 \u00favodn\u00ed konzultace<\/span><\/a>\n","protected":false},"excerpt":{"rendered":"Co je to V\u00edde\u0148sk\u00e1 klasifikace? V\u00edde\u0148sk\u00e1 klasifikace je mezin\u00e1rodn\u00ed syst\u00e9m pro kategorizaci obrazov\u00fdch prvk\u016f ochrann\u00fdch zn\u00e1mek. \u00da\u010delem V\u00edde\u0148sk\u00e9 klasifikace je usnadnit vyhled\u00e1v\u00e1n\u00ed obrazov\u00fdch prvk\u016f ochrann\u00fdch zn\u00e1mek. \u201eV\u00edde\u0148sk\u00e1 klasifikace \u2013 Mezin\u00e1rodn\u00ed &#8230;","protected":false},"author":1,"featured_media":0,"parent":40181,"menu_order":136,"comment_status":"closed","ping_status":"open","template":"","meta":{"_acf_changed":false,"_uag_custom_page_level_css":"","footnotes":""},"categories":[534],"tags":[],"class_list":["post-39639","page","type-page","status-publish","hentry","category-ochranna-znamka"],"acf":[],"uagb_featured_image_src":{"full":false,"thumbnail":false,"medium":false,"medium_large":false,"large":false,"1536x1536":false,"2048x2048":false,"336x":false,"352x":false,"woocommerce_thumbnail":false,"woocommerce_single":false,"woocommerce_gallery_thumbnail":false,"yarpp-thumbnail":false},"uagb_author_info":{"display_name":"Peter Harlander","author_link":"https:\/\/harlander-partner.eu\/cs\/author\/secondpromotion\/"},"uagb_comment_info":0,"uagb_excerpt":"Co je to V\u00edde\u0148sk\u00e1 klasifikace? V\u00edde\u0148sk\u00e1 klasifikace je mezin\u00e1rodn\u00ed syst\u00e9m pro kategorizaci obrazov\u00fdch prvk\u016f ochrann\u00fdch zn\u00e1mek. \u00da\u010delem V\u00edde\u0148sk\u00e9 klasifikace je usnadnit vyhled\u00e1v\u00e1n\u00ed obrazov\u00fdch prvk\u016f ochrann\u00fdch zn\u00e1mek. \u201eV\u00edde\u0148sk\u00e1 klasifikace \u2013 Mezin\u00e1rodn\u00ed ...","_links":{"self":[{"href":"https:\/\/harlander-partner.eu\/cs\/wp-json\/wp\/v2\/pages\/39639","targetHints":{"allow":["GET"]}}],"collection":[{"href":"https:\/\/harlander-partner.eu\/cs\/wp-json\/wp\/v2\/pages"}],"about":[{"href":"https:\/\/harlander-partner.eu\/cs\/wp-json\/wp\/v2\/types\/page"}],"author":[{"embeddable":true,"href":"https:\/\/harlander-partner.eu\/cs\/wp-json\/wp\/v2\/users\/1"}],"replies":[{"embeddable":true,"href":"https:\/\/harlander-partner.eu\/cs\/wp-json\/wp\/v2\/comments?post=39639"}],"version-history":[{"count":0,"href":"https:\/\/harlander-partner.eu\/cs\/wp-json\/wp\/v2\/pages\/39639\/revisions"}],"up":[{"embeddable":true,"href":"https:\/\/harlander-partner.eu\/cs\/wp-json\/wp\/v2\/pages\/40181"}],"wp:attachment":[{"href":"https:\/\/harlander-partner.eu\/cs\/wp-json\/wp\/v2\/media?parent=39639"}],"wp:term":[{"taxonomy":"category","embeddable":true,"href":"https:\/\/harlander-partner.eu\/cs\/wp-json\/wp\/v2\/categories?post=39639"},{"taxonomy":"post_tag","embeddable":true,"href":"https:\/\/harlander-partner.eu\/cs\/wp-json\/wp\/v2\/tags?post=39639"}],"curies":[{"name":"wp","href":"https:\/\/api.w.org\/{rel}","templated":true}]}}