{"id":33088,"date":"2025-11-07T14:29:42","date_gmt":"2025-11-07T13:29:42","guid":{"rendered":"https:\/\/harlander-partner.eu\/neposkytnuti-pomoci-zranenemu\/"},"modified":"2025-11-24T19:38:45","modified_gmt":"2025-11-24T18:38:45","slug":"neposkytnuti-pomoci-zranenemu","status":"publish","type":"page","link":"https:\/\/harlander-partner.eu\/cs\/trestni-pravo\/neposkytnuti-pomoci-zranenemu\/","title":{"rendered":"Neposkytnut\u00ed pomoci zran\u011bn\u00e9mu"},"content":{"rendered":"\n<div class=\"wp-block-yoast-seo-table-of-contents yoast-table-of-contents\"><h2>Neposkytnut\u00ed pomoci zran\u011bn\u00e9mu<\/h2><ul><li><a href=\"#h-imstichlassen-eines-verletzten\" data-level=\"2\">Neposkytnut\u00ed pomoci zran\u011bn\u00e9mu<\/a><\/li><li><a href=\"#h-objektiver-tatbestand\" data-level=\"2\">Objektivn\u00ed skutkov\u00e1 podstata<\/a><ul><li><a href=\"#h-prufungsschritte\" data-level=\"3\">Kroky ov\u011b\u0159ov\u00e1n\u00ed<\/a><\/li><\/ul><\/li><li><a href=\"#h-qualifizierende-umstande\" data-level=\"2\">Kvalifikuj\u00edc\u00ed okolnosti<\/a><ul><li><a href=\"#h-schwere-folge\" data-level=\"3\">Z\u00e1va\u017en\u00fd n\u00e1sledek<\/a><\/li><li><a href=\"#h-todesfolge\" data-level=\"3\">N\u00e1sledek smrti<\/a><\/li><li><a href=\"#h-zumutbarkeitsgrenz\" data-level=\"3\">Hranice p\u0159im\u011b\u0159enosti<\/a><\/li><li><a href=\"#h-konkurrenzregel\" data-level=\"3\">Pravidlo konkurence<\/a><\/li><\/ul><\/li><li><a href=\"#h-abgrenzung-zu-anderen-delikten\" data-level=\"2\">Rozli\u0161en\u00ed od jin\u00fdch delikt\u016f<\/a><\/li><li><a href=\"#h-beweislast-amp-beweiswurdigung\" data-level=\"2\">D\u016fkazn\u00ed b\u0159emeno a hodnocen\u00ed d\u016fkaz\u016f<\/a><\/li><li><a href=\"#h-praxisbeispiele\" data-level=\"2\">P\u0159\u00edklady z praxe<\/a><\/li><li><a href=\"#h-subjektiver-tatbestand\" data-level=\"2\">Subjektivn\u00ed skutkov\u00e1 podstata<\/a><\/li><li><a href=\"#h-schuld-amp-irrtumer\" data-level=\"2\">Vina a omyly<\/a><\/li><li><a href=\"#h-strafaufhebung-amp-diversion\" data-level=\"2\">Upu\u0161t\u011bn\u00ed od potrest\u00e1n\u00ed a odklon<\/a><ul><li><a href=\"#h-rucktritt-vom-versuch\" data-level=\"3\">Odstoupen\u00ed od pokusu<\/a><\/li><li><a href=\"#h-diversion\" data-level=\"3\">Diverze<\/a><\/li><\/ul><\/li><li><a href=\"#h-strafzumessung-amp-folgen\" data-level=\"2\">Vym\u011b\u0159en\u00ed trestu a n\u00e1sledky<\/a><\/li><li><a href=\"#h-strafrahmen\" data-level=\"2\">Trestn\u00ed sazba<\/a><\/li><li><a href=\"#h-geldstrafe-tagessatzsystem\" data-level=\"2\">Pen\u011b\u017eit\u00fd trest \u2013 syst\u00e9m denn\u00edch sazeb<\/a><\/li><li><a href=\"#h-freiheitsstrafe-amp-teil-bedingte-nachsicht\" data-level=\"2\">Trest odn\u011bt\u00ed svobody a (\u010d\u00e1ste\u010dn\u011b) podm\u00edn\u011bn\u00e9 odlo\u017een\u00ed<\/a><\/li><li><a href=\"#h-zustandigkeit-der-gerichte\" data-level=\"2\">P\u0159\u00edslu\u0161nost soud\u016f<\/a><ul><li><a href=\"#h-sachliche-zustandigkeit\" data-level=\"3\">V\u011bcn\u00e1 p\u0159\u00edslu\u0161nost<\/a><\/li><li><a href=\"#h-ortliche-zustandigkeit\" data-level=\"3\">M\u00edstn\u00ed p\u0159\u00edslu\u0161nost<\/a><\/li><li><a href=\"#h-instanzenzug\" data-level=\"3\">Instan\u010dn\u00ed postup<\/a><\/li><\/ul><\/li><li><a href=\"#h-zivilanspruche-im-strafverfahren\" data-level=\"2\">Ob\u010danskopr\u00e1vn\u00ed n\u00e1roky v trestn\u00edm \u0159\u00edzen\u00ed<\/a><\/li><li><a href=\"#h-strafverfahren-im-uberblick\" data-level=\"2\">P\u0159ehled trestn\u00edho \u0159\u00edzen\u00ed<\/a><\/li><li><a href=\"#h-beschuldigtenrechte\" data-level=\"2\">Pr\u00e1va obvin\u011bn\u00e9ho<\/a><\/li><li><a href=\"#h-praxis-amp-verhaltenstipps\" data-level=\"2\">Praxe a tipy pro chov\u00e1n\u00ed<\/a><\/li><li><a href=\"#h-ihre-vorteile-mit-anwaltlicher-unterstutzung\" data-level=\"2\">Va\u0161e v\u00fdhody s pr\u00e1vn\u00ed podporou<\/a><\/li><li><a href=\"#h-faq-haufig-gestellte-fragen\" data-level=\"2\">FAQ \u2013 \u010casto kladen\u00e9 ot\u00e1zky<\/a><\/li><\/ul><\/div>\n\n<h2 class=\"wp-block-heading\" id=\"h-imstichlassen-eines-verletzten\">Neposkytnut\u00ed pomoci zran\u011bn\u00e9mu<\/h2>\n\n<p class=\"wp-block-paragraph\"><strong>Neposkytnut\u00ed pomoci zran\u011bn\u00e9mu dle <a href=\"https:\/\/www.ris.bka.gv.at\/NormDokument.wxe?Abfrage=Bundesnormen&amp;Gesetzesnummer=10002296&amp;Artikel=&amp;Paragraf=94&amp;Anlage=&amp;Uebergangsrecht=\" target=\"_blank\" rel=\"noreferrer noopener\">\u00a7 94 StGB<\/a><\/strong> zahrnuje situace, kdy n\u011bkdo zran\u00ed \u010dlov\u011bka a pot\u00e9 ho ponech\u00e1 bez pot\u0159ebn\u00e9 pomoci. Trestn\u00e9 je nejen p\u016fvodn\u00ed \u00fader, nehoda nebo riskantn\u00ed chov\u00e1n\u00ed, ale p\u0159edev\u0161\u00edm <strong>v\u011bdom\u00e9 neposkytnut\u00ed pomoci<\/strong> osob\u011b, jej\u00ed\u017e zran\u011bn\u00ed jste sami zp\u016fsobili, i kdy\u017e toto zran\u011bn\u00ed nebylo zp\u016fsobeno protipr\u00e1vn\u011b. Kdo vytvo\u0159\u00ed nebezpe\u010dn\u00fd stav, nese odpov\u011bdnost. Kdo se t\u00e9to odpov\u011bdnosti v rozhoduj\u00edc\u00edm okam\u017eiku vyh\u00fdb\u00e1, bere na v\u011bdom\u00ed <strong>z\u00e1va\u017en\u00e9 n\u00e1sledky pro ob\u011b\u0165<\/strong>. Typick\u00e9 jsou eskalace po n\u00e1siln\u00fdch \u010dinech, dopravn\u00ed nehody, riskantn\u00ed volno\u010dasov\u00e9 aktivity nebo medic\u00ednsky o\u017eehav\u00e9 situace, ve kter\u00fdch p\u016fvodce situaci rozpozn\u00e1, ale neorganizuje \u00fa\u010dinnou pomoc, a\u010dkoli by to bylo mo\u017en\u00e9 a p\u0159im\u011b\u0159en\u00e9.    <\/p>\n\n<div class=\"wp-block-uagb-container uagb-block-3019fe8e alignfull uagb-is-root-container\">\n<div class=\"wp-block-uagb-container uagb-block-32585033\">\n<p class=\"wp-block-paragraph\">Trestn\u00fdm se st\u00e1v\u00e1 ten, kdo rozpozn\u00e1 zran\u011bn\u00ed, kter\u00e9 zp\u016fsobil, vn\u00edm\u00e1 <strong>pot\u0159ebu pomoci<\/strong>, mohl by poskytnout <strong>p\u0159im\u011b\u0159enou pomoc<\/strong> a tuto pomoc <strong>v\u011bdom\u011b neposkytne<\/strong>, tak\u017ee ob\u011b\u0165 z\u016fstane nechr\u00e1n\u011bn\u00e1 v konkr\u00e9tn\u00ed nebezpe\u010dn\u00e9 situaci.<\/p>\n<\/div>\n\n\n\n<div class=\"wp-block-uagb-container uagb-block-45819ab6\"><picture>\r\n\t\t<source srcset=\"https:\/\/harlander-partner.eu\/wp-content\/uploads\/\u00a794-Imstichlassen-eines-Verletzten-352x198.webp\" >\r\n\t\t<img decoding=\"async\" class=\"mr-picture-small\" src=\"https:\/\/harlander-partner.eu\/wp-content\/uploads\/\u00a794-Imstichlassen-eines-Verletzten.webp\" alt=\"Neposkytnut\u00ed pomoci zran\u011bn\u00e9mu dle \u00a7 94 StGB: Kdy je neposkytnut\u00ed pomoci trestn\u00e9 a jak\u00e9 hroz\u00ed tresty. Informujte se nyn\u00ed.\" >\r\n\t<\/picture>\n<\/div>\n<\/div>\n    <div class=\"mr-quote mrbg clearfix\">\n        <a class=\"mr-quote-person\" href=\"\/ueber-uns\/rechtsanwalt-peter-harlander\/\" title=\"Rechtsanwalt Peter Harlander\">\n            <img decoding=\"async\" class=\"mr-quote-person-img\" src=\"https:\/\/harlander-partner.eu\/wp-content\/themes\/harlander\/design\/ph100.webp\" width=\"100\"\n                 height=\"100\" loading=\"lazy\" alt=\"Rechtsanwalt Peter Harlander\">\n            <span class=\"mr-quote-person-text\">\n            Peter Harlander<br>\n            <span class=\"mr-quote-person-function\">Harlander &amp; Partner Rechtsanw\u00e4lte<\/span>\n        <\/span>\n        <\/a>\n        <span class=\"mr-quote-content\">\u201eWer Verantwortung f\u00fcr eine Verletzung tr\u00e4gt, tr\u00e4gt auch die Pflicht, die Folgen nicht sich selbst zu \u00fcberlassen.\u201c<\/span>\n    <\/div>\n\n<h2 class=\"wp-block-heading\" id=\"h-objektiver-tatbestand\">Objektivn\u00ed skutkov\u00e1 podstata<\/h2>\n\n<p class=\"wp-block-paragraph\">Objektivn\u00ed skutkov\u00e1 podstata popisuje vn\u011bj\u0161\u00ed p\u0159edpoklady neposkytnut\u00ed pomoci. Rozhoduj\u00edc\u00ed je, zda n\u011bkdo zp\u016fsob\u00ed zran\u011bn\u00ed, rozpozn\u00e1 pot\u0159ebnost pomoci a p\u0159esto neposkytne p\u0159im\u011b\u0159enou pomoc. <\/p>\n\n<h3 class=\"wp-block-heading\" id=\"h-prufungsschritte\">Kroky ov\u011b\u0159ov\u00e1n\u00ed<\/h3>\n\n<p class=\"wp-block-paragraph\"><strong>P\u0159edm\u011bt \u00fatoku:<\/strong> Zran\u011bn\u00fd \u010dlov\u011bk, jeho\u017e t\u011blesn\u00e9 posti\u017een\u00ed bylo zp\u016fsobeno pachatelem, i kdy\u017e zran\u011bn\u00ed nevzniklo protipr\u00e1vn\u011b.<\/p>\n\n<p class=\"wp-block-paragraph\"><strong>Jedn\u00e1n\u00ed:<\/strong> V\u011bdom\u00e9 neposkytnut\u00ed pot\u0159ebn\u00e9 pomoci. Za pomoc se pova\u017euje jak\u00e9koli jedn\u00e1n\u00ed, kter\u00e9 je vhodn\u00e9 ke zm\u00edrn\u011bn\u00ed nebezpe\u010d\u00ed nebo k zah\u00e1jen\u00ed z\u00e1chrany, nap\u0159\u00edklad t\u00eds\u0148ov\u00e9 vol\u00e1n\u00ed, prvn\u00ed pomoc nebo p\u0159ivol\u00e1n\u00ed t\u0159et\u00edch osob. <\/p>\n\n<p class=\"wp-block-paragraph\"><strong>N\u00e1sledek:<\/strong> Zran\u011bn\u00fd z\u016fst\u00e1v\u00e1 v konkr\u00e9tn\u00ed nebezpe\u010dn\u00e9 situaci. V kvalifikovan\u00fdch p\u0159\u00edpadech vede neposkytnut\u00ed pomoci k z\u00e1va\u017en\u00e9mu zran\u011bn\u00ed nebo smrti. <\/p>\n\n<p class=\"wp-block-paragraph\"><strong>Kauzalita:<\/strong> Neposkytnut\u00ed pomoci je kauz\u00e1ln\u00ed, pokud by pomoc vytvo\u0159ila re\u00e1lnou \u0161anci na z\u00e1chranu nebo by \u0161koda byla bez ne\u010dinnosti odvr\u00e1cena.<\/p>\n\n<p class=\"wp-block-paragraph\"><strong>Objektivn\u00ed p\u0159i\u010ditatelnost:<\/strong> \u00dasp\u011bch je p\u0159i\u010ditateln\u00fd, pokud pachatel sv\u00fdm neposkytnut\u00edm pomoci nech\u00e1 p\u0159etrv\u00e1vat nebezpe\u010d\u00ed, kter\u00e9 zp\u016fsobil, a\u010dkoli by byl povinen ho odstranit.<\/p>\n\n<h2 class=\"wp-block-heading\" id=\"h-qualifizierende-umstande\">Kvalifikuj\u00edc\u00ed okolnosti<\/h2>\n\n<h3 class=\"wp-block-heading\" id=\"h-schwere-folge\">Z\u00e1va\u017en\u00fd n\u00e1sledek<\/h3>\n\n<p class=\"wp-block-paragraph\">Pokud neposkytnut\u00ed pomoci vede k z\u00e1va\u017en\u00e9mu ubl\u00ed\u017een\u00ed na zdrav\u00ed, zvy\u0161uje se trestn\u011bpr\u00e1vn\u00ed z\u00e1va\u017enost \u010dinu.<\/p>\n\n<h3 class=\"wp-block-heading\" id=\"h-todesfolge\">N\u00e1sledek smrti<\/h3>\n\n<p class=\"wp-block-paragraph\">Pokud zran\u011bn\u00fd zem\u0159e v d\u016fsledku neposkytnut\u00e9 pomoci, jedn\u00e1 se o zvl\u00e1\u0161\u0165 z\u00e1va\u017enou variantu \u010dinu.<\/p>\n\n<h3 class=\"wp-block-heading\" id=\"h-zumutbarkeitsgrenz\">Hranice p\u0159im\u011b\u0159enosti<\/h3>\n\n<p class=\"wp-block-paragraph\">Trestn\u00ed odpov\u011bdnost nevznik\u00e1, pokud pomoc nebyla objektivn\u011b p\u0159im\u011b\u0159en\u00e1, nap\u0159\u00edklad p\u0159i zna\u010dn\u00e9m ohro\u017een\u00ed vlastn\u00ed osoby nebo poru\u0161en\u00ed jin\u00fdch d\u016fle\u017eit\u00fdch povinnost\u00ed.<\/p>\n\n<h3 class=\"wp-block-heading\" id=\"h-konkurrenzregel\">Pravidlo konkurence <\/h3>\n\n<p class=\"wp-block-paragraph\">Samostatn\u00fd trest se neulo\u017e\u00ed, pokud je pachatel ji\u017e odsouzen za zp\u016fsoben\u00e9 zran\u011bn\u00ed podle p\u0159\u00edsn\u011bj\u0161\u00edho ustanoven\u00ed.<\/p>\n    <div class=\"mr-quote mrbg clearfix\">\n        <a class=\"mr-quote-person\" href=\"\/ueber-uns\/rechtsanwalt-sebastian-riedlmair\/\" title=\"Rechtsanwalt Sebastian Riedlmair\">\n            <img decoding=\"async\" class=\"mr-quote-person-img\" src=\"https:\/\/harlander-partner.eu\/wp-content\/themes\/harlander\/design\/sr100.webp\" width=\"100\"\n                 height=\"100\" loading=\"lazy\" alt=\"Rechtsanwalt Sebastian Riedlmair\">\n            <span class=\"mr-quote-person-text\">\n            Sebastian Riedlmair<br>\n            <span class=\"mr-quote-person-function\">Harlander &amp; Partner Rechtsanw\u00e4lte<\/span>\n        <\/span>\n        <\/a>\n        <span class=\"mr-quote-content\">\u201eSchwere Folgen sind kein Zufall, wenn Hilfe m\u00f6glich gewesen w\u00e4re.Das Strafrecht bewertet, was unterlassen wurde.\u201c<\/span>\n    <\/div>\n\n<h2 class=\"wp-block-heading\" id=\"h-abgrenzung-zu-anderen-delikten\">Rozli\u0161en\u00ed od jin\u00fdch delikt\u016f<\/h2>\n\n<ul class=\"wp-block-list\">\n<li><a href=\"https:\/\/harlander-partner.eu\/cs\/trestni-pravo\/ublizeni-na-zdravi\/\"><strong>\u00a7 83 StGB<strong> \u2013<\/strong> Ubl\u00ed\u017een\u00ed na zdrav\u00ed<\/strong>:<\/a> \u00damysln\u00e9 zran\u011bn\u00ed jin\u00e9 osoby. Vy\u017eaduje <strong>c\u00edlen\u00e9 nebo v\u011bdom\u00e9 zp\u016fsoben\u00ed \u0161kody<\/strong>. Skutkov\u00e1 podstata se t\u00fdk\u00e1 aktivn\u00edho jedn\u00e1n\u00ed, nikoli neposkytnut\u00ed pomoci.  <\/li>\n\n\n\n<li><a href=\"https:\/\/harlander-partner.eu\/cs\/trestni-pravo\/tezke-ublizeni-na-zdravi\/\"><strong>\u00a7 84 StGB<strong> \u2013<\/strong><\/strong> <strong>T\u011b\u017ek\u00e9 ubl\u00ed\u017een\u00ed na zdrav\u00ed<\/strong>:<\/a> Pokud jedn\u00e1n\u00ed vede k <strong>trval\u00e9mu po\u0161kozen\u00ed zdrav\u00ed<\/strong> nebo z\u00e1va\u017en\u00e9mu t\u011blesn\u00e9mu posti\u017een\u00ed, jedn\u00e1 se o <strong>kvalifikaci<\/strong> k prost\u00e9mu ubl\u00ed\u017een\u00ed na zdrav\u00ed.<\/li>\n\n\n\n<li><a href=\"https:\/\/harlander-partner.eu\/cs\/trestni-pravo\/umyslne-tezke-ublizeni-na-zdravi\/\"><strong>\u00a7 85 StGB \u2013<\/strong> <strong>\u00damysln\u00e9 t\u011b\u017ek\u00e9 ubl\u00ed\u017een\u00ed na zdrav\u00ed<\/strong>:<\/a> Z\u00e1va\u017en\u00fd n\u00e1sledek je zp\u016fsoben <strong>\u00famysln\u011b<\/strong>. Pachatel <strong>chce z\u00e1va\u017en\u00e9 zran\u011bn\u00ed<\/strong> a jedn\u00e1 c\u00edlen\u011b. <\/li>\n\n\n\n<li><a href=\"https:\/\/harlander-partner.eu\/cs\/trestni-pravo\/ublizeni-na-zdravi-s-nasledkem-smrti\/\"><strong>\u00a7 86 StGB<strong> \u2013<\/strong><\/strong> <strong>Ubl\u00ed\u017een\u00ed na zdrav\u00ed s n\u00e1sledkem smrti<\/strong>:<\/a> Pachatel <strong>\u00famysln\u011b zran\u00ed<\/strong>, smrt v\u0161ak nastane <strong>ne\u00famysln\u011b<\/strong> jako n\u00e1sledek.<\/li>\n\n\n\n<li><a href=\"https:\/\/harlander-partner.eu\/cs\/trestni-pravo\/ublizeni-na-zdravi-z-nedbalosti\/\"><strong>\u00a7 88 StGB<strong> \u2013<\/strong><\/strong> <strong>Nedbalostn\u00ed ubl\u00ed\u017een\u00ed na zdrav\u00ed<\/strong>:<\/a> <strong>Poru\u0161en\u00ed povinnosti p\u00e9\u010de bez \u00famyslu<\/strong>. Pachatel mohl nebezpe\u010d\u00ed rozpoznat a odvr\u00e1tit, jedn\u00e1 v\u0161ak nepozorn\u011b nebo lehkomysln\u011b. <\/li>\n\n\n\n<li><a href=\"https:\/\/harlander-partner.eu\/cs\/trestni-pravo\/rvacka\/\"><strong>\u00a7 91 StGB<strong> \u2013<\/strong><\/strong> <strong>Rva\u010dka<\/strong>:<\/a> Nejde o c\u00edlen\u00e9 ubl\u00ed\u017een\u00ed na zdrav\u00ed, n\u00fdbr\u017e o <strong>\u00fa\u010dast v nep\u0159ehledn\u00e9 poty\u010dce<\/strong> s nejm\u00e9n\u011b t\u0159emi aktivn\u011b z\u00fa\u010dastn\u011bn\u00fdmi osobami. Trestn\u00e9 je ji\u017e <strong>spolu\u00fa\u010dast<\/strong>, pokud je n\u011bkdo zran\u011bn nebo zabit a vlastn\u00ed p\u0159\u00edsp\u011bvek <strong>nelze vylou\u010dit<\/strong>. <\/li>\n\n\n\n<li><a href=\"https:\/\/www.ris.bka.gv.at\/NormDokument.wxe?Abfrage=Bundesnormen&amp;Gesetzesnummer=10002296&amp;Artikel=&amp;Paragraf=94&amp;Anlage=&amp;Uebergangsrecht=\"><strong>\u00a7 94 StGB<strong> \u2013<\/strong><\/strong> <strong>Neposkytnut\u00ed pomoci zran\u011bn\u00e9mu<\/strong>:<\/a> Trest\u00e1 se <strong>neposkytnut\u00ed pot\u0159ebn\u00e9 pomoci<\/strong> \u010dlov\u011bku, kter\u00e9ho s\u00e1m zranil. Rozhoduj\u00edc\u00ed je rozpoznan\u00e1 pot\u0159ebnost pomoci a mo\u017enost pomoci bez zna\u010dn\u00e9ho ohro\u017een\u00ed vlastn\u00ed osoby. <\/li>\n<\/ul>\n\n<p class=\"wp-block-paragraph\">Neposkytnut\u00ed pomoci zran\u011bn\u00e9mu se odli\u0161uje od obecn\u00fdch trestn\u00fdch \u010din\u016f ubl\u00ed\u017een\u00ed na zdrav\u00ed t\u00edm, \u017ee nen\u00ed trestn\u00e9 samotn\u00e9 zran\u011bn\u00ed, n\u00fdbr\u017e <strong>v\u011bdom\u00e9 neposkytnut\u00ed pomoci<\/strong> po zp\u016fsoben\u00e9m zran\u011bn\u00ed. Jedn\u00e1 se o <strong>samostatn\u00fd trestn\u00fd \u010din opomenut\u00ed<\/strong>, kter\u00fd zd\u016fraz\u0148uje zvl\u00e1\u0161tn\u00ed odpov\u011bdnost p\u016fvodce. <\/p>\n\n<h2 class=\"wp-block-heading\" id=\"h-beweislast-amp-beweiswurdigung\">D\u016fkazn\u00ed b\u0159emeno a hodnocen\u00ed d\u016fkaz\u016f<\/h2>\n\n<ul class=\"wp-block-list\">\n<li><strong>St\u00e1tn\u00ed zastupitelstv\u00ed:<\/strong> nese d\u016fkazn\u00ed b\u0159emeno pro zp\u016fsoben\u00ed, pot\u0159ebnost pomoci, mo\u017enost a p\u0159im\u011b\u0159enost poskytnut\u00ed pomoci, jako\u017e i pro p\u0159\u00edpadnou souvislost mezi neposkytnut\u00edm pomoci a nastal\u00fdm n\u00e1sledkem.<\/li>\n\n\n\n<li><strong>Soud:<\/strong> na\u0159izuje a hodnot\u00ed v\u0161echny d\u016fkazy; nevhodn\u00e9 nebo protipr\u00e1vn\u011b z\u00edskan\u00e9 d\u016fkazy jsou nepou\u017eiteln\u00e9. Rozhoduj\u00edc\u00ed je, zda existovala <strong>re\u00e1ln\u00e1 \u0161ance na z\u00e1chranu<\/strong> a zda pachatel tuto \u0161anci prokazateln\u011b nevyu\u017eil. <\/li>\n\n\n\n<li><strong>Obvin\u011bn\u00fd:<\/strong> nem\u00e1 d\u016fkazn\u00ed b\u0159emeno; sm\u00ed poukazovat na <strong>pochybnosti o rozpoznatelnosti, p\u0159im\u011b\u0159enosti nebo kauzalit\u011b<\/strong> a upozor\u0148ovat na <strong>z\u00e1kazy pou\u017eit\u00ed d\u016fkaz\u016f nebo mezery<\/strong>.<\/li>\n<\/ul>\n\n<p class=\"wp-block-paragraph\"><strong>Typick\u00e9 d\u016fkazy:<\/strong> l\u00e9ka\u0159sk\u00e9 n\u00e1lezy\/sn\u00edmky, neutr\u00e1ln\u00ed sv\u011bdci, video\/CCTV\/Bodycam, stopy, digit\u00e1ln\u00ed data (\u010das\/m\u00edsto\/metadata), znaleck\u00e9 rekonstrukce.<\/p>\n    <div class=\"mr-quote mrbg clearfix\">\n        <a class=\"mr-quote-person\" href=\"\/ueber-uns\/rechtsanwalt-peter-harlander\/\" title=\"Rechtsanwalt Peter Harlander\">\n            <img decoding=\"async\" class=\"mr-quote-person-img\" src=\"https:\/\/harlander-partner.eu\/wp-content\/themes\/harlander\/design\/ph100.webp\" width=\"100\"\n                 height=\"100\" loading=\"lazy\" alt=\"Rechtsanwalt Peter Harlander\">\n            <span class=\"mr-quote-person-text\">\n            Peter Harlander<br>\n            <span class=\"mr-quote-person-function\">Harlander &amp; Partner Rechtsanw\u00e4lte<\/span>\n        <\/span>\n        <\/a>\n        <span class=\"mr-quote-content\">\u201eWer flieht, anstatt zu helfen, trifft keine moralische, sondern eine strafrechtliche Entscheidung.\u201c<\/span>\n    <\/div>\n<a class=\"mr-cta-link mr-cta-button-cal\" href=\"#h2-booking\" title=\"Bezplatn\u00e1 \u00favodn\u00ed konzultace\"><span class=\"mr-cta-link-normal\">Vyberte si po\u017eadovan\u00fd term\u00edn:<\/span><span class=\"mr-cta-link-bold\">Bezplatn\u00e1 \u00favodn\u00ed konzultace<\/span><\/a>\n\n<h2 class=\"wp-block-heading\" id=\"h-praxisbeispiele\">P\u0159\u00edklady z praxe<\/h2>\n\n<ul class=\"wp-block-list\"><\/ul>\n\n<ul class=\"wp-block-list\">\n<li><strong>\u00dat\u011bk po ubl\u00ed\u017een\u00ed na zdrav\u00ed:<\/strong> Po h\u00e1dce z\u016fstane ob\u011b\u0165 t\u011b\u017ece zran\u011bn\u00e1 le\u017eet na zemi. Pachatel situaci rozpozn\u00e1, nezavol\u00e1 v\u0161ak t\u00eds\u0148ovou linku a vzd\u00e1l\u00ed se. Jedn\u00e1 se o <strong>neposkytnut\u00ed pomoci zran\u011bn\u00e9mu<\/strong>.  <\/li>\n\n\n\n<li><strong>Ujet\u00ed z m\u00edsta nehody:<\/strong> \u0158idi\u010dka sraz\u00ed chodce, rozpozn\u00e1 zran\u011bn\u00ed a pokra\u010duje v j\u00edzd\u011b, ani\u017e by zorganizovala pomoc. <\/li>\n\n\n\n<li><strong>Nehoda p\u0159i volno\u010dasov\u00e9 aktivit\u011b:<\/strong> Po p\u00e1du p\u0159i lezen\u00ed si spole\u010dn\u00edk v\u0161imne p\u0159\u00edznak\u016f ochrnut\u00ed, ale nic nepodnikne. Neposkytnut\u00ed <strong>okam\u017eit\u00e9ho zalarmov\u00e1n\u00ed z\u00e1chrann\u00fdch slo\u017eek<\/strong> je trestn\u00e9. <\/li>\n\n\n\n<li><strong>Zran\u011bn\u00ed v pracovn\u00edm prost\u0159ed\u00ed:<\/strong> P\u0159i nebezpe\u010dn\u00e9m pracovn\u00edm postupu je zran\u011bn kolega. Odpov\u011bdn\u00e1 osoba opust\u00ed d\u00edlnu, ani\u017e by poskytla prvn\u00ed pomoc nebo p\u0159ivolala pomoc. I zde se jedn\u00e1 o <strong>neposkytnut\u00ed pomoci zran\u011bn\u00e9mu<\/strong>.  <\/li>\n\n\n\n<li><strong>Nep\u0159im\u011b\u0159enost pomoci:<\/strong> Osoba je zran\u011bna p\u0159i po\u017e\u00e1ru. P\u016fvodce by mohl pomoci pouze t\u00edm, \u017ee by se s\u00e1m vystavil \u017eivotn\u00edmu nebezpe\u010d\u00ed. V tomto p\u0159\u00edpad\u011b nen\u00ed poskytnut\u00ed pomoci <strong>p\u0159im\u011b\u0159en\u00e9<\/strong>, a proto nen\u00ed trestn\u011bpr\u00e1vn\u011b vy\u017eadov\u00e1no.  <\/li>\n<\/ul>\n\n<h2 class=\"wp-block-heading\" id=\"h-subjektiver-tatbestand\">Subjektivn\u00ed skutkov\u00e1 podstata<\/h2>\n\n<p class=\"wp-block-paragraph\">Subjektivn\u00ed skutkov\u00e1 podstata neposkytnut\u00ed pomoci vy\u017eaduje <strong>\u00famysl<\/strong>. Pachatel mus\u00ed v\u011bd\u011bt nebo alespo\u0148 v\u00e1\u017en\u011b p\u0159ipou\u0161t\u011bt, \u017ee zp\u016fsobil zran\u011bn\u00ed, \u017ee zran\u011bn\u00e1 osoba <strong>pot\u0159ebuje pomoc<\/strong>, \u017ee pomoc by byla <strong>mo\u017en\u00e1 a p\u0159im\u011b\u0159en\u00e1<\/strong>, a p\u0159esto se v\u011bdom\u011b rozhodne nic ned\u011blat. <\/p>\n\n<p class=\"wp-block-paragraph\">\u00damysl zhor\u0161it n\u00e1sledky nen\u00ed nutn\u00fd. Posta\u010d\u00ed, pokud pachatel <strong>z\u016fstane lhostejn\u00fd nebo v\u011bdom\u011b ne\u010dinn\u00fd<\/strong>, a\u010dkoli je mu nouzov\u00e1 situace z\u0159ejm\u00e1. Kdo vid\u00ed ohro\u017een\u00ed a p\u0159esto nic nepodnikne, <strong>jedn\u00e1 \u00famysln\u011b<\/strong>.  <\/p>\n\n<p class=\"wp-block-paragraph\">\u00damysl nen\u00ed d\u00e1n, pokud situace <strong>objektivn\u011b nebyla rozpoznateln\u00e1 jako vy\u017eaduj\u00edc\u00ed pomoc<\/strong> nebo pokud n\u011bkdo nen\u00ed kr\u00e1tkodob\u011b schopen jednat z d\u016fvodu <strong>\u0161oku nebo p\u0159et\u00ed\u017een\u00ed<\/strong>. Rovn\u011b\u017e odpad\u00e1 \u00famysl, pokud byla pomoc <strong>skute\u010dn\u011b nemo\u017en\u00e1<\/strong> nebo <strong>nep\u0159im\u011b\u0159en\u00e1<\/strong>. <\/p>\n\n<p class=\"wp-block-paragraph\">Rozhoduj\u00edc\u00ed je, zda pachatel nebezpe\u010d\u00ed <strong>rozpozn\u00e1 nebo musel rozpoznat<\/strong> a v\u011bdom\u011b se rozhodne <strong>nepomoci<\/strong>, a\u010dkoli by k tomu byl povinen a schopen.<\/p>\n    <div class=\"mr-quote mrbg clearfix\">\n        <a class=\"mr-quote-person\" href=\"\/ueber-uns\/rechtsanwalt-peter-harlander\/\" title=\"Rechtsanwalt Peter Harlander\">\n            <img decoding=\"async\" class=\"mr-quote-person-img\" src=\"https:\/\/harlander-partner.eu\/wp-content\/themes\/harlander\/design\/ph100.webp\" width=\"100\"\n                 height=\"100\" loading=\"lazy\" alt=\"Rechtsanwalt Peter Harlander\">\n            <span class=\"mr-quote-person-text\">\n            Peter Harlander<br>\n            <span class=\"mr-quote-person-function\">Harlander &amp; Partner Rechtsanw\u00e4lte<\/span>\n        <\/span>\n        <\/a>\n        <span class=\"mr-quote-content\">\u201eSchuld beginnt dort, wo Hilfe m\u00f6glich und zumutbar gewesen w\u00e4re.\u201c<\/span>\n    <\/div>\n<a class=\"mr-cta-link mr-cta-button-cal\" href=\"#h2-booking\" title=\"Bezplatn\u00e1 \u00favodn\u00ed konzultace\"><span class=\"mr-cta-link-normal\">Vyberte si po\u017eadovan\u00fd term\u00edn:<\/span><span class=\"mr-cta-link-bold\">Bezplatn\u00e1 \u00favodn\u00ed konzultace<\/span><\/a>\n\n<h2 class=\"wp-block-heading\" id=\"h-schuld-amp-irrtumer\">Vina a omyly<\/h2>\n\n<ul class=\"wp-block-list\">\n<li><strong><a href=\"https:\/\/harlander-partner.eu\/cs\/trestni-pravo\/pravni-omyl\/\" target=\"_blank\" rel=\"noreferrer noopener\">Omluviteln\u00fd omyl<\/a>:<\/strong> Omlouv\u00e1 pouze tehdy, pokud byl omyl <strong>neodvratiteln\u00fd<\/strong>. Ka\u017ed\u00fd je povinen se <strong>sezn\u00e1mit s pr\u00e1vn\u00ed situac\u00ed<\/strong>. <\/li>\n\n\n\n<li><strong>Princip zavin\u011bn\u00ed:<\/strong> Trestn\u00fd je pouze ten, kdo jedn\u00e1 <strong>zavin\u011bn\u011b<\/strong>; nedbalost p\u0159edpokl\u00e1d\u00e1 <strong>p\u0159edv\u00eddatelnost a odvratitelnost<\/strong> n\u00e1sledku.<\/li>\n\n\n\n<li><strong>Nep\u0159\u00ed\u010detnost:<\/strong> \u017d\u00e1dn\u00e9 zavin\u011bn\u00ed p\u0159i <strong>z\u00e1va\u017en\u00e9 du\u0161evn\u00ed poru\u0161e<\/strong> nebo <strong>chorobn\u00e9m naru\u0161en\u00ed schopnosti ovl\u00e1d\u00e1n\u00ed<\/strong>. Pokud existuj\u00ed indicie, je t\u0159eba z\u00edskat <strong>forenzn\u011b-psychiatrick\u00fd posudek<\/strong>. <\/li>\n\n\n\n<li><strong><a href=\"https:\/\/harlander-partner.eu\/cs\/trestni-pravo\/omluvitelna-nouze\/\">Omluviteln\u00e1 nouze<\/a>:<\/strong> Plat\u00ed p\u0159i <strong>nep\u0159im\u011b\u0159enosti z\u00e1konn\u00e9ho chov\u00e1n\u00ed<\/strong> v <strong>extr\u00e9mn\u00ed t\u00edsni<\/strong>, nap\u0159\u00edklad pokud by pomoc nebo z\u00e1chrana v\u00e1\u017en\u011b ohrozila vlastn\u00ed \u017eivot.<\/li>\n\n\n\n<li><strong><a href=\"https:\/\/harlander-partner.eu\/cs\/trestni-pravo\/mylna-domnenka-o-existenci-okolnosti-vylucujici-protipravnost\/\">Domn\u011bl\u00e1 nutn\u00e1 obrana<\/a>:<\/strong> Omyl o existenci ospravedln\u011bn\u00ed <strong>vylu\u010duje \u00famysl<\/strong>, ale ponech\u00e1v\u00e1 <strong>nedbalost<\/strong> nedot\u010denou, pokud poru\u0161en\u00ed povinnosti p\u0159etrv\u00e1v\u00e1. I zde plat\u00ed: Kdo jedn\u00e1 prokazateln\u011b riskantn\u011b, nem\u016f\u017ee se odvol\u00e1vat na domn\u011bl\u00e1 ospravedln\u011bn\u00ed. <\/li>\n<\/ul>\n\n<h2 class=\"wp-block-heading\" id=\"h-strafaufhebung-amp-diversion\">Upu\u0161t\u011bn\u00ed od potrest\u00e1n\u00ed a odklon<\/h2>\n\n<h3 class=\"wp-block-heading\" id=\"h-rucktritt-vom-versuch\">Odstoupen\u00ed od pokusu<\/h3>\n\n<p class=\"wp-block-paragraph\"><a href=\"https:\/\/harlander-partner.eu\/cs\/trestni-pravo\/odstoupeni-od-pokusu\/\">Odstoupen\u00ed<\/a> od trestn\u00e9ho \u010dinu nen\u00ed u neposkytnut\u00ed pomoci zran\u011bn\u00e9mu v z\u00e1sad\u011b <strong>mo\u017en\u00e9<\/strong>, proto\u017ee \u010din je ji\u017e dokon\u00e1n <strong>poru\u0161en\u00edm povinnosti poskytnout pomoc<\/strong>.<br\/>Kdo v\u0161ak <strong>v\u010das a dobrovoln\u011b<\/strong> poskytne pomoc d\u0159\u00edve, ne\u017e nastanou z\u00e1va\u017en\u011bj\u0161\u00ed n\u00e1sledky, m\u016f\u017ee dos\u00e1hnout <strong>zm\u00edrn\u011bn\u00ed trestu<\/strong> nebo obvin\u011bn\u00ed v\u00fdrazn\u011b oslabit. Rozhoduj\u00edc\u00ed je <strong>okam\u017eik, \u00fa\u010dinnost n\u00e1sledn\u00e9 pomoci<\/strong> a <strong>z\u0159ejm\u00e9 pochopen\u00ed<\/strong>, \u017ee je t\u0159eba napravit poru\u0161en\u00ed povinnosti. <\/p>\n\n<h3 class=\"wp-block-heading\" id=\"h-diversion\">Diverze<\/h3>\n\n<p class=\"wp-block-paragraph\">Diverze p\u0159ich\u00e1z\u00ed v \u00favahu, pokud je <strong>vina mal\u00e1<\/strong>, <strong>skutkov\u00fd stav objasn\u011bn<\/strong> a <strong>obvin\u011bn\u00fd je kaj\u00edcn\u00fd<\/strong>. Mo\u017en\u00e1 opat\u0159en\u00ed jsou <strong>pen\u011b\u017eit\u00e9 pln\u011bn\u00ed<\/strong>, <strong>obecn\u011b prosp\u011b\u0161n\u00e9 pr\u00e1ce<\/strong>, <strong>proba\u010dn\u00ed dohled<\/strong> nebo <strong>narovn\u00e1n\u00ed<\/strong>. Pokud je \u0159\u00edzen\u00ed vy\u0159\u00edzeno diverz\u00ed, nedojde k <strong>odsouzen\u00ed<\/strong> ani k <strong>z\u00e1pisu do trestn\u00edho rejst\u0159\u00edku<\/strong>.  <\/p>\n\n<p class=\"wp-block-paragraph\">Diverze <strong>nen\u00ed mo\u017en\u00e1<\/strong>, pokud neposkytnut\u00ed pomoci vedlo k <strong>z\u00e1va\u017en\u00fdm n\u00e1sledk\u016fm<\/strong> nebo ke <strong>smrti zran\u011bn\u00e9ho<\/strong> nebo pachatel <strong>v\u011bdom\u011b uprchl<\/strong>, aby se vyhnul odpov\u011bdnosti. V m\u00e9n\u011b z\u00e1va\u017en\u00fdch p\u0159\u00edpadech v\u0161ak m\u016f\u017ee b\u00fdt p\u0159i <strong>dozn\u00e1n\u00ed, pochopen\u00ed a aktivn\u00ed n\u00e1hrad\u011b \u0161kody<\/strong> v\u011bcn\u011b spr\u00e1vn\u00fdm \u0159e\u0161en\u00edm bez soudn\u00edho odsouzen\u00ed. <\/p>\n    <div class=\"mr-quote mrbg clearfix\">\n        <a class=\"mr-quote-person\" href=\"\/ueber-uns\/rechtsanwalt-peter-harlander\/\" title=\"Rechtsanwalt Peter Harlander\">\n            <img decoding=\"async\" class=\"mr-quote-person-img\" src=\"https:\/\/harlander-partner.eu\/wp-content\/themes\/harlander\/design\/ph100.webp\" width=\"100\"\n                 height=\"100\" loading=\"lazy\" alt=\"Rechtsanwalt Peter Harlander\">\n            <span class=\"mr-quote-person-text\">\n            Peter Harlander<br>\n            <span class=\"mr-quote-person-function\">Harlander &amp; Partner Rechtsanw\u00e4lte<\/span>\n        <\/span>\n        <\/a>\n        <span class=\"mr-quote-content\">\u201eBei der Strafzumessung z\u00e4hlt, ob jemand Verantwortung \u00fcbernimmt oder sie in einem entscheidenden Moment verweigert.\u201c<\/span>\n    <\/div>\n<a class=\"mr-cta-link mr-cta-button-cal\" href=\"#h2-booking\" title=\"Bezplatn\u00e1 \u00favodn\u00ed konzultace\"><span class=\"mr-cta-link-normal\">Vyberte si po\u017eadovan\u00fd term\u00edn:<\/span><span class=\"mr-cta-link-bold\">Bezplatn\u00e1 \u00favodn\u00ed konzultace<\/span><\/a>\n\n<h2 class=\"wp-block-heading\" id=\"h-strafzumessung-amp-folgen\">Vym\u011b\u0159en\u00ed trestu a n\u00e1sledky<\/h2>\n\n<p class=\"wp-block-paragraph\">V\u00fd\u0161e trestu za neposkytnut\u00ed pomoci zran\u011bn\u00e9mu se \u0159\u00edd\u00ed <strong>z\u00e1va\u017enost\u00ed poru\u0161en\u00ed povinnosti<\/strong>, <strong>nast\u00e1l\u00fdmi n\u00e1sledky<\/strong> a <strong>osobn\u00edm zavin\u011bn\u00edm<\/strong>. Rozhoduj\u00edc\u00ed je, zda pachatel nebezpe\u010d\u00ed rozpoznal a v\u011bdom\u011b ho ignoroval, nebo zda z\u016fstal ne\u010dinn\u00fd pouze z d\u016fvodu \u0161oku, strachu nebo chybn\u00e9 reakce. Rozhoduj\u00edc\u00ed je tak\u00e9 chov\u00e1n\u00ed po \u010dinu, schopnost pochopen\u00ed a ochota k n\u00e1prav\u011b.  <\/p>\n\n<p class=\"wp-block-paragraph\"><strong>P\u0159it\u011b\u017euj\u00edc\u00ed okolnosti<\/strong> existuj\u00ed zejm\u00e9na tehdy, pokud<\/p>\n\n<ul class=\"wp-block-list\">\n<li>pachatel <strong>uprchne<\/strong>, m\u00edsto aby poskytl pomoc,<\/li>\n\n\n\n<li>ob\u011b\u0165 je <strong>v\u011bdom\u011b ponech\u00e1na bez pomoci<\/strong>,<\/li>\n\n\n\n<li>neposkytnut\u00ed pomoci m\u00e1 <strong>z\u00e1va\u017en\u00e9 nebo smrteln\u00e9 n\u00e1sledky<\/strong>,<\/li>\n\n\n\n<li>nebo byl pachatel ji\u017e <strong>kv\u016fli podobn\u00fdm poru\u0161en\u00edm povinnost\u00ed<\/strong> n\u00e1padn\u00fd.<\/li>\n<\/ul>\n\n<p class=\"wp-block-paragraph\"><strong>Poleh\u010duj\u00edc\u00ed okolnosti<\/strong> jsou nap\u0159\u00edklad<\/p>\n\n<ul class=\"wp-block-list\">\n<li><strong>bez\u00fahonnost<\/strong>,<\/li>\n\n\n\n<li><strong>dozn\u00e1n\u00ed nebo zn\u00e1mky up\u0159\u00edmn\u00e9 l\u00edtosti<\/strong>,<\/li>\n\n\n\n<li><strong>pozd\u011bj\u0161\u00ed n\u00e1hrada \u0161kody nebo poskytnut\u00ed pomoci<\/strong>,<\/li>\n\n\n\n<li><strong>\u0161okov\u00e1 nebo v\u00fdjime\u010dn\u00e1 situace<\/strong> b\u011bhem ud\u00e1losti,<\/li>\n\n\n\n<li>nebo <strong>p\u0159\u00edli\u0161 dlouh\u00e1 doba trv\u00e1n\u00ed trestn\u00edho \u0159\u00edzen\u00ed<\/strong>.<\/li>\n<\/ul>\n\n<p class=\"wp-block-paragraph\">Rakousk\u00e9 trestn\u00ed pr\u00e1vo stanov\u00ed u pen\u011b\u017eit\u00fdch trest\u016f <strong>syst\u00e9m denn\u00edch sazeb<\/strong>.<br\/> <strong>Po\u010det denn\u00edch sazeb<\/strong> se \u0159\u00edd\u00ed <strong>z\u00e1va\u017enost\u00ed viny<\/strong>, <strong>jednotliv\u00e1 denn\u00ed sazba<\/strong> se \u0159\u00edd\u00ed <strong>p\u0159\u00edjmov\u00fdmi pom\u011bry<\/strong>. T\u00edm z\u016fst\u00e1v\u00e1 trest pro v\u0161echny srovnateln\u011b citeln\u00fd. Pokud nen\u00ed zaplacen, m\u016f\u017ee b\u00fdt ulo\u017een <strong>n\u00e1hradn\u00ed trest odn\u011bt\u00ed svobody<\/strong>.  <\/p>\n\n<p class=\"wp-block-paragraph\"><strong>Trest odn\u011bt\u00ed svobody<\/strong> m\u016f\u017ee b\u00fdt <strong>zcela nebo \u010d\u00e1ste\u010dn\u011b podm\u00edn\u011bn\u011b odlo\u017een<\/strong>, pokud <strong>nep\u0159esahuje dva roky<\/strong> a existuje <strong>pozitivn\u00ed soci\u00e1ln\u00ed progn\u00f3za<\/strong>. Odsouzen\u00fd pak z\u016fstane na svobod\u011b, mus\u00ed se v\u0161ak osv\u011bd\u010dit v <strong>zku\u0161ebn\u00ed dob\u011b od jednoho do t\u0159\u00ed let<\/strong>. Po jej\u00edm uplynut\u00ed se trest p\u0159i dodr\u017een\u00ed v\u0161ech podm\u00ednek pova\u017euje za <strong>definitivn\u011b odlo\u017een\u00fd<\/strong>.  <\/p>\n\n<p class=\"wp-block-paragraph\">Soud m\u016f\u017ee ulo\u017eit <strong>pokyny<\/strong>, nap\u0159\u00edklad k <strong>n\u00e1hrad\u011b \u0161kody<\/strong>, k <strong>\u00fa\u010dasti na kurzu prvn\u00ed pomoci nebo terapii<\/strong>, nebo m\u016f\u017ee na\u0159\u00eddit <strong>proba\u010dn\u00ed dohled<\/strong>. Tato opat\u0159en\u00ed slou\u017e\u00ed k <strong>zamezen\u00ed budouc\u00edm poru\u0161en\u00edm povinnost\u00ed<\/strong> a podporuj\u00ed <strong>stabiln\u00ed soci\u00e1ln\u00ed reintegraci<\/strong>. <\/p>\n\n<h2 class=\"wp-block-heading\" id=\"h-strafrahmen\">Trestn\u00ed sazba<\/h2>\n\n<p class=\"wp-block-paragraph\">U neposkytnut\u00ed pomoci zran\u011bn\u00e9mu z\u00e1vis\u00ed trest na <strong>rozsahu n\u00e1sledk\u016f<\/strong>:<\/p>\n\n<ul class=\"wp-block-list\">\n<li><strong>Z\u00e1kladn\u00ed skutkov\u00e1 podstata:<\/strong> Trest odn\u011bt\u00ed svobody a\u017e na <strong>jeden rok<\/strong> nebo pen\u011b\u017eit\u00fd trest a\u017e do v\u00fd\u0161e <strong>720 denn\u00edch sazeb<\/strong>.<\/li>\n\n\n\n<li><strong>T\u011b\u017ek\u00e9 ubl\u00ed\u017een\u00ed na zdrav\u00ed:<\/strong> Trest odn\u011bt\u00ed svobody a\u017e na <strong>dva roky<\/strong>.<\/li>\n\n\n\n<li><strong>N\u00e1sledek smrti:<\/strong> Trest odn\u011bt\u00ed svobody a\u017e na <strong>t\u0159i roky<\/strong>.<\/li>\n<\/ul>\n\n<p class=\"wp-block-paragraph\">Trestn\u00ed sazba zohled\u0148uje, \u017ee se nejedn\u00e1 o aktivn\u00ed jedn\u00e1n\u00ed, kter\u00fdm se zp\u016fsob\u00ed zran\u011bn\u00ed, n\u00fdbr\u017e o <strong>neposkytnut\u00ed pomoci p\u0159i st\u00e1vaj\u00edc\u00ed odpov\u011bdnosti<\/strong>. P\u0159esto m\u00e1 chov\u00e1n\u00ed z\u00e1va\u017en\u00fd dopad, proto\u017ee znamen\u00e1 <strong>v\u011bdom\u00e9 ponech\u00e1n\u00ed \u010dlov\u011bka v ohro\u017een\u00ed \u017eivota<\/strong>. <\/p>\n\n<h2 class=\"wp-block-heading\" id=\"h-geldstrafe-tagessatzsystem\">Pen\u011b\u017eit\u00fd trest \u2013 syst\u00e9m denn\u00edch sazeb<\/h2>\n\n<ul class=\"wp-block-list\">\n<li><strong>Rozp\u011bt\u00ed:<\/strong> do <strong>720 denn\u00edch sazeb<\/strong> (po\u010det denn\u00edch sazeb = m\u00edra zavin\u011bn\u00ed; \u010d\u00e1stka\/den = platebn\u00ed schopnost; min. 4,00\u00a0\u20ac, max. 5\u00a0000,00\u00a0\u20ac).<\/li>\n\n\n\n<li><strong>Praktick\u00fd vzorec:<\/strong> 6 m\u011bs\u00edc\u016f trestu odn\u011bt\u00ed svobody \u2248 <strong>360 denn\u00edch sazeb<\/strong> (orientace, nikoli sch\u00e9ma).<\/li>\n\n\n\n<li><strong>Nevymo\u017eitelnost:<\/strong> N\u00e1hradn\u00ed trest odn\u011bt\u00ed svobody (zpravidla plat\u00ed: 1 den n\u00e1hradn\u00edho trestu odn\u011bt\u00ed svobody = 2 denn\u00ed sazby).<\/li>\n<\/ul>\n\n<h2 class=\"wp-block-heading\" id=\"h-freiheitsstrafe-amp-teil-bedingte-nachsicht\">Trest odn\u011bt\u00ed svobody a (\u010d\u00e1ste\u010dn\u011b) podm\u00edn\u011bn\u00e9 odlo\u017een\u00ed<\/h2>\n\n<p class=\"wp-block-paragraph\">\u00a7 37 StGB: Pokud z\u00e1konn\u00e1 trestn\u00ed sazba dosahuje <strong>a\u017e p\u011bti let trestu odn\u011bt\u00ed svobody<\/strong>, m\u00e1 soud nam\u00edsto kr\u00e1tk\u00e9ho trestu odn\u011bt\u00ed svobody v d\u00e9lce nejv\u00fd\u0161e jednoho roku ulo\u017eit <strong>pen\u011b\u017eit\u00fd trest<\/strong>. Toto ustanoven\u00ed je v\u00fdznamn\u00e9 i u <strong>neposkytnut\u00ed pomoci zran\u011bn\u00e9mu<\/strong>, proto\u017ee v jednodu\u0161\u0161\u00edch p\u0159\u00edpadech zabra\u0148uje trestu odn\u011bt\u00ed svobody, pokud proti tomu nehovo\u0159\u00ed \u017e\u00e1dn\u00e9 speci\u00e1ln\u00ed nebo gener\u00e1ln\u00ed preventivn\u00ed d\u016fvody. <\/p>\n\n<p class=\"wp-block-paragraph\">\u00a7 43 StGB: Trest odn\u011bt\u00ed svobody m\u016f\u017ee b\u00fdt <strong>podm\u00edn\u011bn\u011b odlo\u017een<\/strong>, pokud <strong>nep\u0159esahuje dva roky<\/strong> a odsouzen\u00e9mu je potvrzena <strong>pozitivn\u00ed soci\u00e1ln\u00ed progn\u00f3za<\/strong>. <strong>Zku\u0161ebn\u00ed doba \u010din\u00ed jeden a\u017e t\u0159i roky<\/strong>. Pokud je absolvov\u00e1na bez odvol\u00e1n\u00ed, pova\u017euje se trest za <strong>definitivn\u011b odlo\u017een\u00fd<\/strong>.  <\/p>\n\n<p class=\"wp-block-paragraph\">\u00a7 43a StGB: \u010c\u00e1ste\u010dn\u011b podm\u00edn\u011bn\u00e9 prominut\u00ed trestu umo\u017e\u0148uje <strong>kombinaci nepodm\u00edn\u011bn\u00e9 a podm\u00edn\u011bn\u00e9 \u010d\u00e1sti trestu<\/strong>. U trest\u016f odn\u011bt\u00ed svobody v d\u00e9lce <strong>v\u00edce ne\u017e \u0161esti m\u011bs\u00edc\u016f a\u017e dvou let<\/strong> m\u016f\u017ee b\u00fdt \u010d\u00e1st podm\u00edn\u011bn\u011b prominuta nebo nahrazena <strong>pen\u011b\u017eit\u00fdm trestem a\u017e do v\u00fd\u0161e 720 denn\u00edch sazeb<\/strong>, pokud to odpov\u00edd\u00e1 okolnostem p\u0159\u00edpadu. <\/p>\n\n<p class=\"wp-block-paragraph\"><a href=\"https:\/\/harlander-partner.eu\/cs\/trestni-pravo\/probace-a-pokyny\/\" target=\"_blank\" rel=\"noreferrer noopener\">\u00a7\u00a7 50 a\u017e 52 StGB:<\/a> Soud m\u016f\u017ee dodate\u010dn\u011b ulo\u017eit <strong>pokyny<\/strong> a na\u0159\u00eddit <strong>proba\u010dn\u00ed dohled<\/strong>. Typick\u00e9 pokyny se t\u00fdkaj\u00ed <strong>n\u00e1hrady \u0161kody<\/strong>, <strong>terapie<\/strong>, <strong>z\u00e1kaz\u016f kontaktu nebo pobytu<\/strong>, jako\u017e i <strong>soci\u00e1ln\u00ed stabilizace<\/strong>. C\u00edlem je <strong>zamezen\u00ed dal\u0161\u00edm trestn\u00fdm \u010din\u016fm<\/strong> a podpora <strong>trval\u00e9ho dodr\u017eov\u00e1n\u00ed z\u00e1kon\u016f<\/strong>.  <\/p>\n\n<h2 class=\"wp-block-heading\" id=\"h-zustandigkeit-der-gerichte\">P\u0159\u00edslu\u0161nost soud\u016f<\/h2>\n\n<h3 class=\"wp-block-heading\" id=\"h-sachliche-zustandigkeit\">V\u011bcn\u00e1 p\u0159\u00edslu\u0161nost<\/h3>\n\n<p class=\"wp-block-paragraph\">P\u0159\u00edpady neposkytnut\u00ed pomoci zran\u011bn\u00e9mu spadaj\u00ed v z\u00e1vislosti na <strong>z\u00e1va\u017enosti n\u00e1sledku \u010dinu<\/strong> do r\u016fzn\u00fdch soudn\u00edch pravomoc\u00ed. O <strong>z\u00e1kladn\u00ed skutkov\u00e9 podstat\u011b<\/strong> rozhoduje <strong>okresn\u00ed soud<\/strong> prost\u0159ednictv\u00edm samosoudce, proto\u017ee trestn\u00ed sazba stanov\u00ed nejv\u00fd\u0161e jeden rok trestu odn\u011bt\u00ed svobody nebo pen\u011b\u017eit\u00fd trest.<br\/>Pokud v d\u016fsledku neposkytnut\u00ed pomoci dojde k <strong>t\u011b\u017ek\u00e9mu ubl\u00ed\u017een\u00ed na zdrav\u00ed<\/strong> nebo <strong>n\u00e1sledku smrti<\/strong>, je p\u0159\u00edslu\u0161n\u00fd <strong>krajsk\u00fd soud<\/strong>, rovn\u011b\u017e se samosoudcem.<br\/>Sen\u00e1t nebo porotn\u00ed soud nen\u00ed stanoven, proto\u017ee trestn\u00ed sazba \u010din\u00ed nejv\u00fd\u0161e t\u0159i roky trestu odn\u011bt\u00ed svobody. <\/p>\n\n<h3 class=\"wp-block-heading\" id=\"h-ortliche-zustandigkeit\">M\u00edstn\u00ed p\u0159\u00edslu\u0161nost<\/h3>\n\n<p class=\"wp-block-paragraph\">P\u0159\u00edslu\u0161n\u00fd je v z\u00e1sad\u011b <strong>soud m\u00edsta \u010dinu<\/strong>, tedy ten, v jeho\u017e obvodu bylo <strong>neposkytnut\u00ed pomoci<\/strong> sp\u00e1ch\u00e1no nebo nastaly jeho <strong>n\u00e1sledky<\/strong>.<br\/>Pokud nelze m\u00edsto \u010dinu jednozna\u010dn\u011b ur\u010dit, \u0159\u00edd\u00ed se p\u0159\u00edslu\u0161nost <strong>bydli\u0161t\u011bm obvin\u011bn\u00e9ho<\/strong>, <strong>m\u00edstem zat\u010den\u00ed<\/strong> nebo <strong>s\u00eddlem st\u00e1tn\u00edho zastupitelstv\u00ed<\/strong>.<br\/>\u0158\u00edzen\u00ed se vede v tom m\u00edst\u011b, kter\u00e9 se jev\u00ed jako <strong>\u00fa\u010deln\u00e9 a v\u011bcn\u011b spr\u00e1vn\u00e9<\/strong>.<\/p>\n\n<h3 class=\"wp-block-heading\" id=\"h-instanzenzug\">Instan\u010dn\u00ed postup<\/h3>\n\n<p class=\"wp-block-paragraph\">Proti rozsudk\u016fm <strong>okresn\u00edho soudu<\/strong> je p\u0159\u00edpustn\u00e9 <strong>odvol\u00e1n\u00ed ke krajsk\u00e9mu soudu<\/strong>. Proti rozhodnut\u00edm <strong>krajsk\u00e9ho soudu<\/strong> se lze odvolat <strong>odvol\u00e1n\u00edm nebo st\u00ed\u017enost\u00ed pro poru\u0161en\u00ed z\u00e1kona<\/strong> k <strong>vrchn\u00edmu soudu<\/strong> nebo k <strong>Nejvy\u0161\u0161\u00edmu soudu<\/strong>. <\/p>\n\n<h2 class=\"wp-block-heading\" id=\"h-zivilanspruche-im-strafverfahren\">Ob\u010danskopr\u00e1vn\u00ed n\u00e1roky v trestn\u00edm \u0159\u00edzen\u00ed<\/h2>\n\n<p class=\"wp-block-paragraph\">P\u0159i opu\u0161t\u011bn\u00ed zran\u011bn\u00e9 osoby mohou <strong>po\u0161kozen\u00e9 osoby nebo poz\u016fstal\u00ed<\/strong> uplatnit sv\u00e9 <strong>ob\u010danskopr\u00e1vn\u00ed n\u00e1roky p\u0159\u00edmo v trestn\u00edm \u0159\u00edzen\u00ed<\/strong>. Mezi n\u011b pat\u0159\u00ed <strong>n\u00e1klady na l\u00e9ka\u0159skou p\u00e9\u010di a l\u00e9\u010dbu<\/strong>, <strong>bolestn\u00e9<\/strong>, <strong>u\u0161l\u00fd zisk<\/strong>, <strong>n\u00e1klady na poh\u0159eb<\/strong>, <strong>v\u00fdpadek v\u00fd\u017eivy<\/strong> a <strong>du\u0161evn\u00ed utrpen\u00ed<\/strong>. <\/p>\n\n<p class=\"wp-block-paragraph\">D\u00edky <strong>p\u0159ipojen\u00ed soukrom\u00e9ho \u00fa\u010dastn\u00edka<\/strong> je <strong>proml\u010den\u00ed<\/strong> t\u011bchto n\u00e1rok\u016f <strong>po dobu trv\u00e1n\u00ed trestn\u00edho \u0159\u00edzen\u00ed pozastaveno<\/strong>. Teprve po skon\u010den\u00ed trestn\u00edho \u0159\u00edzen\u00ed b\u011b\u017e\u00ed lh\u016fta d\u00e1le, pokud n\u00e1rok <strong>nebyl zcela p\u0159izn\u00e1n<\/strong>. <\/p>\n\n<p class=\"wp-block-paragraph\"><strong>Dobrovoln\u00e1 n\u00e1hrada \u0161kody<\/strong> nebo <strong>dohoda se zran\u011bn\u00fdm nebo s p\u0159\u00edbuzn\u00fdmi<\/strong> m\u016f\u017ee m\u00edt <strong>zm\u00edr\u0148uj\u00edc\u00ed vliv na v\u00fd\u0161i trestu<\/strong>, pokud k n\u00ed dojde <strong>v\u010das a up\u0159\u00edmn\u011b<\/strong>. Pokud se v\u0161ak zjist\u00ed, \u017ee pachatel <strong>v\u011bdom\u011b z\u016fstal ne\u010dinn\u00fd<\/strong> nebo <strong>t\u00edse\u0148 zhor\u0161il<\/strong>, ztr\u00e1c\u00ed tato okolnost sv\u016fj <strong>\u00fa\u010dinek zm\u00edr\u0148uj\u00edc\u00ed trest<\/strong>. <\/p>\n<a class=\"mr-cta-link mr-cta-button-cal\" href=\"#h2-booking\" title=\"Bezplatn\u00e1 \u00favodn\u00ed konzultace\"><span class=\"mr-cta-link-normal\">Vyberte si po\u017eadovan\u00fd term\u00edn:<\/span><span class=\"mr-cta-link-bold\">Bezplatn\u00e1 \u00favodn\u00ed konzultace<\/span><\/a>\n\n<h2 class=\"wp-block-heading\" id=\"h-strafverfahren-im-uberblick\">P\u0159ehled trestn\u00edho \u0159\u00edzen\u00ed<\/h2>\n\n<ul class=\"wp-block-list\">\n<li><strong>Zah\u00e1jen\u00ed vy\u0161et\u0159ov\u00e1n\u00ed:<\/strong> Postaven\u00ed obvin\u011bn\u00e9ho p\u0159i konkr\u00e9tn\u00edm podez\u0159en\u00ed; od t\u00e9 doby pln\u00e1 pr\u00e1va obvin\u011bn\u00e9ho.<\/li>\n\n\n\n<li><strong>Policie\/st\u00e1tn\u00ed zastupitelstv\u00ed:<\/strong> St\u00e1tn\u00ed zastupitelstv\u00ed vede, krimin\u00e1ln\u00ed policie vy\u0161et\u0159uje; c\u00edl: zastaven\u00ed \u0159\u00edzen\u00ed, odklon nebo ob\u017ealoba.<\/li>\n\n\n\n<li><strong>V\u00fdslech obvin\u011bn\u00e9ho:<\/strong> Pou\u010den\u00ed p\u0159edem; p\u0159ibr\u00e1n\u00ed obh\u00e1jce vede k odkladu; pr\u00e1vo nevypov\u00eddat z\u016fst\u00e1v\u00e1.<\/li>\n\n\n\n<li><strong>Nahl\u00ed\u017een\u00ed do spisu:<\/strong> u policie\/st\u00e1tn\u00edho zastupitelstv\u00ed\/soudu; zahrnuje i d\u016fkazn\u00ed prost\u0159edky (pokud nen\u00ed ohro\u017een \u00fa\u010del vy\u0161et\u0159ov\u00e1n\u00ed).<\/li>\n\n\n\n<li><strong>Hlavn\u00ed l\u00ed\u010den\u00ed:<\/strong> \u00fastn\u00ed dokazov\u00e1n\u00ed, rozsudek; rozhodnut\u00ed o n\u00e1roc\u00edch soukrom\u00fdch \u00fa\u010dastn\u00edk\u016f.<\/li>\n<\/ul>\n\n<h2 class=\"wp-block-heading\" id=\"h-beschuldigtenrechte\">Pr\u00e1va obvin\u011bn\u00e9ho<\/h2>\n\n<ul class=\"wp-block-list\">\n<li><strong>Informace &amp; obhajoba:<\/strong> Pr\u00e1vo na srozum\u011bn\u00ed, pr\u00e1vn\u00ed pomoc, svobodn\u00e1 volba obh\u00e1jce, pomoc s p\u0159ekladem, n\u00e1vrhy na proveden\u00ed d\u016fkaz\u016f.<\/li>\n\n\n\n<li><strong>Ml\u010den\u00ed &amp; advok\u00e1t:<\/strong> Pr\u00e1vo ml\u010det kdykoli; p\u0159i p\u0159ibr\u00e1n\u00ed obh\u00e1jce je t\u0159eba v\u00fdslech odlo\u017eit.<\/li>\n\n\n\n<li><strong>Povinnost pou\u010dit:<\/strong> v\u010dasn\u00e9 informace o podez\u0159en\u00ed\/pr\u00e1vech; v\u00fdjimky pouze k zaji\u0161t\u011bn\u00ed \u00fa\u010delu vy\u0161et\u0159ov\u00e1n\u00ed.<\/li>\n\n\n\n<li><strong>Nahl\u00ed\u017een\u00ed do spisu v praxi:<\/strong> Vy\u0161et\u0159ovac\u00ed a hlavn\u00ed spisy; nahl\u00ed\u017een\u00ed t\u0159et\u00edch osob omezeno ve prosp\u011bch obvin\u011bn\u00e9ho.<\/li>\n<\/ul>\n<a class=\"mr-cta-link mr-cta-button-cal\" href=\"#h2-booking\" title=\"Bezplatn\u00e1 \u00favodn\u00ed konzultace\"><span class=\"mr-cta-link-normal\">Vyberte si po\u017eadovan\u00fd term\u00edn:<\/span><span class=\"mr-cta-link-bold\">Bezplatn\u00e1 \u00favodn\u00ed konzultace<\/span><\/a>\n\n<h2 class=\"wp-block-heading\" id=\"h-praxis-amp-verhaltenstipps\">Praxe a tipy pro chov\u00e1n\u00ed<\/h2>\n\n<ol class=\"wp-block-list\">\n<li><strong>Zachovat ml\u010den\u00ed.<\/strong><br\/>Sta\u010d\u00ed kr\u00e1tk\u00e9 vysv\u011btlen\u00ed: \u201eVyu\u017e\u00edv\u00e1m sv\u00e9ho pr\u00e1va nevypov\u00eddat a nejprve se porad\u00edm se svou obhajobou.\u201c Toto pr\u00e1vo plat\u00ed ji\u017e od prvn\u00edho v\u00fdslechu polici\u00ed nebo st\u00e1tn\u00edm zastupitelstv\u00edm. <\/li>\n\n\n\n<li><strong>Neprodlen\u011b kontaktujte obhajobu.<\/strong><br\/>Bez nahl\u00e9dnut\u00ed do vy\u0161et\u0159ovac\u00edch spis\u016f by nem\u011blo b\u00fdt u\u010din\u011bno \u017e\u00e1dn\u00e9 prohl\u00e1\u0161en\u00ed. Teprve po nahl\u00e9dnut\u00ed do spisu m\u016f\u017ee obhajoba posoudit, jak\u00e1 strategie a jak\u00e9 zaji\u0161t\u011bn\u00ed d\u016fkaz\u016f jsou smyslupln\u00e9. <\/li>\n\n\n\n<li><strong>D\u016fkazy neprodlen\u011b zajist\u011bte.<\/strong><br\/>Nechte si vypracovat l\u00e9ka\u0159sk\u00e9 n\u00e1lezy, fotografie s datem a m\u011b\u0159\u00edtkem, p\u0159\u00edpadn\u011b rentgenov\u00e9 nebo CT sn\u00edmky. Oble\u010den\u00ed, p\u0159edm\u011bty a digit\u00e1ln\u00ed z\u00e1znamy uchov\u00e1vejte odd\u011blen\u011b. Seznam sv\u011bdk\u016f a protokoly o pam\u011bti vytvo\u0159te nejpozd\u011bji do dvou dn\u016f.  <\/li>\n\n\n\n<li><strong>Nenavazujte kontakt s protistranou.<\/strong><br\/>Va\u0161e vlastn\u00ed zpr\u00e1vy, hovory nebo p\u0159\u00edsp\u011bvky mohou b\u00fdt pou\u017eity jako d\u016fkaz proti v\u00e1m. Ve\u0161ker\u00e1 komunikace by m\u011bla prob\u00edhat v\u00fdhradn\u011b prost\u0159ednictv\u00edm obhajoby. <\/li>\n\n\n\n<li><strong>Zajist\u011bte v\u010das video a datov\u00e9 z\u00e1znamy.<\/strong><br\/>Monitorovac\u00ed videa ve ve\u0159ejn\u00e9 doprav\u011b, v restaurac\u00edch nebo od spr\u00e1vc\u016f budov jsou \u010dasto po n\u011bkolika dnech automaticky smaz\u00e1na. \u017d\u00e1dosti o zaji\u0161t\u011bn\u00ed dat je proto nutn\u00e9 okam\u017eit\u011b podat provozovateli, policii nebo st\u00e1tn\u00edmu zastupitelstv\u00ed. <\/li>\n\n\n\n<li><strong>Prohl\u00eddky a zaji\u0161t\u011bn\u00ed dokumentujte.<\/strong><br\/>P\u0159i domovn\u00edch prohl\u00eddk\u00e1ch nebo zaji\u0161t\u011bn\u00ed byste si m\u011bli vy\u017e\u00e1dat kopii na\u0159\u00edzen\u00ed nebo z\u00e1pisu. Poznamenejte si datum, \u010das, z\u00fa\u010dastn\u011bn\u00e9 osoby a v\u0161echny odnesen\u00e9 p\u0159edm\u011bty. <\/li>\n\n\n\n<li><strong>P\u0159i zat\u010den\u00ed: \u017e\u00e1dn\u00e9 v\u00fdpov\u011bdi k v\u011bci.<\/strong><br\/>Trvejte na okam\u017eit\u00e9m uv\u011bdom\u011bn\u00ed va\u0161\u00ed obhajoby. Vazba sm\u00ed b\u00fdt ulo\u017eena pouze p\u0159i d\u016fvodn\u00e9m podez\u0159en\u00ed ze sp\u00e1ch\u00e1n\u00ed trestn\u00e9ho \u010dinu a dal\u0161\u00edm vazebn\u00edm d\u016fvodu. M\u00edrn\u011bj\u0161\u00ed prost\u0159edky (nap\u0159. slib, ohla\u0161ovac\u00ed povinnost, z\u00e1kaz kontaktu) maj\u00ed p\u0159ednost.  <\/li>\n\n\n\n<li><strong>N\u00e1hradu \u0161kody c\u00edlen\u011b p\u0159ipravte.<\/strong><br\/>Platby nebo nab\u00eddky od\u0161kodn\u011bn\u00ed by m\u011bly b\u00fdt vy\u0159izov\u00e1ny a dokl\u00e1d\u00e1ny v\u00fdhradn\u011b prost\u0159ednictv\u00edm obhajoby. Strukturovan\u00e1 n\u00e1hrada \u0161kody m\u00e1 pozitivn\u00ed vliv na odklon a stanoven\u00ed trestu. <\/li>\n<\/ol>\n    <div class=\"mr-quote mrbg clearfix\">\n        <a class=\"mr-quote-person\" href=\"\/ueber-uns\/rechtsanwalt-sebastian-riedlmair\/\" title=\"Rechtsanwalt Sebastian Riedlmair\">\n            <img decoding=\"async\" class=\"mr-quote-person-img\" src=\"https:\/\/harlander-partner.eu\/wp-content\/themes\/harlander\/design\/sr100.webp\" width=\"100\"\n                 height=\"100\" loading=\"lazy\" alt=\"Rechtsanwalt Sebastian Riedlmair\">\n            <span class=\"mr-quote-person-text\">\n            Sebastian Riedlmair<br>\n            <span class=\"mr-quote-person-function\">Harlander &amp; Partner Rechtsanw\u00e4lte<\/span>\n        <\/span>\n        <\/a>\n        <span class=\"mr-quote-content\">\u201eObjektive Befunde, neutrale Zeugen und gesicherte Videodaten tragen das Verfahren \u2013 nicht Vermutungen oder Erkl\u00e4rchats.\u201c<\/span>\n    <\/div>\n\n<h2 class=\"wp-block-heading\" id=\"h-ihre-vorteile-mit-anwaltlicher-unterstutzung\">Va\u0161e v\u00fdhody s pr\u00e1vn\u00ed podporou<\/h2>\n\n<p class=\"wp-block-paragraph\">\u0158\u00edzen\u00ed pro <strong>opu\u0161t\u011bn\u00ed zran\u011bn\u00e9 osoby<\/strong> pat\u0159\u00ed k z\u00e1va\u017en\u011bj\u0161\u00edm p\u0159\u00edpad\u016fm v oblasti trestn\u00fdch \u010din\u016f ubl\u00ed\u017een\u00ed na zdrav\u00ed. Takov\u00e9 situace \u010dasto vznikaj\u00ed v d\u016fsledku \u0161oku, p\u0159et\u00ed\u017een\u00ed nebo strachu z n\u00e1sledk\u016f. Co se zpo\u010d\u00e1tku jev\u00ed jako spont\u00e1nn\u00ed chybn\u00e1 reakce, m\u016f\u017ee m\u00edt z\u00e1va\u017en\u00e9 pr\u00e1vn\u00ed d\u016fsledky, pokud je zran\u011bn\u00e1 osoba ponech\u00e1na <strong>bez p\u0159im\u011b\u0159en\u00e9 pomoci<\/strong>.  <\/p>\n\n<p class=\"wp-block-paragraph\">Pr\u00e1vn\u00ed posouzen\u00ed z\u00e1vis\u00ed na tom, <strong>jak zjevn\u00e1 byla pot\u0159eba pomoci<\/strong>, <strong>jak\u00e1 opat\u0159en\u00ed byla mo\u017en\u00e1<\/strong> a <strong>zda opomenut\u00ed skute\u010dn\u011b p\u0159isp\u011blo ke \u0161kod\u011b<\/strong>. Ji\u017e mal\u00e9 rozd\u00edly ve <strong>v\u00fdpov\u011bd\u00edch sv\u011bdk\u016f<\/strong>, <strong>l\u00e9ka\u0159sk\u00fdch posudc\u00edch<\/strong> nebo <strong>digit\u00e1ln\u00edch d\u016fkazech<\/strong> mohou b\u00fdt rozhoduj\u00edc\u00ed. <\/p>\n\n<p class=\"wp-block-paragraph\"><strong>V\u010dasn\u00e9 pr\u00e1vn\u00ed zastoupen\u00ed<\/strong> je proto nepostradateln\u00e9. Pom\u00e1h\u00e1 rekonstruovat skute\u010dn\u00fd pr\u016fb\u011bh, v\u010das zajistit d\u016fkazy a opravit nep\u0159esn\u00e9 \u00fadaje. Pr\u00e1v\u011b ve stresov\u00fdch nebo nep\u0159ehledn\u00fdch situac\u00edch je <strong>fale\u0161n\u00e9 posouzen\u00ed chov\u00e1n\u00ed<\/strong> rychle mo\u017en\u00e9.  <\/p>\n\n<p class=\"wp-block-paragraph\"><strong>Na\u0161e advok\u00e1tn\u00ed kancel\u00e1\u0159<\/strong><\/p>\n\n<ul class=\"wp-block-list\">\n<li>zkoum\u00e1, zda skute\u010dn\u011b do\u0161lo k trestn\u00e9mu poru\u0161en\u00ed povinnosti, nebo zda pomoc <strong>nebyla p\u0159im\u011b\u0159en\u00e1 nebo objektivn\u011b nemo\u017en\u00e1<\/strong>,<\/li>\n\n\n\n<li>analyzuje <strong>policejn\u00ed zpr\u00e1vy, l\u00e9ka\u0159sk\u00e9 z\u00e1znamy a v\u00fdpov\u011bdi sv\u011bdk\u016f<\/strong> na rozpory,<\/li>\n\n\n\n<li>doprov\u00e1z\u00ed V\u00e1s cel\u00fdm vy\u0161et\u0159ovac\u00edm a soudn\u00edm \u0159\u00edzen\u00edm,<\/li>\n\n\n\n<li>vyv\u00edj\u00ed strategii obhajoby, kter\u00e1 va\u0161i <strong>situaci realisticky a srozumiteln\u011b<\/strong> prezentuje,<\/li>\n\n\n\n<li>a d\u016fsledn\u011b h\u00e1j\u00ed va\u0161e pr\u00e1va v\u016f\u010di <strong>policii, st\u00e1tn\u00edmu zastupitelstv\u00ed a soudu<\/strong>.<\/li>\n<\/ul>\n\n<p class=\"wp-block-paragraph\">Zku\u0161en\u00e1 obhajoba zajist\u00ed, aby <strong>\u0161okov\u00e9 reakce, chybn\u00e1 hodnocen\u00ed nebo p\u0159et\u00ed\u017een\u00ed<\/strong> nebyly ukvapen\u011b hodnoceny jako trestn\u00e9 opomenut\u00ed. Zajist\u00ed, aby va\u0161e chov\u00e1n\u00ed bylo posuzov\u00e1no ve spr\u00e1vn\u00e9m kontextu a aby \u0159\u00edzen\u00ed prob\u00edhalo <strong>spravedliv\u011b, objektivn\u011b a v souladu s pr\u00e1vn\u00edm st\u00e1tem<\/strong>. Z\u00edsk\u00e1te tak obhajobu s <strong>jasnou strukturou, odbornou preciznost\u00ed a osobn\u00ed strategi\u00ed<\/strong>, kter\u00e1 sm\u011b\u0159uje k <strong>spravedliv\u00e9mu a vyv\u00e1\u017een\u00e9mu v\u00fdsledku<\/strong>.  <\/p>\n    <div class=\"mr-quote mrbg clearfix\">\n        <a class=\"mr-quote-person\" href=\"\/ueber-uns\/rechtsanwalt-peter-harlander\/\" title=\"Rechtsanwalt Peter Harlander\">\n            <img decoding=\"async\" class=\"mr-quote-person-img\" src=\"https:\/\/harlander-partner.eu\/wp-content\/themes\/harlander\/design\/ph100.webp\" width=\"100\"\n                 height=\"100\" loading=\"lazy\" alt=\"Rechtsanwalt Peter Harlander\">\n            <span class=\"mr-quote-person-text\">\n            Peter Harlander<br>\n            <span class=\"mr-quote-person-function\">Harlander &amp; Partner Rechtsanw\u00e4lte<\/span>\n        <\/span>\n        <\/a>\n        <span class=\"mr-quote-content\">\u201eMachen Sie <strong>keine inhaltlichen Aussagen ohne vorherige R\u00fccksprache mit Ihrer Verteidigung<\/strong>. Sie haben jederzeit das Recht zu schweigen und eine Anw\u00e4ltin oder einen Anwalt beizuziehen. Dieses Recht gilt bereits bei der ersten polizeilichen Kontaktaufnahme. Erst nach <strong>Akteneinsicht<\/strong> l\u00e4sst sich kl\u00e4ren, ob und welche Einlassung sinnvoll ist.\u201c<\/span>\n    <\/div>\n<a class=\"mr-cta-link mr-cta-button-cal\" href=\"#h2-booking\" title=\"Bezplatn\u00e1 \u00favodn\u00ed konzultace\"><span class=\"mr-cta-link-normal\">Vyberte si po\u017eadovan\u00fd term\u00edn:<\/span><span class=\"mr-cta-link-bold\">Bezplatn\u00e1 \u00favodn\u00ed konzultace<\/span><\/a>\n\n<h2 class=\"wp-block-heading\" id=\"h-faq-haufig-gestellte-fragen\">FAQ \u2013 \u010casto kladen\u00e9 ot\u00e1zky<\/h2>\n<div class=\"wp-block-uagb-faq uagb-faq__outer-wrap uagb-block-FAQ-IMSTICHLASSEN uagb-faq-icon-row uagb-faq-layout-accordion uagb-faq-expand-first-true uagb-faq-inactive-other-true uagb-faq__wrap uagb-buttons-layout-wrap uagb-faq-equal-height     \" data-faqtoggle=\"true\" role=\"tablist\"><script type=\"application\/ld+json\">{\"@context\":\"https:\\\/\\\/schema.org\",\"@type\":\"FAQPage\",\"@id\":\"https:\\\/\\\/harlander-partner.eu\\\/cs\\\/trestni-pravo\\\/neposkytnuti-pomoci-zranenemu\\\/\",\"mainEntity\":[{\"@type\":\"Question\",\"name\":\"Co znamen\\u00e1 opu\\u0161t\\u011bn\\u00ed zran\\u011bn\\u00e9 osoby podle \\u00a7 94 StGB?\",\"acceptedAnswer\":{\"@type\":\"Answer\",\"text\":\"Opu\\u0161t\\u011bn\\u00ed zran\\u011bn\\u00e9 osoby nastane, pokud n\\u011bkdo zp\\u016fsob\\u00ed zran\\u011bn\\u00ed jin\\u00e9 osob\\u011b a t\\u00e9to osob\\u011b n\\u00e1sledn\\u011b neposkytne pot\\u0159ebnou a p\\u0159im\\u011b\\u0159enou pomoc, a\\u010dkoli je t\\u00edse\\u0148 zjevn\\u00e1 nebo by zjevn\\u00e1 b\\u00fdt m\\u011bla.\"}},{\"@type\":\"Question\",\"name\":\"Jsem trestn\\u00fd i v p\\u0159\\u00edpad\\u011b, \\u017ee nehoda byla ne\\u00famysln\\u00e1?\",\"acceptedAnswer\":{\"@type\":\"Answer\",\"text\":\"Ano. \\u00a7 94 StGB plat\\u00ed i pro ne\\u00famysln\\u00e1 nebo pr\\u00e1vn\\u011b zp\\u016fsoben\\u00e1 zran\\u011bn\\u00ed. Rozhoduj\\u00edc\\u00ed je, \\u017ee jste nebezpe\\u010dn\\u00fd stav zp\\u016fsobili a pot\\u00e9 jste opomenuli poskytnout p\\u0159im\\u011b\\u0159enou pomoc.  \"}},{\"@type\":\"Question\",\"name\":\"Co se pova\\u017euje za p\\u0159im\\u011b\\u0159enou pomoc?\",\"acceptedAnswer\":{\"@type\":\"Answer\",\"text\":\"P\\u0159im\\u011b\\u0159en\\u00e1 jsou jednoduch\\u00e1 opat\\u0159en\\u00ed, jako je zavol\\u00e1n\\u00ed z\\u00e1chrann\\u00e9 slu\\u017eby, poskytnut\\u00ed prvn\\u00ed pomoci v r\\u00e1mci vlastn\\u00edch znalost\\u00ed nebo po\\u017e\\u00e1d\\u00e1n\\u00ed jin\\u00fdch o pomoc. Nikdo nen\\u00ed povinen se s\\u00e1m vystavit zna\\u010dn\\u00e9mu nebezpe\\u010d\\u00ed. \"}},{\"@type\":\"Question\",\"name\":\"Sta\\u010d\\u00ed, kdy\\u017e zavol\\u00e1m z\\u00e1chrannou slu\\u017ebu?\",\"acceptedAnswer\":{\"@type\":\"Answer\",\"text\":\"V mnoha p\\u0159\\u00edpadech ano. Kdo neprodlen\\u011b zavol\\u00e1 z\\u00e1chrannou slu\\u017ebu a u\\u010din\\u00ed, co je v jeho sil\\u00e1ch, zpravidla spln\\u00ed svou povinnost pomoci. Dal\\u0161\\u00ed opat\\u0159en\\u00ed jsou nutn\\u00e1 pouze tehdy, pokud jsou mo\\u017en\\u00e1 bez vlastn\\u00edho rizika.  \"}},{\"@type\":\"Question\",\"name\":\"Dopou\\u0161t\\u00edm se trestn\\u00e9ho \\u010dinu, kdy\\u017e v panice odejdu?\",\"acceptedAnswer\":{\"@type\":\"Answer\",\"text\":\"Panika m\\u016f\\u017ee b\\u00fdt lidsky pochopiteln\\u00e1, ale nevylu\\u010duje automaticky trestn\\u00ed odpov\\u011bdnost. Pokud byla pot\\u0159eba pomoci zjevn\\u00e1 a vy se v\\u011bdom\\u011b vzd\\u00e1l\\u00edte, m\\u016f\\u017ee to b\\u00fdt hodnoceno jako opu\\u0161t\\u011bn\\u00ed a m\\u011blo by b\\u00fdt neprodlen\\u011b pr\\u00e1vn\\u011b p\\u0159ezkoum\\u00e1no. \"}},{\"@type\":\"Question\",\"name\":\"Kdy mi nen\\u00ed pomoc pr\\u00e1vn\\u011b p\\u0159im\\u011b\\u0159en\\u00e1?\",\"acceptedAnswer\":{\"@type\":\"Answer\",\"text\":\"Pomoc nen\\u00ed p\\u0159im\\u011b\\u0159en\\u00e1, pokud by byla mo\\u017en\\u00e1 pouze pod hrozbou vlastn\\u00ed smrti, z\\u00e1va\\u017en\\u00e9ho ubl\\u00ed\\u017een\\u00ed na zdrav\\u00ed nebo poru\\u0161en\\u00ed jin\\u00fdch p\\u0159eva\\u017euj\\u00edc\\u00edch povinnost\\u00ed. V takov\\u00fdch p\\u0159\\u00edpadech jste trestn\\u011bpr\\u00e1vn\\u011b omluveni. \"}},{\"@type\":\"Question\",\"name\":\"Jak\\u00fd trest hroz\\u00ed za opu\\u0161t\\u011bn\\u00ed zran\\u011bn\\u00e9 osoby?\",\"acceptedAnswer\":{\"@type\":\"Answer\",\"text\":\"Sazba se pohybuje a\\u017e do jednoho roku odn\\u011bt\\u00ed svobody nebo pen\\u011b\\u017eit\\u00e9ho trestu; v p\\u0159\\u00edpad\\u011b z\\u00e1va\\u017en\\u00fdch n\\u00e1sledk\\u016f a\\u017e do dvou let, v p\\u0159\\u00edpad\\u011b smrti a\\u017e do t\\u0159\\u00ed let. Konkr\\u00e9tn\\u00ed trest z\\u00e1vis\\u00ed na okolnostech jednotliv\\u00e9ho p\\u0159\\u00edpadu. \"}}]}<\/script><div class=\"wp-block-uagb-faq-child uagb-faq-child__outer-wrap uagb-faq-item uagb-block-IMSTICHLASSEN-Q1 \" role=\"tab\" tabindex=\"0\"><div class=\"uagb-faq-questions-button uagb-faq-questions\">\t\t\t<span class=\"uagb-icon uagb-faq-icon-wrap\">\n\t\t\t\t\t\t\t\t<svg xmlns=\"https:\/\/www.w3.org\/2000\/svg\" viewBox= \"0 0 448 512\"><path d=\"M432 256c0 17.69-14.33 32.01-32 32.01H256v144c0 17.69-14.33 31.99-32 31.99s-32-14.3-32-31.99v-144H48c-17.67 0-32-14.32-32-32.01s14.33-31.99 32-31.99H192v-144c0-17.69 14.33-32.01 32-32.01s32 14.32 32 32.01v144h144C417.7 224 432 238.3 432 256z\"><\/path><\/svg>\n\t\t\t\t\t\t\t<\/span>\n\t\t\t\t\t\t<span class=\"uagb-icon-active uagb-faq-icon-wrap\">\n\t\t\t\t\t\t\t\t<svg xmlns=\"https:\/\/www.w3.org\/2000\/svg\" viewBox= \"0 0 448 512\"><path d=\"M400 288h-352c-17.69 0-32-14.32-32-32.01s14.31-31.99 32-31.99h352c17.69 0 32 14.3 32 31.99S417.7 288 400 288z\"><\/path><\/svg>\n\t\t\t\t\t\t\t<\/span>\n\t\t\t<span class=\"uagb-question\">Co znamen\u00e1 opu\u0161t\u011bn\u00ed zran\u011bn\u00e9 osoby podle \u00a7 94 StGB?<\/span><\/div><div class=\"uagb-faq-content\"><p>Opu\u0161t\u011bn\u00ed zran\u011bn\u00e9 osoby nastane, pokud n\u011bkdo zp\u016fsob\u00ed zran\u011bn\u00ed jin\u00e9 osob\u011b a t\u00e9to osob\u011b n\u00e1sledn\u011b neposkytne pot\u0159ebnou a p\u0159im\u011b\u0159enou pomoc, a\u010dkoli je t\u00edse\u0148 zjevn\u00e1 nebo by zjevn\u00e1 b\u00fdt m\u011bla.<\/p><\/div><\/div><div class=\"wp-block-uagb-faq-child uagb-faq-child__outer-wrap uagb-faq-item uagb-block-IMSTICHLASSEN-Q2 \" role=\"tab\" tabindex=\"0\"><div class=\"uagb-faq-questions-button uagb-faq-questions\">\t\t\t<span class=\"uagb-icon uagb-faq-icon-wrap\">\n\t\t\t\t\t\t\t\t<svg xmlns=\"https:\/\/www.w3.org\/2000\/svg\" viewBox= \"0 0 448 512\"><path d=\"M432 256c0 17.69-14.33 32.01-32 32.01H256v144c0 17.69-14.33 31.99-32 31.99s-32-14.3-32-31.99v-144H48c-17.67 0-32-14.32-32-32.01s14.33-31.99 32-31.99H192v-144c0-17.69 14.33-32.01 32-32.01s32 14.32 32 32.01v144h144C417.7 224 432 238.3 432 256z\"><\/path><\/svg>\n\t\t\t\t\t\t\t<\/span>\n\t\t\t\t\t\t<span class=\"uagb-icon-active uagb-faq-icon-wrap\">\n\t\t\t\t\t\t\t\t<svg xmlns=\"https:\/\/www.w3.org\/2000\/svg\" viewBox= \"0 0 448 512\"><path d=\"M400 288h-352c-17.69 0-32-14.32-32-32.01s14.31-31.99 32-31.99h352c17.69 0 32 14.3 32 31.99S417.7 288 400 288z\"><\/path><\/svg>\n\t\t\t\t\t\t\t<\/span>\n\t\t\t<span class=\"uagb-question\">Jsem trestn\u00fd i v p\u0159\u00edpad\u011b, \u017ee nehoda byla ne\u00famysln\u00e1?<\/span><\/div><div class=\"uagb-faq-content\"><p>Ano. \u00a7 94 StGB plat\u00ed i pro ne\u00famysln\u00e1 nebo pr\u00e1vn\u011b zp\u016fsoben\u00e1 zran\u011bn\u00ed. Rozhoduj\u00edc\u00ed je, \u017ee jste nebezpe\u010dn\u00fd stav zp\u016fsobili a pot\u00e9 jste opomenuli poskytnout p\u0159im\u011b\u0159enou pomoc.  <\/p><\/div><\/div><div class=\"wp-block-uagb-faq-child uagb-faq-child__outer-wrap uagb-faq-item uagb-block-IMSTICHLASSEN-Q3 \" role=\"tab\" tabindex=\"0\"><div class=\"uagb-faq-questions-button uagb-faq-questions\">\t\t\t<span class=\"uagb-icon uagb-faq-icon-wrap\">\n\t\t\t\t\t\t\t\t<svg xmlns=\"https:\/\/www.w3.org\/2000\/svg\" viewBox= \"0 0 448 512\"><path d=\"M432 256c0 17.69-14.33 32.01-32 32.01H256v144c0 17.69-14.33 31.99-32 31.99s-32-14.3-32-31.99v-144H48c-17.67 0-32-14.32-32-32.01s14.33-31.99 32-31.99H192v-144c0-17.69 14.33-32.01 32-32.01s32 14.32 32 32.01v144h144C417.7 224 432 238.3 432 256z\"><\/path><\/svg>\n\t\t\t\t\t\t\t<\/span>\n\t\t\t\t\t\t<span class=\"uagb-icon-active uagb-faq-icon-wrap\">\n\t\t\t\t\t\t\t\t<svg xmlns=\"https:\/\/www.w3.org\/2000\/svg\" viewBox= \"0 0 448 512\"><path d=\"M400 288h-352c-17.69 0-32-14.32-32-32.01s14.31-31.99 32-31.99h352c17.69 0 32 14.3 32 31.99S417.7 288 400 288z\"><\/path><\/svg>\n\t\t\t\t\t\t\t<\/span>\n\t\t\t<span class=\"uagb-question\">Co se pova\u017euje za p\u0159im\u011b\u0159enou pomoc?<\/span><\/div><div class=\"uagb-faq-content\"><p>P\u0159im\u011b\u0159en\u00e1 jsou jednoduch\u00e1 opat\u0159en\u00ed, jako je zavol\u00e1n\u00ed z\u00e1chrann\u00e9 slu\u017eby, poskytnut\u00ed prvn\u00ed pomoci v r\u00e1mci vlastn\u00edch znalost\u00ed nebo po\u017e\u00e1d\u00e1n\u00ed jin\u00fdch o pomoc. Nikdo nen\u00ed povinen se s\u00e1m vystavit zna\u010dn\u00e9mu nebezpe\u010d\u00ed. <\/p><\/div><\/div><div class=\"wp-block-uagb-faq-child uagb-faq-child__outer-wrap uagb-faq-item uagb-block-IMSTICHLASSEN-Q4 \" role=\"tab\" tabindex=\"0\"><div class=\"uagb-faq-questions-button uagb-faq-questions\">\t\t\t<span class=\"uagb-icon uagb-faq-icon-wrap\">\n\t\t\t\t\t\t\t\t<svg xmlns=\"https:\/\/www.w3.org\/2000\/svg\" viewBox= \"0 0 448 512\"><path d=\"M432 256c0 17.69-14.33 32.01-32 32.01H256v144c0 17.69-14.33 31.99-32 31.99s-32-14.3-32-31.99v-144H48c-17.67 0-32-14.32-32-32.01s14.33-31.99 32-31.99H192v-144c0-17.69 14.33-32.01 32-32.01s32 14.32 32 32.01v144h144C417.7 224 432 238.3 432 256z\"><\/path><\/svg>\n\t\t\t\t\t\t\t<\/span>\n\t\t\t\t\t\t<span class=\"uagb-icon-active uagb-faq-icon-wrap\">\n\t\t\t\t\t\t\t\t<svg xmlns=\"https:\/\/www.w3.org\/2000\/svg\" viewBox= \"0 0 448 512\"><path d=\"M400 288h-352c-17.69 0-32-14.32-32-32.01s14.31-31.99 32-31.99h352c17.69 0 32 14.3 32 31.99S417.7 288 400 288z\"><\/path><\/svg>\n\t\t\t\t\t\t\t<\/span>\n\t\t\t<span class=\"uagb-question\">Sta\u010d\u00ed, kdy\u017e zavol\u00e1m z\u00e1chrannou slu\u017ebu?<\/span><\/div><div class=\"uagb-faq-content\"><p>V mnoha p\u0159\u00edpadech ano. Kdo neprodlen\u011b zavol\u00e1 z\u00e1chrannou slu\u017ebu a u\u010din\u00ed, co je v jeho sil\u00e1ch, zpravidla spln\u00ed svou povinnost pomoci. Dal\u0161\u00ed opat\u0159en\u00ed jsou nutn\u00e1 pouze tehdy, pokud jsou mo\u017en\u00e1 bez vlastn\u00edho rizika.  <\/p><\/div><\/div><div class=\"wp-block-uagb-faq-child uagb-faq-child__outer-wrap uagb-faq-item uagb-block-IMSTICHLASSEN-Q5 \" role=\"tab\" tabindex=\"0\"><div class=\"uagb-faq-questions-button uagb-faq-questions\">\t\t\t<span class=\"uagb-icon uagb-faq-icon-wrap\">\n\t\t\t\t\t\t\t\t<svg xmlns=\"https:\/\/www.w3.org\/2000\/svg\" viewBox= \"0 0 448 512\"><path d=\"M432 256c0 17.69-14.33 32.01-32 32.01H256v144c0 17.69-14.33 31.99-32 31.99s-32-14.3-32-31.99v-144H48c-17.67 0-32-14.32-32-32.01s14.33-31.99 32-31.99H192v-144c0-17.69 14.33-32.01 32-32.01s32 14.32 32 32.01v144h144C417.7 224 432 238.3 432 256z\"><\/path><\/svg>\n\t\t\t\t\t\t\t<\/span>\n\t\t\t\t\t\t<span class=\"uagb-icon-active uagb-faq-icon-wrap\">\n\t\t\t\t\t\t\t\t<svg xmlns=\"https:\/\/www.w3.org\/2000\/svg\" viewBox= \"0 0 448 512\"><path d=\"M400 288h-352c-17.69 0-32-14.32-32-32.01s14.31-31.99 32-31.99h352c17.69 0 32 14.3 32 31.99S417.7 288 400 288z\"><\/path><\/svg>\n\t\t\t\t\t\t\t<\/span>\n\t\t\t<span class=\"uagb-question\">Dopou\u0161t\u00edm se trestn\u00e9ho \u010dinu, kdy\u017e v panice odejdu?<\/span><\/div><div class=\"uagb-faq-content\"><p>Panika m\u016f\u017ee b\u00fdt lidsky pochopiteln\u00e1, ale nevylu\u010duje automaticky trestn\u00ed odpov\u011bdnost. Pokud byla pot\u0159eba pomoci zjevn\u00e1 a vy se v\u011bdom\u011b vzd\u00e1l\u00edte, m\u016f\u017ee to b\u00fdt hodnoceno jako opu\u0161t\u011bn\u00ed a m\u011blo by b\u00fdt neprodlen\u011b pr\u00e1vn\u011b p\u0159ezkoum\u00e1no. <\/p><\/div><\/div><div class=\"wp-block-uagb-faq-child uagb-faq-child__outer-wrap uagb-faq-item uagb-block-IMSTICHLASSEN-Q6 \" role=\"tab\" tabindex=\"0\"><div class=\"uagb-faq-questions-button uagb-faq-questions\">\t\t\t<span class=\"uagb-icon uagb-faq-icon-wrap\">\n\t\t\t\t\t\t\t\t<svg xmlns=\"https:\/\/www.w3.org\/2000\/svg\" viewBox= \"0 0 448 512\"><path d=\"M432 256c0 17.69-14.33 32.01-32 32.01H256v144c0 17.69-14.33 31.99-32 31.99s-32-14.3-32-31.99v-144H48c-17.67 0-32-14.32-32-32.01s14.33-31.99 32-31.99H192v-144c0-17.69 14.33-32.01 32-32.01s32 14.32 32 32.01v144h144C417.7 224 432 238.3 432 256z\"><\/path><\/svg>\n\t\t\t\t\t\t\t<\/span>\n\t\t\t\t\t\t<span class=\"uagb-icon-active uagb-faq-icon-wrap\">\n\t\t\t\t\t\t\t\t<svg xmlns=\"https:\/\/www.w3.org\/2000\/svg\" viewBox= \"0 0 448 512\"><path d=\"M400 288h-352c-17.69 0-32-14.32-32-32.01s14.31-31.99 32-31.99h352c17.69 0 32 14.3 32 31.99S417.7 288 400 288z\"><\/path><\/svg>\n\t\t\t\t\t\t\t<\/span>\n\t\t\t<span class=\"uagb-question\">Kdy mi nen\u00ed pomoc pr\u00e1vn\u011b p\u0159im\u011b\u0159en\u00e1?<\/span><\/div><div class=\"uagb-faq-content\"><p>Pomoc nen\u00ed p\u0159im\u011b\u0159en\u00e1, pokud by byla mo\u017en\u00e1 pouze pod hrozbou vlastn\u00ed smrti, z\u00e1va\u017en\u00e9ho ubl\u00ed\u017een\u00ed na zdrav\u00ed nebo poru\u0161en\u00ed jin\u00fdch p\u0159eva\u017euj\u00edc\u00edch povinnost\u00ed. V takov\u00fdch p\u0159\u00edpadech jste trestn\u011bpr\u00e1vn\u011b omluveni. <\/p><\/div><\/div><div class=\"wp-block-uagb-faq-child uagb-faq-child__outer-wrap uagb-faq-item uagb-block-IMSTICHLASSEN-Q7 \" role=\"tab\" tabindex=\"0\"><div class=\"uagb-faq-questions-button uagb-faq-questions\">\t\t\t<span class=\"uagb-icon uagb-faq-icon-wrap\">\n\t\t\t\t\t\t\t\t<svg xmlns=\"https:\/\/www.w3.org\/2000\/svg\" viewBox= \"0 0 448 512\"><path d=\"M432 256c0 17.69-14.33 32.01-32 32.01H256v144c0 17.69-14.33 31.99-32 31.99s-32-14.3-32-31.99v-144H48c-17.67 0-32-14.32-32-32.01s14.33-31.99 32-31.99H192v-144c0-17.69 14.33-32.01 32-32.01s32 14.32 32 32.01v144h144C417.7 224 432 238.3 432 256z\"><\/path><\/svg>\n\t\t\t\t\t\t\t<\/span>\n\t\t\t\t\t\t<span class=\"uagb-icon-active uagb-faq-icon-wrap\">\n\t\t\t\t\t\t\t\t<svg xmlns=\"https:\/\/www.w3.org\/2000\/svg\" viewBox= \"0 0 448 512\"><path d=\"M400 288h-352c-17.69 0-32-14.32-32-32.01s14.31-31.99 32-31.99h352c17.69 0 32 14.3 32 31.99S417.7 288 400 288z\"><\/path><\/svg>\n\t\t\t\t\t\t\t<\/span>\n\t\t\t<span class=\"uagb-question\">Jak\u00fd trest hroz\u00ed za opu\u0161t\u011bn\u00ed zran\u011bn\u00e9 osoby?<\/span><\/div><div class=\"uagb-faq-content\"><p>Sazba se pohybuje a\u017e do jednoho roku odn\u011bt\u00ed svobody nebo pen\u011b\u017eit\u00e9ho trestu; v p\u0159\u00edpad\u011b z\u00e1va\u017en\u00fdch n\u00e1sledk\u016f a\u017e do dvou let, v p\u0159\u00edpad\u011b smrti a\u017e do t\u0159\u00ed let. Konkr\u00e9tn\u00ed trest z\u00e1vis\u00ed na okolnostech jednotliv\u00e9ho p\u0159\u00edpadu. <\/p><\/div><\/div><\/div><a class=\"mr-cta-link mr-cta-button-cal\" href=\"#h2-booking\" title=\"Bezplatn\u00e1 \u00favodn\u00ed konzultace\"><span class=\"mr-cta-link-normal\">Vyberte si po\u017eadovan\u00fd term\u00edn:<\/span><span class=\"mr-cta-link-bold\">Bezplatn\u00e1 \u00favodn\u00ed konzultace<\/span><\/a>\n","protected":false},"excerpt":{"rendered":"Neposkytnut\u00ed pomoci zran\u011bn\u00e9mu Neposkytnut\u00ed pomoci zran\u011bn\u00e9mu dle \u00a7 94 StGB zahrnuje situace, kdy n\u011bkdo zran\u00ed \u010dlov\u011bka a pot\u00e9 ho ponech\u00e1 bez pot\u0159ebn\u00e9 pomoci. Trestn\u00e9 je nejen p\u016fvodn\u00ed \u00fader, nehoda nebo &#8230;","protected":false},"author":25,"featured_media":33090,"parent":38205,"menu_order":5,"comment_status":"closed","ping_status":"closed","template":"","meta":{"_acf_changed":false,"_uag_custom_page_level_css":"","footnotes":""},"categories":[575],"tags":[],"class_list":["post-33088","page","type-page","status-publish","has-post-thumbnail","hentry","category-trestni-pravo"],"acf":[],"uagb_featured_image_src":{"full":["https:\/\/harlander-partner.eu\/wp-content\/uploads\/\u00a794-Imstichlassen-eines-Verletzten.webp",1920,1080,false],"thumbnail":["https:\/\/harlander-partner.eu\/wp-content\/uploads\/\u00a794-Imstichlassen-eines-Verletzten-100x100.webp",100,100,true],"medium":["https:\/\/harlander-partner.eu\/wp-content\/uploads\/\u00a794-Imstichlassen-eines-Verletzten-800x450.webp",800,450,true],"medium_large":["https:\/\/harlander-partner.eu\/wp-content\/uploads\/\u00a794-Imstichlassen-eines-Verletzten.webp",1920,1080,false],"large":["https:\/\/harlander-partner.eu\/wp-content\/uploads\/\u00a794-Imstichlassen-eines-Verletzten.webp",1920,1080,false],"1536x1536":["https:\/\/harlander-partner.eu\/wp-content\/uploads\/\u00a794-Imstichlassen-eines-Verletzten.webp",1536,864,false],"2048x2048":["https:\/\/harlander-partner.eu\/wp-content\/uploads\/\u00a794-Imstichlassen-eines-Verletzten.webp",1920,1080,false],"336x":["https:\/\/harlander-partner.eu\/wp-content\/uploads\/\u00a794-Imstichlassen-eines-Verletzten-336x189.webp",336,189,true],"352x":["https:\/\/harlander-partner.eu\/wp-content\/uploads\/\u00a794-Imstichlassen-eines-Verletzten-352x198.webp",352,198,true],"woocommerce_thumbnail":["https:\/\/harlander-partner.eu\/wp-content\/uploads\/\u00a794-Imstichlassen-eines-Verletzten-300x300.webp",300,300,true],"woocommerce_single":["https:\/\/harlander-partner.eu\/wp-content\/uploads\/\u00a794-Imstichlassen-eines-Verletzten-600x338.webp",600,338,true],"woocommerce_gallery_thumbnail":["https:\/\/harlander-partner.eu\/wp-content\/uploads\/\u00a794-Imstichlassen-eines-Verletzten-100x100.webp",100,100,true],"yarpp-thumbnail":["https:\/\/harlander-partner.eu\/wp-content\/uploads\/\u00a794-Imstichlassen-eines-Verletzten-120x120.webp",120,120,true]},"uagb_author_info":{"display_name":"Simon Prem","author_link":"https:\/\/harlander-partner.eu\/cs\/author\/simon-prem\/"},"uagb_comment_info":0,"uagb_excerpt":"Neposkytnut\u00ed pomoci zran\u011bn\u00e9mu Neposkytnut\u00ed pomoci zran\u011bn\u00e9mu dle \u00a7 94 StGB zahrnuje situace, kdy n\u011bkdo zran\u00ed \u010dlov\u011bka a pot\u00e9 ho ponech\u00e1 bez pot\u0159ebn\u00e9 pomoci. Trestn\u00e9 je nejen p\u016fvodn\u00ed \u00fader, nehoda nebo ...","_links":{"self":[{"href":"https:\/\/harlander-partner.eu\/cs\/wp-json\/wp\/v2\/pages\/33088","targetHints":{"allow":["GET"]}}],"collection":[{"href":"https:\/\/harlander-partner.eu\/cs\/wp-json\/wp\/v2\/pages"}],"about":[{"href":"https:\/\/harlander-partner.eu\/cs\/wp-json\/wp\/v2\/types\/page"}],"author":[{"embeddable":true,"href":"https:\/\/harlander-partner.eu\/cs\/wp-json\/wp\/v2\/users\/25"}],"replies":[{"embeddable":true,"href":"https:\/\/harlander-partner.eu\/cs\/wp-json\/wp\/v2\/comments?post=33088"}],"version-history":[{"count":0,"href":"https:\/\/harlander-partner.eu\/cs\/wp-json\/wp\/v2\/pages\/33088\/revisions"}],"up":[{"embeddable":true,"href":"https:\/\/harlander-partner.eu\/cs\/wp-json\/wp\/v2\/pages\/38205"}],"wp:featuredmedia":[{"embeddable":true,"href":"https:\/\/harlander-partner.eu\/cs\/wp-json\/wp\/v2\/media\/33090"}],"wp:attachment":[{"href":"https:\/\/harlander-partner.eu\/cs\/wp-json\/wp\/v2\/media?parent=33088"}],"wp:term":[{"taxonomy":"category","embeddable":true,"href":"https:\/\/harlander-partner.eu\/cs\/wp-json\/wp\/v2\/categories?post=33088"},{"taxonomy":"post_tag","embeddable":true,"href":"https:\/\/harlander-partner.eu\/cs\/wp-json\/wp\/v2\/tags?post=33088"}],"curies":[{"name":"wp","href":"https:\/\/api.w.org\/{rel}","templated":true}]}}